{"id":56693,"date":"2023-03-04T15:07:17","date_gmt":"2023-03-04T14:07:17","guid":{"rendered":"https:\/\/accessallartists.de\/?post_type=dt_portfolio&#038;p=56693"},"modified":"2023-10-26T13:10:15","modified_gmt":"2023-10-26T11:10:15","slug":"farid-bang","status":"publish","type":"dt_portfolio","link":"https:\/\/accessallartists.de\/en\/artists\/farid-bang\/","title":{"rendered":"Farid Bang"},"content":{"rendered":"<section class=\"wpb-content-wrapper\"><div class=\"vc_row wpb_row vc_row-fluid\"><div class=\"wpb_column vc_column_container vc_col-sm-12\"><div class=\"vc_column-inner\"><div class=\"wpb_wrapper\">\n\t<div class=\"wpb_text_column wpb_content_element\" >\n\t\t<div class=\"wpb_wrapper\">\n\t\t\t<div id=\"rdp-we-main\" data-resource=\"https:\/\/de.wikipedia.org\/wiki\/Farid_Bang\">\n<div id=\"rdp-we-mw-aria-live-region\" class=\"mw-aria-live-region\" aria-live=\"polite\"><\/div>\n\n<div class=\"mw-page-container\">\n\t<div class=\"mw-page-container-inner\">\n\t\t<div class=\"vector-sitenotice-container\">\n\t\t\t<div id=\"rdp-we-siteNotice\"><!-- CentralNotice --><\/div>\n\t\t<\/div>\n\t\t<div class=\"vector-column-start\">\n\t\t\t\n\t\n\t\t<\/div>\n\t\t<div class=\"mw-content-container\">\n\t\t\t<main id=\"rdp-we-content\" class=\"mw-body\">\n\t\t\t\t<header class=\"mw-body-header vector-page-titlebar no-font-mode-scale\">\n\t\t\t\t\t\n\t\t\t\t\t<h1 id=\"rdp-we-firstHeading\" class=\"firstHeading mw-first-heading\"><span lang=\"de\" dir=\"ltr\"><span class=\"mw-page-title-main\">Farid Bang<\/span><\/span><\/h1>\n\t\t\t\n\n<\/header>\n\t\t\t\t\n\t\t\t\t\n\t\t\t\t<div id=\"rdp-we-bodyContent\" class=\"vector-body\" aria-labelledby=\"firstHeading\" data-mw-ve-target-container>\n\t\t\t\t\t<div class=\"vector-body-before-content\">\n\t\t\t\t\t\t\t\n\n\t\t\t\t\t\t\n\t\t\t\t\t<\/div>\n\t\t\t\t\t\n\t\t\t\t\t\n\t\t\t\t\t\n\t\t\t\t\t<div id=\"rdp-we-mw-content-text\" class=\"mw-body-content\"><div class=\"mw-content-ltr mw-parser-output\" lang=\"de\" dir=\"ltr\" data-mw-parsoid-version=\"0.24.0.0-alpha21\" data-mw-html-version=\"2.8.0\"><section data-mw-section-id=\"0\" id=\"rdp-we-mwAQ\"><figure class=\"mw-default-size\" typeof=\"mw:File\/Thumb\" id=\"rdp-we-mwAg\"><a href=\"https:\/\/de.wikipedia.org\/wiki\/Datei:Farid_Bang_(2012-11-07,_20-21).jpg\" class=\"mw-file-description wiki-link\" id=\"rdp-we-mwAw\" target=\"_new\"><img resource=\"https:\/\/de.wikipedia.org\/wiki\/Datei:Farid_Bang_(2012-11-07,_20-21).jpg\" src=\"https:\/\/thumb.wikimedia.org\/wikipedia\/commons\/thumb\/e\/e5\/Farid_Bang_%282012-11-07%2C_20-21%29.jpg\/250px-Farid_Bang_%282012-11-07%2C_20-21%29.jpg?utm_source=de.wikipedia.org&amp;utm_campaign=parser&amp;utm_content=thumbnail\" decoding=\"async\" loading=\"lazy\" data-file-type=\"bitmap\" height=\"333\" width=\"250\" class=\"mw-file-element\" id=\"rdp-we-mwBA\"\/><\/a><figcaption id=\"rdp-we-mwBQ\">Farid Bang (2012)<\/figcaption><\/figure>\n<p id=\"rdp-we-mwBg\"><b id=\"rdp-we-mwBw\">Farid Bang<\/b> (* <a rel=\"mw:WikiLink\" href=\"https:\/\/de.wikipedia.org\/wiki\/4._Juni\" title=\"4. Juni\" id=\"rdp-we-mwCA\" target=\"_new\" class=\"wiki-link\">4. Juni<\/a> <a rel=\"mw:WikiLink\" href=\"https:\/\/de.wikipedia.org\/wiki\/1986\" title=\"1986\" id=\"rdp-we-mwCQ\" target=\"_new\" class=\"wiki-link\">1986<\/a> in <a rel=\"mw:WikiLink\" href=\"https:\/\/de.wikipedia.org\/wiki\/Melilla\" title=\"Melilla\" id=\"rdp-we-mwCg\" target=\"_new\" class=\"wiki-link\">Melilla<\/a>, <a rel=\"mw:WikiLink\" href=\"https:\/\/de.wikipedia.org\/wiki\/Spanien\" title=\"Spanien\" id=\"rdp-we-mwCw\" target=\"_new\" class=\"wiki-link\">Spanien<\/a>; b\u00fcrgerlich <i id=\"rdp-we-mwDA\">Farid Hamed El Abdellaoui<\/i>,<sup about=\"#mwt2\" class=\"mw-ref reference\" id=\"rdp-we-cite_ref-Juice_1-0\" rel=\"dc:references\" typeof=\"mw:Extension\/ref\" data-mw='{\"name\":\"ref\",\"attrs\":{\"name\":\"Juice\"},\"body\":{\"id\":\"mw-reference-text-cite_note-Juice-1\"}}'><a href=\"#cite_note-Juice-1\" id=\"rdp-we-mwDQ\"><span class=\"mw-reflink-text\" id=\"rdp-we-mwDg\"><span class=\"cite-bracket\" id=\"rdp-we-mwDw\">[<\/span>1<span class=\"cite-bracket\" id=\"rdp-we-mwEA\">]<\/span><\/span><\/a><\/sup> <a rel=\"mw:WikiLink\" href=\"https:\/\/de.wikipedia.org\/wiki\/Arabische_Sprache\" title=\"Arabische Sprache\" about=\"#mwt1\" typeof=\"mw:Transclusion\" id=\"rdp-we-mwEQ\" data-mw='{\"parts\":[{\"template\":{\"target\":{\"wt\":\"arS\",\"href\":\".\/Vorlage:ArS\"},\"params\":{\"1\":{\"wt\":\"\u0641\u064e\u0631\u0650\u064a\u062f\u0652 \u0627\u0644\u0639\u064e\u0628\u0652\u062f\u064e\u0644\u064e\u0627\u0648\u0650\u064a &lt;!-- unvokalisiert \u0641\u0631\u064a\u062f \u0627\u0644\u0639\u0628\u062f\u0644\u0627\u0648\u064a -->\"},\"2\":{\"wt\":\"Far\u012bd al-&apos;Abdal\u0101w\u012b\"},\"DMG\":{\"wt\":\"Far\u012bd \u02beal-\u02bfAbdal\u0101w\u012b\"}},\"i\":0}}]}' target=\"_new\" class=\"wiki-link\">arabisch<\/a><span typeof=\"mw:Entity\" about=\"#mwt1\"> <\/span><bdo dir=\"ltr\" about=\"#mwt1\"><bdi dir=\"rtl\" lang=\"ar\" class=\"arabic spanAr\" style=\"unicode-bidi:isolate;font-size:120%;\">\u0641\u064e\u0631\u0650\u064a\u062f\u0652 \u0627\u0644\u0639\u064e\u0628\u0652\u062f\u064e\u0644\u064e\u0627\u0648\u0650\u064a<\/bdi><\/bdo><span typeof=\"mw:Entity\" about=\"#mwt1\">\u00a0<\/span><i about=\"#mwt1\"><span lang=\"ar-Latn\" style=\"font-style:italic\">Far\u012bd al-'Abdal\u0101w\u012b<\/span><\/i><span about=\"#mwt1\">, <\/span><a rel=\"mw:WikiLink\" href=\"https:\/\/de.wikipedia.org\/wiki\/DIN_31635\" title=\"DIN 31635\" about=\"#mwt1\" target=\"_new\" class=\"wiki-link\">DMG<\/a><span about=\"#mwt1\"> <\/span><i about=\"#mwt1\"><span lang=\"ar-Latn\" style=\"font-style:italic\">Far\u012bd \u02beal-\u02bfAbdal\u0101w\u012b<\/span><\/i>) ist ein <a rel=\"mw:WikiLink\" href=\"https:\/\/de.wikipedia.org\/wiki\/Deutschland\" title=\"Deutschland\" id=\"rdp-we-mwEg\" target=\"_new\" class=\"wiki-link\">deutsch<\/a>-<a rel=\"mw:WikiLink\" href=\"https:\/\/de.wikipedia.org\/wiki\/Spanien\" title=\"Spanien\" id=\"rdp-we-mwEw\" target=\"_new\" class=\"wiki-link\">spanischer<\/a> <a rel=\"mw:WikiLink\" href=\"https:\/\/de.wikipedia.org\/wiki\/Rap\" title=\"Rap\" id=\"rdp-we-mwFA\" target=\"_new\" class=\"wiki-link\">Rapper<\/a> mit <a rel=\"mw:WikiLink\" href=\"https:\/\/de.wikipedia.org\/wiki\/Marokko\" title=\"Marokko\" id=\"rdp-we-mwFQ\" target=\"_new\" class=\"wiki-link\">marokkanischen<\/a> Wurzeln, der in <a rel=\"mw:WikiLink\" href=\"https:\/\/de.wikipedia.org\/wiki\/D\u00fcsseldorf\" title=\"D\u00fcsseldorf\" id=\"rdp-we-mwFg\" target=\"_new\" class=\"wiki-link\">D\u00fcsseldorf<\/a> aufwuchs.<sup about=\"#mwt4\" class=\"mw-ref reference\" id=\"rdp-we-cite_ref-tofaveva_2-0\" rel=\"dc:references\" typeof=\"mw:Extension\/ref\" data-mw='{\"name\":\"ref\",\"attrs\":{\"name\":\"tofaveva\"},\"body\":{\"id\":\"mw-reference-text-cite_note-tofaveva-2\"}}'><a href=\"#cite_note-tofaveva-2\" id=\"rdp-we-mwFw\"><span class=\"mw-reflink-text\" id=\"rdp-we-mwGA\"><span class=\"cite-bracket\" id=\"rdp-we-mwGQ\">[<\/span>2<span class=\"cite-bracket\" id=\"rdp-we-mwGg\">]<\/span><\/span><\/a><\/sup> Seit 2014 ver\u00f6ffentlicht er seine Werke \u00fcber sein eigenes Label <a rel=\"mw:WikiLink\" href=\"https:\/\/de.wikipedia.org\/wiki\/Banger_Musik\" title=\"Banger Musik\" id=\"rdp-we-mwGw\" target=\"_new\" class=\"wiki-link\">Banger Musik<\/a>. Zuvor stand er bei <a rel=\"mw:WikiLink\" href=\"https:\/\/de.wikipedia.org\/wiki\/German_Dream\" title=\"German Dream\" id=\"rdp-we-mwHA\" target=\"_new\" class=\"wiki-link\">German Dream<\/a>\/Seven Days Music unter Vertrag.<\/p>\n\n<meta property=\"mw:PageProp\/toc\" id=\"rdp-we-mwHQ\" data-mw='{\"autoGenerated\":true}'\/><\/section><section data-mw-section-id=\"1\" id=\"rdp-we-mwHg\" aria-labelledby=\"Leben\"><div class=\"mw-heading mw-heading2\"><h2 id=\"rdp-we-Leben\">Leben<\/h2><\/div>\n<p id=\"rdp-we-mwHw\">Farid Bang wurde 1986 in der <a rel=\"mw:WikiLink\" href=\"https:\/\/de.wikipedia.org\/wiki\/Nordafrika\" title=\"Nordafrika\" id=\"rdp-we-mwIA\" target=\"_new\" class=\"wiki-link\">nordafrikanischen<\/a>, zu <a rel=\"mw:WikiLink\" href=\"https:\/\/de.wikipedia.org\/wiki\/Spanien\" title=\"Spanien\" id=\"rdp-we-mwIQ\" target=\"_new\" class=\"wiki-link\">Spanien<\/a> geh\u00f6renden Exklave <a rel=\"mw:WikiLink\" href=\"https:\/\/de.wikipedia.org\/wiki\/Melilla\" title=\"Melilla\" id=\"rdp-we-mwIg\" target=\"_new\" class=\"wiki-link\">Melilla<\/a> geboren, aus der sein marokkanischer Vater stammt. Er besitzt sowohl die deutsche als auch die spanische Staatsangeh\u00f6rigkeit.<sup about=\"#mwt7\" class=\"mw-ref reference\" id=\"rdp-we-cite_ref-3\" rel=\"dc:references\" typeof=\"mw:Extension\/ref\" data-mw='{\"name\":\"ref\",\"attrs\":{},\"body\":{\"id\":\"mw-reference-text-cite_note-3\"}}'><a href=\"#cite_note-3\" id=\"rdp-we-mwIw\"><span class=\"mw-reflink-text\" id=\"rdp-we-mwJA\"><span class=\"cite-bracket\" id=\"rdp-we-mwJQ\">[<\/span>3<span class=\"cite-bracket\" id=\"rdp-we-mwJg\">]<\/span><\/span><\/a><\/sup><sup about=\"#mwt8\" class=\"mw-ref reference\" id=\"rdp-we-cite_ref-4\" rel=\"dc:references\" typeof=\"mw:Extension\/ref\" data-mw='{\"name\":\"ref\",\"attrs\":{},\"body\":{\"id\":\"mw-reference-text-cite_note-4\"}}'><a href=\"#cite_note-4\" id=\"rdp-we-mwJw\"><span class=\"mw-reflink-text\" id=\"rdp-we-mwKA\"><span class=\"cite-bracket\" id=\"rdp-we-mwKQ\">[<\/span>4<span class=\"cite-bracket\" id=\"rdp-we-mwKg\">]<\/span><\/span><\/a><\/sup> Seine Mutter stammt aus <a rel=\"mw:WikiLink\" href=\"https:\/\/de.wikipedia.org\/wiki\/Nador\" title=\"Nador\" id=\"rdp-we-mwKw\" target=\"_new\" class=\"wiki-link\">Nador<\/a> in <a rel=\"mw:WikiLink\" href=\"https:\/\/de.wikipedia.org\/wiki\/Marokko\" title=\"Marokko\" id=\"rdp-we-mwLA\" target=\"_new\" class=\"wiki-link\">Marokko<\/a>, kam aber bereits als kleines Kind mit ihrer Familie nach <a rel=\"mw:WikiLink\" href=\"https:\/\/de.wikipedia.org\/wiki\/D\u00fcsseldorf\" title=\"D\u00fcsseldorf\" id=\"rdp-we-mwLQ\" target=\"_new\" class=\"wiki-link\">D\u00fcsseldorf<\/a>.<sup about=\"#mwt9\" class=\"mw-ref reference\" id=\"rdp-we-cite_ref-tofaveva_2-1\" rel=\"dc:references\" typeof=\"mw:Extension\/ref\" data-mw='{\"name\":\"ref\",\"attrs\":{\"name\":\"tofaveva\"}}'><a href=\"#cite_note-tofaveva-2\" id=\"rdp-we-mwLg\"><span class=\"mw-reflink-text\" id=\"rdp-we-mwLw\"><span class=\"cite-bracket\" id=\"rdp-we-mwMA\">[<\/span>2<span class=\"cite-bracket\" id=\"rdp-we-mwMQ\">]<\/span><\/span><\/a><\/sup><sup about=\"#mwt11\" class=\"mw-ref reference\" id=\"rdp-we-cite_ref-5\" rel=\"dc:references\" typeof=\"mw:Extension\/ref\" data-mw='{\"name\":\"ref\",\"attrs\":{},\"body\":{\"id\":\"mw-reference-text-cite_note-5\"}}'><a href=\"#cite_note-5\" id=\"rdp-we-mwMg\"><span class=\"mw-reflink-text\" id=\"rdp-we-mwMw\"><span class=\"cite-bracket\" id=\"rdp-we-mwNA\">[<\/span>5<span class=\"cite-bracket\" id=\"rdp-we-mwNQ\">]<\/span><\/span><\/a><\/sup> Nach Bangs Geburt und der Hochzeit seiner Eltern, die zur selben Zeit in Melilla stattfand und laut Farid der Grund war, warum sich seine Mutter dort aufhielt, lebte er mit seinen Eltern in <a rel=\"mw:WikiLink\" href=\"https:\/\/de.wikipedia.org\/wiki\/Torremolinos\" title=\"Torremolinos\" id=\"rdp-we-mwNg\" target=\"_new\" class=\"wiki-link\">Torremolinos<\/a> in der s\u00fcdspanischen <a rel=\"mw:WikiLink\" href=\"https:\/\/de.wikipedia.org\/wiki\/Provinz_M\u00e1laga\" title=\"Provinz M\u00e1laga\" id=\"rdp-we-mwNw\" target=\"_new\" class=\"wiki-link\">Provinz M\u00e1laga<\/a>. Als er acht Jahre alt war, musste sein Vater wegen Drogenschmuggels ins Gef\u00e4ngnis. Seine Mutter trennte sich von ihrem Ehemann und zog ohne ihn nach D\u00fcsseldorf, wo Farid in die zweite Klasse kam.<\/p>\n\n<p id=\"rdp-we-mwOA\">Er wuchs mit seiner Schwester im D\u00fcsseldorfer Stadtteil <a rel=\"mw:WikiLink\" href=\"https:\/\/de.wikipedia.org\/wiki\/Derendorf\" title=\"Derendorf\" id=\"rdp-we-mwOQ\" target=\"_new\" class=\"wiki-link\">Derendorf<\/a> auf und besuchte eine Hauptschule im Stadtteil <a rel=\"mw:WikiLink\" href=\"https:\/\/de.wikipedia.org\/wiki\/Pempelfort\" title=\"Pempelfort\" id=\"rdp-we-mwOg\" target=\"_new\" class=\"wiki-link\">Pempelfort<\/a>, die er mit einem Realschulabschluss beendete.<sup about=\"#mwt13\" class=\"mw-ref reference\" id=\"rdp-we-cite_ref-6\" rel=\"dc:references\" typeof=\"mw:Extension\/ref\" data-mw='{\"name\":\"ref\",\"attrs\":{},\"body\":{\"id\":\"mw-reference-text-cite_note-6\"}}'><a href=\"#cite_note-6\" id=\"rdp-we-mwOw\"><span class=\"mw-reflink-text\" id=\"rdp-we-mwPA\"><span class=\"cite-bracket\" id=\"rdp-we-mwPQ\">[<\/span>6<span class=\"cite-bracket\" id=\"rdp-we-mwPg\">]<\/span><\/span><\/a><\/sup><sup about=\"#mwt15\" class=\"mw-ref reference\" id=\"rdp-we-cite_ref-7\" rel=\"dc:references\" typeof=\"mw:Extension\/ref\" data-mw='{\"name\":\"ref\",\"attrs\":{},\"body\":{\"id\":\"mw-reference-text-cite_note-7\"}}'><a href=\"#cite_note-7\" id=\"rdp-we-mwPw\"><span class=\"mw-reflink-text\" id=\"rdp-we-mwQA\"><span class=\"cite-bracket\" id=\"rdp-we-mwQQ\">[<\/span>7<span class=\"cite-bracket\" id=\"rdp-we-mwQg\">]<\/span><\/span><\/a><\/sup><sup about=\"#mwt18\" class=\"mw-ref reference\" id=\"rdp-we-cite_ref-8\" rel=\"dc:references\" typeof=\"mw:Extension\/ref\" data-mw='{\"name\":\"ref\",\"attrs\":{},\"body\":{\"id\":\"mw-reference-text-cite_note-8\"}}'><a href=\"#cite_note-8\" id=\"rdp-we-mwQw\"><span class=\"mw-reflink-text\" id=\"rdp-we-mwRA\"><span class=\"cite-bracket\" id=\"rdp-we-mwRQ\">[<\/span>8<span class=\"cite-bracket\" id=\"rdp-we-mwRg\">]<\/span><\/span><\/a><\/sup> Mit 19 Jahren fing er, inspiriert von seinem Freund <i id=\"rdp-we-mwRw\">Tekken<\/i>, mit dem Rappen an. Als er durch <a rel=\"mw:WikiLink\" href=\"https:\/\/de.wikipedia.org\/wiki\/Summer_Cem\" title=\"Summer Cem\" id=\"rdp-we-mwSA\" target=\"_new\" class=\"wiki-link\">Summer Cem<\/a> <a rel=\"mw:WikiLink\" href=\"https:\/\/de.wikipedia.org\/wiki\/Eko_Fresh\" title=\"Eko Fresh\" id=\"rdp-we-mwSQ\" target=\"_new\" class=\"wiki-link\">Eko Fresh<\/a> kennenlernte, unterschrieb er einen Vertrag bei dessen Label <i id=\"rdp-we-mwSg\">German Dream Entertainment<\/i>.<sup about=\"#mwt21\" class=\"mw-ref reference\" id=\"rdp-we-cite_ref-9\" rel=\"dc:references\" typeof=\"mw:Extension\/ref\" data-mw='{\"name\":\"ref\",\"attrs\":{},\"body\":{\"id\":\"mw-reference-text-cite_note-9\"}}'><a href=\"#cite_note-9\" id=\"rdp-we-mwSw\"><span class=\"mw-reflink-text\" id=\"rdp-we-mwTA\"><span class=\"cite-bracket\" id=\"rdp-we-mwTQ\">[<\/span>9<span class=\"cite-bracket\" id=\"rdp-we-mwTg\">]<\/span><\/span><\/a><\/sup> 2005 erschienen drei Lieder mit ihm auf Eko Freshs <a rel=\"mw:WikiLink\" href=\"https:\/\/de.wikipedia.org\/wiki\/Mixtape\" title=\"Mixtape\" id=\"rdp-we-mwTw\" target=\"_new\" class=\"wiki-link\">Mixtape<\/a> <i id=\"rdp-we-mwUA\"><a rel=\"mw:WikiLink\" href=\"https:\/\/de.wikipedia.org\/wiki\/Fick_immer_noch_deine_Story\" title=\"Fick immer noch deine Story\" id=\"rdp-we-mwUQ\" target=\"_new\" class=\"wiki-link\">Fick immer noch deine Story<\/a><\/i>, Ekos Abrechnung mit <a rel=\"mw:WikiLink\" href=\"https:\/\/de.wikipedia.org\/wiki\/Kool_Savas\" title=\"Kool Savas\" id=\"rdp-we-mwUg\" target=\"_new\" class=\"wiki-link\">Kool Savas<\/a>. Zu dieser Zeit benutzte Farid Bang noch das Pseudonym <i id=\"rdp-we-mwUw\">Farid Urlaub<\/i> (in Anlehnung an <a rel=\"mw:WikiLink\" href=\"https:\/\/de.wikipedia.org\/wiki\/Farin_Urlaub\" title=\"Farin Urlaub\" id=\"rdp-we-mwVA\" target=\"_new\" class=\"wiki-link\">Farin Urlaub<\/a>). F\u00fcr 2006 war urspr\u00fcnglich ein Album namens <i id=\"rdp-we-mwVQ\">Ghetto Kodex<\/i> vorgesehen, das jedoch nicht realisiert wurde.<\/p>\n<figure class=\"mw-default-size\" typeof=\"mw:File\/Thumb\" id=\"rdp-we-mwVg\"><a href=\"https:\/\/de.wikipedia.org\/wiki\/Datei:Farid_Bang_und_Kollegah.jpg\" class=\"mw-file-description wiki-link\" id=\"rdp-we-mwVw\" target=\"_new\"><img resource=\"https:\/\/de.wikipedia.org\/wiki\/Datei:Farid_Bang_und_Kollegah.jpg\" src=\"https:\/\/thumb.wikimedia.org\/wikipedia\/commons\/thumb\/2\/24\/Farid_Bang_und_Kollegah.jpg\/250px-Farid_Bang_und_Kollegah.jpg?utm_source=de.wikipedia.org&amp;utm_campaign=parser&amp;utm_content=thumbnail\" decoding=\"async\" loading=\"lazy\" data-file-type=\"bitmap\" height=\"167\" width=\"250\" class=\"mw-file-element\" id=\"rdp-we-mwWA\"\/><\/a><figcaption id=\"rdp-we-mwWQ\">Farid Bang (links) und Kollegah (2009)<\/figcaption><\/figure>\n\n<p id=\"rdp-we-mwWg\">Am 4. Juli 2008 erschien Bangs <a rel=\"mw:WikiLink\" href=\"https:\/\/de.wikipedia.org\/wiki\/Deb\u00fctalbum\" title=\"Deb\u00fctalbum\" class=\"mw-redirect wiki-link\" id=\"rdp-we-mwWw\" target=\"_new\">Deb\u00fctalbum<\/a> <i id=\"rdp-we-mwXA\"><a rel=\"mw:WikiLink\" href=\"https:\/\/de.wikipedia.org\/wiki\/Asphalt_Massaka\" title=\"Asphalt Massaka\" id=\"rdp-we-mwXQ\" target=\"_new\" class=\"wiki-link\">Asphalt Massaka<\/a><\/i> \u00fcber <i id=\"rdp-we-mwXg\">German Dream Entertainment<\/i>. Das Album war kommerziell erfolglos, brachte ihm aber eine Auszeichnung als \u201eBester Newcomer National\u201c des Jahres bei den <a rel=\"mw:WikiLink\" href=\"https:\/\/de.wikipedia.org\/wiki\/Hiphop.de_Awards\" title=\"Hiphop.de Awards\" class=\"mw-redirect wiki-link\" id=\"rdp-we-mwXw\" target=\"_new\">Hiphop.de Awards<\/a> 2008 ein.<sup about=\"#mwt23\" class=\"mw-ref reference\" id=\"rdp-we-cite_ref-10\" rel=\"dc:references\" typeof=\"mw:Extension\/ref\" data-mw='{\"name\":\"ref\",\"attrs\":{},\"body\":{\"id\":\"mw-reference-text-cite_note-10\"}}'><a href=\"#cite_note-10\" id=\"rdp-we-mwYA\"><span class=\"mw-reflink-text\" id=\"rdp-we-mwYQ\"><span class=\"cite-bracket\" id=\"rdp-we-mwYg\">[<\/span>10<span class=\"cite-bracket\" id=\"rdp-we-mwYw\">]<\/span><\/span><\/a><\/sup> Zudem machte er zunehmend als <a rel=\"mw:WikiLink\" href=\"https:\/\/de.wikipedia.org\/wiki\/Battle-Rap\" title=\"Battle-Rap\" id=\"rdp-we-mwZA\" target=\"_new\" class=\"wiki-link\">Battle-Rapper<\/a> auf sich aufmerksam.<sup about=\"#mwt24\" class=\"mw-ref reference\" id=\"rdp-we-cite_ref-Juice_1-1\" rel=\"dc:references\" typeof=\"mw:Extension\/ref\" data-mw='{\"name\":\"ref\",\"attrs\":{\"name\":\"Juice\"}}'><a href=\"#cite_note-Juice-1\" id=\"rdp-we-mwZQ\"><span class=\"mw-reflink-text\" id=\"rdp-we-mwZg\"><span class=\"cite-bracket\" id=\"rdp-we-mwZw\">[<\/span>1<span class=\"cite-bracket\" id=\"rdp-we-mwaA\">]<\/span><\/span><\/a><\/sup> 2009 beteiligte er sich an den beiden \u201e<a rel=\"mw:WikiLink\" href=\"https:\/\/de.wikipedia.org\/wiki\/Dissen_(Slang)\" title=\"Dissen (Slang)\" class=\"mw-redirect wiki-link\" id=\"rdp-we-mwaQ\" target=\"_new\">Diss<\/a>-Tracks\u201c <i id=\"rdp-we-mwag\">Westdeutschland Kings<\/i> (auf der Kompilation <i id=\"rdp-we-mwaw\"><a rel=\"mw:WikiLink\" href=\"https:\/\/de.wikipedia.org\/wiki\/Chronik_2\" title=\"Chronik 2\" id=\"rdp-we-mwbA\" target=\"_new\" class=\"wiki-link\">Chronik 2<\/a><\/i>) und <i id=\"rdp-we-mwbQ\"><a rel=\"mw:WikiLink\" href=\"https:\/\/de.wikipedia.org\/wiki\/Fanpost\" title=\"Fanpost\" id=\"rdp-we-mwbg\" target=\"_new\" class=\"wiki-link\">Fanpost<\/a><\/i>, die sich gegen <a rel=\"mw:WikiLink\" href=\"https:\/\/de.wikipedia.org\/wiki\/Aggro_Berlin\" title=\"Aggro Berlin\" id=\"rdp-we-mwbw\" target=\"_new\" class=\"wiki-link\">Aggro Berlin<\/a>, <a rel=\"mw:WikiLink\" href=\"https:\/\/de.wikipedia.org\/wiki\/Fler\" title=\"Fler\" id=\"rdp-we-mwcA\" target=\"_new\" class=\"wiki-link\">Fler<\/a>, <a rel=\"mw:WikiLink\" href=\"https:\/\/de.wikipedia.org\/wiki\/Godsilla\" title=\"Godsilla\" class=\"mw-redirect wiki-link\" id=\"rdp-we-mwcQ\" target=\"_new\">Godsilla<\/a> und <a rel=\"mw:WikiLink\" href=\"https:\/\/de.wikipedia.org\/wiki\/Kitty_Kat\" title=\"Kitty Kat\" id=\"rdp-we-mwcg\" target=\"_new\" class=\"wiki-link\">Kitty Kat<\/a> richteten. Anschlie\u00dfend startete der Rapper <i id=\"rdp-we-mwcw\"><a rel=\"mw:WikiLink\" href=\"https:\/\/de.wikipedia.org\/wiki\/MOK\" title=\"MOK\" id=\"rdp-we-mwdA\" target=\"_new\" class=\"wiki-link\">MOK<\/a><\/i> einen sogenannten <a rel=\"mw:WikiLink\" href=\"https:\/\/de.wikipedia.org\/wiki\/Beef\" title=\"Beef\" id=\"rdp-we-mwdQ\" target=\"_new\" class=\"wiki-link\">Beef<\/a> mit ihm. Anfang 2012 wurde das im Jahr zuvor erschienene Album <i id=\"rdp-we-mwdg\"><a rel=\"mw:WikiLink\" href=\"https:\/\/de.wikipedia.org\/wiki\/Banger_leben_k\u00fcrzer\" title=\"Banger leben k\u00fcrzer\" id=\"rdp-we-mwdw\" target=\"_new\" class=\"wiki-link\">Banger leben k\u00fcrzer<\/a><\/i> von der <a rel=\"mw:WikiLink\" href=\"https:\/\/de.wikipedia.org\/wiki\/Bundespr\u00fcfstelle_f\u00fcr_jugendgef\u00e4hrdende_Medien\" title=\"Bundespr\u00fcfstelle f\u00fcr jugendgef\u00e4hrdende Medien\" class=\"mw-redirect wiki-link\" id=\"rdp-we-mweA\" target=\"_new\">Bundespr\u00fcfstelle f\u00fcr jugendgef\u00e4hrdende Medien<\/a> (BPjM) indiziert. \u201eAusschlaggebend f\u00fcr die Indizierung sind die Lieder Nr.<span typeof=\"mw:Entity\" id=\"rdp-we-mweQ\">\u00a0<\/span>2 <i id=\"rdp-we-mweg\">Du fils de Pute<\/i>, Nr.<span typeof=\"mw:Entity\" id=\"rdp-we-mwew\">\u00a0<\/span>3 <i id=\"rdp-we-mwfA\">3 mal im Leben<\/i>, Nr.<span typeof=\"mw:Entity\" id=\"rdp-we-mwfQ\">\u00a0<\/span>6 <i id=\"rdp-we-mwfg\">Bitte Spitte 5000<\/i>, Nr.<span typeof=\"mw:Entity\" id=\"rdp-we-mwfw\">\u00a0<\/span>7 <i id=\"rdp-we-mwgA\">Neureiche Wichser (NRW)<\/i>, Nr.<span typeof=\"mw:Entity\" id=\"rdp-we-mwgQ\">\u00a0<\/span>8 <i id=\"rdp-we-mwgg\">Ein Stich gen\u00fcgt<\/i>, Nr.<span typeof=\"mw:Entity\" id=\"rdp-we-mwgw\">\u00a0<\/span>9 <i id=\"rdp-we-mwhA\">Banger leben k\u00fcrzer<\/i> und Nr.<span typeof=\"mw:Entity\" id=\"rdp-we-mwhQ\">\u00a0<\/span>13 <i id=\"rdp-we-mwhg\">Willkommen auf der K\u00f6<\/i>. Die Lieder wurden als verrohend und zu Gewaltt\u00e4tigkeit anreizend bzw. als unsittlich und frauendiskriminierend eingestuft\u201c, so die BPjM gegen\u00fcber <a rel=\"mw:WikiLink\" href=\"https:\/\/de.wikipedia.org\/wiki\/Rap.de\" title=\"Rap.de\" id=\"rdp-we-mwhw\" target=\"_new\" class=\"wiki-link\">Rap.de<\/a>.<sup about=\"#mwt27\" class=\"mw-ref reference\" id=\"rdp-we-cite_ref-11\" rel=\"dc:references\" typeof=\"mw:Extension\/ref\" data-mw='{\"name\":\"ref\",\"attrs\":{},\"body\":{\"id\":\"mw-reference-text-cite_note-11\"}}'><a href=\"#cite_note-11\" id=\"rdp-we-mwiA\"><span class=\"mw-reflink-text\" id=\"rdp-we-mwiQ\"><span class=\"cite-bracket\" id=\"rdp-we-mwig\">[<\/span>11<span class=\"cite-bracket\" id=\"rdp-we-mwiw\">]<\/span><\/span><\/a><\/sup><\/p>\n\n<p id=\"rdp-we-mwjA\">2010 steuerte er mit <a rel=\"mw:WikiLink\" href=\"https:\/\/de.wikipedia.org\/wiki\/Kollegah\" title=\"Kollegah\" id=\"rdp-we-mwjQ\" target=\"_new\" class=\"wiki-link\">Kollegah<\/a> den Song <i id=\"rdp-we-mwjg\">Discobitch<\/i> f\u00fcr das Album <i id=\"rdp-we-mwjw\">Ehrenkodex<\/i> von <a rel=\"mw:WikiLink\" href=\"https:\/\/de.wikipedia.org\/wiki\/DJ_Tomekk\" title=\"DJ Tomekk\" id=\"rdp-we-mwkA\" target=\"_new\" class=\"wiki-link\">DJ Tomekk<\/a> und Toony bei, welches bei einem polnischen Label erschien. Es enth\u00e4lt viele Features deutscher und polnischer K\u00fcnstler.<sup about=\"#mwt28\" class=\"mw-ref reference\" id=\"rdp-we-cite_ref-12\" rel=\"dc:references\" typeof=\"mw:Extension\/ref\" data-mw='{\"name\":\"ref\",\"attrs\":{},\"body\":{\"id\":\"mw-reference-text-cite_note-12\"}}'><a href=\"#cite_note-12\" id=\"rdp-we-mwkQ\"><span class=\"mw-reflink-text\" id=\"rdp-we-mwkg\"><span class=\"cite-bracket\" id=\"rdp-we-mwkw\">[<\/span>12<span class=\"cite-bracket\" id=\"rdp-we-mwlA\">]<\/span><\/span><\/a><\/sup><sup about=\"#mwt29\" class=\"mw-ref reference\" id=\"rdp-we-cite_ref-13\" rel=\"dc:references\" typeof=\"mw:Extension\/ref\" data-mw='{\"name\":\"ref\",\"attrs\":{},\"body\":{\"id\":\"mw-reference-text-cite_note-13\"}}'><a href=\"#cite_note-13\" id=\"rdp-we-mwlQ\"><span class=\"mw-reflink-text\" id=\"rdp-we-mwlg\"><span class=\"cite-bracket\" id=\"rdp-we-mwlw\">[<\/span>13<span class=\"cite-bracket\" id=\"rdp-we-mwmA\">]<\/span><\/span><\/a><\/sup> Am 27. Januar 2012 erschien mit <i id=\"rdp-we-mwmQ\"><a rel=\"mw:WikiLink\" href=\"https:\/\/de.wikipedia.org\/wiki\/Der_letzte_Tag_deines_Lebens\" title=\"Der letzte Tag deines Lebens\" id=\"rdp-we-mwmg\" target=\"_new\" class=\"wiki-link\">Der letzte Tag deines Lebens<\/a><\/i> das vierte Soloalbum, welches in der ersten Chartwoche auf Platz 3 der deutschen Albumcharts einstieg. Mit <i id=\"rdp-we-mwmw\"><a rel=\"mw:WikiLink\" href=\"https:\/\/de.wikipedia.org\/wiki\/Jung,_brutal,_gutaussehend_2\" title=\"Jung, brutal, gutaussehend 2\" id=\"rdp-we-mwnA\" target=\"_new\" class=\"wiki-link\">Jung, brutal, gutaussehend 2<\/a><\/i> erschien am 8.<span typeof=\"mw:Entity\" id=\"rdp-we-mwnQ\">\u00a0<\/span>Februar 2013 ein gemeinsames Album mit Kollegah. Es stieg in der ersten Verkaufswoche auf Platz<span typeof=\"mw:Entity\" id=\"rdp-we-mwng\">\u00a0<\/span>1 in die deutschen Charts ein und war bis zur Ver\u00f6ffentlichung von <i id=\"rdp-we-mwnw\"><a rel=\"mw:WikiLink\" href=\"https:\/\/de.wikipedia.org\/wiki\/King_(Kollegah-Album)\" title=\"King (Kollegah-Album)\" id=\"rdp-we-mwoA\" target=\"_new\" class=\"wiki-link\">King<\/a><\/i> von Kollegah das in der ersten Woche meistverkaufte Deutschrap-Album.<sup about=\"#mwt30\" class=\"mw-ref reference\" id=\"rdp-we-cite_ref-Stern_14-0\" rel=\"dc:references\" typeof=\"mw:Extension\/ref\" data-mw='{\"name\":\"ref\",\"attrs\":{\"name\":\"Stern\"}}'><a href=\"#cite_note-Stern-14\" id=\"rdp-we-mwoQ\"><span class=\"mw-reflink-text\" id=\"rdp-we-mwog\"><span class=\"cite-bracket\" id=\"rdp-we-mwow\">[<\/span>14<span class=\"cite-bracket\" id=\"rdp-we-mwpA\">]<\/span><\/span><\/a><\/sup><sup about=\"#mwt33\" class=\"mw-ref reference\" id=\"rdp-we-cite_ref-15\" rel=\"dc:references\" typeof=\"mw:Extension\/ref\" data-mw='{\"name\":\"ref\",\"attrs\":{},\"body\":{\"id\":\"mw-reference-text-cite_note-15\"}}'><a href=\"#cite_note-15\" id=\"rdp-we-mwpQ\"><span class=\"mw-reflink-text\" id=\"rdp-we-mwpg\"><span class=\"cite-bracket\" id=\"rdp-we-mwpw\">[<\/span>15<span class=\"cite-bracket\" id=\"rdp-we-mwqA\">]<\/span><\/span><\/a><\/sup> Am 4.<span typeof=\"mw:Entity\" id=\"rdp-we-mwqQ\">\u00a0<\/span>M\u00e4rz wurde bekannt, dass das Album f\u00fcr \u00fcber 100.000 verkaufte Exemplare die Goldene Schallplatte erhielt.<sup about=\"#mwt35\" class=\"mw-ref reference\" id=\"rdp-we-cite_ref-Stern_14-1\" rel=\"dc:references\" typeof=\"mw:Extension\/ref\" data-mw='{\"name\":\"ref\",\"attrs\":{\"name\":\"Stern\"},\"body\":{\"id\":\"mw-reference-text-cite_note-Stern-14\"}}'><a href=\"#cite_note-Stern-14\" id=\"rdp-we-mwqg\"><span class=\"mw-reflink-text\" id=\"rdp-we-mwqw\"><span class=\"cite-bracket\" id=\"rdp-we-mwrA\">[<\/span>14<span class=\"cite-bracket\" id=\"rdp-we-mwrQ\">]<\/span><\/span><\/a><\/sup> 2012 gr\u00fcndete er sein eigenes Label <i id=\"rdp-we-mwrg\">Banger Musik<\/i>.<\/p>\n\n<p id=\"rdp-we-mwrw\">2013 spielte Farid Bang eine Nebenrolle als Paco in dem Film <i id=\"rdp-we-mwsA\"><a rel=\"mw:WikiLink\" href=\"https:\/\/de.wikipedia.org\/wiki\/Fack_ju_G\u00f6hte\" title=\"Fack ju G\u00f6hte\" id=\"rdp-we-mwsQ\" target=\"_new\" class=\"wiki-link\">Fack ju G\u00f6hte<\/a><\/i>, an der Seite von <a rel=\"mw:WikiLink\" href=\"https:\/\/de.wikipedia.org\/wiki\/Elyas_M\u2019Barek\" title=\"Elyas M\u2019Barek\" id=\"rdp-we-mwsg\" target=\"_new\" class=\"wiki-link\">Elyas M\u2019Barek<\/a> und <a rel=\"mw:WikiLink\" href=\"https:\/\/de.wikipedia.org\/wiki\/Karoline_Herfurth\" title=\"Karoline Herfurth\" id=\"rdp-we-mwsw\" target=\"_new\" class=\"wiki-link\">Karoline Herfurth<\/a>.<sup about=\"#mwt37\" class=\"mw-ref reference\" id=\"rdp-we-cite_ref-16\" rel=\"dc:references\" typeof=\"mw:Extension\/ref\" data-mw='{\"name\":\"ref\",\"attrs\":{},\"body\":{\"id\":\"mw-reference-text-cite_note-16\"}}'><a href=\"#cite_note-16\" id=\"rdp-we-mwtA\"><span class=\"mw-reflink-text\" id=\"rdp-we-mwtQ\"><span class=\"cite-bracket\" id=\"rdp-we-mwtg\">[<\/span>16<span class=\"cite-bracket\" id=\"rdp-we-mwtw\">]<\/span><\/span><\/a><\/sup> Auch in den Fortsetzungen <i id=\"rdp-we-mwuA\"><a rel=\"mw:WikiLink\" href=\"https:\/\/de.wikipedia.org\/wiki\/Fack_ju_G\u00f6hte_2\" title=\"Fack ju G\u00f6hte 2\" id=\"rdp-we-mwuQ\" target=\"_new\" class=\"wiki-link\">Fack ju G\u00f6hte 2<\/a><\/i> von 2015<sup about=\"#mwt39\" class=\"mw-ref reference\" id=\"rdp-we-cite_ref-17\" rel=\"dc:references\" typeof=\"mw:Extension\/ref\" data-mw='{\"name\":\"ref\",\"attrs\":{},\"body\":{\"id\":\"mw-reference-text-cite_note-17\"}}'><a href=\"#cite_note-17\" id=\"rdp-we-mwug\"><span class=\"mw-reflink-text\" id=\"rdp-we-mwuw\"><span class=\"cite-bracket\" id=\"rdp-we-mwvA\">[<\/span>17<span class=\"cite-bracket\" id=\"rdp-we-mwvQ\">]<\/span><\/span><\/a><\/sup> und <i id=\"rdp-we-mwvg\"><a rel=\"mw:WikiLink\" href=\"https:\/\/de.wikipedia.org\/wiki\/Fack_ju_G\u00f6hte_3\" title=\"Fack ju G\u00f6hte 3\" id=\"rdp-we-mwvw\" target=\"_new\" class=\"wiki-link\">Fack ju G\u00f6hte 3<\/a><\/i> von 2017<sup about=\"#mwt41\" class=\"mw-ref reference\" id=\"rdp-we-cite_ref-18\" rel=\"dc:references\" typeof=\"mw:Extension\/ref\" data-mw='{\"name\":\"ref\",\"attrs\":{},\"body\":{\"id\":\"mw-reference-text-cite_note-18\"}}'><a href=\"#cite_note-18\" id=\"rdp-we-mwwA\"><span class=\"mw-reflink-text\" id=\"rdp-we-mwwQ\"><span class=\"cite-bracket\" id=\"rdp-we-mwwg\">[<\/span>18<span class=\"cite-bracket\" id=\"rdp-we-mwww\">]<\/span><\/span><\/a><\/sup> hatte er kurze Auftritte in dieser Rolle. Am 14. M\u00e4rz 2014 erschien Farid Bangs f\u00fcnftes Soloalbum <i id=\"rdp-we-mwxA\"><a rel=\"mw:WikiLink\" href=\"https:\/\/de.wikipedia.org\/wiki\/Killa\" title=\"Killa\" id=\"rdp-we-mwxQ\" target=\"_new\" class=\"wiki-link\">Killa<\/a><\/i>,<sup about=\"#mwt44\" class=\"mw-ref reference\" id=\"rdp-we-cite_ref-Musik.bz_-_Deutsche_Musikdatenbank_19-0\" rel=\"dc:references\" typeof=\"mw:Extension\/ref\" data-mw='{\"name\":\"ref\",\"attrs\":{\"name\":\"Musik.bz - Deutsche Musikdatenbank\"},\"body\":{\"id\":\"mw-reference-text-cite_note-Musik.bz_-_Deutsche_Musikdatenbank-19\"}}'><a href=\"#cite_note-Musik.bz_-_Deutsche_Musikdatenbank-19\" id=\"rdp-we-mwxg\"><span class=\"mw-reflink-text\" id=\"rdp-we-mwxw\"><span class=\"cite-bracket\" id=\"rdp-we-mwyA\">[<\/span>19<span class=\"cite-bracket\" id=\"rdp-we-mwyQ\">]<\/span><\/span><\/a><\/sup> mit dem er erstmals als Einzelk\u00fcnstler die Spitze der deutschen Charts erreichte. Dies konnte er mit seinem sechsten Soloalbum <i id=\"rdp-we-mwyg\"><a rel=\"mw:WikiLink\" href=\"https:\/\/de.wikipedia.org\/wiki\/Asphalt_Massaka_3\" title=\"Asphalt Massaka 3\" id=\"rdp-we-mwyw\" target=\"_new\" class=\"wiki-link\">Asphalt Massaka 3<\/a><\/i>, ver\u00f6ffentlicht am 27. M\u00e4rz 2015, wiederholen. F\u00fcr die deutsche Ausgabe des Soundtracks zum Film <i id=\"rdp-we-mwzA\"><a rel=\"mw:WikiLink\" href=\"https:\/\/de.wikipedia.org\/wiki\/Creed_\u2013_Rocky\u2019s_Legacy\" title=\"Creed \u2013 Rocky\u2019s Legacy\" id=\"rdp-we-mwzQ\" target=\"_new\" class=\"wiki-link\">Creed \u2013 Rocky\u2019s Legacy<\/a><\/i> nahm Farid Bang den Song <i id=\"rdp-we-mwzg\">Creed<\/i> auf, der zum Filmstart im Januar 2016 ver\u00f6ffentlicht wurde.<sup about=\"#mwt45\" class=\"mw-ref reference\" id=\"rdp-we-cite_ref-20\" rel=\"dc:references\" typeof=\"mw:Extension\/ref\" data-mw='{\"name\":\"ref\",\"attrs\":{},\"body\":{\"id\":\"mw-reference-text-cite_note-20\"}}'><a href=\"#cite_note-20\" id=\"rdp-we-mwzw\"><span class=\"mw-reflink-text\" id=\"rdp-we-mw0A\"><span class=\"cite-bracket\" id=\"rdp-we-mw0Q\">[<\/span>20<span class=\"cite-bracket\" id=\"rdp-we-mw0g\">]<\/span><\/span><\/a><\/sup> Am 27. Mai 2016 erschien sein siebtes Soloalbum <i id=\"rdp-we-mw0w\"><a rel=\"mw:WikiLink\" href=\"https:\/\/de.wikipedia.org\/wiki\/Blut_(Album)\" title=\"Blut (Album)\" id=\"rdp-we-mw1A\" target=\"_new\" class=\"wiki-link\">Blut<\/a><\/i>.<sup about=\"#mwt47\" class=\"mw-ref reference\" id=\"rdp-we-cite_ref-21\" rel=\"dc:references\" typeof=\"mw:Extension\/ref\" data-mw='{\"name\":\"ref\",\"attrs\":{},\"body\":{\"id\":\"mw-reference-text-cite_note-21\"}}'><a href=\"#cite_note-21\" id=\"rdp-we-mw1Q\"><span class=\"mw-reflink-text\" id=\"rdp-we-mw1g\"><span class=\"cite-bracket\" id=\"rdp-we-mw1w\">[<\/span>21<span class=\"cite-bracket\" id=\"rdp-we-mw2A\">]<\/span><\/span><\/a><\/sup> Anfang September 2017 k\u00fcndigten Kollegah und Farid Bang <i id=\"rdp-we-mw2Q\"><a rel=\"mw:WikiLink\" href=\"https:\/\/de.wikipedia.org\/wiki\/Jung_Brutal_Gutaussehend_3\" title=\"Jung Brutal Gutaussehend 3\" class=\"mw-redirect wiki-link\" id=\"rdp-we-mw2g\" target=\"_new\">Jung Brutal Gutaussehend 3<\/a><\/i> an. Ende September erschien mit <i id=\"rdp-we-mw2w\"><a rel=\"mw:WikiLink\" href=\"https:\/\/de.wikipedia.org\/wiki\/Sturmmaske_auf_(Intro)\" title=\"Sturmmaske auf (Intro)\" id=\"rdp-we-mw3A\" target=\"_new\" class=\"wiki-link\">Sturmmaske auf (Intro)<\/a><\/i> die erste Single des Albums, mit der sie die Spitze der deutschen Charts erreichten. <i id=\"rdp-we-mw3Q\">Jung Brutal Gutaussehend 3<\/i> erschien am 1. Dezember 2017; bereits acht Tage vor dem offiziellen Release wurde in Deutschland Goldstatus erreicht.<sup about=\"#mwt49\" class=\"mw-ref reference\" id=\"rdp-we-cite_ref-22\" rel=\"dc:references\" typeof=\"mw:Extension\/ref\" data-mw='{\"name\":\"ref\",\"attrs\":{},\"body\":{\"id\":\"mw-reference-text-cite_note-22\"}}'><a href=\"#cite_note-22\" id=\"rdp-we-mw3g\"><span class=\"mw-reflink-text\" id=\"rdp-we-mw3w\"><span class=\"cite-bracket\" id=\"rdp-we-mw4A\">[<\/span>22<span class=\"cite-bracket\" id=\"rdp-we-mw4Q\">]<\/span><\/span><\/a><\/sup><\/p>\n\n<p id=\"rdp-we-mw4g\">Das achte Soloalbum <i id=\"rdp-we-mw4w\">Genkidama<\/i> sollte urspr\u00fcnglich am 17. April 2020 erscheinen.<sup about=\"#mwt51\" class=\"mw-ref reference\" id=\"rdp-we-cite_ref-23\" rel=\"dc:references\" typeof=\"mw:Extension\/ref\" data-mw='{\"name\":\"ref\",\"attrs\":{},\"body\":{\"id\":\"mw-reference-text-cite_note-23\"}}'><a href=\"#cite_note-23\" id=\"rdp-we-mw5A\"><span class=\"mw-reflink-text\" id=\"rdp-we-mw5Q\"><span class=\"cite-bracket\" id=\"rdp-we-mw5g\">[<\/span>23<span class=\"cite-bracket\" id=\"rdp-we-mw5w\">]<\/span><\/span><\/a><\/sup> Aufgrund der Ma\u00dfnahmen im Zuge der <a rel=\"mw:WikiLink\" href=\"https:\/\/de.wikipedia.org\/wiki\/Corona-Pandemie\" title=\"Corona-Pandemie\" class=\"mw-redirect wiki-link\" id=\"rdp-we-mw6A\" target=\"_new\">Corona-Pandemie<\/a> wurde der Release auf den 29. Mai 2020 verschoben.<sup about=\"#mwt53\" class=\"mw-ref reference\" id=\"rdp-we-cite_ref-24\" rel=\"dc:references\" typeof=\"mw:Extension\/ref\" data-mw='{\"name\":\"ref\",\"attrs\":{},\"body\":{\"id\":\"mw-reference-text-cite_note-24\"}}'><a href=\"#cite_note-24\" id=\"rdp-we-mw6Q\"><span class=\"mw-reflink-text\" id=\"rdp-we-mw6g\"><span class=\"cite-bracket\" id=\"rdp-we-mw6w\">[<\/span>24<span class=\"cite-bracket\" id=\"rdp-we-mw7A\">]<\/span><\/span><\/a><\/sup> Am 28. Mai 2020 ver\u00f6ffentlichte Farid Bang die <i id=\"rdp-we-mw7Q\">Kamehameha EP<\/i>. Sie enth\u00e4lt vier Songs, davon zwei Disstracks gegen die <a rel=\"mw:WikiLink\" href=\"https:\/\/de.wikipedia.org\/wiki\/BigFM\" title=\"BigFM\" id=\"rdp-we-mw7g\" target=\"_new\" class=\"wiki-link\">BigFM<\/a>-Moderatorin <a rel=\"mw:WikiLink\" href=\"https:\/\/de.wikipedia.org\/wiki\/Lola_Weippert\" title=\"Lola Weippert\" id=\"rdp-we-mw7w\" target=\"_new\" class=\"wiki-link\">Lola Weippert<\/a>, die als Singles erschienen.<sup about=\"#mwt55\" class=\"mw-ref reference\" id=\"rdp-we-cite_ref-25\" rel=\"dc:references\" typeof=\"mw:Extension\/ref\" data-mw='{\"name\":\"ref\",\"attrs\":{},\"body\":{\"id\":\"mw-reference-text-cite_note-25\"}}'><a href=\"#cite_note-25\" id=\"rdp-we-mw8A\"><span class=\"mw-reflink-text\" id=\"rdp-we-mw8Q\"><span class=\"cite-bracket\" id=\"rdp-we-mw8g\">[<\/span>25<span class=\"cite-bracket\" id=\"rdp-we-mw8w\">]<\/span><\/span><\/a><\/sup><sup about=\"#mwt57\" class=\"mw-ref reference\" id=\"rdp-we-cite_ref-26\" rel=\"dc:references\" typeof=\"mw:Extension\/ref\" data-mw='{\"name\":\"ref\",\"attrs\":{},\"body\":{\"id\":\"mw-reference-text-cite_note-26\"}}'><a href=\"#cite_note-26\" id=\"rdp-we-mw9A\"><span class=\"mw-reflink-text\" id=\"rdp-we-mw9Q\"><span class=\"cite-bracket\" id=\"rdp-we-mw9g\">[<\/span>26<span class=\"cite-bracket\" id=\"rdp-we-mw9w\">]<\/span><\/span><\/a><\/sup><sup about=\"#mwt59\" class=\"mw-ref reference\" id=\"rdp-we-cite_ref-27\" rel=\"dc:references\" typeof=\"mw:Extension\/ref\" data-mw='{\"name\":\"ref\",\"attrs\":{},\"body\":{\"id\":\"mw-reference-text-cite_note-27\"}}'><a href=\"#cite_note-27\" id=\"rdp-we-mw-A\"><span class=\"mw-reflink-text\" id=\"rdp-we-mw-Q\"><span class=\"cite-bracket\" id=\"rdp-we-mw-g\">[<\/span>27<span class=\"cite-bracket\" id=\"rdp-we-mw-w\">]<\/span><\/span><\/a><\/sup> Diese hatte sich im Vorfeld kritisch \u00fcber Farid Bangs vermeintliche Feindlichkeit gegen\u00fcber Frauen ge\u00e4u\u00dfert. Es entstand ein Streit, der besonders in den sozialen Medien, beispielsweise <a rel=\"mw:WikiLink\" href=\"https:\/\/de.wikipedia.org\/wiki\/Instagram\" title=\"Instagram\" id=\"rdp-we-mw_A\" target=\"_new\" class=\"wiki-link\">Instagram<\/a>, ausgetragen wurde. Schlie\u00dflich entschuldigte sich das Team des Radiosenders Big-FM f\u00fcr einige der Aussagen. In der Deluxe-Edition von Genkidama ist au\u00dferdem ein Gewinnspiel inbegriffen, dessen Hauptpreis Farid Bangs S63 AMG in der <a rel=\"mw:WikiLink\" href=\"https:\/\/de.wikipedia.org\/wiki\/Mansory\" title=\"Mansory\" id=\"rdp-we-mw_Q\" target=\"_new\" class=\"wiki-link\">Mansory<\/a>-Version ist. Aus diesem Grund z\u00e4hlt sie Aussagen Farid Bangs zufolge nicht als Bewertungskomponente f\u00fcr die Albumcharts.<sup about=\"#mwt61\" class=\"mw-ref reference\" id=\"rdp-we-cite_ref-28\" rel=\"dc:references\" typeof=\"mw:Extension\/ref\" data-mw='{\"name\":\"ref\",\"attrs\":{},\"body\":{\"id\":\"mw-reference-text-cite_note-28\"}}'><a href=\"#cite_note-28\" id=\"rdp-we-mw_g\"><span class=\"mw-reflink-text\" id=\"rdp-we-mw_w\"><span class=\"cite-bracket\" id=\"rdp-we-mwAQA\">[<\/span>28<span class=\"cite-bracket\" id=\"rdp-we-mwAQE\">]<\/span><\/span><\/a><\/sup> Zeitgleich zur Promotionphase des achten Soloalbums, an dem zwei Jahre gearbeitet worden sei,<sup about=\"#mwt63\" class=\"mw-ref reference\" id=\"rdp-we-cite_ref-29\" rel=\"dc:references\" typeof=\"mw:Extension\/ref\" data-mw='{\"name\":\"ref\",\"attrs\":{},\"body\":{\"id\":\"mw-reference-text-cite_note-29\"}}'><a href=\"#cite_note-29\" id=\"rdp-we-mwAQI\"><span class=\"mw-reflink-text\" id=\"rdp-we-mwAQM\"><span class=\"cite-bracket\" id=\"rdp-we-mwAQQ\">[<\/span>29<span class=\"cite-bracket\" id=\"rdp-we-mwAQU\">]<\/span><\/span><\/a><\/sup> erschuf Farid Bang das Format <i id=\"rdp-we-mwAQY\">Das Instalent<\/i>, eine Castingshow f\u00fcr Newcomer und S\u00e4nger auf Instagram.<sup about=\"#mwt65\" class=\"mw-ref reference\" id=\"rdp-we-cite_ref-30\" rel=\"dc:references\" typeof=\"mw:Extension\/ref\" data-mw='{\"name\":\"ref\",\"attrs\":{},\"body\":{\"id\":\"mw-reference-text-cite_note-30\"}}'><a href=\"#cite_note-30\" id=\"rdp-we-mwAQc\"><span class=\"mw-reflink-text\" id=\"rdp-we-mwAQg\"><span class=\"cite-bracket\" id=\"rdp-we-mwAQk\">[<\/span>30<span class=\"cite-bracket\" id=\"rdp-we-mwAQo\">]<\/span><\/span><\/a><\/sup> Sieger des Formats ist der Musiker <i id=\"rdp-we-mwAQs\">@bayorbaby<\/i>.<sup about=\"#mwt67\" class=\"mw-ref reference\" id=\"rdp-we-cite_ref-31\" rel=\"dc:references\" typeof=\"mw:Extension\/ref\" data-mw='{\"name\":\"ref\",\"attrs\":{},\"body\":{\"id\":\"mw-reference-text-cite_note-31\"}}'><a href=\"#cite_note-31\" id=\"rdp-we-mwAQw\"><span class=\"mw-reflink-text\" id=\"rdp-we-mwAQ0\"><span class=\"cite-bracket\" id=\"rdp-we-mwAQ4\">[<\/span>31<span class=\"cite-bracket\" id=\"rdp-we-mwAQ8\">]<\/span><\/span><\/a><\/sup> Ende M\u00e4rz 2021 ver\u00f6ffentlichte Farid Bang die Single <i id=\"rdp-we-mwARA\">Kuck Kuck<\/i>. Darauf folgte sein Album <i id=\"rdp-we-mwARE\">Asozialer Marokkaner<\/i> und dessen Deluxe-Version <i id=\"rdp-we-mwARI\">Asozialer Marokkaner +<\/i>, das im August desselben Jahres ver\u00f6ffentlicht wurde. Im November 2021 erschien ein Snippet auf Farid Bangs Labelkanal \u201eBangerChannel\u201c, in dem er die Ver\u00f6ffentlichung eines Albums f\u00fcr den Freitag der darauffolgenden Woche ank\u00fcndigte. An jenem Freitag, dem 26. November 2021, erschien das Album <i id=\"rdp-we-mwARM\">X<\/i>, das sich laut ihm vom Stil seiner vorigen Alben unterscheidet und wieder auf die alte Art seines Raps setzt. Im Juli 2022 erschien das Album <i id=\"rdp-we-mwARQ\">Deutschrap brandneu<\/i> in Zusammenarbeit mit <a rel=\"mw:WikiLink\" href=\"https:\/\/de.wikipedia.org\/wiki\/Capital_Bra\" title=\"Capital Bra\" id=\"rdp-we-mwARU\" target=\"_new\" class=\"wiki-link\">Capital Bra<\/a>.<\/p>\n\n<\/section><section data-mw-section-id=\"2\" id=\"rdp-we-mwARY\" aria-labelledby=\"Kontroversen\"><div class=\"mw-heading mw-heading2\"><h2 id=\"rdp-we-Kontroversen\">Kontroversen<\/h2><\/div>\n<section data-mw-section-id=\"3\" id=\"rdp-we-mwARc\" aria-labelledby=\"\u201eBeef\u201c_mit_Konkurrenten\"><div class=\"mw-heading mw-heading3\"><h3 id=\"rdp-we-\u201eBeef\u201c_mit_Konkurrenten\"><span id=\"rdp-we-.E2.80.9EBeef.E2.80.9C_mit_Konkurrenten\" typeof=\"mw:FallbackId\"><\/span>\u201eBeef\u201c mit Konkurrenten<\/h3><\/div>\n<p id=\"rdp-we-mwARg\">Farid Bang ist bekannt daf\u00fcr, h\u00e4ufig <i id=\"rdp-we-mwARk\"><a rel=\"mw:WikiLink\" href=\"https:\/\/de.wikipedia.org\/wiki\/Beef\" title=\"Beef\" id=\"rdp-we-mwARo\" target=\"_new\" class=\"wiki-link\">Beef<\/a><\/i> (auf Deutsch: Streit), also in der Regel verbale Streitigkeiten, die z.<span typeof=\"mw:Entity\" id=\"rdp-we-mwARs\">\u00a0<\/span>B. durch Beleidigungen (\u201e<a rel=\"mw:WikiLink\" href=\"https:\/\/de.wikipedia.org\/wiki\/Dissen_(Slang)\" title=\"Dissen (Slang)\" class=\"mw-redirect wiki-link\" id=\"rdp-we-mwARw\" target=\"_new\">Disses<\/a>\u201c) auf Platten ausgetragen werden, mit anderen Rappern zu haben. So kam es zu verbalen Konflikten mit u.<span typeof=\"mw:Entity\" id=\"rdp-we-mwAR0\">\u00a0<\/span>a. <a rel=\"mw:WikiLink\" href=\"https:\/\/de.wikipedia.org\/wiki\/Sido\" title=\"Sido\" id=\"rdp-we-mwAR4\" target=\"_new\" class=\"wiki-link\">Sido<\/a>,<sup about=\"#mwt69\" class=\"mw-ref reference\" id=\"rdp-we-cite_ref-32\" rel=\"dc:references\" typeof=\"mw:Extension\/ref\" data-mw='{\"name\":\"ref\",\"attrs\":{},\"body\":{\"id\":\"mw-reference-text-cite_note-32\"}}'><a href=\"#cite_note-32\" id=\"rdp-we-mwAR8\"><span class=\"mw-reflink-text\" id=\"rdp-we-mwASA\"><span class=\"cite-bracket\" id=\"rdp-we-mwASE\">[<\/span>32<span class=\"cite-bracket\" id=\"rdp-we-mwASI\">]<\/span><\/span><\/a><\/sup> <a rel=\"mw:WikiLink\" href=\"https:\/\/de.wikipedia.org\/wiki\/Franky_Kubrick\" title=\"Franky Kubrick\" id=\"rdp-we-mwASM\" target=\"_new\" class=\"wiki-link\">Franky Kubrick<\/a>,<sup about=\"#mwt71\" class=\"mw-ref reference\" id=\"rdp-we-cite_ref-33\" rel=\"dc:references\" typeof=\"mw:Extension\/ref\" data-mw='{\"name\":\"ref\",\"attrs\":{},\"body\":{\"id\":\"mw-reference-text-cite_note-33\"}}'><a href=\"#cite_note-33\" id=\"rdp-we-mwASQ\"><span class=\"mw-reflink-text\" id=\"rdp-we-mwASU\"><span class=\"cite-bracket\" id=\"rdp-we-mwASY\">[<\/span>33<span class=\"cite-bracket\" id=\"rdp-we-mwASc\">]<\/span><\/span><\/a><\/sup> <a rel=\"mw:WikiLink\" href=\"https:\/\/de.wikipedia.org\/wiki\/MOK\" title=\"MOK\" id=\"rdp-we-mwASg\" target=\"_new\" class=\"wiki-link\">MOK<\/a>,<sup about=\"#mwt73\" class=\"mw-ref reference\" id=\"rdp-we-cite_ref-34\" rel=\"dc:references\" typeof=\"mw:Extension\/ref\" data-mw='{\"name\":\"ref\",\"attrs\":{},\"body\":{\"id\":\"mw-reference-text-cite_note-34\"}}'><a href=\"#cite_note-34\" id=\"rdp-we-mwASk\"><span class=\"mw-reflink-text\" id=\"rdp-we-mwASo\"><span class=\"cite-bracket\" id=\"rdp-we-mwASs\">[<\/span>34<span class=\"cite-bracket\" id=\"rdp-we-mwASw\">]<\/span><\/span><\/a><\/sup> <a rel=\"mw:WikiLink\" href=\"https:\/\/de.wikipedia.org\/wiki\/Alpa_Gun\" title=\"Alpa Gun\" id=\"rdp-we-mwAS0\" target=\"_new\" class=\"wiki-link\">Alpa Gun<\/a>,<sup about=\"#mwt75\" class=\"mw-ref reference\" id=\"rdp-we-cite_ref-35\" rel=\"dc:references\" typeof=\"mw:Extension\/ref\" data-mw='{\"name\":\"ref\",\"attrs\":{},\"body\":{\"id\":\"mw-reference-text-cite_note-35\"}}'><a href=\"#cite_note-35\" id=\"rdp-we-mwAS4\"><span class=\"mw-reflink-text\" id=\"rdp-we-mwAS8\"><span class=\"cite-bracket\" id=\"rdp-we-mwATA\">[<\/span>35<span class=\"cite-bracket\" id=\"rdp-we-mwATE\">]<\/span><\/span><\/a><\/sup> <a rel=\"mw:WikiLink\" href=\"https:\/\/de.wikipedia.org\/wiki\/Fler\" title=\"Fler\" id=\"rdp-we-mwATI\" target=\"_new\" class=\"wiki-link\">Fler<\/a>,<sup about=\"#mwt77\" class=\"mw-ref reference\" id=\"rdp-we-cite_ref-36\" rel=\"dc:references\" typeof=\"mw:Extension\/ref\" data-mw='{\"name\":\"ref\",\"attrs\":{},\"body\":{\"id\":\"mw-reference-text-cite_note-36\"}}'><a href=\"#cite_note-36\" id=\"rdp-we-mwATM\"><span class=\"mw-reflink-text\" id=\"rdp-we-mwATQ\"><span class=\"cite-bracket\" id=\"rdp-we-mwATU\">[<\/span>36<span class=\"cite-bracket\" id=\"rdp-we-mwATY\">]<\/span><\/span><\/a><\/sup> <a rel=\"mw:WikiLink\" href=\"https:\/\/de.wikipedia.org\/wiki\/Silla_(Rapper)\" title=\"Silla (Rapper)\" id=\"rdp-we-mwATc\" target=\"_new\" class=\"wiki-link\">Silla<\/a>,<sup about=\"#mwt79\" class=\"mw-ref reference\" id=\"rdp-we-cite_ref-37\" rel=\"dc:references\" typeof=\"mw:Extension\/ref\" data-mw='{\"name\":\"ref\",\"attrs\":{},\"body\":{\"id\":\"mw-reference-text-cite_note-37\"}}'><a href=\"#cite_note-37\" id=\"rdp-we-mwATg\"><span class=\"mw-reflink-text\" id=\"rdp-we-mwATk\"><span class=\"cite-bracket\" id=\"rdp-we-mwATo\">[<\/span>37<span class=\"cite-bracket\" id=\"rdp-we-mwATs\">]<\/span><\/span><\/a><\/sup> <a rel=\"mw:WikiLink\" href=\"https:\/\/de.wikipedia.org\/wiki\/Kayef\" title=\"Kayef\" id=\"rdp-we-mwATw\" target=\"_new\" class=\"wiki-link\">Kayef<\/a><sup about=\"#mwt81\" class=\"mw-ref reference\" id=\"rdp-we-cite_ref-38\" rel=\"dc:references\" typeof=\"mw:Extension\/ref\" data-mw='{\"name\":\"ref\",\"attrs\":{},\"body\":{\"id\":\"mw-reference-text-cite_note-38\"}}'><a href=\"#cite_note-38\" id=\"rdp-we-mwAT0\"><span class=\"mw-reflink-text\" id=\"rdp-we-mwAT4\"><span class=\"cite-bracket\" id=\"rdp-we-mwAT8\">[<\/span>38<span class=\"cite-bracket\" id=\"rdp-we-mwAUA\">]<\/span><\/span><\/a><\/sup> und <a rel=\"mw:WikiLink\" href=\"https:\/\/de.wikipedia.org\/wiki\/Shindy\" title=\"Shindy\" id=\"rdp-we-mwAUE\" target=\"_new\" class=\"wiki-link\">Shindy<\/a>.<sup about=\"#mwt83\" class=\"mw-ref reference\" id=\"rdp-we-cite_ref-39\" rel=\"dc:references\" typeof=\"mw:Extension\/ref\" data-mw='{\"name\":\"ref\",\"attrs\":{},\"body\":{\"id\":\"mw-reference-text-cite_note-39\"}}'><a href=\"#cite_note-39\" id=\"rdp-we-mwAUI\"><span class=\"mw-reflink-text\" id=\"rdp-we-mwAUM\"><span class=\"cite-bracket\" id=\"rdp-we-mwAUQ\">[<\/span>39<span class=\"cite-bracket\" id=\"rdp-we-mwAUU\">]<\/span><\/span><\/a><\/sup><\/p>\n\n<\/section><section data-mw-section-id=\"4\" id=\"rdp-we-mwAUY\" aria-labelledby=\"Konflikt_mit_Maskulin_(2009\u20132017)\"><div class=\"mw-heading mw-heading3\"><h3 id=\"rdp-we-Konflikt_mit_Maskulin_(2009\u20132017)\"><span id=\"rdp-we-Konflikt_mit_Maskulin_.282009.E2.80.932017.29\" typeof=\"mw:FallbackId\"><\/span>Konflikt mit Maskulin (2009\u20132017)<\/h3><\/div>\n<p id=\"rdp-we-mwAUc\">Einen jahrelangen Streit liefert sich Farid Bang mit <a rel=\"mw:WikiLink\" href=\"https:\/\/de.wikipedia.org\/wiki\/Fler\" title=\"Fler\" id=\"rdp-we-mwAUg\" target=\"_new\" class=\"wiki-link\">Fler<\/a> und anderen Rappern von dessen Label <a rel=\"mw:WikiLink\" href=\"https:\/\/de.wikipedia.org\/wiki\/Maskulin_Music_Group\" title=\"Maskulin Music Group\" class=\"mw-redirect wiki-link\" id=\"rdp-we-mwAUk\" target=\"_new\">Maskulin<\/a>. Farid Bang stichelte im Song <i id=\"rdp-we-mwAUo\">Westdeutschlands Kings<\/i>, welchen er 2009 mit <a rel=\"mw:WikiLink\" href=\"https:\/\/de.wikipedia.org\/wiki\/Kollegah\" title=\"Kollegah\" id=\"rdp-we-mwAUs\" target=\"_new\" class=\"wiki-link\">Kollegah<\/a> und <a rel=\"mw:WikiLink\" href=\"https:\/\/de.wikipedia.org\/wiki\/Favorite_(Rapper)\" title=\"Favorite (Rapper)\" id=\"rdp-we-mwAUw\" target=\"_new\" class=\"wiki-link\">Favorite<\/a> aufnahm, gegen Fler und ver\u00f6ffentlichte im Jahr 2010 den <a rel=\"mw:WikiLink\" href=\"https:\/\/de.wikipedia.org\/wiki\/Dissen_(Slang)\" title=\"Dissen (Slang)\" class=\"mw-redirect wiki-link\" id=\"rdp-we-mwAU0\" target=\"_new\">Disstrack<\/a> <i id=\"rdp-we-mwAU4\">Stress ohne Grund<\/i>, welcher sich musikalisch an das im Jahr 2002 ver\u00f6ffentlichte Lied <i id=\"rdp-we-mwAU8\">Carlo Cokxxx Nutten<\/i> von Fler anlehnt. Zudem stichelte er auf dem Album <a rel=\"mw:WikiLink\" href=\"https:\/\/de.wikipedia.org\/wiki\/Asphalt_Massaka_2\" title=\"Asphalt Massaka 2\" id=\"rdp-we-mwAVA\" target=\"_new\" class=\"wiki-link\">Asphalt Massaka 2<\/a> oft gegen Fler. Fler antwortete 2011 durch den Song <i id=\"rdp-we-mwAVE\">S\u00fcdberlin auf Bew\u00e4hrung<\/i>, in dem er auch Kollegah angriff. Au\u00dferdem ver\u00f6ffentlichte er 2012 mit <a rel=\"mw:WikiLink\" href=\"https:\/\/de.wikipedia.org\/wiki\/Silla_(Rapper)\" title=\"Silla (Rapper)\" id=\"rdp-we-mwAVI\" target=\"_new\" class=\"wiki-link\">Silla<\/a> das Lied <i id=\"rdp-we-mwAVM\">Geh beiseite<\/i>, welches ebenfalls Angriffe gegen Farid Bang und Kollegah beinhaltet. Zudem wurde im selben Jahr von den Maskulin-Artisten <a rel=\"mw:WikiLink\" href=\"https:\/\/de.wikipedia.org\/wiki\/G-Hot\" title=\"G-Hot\" id=\"rdp-we-mwAVQ\" target=\"_new\" class=\"wiki-link\">G-Hot<\/a> und <a rel=\"mw:WikiLink\" href=\"https:\/\/de.wikipedia.org\/wiki\/Nicone\" title=\"Nicone\" id=\"rdp-we-mwAVU\" target=\"_new\" class=\"wiki-link\">Nicone<\/a> ein Disstrack gegen Farid Bang und Kollegah ver\u00f6ffentlicht.<sup about=\"#mwt85\" class=\"mw-ref reference\" id=\"rdp-we-cite_ref-40\" rel=\"dc:references\" typeof=\"mw:Extension\/ref\" data-mw='{\"name\":\"ref\",\"attrs\":{},\"body\":{\"id\":\"mw-reference-text-cite_note-40\"}}'><a href=\"#cite_note-40\" id=\"rdp-we-mwAVY\"><span class=\"mw-reflink-text\" id=\"rdp-we-mwAVc\"><span class=\"cite-bracket\" id=\"rdp-we-mwAVg\">[<\/span>40<span class=\"cite-bracket\" id=\"rdp-we-mwAVk\">]<\/span><\/span><\/a><\/sup><\/p>\n\n<p id=\"rdp-we-mwAVo\">Auf dem Album <a rel=\"mw:WikiLink\" href=\"https:\/\/de.wikipedia.org\/wiki\/Jung,_brutal,_gutaussehend_2\" title=\"Jung, brutal, gutaussehend 2\" id=\"rdp-we-mwAVs\" target=\"_new\" class=\"wiki-link\">Jung, brutal, gutaussehend 2<\/a>, das 2013 von Kollegah und Farid Bang ver\u00f6ffentlicht wurde, stichelte Farid Bang wieder gegen Fler.<sup about=\"#mwt87\" class=\"mw-ref reference\" id=\"rdp-we-cite_ref-41\" rel=\"dc:references\" typeof=\"mw:Extension\/ref\" data-mw='{\"name\":\"ref\",\"attrs\":{},\"body\":{\"id\":\"mw-reference-text-cite_note-41\"}}'><a href=\"#cite_note-41\" id=\"rdp-we-mwAVw\"><span class=\"mw-reflink-text\" id=\"rdp-we-mwAV0\"><span class=\"cite-bracket\" id=\"rdp-we-mwAV4\">[<\/span>41<span class=\"cite-bracket\" id=\"rdp-we-mwAV8\">]<\/span><\/span><\/a><\/sup> Auf dem im selben Jahr ver\u00f6ffentlichten Album <a rel=\"mw:WikiLink\" href=\"https:\/\/de.wikipedia.org\/wiki\/Blaues_Blut_(Album)\" title=\"Blaues Blut (Album)\" id=\"rdp-we-mwAWA\" target=\"_new\" class=\"wiki-link\">Blaues Blut<\/a> antworteten die Rapper Fler, Silla und Jihad auf die Sticheleien von Farid Bang.<sup about=\"#mwt90\" class=\"mw-ref reference\" id=\"rdp-we-cite_ref-42\" rel=\"dc:references\" typeof=\"mw:Extension\/ref\" data-mw='{\"name\":\"ref\",\"attrs\":{},\"body\":{\"id\":\"mw-reference-text-cite_note-42\"}}'><a href=\"#cite_note-42\" id=\"rdp-we-mwAWE\"><span class=\"mw-reflink-text\" id=\"rdp-we-mwAWI\"><span class=\"cite-bracket\" id=\"rdp-we-mwAWM\">[<\/span>42<span class=\"cite-bracket\" id=\"rdp-we-mwAWQ\">]<\/span><\/span><\/a><\/sup> Zudem ver\u00f6ffentlichte Fler den Disstrack <i id=\"rdp-we-mwAWU\">Mut zur H\u00e4sslichkeit<\/i>, in dem er Farid Bang und Kollegah disste und sie anschlie\u00dfend noch <a rel=\"mw:WikiLink\" href=\"https:\/\/de.wikipedia.org\/wiki\/Imitator\" title=\"Imitator\" id=\"rdp-we-mwAWY\" target=\"_new\" class=\"wiki-link\">imitierte<\/a>.<sup about=\"#mwt92\" class=\"mw-ref reference\" id=\"rdp-we-cite_ref-43\" rel=\"dc:references\" typeof=\"mw:Extension\/ref\" data-mw='{\"name\":\"ref\",\"attrs\":{},\"body\":{\"id\":\"mw-reference-text-cite_note-43\"}}'><a href=\"#cite_note-43\" id=\"rdp-we-mwAWc\"><span class=\"mw-reflink-text\" id=\"rdp-we-mwAWg\"><span class=\"cite-bracket\" id=\"rdp-we-mwAWk\">[<\/span>43<span class=\"cite-bracket\" id=\"rdp-we-mwAWo\">]<\/span><\/span><\/a><\/sup> Auf dem ebenfalls 2013 ver\u00f6ffentlichten Song <i id=\"rdp-we-mwAWs\">Der blutige Pfad 2<\/i> antwortete Farid Bang auf die Sticheleien von Silla.<sup about=\"#mwt95\" class=\"mw-ref reference\" id=\"rdp-we-cite_ref-44\" rel=\"dc:references\" typeof=\"mw:Extension\/ref\" data-mw='{\"name\":\"ref\",\"attrs\":{},\"body\":{\"id\":\"mw-reference-text-cite_note-44\"}}'><a href=\"#cite_note-44\" id=\"rdp-we-mwAWw\"><span class=\"mw-reflink-text\" id=\"rdp-we-mwAW0\"><span class=\"cite-bracket\" id=\"rdp-we-mwAW4\">[<\/span>44<span class=\"cite-bracket\" id=\"rdp-we-mwAW8\">]<\/span><\/span><\/a><\/sup><\/p>\n\n<p id=\"rdp-we-mwAXA\">Bang k\u00fcndigte sein f\u00fcnftes Soloalbum unter dem Titel <i id=\"rdp-we-mwAXE\">Killa<\/i> an.<sup about=\"#mwt98\" class=\"mw-ref reference\" id=\"rdp-we-cite_ref-45\" rel=\"dc:references\" typeof=\"mw:Extension\/ref\" data-mw='{\"name\":\"ref\",\"attrs\":{},\"body\":{\"id\":\"mw-reference-text-cite_note-45\"}}'><a href=\"#cite_note-45\" id=\"rdp-we-mwAXI\"><span class=\"mw-reflink-text\" id=\"rdp-we-mwAXM\"><span class=\"cite-bracket\" id=\"rdp-we-mwAXQ\">[<\/span>45<span class=\"cite-bracket\" id=\"rdp-we-mwAXU\">]<\/span><\/span><\/a><\/sup><sup about=\"#mwt100\" class=\"mw-ref reference\" id=\"rdp-we-cite_ref-46\" rel=\"dc:references\" typeof=\"mw:Extension\/ref\" data-mw='{\"name\":\"ref\",\"attrs\":{},\"body\":{\"id\":\"mw-reference-text-cite_note-46\"}}'><a href=\"#cite_note-46\" id=\"rdp-we-mwAXY\"><span class=\"mw-reflink-text\" id=\"rdp-we-mwAXc\"><span class=\"cite-bracket\" id=\"rdp-we-mwAXg\">[<\/span>46<span class=\"cite-bracket\" id=\"rdp-we-mwAXk\">]<\/span><\/span><\/a><\/sup> Dies wurde von Silla und dessen Anh\u00e4ngern als Anspielung auf das Pseudonym \u201eSilla der Killa\u201c verstanden.<sup about=\"#mwt103\" class=\"mw-ref reference\" id=\"rdp-we-cite_ref-47\" rel=\"dc:references\" typeof=\"mw:Extension\/ref\" data-mw='{\"name\":\"ref\",\"attrs\":{},\"body\":{\"id\":\"mw-reference-text-cite_note-47\"}}'><a href=\"#cite_note-47\" id=\"rdp-we-mwAXo\"><span class=\"mw-reflink-text\" id=\"rdp-we-mwAXs\"><span class=\"cite-bracket\" id=\"rdp-we-mwAXw\">[<\/span>47<span class=\"cite-bracket\" id=\"rdp-we-mwAX0\">]<\/span><\/span><\/a><\/sup> Fortan folgten Sticheleien \u00fcber die Netzwerke <a rel=\"mw:WikiLink\" href=\"https:\/\/de.wikipedia.org\/wiki\/Instagram\" title=\"Instagram\" id=\"rdp-we-mwAX4\" target=\"_new\" class=\"wiki-link\">Instagram<\/a> und <a rel=\"mw:WikiLink\" href=\"https:\/\/de.wikipedia.org\/wiki\/Facebook\" title=\"Facebook\" id=\"rdp-we-mwAX8\" target=\"_new\" class=\"wiki-link\">Facebook<\/a>. Sp\u00e4ter k\u00fcndigte Silla sein n\u00e4chstes Soloalbum unter dem Titel <i id=\"rdp-we-mwAYA\">Banger<\/i> an.<sup about=\"#mwt106\" class=\"mw-ref reference\" id=\"rdp-we-cite_ref-48\" rel=\"dc:references\" typeof=\"mw:Extension\/ref\" data-mw='{\"name\":\"ref\",\"attrs\":{},\"body\":{\"id\":\"mw-reference-text-cite_note-48\"}}'><a href=\"#cite_note-48\" id=\"rdp-we-mwAYE\"><span class=\"mw-reflink-text\" id=\"rdp-we-mwAYI\"><span class=\"cite-bracket\" id=\"rdp-we-mwAYM\">[<\/span>48<span class=\"cite-bracket\" id=\"rdp-we-mwAYQ\">]<\/span><\/span><\/a><\/sup><\/p>\n\n<p id=\"rdp-we-mwAYU\">Anfang Januar 2014 betitelte Bang Fler mehrmals \u00f6ffentlich als \u201eHurensohn\u201c.<sup about=\"#mwt109\" class=\"mw-ref reference\" id=\"rdp-we-cite_ref-49\" rel=\"dc:references\" typeof=\"mw:Extension\/ref\" data-mw='{\"name\":\"ref\",\"attrs\":{},\"body\":{\"id\":\"mw-reference-text-cite_note-49\"}}'><a href=\"#cite_note-49\" id=\"rdp-we-mwAYY\"><span class=\"mw-reflink-text\" id=\"rdp-we-mwAYc\"><span class=\"cite-bracket\" id=\"rdp-we-mwAYg\">[<\/span>49<span class=\"cite-bracket\" id=\"rdp-we-mwAYk\">]<\/span><\/span><\/a><\/sup> Fler gab daraufhin \u00f6ffentlich seinen angeblichen Wohnsitz bekannt, bot Farid an, die Auseinandersetzung \u201eeins gegen eins\u201c zu l\u00f6sen und drohte ihm, \u201edu wirst nach diesem Kampf im Krankenhaus liegen\u201c.<sup about=\"#mwt112\" class=\"mw-ref reference\" id=\"rdp-we-cite_ref-auto_50-0\" rel=\"dc:references\" typeof=\"mw:Extension\/ref\" data-mw='{\"name\":\"ref\",\"attrs\":{\"name\":\"auto\"},\"body\":{\"id\":\"mw-reference-text-cite_note-auto-50\"}}'><a href=\"#cite_note-auto-50\" id=\"rdp-we-mwAYo\"><span class=\"mw-reflink-text\" id=\"rdp-we-mwAYs\"><span class=\"cite-bracket\" id=\"rdp-we-mwAYw\">[<\/span>50<span class=\"cite-bracket\" id=\"rdp-we-mwAY0\">]<\/span><\/span><\/a><\/sup> Als Reaktion darauf gab Farid Bang an, \u201eeinfach mal bald\u201c bei Fler \u201evorbei\u201c zu kommen.<sup about=\"#mwt115\" class=\"mw-ref reference\" id=\"rdp-we-cite_ref-51\" rel=\"dc:references\" typeof=\"mw:Extension\/ref\" data-mw='{\"name\":\"ref\",\"attrs\":{},\"body\":{\"id\":\"mw-reference-text-cite_note-51\"}}'><a href=\"#cite_note-51\" id=\"rdp-we-mwAY4\"><span class=\"mw-reflink-text\" id=\"rdp-we-mwAY8\"><span class=\"cite-bracket\" id=\"rdp-we-mwAZA\">[<\/span>51<span class=\"cite-bracket\" id=\"rdp-we-mwAZE\">]<\/span><\/span><\/a><\/sup> Wenige Tage sp\u00e4ter bot Farid Bang ihm an, die \u201eScheurenstra\u00dfe\u201c in <a rel=\"mw:WikiLink\" href=\"https:\/\/de.wikipedia.org\/wiki\/D\u00fcsseldorf\" title=\"D\u00fcsseldorf\" id=\"rdp-we-mwAZI\" target=\"_new\" class=\"wiki-link\">D\u00fcsseldorf<\/a> aufzusuchen, eine Stra\u00dfe im sog. \u201eMaghreb-Viertel\u201c rund um den D\u00fcsseldorfer Hauptbahnhof.<sup about=\"#mwt116\" class=\"mw-ref reference\" id=\"rdp-we-cite_ref-auto_50-1\" rel=\"dc:references\" typeof=\"mw:Extension\/ref\" data-mw='{\"name\":\"ref\",\"attrs\":{\"name\":\"auto\"}}'><a href=\"#cite_note-auto-50\" id=\"rdp-we-mwAZM\"><span class=\"mw-reflink-text\" id=\"rdp-we-mwAZQ\"><span class=\"cite-bracket\" id=\"rdp-we-mwAZU\">[<\/span>50<span class=\"cite-bracket\" id=\"rdp-we-mwAZY\">]<\/span><\/span><\/a><\/sup> Januar 2014 beendeten Bang und Fler ihren \u201eBeef\u201c \u00f6ffentlich.<sup about=\"#mwt118\" class=\"mw-ref reference\" id=\"rdp-we-cite_ref-52\" rel=\"dc:references\" typeof=\"mw:Extension\/ref\" data-mw='{\"name\":\"ref\",\"attrs\":{},\"body\":{\"id\":\"mw-reference-text-cite_note-52\"}}'><a href=\"#cite_note-52\" id=\"rdp-we-mwAZc\"><span class=\"mw-reflink-text\" id=\"rdp-we-mwAZg\"><span class=\"cite-bracket\" id=\"rdp-we-mwAZk\">[<\/span>52<span class=\"cite-bracket\" id=\"rdp-we-mwAZo\">]<\/span><\/span><\/a><\/sup> Beide gaben jedoch an, ihre in der Vergangenheit aufgenommenen Tracks trotzdem ver\u00f6ffentlichen zu wollen.<sup about=\"#mwt120\" class=\"mw-ref reference\" id=\"rdp-we-cite_ref-53\" rel=\"dc:references\" typeof=\"mw:Extension\/ref\" data-mw='{\"name\":\"ref\",\"attrs\":{},\"body\":{\"id\":\"mw-reference-text-cite_note-53\"}}'><a href=\"#cite_note-53\" id=\"rdp-we-mwAZs\"><span class=\"mw-reflink-text\" id=\"rdp-we-mwAZw\"><span class=\"cite-bracket\" id=\"rdp-we-mwAZ0\">[<\/span>53<span class=\"cite-bracket\" id=\"rdp-we-mwAZ4\">]<\/span><\/span><\/a><\/sup><sup about=\"#mwt122\" class=\"mw-ref reference\" id=\"rdp-we-cite_ref-54\" rel=\"dc:references\" typeof=\"mw:Extension\/ref\" data-mw='{\"name\":\"ref\",\"attrs\":{},\"body\":{\"id\":\"mw-reference-text-cite_note-54\"}}'><a href=\"#cite_note-54\" id=\"rdp-we-mwAZ8\"><span class=\"mw-reflink-text\" id=\"rdp-we-mwAaA\"><span class=\"cite-bracket\" id=\"rdp-we-mwAaE\">[<\/span>54<span class=\"cite-bracket\" id=\"rdp-we-mwAaI\">]<\/span><\/span><\/a><\/sup><\/p>\n\n<p id=\"rdp-we-mwAaM\">Im Sommer 2014 wurde der Beef zwischen Bang und Fler erneut angeheizt, da sich Bang mehrfach auf <a rel=\"mw:WikiLink\" href=\"https:\/\/de.wikipedia.org\/wiki\/Facebook\" title=\"Facebook\" id=\"rdp-we-mwAaQ\" target=\"_new\" class=\"wiki-link\">Facebook<\/a> \u00fcber Flers Freundin lustig gemacht hatte. Fler antwortete mit einem Brief, in dem er Bang als \u201eGast in Deutschland\u201c bezeichnete und dazu aufforderte, zur\u00fcck in sein Land zu gehen. Der Brief sorgte f\u00fcr ein gro\u00dfes Echo auch au\u00dferhalb der Rapszene, wobei Fler oft stark angegangen und als <a rel=\"mw:WikiLink\" href=\"https:\/\/de.wikipedia.org\/wiki\/Nationalsozialismus\" title=\"Nationalsozialismus\" id=\"rdp-we-mwAaU\" target=\"_new\" class=\"wiki-link\">Nazi<\/a> bezeichnet wurde.<sup about=\"#mwt125\" class=\"mw-ref reference\" id=\"rdp-we-cite_ref-55\" rel=\"dc:references\" typeof=\"mw:Extension\/ref\" data-mw='{\"name\":\"ref\",\"attrs\":{},\"body\":{\"id\":\"mw-reference-text-cite_note-55\"}}'><a href=\"#cite_note-55\" id=\"rdp-we-mwAaY\"><span class=\"mw-reflink-text\" id=\"rdp-we-mwAac\"><span class=\"cite-bracket\" id=\"rdp-we-mwAag\">[<\/span>55<span class=\"cite-bracket\" id=\"rdp-we-mwAak\">]<\/span><\/span><\/a><\/sup> Sowohl Fler als auch Farid Bang k\u00fcndigten darauf f\u00fcr ihre kommenden Alben weitere Beleidigungen gegen den jeweils anderen an. Einen weiteren H\u00f6hepunkt erreichte der Beef, als sich Fler in den Albumplayer von Farid Bang auf dessen Facebook-Seite einhackte. W\u00e4hrend der H\u00f6rprobe zum Song <i id=\"rdp-we-mwAao\">Asozialer Marokkaner<\/i> war eine Ansage von Fler zu h\u00f6ren. Eine Reaktion Farid Bangs blieb daraufhin aus.<sup about=\"#mwt127\" class=\"mw-ref reference\" id=\"rdp-we-cite_ref-56\" rel=\"dc:references\" typeof=\"mw:Extension\/ref\" data-mw='{\"name\":\"ref\",\"attrs\":{},\"body\":{\"id\":\"mw-reference-text-cite_note-56\"}}'><a href=\"#cite_note-56\" id=\"rdp-we-mwAas\"><span class=\"mw-reflink-text\" id=\"rdp-we-mwAaw\"><span class=\"cite-bracket\" id=\"rdp-we-mwAa0\">[<\/span>56<span class=\"cite-bracket\" id=\"rdp-we-mwAa4\">]<\/span><\/span><\/a><\/sup><\/p>\n\n<p id=\"rdp-we-mwAa8\">Am 9. Juni 2017 ver\u00f6ffentlichte Farid Bang ein Foto zusammen mit Fler an einem Flughafen. Aufgrund der Bild\u00fcberschrift \u201eRamadan ist echt ein sch\u00f6ner Monat mit unglaublichen Zuf\u00e4llen\u201c mutma\u00dften viele Fans, dass die langj\u00e4hrigen Konflikte zwischen den beiden beendet worden seien.<sup about=\"#mwt130\" class=\"mw-ref reference\" id=\"rdp-we-cite_ref-57\" rel=\"dc:references\" typeof=\"mw:Extension\/ref\" data-mw='{\"name\":\"ref\",\"attrs\":{},\"body\":{\"id\":\"mw-reference-text-cite_note-57\"}}'><a href=\"#cite_note-57\" id=\"rdp-we-mwAbA\"><span class=\"mw-reflink-text\" id=\"rdp-we-mwAbE\"><span class=\"cite-bracket\" id=\"rdp-we-mwAbI\">[<\/span>57<span class=\"cite-bracket\" id=\"rdp-we-mwAbM\">]<\/span><\/span><\/a><\/sup> Januar 2018 wurde mit dem gemeinsamen Musikvideo <i id=\"rdp-we-mwAbQ\">AMG<\/i> f\u00fcr Flers Album <i id=\"rdp-we-mwAbU\"><a rel=\"mw:WikiLink\" href=\"https:\/\/de.wikipedia.org\/wiki\/Flizzy\" title=\"Flizzy\" id=\"rdp-we-mwAbY\" target=\"_new\" class=\"wiki-link\">Flizzy<\/a><\/i> offiziell, dass die beiden K\u00fcnstler ihren Beef beiseite legten und nun eine gute \u201eFreundschaft\u201c genie\u00dfen.<sup about=\"#mwt132\" class=\"mw-ref reference\" id=\"rdp-we-cite_ref-58\" rel=\"dc:references\" typeof=\"mw:Extension\/ref\" data-mw='{\"name\":\"ref\",\"attrs\":{},\"body\":{\"id\":\"mw-reference-text-cite_note-58\"}}'><a href=\"#cite_note-58\" id=\"rdp-we-mwAbc\"><span class=\"mw-reflink-text\" id=\"rdp-we-mwAbg\"><span class=\"cite-bracket\" id=\"rdp-we-mwAbk\">[<\/span>58<span class=\"cite-bracket\" id=\"rdp-we-mwAbo\">]<\/span><\/span><\/a><\/sup><\/p>\n\n<\/section><section data-mw-section-id=\"5\" id=\"rdp-we-mwAbs\" aria-labelledby=\"Antisemitismus\"><div class=\"mw-heading mw-heading3\"><h3 id=\"rdp-we-Antisemitismus\">Antisemitismus<\/h3><\/div>\n<p id=\"rdp-we-mwAbw\">W\u00e4hrend der <a rel=\"mw:WikiLink\" href=\"https:\/\/de.wikipedia.org\/wiki\/Echoverleihung_2018\" title=\"Echoverleihung 2018\" id=\"rdp-we-mwAb0\" target=\"_new\" class=\"wiki-link\">Verleihung<\/a> des <a rel=\"mw:WikiLink\" href=\"https:\/\/de.wikipedia.org\/wiki\/Echo_(Musikpreis)\" title=\"Echo (Musikpreis)\" id=\"rdp-we-mwAb4\" target=\"_new\" class=\"wiki-link\">Echo-Musikpreises<\/a> im Jahr 2018 griff <a rel=\"mw:WikiLink\" href=\"https:\/\/de.wikipedia.org\/wiki\/Campino\" title=\"Campino\" id=\"rdp-we-mwAb8\" target=\"_new\" class=\"wiki-link\">Campino<\/a> ihn und <a rel=\"mw:WikiLink\" href=\"https:\/\/de.wikipedia.org\/wiki\/Kollegah\" title=\"Kollegah\" id=\"rdp-we-mwAcA\" target=\"_new\" class=\"wiki-link\">Kollegah<\/a> in seiner Dankesrede scharf an. Im Zentrum stand vor allem folgende Zeile aus Bangs Song <i id=\"rdp-we-mwAcE\"><a rel=\"mw:WikiLink\" href=\"https:\/\/de.wikipedia.org\/wiki\/0815_(Lied)\" title=\"0815 (Lied)\" id=\"rdp-we-mwAcI\" target=\"_new\" class=\"wiki-link\">0815<\/a><\/i> auf dem Album <i id=\"rdp-we-mwAcM\"><a rel=\"mw:WikiLink\" href=\"https:\/\/de.wikipedia.org\/wiki\/Jung,_brutal,_gutaussehend_3\" title=\"Jung, brutal, gutaussehend 3\" id=\"rdp-we-mwAcQ\" target=\"_new\" class=\"wiki-link\">Jung, brutal, gutaussehend 3<\/a><\/i>: \u201eUnd wegen mir sind sie beim Auftritt bewaffnet \/ Mein K\u00f6rper definierter als von Auschwitzinsassen\u201c<sup about=\"#mwt134\" class=\"mw-ref reference\" id=\"rdp-we-cite_ref-59\" rel=\"dc:references\" typeof=\"mw:Extension\/ref\" data-mw='{\"name\":\"ref\",\"attrs\":{},\"body\":{\"id\":\"mw-reference-text-cite_note-59\"}}'><a href=\"#cite_note-59\" id=\"rdp-we-mwAcU\"><span class=\"mw-reflink-text\" id=\"rdp-we-mwAcY\"><span class=\"cite-bracket\" id=\"rdp-we-mwAcc\">[<\/span>59<span class=\"cite-bracket\" id=\"rdp-we-mwAcg\">]<\/span><\/span><\/a><\/sup>. Das Wort \u201edefiniert\u201c ist hier mit seiner Bedeutung im <a rel=\"mw:WikiLink\" href=\"https:\/\/de.wikipedia.org\/wiki\/Bodybuilding\" title=\"Bodybuilding\" id=\"rdp-we-mwAck\" target=\"_new\" class=\"wiki-link\">Bodybuilding<\/a> gebraucht und meint das Verh\u00e4ltnis von <a rel=\"mw:WikiLink\" href=\"https:\/\/de.wikipedia.org\/wiki\/Muskulatur\" title=\"Muskulatur\" id=\"rdp-we-mwAco\" target=\"_new\" class=\"wiki-link\">Muskelmasse<\/a> zu <a rel=\"mw:WikiLink\" href=\"https:\/\/de.wikipedia.org\/wiki\/Fettgewebe\" title=\"Fettgewebe\" id=\"rdp-we-mwAcs\" target=\"_new\" class=\"wiki-link\">K\u00f6rperfett<\/a>. Die Textzeile vergleicht damit den aufgrund des Trainings fettarmen K\u00f6rper des Sprechers mit den <a rel=\"mw:WikiLink\" href=\"https:\/\/de.wikipedia.org\/wiki\/Muselmann_(KZ)\" title=\"Muselmann (KZ)\" id=\"rdp-we-mwAcw\" target=\"_new\" class=\"wiki-link\">K\u00f6rpern ausgehungerter Insassen<\/a> des <a rel=\"mw:WikiLink\" href=\"https:\/\/de.wikipedia.org\/wiki\/Vernichtungslager\" title=\"Vernichtungslager\" id=\"rdp-we-mwAc0\" target=\"_new\" class=\"wiki-link\">Vernichtungslagers<\/a>.<sup about=\"#mwt136\" class=\"mw-ref reference\" id=\"rdp-we-cite_ref-60\" rel=\"dc:references\" typeof=\"mw:Extension\/ref\" data-mw='{\"name\":\"ref\",\"attrs\":{},\"body\":{\"id\":\"mw-reference-text-cite_note-60\"}}'><a href=\"#cite_note-60\" id=\"rdp-we-mwAc4\"><span class=\"mw-reflink-text\" id=\"rdp-we-mwAc8\"><span class=\"cite-bracket\" id=\"rdp-we-mwAdA\">[<\/span>60<span class=\"cite-bracket\" id=\"rdp-we-mwAdE\">]<\/span><\/span><\/a><\/sup> Der Echo-Beirat verwies indes auf die k\u00fcnstlerische Freiheit und entschied sich gegen eine Ausschlussempfehlung der beiden Rapper. Auch die Plattenfirma der beiden stellte sich zuerst hinter die beiden Rapper, allerdings k\u00fcndigte sie dann kurz darauf an, die Zusammenarbeit mit ihnen f\u00fcr einige Zeit zu stoppen.<sup about=\"#mwt138\" class=\"mw-ref reference\" id=\"rdp-we-cite_ref-61\" rel=\"dc:references\" typeof=\"mw:Extension\/ref\" data-mw='{\"name\":\"ref\",\"attrs\":{},\"body\":{\"id\":\"mw-reference-text-cite_note-61\"}}'><a href=\"#cite_note-61\" id=\"rdp-we-mwAdI\"><span class=\"mw-reflink-text\" id=\"rdp-we-mwAdM\"><span class=\"cite-bracket\" id=\"rdp-we-mwAdQ\">[<\/span>61<span class=\"cite-bracket\" id=\"rdp-we-mwAdU\">]<\/span><\/span><\/a><\/sup><sup about=\"#mwt140\" class=\"mw-ref reference\" id=\"rdp-we-cite_ref-62\" rel=\"dc:references\" typeof=\"mw:Extension\/ref\" data-mw='{\"name\":\"ref\",\"attrs\":{},\"body\":{\"id\":\"mw-reference-text-cite_note-62\"}}'><a href=\"#cite_note-62\" id=\"rdp-we-mwAdY\"><span class=\"mw-reflink-text\" id=\"rdp-we-mwAdc\"><span class=\"cite-bracket\" id=\"rdp-we-mwAdg\">[<\/span>62<span class=\"cite-bracket\" id=\"rdp-we-mwAdk\">]<\/span><\/span><\/a><\/sup><sup about=\"#mwt142\" class=\"mw-ref reference\" id=\"rdp-we-cite_ref-63\" rel=\"dc:references\" typeof=\"mw:Extension\/ref\" data-mw='{\"name\":\"ref\",\"attrs\":{},\"body\":{\"id\":\"mw-reference-text-cite_note-63\"}}'><a href=\"#cite_note-63\" id=\"rdp-we-mwAdo\"><span class=\"mw-reflink-text\" id=\"rdp-we-mwAds\"><span class=\"cite-bracket\" id=\"rdp-we-mwAdw\">[<\/span>63<span class=\"cite-bracket\" id=\"rdp-we-mwAd0\">]<\/span><\/span><\/a><\/sup> Aus Protest gegen die Auszeichnung gab der j\u00fcdische Pianist <a rel=\"mw:WikiLink\" href=\"https:\/\/de.wikipedia.org\/wiki\/Igor_Levit\" title=\"Igor Levit\" id=\"rdp-we-mwAd4\" target=\"_new\" class=\"wiki-link\">Igor Levit<\/a> seinen 2014 erhaltenen <i id=\"rdp-we-mwAd8\">Echo<\/i> zur\u00fcck und erkl\u00e4rte: \u201eAntisemitischen Parolen eine solche Plattform und Auszeichnungen zu geben, ist unertr\u00e4glich.\u201c<sup about=\"#mwt144\" class=\"mw-ref reference\" id=\"rdp-we-cite_ref-64\" rel=\"dc:references\" typeof=\"mw:Extension\/ref\" data-mw='{\"name\":\"ref\",\"attrs\":{},\"body\":{\"id\":\"mw-reference-text-cite_note-64\"}}'><a href=\"#cite_note-64\" id=\"rdp-we-mwAeA\"><span class=\"mw-reflink-text\" id=\"rdp-we-mwAeE\"><span class=\"cite-bracket\" id=\"rdp-we-mwAeI\">[<\/span>64<span class=\"cite-bracket\" id=\"rdp-we-mwAeM\">]<\/span><\/span><\/a><\/sup><sup about=\"#mwt146\" class=\"mw-ref reference\" id=\"rdp-we-cite_ref-SPON-2018-04-17_65-0\" rel=\"dc:references\" typeof=\"mw:Extension\/ref\" data-mw='{\"name\":\"ref\",\"attrs\":{\"name\":\"SPON-2018-04-17\"},\"body\":{\"id\":\"mw-reference-text-cite_note-SPON-2018-04-17-65\"}}'><a href=\"#cite_note-SPON-2018-04-17-65\" id=\"rdp-we-mwAeQ\"><span class=\"mw-reflink-text\" id=\"rdp-we-mwAeU\"><span class=\"cite-bracket\" id=\"rdp-we-mwAeY\">[<\/span>65<span class=\"cite-bracket\" id=\"rdp-we-mwAec\">]<\/span><\/span><\/a><\/sup> Die nachfolgende <a rel=\"mw:WikiLink\" href=\"https:\/\/de.wikipedia.org\/wiki\/Kontroverse\" title=\"Kontroverse\" id=\"rdp-we-mwAeg\" target=\"_new\" class=\"wiki-link\">Kontroverse<\/a> \u00fcber die Verleihung f\u00fchrte zur Abschaffung des <i id=\"rdp-we-mwAek\">Echo<\/i> im April 2018.<sup about=\"#mwt147\" class=\"mw-ref reference\" id=\"rdp-we-cite_ref-66\" rel=\"dc:references\" typeof=\"mw:Extension\/ref\" data-mw='{\"name\":\"ref\",\"attrs\":{},\"body\":{\"id\":\"mw-reference-text-cite_note-66\"}}'><a href=\"#cite_note-66\" id=\"rdp-we-mwAeo\"><span class=\"mw-reflink-text\" id=\"rdp-we-mwAes\"><span class=\"cite-bracket\" id=\"rdp-we-mwAew\">[<\/span>66<span class=\"cite-bracket\" id=\"rdp-we-mwAe0\">]<\/span><\/span><\/a><\/sup>\n\u00dcber Deutschland hinaus hatte die Kontroverse Folgen f\u00fcr geplante Konzerte von Bang. Ein erster gemeinsamer Auftritt mit Kollegah Anfang Mai 2018 wurde in der Schweiz abgesagt. Grund seien die antisemitischen Texte der \u201eSkandal-Rapper\u201c.<sup about=\"#mwt149\" class=\"mw-ref reference\" id=\"rdp-we-cite_ref-67\" rel=\"dc:references\" typeof=\"mw:Extension\/ref\" data-mw='{\"name\":\"ref\",\"attrs\":{},\"body\":{\"id\":\"mw-reference-text-cite_note-67\"}}'><a href=\"#cite_note-67\" id=\"rdp-we-mwAe4\"><span class=\"mw-reflink-text\" id=\"rdp-we-mwAe8\"><span class=\"cite-bracket\" id=\"rdp-we-mwAfA\">[<\/span>67<span class=\"cite-bracket\" id=\"rdp-we-mwAfE\">]<\/span><\/span><\/a><\/sup><\/p>\n\n<p id=\"rdp-we-mwAfI\">Anfang Mai 2018 gab die <a rel=\"mw:WikiLink\" href=\"https:\/\/de.wikipedia.org\/wiki\/Staatsanwaltschaft_(Deutschland)\" title=\"Staatsanwaltschaft (Deutschland)\" id=\"rdp-we-mwAfM\" target=\"_new\" class=\"wiki-link\">Staatsanwaltschaft<\/a> D\u00fcsseldorf bekannt, wegen des Straftatbestandes der <a rel=\"mw:WikiLink\" href=\"https:\/\/de.wikipedia.org\/wiki\/Volksverhetzung\" title=\"Volksverhetzung\" id=\"rdp-we-mwAfQ\" target=\"_new\" class=\"wiki-link\">Volksverhetzung<\/a> gegen Bang und Kollegah zu ermitteln. Zuvor waren zwei Strafanzeigen gegen den Musiker eingereicht worden.<sup about=\"#mwt151\" class=\"mw-ref reference\" id=\"rdp-we-cite_ref-68\" rel=\"dc:references\" typeof=\"mw:Extension\/ref\" data-mw='{\"name\":\"ref\",\"attrs\":{},\"body\":{\"id\":\"mw-reference-text-cite_note-68\"}}'><a href=\"#cite_note-68\" id=\"rdp-we-mwAfU\"><span class=\"mw-reflink-text\" id=\"rdp-we-mwAfY\"><span class=\"cite-bracket\" id=\"rdp-we-mwAfc\">[<\/span>68<span class=\"cite-bracket\" id=\"rdp-we-mwAfg\">]<\/span><\/span><\/a><\/sup> Am 7. Juni 2018 besuchte Farid Bang zusammen mit Kollegah das <a rel=\"mw:WikiLink\" href=\"https:\/\/de.wikipedia.org\/wiki\/KZ_Auschwitz_I_(Stammlager)\" title=\"KZ Auschwitz I (Stammlager)\" id=\"rdp-we-mwAfk\" target=\"_new\" class=\"wiki-link\">KZ Auschwitz I (Stammlager)<\/a>. Zu Ehren der in der <a rel=\"mw:WikiLink\" href=\"https:\/\/de.wikipedia.org\/wiki\/Zeit_des_Nationalsozialismus\" title=\"Zeit des Nationalsozialismus\" id=\"rdp-we-mwAfo\" target=\"_new\" class=\"wiki-link\">Zeit des Nationalsozialismus<\/a> im besetzten <a rel=\"mw:WikiLink\" href=\"https:\/\/de.wikipedia.org\/wiki\/Polen\" title=\"Polen\" id=\"rdp-we-mwAfs\" target=\"_new\" class=\"wiki-link\">Polen<\/a> Ermordeten legten die Musiker dort Blumen nieder.<sup about=\"#mwt152\" class=\"mw-ref reference\" id=\"rdp-we-cite_ref-69\" rel=\"dc:references\" typeof=\"mw:Extension\/ref\" data-mw='{\"name\":\"ref\",\"attrs\":{},\"body\":{\"id\":\"mw-reference-text-cite_note-69\"}}'><a href=\"#cite_note-69\" id=\"rdp-we-mwAfw\"><span class=\"mw-reflink-text\" id=\"rdp-we-mwAf0\"><span class=\"cite-bracket\" id=\"rdp-we-mwAf4\">[<\/span>69<span class=\"cite-bracket\" id=\"rdp-we-mwAf8\">]<\/span><\/span><\/a><\/sup> Das Album <i id=\"rdp-we-mwAgA\"><a rel=\"mw:WikiLink\" href=\"https:\/\/de.wikipedia.org\/wiki\/Jung,_brutal,_gutaussehend_3\" title=\"Jung, brutal, gutaussehend 3\" id=\"rdp-we-mwAgE\" target=\"_new\" class=\"wiki-link\">Jung, brutal, gutaussehend 3<\/a><\/i> ist seit dem 28. September 2018 von der <a rel=\"mw:WikiLink\" href=\"https:\/\/de.wikipedia.org\/wiki\/Bundespr\u00fcfstelle_f\u00fcr_jugendgef\u00e4hrdende_Medien\" title=\"Bundespr\u00fcfstelle f\u00fcr jugendgef\u00e4hrdende Medien\" class=\"mw-redirect wiki-link\" id=\"rdp-we-mwAgI\" target=\"_new\">Bundespr\u00fcfstelle f\u00fcr jugendgef\u00e4hrdende Medien<\/a> indiziert.<sup about=\"#mwt154\" class=\"mw-ref reference\" id=\"rdp-we-cite_ref-70\" rel=\"dc:references\" typeof=\"mw:Extension\/ref\" data-mw='{\"name\":\"ref\",\"attrs\":{},\"body\":{\"id\":\"mw-reference-text-cite_note-70\"}}'><a href=\"#cite_note-70\" id=\"rdp-we-mwAgM\"><span class=\"mw-reflink-text\" id=\"rdp-we-mwAgQ\"><span class=\"cite-bracket\" id=\"rdp-we-mwAgU\">[<\/span>70<span class=\"cite-bracket\" id=\"rdp-we-mwAgY\">]<\/span><\/span><\/a><\/sup><\/p>\n\n<\/section><section data-mw-section-id=\"6\" id=\"rdp-we-mwAgc\" aria-labelledby=\"Konflikt_mit_Alice_Weidel\"><div class=\"mw-heading mw-heading3\"><h3 id=\"rdp-we-Konflikt_mit_Alice_Weidel\">Konflikt mit Alice Weidel<\/h3><\/div>\n<p id=\"rdp-we-mwAgg\">Im Sommer 2018 kam es zu einem Konflikt mit der <a rel=\"mw:WikiLink\" href=\"https:\/\/de.wikipedia.org\/wiki\/AfD\" title=\"AfD\" class=\"mw-redirect wiki-link\" id=\"rdp-we-mwAgk\" target=\"_new\">AfD<\/a>-Politikerin <a rel=\"mw:WikiLink\" href=\"https:\/\/de.wikipedia.org\/wiki\/Alice_Weidel\" title=\"Alice Weidel\" id=\"rdp-we-mwAgo\" target=\"_new\" class=\"wiki-link\">Alice Weidel<\/a>. Im Zuge der Echo-Diskussion kritisierte Alice Weidel \u00fcber Twitter Farid Bang f\u00fcr seine Texte. Sie schrieb \u201eUm #FaridBang mit seinen eigenen Worten zu zitieren: Er ist nichts weiter als ein \"Asozialer Marokkaner\", der unsere Werte verachtet und nicht in unser Land geh\u00f6rt!\u201c<sup about=\"#mwt156\" class=\"mw-ref reference\" id=\"rdp-we-cite_ref-71\" rel=\"dc:references\" typeof=\"mw:Extension\/ref\" data-mw='{\"name\":\"ref\",\"attrs\":{},\"body\":{\"id\":\"mw-reference-text-cite_note-71\"}}'><a href=\"#cite_note-71\" id=\"rdp-we-mwAgs\"><span class=\"mw-reflink-text\" id=\"rdp-we-mwAgw\"><span class=\"cite-bracket\" id=\"rdp-we-mwAg0\">[<\/span>71<span class=\"cite-bracket\" id=\"rdp-we-mwAg4\">]<\/span><\/span><\/a><\/sup> \u2013 eine Anspielung auf sein Lied <i id=\"rdp-we-mwAg8\">Asozialer Marokkaner<\/i>. Zudem drohte die AfD-Politikerin Farid mit der Abschiebung und der Aberkennung seiner deutschen Staatsb\u00fcrgerschaft. Daraufhin bezeichnete dieser Weidel in einem Lied als \u201eNazi-Bitch\u201c, deren Nasenbein er breche, woraufhin Weidel den Rapper verklagte. Letztendlich musste Farid eine von ihr eingeforderte Unterlassungserkl\u00e4rung unterzeichnen.<sup about=\"#mwt157\" class=\"mw-ref reference\" id=\"rdp-we-cite_ref-72\" rel=\"dc:references\" typeof=\"mw:Extension\/ref\" data-mw='{\"name\":\"ref\",\"attrs\":{},\"body\":{\"id\":\"mw-reference-text-cite_note-72\"}}'><a href=\"#cite_note-72\" id=\"rdp-we-mwAhA\"><span class=\"mw-reflink-text\" id=\"rdp-we-mwAhE\"><span class=\"cite-bracket\" id=\"rdp-we-mwAhI\">[<\/span>72<span class=\"cite-bracket\" id=\"rdp-we-mwAhM\">]<\/span><\/span><\/a><\/sup><sup about=\"#mwt158\" class=\"mw-ref reference\" id=\"rdp-we-cite_ref-73\" rel=\"dc:references\" typeof=\"mw:Extension\/ref\" data-mw='{\"name\":\"ref\",\"attrs\":{},\"body\":{\"id\":\"mw-reference-text-cite_note-73\"}}'><a href=\"#cite_note-73\" id=\"rdp-we-mwAhQ\"><span class=\"mw-reflink-text\" id=\"rdp-we-mwAhU\"><span class=\"cite-bracket\" id=\"rdp-we-mwAhY\">[<\/span>73<span class=\"cite-bracket\" id=\"rdp-we-mwAhc\">]<\/span><\/span><\/a><\/sup> Nichtsdestotrotz \u201e<a rel=\"mw:WikiLink\" href=\"https:\/\/de.wikipedia.org\/wiki\/Dissen_(Umgangssprache)\" title=\"Dissen (Umgangssprache)\" id=\"rdp-we-mwAhg\" target=\"_new\" class=\"wiki-link\">disste<\/a>\u201c Farid Bang sp\u00e4ter in mehreren Liedern die AfD.<sup about=\"#mwt159\" class=\"mw-ref reference\" id=\"rdp-we-cite_ref-74\" rel=\"dc:references\" typeof=\"mw:Extension\/ref\" data-mw='{\"name\":\"ref\",\"attrs\":{},\"body\":{\"id\":\"mw-reference-text-cite_note-74\"}}'><a href=\"#cite_note-74\" id=\"rdp-we-mwAhk\"><span class=\"mw-reflink-text\" id=\"rdp-we-mwAho\"><span class=\"cite-bracket\" id=\"rdp-we-mwAhs\">[<\/span>74<span class=\"cite-bracket\" id=\"rdp-we-mwAhw\">]<\/span><\/span><\/a><\/sup><\/p>\n\n<\/section><section data-mw-section-id=\"7\" id=\"rdp-we-mwAh0\" aria-labelledby=\"Vorwurf_der_Frauenfeindlichkeit\"><div class=\"mw-heading mw-heading3\"><h3 id=\"rdp-we-Vorwurf_der_Frauenfeindlichkeit\">Vorwurf der Frauenfeindlichkeit<\/h3><\/div>\n<p id=\"rdp-we-mwAh4\">Farid Bang wurden von diversen Medien mehrfach frauenfeindliche \u00c4u\u00dferungen in seinen Raptexten vorgeworfen sowie in einem Fall die Verh\u00f6hnung von Opfern h\u00e4uslicher Gewalt.<sup about=\"#mwt162\" class=\"mw-ref reference\" id=\"rdp-we-cite_ref-75\" rel=\"dc:references\" typeof=\"mw:Extension\/ref\" data-mw='{\"name\":\"ref\",\"attrs\":{},\"body\":{\"id\":\"mw-reference-text-cite_note-75\"}}'><a href=\"#cite_note-75\" id=\"rdp-we-mwAh8\"><span class=\"mw-reflink-text\" id=\"rdp-we-mwAiA\"><span class=\"cite-bracket\" id=\"rdp-we-mwAiE\">[<\/span>75<span class=\"cite-bracket\" id=\"rdp-we-mwAiI\">]<\/span><\/span><\/a><\/sup> Farid sagt \u00fcber seine Lieder, dass er keine frauenverachtende Musik mache und die harten Texte lediglich eine Art von Entertainment und Humor seien. Er sei zudem in einem Haushalt nur unter Frauen aufgewachsen (mit seiner Mutter, Schwester, Tante und Gro\u00dfmutter), habe sehr gro\u00dfen Respekt vor Frauen und verurteile Gewalt gegen sie.<sup about=\"#mwt163\" class=\"mw-ref reference\" id=\"rdp-we-cite_ref-76\" rel=\"dc:references\" typeof=\"mw:Extension\/ref\" data-mw='{\"name\":\"ref\",\"attrs\":{},\"body\":{\"id\":\"mw-reference-text-cite_note-76\"}}'><a href=\"#cite_note-76\" id=\"rdp-we-mwAiM\"><span class=\"mw-reflink-text\" id=\"rdp-we-mwAiQ\"><span class=\"cite-bracket\" id=\"rdp-we-mwAiU\">[<\/span>76<span class=\"cite-bracket\" id=\"rdp-we-mwAiY\">]<\/span><\/span><\/a><\/sup><\/p>\n\n<\/section><\/section><section data-mw-section-id=\"8\" id=\"rdp-we-mwAic\" aria-labelledby=\"Diskografie\"><div class=\"mw-heading mw-heading2\"><h2 id=\"rdp-we-Diskografie\">Diskografie<\/h2><\/div>\n<span class=\"mw-empty-elt\" about=\"#mwt164\" typeof=\"mw:Transclusion\" id=\"rdp-we-mwAig\" data-mw='{\"parts\":[{\"template\":{\"target\":{\"wt\":\"Eingebundene Diskografie\",\"href\":\".\/Vorlage:Eingebundene_Diskografie\"},\"params\":{\"1\":{\"wt\":\"Farid Bang\/Diskografie\"},\"\u00dcberschrift\":{\"wt\":\"Studioalben\"}},\"i\":0}}]}'><\/span><div class=\"hauptartikel\" role=\"navigation\" about=\"#mwt164\"><span class=\"hauptartikel-pfeil\" title=\"siehe\" aria-hidden=\"true\" role=\"presentation\">\u2192<span typeof=\"mw:Entity\">\u00a0<\/span><\/span><i><span class=\"hauptartikel-text\">Hauptartikel<\/span>: <a rel=\"mw:WikiLink\" href=\"https:\/\/de.wikipedia.org\/wiki\/Farid_Bang\/Diskografie\" title=\"Farid Bang\/Diskografie\" target=\"_new\" class=\"wiki-link\">Farid Bang\/Diskografie<\/a><\/i><\/div><p about=\"#mwt164\"><b>Studioalben<\/b>\n<link rel=\"mw-deduplicated-inline-style\" href=\"mw-data:TemplateStyles:r269045146\" about=\"#mwt166\" typeof=\"mw:Extension\/templatestyles\" data-mw='{\"name\":\"templatestyles\",\"attrs\":{\"src\":\"Vorlage:Charttabelle\/styles.css\"},\"body\":{\"extsrc\":\"\"}}'\/><\/p><table class=\"wikitable charts-table charts-stickyhead charts-zebragrey\" style=\"text-align:center;\" about=\"#mwt164\">\n<tbody><tr>\n<th style=\"width:25px;\" class=\"charts-th charts-trh\" rowspan=\"2\">Jahr<\/th>\n<th style=\"width:300px;\" class=\"charts-th charts-trh\" rowspan=\"2\">Titel<br\/><span style=\"font-size:smaller;font-style:italic;\">Musiklabel<\/span><\/th>\n<th class=\"charts-th\" colspan=\"3\"><span style=\"white-space:nowrap;\"><span class=\"charts-hm charts-cc\"><span class=\"charts-ct\">H\u00f6chstplatzierung, Gesamtwochen, Auszeichnung<i><\/i><\/span>Chartplatzierungen<\/span><span class=\"charts-mo\">Chartplatzierungen<\/span><span style=\"display:none\"><a rel=\"mw:WikiLink\" href=\"https:\/\/de.wikipedia.org\/wiki\/Vorlage:Charttabelle\/Wartung\/ohne_Quellen?action=edit&redlink=1\" title=\"Vorlage:Charttabelle\/Wartung\/ohne Quellen (Seite nicht vorhanden)\" class=\"new wiki-link\" typeof=\"mw:LocalizedAttrs\" data-mw-i18n='{\"title\":{\"lang\":\"x-page\",\"key\":\"red-link-title\",\"params\":[\"Vorlage:Charttabelle\/Wartung\/ohne Quellen\"]}}' target=\"_new\">Template:Charttabelle\/Wartung\/ohne Quellen<\/a><\/span><\/span><span class=\"charts-mo charts-mh\"><br\/>(Jahr, Titel, <i>Musiklabel<\/i>, Plat<span typeof=\"mw:Entity\">\u00ad<\/span>zie<span typeof=\"mw:Entity\">\u00ad<\/span>rungen, Wo<span typeof=\"mw:Entity\">\u00ad<\/span>chen, Aus<span typeof=\"mw:Entity\">\u00ad<\/span>zeich<span typeof=\"mw:Entity\">\u00ad<\/span>nungen, Anmer<span typeof=\"mw:Entity\">\u00ad<\/span>kungen)<\/span><\/th>\n<th style=\"width:320px;\" class=\"charts-th charts-trh\" rowspan=\"2\">Anmer<span typeof=\"mw:Entity\">\u00ad<\/span>kungen<\/th><\/tr>\n<tr class=\"charts-trh\">\n<th style=\"width:52px;\" class=\"charts-th\"><span typeof=\"mw:File\" data-mw='{\"caption\":\"DE\"}'><a href=\"https:\/\/de.wikipedia.org\/wiki\/Deutsche_Albumcharts\" title=\"DE\" target=\"_new\" class=\"wiki-link\"><img resource=\"https:\/\/de.wikipedia.org\/wiki\/Datei:Flag_of_Germany.svg\" src=\"https:\/\/thumb.wikimedia.org\/wikipedia\/commons\/thumb\/b\/ba\/Flag_of_Germany.svg\/20px-Flag_of_Germany.svg.png?utm_source=de.wikipedia.org&amp;utm_campaign=parser&amp;utm_content=thumbnail\" decoding=\"async\" loading=\"lazy\" alt=\"\" data-file-type=\"drawing\" height=\"12\" width=\"20\" class=\"mw-file-element\"\/><\/a><\/span><span typeof=\"mw:Entity\">\u00a0<\/span><a rel=\"mw:WikiLink\" href=\"https:\/\/de.wikipedia.org\/wiki\/Deutsche_Albumcharts\" title=\"Deutsche Albumcharts\" target=\"_new\" class=\"wiki-link\">DE<\/a><\/th>\n<th style=\"width:52px;\" class=\"charts-th\"><span typeof=\"mw:File\" data-mw='{\"caption\":\"AT\"}'><a href=\"https:\/\/de.wikipedia.org\/wiki\/\u00d63_Austria_Top_40\" title=\"AT\" target=\"_new\" class=\"wiki-link\"><img resource=\"https:\/\/de.wikipedia.org\/wiki\/Datei:Flag_of_Austria.svg\" src=\"https:\/\/thumb.wikimedia.org\/wikipedia\/commons\/thumb\/4\/41\/Flag_of_Austria.svg\/20px-Flag_of_Austria.svg.png?utm_source=de.wikipedia.org&amp;utm_campaign=parser&amp;utm_content=thumbnail\" decoding=\"async\" loading=\"lazy\" alt=\"\" data-file-type=\"drawing\" height=\"13\" width=\"20\" class=\"mw-file-element\"\/><\/a><\/span><span typeof=\"mw:Entity\">\u00a0<\/span><a rel=\"mw:WikiLink\" href=\"https:\/\/de.wikipedia.org\/wiki\/\u00d63_Austria_Top_40\" title=\"\u00d63 Austria Top 40\" target=\"_new\" class=\"wiki-link\">AT<\/a><\/th>\n<th style=\"width:52px;\" class=\"charts-th\"><span typeof=\"mw:File\" data-mw='{\"caption\":\"CH\"}'><a href=\"https:\/\/de.wikipedia.org\/wiki\/Schweizer_Hitparade\" title=\"CH\" target=\"_new\" class=\"wiki-link\"><img resource=\"https:\/\/de.wikipedia.org\/wiki\/Datei:Flag_of_Switzerland_within_2to3.svg\" src=\"https:\/\/thumb.wikimedia.org\/wikipedia\/commons\/thumb\/e\/e3\/Flag_of_Switzerland_within_2to3.svg\/20px-Flag_of_Switzerland_within_2to3.svg.png?utm_source=de.wikipedia.org&amp;utm_campaign=parser&amp;utm_content=thumbnail\" decoding=\"async\" loading=\"lazy\" alt=\"\" data-file-type=\"drawing\" height=\"13\" width=\"20\" class=\"mw-file-element\"\/><\/a><\/span><span typeof=\"mw:Entity\">\u00a0<\/span><a rel=\"mw:WikiLink\" href=\"https:\/\/de.wikipedia.org\/wiki\/Schweizer_Hitparade\" title=\"Schweizer Hitparade\" target=\"_new\" class=\"wiki-link\">CH<\/a><\/th><\/tr>\n \n<tr> \n <td class=\"charts-yy\">2008<\/td>\n<td><a rel=\"mw:WikiLink\" href=\"https:\/\/de.wikipedia.org\/wiki\/Asphalt_Massaka\" title=\"Asphalt Massaka\" target=\"_new\" class=\"wiki-link\">Asphalt Massaka<\/a><br\/><span class=\"charts-add\"><a rel=\"mw:WikiLink\" href=\"https:\/\/de.wikipedia.org\/wiki\/German_Dream\" title=\"German Dream\" target=\"_new\" class=\"wiki-link\">German Dream<\/a> (<a rel=\"mw:WikiLink\" href=\"https:\/\/de.wikipedia.org\/wiki\/Intergroove\" title=\"Intergroove\" target=\"_new\" class=\"wiki-link\">Intergroove<\/a>)<\/span><\/td>\n<td class=\"charts-hm\"><span typeof=\"mw:Entity\">\u2014<\/span><\/td>\n<td class=\"charts-hm\"><span typeof=\"mw:Entity\">\u2014<\/span><\/td>\n<td class=\"charts-hm\"><span typeof=\"mw:Entity\">\u2014<\/span><\/td>\n<td class=\"charts-cm\"><div>\nErstver\u00f6ffentlichung: 4. Juli 2008<\/div><\/td><\/tr>\n<tr> \n <td class=\"charts-yy\">2010<\/td>\n<td><a rel=\"mw:WikiLink\" href=\"https:\/\/de.wikipedia.org\/wiki\/Asphalt_Massaka_2\" title=\"Asphalt Massaka 2\" target=\"_new\" class=\"wiki-link\">Asphalt Massaka 2<\/a><br\/><span class=\"charts-add\">German Dream (Intergroove)<\/span><\/td>\n<td><span class=\"charts-mc\"><a rel=\"mw:WikiLink\" href=\"https:\/\/de.wikipedia.org\/wiki\/Deutsche_Albumcharts\" title=\"Deutsche Albumcharts\" target=\"_new\" class=\"wiki-link\">DE<\/a><\/span>56<br class=\"charts-hm\"\/><span class=\"charts-mo\"> <\/span><span style=\"font-size:smaller;\">(1 Wo.)<\/span><span class=\"charts-mcb\">DE<\/span><\/td>\n<td class=\"charts-hm\"><span typeof=\"mw:Entity\">\u2014<\/span><\/td>\n<td class=\"charts-hm\"><span typeof=\"mw:Entity\">\u2014<\/span><\/td>\n<td class=\"charts-cm\"><div>\nErstver\u00f6ffentlichung: 12. M\u00e4rz 2010<\/div><\/td><\/tr>\n<tr> \n <td class=\"charts-yy\">2011<\/td>\n<td><a rel=\"mw:WikiLink\" href=\"https:\/\/de.wikipedia.org\/wiki\/Banger_leben_k\u00fcrzer\" title=\"Banger leben k\u00fcrzer\" target=\"_new\" class=\"wiki-link\">Banger leben k\u00fcrzer<\/a><br\/><span class=\"charts-add\">German Dream (Intergroove)<\/span><\/td>\n<td><span class=\"charts-mc\"><a rel=\"mw:WikiLink\" href=\"https:\/\/de.wikipedia.org\/wiki\/Deutsche_Albumcharts\" title=\"Deutsche Albumcharts\" target=\"_new\" class=\"wiki-link\">DE<\/a><\/span>11<br class=\"charts-hm\"\/><span class=\"charts-mo\"> <\/span><span style=\"font-size:smaller;\">(2 Wo.)<\/span><span class=\"charts-mcb\">DE<\/span><\/td>\n<td><span class=\"charts-mc\"><a rel=\"mw:WikiLink\" href=\"https:\/\/de.wikipedia.org\/wiki\/\u00d63_Austria_Top_40\" title=\"\u00d63 Austria Top 40\" target=\"_new\" class=\"wiki-link\">AT<\/a><\/span>32<br class=\"charts-hm\"\/><span class=\"charts-mo\"> <\/span><span style=\"font-size:smaller;\">(1 Wo.)<\/span><span class=\"charts-mcb\">AT<\/span><\/td>\n<td><span class=\"charts-mc\"><a rel=\"mw:WikiLink\" href=\"https:\/\/de.wikipedia.org\/wiki\/Schweizer_Hitparade\" title=\"Schweizer Hitparade\" target=\"_new\" class=\"wiki-link\">CH<\/a><\/span>25<br class=\"charts-hm\"\/><span class=\"charts-mo\"> <\/span><span style=\"font-size:smaller;\">(2 Wo.)<\/span><span class=\"charts-mcb\">CH<\/span><\/td>\n<td class=\"charts-cm\"><div>\nErstver\u00f6ffentlichung: 18. Februar 2011<br\/>seit 2012 indiziert<\/div><\/td><\/tr>\n<tr> \n <td class=\"charts-yy\">2012<\/td>\n<td><a rel=\"mw:WikiLink\" href=\"https:\/\/de.wikipedia.org\/wiki\/Der_letzte_Tag_deines_Lebens\" title=\"Der letzte Tag deines Lebens\" target=\"_new\" class=\"wiki-link\">Der letzte Tag deines Lebens<\/a><br\/><span class=\"charts-add\">Seven Days Music (<a rel=\"mw:WikiLink\" href=\"https:\/\/de.wikipedia.org\/wiki\/Sony_Music_Entertainment\" title=\"Sony Music Entertainment\" target=\"_new\" class=\"wiki-link\">Sony<\/a>)<\/span><\/td>\n<td><span class=\"charts-mc\"><a rel=\"mw:WikiLink\" href=\"https:\/\/de.wikipedia.org\/wiki\/Deutsche_Albumcharts\" title=\"Deutsche Albumcharts\" target=\"_new\" class=\"wiki-link\">DE<\/a><\/span>3<br class=\"charts-hm\"\/><span class=\"charts-mo\"> <\/span><span style=\"font-size:smaller;\">(4 Wo.)<\/span><span class=\"charts-mcb\">DE<\/span><\/td>\n<td><span class=\"charts-mc\"><a rel=\"mw:WikiLink\" href=\"https:\/\/de.wikipedia.org\/wiki\/\u00d63_Austria_Top_40\" title=\"\u00d63 Austria Top 40\" target=\"_new\" class=\"wiki-link\">AT<\/a><\/span>11<br class=\"charts-hm\"\/><span class=\"charts-mo\"> <\/span><span style=\"font-size:smaller;\">(2 Wo.)<\/span><span class=\"charts-mcb\">AT<\/span><\/td>\n<td><span class=\"charts-mc\"><a rel=\"mw:WikiLink\" href=\"https:\/\/de.wikipedia.org\/wiki\/Schweizer_Hitparade\" title=\"Schweizer Hitparade\" target=\"_new\" class=\"wiki-link\">CH<\/a><\/span>7<br class=\"charts-hm\"\/><span class=\"charts-mo\"> <\/span><span style=\"font-size:smaller;\">(5 Wo.)<\/span><span class=\"charts-mcb\">CH<\/span><\/td>\n<td class=\"charts-cm\"><div>\nErstver\u00f6ffentlichung: 27. Januar 2012<\/div><\/td><\/tr>\n<tr> \n <td class=\"charts-yy\">2014<\/td>\n<td><a rel=\"mw:WikiLink\" href=\"https:\/\/de.wikipedia.org\/wiki\/Killa\" title=\"Killa\" target=\"_new\" class=\"wiki-link\">Killa<\/a><br\/><span class=\"charts-add\"><a rel=\"mw:WikiLink\" href=\"https:\/\/de.wikipedia.org\/wiki\/Banger_Musik\" title=\"Banger Musik\" target=\"_new\" class=\"wiki-link\">Banger Musik<\/a> (<a rel=\"mw:WikiLink\" href=\"https:\/\/de.wikipedia.org\/wiki\/Groove_Attack\" title=\"Groove Attack\" target=\"_new\" class=\"wiki-link\">GA<\/a>)<\/span><\/td>\n<td><span class=\"charts-mc\"><a rel=\"mw:WikiLink\" href=\"https:\/\/de.wikipedia.org\/wiki\/Deutsche_Albumcharts\" title=\"Deutsche Albumcharts\" target=\"_new\" class=\"wiki-link\">DE<\/a><\/span><a rel=\"mw:WikiLink\" href=\"https:\/\/de.wikipedia.org\/wiki\/Liste_der_Nummer-eins-Hits_in_Deutschland_(2014)\" title=\"Liste der Nummer-eins-Hits in Deutschland (2014)\" target=\"_new\" class=\"wiki-link\"><b>1<\/b><\/a> <div class=\"charts-cc\"><div class=\"charts-c\"><span typeof=\"mw:File\"><span><img resource=\"https:\/\/de.wikipedia.org\/wiki\/Datei:Gold_record_icon.svg\" src=\"https:\/\/thumb.wikimedia.org\/wikipedia\/commons\/thumb\/3\/38\/Gold_record_icon.svg\/20px-Gold_record_icon.svg.png?utm_source=de.wikipedia.org&amp;utm_campaign=parser&amp;utm_content=thumbnail\" decoding=\"async\" loading=\"lazy\" alt=\"Gold\" data-file-type=\"drawing\" height=\"15\" width=\"15\" class=\"mw-file-element\"\/><\/span><\/span><\/div><span class=\"charts-ct\">Gold<i><\/i><\/span><\/div><br class=\"charts-hm\"\/><span class=\"charts-mo\"> <\/span><span style=\"font-size:smaller;\">(13 Wo.)<\/span><span class=\"charts-mcb\">DE<\/span><\/td>\n<td><span class=\"charts-mc\"><a rel=\"mw:WikiLink\" href=\"https:\/\/de.wikipedia.org\/wiki\/\u00d63_Austria_Top_40\" title=\"\u00d63 Austria Top 40\" target=\"_new\" class=\"wiki-link\">AT<\/a><\/span><a rel=\"mw:WikiLink\" href=\"https:\/\/de.wikipedia.org\/wiki\/Liste_der_Nummer-eins-Hits_in_\u00d6sterreich_(2014)\" title=\"Liste der Nummer-eins-Hits in \u00d6sterreich (2014)\" target=\"_new\" class=\"wiki-link\"><b>1<\/b><\/a><br class=\"charts-hm\"\/><span class=\"charts-mo\"> <\/span><span style=\"font-size:smaller;\">(10 Wo.)<\/span><span class=\"charts-mcb\">AT<\/span><\/td>\n<td><span class=\"charts-mc\"><a rel=\"mw:WikiLink\" href=\"https:\/\/de.wikipedia.org\/wiki\/Schweizer_Hitparade\" title=\"Schweizer Hitparade\" target=\"_new\" class=\"wiki-link\">CH<\/a><\/span>3<br class=\"charts-hm\"\/><span class=\"charts-mo\"> <\/span><span style=\"font-size:smaller;\">(10 Wo.)<\/span><span class=\"charts-mcb\">CH<\/span><\/td>\n<td class=\"charts-cm\"><div>\nErstver\u00f6ffentlichung: 14. M\u00e4rz 2014<br\/>Verk\u00e4ufe: + 100.000<\/div><\/td><\/tr>\n<tr> \n <td class=\"charts-yy\">2015<\/td>\n<td><a rel=\"mw:WikiLink\" href=\"https:\/\/de.wikipedia.org\/wiki\/Asphalt_Massaka_3\" title=\"Asphalt Massaka 3\" target=\"_new\" class=\"wiki-link\">Asphalt Massaka 3<\/a><br\/><span class=\"charts-add\">Banger Musik (GA)<\/span><\/td>\n<td><span class=\"charts-mc\"><a rel=\"mw:WikiLink\" href=\"https:\/\/de.wikipedia.org\/wiki\/Deutsche_Albumcharts\" title=\"Deutsche Albumcharts\" target=\"_new\" class=\"wiki-link\">DE<\/a><\/span><a rel=\"mw:WikiLink\" href=\"https:\/\/de.wikipedia.org\/wiki\/Liste_der_Nummer-eins-Hits_in_Deutschland_(2015)\" title=\"Liste der Nummer-eins-Hits in Deutschland (2015)\" target=\"_new\" class=\"wiki-link\"><b>1<\/b><\/a> <div class=\"charts-cc\"><div class=\"charts-c\"><span typeof=\"mw:File\"><span><img resource=\"https:\/\/de.wikipedia.org\/wiki\/Datei:Gold_record_icon.svg\" src=\"https:\/\/thumb.wikimedia.org\/wikipedia\/commons\/thumb\/3\/38\/Gold_record_icon.svg\/20px-Gold_record_icon.svg.png?utm_source=de.wikipedia.org&amp;utm_campaign=parser&amp;utm_content=thumbnail\" decoding=\"async\" loading=\"lazy\" alt=\"Gold\" data-file-type=\"drawing\" height=\"15\" width=\"15\" class=\"mw-file-element\"\/><\/span><\/span><\/div><span class=\"charts-ct\">Gold<i><\/i><\/span><\/div><br class=\"charts-hm\"\/><span class=\"charts-mo\"> <\/span><span style=\"font-size:smaller;\">(8 Wo.)<\/span><span class=\"charts-mcb\">DE<\/span><\/td>\n<td><span class=\"charts-mc\"><a rel=\"mw:WikiLink\" href=\"https:\/\/de.wikipedia.org\/wiki\/\u00d63_Austria_Top_40\" title=\"\u00d63 Austria Top 40\" target=\"_new\" class=\"wiki-link\">AT<\/a><\/span>3<br class=\"charts-hm\"\/><span class=\"charts-mo\"> <\/span><span style=\"font-size:smaller;\">(7 Wo.)<\/span><span class=\"charts-mcb\">AT<\/span><\/td>\n<td><span class=\"charts-mc\"><a rel=\"mw:WikiLink\" href=\"https:\/\/de.wikipedia.org\/wiki\/Schweizer_Hitparade\" title=\"Schweizer Hitparade\" target=\"_new\" class=\"wiki-link\">CH<\/a><\/span><a rel=\"mw:WikiLink\" href=\"https:\/\/de.wikipedia.org\/wiki\/Liste_der_Nummer-eins-Hits_in_der_Schweiz_(2015)\" title=\"Liste der Nummer-eins-Hits in der Schweiz (2015)\" target=\"_new\" class=\"wiki-link\"><b>1<\/b><\/a><br class=\"charts-hm\"\/><span class=\"charts-mo\"> <\/span><span style=\"font-size:smaller;\">(9 Wo.)<\/span><span class=\"charts-mcb\">CH<\/span><\/td>\n<td class=\"charts-cm\"><div>\nErstver\u00f6ffentlichung: 27. M\u00e4rz 2015<br\/>Verk\u00e4ufe: + 100.000<\/div><\/td><\/tr>\n<tr> \n <td class=\"charts-yy\">2016<\/td>\n<td><a rel=\"mw:WikiLink\" href=\"https:\/\/de.wikipedia.org\/wiki\/Blut_(Album)\" title=\"Blut (Album)\" target=\"_new\" class=\"wiki-link\">Blut<\/a><br\/><span class=\"charts-add\">Banger Musik (<a rel=\"mw:WikiLink\" href=\"https:\/\/de.wikipedia.org\/wiki\/Warner_Music_Group\" title=\"Warner Music Group\" target=\"_new\" class=\"wiki-link\">WMG<\/a>)<\/span><\/td>\n<td><span class=\"charts-mc\"><a rel=\"mw:WikiLink\" href=\"https:\/\/de.wikipedia.org\/wiki\/Deutsche_Albumcharts\" title=\"Deutsche Albumcharts\" target=\"_new\" class=\"wiki-link\">DE<\/a><\/span>2<br class=\"charts-hm\"\/><span class=\"charts-mo\"> <\/span><span style=\"font-size:smaller;\">(10 Wo.)<\/span><span class=\"charts-mcb\">DE<\/span><\/td>\n<td><span class=\"charts-mc\"><a rel=\"mw:WikiLink\" href=\"https:\/\/de.wikipedia.org\/wiki\/\u00d63_Austria_Top_40\" title=\"\u00d63 Austria Top 40\" target=\"_new\" class=\"wiki-link\">AT<\/a><\/span><a rel=\"mw:WikiLink\" href=\"https:\/\/de.wikipedia.org\/wiki\/Liste_der_Nummer-eins-Hits_in_\u00d6sterreich_(2016)\" title=\"Liste der Nummer-eins-Hits in \u00d6sterreich (2016)\" target=\"_new\" class=\"wiki-link\"><b>1<\/b><\/a><br class=\"charts-hm\"\/><span class=\"charts-mo\"> <\/span><span style=\"font-size:smaller;\">(8 Wo.)<\/span><span class=\"charts-mcb\">AT<\/span><\/td>\n<td><span class=\"charts-mc\"><a rel=\"mw:WikiLink\" href=\"https:\/\/de.wikipedia.org\/wiki\/Schweizer_Hitparade\" title=\"Schweizer Hitparade\" target=\"_new\" class=\"wiki-link\">CH<\/a><\/span><a rel=\"mw:WikiLink\" href=\"https:\/\/de.wikipedia.org\/wiki\/Liste_der_Nummer-eins-Hits_in_der_Schweiz_(2016)\" title=\"Liste der Nummer-eins-Hits in der Schweiz (2016)\" target=\"_new\" class=\"wiki-link\"><b>1<\/b><\/a><br class=\"charts-hm\"\/><span class=\"charts-mo\"> <\/span><span style=\"font-size:smaller;\">(6 Wo.)<\/span><span class=\"charts-mcb\">CH<\/span><\/td>\n<td class=\"charts-cm\"><div>\nErstver\u00f6ffentlichung: 27. Mai 2016<\/div><\/td><\/tr>\n<tr> \n <td class=\"charts-yy\">2020<\/td>\n<td>Genkidama<br\/><span class=\"charts-add\">Banger Musik (WMG)<\/span><\/td>\n<td><span class=\"charts-mc\"><a rel=\"mw:WikiLink\" href=\"https:\/\/de.wikipedia.org\/wiki\/Deutsche_Albumcharts\" title=\"Deutsche Albumcharts\" target=\"_new\" class=\"wiki-link\">DE<\/a><\/span>11<br class=\"charts-hm\"\/><span class=\"charts-mo\"> <\/span><span style=\"font-size:smaller;\">(6 Wo.)<\/span><span class=\"charts-mcb\">DE<\/span><\/td>\n<td><span class=\"charts-mc\"><a rel=\"mw:WikiLink\" href=\"https:\/\/de.wikipedia.org\/wiki\/\u00d63_Austria_Top_40\" title=\"\u00d63 Austria Top 40\" target=\"_new\" class=\"wiki-link\">AT<\/a><\/span>5<br class=\"charts-hm\"\/><span class=\"charts-mo\"> <\/span><span style=\"font-size:smaller;\">(5 Wo.)<\/span><span class=\"charts-mcb\">AT<\/span><\/td>\n<td><span class=\"charts-mc\"><a rel=\"mw:WikiLink\" href=\"https:\/\/de.wikipedia.org\/wiki\/Schweizer_Hitparade\" title=\"Schweizer Hitparade\" target=\"_new\" class=\"wiki-link\">CH<\/a><\/span>3<br class=\"charts-hm\"\/><span class=\"charts-mo\"> <\/span><span style=\"font-size:smaller;\">(6 Wo.)<\/span><span class=\"charts-mcb\">CH<\/span><\/td>\n<td class=\"charts-cm\"><div>\nErstver\u00f6ffentlichung: 29. Mai 2020<\/div><\/td><\/tr>\n<tr> \n <td rowspan=\"2\" class=\"charts-yy\">2021<\/td>\n<td>Asozialer Marokkaner<br\/><span class=\"charts-add\">Banger Musik (WMG)<\/span><\/td>\n<td><span class=\"charts-mc\"><a rel=\"mw:WikiLink\" href=\"https:\/\/de.wikipedia.org\/wiki\/Deutsche_Albumcharts\" title=\"Deutsche Albumcharts\" target=\"_new\" class=\"wiki-link\">DE<\/a><\/span><a rel=\"mw:WikiLink\" href=\"https:\/\/de.wikipedia.org\/wiki\/Liste_der_Nummer-eins-Hits_in_Deutschland_(2021)\" title=\"Liste der Nummer-eins-Hits in Deutschland (2021)\" target=\"_new\" class=\"wiki-link\"><b>1<\/b><\/a><br class=\"charts-hm\"\/><span class=\"charts-mo\"> <\/span><span style=\"font-size:smaller;\">(7 Wo.)<\/span><span class=\"charts-mcb\">DE<\/span><\/td>\n<td><span class=\"charts-mc\"><a rel=\"mw:WikiLink\" href=\"https:\/\/de.wikipedia.org\/wiki\/\u00d63_Austria_Top_40\" title=\"\u00d63 Austria Top 40\" target=\"_new\" class=\"wiki-link\">AT<\/a><\/span>2<br class=\"charts-hm\"\/><span class=\"charts-mo\"> <\/span><span style=\"font-size:smaller;\">(4 Wo.)<\/span><span class=\"charts-mcb\">AT<\/span><\/td>\n<td><span class=\"charts-mc\"><a rel=\"mw:WikiLink\" href=\"https:\/\/de.wikipedia.org\/wiki\/Schweizer_Hitparade\" title=\"Schweizer Hitparade\" target=\"_new\" class=\"wiki-link\">CH<\/a><\/span><a rel=\"mw:WikiLink\" href=\"https:\/\/de.wikipedia.org\/wiki\/Liste_der_Nummer-eins-Hits_in_der_Schweiz_(2021)\" title=\"Liste der Nummer-eins-Hits in der Schweiz (2021)\" target=\"_new\" class=\"wiki-link\"><b>1<\/b><\/a><br class=\"charts-hm\"\/><span class=\"charts-mo\"> <\/span><span style=\"font-size:smaller;\">(4 Wo.)<\/span><span class=\"charts-mcb\">CH<\/span><\/td>\n<td class=\"charts-cm\"><div>\nErstver\u00f6ffentlichung: 23. Juli 2021<\/div><\/td><\/tr>\n<tr> \n<td>X<br\/><span class=\"charts-add\">Banger Musik (WMG)<\/span><\/td>\n<td><span class=\"charts-mc\"><a rel=\"mw:WikiLink\" href=\"https:\/\/de.wikipedia.org\/wiki\/Deutsche_Albumcharts\" title=\"Deutsche Albumcharts\" target=\"_new\" class=\"wiki-link\">DE<\/a><\/span>13<br class=\"charts-hm\"\/><span class=\"charts-mo\"> <\/span><span style=\"font-size:smaller;\">(2 Wo.)<\/span><span class=\"charts-mcb\">DE<\/span><\/td>\n<td><span class=\"charts-mc\"><a rel=\"mw:WikiLink\" href=\"https:\/\/de.wikipedia.org\/wiki\/\u00d63_Austria_Top_40\" title=\"\u00d63 Austria Top 40\" target=\"_new\" class=\"wiki-link\">AT<\/a><\/span>11<br class=\"charts-hm\"\/><span class=\"charts-mo\"> <\/span><span style=\"font-size:smaller;\">(2 Wo.)<\/span><span class=\"charts-mcb\">AT<\/span><\/td>\n<td><span class=\"charts-mc\"><a rel=\"mw:WikiLink\" href=\"https:\/\/de.wikipedia.org\/wiki\/Schweizer_Hitparade\" title=\"Schweizer Hitparade\" target=\"_new\" class=\"wiki-link\">CH<\/a><\/span>8<br class=\"charts-hm\"\/><span class=\"charts-mo\"> <\/span><span style=\"font-size:smaller;\">(4 Wo.)<\/span><span class=\"charts-mcb\">CH<\/span><\/td>\n<td class=\"charts-cm\"><div>\nErstver\u00f6ffentlichung: 26. November 2021<\/div><\/td><\/tr>\n<tr> \n <td class=\"charts-yy\">2023<\/td>\n<td>Asphalt Massaka 4<br\/><span class=\"charts-add\">Banger Musik (WMG)<\/span><\/td>\n<td><span class=\"charts-mc\"><a rel=\"mw:WikiLink\" href=\"https:\/\/de.wikipedia.org\/wiki\/Deutsche_Albumcharts\" title=\"Deutsche Albumcharts\" target=\"_new\" class=\"wiki-link\">DE<\/a><\/span>3<br class=\"charts-hm\"\/><span class=\"charts-mo\"> <\/span><span style=\"font-size:smaller;\">(4 Wo.)<\/span><span class=\"charts-mcb\">DE<\/span><\/td>\n<td><span class=\"charts-mc\"><a rel=\"mw:WikiLink\" href=\"https:\/\/de.wikipedia.org\/wiki\/\u00d63_Austria_Top_40\" title=\"\u00d63 Austria Top 40\" target=\"_new\" class=\"wiki-link\">AT<\/a><\/span>6<br class=\"charts-hm\"\/><span class=\"charts-mo\"> <\/span><span style=\"font-size:smaller;\">(2 Wo.)<\/span><span class=\"charts-mcb\">AT<\/span><\/td>\n<td><span class=\"charts-mc\"><a rel=\"mw:WikiLink\" href=\"https:\/\/de.wikipedia.org\/wiki\/Schweizer_Hitparade\" title=\"Schweizer Hitparade\" target=\"_new\" class=\"wiki-link\">CH<\/a><\/span>3<br class=\"charts-hm\"\/><span class=\"charts-mo\"> <\/span><span style=\"font-size:smaller;\">(5 Wo.)<\/span><span class=\"charts-mcb\">CH<\/span><\/td>\n<td class=\"charts-cm\"><div>\nErstver\u00f6ffentlichung: 27. Oktober 2023<\/div><\/td><\/tr>\n<tr> \n <td class=\"charts-yy\">2024<\/td>\n<td>XII<br\/><span class=\"charts-add\">Banger Musik (WMG)<\/span><\/td>\n<td><span class=\"charts-mc\"><a rel=\"mw:WikiLink\" href=\"https:\/\/de.wikipedia.org\/wiki\/Deutsche_Albumcharts\" title=\"Deutsche Albumcharts\" target=\"_new\" class=\"wiki-link\">DE<\/a><\/span>5<br class=\"charts-hm\"\/><span class=\"charts-mo\"> <\/span><span style=\"font-size:smaller;\">(2 Wo.)<\/span><span class=\"charts-mcb\">DE<\/span><\/td>\n<td><span class=\"charts-mc\"><a rel=\"mw:WikiLink\" href=\"https:\/\/de.wikipedia.org\/wiki\/\u00d63_Austria_Top_40\" title=\"\u00d63 Austria Top 40\" target=\"_new\" class=\"wiki-link\">AT<\/a><\/span>12<br class=\"charts-hm\"\/><span class=\"charts-mo\"> <\/span><span style=\"font-size:smaller;\">(2 Wo.)<\/span><span class=\"charts-mcb\">AT<\/span><\/td>\n<td><span class=\"charts-mc\"><a rel=\"mw:WikiLink\" href=\"https:\/\/de.wikipedia.org\/wiki\/Schweizer_Hitparade\" title=\"Schweizer Hitparade\" target=\"_new\" class=\"wiki-link\">CH<\/a><\/span>7<br class=\"charts-hm\"\/><span class=\"charts-mo\"> <\/span><span style=\"font-size:smaller;\">(2 Wo.)<\/span><span class=\"charts-mcb\">CH<\/span><\/td>\n<td class=\"charts-cm\"><div>\nErstver\u00f6ffentlichung: 6. September 2024<\/div><\/td><\/tr>\n<tr> \n <td class=\"charts-yy\">2026<\/td>\n<td>So muss man gehen<br\/><span class=\"charts-add\">Banger Musik (WMG)<\/span><\/td>\n<td><span class=\"charts-mc\"><a rel=\"mw:WikiLink\" href=\"https:\/\/de.wikipedia.org\/wiki\/Deutsche_Albumcharts\" title=\"Deutsche Albumcharts\" target=\"_new\" class=\"wiki-link\">DE<\/a><\/span>3<br class=\"charts-hm\"\/><span class=\"charts-mo\"> <\/span><span style=\"font-size:smaller;\">(2 Wo.)<\/span><span class=\"charts-mcb\">DE<\/span><\/td>\n<td><span class=\"charts-mc\"><a rel=\"mw:WikiLink\" href=\"https:\/\/de.wikipedia.org\/wiki\/\u00d63_Austria_Top_40\" title=\"\u00d63 Austria Top 40\" target=\"_new\" class=\"wiki-link\">AT<\/a><\/span>26<br class=\"charts-hm\"\/><span class=\"charts-mo\"> <\/span><span style=\"font-size:smaller;\">(1 Wo.)<\/span><span class=\"charts-mcb\">AT<\/span><\/td>\n<td><span class=\"charts-mc\"><a rel=\"mw:WikiLink\" href=\"https:\/\/de.wikipedia.org\/wiki\/Schweizer_Hitparade\" title=\"Schweizer Hitparade\" target=\"_new\" class=\"wiki-link\">CH<\/a><\/span>11<br class=\"charts-hm\"\/><span class=\"charts-mo\"> <\/span><span style=\"font-size:smaller;\">(2 Wo.)<\/span><span class=\"charts-mcb\">CH<\/span><\/td>\n<td class=\"charts-cm\"><div>\nErstver\u00f6ffentlichung: 29. Mai 2026<\/div><\/td><\/tr>\n \n<\/tbody><\/table>\n\n<\/section><section data-mw-section-id=\"9\" id=\"rdp-we-mwAik\" aria-labelledby=\"Filmografie\"><div class=\"mw-heading mw-heading2\"><h2 id=\"rdp-we-Filmografie\">Filmografie<\/h2><\/div>\n<ul id=\"rdp-we-mwAio\"><li id=\"rdp-we-mwAis\">2013: <a rel=\"mw:WikiLink\" href=\"https:\/\/de.wikipedia.org\/wiki\/Fack_ju_G\u00f6hte\" title=\"Fack ju G\u00f6hte\" id=\"rdp-we-mwAiw\" target=\"_new\" class=\"wiki-link\">Fack ju G\u00f6hte<\/a><\/li>\n<li id=\"rdp-we-mwAi0\">2015: <a rel=\"mw:WikiLink\" href=\"https:\/\/de.wikipedia.org\/wiki\/Fack_ju_G\u00f6hte_2\" title=\"Fack ju G\u00f6hte 2\" id=\"rdp-we-mwAi4\" target=\"_new\" class=\"wiki-link\">Fack ju G\u00f6hte 2<\/a><\/li>\n<li id=\"rdp-we-mwAi8\">2017: <a rel=\"mw:WikiLink\" href=\"https:\/\/de.wikipedia.org\/wiki\/Fack_ju_G\u00f6hte_3\" title=\"Fack ju G\u00f6hte 3\" id=\"rdp-we-mwAjA\" target=\"_new\" class=\"wiki-link\">Fack ju G\u00f6hte 3<\/a><\/li><\/ul>\n\n<\/section><section data-mw-section-id=\"10\" id=\"rdp-we-mwAjE\" aria-labelledby=\"Weblinks\"><div class=\"mw-heading mw-heading2\"><h2 id=\"rdp-we-Weblinks\">Weblinks<\/h2><\/div>\n<div class=\"sisterproject\" style=\"margin:0.1em 0 0 0;\" about=\"#mwt167\" typeof=\"mw:Transclusion\" id=\"rdp-we-mwAjI\" data-mw='{\"parts\":[{\"template\":{\"target\":{\"wt\":\"Commonscat\",\"href\":\".\/Vorlage:Commonscat\"},\"params\":{},\"i\":0}}]}'><div class=\"noresize noviewer\" style=\"display:inline-block; line-height:10px;min-width:1.6em; text-align:center;\" aria-hidden=\"true\" role=\"presentation\"><span typeof=\"mw:File\" data-mw='{\"caption\":\"Commons\"}'><span title=\"Commons\"><img resource=\"https:\/\/de.wikipedia.org\/wiki\/Datei:Commons-logo.svg\" src=\"https:\/\/thumb.wikimedia.org\/wikipedia\/commons\/thumb\/4\/4a\/Commons-logo.svg\/20px-Commons-logo.svg.png?utm_source=de.wikipedia.org&amp;utm_campaign=parser&amp;utm_content=thumbnail\" decoding=\"async\" loading=\"lazy\" alt=\"\" data-file-type=\"drawing\" height=\"16\" width=\"12\" class=\"mw-file-element\"\/><\/span><\/span><\/div><b><a rel=\"external_link\" href=\"https:\/\/commons.wikimedia.org\/wiki\/Category:Farid_Bang?uselang=de\" class=\"external text\" target=\"_new\"><span lang=\"en\">Commons<\/span>: Farid Bang<\/a><\/b><span typeof=\"mw:Entity\">\u00a0<\/span>\u2013 Sammlung von Bildern, Videos und Audiodateien<\/div>\n<ul id=\"rdp-we-mwAjM\"><li id=\"rdp-we-mwAjQ\"><a rel=\"external_link\" href=\"http:\/\/www.faridbang.com\/\" class=\"external text\" id=\"rdp-we-mwAjU\" target=\"_new\">Website von Farid Bang<\/a><\/li>\n<li id=\"rdp-we-mwAjY\"><a rel=\"external_link\" href=\"https:\/\/www.discogs.com\/de\/artist\/Farid+Bang\" about=\"#mwt168\" typeof=\"mw:Transclusion\" class=\"external text\" id=\"rdp-we-mwAjc\" data-mw='{\"parts\":[{\"template\":{\"target\":{\"wt\":\"Discogs\",\"href\":\".\/Vorlage:Discogs\"},\"params\":{},\"i\":0}}]}' target=\"_new\">Farid Bang<\/a><span about=\"#mwt168\"> bei <\/span><a rel=\"mw:WikiLink\" href=\"https:\/\/de.wikipedia.org\/wiki\/Discogs\" title=\"Discogs\" about=\"#mwt168\" id=\"rdp-we-mwAjg\" target=\"_new\" class=\"wiki-link\">Discogs<\/a><\/li>\n<li id=\"rdp-we-mwAjk\"><a rel=\"external_link\" href=\"https:\/\/www.imdb.com\/name\/nm5675040\/\" about=\"#mwt169\" typeof=\"mw:Transclusion\" class=\"external text\" id=\"rdp-we-mwAjo\" data-mw='{\"parts\":[{\"template\":{\"target\":{\"wt\":\"IMDb\",\"href\":\".\/Vorlage:IMDb\"},\"params\":{\"1\":{\"wt\":\"nm5675040\"}},\"i\":0}}]}' target=\"_new\">Farid Bang<\/a><span about=\"#mwt169\"> bei <\/span><a rel=\"mw:WikiLink\" href=\"https:\/\/de.wikipedia.org\/wiki\/IMDb\" title=\"IMDb\" about=\"#mwt169\" id=\"rdp-we-mwAjs\" target=\"_new\" class=\"wiki-link\">IMDb<\/a><\/li><\/ul>\n\n<\/section><section data-mw-section-id=\"11\" id=\"rdp-we-mwAjw\" aria-labelledby=\"Einzelnachweise\"><div class=\"mw-heading mw-heading2\"><h2 id=\"rdp-we-Einzelnachweise\">Einzelnachweise<\/h2><\/div>\n<div class=\"mw-references-wrap mw-references-columns\" typeof=\"mw:Extension\/references\" about=\"#mwt170\" id=\"rdp-we-mwAj0\" data-mw='{\"name\":\"references\",\"attrs\":{\"responsive\":\"\"}}'><ol class=\"mw-references references\" id=\"rdp-we-mwAj4\"><li about=\"#cite_note-Juice-1\" id=\"cite_note-Juice-1\" data-mw-footnote-number=\"1\"><span rel=\"mw:referencedBy\" class=\"mw-cite-backlink\" id=\"rdp-we-mwAj8\"><a href=\"#cite_ref-Juice_1-0\" id=\"rdp-we-mwAkA\"><span class=\"mw-linkback-text\" id=\"rdp-we-mwAkE\">1<\/span><\/a> <a href=\"#cite_ref-Juice_1-1\" id=\"rdp-we-mwAkI\"><span class=\"mw-linkback-text\" id=\"rdp-we-mwAkM\">2<\/span><\/a><\/span> <span id=\"rdp-we-mw-reference-text-cite_note-Juice-1\" class=\"mw-reference-text reference-text\">Interview mit Kollegah &amp; Farid Bang. <i id=\"rdp-we-mwAkQ\"><a rel=\"mw:WikiLink\" href=\"https:\/\/de.wikipedia.org\/wiki\/Juice_(Magazin)\" title=\"Juice (Magazin)\" id=\"rdp-we-mwAkU\" target=\"_new\" class=\"wiki-link\">Juice<\/a><\/i> 07\/2009. S. 22ff.<\/span><\/li>\n<li about=\"#cite_note-tofaveva-2\" id=\"cite_note-tofaveva-2\" data-mw-footnote-number=\"2\"><span rel=\"mw:referencedBy\" class=\"mw-cite-backlink\" id=\"rdp-we-mwAkY\"><a href=\"#cite_ref-tofaveva_2-0\" id=\"rdp-we-mwAkc\"><span class=\"mw-linkback-text\" id=\"rdp-we-mwAkg\">1<\/span><\/a> <a href=\"#cite_ref-tofaveva_2-1\" id=\"rdp-we-mwAkk\"><span class=\"mw-linkback-text\" id=\"rdp-we-mwAko\">2<\/span><\/a><\/span> <span id=\"rdp-we-mw-reference-text-cite_note-tofaveva-2\" class=\"mw-reference-text reference-text\"><span about=\"#mwt3\" typeof=\"mw:Transclusion\" id=\"rdp-we-mwAks\" data-mw='{\"parts\":[{\"template\":{\"target\":{\"wt\":\"cite video\",\"href\":\".\/Vorlage:Cite_video\"},\"params\":{\"people\":{\"wt\":\"Toxik spricht mit Farid Bang\"},\"year\":{\"wt\":\"2011\"},\"title\":{\"wt\":\"Farid Bang \u00fcber die Verhaftung seines Vaters (Part 4 - Hiphop.de Interview)\"},\"language\":{\"wt\":\"de\"},\"url\":{\"wt\":\"https:\/\/de-film.com\/v-farid-bang-%C3%BCber-die-verhaftung-seines-vaters-part-4-hiphop-de-interview-qZ5mvwUSyyQ.html\"},\"format\":{\"wt\":\"[[MP4]]\"},\"publisher\":{\"wt\":\"de-film.com\"},\"location\":{\"wt\":\"D\u00fcsseldorf\"},\"accessdate\":{\"wt\":\"2018-04-28\"}},\"i\":0}}]}'>Toxik spricht mit Farid Bang<\/span><span typeof=\"mw:Entity\" about=\"#mwt3\" id=\"rdp-we-mwAkw\">:<\/span><span about=\"#mwt3\" id=\"rdp-we-mwAk0\"> <\/span><cite style=\"font-style:italic\" about=\"#mwt3\" id=\"rdp-we-mwAk4\">Farid Bang \u00fcber die Verhaftung seines Vaters (Part 4 - Hiphop.de Interview)<\/cite><span about=\"#mwt3\" id=\"rdp-we-mwAk8\">. Hrsg.: de-film.com. D\u00fcsseldorf 2011 (<\/span><a rel=\"external_link\" href=\"https:\/\/de-film.com\/v-farid-bang-%C3%BCber-die-verhaftung-seines-vaters-part-4-hiphop-de-interview-qZ5mvwUSyyQ.html\" about=\"#mwt3\" class=\"external text\" id=\"rdp-we-mwAlA\" target=\"_new\">de-film.com<\/a><span about=\"#mwt3\" id=\"rdp-we-mwAlE\"> <\/span><span typeof=\"mw:Entity\" about=\"#mwt3\" id=\"rdp-we-mwAlI\">[<\/span><a rel=\"mw:WikiLink\" href=\"https:\/\/de.wikipedia.org\/wiki\/MP4\" title=\"MP4\" about=\"#mwt3\" id=\"rdp-we-mwAlM\" target=\"_new\" class=\"wiki-link\">MP4<\/a><span about=\"#mwt3\" id=\"rdp-we-mwAlQ\">; abgerufen am 28.<\/span><span typeof=\"mw:Entity\" about=\"#mwt3\" id=\"rdp-we-mwAlU\">\u00a0<\/span><span about=\"#mwt3\" id=\"rdp-we-mwAlY\">April 2018<\/span><span typeof=\"mw:Entity\" about=\"#mwt3\" id=\"rdp-we-mwAlc\">]<\/span><span about=\"#mwt3\" id=\"rdp-we-mwAlg\">).<\/span><span class=\"Z3988\" title=\"ctx_ver=Z39.88-2004&amp;rft_val_fmt=info%3Aofi%2Ffmt%3Akev%3Amtx%3Abook&amp;rfr_id=info:sid\/de.wikipedia.org:Farid+Bang&amp;rft.au=Toxik+spricht+mit+Farid+Bang&amp;rft.btitle=Farid+Bang+%C3%BCber+die+Verhaftung+seines+Vaters+%28Part+4+-+Hiphop.de+Interview%29&amp;rft.date=2011&amp;rft.genre=book&amp;rft.place=D%C3%BCsseldorf\" style=\"display:none\" about=\"#mwt3\" id=\"rdp-we-mwAlk\"><span typeof=\"mw:Entity\" id=\"rdp-we-mwAlo\">\u00a0<\/span><\/span><\/span><\/li>\n<li about=\"#cite_note-3\" id=\"cite_note-3\" data-mw-footnote-number=\"3\"><span class=\"mw-cite-backlink\" id=\"rdp-we-mwAls\"><a href=\"#cite_ref-3\" rel=\"mw:referencedBy\" id=\"rdp-we-mwAlw\"><span class=\"mw-linkback-text\" id=\"rdp-we-mwAl0\">\u2191<\/span><\/a><\/span> <span id=\"rdp-we-mw-reference-text-cite_note-3\" class=\"mw-reference-text reference-text\"><a rel=\"external_link\" href=\"https:\/\/web.archive.org\/web\/20190212011537\/http:\/\/www.rapupdate.de\/farid-bang-verraet-erstmals-welchen-pass-er-besitzt\/\" about=\"#mwt5\" class=\"external text\" id=\"rdp-we-mwAl8\" target=\"_new\">Farid Bang verr\u00e4t erstmals welchen Pass er besitzt!<\/a><span about=\"#mwt5\" id=\"rdp-we-mwAmA\"> (<\/span><span class=\"webarchiv-memento\" about=\"#mwt5\" id=\"rdp-we-mwAmE\"><a rel=\"mw:WikiLink\" href=\"https:\/\/de.wikipedia.org\/wiki\/Webarchivierung#Begrifflichkeiten\" title=\"Webarchivierung\" id=\"rdp-we-mwAmI\" target=\"_new\" class=\"wiki-link\">Memento<\/a><\/span><span about=\"#mwt5\" id=\"rdp-we-mwAmM\"> vom 12. Februar 2019 im <\/span><i about=\"#mwt5\" id=\"rdp-we-mwAmQ\"><a rel=\"mw:WikiLink\" href=\"https:\/\/de.wikipedia.org\/wiki\/Internet_Archive\" title=\"Internet Archive\" id=\"rdp-we-mwAmU\" target=\"_new\" class=\"wiki-link\">Internet Archive<\/a><\/i><span about=\"#mwt5\" id=\"rdp-we-mwAmY\">)<\/span>, auf rapupdate.de<\/span><\/li>\n<li about=\"#cite_note-4\" id=\"cite_note-4\" data-mw-footnote-number=\"4\"><span class=\"mw-cite-backlink\" id=\"rdp-we-mwAmc\"><a href=\"#cite_ref-4\" rel=\"mw:referencedBy\" id=\"rdp-we-mwAmg\"><span class=\"mw-linkback-text\" id=\"rdp-we-mwAmk\">\u2191<\/span><\/a><\/span> <span id=\"rdp-we-mw-reference-text-cite_note-4\" class=\"mw-reference-text reference-text\"><a rel=\"external_link\" href=\"https:\/\/www.cicero.de\/kultur\/echo-kollegah-farid-bang-fard-celos-abdi-rapper-antisemitismus\" class=\"external text\" id=\"rdp-we-mwAmo\" target=\"_new\"><i id=\"rdp-we-mwAms\">Judenhass verdient keine Preise<\/i><\/a>, erschienen auf der Webpr\u00e4senz der <a rel=\"mw:WikiLink\" href=\"https:\/\/de.wikipedia.org\/wiki\/Cicero\" title=\"Cicero\" class=\"mw-redirect wiki-link\" id=\"rdp-we-mwAmw\" target=\"_new\">Cicero<\/a> am 6. April 2018<\/span><\/li>\n<li about=\"#cite_note-5\" id=\"cite_note-5\" data-mw-footnote-number=\"5\"><span class=\"mw-cite-backlink\" id=\"rdp-we-mwAm0\"><a href=\"#cite_ref-5\" rel=\"mw:referencedBy\" id=\"rdp-we-mwAm4\"><span class=\"mw-linkback-text\" id=\"rdp-we-mwAm8\">\u2191<\/span><\/a><\/span> <span id=\"rdp-we-mw-reference-text-cite_note-5\" class=\"mw-reference-text reference-text\"><span class=\"cite\" about=\"#mwt10\" typeof=\"mw:Transclusion\" id=\"rdp-we-mwAnA\" data-mw='{\"parts\":[{\"template\":{\"target\":{\"wt\":\"Internetquelle \",\"href\":\".\/Vorlage:Internetquelle\"},\"params\":{\"url\":{\"wt\":\"https:\/\/www.wz.de\/specials\/nrw\/duesseldorf\/farid-bang-rap-ist-wie-wein-je-aelter-je-besser_aid-26084581\"},\"titel\":{\"wt\":\"D\u00fcsseldorf: Farid Bang: \u201eRap ist wie Wein \u2013 je \u00e4lter, je besser\u201c\"},\"hrsg\":{\"wt\":\"WZ\"},\"abruf\":{\"wt\":\"2020-11-29\"}},\"i\":0}}]}'><a rel=\"external_link\" href=\"https:\/\/www.wz.de\/specials\/nrw\/duesseldorf\/farid-bang-rap-ist-wie-wein-je-aelter-je-besser_aid-26084581\" class=\"external text\" id=\"rdp-we-mwAnE\" target=\"_new\"><i id=\"rdp-we-mwAnI\">D\u00fcsseldorf: Farid Bang: \u201eRap ist wie Wein \u2013 je \u00e4lter, je besser\u201c.<\/i><\/a><span typeof=\"mw:Entity\" id=\"rdp-we-mwAnM\"> <\/span>WZ<span typeof=\"mw:Entity\" id=\"rdp-we-mwAnQ\">,<\/span><span class=\"Abrufdatum\" id=\"rdp-we-mwAnU\"><span typeof=\"mw:Entity\" id=\"rdp-we-mwAnY\"> <\/span>abgerufen am 29.<span typeof=\"mw:Entity\" id=\"rdp-we-mwAnc\">\u00a0<\/span>November 2020<\/span>.<\/span><span style=\"display: none;\" class=\"Z3988\" title=\"ctx_ver=Z39.88-2004&amp;rft_val_fmt=info%3Aofi%2Ffmt%3Akev%3Amtx%3Adc&amp;rfr_id=info%3Asid%2Fde.wikipedia.org%3AFarid+Bang&amp;rft.title=D%C3%BCsseldorf%3A+Farid+Bang%3A+%E2%80%9ERap+ist+wie+Wein+%E2%80%93+je+%C3%A4lter%2C+je+besser%E2%80%9C&amp;rft.description=D%C3%BCsseldorf%3A+Farid+Bang%3A+%E2%80%9ERap+ist+wie+Wein+%E2%80%93+je+%C3%A4lter%2C+je+besser%E2%80%9C&amp;rft.identifier=https%3A%2F%2Fwww.wz.de%2Fspecials%2Fnrw%2Fduesseldorf%2Ffarid-bang-rap-ist-wie-wein-je-aelter-je-besser_aid-26084581&amp;rft.publisher=WZ\" about=\"#mwt10\" id=\"rdp-we-mwAng\"><span typeof=\"mw:Entity\" id=\"rdp-we-mwAnk\">\u00a0<\/span><\/span><\/span><\/li>\n<li about=\"#cite_note-6\" id=\"cite_note-6\" data-mw-footnote-number=\"6\"><span class=\"mw-cite-backlink\" id=\"rdp-we-mwAno\"><a href=\"#cite_ref-6\" rel=\"mw:referencedBy\" id=\"rdp-we-mwAns\"><span class=\"mw-linkback-text\" id=\"rdp-we-mwAnw\">\u2191<\/span><\/a><\/span> <span id=\"rdp-we-mw-reference-text-cite_note-6\" class=\"mw-reference-text reference-text\"><span about=\"#mwt12\" typeof=\"mw:Transclusion\" id=\"rdp-we-mwAn0\" data-mw='{\"parts\":[{\"template\":{\"target\":{\"wt\":\"cite video\",\"href\":\".\/Vorlage:Cite_video\"},\"params\":{\"people\":{\"wt\":\"Toxik spricht mit Farid Bang\"},\"year\":{\"wt\":\"2011\"},\"title\":{\"wt\":\"Farid Bang \u00fcber seine Schulzeit (Part 3 - Hiphop.de Interview)\"},\"language\":{\"wt\":\"de\"},\"url\":{\"wt\":\"https:\/\/de-film.com\/v-farid-bang-%C3%BCber-seine-schulzeit-part-3-hiphop-de-interview-uFH7qME5l-E.html\"},\"format\":{\"wt\":\"[[MP4]]\"},\"publisher\":{\"wt\":\"de-film.com\"},\"location\":{\"wt\":\"D\u00fcsseldorf\"},\"accessdate\":{\"wt\":\"2018-04-28\"}},\"i\":0}}]}'>Toxik spricht mit Farid Bang<\/span><span typeof=\"mw:Entity\" about=\"#mwt12\" id=\"rdp-we-mwAn4\">:<\/span><span about=\"#mwt12\" id=\"rdp-we-mwAn8\"> <\/span><cite style=\"font-style:italic\" about=\"#mwt12\" id=\"rdp-we-mwAoA\">Farid Bang \u00fcber seine Schulzeit (Part 3 - Hiphop.de Interview)<\/cite><span about=\"#mwt12\" id=\"rdp-we-mwAoE\">. Hrsg.: de-film.com. D\u00fcsseldorf 2011 (<\/span><a rel=\"external_link\" href=\"https:\/\/de-film.com\/v-farid-bang-%C3%BCber-seine-schulzeit-part-3-hiphop-de-interview-uFH7qME5l-E.html\" about=\"#mwt12\" class=\"external text\" id=\"rdp-we-mwAoI\" target=\"_new\">de-film.com<\/a><span about=\"#mwt12\" id=\"rdp-we-mwAoM\"> <\/span><span typeof=\"mw:Entity\" about=\"#mwt12\" id=\"rdp-we-mwAoQ\">[<\/span><a rel=\"mw:WikiLink\" href=\"https:\/\/de.wikipedia.org\/wiki\/MP4\" title=\"MP4\" about=\"#mwt12\" id=\"rdp-we-mwAoU\" target=\"_new\" class=\"wiki-link\">MP4<\/a><span about=\"#mwt12\" id=\"rdp-we-mwAoY\">; abgerufen am 28.<\/span><span typeof=\"mw:Entity\" about=\"#mwt12\" id=\"rdp-we-mwAoc\">\u00a0<\/span><span about=\"#mwt12\" id=\"rdp-we-mwAog\">April 2018<\/span><span typeof=\"mw:Entity\" about=\"#mwt12\" id=\"rdp-we-mwAok\">]<\/span><span about=\"#mwt12\" id=\"rdp-we-mwAoo\">).<\/span><span class=\"Z3988\" title=\"ctx_ver=Z39.88-2004&amp;rft_val_fmt=info%3Aofi%2Ffmt%3Akev%3Amtx%3Abook&amp;rfr_id=info:sid\/de.wikipedia.org:Farid+Bang&amp;rft.au=Toxik+spricht+mit+Farid+Bang&amp;rft.btitle=Farid+Bang+%C3%BCber+seine+Schulzeit+%28Part+3+-+Hiphop.de+Interview%29&amp;rft.date=2011&amp;rft.genre=book&amp;rft.place=D%C3%BCsseldorf\" style=\"display:none\" about=\"#mwt12\" id=\"rdp-we-mwAos\"><span typeof=\"mw:Entity\" id=\"rdp-we-mwAow\">\u00a0<\/span><\/span><\/span><\/li>\n<li about=\"#cite_note-7\" id=\"cite_note-7\" data-mw-footnote-number=\"7\"><span class=\"mw-cite-backlink\" id=\"rdp-we-mwAo0\"><a href=\"#cite_ref-7\" rel=\"mw:referencedBy\" id=\"rdp-we-mwAo4\"><span class=\"mw-linkback-text\" id=\"rdp-we-mwAo8\">\u2191<\/span><\/a><\/span> <span id=\"rdp-we-mw-reference-text-cite_note-7\" class=\"mw-reference-text reference-text\"><span class=\"cite\" about=\"#mwt14\" typeof=\"mw:Transclusion\" id=\"rdp-we-mwApA\" data-mw='{\"parts\":[{\"template\":{\"target\":{\"wt\":\"Internetquelle \",\"href\":\".\/Vorlage:Internetquelle\"},\"params\":{\"autor\":{\"wt\":\"beni-mike\"},\"url\":{\"wt\":\"https:\/\/rap.de\/c37-interview\/6134-farid-bang\/\"},\"titel\":{\"wt\":\"Farid Bang\"},\"hrsg\":{\"wt\":\"rap.de\"},\"datum\":{\"wt\":\"2008-06-30\"},\"abruf\":{\"wt\":\"2018-04-28\"}},\"i\":0}}]}'>beni-mike:<span typeof=\"mw:Entity\" id=\"rdp-we-mwApE\"> <\/span><a rel=\"external_link\" href=\"https:\/\/rap.de\/c37-interview\/6134-farid-bang\/\" class=\"external text\" id=\"rdp-we-mwApI\" target=\"_new\"><i id=\"rdp-we-mwApM\">Farid Bang.<\/i><\/a><span typeof=\"mw:Entity\" id=\"rdp-we-mwApQ\"> <\/span>rap.de,<span typeof=\"mw:Entity\" id=\"rdp-we-mwApU\"> <\/span>30.<span typeof=\"mw:Entity\" id=\"rdp-we-mwApY\">\u00a0<\/span>Juni 2008<span typeof=\"mw:Entity\" id=\"rdp-we-mwApc\">,<\/span><span class=\"Abrufdatum\" id=\"rdp-we-mwApg\"><span typeof=\"mw:Entity\" id=\"rdp-we-mwApk\"> <\/span>abgerufen am 28.<span typeof=\"mw:Entity\" id=\"rdp-we-mwApo\">\u00a0<\/span>April 2018<\/span>.<\/span><span style=\"display: none;\" class=\"Z3988\" title=\"ctx_ver=Z39.88-2004&amp;rft_val_fmt=info%3Aofi%2Ffmt%3Akev%3Amtx%3Adc&amp;rfr_id=info%3Asid%2Fde.wikipedia.org%3AFarid+Bang&amp;rft.title=Farid+Bang&amp;rft.description=Farid+Bang&amp;rft.identifier=https%3A%2F%2Frap.de%2Fc37-interview%2F6134-farid-bang%2F&amp;rft.creator=beni-mike&amp;rft.publisher=rap.de&amp;rft.date=2008-06-30\" about=\"#mwt14\" id=\"rdp-we-mwAps\"><span typeof=\"mw:Entity\" id=\"rdp-we-mwApw\">\u00a0<\/span><\/span><\/span><\/li>\n<li about=\"#cite_note-8\" id=\"cite_note-8\" data-mw-footnote-number=\"8\"><span class=\"mw-cite-backlink\" id=\"rdp-we-mwAp0\"><a href=\"#cite_ref-8\" rel=\"mw:referencedBy\" id=\"rdp-we-mwAp4\"><span class=\"mw-linkback-text\" id=\"rdp-we-mwAp8\">\u2191<\/span><\/a><\/span> <span id=\"rdp-we-mw-reference-text-cite_note-8\" class=\"mw-reference-text reference-text\"><link rel=\"mw-deduplicated-inline-style\" href=\"mw-data:TemplateStyles:r261891140\" about=\"#mwt16\" typeof=\"mw:Extension\/templatestyles mw:Transclusion\" id=\"rdp-we-mwAqA\" data-mw='{\"name\":\"templatestyles\",\"attrs\":{\"src\":\"Webarchiv\/styles.css\"},\"parts\":[{\"template\":{\"target\":{\"wt\":\"Webarchiv \",\"href\":\".\/Vorlage:Webarchiv\"},\"params\":{\"url\":{\"wt\":\"http:\/\/www.rapupdate.de\/farid-bang-veroeffentlicht-noten-seines-abschlusszeugnis\"},\"text\":{\"wt\":\"Farid Bang ver\u00f6ffentlicht Noten seines Abschlusszeugnis\"},\"wayback\":{\"wt\":\"20150709014004\"}},\"i\":0}}]}'\/><a rel=\"external_link\" href=\"https:\/\/web.archive.org\/web\/20150709014004\/http:\/\/www.rapupdate.de\/farid-bang-veroeffentlicht-noten-seines-abschlusszeugnis\" about=\"#mwt16\" class=\"external text\" id=\"rdp-we-mwAqE\" target=\"_new\">Farid Bang ver\u00f6ffentlicht Noten seines Abschlusszeugnis<\/a><span about=\"#mwt16\" id=\"rdp-we-mwAqI\"> (<\/span><span class=\"webarchiv-memento\" about=\"#mwt16\" id=\"rdp-we-mwAqM\"><a rel=\"mw:WikiLink\" href=\"https:\/\/de.wikipedia.org\/wiki\/Webarchivierung#Begrifflichkeiten\" title=\"Webarchivierung\" id=\"rdp-we-mwAqQ\" target=\"_new\" class=\"wiki-link\">Memento<\/a><\/span><span about=\"#mwt16\" id=\"rdp-we-mwAqU\"> vom 9. Juli 2015 im <\/span><i about=\"#mwt16\" id=\"rdp-we-mwAqY\"><a rel=\"mw:WikiLink\" href=\"https:\/\/de.wikipedia.org\/wiki\/Internet_Archive\" title=\"Internet Archive\" id=\"rdp-we-mwAqc\" target=\"_new\" class=\"wiki-link\">Internet Archive<\/a><\/i><span about=\"#mwt16\" id=\"rdp-we-mwAqg\">)<\/span>, 5. Juli 2015<\/span><\/li>\n<li about=\"#cite_note-9\" id=\"cite_note-9\" data-mw-footnote-number=\"9\"><span class=\"mw-cite-backlink\" id=\"rdp-we-mwAqk\"><a href=\"#cite_ref-9\" rel=\"mw:referencedBy\" id=\"rdp-we-mwAqo\"><span class=\"mw-linkback-text\" id=\"rdp-we-mwAqs\">\u2191<\/span><\/a><\/span> <span id=\"rdp-we-mw-reference-text-cite_note-9\" class=\"mw-reference-text reference-text\">Staiger: <link rel=\"mw-deduplicated-inline-style\" href=\"mw-data:TemplateStyles:r261891140\" about=\"#mwt19\" typeof=\"mw:Extension\/templatestyles mw:Transclusion\" id=\"rdp-we-mwAqw\" data-mw='{\"name\":\"templatestyles\",\"attrs\":{\"src\":\"Webarchiv\/styles.css\"},\"parts\":[{\"template\":{\"target\":{\"wt\":\"Webarchiv \",\"href\":\".\/Vorlage:Webarchiv\"},\"params\":{\"url\":{\"wt\":\"http:\/\/www.rap.de\/features\/interview\/6134\"},\"text\":{\"wt\":\"&apos;&apos;Farid Bang \u00fcber Huren, Rap und Integrationspolitik&apos;&apos;\"},\"wayback\":{\"wt\":\"20130527181654\"}},\"i\":0}}]}'\/><a rel=\"external_link\" href=\"https:\/\/web.archive.org\/web\/20130527181654\/http:\/\/www.rap.de\/features\/interview\/6134\" about=\"#mwt19\" class=\"external text\" id=\"rdp-we-mwAq0\" target=\"_new\"><i id=\"rdp-we-mwAq4\">Farid Bang \u00fcber Huren, Rap und Integrationspolitik<\/i><\/a><span about=\"#mwt19\" id=\"rdp-we-mwAq8\"> (<\/span><span class=\"webarchiv-memento\" about=\"#mwt19\" id=\"rdp-we-mwArA\"><a rel=\"mw:WikiLink\" href=\"https:\/\/de.wikipedia.org\/wiki\/Webarchivierung#Begrifflichkeiten\" title=\"Webarchivierung\" id=\"rdp-we-mwArE\" target=\"_new\" class=\"wiki-link\">Memento<\/a><\/span><span about=\"#mwt19\" id=\"rdp-we-mwArI\"> vom 27. Mai 2013 im <\/span><i about=\"#mwt19\" id=\"rdp-we-mwArM\"><a rel=\"mw:WikiLink\" href=\"https:\/\/de.wikipedia.org\/wiki\/Internet_Archive\" title=\"Internet Archive\" id=\"rdp-we-mwArQ\" target=\"_new\" class=\"wiki-link\">Internet Archive<\/a><\/i><span about=\"#mwt19\" id=\"rdp-we-mwArU\">)<\/span> In: <i id=\"rdp-we-mwArY\">Rap.de<\/i>, 30. Juni 2008, abgerufen am 2. Juli 2013.<\/span><\/li>\n<li about=\"#cite_note-10\" id=\"cite_note-10\" data-mw-footnote-number=\"10\"><span class=\"mw-cite-backlink\" id=\"rdp-we-mwArc\"><a href=\"#cite_ref-10\" rel=\"mw:referencedBy\" id=\"rdp-we-mwArg\"><span class=\"mw-linkback-text\" id=\"rdp-we-mwArk\">\u2191<\/span><\/a><\/span> <span id=\"rdp-we-mw-reference-text-cite_note-10\" class=\"mw-reference-text reference-text\"><span class=\"cite\" about=\"#mwt22\" typeof=\"mw:Transclusion\" id=\"rdp-we-mwAro\" data-mw='{\"parts\":[{\"template\":{\"target\":{\"wt\":\"Internetquelle \",\"href\":\".\/Vorlage:Internetquelle\"},\"params\":{\"autor\":{\"wt\":\"HHRedaktion\"},\"url\":{\"wt\":\"https:\/\/hiphop.de\/magazin\/news\/hiphopde-awards-die-offizielle-preisverleihung-167820\"},\"titel\":{\"wt\":\"Hiphop.de Awards: Die offizielle Preisverleihung\"},\"werk\":{\"wt\":\"[[Hiphop.de]]\"},\"abruf\":{\"wt\":\"2021-10-28\"}},\"i\":0}}]}'>HHRedaktion:<span typeof=\"mw:Entity\" id=\"rdp-we-mwArs\"> <\/span><a rel=\"external_link\" href=\"https:\/\/hiphop.de\/magazin\/news\/hiphopde-awards-die-offizielle-preisverleihung-167820\" class=\"external text\" id=\"rdp-we-mwArw\" target=\"_new\"><i id=\"rdp-we-mwAr0\">Hiphop.de Awards: Die offizielle Preisverleihung.<\/i><\/a><span typeof=\"mw:Entity\" id=\"rdp-we-mwAr4\"> <\/span>In:<span typeof=\"mw:Entity\" id=\"rdp-we-mwAr8\"> <\/span><i id=\"rdp-we-mwAsA\"><a rel=\"mw:WikiLink\" href=\"https:\/\/de.wikipedia.org\/wiki\/Hiphop.de\" title=\"Hiphop.de\" id=\"rdp-we-mwAsE\" target=\"_new\" class=\"wiki-link\">Hiphop.de<\/a>.<\/i><span class=\"Abrufdatum\" id=\"rdp-we-mwAsI\"><span typeof=\"mw:Entity\" id=\"rdp-we-mwAsM\"> <\/span>Abgerufen am 28.<span typeof=\"mw:Entity\" id=\"rdp-we-mwAsQ\">\u00a0<\/span>Oktober 2021<\/span>.<\/span><span style=\"display: none;\" class=\"Z3988\" title=\"ctx_ver=Z39.88-2004&amp;rft_val_fmt=info%3Aofi%2Ffmt%3Akev%3Amtx%3Adc&amp;rfr_id=info%3Asid%2Fde.wikipedia.org%3AFarid+Bang&amp;rft.title=Hiphop.de+Awards%3A+Die+offizielle+Preisverleihung&amp;rft.description=Hiphop.de+Awards%3A+Die+offizielle+Preisverleihung&amp;rft.identifier=https%3A%2F%2Fhiphop.de%2Fmagazin%2Fnews%2Fhiphopde-awards-die-offizielle-preisverleihung-167820&amp;rft.creator=HHRedaktion\" about=\"#mwt22\" id=\"rdp-we-mwAsU\"><span typeof=\"mw:Entity\" id=\"rdp-we-mwAsY\">\u00a0<\/span><\/span><\/span><\/li>\n<li about=\"#cite_note-11\" id=\"cite_note-11\" data-mw-footnote-number=\"11\"><span class=\"mw-cite-backlink\" id=\"rdp-we-mwAsc\"><a href=\"#cite_ref-11\" rel=\"mw:referencedBy\" id=\"rdp-we-mwAsg\"><span class=\"mw-linkback-text\" id=\"rdp-we-mwAsk\">\u2191<\/span><\/a><\/span> <span id=\"rdp-we-mw-reference-text-cite_note-11\" class=\"mw-reference-text reference-text\">Oliver Marquart: <link rel=\"mw-deduplicated-inline-style\" href=\"mw-data:TemplateStyles:r261891140\" about=\"#mwt25\" typeof=\"mw:Extension\/templatestyles mw:Transclusion\" id=\"rdp-we-mwAso\" data-mw='{\"name\":\"templatestyles\",\"attrs\":{\"src\":\"Webarchiv\/styles.css\"},\"parts\":[{\"template\":{\"target\":{\"wt\":\"Webarchiv \",\"href\":\".\/Vorlage:Webarchiv\"},\"params\":{\"url\":{\"wt\":\"http:\/\/rap.de\/news\/6203\"},\"text\":{\"wt\":\"&apos;&apos;Farid Bang und B-Tight indiziert&apos;&apos;\"},\"wayback\":{\"wt\":\"20120422134753\"}},\"i\":0}}]}'\/><a rel=\"external_link\" href=\"https:\/\/web.archive.org\/web\/20120422134753\/http:\/\/rap.de\/news\/6203\" about=\"#mwt25\" class=\"external text\" id=\"rdp-we-mwAss\" target=\"_new\"><i id=\"rdp-we-mwAsw\">Farid Bang und B-Tight indiziert<\/i><\/a><span about=\"#mwt25\" id=\"rdp-we-mwAs0\"> (<\/span><span class=\"webarchiv-memento\" about=\"#mwt25\" id=\"rdp-we-mwAs4\"><a rel=\"mw:WikiLink\" href=\"https:\/\/de.wikipedia.org\/wiki\/Webarchivierung#Begrifflichkeiten\" title=\"Webarchivierung\" id=\"rdp-we-mwAs8\" target=\"_new\" class=\"wiki-link\">Memento<\/a><\/span><span about=\"#mwt25\" id=\"rdp-we-mwAtA\"> vom 22. April 2012 im <\/span><i about=\"#mwt25\" id=\"rdp-we-mwAtE\"><a rel=\"mw:WikiLink\" href=\"https:\/\/de.wikipedia.org\/wiki\/Internet_Archive\" title=\"Internet Archive\" id=\"rdp-we-mwAtI\" target=\"_new\" class=\"wiki-link\">Internet Archive<\/a><\/i><span about=\"#mwt25\" id=\"rdp-we-mwAtM\">)<\/span> In: <i id=\"rdp-we-mwAtQ\">Rap.de<\/i>, 1. Februar 2012, abgerufen am 2. Juli 2013.<\/span><\/li>\n<li about=\"#cite_note-12\" id=\"cite_note-12\" data-mw-footnote-number=\"12\"><span class=\"mw-cite-backlink\" id=\"rdp-we-mwAtU\"><a href=\"#cite_ref-12\" rel=\"mw:referencedBy\" id=\"rdp-we-mwAtY\"><span class=\"mw-linkback-text\" id=\"rdp-we-mwAtc\">\u2191<\/span><\/a><\/span> <span id=\"rdp-we-mw-reference-text-cite_note-12\" class=\"mw-reference-text reference-text\"><a rel=\"external_link\" href=\"https:\/\/hiphop.de\/magazin\/news\/dj-tomekk-toony-ver\u00f6ffentlichen-ehrenkodex-168072\" class=\"external text\" id=\"rdp-we-mwAtg\" target=\"_new\"><i id=\"rdp-we-mwAtk\">dj tomekk toony ver\u00f6ffentlichen ehrenkodex<\/i><\/a>, auf hiphop.de, abgerufen am 1. Februar 2019.<\/span><\/li>\n<li about=\"#cite_note-13\" id=\"cite_note-13\" data-mw-footnote-number=\"13\"><span class=\"mw-cite-backlink\" id=\"rdp-we-mwAto\"><a href=\"#cite_ref-13\" rel=\"mw:referencedBy\" id=\"rdp-we-mwAts\"><span class=\"mw-linkback-text\" id=\"rdp-we-mwAtw\">\u2191<\/span><\/a><\/span> <span id=\"rdp-we-mw-reference-text-cite_note-13\" class=\"mw-reference-text reference-text\"><a rel=\"external_link\" href=\"https:\/\/www.youtube.com\/watch?v=CCSMaZhOYPw\" class=\"external text\" id=\"rdp-we-mwAt0\" target=\"_new\"><i id=\"rdp-we-mwAt4\">DJ Tomekk und Farid Bang im Club<\/i><\/a> <i id=\"rdp-we-mwAt8\"><a rel=\"mw:WikiLink\" href=\"https:\/\/de.wikipedia.org\/wiki\/Youtube\" title=\"Youtube\" class=\"mw-redirect wiki-link\" id=\"rdp-we-mwAuA\" target=\"_new\">youtube<\/a><\/i>, abgerufen am 10. M\u00e4rz 2020.<\/span><\/li>\n<li about=\"#cite_note-Stern-14\" id=\"cite_note-Stern-14\" data-mw-footnote-number=\"14\"><span rel=\"mw:referencedBy\" class=\"mw-cite-backlink\" id=\"rdp-we-mwAuE\"><a href=\"#cite_ref-Stern_14-0\" id=\"rdp-we-mwAuI\"><span class=\"mw-linkback-text\" id=\"rdp-we-mwAuM\">1<\/span><\/a> <a href=\"#cite_ref-Stern_14-1\" id=\"rdp-we-mwAuQ\"><span class=\"mw-linkback-text\" id=\"rdp-we-mwAuU\">2<\/span><\/a><\/span> <span id=\"rdp-we-mw-reference-text-cite_note-Stern-14\" class=\"mw-reference-text reference-text\"><span class=\"cite\" about=\"#mwt34\" typeof=\"mw:Transclusion\" id=\"rdp-we-mwAuY\" data-mw='{\"parts\":[{\"template\":{\"target\":{\"wt\":\"Internetquelle \",\"href\":\".\/Vorlage:Internetquelle\"},\"params\":{\"url\":{\"wt\":\"http:\/\/www.stern.de\/kultur\/musik\/deutschrapper-kollegah-und-farid-bang-jung-brutal-massentauglich-1973470.html\"},\"titel\":{\"wt\":\"Deutschrapper Kollegah und Farid Bang: Jung, brutal, massentauglich\"},\"werk\":{\"wt\":\"Stern Online\"},\"datum\":{\"wt\":\"2013-02-19\"},\"abruf\":{\"wt\":\"2013-07-02\"}},\"i\":0}}]}'><a rel=\"external_link\" href=\"http:\/\/www.stern.de\/kultur\/musik\/deutschrapper-kollegah-und-farid-bang-jung-brutal-massentauglich-1973470.html\" class=\"external text\" id=\"rdp-we-mwAuc\" target=\"_new\"><i id=\"rdp-we-mwAug\">Deutschrapper Kollegah und Farid Bang: Jung, brutal, massentauglich.<\/i><\/a><span typeof=\"mw:Entity\" id=\"rdp-we-mwAuk\"> <\/span>In:<span typeof=\"mw:Entity\" id=\"rdp-we-mwAuo\"> <\/span><i id=\"rdp-we-mwAus\">Stern Online.<\/i><span typeof=\"mw:Entity\" id=\"rdp-we-mwAuw\"> <\/span>19.<span typeof=\"mw:Entity\" id=\"rdp-we-mwAu0\">\u00a0<\/span>Februar 2013<span typeof=\"mw:Entity\" id=\"rdp-we-mwAu4\">,<\/span><span class=\"Abrufdatum\" id=\"rdp-we-mwAu8\"><span typeof=\"mw:Entity\" id=\"rdp-we-mwAvA\"> <\/span>abgerufen am 2.<span typeof=\"mw:Entity\" id=\"rdp-we-mwAvE\">\u00a0<\/span>Juli 2013<\/span>.<\/span><span style=\"display: none;\" class=\"Z3988\" title=\"ctx_ver=Z39.88-2004&amp;rft_val_fmt=info%3Aofi%2Ffmt%3Akev%3Amtx%3Adc&amp;rfr_id=info%3Asid%2Fde.wikipedia.org%3AFarid+Bang&amp;rft.title=Deutschrapper+Kollegah+und+Farid+Bang%3A+Jung%2C+brutal%2C+massentauglich&amp;rft.description=Deutschrapper+Kollegah+und+Farid+Bang%3A+Jung%2C+brutal%2C+massentauglich&amp;rft.identifier=http%3A%2F%2Fwww.stern.de%2Fkultur%2Fmusik%2Fdeutschrapper-kollegah-und-farid-bang-jung-brutal-massentauglich-1973470.html&amp;rft.date=2013-02-19\" about=\"#mwt34\" id=\"rdp-we-mwAvI\"><span typeof=\"mw:Entity\" id=\"rdp-we-mwAvM\">\u00a0<\/span><\/span><\/span><\/li>\n<li about=\"#cite_note-15\" id=\"cite_note-15\" data-mw-footnote-number=\"15\"><span class=\"mw-cite-backlink\" id=\"rdp-we-mwAvQ\"><a href=\"#cite_ref-15\" rel=\"mw:referencedBy\" id=\"rdp-we-mwAvU\"><span class=\"mw-linkback-text\" id=\"rdp-we-mwAvY\">\u2191<\/span><\/a><\/span> <span id=\"rdp-we-mw-reference-text-cite_note-15\" class=\"mw-reference-text reference-text\"><span class=\"cite\" about=\"#mwt31\" typeof=\"mw:Transclusion\" id=\"rdp-we-mwAvc\" data-mw='{\"parts\":[{\"template\":{\"target\":{\"wt\":\"cite web \",\"href\":\".\/Vorlage:Cite_web\"},\"params\":{\"last\":{\"wt\":\"JD\"},\"url\":{\"wt\":\"http:\/\/www.jds-rap-blog.de\/2014\/05\/19\/kollegah-charts-verkaufszahlen-zu-king-wer-haette-das-gedacht\"},\"title\":{\"wt\":\"Kollegah Charts &amp; Verkaufszahlen zu \\\"King\\\" - wer h\u00e4tte das gedacht?\"},\"date\":{\"wt\":\"2014-05-19\"},\"archiveurl\":{\"wt\":\"https:\/\/web.archive.org\/web\/20151124221816\/http:\/\/www.jds-rap-blog.de\/2014\/05\/19\/kollegah-charts-verkaufszahlen-zu-king-wer-haette-das-gedacht\"},\"archivedate\":{\"wt\":\"2015-11-24\"},\"accessdate\":{\"wt\":\"2015-03-15\"}},\"i\":0}}]}'>JD:<span typeof=\"mw:Entity\" id=\"rdp-we-mwAvg\"> <\/span><a rel=\"external_link\" href=\"https:\/\/web.archive.org\/web\/20151124221816\/http:\/\/www.jds-rap-blog.de\/2014\/05\/19\/kollegah-charts-verkaufszahlen-zu-king-wer-haette-das-gedacht\" class=\"external text\" id=\"rdp-we-mwAvk\" target=\"_new\"><i id=\"rdp-we-mwAvo\">Kollegah Charts &amp; Verkaufszahlen zu \"King\" - wer h\u00e4tte das gedacht?<\/i><\/a><span typeof=\"mw:Entity\" id=\"rdp-we-mwAvs\"> <\/span>19.<span typeof=\"mw:Entity\" id=\"rdp-we-mwAvw\">\u00a0<\/span>Mai 2014,<span typeof=\"mw:Entity\" id=\"rdp-we-mwAv0\"> <\/span>archiviert<span typeof=\"mw:Entity\" id=\"rdp-we-mwAv4\"> <\/span>vom<span typeof=\"mw:Entity\" id=\"rdp-we-mwAv8\"> <\/span><span class=\"dewiki-iconexternal\" id=\"rdp-we-mwAwE\"><a rel=\"external_link\" href=\"https:\/\/redirecter.toolforge.org\/?url=http%3A%2F%2Fwww.jds-rap-blog.de%2F2014%2F05%2F19%2Fkollegah-charts-verkaufszahlen-zu-king-wer-haette-das-gedacht\" class=\"external text\" id=\"rdp-we-mwAwI\" target=\"_new\">Original<\/a><\/span><span typeof=\"mw:Entity\" id=\"rdp-we-mwAwM\"> <\/span>am<span typeof=\"mw:Entity\" id=\"rdp-we-mwAwQ\"> <\/span><span style=\"white-space:nowrap;\" id=\"rdp-we-mwAwU\">24.<span typeof=\"mw:Entity\" id=\"rdp-we-mwAwY\">\u00a0<\/span>November 2015<\/span><span id=\"rdp-we-mwAwc\">;<\/span><span class=\"Abrufdatum\" id=\"rdp-we-mwAwg\"><span typeof=\"mw:Entity\" id=\"rdp-we-mwAwk\"> <\/span>abgerufen am 15.<span typeof=\"mw:Entity\" id=\"rdp-we-mwAwo\">\u00a0<\/span>M\u00e4rz 2015<\/span>.<\/span><span style=\"display: none;\" class=\"Z3988\" title=\"ctx_ver=Z39.88-2004&amp;rft_val_fmt=info%3Aofi%2Ffmt%3Akev%3Amtx%3Adc&amp;rfr_id=info%3Asid%2Fde.wikipedia.org%3AFarid+Bang&amp;rft.title=Kollegah+Charts+%26+Verkaufszahlen+zu+%22King%22+-+wer+h%C3%A4tte+das+gedacht%3F&amp;rft.description=Kollegah+Charts+%26+Verkaufszahlen+zu+%22King%22+-+wer+h%C3%A4tte+das+gedacht%3F&amp;rft.identifier=https%3A%2F%2Fweb.archive.org%2Fweb%2F20151124221816%2Fhttp%3A%2F%2Fwww.jds-rap-blog.de%2F2014%2F05%2F19%2Fkollegah-charts-verkaufszahlen-zu-king-wer-haette-das-gedacht&amp;rft.creator=JD&amp;rft.date=2014-05-19&amp;rft.source=http:\/\/www.jds-rap-blog.de\/2014\/05\/19\/kollegah-charts-verkaufszahlen-zu-king-wer-haette-das-gedacht\" about=\"#mwt31\" id=\"rdp-we-mwAws\"><span typeof=\"mw:Entity\" id=\"rdp-we-mwAww\">\u00a0<\/span><\/span><\/span><\/li>\n<li about=\"#cite_note-16\" id=\"cite_note-16\" data-mw-footnote-number=\"16\"><span class=\"mw-cite-backlink\" id=\"rdp-we-mwAw0\"><a href=\"#cite_ref-16\" rel=\"mw:referencedBy\" id=\"rdp-we-mwAw4\"><span class=\"mw-linkback-text\" id=\"rdp-we-mwAw8\">\u2191<\/span><\/a><\/span> <span id=\"rdp-we-mw-reference-text-cite_note-16\" class=\"mw-reference-text reference-text\"><span class=\"cite\" about=\"#mwt36\" typeof=\"mw:Transclusion\" id=\"rdp-we-mwAxA\" data-mw='{\"parts\":[{\"template\":{\"target\":{\"wt\":\"Internetquelle \",\"href\":\".\/Vorlage:Internetquelle\"},\"params\":{\"autor\":{\"wt\":\"\"},\"url\":{\"wt\":\"https:\/\/hiphop.de\/video\/farid-bang-und-elyas-mbarek-bei-der-fuck-ju-g%C3%B6hte-premiere\"},\"titel\":{\"wt\":\"Farid Bang und Elyas M&apos;Barek bei der \\\"Fack Ju G\u00f6hte\\\"-Premiere\"},\"werk\":{\"wt\":\"hiphop.de\"},\"datum\":{\"wt\":\"2013-11-12\"},\"sprache\":{\"wt\":\"de-DE\"},\"abruf\":{\"wt\":\"2025-11-04\"}},\"i\":0}}]}'><a rel=\"external_link\" href=\"https:\/\/hiphop.de\/video\/farid-bang-und-elyas-mbarek-bei-der-fuck-ju-g%C3%B6hte-premiere\" class=\"external text\" id=\"rdp-we-mwAxE\" target=\"_new\"><i id=\"rdp-we-mwAxI\">Farid Bang und Elyas M'Barek bei der \"Fack Ju G\u00f6hte\"-Premiere.<\/i><\/a><span typeof=\"mw:Entity\" id=\"rdp-we-mwAxM\"> <\/span>In:<span typeof=\"mw:Entity\" id=\"rdp-we-mwAxQ\"> <\/span><i id=\"rdp-we-mwAxU\">hiphop.de.<\/i><span typeof=\"mw:Entity\" id=\"rdp-we-mwAxY\"> <\/span>12.<span typeof=\"mw:Entity\" id=\"rdp-we-mwAxc\">\u00a0<\/span>November 2013<span typeof=\"mw:Entity\" id=\"rdp-we-mwAxg\">,<\/span><span class=\"Abrufdatum\" id=\"rdp-we-mwAxk\"><span typeof=\"mw:Entity\" id=\"rdp-we-mwAxo\"> <\/span>abgerufen am 4.<span typeof=\"mw:Entity\" id=\"rdp-we-mwAxs\">\u00a0<\/span>November 2025<\/span><span typeof=\"mw:Entity\" id=\"rdp-we-mwAxw\"> <\/span>(deutsch).<\/span><span style=\"display: none;\" class=\"Z3988\" title=\"ctx_ver=Z39.88-2004&amp;rft_val_fmt=info%3Aofi%2Ffmt%3Akev%3Amtx%3Adc&amp;rfr_id=info%3Asid%2Fde.wikipedia.org%3AFarid+Bang&amp;rft.title=Farid+Bang+und+Elyas+M%27Barek+bei+der+%22Fack+Ju+G%C3%B6hte%22-Premiere&amp;rft.description=Farid+Bang+und+Elyas+M%27Barek+bei+der+%22Fack+Ju+G%C3%B6hte%22-Premiere&amp;rft.identifier=https%3A%2F%2Fhiphop.de%2Fvideo%2Ffarid-bang-und-elyas-mbarek-bei-der-fuck-ju-g%25C3%25B6hte-premiere&amp;rft.date=2013-11-12&amp;rft.language=de-DE\" about=\"#mwt36\" id=\"rdp-we-mwAx0\"><span typeof=\"mw:Entity\" id=\"rdp-we-mwAx4\">\u00a0<\/span><\/span><\/span><\/li>\n<li about=\"#cite_note-17\" id=\"cite_note-17\" data-mw-footnote-number=\"17\"><span class=\"mw-cite-backlink\" id=\"rdp-we-mwAx8\"><a href=\"#cite_ref-17\" rel=\"mw:referencedBy\" id=\"rdp-we-mwAyA\"><span class=\"mw-linkback-text\" id=\"rdp-we-mwAyE\">\u2191<\/span><\/a><\/span> <span id=\"rdp-we-mw-reference-text-cite_note-17\" class=\"mw-reference-text reference-text\"><span class=\"cite\" about=\"#mwt38\" typeof=\"mw:Transclusion\" id=\"rdp-we-mwAyI\" data-mw='{\"parts\":[{\"template\":{\"target\":{\"wt\":\"Internetquelle \",\"href\":\".\/Vorlage:Internetquelle\"},\"params\":{\"url\":{\"wt\":\"https:\/\/www.spiegel.de\/kultur\/kino\/fack-ju-goehte-2-was-der-neue-trailer-verraet-a-1047332.html\"},\"titel\":{\"wt\":\"\\\"Fack ju G\u00f6hte 2\\\"-Trailer: Muschi-Witze unter Palmen\"},\"werk\":{\"wt\":\"Spiegel\"},\"datum\":{\"wt\":\"2015-08-08\"},\"sprache\":{\"wt\":\"de-DE\"},\"abruf\":{\"wt\":\"2025-11-04\"}},\"i\":0}}]}'><a rel=\"external_link\" href=\"https:\/\/www.spiegel.de\/kultur\/kino\/fack-ju-goehte-2-was-der-neue-trailer-verraet-a-1047332.html\" class=\"external text\" id=\"rdp-we-mwAyM\" target=\"_new\"><i id=\"rdp-we-mwAyQ\">\"Fack ju G\u00f6hte 2\"-Trailer: Muschi-Witze unter Palmen.<\/i><\/a><span typeof=\"mw:Entity\" id=\"rdp-we-mwAyU\"> <\/span>In:<span typeof=\"mw:Entity\" id=\"rdp-we-mwAyY\"> <\/span><i id=\"rdp-we-mwAyc\">Spiegel.<\/i><span typeof=\"mw:Entity\" id=\"rdp-we-mwAyg\"> <\/span>8.<span typeof=\"mw:Entity\" id=\"rdp-we-mwAyk\">\u00a0<\/span>August 2015<span typeof=\"mw:Entity\" id=\"rdp-we-mwAyo\">,<\/span><span class=\"Abrufdatum\" id=\"rdp-we-mwAys\"><span typeof=\"mw:Entity\" id=\"rdp-we-mwAyw\"> <\/span>abgerufen am 4.<span typeof=\"mw:Entity\" id=\"rdp-we-mwAy0\">\u00a0<\/span>November 2025<\/span><span typeof=\"mw:Entity\" id=\"rdp-we-mwAy4\"> <\/span>(deutsch).<\/span><span style=\"display: none;\" class=\"Z3988\" title=\"ctx_ver=Z39.88-2004&amp;rft_val_fmt=info%3Aofi%2Ffmt%3Akev%3Amtx%3Adc&amp;rfr_id=info%3Asid%2Fde.wikipedia.org%3AFarid+Bang&amp;rft.title=%22Fack+ju+G%C3%B6hte+2%22-Trailer%3A+Muschi-Witze+unter+Palmen&amp;rft.description=%22Fack+ju+G%C3%B6hte+2%22-Trailer%3A+Muschi-Witze+unter+Palmen&amp;rft.identifier=https%3A%2F%2Fwww.spiegel.de%2Fkultur%2Fkino%2Ffack-ju-goehte-2-was-der-neue-trailer-verraet-a-1047332.html&amp;rft.date=2015-08-08&amp;rft.language=de-DE\" about=\"#mwt38\" id=\"rdp-we-mwAy8\"><span typeof=\"mw:Entity\" id=\"rdp-we-mwAzA\">\u00a0<\/span><\/span><\/span><\/li>\n<li about=\"#cite_note-18\" id=\"cite_note-18\" data-mw-footnote-number=\"18\"><span class=\"mw-cite-backlink\" id=\"rdp-we-mwAzE\"><a href=\"#cite_ref-18\" rel=\"mw:referencedBy\" id=\"rdp-we-mwAzI\"><span class=\"mw-linkback-text\" id=\"rdp-we-mwAzM\">\u2191<\/span><\/a><\/span> <span id=\"rdp-we-mw-reference-text-cite_note-18\" class=\"mw-reference-text reference-text\"><span class=\"cite\" about=\"#mwt40\" typeof=\"mw:Transclusion\" id=\"rdp-we-mwAzQ\" data-mw='{\"parts\":[{\"template\":{\"target\":{\"wt\":\"Internetquelle \",\"href\":\".\/Vorlage:Internetquelle\"},\"params\":{\"autor\":{\"wt\":\"David Molke\"},\"url\":{\"wt\":\"https:\/\/hiphop.de\/magazin\/news\/farid-bang-spielt-auch-in-fack-ju-goethe-3-wieder-mit-302815\"},\"titel\":{\"wt\":\"Farid Bang spielt auch in \\\"Fack ju G\u00f6hte 3\\\" wieder mit\"},\"werk\":{\"wt\":\"hiphop.de\"},\"datum\":{\"wt\":\"2017-05-11\"},\"sprache\":{\"wt\":\"de-DE\"},\"abruf\":{\"wt\":\"2025-11-04\"}},\"i\":0}}]}'>David Molke:<span typeof=\"mw:Entity\" id=\"rdp-we-mwAzU\"> <\/span><a rel=\"external_link\" href=\"https:\/\/hiphop.de\/magazin\/news\/farid-bang-spielt-auch-in-fack-ju-goethe-3-wieder-mit-302815\" class=\"external text\" id=\"rdp-we-mwAzY\" target=\"_new\"><i id=\"rdp-we-mwAzc\">Farid Bang spielt auch in \"Fack ju G\u00f6hte 3\" wieder mit.<\/i><\/a><span typeof=\"mw:Entity\" id=\"rdp-we-mwAzg\"> <\/span>In:<span typeof=\"mw:Entity\" id=\"rdp-we-mwAzk\"> <\/span><i id=\"rdp-we-mwAzo\">hiphop.de.<\/i><span typeof=\"mw:Entity\" id=\"rdp-we-mwAzs\"> <\/span>11.<span typeof=\"mw:Entity\" id=\"rdp-we-mwAzw\">\u00a0<\/span>Mai 2017<span typeof=\"mw:Entity\" id=\"rdp-we-mwAz0\">,<\/span><span class=\"Abrufdatum\" id=\"rdp-we-mwAz4\"><span typeof=\"mw:Entity\" id=\"rdp-we-mwAz8\"> <\/span>abgerufen am 4.<span typeof=\"mw:Entity\" id=\"rdp-we-mwA0A\">\u00a0<\/span>November 2025<\/span><span typeof=\"mw:Entity\" id=\"rdp-we-mwA0E\"> <\/span>(deutsch).<\/span><span style=\"display: none;\" class=\"Z3988\" title=\"ctx_ver=Z39.88-2004&amp;rft_val_fmt=info%3Aofi%2Ffmt%3Akev%3Amtx%3Adc&amp;rfr_id=info%3Asid%2Fde.wikipedia.org%3AFarid+Bang&amp;rft.title=Farid+Bang+spielt+auch+in+%22Fack+ju+G%C3%B6hte+3%22+wieder+mit&amp;rft.description=Farid+Bang+spielt+auch+in+%22Fack+ju+G%C3%B6hte+3%22+wieder+mit&amp;rft.identifier=https%3A%2F%2Fhiphop.de%2Fmagazin%2Fnews%2Ffarid-bang-spielt-auch-in-fack-ju-goethe-3-wieder-mit-302815&amp;rft.creator=David+Molke&amp;rft.date=2017-05-11&amp;rft.language=de-DE\" about=\"#mwt40\" id=\"rdp-we-mwA0I\"><span typeof=\"mw:Entity\" id=\"rdp-we-mwA0M\">\u00a0<\/span><\/span><\/span><\/li>\n<li about=\"#cite_note-Musik.bz_-_Deutsche_Musikdatenbank-19\" id=\"cite_note-Musik.bz_-_Deutsche_Musikdatenbank-19\" data-mw-footnote-number=\"19\"><span class=\"mw-cite-backlink\" id=\"rdp-we-mwA0Q\"><a href=\"#cite_ref-Musik.bz_-_Deutsche_Musikdatenbank_19-0\" rel=\"mw:referencedBy\" id=\"rdp-we-mwA0U\"><span class=\"mw-linkback-text\" id=\"rdp-we-mwA0Y\">\u2191<\/span><\/a><\/span> <span id=\"rdp-we-mw-reference-text-cite_note-Musik.bz_-_Deutsche_Musikdatenbank-19\" class=\"mw-reference-text reference-text\"><link rel=\"mw-deduplicated-inline-style\" href=\"mw-data:TemplateStyles:r261891140\" about=\"#mwt42\" typeof=\"mw:Extension\/templatestyles mw:Transclusion\" id=\"rdp-we-mwA0c\" data-mw='{\"name\":\"templatestyles\",\"attrs\":{\"src\":\"Webarchiv\/styles.css\"},\"parts\":[{\"template\":{\"target\":{\"wt\":\"Webarchiv \",\"href\":\".\/Vorlage:Webarchiv\"},\"params\":{\"url\":{\"wt\":\"http:\/\/musik.bz\/farid-bang\/killa\/\"},\"text\":{\"wt\":\"&apos;&apos;Killa.&apos;&apos;\"},\"wayback\":{\"wt\":\"20140104204308\"}},\"i\":0}}]}'\/><a rel=\"external_link\" href=\"https:\/\/web.archive.org\/web\/20140104204308\/http:\/\/musik.bz\/farid-bang\/killa\/\" about=\"#mwt42\" class=\"external text\" id=\"rdp-we-mwA0g\" target=\"_new\"><i id=\"rdp-we-mwA0k\">Killa.<\/i><\/a><span about=\"#mwt42\" id=\"rdp-we-mwA0o\"> (<\/span><span class=\"webarchiv-memento\" about=\"#mwt42\" id=\"rdp-we-mwA0s\"><a rel=\"mw:WikiLink\" href=\"https:\/\/de.wikipedia.org\/wiki\/Webarchivierung#Begrifflichkeiten\" title=\"Webarchivierung\" id=\"rdp-we-mwA0w\" target=\"_new\" class=\"wiki-link\">Memento<\/a><\/span><span about=\"#mwt42\" id=\"rdp-we-mwA00\"> vom 4. Januar 2014 im <\/span><i about=\"#mwt42\" id=\"rdp-we-mwA04\"><a rel=\"mw:WikiLink\" href=\"https:\/\/de.wikipedia.org\/wiki\/Internet_Archive\" title=\"Internet Archive\" id=\"rdp-we-mwA08\" target=\"_new\" class=\"wiki-link\">Internet Archive<\/a><\/i><span about=\"#mwt42\" id=\"rdp-we-mwA1A\">)<\/span> Abgerufen am 4. Januar 2014.<\/span><\/li>\n<li about=\"#cite_note-20\" id=\"cite_note-20\" data-mw-footnote-number=\"20\"><span class=\"mw-cite-backlink\" id=\"rdp-we-mwA1E\"><a href=\"#cite_ref-20\" rel=\"mw:referencedBy\" id=\"rdp-we-mwA1I\"><span class=\"mw-linkback-text\" id=\"rdp-we-mwA1M\">\u2191<\/span><\/a><\/span> <span id=\"rdp-we-mw-reference-text-cite_note-20\" class=\"mw-reference-text reference-text\"><a rel=\"external_link\" href=\"http:\/\/www.warnermusic.de\/news\/2016-01-12\/farid-bang-liefert-gewaltigen-song-creed-zum-neuen-rocky-film\" class=\"external text\" id=\"rdp-we-mwA1Q\" target=\"_new\"><i id=\"rdp-we-mwA1U\">Farid Bang liefert gewaltigen Song \"CREED\" zum neuen Rocky-Film<\/i><\/a>, Warner Music, 12. Januar 2016<\/span><\/li>\n<li about=\"#cite_note-21\" id=\"cite_note-21\" data-mw-footnote-number=\"21\"><span class=\"mw-cite-backlink\" id=\"rdp-we-mwA1Y\"><a href=\"#cite_ref-21\" rel=\"mw:referencedBy\" id=\"rdp-we-mwA1c\"><span class=\"mw-linkback-text\" id=\"rdp-we-mwA1g\">\u2191<\/span><\/a><\/span> <span id=\"rdp-we-mw-reference-text-cite_note-21\" class=\"mw-reference-text reference-text\"><span class=\"cite\" about=\"#mwt46\" typeof=\"mw:Transclusion\" id=\"rdp-we-mwA1k\" data-mw='{\"parts\":[{\"template\":{\"target\":{\"wt\":\"Internetquelle \",\"href\":\".\/Vorlage:Internetquelle\"},\"params\":{\"autor\":{\"wt\":\"Louis Richter\"},\"url\":{\"wt\":\"https:\/\/rap.de\/allgemein\/78372-farid-bang-kuendigt-neues-album-blut-an\/\"},\"titel\":{\"wt\":\"Farid Bang k\u00fcndigt neues Album \u201eBlut\u201c an\"},\"datum\":{\"wt\":\"2016-03-31\"},\"abruf\":{\"wt\":\"2018-04-03\"}},\"i\":0}}]}'>Louis Richter:<span typeof=\"mw:Entity\" id=\"rdp-we-mwA1o\"> <\/span><a rel=\"external_link\" href=\"https:\/\/rap.de\/allgemein\/78372-farid-bang-kuendigt-neues-album-blut-an\/\" class=\"external text\" id=\"rdp-we-mwA1s\" target=\"_new\"><i id=\"rdp-we-mwA1w\">Farid Bang k\u00fcndigt neues Album \u201eBlut\u201c an.<\/i><\/a><span typeof=\"mw:Entity\" id=\"rdp-we-mwA10\"> <\/span>31.<span typeof=\"mw:Entity\" id=\"rdp-we-mwA14\">\u00a0<\/span>M\u00e4rz 2016<span typeof=\"mw:Entity\" id=\"rdp-we-mwA18\">,<\/span><span class=\"Abrufdatum\" id=\"rdp-we-mwA2A\"><span typeof=\"mw:Entity\" id=\"rdp-we-mwA2E\"> <\/span>abgerufen am 3.<span typeof=\"mw:Entity\" id=\"rdp-we-mwA2I\">\u00a0<\/span>April 2018<\/span>.<\/span><span style=\"display: none;\" class=\"Z3988\" title=\"ctx_ver=Z39.88-2004&amp;rft_val_fmt=info%3Aofi%2Ffmt%3Akev%3Amtx%3Adc&amp;rfr_id=info%3Asid%2Fde.wikipedia.org%3AFarid+Bang&amp;rft.title=Farid+Bang+k%C3%BCndigt+neues+Album+%E2%80%9EBlut%E2%80%9C+an&amp;rft.description=Farid+Bang+k%C3%BCndigt+neues+Album+%E2%80%9EBlut%E2%80%9C+an&amp;rft.identifier=https%3A%2F%2Frap.de%2Fallgemein%2F78372-farid-bang-kuendigt-neues-album-blut-an%2F&amp;rft.creator=Louis+Richter&amp;rft.date=2016-03-31\" about=\"#mwt46\" id=\"rdp-we-mwA2M\"><span typeof=\"mw:Entity\" id=\"rdp-we-mwA2Q\">\u00a0<\/span><\/span><\/span><\/li>\n<li about=\"#cite_note-22\" id=\"cite_note-22\" data-mw-footnote-number=\"22\"><span class=\"mw-cite-backlink\" id=\"rdp-we-mwA2U\"><a href=\"#cite_ref-22\" rel=\"mw:referencedBy\" id=\"rdp-we-mwA2Y\"><span class=\"mw-linkback-text\" id=\"rdp-we-mwA2c\">\u2191<\/span><\/a><\/span> <span id=\"rdp-we-mw-reference-text-cite_note-22\" class=\"mw-reference-text reference-text\"><span class=\"cite\" about=\"#mwt48\" typeof=\"mw:Transclusion\" id=\"rdp-we-mwA2g\" data-mw='{\"parts\":[{\"template\":{\"target\":{\"wt\":\"Internetquelle \",\"href\":\".\/Vorlage:Internetquelle\"},\"params\":{\"url\":{\"wt\":\"http:\/\/www.16bars.de\/newsartikel\/230161\/farid-bang-und-kollegah-feiern-gold-mit-jbg-3\/\"},\"titel\":{\"wt\":\"Farid Bang und Kollegah feiern Goldstatus von \u201cJBG 3\u201d\"},\"werk\":{\"wt\":\"16bars\"},\"datum\":{\"wt\":\"2017-12-01\"},\"abruf\":{\"wt\":\"2017-12-02\"}},\"i\":0}}]}'><a rel=\"external_link\" href=\"http:\/\/www.16bars.de\/newsartikel\/230161\/farid-bang-und-kollegah-feiern-gold-mit-jbg-3\/\" class=\"external text\" id=\"rdp-we-mwA2k\" target=\"_new\"><i id=\"rdp-we-mwA2o\">Farid Bang und Kollegah feiern Goldstatus von \u201cJBG 3\u201d.<\/i><\/a><span typeof=\"mw:Entity\" id=\"rdp-we-mwA2s\"> <\/span>In:<span typeof=\"mw:Entity\" id=\"rdp-we-mwA2w\"> <\/span><i id=\"rdp-we-mwA20\">16bars.<\/i><span typeof=\"mw:Entity\" id=\"rdp-we-mwA24\"> <\/span>1.<span typeof=\"mw:Entity\" id=\"rdp-we-mwA28\">\u00a0<\/span>Dezember 2017<span typeof=\"mw:Entity\" id=\"rdp-we-mwA3A\">,<\/span><span class=\"Abrufdatum\" id=\"rdp-we-mwA3E\"><span typeof=\"mw:Entity\" id=\"rdp-we-mwA3I\"> <\/span>abgerufen am 2.<span typeof=\"mw:Entity\" id=\"rdp-we-mwA3M\">\u00a0<\/span>Dezember 2017<\/span>.<\/span><span style=\"display: none;\" class=\"Z3988\" title=\"ctx_ver=Z39.88-2004&amp;rft_val_fmt=info%3Aofi%2Ffmt%3Akev%3Amtx%3Adc&amp;rfr_id=info%3Asid%2Fde.wikipedia.org%3AFarid+Bang&amp;rft.title=Farid+Bang+und+Kollegah+feiern+Goldstatus+von+%E2%80%9CJBG+3%E2%80%9D&amp;rft.description=Farid+Bang+und+Kollegah+feiern+Goldstatus+von+%E2%80%9CJBG+3%E2%80%9D&amp;rft.identifier=http%3A%2F%2Fwww.16bars.de%2Fnewsartikel%2F230161%2Ffarid-bang-und-kollegah-feiern-gold-mit-jbg-3%2F&amp;rft.date=2017-12-01\" about=\"#mwt48\" id=\"rdp-we-mwA3Q\"><span typeof=\"mw:Entity\" id=\"rdp-we-mwA3U\">\u00a0<\/span><\/span><\/span><\/li>\n<li about=\"#cite_note-23\" id=\"cite_note-23\" data-mw-footnote-number=\"23\"><span class=\"mw-cite-backlink\" id=\"rdp-we-mwA3Y\"><a href=\"#cite_ref-23\" rel=\"mw:referencedBy\" id=\"rdp-we-mwA3c\"><span class=\"mw-linkback-text\" id=\"rdp-we-mwA3g\">\u2191<\/span><\/a><\/span> <span id=\"rdp-we-mw-reference-text-cite_note-23\" class=\"mw-reference-text reference-text\"><span class=\"cite\" about=\"#mwt50\" typeof=\"mw:Transclusion\" id=\"rdp-we-mwA3k\" data-mw='{\"parts\":[{\"template\":{\"target\":{\"wt\":\"Internetquelle \",\"href\":\".\/Vorlage:Internetquelle\"},\"params\":{\"url\":{\"wt\":\"https:\/\/www.16bars.de\/newsartikel\/257955\/farid-bang-verschiebt-releasevon-genkidama\/\"},\"titel\":{\"wt\":\"Farid Bang verschiebt Release von \\\"Genkidama\\\" {{!}} 16BARS\"},\"werk\":{\"wt\":\"16BARS.DE\"},\"datum\":{\"wt\":\"2020-03-25\"},\"abruf\":{\"wt\":\"2020-05-29\"}},\"i\":0}}]}'><a rel=\"external_link\" href=\"https:\/\/www.16bars.de\/newsartikel\/257955\/farid-bang-verschiebt-releasevon-genkidama\/\" class=\"external text\" id=\"rdp-we-mwA3o\" target=\"_new\"><i id=\"rdp-we-mwA3s\">Farid Bang verschiebt Release von \"Genkidama\" <span typeof=\"mw:Entity\" id=\"rdp-we-mwA3w\">|<\/span> 16BARS.<\/i><\/a><span typeof=\"mw:Entity\" id=\"rdp-we-mwA30\"> <\/span>In:<span typeof=\"mw:Entity\" id=\"rdp-we-mwA34\"> <\/span><i id=\"rdp-we-mwA38\">16BARS.DE.<\/i><span typeof=\"mw:Entity\" id=\"rdp-we-mwA4A\"> <\/span>25.<span typeof=\"mw:Entity\" id=\"rdp-we-mwA4E\">\u00a0<\/span>M\u00e4rz 2020<span typeof=\"mw:Entity\" id=\"rdp-we-mwA4I\">,<\/span><span class=\"Abrufdatum\" id=\"rdp-we-mwA4M\"><span typeof=\"mw:Entity\" id=\"rdp-we-mwA4Q\"> <\/span>abgerufen am 29.<span typeof=\"mw:Entity\" id=\"rdp-we-mwA4U\">\u00a0<\/span>Mai 2020<\/span>.<\/span><span style=\"display: none;\" class=\"Z3988\" title=\"ctx_ver=Z39.88-2004&amp;rft_val_fmt=info%3Aofi%2Ffmt%3Akev%3Amtx%3Adc&amp;rfr_id=info%3Asid%2Fde.wikipedia.org%3AFarid+Bang&amp;rft.title=Farid+Bang+verschiebt+Release+von+%22Genkidama%22+%7C+16BARS&amp;rft.description=Farid+Bang+verschiebt+Release+von+%22Genkidama%22+%7C+16BARS&amp;rft.identifier=https%3A%2F%2Fwww.16bars.de%2Fnewsartikel%2F257955%2Ffarid-bang-verschiebt-releasevon-genkidama%2F&amp;rft.date=2020-03-25\" about=\"#mwt50\" id=\"rdp-we-mwA4Y\"><span typeof=\"mw:Entity\" id=\"rdp-we-mwA4c\">\u00a0<\/span><\/span><\/span><\/li>\n<li about=\"#cite_note-24\" id=\"cite_note-24\" data-mw-footnote-number=\"24\"><span class=\"mw-cite-backlink\" id=\"rdp-we-mwA4g\"><a href=\"#cite_ref-24\" rel=\"mw:referencedBy\" id=\"rdp-we-mwA4k\"><span class=\"mw-linkback-text\" id=\"rdp-we-mwA4o\">\u2191<\/span><\/a><\/span> <span id=\"rdp-we-mw-reference-text-cite_note-24\" class=\"mw-reference-text reference-text\"><span class=\"cite\" about=\"#mwt52\" typeof=\"mw:Transclusion\" id=\"rdp-we-mwA4s\" data-mw='{\"parts\":[{\"template\":{\"target\":{\"wt\":\"Internetquelle \",\"href\":\".\/Vorlage:Internetquelle\"},\"params\":{\"url\":{\"wt\":\"https:\/\/www.16bars.de\/newsartikel\/257955\/farid-bang-verschiebt-releasevon-genkidama\/\"},\"titel\":{\"wt\":\"Farid Bang verschiebt Release von \\\"Genkidama\\\" {{!}} 16BARS\"},\"werk\":{\"wt\":\"16BARS.DE\"},\"datum\":{\"wt\":\"2020-03-25\"},\"abruf\":{\"wt\":\"2020-05-29\"}},\"i\":0}}]}'><a rel=\"external_link\" href=\"https:\/\/www.16bars.de\/newsartikel\/257955\/farid-bang-verschiebt-releasevon-genkidama\/\" class=\"external text\" id=\"rdp-we-mwA4w\" target=\"_new\"><i id=\"rdp-we-mwA40\">Farid Bang verschiebt Release von \"Genkidama\" <span typeof=\"mw:Entity\" id=\"rdp-we-mwA44\">|<\/span> 16BARS.<\/i><\/a><span typeof=\"mw:Entity\" id=\"rdp-we-mwA48\"> <\/span>In:<span typeof=\"mw:Entity\" id=\"rdp-we-mwA5A\"> <\/span><i id=\"rdp-we-mwA5E\">16BARS.DE.<\/i><span typeof=\"mw:Entity\" id=\"rdp-we-mwA5I\"> <\/span>25.<span typeof=\"mw:Entity\" id=\"rdp-we-mwA5M\">\u00a0<\/span>M\u00e4rz 2020<span typeof=\"mw:Entity\" id=\"rdp-we-mwA5Q\">,<\/span><span class=\"Abrufdatum\" id=\"rdp-we-mwA5U\"><span typeof=\"mw:Entity\" id=\"rdp-we-mwA5Y\"> <\/span>abgerufen am 29.<span typeof=\"mw:Entity\" id=\"rdp-we-mwA5c\">\u00a0<\/span>Mai 2020<\/span>.<\/span><span style=\"display: none;\" class=\"Z3988\" title=\"ctx_ver=Z39.88-2004&amp;rft_val_fmt=info%3Aofi%2Ffmt%3Akev%3Amtx%3Adc&amp;rfr_id=info%3Asid%2Fde.wikipedia.org%3AFarid+Bang&amp;rft.title=Farid+Bang+verschiebt+Release+von+%22Genkidama%22+%7C+16BARS&amp;rft.description=Farid+Bang+verschiebt+Release+von+%22Genkidama%22+%7C+16BARS&amp;rft.identifier=https%3A%2F%2Fwww.16bars.de%2Fnewsartikel%2F257955%2Ffarid-bang-verschiebt-releasevon-genkidama%2F&amp;rft.date=2020-03-25\" about=\"#mwt52\" id=\"rdp-we-mwA5g\"><span typeof=\"mw:Entity\" id=\"rdp-we-mwA5k\">\u00a0<\/span><\/span><\/span><\/li>\n<li about=\"#cite_note-25\" id=\"cite_note-25\" data-mw-footnote-number=\"25\"><span class=\"mw-cite-backlink\" id=\"rdp-we-mwA5o\"><a href=\"#cite_ref-25\" rel=\"mw:referencedBy\" id=\"rdp-we-mwA5s\"><span class=\"mw-linkback-text\" id=\"rdp-we-mwA5w\">\u2191<\/span><\/a><\/span> <span id=\"rdp-we-mw-reference-text-cite_note-25\" class=\"mw-reference-text reference-text\"><span class=\"cite\" about=\"#mwt54\" typeof=\"mw:Transclusion\" id=\"rdp-we-mwA50\" data-mw='{\"parts\":[{\"template\":{\"target\":{\"wt\":\"Internetquelle \",\"href\":\".\/Vorlage:Internetquelle\"},\"params\":{\"url\":{\"wt\":\"https:\/\/www.16bars.de\/newsartikel\/262726\/farid-bang-veroeffentlicht-seine-kamehameha-ep\/\"},\"titel\":{\"wt\":\"Farid Bang ver\u00f6ffentlicht seine \\\"Kamehameha EP\\\" {{!}} 16BARS\"},\"werk\":{\"wt\":\"16BARS.DE\"},\"datum\":{\"wt\":\"2020-05-28\"},\"abruf\":{\"wt\":\"2020-05-29\"}},\"i\":0}}]}'><a rel=\"external_link\" href=\"https:\/\/www.16bars.de\/newsartikel\/262726\/farid-bang-veroeffentlicht-seine-kamehameha-ep\/\" class=\"external text\" id=\"rdp-we-mwA54\" target=\"_new\"><i id=\"rdp-we-mwA58\">Farid Bang ver\u00f6ffentlicht seine \"Kamehameha EP\" <span typeof=\"mw:Entity\" id=\"rdp-we-mwA6A\">|<\/span> 16BARS.<\/i><\/a><span typeof=\"mw:Entity\" id=\"rdp-we-mwA6E\"> <\/span>In:<span typeof=\"mw:Entity\" id=\"rdp-we-mwA6I\"> <\/span><i id=\"rdp-we-mwA6M\">16BARS.DE.<\/i><span typeof=\"mw:Entity\" id=\"rdp-we-mwA6Q\"> <\/span>28.<span typeof=\"mw:Entity\" id=\"rdp-we-mwA6U\">\u00a0<\/span>Mai 2020<span typeof=\"mw:Entity\" id=\"rdp-we-mwA6Y\">,<\/span><span class=\"Abrufdatum\" id=\"rdp-we-mwA6c\"><span typeof=\"mw:Entity\" id=\"rdp-we-mwA6g\"> <\/span>abgerufen am 29.<span typeof=\"mw:Entity\" id=\"rdp-we-mwA6k\">\u00a0<\/span>Mai 2020<\/span>.<\/span><span style=\"display: none;\" class=\"Z3988\" title=\"ctx_ver=Z39.88-2004&amp;rft_val_fmt=info%3Aofi%2Ffmt%3Akev%3Amtx%3Adc&amp;rfr_id=info%3Asid%2Fde.wikipedia.org%3AFarid+Bang&amp;rft.title=Farid+Bang+ver%C3%B6ffentlicht+seine+%22Kamehameha+EP%22+%7C+16BARS&amp;rft.description=Farid+Bang+ver%C3%B6ffentlicht+seine+%22Kamehameha+EP%22+%7C+16BARS&amp;rft.identifier=https%3A%2F%2Fwww.16bars.de%2Fnewsartikel%2F262726%2Ffarid-bang-veroeffentlicht-seine-kamehameha-ep%2F&amp;rft.date=2020-05-28\" about=\"#mwt54\" id=\"rdp-we-mwA6o\"><span typeof=\"mw:Entity\" id=\"rdp-we-mwA6s\">\u00a0<\/span><\/span><\/span><\/li>\n<li about=\"#cite_note-26\" id=\"cite_note-26\" data-mw-footnote-number=\"26\"><span class=\"mw-cite-backlink\" id=\"rdp-we-mwA6w\"><a href=\"#cite_ref-26\" rel=\"mw:referencedBy\" id=\"rdp-we-mwA60\"><span class=\"mw-linkback-text\" id=\"rdp-we-mwA64\">\u2191<\/span><\/a><\/span> <span id=\"rdp-we-mw-reference-text-cite_note-26\" class=\"mw-reference-text reference-text\"><span class=\"cite\" about=\"#mwt56\" typeof=\"mw:Transclusion\" id=\"rdp-we-mwA68\" data-mw='{\"parts\":[{\"template\":{\"target\":{\"wt\":\"Internetquelle \",\"href\":\".\/Vorlage:Internetquelle\"},\"params\":{\"url\":{\"wt\":\"https:\/\/www.16bars.de\/media\/259753\/farid-bang-nador-city-gang\/\"},\"titel\":{\"wt\":\"Farid Bang - Nador City Gang {{!}} 16BARS\"},\"werk\":{\"wt\":\"16BARS.DE\"},\"abruf\":{\"wt\":\"2020-05-29\"}},\"i\":0}}]}'><a rel=\"external_link\" href=\"https:\/\/www.16bars.de\/media\/259753\/farid-bang-nador-city-gang\/\" class=\"external text\" id=\"rdp-we-mwA7A\" target=\"_new\"><i id=\"rdp-we-mwA7E\">Farid Bang - Nador City Gang <span typeof=\"mw:Entity\" id=\"rdp-we-mwA7I\">|<\/span> 16BARS.<\/i><\/a><span typeof=\"mw:Entity\" id=\"rdp-we-mwA7M\"> <\/span>In:<span typeof=\"mw:Entity\" id=\"rdp-we-mwA7Q\"> <\/span><i id=\"rdp-we-mwA7U\">16BARS.DE.<\/i><span class=\"Abrufdatum\" id=\"rdp-we-mwA7Y\"><span typeof=\"mw:Entity\" id=\"rdp-we-mwA7c\"> <\/span>Abgerufen am 29.<span typeof=\"mw:Entity\" id=\"rdp-we-mwA7g\">\u00a0<\/span>Mai 2020<\/span>.<\/span><span style=\"display: none;\" class=\"Z3988\" title=\"ctx_ver=Z39.88-2004&amp;rft_val_fmt=info%3Aofi%2Ffmt%3Akev%3Amtx%3Adc&amp;rfr_id=info%3Asid%2Fde.wikipedia.org%3AFarid+Bang&amp;rft.title=Farid+Bang+-+Nador+City+Gang+%7C+16BARS&amp;rft.description=Farid+Bang+-+Nador+City+Gang+%7C+16BARS&amp;rft.identifier=https%3A%2F%2Fwww.16bars.de%2Fmedia%2F259753%2Ffarid-bang-nador-city-gang%2F\" about=\"#mwt56\" id=\"rdp-we-mwA7k\"><span typeof=\"mw:Entity\" id=\"rdp-we-mwA7o\">\u00a0<\/span><\/span><\/span><\/li>\n<li about=\"#cite_note-27\" id=\"cite_note-27\" data-mw-footnote-number=\"27\"><span class=\"mw-cite-backlink\" id=\"rdp-we-mwA7s\"><a href=\"#cite_ref-27\" rel=\"mw:referencedBy\" id=\"rdp-we-mwA7w\"><span class=\"mw-linkback-text\" id=\"rdp-we-mwA70\">\u2191<\/span><\/a><\/span> <span id=\"rdp-we-mw-reference-text-cite_note-27\" class=\"mw-reference-text reference-text\"><span class=\"cite\" about=\"#mwt58\" typeof=\"mw:Transclusion\" id=\"rdp-we-mwA74\" data-mw='{\"parts\":[{\"template\":{\"target\":{\"wt\":\"Internetquelle \",\"href\":\".\/Vorlage:Internetquelle\"},\"params\":{\"autor\":{\"wt\":\"Octavius Hallenstein\"},\"url\":{\"wt\":\"https:\/\/raptastisch.net\/2020\/04\/11\/farid-bang-veroeffentlicht-namentlichen-diss\/\"},\"titel\":{\"wt\":\"Farid Bang ver\u00f6ffentlicht namentlichen Diss\"},\"werk\":{\"wt\":\"Raptastisch\"},\"datum\":{\"wt\":\"2020-04-11\"},\"sprache\":{\"wt\":\"de-DE\"},\"abruf\":{\"wt\":\"2020-05-29\"}},\"i\":0}}]}'>Octavius Hallenstein:<span typeof=\"mw:Entity\" id=\"rdp-we-mwA78\"> <\/span><a rel=\"external_link\" href=\"https:\/\/raptastisch.net\/2020\/04\/11\/farid-bang-veroeffentlicht-namentlichen-diss\/\" class=\"external text\" id=\"rdp-we-mwA8A\" target=\"_new\"><i id=\"rdp-we-mwA8E\">Farid Bang ver\u00f6ffentlicht namentlichen Diss.<\/i><\/a><span typeof=\"mw:Entity\" id=\"rdp-we-mwA8I\"> <\/span>In:<span typeof=\"mw:Entity\" id=\"rdp-we-mwA8M\"> <\/span><i id=\"rdp-we-mwA8Q\">Raptastisch.<\/i><span typeof=\"mw:Entity\" id=\"rdp-we-mwA8U\"> <\/span>11.<span typeof=\"mw:Entity\" id=\"rdp-we-mwA8Y\">\u00a0<\/span>April 2020<span typeof=\"mw:Entity\" id=\"rdp-we-mwA8c\">,<\/span><span class=\"Abrufdatum\" id=\"rdp-we-mwA8g\"><span typeof=\"mw:Entity\" id=\"rdp-we-mwA8k\"> <\/span>abgerufen am 29.<span typeof=\"mw:Entity\" id=\"rdp-we-mwA8o\">\u00a0<\/span>Mai 2020<\/span><span typeof=\"mw:Entity\" id=\"rdp-we-mwA8s\"> <\/span>(deutsch).<\/span><span style=\"display: none;\" class=\"Z3988\" title=\"ctx_ver=Z39.88-2004&amp;rft_val_fmt=info%3Aofi%2Ffmt%3Akev%3Amtx%3Adc&amp;rfr_id=info%3Asid%2Fde.wikipedia.org%3AFarid+Bang&amp;rft.title=Farid+Bang+ver%C3%B6ffentlicht+namentlichen+Diss&amp;rft.description=Farid+Bang+ver%C3%B6ffentlicht+namentlichen+Diss&amp;rft.identifier=https%3A%2F%2Fraptastisch.net%2F2020%2F04%2F11%2Ffarid-bang-veroeffentlicht-namentlichen-diss%2F&amp;rft.creator=Octavius+Hallenstein&amp;rft.date=2020-04-11&amp;rft.language=de-DE\" about=\"#mwt58\" id=\"rdp-we-mwA8w\"><span typeof=\"mw:Entity\" id=\"rdp-we-mwA80\">\u00a0<\/span><\/span><\/span><\/li>\n<li about=\"#cite_note-28\" id=\"cite_note-28\" data-mw-footnote-number=\"28\"><span class=\"mw-cite-backlink\" id=\"rdp-we-mwA84\"><a href=\"#cite_ref-28\" rel=\"mw:referencedBy\" id=\"rdp-we-mwA88\"><span class=\"mw-linkback-text\" id=\"rdp-we-mwA9A\">\u2191<\/span><\/a><\/span> <span id=\"rdp-we-mw-reference-text-cite_note-28\" class=\"mw-reference-text reference-text\"><span class=\"cite\" about=\"#mwt60\" typeof=\"mw:Transclusion\" id=\"rdp-we-mwA9E\" data-mw='{\"parts\":[{\"template\":{\"target\":{\"wt\":\"Internetquelle \",\"href\":\".\/Vorlage:Internetquelle\"},\"params\":{\"url\":{\"wt\":\"https:\/\/www.youtube.com\/watch?v=b0YxAh71no8\"},\"titel\":{\"wt\":\"FARID BANG - Letzter Boxinhalt &amp;#91;Benz 4 Fans Box&amp;#93;\"},\"hrsg\":{\"wt\":\"Youtube\"},\"abruf\":{\"wt\":\"2020-05-29\"}},\"i\":0}}]}'><a rel=\"external_link\" href=\"https:\/\/www.youtube.com\/watch?v=b0YxAh71no8\" class=\"external text\" id=\"rdp-we-mwA9I\" target=\"_new\"><i id=\"rdp-we-mwA9M\">FARID BANG - Letzter Boxinhalt <span typeof=\"mw:Entity\" id=\"rdp-we-mwA9Q\">[<\/span>Benz 4 Fans Box<span typeof=\"mw:Entity\" id=\"rdp-we-mwA9U\">]<\/span>.<\/i><\/a><span typeof=\"mw:Entity\" id=\"rdp-we-mwA9Y\"> <\/span>Youtube<span typeof=\"mw:Entity\" id=\"rdp-we-mwA9c\">,<\/span><span class=\"Abrufdatum\" id=\"rdp-we-mwA9g\"><span typeof=\"mw:Entity\" id=\"rdp-we-mwA9k\"> <\/span>abgerufen am 29.<span typeof=\"mw:Entity\" id=\"rdp-we-mwA9o\">\u00a0<\/span>Mai 2020<\/span>.<\/span><span style=\"display: none;\" class=\"Z3988\" title=\"ctx_ver=Z39.88-2004&amp;rft_val_fmt=info%3Aofi%2Ffmt%3Akev%3Amtx%3Adc&amp;rfr_id=info%3Asid%2Fde.wikipedia.org%3AFarid+Bang&amp;rft.title=FARID+BANG+-+Letzter+Boxinhalt+%26%2391%3BBenz+4+Fans+Box%26%2393%3B&amp;rft.description=FARID+BANG+-+Letzter+Boxinhalt+%26%2391%3BBenz+4+Fans+Box%26%2393%3B&amp;rft.identifier=https%3A%2F%2Fwww.youtube.com%2Fwatch%3Fv%3Db0YxAh71no8&amp;rft.publisher=Youtube\" about=\"#mwt60\" id=\"rdp-we-mwA9s\"><span typeof=\"mw:Entity\" id=\"rdp-we-mwA9w\">\u00a0<\/span><\/span><\/span><\/li>\n<li about=\"#cite_note-29\" id=\"cite_note-29\" data-mw-footnote-number=\"29\"><span class=\"mw-cite-backlink\" id=\"rdp-we-mwA90\"><a href=\"#cite_ref-29\" rel=\"mw:referencedBy\" id=\"rdp-we-mwA94\"><span class=\"mw-linkback-text\" id=\"rdp-we-mwA98\">\u2191<\/span><\/a><\/span> <span id=\"rdp-we-mw-reference-text-cite_note-29\" class=\"mw-reference-text reference-text\"><span class=\"cite\" about=\"#mwt62\" typeof=\"mw:Transclusion\" id=\"rdp-we-mwA-A\" data-mw='{\"parts\":[{\"template\":{\"target\":{\"wt\":\"Internetquelle \",\"href\":\".\/Vorlage:Internetquelle\"},\"params\":{\"url\":{\"wt\":\"https:\/\/www.instagram.com\/p\/CAwMospBtX8\/\"},\"titel\":{\"wt\":\"Farid Bang auf Instagram: \u201eDie letzten 2 Jahre waren f\u00fcr mich die wahrscheinlich schwerste Zeit in meinem Leben, 2 der wertvollsten Menschen in meinem Leben sind\u2026\u201c\"},\"abruf\":{\"wt\":\"2020-05-29\"}},\"i\":0}}]}'><a rel=\"external_link\" href=\"https:\/\/www.instagram.com\/p\/CAwMospBtX8\/\" class=\"external text\" id=\"rdp-we-mwA-E\" target=\"_new\"><i id=\"rdp-we-mwA-I\">Farid Bang auf Instagram: \u201eDie letzten 2 Jahre waren f\u00fcr mich die wahrscheinlich schwerste Zeit in meinem Leben, 2 der wertvollsten Menschen in meinem Leben sind\u2026\u201c<\/i><\/a><span class=\"Abrufdatum\" id=\"rdp-we-mwA-M\"><span typeof=\"mw:Entity\" id=\"rdp-we-mwA-Q\"> <\/span>Abgerufen am 29.<span typeof=\"mw:Entity\" id=\"rdp-we-mwA-U\">\u00a0<\/span>Mai 2020<\/span>.<\/span><span style=\"display: none;\" class=\"Z3988\" title=\"ctx_ver=Z39.88-2004&amp;rft_val_fmt=info%3Aofi%2Ffmt%3Akev%3Amtx%3Adc&amp;rfr_id=info%3Asid%2Fde.wikipedia.org%3AFarid+Bang&amp;rft.title=Farid+Bang+auf+Instagram%3A+%E2%80%9EDie+letzten+2+Jahre+waren+f%C3%BCr+mich+die+wahrscheinlich+schwerste+Zeit+in+meinem+Leben%2C+2+der+wertvollsten+Menschen+in+meinem+Leben+sind%E2%80%A6%E2%80%9C&amp;rft.description=Farid+Bang+auf+Instagram%3A+%E2%80%9EDie+letzten+2+Jahre+waren+f%C3%BCr+mich+die+wahrscheinlich+schwerste+Zeit+in+meinem+Leben%2C+2+der+wertvollsten+Menschen+in+meinem+Leben+sind%E2%80%A6%E2%80%9C&amp;rft.identifier=https%3A%2F%2Fwww.instagram.com%2Fp%2FCAwMospBtX8%2F\" about=\"#mwt62\" id=\"rdp-we-mwA-Y\"><span typeof=\"mw:Entity\" id=\"rdp-we-mwA-c\">\u00a0<\/span><\/span><\/span><\/li>\n<li about=\"#cite_note-30\" id=\"cite_note-30\" data-mw-footnote-number=\"30\"><span class=\"mw-cite-backlink\" id=\"rdp-we-mwA-g\"><a href=\"#cite_ref-30\" rel=\"mw:referencedBy\" id=\"rdp-we-mwA-k\"><span class=\"mw-linkback-text\" id=\"rdp-we-mwA-o\">\u2191<\/span><\/a><\/span> <span id=\"rdp-we-mw-reference-text-cite_note-30\" class=\"mw-reference-text reference-text\"><span class=\"cite\" about=\"#mwt64\" typeof=\"mw:Transclusion\" id=\"rdp-we-mwA-s\" data-mw='{\"parts\":[{\"template\":{\"target\":{\"wt\":\"Internetquelle \",\"href\":\".\/Vorlage:Internetquelle\"},\"params\":{\"url\":{\"wt\":\"https:\/\/www.klatsch-tratsch.de\/interview\/farid-bang-erklaert-hier-seine-casting-show-das-instalent-534396\/\"},\"titel\":{\"wt\":\"Farid Bang erkl\u00e4rt hier seine Casting-Show \\\"Das InsTalent\\\"\"},\"werk\":{\"wt\":\"klatsch-tratsch.de\"},\"datum\":{\"wt\":\"2020-05-10\"},\"abruf\":{\"wt\":\"2020-05-29\"}},\"i\":0}}]}'><a rel=\"external_link\" href=\"https:\/\/www.klatsch-tratsch.de\/interview\/farid-bang-erklaert-hier-seine-casting-show-das-instalent-534396\/\" class=\"external text\" id=\"rdp-we-mwA-w\" target=\"_new\"><i id=\"rdp-we-mwA-0\">Farid Bang erkl\u00e4rt hier seine Casting-Show \"Das InsTalent\".<\/i><\/a><span typeof=\"mw:Entity\" id=\"rdp-we-mwA-4\"> <\/span>In:<span typeof=\"mw:Entity\" id=\"rdp-we-mwA-8\"> <\/span><i id=\"rdp-we-mwA_A\">klatsch-tratsch.de.<\/i><span typeof=\"mw:Entity\" id=\"rdp-we-mwA_E\"> <\/span>10.<span typeof=\"mw:Entity\" id=\"rdp-we-mwA_I\">\u00a0<\/span>Mai 2020<span typeof=\"mw:Entity\" id=\"rdp-we-mwA_M\">,<\/span><span class=\"Abrufdatum\" id=\"rdp-we-mwA_Q\"><span typeof=\"mw:Entity\" id=\"rdp-we-mwA_U\"> <\/span>abgerufen am 29.<span typeof=\"mw:Entity\" id=\"rdp-we-mwA_Y\">\u00a0<\/span>Mai 2020<\/span>.<\/span><span style=\"display: none;\" class=\"Z3988\" title=\"ctx_ver=Z39.88-2004&amp;rft_val_fmt=info%3Aofi%2Ffmt%3Akev%3Amtx%3Adc&amp;rfr_id=info%3Asid%2Fde.wikipedia.org%3AFarid+Bang&amp;rft.title=Farid+Bang+erkl%C3%A4rt+hier+seine+Casting-Show+%22Das+InsTalent%22&amp;rft.description=Farid+Bang+erkl%C3%A4rt+hier+seine+Casting-Show+%22Das+InsTalent%22&amp;rft.identifier=https%3A%2F%2Fwww.klatsch-tratsch.de%2Finterview%2Ffarid-bang-erklaert-hier-seine-casting-show-das-instalent-534396%2F&amp;rft.date=2020-05-10\" about=\"#mwt64\" id=\"rdp-we-mwA_c\"><span typeof=\"mw:Entity\" id=\"rdp-we-mwA_g\">\u00a0<\/span><\/span><\/span><\/li>\n<li about=\"#cite_note-31\" id=\"cite_note-31\" data-mw-footnote-number=\"31\"><span class=\"mw-cite-backlink\" id=\"rdp-we-mwA_k\"><a href=\"#cite_ref-31\" rel=\"mw:referencedBy\" id=\"rdp-we-mwA_o\"><span class=\"mw-linkback-text\" id=\"rdp-we-mwA_s\">\u2191<\/span><\/a><\/span> <span id=\"rdp-we-mw-reference-text-cite_note-31\" class=\"mw-reference-text reference-text\"><span class=\"cite\" about=\"#mwt66\" typeof=\"mw:Transclusion\" id=\"rdp-we-mwA_w\" data-mw='{\"parts\":[{\"template\":{\"target\":{\"wt\":\"Internetquelle \",\"href\":\".\/Vorlage:Internetquelle\"},\"params\":{\"url\":{\"wt\":\"https:\/\/raptastisch.net\/2020\/05\/29\/finale-vorbei-der-gewinner-von-farid-bangs-instalent-steht-fest\/\"},\"titel\":{\"wt\":\"Finale vorbei - Der Gewinner von Farid Bangs Instalent steht fest\"},\"werk\":{\"wt\":\"Raptastisch\"},\"datum\":{\"wt\":\"2020-05-28\"},\"sprache\":{\"wt\":\"de-DE\"},\"abruf\":{\"wt\":\"2020-05-29\"}},\"i\":0}}]}'><a rel=\"external_link\" href=\"https:\/\/raptastisch.net\/2020\/05\/29\/finale-vorbei-der-gewinner-von-farid-bangs-instalent-steht-fest\/\" class=\"external text\" id=\"rdp-we-mwA_0\" target=\"_new\"><i id=\"rdp-we-mwA_4\">Finale vorbei - Der Gewinner von Farid Bangs Instalent steht fest.<\/i><\/a><span typeof=\"mw:Entity\" id=\"rdp-we-mwA_8\"> <\/span>In:<span typeof=\"mw:Entity\" id=\"rdp-we-mwBAA\"> <\/span><i id=\"rdp-we-mwBAE\">Raptastisch.<\/i><span typeof=\"mw:Entity\" id=\"rdp-we-mwBAI\"> <\/span>28.<span typeof=\"mw:Entity\" id=\"rdp-we-mwBAM\">\u00a0<\/span>Mai 2020<span typeof=\"mw:Entity\" id=\"rdp-we-mwBAQ\">,<\/span><span class=\"Abrufdatum\" id=\"rdp-we-mwBAU\"><span typeof=\"mw:Entity\" id=\"rdp-we-mwBAY\"> <\/span>abgerufen am 29.<span typeof=\"mw:Entity\" id=\"rdp-we-mwBAc\">\u00a0<\/span>Mai 2020<\/span><span typeof=\"mw:Entity\" id=\"rdp-we-mwBAg\"> <\/span>(deutsch).<\/span><span style=\"display: none;\" class=\"Z3988\" title=\"ctx_ver=Z39.88-2004&amp;rft_val_fmt=info%3Aofi%2Ffmt%3Akev%3Amtx%3Adc&amp;rfr_id=info%3Asid%2Fde.wikipedia.org%3AFarid+Bang&amp;rft.title=Finale+vorbei+-+Der+Gewinner+von+Farid+Bangs+Instalent+steht+fest&amp;rft.description=Finale+vorbei+-+Der+Gewinner+von+Farid+Bangs+Instalent+steht+fest&amp;rft.identifier=https%3A%2F%2Fraptastisch.net%2F2020%2F05%2F29%2Ffinale-vorbei-der-gewinner-von-farid-bangs-instalent-steht-fest%2F&amp;rft.date=2020-05-28&amp;rft.language=de-DE\" about=\"#mwt66\" id=\"rdp-we-mwBAk\"><span typeof=\"mw:Entity\" id=\"rdp-we-mwBAo\">\u00a0<\/span><\/span><\/span><\/li>\n<li about=\"#cite_note-32\" id=\"cite_note-32\" data-mw-footnote-number=\"32\"><span class=\"mw-cite-backlink\" id=\"rdp-we-mwBAs\"><a href=\"#cite_ref-32\" rel=\"mw:referencedBy\" id=\"rdp-we-mwBAw\"><span class=\"mw-linkback-text\" id=\"rdp-we-mwBA0\">\u2191<\/span><\/a><\/span> <span id=\"rdp-we-mw-reference-text-cite_note-32\" class=\"mw-reference-text reference-text\"><span class=\"cite\" about=\"#mwt68\" typeof=\"mw:Transclusion\" id=\"rdp-we-mwBA4\" data-mw='{\"parts\":[{\"template\":{\"target\":{\"wt\":\"Internetquelle \",\"href\":\".\/Vorlage:Internetquelle\"},\"params\":{\"autor\":{\"wt\":\"Jana Buch\"},\"url\":{\"wt\":\"https:\/\/www.watson.de\/!728584259\"},\"titel\":{\"wt\":\"Farid Bang droht mit Diss-Liste auf seinem neuen Album \u2013 warum Sido sich freuen kann\"},\"werk\":{\"wt\":\"watson.de\"},\"sprache\":{\"wt\":\"de\"},\"abruf\":{\"wt\":\"2021-09-21\"}},\"i\":0}}]}'>Jana Buch:<span typeof=\"mw:Entity\" id=\"rdp-we-mwBA8\"> <\/span><a rel=\"external_link\" href=\"https:\/\/www.watson.de\/!728584259\" class=\"external text\" id=\"rdp-we-mwBBA\" target=\"_new\"><i id=\"rdp-we-mwBBE\">Farid Bang droht mit Diss-Liste auf seinem neuen Album \u2013 warum Sido sich freuen kann.<\/i><\/a><span typeof=\"mw:Entity\" id=\"rdp-we-mwBBI\"> <\/span>In:<span typeof=\"mw:Entity\" id=\"rdp-we-mwBBM\"> <\/span><i id=\"rdp-we-mwBBQ\">watson.de.<\/i><span class=\"Abrufdatum\" id=\"rdp-we-mwBBU\"><span typeof=\"mw:Entity\" id=\"rdp-we-mwBBY\"> <\/span>Abgerufen am 21.<span typeof=\"mw:Entity\" id=\"rdp-we-mwBBc\">\u00a0<\/span>September 2021<\/span>.<\/span><span style=\"display: none;\" class=\"Z3988\" title=\"ctx_ver=Z39.88-2004&amp;rft_val_fmt=info%3Aofi%2Ffmt%3Akev%3Amtx%3Adc&amp;rfr_id=info%3Asid%2Fde.wikipedia.org%3AFarid+Bang&amp;rft.title=Farid+Bang+droht+mit+Diss-Liste+auf+seinem+neuen+Album+%E2%80%93+warum+Sido+sich+freuen+kann&amp;rft.description=Farid+Bang+droht+mit+Diss-Liste+auf+seinem+neuen+Album+%E2%80%93+warum+Sido+sich+freuen+kann&amp;rft.identifier=https%3A%2F%2Fwww.watson.de%2F%21728584259&amp;rft.creator=Jana+Buch&amp;rft.language=de\" about=\"#mwt68\" id=\"rdp-we-mwBBg\"><span typeof=\"mw:Entity\" id=\"rdp-we-mwBBk\">\u00a0<\/span><\/span><\/span><\/li>\n<li about=\"#cite_note-33\" id=\"cite_note-33\" data-mw-footnote-number=\"33\"><span class=\"mw-cite-backlink\" id=\"rdp-we-mwBBo\"><a href=\"#cite_ref-33\" rel=\"mw:referencedBy\" id=\"rdp-we-mwBBs\"><span class=\"mw-linkback-text\" id=\"rdp-we-mwBBw\">\u2191<\/span><\/a><\/span> <span id=\"rdp-we-mw-reference-text-cite_note-33\" class=\"mw-reference-text reference-text\"><span class=\"cite\" about=\"#mwt70\" typeof=\"mw:Transclusion\" id=\"rdp-we-mwBB0\" data-mw='{\"parts\":[{\"template\":{\"target\":{\"wt\":\"Internetquelle \",\"href\":\".\/Vorlage:Internetquelle\"},\"params\":{\"autor\":{\"wt\":\"HHRedaktion\"},\"url\":{\"wt\":\"https:\/\/hiphop.de\/magazin\/news\/franky-kubrick-neues-album-und-beef-mit-farid-bang-167165\"},\"titel\":{\"wt\":\"Franky Kubrick: Neues Album und Beef mit Farid Bang\"},\"werk\":{\"wt\":\"hiphop.de\"},\"datum\":{\"wt\":\"2009-06-03\"},\"abruf\":{\"wt\":\"2021-09-21\"}},\"i\":0}}]}'>HHRedaktion:<span typeof=\"mw:Entity\" id=\"rdp-we-mwBB4\"> <\/span><a rel=\"external_link\" href=\"https:\/\/hiphop.de\/magazin\/news\/franky-kubrick-neues-album-und-beef-mit-farid-bang-167165\" class=\"external text\" id=\"rdp-we-mwBB8\" target=\"_new\"><i id=\"rdp-we-mwBCA\">Franky Kubrick: Neues Album und Beef mit Farid Bang.<\/i><\/a><span typeof=\"mw:Entity\" id=\"rdp-we-mwBCE\"> <\/span>In:<span typeof=\"mw:Entity\" id=\"rdp-we-mwBCI\"> <\/span><i id=\"rdp-we-mwBCM\">hiphop.de.<\/i><span typeof=\"mw:Entity\" id=\"rdp-we-mwBCQ\"> <\/span>3.<span typeof=\"mw:Entity\" id=\"rdp-we-mwBCU\">\u00a0<\/span>Juni 2009<span typeof=\"mw:Entity\" id=\"rdp-we-mwBCY\">,<\/span><span class=\"Abrufdatum\" id=\"rdp-we-mwBCc\"><span typeof=\"mw:Entity\" id=\"rdp-we-mwBCg\"> <\/span>abgerufen am 21.<span typeof=\"mw:Entity\" id=\"rdp-we-mwBCk\">\u00a0<\/span>September 2021<\/span>.<\/span><span style=\"display: none;\" class=\"Z3988\" title=\"ctx_ver=Z39.88-2004&amp;rft_val_fmt=info%3Aofi%2Ffmt%3Akev%3Amtx%3Adc&amp;rfr_id=info%3Asid%2Fde.wikipedia.org%3AFarid+Bang&amp;rft.title=Franky+Kubrick%3A+Neues+Album+und+Beef+mit+Farid+Bang&amp;rft.description=Franky+Kubrick%3A+Neues+Album+und+Beef+mit+Farid+Bang&amp;rft.identifier=https%3A%2F%2Fhiphop.de%2Fmagazin%2Fnews%2Ffranky-kubrick-neues-album-und-beef-mit-farid-bang-167165&amp;rft.creator=HHRedaktion&amp;rft.date=2009-06-03\" about=\"#mwt70\" id=\"rdp-we-mwBCo\"><span typeof=\"mw:Entity\" id=\"rdp-we-mwBCs\">\u00a0<\/span><\/span><\/span><\/li>\n<li about=\"#cite_note-34\" id=\"cite_note-34\" data-mw-footnote-number=\"34\"><span class=\"mw-cite-backlink\" id=\"rdp-we-mwBCw\"><a href=\"#cite_ref-34\" rel=\"mw:referencedBy\" id=\"rdp-we-mwBC0\"><span class=\"mw-linkback-text\" id=\"rdp-we-mwBC4\">\u2191<\/span><\/a><\/span> <span id=\"rdp-we-mw-reference-text-cite_note-34\" class=\"mw-reference-text reference-text\"><span class=\"cite\" about=\"#mwt72\" typeof=\"mw:Transclusion\" id=\"rdp-we-mwBC8\" data-mw='{\"parts\":[{\"template\":{\"target\":{\"wt\":\"Internetquelle \",\"href\":\".\/Vorlage:Internetquelle\"},\"params\":{\"url\":{\"wt\":\"https:\/\/www.16bars.de\/newsartikel\/273317\/farid-bang-gegen-mok-jeder-kennt-mok-doch-keiner-seine-musik\/\"},\"titel\":{\"wt\":\"Farid Bang gegen MOK: \\\"Jeder kennt MOK doch keiner seine Musik\\\"\"},\"werk\":{\"wt\":\"16BARS.DE\"},\"datum\":{\"wt\":\"2021-04-12\"},\"abruf\":{\"wt\":\"2021-09-21\"}},\"i\":0}}]}'><a rel=\"external_link\" href=\"https:\/\/www.16bars.de\/newsartikel\/273317\/farid-bang-gegen-mok-jeder-kennt-mok-doch-keiner-seine-musik\/\" class=\"external text\" id=\"rdp-we-mwBDA\" target=\"_new\"><i id=\"rdp-we-mwBDE\">Farid Bang gegen MOK: \"Jeder kennt MOK doch keiner seine Musik\".<\/i><\/a><span typeof=\"mw:Entity\" id=\"rdp-we-mwBDI\"> <\/span>In:<span typeof=\"mw:Entity\" id=\"rdp-we-mwBDM\"> <\/span><i id=\"rdp-we-mwBDQ\">16BARS.DE.<\/i><span typeof=\"mw:Entity\" id=\"rdp-we-mwBDU\"> <\/span>12.<span typeof=\"mw:Entity\" id=\"rdp-we-mwBDY\">\u00a0<\/span>April 2021<span typeof=\"mw:Entity\" id=\"rdp-we-mwBDc\">,<\/span><span class=\"Abrufdatum\" id=\"rdp-we-mwBDg\"><span typeof=\"mw:Entity\" id=\"rdp-we-mwBDk\"> <\/span>abgerufen am 21.<span typeof=\"mw:Entity\" id=\"rdp-we-mwBDo\">\u00a0<\/span>September 2021<\/span>.<\/span><span style=\"display: none;\" class=\"Z3988\" title=\"ctx_ver=Z39.88-2004&amp;rft_val_fmt=info%3Aofi%2Ffmt%3Akev%3Amtx%3Adc&amp;rfr_id=info%3Asid%2Fde.wikipedia.org%3AFarid+Bang&amp;rft.title=Farid+Bang+gegen+MOK%3A+%22Jeder+kennt+MOK+doch+keiner+seine+Musik%22&amp;rft.description=Farid+Bang+gegen+MOK%3A+%22Jeder+kennt+MOK+doch+keiner+seine+Musik%22&amp;rft.identifier=https%3A%2F%2Fwww.16bars.de%2Fnewsartikel%2F273317%2Ffarid-bang-gegen-mok-jeder-kennt-mok-doch-keiner-seine-musik%2F&amp;rft.date=2021-04-12\" about=\"#mwt72\" id=\"rdp-we-mwBDs\"><span typeof=\"mw:Entity\" id=\"rdp-we-mwBDw\">\u00a0<\/span><\/span><\/span><\/li>\n<li about=\"#cite_note-35\" id=\"cite_note-35\" data-mw-footnote-number=\"35\"><span class=\"mw-cite-backlink\" id=\"rdp-we-mwBD0\"><a href=\"#cite_ref-35\" rel=\"mw:referencedBy\" id=\"rdp-we-mwBD4\"><span class=\"mw-linkback-text\" id=\"rdp-we-mwBD8\">\u2191<\/span><\/a><\/span> <span id=\"rdp-we-mw-reference-text-cite_note-35\" class=\"mw-reference-text reference-text\"><span class=\"cite\" about=\"#mwt74\" typeof=\"mw:Transclusion\" id=\"rdp-we-mwBEA\" data-mw='{\"parts\":[{\"template\":{\"target\":{\"wt\":\"Internetquelle \",\"href\":\".\/Vorlage:Internetquelle\"},\"params\":{\"autor\":{\"wt\":\"David Molke\"},\"url\":{\"wt\":\"https:\/\/hiphop.de\/magazin\/umfrage\/farid-bang-alpa-gun-nach-beef-vereint-was-ihr-vom-feature-haltet-293414\"},\"titel\":{\"wt\":\"Farid Bang &amp; Alpa Gun nach Beef vereint: Wie ihr dar\u00fcber denkt\"},\"werk\":{\"wt\":\"hiphop.de\"},\"datum\":{\"wt\":\"2016-07-15\"},\"sprache\":{\"wt\":\"de\"},\"abruf\":{\"wt\":\"2021-09-21\"}},\"i\":0}}]}'>David Molke:<span typeof=\"mw:Entity\" id=\"rdp-we-mwBEE\"> <\/span><a rel=\"external_link\" href=\"https:\/\/hiphop.de\/magazin\/umfrage\/farid-bang-alpa-gun-nach-beef-vereint-was-ihr-vom-feature-haltet-293414\" class=\"external text\" id=\"rdp-we-mwBEI\" target=\"_new\"><i id=\"rdp-we-mwBEM\">Farid Bang &amp; Alpa Gun nach Beef vereint: Wie ihr dar\u00fcber denkt.<\/i><\/a><span typeof=\"mw:Entity\" id=\"rdp-we-mwBEQ\"> <\/span>In:<span typeof=\"mw:Entity\" id=\"rdp-we-mwBEU\"> <\/span><i id=\"rdp-we-mwBEY\">hiphop.de.<\/i><span typeof=\"mw:Entity\" id=\"rdp-we-mwBEc\"> <\/span>15.<span typeof=\"mw:Entity\" id=\"rdp-we-mwBEg\">\u00a0<\/span>Juli 2016<span typeof=\"mw:Entity\" id=\"rdp-we-mwBEk\">,<\/span><span class=\"Abrufdatum\" id=\"rdp-we-mwBEo\"><span typeof=\"mw:Entity\" id=\"rdp-we-mwBEs\"> <\/span>abgerufen am 21.<span typeof=\"mw:Entity\" id=\"rdp-we-mwBEw\">\u00a0<\/span>September 2021<\/span>.<\/span><span style=\"display: none;\" class=\"Z3988\" title=\"ctx_ver=Z39.88-2004&amp;rft_val_fmt=info%3Aofi%2Ffmt%3Akev%3Amtx%3Adc&amp;rfr_id=info%3Asid%2Fde.wikipedia.org%3AFarid+Bang&amp;rft.title=Farid+Bang+%26+Alpa+Gun+nach+Beef+vereint%3A+Wie+ihr+dar%C3%BCber+denkt&amp;rft.description=Farid+Bang+%26+Alpa+Gun+nach+Beef+vereint%3A+Wie+ihr+dar%C3%BCber+denkt&amp;rft.identifier=https%3A%2F%2Fhiphop.de%2Fmagazin%2Fumfrage%2Ffarid-bang-alpa-gun-nach-beef-vereint-was-ihr-vom-feature-haltet-293414&amp;rft.creator=David+Molke&amp;rft.date=2016-07-15&amp;rft.language=de\" about=\"#mwt74\" id=\"rdp-we-mwBE0\"><span typeof=\"mw:Entity\" id=\"rdp-we-mwBE4\">\u00a0<\/span><\/span><\/span><\/li>\n<li about=\"#cite_note-36\" id=\"cite_note-36\" data-mw-footnote-number=\"36\"><span class=\"mw-cite-backlink\" id=\"rdp-we-mwBE8\"><a href=\"#cite_ref-36\" rel=\"mw:referencedBy\" id=\"rdp-we-mwBFA\"><span class=\"mw-linkback-text\" id=\"rdp-we-mwBFE\">\u2191<\/span><\/a><\/span> <span id=\"rdp-we-mw-reference-text-cite_note-36\" class=\"mw-reference-text reference-text\"><span about=\"#mwt76\" typeof=\"mw:Transclusion\" id=\"rdp-we-mwBFI\" data-mw='{\"parts\":[{\"template\":{\"target\":{\"wt\":\"Literatur \",\"href\":\".\/Vorlage:Literatur\"},\"params\":{\"Autor\":{\"wt\":\"Laura Sophia Jung\"},\"Titel\":{\"wt\":\"Shapira, Bushido, Sido und Kollegah: Flers Beef-Bilanz\"},\"Sammelwerk\":{\"wt\":\"Die Welt\"},\"Datum\":{\"wt\":\"2019-11-21\"},\"Online\":{\"wt\":\"https:\/\/www.welt.de\/kultur\/plus203656612\/Shapira-Bushido-Sido-und-Kollegah-Flers-Beef-Bilanz.html\"},\"Abruf\":{\"wt\":\"2021-09-21\"}},\"i\":0}}]}'>Laura Sophia Jung<\/span><span typeof=\"mw:Entity\" about=\"#mwt76\" id=\"rdp-we-mwBFM\">:<\/span><span about=\"#mwt76\" id=\"rdp-we-mwBFQ\"> <\/span><cite style=\"font-style:italic\" about=\"#mwt76\" id=\"rdp-we-mwBFU\">Shapira, Bushido, Sido und Kollegah: Flers Beef-Bilanz<\/cite><span about=\"#mwt76\" id=\"rdp-we-mwBFY\">. In: <\/span><cite style=\"font-style:italic\" about=\"#mwt76\" id=\"rdp-we-mwBFc\">Die Welt<\/cite><span about=\"#mwt76\" id=\"rdp-we-mwBFg\">. 21.<\/span><span typeof=\"mw:Entity\" about=\"#mwt76\" id=\"rdp-we-mwBFk\">\u00a0<\/span><span about=\"#mwt76\" id=\"rdp-we-mwBFo\">November 2019 (<\/span><a rel=\"external_link\" href=\"https:\/\/www.welt.de\/kultur\/plus203656612\/Shapira-Bushido-Sido-und-Kollegah-Flers-Beef-Bilanz.html\" about=\"#mwt76\" class=\"external text\" id=\"rdp-we-mwBFs\" target=\"_new\">welt.de<\/a><span about=\"#mwt76\" id=\"rdp-we-mwBFw\"> <\/span><span typeof=\"mw:Entity\" about=\"#mwt76\" id=\"rdp-we-mwBF0\">[<\/span><span about=\"#mwt76\" id=\"rdp-we-mwBF4\">abgerufen am 21.<\/span><span typeof=\"mw:Entity\" about=\"#mwt76\" id=\"rdp-we-mwBF8\">\u00a0<\/span><span about=\"#mwt76\" id=\"rdp-we-mwBGA\">September 2021<\/span><span typeof=\"mw:Entity\" about=\"#mwt76\" id=\"rdp-we-mwBGE\">]<\/span><span about=\"#mwt76\" id=\"rdp-we-mwBGI\">).<\/span><span class=\"Z3988\" title=\"ctx_ver=Z39.88-2004&amp;rft_val_fmt=info%3Aofi%2Ffmt%3Akev%3Amtx%3Abook&amp;rfr_id=info:sid\/de.wikipedia.org:Farid+Bang&amp;rft.atitle=Shapira%2C+Bushido%2C+Sido+und+Kollegah%3A+Flers+Beef-Bilanz&amp;rft.au=Laura+Sophia+Jung&amp;rft.btitle=Die+Welt&amp;rft.date=2019-11-21&amp;rft.genre=book\" style=\"display:none\" about=\"#mwt76\" id=\"rdp-we-mwBGM\"><span typeof=\"mw:Entity\" id=\"rdp-we-mwBGQ\">\u00a0<\/span><\/span><\/span><\/li>\n<li about=\"#cite_note-37\" id=\"cite_note-37\" data-mw-footnote-number=\"37\"><span class=\"mw-cite-backlink\" id=\"rdp-we-mwBGU\"><a href=\"#cite_ref-37\" rel=\"mw:referencedBy\" id=\"rdp-we-mwBGY\"><span class=\"mw-linkback-text\" id=\"rdp-we-mwBGc\">\u2191<\/span><\/a><\/span> <span id=\"rdp-we-mw-reference-text-cite_note-37\" class=\"mw-reference-text reference-text\"><span class=\"cite\" about=\"#mwt78\" typeof=\"mw:Transclusion\" id=\"rdp-we-mwBGg\" data-mw='{\"parts\":[{\"template\":{\"target\":{\"wt\":\"Internetquelle \",\"href\":\".\/Vorlage:Internetquelle\"},\"params\":{\"autor\":{\"wt\":\"David Molke\"},\"url\":{\"wt\":\"https:\/\/hiphop.de\/magazin\/news\/wie-treffen-zwischen-farid-bang-silla-abgelaufen-ist-303294\"},\"titel\":{\"wt\":\"Wie das Treffen zwischen Farid Bang und Silla abgelaufen ist\"},\"werk\":{\"wt\":\"hiphop.de\"},\"datum\":{\"wt\":\"2017-05-23\"},\"sprache\":{\"wt\":\"de\"},\"abruf\":{\"wt\":\"2021-09-21\"}},\"i\":0}}]}'>David Molke:<span typeof=\"mw:Entity\" id=\"rdp-we-mwBGk\"> <\/span><a rel=\"external_link\" href=\"https:\/\/hiphop.de\/magazin\/news\/wie-treffen-zwischen-farid-bang-silla-abgelaufen-ist-303294\" class=\"external text\" id=\"rdp-we-mwBGo\" target=\"_new\"><i id=\"rdp-we-mwBGs\">Wie das Treffen zwischen Farid Bang und Silla abgelaufen ist.<\/i><\/a><span typeof=\"mw:Entity\" id=\"rdp-we-mwBGw\"> <\/span>In:<span typeof=\"mw:Entity\" id=\"rdp-we-mwBG0\"> <\/span><i id=\"rdp-we-mwBG4\">hiphop.de.<\/i><span typeof=\"mw:Entity\" id=\"rdp-we-mwBG8\"> <\/span>23.<span typeof=\"mw:Entity\" id=\"rdp-we-mwBHA\">\u00a0<\/span>Mai 2017<span typeof=\"mw:Entity\" id=\"rdp-we-mwBHE\">,<\/span><span class=\"Abrufdatum\" id=\"rdp-we-mwBHI\"><span typeof=\"mw:Entity\" id=\"rdp-we-mwBHM\"> <\/span>abgerufen am 21.<span typeof=\"mw:Entity\" id=\"rdp-we-mwBHQ\">\u00a0<\/span>September 2021<\/span>.<\/span><span style=\"display: none;\" class=\"Z3988\" title=\"ctx_ver=Z39.88-2004&amp;rft_val_fmt=info%3Aofi%2Ffmt%3Akev%3Amtx%3Adc&amp;rfr_id=info%3Asid%2Fde.wikipedia.org%3AFarid+Bang&amp;rft.title=Wie+das+Treffen+zwischen+Farid+Bang+und+Silla+abgelaufen+ist&amp;rft.description=Wie+das+Treffen+zwischen+Farid+Bang+und+Silla+abgelaufen+ist&amp;rft.identifier=https%3A%2F%2Fhiphop.de%2Fmagazin%2Fnews%2Fwie-treffen-zwischen-farid-bang-silla-abgelaufen-ist-303294&amp;rft.creator=David+Molke&amp;rft.date=2017-05-23&amp;rft.language=de\" about=\"#mwt78\" id=\"rdp-we-mwBHU\"><span typeof=\"mw:Entity\" id=\"rdp-we-mwBHY\">\u00a0<\/span><\/span><\/span><\/li>\n<li about=\"#cite_note-38\" id=\"cite_note-38\" data-mw-footnote-number=\"38\"><span class=\"mw-cite-backlink\" id=\"rdp-we-mwBHc\"><a href=\"#cite_ref-38\" rel=\"mw:referencedBy\" id=\"rdp-we-mwBHg\"><span class=\"mw-linkback-text\" id=\"rdp-we-mwBHk\">\u2191<\/span><\/a><\/span> <span id=\"rdp-we-mw-reference-text-cite_note-38\" class=\"mw-reference-text reference-text\"><span class=\"cite\" about=\"#mwt80\" typeof=\"mw:Transclusion\" id=\"rdp-we-mwBHo\" data-mw='{\"parts\":[{\"template\":{\"target\":{\"wt\":\"Internetquelle \",\"href\":\".\/Vorlage:Internetquelle\"},\"params\":{\"url\":{\"wt\":\"https:\/\/www.vice.com\/de\/article\/6vmx8y\/farid-bang-sucht-den-groesten-hurensohn-youtube-rapperauerdem-hat-er-ein-neues-youtube-format\"},\"titel\":{\"wt\":\"Farid Bang sucht den gr\u00f6\u00dften \\\"Hurensohn-Youtube-Rapper\\\"\u2014au\u00dferdem hat er ein neues YouTube-Format\"},\"werk\":{\"wt\":\"Vice\"},\"datum\":{\"wt\":\"2016-05-02\"},\"sprache\":{\"wt\":\"de\"},\"abruf\":{\"wt\":\"2021-09-21\"}},\"i\":0}}]}'><a rel=\"external_link\" href=\"https:\/\/www.vice.com\/de\/article\/6vmx8y\/farid-bang-sucht-den-groesten-hurensohn-youtube-rapperauerdem-hat-er-ein-neues-youtube-format\" class=\"external text\" id=\"rdp-we-mwBHs\" target=\"_new\"><i id=\"rdp-we-mwBHw\">Farid Bang sucht den gr\u00f6\u00dften \"Hurensohn-Youtube-Rapper\"\u2014au\u00dferdem hat er ein neues YouTube-Format.<\/i><\/a><span typeof=\"mw:Entity\" id=\"rdp-we-mwBH0\"> <\/span>In:<span typeof=\"mw:Entity\" id=\"rdp-we-mwBH4\"> <\/span><i id=\"rdp-we-mwBH8\">Vice.<\/i><span typeof=\"mw:Entity\" id=\"rdp-we-mwBIA\"> <\/span>2.<span typeof=\"mw:Entity\" id=\"rdp-we-mwBIE\">\u00a0<\/span>Mai 2016<span typeof=\"mw:Entity\" id=\"rdp-we-mwBII\">,<\/span><span class=\"Abrufdatum\" id=\"rdp-we-mwBIM\"><span typeof=\"mw:Entity\" id=\"rdp-we-mwBIQ\"> <\/span>abgerufen am 21.<span typeof=\"mw:Entity\" id=\"rdp-we-mwBIU\">\u00a0<\/span>September 2021<\/span>.<\/span><span style=\"display: none;\" class=\"Z3988\" title=\"ctx_ver=Z39.88-2004&amp;rft_val_fmt=info%3Aofi%2Ffmt%3Akev%3Amtx%3Adc&amp;rfr_id=info%3Asid%2Fde.wikipedia.org%3AFarid+Bang&amp;rft.title=Farid+Bang+sucht+den+gr%C3%B6%C3%9Ften+%22Hurensohn-Youtube-Rapper%22%E2%80%94au%C3%9Ferdem+hat+er+ein+neues+YouTube-Format&amp;rft.description=Farid+Bang+sucht+den+gr%C3%B6%C3%9Ften+%22Hurensohn-Youtube-Rapper%22%E2%80%94au%C3%9Ferdem+hat+er+ein+neues+YouTube-Format&amp;rft.identifier=https%3A%2F%2Fwww.vice.com%2Fde%2Farticle%2F6vmx8y%2Ffarid-bang-sucht-den-groesten-hurensohn-youtube-rapperauerdem-hat-er-ein-neues-youtube-format&amp;rft.date=2016-05-02&amp;rft.language=de\" about=\"#mwt80\" id=\"rdp-we-mwBIY\"><span typeof=\"mw:Entity\" id=\"rdp-we-mwBIc\">\u00a0<\/span><\/span><\/span><\/li>\n<li about=\"#cite_note-39\" id=\"cite_note-39\" data-mw-footnote-number=\"39\"><span class=\"mw-cite-backlink\" id=\"rdp-we-mwBIg\"><a href=\"#cite_ref-39\" rel=\"mw:referencedBy\" id=\"rdp-we-mwBIk\"><span class=\"mw-linkback-text\" id=\"rdp-we-mwBIo\">\u2191<\/span><\/a><\/span> <span id=\"rdp-we-mw-reference-text-cite_note-39\" class=\"mw-reference-text reference-text\"><span class=\"cite\" about=\"#mwt82\" typeof=\"mw:Transclusion\" id=\"rdp-we-mwBIs\" data-mw='{\"parts\":[{\"template\":{\"target\":{\"wt\":\"Internetquelle \",\"href\":\".\/Vorlage:Internetquelle\"},\"params\":{\"autor\":{\"wt\":\"Michael Rubach\"},\"url\":{\"wt\":\"https:\/\/hiphop.de\/magazin\/news\/ganz-ekelhafter-mensch-farid-bang-mit-statement-disses-in-richtung-shindy-314683\"},\"titel\":{\"wt\":\"\\\"Ganz ekelhafter Mensch\\\": Farid Bang mit Statement und Disses in Richtung Shindy\"},\"werk\":{\"wt\":\"hiphop.de\"},\"datum\":{\"wt\":\"2018-08-10\"},\"sprache\":{\"wt\":\"de\"},\"abruf\":{\"wt\":\"2021-09-21\"}},\"i\":0}}]}'>Michael Rubach:<span typeof=\"mw:Entity\" id=\"rdp-we-mwBIw\"> <\/span><a rel=\"external_link\" href=\"https:\/\/hiphop.de\/magazin\/news\/ganz-ekelhafter-mensch-farid-bang-mit-statement-disses-in-richtung-shindy-314683\" class=\"external text\" id=\"rdp-we-mwBI0\" target=\"_new\"><i id=\"rdp-we-mwBI4\">\"Ganz ekelhafter Mensch\": Farid Bang mit Statement und Disses in Richtung Shindy.<\/i><\/a><span typeof=\"mw:Entity\" id=\"rdp-we-mwBI8\"> <\/span>In:<span typeof=\"mw:Entity\" id=\"rdp-we-mwBJA\"> <\/span><i id=\"rdp-we-mwBJE\">hiphop.de.<\/i><span typeof=\"mw:Entity\" id=\"rdp-we-mwBJI\"> <\/span>10.<span typeof=\"mw:Entity\" id=\"rdp-we-mwBJM\">\u00a0<\/span>August 2018<span typeof=\"mw:Entity\" id=\"rdp-we-mwBJQ\">,<\/span><span class=\"Abrufdatum\" id=\"rdp-we-mwBJU\"><span typeof=\"mw:Entity\" id=\"rdp-we-mwBJY\"> <\/span>abgerufen am 21.<span typeof=\"mw:Entity\" id=\"rdp-we-mwBJc\">\u00a0<\/span>September 2021<\/span>.<\/span><span style=\"display: none;\" class=\"Z3988\" title=\"ctx_ver=Z39.88-2004&amp;rft_val_fmt=info%3Aofi%2Ffmt%3Akev%3Amtx%3Adc&amp;rfr_id=info%3Asid%2Fde.wikipedia.org%3AFarid+Bang&amp;rft.title=%22Ganz+ekelhafter+Mensch%22%3A+Farid+Bang+mit+Statement+und+Disses+in+Richtung+Shindy&amp;rft.description=%22Ganz+ekelhafter+Mensch%22%3A+Farid+Bang+mit+Statement+und+Disses+in+Richtung+Shindy&amp;rft.identifier=https%3A%2F%2Fhiphop.de%2Fmagazin%2Fnews%2Fganz-ekelhafter-mensch-farid-bang-mit-statement-disses-in-richtung-shindy-314683&amp;rft.creator=Michael+Rubach&amp;rft.date=2018-08-10&amp;rft.language=de\" about=\"#mwt82\" id=\"rdp-we-mwBJg\"><span typeof=\"mw:Entity\" id=\"rdp-we-mwBJk\">\u00a0<\/span><\/span><\/span><\/li>\n<li about=\"#cite_note-40\" id=\"cite_note-40\" data-mw-footnote-number=\"40\"><span class=\"mw-cite-backlink\" id=\"rdp-we-mwBJo\"><a href=\"#cite_ref-40\" rel=\"mw:referencedBy\" id=\"rdp-we-mwBJs\"><span class=\"mw-linkback-text\" id=\"rdp-we-mwBJw\">\u2191<\/span><\/a><\/span> <span id=\"rdp-we-mw-reference-text-cite_note-40\" class=\"mw-reference-text reference-text\"><span class=\"cite\" about=\"#mwt84\" typeof=\"mw:Transclusion\" id=\"rdp-we-mwBJ0\" data-mw='{\"parts\":[{\"template\":{\"target\":{\"wt\":\"Internetquelle \",\"href\":\".\/Vorlage:Internetquelle\"},\"params\":{\"url\":{\"wt\":\"http:\/\/hiphopholic.de\/g-hot-nicone-ficke-deine-mutter-stadt-farid-bang-diss\/\"},\"titel\":{\"wt\":\"G-hot &amp; Nicone \u2013 Ficke deine Mutter Stadt (Farid Bang Diss)\"},\"werk\":{\"wt\":\"hiphopholic.de\"},\"datum\":{\"wt\":\"2012-05-21\"},\"abruf\":{\"wt\":\"2015-04-12\"}},\"i\":0}}]}'><a rel=\"external_link\" href=\"http:\/\/hiphopholic.de\/g-hot-nicone-ficke-deine-mutter-stadt-farid-bang-diss\/\" class=\"external text\" id=\"rdp-we-mwBJ4\" target=\"_new\"><i id=\"rdp-we-mwBJ8\">G-hot &amp; Nicone \u2013 Ficke deine Mutter Stadt (Farid Bang Diss).<\/i><\/a><span typeof=\"mw:Entity\" id=\"rdp-we-mwBKA\"> <\/span>In:<span typeof=\"mw:Entity\" id=\"rdp-we-mwBKE\"> <\/span><i id=\"rdp-we-mwBKI\">hiphopholic.de.<\/i><span typeof=\"mw:Entity\" id=\"rdp-we-mwBKM\"> <\/span>21.<span typeof=\"mw:Entity\" id=\"rdp-we-mwBKQ\">\u00a0<\/span>Mai 2012<span typeof=\"mw:Entity\" id=\"rdp-we-mwBKU\">,<\/span><span class=\"Abrufdatum\" id=\"rdp-we-mwBKY\"><span typeof=\"mw:Entity\" id=\"rdp-we-mwBKc\"> <\/span>abgerufen am 12.<span typeof=\"mw:Entity\" id=\"rdp-we-mwBKg\">\u00a0<\/span>April 2015<\/span>.<\/span><span style=\"display: none;\" class=\"Z3988\" title=\"ctx_ver=Z39.88-2004&amp;rft_val_fmt=info%3Aofi%2Ffmt%3Akev%3Amtx%3Adc&amp;rfr_id=info%3Asid%2Fde.wikipedia.org%3AFarid+Bang&amp;rft.title=G-hot+%26+Nicone+%E2%80%93+Ficke+deine+Mutter+Stadt+%28Farid+Bang+Diss%29&amp;rft.description=G-hot+%26+Nicone+%E2%80%93+Ficke+deine+Mutter+Stadt+%28Farid+Bang+Diss%29&amp;rft.identifier=http%3A%2F%2Fhiphopholic.de%2Fg-hot-nicone-ficke-deine-mutter-stadt-farid-bang-diss%2F&amp;rft.date=2012-05-21\" about=\"#mwt84\" id=\"rdp-we-mwBKk\"><span typeof=\"mw:Entity\" id=\"rdp-we-mwBKo\">\u00a0<\/span><\/span><\/span><\/li>\n<li about=\"#cite_note-41\" id=\"cite_note-41\" data-mw-footnote-number=\"41\"><span class=\"mw-cite-backlink\" id=\"rdp-we-mwBKs\"><a href=\"#cite_ref-41\" rel=\"mw:referencedBy\" id=\"rdp-we-mwBKw\"><span class=\"mw-linkback-text\" id=\"rdp-we-mwBK0\">\u2191<\/span><\/a><\/span> <span id=\"rdp-we-mw-reference-text-cite_note-41\" class=\"mw-reference-text reference-text\"><span class=\"cite\" about=\"#mwt86\" typeof=\"mw:Transclusion\" id=\"rdp-we-mwBK4\" data-mw='{\"parts\":[{\"template\":{\"target\":{\"wt\":\"cite web \",\"href\":\".\/Vorlage:Cite_web\"},\"params\":{\"url\":{\"wt\":\"http:\/\/www.spit-tv.de\/top-artikel\/farid-bang-seitenhieb-auf-stiernackenkommando-fler-antwortet\/\"},\"title\":{\"wt\":\"Farid Bang: Seitenhieb auf \u201cStiernackenkommando\u201d \/ Fler antwortet\"},\"date\":{\"wt\":\"2013-01-21\"},\"accessdate\":{\"wt\":\"2015-04-12\"}},\"i\":0}}]}'><a rel=\"external_link\" href=\"http:\/\/www.spit-tv.de\/top-artikel\/farid-bang-seitenhieb-auf-stiernackenkommando-fler-antwortet\/\" class=\"external text\" id=\"rdp-we-mwBK8\" target=\"_new\"><i id=\"rdp-we-mwBLA\">Farid Bang: Seitenhieb auf \u201cStiernackenkommando\u201d \/ Fler antwortet.<\/i><\/a><span typeof=\"mw:Entity\" id=\"rdp-we-mwBLE\"> <\/span>21.<span typeof=\"mw:Entity\" id=\"rdp-we-mwBLI\">\u00a0<\/span>Januar 2013<span typeof=\"mw:Entity\" id=\"rdp-we-mwBLM\">,<\/span><span class=\"Abrufdatum\" id=\"rdp-we-mwBLQ\"><span typeof=\"mw:Entity\" id=\"rdp-we-mwBLU\"> <\/span>abgerufen am 12.<span typeof=\"mw:Entity\" id=\"rdp-we-mwBLY\">\u00a0<\/span>April 2015<\/span>.<\/span><span style=\"display: none;\" class=\"Z3988\" title=\"ctx_ver=Z39.88-2004&amp;rft_val_fmt=info%3Aofi%2Ffmt%3Akev%3Amtx%3Adc&amp;rfr_id=info%3Asid%2Fde.wikipedia.org%3AFarid+Bang&amp;rft.title=Farid+Bang%3A+Seitenhieb+auf+%E2%80%9CStiernackenkommando%E2%80%9D+%2F+Fler+antwortet&amp;rft.description=Farid+Bang%3A+Seitenhieb+auf+%E2%80%9CStiernackenkommando%E2%80%9D+%2F+Fler+antwortet&amp;rft.identifier=&amp;rft.date=2013-01-21\" about=\"#mwt86\" id=\"rdp-we-mwBLc\"><span typeof=\"mw:Entity\" id=\"rdp-we-mwBLg\">\u00a0<\/span><\/span><\/span><\/li>\n<li about=\"#cite_note-42\" id=\"cite_note-42\" data-mw-footnote-number=\"42\"><span class=\"mw-cite-backlink\" id=\"rdp-we-mwBLk\"><a href=\"#cite_ref-42\" rel=\"mw:referencedBy\" id=\"rdp-we-mwBLo\"><span class=\"mw-linkback-text\" id=\"rdp-we-mwBLs\">\u2191<\/span><\/a><\/span> <span id=\"rdp-we-mw-reference-text-cite_note-42\" class=\"mw-reference-text reference-text\"><span class=\"cite\" about=\"#mwt88\" typeof=\"mw:Transclusion\" id=\"rdp-we-mwBLw\" data-mw='{\"parts\":[{\"template\":{\"target\":{\"wt\":\"cite web \",\"href\":\".\/Vorlage:Cite_web\"},\"params\":{\"url\":{\"wt\":\"http:\/\/blog.hiphop.de\/deutschrap1radio\/2013\/04\/20\/g-hot-diss-gegen-farid-bang-auf-flers-neuem-album\/\"},\"title\":{\"wt\":\"G-Hot: Diss gegen Farid Bang auf Fler\u2019s neuem Album!\"},\"date\":{\"wt\":\"2013-04-20\"},\"archiveurl\":{\"wt\":\"https:\/\/web.archive.org\/web\/20150402113959\/http:\/\/blog.hiphop.de\/deutschrap1radio\/2013\/04\/20\/g-hot-diss-gegen-farid-bang-auf-flers-neuem-album\/\"},\"archivedate\":{\"wt\":\"2015-04-02\"},\"accessdate\":{\"wt\":\"2015-04-12\"}},\"i\":0}}]}'><a rel=\"external_link\" href=\"https:\/\/web.archive.org\/web\/20150402113959\/http:\/\/blog.hiphop.de\/deutschrap1radio\/2013\/04\/20\/g-hot-diss-gegen-farid-bang-auf-flers-neuem-album\/\" class=\"external text\" id=\"rdp-we-mwBL0\" target=\"_new\"><i id=\"rdp-we-mwBL4\">G-Hot: Diss gegen Farid Bang auf Fler\u2019s neuem Album!<\/i><\/a><span typeof=\"mw:Entity\" id=\"rdp-we-mwBL8\"> <\/span>20.<span typeof=\"mw:Entity\" id=\"rdp-we-mwBMA\">\u00a0<\/span>April 2013,<span typeof=\"mw:Entity\" id=\"rdp-we-mwBME\"> <\/span>archiviert<span typeof=\"mw:Entity\" id=\"rdp-we-mwBMI\"> <\/span>vom<span typeof=\"mw:Entity\" id=\"rdp-we-mwBMM\"> <\/span><link rel=\"mw-deduplicated-inline-style\" href=\"mw-data:TemplateStyles:r250917974\" about=\"#mwt89\" typeof=\"mw:Extension\/templatestyles\" id=\"rdp-we-mwBMQ\" data-mw='{\"name\":\"templatestyles\",\"attrs\":{\"src\":\"Vorlage:IconExternal\/styles.css\"}}'\/><span class=\"dewiki-iconexternal\" id=\"rdp-we-mwBMU\"><a rel=\"external_link\" href=\"https:\/\/redirecter.toolforge.org\/?url=http%3A%2F%2Fblog.hiphop.de%2Fdeutschrap1radio%2F2013%2F04%2F20%2Fg-hot-diss-gegen-farid-bang-auf-flers-neuem-album%2F\" class=\"external text\" id=\"rdp-we-mwBMY\" target=\"_new\">Original<\/a><\/span><span typeof=\"mw:Entity\" id=\"rdp-we-mwBMc\"> <\/span>am<span typeof=\"mw:Entity\" id=\"rdp-we-mwBMg\"> <\/span><span style=\"white-space:nowrap;\" id=\"rdp-we-mwBMk\">2.<span typeof=\"mw:Entity\" id=\"rdp-we-mwBMo\">\u00a0<\/span>April 2015<\/span><span id=\"rdp-we-mwBMs\">;<\/span><span class=\"Abrufdatum\" id=\"rdp-we-mwBMw\"><span typeof=\"mw:Entity\" id=\"rdp-we-mwBM0\"> <\/span>abgerufen am 12.<span typeof=\"mw:Entity\" id=\"rdp-we-mwBM4\">\u00a0<\/span>April 2015<\/span>.<\/span><span style=\"display: none;\" class=\"Z3988\" title=\"ctx_ver=Z39.88-2004&amp;rft_val_fmt=info%3Aofi%2Ffmt%3Akev%3Amtx%3Adc&amp;rfr_id=info%3Asid%2Fde.wikipedia.org%3AFarid+Bang&amp;rft.title=G-Hot%3A+Diss+gegen+Farid+Bang+auf+Fler%E2%80%99s+neuem+Album%21&amp;rft.description=G-Hot%3A+Diss+gegen+Farid+Bang+auf+Fler%E2%80%99s+neuem+Album%21&amp;rft.identifier=https%3A%2F%2Fweb.archive.org%2Fweb%2F20150402113959%2Fhttp%3A%2F%2Fblog.hiphop.de%2Fdeutschrap1radio%2F2013%2F04%2F20%2Fg-hot-diss-gegen-farid-bang-auf-flers-neuem-album%2F&amp;rft.date=2013-04-20&amp;rft.source=http:\/\/blog.hiphop.de\/deutschrap1radio\/2013\/04\/20\/g-hot-diss-gegen-farid-bang-auf-flers-neuem-album\/\" about=\"#mwt88\" id=\"rdp-we-mwBM8\"><span typeof=\"mw:Entity\" id=\"rdp-we-mwBNA\">\u00a0<\/span><\/span><\/span><\/li>\n<li about=\"#cite_note-43\" id=\"cite_note-43\" data-mw-footnote-number=\"43\"><span class=\"mw-cite-backlink\" id=\"rdp-we-mwBNE\"><a href=\"#cite_ref-43\" rel=\"mw:referencedBy\" id=\"rdp-we-mwBNI\"><span class=\"mw-linkback-text\" id=\"rdp-we-mwBNM\">\u2191<\/span><\/a><\/span> <span id=\"rdp-we-mw-reference-text-cite_note-43\" class=\"mw-reference-text reference-text\"><span class=\"cite\" about=\"#mwt91\" typeof=\"mw:Transclusion\" id=\"rdp-we-mwBNQ\" data-mw='{\"parts\":[{\"template\":{\"target\":{\"wt\":\"cite web \",\"href\":\".\/Vorlage:Cite_web\"},\"params\":{\"url\":{\"wt\":\"http:\/\/www.16bars.de\/media\/8203\/mut-zur-haesslichkeit-jbg\/\"},\"title\":{\"wt\":\"Deutsch: Mut zur H\u00e4sslichkeit (JBG)\"},\"date\":{\"wt\":\"2013-02-26\"},\"accessdate\":{\"wt\":\"2015-04-12\"}},\"i\":0}}]}'><a rel=\"external_link\" href=\"http:\/\/www.16bars.de\/media\/8203\/mut-zur-haesslichkeit-jbg\/\" class=\"external text\" id=\"rdp-we-mwBNU\" target=\"_new\"><i id=\"rdp-we-mwBNY\">Deutsch: Mut zur H\u00e4sslichkeit (JBG).<\/i><\/a><span typeof=\"mw:Entity\" id=\"rdp-we-mwBNc\"> <\/span>26.<span typeof=\"mw:Entity\" id=\"rdp-we-mwBNg\">\u00a0<\/span>Februar 2013<span typeof=\"mw:Entity\" id=\"rdp-we-mwBNk\">,<\/span><span class=\"Abrufdatum\" id=\"rdp-we-mwBNo\"><span typeof=\"mw:Entity\" id=\"rdp-we-mwBNs\"> <\/span>abgerufen am 12.<span typeof=\"mw:Entity\" id=\"rdp-we-mwBNw\">\u00a0<\/span>April 2015<\/span>.<\/span><span style=\"display: none;\" class=\"Z3988\" title=\"ctx_ver=Z39.88-2004&amp;rft_val_fmt=info%3Aofi%2Ffmt%3Akev%3Amtx%3Adc&amp;rfr_id=info%3Asid%2Fde.wikipedia.org%3AFarid+Bang&amp;rft.title=Deutsch%3A+Mut+zur+H%C3%A4sslichkeit+%28JBG%29&amp;rft.description=Deutsch%3A+Mut+zur+H%C3%A4sslichkeit+%28JBG%29&amp;rft.identifier=&amp;rft.date=2013-02-26\" about=\"#mwt91\" id=\"rdp-we-mwBN0\"><span typeof=\"mw:Entity\" id=\"rdp-we-mwBN4\">\u00a0<\/span><\/span><\/span><\/li>\n<li about=\"#cite_note-44\" id=\"cite_note-44\" data-mw-footnote-number=\"44\"><span class=\"mw-cite-backlink\" id=\"rdp-we-mwBN8\"><a href=\"#cite_ref-44\" rel=\"mw:referencedBy\" id=\"rdp-we-mwBOA\"><span class=\"mw-linkback-text\" id=\"rdp-we-mwBOE\">\u2191<\/span><\/a><\/span> <span id=\"rdp-we-mw-reference-text-cite_note-44\" class=\"mw-reference-text reference-text\"><span class=\"cite\" about=\"#mwt93\" typeof=\"mw:Transclusion\" id=\"rdp-we-mwBOI\" data-mw='{\"parts\":[{\"template\":{\"target\":{\"wt\":\"cite web \",\"href\":\".\/Vorlage:Cite_web\"},\"params\":{\"url\":{\"wt\":\"http:\/\/blog.hiphop.de\/deutschrap1radio\/2013\/09\/08\/farid-bang-neuer-diss-gegen-silla-du-gegen-mich-ist-wie-audio\/\"},\"title\":{\"wt\":\"Farid Bang: Neuer Diss gegen Silla \u2013 \u201cDu gegen mich ist wie \u2026\u201d (Audio)\"},\"date\":{\"wt\":\"2013-09-08\"},\"archiveurl\":{\"wt\":\"https:\/\/web.archive.org\/web\/20150402113831\/http:\/\/blog.hiphop.de\/deutschrap1radio\/2013\/09\/08\/farid-bang-neuer-diss-gegen-silla-du-gegen-mich-ist-wie-audio\/\"},\"archivedate\":{\"wt\":\"2015-04-02\"},\"accessdate\":{\"wt\":\"2015-04-12\"}},\"i\":0}}]}'><a rel=\"external_link\" href=\"https:\/\/web.archive.org\/web\/20150402113831\/http:\/\/blog.hiphop.de\/deutschrap1radio\/2013\/09\/08\/farid-bang-neuer-diss-gegen-silla-du-gegen-mich-ist-wie-audio\/\" class=\"external text\" id=\"rdp-we-mwBOM\" target=\"_new\"><i id=\"rdp-we-mwBOQ\">Farid Bang: Neuer Diss gegen Silla \u2013 \u201cDu gegen mich ist wie \u2026\u201d (Audio).<\/i><\/a><span typeof=\"mw:Entity\" id=\"rdp-we-mwBOU\"> <\/span>8.<span typeof=\"mw:Entity\" id=\"rdp-we-mwBOY\">\u00a0<\/span>September 2013,<span typeof=\"mw:Entity\" id=\"rdp-we-mwBOc\"> <\/span>archiviert<span typeof=\"mw:Entity\" id=\"rdp-we-mwBOg\"> <\/span>vom<span typeof=\"mw:Entity\" id=\"rdp-we-mwBOk\"> <\/span><link rel=\"mw-deduplicated-inline-style\" href=\"mw-data:TemplateStyles:r250917974\" about=\"#mwt94\" typeof=\"mw:Extension\/templatestyles\" id=\"rdp-we-mwBOo\" data-mw='{\"name\":\"templatestyles\",\"attrs\":{\"src\":\"Vorlage:IconExternal\/styles.css\"}}'\/><span class=\"dewiki-iconexternal\" id=\"rdp-we-mwBOs\"><a rel=\"external_link\" href=\"https:\/\/redirecter.toolforge.org\/?url=http%3A%2F%2Fblog.hiphop.de%2Fdeutschrap1radio%2F2013%2F09%2F08%2Ffarid-bang-neuer-diss-gegen-silla-du-gegen-mich-ist-wie-audio%2F\" class=\"external text\" id=\"rdp-we-mwBOw\" target=\"_new\">Original<\/a><\/span><span typeof=\"mw:Entity\" id=\"rdp-we-mwBO0\"> <\/span>am<span typeof=\"mw:Entity\" id=\"rdp-we-mwBO4\"> <\/span><span style=\"white-space:nowrap;\" id=\"rdp-we-mwBO8\">2.<span typeof=\"mw:Entity\" id=\"rdp-we-mwBPA\">\u00a0<\/span>April 2015<\/span><span id=\"rdp-we-mwBPE\">;<\/span><span class=\"Abrufdatum\" id=\"rdp-we-mwBPI\"><span typeof=\"mw:Entity\" id=\"rdp-we-mwBPM\"> <\/span>abgerufen am 12.<span typeof=\"mw:Entity\" id=\"rdp-we-mwBPQ\">\u00a0<\/span>April 2015<\/span>.<\/span><span style=\"display: none;\" class=\"Z3988\" title=\"ctx_ver=Z39.88-2004&amp;rft_val_fmt=info%3Aofi%2Ffmt%3Akev%3Amtx%3Adc&amp;rfr_id=info%3Asid%2Fde.wikipedia.org%3AFarid+Bang&amp;rft.title=Farid+Bang%3A+Neuer+Diss+gegen+Silla+%E2%80%93+%E2%80%9CDu+gegen+mich+ist+wie+%E2%80%A6%E2%80%9D+%28Audio%29&amp;rft.description=Farid+Bang%3A+Neuer+Diss+gegen+Silla+%E2%80%93+%E2%80%9CDu+gegen+mich+ist+wie+%E2%80%A6%E2%80%9D+%28Audio%29&amp;rft.identifier=https%3A%2F%2Fweb.archive.org%2Fweb%2F20150402113831%2Fhttp%3A%2F%2Fblog.hiphop.de%2Fdeutschrap1radio%2F2013%2F09%2F08%2Ffarid-bang-neuer-diss-gegen-silla-du-gegen-mich-ist-wie-audio%2F&amp;rft.date=2013-09-08&amp;rft.source=http:\/\/blog.hiphop.de\/deutschrap1radio\/2013\/09\/08\/farid-bang-neuer-diss-gegen-silla-du-gegen-mich-ist-wie-audio\/\" about=\"#mwt93\" id=\"rdp-we-mwBPU\"><span typeof=\"mw:Entity\" id=\"rdp-we-mwBPY\">\u00a0<\/span><\/span><\/span><\/li>\n<li about=\"#cite_note-45\" id=\"cite_note-45\" data-mw-footnote-number=\"45\"><span class=\"mw-cite-backlink\" id=\"rdp-we-mwBPc\"><a href=\"#cite_ref-45\" rel=\"mw:referencedBy\" id=\"rdp-we-mwBPg\"><span class=\"mw-linkback-text\" id=\"rdp-we-mwBPk\">\u2191<\/span><\/a><\/span> <span id=\"rdp-we-mw-reference-text-cite_note-45\" class=\"mw-reference-text reference-text\"><span class=\"cite\" about=\"#mwt96\" typeof=\"mw:Transclusion\" id=\"rdp-we-mwBPo\" data-mw='{\"parts\":[{\"template\":{\"target\":{\"wt\":\"cite web \",\"href\":\".\/Vorlage:Cite_web\"},\"params\":{\"url\":{\"wt\":\"http:\/\/musik.bz\/farid-bang\/killa\/\"},\"title\":{\"wt\":\"musik.bz \u2013 Detailseite f\u00fcr Killa\"},\"archiveurl\":{\"wt\":\"https:\/\/web.archive.org\/web\/20140104204308\/http:\/\/musik.bz\/farid-bang\/killa\/\"},\"archivedate\":{\"wt\":\"2014-01-04\"},\"accessdate\":{\"wt\":\"2015-04-12\"}},\"i\":0}}]}'><a rel=\"external_link\" href=\"https:\/\/web.archive.org\/web\/20140104204308\/http:\/\/musik.bz\/farid-bang\/killa\/\" class=\"external text\" id=\"rdp-we-mwBPs\" target=\"_new\"><i id=\"rdp-we-mwBPw\">musik.bz \u2013 Detailseite f\u00fcr Killa.<\/i><\/a><span typeof=\"mw:Entity\" id=\"rdp-we-mwBP0\"> <\/span>Archiviert<span typeof=\"mw:Entity\" id=\"rdp-we-mwBP4\"> <\/span>vom<span typeof=\"mw:Entity\" id=\"rdp-we-mwBP8\"> <\/span><link rel=\"mw-deduplicated-inline-style\" href=\"mw-data:TemplateStyles:r250917974\" about=\"#mwt97\" typeof=\"mw:Extension\/templatestyles\" id=\"rdp-we-mwBQA\" data-mw='{\"name\":\"templatestyles\",\"attrs\":{\"src\":\"Vorlage:IconExternal\/styles.css\"}}'\/><span class=\"dewiki-iconexternal\" id=\"rdp-we-mwBQE\"><a rel=\"external_link\" href=\"https:\/\/redirecter.toolforge.org\/?url=http%3A%2F%2Fmusik.bz%2Ffarid-bang%2Fkilla%2F\" class=\"external text\" id=\"rdp-we-mwBQI\" target=\"_new\">Original<\/a><\/span><span typeof=\"mw:Entity\" id=\"rdp-we-mwBQM\"> <\/span>am<span typeof=\"mw:Entity\" id=\"rdp-we-mwBQQ\"> <\/span><span style=\"white-space:nowrap;\" id=\"rdp-we-mwBQU\">4.<span typeof=\"mw:Entity\" id=\"rdp-we-mwBQY\">\u00a0<\/span>Januar 2014<\/span><span id=\"rdp-we-mwBQc\">;<\/span><span class=\"Abrufdatum\" id=\"rdp-we-mwBQg\"><span typeof=\"mw:Entity\" id=\"rdp-we-mwBQk\"> <\/span>abgerufen am 12.<span typeof=\"mw:Entity\" id=\"rdp-we-mwBQo\">\u00a0<\/span>April 2015<\/span>.<\/span><span style=\"display: none;\" class=\"Z3988\" title=\"ctx_ver=Z39.88-2004&amp;rft_val_fmt=info%3Aofi%2Ffmt%3Akev%3Amtx%3Adc&amp;rfr_id=info%3Asid%2Fde.wikipedia.org%3AFarid+Bang&amp;rft.title=musik.bz+%E2%80%93+Detailseite+f%C3%BCr+Killa&amp;rft.description=musik.bz+%E2%80%93+Detailseite+f%C3%BCr+Killa&amp;rft.identifier=https%3A%2F%2Fweb.archive.org%2Fweb%2F20140104204308%2Fhttp%3A%2F%2Fmusik.bz%2Ffarid-bang%2Fkilla%2F&amp;rft.date=&amp;rft.source=http:\/\/musik.bz\/farid-bang\/killa\/\" about=\"#mwt96\" id=\"rdp-we-mwBQs\"><span typeof=\"mw:Entity\" id=\"rdp-we-mwBQw\">\u00a0<\/span><\/span><\/span><\/li>\n<li about=\"#cite_note-46\" id=\"cite_note-46\" data-mw-footnote-number=\"46\"><span class=\"mw-cite-backlink\" id=\"rdp-we-mwBQ0\"><a href=\"#cite_ref-46\" rel=\"mw:referencedBy\" id=\"rdp-we-mwBQ4\"><span class=\"mw-linkback-text\" id=\"rdp-we-mwBQ8\">\u2191<\/span><\/a><\/span> <span id=\"rdp-we-mw-reference-text-cite_note-46\" class=\"mw-reference-text reference-text\"><span class=\"cite\" about=\"#mwt99\" typeof=\"mw:Transclusion\" id=\"rdp-we-mwBRA\" data-mw='{\"parts\":[{\"template\":{\"target\":{\"wt\":\"Internetquelle \",\"href\":\".\/Vorlage:Internetquelle\"},\"params\":{\"url\":{\"wt\":\"http:\/\/check-rap.de\/2013\/12\/farid-bang-veroeffentlicht-album-titel-killa\/\"},\"titel\":{\"wt\":\"Farid Bang ver\u00f6ffentlicht Album-Titel \u201cKilla\u201d\"},\"datum\":{\"wt\":\"2013-12-17\"},\"abruf\":{\"wt\":\"2015-04-12\"}},\"i\":0}}]}'><a rel=\"external_link\" href=\"http:\/\/check-rap.de\/2013\/12\/farid-bang-veroeffentlicht-album-titel-killa\/\" class=\"external text\" id=\"rdp-we-mwBRE\" target=\"_new\"><i id=\"rdp-we-mwBRI\">Farid Bang ver\u00f6ffentlicht Album-Titel \u201cKilla\u201d.<\/i><\/a><span typeof=\"mw:Entity\" id=\"rdp-we-mwBRM\"> <\/span>17.<span typeof=\"mw:Entity\" id=\"rdp-we-mwBRQ\">\u00a0<\/span>Dezember 2013<span typeof=\"mw:Entity\" id=\"rdp-we-mwBRU\">,<\/span><span class=\"Abrufdatum\" id=\"rdp-we-mwBRY\"><span typeof=\"mw:Entity\" id=\"rdp-we-mwBRc\"> <\/span>abgerufen am 12.<span typeof=\"mw:Entity\" id=\"rdp-we-mwBRg\">\u00a0<\/span>April 2015<\/span>.<\/span><span style=\"display: none;\" class=\"Z3988\" title=\"ctx_ver=Z39.88-2004&amp;rft_val_fmt=info%3Aofi%2Ffmt%3Akev%3Amtx%3Adc&amp;rfr_id=info%3Asid%2Fde.wikipedia.org%3AFarid+Bang&amp;rft.title=Farid+Bang+ver%C3%B6ffentlicht+Album-Titel+%E2%80%9CKilla%E2%80%9D&amp;rft.description=Farid+Bang+ver%C3%B6ffentlicht+Album-Titel+%E2%80%9CKilla%E2%80%9D&amp;rft.identifier=http%3A%2F%2Fcheck-rap.de%2F2013%2F12%2Ffarid-bang-veroeffentlicht-album-titel-killa%2F&amp;rft.date=2013-12-17\" about=\"#mwt99\" id=\"rdp-we-mwBRk\"><span typeof=\"mw:Entity\" id=\"rdp-we-mwBRo\">\u00a0<\/span><\/span><\/span><\/li>\n<li about=\"#cite_note-47\" id=\"cite_note-47\" data-mw-footnote-number=\"47\"><span class=\"mw-cite-backlink\" id=\"rdp-we-mwBRs\"><a href=\"#cite_ref-47\" rel=\"mw:referencedBy\" id=\"rdp-we-mwBRw\"><span class=\"mw-linkback-text\" id=\"rdp-we-mwBR0\">\u2191<\/span><\/a><\/span> <span id=\"rdp-we-mw-reference-text-cite_note-47\" class=\"mw-reference-text reference-text\"><span class=\"cite\" about=\"#mwt101\" typeof=\"mw:Transclusion\" id=\"rdp-we-mwBR4\" data-mw='{\"parts\":[{\"template\":{\"target\":{\"wt\":\"cite web \",\"href\":\".\/Vorlage:Cite_web\"},\"params\":{\"url\":{\"wt\":\"http:\/\/rapupdate.de\/?p=63203\"},\"title\":{\"wt\":\"\u201cES GIBT NUR EINEN KILLA\u201d\"},\"date\":{\"wt\":\"2013-12-28\"},\"archiveurl\":{\"wt\":\"https:\/\/web.archive.org\/web\/20140104205323\/http:\/\/rapupdate.de\/?p=63203\"},\"archivedate\":{\"wt\":\"2014-01-04\"},\"accessdate\":{\"wt\":\"2015-04-12\"}},\"i\":0}}]}'><a rel=\"external_link\" href=\"https:\/\/web.archive.org\/web\/20140104205323\/http:\/\/rapupdate.de\/?p=63203\" class=\"external text\" id=\"rdp-we-mwBR8\" target=\"_new\"><i id=\"rdp-we-mwBSA\">\u201cES GIBT NUR EINEN KILLA\u201d.<\/i><\/a><span typeof=\"mw:Entity\" id=\"rdp-we-mwBSE\"> <\/span>28.<span typeof=\"mw:Entity\" id=\"rdp-we-mwBSI\">\u00a0<\/span>Dezember 2013,<span typeof=\"mw:Entity\" id=\"rdp-we-mwBSM\"> <\/span>archiviert<span typeof=\"mw:Entity\" id=\"rdp-we-mwBSQ\"> <\/span>vom<span typeof=\"mw:Entity\" id=\"rdp-we-mwBSU\"> <\/span><link rel=\"mw-deduplicated-inline-style\" href=\"mw-data:TemplateStyles:r250917974\" about=\"#mwt102\" typeof=\"mw:Extension\/templatestyles\" id=\"rdp-we-mwBSY\" data-mw='{\"name\":\"templatestyles\",\"attrs\":{\"src\":\"Vorlage:IconExternal\/styles.css\"}}'\/><span class=\"dewiki-iconexternal\" id=\"rdp-we-mwBSc\"><a rel=\"external_link\" href=\"https:\/\/redirecter.toolforge.org\/?url=http%3A%2F%2Frapupdate.de%2F%3Fp%3D63203\" class=\"external text\" id=\"rdp-we-mwBSg\" target=\"_new\">Original<\/a><\/span><span typeof=\"mw:Entity\" id=\"rdp-we-mwBSk\"> <\/span>am<span typeof=\"mw:Entity\" id=\"rdp-we-mwBSo\"> <\/span><span style=\"white-space:nowrap;\" id=\"rdp-we-mwBSs\">4.<span typeof=\"mw:Entity\" id=\"rdp-we-mwBSw\">\u00a0<\/span>Januar 2014<\/span><span id=\"rdp-we-mwBS0\">;<\/span><span class=\"Abrufdatum\" id=\"rdp-we-mwBS4\"><span typeof=\"mw:Entity\" id=\"rdp-we-mwBS8\"> <\/span>abgerufen am 12.<span typeof=\"mw:Entity\" id=\"rdp-we-mwBTA\">\u00a0<\/span>April 2015<\/span>.<\/span><span style=\"display: none;\" class=\"Z3988\" title=\"ctx_ver=Z39.88-2004&amp;rft_val_fmt=info%3Aofi%2Ffmt%3Akev%3Amtx%3Adc&amp;rfr_id=info%3Asid%2Fde.wikipedia.org%3AFarid+Bang&amp;rft.title=%E2%80%9CES+GIBT+NUR+EINEN+KILLA%E2%80%9D&amp;rft.description=%E2%80%9CES+GIBT+NUR+EINEN+KILLA%E2%80%9D&amp;rft.identifier=https%3A%2F%2Fweb.archive.org%2Fweb%2F20140104205323%2Fhttp%3A%2F%2Frapupdate.de%2F%3Fp%3D63203&amp;rft.date=2013-12-28&amp;rft.source=http:\/\/rapupdate.de\/?p=63203\" about=\"#mwt101\" id=\"rdp-we-mwBTE\"><span typeof=\"mw:Entity\" id=\"rdp-we-mwBTI\">\u00a0<\/span><\/span><\/span><\/li>\n<li about=\"#cite_note-48\" id=\"cite_note-48\" data-mw-footnote-number=\"48\"><span class=\"mw-cite-backlink\" id=\"rdp-we-mwBTM\"><a href=\"#cite_ref-48\" rel=\"mw:referencedBy\" id=\"rdp-we-mwBTQ\"><span class=\"mw-linkback-text\" id=\"rdp-we-mwBTU\">\u2191<\/span><\/a><\/span> <span id=\"rdp-we-mw-reference-text-cite_note-48\" class=\"mw-reference-text reference-text\"><span class=\"cite\" about=\"#mwt104\" typeof=\"mw:Transclusion\" id=\"rdp-we-mwBTY\" data-mw='{\"parts\":[{\"template\":{\"target\":{\"wt\":\"cite web \",\"href\":\".\/Vorlage:Cite_web\"},\"params\":{\"url\":{\"wt\":\"http:\/\/hiphop.de\/magazin\/news\/banger-vs-maskulin-silla-nennt-neues-album-banger-261497#.UtFfy_TuK9Y\"},\"title\":{\"wt\":\"Banger vs. Maskulin: Silla nennt neues Album \\\"Banger\\\"\"},\"date\":{\"wt\":\"2014-01-09\"},\"archiveurl\":{\"wt\":\"https:\/\/web.archive.org\/web\/20150402090550\/http:\/\/hiphop.de\/magazin\/news\/banger-vs-maskulin-silla-nennt-neues-album-banger-261497#.UtFfy_TuK9Y\"},\"archivedate\":{\"wt\":\"2015-04-02\"},\"accessdate\":{\"wt\":\"2015-04-12\"}},\"i\":0}}]}'><a rel=\"external_link\" href=\"https:\/\/web.archive.org\/web\/20150402090550\/http:\/\/hiphop.de\/magazin\/news\/banger-vs-maskulin-silla-nennt-neues-album-banger-261497#.UtFfy_TuK9Y\" class=\"external text\" id=\"rdp-we-mwBTc\" target=\"_new\"><i id=\"rdp-we-mwBTg\">Banger vs. Maskulin: Silla nennt neues Album \"Banger\".<\/i><\/a><span typeof=\"mw:Entity\" id=\"rdp-we-mwBTk\"> <\/span>9.<span typeof=\"mw:Entity\" id=\"rdp-we-mwBTo\">\u00a0<\/span>Januar 2014,<span typeof=\"mw:Entity\" id=\"rdp-we-mwBTs\"> <\/span>archiviert<span typeof=\"mw:Entity\" id=\"rdp-we-mwBTw\"> <\/span>vom<span typeof=\"mw:Entity\" id=\"rdp-we-mwBT0\"> <\/span><link rel=\"mw-deduplicated-inline-style\" href=\"mw-data:TemplateStyles:r250917974\" about=\"#mwt105\" typeof=\"mw:Extension\/templatestyles\" id=\"rdp-we-mwBT4\" data-mw='{\"name\":\"templatestyles\",\"attrs\":{\"src\":\"Vorlage:IconExternal\/styles.css\"}}'\/><span class=\"dewiki-iconexternal\" id=\"rdp-we-mwBT8\"><a rel=\"external_link\" href=\"https:\/\/redirecter.toolforge.org\/?url=http%3A%2F%2Fhiphop.de%2Fmagazin%2Fnews%2Fbanger-vs-maskulin-silla-nennt-neues-album-banger-261497%23.UtFfy_TuK9Y\" class=\"external text\" id=\"rdp-we-mwBUA\" target=\"_new\">Original<\/a><\/span><span typeof=\"mw:Entity\" id=\"rdp-we-mwBUE\"> <\/span>am<span typeof=\"mw:Entity\" id=\"rdp-we-mwBUI\"> <\/span><span style=\"white-space:nowrap;\" id=\"rdp-we-mwBUM\">2.<span typeof=\"mw:Entity\" id=\"rdp-we-mwBUQ\">\u00a0<\/span>April 2015<\/span><span id=\"rdp-we-mwBUU\">;<\/span><span class=\"Abrufdatum\" id=\"rdp-we-mwBUY\"><span typeof=\"mw:Entity\" id=\"rdp-we-mwBUc\"> <\/span>abgerufen am 12.<span typeof=\"mw:Entity\" id=\"rdp-we-mwBUg\">\u00a0<\/span>April 2015<\/span>.<\/span><span style=\"display: none;\" class=\"Z3988\" title=\"ctx_ver=Z39.88-2004&amp;rft_val_fmt=info%3Aofi%2Ffmt%3Akev%3Amtx%3Adc&amp;rfr_id=info%3Asid%2Fde.wikipedia.org%3AFarid+Bang&amp;rft.title=Banger+vs.+Maskulin%3A+Silla+nennt+neues+Album+%22Banger%22&amp;rft.description=Banger+vs.+Maskulin%3A+Silla+nennt+neues+Album+%22Banger%22&amp;rft.identifier=https%3A%2F%2Fweb.archive.org%2Fweb%2F20150402090550%2Fhttp%3A%2F%2Fhiphop.de%2Fmagazin%2Fnews%2Fbanger-vs-maskulin-silla-nennt-neues-album-banger-261497%23.UtFfy_TuK9Y&amp;rft.date=2014-01-09&amp;rft.source=http:\/\/hiphop.de\/magazin\/news\/banger-vs-maskulin-silla-nennt-neues-album-banger-261497#.UtFfy_TuK9Y\" about=\"#mwt104\" id=\"rdp-we-mwBUk\"><span typeof=\"mw:Entity\" id=\"rdp-we-mwBUo\">\u00a0<\/span><\/span><\/span><\/li>\n<li about=\"#cite_note-49\" id=\"cite_note-49\" data-mw-footnote-number=\"49\"><span class=\"mw-cite-backlink\" id=\"rdp-we-mwBUs\"><a href=\"#cite_ref-49\" rel=\"mw:referencedBy\" id=\"rdp-we-mwBUw\"><span class=\"mw-linkback-text\" id=\"rdp-we-mwBU0\">\u2191<\/span><\/a><\/span> <span id=\"rdp-we-mw-reference-text-cite_note-49\" class=\"mw-reference-text reference-text\"><span class=\"cite\" about=\"#mwt107\" typeof=\"mw:Transclusion\" id=\"rdp-we-mwBU4\" data-mw='{\"parts\":[{\"template\":{\"target\":{\"wt\":\"Internetquelle\",\"href\":\".\/Vorlage:Internetquelle\"},\"params\":{\"url\":{\"wt\":\"http:\/\/www.b-stadt.com\/item\/farid-bang-betitelt-fler-erneut-mehrfach-als-hurensohn\"},\"titel\":{\"wt\":\"Farid Bang betitelt FLER erneut (mehrfach) als \\\"Hurensohn\\\"\"},\"datum\":{\"wt\":\"2014-01-13\"},\"archiv-url\":{\"wt\":\"https:\/\/web.archive.org\/web\/20150402112954\/http:\/\/www.b-stadt.com\/item\/farid-bang-betitelt-fler-erneut-mehrfach-als-hurensohn\"},\"archiv-datum\":{\"wt\":\"2015-04-02\"},\"abruf\":{\"wt\":\"2015-04-12\"}},\"i\":0}}]}'><a rel=\"external_link\" href=\"https:\/\/web.archive.org\/web\/20150402112954\/http:\/\/www.b-stadt.com\/item\/farid-bang-betitelt-fler-erneut-mehrfach-als-hurensohn\" class=\"external text\" id=\"rdp-we-mwBU8\" target=\"_new\"><i id=\"rdp-we-mwBVA\">Farid Bang betitelt FLER erneut (mehrfach) als \"Hurensohn\".<\/i><\/a><span typeof=\"mw:Entity\" id=\"rdp-we-mwBVE\"> <\/span>13.<span typeof=\"mw:Entity\" id=\"rdp-we-mwBVI\">\u00a0<\/span>Januar 2014,<span typeof=\"mw:Entity\" id=\"rdp-we-mwBVM\"> <\/span>archiviert<span typeof=\"mw:Entity\" id=\"rdp-we-mwBVQ\"> <\/span>vom<span typeof=\"mw:Entity\" id=\"rdp-we-mwBVU\"> <\/span><link rel=\"mw-deduplicated-inline-style\" href=\"mw-data:TemplateStyles:r250917974\" about=\"#mwt108\" typeof=\"mw:Extension\/templatestyles\" id=\"rdp-we-mwBVY\" data-mw='{\"name\":\"templatestyles\",\"attrs\":{\"src\":\"Vorlage:IconExternal\/styles.css\"}}'\/><span class=\"dewiki-iconexternal\" id=\"rdp-we-mwBVc\"><a rel=\"external_link\" href=\"https:\/\/redirecter.toolforge.org\/?url=http%3A%2F%2Fwww.b-stadt.com%2Fitem%2Ffarid-bang-betitelt-fler-erneut-mehrfach-als-hurensohn\" class=\"external text\" id=\"rdp-we-mwBVg\" target=\"_new\">Original<\/a><\/span><span typeof=\"mw:Entity\" id=\"rdp-we-mwBVk\"> <\/span>am<span typeof=\"mw:Entity\" id=\"rdp-we-mwBVo\"> <\/span><span style=\"white-space:nowrap;\" id=\"rdp-we-mwBVs\">2.<span typeof=\"mw:Entity\" id=\"rdp-we-mwBVw\">\u00a0<\/span>April 2015<\/span><span id=\"rdp-we-mwBV0\">;<\/span><span class=\"Abrufdatum\" id=\"rdp-we-mwBV4\"><span typeof=\"mw:Entity\" id=\"rdp-we-mwBV8\"> <\/span>abgerufen am 12.<span typeof=\"mw:Entity\" id=\"rdp-we-mwBWA\">\u00a0<\/span>April 2015<\/span>.<\/span><span style=\"display: none;\" class=\"Z3988\" title=\"ctx_ver=Z39.88-2004&amp;rft_val_fmt=info%3Aofi%2Ffmt%3Akev%3Amtx%3Adc&amp;rfr_id=info%3Asid%2Fde.wikipedia.org%3AFarid+Bang&amp;rft.title=Farid+Bang+betitelt+FLER+erneut+%28mehrfach%29+als+%22Hurensohn%22&amp;rft.description=Farid+Bang+betitelt+FLER+erneut+%28mehrfach%29+als+%22Hurensohn%22&amp;rft.identifier=https%3A%2F%2Fweb.archive.org%2Fweb%2F20150402112954%2Fhttp%3A%2F%2Fwww.b-stadt.com%2Fitem%2Ffarid-bang-betitelt-fler-erneut-mehrfach-als-hurensohn&amp;rft.date=2014-01-13&amp;rft.source=http:\/\/www.b-stadt.com\/item\/farid-bang-betitelt-fler-erneut-mehrfach-als-hurensohn\" about=\"#mwt107\" id=\"rdp-we-mwBWE\"><span typeof=\"mw:Entity\" id=\"rdp-we-mwBWI\">\u00a0<\/span><\/span><\/span><\/li>\n<li about=\"#cite_note-auto-50\" id=\"cite_note-auto-50\" data-mw-footnote-number=\"50\"><span rel=\"mw:referencedBy\" class=\"mw-cite-backlink\" id=\"rdp-we-mwBWM\"><a href=\"#cite_ref-auto_50-0\" id=\"rdp-we-mwBWQ\"><span class=\"mw-linkback-text\" id=\"rdp-we-mwBWU\">1<\/span><\/a> <a href=\"#cite_ref-auto_50-1\" id=\"rdp-we-mwBWY\"><span class=\"mw-linkback-text\" id=\"rdp-we-mwBWc\">2<\/span><\/a><\/span> <span id=\"rdp-we-mw-reference-text-cite_note-auto-50\" class=\"mw-reference-text reference-text\"><span class=\"cite\" about=\"#mwt110\" typeof=\"mw:Transclusion\" id=\"rdp-we-mwBWg\" data-mw='{\"parts\":[{\"template\":{\"target\":{\"wt\":\"cite web \",\"href\":\".\/Vorlage:Cite_web\"},\"params\":{\"url\":{\"wt\":\"http:\/\/rapupdate.de\/?p=64075\"},\"title\":{\"wt\":\"FLER VS. FARID BANG \u2013 Weitere Unterhaltung inkl. Angebot von Farid Bang!\"},\"date\":{\"wt\":\"2014-01-19\"},\"archiveurl\":{\"wt\":\"https:\/\/web.archive.org\/web\/20140202122735\/http:\/\/rapupdate.de\/?p=64075\"},\"archivedate\":{\"wt\":\"2014-02-02\"},\"accessdate\":{\"wt\":\"2015-04-12\"}},\"i\":0}}]}'><a rel=\"external_link\" href=\"https:\/\/web.archive.org\/web\/20140202122735\/http:\/\/rapupdate.de\/?p=64075\" class=\"external text\" id=\"rdp-we-mwBWk\" target=\"_new\"><i id=\"rdp-we-mwBWo\">FLER VS. FARID BANG \u2013 Weitere Unterhaltung inkl. Angebot von Farid Bang!<\/i><\/a><span typeof=\"mw:Entity\" id=\"rdp-we-mwBWs\"> <\/span>19.<span typeof=\"mw:Entity\" id=\"rdp-we-mwBWw\">\u00a0<\/span>Januar 2014,<span typeof=\"mw:Entity\" id=\"rdp-we-mwBW0\"> <\/span>archiviert<span typeof=\"mw:Entity\" id=\"rdp-we-mwBW4\"> <\/span>vom<span typeof=\"mw:Entity\" id=\"rdp-we-mwBW8\"> <\/span><link rel=\"mw-deduplicated-inline-style\" href=\"mw-data:TemplateStyles:r250917974\" about=\"#mwt111\" typeof=\"mw:Extension\/templatestyles\" id=\"rdp-we-mwBXA\" data-mw='{\"name\":\"templatestyles\",\"attrs\":{\"src\":\"Vorlage:IconExternal\/styles.css\"}}'\/><span class=\"dewiki-iconexternal\" id=\"rdp-we-mwBXE\"><a rel=\"external_link\" href=\"https:\/\/redirecter.toolforge.org\/?url=http%3A%2F%2Frapupdate.de%2F%3Fp%3D64075\" class=\"external text\" id=\"rdp-we-mwBXI\" target=\"_new\">Original<\/a><\/span><span typeof=\"mw:Entity\" id=\"rdp-we-mwBXM\"> <\/span>am<span typeof=\"mw:Entity\" id=\"rdp-we-mwBXQ\"> <\/span><span style=\"white-space:nowrap;\" id=\"rdp-we-mwBXU\">2.<span typeof=\"mw:Entity\" id=\"rdp-we-mwBXY\">\u00a0<\/span>Februar 2014<\/span><span id=\"rdp-we-mwBXc\">;<\/span><span class=\"Abrufdatum\" id=\"rdp-we-mwBXg\"><span typeof=\"mw:Entity\" id=\"rdp-we-mwBXk\"> <\/span>abgerufen am 12.<span typeof=\"mw:Entity\" id=\"rdp-we-mwBXo\">\u00a0<\/span>April 2015<\/span>.<\/span><span style=\"display: none;\" class=\"Z3988\" title=\"ctx_ver=Z39.88-2004&amp;rft_val_fmt=info%3Aofi%2Ffmt%3Akev%3Amtx%3Adc&amp;rfr_id=info%3Asid%2Fde.wikipedia.org%3AFarid+Bang&amp;rft.title=FLER+VS.+FARID+BANG+%E2%80%93+Weitere+Unterhaltung+inkl.+Angebot+von+Farid+Bang%21&amp;rft.description=FLER+VS.+FARID+BANG+%E2%80%93+Weitere+Unterhaltung+inkl.+Angebot+von+Farid+Bang%21&amp;rft.identifier=https%3A%2F%2Fweb.archive.org%2Fweb%2F20140202122735%2Fhttp%3A%2F%2Frapupdate.de%2F%3Fp%3D64075&amp;rft.date=2014-01-19&amp;rft.source=http:\/\/rapupdate.de\/?p=64075\" about=\"#mwt110\" id=\"rdp-we-mwBXs\"><span typeof=\"mw:Entity\" id=\"rdp-we-mwBXw\">\u00a0<\/span><\/span><\/span><\/li>\n<li about=\"#cite_note-51\" id=\"cite_note-51\" data-mw-footnote-number=\"51\"><span class=\"mw-cite-backlink\" id=\"rdp-we-mwBX0\"><a href=\"#cite_ref-51\" rel=\"mw:referencedBy\" id=\"rdp-we-mwBX4\"><span class=\"mw-linkback-text\" id=\"rdp-we-mwBX8\">\u2191<\/span><\/a><\/span> <span id=\"rdp-we-mw-reference-text-cite_note-51\" class=\"mw-reference-text reference-text\"><span class=\"cite\" about=\"#mwt113\" typeof=\"mw:Transclusion\" id=\"rdp-we-mwBYA\" data-mw='{\"parts\":[{\"template\":{\"target\":{\"wt\":\"Internetquelle \",\"href\":\".\/Vorlage:Internetquelle\"},\"params\":{\"url\":{\"wt\":\"http:\/\/hiphopholic.de\/fler-postet-seine-adresse-farid-bang-will-ihn-nun-besuchen\/\"},\"titel\":{\"wt\":\"Fler postet seine Adresse &amp; Farid Bang will ihn nun besuchen\"},\"datum\":{\"wt\":\"2014-01-18\"},\"offline\":{\"wt\":\"1\"},\"archiv-url\":{\"wt\":\"https:\/\/web.archive.org\/web\/20150402205528\/http:\/\/hiphopholic.de\/fler-postet-seine-adresse-farid-bang-will-ihn-nun-besuchen\/\"},\"archiv-datum\":{\"wt\":\"2015-04-02\"},\"abruf\":{\"wt\":\"2015-04-12\"}},\"i\":0}}]}'><a rel=\"external_link\" href=\"https:\/\/web.archive.org\/web\/20150402205528\/http:\/\/hiphopholic.de\/fler-postet-seine-adresse-farid-bang-will-ihn-nun-besuchen\/\" class=\"external text\" id=\"rdp-we-mwBYE\" target=\"_new\"><i id=\"rdp-we-mwBYI\">Fler postet seine Adresse &amp; Farid Bang will ihn nun besuchen.<\/i><\/a><span typeof=\"mw:Entity\" id=\"rdp-we-mwBYM\"> <\/span>18.<span typeof=\"mw:Entity\" id=\"rdp-we-mwBYQ\">\u00a0<\/span>Januar 2014,<span typeof=\"mw:Entity\" id=\"rdp-we-mwBYU\"> <\/span>archiviert<span typeof=\"mw:Entity\" id=\"rdp-we-mwBYY\"> <\/span>vom<span typeof=\"mw:Entity\" id=\"rdp-we-mwBYc\"> <\/span><link rel=\"mw-deduplicated-inline-style\" href=\"mw-data:TemplateStyles:r250917974\" about=\"#mwt114\" typeof=\"mw:Extension\/templatestyles\" id=\"rdp-we-mwBYg\" data-mw='{\"name\":\"templatestyles\",\"attrs\":{\"src\":\"Vorlage:IconExternal\/styles.css\"}}'\/><span class=\"dewiki-iconexternal\" id=\"rdp-we-mwBYk\"><a rel=\"external_link\" href=\"https:\/\/redirecter.toolforge.org\/?url=http%3A%2F%2Fhiphopholic.de%2Ffler-postet-seine-adresse-farid-bang-will-ihn-nun-besuchen%2F\" class=\"external text\" id=\"rdp-we-mwBYo\" target=\"_new\">Original<\/a><\/span><span typeof=\"mw:Entity\" id=\"rdp-we-mwBYs\"> <\/span>(nicht mehr online verf\u00fcgbar)<span typeof=\"mw:Entity\" id=\"rdp-we-mwBYw\"> <\/span>am<span typeof=\"mw:Entity\" id=\"rdp-we-mwBY0\"> <\/span><span style=\"white-space:nowrap;\" id=\"rdp-we-mwBY4\">2.<span typeof=\"mw:Entity\" id=\"rdp-we-mwBY8\">\u00a0<\/span>April 2015<\/span><span id=\"rdp-we-mwBZA\">;<\/span><span class=\"Abrufdatum\" id=\"rdp-we-mwBZE\"><span typeof=\"mw:Entity\" id=\"rdp-we-mwBZI\"> <\/span>abgerufen am 12.<span typeof=\"mw:Entity\" id=\"rdp-we-mwBZM\">\u00a0<\/span>April 2015<\/span>.<\/span><span style=\"display: none;\" class=\"Z3988\" title=\"ctx_ver=Z39.88-2004&amp;rft_val_fmt=info%3Aofi%2Ffmt%3Akev%3Amtx%3Adc&amp;rfr_id=info%3Asid%2Fde.wikipedia.org%3AFarid+Bang&amp;rft.title=Fler+postet+seine+Adresse+%26+Farid+Bang+will+ihn+nun+besuchen&amp;rft.description=Fler+postet+seine+Adresse+%26+Farid+Bang+will+ihn+nun+besuchen&amp;rft.identifier=https%3A%2F%2Fweb.archive.org%2Fweb%2F20150402205528%2Fhttp%3A%2F%2Fhiphopholic.de%2Ffler-postet-seine-adresse-farid-bang-will-ihn-nun-besuchen%2F&amp;rft.date=2014-01-18&amp;rft.source=http:\/\/hiphopholic.de\/fler-postet-seine-adresse-farid-bang-will-ihn-nun-besuchen\/\" about=\"#mwt113\" id=\"rdp-we-mwBZQ\"><span typeof=\"mw:Entity\" id=\"rdp-we-mwBZU\">\u00a0<\/span><\/span><\/span><\/li>\n<li about=\"#cite_note-52\" id=\"cite_note-52\" data-mw-footnote-number=\"52\"><span class=\"mw-cite-backlink\" id=\"rdp-we-mwBZY\"><a href=\"#cite_ref-52\" rel=\"mw:referencedBy\" id=\"rdp-we-mwBZc\"><span class=\"mw-linkback-text\" id=\"rdp-we-mwBZg\">\u2191<\/span><\/a><\/span> <span id=\"rdp-we-mw-reference-text-cite_note-52\" class=\"mw-reference-text reference-text\"><span class=\"cite\" about=\"#mwt117\" typeof=\"mw:Transclusion\" id=\"rdp-we-mwBZk\" data-mw='{\"parts\":[{\"template\":{\"target\":{\"wt\":\"Internetquelle \",\"href\":\".\/Vorlage:Internetquelle\"},\"params\":{\"url\":{\"wt\":\"http:\/\/www.rap.de\/news\/40-news\/16293-fler-beef-mit-farid-bang-beendet\"},\"titel\":{\"wt\":\"Fler: Beef mit Farid Bang beendet\"},\"werk\":{\"wt\":\"rap.de\"},\"datum\":{\"wt\":\"2014-01-27\"},\"abruf\":{\"wt\":\"2015-04-12\"}},\"i\":0}}]}'><a rel=\"external_link\" href=\"http:\/\/www.rap.de\/news\/40-news\/16293-fler-beef-mit-farid-bang-beendet\" class=\"external text\" id=\"rdp-we-mwBZo\" target=\"_new\"><i id=\"rdp-we-mwBZs\">Fler: Beef mit Farid Bang beendet.<\/i><\/a><span typeof=\"mw:Entity\" id=\"rdp-we-mwBZw\"> <\/span>In:<span typeof=\"mw:Entity\" id=\"rdp-we-mwBZ0\"> <\/span><i id=\"rdp-we-mwBZ4\">rap.de.<\/i><span typeof=\"mw:Entity\" id=\"rdp-we-mwBZ8\"> <\/span>27.<span typeof=\"mw:Entity\" id=\"rdp-we-mwBaA\">\u00a0<\/span>Januar 2014<span typeof=\"mw:Entity\" id=\"rdp-we-mwBaE\">,<\/span><span class=\"Abrufdatum\" id=\"rdp-we-mwBaI\"><span typeof=\"mw:Entity\" id=\"rdp-we-mwBaM\"> <\/span>abgerufen am 12.<span typeof=\"mw:Entity\" id=\"rdp-we-mwBaQ\">\u00a0<\/span>April 2015<\/span>.<\/span><span style=\"display: none;\" class=\"Z3988\" title=\"ctx_ver=Z39.88-2004&amp;rft_val_fmt=info%3Aofi%2Ffmt%3Akev%3Amtx%3Adc&amp;rfr_id=info%3Asid%2Fde.wikipedia.org%3AFarid+Bang&amp;rft.title=Fler%3A+Beef+mit+Farid+Bang+beendet&amp;rft.description=Fler%3A+Beef+mit+Farid+Bang+beendet&amp;rft.identifier=http%3A%2F%2Fwww.rap.de%2Fnews%2F40-news%2F16293-fler-beef-mit-farid-bang-beendet&amp;rft.date=2014-01-27\" about=\"#mwt117\" id=\"rdp-we-mwBaU\"><span typeof=\"mw:Entity\" id=\"rdp-we-mwBaY\">\u00a0<\/span><\/span><\/span><\/li>\n<li about=\"#cite_note-53\" id=\"cite_note-53\" data-mw-footnote-number=\"53\"><span class=\"mw-cite-backlink\" id=\"rdp-we-mwBac\"><a href=\"#cite_ref-53\" rel=\"mw:referencedBy\" id=\"rdp-we-mwBag\"><span class=\"mw-linkback-text\" id=\"rdp-we-mwBak\">\u2191<\/span><\/a><\/span> <span id=\"rdp-we-mw-reference-text-cite_note-53\" class=\"mw-reference-text reference-text\"><span class=\"cite\" about=\"#mwt119\" typeof=\"mw:Transclusion\" id=\"rdp-we-mwBao\" data-mw='{\"parts\":[{\"template\":{\"target\":{\"wt\":\"Internetquelle \",\"href\":\".\/Vorlage:Internetquelle\"},\"params\":{\"url\":{\"wt\":\"http:\/\/www.rap.de\/news\/news\/16294-farid-bang-kein-beef-mehr-mit-fler-aber-auch-kein-frieden\"},\"titel\":{\"wt\":\"Farid Bang: Kein Beef mehr mit Fler, aber auch kein Frieden\"},\"werk\":{\"wt\":\"rap.de\"},\"datum\":{\"wt\":\"2014-01-27\"},\"abruf\":{\"wt\":\"2015-04-12\"}},\"i\":0}}]}'><a rel=\"external_link\" href=\"http:\/\/www.rap.de\/news\/news\/16294-farid-bang-kein-beef-mehr-mit-fler-aber-auch-kein-frieden\" class=\"external text\" id=\"rdp-we-mwBas\" target=\"_new\"><i id=\"rdp-we-mwBaw\">Farid Bang: Kein Beef mehr mit Fler, aber auch kein Frieden.<\/i><\/a><span typeof=\"mw:Entity\" id=\"rdp-we-mwBa0\"> <\/span>In:<span typeof=\"mw:Entity\" id=\"rdp-we-mwBa4\"> <\/span><i id=\"rdp-we-mwBa8\">rap.de.<\/i><span typeof=\"mw:Entity\" id=\"rdp-we-mwBbA\"> <\/span>27.<span typeof=\"mw:Entity\" id=\"rdp-we-mwBbE\">\u00a0<\/span>Januar 2014<span typeof=\"mw:Entity\" id=\"rdp-we-mwBbI\">,<\/span><span class=\"Abrufdatum\" id=\"rdp-we-mwBbM\"><span typeof=\"mw:Entity\" id=\"rdp-we-mwBbQ\"> <\/span>abgerufen am 12.<span typeof=\"mw:Entity\" id=\"rdp-we-mwBbU\">\u00a0<\/span>April 2015<\/span>.<\/span><span style=\"display: none;\" class=\"Z3988\" title=\"ctx_ver=Z39.88-2004&amp;rft_val_fmt=info%3Aofi%2Ffmt%3Akev%3Amtx%3Adc&amp;rfr_id=info%3Asid%2Fde.wikipedia.org%3AFarid+Bang&amp;rft.title=Farid+Bang%3A+Kein+Beef+mehr+mit+Fler%2C+aber+auch+kein+Frieden&amp;rft.description=Farid+Bang%3A+Kein+Beef+mehr+mit+Fler%2C+aber+auch+kein+Frieden&amp;rft.identifier=http%3A%2F%2Fwww.rap.de%2Fnews%2Fnews%2F16294-farid-bang-kein-beef-mehr-mit-fler-aber-auch-kein-frieden&amp;rft.date=2014-01-27\" about=\"#mwt119\" id=\"rdp-we-mwBbY\"><span typeof=\"mw:Entity\" id=\"rdp-we-mwBbc\">\u00a0<\/span><\/span><\/span><\/li>\n<li about=\"#cite_note-54\" id=\"cite_note-54\" data-mw-footnote-number=\"54\"><span class=\"mw-cite-backlink\" id=\"rdp-we-mwBbg\"><a href=\"#cite_ref-54\" rel=\"mw:referencedBy\" id=\"rdp-we-mwBbk\"><span class=\"mw-linkback-text\" id=\"rdp-we-mwBbo\">\u2191<\/span><\/a><\/span> <span id=\"rdp-we-mw-reference-text-cite_note-54\" class=\"mw-reference-text reference-text\"><span class=\"cite\" about=\"#mwt121\" typeof=\"mw:Transclusion\" id=\"rdp-we-mwBbs\" data-mw='{\"parts\":[{\"template\":{\"target\":{\"wt\":\"Internetquelle \",\"href\":\".\/Vorlage:Internetquelle\"},\"params\":{\"url\":{\"wt\":\"http:\/\/www.rap.de\/news\/news\/16298-fler-vs-kollegah-a-farid-bang-eine-chronik-der-ereignisse\"},\"titel\":{\"wt\":\"Fler vs. Kollegah &amp; Farid Bang: Chronik eines Beefs\"},\"werk\":{\"wt\":\"rap.de\"},\"datum\":{\"wt\":\"2014-01-28\"},\"abruf\":{\"wt\":\"2015-04-12\"}},\"i\":0}}]}'><a rel=\"external_link\" href=\"http:\/\/www.rap.de\/news\/news\/16298-fler-vs-kollegah-a-farid-bang-eine-chronik-der-ereignisse\" class=\"external text\" id=\"rdp-we-mwBbw\" target=\"_new\"><i id=\"rdp-we-mwBb0\">Fler vs. Kollegah &amp; Farid Bang: Chronik eines Beefs.<\/i><\/a><span typeof=\"mw:Entity\" id=\"rdp-we-mwBb4\"> <\/span>In:<span typeof=\"mw:Entity\" id=\"rdp-we-mwBb8\"> <\/span><i id=\"rdp-we-mwBcA\">rap.de.<\/i><span typeof=\"mw:Entity\" id=\"rdp-we-mwBcE\"> <\/span>28.<span typeof=\"mw:Entity\" id=\"rdp-we-mwBcI\">\u00a0<\/span>Januar 2014<span typeof=\"mw:Entity\" id=\"rdp-we-mwBcM\">,<\/span><span class=\"Abrufdatum\" id=\"rdp-we-mwBcQ\"><span typeof=\"mw:Entity\" id=\"rdp-we-mwBcU\"> <\/span>abgerufen am 12.<span typeof=\"mw:Entity\" id=\"rdp-we-mwBcY\">\u00a0<\/span>April 2015<\/span>.<\/span><span style=\"display: none;\" class=\"Z3988\" title=\"ctx_ver=Z39.88-2004&amp;rft_val_fmt=info%3Aofi%2Ffmt%3Akev%3Amtx%3Adc&amp;rfr_id=info%3Asid%2Fde.wikipedia.org%3AFarid+Bang&amp;rft.title=Fler+vs.+Kollegah+%26+Farid+Bang%3A+Chronik+eines+Beefs&amp;rft.description=Fler+vs.+Kollegah+%26+Farid+Bang%3A+Chronik+eines+Beefs&amp;rft.identifier=http%3A%2F%2Fwww.rap.de%2Fnews%2Fnews%2F16298-fler-vs-kollegah-a-farid-bang-eine-chronik-der-ereignisse&amp;rft.date=2014-01-28\" about=\"#mwt121\" id=\"rdp-we-mwBcc\"><span typeof=\"mw:Entity\" id=\"rdp-we-mwBcg\">\u00a0<\/span><\/span><\/span><\/li>\n<li about=\"#cite_note-55\" id=\"cite_note-55\" data-mw-footnote-number=\"55\"><span class=\"mw-cite-backlink\" id=\"rdp-we-mwBck\"><a href=\"#cite_ref-55\" rel=\"mw:referencedBy\" id=\"rdp-we-mwBco\"><span class=\"mw-linkback-text\" id=\"rdp-we-mwBcs\">\u2191<\/span><\/a><\/span> <span id=\"rdp-we-mw-reference-text-cite_note-55\" class=\"mw-reference-text reference-text\"><span class=\"cite\" about=\"#mwt123\" typeof=\"mw:Transclusion\" id=\"rdp-we-mwBcw\" data-mw='{\"parts\":[{\"template\":{\"target\":{\"wt\":\"Internetquelle \",\"href\":\".\/Vorlage:Internetquelle\"},\"params\":{\"url\":{\"wt\":\"http:\/\/www.focus.de\/kultur\/vermischtes\/fler-farid-bang-beschimpft-fler-als-hurensohn_id_4276602.html\"},\"titel\":{\"wt\":\"Farid Bang beschimpft Fler als \u201eHurensohn\u201c\"},\"werk\":{\"wt\":\"Focus online\"},\"datum\":{\"wt\":\"2014-11-15\"},\"abruf\":{\"wt\":\"2015-04-20\"},\"archiv-url\":{\"wt\":\"https:\/\/web.archive.org\/web\/20150924165630\/http:\/\/www.focus.de\/kultur\/vermischtes\/fler-farid-bang-beschimpft-fler-als-hurensohn_id_4276602.html\"},\"archiv-datum\":{\"wt\":\"2015-09-24\"},\"offline\":{\"wt\":\"ja\"}},\"i\":0}}]}'><a rel=\"external_link\" href=\"https:\/\/web.archive.org\/web\/20150924165630\/http:\/\/www.focus.de\/kultur\/vermischtes\/fler-farid-bang-beschimpft-fler-als-hurensohn_id_4276602.html\" class=\"external text\" id=\"rdp-we-mwBc0\" target=\"_new\"><i id=\"rdp-we-mwBc4\">Farid Bang beschimpft Fler als \u201eHurensohn\u201c.<\/i><\/a><span typeof=\"mw:Entity\" id=\"rdp-we-mwBc8\"> <\/span>In:<span typeof=\"mw:Entity\" id=\"rdp-we-mwBdA\"> <\/span><i id=\"rdp-we-mwBdE\">Focus online.<\/i><span typeof=\"mw:Entity\" id=\"rdp-we-mwBdI\"> <\/span>15.<span typeof=\"mw:Entity\" id=\"rdp-we-mwBdM\">\u00a0<\/span>November 2014,<span typeof=\"mw:Entity\" id=\"rdp-we-mwBdQ\"> <\/span>archiviert<span typeof=\"mw:Entity\" id=\"rdp-we-mwBdU\"> <\/span>vom<span typeof=\"mw:Entity\" id=\"rdp-we-mwBdY\"> <\/span><link rel=\"mw-deduplicated-inline-style\" href=\"mw-data:TemplateStyles:r250917974\" about=\"#mwt124\" typeof=\"mw:Extension\/templatestyles\" id=\"rdp-we-mwBdc\" data-mw='{\"name\":\"templatestyles\",\"attrs\":{\"src\":\"Vorlage:IconExternal\/styles.css\"}}'\/><span class=\"dewiki-iconexternal\" id=\"rdp-we-mwBdg\"><a rel=\"external_link\" href=\"https:\/\/redirecter.toolforge.org\/?url=http%3A%2F%2Fwww.focus.de%2Fkultur%2Fvermischtes%2Ffler-farid-bang-beschimpft-fler-als-hurensohn_id_4276602.html\" class=\"external text\" id=\"rdp-we-mwBdk\" target=\"_new\">Original<\/a><\/span><span typeof=\"mw:Entity\" id=\"rdp-we-mwBdo\"> <\/span>(nicht mehr online verf\u00fcgbar)<span typeof=\"mw:Entity\" id=\"rdp-we-mwBds\"> <\/span>am<span typeof=\"mw:Entity\" id=\"rdp-we-mwBdw\"> <\/span><span style=\"white-space:nowrap;\" id=\"rdp-we-mwBd0\">24.<span typeof=\"mw:Entity\" id=\"rdp-we-mwBd4\">\u00a0<\/span>September 2015<\/span><span id=\"rdp-we-mwBd8\">;<\/span><span class=\"Abrufdatum\" id=\"rdp-we-mwBeA\"><span typeof=\"mw:Entity\" id=\"rdp-we-mwBeE\"> <\/span>abgerufen am 20.<span typeof=\"mw:Entity\" id=\"rdp-we-mwBeI\">\u00a0<\/span>April 2015<\/span>.<\/span><span style=\"display: none;\" class=\"Z3988\" title=\"ctx_ver=Z39.88-2004&amp;rft_val_fmt=info%3Aofi%2Ffmt%3Akev%3Amtx%3Adc&amp;rfr_id=info%3Asid%2Fde.wikipedia.org%3AFarid+Bang&amp;rft.title=Farid+Bang+beschimpft+Fler+als+%E2%80%9EHurensohn%E2%80%9C&amp;rft.description=Farid+Bang+beschimpft+Fler+als+%E2%80%9EHurensohn%E2%80%9C&amp;rft.identifier=https%3A%2F%2Fweb.archive.org%2Fweb%2F20150924165630%2Fhttp%3A%2F%2Fwww.focus.de%2Fkultur%2Fvermischtes%2Ffler-farid-bang-beschimpft-fler-als-hurensohn_id_4276602.html&amp;rft.date=2014-11-15&amp;rft.source=http:\/\/www.focus.de\/kultur\/vermischtes\/fler-farid-bang-beschimpft-fler-als-hurensohn_id_4276602.html\" about=\"#mwt123\" id=\"rdp-we-mwBeM\"><span typeof=\"mw:Entity\" id=\"rdp-we-mwBeQ\">\u00a0<\/span><\/span><\/span><\/li>\n<li about=\"#cite_note-56\" id=\"cite_note-56\" data-mw-footnote-number=\"56\"><span class=\"mw-cite-backlink\" id=\"rdp-we-mwBeU\"><a href=\"#cite_ref-56\" rel=\"mw:referencedBy\" id=\"rdp-we-mwBeY\"><span class=\"mw-linkback-text\" id=\"rdp-we-mwBec\">\u2191<\/span><\/a><\/span> <span id=\"rdp-we-mw-reference-text-cite_note-56\" class=\"mw-reference-text reference-text\"><span class=\"cite\" about=\"#mwt126\" typeof=\"mw:Transclusion\" id=\"rdp-we-mwBeg\" data-mw='{\"parts\":[{\"template\":{\"target\":{\"wt\":\"cite web \",\"href\":\".\/Vorlage:Cite_web\"},\"params\":{\"last\":{\"wt\":\"MADE-IT.de\"},\"url\":{\"wt\":\"http:\/\/www.rapupdate.de\/video-hier-seht-ihr-nun-den-albumplayer-hack-von-fler-video-3\/\"},\"title\":{\"wt\":\"VIDEO - HIER seht ihr nun den \u201eAlbumplayer-Hack\u201c von Fler (Video)\"},\"date\":{\"wt\":\"2015-03-30\"},\"accessdate\":{\"wt\":\"2015-05-02\"},\"archiveurl\":{\"wt\":\"https:\/\/web.archive.org\/web\/20150401192824\/http:\/\/www.rapupdate.de\/video-hier-seht-ihr-nun-den-albumplayer-hack-von-fler-video-3\"},\"archivedate\":{\"wt\":\"2015-04-01\"},\"url-status\":{\"wt\":\"live\"}},\"i\":0}}]}'>MADE-IT.de:<span typeof=\"mw:Entity\" id=\"rdp-we-mwBek\"> <\/span><a rel=\"external_link\" href=\"http:\/\/www.rapupdate.de\/video-hier-seht-ihr-nun-den-albumplayer-hack-von-fler-video-3\/\" class=\"external text\" id=\"rdp-we-mwBeo\" target=\"_new\"><i id=\"rdp-we-mwBes\">VIDEO - HIER seht ihr nun den \u201eAlbumplayer-Hack\u201c von Fler (Video).<\/i><\/a><span typeof=\"mw:Entity\" id=\"rdp-we-mwBew\"> <\/span>30.<span typeof=\"mw:Entity\" id=\"rdp-we-mwBe0\">\u00a0<\/span>M\u00e4rz 2015<span typeof=\"mw:Entity\" id=\"rdp-we-mwBe4\">,<\/span><span class=\"Abrufdatum\" id=\"rdp-we-mwBe8\"><span typeof=\"mw:Entity\" id=\"rdp-we-mwBfA\"> <\/span>abgerufen am 2.<span typeof=\"mw:Entity\" id=\"rdp-we-mwBfE\">\u00a0<\/span>Mai 2015<\/span>.<\/span><span style=\"display: none;\" class=\"Z3988\" title=\"ctx_ver=Z39.88-2004&amp;rft_val_fmt=info%3Aofi%2Ffmt%3Akev%3Amtx%3Adc&amp;rfr_id=info%3Asid%2Fde.wikipedia.org%3AFarid+Bang&amp;rft.title=VIDEO+-+HIER+seht+ihr+nun+den+%E2%80%9EAlbumplayer-Hack%E2%80%9C+von+Fler+%28Video%29&amp;rft.description=VIDEO+-+HIER+seht+ihr+nun+den+%E2%80%9EAlbumplayer-Hack%E2%80%9C+von+Fler+%28Video%29&amp;rft.identifier=&amp;rft.creator=MADE-IT.de&amp;rft.date=2015-03-30\" about=\"#mwt126\" id=\"rdp-we-mwBfI\"><span typeof=\"mw:Entity\" id=\"rdp-we-mwBfM\">\u00a0<\/span><\/span><\/span><\/li>\n<li about=\"#cite_note-57\" id=\"cite_note-57\" data-mw-footnote-number=\"57\"><span class=\"mw-cite-backlink\" id=\"rdp-we-mwBfQ\"><a href=\"#cite_ref-57\" rel=\"mw:referencedBy\" id=\"rdp-we-mwBfU\"><span class=\"mw-linkback-text\" id=\"rdp-we-mwBfY\">\u2191<\/span><\/a><\/span> <span id=\"rdp-we-mw-reference-text-cite_note-57\" class=\"mw-reference-text reference-text\"><span class=\"cite\" about=\"#mwt128\" typeof=\"mw:Transclusion\" id=\"rdp-we-mwBfc\" data-mw='{\"parts\":[{\"template\":{\"target\":{\"wt\":\"Internetquelle \",\"href\":\".\/Vorlage:Internetquelle\"},\"params\":{\"url\":{\"wt\":\"https:\/\/www.boutblank.com\/kuenstler-a-z\/farid-bang\/beef-fuer-immer-beendet-farid-bang-postet-bild-mit-fler\/46088\"},\"titel\":{\"wt\":\"Beef f\u00fcr immer beendet? Farid Bang postet Bild mit Fler\"},\"werk\":{\"wt\":\"boutblank.com\"},\"abruf\":{\"wt\":\"2017-06-09\"},\"offline\":{\"wt\":\"ja\"}},\"i\":0}}]}'><i id=\"rdp-we-mwBfg\">Beef f\u00fcr immer beendet? Farid Bang postet Bild mit Fler.<\/i><span typeof=\"mw:Entity\" id=\"rdp-we-mwBfk\"> <\/span>In:<span typeof=\"mw:Entity\" id=\"rdp-we-mwBfo\"> <\/span><i id=\"rdp-we-mwBfs\">boutblank.com.<\/i><span typeof=\"mw:Entity\" id=\"rdp-we-mwBfw\"> <\/span>Ehemals<span typeof=\"mw:Entity\" id=\"rdp-we-mwBf0\"> <\/span>im<span typeof=\"mw:Entity\" id=\"rdp-we-mwBf4\"> <\/span><link rel=\"mw-deduplicated-inline-style\" href=\"mw-data:TemplateStyles:r250917974\" about=\"#mwt129\" typeof=\"mw:Extension\/templatestyles\" id=\"rdp-we-mwBf8\" data-mw='{\"name\":\"templatestyles\",\"attrs\":{\"src\":\"Vorlage:IconExternal\/styles.css\"}}'\/><span class=\"dewiki-iconexternal\" id=\"rdp-we-mwBgA\"><a rel=\"external_link\" href=\"https:\/\/redirecter.toolforge.org\/?url=https%3A%2F%2Fwww.boutblank.com%2Fkuenstler-a-z%2Ffarid-bang%2Fbeef-fuer-immer-beendet-farid-bang-postet-bild-mit-fler%2F46088\" class=\"external text\" id=\"rdp-we-mwBgE\" target=\"_new\">Original<\/a><\/span><span typeof=\"mw:Entity\" id=\"rdp-we-mwBgI\"> <\/span>(nicht mehr online verf\u00fcgbar)<span id=\"rdp-we-mwBgM\">;<\/span><span class=\"Abrufdatum\" id=\"rdp-we-mwBgQ\"><span typeof=\"mw:Entity\" id=\"rdp-we-mwBgU\"> <\/span>abgerufen am 9.<span typeof=\"mw:Entity\" id=\"rdp-we-mwBgY\">\u00a0<\/span>Juni 2017<\/span>.<span style=\"display:none\" id=\"rdp-we-mwBgc\"><a rel=\"external_link\" href=\"http:\/\/deadurl.invalid\/https:\/\/www.boutblank.com\/kuenstler-a-z\/farid-bang\/beef-fuer-immer-beendet-farid-bang-postet-bild-mit-fler\/46088\" class=\"external text\" id=\"rdp-we-mwBgg\" target=\"_new\">@1<\/a><\/span><span style=\"display:none\" id=\"rdp-we-mwBgk\"><a rel=\"external_link\" href=\"https:\/\/www.boutblank.com\/kuenstler-a-z\/farid-bang\/beef-fuer-immer-beendet-farid-bang-postet-bild-mit-fler\/46088\" class=\"external text\" id=\"rdp-we-mwBgo\" target=\"_new\">@2<\/a><\/span><span style=\"display:none\" id=\"rdp-we-mwBgs\"><a rel=\"mw:WikiLink\" href=\"https:\/\/de.wikipedia.org\/wiki\/Vorlage:Toter_Link\/www.boutblank.com?action=edit&redlink=1\" title=\"Vorlage:Toter Link\/www.boutblank.com (Seite nicht vorhanden)\" class=\"new wiki-link\" typeof=\"mw:LocalizedAttrs\" id=\"rdp-we-mwBgw\" data-mw-i18n='{\"title\":{\"lang\":\"x-page\",\"key\":\"red-link-title\",\"params\":[\"Vorlage:Toter Link\/www.boutblank.com\"]}}' target=\"_new\">Vorlage:Toter Link\/www.boutblank.com<\/a><\/span><link rel=\"mw:PageProp\/Category\" href=\".\/Kategorie:Wikipedia:Weblink_offline\" id=\"rdp-we-mwBg0\"\/><span typeof=\"mw:Entity\" id=\"rdp-we-mwBg4\"> <\/span><small id=\"rdp-we-mwBg8\">(<a rel=\"mw:WikiLink\" href=\"https:\/\/de.wikipedia.org\/wiki\/Wikipedia:Defekte_Weblinks\" title=\"Wikipedia:Defekte Weblinks\" id=\"rdp-we-mwBhA\" target=\"_new\" class=\"wiki-link\">Seite nicht mehr abrufbar<\/a>. <a rel=\"external_link\" href=\"https:\/\/web.archive.org\/web\/*\/https:\/\/www.boutblank.com\/kuenstler-a-z\/farid-bang\/beef-fuer-immer-beendet-farid-bang-postet-bild-mit-fler\/46088\" class=\"external text\" id=\"rdp-we-mwBhE\" target=\"_new\">Suche im Internet Archive<\/a>)<\/small><\/span><span style=\"display: none;\" class=\"Z3988\" title=\"ctx_ver=Z39.88-2004&amp;rft_val_fmt=info%3Aofi%2Ffmt%3Akev%3Amtx%3Adc&amp;rfr_id=info%3Asid%2Fde.wikipedia.org%3AFarid+Bang&amp;rft.title=Beef+f%C3%BCr+immer+beendet%3F+Farid+Bang+postet+Bild+mit+Fler&amp;rft.description=Beef+f%C3%BCr+immer+beendet%3F+Farid+Bang+postet+Bild+mit+Fler&amp;rft.identifier=https%3A%2F%2Fwww.boutblank.com%2Fkuenstler-a-z%2Ffarid-bang%2Fbeef-fuer-immer-beendet-farid-bang-postet-bild-mit-fler%2F46088\" about=\"#mwt128\" id=\"rdp-we-mwBhI\"><span typeof=\"mw:Entity\" id=\"rdp-we-mwBhM\">\u00a0<\/span><\/span><\/span><\/li>\n<li about=\"#cite_note-58\" id=\"cite_note-58\" data-mw-footnote-number=\"58\"><span class=\"mw-cite-backlink\" id=\"rdp-we-mwBhQ\"><a href=\"#cite_ref-58\" rel=\"mw:referencedBy\" id=\"rdp-we-mwBhU\"><span class=\"mw-linkback-text\" id=\"rdp-we-mwBhY\">\u2191<\/span><\/a><\/span> <span id=\"rdp-we-mw-reference-text-cite_note-58\" class=\"mw-reference-text reference-text\"><span class=\"cite\" about=\"#mwt131\" typeof=\"mw:Transclusion\" id=\"rdp-we-mwBhc\" data-mw='{\"parts\":[{\"template\":{\"target\":{\"wt\":\"Internetquelle \",\"href\":\".\/Vorlage:Internetquelle\"},\"params\":{\"url\":{\"wt\":\"http:\/\/www.bild.de\/unterhaltung\/leute\/fler\/fler-farid-bang-gemeinsamer-song-54456832.bild.html\"},\"titel\":{\"wt\":\"Erster gemeinsamer Song von Fler und Farid Bang\"},\"werk\":{\"wt\":\"bild.de\"},\"abruf\":{\"wt\":\"2018-01-23\"}},\"i\":0}}]}'><a rel=\"external_link\" href=\"http:\/\/www.bild.de\/unterhaltung\/leute\/fler\/fler-farid-bang-gemeinsamer-song-54456832.bild.html\" class=\"external text\" id=\"rdp-we-mwBhg\" target=\"_new\"><i id=\"rdp-we-mwBhk\">Erster gemeinsamer Song von Fler und Farid Bang.<\/i><\/a><span typeof=\"mw:Entity\" id=\"rdp-we-mwBho\"> <\/span>In:<span typeof=\"mw:Entity\" id=\"rdp-we-mwBhs\"> <\/span><i id=\"rdp-we-mwBhw\">bild.de.<\/i><span class=\"Abrufdatum\" id=\"rdp-we-mwBh0\"><span typeof=\"mw:Entity\" id=\"rdp-we-mwBh4\"> <\/span>Abgerufen am 23.<span typeof=\"mw:Entity\" id=\"rdp-we-mwBh8\">\u00a0<\/span>Januar 2018<\/span>.<\/span><span style=\"display: none;\" class=\"Z3988\" title=\"ctx_ver=Z39.88-2004&amp;rft_val_fmt=info%3Aofi%2Ffmt%3Akev%3Amtx%3Adc&amp;rfr_id=info%3Asid%2Fde.wikipedia.org%3AFarid+Bang&amp;rft.title=Erster+gemeinsamer+Song+von+Fler+und+Farid+Bang&amp;rft.description=Erster+gemeinsamer+Song+von+Fler+und+Farid+Bang&amp;rft.identifier=http%3A%2F%2Fwww.bild.de%2Funterhaltung%2Fleute%2Ffler%2Ffler-farid-bang-gemeinsamer-song-54456832.bild.html\" about=\"#mwt131\" id=\"rdp-we-mwBiA\"><span typeof=\"mw:Entity\" id=\"rdp-we-mwBiE\">\u00a0<\/span><\/span><\/span><\/li>\n<li about=\"#cite_note-59\" id=\"cite_note-59\" data-mw-footnote-number=\"59\"><span class=\"mw-cite-backlink\" id=\"rdp-we-mwBiI\"><a href=\"#cite_ref-59\" rel=\"mw:referencedBy\" id=\"rdp-we-mwBiM\"><span class=\"mw-linkback-text\" id=\"rdp-we-mwBiQ\">\u2191<\/span><\/a><\/span> <span id=\"rdp-we-mw-reference-text-cite_note-59\" class=\"mw-reference-text reference-text\"><span class=\"cite\" about=\"#mwt133\" typeof=\"mw:Transclusion\" id=\"rdp-we-mwBiU\" data-mw='{\"parts\":[{\"template\":{\"target\":{\"wt\":\"Internetquelle \",\"href\":\".\/Vorlage:Internetquelle\"},\"params\":{\"url\":{\"wt\":\"https:\/\/myzitate.de\/farid-bang\/\"},\"titel\":{\"wt\":\"Zeile aus dem Song 0815\"},\"werk\":{\"wt\":\"myzitate.de\"},\"abruf\":{\"wt\":\"2018-04-14\"}},\"i\":0}}]}'><a rel=\"external_link\" href=\"https:\/\/myzitate.de\/farid-bang\/\" class=\"external text\" id=\"rdp-we-mwBiY\" target=\"_new\"><i id=\"rdp-we-mwBic\">Zeile aus dem Song 0815.<\/i><\/a><span typeof=\"mw:Entity\" id=\"rdp-we-mwBig\"> <\/span>In:<span typeof=\"mw:Entity\" id=\"rdp-we-mwBik\"> <\/span><i id=\"rdp-we-mwBio\">myzitate.de.<\/i><span class=\"Abrufdatum\" id=\"rdp-we-mwBis\"><span typeof=\"mw:Entity\" id=\"rdp-we-mwBiw\"> <\/span>Abgerufen am 14.<span typeof=\"mw:Entity\" id=\"rdp-we-mwBi0\">\u00a0<\/span>April 2018<\/span>.<\/span><span style=\"display: none;\" class=\"Z3988\" title=\"ctx_ver=Z39.88-2004&amp;rft_val_fmt=info%3Aofi%2Ffmt%3Akev%3Amtx%3Adc&amp;rfr_id=info%3Asid%2Fde.wikipedia.org%3AFarid+Bang&amp;rft.title=Zeile+aus+dem+Song+0815&amp;rft.description=Zeile+aus+dem+Song+0815&amp;rft.identifier=https%3A%2F%2Fmyzitate.de%2Ffarid-bang%2F\" about=\"#mwt133\" id=\"rdp-we-mwBi4\"><span typeof=\"mw:Entity\" id=\"rdp-we-mwBi8\">\u00a0<\/span><\/span><\/span><\/li>\n<li about=\"#cite_note-60\" id=\"cite_note-60\" data-mw-footnote-number=\"60\"><span class=\"mw-cite-backlink\" id=\"rdp-we-mwBjA\"><a href=\"#cite_ref-60\" rel=\"mw:referencedBy\" id=\"rdp-we-mwBjE\"><span class=\"mw-linkback-text\" id=\"rdp-we-mwBjI\">\u2191<\/span><\/a><\/span> <span id=\"rdp-we-mw-reference-text-cite_note-60\" class=\"mw-reference-text reference-text\"><span class=\"cite\" about=\"#mwt135\" typeof=\"mw:Transclusion\" id=\"rdp-we-mwBjM\" data-mw='{\"parts\":[{\"template\":{\"target\":{\"wt\":\"Internetquelle \",\"href\":\".\/Vorlage:Internetquelle\"},\"params\":{\"autor\":{\"wt\":\"Jens-Christian Rabe\"},\"url\":{\"wt\":\"https:\/\/www.sueddeutsche.de\/kultur\/antisemitismus-im-rap-mein-koerper-definierter-als-von-auschwitzinsassen-1.3934281\"},\"titel\":{\"wt\":\"Kollegah und Farid Bang - Antisemitismus im Rap: \\\"Mein K\u00f6rper definierter als von Auschwitzinsassen\\\"\"},\"sprache\":{\"wt\":\"de\"},\"abruf\":{\"wt\":\"2021-09-21\"}},\"i\":0}}]}'>Jens-Christian Rabe:<span typeof=\"mw:Entity\" id=\"rdp-we-mwBjQ\"> <\/span><a rel=\"external_link\" href=\"https:\/\/www.sueddeutsche.de\/kultur\/antisemitismus-im-rap-mein-koerper-definierter-als-von-auschwitzinsassen-1.3934281\" class=\"external text\" id=\"rdp-we-mwBjU\" target=\"_new\"><i id=\"rdp-we-mwBjY\">Kollegah und Farid Bang - Antisemitismus im Rap: \"Mein K\u00f6rper definierter als von Auschwitzinsassen\".<\/i><\/a><span class=\"Abrufdatum\" id=\"rdp-we-mwBjc\"><span typeof=\"mw:Entity\" id=\"rdp-we-mwBjg\"> <\/span>Abgerufen am 21.<span typeof=\"mw:Entity\" id=\"rdp-we-mwBjk\">\u00a0<\/span>September 2021<\/span>.<\/span><span style=\"display: none;\" class=\"Z3988\" title=\"ctx_ver=Z39.88-2004&amp;rft_val_fmt=info%3Aofi%2Ffmt%3Akev%3Amtx%3Adc&amp;rfr_id=info%3Asid%2Fde.wikipedia.org%3AFarid+Bang&amp;rft.title=Kollegah+und+Farid+Bang+-+Antisemitismus+im+Rap%3A+%22Mein+K%C3%B6rper+definierter+als+von+Auschwitzinsassen%22&amp;rft.description=Kollegah+und+Farid+Bang+-+Antisemitismus+im+Rap%3A+%22Mein+K%C3%B6rper+definierter+als+von+Auschwitzinsassen%22&amp;rft.identifier=https%3A%2F%2Fwww.sueddeutsche.de%2Fkultur%2Fantisemitismus-im-rap-mein-koerper-definierter-als-von-auschwitzinsassen-1.3934281&amp;rft.creator=Jens-Christian+Rabe&amp;rft.language=de\" about=\"#mwt135\" id=\"rdp-we-mwBjo\"><span typeof=\"mw:Entity\" id=\"rdp-we-mwBjs\">\u00a0<\/span><\/span><\/span><\/li>\n<li about=\"#cite_note-61\" id=\"cite_note-61\" data-mw-footnote-number=\"61\"><span class=\"mw-cite-backlink\" id=\"rdp-we-mwBjw\"><a href=\"#cite_ref-61\" rel=\"mw:referencedBy\" id=\"rdp-we-mwBj0\"><span class=\"mw-linkback-text\" id=\"rdp-we-mwBj4\">\u2191<\/span><\/a><\/span> <span id=\"rdp-we-mw-reference-text-cite_note-61\" class=\"mw-reference-text reference-text\"><span class=\"cite\" about=\"#mwt137\" typeof=\"mw:Transclusion\" id=\"rdp-we-mwBj8\" data-mw='{\"parts\":[{\"template\":{\"target\":{\"wt\":\"Internetquelle \",\"href\":\".\/Vorlage:Internetquelle\"},\"params\":{\"werk\":{\"wt\":\"RP Online\"},\"url\":{\"wt\":\"https:\/\/rp-online.de\/kultur\/musik\/echo-2018-plattenfirma-bmg-stellt-sich-hinter-rapper-kollegah-und-farid-bang_aid-17145665\"},\"titel\":{\"wt\":\"Echo-Eklat um Kollegah und Farid Bang: Plattenfirma stellt sich hinter ihre Skandal-Rapper\"},\"abruf\":{\"wt\":\"2018-04-22\"}},\"i\":0}}]}'><a rel=\"external_link\" href=\"https:\/\/rp-online.de\/kultur\/musik\/echo-2018-plattenfirma-bmg-stellt-sich-hinter-rapper-kollegah-und-farid-bang_aid-17145665\" class=\"external text\" id=\"rdp-we-mwBkA\" target=\"_new\"><i id=\"rdp-we-mwBkE\">Echo-Eklat um Kollegah und Farid Bang: Plattenfirma stellt sich hinter ihre Skandal-Rapper.<\/i><\/a><span typeof=\"mw:Entity\" id=\"rdp-we-mwBkI\"> <\/span>In:<span typeof=\"mw:Entity\" id=\"rdp-we-mwBkM\"> <\/span><i id=\"rdp-we-mwBkQ\">RP Online.<\/i><span class=\"Abrufdatum\" id=\"rdp-we-mwBkU\"><span typeof=\"mw:Entity\" id=\"rdp-we-mwBkY\"> <\/span>Abgerufen am 22.<span typeof=\"mw:Entity\" id=\"rdp-we-mwBkc\">\u00a0<\/span>April 2018<\/span>.<\/span><span style=\"display: none;\" class=\"Z3988\" title=\"ctx_ver=Z39.88-2004&amp;rft_val_fmt=info%3Aofi%2Ffmt%3Akev%3Amtx%3Adc&amp;rfr_id=info%3Asid%2Fde.wikipedia.org%3AFarid+Bang&amp;rft.title=Echo-Eklat+um+Kollegah+und+Farid+Bang%3A+Plattenfirma+stellt+sich+hinter+ihre+Skandal-Rapper&amp;rft.description=Echo-Eklat+um+Kollegah+und+Farid+Bang%3A+Plattenfirma+stellt+sich+hinter+ihre+Skandal-Rapper&amp;rft.identifier=https%3A%2F%2Frp-online.de%2Fkultur%2Fmusik%2Fecho-2018-plattenfirma-bmg-stellt-sich-hinter-rapper-kollegah-und-farid-bang_aid-17145665\" about=\"#mwt137\" id=\"rdp-we-mwBkg\"><span typeof=\"mw:Entity\" id=\"rdp-we-mwBkk\">\u00a0<\/span><\/span><\/span><\/li>\n<li about=\"#cite_note-62\" id=\"cite_note-62\" data-mw-footnote-number=\"62\"><span class=\"mw-cite-backlink\" id=\"rdp-we-mwBko\"><a href=\"#cite_ref-62\" rel=\"mw:referencedBy\" id=\"rdp-we-mwBks\"><span class=\"mw-linkback-text\" id=\"rdp-we-mwBkw\">\u2191<\/span><\/a><\/span> <span id=\"rdp-we-mw-reference-text-cite_note-62\" class=\"mw-reference-text reference-text\"><span class=\"cite\" about=\"#mwt139\" typeof=\"mw:Transclusion\" id=\"rdp-we-mwBk0\" data-mw='{\"parts\":[{\"template\":{\"target\":{\"wt\":\"Internetquelle \",\"href\":\".\/Vorlage:Internetquelle\"},\"params\":{\"werk\":{\"wt\":\"RP Online\"},\"url\":{\"wt\":\"https:\/\/rp-online.de\/kultur\/musik\/echo-2018-bmg-stoppt-zusammenarbeit-mit-rappern-kollegah-und-farid-bang_aid-17445619\"},\"titel\":{\"wt\":\"Echo-Eklat: Plattenfirma stoppt Zusammenarbeit mit Kollegah und Farid Bang\"},\"abruf\":{\"wt\":\"2018-04-22\"}},\"i\":0}}]}'><a rel=\"external_link\" href=\"https:\/\/rp-online.de\/kultur\/musik\/echo-2018-bmg-stoppt-zusammenarbeit-mit-rappern-kollegah-und-farid-bang_aid-17445619\" class=\"external text\" id=\"rdp-we-mwBk4\" target=\"_new\"><i id=\"rdp-we-mwBk8\">Echo-Eklat: Plattenfirma stoppt Zusammenarbeit mit Kollegah und Farid Bang.<\/i><\/a><span typeof=\"mw:Entity\" id=\"rdp-we-mwBlA\"> <\/span>In:<span typeof=\"mw:Entity\" id=\"rdp-we-mwBlE\"> <\/span><i id=\"rdp-we-mwBlI\">RP Online.<\/i><span class=\"Abrufdatum\" id=\"rdp-we-mwBlM\"><span typeof=\"mw:Entity\" id=\"rdp-we-mwBlQ\"> <\/span>Abgerufen am 22.<span typeof=\"mw:Entity\" id=\"rdp-we-mwBlU\">\u00a0<\/span>April 2018<\/span>.<\/span><span style=\"display: none;\" class=\"Z3988\" title=\"ctx_ver=Z39.88-2004&amp;rft_val_fmt=info%3Aofi%2Ffmt%3Akev%3Amtx%3Adc&amp;rfr_id=info%3Asid%2Fde.wikipedia.org%3AFarid+Bang&amp;rft.title=Echo-Eklat%3A+Plattenfirma+stoppt+Zusammenarbeit+mit+Kollegah+und+Farid+Bang&amp;rft.description=Echo-Eklat%3A+Plattenfirma+stoppt+Zusammenarbeit+mit+Kollegah+und+Farid+Bang&amp;rft.identifier=https%3A%2F%2Frp-online.de%2Fkultur%2Fmusik%2Fecho-2018-bmg-stoppt-zusammenarbeit-mit-rappern-kollegah-und-farid-bang_aid-17445619\" about=\"#mwt139\" id=\"rdp-we-mwBlY\"><span typeof=\"mw:Entity\" id=\"rdp-we-mwBlc\">\u00a0<\/span><\/span><\/span><\/li>\n<li about=\"#cite_note-63\" id=\"cite_note-63\" data-mw-footnote-number=\"63\"><span class=\"mw-cite-backlink\" id=\"rdp-we-mwBlg\"><a href=\"#cite_ref-63\" rel=\"mw:referencedBy\" id=\"rdp-we-mwBlk\"><span class=\"mw-linkback-text\" id=\"rdp-we-mwBlo\">\u2191<\/span><\/a><\/span> <span id=\"rdp-we-mw-reference-text-cite_note-63\" class=\"mw-reference-text reference-text\"><span about=\"#mwt141\" typeof=\"mw:Transclusion\" id=\"rdp-we-mwBls\" data-mw='{\"parts\":[{\"template\":{\"target\":{\"wt\":\"Literatur \",\"href\":\".\/Vorlage:Literatur\"},\"params\":{\"Autor\":{\"wt\":\"Carsten Germis, Hamburg\"},\"Titel\":{\"wt\":\"Umstrittene Musiker: Warum BMG die Kooperation mit Kollegah und Farid Bang stoppt\"},\"Sammelwerk\":{\"wt\":\"FAZ.NET\"},\"Datum\":{\"wt\":\"2018-04-19\"},\"ISSN\":{\"wt\":\"0174-4909\"},\"Online\":{\"wt\":\"[https:\/\/www.faz.net\/aktuell\/wirtschaft\/unternehmen\/bmg-stoppt-kooperation-mit-kollegah-und-farid-bang-15550529.html Online]\"},\"Abruf\":{\"wt\":\"2018-04-22\"}},\"i\":0}}]}'>Carsten Germis, Hamburg<\/span><span typeof=\"mw:Entity\" about=\"#mwt141\" id=\"rdp-we-mwBlw\">:<\/span><span about=\"#mwt141\" id=\"rdp-we-mwBl0\"> <\/span><cite style=\"font-style:italic\" about=\"#mwt141\" id=\"rdp-we-mwBl4\">Umstrittene Musiker: Warum BMG die Kooperation mit Kollegah und Farid Bang stoppt<\/cite><span about=\"#mwt141\" id=\"rdp-we-mwBl8\">. In: <\/span><cite style=\"font-style:italic\" about=\"#mwt141\" id=\"rdp-we-mwBmA\">FAZ.NET<\/cite><span about=\"#mwt141\" id=\"rdp-we-mwBmE\">. 19.<\/span><span typeof=\"mw:Entity\" about=\"#mwt141\" id=\"rdp-we-mwBmI\">\u00a0<\/span><span about=\"#mwt141\" id=\"rdp-we-mwBmM\">April 2018, <\/span><a rel=\"mw:WikiLink\" href=\"https:\/\/de.wikipedia.org\/wiki\/Internationale_Standardnummer_f\u00fcr_fortlaufende_Sammelwerke\" title=\"Internationale Standardnummer f\u00fcr fortlaufende Sammelwerke\" about=\"#mwt141\" id=\"rdp-we-mwBmQ\" target=\"_new\" class=\"wiki-link\">ISSN<\/a><span typeof=\"mw:Entity\" about=\"#mwt141\" id=\"rdp-we-mwBmU\">\u00a0<\/span><span style=\"white-space:nowrap\" about=\"#mwt141\" id=\"rdp-we-mwBmY\"><a rel=\"external_link\" href=\"https:\/\/zdb-katalog.de\/list.xhtml?t=iss%3D%220174-4909%22&key=cql\" class=\"external text\" id=\"rdp-we-mwBmc\" target=\"_new\">0174-4909<\/a><\/span><span about=\"#mwt141\" id=\"rdp-we-mwBmg\"> (<\/span><a rel=\"external_link\" href=\"https:\/\/www.faz.net\/aktuell\/wirtschaft\/unternehmen\/bmg-stoppt-kooperation-mit-kollegah-und-farid-bang-15550529.html\" about=\"#mwt141\" class=\"external text\" id=\"rdp-we-mwBmk\" target=\"_new\">Online<\/a><span about=\"#mwt141\" id=\"rdp-we-mwBmo\"> <\/span><span typeof=\"mw:Entity\" about=\"#mwt141\" id=\"rdp-we-mwBms\">[<\/span><span about=\"#mwt141\" id=\"rdp-we-mwBmw\">abgerufen am 22.<\/span><span typeof=\"mw:Entity\" about=\"#mwt141\" id=\"rdp-we-mwBm0\">\u00a0<\/span><span about=\"#mwt141\" id=\"rdp-we-mwBm4\">April 2018<\/span><span typeof=\"mw:Entity\" about=\"#mwt141\" id=\"rdp-we-mwBm8\">]<\/span><span about=\"#mwt141\" id=\"rdp-we-mwBnA\">).<\/span><span class=\"Z3988\" title=\"ctx_ver=Z39.88-2004&amp;rft_val_fmt=info%3Aofi%2Ffmt%3Akev%3Amtx%3Ajournal&amp;rfr_id=info:sid\/de.wikipedia.org:Farid+Bang&amp;rft.atitle=Umstrittene+Musiker%3A+Warum+BMG+die+Kooperation+mit+Kollegah+und+Farid+Bang+stoppt&amp;rft.au=Carsten+Germis%2C+Hamburg&amp;rft.date=2018-04-19&amp;rft.genre=journal&amp;rft.issn=0174-4909&amp;rft.jtitle=FAZ.NET\" style=\"display:none\" about=\"#mwt141\" id=\"rdp-we-mwBnE\"><span typeof=\"mw:Entity\" id=\"rdp-we-mwBnI\">\u00a0<\/span><\/span><\/span><\/li>\n<li about=\"#cite_note-64\" id=\"cite_note-64\" data-mw-footnote-number=\"64\"><span class=\"mw-cite-backlink\" id=\"rdp-we-mwBnM\"><a href=\"#cite_ref-64\" rel=\"mw:referencedBy\" id=\"rdp-we-mwBnQ\"><span class=\"mw-linkback-text\" id=\"rdp-we-mwBnU\">\u2191<\/span><\/a><\/span> <span id=\"rdp-we-mw-reference-text-cite_note-64\" class=\"mw-reference-text reference-text\"><span class=\"cite\" about=\"#mwt143\" typeof=\"mw:Transclusion\" id=\"rdp-we-mwBnY\" data-mw='{\"parts\":[{\"template\":{\"target\":{\"wt\":\"Internetquelle \",\"href\":\".\/Vorlage:Internetquelle\"},\"params\":{\"url\":{\"wt\":\"https:\/\/kurier.at\/kultur\/nach-antisemitismus-eklat-pianist-levit-gibt-echo-preis-zurueck\/400022167\"},\"titel\":{\"wt\":\"Nach Antisemitismus-Eklat: Pianist Levit gibt Echo-Preis zur\u00fcck\"},\"abruf\":{\"wt\":\"2018-04-17\"}},\"i\":0}}]}'><a rel=\"external_link\" href=\"https:\/\/kurier.at\/kultur\/nach-antisemitismus-eklat-pianist-levit-gibt-echo-preis-zurueck\/400022167\" class=\"external text\" id=\"rdp-we-mwBnc\" target=\"_new\"><i id=\"rdp-we-mwBng\">Nach Antisemitismus-Eklat: Pianist Levit gibt Echo-Preis zur\u00fcck.<\/i><\/a><span class=\"Abrufdatum\" id=\"rdp-we-mwBnk\"><span typeof=\"mw:Entity\" id=\"rdp-we-mwBno\"> <\/span>Abgerufen am 17.<span typeof=\"mw:Entity\" id=\"rdp-we-mwBns\">\u00a0<\/span>April 2018<\/span>.<\/span><span style=\"display: none;\" class=\"Z3988\" title=\"ctx_ver=Z39.88-2004&amp;rft_val_fmt=info%3Aofi%2Ffmt%3Akev%3Amtx%3Adc&amp;rfr_id=info%3Asid%2Fde.wikipedia.org%3AFarid+Bang&amp;rft.title=Nach+Antisemitismus-Eklat%3A+Pianist+Levit+gibt+Echo-Preis+zur%C3%BCck&amp;rft.description=Nach+Antisemitismus-Eklat%3A+Pianist+Levit+gibt+Echo-Preis+zur%C3%BCck&amp;rft.identifier=https%3A%2F%2Fkurier.at%2Fkultur%2Fnach-antisemitismus-eklat-pianist-levit-gibt-echo-preis-zurueck%2F400022167\" about=\"#mwt143\" id=\"rdp-we-mwBnw\"><span typeof=\"mw:Entity\" id=\"rdp-we-mwBn0\">\u00a0<\/span><\/span><\/span><\/li>\n<li about=\"#cite_note-SPON-2018-04-17-65\" id=\"cite_note-SPON-2018-04-17-65\" data-mw-footnote-number=\"65\"><span class=\"mw-cite-backlink\" id=\"rdp-we-mwBn4\"><a href=\"#cite_ref-SPON-2018-04-17_65-0\" rel=\"mw:referencedBy\" id=\"rdp-we-mwBn8\"><span class=\"mw-linkback-text\" id=\"rdp-we-mwBoA\">\u2191<\/span><\/a><\/span> <span id=\"rdp-we-mw-reference-text-cite_note-SPON-2018-04-17-65\" class=\"mw-reference-text reference-text\"><span class=\"cite\" about=\"#mwt145\" typeof=\"mw:Transclusion\" id=\"rdp-we-mwBoE\" data-mw='{\"parts\":[{\"template\":{\"target\":{\"wt\":\"Internetquelle \",\"href\":\".\/Vorlage:Internetquelle\"},\"params\":{\"url\":{\"wt\":\"http:\/\/www.spiegel.de\/fotostrecke\/fotostrecke-160091-2.html\"},\"titel\":{\"wt\":\"Fotostrecke \u2013 Bild 2 \u2013 Echo 2018: Diese K\u00fcnstler geben ihre Troph\u00e4e zur\u00fcck\"},\"werk\":{\"wt\":\"Spiegel Online Fotostrecke\"},\"datum\":{\"wt\":\"2018-04-17\"},\"abruf\":{\"wt\":\"2018-06-09\"}},\"i\":0}}]}'><a rel=\"external_link\" href=\"http:\/\/www.spiegel.de\/fotostrecke\/fotostrecke-160091-2.html\" class=\"external text\" id=\"rdp-we-mwBoI\" target=\"_new\"><i id=\"rdp-we-mwBoM\">Fotostrecke \u2013 Bild 2 \u2013 Echo 2018: Diese K\u00fcnstler geben ihre Troph\u00e4e zur\u00fcck.<\/i><\/a><span typeof=\"mw:Entity\" id=\"rdp-we-mwBoQ\"> <\/span>In:<span typeof=\"mw:Entity\" id=\"rdp-we-mwBoU\"> <\/span><i id=\"rdp-we-mwBoY\">Spiegel Online Fotostrecke.<\/i><span typeof=\"mw:Entity\" id=\"rdp-we-mwBoc\"> <\/span>17.<span typeof=\"mw:Entity\" id=\"rdp-we-mwBog\">\u00a0<\/span>April 2018<span typeof=\"mw:Entity\" id=\"rdp-we-mwBok\">,<\/span><span class=\"Abrufdatum\" id=\"rdp-we-mwBoo\"><span typeof=\"mw:Entity\" id=\"rdp-we-mwBos\"> <\/span>abgerufen am 9.<span typeof=\"mw:Entity\" id=\"rdp-we-mwBow\">\u00a0<\/span>Juni 2018<\/span>.<\/span><span style=\"display: none;\" class=\"Z3988\" title=\"ctx_ver=Z39.88-2004&amp;rft_val_fmt=info%3Aofi%2Ffmt%3Akev%3Amtx%3Adc&amp;rfr_id=info%3Asid%2Fde.wikipedia.org%3AFarid+Bang&amp;rft.title=Fotostrecke+%E2%80%93+Bild+2+%E2%80%93+Echo+2018%3A+Diese+K%C3%BCnstler+geben+ihre+Troph%C3%A4e+zur%C3%BCck&amp;rft.description=Fotostrecke+%E2%80%93+Bild+2+%E2%80%93+Echo+2018%3A+Diese+K%C3%BCnstler+geben+ihre+Troph%C3%A4e+zur%C3%BCck&amp;rft.identifier=http%3A%2F%2Fwww.spiegel.de%2Ffotostrecke%2Ffotostrecke-160091-2.html&amp;rft.date=2018-04-17\" about=\"#mwt145\" id=\"rdp-we-mwBo0\"><span typeof=\"mw:Entity\" id=\"rdp-we-mwBo4\">\u00a0<\/span><\/span><\/span><\/li>\n<li about=\"#cite_note-66\" id=\"cite_note-66\" data-mw-footnote-number=\"66\"><span class=\"mw-cite-backlink\" id=\"rdp-we-mwBo8\"><a href=\"#cite_ref-66\" rel=\"mw:referencedBy\" id=\"rdp-we-mwBpA\"><span class=\"mw-linkback-text\" id=\"rdp-we-mwBpE\">\u2191<\/span><\/a><\/span> <span id=\"rdp-we-mw-reference-text-cite_note-66\" class=\"mw-reference-text reference-text\"><a rel=\"external_link\" href=\"http:\/\/www.spiegel.de\/kultur\/musik\/echo-wird-nach-skandal-um-kollegah-und-farid-bang-komplett-abgeschafft-a-1204745.html\" class=\"external text\" id=\"rdp-we-mwBpI\" target=\"_new\"><i id=\"rdp-we-mwBpM\">Musikpreis Echo wird komplett abgeschafft.<\/i><\/a> <a rel=\"mw:WikiLink\" href=\"https:\/\/de.wikipedia.org\/wiki\/Spiegel_online\" title=\"Spiegel online\" class=\"mw-redirect wiki-link\" id=\"rdp-we-mwBpQ\" target=\"_new\">Spiegel online<\/a> vom 25.<span typeof=\"mw:Entity\" id=\"rdp-we-mwBpU\">\u00a0<\/span>April 2018<\/span><\/li>\n<li about=\"#cite_note-67\" id=\"cite_note-67\" data-mw-footnote-number=\"67\"><span class=\"mw-cite-backlink\" id=\"rdp-we-mwBpY\"><a href=\"#cite_ref-67\" rel=\"mw:referencedBy\" id=\"rdp-we-mwBpc\"><span class=\"mw-linkback-text\" id=\"rdp-we-mwBpg\">\u2191<\/span><\/a><\/span> <span id=\"rdp-we-mw-reference-text-cite_note-67\" class=\"mw-reference-text reference-text\"><span class=\"cite\" about=\"#mwt148\" typeof=\"mw:Transclusion\" id=\"rdp-we-mwBpk\" data-mw='{\"parts\":[{\"template\":{\"target\":{\"wt\":\"Internetquelle \",\"href\":\".\/Vorlage:Internetquelle\"},\"params\":{\"url\":{\"wt\":\"https:\/\/www.bernerzeitung.ch\/kultur\/pop-und-jazz\/schweizer-konzert-der-skandalrapper-abgesagt\/story\/13569744\"},\"titel\":{\"wt\":\"Schweizer Konzert der Skandal-Rapper abgesagt\"},\"werk\":{\"wt\":\"bernerzeitung.ch\"},\"abruf\":{\"wt\":\"2018-04-20\"}},\"i\":0}}]}'><a rel=\"external_link\" href=\"https:\/\/www.bernerzeitung.ch\/kultur\/pop-und-jazz\/schweizer-konzert-der-skandalrapper-abgesagt\/story\/13569744\" class=\"external text\" id=\"rdp-we-mwBpo\" target=\"_new\"><i id=\"rdp-we-mwBps\">Schweizer Konzert der Skandal-Rapper abgesagt.<\/i><\/a><span typeof=\"mw:Entity\" id=\"rdp-we-mwBpw\"> <\/span>In:<span typeof=\"mw:Entity\" id=\"rdp-we-mwBp0\"> <\/span><i id=\"rdp-we-mwBp4\">bernerzeitung.ch.<\/i><span class=\"Abrufdatum\" id=\"rdp-we-mwBp8\"><span typeof=\"mw:Entity\" id=\"rdp-we-mwBqA\"> <\/span>Abgerufen am 20.<span typeof=\"mw:Entity\" id=\"rdp-we-mwBqE\">\u00a0<\/span>April 2018<\/span>.<\/span><span style=\"display: none;\" class=\"Z3988\" title=\"ctx_ver=Z39.88-2004&amp;rft_val_fmt=info%3Aofi%2Ffmt%3Akev%3Amtx%3Adc&amp;rfr_id=info%3Asid%2Fde.wikipedia.org%3AFarid+Bang&amp;rft.title=Schweizer+Konzert+der+Skandal-Rapper+abgesagt&amp;rft.description=Schweizer+Konzert+der+Skandal-Rapper+abgesagt&amp;rft.identifier=https%3A%2F%2Fwww.bernerzeitung.ch%2Fkultur%2Fpop-und-jazz%2Fschweizer-konzert-der-skandalrapper-abgesagt%2Fstory%2F13569744\" about=\"#mwt148\" id=\"rdp-we-mwBqI\"><span typeof=\"mw:Entity\" id=\"rdp-we-mwBqM\">\u00a0<\/span><\/span><\/span><\/li>\n<li about=\"#cite_note-68\" id=\"cite_note-68\" data-mw-footnote-number=\"68\"><span class=\"mw-cite-backlink\" id=\"rdp-we-mwBqQ\"><a href=\"#cite_ref-68\" rel=\"mw:referencedBy\" id=\"rdp-we-mwBqU\"><span class=\"mw-linkback-text\" id=\"rdp-we-mwBqY\">\u2191<\/span><\/a><\/span> <span id=\"rdp-we-mw-reference-text-cite_note-68\" class=\"mw-reference-text reference-text\"><span class=\"cite\" about=\"#mwt150\" typeof=\"mw:Transclusion\" id=\"rdp-we-mwBqc\" data-mw='{\"parts\":[{\"template\":{\"target\":{\"wt\":\"Internetquelle \",\"href\":\".\/Vorlage:Internetquelle\"},\"params\":{\"url\":{\"wt\":\"https:\/\/kurier.at\/kultur\/kollegah-und-farid-bang-ermittlungen-wegen-volksverhetzung\/400029955\"},\"titel\":{\"wt\":\"Kollegah und Farid Bang: Ermittlungen wegen Volksverhetzung\"},\"abruf\":{\"wt\":\"2018-05-03\"}},\"i\":0}}]}'><a rel=\"external_link\" href=\"https:\/\/kurier.at\/kultur\/kollegah-und-farid-bang-ermittlungen-wegen-volksverhetzung\/400029955\" class=\"external text\" id=\"rdp-we-mwBqg\" target=\"_new\"><i id=\"rdp-we-mwBqk\">Kollegah und Farid Bang: Ermittlungen wegen Volksverhetzung.<\/i><\/a><span class=\"Abrufdatum\" id=\"rdp-we-mwBqo\"><span typeof=\"mw:Entity\" id=\"rdp-we-mwBqs\"> <\/span>Abgerufen am 3.<span typeof=\"mw:Entity\" id=\"rdp-we-mwBqw\">\u00a0<\/span>Mai 2018<\/span>.<\/span><span style=\"display: none;\" class=\"Z3988\" title=\"ctx_ver=Z39.88-2004&amp;rft_val_fmt=info%3Aofi%2Ffmt%3Akev%3Amtx%3Adc&amp;rfr_id=info%3Asid%2Fde.wikipedia.org%3AFarid+Bang&amp;rft.title=Kollegah+und+Farid+Bang%3A+Ermittlungen+wegen+Volksverhetzung&amp;rft.description=Kollegah+und+Farid+Bang%3A+Ermittlungen+wegen+Volksverhetzung&amp;rft.identifier=https%3A%2F%2Fkurier.at%2Fkultur%2Fkollegah-und-farid-bang-ermittlungen-wegen-volksverhetzung%2F400029955\" about=\"#mwt150\" id=\"rdp-we-mwBq0\"><span typeof=\"mw:Entity\" id=\"rdp-we-mwBq4\">\u00a0<\/span><\/span><\/span><\/li>\n<li about=\"#cite_note-69\" id=\"cite_note-69\" data-mw-footnote-number=\"69\"><span class=\"mw-cite-backlink\" id=\"rdp-we-mwBq8\"><a href=\"#cite_ref-69\" rel=\"mw:referencedBy\" id=\"rdp-we-mwBrA\"><span class=\"mw-linkback-text\" id=\"rdp-we-mwBrE\">\u2191<\/span><\/a><\/span> <span id=\"rdp-we-mw-reference-text-cite_note-69\" class=\"mw-reference-text reference-text\"><a rel=\"external_link\" href=\"http:\/\/www.nordbayern.de\/kultur\/rap-duo-kollegah-und-farid-bang-besuchen-kz-gedenkstatte-1.7676906\" class=\"external text\" id=\"rdp-we-mwBrI\" target=\"_new\"><i id=\"rdp-we-mwBrM\">Pressebericht Nordbayern.de zu KZ-Besuch<\/i><\/a><\/span><\/li>\n<li about=\"#cite_note-70\" id=\"cite_note-70\" data-mw-footnote-number=\"70\"><span class=\"mw-cite-backlink\" id=\"rdp-we-mwBrQ\"><a href=\"#cite_ref-70\" rel=\"mw:referencedBy\" id=\"rdp-we-mwBrU\"><span class=\"mw-linkback-text\" id=\"rdp-we-mwBrY\">\u2191<\/span><\/a><\/span> <span id=\"rdp-we-mw-reference-text-cite_note-70\" class=\"mw-reference-text reference-text\"><span class=\"cite\" about=\"#mwt153\" typeof=\"mw:Transclusion\" id=\"rdp-we-mwBrc\" data-mw='{\"parts\":[{\"template\":{\"target\":{\"wt\":\"Internetquelle \",\"href\":\".\/Vorlage:Internetquelle\"},\"params\":{\"autor\":{\"wt\":\"\"},\"url\":{\"wt\":\"https:\/\/www.sueddeutsche.de\/kultur\/kollegah-farid-bang-index-1.4120428\"},\"titel\":{\"wt\":\"Kollegah und Farid Bang landen auf dem Index\"},\"werk\":{\"wt\":\"S\u00fcddeutsche Zeitung\"},\"datum\":{\"wt\":\"2018-09-07\"},\"sprache\":{\"wt\":\"de\"},\"abruf\":{\"wt\":\"2021-09-21\"}},\"i\":0}}]}'><a rel=\"external_link\" href=\"https:\/\/www.sueddeutsche.de\/kultur\/kollegah-farid-bang-index-1.4120428\" class=\"external text\" id=\"rdp-we-mwBrg\" target=\"_new\"><i id=\"rdp-we-mwBrk\">Kollegah und Farid Bang landen auf dem Index.<\/i><\/a><span typeof=\"mw:Entity\" id=\"rdp-we-mwBro\"> <\/span>In:<span typeof=\"mw:Entity\" id=\"rdp-we-mwBrs\"> <\/span><i id=\"rdp-we-mwBrw\">S\u00fcddeutsche Zeitung.<\/i><span typeof=\"mw:Entity\" id=\"rdp-we-mwBr0\"> <\/span>7.<span typeof=\"mw:Entity\" id=\"rdp-we-mwBr4\">\u00a0<\/span>September 2018<span typeof=\"mw:Entity\" id=\"rdp-we-mwBr8\">,<\/span><span class=\"Abrufdatum\" id=\"rdp-we-mwBsA\"><span typeof=\"mw:Entity\" id=\"rdp-we-mwBsE\"> <\/span>abgerufen am 21.<span typeof=\"mw:Entity\" id=\"rdp-we-mwBsI\">\u00a0<\/span>September 2021<\/span>.<\/span><span style=\"display: none;\" class=\"Z3988\" title=\"ctx_ver=Z39.88-2004&amp;rft_val_fmt=info%3Aofi%2Ffmt%3Akev%3Amtx%3Adc&amp;rfr_id=info%3Asid%2Fde.wikipedia.org%3AFarid+Bang&amp;rft.title=Kollegah+und+Farid+Bang+landen+auf+dem+Index&amp;rft.description=Kollegah+und+Farid+Bang+landen+auf+dem+Index&amp;rft.identifier=https%3A%2F%2Fwww.sueddeutsche.de%2Fkultur%2Fkollegah-farid-bang-index-1.4120428&amp;rft.date=2018-09-07&amp;rft.language=de\" about=\"#mwt153\" id=\"rdp-we-mwBsM\"><span typeof=\"mw:Entity\" id=\"rdp-we-mwBsQ\">\u00a0<\/span><\/span><\/span><\/li>\n<li about=\"#cite_note-71\" id=\"cite_note-71\" data-mw-footnote-number=\"71\"><span class=\"mw-cite-backlink\" id=\"rdp-we-mwBsU\"><a href=\"#cite_ref-71\" rel=\"mw:referencedBy\" id=\"rdp-we-mwBsY\"><span class=\"mw-linkback-text\" id=\"rdp-we-mwBsc\">\u2191<\/span><\/a><\/span> <span id=\"rdp-we-mw-reference-text-cite_note-71\" class=\"mw-reference-text reference-text\"><span class=\"cite\" about=\"#mwt155\" typeof=\"mw:Transclusion\" id=\"rdp-we-mwBsg\" data-mw='{\"parts\":[{\"template\":{\"target\":{\"wt\":\"Internetquelle \",\"href\":\".\/Vorlage:Internetquelle\"},\"params\":{\"autor\":{\"wt\":\"Alice Weidel\"},\"url\":{\"wt\":\"https:\/\/x.com\/Alice_Weidel\/status\/984883361553571840\"},\"titel\":{\"wt\":\"Original-Tweet\"},\"werk\":{\"wt\":\"[[X (soziales Netzwerk)|Twitter]]\"},\"datum\":{\"wt\":\"2018-04-13\"},\"abruf\":{\"wt\":\"2025-01-18\"}},\"i\":0}}]}'>Alice Weidel:<span typeof=\"mw:Entity\" id=\"rdp-we-mwBsk\"> <\/span><a rel=\"external_link\" href=\"https:\/\/x.com\/Alice_Weidel\/status\/984883361553571840\" class=\"external text\" id=\"rdp-we-mwBso\" target=\"_new\"><i id=\"rdp-we-mwBss\">Original-Tweet.<\/i><\/a><span typeof=\"mw:Entity\" id=\"rdp-we-mwBsw\"> <\/span>In:<span typeof=\"mw:Entity\" id=\"rdp-we-mwBs0\"> <\/span><i id=\"rdp-we-mwBs4\"><a rel=\"mw:WikiLink\" href=\"https:\/\/de.wikipedia.org\/wiki\/X_(soziales_Netzwerk)\" title=\"X (soziales Netzwerk)\" id=\"rdp-we-mwBs8\" target=\"_new\" class=\"wiki-link\">Twitter<\/a>.<\/i><span typeof=\"mw:Entity\" id=\"rdp-we-mwBtA\"> <\/span>13.<span typeof=\"mw:Entity\" id=\"rdp-we-mwBtE\">\u00a0<\/span>April 2018<span typeof=\"mw:Entity\" id=\"rdp-we-mwBtI\">,<\/span><span class=\"Abrufdatum\" id=\"rdp-we-mwBtM\"><span typeof=\"mw:Entity\" id=\"rdp-we-mwBtQ\"> <\/span>abgerufen am 18.<span typeof=\"mw:Entity\" id=\"rdp-we-mwBtU\">\u00a0<\/span>Januar 2025<\/span>.<\/span><span style=\"display: none;\" class=\"Z3988\" title=\"ctx_ver=Z39.88-2004&amp;rft_val_fmt=info%3Aofi%2Ffmt%3Akev%3Amtx%3Adc&amp;rfr_id=info%3Asid%2Fde.wikipedia.org%3AFarid+Bang&amp;rft.title=Original-Tweet&amp;rft.description=Original-Tweet&amp;rft.identifier=https%3A%2F%2Fx.com%2FAlice_Weidel%2Fstatus%2F984883361553571840&amp;rft.creator=Alice+Weidel&amp;rft.date=2018-04-13\" about=\"#mwt155\" id=\"rdp-we-mwBtY\"><span typeof=\"mw:Entity\" id=\"rdp-we-mwBtc\">\u00a0<\/span><\/span><\/span><\/li>\n<li about=\"#cite_note-72\" id=\"cite_note-72\" data-mw-footnote-number=\"72\"><span class=\"mw-cite-backlink\" id=\"rdp-we-mwBtg\"><a href=\"#cite_ref-72\" rel=\"mw:referencedBy\" id=\"rdp-we-mwBtk\"><span class=\"mw-linkback-text\" id=\"rdp-we-mwBto\">\u2191<\/span><\/a><\/span> <span id=\"rdp-we-mw-reference-text-cite_note-72\" class=\"mw-reference-text reference-text\"><a rel=\"external_link\" href=\"https:\/\/www.faz.net\/aktuell\/gesellschaft\/kriminalitaet\/skandal-rapper-farid-bang-gibt-im-streit-mit-alice-weidel-bei-15629284.html\" class=\"external text\" id=\"rdp-we-mwBts\" target=\"_new\">Farid Bang gibt im Streit mit Alice Weidel bei<\/a>, auf faz.net<\/span><\/li>\n<li about=\"#cite_note-73\" id=\"cite_note-73\" data-mw-footnote-number=\"73\"><span class=\"mw-cite-backlink\" id=\"rdp-we-mwBtw\"><a href=\"#cite_ref-73\" rel=\"mw:referencedBy\" id=\"rdp-we-mwBt0\"><span class=\"mw-linkback-text\" id=\"rdp-we-mwBt4\">\u2191<\/span><\/a><\/span> <span id=\"rdp-we-mw-reference-text-cite_note-73\" class=\"mw-reference-text reference-text\"><a rel=\"external_link\" href=\"https:\/\/www.welt.de\/politik\/deutschland\/article176368569\/Farid-Bang-beleidigt-Alice-Weidel-AfD-Chefin-prueft-Klage-gegen-Rapper.html\" class=\"external text\" id=\"rdp-we-mwBt8\" target=\"_new\">Farid Bang beleidigt Weidel \u2013 AfD-Chefin pr\u00fcft Klage<\/a>, auf welt.de<\/span><\/li>\n<li about=\"#cite_note-74\" id=\"cite_note-74\" data-mw-footnote-number=\"74\"><span class=\"mw-cite-backlink\" id=\"rdp-we-mwBuA\"><a href=\"#cite_ref-74\" rel=\"mw:referencedBy\" id=\"rdp-we-mwBuE\"><span class=\"mw-linkback-text\" id=\"rdp-we-mwBuI\">\u2191<\/span><\/a><\/span> <span id=\"rdp-we-mw-reference-text-cite_note-74\" class=\"mw-reference-text reference-text\"><a rel=\"external_link\" href=\"https:\/\/genius.com\/Kollegah-and-farid-bang-ausnahmezustand-lyrics\" class=\"external text\" id=\"rdp-we-mwBuM\" target=\"_new\">Ausnahmezustand<\/a>, auf genius.com<\/span><\/li>\n<li about=\"#cite_note-75\" id=\"cite_note-75\" data-mw-footnote-number=\"75\"><span class=\"mw-cite-backlink\" id=\"rdp-we-mwBuQ\"><a href=\"#cite_ref-75\" rel=\"mw:referencedBy\" id=\"rdp-we-mwBuU\"><span class=\"mw-linkback-text\" id=\"rdp-we-mwBuY\">\u2191<\/span><\/a><\/span> <span id=\"rdp-we-mw-reference-text-cite_note-75\" class=\"mw-reference-text reference-text\"><a rel=\"external_link\" href=\"https:\/\/www.focus.de\/kultur\/videos\/farid-bang-nach-kritik-an-opferverhoehnung-rapper-farid-bang-legt-nach_id_7213268.html\" class=\"external text\" id=\"rdp-we-mwBuc\" target=\"_new\">Nach Kritik an Opferverh\u00f6hnung: Rapper Farid Bang legt nach<\/a><span class=\"cite\" about=\"#mwt160\" typeof=\"mw:Transclusion\" id=\"rdp-we-mwBug\" data-mw='{\"parts\":[{\"template\":{\"target\":{\"wt\":\"Internetquelle\",\"href\":\".\/Vorlage:Internetquelle\"},\"params\":{\"url\":{\"wt\":\"https:\/\/www.focus.de\/kultur\/videos\/farid-bang-nach-kritik-an-opferverhoehnung-rapper-farid-bang-legt-nach_id_7213268.html\"},\"titel\":{\"wt\":\"Nach Kritik an Opferverh\u00f6hnung: Rapper Farid Bang legt nach\"},\"hrsg\":{\"wt\":\"Focus Online\"},\"offline\":{\"wt\":\"2025-01-31\"},\"archiv-url\":{\"wt\":\"https:\/\/web.archive.org\/web\/20170605064859\/https:\/\/www.focus.de\/kultur\/videos\/farid-bang-nach-kritik-an-opferverhoehnung-rapper-farid-bang-legt-nach_id_7213268.html\"},\"archiv-datum\":{\"wt\":\"2017-06-05\"},\"abruf\":{\"wt\":\"2025-01-31\"}},\"i\":0}}]}'><a rel=\"external_link\" href=\"https:\/\/web.archive.org\/web\/20170605064859\/https:\/\/www.focus.de\/kultur\/videos\/farid-bang-nach-kritik-an-opferverhoehnung-rapper-farid-bang-legt-nach_id_7213268.html\" class=\"external text\" id=\"rdp-we-mwBuk\" target=\"_new\"><i id=\"rdp-we-mwBuo\">Nach Kritik an Opferverh\u00f6hnung: Rapper Farid Bang legt nach.<\/i><\/a><span typeof=\"mw:Entity\" id=\"rdp-we-mwBus\"> <\/span>Focus Online,<span typeof=\"mw:Entity\" id=\"rdp-we-mwBuw\"> <\/span>archiviert<span typeof=\"mw:Entity\" id=\"rdp-we-mwBu0\"> <\/span>vom<span typeof=\"mw:Entity\" id=\"rdp-we-mwBu4\"> <\/span><link rel=\"mw-deduplicated-inline-style\" href=\"mw-data:TemplateStyles:r250917974\" about=\"#mwt161\" typeof=\"mw:Extension\/templatestyles\" id=\"rdp-we-mwBu8\" data-mw='{\"name\":\"templatestyles\",\"attrs\":{\"src\":\"Vorlage:IconExternal\/styles.css\"}}'\/><span class=\"dewiki-iconexternal\" id=\"rdp-we-mwBvA\"><a rel=\"external_link\" href=\"https:\/\/redirecter.toolforge.org\/?url=https%3A%2F%2Fwww.focus.de%2Fkultur%2Fvideos%2Ffarid-bang-nach-kritik-an-opferverhoehnung-rapper-farid-bang-legt-nach_id_7213268.html\" class=\"external text\" id=\"rdp-we-mwBvE\" target=\"_new\">Original<\/a><\/span><span typeof=\"mw:Entity\" id=\"rdp-we-mwBvI\"> <\/span>(nicht mehr online verf\u00fcgbar)<span typeof=\"mw:Entity\" id=\"rdp-we-mwBvM\"> <\/span>am<span typeof=\"mw:Entity\" id=\"rdp-we-mwBvQ\"> <\/span><span style=\"white-space:nowrap;\" id=\"rdp-we-mwBvU\">5.<span typeof=\"mw:Entity\" id=\"rdp-we-mwBvY\">\u00a0<\/span>Juni 2017<\/span><span id=\"rdp-we-mwBvc\">;<\/span><span class=\"Abrufdatum\" id=\"rdp-we-mwBvg\"><span typeof=\"mw:Entity\" id=\"rdp-we-mwBvk\"> <\/span>abgerufen am 31.<span typeof=\"mw:Entity\" id=\"rdp-we-mwBvo\">\u00a0<\/span>Januar 2025<\/span>.<\/span><span style=\"display: none;\" class=\"Z3988\" title=\"ctx_ver=Z39.88-2004&amp;rft_val_fmt=info%3Aofi%2Ffmt%3Akev%3Amtx%3Adc&amp;rfr_id=info%3Asid%2Fde.wikipedia.org%3AFarid+Bang&amp;rft.title=Nach+Kritik+an+Opferverh%C3%B6hnung%3A+Rapper+Farid+Bang+legt+nach&amp;rft.description=Nach+Kritik+an+Opferverh%C3%B6hnung%3A+Rapper+Farid+Bang+legt+nach&amp;rft.identifier=https%3A%2F%2Fweb.archive.org%2Fweb%2F20170605064859%2Fhttps%3A%2F%2Fwww.focus.de%2Fkultur%2Fvideos%2Ffarid-bang-nach-kritik-an-opferverhoehnung-rapper-farid-bang-legt-nach_id_7213268.html&amp;rft.publisher=Focus+Online&amp;rft.source=https:\/\/www.focus.de\/kultur\/videos\/farid-bang-nach-kritik-an-opferverhoehnung-rapper-farid-bang-legt-nach_id_7213268.html\" about=\"#mwt160\" id=\"rdp-we-mwBvs\"><span typeof=\"mw:Entity\" id=\"rdp-we-mwBvw\">\u00a0<\/span><\/span><\/span><\/li>\n<li about=\"#cite_note-76\" id=\"cite_note-76\" data-mw-footnote-number=\"76\"><span class=\"mw-cite-backlink\" id=\"rdp-we-mwBv0\"><a href=\"#cite_ref-76\" rel=\"mw:referencedBy\" id=\"rdp-we-mwBv4\"><span class=\"mw-linkback-text\" id=\"rdp-we-mwBv8\">\u2191<\/span><\/a><\/span> <span id=\"rdp-we-mw-reference-text-cite_note-76\" class=\"mw-reference-text reference-text\"><a rel=\"external_link\" href=\"https:\/\/www.planet-interview.de\/interviews\/farid-bang\/35420\/\" class=\"external text\" id=\"rdp-we-mwBwA\" target=\"_new\">Farid Bang im Interview: \"Das ist keine Gebrauchsanweisung f\u00fcr das Leben.\"<\/a>, auf planet-interview.de<\/span><\/li>\n<\/ol><\/div>\n\n<span class=\"mw-empty-elt\" about=\"#mwt171\" typeof=\"mw:Transclusion\" id=\"rdp-we-mwBwE\" data-mw='{\"parts\":[{\"template\":{\"target\":{\"wt\":\"Navigationsleiste Farid Bang\",\"href\":\".\/Vorlage:Navigationsleiste_Farid_Bang\"},\"params\":{},\"i\":0}}]}'><\/span><div role=\"navigation\" class=\"navbox-container klappleiste navileiste erweiterte-navigationsleiste mw-collapsible navigation-not-searchable darkmode-standardlinks\" aria-labelledby=\"Farid_Bang\" about=\"#mwt171\" id=\"rdp-we-mwBwI\"><div class=\"klappleiste-kopf navbox-group navbox-title\" style=\"background-color:khaki; color:#000000;;\"><a rel=\"mw:WikiLink\" href=\"https:\/\/de.wikipedia.org\/wiki\/Farid_Bang\" class=\"mw-selflink selflink wiki-link\" target=\"_new\">Farid Bang<\/a><\/div><div class=\"klappleiste-inhalt mw-collapsible-content\"><table class=\"navbox-nowraplinks navbox-inner\" style=\"border-spacing:0;background:transparent;color:inherit\"><tbody><tr><th scope=\"row\" class=\"navbox-group\" style=\"width:1%\">Studioalben<\/th><td class=\"navbox-list navbox-odd navbox-hlist\" style=\"text-align:left;border-left-width:2px;border-left-style:solid;width:99%\"><div style=\"padding:0 0.25em\">\n<ul><li><a rel=\"mw:WikiLink\" href=\"https:\/\/de.wikipedia.org\/wiki\/Asphalt_Massaka\" title=\"Asphalt Massaka\" target=\"_new\" class=\"wiki-link\">Asphalt Massaka<\/a><\/li>\n<li><a rel=\"mw:WikiLink\" href=\"https:\/\/de.wikipedia.org\/wiki\/Asphalt_Massaka_2\" title=\"Asphalt Massaka 2\" target=\"_new\" class=\"wiki-link\">Asphalt Massaka 2<\/a><\/li>\n<li><a rel=\"mw:WikiLink\" href=\"https:\/\/de.wikipedia.org\/wiki\/Banger_leben_k\u00fcrzer\" title=\"Banger leben k\u00fcrzer\" target=\"_new\" class=\"wiki-link\">Banger leben k\u00fcrzer<\/a><\/li>\n<li><a rel=\"mw:WikiLink\" href=\"https:\/\/de.wikipedia.org\/wiki\/Der_letzte_Tag_deines_Lebens\" title=\"Der letzte Tag deines Lebens\" target=\"_new\" class=\"wiki-link\">Der letzte Tag deines Lebens<\/a><\/li>\n<li><a rel=\"mw:WikiLink\" href=\"https:\/\/de.wikipedia.org\/wiki\/Killa\" title=\"Killa\" target=\"_new\" class=\"wiki-link\">Killa<\/a><\/li>\n<li><a rel=\"mw:WikiLink\" href=\"https:\/\/de.wikipedia.org\/wiki\/Asphalt_Massaka_3\" title=\"Asphalt Massaka 3\" target=\"_new\" class=\"wiki-link\">Asphalt Massaka 3<\/a><\/li>\n<li><a rel=\"mw:WikiLink\" href=\"https:\/\/de.wikipedia.org\/wiki\/Blut_(Album)\" title=\"Blut (Album)\" target=\"_new\" class=\"wiki-link\">Blut<\/a><\/li>\n<li>Genkidama<\/li>\n<li>Asozialer Marokkaner<\/li>\n<li>X<\/li>\n<li>Asphalt Massaka 4<\/li>\n<li>XII<\/li><\/ul>\n<\/div><\/td><\/tr><tr><th scope=\"row\" class=\"navbox-group\" style=\"width:1%\">Gemeinschaftsalben<\/th><td class=\"navbox-list navbox-even navbox-hlist\" style=\"text-align:left;border-left-width:2px;border-left-style:solid;width:99%\"><div style=\"padding:0 0.25em\">\n<ul><li><a rel=\"mw:WikiLink\" href=\"https:\/\/de.wikipedia.org\/wiki\/Jung,_brutal,_gutaussehend\" title=\"Jung, brutal, gutaussehend\" target=\"_new\" class=\"wiki-link\">Jung, brutal, gutaussehend<\/a> <small>(mit Kollegah)<\/small><\/li>\n<li><a rel=\"mw:WikiLink\" href=\"https:\/\/de.wikipedia.org\/wiki\/Jung,_brutal,_gutaussehend_2\" title=\"Jung, brutal, gutaussehend 2\" target=\"_new\" class=\"wiki-link\">Jung, brutal, gutaussehend 2<\/a> <small>(mit Kollegah)<\/small><\/li>\n<li><a rel=\"mw:WikiLink\" href=\"https:\/\/de.wikipedia.org\/wiki\/Jung,_brutal,_gutaussehend_3\" title=\"Jung, brutal, gutaussehend 3\" target=\"_new\" class=\"wiki-link\">Jung, brutal, gutaussehend 3<\/a> <small>(mit Kollegah)<\/small><\/li>\n<li><a rel=\"mw:WikiLink\" href=\"https:\/\/de.wikipedia.org\/wiki\/Platin_war_gestern\" title=\"Platin war gestern\" target=\"_new\" class=\"wiki-link\">Platin war gestern<\/a> <small>(mit Kollegah)<\/small><\/li>\n<li>Deutschrap brandneu <small>(mit Capital Bra)<\/small><\/li><\/ul>\n<\/div><\/td><\/tr><tr><th scope=\"row\" class=\"navbox-group\" style=\"width:1%\">Kompilationen<\/th><td class=\"navbox-list navbox-odd navbox-hlist\" style=\"text-align:left;border-left-width:2px;border-left-style:solid;width:99%\"><div style=\"padding:0 0.25em\">\n<ul><li>Asphalt Massaka \u2013 die Trilogie<\/li><\/ul>\n<\/div><\/td><\/tr><tr><th scope=\"row\" class=\"navbox-group\" style=\"width:1%\">Mixtapes<\/th><td class=\"navbox-list navbox-even navbox-hlist\" style=\"text-align:left;border-left-width:2px;border-left-style:solid;width:99%\"><div style=\"padding:0 0.25em\">\n<ul><li>Endlich Urlaub<\/li>\n<li>Torremolinos<\/li><\/ul>\n<\/div><\/td><\/tr><tr><th scope=\"row\" class=\"navbox-group\" style=\"width:1%\">EPs<\/th><td class=\"navbox-list navbox-odd navbox-hlist\" style=\"text-align:left;border-left-width:2px;border-left-style:solid;width:99%\"><div style=\"padding:0 0.25em\">\n<ul><li>\u00a7185 EP<\/li>\n<li>Nafri Trap EP, Vol. 1<\/li>\n<li>Nurmagomedow EP<\/li>\n<li>Kamehameha EP<\/li>\n<li>Hustlaa EP<\/li>\n<li>Home Run EP<\/li><\/ul>\n<\/div><\/td><\/tr><tr><th scope=\"row\" class=\"navbox-group\" style=\"width:1%\">Singles<\/th><td class=\"navbox-list navbox-odd navbox-hlist\" style=\"text-align:left;border-left-width:2px;border-left-style:solid;width:99%\"><div style=\"padding:0 0.25em\"><\/div><table class=\"navbox-nowraplinks navbox-subgroup\" style=\"border-spacing:0\"><tbody><tr><th scope=\"row\" class=\"navbox-group\" style=\"width:1%;background-color:#DDE5EE; color:inherit;\">Asphalt Massaka<\/th><td class=\"navbox-list navbox-even navbox-hlist\" style=\"text-align:left;border-left-width:2px;border-left-style:solid;width:99%\"><div style=\"padding:0 0.25em\">\n<ul><li>An Die Wand<\/li><\/ul>\n<\/div><\/td><\/tr><tr><th scope=\"row\" class=\"navbox-group\" style=\"width:1%;background-color:#DDE5EE; color:inherit;\">Jung, brutal, gutaussehend<\/th><td class=\"navbox-list navbox-odd navbox-hlist\" style=\"text-align:left;border-left-width:2px;border-left-style:solid;width:99%\"><div style=\"padding:0 0.25em\">\n<ul><li>Mitternacht<\/li><\/ul>\n<\/div><\/td><\/tr><tr><th scope=\"row\" class=\"navbox-group\" style=\"width:1%;background-color:#DDE5EE; color:inherit;\">Banger leben k\u00fcrzer<\/th><td class=\"navbox-list navbox-even navbox-hlist\" style=\"text-align:left;border-left-width:2px;border-left-style:solid;width:99%\"><div style=\"padding:0 0.25em\">\n<ul><li>Teufelskreis<\/li><\/ul>\n<\/div><\/td><\/tr><tr><th scope=\"row\" class=\"navbox-group\" style=\"width:1%;background-color:#DDE5EE; color:inherit;\">Der letzte Tag deines Lebens<\/th><td class=\"navbox-list navbox-odd navbox-hlist\" style=\"text-align:left;border-left-width:2px;border-left-style:solid;width:99%\"><div style=\"padding:0 0.25em\">\n<ul><li>Irgendwann<\/li><\/ul>\n<\/div><\/td><\/tr><tr><th scope=\"row\" class=\"navbox-group\" style=\"width:1%;background-color:#DDE5EE; color:inherit;\">Jung, brutal, gutaussehend 2<\/th><td class=\"navbox-list navbox-even navbox-hlist\" style=\"text-align:left;border-left-width:2px;border-left-style:solid;width:99%\"><div style=\"padding:0 0.25em\">\n<ul><li><a rel=\"mw:WikiLink\" href=\"https:\/\/de.wikipedia.org\/wiki\/Dynamit_(Lied)\" title=\"Dynamit (Lied)\" target=\"_new\" class=\"wiki-link\">Dynamit<\/a><\/li>\n<li>Drive-by<\/li>\n<li>Du kennst den Westen<\/li>\n<li>Stiernackenkommando<\/li><\/ul>\n<\/div><\/td><\/tr><tr><th scope=\"row\" class=\"navbox-group\" style=\"width:1%;background-color:#DDE5EE; color:inherit;\">Killa<\/th><td class=\"navbox-list navbox-odd navbox-hlist\" style=\"text-align:left;border-left-width:2px;border-left-style:solid;width:99%\"><div style=\"padding:0 0.25em\">\n<ul><li>Bitte Spitte Toi Lab<\/li>\n<li>Lutsch<\/li>\n<li>Dein Weg<\/li>\n<li>King &amp; Killa<\/li><\/ul>\n<\/div><\/td><\/tr><tr><th scope=\"row\" class=\"navbox-group\" style=\"width:1%;background-color:#DDE5EE; color:inherit;\">Asphalt Massaka 3<\/th><td class=\"navbox-list navbox-even navbox-hlist\" style=\"text-align:left;border-left-width:2px;border-left-style:solid;width:99%\"><div style=\"padding:0 0.25em\">\n<ul><li>Johnny Fontaine<\/li><\/ul>\n<\/div><\/td><\/tr><tr><th scope=\"row\" class=\"navbox-group\" style=\"width:1%;background-color:#DDE5EE; color:inherit;\">Blut<\/th><td class=\"navbox-list navbox-odd navbox-hlist\" style=\"text-align:left;border-left-width:2px;border-left-style:solid;width:99%\"><div style=\"padding:0 0.25em\">\n<ul><li>100 Bars<\/li><\/ul>\n<\/div><\/td><\/tr><tr><th scope=\"row\" class=\"navbox-group\" style=\"width:1%;background-color:#DDE5EE; color:inherit;\">Jung Brutal Gutaussehend 3<\/th><td class=\"navbox-list navbox-even navbox-hlist\" style=\"text-align:left;border-left-width:2px;border-left-style:solid;width:99%\"><div style=\"padding:0 0.25em\">\n<ul><li><a rel=\"mw:WikiLink\" href=\"https:\/\/de.wikipedia.org\/wiki\/Sturmmaske_auf_(Intro)\" title=\"Sturmmaske auf (Intro)\" target=\"_new\" class=\"wiki-link\">Sturmmaske auf (Intro)<\/a><\/li>\n<li><a rel=\"mw:WikiLink\" href=\"https:\/\/de.wikipedia.org\/wiki\/Gamechanger\" title=\"Gamechanger\" target=\"_new\" class=\"wiki-link\">Gamechanger<\/a><\/li>\n<li><a rel=\"mw:WikiLink\" href=\"https:\/\/de.wikipedia.org\/wiki\/Ave_Maria_(Kollegah-&-Farid-Bang-Lied)\" title=\"Ave Maria (Kollegah-&amp;-Farid-Bang-Lied)\" target=\"_new\" class=\"wiki-link\">Ave Maria<\/a><\/li><\/ul>\n<\/div><\/td><\/tr><tr><th scope=\"row\" class=\"navbox-group\" style=\"width:1%;background-color:#DDE5EE; color:inherit;\">Nafri Trap EP, Vol. 1<\/th><td class=\"navbox-list navbox-odd navbox-hlist\" style=\"text-align:left;border-left-width:2px;border-left-style:solid;width:99%\"><div style=\"padding:0 0.25em\">\n<ul><li><a rel=\"mw:WikiLink\" href=\"https:\/\/de.wikipedia.org\/wiki\/Zieh\u2019_den_Rucksack_aus\" title=\"Zieh\u2019 den Rucksack aus\" target=\"_new\" class=\"wiki-link\">Zieh\u2019 den Rucksack aus<\/a><\/li>\n<li>One Night Stand<\/li><\/ul>\n<\/div><\/td><\/tr><tr><th scope=\"row\" class=\"navbox-group\" style=\"width:1%;background-color:#DDE5EE; color:inherit;\">Platin war gestern<\/th><td class=\"navbox-list navbox-even navbox-hlist\" style=\"text-align:left;border-left-width:2px;border-left-style:solid;width:99%\"><div style=\"padding:0 0.25em\">\n<ul><li>All Eyez on Us<\/li>\n<li>Mitternacht 2<\/li>\n<li>In die Unendlichkeit<\/li><\/ul>\n<\/div><\/td><\/tr><tr><th scope=\"row\" class=\"navbox-group\" style=\"width:1%;background-color:#DDE5EE; color:inherit;\">Nurmagomedow EP<\/th><td class=\"navbox-list navbox-odd navbox-hlist\" style=\"text-align:left;border-left-width:2px;border-left-style:solid;width:99%\"><div style=\"padding:0 0.25em\">\n<ul><li>International Gangstas<\/li>\n<li>Nurmagomedow<\/li>\n<li>#niemalsant\u00e4uschen<\/li><\/ul>\n<\/div><\/td><\/tr><tr><th scope=\"row\" class=\"navbox-group\" style=\"width:1%;background-color:#DDE5EE; color:inherit;\">Genkidama<\/th><td class=\"navbox-list navbox-even navbox-hlist\" style=\"text-align:left;border-left-width:2px;border-left-style:solid;width:99%\"><div style=\"padding:0 0.25em\">\n<ul><li>Maghreb Gang<\/li>\n<li>Genkidama<\/li>\n<li>Public Enemies<\/li>\n<li>Ching Ching Ching<\/li>\n<li>Teuer teuer<\/li>\n<li>Loco<\/li><\/ul>\n<\/div><\/td><\/tr><tr><th scope=\"row\" class=\"navbox-group\" style=\"width:1%;background-color:#DDE5EE; color:inherit;\">Torremolinos<\/th><td class=\"navbox-list navbox-odd navbox-hlist\" style=\"text-align:left;border-left-width:2px;border-left-style:solid;width:99%\"><div style=\"padding:0 0.25em\">\n<ul><li>Million\u00e4r<\/li>\n<li>Fulu$<\/li>\n<li>Stier<\/li><\/ul>\n<\/div><\/td><\/tr><tr><th scope=\"row\" class=\"navbox-group\" style=\"width:1%;background-color:#DDE5EE; color:inherit;\">Kamehameha EP<\/th><td class=\"navbox-list navbox-even navbox-hlist\" style=\"text-align:left;border-left-width:2px;border-left-style:solid;width:99%\"><div style=\"padding:0 0.25em\">\n<ul><li>Quavo<\/li>\n<li>Nador City Gang<\/li><\/ul>\n<\/div><\/td><\/tr><tr><th scope=\"row\" class=\"navbox-group\" style=\"width:1%;background-color:#DDE5EE; color:inherit;\">Super Genkidama<\/th><td class=\"navbox-list navbox-odd navbox-hlist\" style=\"text-align:left;border-left-width:2px;border-left-style:solid;width:99%\"><div style=\"padding:0 0.25em\">\n<ul><li>Kaioken<\/li>\n<li>Olajuwon<\/li><\/ul>\n<\/div><\/td><\/tr><tr><th scope=\"row\" class=\"navbox-group\" style=\"width:1%;background-color:#DDE5EE; color:inherit;\">Hustlaa EP<\/th><td class=\"navbox-list navbox-even navbox-hlist\" style=\"text-align:left;border-left-width:2px;border-left-style:solid;width:99%\"><div style=\"padding:0 0.25em\">\n<ul><li>3XNO<\/li>\n<li>Happy Birthday<\/li><\/ul>\n<\/div><\/td><\/tr><tr><th scope=\"row\" class=\"navbox-group\" style=\"width:1%;background-color:#DDE5EE; color:inherit;\">Asozialer Marokkaner<\/th><td class=\"navbox-list navbox-odd navbox-hlist\" style=\"text-align:left;border-left-width:2px;border-left-style:solid;width:99%\"><div style=\"padding:0 0.25em\">\n<ul><li>Kuck Kuck<\/li>\n<li>Thanos<\/li>\n<li>Popsmoke Dance<\/li>\n<li>Kampfsport<\/li>\n<li>Money II<\/li><\/ul>\n<\/div><\/td><\/tr><tr><th scope=\"row\" class=\"navbox-group\" style=\"width:1%;background-color:#DDE5EE; color:inherit;\">Deutschrap brandneu<\/th><td class=\"navbox-list navbox-even navbox-hlist\" style=\"text-align:left;border-left-width:2px;border-left-style:solid;width:99%\"><div style=\"padding:0 0.25em\">\n<ul><li>Karma<\/li>\n<li>Molotov<\/li>\n<li>Beretta<\/li>\n<li>Renn renn<\/li><\/ul>\n<\/div><\/td><\/tr><tr><th scope=\"row\" class=\"navbox-group\" style=\"width:1%;background-color:#DDE5EE; color:inherit;\">Home Run EP<\/th><td class=\"navbox-list navbox-odd navbox-hlist\" style=\"text-align:left;border-left-width:2px;border-left-style:solid;width:99%\"><div style=\"padding:0 0.25em\">\n<ul><li>Baller<\/li>\n<li>Hoodie im Sommer<\/li>\n<li>Home Run<\/li><\/ul>\n<\/div><\/td><\/tr><tr><th scope=\"row\" class=\"navbox-group\" style=\"width:1%;background-color:#DDE5EE; color:inherit;\">Asphalt Massaka 4<\/th><td class=\"navbox-list navbox-even navbox-hlist\" style=\"text-align:left;border-left-width:2px;border-left-style:solid;width:99%\"><div style=\"padding:0 0.25em\">\n<ul><li>Allein gegen alle (Intro)<\/li>\n<li>Jemand<\/li><\/ul>\n<\/div><\/td><\/tr><tr><th scope=\"row\" class=\"navbox-group\" style=\"width:1%;background-color:#DDE5EE; color:inherit;\"><small>Weitere Singles<\/small><\/th><td class=\"navbox-list navbox-odd navbox-hlist\" style=\"text-align:left;border-left-width:2px;border-left-style:solid;width:99%\"><div style=\"padding:0 0.25em\">\n<ul><li>Creed<\/li>\n<li>Farid Ben &amp; Friend (JBG3 Disstrack)<\/li>\n<li>Lowe<\/li>\n<li>Session 1 \u2013 Here We Go<\/li>\n<li>Freitag der 13.<\/li>\n<li>Leben illegal<\/li>\n<li>Asoziale Marokkaner<\/li>\n<li>Technisches K.O.<\/li>\n<li>Obdachloser<\/li><\/ul>\n<\/div><\/td><\/tr><tr><th scope=\"row\" class=\"navbox-group\" style=\"width:1%;background-color:#DDE5EE; color:inherit;\"><small>Weitere Lieder<\/small><\/th><td class=\"navbox-list navbox-even navbox-hlist\" style=\"text-align:left;border-left-width:2px;border-left-style:solid;width:99%\"><div style=\"padding:0 0.25em\">\n<ul><li><a rel=\"mw:WikiLink\" href=\"https:\/\/de.wikipedia.org\/wiki\/Nummer_eins_(Lied)\" title=\"Nummer eins (Lied)\" target=\"_new\" class=\"wiki-link\">Nummer eins<\/a><\/li><\/ul>\n<\/div><\/td><\/tr><\/tbody><\/table><div style=\"padding:0\"><\/div><\/td><\/tr><tr><th scope=\"row\" class=\"navbox-group\" style=\"width:1%\">Featurings<\/th><td class=\"navbox-list navbox-odd navbox-hlist\" style=\"text-align:left;border-left-width:2px;border-left-style:solid;width:99%\"><div style=\"padding:0 0.25em\">\n<ul><li>Kanax in Paris<\/li>\n<li>Helal Money<\/li>\n<li>Gangsta Rap Kings<\/li>\n<li>Kanax in Moskau<\/li>\n<li>Cohibas, blauer Dunst<\/li>\n<li>BADT<\/li>\n<li>Mafia Musik<\/li>\n<li>Banger Imperium<\/li>\n<li>Silberner Ferrari<\/li>\n<li>AMG<\/li>\n<li>Komm ins Caf\u00e9 2<\/li>\n<li><a rel=\"mw:WikiLink\" href=\"https:\/\/de.wikipedia.org\/wiki\/Chabos_wissen_wer_der_Babo_ist\" title=\"Chabos wissen wer der Babo ist\" target=\"_new\" class=\"wiki-link\">Chabos wissen wer der Babo ist<\/a><\/li>\n<li>Kugelsicherer Jugendlicher<\/li>\n<li>Woah 2<\/li>\n<li>Fugazi<\/li>\n<li>Tiki Taka<\/li>\n<li>Zu wild<\/li>\n<li>Clubhouse<\/li>\n<li>Mbapp\u00e9<\/li>\n<li>Roid Rage<\/li>\n<li>BA3T<\/li>\n<li>Brudasy With Attitude<\/li>\n<li>Nachtschicht<\/li><\/ul>\n<\/div><\/td><\/tr><tr><td class=\"navbox-abovebelow navbox-hlist\" colspan=\"2\" style=\"font-weight:bold;background-color:#eeeeee; color:#000000; font-weight:normal;\"><div>\n<ul><li><a rel=\"mw:WikiLink\" href=\"https:\/\/de.wikipedia.org\/wiki\/Farid_Bang\/Diskografie\" title=\"Farid Bang\/Diskografie\" target=\"_new\" class=\"wiki-link\">Diskografie<\/a><\/li><\/ul>\n<\/div><\/td><\/tr><\/tbody><\/table><\/div><\/div>\n\n<div class=\"hintergrundfarbe1 rahmenfarbe1 navigation-not-searchable  normdaten-typ-p\" style=\"border-style: solid; border-width: 1px; clear: left;   margin-bottom:1em; margin-top:1em; padding: 0.25em; overflow: hidden; word-break: break-word; word-wrap: break-word; \" id=\"rdp-we-normdaten\" about=\"#mwt174\" typeof=\"mw:Transclusion\" data-mw='{\"parts\":[{\"template\":{\"target\":{\"wt\":\"Normdaten\",\"href\":\".\/Vorlage:Normdaten\"},\"params\":{\"TYP\":{\"wt\":\"p\"},\"GND\":{\"wt\":\"1025201213\"},\"VIAF\":{\"wt\":\"260983565\"}},\"i\":0}}]}'>\n<div style=\"display: table-cell; vertical-align: middle; width: 100%;\">\n<div>\nNormdaten<span typeof=\"mw:Entity\">\u00a0<\/span>(Person): <a rel=\"mw:WikiLink\" href=\"https:\/\/de.wikipedia.org\/wiki\/Gemeinsame_Normdatei\" title=\"Gemeinsame Normdatei\" target=\"_new\" class=\"wiki-link\">GND<\/a>: <span class=\"plainlinks-print\"><a rel=\"external_link\" href=\"https:\/\/d-nb.info\/gnd\/1025201213\" class=\"external text\" target=\"_new\">1025201213<\/a><\/span> <span class=\"noprint\"> (<a rel=\"external_link\" href=\"https:\/\/lobid.org\/gnd\/1025201213\" class=\"external text\" target=\"_new\">lobid<\/a>, <a rel=\"external_link\" href=\"https:\/\/explore.gnd.network\/gnd\/1025201213\" class=\"external text\" target=\"_new\">GND Explorer<\/a>, <a rel=\"external_link\" href=\"https:\/\/swb.bsz-bw.de\/DB=2.104\/SET=1\/TTL=1\/CMD?retrace=0&trm_old=&ACT=SRCHA&IKT=2999&SRT=RLV&TRM=1025201213\" class=\"external text\" target=\"_new\">OGND<\/a><span class=\"metadata\">, <a rel=\"external_link\" href=\"https:\/\/prometheus.lmu.de\/gnd\/1025201213\" class=\"external text\" target=\"_new\">AKS<\/a><\/span>)<\/span>    <span typeof=\"mw:Entity\">|<\/span> <a rel=\"mw:WikiLink\" href=\"https:\/\/de.wikipedia.org\/wiki\/Virtual_International_Authority_File\" title=\"Virtual International Authority File\" target=\"_new\" class=\"wiki-link\">VIAF<\/a>: <span class=\"plainlinks-print\"><a rel=\"external_link\" href=\"https:\/\/viaf.org\/viaf\/260983565\/\" class=\"external text\" target=\"_new\">260983565<\/a><\/span> <span typeof=\"mw:Entity\">|<\/span> <span class=\"noprint\"><a rel=\"external_link\" href=\"https:\/\/persondata.toolforge.org\/p\/Farid_Bang\" class=\"external text\" target=\"_new\">Wikipedia-Personensuche<\/a><\/span><span class=\"metadata\"><\/span><\/div>\n<\/div><\/div>\n\n<span about=\"#mwt175\" typeof=\"mw:Transclusion\" id=\"rdp-we-mwBwM\" data-mw='{\"parts\":[{\"template\":{\"target\":{\"wt\":\"SORTIERUNG:Bang, Farid\",\"function\":\"defaultsort\"},\"params\":{},\"i\":0}}]}'><\/span>\n<link rel=\"mw:PageProp\/Category\" href=\".\/Kategorie:Farid_Bang#%20\" id=\"rdp-we-mwBwQ\"\/>\n<link rel=\"mw:PageProp\/Category\" href=\".\/Kategorie:Rapper\" id=\"rdp-we-mwBwU\"\/>\n<link rel=\"mw:PageProp\/Category\" href=\".\/Kategorie:Pseudonym\" id=\"rdp-we-mwBwY\"\/>\n<link rel=\"mw:PageProp\/Category\" href=\".\/Kategorie:Musiker_(D\u00fcsseldorf)\" id=\"rdp-we-mwBwc\"\/>\n<link rel=\"mw:PageProp\/Category\" href=\".\/Kategorie:Echo-Pop-Preistr\u00e4ger\" id=\"rdp-we-mwBwg\"\/>\n<link rel=\"mw:PageProp\/Category\" href=\".\/Kategorie:Deutscher\" id=\"rdp-we-mwBwk\"\/>\n<link rel=\"mw:PageProp\/Category\" href=\".\/Kategorie:Spanier\" id=\"rdp-we-mwBwo\"\/>\n<link rel=\"mw:PageProp\/Category\" href=\".\/Kategorie:Marokkanischer_Emigrant_in_Deutschland\" id=\"rdp-we-mwBws\"\/>\n<link rel=\"mw:PageProp\/Category\" href=\".\/Kategorie:Geboren_1986\" id=\"rdp-we-mwBww\"\/>\n<link rel=\"mw:PageProp\/Category\" href=\".\/Kategorie:Mann\" id=\"rdp-we-mwBw0\"\/>\n<link rel=\"mw:PageProp\/Category\" href=\".\/Kategorie:Spanischer_Emigrant\" id=\"rdp-we-mwBw4\"\/>\n<link rel=\"mw:PageProp\/Category\" href=\".\/Kategorie:Labelbetreiber\" id=\"rdp-we-mwBw8\"\/>\n\n<table class=\"metadata rahmenfarbe1\" id=\"rdp-we-Vorlage_Personendaten\" style=\"border-style: solid; margin-top: 20px;\" about=\"#mwt176\" typeof=\"mw:Transclusion\" data-mw='{\"parts\":[{\"template\":{\"target\":{\"wt\":\"Personendaten\\n\",\"href\":\".\/Vorlage:Personendaten\"},\"params\":{\"NAME\":{\"wt\":\"Farid Bang\"},\"ALTERNATIVNAMEN\":{\"wt\":\"Urlaub, Farid (Pseudonym); Abdellaoui, Farid Hamed El (wirklicher Name)\"},\"KURZBESCHREIBUNG\":{\"wt\":\"deutscher Rapper\"},\"GEBURTSDATUM\":{\"wt\":\"4. Juni 1986\"},\"GEBURTSORT\":{\"wt\":\"[[Melilla]], [[Spanien]]\"},\"STERBEDATUM\":{\"wt\":\"\"},\"STERBEORT\":{\"wt\":\"\"}},\"i\":0}}]}'>\n<tbody><tr><th colspan=\"2\"><a rel=\"mw:WikiLink\" href=\"https:\/\/de.wikipedia.org\/wiki\/Hilfe:Personendaten\" title=\"Hilfe:Personendaten\" target=\"_new\" class=\"wiki-link\">Personendaten<\/a><\/th><\/tr>\n<tr>\n<td style=\"color: #aaa;\">NAME<\/td>\n<td style=\"font-weight: bold;\">Farid Bang<\/td><\/tr>\n<tr>\n<td style=\"color: #aaa;\">ALTERNATIVNAMEN<\/td>\n<td>Urlaub, Farid (Pseudonym); Abdellaoui, Farid Hamed El (wirklicher Name)<\/td><\/tr>\n<tr>\n<td style=\"color: #aaa;\">KURZBESCHREIBUNG<\/td>\n<td>deutscher Rapper<\/td><\/tr>\n<tr>\n<td style=\"color: #aaa;\">GEBURTSDATUM<\/td>\n<td>4. Juni 1986<\/td><\/tr>\n<tr>\n<td style=\"color: #aaa;\">GEBURTSORT<\/td>\n<td><a rel=\"mw:WikiLink\" href=\"https:\/\/de.wikipedia.org\/wiki\/Melilla\" title=\"Melilla\" target=\"_new\" class=\"wiki-link\">Melilla<\/a>, <a rel=\"mw:WikiLink\" href=\"https:\/\/de.wikipedia.org\/wiki\/Spanien\" title=\"Spanien\" target=\"_new\" class=\"wiki-link\">Spanien<\/a><\/td><\/tr>\n\n\n\n\n<\/tbody><\/table><\/section>\n<!-- \nNewPP limit report\nParsed by mw\u2010web.codfw.main\u2010c6c6f66bd\u2010mf868\nCached time: 20260902010556\nCache expiry: 75600\nCache expiry source: Modul:Vorlage:Literatur (#timel)\nReduced expiry: true\nComplications: [show\u2010toc, use\u2010parsoid]\nCPU time usage: 1.221 seconds\nReal time usage: 1.436 seconds\nPreprocessor visited node count: 24588\/1000000\nRevision size: 36829\/2097152 bytes\nPost\u2010expand include size: 355717\/2097152 bytes\nTemplate argument size: 133070\/2097152 bytes\nHighest expansion depth: 19\/100\nExpensive parser function count: 5\/500\nUnstrip recursion depth: 0\/20\nUnstrip post\u2010expand size: 48120\/5000000 bytes\nLua time usage: 0.350\/10.000 seconds\nLua memory usage: 6590895\/52428800 bytes\nNumber of Wikibase entities loaded: 1\/500\n-->\n<!--\nTransclusion expansion time report (%,ms,calls,template)\n100.00% 1206.588      1 -total\n 33.75%  407.265     56 Vorlage:Internetquelle\n 15.08%  181.907     10 Vorlage:Cite_web\n  5.48%   66.156      1 Vorlage:IMDb\n  5.20%   62.761      4 Vorlage:Literatur\n  4.88%   58.831      2 Vorlage:Cite_video\n  4.50%   54.269      1 Vorlage:IMDb\/1\n  4.19%   50.587      1 Vorlage:Wartung-Film\n  4.06%   49.039      1 Vorlage:Eingebundene_Diskografie\n  3.57%   43.082      1 Farid_Bang\/Diskografie\n-->\n\n<!-- Render ID 738476a9-a66a-11f1-a6b3-cb5c297d47dc -->\n\n<!-- Saved in parser cache with key dewiki:stable-parsoid-pcache:4528449:|#|:idhash:useParsoid=1 and timestamp 20260902010556 and revision id 268211784. Rendering was triggered because: unknown\n -->\n\n<!-- Parsoid 0.24.0.0-alpha21 -->\n<\/div><!--\nPost\u2010processing cache key dewiki:stable\u2010parsoid\u2010pcache\u2010postproc:4528449:|#|:idhash:enableSectionEditLinks=0!injectTOC=0!postproc=1!skin=vector\u20102022!useParsoid=1, generated at 20260902010556\n--><noscript><img loading=\"lazy\" decoding=\"async\" src=\"https:\/\/de.wikipedia.org\/wiki\/Special:CentralAutoLogin\/start?useformat=desktop&amp;type=1x1&amp;usesul3=1\" alt=\"\" width=\"1\" height=\"1\" style=\"border: none; position: absolute;\"><\/noscript>\n<div class=\"printfooter\" data-nosnippet=\"\">Quelle:  <a rel=\"external_link\" class=\"external\" href=\"https:\/\/de.wikipedia.org\/wiki\/Farid_Bang\">https:\/\/de.wikipedia.org\/wiki\/Farid_Bang<\/a><\/div><\/div>\n\t\t\t\t\t\n\t\t\t\t<\/div>\n\t\t\t<\/main>\n\t\t\t\n\t\t<\/div>\n\t\t<div class=\"mw-footer-container\">\n\t\t\t\n\t\t<\/div>\n\t<\/div> \n<\/div> \n\n<div class=\"mw-portlet mw-portlet-dock-bottom emptyPortlet\" id=\"rdp-we-p-dock-bottom\">\n\t<ul>\n\t\t\n\t<\/ul>\n<\/div>\n\n\n<\/div><!-- #rdp-we-main -->\n\n\t\t<\/div>\n\t<\/div>\n<\/div><\/div><\/div><\/div>\n<\/section>","protected":false},"excerpt":{"rendered":"<p>Farid Bang Farid Bang (2012) Farid Bang (* 4. Juni 1986 in Melilla, Spanien; b\u00fcrgerlich Farid Hamed El Abdellaoui,[1] arabisch \u0641\u064e\u0631\u0650\u064a\u062f\u0652 \u0627\u0644\u0639\u064e\u0628\u0652\u062f\u064e\u0644\u064e\u0627\u0648\u0650\u064a\u00a0Far\u012bd al-&#8218;Abdal\u0101w\u012b, DMG Far\u012bd \u02beal-\u02bfAbdal\u0101w\u012b) ist ein deutsch-spanischer Rapper mit marokkanischen Wurzeln, der in D\u00fcsseldorf aufwuchs.[2] Seit 2014 ver\u00f6ffentlicht er seine Werke \u00fcber sein eigenes Label Banger Musik. Zuvor stand er bei German Dream\/Seven&hellip;<\/p>","protected":false},"author":1,"featured_media":56694,"comment_status":"closed","ping_status":"closed","template":"","dt_portfolio_category":[1340],"dt_portfolio_tags":[],"class_list":["post-56693","dt_portfolio","type-dt_portfolio","status-publish","has-post-thumbnail","hentry","dt_portfolio_category-deutschrap","dt_portfolio_category-1340","description-off"],"yoast_head":"<!-- This site is optimized with the Yoast SEO plugin v28.4 - https:\/\/yoast.com\/product\/yoast-seo-wordpress\/ -->\n<title>Farid Bang - Access all artists<\/title>\n<meta name=\"robots\" content=\"index, follow, max-snippet:-1, max-image-preview:large, max-video-preview:-1\" \/>\n<link rel=\"canonical\" href=\"https:\/\/accessallartists.de\/en\/artists\/farid-bang\/\" \/>\n<meta property=\"og:locale\" content=\"en_US\" \/>\n<meta property=\"og:type\" content=\"article\" \/>\n<meta property=\"og:title\" content=\"Farid Bang - Access all artists\" \/>\n<meta property=\"og:url\" content=\"https:\/\/accessallartists.de\/en\/artists\/farid-bang\/\" \/>\n<meta property=\"og:site_name\" content=\"Access all artists\" \/>\n<meta property=\"article:publisher\" content=\"http:\/\/www.facebook.com\/aaa_accessallartists\" \/>\n<meta property=\"article:modified_time\" content=\"2023-10-26T11:10:15+00:00\" \/>\n<meta property=\"og:image\" content=\"https:\/\/accessallartists.de\/wp-content\/uploads\/2023\/03\/Farid.jpg\" \/>\n\t<meta property=\"og:image:width\" content=\"1086\" \/>\n\t<meta property=\"og:image:height\" content=\"1400\" \/>\n\t<meta property=\"og:image:type\" content=\"image\/jpeg\" \/>\n<meta name=\"twitter:card\" content=\"summary_large_image\" \/>\n<meta name=\"twitter:site\" content=\"@accesallartists\" \/>\n<script type=\"application\/ld+json\" class=\"yoast-schema-graph\">{\"@context\":\"https:\\\/\\\/schema.org\",\"@graph\":[{\"@type\":\"WebPage\",\"@id\":\"https:\\\/\\\/accessallartists.de\\\/artists\\\/farid-bang\\\/\",\"url\":\"https:\\\/\\\/accessallartists.de\\\/artists\\\/farid-bang\\\/\",\"name\":\"Farid Bang - Access all artists\",\"isPartOf\":{\"@id\":\"https:\\\/\\\/accessallartists.de\\\/#website\"},\"primaryImageOfPage\":{\"@id\":\"https:\\\/\\\/accessallartists.de\\\/artists\\\/farid-bang\\\/#primaryimage\"},\"image\":{\"@id\":\"https:\\\/\\\/accessallartists.de\\\/artists\\\/farid-bang\\\/#primaryimage\"},\"thumbnailUrl\":\"https:\\\/\\\/accessallartists.de\\\/wp-content\\\/uploads\\\/2023\\\/03\\\/Farid.jpg\",\"datePublished\":\"2023-03-04T14:07:17+00:00\",\"dateModified\":\"2023-10-26T11:10:15+00:00\",\"breadcrumb\":{\"@id\":\"https:\\\/\\\/accessallartists.de\\\/artists\\\/farid-bang\\\/#breadcrumb\"},\"inLanguage\":\"en-US\",\"potentialAction\":[{\"@type\":\"ReadAction\",\"target\":[\"https:\\\/\\\/accessallartists.de\\\/artists\\\/farid-bang\\\/\"]}]},{\"@type\":\"ImageObject\",\"inLanguage\":\"en-US\",\"@id\":\"https:\\\/\\\/accessallartists.de\\\/artists\\\/farid-bang\\\/#primaryimage\",\"url\":\"https:\\\/\\\/accessallartists.de\\\/wp-content\\\/uploads\\\/2023\\\/03\\\/Farid.jpg\",\"contentUrl\":\"https:\\\/\\\/accessallartists.de\\\/wp-content\\\/uploads\\\/2023\\\/03\\\/Farid.jpg\",\"width\":1086,\"height\":1400},{\"@type\":\"BreadcrumbList\",\"@id\":\"https:\\\/\\\/accessallartists.de\\\/artists\\\/farid-bang\\\/#breadcrumb\",\"itemListElement\":[{\"@type\":\"ListItem\",\"position\":1,\"name\":\"Startseite\",\"item\":\"https:\\\/\\\/accessallartists.de\\\/\"},{\"@type\":\"ListItem\",\"position\":2,\"name\":\"Portfolio\",\"item\":\"https:\\\/\\\/accessallartists.de\\\/artists\\\/\"},{\"@type\":\"ListItem\",\"position\":3,\"name\":\"Farid Bang\"}]},{\"@type\":\"WebSite\",\"@id\":\"https:\\\/\\\/accessallartists.de\\\/#website\",\"url\":\"https:\\\/\\\/accessallartists.de\\\/\",\"name\":\"Access all artists\",\"description\":\"Home of Artists &amp; Concerts\",\"publisher\":{\"@id\":\"https:\\\/\\\/accessallartists.de\\\/#organization\"},\"potentialAction\":[{\"@type\":\"SearchAction\",\"target\":{\"@type\":\"EntryPoint\",\"urlTemplate\":\"https:\\\/\\\/accessallartists.de\\\/?s={search_term_string}\"},\"query-input\":{\"@type\":\"PropertyValueSpecification\",\"valueRequired\":true,\"valueName\":\"search_term_string\"}}],\"inLanguage\":\"en-US\"},{\"@type\":\"Organization\",\"@id\":\"https:\\\/\\\/accessallartists.de\\\/#organization\",\"name\":\"Access all artists\",\"url\":\"https:\\\/\\\/accessallartists.de\\\/\",\"logo\":{\"@type\":\"ImageObject\",\"inLanguage\":\"en-US\",\"@id\":\"https:\\\/\\\/accessallartists.de\\\/#\\\/schema\\\/logo\\\/image\\\/\",\"url\":\"https:\\\/\\\/accessallartists.de\\\/wp-content\\\/uploads\\\/2023\\\/03\\\/aaa-seo-icon-image.jpg\",\"contentUrl\":\"https:\\\/\\\/accessallartists.de\\\/wp-content\\\/uploads\\\/2023\\\/03\\\/aaa-seo-icon-image.jpg\",\"width\":600,\"height\":600,\"caption\":\"Access all artists\"},\"image\":{\"@id\":\"https:\\\/\\\/accessallartists.de\\\/#\\\/schema\\\/logo\\\/image\\\/\"},\"sameAs\":[\"http:\\\/\\\/www.facebook.com\\\/aaa_accessallartists\",\"https:\\\/\\\/x.com\\\/accesallartists\",\"https:\\\/\\\/www.instagram.com\\\/aaa_accessallartists\",\"https:\\\/\\\/www.youtube.com\\\/channel\\\/UCWQJiDSzXSCWrjcGmxQwpag\"]}]}<\/script>\n<!-- \/ Yoast SEO plugin. -->","yoast_head_json":{"title":"Farid Bang - Access all artists","robots":{"index":"index","follow":"follow","max-snippet":"max-snippet:-1","max-image-preview":"max-image-preview:large","max-video-preview":"max-video-preview:-1"},"canonical":"https:\/\/accessallartists.de\/en\/artists\/farid-bang\/","og_locale":"en_US","og_type":"article","og_title":"Farid Bang - Access all artists","og_url":"https:\/\/accessallartists.de\/en\/artists\/farid-bang\/","og_site_name":"Access all artists","article_publisher":"http:\/\/www.facebook.com\/aaa_accessallartists","article_modified_time":"2023-10-26T11:10:15+00:00","og_image":[{"width":1086,"height":1400,"url":"https:\/\/accessallartists.de\/wp-content\/uploads\/2023\/03\/Farid.jpg","type":"image\/jpeg"}],"twitter_card":"summary_large_image","twitter_site":"@accesallartists","schema":{"@context":"https:\/\/schema.org","@graph":[{"@type":"WebPage","@id":"https:\/\/accessallartists.de\/artists\/farid-bang\/","url":"https:\/\/accessallartists.de\/artists\/farid-bang\/","name":"Farid Bang - Access all artists","isPartOf":{"@id":"https:\/\/accessallartists.de\/#website"},"primaryImageOfPage":{"@id":"https:\/\/accessallartists.de\/artists\/farid-bang\/#primaryimage"},"image":{"@id":"https:\/\/accessallartists.de\/artists\/farid-bang\/#primaryimage"},"thumbnailUrl":"https:\/\/accessallartists.de\/wp-content\/uploads\/2023\/03\/Farid.jpg","datePublished":"2023-03-04T14:07:17+00:00","dateModified":"2023-10-26T11:10:15+00:00","breadcrumb":{"@id":"https:\/\/accessallartists.de\/artists\/farid-bang\/#breadcrumb"},"inLanguage":"en-US","potentialAction":[{"@type":"ReadAction","target":["https:\/\/accessallartists.de\/artists\/farid-bang\/"]}]},{"@type":"ImageObject","inLanguage":"en-US","@id":"https:\/\/accessallartists.de\/artists\/farid-bang\/#primaryimage","url":"https:\/\/accessallartists.de\/wp-content\/uploads\/2023\/03\/Farid.jpg","contentUrl":"https:\/\/accessallartists.de\/wp-content\/uploads\/2023\/03\/Farid.jpg","width":1086,"height":1400},{"@type":"BreadcrumbList","@id":"https:\/\/accessallartists.de\/artists\/farid-bang\/#breadcrumb","itemListElement":[{"@type":"ListItem","position":1,"name":"Startseite","item":"https:\/\/accessallartists.de\/"},{"@type":"ListItem","position":2,"name":"Portfolio","item":"https:\/\/accessallartists.de\/artists\/"},{"@type":"ListItem","position":3,"name":"Farid Bang"}]},{"@type":"WebSite","@id":"https:\/\/accessallartists.de\/#website","url":"https:\/\/accessallartists.de\/","name":"Access all artists","description":"Home of Artists &amp; Concerts","publisher":{"@id":"https:\/\/accessallartists.de\/#organization"},"potentialAction":[{"@type":"SearchAction","target":{"@type":"EntryPoint","urlTemplate":"https:\/\/accessallartists.de\/?s={search_term_string}"},"query-input":{"@type":"PropertyValueSpecification","valueRequired":true,"valueName":"search_term_string"}}],"inLanguage":"en-US"},{"@type":"Organization","@id":"https:\/\/accessallartists.de\/#organization","name":"Access all artists","url":"https:\/\/accessallartists.de\/","logo":{"@type":"ImageObject","inLanguage":"en-US","@id":"https:\/\/accessallartists.de\/#\/schema\/logo\/image\/","url":"https:\/\/accessallartists.de\/wp-content\/uploads\/2023\/03\/aaa-seo-icon-image.jpg","contentUrl":"https:\/\/accessallartists.de\/wp-content\/uploads\/2023\/03\/aaa-seo-icon-image.jpg","width":600,"height":600,"caption":"Access all artists"},"image":{"@id":"https:\/\/accessallartists.de\/#\/schema\/logo\/image\/"},"sameAs":["http:\/\/www.facebook.com\/aaa_accessallartists","https:\/\/x.com\/accesallartists","https:\/\/www.instagram.com\/aaa_accessallartists","https:\/\/www.youtube.com\/channel\/UCWQJiDSzXSCWrjcGmxQwpag"]}]}},"_links":{"self":[{"href":"https:\/\/accessallartists.de\/en\/wp-json\/wp\/v2\/dt_portfolio\/56693","targetHints":{"allow":["GET"]}}],"collection":[{"href":"https:\/\/accessallartists.de\/en\/wp-json\/wp\/v2\/dt_portfolio"}],"about":[{"href":"https:\/\/accessallartists.de\/en\/wp-json\/wp\/v2\/types\/dt_portfolio"}],"author":[{"embeddable":true,"href":"https:\/\/accessallartists.de\/en\/wp-json\/wp\/v2\/users\/1"}],"replies":[{"embeddable":true,"href":"https:\/\/accessallartists.de\/en\/wp-json\/wp\/v2\/comments?post=56693"}],"version-history":[{"count":1,"href":"https:\/\/accessallartists.de\/en\/wp-json\/wp\/v2\/dt_portfolio\/56693\/revisions"}],"predecessor-version":[{"id":58096,"href":"https:\/\/accessallartists.de\/en\/wp-json\/wp\/v2\/dt_portfolio\/56693\/revisions\/58096"}],"wp:featuredmedia":[{"embeddable":true,"href":"https:\/\/accessallartists.de\/en\/wp-json\/wp\/v2\/media\/56694"}],"wp:attachment":[{"href":"https:\/\/accessallartists.de\/en\/wp-json\/wp\/v2\/media?parent=56693"}],"wp:term":[{"taxonomy":"dt_portfolio_category","embeddable":true,"href":"https:\/\/accessallartists.de\/en\/wp-json\/wp\/v2\/dt_portfolio_category?post=56693"},{"taxonomy":"dt_portfolio_tags","embeddable":true,"href":"https:\/\/accessallartists.de\/en\/wp-json\/wp\/v2\/dt_portfolio_tags?post=56693"}],"curies":[{"name":"wp","href":"https:\/\/api.w.org\/{rel}","templated":true}]}}