{"id":56709,"date":"2023-03-04T15:26:36","date_gmt":"2023-03-04T14:26:36","guid":{"rendered":"https:\/\/accessallartists.de\/?post_type=dt_portfolio&#038;p=56709"},"modified":"2023-10-26T13:09:34","modified_gmt":"2023-10-26T11:09:34","slug":"fler","status":"publish","type":"dt_portfolio","link":"https:\/\/accessallartists.de\/en\/artists\/fler\/","title":{"rendered":"Fler"},"content":{"rendered":"<section class=\"wpb-content-wrapper\"><div class=\"vc_row wpb_row vc_row-fluid\"><div class=\"wpb_column vc_column_container vc_col-sm-12\"><div class=\"vc_column-inner\"><div class=\"wpb_wrapper\">\n\t<div class=\"wpb_text_column wpb_content_element\" >\n\t\t<div class=\"wpb_wrapper\">\n\t\t\t<div id=\"rdp-we-main\" data-resource=\"https:\/\/de.wikipedia.org\/wiki\/Fler\">\n<div id=\"rdp-we-mw-aria-live-region\" class=\"mw-aria-live-region\" aria-live=\"polite\"><\/div>\n\n<div class=\"mw-page-container\">\n\t<div class=\"mw-page-container-inner\">\n\t\t<div class=\"vector-sitenotice-container\">\n\t\t\t<div id=\"rdp-we-siteNotice\"><!-- CentralNotice --><\/div>\n\t\t<\/div>\n\t\t<div class=\"vector-column-start\">\n\t\t\t\n\t\n\t\t<\/div>\n\t\t<div class=\"mw-content-container\">\n\t\t\t<main id=\"rdp-we-content\" class=\"mw-body\">\n\t\t\t\t<header class=\"mw-body-header vector-page-titlebar no-font-mode-scale\">\n\t\t\t\t\t\n\t\t\t\t\t<h1 id=\"rdp-we-firstHeading\" class=\"firstHeading mw-first-heading\"><span lang=\"de\" dir=\"ltr\"><span class=\"mw-page-title-main\">Fler<\/span><\/span><\/h1>\n\t\t\t\n\n<\/header>\n\t\t\t\t\n\t\t\t\t\n\t\t\t\t<div id=\"rdp-we-bodyContent\" class=\"vector-body\" aria-labelledby=\"firstHeading\" data-mw-ve-target-container>\n\t\t\t\t\t<div class=\"vector-body-before-content\">\n\t\t\t\t\t\t\t\n\n\t\t\t\t\t\t\n\t\t\t\t\t<\/div>\n\t\t\t\t\t\n\t\t\t\t\t\n\t\t\t\t\t\n\t\t\t\t\t<div id=\"rdp-we-mw-content-text\" class=\"mw-body-content\"><div class=\"mw-content-ltr mw-parser-output\" lang=\"de\" dir=\"ltr\" data-mw-parsoid-version=\"0.24.0.0-alpha21\" data-mw-html-version=\"2.8.0\"><section data-mw-section-id=\"0\" id=\"rdp-we-mwAQ\"><div class=\"hintergrundfarbe1 rahmenfarbe1 navigation-not-searchable noprint hatnote navigation-not-searchable\" style=\"border-bottom-style: solid; border-bottom-width: 1px;   font-size:95%; margin-bottom:1em; padding: 0.25em; overflow: hidden; word-break: break-word; word-wrap: break-word; \" id=\"rdp-we-Vorlage_Dieser_Artikel\" about=\"#mwt1\" typeof=\"mw:Transclusion\" data-mw='{\"parts\":[{\"template\":{\"target\":{\"wt\":\"Dieser Artikel\",\"href\":\".\/Vorlage:Dieser_Artikel\"},\"params\":{\"1\":{\"wt\":\"behandelt den Rapper. Zu seinem gleichnamigen Album siehe [[Fler (Album)]]. &apos;&apos;Fler&apos;&apos; ist auch der lombardische Name der italienischen Gemeinde [[Flero]] bei Brescia.\"}},\"i\":0}}]}'><div class=\"noviewer noresize\" style=\"display: table-cell; padding-bottom: 0.2em; padding-left: 0.25em; padding-right: 1em; padding-top: 0.2em; vertical-align: middle;\" id=\"rdp-we-bksicon\" aria-hidden=\"true\" role=\"presentation\"><span typeof=\"mw:File\"><span><img resource=\"https:\/\/de.wikipedia.org\/wiki\/Datei:Disambig-dark.svg\" src=\"https:\/\/thumb.wikimedia.org\/wikipedia\/commons\/thumb\/e\/ea\/Disambig-dark.svg\/40px-Disambig-dark.svg.png?utm_source=de.wikipedia.org&amp;utm_campaign=parser&amp;utm_content=thumbnail\" decoding=\"async\" loading=\"lazy\" alt=\"\" data-file-type=\"drawing\" height=\"19\" width=\"25\" class=\"mw-file-element\"\/><\/span><\/span><\/div>\n<div style=\"display: table-cell; vertical-align: middle; width: 100%;\">\n<div role=\"navigation\">\nDieser Artikel behandelt den Rapper. Zu seinem gleichnamigen Album siehe <a rel=\"mw:WikiLink\" href=\"https:\/\/de.wikipedia.org\/wiki\/Fler_(Album)\" title=\"Fler (Album)\" target=\"_new\" class=\"wiki-link\">Fler (Album)<\/a>. <i>Fler<\/i> ist auch der lombardische Name der italienischen Gemeinde <a rel=\"mw:WikiLink\" href=\"https:\/\/de.wikipedia.org\/wiki\/Flero\" title=\"Flero\" target=\"_new\" class=\"wiki-link\">Flero<\/a> bei Brescia.<\/div>\n<\/div><\/div>\n<figure class=\"mw-default-size\" typeof=\"mw:File\/Thumb\" id=\"rdp-we-mwAg\"><a href=\"https:\/\/de.wikipedia.org\/wiki\/Datei:FLER_Berlin.jpg\" class=\"mw-file-description wiki-link\" id=\"rdp-we-mwAw\" target=\"_new\"><img resource=\"https:\/\/de.wikipedia.org\/wiki\/Datei:FLER_Berlin.jpg\" src=\"https:\/\/thumb.wikimedia.org\/wikipedia\/commons\/thumb\/b\/b0\/FLER_Berlin.jpg\/250px-FLER_Berlin.jpg?utm_source=de.wikipedia.org&amp;utm_campaign=parser&amp;utm_content=thumbnail\" decoding=\"async\" loading=\"lazy\" data-file-type=\"bitmap\" height=\"375\" width=\"250\" class=\"mw-file-element\" id=\"rdp-we-mwBA\"\/><\/a><figcaption id=\"rdp-we-mwBQ\">Fler, 2022<\/figcaption><\/figure>\n<p id=\"rdp-we-mwBg\"><b id=\"rdp-we-mwBw\">Fler<\/b> (* <a rel=\"mw:WikiLink\" href=\"https:\/\/de.wikipedia.org\/wiki\/3._April\" title=\"3. April\" id=\"rdp-we-mwCA\" target=\"_new\" class=\"wiki-link\">3. April<\/a> <a rel=\"mw:WikiLink\" href=\"https:\/\/de.wikipedia.org\/wiki\/1982\" title=\"1982\" id=\"rdp-we-mwCQ\" target=\"_new\" class=\"wiki-link\">1982<\/a> in <a rel=\"mw:WikiLink\" href=\"https:\/\/de.wikipedia.org\/wiki\/West-Berlin\" title=\"West-Berlin\" id=\"rdp-we-mwCg\" target=\"_new\" class=\"wiki-link\">West-Berlin<\/a>; b\u00fcrgerlich <i id=\"rdp-we-mwCw\">Patrick Losensk\u00fd<\/i>, geb. <i id=\"rdp-we-mwDA\">Decker<\/i>)<sup about=\"#mwt2\" class=\"mw-ref reference\" id=\"rdp-we-cite_ref-1\" rel=\"dc:references\" typeof=\"mw:Extension\/ref\" data-mw='{\"name\":\"ref\",\"attrs\":{},\"body\":{\"id\":\"mw-reference-text-cite_note-1\"}}'><a href=\"#cite_note-1\" id=\"rdp-we-mwDQ\"><span class=\"mw-reflink-text\" id=\"rdp-we-mwDg\"><span class=\"cite-bracket\" id=\"rdp-we-mwDw\">[<\/span>1<span class=\"cite-bracket\" id=\"rdp-we-mwEA\">]<\/span><\/span><\/a><\/sup> ist ein <a rel=\"mw:WikiLink\" href=\"https:\/\/de.wikipedia.org\/wiki\/Deutschland\" title=\"Deutschland\" id=\"rdp-we-mwEQ\" target=\"_new\" class=\"wiki-link\">deutscher<\/a> <a rel=\"mw:WikiLink\" href=\"https:\/\/de.wikipedia.org\/wiki\/Rap\" title=\"Rap\" id=\"rdp-we-mwEg\" target=\"_new\" class=\"wiki-link\">Rapper<\/a> und <a rel=\"mw:WikiLink\" href=\"https:\/\/de.wikipedia.org\/wiki\/Songwriting\" title=\"Songwriting\" id=\"rdp-we-mwEw\" target=\"_new\" class=\"wiki-link\">Songwriter<\/a>. Er tritt auch, wie der verstorbene US-Rapper <a rel=\"mw:WikiLink\" href=\"https:\/\/de.wikipedia.org\/wiki\/The_Notorious_B.I.G.\" title=\"The Notorious B.I.G.\" id=\"rdp-we-mwFA\" target=\"_new\" class=\"wiki-link\">The Notorious B.I.G.<\/a>, unter dem <a rel=\"mw:WikiLink\" href=\"https:\/\/de.wikipedia.org\/wiki\/Pseudonym\" title=\"Pseudonym\" id=\"rdp-we-mwFQ\" target=\"_new\" class=\"wiki-link\">Pseudonym<\/a> <i id=\"rdp-we-mwFg\">Frank White<\/i> (aus dem Film <i id=\"rdp-we-mwFw\"><a rel=\"mw:WikiLink\" href=\"https:\/\/de.wikipedia.org\/wiki\/King_of_New_York_\u2013_K\u00f6nig_zwischen_Tag_und_Nacht\" title=\"King of New York \u2013 K\u00f6nig zwischen Tag und Nacht\" id=\"rdp-we-mwGA\" target=\"_new\" class=\"wiki-link\">King of New York<\/a><\/i>) auf. Fler war Gr\u00fcnder und Inhaber des Labels <i id=\"rdp-we-mwGQ\"><a rel=\"mw:WikiLink\" href=\"https:\/\/de.wikipedia.org\/wiki\/Maskulin_(Label)\" title=\"Maskulin (Label)\" id=\"rdp-we-mwGg\" target=\"_new\" class=\"wiki-link\">Maskulin<\/a><\/i>.<\/p>\n\n<p id=\"rdp-we-mwGw\">Mit <a rel=\"mw:WikiLink\" href=\"https:\/\/de.wikipedia.org\/wiki\/Liste_der_Top-10-Alben_in_Deutschland\" title=\"Liste der Top-10-Alben in Deutschland\" id=\"rdp-we-mwHA\" target=\"_new\" class=\"wiki-link\">24 Top-10-Alben<\/a> (inkl. dem Kollaboalbum <i id=\"rdp-we-mwHQ\"><a rel=\"mw:WikiLink\" href=\"https:\/\/de.wikipedia.org\/wiki\/Berlins_Most_Wanted_(Album)\" title=\"Berlins Most Wanted (Album)\" id=\"rdp-we-mwHg\" target=\"_new\" class=\"wiki-link\">Berlins Most Wanted<\/a><\/i>) z\u00e4hlt Fler zu den <a rel=\"mw:WikiLink\" href=\"https:\/\/de.wikipedia.org\/wiki\/Liste_der_Top-10-Alben_in_Deutschland#K\u00fcnstler_mit_den_meisten_Top-10-Alben\" title=\"Liste der Top-10-Alben in Deutschland\" id=\"rdp-we-mwHw\" target=\"_new\" class=\"wiki-link\">K\u00fcnstler mit den meisten Top-10-Alben<\/a> in den <a rel=\"mw:WikiLink\" href=\"https:\/\/de.wikipedia.org\/wiki\/Deutsche_Albumcharts\" title=\"Deutsche Albumcharts\" id=\"rdp-we-mwIA\" target=\"_new\" class=\"wiki-link\">Deutschen Albumcharts<\/a>.<\/p>\n\n<meta property=\"mw:PageProp\/toc\" id=\"rdp-we-mwIQ\" data-mw='{\"autoGenerated\":true}'\/><\/section><section data-mw-section-id=\"1\" id=\"rdp-we-mwIg\" aria-labelledby=\"Leben\"><div class=\"mw-heading mw-heading2\"><h2 id=\"rdp-we-Leben\">Leben<\/h2><\/div>\n<section data-mw-section-id=\"2\" id=\"rdp-we-mwIw\" aria-labelledby=\"Fr\u00fche_Jugend\"><div class=\"mw-heading mw-heading3\"><h3 id=\"rdp-we-Fr\u00fche_Jugend\"><span id=\"rdp-we-Fr.C3.BChe_Jugend\" typeof=\"mw:FallbackId\"><\/span>Fr\u00fche Jugend<\/h3><\/div>\n<p id=\"rdp-we-mwJA\">Fler wurde als <i id=\"rdp-we-mwJQ\">Patrick Decker<\/i> in <a rel=\"mw:WikiLink\" href=\"https:\/\/de.wikipedia.org\/wiki\/Berlin\" title=\"Berlin\" id=\"rdp-we-mwJg\" target=\"_new\" class=\"wiki-link\">Berlin<\/a> geboren und wuchs in der <a rel=\"mw:WikiLink\" href=\"https:\/\/de.wikipedia.org\/wiki\/Thermometersiedlung\" title=\"Thermometersiedlung\" id=\"rdp-we-mwJw\" target=\"_new\" class=\"wiki-link\">Thermometersiedlung<\/a> in <a rel=\"mw:WikiLink\" href=\"https:\/\/de.wikipedia.org\/wiki\/Berlin-Lichterfelde\" title=\"Berlin-Lichterfelde\" id=\"rdp-we-mwKA\" target=\"_new\" class=\"wiki-link\">Berlin-Lichterfelde<\/a> auf. Sein Vater verlie\u00df die Familie, als er wenige Jahre alt war. Er nahm sp\u00e4ter den Familiennamen Losensk\u00fd seines Stiefvaters an. Mit 15 Jahren kam er in psychotherapeutische Behandlung, sp\u00e4ter in ein Heim. Im Heim begann Decker eine Lehre als <a rel=\"mw:WikiLink\" href=\"https:\/\/de.wikipedia.org\/wiki\/Maler_und_Lackierer\" title=\"Maler und Lackierer\" id=\"rdp-we-mwKQ\" target=\"_new\" class=\"wiki-link\">Maler und Lackierer<\/a>, die er jedoch abbrach und in der er den Rapper <a rel=\"mw:WikiLink\" href=\"https:\/\/de.wikipedia.org\/wiki\/Bushido_(Rapper)\" title=\"Bushido (Rapper)\" id=\"rdp-we-mwKg\" target=\"_new\" class=\"wiki-link\">Bushido<\/a> kennenlernte. Zun\u00e4chst machten sie sich in der Berliner Sprayer-Szene einen Namen. F\u00fcr Decker bedeutete die Karriere als Rapper einen Ausweg aus Kleinkriminalit\u00e4t und finanziellen Schwierigkeiten.<\/p>\n\n<\/section><section data-mw-section-id=\"3\" id=\"rdp-we-mwKw\" aria-labelledby=\"Karriere\"><div class=\"mw-heading mw-heading3\"><h3 id=\"rdp-we-Karriere\">Karriere<\/h3><\/div>\n<figure class=\"mw-default-size\" typeof=\"mw:File\/Thumb\" id=\"rdp-we-mwLA\"><a href=\"https:\/\/de.wikipedia.org\/wiki\/Datei:Fler_2011_by_NicoJenner.JPG\" class=\"mw-file-description wiki-link\" id=\"rdp-we-mwLQ\" target=\"_new\"><img resource=\"https:\/\/de.wikipedia.org\/wiki\/Datei:Fler_2011_by_NicoJenner.JPG\" src=\"https:\/\/thumb.wikimedia.org\/wikipedia\/commons\/thumb\/7\/77\/Fler_2011_by_NicoJenner.JPG\/250px-Fler_2011_by_NicoJenner.JPG?utm_source=de.wikipedia.org&amp;utm_campaign=parser&amp;utm_content=thumbnail\" decoding=\"async\" loading=\"lazy\" data-file-type=\"bitmap\" height=\"333\" width=\"250\" class=\"mw-file-element\" id=\"rdp-we-mwLg\"\/><\/a><figcaption id=\"rdp-we-mwLw\">Fler, 2011<\/figcaption><\/figure>\n<section data-mw-section-id=\"4\" id=\"rdp-we-mwMA\" aria-labelledby=\"Anf\u00e4nge_mit_Bushido_und_Deb\u00fctalbum_(2002\u20132005)\"><div class=\"mw-heading mw-heading4\"><h4 id=\"rdp-we-Anf\u00e4nge_mit_Bushido_und_Deb\u00fctalbum_(2002\u20132005)\"><span id=\"rdp-we-Anf.C3.A4nge_mit_Bushido_und_Deb.C3.BCtalbum_.282002.E2.80.932005.29\" typeof=\"mw:FallbackId\"><\/span>Anf\u00e4nge mit Bushido und Deb\u00fctalbum (2002\u20132005)<\/h4><\/div>\n<p id=\"rdp-we-mwMQ\">Bekannt wurde Fler ab 2002 durch seine Zusammenarbeit mit <a rel=\"mw:WikiLink\" href=\"https:\/\/de.wikipedia.org\/wiki\/Bushido_(Rapper)\" title=\"Bushido (Rapper)\" id=\"rdp-we-mwMg\" target=\"_new\" class=\"wiki-link\">Bushido<\/a> auf dem gemeinsamen Kollaborationsalbum <i id=\"rdp-we-mwMw\"><a rel=\"mw:WikiLink\" href=\"https:\/\/de.wikipedia.org\/wiki\/Carlo_Cokxxx_Nutten\" title=\"Carlo Cokxxx Nutten\" id=\"rdp-we-mwNA\" target=\"_new\" class=\"wiki-link\">Carlo Cokxxx Nutten<\/a><\/i> (unter dem Pseudonym Frank White) und Bushidos Album <i id=\"rdp-we-mwNQ\"><a rel=\"mw:WikiLink\" href=\"https:\/\/de.wikipedia.org\/wiki\/Vom_Bordstein_bis_zur_Skyline\" title=\"Vom Bordstein bis zur Skyline\" id=\"rdp-we-mwNg\" target=\"_new\" class=\"wiki-link\">Vom Bordstein bis zur Skyline<\/a><\/i>. Im Oktober 2003 wurde er vom Berliner <a rel=\"mw:WikiLink\" href=\"https:\/\/de.wikipedia.org\/wiki\/Hip-Hop\" title=\"Hip-Hop\" id=\"rdp-we-mwNw\" target=\"_new\" class=\"wiki-link\">Hip-Hop<\/a>-Label <a rel=\"mw:WikiLink\" href=\"https:\/\/de.wikipedia.org\/wiki\/Aggro_Berlin\" title=\"Aggro Berlin\" id=\"rdp-we-mwOA\" target=\"_new\" class=\"wiki-link\">Aggro Berlin<\/a> unter Vertrag genommen. Seine erste Single <i id=\"rdp-we-mwOQ\"><a rel=\"mw:WikiLink\" href=\"https:\/\/de.wikipedia.org\/wiki\/AggroberlinA\" title=\"AggroberlinA\" id=\"rdp-we-mwOg\" target=\"_new\" class=\"wiki-link\">AggroberlinA<\/a><\/i> (2004) stieg auf Platz 59 der deutschen Charts ein. Flers erstes Soloalbum <i id=\"rdp-we-mwOw\"><a rel=\"mw:WikiLink\" href=\"https:\/\/de.wikipedia.org\/wiki\/Neue_Deutsche_Welle_(Album)\" title=\"Neue Deutsche Welle (Album)\" id=\"rdp-we-mwPA\" target=\"_new\" class=\"wiki-link\">Neue Deutsche Welle<\/a><\/i> erschien am 1.<span typeof=\"mw:Entity\" id=\"rdp-we-mwPQ\">\u00a0<\/span>Mai 2005 und stieg auf Platz 5 in die deutschen Albumcharts ein, in denen es sich 16 Wochen hielt. Die erste Single-Auskopplung war <i id=\"rdp-we-mwPg\"><a rel=\"mw:WikiLink\" href=\"https:\/\/de.wikipedia.org\/wiki\/NDW_2005\" title=\"NDW 2005\" id=\"rdp-we-mwPw\" target=\"_new\" class=\"wiki-link\">NDW 2005<\/a><\/i> und stieg auf Platz 9 der Charts ein. Eine Melodie sowie die Vocals des Refrains basieren auf Falcos Hit <i id=\"rdp-we-mwQA\">Rock Me Amadeus<\/i>.<sup about=\"#mwt3\" class=\"mw-ref reference\" id=\"rdp-we-cite_ref-2\" rel=\"dc:references\" typeof=\"mw:Extension\/ref\" data-mw='{\"name\":\"ref\",\"attrs\":{},\"body\":{\"id\":\"mw-reference-text-cite_note-2\"}}'><a href=\"#cite_note-2\" id=\"rdp-we-mwQQ\"><span class=\"mw-reflink-text\" id=\"rdp-we-mwQg\"><span class=\"cite-bracket\" id=\"rdp-we-mwQw\">[<\/span>2<span class=\"cite-bracket\" id=\"rdp-we-mwRA\">]<\/span><\/span><\/a><\/sup> Die zweite Single <i id=\"rdp-we-mwRQ\"><a rel=\"mw:WikiLink\" href=\"https:\/\/de.wikipedia.org\/wiki\/Nach_eigenen_Regeln_(Lied)\" title=\"Nach eigenen Regeln (Lied)\" id=\"rdp-we-mwRg\" target=\"_new\" class=\"wiki-link\">Nach eigenen Regeln<\/a><\/i> mit dem Rapper <a rel=\"mw:WikiLink\" href=\"https:\/\/de.wikipedia.org\/wiki\/G-Hot\" title=\"G-Hot\" id=\"rdp-we-mwRw\" target=\"_new\" class=\"wiki-link\">G-Hot<\/a> schaffte es auf Platz 22 der Charts. Mit seinem Track <i id=\"rdp-we-mwSA\">Identit\u00e4t<\/i> bezieht er konkret Stellung zu den \u201eNazi-Vorw\u00fcrfen\u201c (zum Beispiel \u201eIch bin kein Nazi, ich bin ein Deutscher mit Identit\u00e4t\u201c oder \u201eW\u00fcrden Nazis rappen, glaubt mir, w\u00e4rn sie alle schon tot, ihr wollt jetzt irgendjemand ficken, fickt die <a rel=\"mw:WikiLink\" href=\"https:\/\/de.wikipedia.org\/wiki\/Die_Heimat\" title=\"Die Heimat\" id=\"rdp-we-mwSQ\" target=\"_new\" class=\"wiki-link\">NPD<\/a>!\u201c), erkl\u00e4rt, woher der Hass in seinen Liedern kommt, und weist weiterhin auf die seiner Meinung nach <a rel=\"mw:WikiLink\" href=\"https:\/\/de.wikipedia.org\/wiki\/Schizophrenie\" title=\"Schizophrenie\" id=\"rdp-we-mwSg\" target=\"_new\" class=\"wiki-link\">schizophrene<\/a> Haltung der Gesellschaft hin, die seine Musik und die anderer verbieten wolle, aber <a rel=\"mw:WikiLink\" href=\"https:\/\/de.wikipedia.org\/wiki\/Pornofilm\" title=\"Pornofilm\" id=\"rdp-we-mwSw\" target=\"_new\" class=\"wiki-link\">Pornos<\/a> und <a rel=\"mw:WikiLink\" href=\"https:\/\/de.wikipedia.org\/wiki\/Quentin_Tarantino\" title=\"Quentin Tarantino\" id=\"rdp-we-mwTA\" target=\"_new\" class=\"wiki-link\">Quentin-Tarantino<\/a>-Filme toleriere. Mitte 2005 rappt Fler auf der Single <i id=\"rdp-we-mwTQ\"><a rel=\"mw:WikiLink\" href=\"https:\/\/de.wikipedia.org\/wiki\/Jump,_Jump_(DJ_Tomekk_kommt)\" title=\"Jump, Jump (DJ Tomekk kommt)\" id=\"rdp-we-mwTg\" target=\"_new\" class=\"wiki-link\">Jump, Jump (DJ Tomekk kommt)<\/a><\/i> im Refrain und in der ersten Strophe \u00fcber seinen Erfolg mit dem Album <i id=\"rdp-we-mwTw\">Neue Deutsche Welle.<\/i> Der Song platziert sich auf Platz drei der Deutschen Charts. In dem Video spielen bekannte Hip-Hop-Gr\u00f6\u00dfen wie <a rel=\"mw:WikiLink\" href=\"https:\/\/de.wikipedia.org\/wiki\/DJ_Tomekk\" title=\"DJ Tomekk\" id=\"rdp-we-mwUA\" target=\"_new\" class=\"wiki-link\">DJ Tomekk<\/a>, Harris und <a rel=\"mw:WikiLink\" href=\"https:\/\/de.wikipedia.org\/wiki\/Sido\" title=\"Sido\" id=\"rdp-we-mwUQ\" target=\"_new\" class=\"wiki-link\">Sido<\/a> mit. Es z\u00e4hlte damals zu den aufwendigsten und teuersten Musikvideos im deutschen Hip-Hop.<\/p>\n\n<\/section><section data-mw-section-id=\"5\" id=\"rdp-we-mwUg\" aria-labelledby=\"Trendsetter_und_weitere_Ver\u00f6ffentlichungen_(2006\u20132008)\"><div class=\"mw-heading mw-heading4\"><h4 id=\"rdp-we-Trendsetter_und_weitere_Ver\u00f6ffentlichungen_(2006\u20132008)\"><span id=\"rdp-we-Trendsetter_und_weitere_Ver.C3.B6ffentlichungen_.282006.E2.80.932008.29\" typeof=\"mw:FallbackId\"><\/span><i id=\"rdp-we-mwUw\">Trendsetter<\/i> und weitere Ver\u00f6ffentlichungen (2006\u20132008)<\/h4><\/div>\n<p id=\"rdp-we-mwVA\">2006 erschien das Album <i id=\"rdp-we-mwVQ\"><a rel=\"mw:WikiLink\" href=\"https:\/\/de.wikipedia.org\/wiki\/Trendsetter_(Album)\" title=\"Trendsetter (Album)\" id=\"rdp-we-mwVg\" target=\"_new\" class=\"wiki-link\">Trendsetter<\/a>,<\/i> das auf Rang 4 der Charts einstieg und sich dort elf Wochen hielt. Die Single <i id=\"rdp-we-mwVw\">Papa ist zur\u00fcck<\/i> erreichte Platz 23 der Charts und <i id=\"rdp-we-mwWA\">C\u00fcs Junge<\/i> Position 50. <i id=\"rdp-we-mwWQ\">Chef (Clip &amp; Klar)<\/i> und <i id=\"rdp-we-mwWg\">Wir bleiben stehen<\/i> erschienenen als Musikvideos. Am 2.<span typeof=\"mw:Entity\" id=\"rdp-we-mwWw\">\u00a0<\/span>Februar 2007 ver\u00f6ffentlichte Fler sein <a rel=\"mw:WikiLink\" href=\"https:\/\/de.wikipedia.org\/wiki\/Mixtape\" title=\"Mixtape\" id=\"rdp-we-mwXA\" target=\"_new\" class=\"wiki-link\">Mixtape<\/a> <i id=\"rdp-we-mwXQ\"><a rel=\"mw:WikiLink\" href=\"https:\/\/de.wikipedia.org\/wiki\/Airmax_Muzik\" title=\"Airmax Muzik\" id=\"rdp-we-mwXg\" target=\"_new\" class=\"wiki-link\">Airmax Muzik<\/a><\/i>. Sido k\u00fcndigte zuvor in einem Interview an, dass auf dieser CD auf Angriffe zum Beispiel von Shok Muzik oder Bushido geantwortet werde. Zu dem Lied <i id=\"rdp-we-mwXw\">Was is Beef?<\/i>, bei dem Fler von Sido und <a rel=\"mw:WikiLink\" href=\"https:\/\/de.wikipedia.org\/wiki\/Alpa_Gun\" title=\"Alpa Gun\" id=\"rdp-we-mwYA\" target=\"_new\" class=\"wiki-link\">Alpa Gun<\/a> unterst\u00fctzt wird, wurde ein Video gedreht und im Internet ver\u00f6ffentlicht. Auch zu <i id=\"rdp-we-mwYQ\">Das is los!<\/i> mit Alpa Gun und <a rel=\"mw:WikiLink\" href=\"https:\/\/de.wikipedia.org\/wiki\/Bass_Sultan_Hengzt\" title=\"Bass Sultan Hengzt\" id=\"rdp-we-mwYg\" target=\"_new\" class=\"wiki-link\">Bass Sultan Hengzt<\/a> wurde ein Video gedreht. Im April 2007 wurde die <i id=\"rdp-we-mwYw\">Airmax-Muzik<\/i>-Tour von Aggro Berlin teilweise abgesagt. Grund war eine Erkrankung von Fler. Im Juli 2007 pr\u00e4sentierte der Rapper eine eigene <i id=\"rdp-we-mwZA\">New-Era<\/i>-Cap-Kollektion, die in limitierter Auflage erschien. Am 25.<span typeof=\"mw:Entity\" id=\"rdp-we-mwZQ\">\u00a0<\/span>Januar 2008 ist Flers drittes Soloalbum <i id=\"rdp-we-mwZg\"><a rel=\"mw:WikiLink\" href=\"https:\/\/de.wikipedia.org\/wiki\/Fremd_im_eigenen_Land_(Album)\" title=\"Fremd im eigenen Land (Album)\" id=\"rdp-we-mwZw\" target=\"_new\" class=\"wiki-link\">Fremd im eigenen Land<\/a><\/i> erschienen. Fler erkl\u00e4rte in einem Interview im Vorfeld, dass er nach der Ver\u00f6ffentlichung von <i id=\"rdp-we-mwaA\">Neue Deutsche Welle<\/i> und den Nazi-Vorw\u00fcrfen bei <i id=\"rdp-we-mwaQ\">Trendsetter<\/i> mehr Wert auf Technik und Flow statt auf provokative Texte gelegt habe. Beim dritten Album wollte er nun beides vereinen.<\/p>\n\n<p id=\"rdp-we-mwag\">Die erste Singleauskopplung <i id=\"rdp-we-mwaw\">Deutscha Bad Boy<\/i> erschien bereits am 11. Januar. <a rel=\"mw:WikiLink\" href=\"https:\/\/de.wikipedia.org\/wiki\/Torch_(Rapper)\" title=\"Torch (Rapper)\" id=\"rdp-we-mwbA\" target=\"_new\" class=\"wiki-link\">Torch<\/a>, ehemaliger Rapper von <a rel=\"mw:WikiLink\" href=\"https:\/\/de.wikipedia.org\/wiki\/Advanced_Chemistry\" title=\"Advanced Chemistry\" id=\"rdp-we-mwbQ\" target=\"_new\" class=\"wiki-link\">Advanced Chemistry<\/a>, reagierte mit Emp\u00f6rung auf die Enteignung des Namens der ersten Chemistry-Single. Auch der Verein <a rel=\"mw:WikiLink\" href=\"https:\/\/de.wikipedia.org\/wiki\/Brothers_Keepers\" title=\"Brothers Keepers\" id=\"rdp-we-mwbg\" target=\"_new\" class=\"wiki-link\">Brothers Keepers<\/a> griff Fler und Aggro Berlin kurz nach Ver\u00f6ffentlichung des Albums, \u00e4hnlich wie bei <i id=\"rdp-we-mwbw\"><a rel=\"mw:WikiLink\" href=\"https:\/\/de.wikipedia.org\/wiki\/Neger_Neger\" title=\"Neger Neger\" id=\"rdp-we-mwcA\" target=\"_new\" class=\"wiki-link\">Neger Neger<\/a><\/i> von B-Tight, an. Der Musiksender <a rel=\"mw:WikiLink\" href=\"https:\/\/de.wikipedia.org\/wiki\/MTV\" title=\"MTV\" id=\"rdp-we-mwcQ\" target=\"_new\" class=\"wiki-link\">MTV<\/a> k\u00fcndigte bereits vor der Ver\u00f6ffentlichung des Liedes <i id=\"rdp-we-mwcg\">Deutscha Bad Boy<\/i> an, das zum Lied entstandene Musikvideo aufgrund zweideutiger und deutschnationaler Texte nicht zu senden.<sup about=\"#mwt4\" class=\"mw-ref reference\" id=\"rdp-we-cite_ref-3\" rel=\"dc:references\" typeof=\"mw:Extension\/ref\" data-mw='{\"name\":\"ref\",\"attrs\":{},\"body\":{\"id\":\"mw-reference-text-cite_note-3\"}}'><a href=\"#cite_note-3\" id=\"rdp-we-mwcw\"><span class=\"mw-reflink-text\" id=\"rdp-we-mwdA\"><span class=\"cite-bracket\" id=\"rdp-we-mwdQ\">[<\/span>3<span class=\"cite-bracket\" id=\"rdp-we-mwdg\">]<\/span><\/span><\/a><\/sup><sup about=\"#mwt7\" class=\"mw-ref reference\" id=\"rdp-we-cite_ref-4\" rel=\"dc:references\" typeof=\"mw:Extension\/ref\" data-mw='{\"name\":\"ref\",\"attrs\":{},\"body\":{\"id\":\"mw-reference-text-cite_note-4\"}}'><a href=\"#cite_note-4\" id=\"rdp-we-mwdw\"><span class=\"mw-reflink-text\" id=\"rdp-we-mweA\"><span class=\"cite-bracket\" id=\"rdp-we-mweQ\">[<\/span>4<span class=\"cite-bracket\" id=\"rdp-we-mweg\">]<\/span><\/span><\/a><\/sup> Aus der Zusammenarbeit auf <i id=\"rdp-we-mwew\">Fremd im eigenen Land<\/i> entstand die Rapgruppe <a rel=\"mw:WikiLink\" href=\"https:\/\/de.wikipedia.org\/wiki\/S\u00fcdberlin_Maskulin\" title=\"S\u00fcdberlin Maskulin\" id=\"rdp-we-mwfA\" target=\"_new\" class=\"wiki-link\">S\u00fcdberlin Maskulin<\/a>, zusammen mit <a rel=\"mw:WikiLink\" href=\"https:\/\/de.wikipedia.org\/wiki\/Silla_(Rapper)\" title=\"Silla (Rapper)\" id=\"rdp-we-mwfQ\" target=\"_new\" class=\"wiki-link\">Godsilla<\/a>. Sie benannten sich nach dem gleichnamigen Lied auf dem Album. Der Name ist eine <a rel=\"mw:WikiLink\" href=\"https:\/\/de.wikipedia.org\/wiki\/Reverenz\" title=\"Reverenz\" id=\"rdp-we-mwfg\" target=\"_new\" class=\"wiki-link\">Reverenz<\/a> an die Gruppe <a rel=\"mw:WikiLink\" href=\"https:\/\/de.wikipedia.org\/wiki\/Westberlin_Maskulin\" title=\"Westberlin Maskulin\" id=\"rdp-we-mwfw\" target=\"_new\" class=\"wiki-link\">Westberlin Maskulin<\/a>, die von 1997 bis 2000 aus <a rel=\"mw:WikiLink\" href=\"https:\/\/de.wikipedia.org\/wiki\/Kool_Savas\" title=\"Kool Savas\" id=\"rdp-we-mwgA\" target=\"_new\" class=\"wiki-link\">Kool Savas<\/a> und <a rel=\"mw:WikiLink\" href=\"https:\/\/de.wikipedia.org\/wiki\/Taktloss\" title=\"Taktloss\" id=\"rdp-we-mwgQ\" target=\"_new\" class=\"wiki-link\">Taktloss<\/a> bestand und als einer der Vorl\u00e4ufer des deutschen <a rel=\"mw:WikiLink\" href=\"https:\/\/de.wikipedia.org\/wiki\/Battle-Rap\" title=\"Battle-Rap\" id=\"rdp-we-mwgg\" target=\"_new\" class=\"wiki-link\">Battle-Rap<\/a> gilt. Aus <i id=\"rdp-we-mwgw\">S\u00fcdberlin Maskulin<\/i> wurden Videos zu <i id=\"rdp-we-mwhA\">Wenn der Beat nicht mehr l\u00e4uft<\/i> und <i id=\"rdp-we-mwhQ\">Was los? \/ Ich bin ein Rapper<\/i> ver\u00f6ffentlicht. Das Kollabo-Album erreichte Rang 22 der Charts, was bis dahin Sillas beste und Flers schlechteste Chartplatzierung darstellte.<\/p>\n\n<\/section><section data-mw-section-id=\"6\" id=\"rdp-we-mwhg\" aria-labelledby=\"Ende_von_Aggro_Berlin_und_musikalische_Auss\u00f6hnung_mit_Bushido_(2009\u20132010)\"><div class=\"mw-heading mw-heading4\"><h4 id=\"rdp-we-Ende_von_Aggro_Berlin_und_musikalische_Auss\u00f6hnung_mit_Bushido_(2009\u20132010)\"><span id=\"rdp-we-Ende_von_Aggro_Berlin_und_musikalische_Auss.C3.B6hnung_mit_Bushido_.282009.E2.80.932010.29\" typeof=\"mw:FallbackId\"><\/span>Ende von Aggro Berlin und musikalische Auss\u00f6hnung mit Bushido (2009\u20132010)<\/h4><\/div>\n<p id=\"rdp-we-mwhw\">Kurz vor der Ver\u00f6ffentlichung seines Albums <i id=\"rdp-we-mwiA\"><a rel=\"mw:WikiLink\" href=\"https:\/\/de.wikipedia.org\/wiki\/Fler_(Album)\" title=\"Fler (Album)\" id=\"rdp-we-mwiQ\" target=\"_new\" class=\"wiki-link\">Fler<\/a><\/i> trennte er sich von seiner Plattenfirma <a rel=\"mw:WikiLink\" href=\"https:\/\/de.wikipedia.org\/wiki\/Aggro_Berlin\" title=\"Aggro Berlin\" id=\"rdp-we-mwig\" target=\"_new\" class=\"wiki-link\">Aggro Berlin<\/a>. Aus seinem vierten Album, das am 27.<span typeof=\"mw:Entity\" id=\"rdp-we-mwiw\">\u00a0<\/span>M\u00e4rz 2009 erschien und auf Platz 10 der Charts einstieg, wurden <i id=\"rdp-we-mwjA\"><a rel=\"mw:WikiLink\" href=\"https:\/\/de.wikipedia.org\/wiki\/Check_mich_aus\" title=\"Check mich aus\" id=\"rdp-we-mwjQ\" target=\"_new\" class=\"wiki-link\">Check mich aus<\/a><\/i> und <i id=\"rdp-we-mwjg\"><a rel=\"mw:WikiLink\" href=\"https:\/\/de.wikipedia.org\/wiki\/Ich_sing_nicht_mehr_f\u00fcr_dich\" title=\"Ich sing nicht mehr f\u00fcr dich\" id=\"rdp-we-mwjw\" target=\"_new\" class=\"wiki-link\">Ich sing nicht mehr f\u00fcr dich<\/a><\/i> (feat. <a rel=\"mw:WikiLink\" href=\"https:\/\/de.wikipedia.org\/wiki\/Doreen_Steinert\" title=\"Doreen Steinert\" id=\"rdp-we-mwkA\" target=\"_new\" class=\"wiki-link\">Doreen<\/a>) als Singles ver\u00f6ffentlicht. Beide Singles schafften es in die Charts. So gelangte <i id=\"rdp-we-mwkQ\">Check mich aus<\/i> auf Platz 74 und <i id=\"rdp-we-mwkg\">Ich sing nicht mehr f\u00fcr dich<\/i> auf Position 33. <i id=\"rdp-we-mwkw\">Ich sing nicht mehr f\u00fcr dich<\/i> konnte sich neun Wochen in den deutschen Charts halten. Am 27.<span typeof=\"mw:Entity\" id=\"rdp-we-mwlA\">\u00a0<\/span>M\u00e4rz 2009 wurde bekannt, dass sich Fler mit <a rel=\"mw:WikiLink\" href=\"https:\/\/de.wikipedia.org\/wiki\/Bushido_(Rapper)\" title=\"Bushido (Rapper)\" id=\"rdp-we-mwlQ\" target=\"_new\" class=\"wiki-link\">Bushido<\/a> ausgesprochen h\u00e4tte und pers\u00f6nliche Differenzen aus dem Weg ger\u00e4umt worden seien. Bekannt wurde dies dadurch, da sich beide in der <a rel=\"mw:WikiLink\" href=\"https:\/\/de.wikipedia.org\/wiki\/Myspace\" title=\"Myspace\" id=\"rdp-we-mwlg\" target=\"_new\" class=\"wiki-link\">MySpace<\/a>-Freundesliste jeweils als zweitbesten Freund eintrugen.<sup about=\"#mwt8\" class=\"mw-ref reference\" id=\"rdp-we-cite_ref-5\" rel=\"dc:references\" typeof=\"mw:Extension\/ref\" data-mw='{\"name\":\"ref\",\"attrs\":{},\"body\":{\"id\":\"mw-reference-text-cite_note-5\"}}'><a href=\"#cite_note-5\" id=\"rdp-we-mwlw\"><span class=\"mw-reflink-text\" id=\"rdp-we-mwmA\"><span class=\"cite-bracket\" id=\"rdp-we-mwmQ\">[<\/span>5<span class=\"cite-bracket\" id=\"rdp-we-mwmg\">]<\/span><\/span><\/a><\/sup> Fler k\u00fcndigte sp\u00e4ter indirekt einen Nachfolger von <i id=\"rdp-we-mwmw\"><a rel=\"mw:WikiLink\" href=\"https:\/\/de.wikipedia.org\/wiki\/Carlo_Cokxxx_Nutten\" title=\"Carlo Cokxxx Nutten\" id=\"rdp-we-mwnA\" target=\"_new\" class=\"wiki-link\">Carlo Cokxxx Nutten<\/a><\/i> mit Bushido an, dazu unterschrieb er einen Autorenexklusivvertrag bei der Edition <a rel=\"mw:WikiLink\" href=\"https:\/\/de.wikipedia.org\/wiki\/Ersguterjunge\" title=\"Ersguterjunge\" id=\"rdp-we-mwnQ\" target=\"_new\" class=\"wiki-link\">ersguterjunge<\/a> der Universal Music Publishing Germany, blieb jedoch zun\u00e4chst an kein Label vertraglich gebunden.<sup about=\"#mwt11\" class=\"mw-ref reference\" id=\"rdp-we-cite_ref-6\" rel=\"dc:references\" typeof=\"mw:Extension\/ref\" data-mw='{\"name\":\"ref\",\"attrs\":{},\"body\":{\"id\":\"mw-reference-text-cite_note-6\"}}'><a href=\"#cite_note-6\" id=\"rdp-we-mwng\"><span class=\"mw-reflink-text\" id=\"rdp-we-mwnw\"><span class=\"cite-bracket\" id=\"rdp-we-mwoA\">[<\/span>6<span class=\"cite-bracket\" id=\"rdp-we-mwoQ\">]<\/span><\/span><\/a><\/sup><\/p>\n\n<p id=\"rdp-we-mwog\">2009 erschien dann <i id=\"rdp-we-mwow\"><a rel=\"mw:WikiLink\" href=\"https:\/\/de.wikipedia.org\/wiki\/Carlo_Cokxxx_Nutten_2_(2009)\" title=\"Carlo Cokxxx Nutten 2 (2009)\" id=\"rdp-we-mwpA\" target=\"_new\" class=\"wiki-link\">Carlo Cokxxx Nutten 2<\/a><\/i> und stieg auf Platz 3 der Albumcharts ein. Die dazu ver\u00f6ffentlichte Doppel-CD <i id=\"rdp-we-mwpQ\">Eine Chance \/ Zu Gangsta<\/i> erreichte Platz 26 der deutschen Charts und konnte sich da sieben Wochen halten. Zudem sind die zweiten Teile der Songs <i id=\"rdp-we-mwpg\">Zukunft<\/i> und <i id=\"rdp-we-mwpw\">Zeiten \u00e4ndern sich<\/i> auf dem Album enthalten. Nachdem Fler im M\u00e4rz 2010 seinen \u201ePsalm-23-Shop\u201c in Berlin er\u00f6ffnete, wo neben seinem eigenen Merchandise auch Kleidung von Flers Modelabel \u201ePsalm-23\u201c vertrieben wird, ver\u00f6ffentlichte er im Juni 2010, ebenfalls \u00fcber ersguterjunge, sein f\u00fcnftes Soloalbum <i id=\"rdp-we-mwqA\"><a rel=\"mw:WikiLink\" href=\"https:\/\/de.wikipedia.org\/wiki\/Flersguterjunge\" title=\"Flersguterjunge\" id=\"rdp-we-mwqQ\" target=\"_new\" class=\"wiki-link\">Flersguterjunge<\/a><\/i>, das Position 4 der Charts erreichte. Die zuvor ver\u00f6ffentlichte Single <i id=\"rdp-we-mwqg\"><a rel=\"mw:WikiLink\" href=\"https:\/\/de.wikipedia.org\/wiki\/Das_alles_ist_Deutschland\" title=\"Das alles ist Deutschland\" id=\"rdp-we-mwqw\" target=\"_new\" class=\"wiki-link\">Das alles ist Deutschland<\/a><\/i> kam auf Platz 28 in den deutschen Singlecharts und hielt sich dort f\u00fcnf Wochen. Zudem erschienen <i id=\"rdp-we-mwrA\">Schwer erziehbar 2010<\/i> und <i id=\"rdp-we-mwrQ\">Mit dem BMW \/ Flersguterjunge<\/i> als Musikvideos. Noch im selben Jahr, am 22.<span typeof=\"mw:Entity\" id=\"rdp-we-mwrg\">\u00a0<\/span>Oktober 2010, erschien das Crew-Album <i id=\"rdp-we-mwrw\"><a rel=\"mw:WikiLink\" href=\"https:\/\/de.wikipedia.org\/wiki\/Berlins_Most_Wanted_(Album)\" title=\"Berlins Most Wanted (Album)\" id=\"rdp-we-mwsA\" target=\"_new\" class=\"wiki-link\">Berlins Most Wanted<\/a><\/i>, das er gemeinsam mit Bushido und <a rel=\"mw:WikiLink\" href=\"https:\/\/de.wikipedia.org\/wiki\/Kay_One\" title=\"Kay One\" id=\"rdp-we-mwsQ\" target=\"_new\" class=\"wiki-link\">Kay One<\/a> aufnahm und Platz 2 der Charts erreichte, was damals Flers bisher h\u00f6chste Chartplatzierung darstellte. Die unter <a rel=\"mw:WikiLink\" href=\"https:\/\/de.wikipedia.org\/wiki\/Berlins_Most_Wanted_(Lied)\" title=\"Berlins Most Wanted (Lied)\" id=\"rdp-we-mwsg\" target=\"_new\" class=\"wiki-link\">demselben Titel<\/a> ausgekoppelte Single schaffte es auf Platz 31 der Charts, wo sie sich drei Wochen halten konnte.<\/p>\n\n<\/section><section data-mw-section-id=\"7\" id=\"rdp-we-mwsw\" aria-labelledby=\"Maskulin-Gr\u00fcndung,_Bruch_und_musikalische_Trendwende_(2011\u20132013)\"><div class=\"mw-heading mw-heading4\"><h4 id=\"rdp-we-Maskulin-Gr\u00fcndung,_Bruch_und_musikalische_Trendwende_(2011\u20132013)\"><span id=\"rdp-we-Maskulin-Gr.C3.BCndung.2C_Bruch_und_musikalische_Trendwende_.282011.E2.80.932013.29\" typeof=\"mw:FallbackId\"><\/span>Maskulin-Gr\u00fcndung, Bruch und musikalische Trendwende (2011\u20132013)<\/h4><\/div>\n<figure class=\"mw-default-size\" typeof=\"mw:File\/Thumb\" id=\"rdp-we-mwtA\"><a href=\"https:\/\/de.wikipedia.org\/wiki\/Datei:Maskulin.svg\" class=\"mw-file-description wiki-link\" id=\"rdp-we-mwtQ\" target=\"_new\"><img resource=\"https:\/\/de.wikipedia.org\/wiki\/Datei:Maskulin.svg\" src=\"https:\/\/thumb.wikimedia.org\/wikipedia\/commons\/thumb\/8\/83\/Maskulin.svg\/250px-Maskulin.svg.png?utm_source=de.wikipedia.org&amp;utm_campaign=parser&amp;utm_content=thumbnail\" decoding=\"async\" loading=\"lazy\" data-file-type=\"drawing\" height=\"296\" width=\"250\" class=\"mw-file-element\" id=\"rdp-we-mwtg\"\/><\/a><figcaption id=\"rdp-we-mwtw\">Logo seines 2011 gegr\u00fcndeten Labels <a rel=\"mw:WikiLink\" href=\"https:\/\/de.wikipedia.org\/wiki\/Maskulin_(Label)\" title=\"Maskulin (Label)\" id=\"rdp-we-mwuA\" target=\"_new\" class=\"wiki-link\">Maskulin<\/a><\/figcaption><\/figure>\n<p id=\"rdp-we-mwuQ\">Ende 2010 trennten sich die Wege von Fler und Bushido wieder. Ein Grund daf\u00fcr wurde nicht genannt. Ger\u00fcchten zufolge soll die Vers\u00f6hnung der Rapper Bushido und Sido dazu gef\u00fchrt haben. Anfang 2011 gr\u00fcndete Fler sein eigenes Independent-Label <i id=\"rdp-we-mwug\"><a rel=\"mw:WikiLink\" href=\"https:\/\/de.wikipedia.org\/wiki\/Maskulin_(Label)\" title=\"Maskulin (Label)\" id=\"rdp-we-mwuw\" target=\"_new\" class=\"wiki-link\">Maskulin<\/a><\/i>. Urspr\u00fcnglich sollte es Musik der Rapper Fler, Silla und Reason vermarkten. An Stelle von Reason wurde dann aber der Rapper <a rel=\"mw:WikiLink\" href=\"https:\/\/de.wikipedia.org\/wiki\/G-Hot\" title=\"G-Hot\" id=\"rdp-we-mwvA\" target=\"_new\" class=\"wiki-link\">G-Hot<\/a> unter Vertrag genommen. Bald darauf erschienen die ersten Ver\u00f6ffentlichungen. Am 8.<span typeof=\"mw:Entity\" id=\"rdp-we-mwvQ\">\u00a0<\/span>April 2011 erschien Flers sechstes Soloalbum <i id=\"rdp-we-mwvg\"><a rel=\"mw:WikiLink\" href=\"https:\/\/de.wikipedia.org\/wiki\/Airmax_Muzik_II\" title=\"Airmax Muzik II\" id=\"rdp-we-mwvw\" target=\"_new\" class=\"wiki-link\">Airmax Muzik II<\/a><\/i>, das Position 6 der deutschen Charts erreichte und mithilfe von <a rel=\"mw:WikiLink\" href=\"https:\/\/de.wikipedia.org\/wiki\/Groove_Attack\" title=\"Groove Attack\" id=\"rdp-we-mwwA\" target=\"_new\" class=\"wiki-link\">Groove Attack<\/a> vertrieben wurde. Zuvor wurden die Singles <i id=\"rdp-we-mwwQ\"><a rel=\"mw:WikiLink\" href=\"https:\/\/de.wikipedia.org\/wiki\/Nie_an_mich_geglaubt\" title=\"Nie an mich geglaubt\" id=\"rdp-we-mwwg\" target=\"_new\" class=\"wiki-link\">Nie an mich geglaubt<\/a><\/i> und <i id=\"rdp-we-mwww\"><a rel=\"mw:WikiLink\" href=\"https:\/\/de.wikipedia.org\/wiki\/Minutentakt\" title=\"Minutentakt\" id=\"rdp-we-mwxA\" target=\"_new\" class=\"wiki-link\">Minutentakt<\/a><\/i> ver\u00f6ffentlicht. Beide Singles konnten sich in den Charts etablieren. So erreichte <i id=\"rdp-we-mwxQ\">Nie an mich geglaubt<\/i> Rang 64 und <i id=\"rdp-we-mwxg\">Minutentakt<\/i> Platz 60.<\/p>\n\n<p id=\"rdp-we-mwxw\">Im selben Jahr folgte sein bereits siebtes Album <i id=\"rdp-we-mwyA\"><a rel=\"mw:WikiLink\" href=\"https:\/\/de.wikipedia.org\/wiki\/Im_Bus_ganz_hinten\" title=\"Im Bus ganz hinten\" id=\"rdp-we-mwyQ\" target=\"_new\" class=\"wiki-link\">Im Bus ganz hinten<\/a><\/i>, das ebenfalls \u00fcber <i id=\"rdp-we-mwyg\">Maskulin<\/i> erschien und mit Rang 3 die bis dahin h\u00f6chste Platzierung eines Soloalbums von Fler erreichte. Die Single <i id=\"rdp-we-mwyw\"><a rel=\"mw:WikiLink\" href=\"https:\/\/de.wikipedia.org\/wiki\/Spiegelbild_(Lied)\" title=\"Spiegelbild (Lied)\" id=\"rdp-we-mwzA\" target=\"_new\" class=\"wiki-link\">Spiegelbild<\/a><\/i> schaffte es auf Position 38 der deutschen Charts. Des Weiteren wurden Videos zu den Songs <i id=\"rdp-we-mwzQ\">Zeichen<\/i>, <i id=\"rdp-we-mwzg\">Dirty White Boy<\/i> und <i id=\"rdp-we-mwzw\">Freunde werden Feinde<\/i> ver\u00f6ffentlicht. Zudem erschien das Musikvideo <i id=\"rdp-we-mw0A\">Geldregen \/ Immer noch kein Fan davon<\/i> als Splitvideo. Am 28. Oktober 2011 wurde das von <a rel=\"mw:WikiLink\" href=\"https:\/\/de.wikipedia.org\/wiki\/DJ_Gan-G\" title=\"DJ Gan-G\" id=\"rdp-we-mw0Q\" target=\"_new\" class=\"wiki-link\">DJ Gan-G<\/a> gemixte Mixtape <i id=\"rdp-we-mw0g\">Maskulin Mixtape Vol. 1<\/i> digital ver\u00f6ffentlicht. Auf dem Mixtape befinden sich Songs der Rapper <a rel=\"mw:WikiLink\" href=\"https:\/\/de.wikipedia.org\/wiki\/Silla_(Rapper)\" title=\"Silla (Rapper)\" id=\"rdp-we-mw0w\" target=\"_new\" class=\"wiki-link\">Silla<\/a>, <a rel=\"mw:WikiLink\" href=\"https:\/\/de.wikipedia.org\/wiki\/Nicone\" title=\"Nicone\" id=\"rdp-we-mw1A\" target=\"_new\" class=\"wiki-link\">Nicone<\/a>, <a rel=\"mw:WikiLink\" href=\"https:\/\/de.wikipedia.org\/wiki\/G-Hot\" title=\"G-Hot\" id=\"rdp-we-mw1Q\" target=\"_new\" class=\"wiki-link\">G-Hot<\/a>, <a rel=\"mw:WikiLink\" href=\"https:\/\/de.wikipedia.org\/wiki\/MoTrip\" title=\"MoTrip\" id=\"rdp-we-mw1g\" target=\"_new\" class=\"wiki-link\">MoTrip<\/a> und Fler selbst. Am 9. M\u00e4rz 2012 folgte mit <i id=\"rdp-we-mw1w\"><a rel=\"mw:WikiLink\" href=\"https:\/\/de.wikipedia.org\/wiki\/S\u00fcdberlin_Maskulin_II\" title=\"S\u00fcdberlin Maskulin II\" id=\"rdp-we-mw2A\" target=\"_new\" class=\"wiki-link\">S\u00fcdberlin Maskulin II<\/a><\/i> in Zusammenarbeit mit Silla das Nachfolge-Album zum ersten Teil von 2008. Das Album erreichte Position 6 in den deutschen Charts. Als Vorbote zum Album wurde die Single <i id=\"rdp-we-mw2Q\">Bleib wach \/ Pitbull<\/i> ausgekoppelt, die sich auf Platz 79 in den Charts platzieren konnte. Das Album unterscheidet sich musikalisch relativ stark vom Vorg\u00e4nger. Es werden mehrmals Auto-Tune-Effekte eingesetzt und thematisch sind auch Party-Songs wie <i id=\"rdp-we-mw2g\">Bleib wach<\/i> und <i id=\"rdp-we-mw2w\">Jeden Tag Silvester<\/i> enthalten.<\/p>\n\n<p id=\"rdp-we-mw3A\">2012 erschien das <i id=\"rdp-we-mw3Q\"><a rel=\"mw:WikiLink\" href=\"https:\/\/de.wikipedia.org\/wiki\/Maskulin_Mixtape_Vol._2\" title=\"Maskulin Mixtape Vol. 2\" id=\"rdp-we-mw3g\" target=\"_new\" class=\"wiki-link\">Maskulin Mixtape Vol. 2<\/a><\/i>, das den zehnten Platz in den Compilation-Charts belegen konnte. Es wurde wie der Vorg\u00e4nger von DJ Gan-G gemixt. Neben Fler selbst sind auch die Rapper G-Hot, <a rel=\"mw:WikiLink\" href=\"https:\/\/de.wikipedia.org\/wiki\/Sentino\" title=\"Sentino\" id=\"rdp-we-mw3w\" target=\"_new\" class=\"wiki-link\">Sentence<\/a>, Nicone und Silla auf dem Mixtape. Fler verk\u00fcndete, dass <i id=\"rdp-we-mw4A\">Im Bus ganz hinten<\/i> sein letztes Soloalbum sein sollte. Diese Pl\u00e4ne wurden dann jedoch wieder verworfen und sein achtes Soloalbum <i id=\"rdp-we-mw4Q\"><a rel=\"mw:WikiLink\" href=\"https:\/\/de.wikipedia.org\/wiki\/Hinter_blauen_Augen\" title=\"Hinter blauen Augen\" id=\"rdp-we-mw4g\" target=\"_new\" class=\"wiki-link\">Hinter blauen Augen<\/a><\/i> erschien am 2. November 2012. Der Stil des Albums lehnt sich musikalisch an den <a rel=\"mw:WikiLink\" href=\"https:\/\/de.wikipedia.org\/wiki\/Down_South\" title=\"Down South\" id=\"rdp-we-mw4w\" target=\"_new\" class=\"wiki-link\">S\u00fcdstaaten-Rap<\/a>\/<a rel=\"mw:WikiLink\" href=\"https:\/\/de.wikipedia.org\/wiki\/Crunk\" title=\"Crunk\" id=\"rdp-we-mw5A\" target=\"_new\" class=\"wiki-link\">Crunk<\/a> an und entfernt sich inhaltlich von den von Fler bekannten Gangsta-Rap-Texten. Dies brachte ihm besonders in Deutschland viel negative Kritik ein.<sup about=\"#mwt14\" class=\"mw-ref reference\" id=\"rdp-we-cite_ref-7\" rel=\"dc:references\" typeof=\"mw:Extension\/ref\" data-mw='{\"name\":\"ref\",\"attrs\":{},\"body\":{\"id\":\"mw-reference-text-cite_note-7\"}}'><a href=\"#cite_note-7\" id=\"rdp-we-mw5Q\"><span class=\"mw-reflink-text\" id=\"rdp-we-mw5g\"><span class=\"cite-bracket\" id=\"rdp-we-mw5w\">[<\/span>7<span class=\"cite-bracket\" id=\"rdp-we-mw6A\">]<\/span><\/span><\/a><\/sup> Dennoch erreichte das Album Rang 3 der deutschen Albumcharts. Zuvor schaffte es die erste Singleauskopplung <i id=\"rdp-we-mw6Q\">Nummer 1<\/i> auf Platz 92 in den deutschen Singlecharts. Es erschienen Musikvideos zu den Songs <i id=\"rdp-we-mw6g\">Nummer 1<\/i>, <i id=\"rdp-we-mw6w\">Hinter blauen Augen<\/i>, <i id=\"rdp-we-mw7A\">La Vida Loca<\/i> und <i id=\"rdp-we-mw7Q\">Du bist es wert<\/i>. Die Videos zu <i id=\"rdp-we-mw7g\">Nummer 1<\/i> und <i id=\"rdp-we-mw7w\">Hinter blauen Augen<\/i> wurden von <a rel=\"mw:WikiLink\" href=\"https:\/\/de.wikipedia.org\/wiki\/Chris_Macari\" title=\"Chris Macari\" id=\"rdp-we-mw8A\" target=\"_new\" class=\"wiki-link\">Chris Macari<\/a> gedreht. Die Regie zu <i id=\"rdp-we-mw8Q\">La Vida Loca<\/i> und <i id=\"rdp-we-mw8g\">Du bist es wert<\/i> \u00fcbernahm Smack Talk.<\/p>\n\n<p id=\"rdp-we-mw8w\">2013 erschien die Single <i id=\"rdp-we-mw9A\"><a rel=\"mw:WikiLink\" href=\"https:\/\/de.wikipedia.org\/wiki\/Barack_Osama\" title=\"Barack Osama\" id=\"rdp-we-mw9Q\" target=\"_new\" class=\"wiki-link\">Barack Osama<\/a><\/i>, die sich inhaltlich wieder an den Gangsta-Rap anlehnt, als Vorbote zu seinem neunten Studioalbum <i id=\"rdp-we-mw9g\"><a rel=\"mw:WikiLink\" href=\"https:\/\/de.wikipedia.org\/wiki\/Blaues_Blut_(Album)\" title=\"Blaues Blut (Album)\" id=\"rdp-we-mw9w\" target=\"_new\" class=\"wiki-link\">Blaues Blut<\/a><\/i>, das am 19.<span typeof=\"mw:Entity\" id=\"rdp-we-mw-A\">\u00a0<\/span>April 2013 erschien und in Deutschland, \u00d6sterreich und der Schweiz die Top 10 der Albumcharts erreichte.<sup about=\"#mwt15\" class=\"mw-ref reference\" id=\"rdp-we-cite_ref-8\" rel=\"dc:references\" typeof=\"mw:Extension\/ref\" data-mw='{\"name\":\"ref\",\"attrs\":{},\"body\":{\"id\":\"mw-reference-text-cite_note-8\"}}'><a href=\"#cite_note-8\" id=\"rdp-we-mw-Q\"><span class=\"mw-reflink-text\" id=\"rdp-we-mw-g\"><span class=\"cite-bracket\" id=\"rdp-we-mw-w\">[<\/span>8<span class=\"cite-bracket\" id=\"rdp-we-mw_A\">]<\/span><\/span><\/a><\/sup> Fler bezeichnete das Album als ersten Versuch, den sogenannten <a rel=\"mw:WikiLink\" href=\"https:\/\/de.wikipedia.org\/wiki\/Down_South\" title=\"Down South\" id=\"rdp-we-mw_Q\" target=\"_new\" class=\"wiki-link\">S\u00fcdstaaten-Rap<\/a> in der deutschen Hip-Hop-Szene zu integrieren. Eine Woche vor der Ver\u00f6ffentlichung des Albums erschien die zweite Single <i id=\"rdp-we-mw_g\"><a rel=\"mw:WikiLink\" href=\"https:\/\/de.wikipedia.org\/wiki\/Pheromone_(Lied)\" title=\"Pheromone (Lied)\" id=\"rdp-we-mw_w\" target=\"_new\" class=\"wiki-link\">Pheromone<\/a><\/i>. Das Musikvideo dazu wurde wegen darin enthaltener erotischer Szenen mehrmals von der Plattform YouTube entfernt. Weitere Videos erschienen zu den Songs <i id=\"rdp-we-mwAQA\">Echte M\u00e4nner<\/i> und <i id=\"rdp-we-mwAQE\"><a rel=\"mw:WikiLink\" href=\"https:\/\/de.wikipedia.org\/wiki\/Chrome_(Lied)\" title=\"Chrome (Lied)\" id=\"rdp-we-mwAQI\" target=\"_new\" class=\"wiki-link\">Chrome<\/a><\/i>. Im September 2013 wurde das <i id=\"rdp-we-mwAQM\"><a rel=\"mw:WikiLink\" href=\"https:\/\/de.wikipedia.org\/wiki\/Maskulin_Mixtape_Vol._3\" title=\"Maskulin Mixtape Vol. 3\" id=\"rdp-we-mwAQQ\" target=\"_new\" class=\"wiki-link\">Maskulin Mixtape Vol. 3<\/a><\/i> ver\u00f6ffentlicht und erreichte Rang 8 in Deutschland. Im September 2013 gab es Ger\u00fcchte um eine Wiedervereinigung von Flers altem und geschlossenen Label <a rel=\"mw:WikiLink\" href=\"https:\/\/de.wikipedia.org\/wiki\/Aggro_Berlin\" title=\"Aggro Berlin\" id=\"rdp-we-mwAQU\" target=\"_new\" class=\"wiki-link\">Aggro Berlin<\/a>.<sup about=\"#mwt17\" class=\"mw-ref reference\" id=\"rdp-we-cite_ref-9\" rel=\"dc:references\" typeof=\"mw:Extension\/ref\" data-mw='{\"name\":\"ref\",\"attrs\":{},\"body\":{\"id\":\"mw-reference-text-cite_note-9\"}}'><a href=\"#cite_note-9\" id=\"rdp-we-mwAQY\"><span class=\"mw-reflink-text\" id=\"rdp-we-mwAQc\"><span class=\"cite-bracket\" id=\"rdp-we-mwAQg\">[<\/span>9<span class=\"cite-bracket\" id=\"rdp-we-mwAQk\">]<\/span><\/span><\/a><\/sup> Diese Ger\u00fcchte wurden von Fler jedoch zur\u00fcckgewiesen.<sup about=\"#mwt19\" class=\"mw-ref reference\" id=\"rdp-we-cite_ref-10\" rel=\"dc:references\" typeof=\"mw:Extension\/ref\" data-mw='{\"name\":\"ref\",\"attrs\":{},\"body\":{\"id\":\"mw-reference-text-cite_note-10\"}}'><a href=\"#cite_note-10\" id=\"rdp-we-mwAQo\"><span class=\"mw-reflink-text\" id=\"rdp-we-mwAQs\"><span class=\"cite-bracket\" id=\"rdp-we-mwAQw\">[<\/span>10<span class=\"cite-bracket\" id=\"rdp-we-mwAQ0\">]<\/span><\/span><\/a><\/sup><\/p>\n\n<\/section><section data-mw-section-id=\"8\" id=\"rdp-we-mwAQ4\" aria-labelledby=\"Zur\u00fcck_zu_den_Wurzeln_(2014\u20132015)\"><div class=\"mw-heading mw-heading4\"><h4 id=\"rdp-we-Zur\u00fcck_zu_den_Wurzeln_(2014\u20132015)\"><span id=\"rdp-we-Zur.C3.BCck_zu_den_Wurzeln_.282014.E2.80.932015.29\" typeof=\"mw:FallbackId\"><\/span>Zur\u00fcck zu den Wurzeln (2014\u20132015)<\/h4><\/div>\n<p id=\"rdp-we-mwAQ8\">Fler k\u00fcndigte den Nachfolger seines <a rel=\"mw:WikiLink\" href=\"https:\/\/de.wikipedia.org\/wiki\/Neue_Deutsche_Welle_(Album)\" title=\"Neue Deutsche Welle (Album)\" id=\"rdp-we-mwARA\" target=\"_new\" class=\"wiki-link\">Deb\u00fctalbums<\/a> f\u00fcr 2014 an. Zuvor gelangte er durch das <i id=\"rdp-we-mwARE\"><a rel=\"mw:WikiLink\" href=\"https:\/\/de.wikipedia.org\/wiki\/Maskulin_Mixtape_Vol._4\" title=\"Maskulin Mixtape Vol. 4\" id=\"rdp-we-mwARI\" target=\"_new\" class=\"wiki-link\">Maskulin Mixtape Vol. 4<\/a><\/i> in die deutschen Albumcharts.<sup about=\"#mwt21\" class=\"mw-ref reference\" id=\"rdp-we-cite_ref-11\" rel=\"dc:references\" typeof=\"mw:Extension\/ref\" data-mw='{\"name\":\"ref\",\"attrs\":{},\"body\":{\"id\":\"mw-reference-text-cite_note-11\"}}'><a href=\"#cite_note-11\" id=\"rdp-we-mwARM\"><span class=\"mw-reflink-text\" id=\"rdp-we-mwARQ\"><span class=\"cite-bracket\" id=\"rdp-we-mwARU\">[<\/span>11<span class=\"cite-bracket\" id=\"rdp-we-mwARY\">]<\/span><\/span><\/a><\/sup> Am 4.<span typeof=\"mw:Entity\" id=\"rdp-we-mwARc\">\u00a0<\/span>April wurde die Single <i id=\"rdp-we-mwARg\"><a rel=\"mw:WikiLink\" href=\"https:\/\/de.wikipedia.org\/wiki\/Stabiler_Deutscher\" title=\"Stabiler Deutscher\" id=\"rdp-we-mwARk\" target=\"_new\" class=\"wiki-link\">Stabiler Deutscher<\/a><\/i> ver\u00f6ffentlicht.<sup about=\"#mwt23\" class=\"mw-ref reference\" id=\"rdp-we-cite_ref-12\" rel=\"dc:references\" typeof=\"mw:Extension\/ref\" data-mw='{\"name\":\"ref\",\"attrs\":{},\"body\":{\"id\":\"mw-reference-text-cite_note-12\"}}'><a href=\"#cite_note-12\" id=\"rdp-we-mwARo\"><span class=\"mw-reflink-text\" id=\"rdp-we-mwARs\"><span class=\"cite-bracket\" id=\"rdp-we-mwARw\">[<\/span>12<span class=\"cite-bracket\" id=\"rdp-we-mwAR0\">]<\/span><\/span><\/a><\/sup> Das Lied <i id=\"rdp-we-mwAR4\">Hipster Hass<\/i> erschien am 9.<span typeof=\"mw:Entity\" id=\"rdp-we-mwAR8\">\u00a0<\/span>Mai 2014 als digitale Single.<sup about=\"#mwt25\" class=\"mw-ref reference\" id=\"rdp-we-cite_ref-13\" rel=\"dc:references\" typeof=\"mw:Extension\/ref\" data-mw='{\"name\":\"ref\",\"attrs\":{},\"body\":{\"id\":\"mw-reference-text-cite_note-13\"}}'><a href=\"#cite_note-13\" id=\"rdp-we-mwASA\"><span class=\"mw-reflink-text\" id=\"rdp-we-mwASE\"><span class=\"cite-bracket\" id=\"rdp-we-mwASI\">[<\/span>13<span class=\"cite-bracket\" id=\"rdp-we-mwASM\">]<\/span><\/span><\/a><\/sup> Am 27.<span typeof=\"mw:Entity\" id=\"rdp-we-mwASQ\">\u00a0<\/span>Mai 2014 wurde der Track <i id=\"rdp-we-mwASU\">Kein Gold<\/i> mit dem Rapper G-Hot im Internet zur Verf\u00fcgung gestellt.<sup about=\"#mwt26\" class=\"mw-ref reference\" id=\"rdp-we-cite_ref-14\" rel=\"dc:references\" typeof=\"mw:Extension\/ref\" data-mw='{\"name\":\"ref\",\"attrs\":{},\"body\":{\"id\":\"mw-reference-text-cite_note-14\"}}'><a href=\"#cite_note-14\" id=\"rdp-we-mwASY\"><span class=\"mw-reflink-text\" id=\"rdp-we-mwASc\"><span class=\"cite-bracket\" id=\"rdp-we-mwASg\">[<\/span>14<span class=\"cite-bracket\" id=\"rdp-we-mwASk\">]<\/span><\/span><\/a><\/sup> Anfang Juni 2014 folgte, wieder mit G-Hot, der Titel <i id=\"rdp-we-mwASo\">Businessman<\/i>.<sup about=\"#mwt28\" class=\"mw-ref reference\" id=\"rdp-we-cite_ref-15\" rel=\"dc:references\" typeof=\"mw:Extension\/ref\" data-mw='{\"name\":\"ref\",\"attrs\":{},\"body\":{\"id\":\"mw-reference-text-cite_note-15\"}}'><a href=\"#cite_note-15\" id=\"rdp-we-mwASs\"><span class=\"mw-reflink-text\" id=\"rdp-we-mwASw\"><span class=\"cite-bracket\" id=\"rdp-we-mwAS0\">[<\/span>15<span class=\"cite-bracket\" id=\"rdp-we-mwAS4\">]<\/span><\/span><\/a><\/sup> Das Album <i id=\"rdp-we-mwAS8\"><a rel=\"mw:WikiLink\" href=\"https:\/\/de.wikipedia.org\/wiki\/Neue_Deutsche_Welle_2\" title=\"Neue Deutsche Welle 2\" id=\"rdp-we-mwATA\" target=\"_new\" class=\"wiki-link\">Neue Deutsche Welle 2<\/a><\/i> erschien am 5.<span typeof=\"mw:Entity\" id=\"rdp-we-mwATE\">\u00a0<\/span>September 2014. Es erreichte Rang 2 in den deutschen Albumcharts.<\/p>\n\n<p id=\"rdp-we-mwATI\">Am 6. Februar 2015 erschien Flers elftes Soloalbum <i id=\"rdp-we-mwATM\"><a rel=\"mw:WikiLink\" href=\"https:\/\/de.wikipedia.org\/wiki\/Keiner_kommt_klar_mit_mir\" title=\"Keiner kommt klar mit mir\" id=\"rdp-we-mwATQ\" target=\"_new\" class=\"wiki-link\">Keiner kommt klar mit mir<\/a><\/i>, das er unter seinem Pseudonym <i id=\"rdp-we-mwATU\">Frank White<\/i> ver\u00f6ffentlichte. Es ist das erste Fler-Album, das <a rel=\"mw:WikiLink\" href=\"https:\/\/de.wikipedia.org\/wiki\/Liste_der_Nummer-eins-Hits_in_Deutschland_(2015)\" title=\"Liste der Nummer-eins-Hits in Deutschland (2015)\" id=\"rdp-we-mwATY\" target=\"_new\" class=\"wiki-link\">Platz 1 der deutschen Charts<\/a> erreichte. Noch im gleichen Jahr erschien am 11. September ebenfalls unter dem Pseudonym <i id=\"rdp-we-mwATc\">Frank White<\/i> sein zw\u00f6lftes Studioalbum <i id=\"rdp-we-mwATg\"><a rel=\"mw:WikiLink\" href=\"https:\/\/de.wikipedia.org\/wiki\/Weil_die_Stra\u00dfe_nicht_vergisst\" title=\"Weil die Stra\u00dfe nicht vergisst\" id=\"rdp-we-mwATk\" target=\"_new\" class=\"wiki-link\">Weil die Stra\u00dfe nicht vergisst<\/a><\/i>, das Rang 2 belegte.<\/p>\n\n<p id=\"rdp-we-mwATo\">Im Dezember 2015 wurde die <a rel=\"mw:WikiLink\" href=\"https:\/\/de.wikipedia.org\/wiki\/Kompilation_(Musik)\" title=\"Kompilation (Musik)\" id=\"rdp-we-mwATs\" target=\"_new\" class=\"wiki-link\">Kompilation<\/a> <i id=\"rdp-we-mwATw\"><a rel=\"mw:WikiLink\" href=\"https:\/\/de.wikipedia.org\/wiki\/Der_Staat_gegen_Patrick_Decker\" title=\"Der Staat gegen Patrick Decker\" id=\"rdp-we-mwAT0\" target=\"_new\" class=\"wiki-link\">Der Staat gegen Patrick Decker<\/a><\/i> ver\u00f6ffentlicht, das ein Best-of-Album des Rappers darstellt und Lieder aus Flers gesamter bisheriger musikalischer Karriere von 2002 bis 2015 enth\u00e4lt.<\/p>\n\n<\/section><section data-mw-section-id=\"9\" id=\"rdp-we-mwAT4\" aria-labelledby=\"Erneute_Newschool-\u00c4ra_und_musikalische_Auss\u00f6hnung_mit_Farid_Bang_(seit_2016)\"><div class=\"mw-heading mw-heading4\"><h4 id=\"rdp-we-Erneute_Newschool-\u00c4ra_und_musikalische_Auss\u00f6hnung_mit_Farid_Bang_(seit_2016)\"><span id=\"rdp-we-Erneute_Newschool-.C3.84ra_und_musikalische_Auss.C3.B6hnung_mit_Farid_Bang_.28seit_2016.29\" typeof=\"mw:FallbackId\"><\/span>Erneute Newschool-\u00c4ra und musikalische Auss\u00f6hnung mit Farid Bang (seit 2016)<\/h4><\/div>\n<p id=\"rdp-we-mwAT8\">Am 27. Mai 2016 erschien die <a rel=\"mw:WikiLink\" href=\"https:\/\/de.wikipedia.org\/wiki\/Extended_Play\" title=\"Extended Play\" id=\"rdp-we-mwAUA\" target=\"_new\" class=\"wiki-link\">EP<\/a> <i id=\"rdp-we-mwAUE\"><a rel=\"mw:WikiLink\" href=\"https:\/\/de.wikipedia.org\/wiki\/Bew\u00e4hrung_vorbei\" title=\"Bew\u00e4hrung vorbei\" id=\"rdp-we-mwAUI\" target=\"_new\" class=\"wiki-link\">Bew\u00e4hrung vorbei<\/a><\/i>, in Anspielung auf das Ende von Flers Bew\u00e4hrungsstrafe. Aus dem im September 2016 erschienenen Album <i id=\"rdp-we-mwAUM\"><a rel=\"mw:WikiLink\" href=\"https:\/\/de.wikipedia.org\/wiki\/Vibe_(Album)\" title=\"Vibe (Album)\" id=\"rdp-we-mwAUQ\" target=\"_new\" class=\"wiki-link\">Vibe<\/a><\/i>, das Platz 1 in den deutschen, \u00f6sterreichischen sowie Schweizer Albumcharts erreichte, wurden die Singles <i id=\"rdp-we-mwAUU\">Unterwegs<\/i> (feat. <a rel=\"mw:WikiLink\" href=\"https:\/\/de.wikipedia.org\/wiki\/Sentino\" title=\"Sentino\" id=\"rdp-we-mwAUY\" target=\"_new\" class=\"wiki-link\">Sentino<\/a>), <i id=\"rdp-we-mwAUc\">Infrared<\/i>, <i id=\"rdp-we-mwAUg\">Lifestyle der Armen und Gef\u00e4hrlichen<\/i>, <i id=\"rdp-we-mwAUk\">Junge aus der City<\/i> und <i id=\"rdp-we-mwAUo\">Du hast den sch\u00f6nsten Arsch der Welt<\/i> ver\u00f6ffentlicht. Letztere schaffte es auf Position 93 in den deutschen Singlecharts. Der Refrain enthielt ein Sample aus dem gleichnamigen Song von Alex C.<\/p>\n\n<p id=\"rdp-we-mwAUs\">Am 30. Juni 2017 wurde dann das Kollaboalbum <i id=\"rdp-we-mwAUw\"><a rel=\"mw:WikiLink\" href=\"https:\/\/de.wikipedia.org\/wiki\/Epic_(Fler-und-Jalil-Album)\" title=\"Epic (Fler-und-Jalil-Album)\" id=\"rdp-we-mwAU0\" target=\"_new\" class=\"wiki-link\">Epic<\/a><\/i> zusammen mit dem bei Maskulin unter Vertrag stehenden Rapper <a rel=\"mw:WikiLink\" href=\"https:\/\/de.wikipedia.org\/wiki\/Jalil_(Rapper)\" title=\"Jalil (Rapper)\" id=\"rdp-we-mwAU4\" target=\"_new\" class=\"wiki-link\">Jalil<\/a> ver\u00f6ffentlicht, das in Deutschland und der Schweiz Rang 1 der Albumcharts belegte. Die Vorab-Single <i id=\"rdp-we-mwAU8\">Predigt<\/i> chartete in allen drei deutschsprachigen L\u00e4ndern. Zudem war Fler auf dem Bushido-Album <a rel=\"mw:WikiLink\" href=\"https:\/\/de.wikipedia.org\/wiki\/Black_Friday_(Album)\" title=\"Black Friday (Album)\" id=\"rdp-we-mwAVA\" target=\"_new\" class=\"wiki-link\">Black Friday<\/a> vertreten. Ihr gemeinsamer Song <i id=\"rdp-we-mwAVE\">CCNDNA<\/i> schaffte es ebenfalls in die Singlecharts. Rechtliche Schwierigkeiten bekam er im Oktober 2017, nachdem er im Zuge einer \u201eMaskulin\u201c-Modekollektion das Artwork des 1997er <a rel=\"mw:WikiLink\" href=\"https:\/\/de.wikipedia.org\/wiki\/Rammstein\" title=\"Rammstein\" id=\"rdp-we-mwAVI\" target=\"_new\" class=\"wiki-link\">Rammstein<\/a>-Albums <a rel=\"mw:WikiLink\" href=\"https:\/\/de.wikipedia.org\/wiki\/Sehnsucht_(Album)\" title=\"Sehnsucht (Album)\" id=\"rdp-we-mwAVM\" target=\"_new\" class=\"wiki-link\">Sehnsucht<\/a> \u2013 es zeigte die Musikerk\u00f6pfe wei\u00df geschminkt und mit metallenen Apparaturen im Gesicht, die Fotos stammen von dem K\u00fcnstler <a rel=\"mw:WikiLink\" href=\"https:\/\/de.wikipedia.org\/wiki\/Gottfried_Helnwein\" title=\"Gottfried Helnwein\" id=\"rdp-we-mwAVQ\" target=\"_new\" class=\"wiki-link\">Gottfried Helnwein<\/a> \u2013 auf Shirts drucken und von der fr\u00fcheren Freundin <a rel=\"mw:WikiLink\" href=\"https:\/\/de.wikipedia.org\/wiki\/Till_Lindemann\" title=\"Till Lindemann\" id=\"rdp-we-mwAVU\" target=\"_new\" class=\"wiki-link\">Till Lindemanns<\/a>, <a rel=\"mw:WikiLink\" href=\"https:\/\/de.wikipedia.org\/wiki\/Sophia_Thomalla\" title=\"Sophia Thomalla\" id=\"rdp-we-mwAVY\" target=\"_new\" class=\"wiki-link\">Sophia Thomalla<\/a>, vorf\u00fchren lie\u00df. Die Anw\u00e4lte der Rammstein GbR untersagten ihm dies. Fler teilte daraufhin mit, er habe lediglich eine m\u00fcndliche Zusage Lindemanns und Thomallas gehabt.<sup about=\"#mwt29\" class=\"mw-ref reference\" id=\"rdp-we-cite_ref-16\" rel=\"dc:references\" typeof=\"mw:Extension\/ref\" data-mw='{\"name\":\"ref\",\"attrs\":{},\"body\":{\"id\":\"mw-reference-text-cite_note-16\"}}'><a href=\"#cite_note-16\" id=\"rdp-we-mwAVc\"><span class=\"mw-reflink-text\" id=\"rdp-we-mwAVg\"><span class=\"cite-bracket\" id=\"rdp-we-mwAVk\">[<\/span>16<span class=\"cite-bracket\" id=\"rdp-we-mwAVo\">]<\/span><\/span><\/a><\/sup><\/p>\n\n<p id=\"rdp-we-mwAVs\">Fler hatte am 15. September 2017 sein neues Album <i id=\"rdp-we-mwAVw\"><a rel=\"mw:WikiLink\" href=\"https:\/\/de.wikipedia.org\/wiki\/Flizzy\" title=\"Flizzy\" id=\"rdp-we-mwAV0\" target=\"_new\" class=\"wiki-link\">Flizzy<\/a><\/i> angek\u00fcndigt, das schlie\u00dflich am 23. M\u00e4rz 2018 ver\u00f6ffentlicht wurde.<sup about=\"#mwt31\" class=\"mw-ref reference\" id=\"rdp-we-cite_ref-17\" rel=\"dc:references\" typeof=\"mw:Extension\/ref\" data-mw='{\"name\":\"ref\",\"attrs\":{},\"body\":{\"id\":\"mw-reference-text-cite_note-17\"}}'><a href=\"#cite_note-17\" id=\"rdp-we-mwAV4\"><span class=\"mw-reflink-text\" id=\"rdp-we-mwAV8\"><span class=\"cite-bracket\" id=\"rdp-we-mwAWA\">[<\/span>17<span class=\"cite-bracket\" id=\"rdp-we-mwAWE\">]<\/span><\/span><\/a><\/sup> <a rel=\"mw:WikiLink\" href=\"https:\/\/de.wikipedia.org\/wiki\/Rick_Ross\" title=\"Rick Ross\" id=\"rdp-we-mwAWI\" target=\"_new\" class=\"wiki-link\">Rick Ross<\/a>, <a rel=\"mw:WikiLink\" href=\"https:\/\/de.wikipedia.org\/wiki\/Azad_(Rapper)\" title=\"Azad (Rapper)\" id=\"rdp-we-mwAWM\" target=\"_new\" class=\"wiki-link\">Azad<\/a> und Flers zuvor langj\u00e4hriger Erzfeind <a rel=\"mw:WikiLink\" href=\"https:\/\/de.wikipedia.org\/wiki\/Farid_Bang\" title=\"Farid Bang\" id=\"rdp-we-mwAWQ\" target=\"_new\" class=\"wiki-link\">Farid Bang<\/a> waren als Gastbeitr\u00e4ge vertreten. Die Titel <i id=\"rdp-we-mwAWU\">Tag eins<\/i>, <i id=\"rdp-we-mwAWY\">AMG<\/i>, <i id=\"rdp-we-mwAWc\">Big Dreams<\/i>, <i id=\"rdp-we-mwAWg\">Pfirsich<\/i> und der Opener <i id=\"rdp-we-mwAWk\">Flizzy<\/i> stiegen zudem in die Singlecharts ein. Da die Amazon-Box des Albums jedoch nicht f\u00fcr die Charts gewertet wurde, erreichte das Album \u201enur\u201c Rang 4 in den deutschen Albumcharts. Zur selben Zeit war Fler auf hiphop.de in einem gemeinsamen Interview mit dem Rapper <a rel=\"mw:WikiLink\" href=\"https:\/\/de.wikipedia.org\/wiki\/Manuellsen\" title=\"Manuellsen\" id=\"rdp-we-mwAWo\" target=\"_new\" class=\"wiki-link\">Manuellsen<\/a> zu sehen, wo sie unter anderem \u00fcber ihren Beef und ihre darauffolgende Auss\u00f6hnung sprachen.<\/p>\n\n<p id=\"rdp-we-mwAWs\">2018 gr\u00fcndete Fler die <a rel=\"mw:WikiLink\" href=\"https:\/\/de.wikipedia.org\/wiki\/Modelabel\" title=\"Modelabel\" id=\"rdp-we-mwAWw\" target=\"_new\" class=\"wiki-link\">Modemarke<\/a> <i id=\"rdp-we-mwAW0\">Ghetto Sport by Maskulin<\/i>.<\/p>\n\n<p id=\"rdp-we-mwAW4\">Am 29. M\u00e4rz 2019 erschien Flers 15. Soloalbum <i id=\"rdp-we-mwAW8\"><a rel=\"mw:WikiLink\" href=\"https:\/\/de.wikipedia.org\/wiki\/Colucci_(Album)\" title=\"Colucci (Album)\" id=\"rdp-we-mwAXA\" target=\"_new\" class=\"wiki-link\">Colucci<\/a><\/i>, dessen Singles <i id=\"rdp-we-mwAXE\">Keinen wie mich<\/i>, <i id=\"rdp-we-mwAXI\">G\u00e4nsehaut<\/i> und <i id=\"rdp-we-mwAXM\">Sex Money Murder<\/i> im Vorfeld die deutschen Charts erreichten. Der Rapper <a rel=\"mw:WikiLink\" href=\"https:\/\/de.wikipedia.org\/wiki\/Mosenu\" title=\"Mosenu\" id=\"rdp-we-mwAXQ\" target=\"_new\" class=\"wiki-link\">Mosenu<\/a>, den Fler 2018 bei seinem Label Maskulin unter Vertrag nahm, ist gleich auf sechs Songs des Albums vertreten.<\/p>\n\n<p id=\"rdp-we-mwAXU\">Am 20. M\u00e4rz 2020 wurde Flers 16. Soloalbum <i id=\"rdp-we-mwAXY\"><a rel=\"mw:WikiLink\" href=\"https:\/\/de.wikipedia.org\/wiki\/Atlantis_(Fler-Album)\" title=\"Atlantis (Fler-Album)\" id=\"rdp-we-mwAXc\" target=\"_new\" class=\"wiki-link\">Atlantis<\/a><\/i> ver\u00f6ffentlicht, das die Chartspitze in Deutschland belegte. Auch die zugeh\u00f6rigen Singles <i id=\"rdp-we-mwAXg\">Shirinbae<\/i>, <i id=\"rdp-we-mwAXk\">Fame<\/i>, <i id=\"rdp-we-mwAXo\"><a rel=\"mw:WikiLink\" href=\"https:\/\/de.wikipedia.org\/wiki\/Noname_(Lied)\" title=\"Noname (Lied)\" id=\"rdp-we-mwAXs\" target=\"_new\" class=\"wiki-link\">Noname<\/a><\/i> (ein Disstrack gegen seinen ehemaligen Weggef\u00e4hrten <a rel=\"mw:WikiLink\" href=\"https:\/\/de.wikipedia.org\/wiki\/Bushido_(Rapper)\" title=\"Bushido (Rapper)\" id=\"rdp-we-mwAXw\" target=\"_new\" class=\"wiki-link\">Bushido<\/a>), <i id=\"rdp-we-mwAX0\">Grind<\/i> und <i id=\"rdp-we-mwAX4\">Lost<\/i> erreichten allesamt die deutschen Charts.<\/p>\n\n<p id=\"rdp-we-mwAX8\">Flers 17. Soloalbum <i id=\"rdp-we-mwAYA\"><a rel=\"mw:WikiLink\" href=\"https:\/\/de.wikipedia.org\/wiki\/Widder_(Album)\" title=\"Widder (Album)\" id=\"rdp-we-mwAYE\" target=\"_new\" class=\"wiki-link\">Widder<\/a><\/i> erschien am 26. M\u00e4rz 2021 und belegte wiederum Platz eins der deutschen Charts.<\/p>\n\n<\/section><\/section><\/section><section data-mw-section-id=\"10\" id=\"rdp-we-mwAYI\" aria-labelledby=\"Konflikte_mit_Rappern\"><div class=\"mw-heading mw-heading2\"><h2 id=\"rdp-we-Konflikte_mit_Rappern\">Konflikte mit Rappern<\/h2><\/div>\n<p id=\"rdp-we-mwAYM\">Fler ist bekannt daf\u00fcr, h\u00e4ufig <i id=\"rdp-we-mwAYQ\"><a rel=\"mw:WikiLink\" href=\"https:\/\/de.wikipedia.org\/wiki\/Beef\" title=\"Beef\" id=\"rdp-we-mwAYU\" target=\"_new\" class=\"wiki-link\">Beef<\/a><\/i>, also in der Regel verbale Streitigkeiten, die zum Beispiel durch Beleidigungen (\u201e<a rel=\"mw:WikiLink\" href=\"https:\/\/de.wikipedia.org\/wiki\/Dissen_(Umgangssprache)\" title=\"Dissen (Umgangssprache)\" id=\"rdp-we-mwAYY\" target=\"_new\" class=\"wiki-link\">Disses<\/a>\u201c) auf Platten ausgetragen werden, mit anderen Rappern zu haben.<\/p>\n\n<section data-mw-section-id=\"11\" id=\"rdp-we-mwAYc\" aria-labelledby=\"Mit_Bushido_(2004\u20132009,_2014\u20132015,_seit_2017)\"><div class=\"mw-heading mw-heading3\"><h3 id=\"rdp-we-Mit_Bushido_(2004\u20132009,_2014\u20132015,_seit_2017)\"><span id=\"rdp-we-Mit_Bushido_.282004.E2.80.932009.2C_2014.E2.80.932015.2C_seit_2017.29\" typeof=\"mw:FallbackId\"><\/span>Mit Bushido (2004\u20132009, 2014\u20132015, seit 2017)<\/h3><\/div>\n<p id=\"rdp-we-mwAYg\">2004 verlie\u00df <a rel=\"mw:WikiLink\" href=\"https:\/\/de.wikipedia.org\/wiki\/Bushido_(Rapper)\" title=\"Bushido (Rapper)\" id=\"rdp-we-mwAYk\" target=\"_new\" class=\"wiki-link\">Bushido<\/a> Aggro Berlin und gr\u00fcndete sein eigenes Label Ersguterjunge, was zum Zerw\u00fcrfnis zwischen Fler und Bushido f\u00fchrte. Es startete der deutschlandweit gr\u00f6\u00dfte <a rel=\"mw:WikiLink\" href=\"https:\/\/de.wikipedia.org\/wiki\/Beef\" title=\"Beef\" id=\"rdp-we-mwAYo\" target=\"_new\" class=\"wiki-link\">Beef<\/a> zwischen den Labels Aggro Berlin und Ersguterjunge. Im Januar 2005 sorgte Fler durch seine Antwort auf <a rel=\"mw:WikiLink\" href=\"https:\/\/de.wikipedia.org\/wiki\/Eko_Fresh\" title=\"Eko Fresh\" id=\"rdp-we-mwAYs\" target=\"_new\" class=\"wiki-link\">Eko Freshs<\/a> Diss-Track <i id=\"rdp-we-mwAYw\"><a rel=\"mw:WikiLink\" href=\"https:\/\/de.wikipedia.org\/wiki\/Die_Abrechnung_(Lied)\" title=\"Die Abrechnung (Lied)\" id=\"rdp-we-mwAY0\" target=\"_new\" class=\"wiki-link\">Die Abrechnung<\/a><\/i>, in dem dieser haupts\u00e4chlich <a rel=\"mw:WikiLink\" href=\"https:\/\/de.wikipedia.org\/wiki\/Kool_Savas\" title=\"Kool Savas\" id=\"rdp-we-mwAY4\" target=\"_new\" class=\"wiki-link\">Kool Savas<\/a> angriff, aber eben auch Fler, in der Szene f\u00fcr gro\u00dfes Aufsehen. In dem Track <i id=\"rdp-we-mwAY8\">Hollywoodt\u00fcrke<\/i> greift Fler Eko Fresh, <a rel=\"mw:WikiLink\" href=\"https:\/\/de.wikipedia.org\/wiki\/Royal_Bunker\" title=\"Royal Bunker\" id=\"rdp-we-mwAZA\" target=\"_new\" class=\"wiki-link\">Royal Bunker<\/a> und seinen ehemaligen Kollaborationspartner Bushido an. Von allen Seiten wurde geantwortet. Royal Bunker antwortete mit dem Track <i id=\"rdp-we-mwAZE\">Wer? Fler?<\/i> und Bushido mit dem Titel <i id=\"rdp-we-mwAZI\">Flerr\u00e4ter<\/i>, auf dem \u00fcberraschenderweise Eko Fresh als Gast zu h\u00f6ren ist, obwohl Bushido ebenfalls auf <i id=\"rdp-we-mwAZM\">Die Abrechnung<\/i> von ihm angegriffen worden war.<\/p>\n\n<p id=\"rdp-we-mwAZQ\">Die Antwort von Fler lie\u00df nicht lange auf sich warten, er f\u00fchrte den <a rel=\"mw:WikiLink\" href=\"https:\/\/de.wikipedia.org\/wiki\/Beef\" title=\"Beef\" id=\"rdp-we-mwAZU\" target=\"_new\" class=\"wiki-link\">Beef<\/a> mit dem Track <i id=\"rdp-we-mwAZY\">Du Opfer<\/i> fort, in dem auch sein <a rel=\"mw:WikiLink\" href=\"https:\/\/de.wikipedia.org\/wiki\/Musiklabel\" title=\"Musiklabel\" id=\"rdp-we-mwAZc\" target=\"_new\" class=\"wiki-link\">Label<\/a>-Kollege <a rel=\"mw:WikiLink\" href=\"https:\/\/de.wikipedia.org\/wiki\/B-Tight\" title=\"B-Tight\" id=\"rdp-we-mwAZg\" target=\"_new\" class=\"wiki-link\">B-Tight<\/a> zu h\u00f6ren ist. Dieser Disstrack war aber nur gegen Eko Fresh gerichtet, da Fler in dem Intro erkl\u00e4rte, den Streit mit Bushido kl\u00e4ren zu wollen. Vermutungen, diese <a rel=\"mw:WikiLink\" href=\"https:\/\/de.wikipedia.org\/wiki\/Battle-Rap\" title=\"Battle-Rap\" id=\"rdp-we-mwAZk\" target=\"_new\" class=\"wiki-link\">Battle<\/a>-Tracks entst\u00fcnden haupts\u00e4chlich zu Promotion-Zwecken, wiesen die Beteiligten zur\u00fcck. 2008 erschien ein Track von Bushido und Kay One mit dem Titel <i id=\"rdp-we-mwAZo\">S.I.D.O.<\/i>, in dem Sido und Aggro Berlin, darunter auch Fler, aber auch Alpa Gun und Silla angegriffen wurden.<\/p>\n\n<p id=\"rdp-we-mwAZs\">Nach dem Weggang von Fler wurde das Label <a rel=\"mw:WikiLink\" href=\"https:\/\/de.wikipedia.org\/wiki\/Aggro_Berlin\" title=\"Aggro Berlin\" id=\"rdp-we-mwAZw\" target=\"_new\" class=\"wiki-link\">Aggro Berlin<\/a> im Jahr 2009 aufgel\u00f6st. Zuvor hatten sich Fler und Bushido wieder vertragen. Sp\u00e4ter ver\u00f6ffentlichten sie das Kollabo-Album <i id=\"rdp-we-mwAZ0\"><a rel=\"mw:WikiLink\" href=\"https:\/\/de.wikipedia.org\/wiki\/Carlo_Cokxxx_Nutten_2_(2009)\" title=\"Carlo Cokxxx Nutten 2 (2009)\" id=\"rdp-we-mwAZ4\" target=\"_new\" class=\"wiki-link\">Carlo Cokxxx Nutten 2<\/a><\/i> (2009) und das Crew-Album <i id=\"rdp-we-mwAZ8\"><a rel=\"mw:WikiLink\" href=\"https:\/\/de.wikipedia.org\/wiki\/Berlins_Most_Wanted_(Album)\" title=\"Berlins Most Wanted (Album)\" id=\"rdp-we-mwAaA\" target=\"_new\" class=\"wiki-link\">Berlins Most Wanted<\/a><\/i> (2010) mit <a rel=\"mw:WikiLink\" href=\"https:\/\/de.wikipedia.org\/wiki\/Kay_One\" title=\"Kay One\" id=\"rdp-we-mwAaE\" target=\"_new\" class=\"wiki-link\">Kay One<\/a>.<\/p>\n\n<p id=\"rdp-we-mwAaI\">Anschlie\u00dfend trennten sich die Wege von Fler und Bushido erneut, als Fler 2011 sein eigenes Label Maskulin ins Leben rief. Von 2014 bis 2015 folgten erneut gegenseitige Sticheleien \u00fcber soziale Netzwerke sowie auf Tontr\u00e4gern beider Rapper. Nach anschlie\u00dfenden Ann\u00e4herungen kam es 2016 dann doch wieder zu zwei gemeinsamen Liedern (\u201eAttitude\u201c, \u201eCCNDNA\u201c), bevor sich die Lage dann wieder versch\u00e4rfte und es zu einem bis heute andauernden Kontaktabbruch kam, nachdem einige Personen aus Flers Umfeld \u2013 darunter Musik- und Videoproduzenten \u2013 von Bushido \u201eabgeworben\u201c wurden und fortan f\u00fcr ihn und sein Label arbeiteten. Auf dem 2018 erschienenen Album <i id=\"rdp-we-mwAaM\"><a rel=\"mw:WikiLink\" href=\"https:\/\/de.wikipedia.org\/wiki\/Flizzy\" title=\"Flizzy\" id=\"rdp-we-mwAaQ\" target=\"_new\" class=\"wiki-link\">Flizzy<\/a><\/i> stichelte Fler mehrmals gegen Bushido, w\u00e4hrend der Gastmusiker <a rel=\"mw:WikiLink\" href=\"https:\/\/de.wikipedia.org\/wiki\/Sinan-G\" title=\"Sinan-G\" id=\"rdp-we-mwAaU\" target=\"_new\" class=\"wiki-link\">Sinan-G<\/a> namentlich gegen Bushido auf verbaler Ebene \u201eschoss\u201c. Fler erkl\u00e4rte danach jedoch in diversen Interviews, dass das Bushido-Thema f\u00fcr ihn endg\u00fcltig \u201edurch\u201c sei. Seitdem, vor allem seit Bushidos Trennung mit Capital Bra und Samra, eskalierte der Streit zwischen Fler und Bushido. In Instagram-Videos und Interviews beleidigt Fler seitdem des \u00d6fteren Bushido und bezeichnet ihn unter anderem als \u201eRatte\u201c, \u201eHund\u201c und \u201eParasit\u201c, der jeden Tag \u201eeklige Dinge\u201c machen w\u00fcrde. Nachdem sich Bushido Ende August 2019 nach l\u00e4ngerer Pause wieder in der \u00d6ffentlichkeit meldete und das Album <i id=\"rdp-we-mwAaY\">CCN4<\/i> ank\u00fcndigte, erreichte der Konflikt zwischen beiden einen neuen H\u00f6hepunkt. Nebenbei \u201eschoss\u201c Bushido mehrfach in Liedern gegen Fler. Fler antwortete im November 2019 mit dem \u201eDisstrack\u201c <i id=\"rdp-we-mwAac\"><a rel=\"mw:WikiLink\" href=\"https:\/\/de.wikipedia.org\/wiki\/Noname_(Lied)\" title=\"Noname (Lied)\" id=\"rdp-we-mwAag\" target=\"_new\" class=\"wiki-link\">Noname<\/a><\/i>, der sich ausschlie\u00dflich gegen Bushido und dessen Ehefrau Anna-Marie Ferchichi richtete.<\/p>\n\n<\/section><section data-mw-section-id=\"12\" id=\"rdp-we-mwAak\" aria-labelledby=\"Mit_Kollegah_und_Farid_Bang_(2009\u20132017)\"><div class=\"mw-heading mw-heading3\"><h3 id=\"rdp-we-Mit_Kollegah_und_Farid_Bang_(2009\u20132017)\"><span id=\"rdp-we-Mit_Kollegah_und_Farid_Bang_.282009.E2.80.932017.29\" typeof=\"mw:FallbackId\"><\/span>Mit Kollegah und Farid Bang (2009\u20132017)<\/h3><\/div>\n<p id=\"rdp-we-mwAao\">Der Konflikt zwischen Fler und <a rel=\"mw:WikiLink\" href=\"https:\/\/de.wikipedia.org\/wiki\/Kollegah\" title=\"Kollegah\" id=\"rdp-we-mwAas\" target=\"_new\" class=\"wiki-link\">Kollegah<\/a> und <a rel=\"mw:WikiLink\" href=\"https:\/\/de.wikipedia.org\/wiki\/Farid_Bang\" title=\"Farid Bang\" id=\"rdp-we-mwAaw\" target=\"_new\" class=\"wiki-link\">Farid Bang<\/a> begann durch den Track <i id=\"rdp-we-mwAa0\">Westdeutschlands Kings<\/i>, der von Kollegah, <a rel=\"mw:WikiLink\" href=\"https:\/\/de.wikipedia.org\/wiki\/Favorite_(Rapper)\" title=\"Favorite (Rapper)\" id=\"rdp-we-mwAa4\" target=\"_new\" class=\"wiki-link\">Favorite<\/a> und Farid Bang ver\u00f6ffentlicht wurde. Wenige Tage sp\u00e4ter folgte der von Fler, Silla und Kitty Kat aufgenommene Disstrack <i id=\"rdp-we-mwAa8\">Fr\u00fcher wart ihr Fans<\/i>, indem die drei Interpreten ihren Gegnern vorwerfen, nur um \u201eWerbung f\u00fcr den Sampler\u201c zu machen, gedisst zu haben.<\/p>\n\n<p id=\"rdp-we-mwAbA\">Die <a rel=\"mw:WikiLink\" href=\"https:\/\/de.wikipedia.org\/wiki\/Dissen_(Umgangssprache)\" title=\"Dissen (Umgangssprache)\" id=\"rdp-we-mwAbE\" target=\"_new\" class=\"wiki-link\">Disstracks<\/a> <i id=\"rdp-we-mwAbI\"><a rel=\"mw:WikiLink\" href=\"https:\/\/de.wikipedia.org\/wiki\/Fanpost\" title=\"Fanpost\" id=\"rdp-we-mwAbM\" target=\"_new\" class=\"wiki-link\">Fanpost<\/a><\/i> von Kollegah sowie <i id=\"rdp-we-mwAbQ\"><a rel=\"mw:WikiLink\" href=\"https:\/\/de.wikipedia.org\/wiki\/Schrei_nach_Liebe_(Fler-Lied)\" title=\"Schrei nach Liebe (Fler-Lied)\" id=\"rdp-we-mwAbU\" target=\"_new\" class=\"wiki-link\">Schrei nach Liebe<\/a><\/i> von Fler erschienen noch im selben Jahr. Kritisiert wurde eine von Kollegah gerappte Zeile in dem Song <i id=\"rdp-we-mwAbY\">Fanpost<\/i>, in der er sich abwertend \u00fcber <a rel=\"mw:WikiLink\" href=\"https:\/\/de.wikipedia.org\/wiki\/Silla_(Rapper)\" title=\"Silla (Rapper)\" id=\"rdp-we-mwAbc\" target=\"_new\" class=\"wiki-link\">Sillas<\/a> Mutter \u00e4u\u00dferte: \u201eWer bist du Godsilla? Ich ficke deine Hurenmutter quer durch ihr Wohnzimmer\u201c. Kurz vor der Ver\u00f6ffentlichung des Albums <i id=\"rdp-we-mwAbg\">Jung, brutal, gutaussehend<span typeof=\"mw:Entity\" id=\"rdp-we-mwAbk\">\u00a0<\/span>2<\/i> im Jahr 2013 entschuldigte sich Kollegah jedoch f\u00fcr die Zeile gegen Silla.<sup about=\"#mwt34\" class=\"mw-ref reference\" id=\"rdp-we-cite_ref-18\" rel=\"dc:references\" typeof=\"mw:Extension\/ref\" data-mw='{\"name\":\"ref\",\"attrs\":{},\"body\":{\"id\":\"mw-reference-text-cite_note-18\"}}'><a href=\"#cite_note-18\" id=\"rdp-we-mwAbo\"><span class=\"mw-reflink-text\" id=\"rdp-we-mwAbs\"><span class=\"cite-bracket\" id=\"rdp-we-mwAbw\">[<\/span>18<span class=\"cite-bracket\" id=\"rdp-we-mwAb0\">]<\/span><\/span><\/a><\/sup><\/p>\n\n<p id=\"rdp-we-mwAb4\">Farid Bang ver\u00f6ffentlichte im Jahr 2010 mit den Disstrack <i id=\"rdp-we-mwAb8\">Stress ohne Grund<\/i>, der sich musikalisch an das im Jahr 2002 ver\u00f6ffentlichte Lied <i id=\"rdp-we-mwAcA\">Carlo Cokxxx Nutten<\/i> von Fler anlehnt. Zudem stichelte er auf dem Album <a rel=\"mw:WikiLink\" href=\"https:\/\/de.wikipedia.org\/wiki\/Asphalt_Massaka_2\" title=\"Asphalt Massaka 2\" id=\"rdp-we-mwAcE\" target=\"_new\" class=\"wiki-link\">Asphalt Massaka 2<\/a> oft gegen Fler. Letzterer antwortete 2011 durch den Song <i id=\"rdp-we-mwAcI\">S\u00fcdberlin auf Bew\u00e4hrung<\/i>, in dem er auch Kollegah angriff. Au\u00dferdem ver\u00f6ffentlichte er 2012 mit <a rel=\"mw:WikiLink\" href=\"https:\/\/de.wikipedia.org\/wiki\/Silla_(Rapper)\" title=\"Silla (Rapper)\" id=\"rdp-we-mwAcM\" target=\"_new\" class=\"wiki-link\">Silla<\/a> das Lied <i id=\"rdp-we-mwAcQ\">Geh beiseite<\/i>, das ebenfalls Angriffe gegen Farid Bang und Kollegah beinhaltet.<\/p>\n\n<p id=\"rdp-we-mwAcU\">Auf dem Album <a rel=\"mw:WikiLink\" href=\"https:\/\/de.wikipedia.org\/wiki\/Jung,_brutal,_gutaussehend_2\" title=\"Jung, brutal, gutaussehend 2\" id=\"rdp-we-mwAcY\" target=\"_new\" class=\"wiki-link\">Jung, brutal, gutaussehend 2<\/a>, was 2013 von Kollegah und Farid Bang ver\u00f6ffentlicht wurde, stichelte Farid Bang wieder gegen Fler.<sup about=\"#mwt36\" class=\"mw-ref reference\" id=\"rdp-we-cite_ref-19\" rel=\"dc:references\" typeof=\"mw:Extension\/ref\" data-mw='{\"name\":\"ref\",\"attrs\":{},\"body\":{\"id\":\"mw-reference-text-cite_note-19\"}}'><a href=\"#cite_note-19\" id=\"rdp-we-mwAcc\"><span class=\"mw-reflink-text\" id=\"rdp-we-mwAcg\"><span class=\"cite-bracket\" id=\"rdp-we-mwAck\">[<\/span>19<span class=\"cite-bracket\" id=\"rdp-we-mwAco\">]<\/span><\/span><\/a><\/sup> Auf dem im selben Jahr ver\u00f6ffentlichten Album <a rel=\"mw:WikiLink\" href=\"https:\/\/de.wikipedia.org\/wiki\/Blaues_Blut_(Album)\" title=\"Blaues Blut (Album)\" id=\"rdp-we-mwAcs\" target=\"_new\" class=\"wiki-link\">Blaues Blut<\/a> antworteten die Rapper Fler, Silla und Jihad auf die Sticheleien von Farid Bang.<sup about=\"#mwt39\" class=\"mw-ref reference\" id=\"rdp-we-cite_ref-20\" rel=\"dc:references\" typeof=\"mw:Extension\/ref\" data-mw='{\"name\":\"ref\",\"attrs\":{},\"body\":{\"id\":\"mw-reference-text-cite_note-20\"}}'><a href=\"#cite_note-20\" id=\"rdp-we-mwAcw\"><span class=\"mw-reflink-text\" id=\"rdp-we-mwAc0\"><span class=\"cite-bracket\" id=\"rdp-we-mwAc4\">[<\/span>20<span class=\"cite-bracket\" id=\"rdp-we-mwAc8\">]<\/span><\/span><\/a><\/sup> Zudem ver\u00f6ffentlichte Fler den Disstrack <i id=\"rdp-we-mwAdA\">Mut zur H\u00e4sslichkeit<\/i>, in dem er Farid Bang und Kollegah disste.<\/p>\n\n<p id=\"rdp-we-mwAdE\">Anfang Januar 2014 betitelte Farid Bang Fler mehrmals \u00f6ffentlich als \u201eHurensohn\u201c.<sup about=\"#mwt42\" class=\"mw-ref reference\" id=\"rdp-we-cite_ref-21\" rel=\"dc:references\" typeof=\"mw:Extension\/ref\" data-mw='{\"name\":\"ref\",\"attrs\":{},\"body\":{\"id\":\"mw-reference-text-cite_note-21\"}}'><a href=\"#cite_note-21\" id=\"rdp-we-mwAdI\"><span class=\"mw-reflink-text\" id=\"rdp-we-mwAdM\"><span class=\"cite-bracket\" id=\"rdp-we-mwAdQ\">[<\/span>21<span class=\"cite-bracket\" id=\"rdp-we-mwAdU\">]<\/span><\/span><\/a><\/sup> Fler gab daraufhin \u00f6ffentlich seinen angeblichen Wohnsitz bekannt, bot Farid an, die Auseinandersetzung \u201eeins gegen eins\u201c zu l\u00f6sen und drohte ihm, \u201edu wirst nach diesem Kampf im Krankenhaus liegen\u201c.<sup about=\"#mwt45\" class=\"mw-ref reference\" id=\"rdp-we-cite_ref-rapupdate.64075_22-0\" rel=\"dc:references\" typeof=\"mw:Extension\/ref\" data-mw='{\"name\":\"ref\",\"attrs\":{\"name\":\"rapupdate.64075\"},\"body\":{\"id\":\"mw-reference-text-cite_note-rapupdate.64075-22\"}}'><a href=\"#cite_note-rapupdate.64075-22\" id=\"rdp-we-mwAdY\"><span class=\"mw-reflink-text\" id=\"rdp-we-mwAdc\"><span class=\"cite-bracket\" id=\"rdp-we-mwAdg\">[<\/span>22<span class=\"cite-bracket\" id=\"rdp-we-mwAdk\">]<\/span><\/span><\/a><\/sup> Als Reaktion darauf gab Farid Bang an, \u201eeinfach mal bald\u201c bei Fler \u201evorbei\u201c zu kommen.<sup about=\"#mwt48\" class=\"mw-ref reference\" id=\"rdp-we-cite_ref-23\" rel=\"dc:references\" typeof=\"mw:Extension\/ref\" data-mw='{\"name\":\"ref\",\"attrs\":{},\"body\":{\"id\":\"mw-reference-text-cite_note-23\"}}'><a href=\"#cite_note-23\" id=\"rdp-we-mwAdo\"><span class=\"mw-reflink-text\" id=\"rdp-we-mwAds\"><span class=\"cite-bracket\" id=\"rdp-we-mwAdw\">[<\/span>23<span class=\"cite-bracket\" id=\"rdp-we-mwAd0\">]<\/span><\/span><\/a><\/sup> Wenige Tage sp\u00e4ter bot Farid Bang ihm an, die \u201eScheurenstrasse\u201c in <a rel=\"mw:WikiLink\" href=\"https:\/\/de.wikipedia.org\/wiki\/D\u00fcsseldorf\" title=\"D\u00fcsseldorf\" id=\"rdp-we-mwAd4\" target=\"_new\" class=\"wiki-link\">D\u00fcsseldorf<\/a> aufzusuchen.<sup about=\"#mwt49\" class=\"mw-ref reference\" id=\"rdp-we-cite_ref-rapupdate.64075_22-1\" rel=\"dc:references\" typeof=\"mw:Extension\/ref\" data-mw='{\"name\":\"ref\",\"attrs\":{\"name\":\"rapupdate.64075\"}}'><a href=\"#cite_note-rapupdate.64075-22\" id=\"rdp-we-mwAd8\"><span class=\"mw-reflink-text\" id=\"rdp-we-mwAeA\"><span class=\"cite-bracket\" id=\"rdp-we-mwAeE\">[<\/span>22<span class=\"cite-bracket\" id=\"rdp-we-mwAeI\">]<\/span><\/span><\/a><\/sup><\/p>\n\n<p id=\"rdp-we-mwAeM\">Ende Januar 2014 beendeten Farid Bang und Fler ihren \u201eBeef\u201c \u00f6ffentlich.<sup about=\"#mwt51\" class=\"mw-ref reference\" id=\"rdp-we-cite_ref-24\" rel=\"dc:references\" typeof=\"mw:Extension\/ref\" data-mw='{\"name\":\"ref\",\"attrs\":{},\"body\":{\"id\":\"mw-reference-text-cite_note-24\"}}'><a href=\"#cite_note-24\" id=\"rdp-we-mwAeQ\"><span class=\"mw-reflink-text\" id=\"rdp-we-mwAeU\"><span class=\"cite-bracket\" id=\"rdp-we-mwAeY\">[<\/span>24<span class=\"cite-bracket\" id=\"rdp-we-mwAec\">]<\/span><\/span><\/a><\/sup> Beide gaben jedoch an, ihre in der Vergangenheit aufgenommenen Tracks trotzdem ver\u00f6ffentlichen zu wollen.<sup about=\"#mwt53\" class=\"mw-ref reference\" id=\"rdp-we-cite_ref-25\" rel=\"dc:references\" typeof=\"mw:Extension\/ref\" data-mw='{\"name\":\"ref\",\"attrs\":{},\"body\":{\"id\":\"mw-reference-text-cite_note-25\"}}'><a href=\"#cite_note-25\" id=\"rdp-we-mwAeg\"><span class=\"mw-reflink-text\" id=\"rdp-we-mwAek\"><span class=\"cite-bracket\" id=\"rdp-we-mwAeo\">[<\/span>25<span class=\"cite-bracket\" id=\"rdp-we-mwAes\">]<\/span><\/span><\/a><\/sup> Einen Tag zuvor hatte Kollegah seinen \u201eBeef\u201c mit Maskulin f\u00fcr beendet erkl\u00e4rt.<sup about=\"#mwt55\" class=\"mw-ref reference\" id=\"rdp-we-cite_ref-26\" rel=\"dc:references\" typeof=\"mw:Extension\/ref\" data-mw='{\"name\":\"ref\",\"attrs\":{},\"body\":{\"id\":\"mw-reference-text-cite_note-26\"}}'><a href=\"#cite_note-26\" id=\"rdp-we-mwAew\"><span class=\"mw-reflink-text\" id=\"rdp-we-mwAe0\"><span class=\"cite-bracket\" id=\"rdp-we-mwAe4\">[<\/span>26<span class=\"cite-bracket\" id=\"rdp-we-mwAe8\">]<\/span><\/span><\/a><\/sup><sup about=\"#mwt57\" class=\"mw-ref reference\" id=\"rdp-we-cite_ref-27\" rel=\"dc:references\" typeof=\"mw:Extension\/ref\" data-mw='{\"name\":\"ref\",\"attrs\":{},\"body\":{\"id\":\"mw-reference-text-cite_note-27\"}}'><a href=\"#cite_note-27\" id=\"rdp-we-mwAfA\"><span class=\"mw-reflink-text\" id=\"rdp-we-mwAfE\"><span class=\"cite-bracket\" id=\"rdp-we-mwAfI\">[<\/span>27<span class=\"cite-bracket\" id=\"rdp-we-mwAfM\">]<\/span><\/span><\/a><\/sup><\/p>\n\n<p id=\"rdp-we-mwAfQ\">Ende Juli stichelte Farid Bang wieder gegen Fler, mit der Aussage, er w\u00fcrde sich auf der <a rel=\"mw:WikiLink\" href=\"https:\/\/de.wikipedia.org\/wiki\/Foto-Sharing\" title=\"Foto-Sharing\" id=\"rdp-we-mwAfU\" target=\"_new\" class=\"wiki-link\">Foto-Sharing<\/a>-Plattform <a rel=\"mw:WikiLink\" href=\"https:\/\/de.wikipedia.org\/wiki\/Instagram\" title=\"Instagram\" id=\"rdp-we-mwAfY\" target=\"_new\" class=\"wiki-link\">Instagram<\/a> sogenannte Follower kaufen. Wenig sp\u00e4ter ver\u00f6ffentlichte Farid Bang einen verf\u00e4lschten Chatverlauf, in dem Fler angeblich seinen Labelkollegen <a rel=\"mw:WikiLink\" href=\"https:\/\/de.wikipedia.org\/wiki\/Silla_(Rapper)\" title=\"Silla (Rapper)\" id=\"rdp-we-mwAfc\" target=\"_new\" class=\"wiki-link\">Silla<\/a> beleidigt habe.<sup about=\"#mwt58\" class=\"mw-ref reference\" id=\"rdp-we-cite_ref-28\" rel=\"dc:references\" typeof=\"mw:Extension\/ref\" data-mw='{\"name\":\"ref\",\"attrs\":{},\"body\":{\"id\":\"mw-reference-text-cite_note-28\"}}'><a href=\"#cite_note-28\" id=\"rdp-we-mwAfg\"><span class=\"mw-reflink-text\" id=\"rdp-we-mwAfk\"><span class=\"cite-bracket\" id=\"rdp-we-mwAfo\">[<\/span>28<span class=\"cite-bracket\" id=\"rdp-we-mwAfs\">]<\/span><\/span><\/a><\/sup> Nachdem sich Farid Bang abwertend \u00fcber ein Foto, auf dem Fler mit seiner Lebensgef\u00e4hrtin zu sehen war, \u00e4u\u00dferte, eskalierte der verbale Streit erneut.<sup about=\"#mwt60\" class=\"mw-ref reference\" id=\"rdp-we-cite_ref-29\" rel=\"dc:references\" typeof=\"mw:Extension\/ref\" data-mw='{\"name\":\"ref\",\"attrs\":{},\"body\":{\"id\":\"mw-reference-text-cite_note-29\"}}'><a href=\"#cite_note-29\" id=\"rdp-we-mwAfw\"><span class=\"mw-reflink-text\" id=\"rdp-we-mwAf0\"><span class=\"cite-bracket\" id=\"rdp-we-mwAf4\">[<\/span>29<span class=\"cite-bracket\" id=\"rdp-we-mwAf8\">]<\/span><\/span><\/a><\/sup><\/p>\n\n<p id=\"rdp-we-mwAgA\">Am 2. September 2016 hat Kollegah <i id=\"rdp-we-mwAgE\"><a rel=\"mw:WikiLink\" href=\"https:\/\/de.wikipedia.org\/wiki\/Fanpost_2\" title=\"Fanpost 2\" id=\"rdp-we-mwAgI\" target=\"_new\" class=\"wiki-link\">Fanpost 2<\/a><\/i> ver\u00f6ffentlicht. Nur 15 Minuten nach Ver\u00f6ffentlichung wurde es per einstweiliger Verf\u00fcgung gel\u00f6scht. Auf dem Track behauptete Kollegah, Fler sei als Jugendlicher vergewaltigt worden.<sup about=\"#mwt62\" class=\"mw-ref reference\" id=\"rdp-we-cite_ref-30\" rel=\"dc:references\" typeof=\"mw:Extension\/ref\" data-mw='{\"name\":\"ref\",\"attrs\":{},\"body\":{\"id\":\"mw-reference-text-cite_note-30\"}}'><a href=\"#cite_note-30\" id=\"rdp-we-mwAgM\"><span class=\"mw-reflink-text\" id=\"rdp-we-mwAgQ\"><span class=\"cite-bracket\" id=\"rdp-we-mwAgU\">[<\/span>30<span class=\"cite-bracket\" id=\"rdp-we-mwAgY\">]<\/span><\/span><\/a><\/sup><sup about=\"#mwt64\" class=\"mw-ref reference\" id=\"rdp-we-cite_ref-31\" rel=\"dc:references\" typeof=\"mw:Extension\/ref\" data-mw='{\"name\":\"ref\",\"attrs\":{},\"body\":{\"id\":\"mw-reference-text-cite_note-31\"}}'><a href=\"#cite_note-31\" id=\"rdp-we-mwAgc\"><span class=\"mw-reflink-text\" id=\"rdp-we-mwAgg\"><span class=\"cite-bracket\" id=\"rdp-we-mwAgk\">[<\/span>31<span class=\"cite-bracket\" id=\"rdp-we-mwAgo\">]<\/span><\/span><\/a><\/sup> Obwohl diese Geschichte nachweislich falsch ist,<sup about=\"#mwt66\" class=\"mw-ref reference\" id=\"rdp-we-cite_ref-32\" rel=\"dc:references\" typeof=\"mw:Extension\/ref\" data-mw='{\"name\":\"ref\",\"attrs\":{},\"body\":{\"id\":\"mw-reference-text-cite_note-32\"}}'><a href=\"#cite_note-32\" id=\"rdp-we-mwAgs\"><span class=\"mw-reflink-text\" id=\"rdp-we-mwAgw\"><span class=\"cite-bracket\" id=\"rdp-we-mwAg0\">[<\/span>32<span class=\"cite-bracket\" id=\"rdp-we-mwAg4\">]<\/span><\/span><\/a><\/sup> wurde Fler fortan von zahlreichen anderen Personen mit Anspielungen darauf gedisst, unter anderem von <a rel=\"mw:WikiLink\" href=\"https:\/\/de.wikipedia.org\/wiki\/Bushido_(Rapper)\" title=\"Bushido (Rapper)\" id=\"rdp-we-mwAg8\" target=\"_new\" class=\"wiki-link\">Bushido<\/a><sup about=\"#mwt68\" class=\"mw-ref reference\" id=\"rdp-we-cite_ref-33\" rel=\"dc:references\" typeof=\"mw:Extension\/ref\" data-mw='{\"name\":\"ref\",\"attrs\":{},\"body\":{\"id\":\"mw-reference-text-cite_note-33\"}}'><a href=\"#cite_note-33\" id=\"rdp-we-mwAhA\"><span class=\"mw-reflink-text\" id=\"rdp-we-mwAhE\"><span class=\"cite-bracket\" id=\"rdp-we-mwAhI\">[<\/span>33<span class=\"cite-bracket\" id=\"rdp-we-mwAhM\">]<\/span><\/span><\/a><\/sup><sup about=\"#mwt70\" class=\"mw-ref reference\" id=\"rdp-we-cite_ref-34\" rel=\"dc:references\" typeof=\"mw:Extension\/ref\" data-mw='{\"name\":\"ref\",\"attrs\":{},\"body\":{\"id\":\"mw-reference-text-cite_note-34\"}}'><a href=\"#cite_note-34\" id=\"rdp-we-mwAhQ\"><span class=\"mw-reflink-text\" id=\"rdp-we-mwAhU\"><span class=\"cite-bracket\" id=\"rdp-we-mwAhY\">[<\/span>34<span class=\"cite-bracket\" id=\"rdp-we-mwAhc\">]<\/span><\/span><\/a><\/sup><sup about=\"#mwt72\" class=\"mw-ref reference\" id=\"rdp-we-cite_ref-35\" rel=\"dc:references\" typeof=\"mw:Extension\/ref\" data-mw='{\"name\":\"ref\",\"attrs\":{},\"body\":{\"id\":\"mw-reference-text-cite_note-35\"}}'><a href=\"#cite_note-35\" id=\"rdp-we-mwAhg\"><span class=\"mw-reflink-text\" id=\"rdp-we-mwAhk\"><span class=\"cite-bracket\" id=\"rdp-we-mwAho\">[<\/span>35<span class=\"cite-bracket\" id=\"rdp-we-mwAhs\">]<\/span><\/span><\/a><\/sup>, von <a rel=\"mw:WikiLink\" href=\"https:\/\/de.wikipedia.org\/wiki\/Animus_(Rapper)\" title=\"Animus (Rapper)\" id=\"rdp-we-mwAhw\" target=\"_new\" class=\"wiki-link\">Animus<\/a>,<sup about=\"#mwt74\" class=\"mw-ref reference\" id=\"rdp-we-cite_ref-36\" rel=\"dc:references\" typeof=\"mw:Extension\/ref\" data-mw='{\"name\":\"ref\",\"attrs\":{},\"body\":{\"id\":\"mw-reference-text-cite_note-36\"}}'><a href=\"#cite_note-36\" id=\"rdp-we-mwAh0\"><span class=\"mw-reflink-text\" id=\"rdp-we-mwAh4\"><span class=\"cite-bracket\" id=\"rdp-we-mwAh8\">[<\/span>36<span class=\"cite-bracket\" id=\"rdp-we-mwAiA\">]<\/span><\/span><\/a><\/sup> von <a rel=\"mw:WikiLink\" href=\"https:\/\/de.wikipedia.org\/wiki\/Bonez_MC\" title=\"Bonez MC\" id=\"rdp-we-mwAiE\" target=\"_new\" class=\"wiki-link\">Bonez MC<\/a><sup about=\"#mwt76\" class=\"mw-ref reference\" id=\"rdp-we-cite_ref-37\" rel=\"dc:references\" typeof=\"mw:Extension\/ref\" data-mw='{\"name\":\"ref\",\"attrs\":{},\"body\":{\"id\":\"mw-reference-text-cite_note-37\"}}'><a href=\"#cite_note-37\" id=\"rdp-we-mwAiI\"><span class=\"mw-reflink-text\" id=\"rdp-we-mwAiM\"><span class=\"cite-bracket\" id=\"rdp-we-mwAiQ\">[<\/span>37<span class=\"cite-bracket\" id=\"rdp-we-mwAiU\">]<\/span><\/span><\/a><\/sup> und der <a rel=\"mw:WikiLink\" href=\"https:\/\/de.wikipedia.org\/wiki\/187_Strassenbande\" title=\"187 Strassenbande\" id=\"rdp-we-mwAiY\" target=\"_new\" class=\"wiki-link\">187 Strassenbande<\/a><sup about=\"#mwt78\" class=\"mw-ref reference\" id=\"rdp-we-cite_ref-38\" rel=\"dc:references\" typeof=\"mw:Extension\/ref\" data-mw='{\"name\":\"ref\",\"attrs\":{},\"body\":{\"id\":\"mw-reference-text-cite_note-38\"}}'><a href=\"#cite_note-38\" id=\"rdp-we-mwAic\"><span class=\"mw-reflink-text\" id=\"rdp-we-mwAig\"><span class=\"cite-bracket\" id=\"rdp-we-mwAik\">[<\/span>38<span class=\"cite-bracket\" id=\"rdp-we-mwAio\">]<\/span><\/span><\/a><\/sup>, vom Rapper <i id=\"rdp-we-mwAis\">Diverse<\/i>,<sup about=\"#mwt80\" class=\"mw-ref reference\" id=\"rdp-we-cite_ref-39\" rel=\"dc:references\" typeof=\"mw:Extension\/ref\" data-mw='{\"name\":\"ref\",\"attrs\":{},\"body\":{\"id\":\"mw-reference-text-cite_note-39\"}}'><a href=\"#cite_note-39\" id=\"rdp-we-mwAiw\"><span class=\"mw-reflink-text\" id=\"rdp-we-mwAi0\"><span class=\"cite-bracket\" id=\"rdp-we-mwAi4\">[<\/span>39<span class=\"cite-bracket\" id=\"rdp-we-mwAi8\">]<\/span><\/span><\/a><\/sup> von <a rel=\"mw:WikiLink\" href=\"https:\/\/de.wikipedia.org\/wiki\/Jan_B\u00f6hmermann\" title=\"Jan B\u00f6hmermann\" id=\"rdp-we-mwAjA\" target=\"_new\" class=\"wiki-link\">Jan B\u00f6hmermann<\/a><sup about=\"#mwt82\" class=\"mw-ref reference\" id=\"rdp-we-cite_ref-40\" rel=\"dc:references\" typeof=\"mw:Extension\/ref\" data-mw='{\"name\":\"ref\",\"attrs\":{},\"body\":{\"id\":\"mw-reference-text-cite_note-40\"}}'><a href=\"#cite_note-40\" id=\"rdp-we-mwAjE\"><span class=\"mw-reflink-text\" id=\"rdp-we-mwAjI\"><span class=\"cite-bracket\" id=\"rdp-we-mwAjM\">[<\/span>40<span class=\"cite-bracket\" id=\"rdp-we-mwAjQ\">]<\/span><\/span><\/a><\/sup> und von <a rel=\"mw:WikiLink\" href=\"https:\/\/de.wikipedia.org\/wiki\/Capital_Bra\" title=\"Capital Bra\" id=\"rdp-we-mwAjU\" target=\"_new\" class=\"wiki-link\">Capital Bra<\/a>.<sup about=\"#mwt85\" class=\"mw-ref reference\" id=\"rdp-we-cite_ref-41\" rel=\"dc:references\" typeof=\"mw:Extension\/ref\" data-mw='{\"name\":\"ref\",\"attrs\":{},\"body\":{\"id\":\"mw-reference-text-cite_note-41\"}}'><a href=\"#cite_note-41\" id=\"rdp-we-mwAjY\"><span class=\"mw-reflink-text\" id=\"rdp-we-mwAjc\"><span class=\"cite-bracket\" id=\"rdp-we-mwAjg\">[<\/span>41<span class=\"cite-bracket\" id=\"rdp-we-mwAjk\">]<\/span><\/span><\/a><\/sup><\/p>\n\n<p id=\"rdp-we-mwAjo\">Am 9. Juni 2017 ver\u00f6ffentlichten sowohl Fler als auch Farid Bang ein gemeinsames Foto und erkl\u00e4rten den jahrelangen \u201eBeef\u201c f\u00fcr beendet. 2018 und 2019 ver\u00f6ffentlichten Farid und Fler jeweils einen gemeinsamen Song. Anfang 2020 erschien mit <i id=\"rdp-we-mwAjs\">Public Enemies<\/i> (Farid Bang feat. Fler &amp; Kollegah) zudem der erste Song von Fler mit Kollegah.<sup about=\"#mwt87\" class=\"mw-ref reference\" id=\"rdp-we-cite_ref-42\" rel=\"dc:references\" typeof=\"mw:Extension\/ref\" data-mw='{\"name\":\"ref\",\"attrs\":{},\"body\":{\"id\":\"mw-reference-text-cite_note-42\"}}'><a href=\"#cite_note-42\" id=\"rdp-we-mwAjw\"><span class=\"mw-reflink-text\" id=\"rdp-we-mwAj0\"><span class=\"cite-bracket\" id=\"rdp-we-mwAj4\">[<\/span>42<span class=\"cite-bracket\" id=\"rdp-we-mwAj8\">]<\/span><\/span><\/a><\/sup><\/p>\n\n<\/section><section data-mw-section-id=\"13\" id=\"rdp-we-mwAkA\" aria-labelledby=\"Mit_Sido_(2010\u20132017)\"><div class=\"mw-heading mw-heading3\"><h3 id=\"rdp-we-Mit_Sido_(2010\u20132017)\"><span id=\"rdp-we-Mit_Sido_.282010.E2.80.932017.29\" typeof=\"mw:FallbackId\"><\/span>Mit Sido (2010\u20132017)<\/h3><\/div>\n<p id=\"rdp-we-mwAkE\">Nach der Vers\u00f6hnung von Fler und Bushido \u00e4nderte <a rel=\"mw:WikiLink\" href=\"https:\/\/de.wikipedia.org\/wiki\/Sido\" title=\"Sido\" id=\"rdp-we-mwAkI\" target=\"_new\" class=\"wiki-link\">Sido<\/a> die Zeile aus dem Song <i id=\"rdp-we-mwAkM\">Mein Testament<\/i>. Anfangs lautete die Zeile: \u201eFler bekommt meine drei Goldenen Platten, egal was alle sagen, du standest nie unter meinem goldenen Schatten\u201c. Auf seinem 2010 ver\u00f6ffentlichten Album <a rel=\"mw:WikiLink\" href=\"https:\/\/de.wikipedia.org\/wiki\/MTV_Unplugged_Live_aus\u2019m_MV\" title=\"MTV Unplugged Live aus\u2019m MV\" id=\"rdp-we-mwAkQ\" target=\"_new\" class=\"wiki-link\">MTV Unplugged Live aus\u2019m MV<\/a> war dann folgende Zeile zu h\u00f6ren: \u201eFler bekommt nichts. Tja, da muss ich euch entt\u00e4uschen. Er hat doch alles was er braucht bei seinen neuen Freunden\u201c.<\/p>\n\n<p id=\"rdp-we-mwAkU\">Noch im selben Jahr ver\u00f6ffentlichte Fler den Song <i id=\"rdp-we-mwAkY\">Erst Ghetto, dann Promi<\/i>, auf dem er mit Sido abrechnete. Zudem wurden in den folgenden zwei Jahren die Lieder <i id=\"rdp-we-mwAkc\">Alles gefickt<\/i> und <i id=\"rdp-we-mwAkg\">Ich und keine Maske Flavour<\/i> von Fler ver\u00f6ffentlicht, auf denen er Sido angriff. Sidos Zeile aus dem Song <i id=\"rdp-we-mwAkk\">Mein Testament<\/i> wurde anschlie\u00dfend bei Auftritten mehrmals ge\u00e4ndert.<\/p>\n\n<p id=\"rdp-we-mwAko\">Der \u201eBeef\u201c gilt offiziell als beendet, seitdem der Rapper <a rel=\"mw:WikiLink\" href=\"https:\/\/de.wikipedia.org\/wiki\/Mortel\" title=\"Mortel\" id=\"rdp-we-mwAks\" target=\"_new\" class=\"wiki-link\">Mortel<\/a> im Oktober 2017 f\u00fcr sein Mixtape <i id=\"rdp-we-mwAkw\"><a rel=\"mw:WikiLink\" href=\"https:\/\/de.wikipedia.org\/wiki\/Racaille_(Mixtape)\" title=\"Racaille (Mixtape)\" id=\"rdp-we-mwAk0\" target=\"_new\" class=\"wiki-link\">Racaille<\/a><\/i> gemeinsam mit Sido und Fler den Song <i id=\"rdp-we-mwAk4\">Nie mehr broke<\/i> aufnahm.<\/p>\n\n<\/section><section data-mw-section-id=\"14\" id=\"rdp-we-mwAk8\" aria-labelledby=\"Mit_der_187_Strassenbande_(seit_2018)\"><div class=\"mw-heading mw-heading3\"><h3 id=\"rdp-we-Mit_der_187_Strassenbande_(seit_2018)\"><span id=\"rdp-we-Mit_der_187_Strassenbande_.28seit_2018.29\" typeof=\"mw:FallbackId\"><\/span>Mit der 187 Strassenbande (seit 2018)<\/h3><\/div>\n<p id=\"rdp-we-mwAlA\">Mit den Rappern <a rel=\"mw:WikiLink\" href=\"https:\/\/de.wikipedia.org\/wiki\/LX_(Rapper)\" title=\"LX (Rapper)\" id=\"rdp-we-mwAlE\" target=\"_new\" class=\"wiki-link\">LX<\/a>, <a rel=\"mw:WikiLink\" href=\"https:\/\/de.wikipedia.org\/wiki\/Gzuz\" title=\"Gzuz\" id=\"rdp-we-mwAlI\" target=\"_new\" class=\"wiki-link\">Gzuz<\/a> und <a rel=\"mw:WikiLink\" href=\"https:\/\/de.wikipedia.org\/wiki\/Bonez_MC\" title=\"Bonez MC\" id=\"rdp-we-mwAlM\" target=\"_new\" class=\"wiki-link\">Bonez MC<\/a> von der <a rel=\"mw:WikiLink\" href=\"https:\/\/de.wikipedia.org\/wiki\/187_Strassenbande\" title=\"187 Strassenbande\" id=\"rdp-we-mwAlQ\" target=\"_new\" class=\"wiki-link\">187 Strassenbande<\/a> tr\u00e4gt Fler seit 2018 einen \u201eBeef\u201c aus. Im Juli 2018 sagte Gzuz in einem Video zu einem M\u00e4dchen, das ein Shirt von Flers Modemarke Maskulin tr\u00e4gt, dass er ihre Augen sch\u00f6n finde, aber das Shirt \u00fcberhaupt nicht gehe und \u201escheisse\u201c sei.<sup about=\"#mwt89\" class=\"mw-ref reference\" id=\"rdp-we-cite_ref-43\" rel=\"dc:references\" typeof=\"mw:Extension\/ref\" data-mw='{\"name\":\"ref\",\"attrs\":{},\"body\":{\"id\":\"mw-reference-text-cite_note-43\"}}'><a href=\"#cite_note-43\" id=\"rdp-we-mwAlU\"><span class=\"mw-reflink-text\" id=\"rdp-we-mwAlY\"><span class=\"cite-bracket\" id=\"rdp-we-mwAlc\">[<\/span>43<span class=\"cite-bracket\" id=\"rdp-we-mwAlg\">]<\/span><\/span><\/a><\/sup> Fler reagierte darauf und seitdem folgen hin und wieder Sticheleien von beiden Seiten. 2019 f\u00fchrte die verbale Auseinandersetzung zwischen Bonez MC und Fler im Internet dazu, dass Bonez MC Fler zu einem Boxkampf, der in der <a rel=\"mw:WikiLink\" href=\"https:\/\/de.wikipedia.org\/wiki\/Hamburg\" title=\"Hamburg\" id=\"rdp-we-mwAlk\" target=\"_new\" class=\"wiki-link\">Hamburger<\/a> <a rel=\"mw:WikiLink\" href=\"https:\/\/de.wikipedia.org\/wiki\/Kneipe\" title=\"Kneipe\" id=\"rdp-we-mwAlo\" target=\"_new\" class=\"wiki-link\">Kneipe<\/a> <a rel=\"mw:WikiLink\" href=\"https:\/\/de.wikipedia.org\/wiki\/Zur_Ritze\" title=\"Zur Ritze\" id=\"rdp-we-mwAls\" target=\"_new\" class=\"wiki-link\">Zur Ritze<\/a> stattfinden sollte, aufforderte.<sup about=\"#mwt92\" class=\"mw-ref reference\" id=\"rdp-we-cite_ref-44\" rel=\"dc:references\" typeof=\"mw:Extension\/ref\" data-mw='{\"name\":\"ref\",\"attrs\":{},\"body\":{\"id\":\"mw-reference-text-cite_note-44\"}}'><a href=\"#cite_note-44\" id=\"rdp-we-mwAlw\"><span class=\"mw-reflink-text\" id=\"rdp-we-mwAl0\"><span class=\"cite-bracket\" id=\"rdp-we-mwAl4\">[<\/span>44<span class=\"cite-bracket\" id=\"rdp-we-mwAl8\">]<\/span><\/span><\/a><\/sup> Fler zeigte sich bereit, mit Bonez MC zu k\u00e4mpfen. Der Kampf kam aber nicht zustande, weil beide unterschiedliche Vorstellungen hatten, wie der Kampf ausgetragen werden sollte. Fler wollte als Beweismittel Kameras dabei haben, die den Kampf filmen. Bonez MC lehnte dies ab und wollte die Auseinandersetzung nicht \u00f6ffentlich machen.<\/p>\n\n<p id=\"rdp-we-mwAmA\">Innerhalb der Rapcommunity entstand ein <a rel=\"mw:WikiLink\" href=\"https:\/\/de.wikipedia.org\/wiki\/Meme_(Kulturph\u00e4nomen)\" title=\"Meme (Kulturph\u00e4nomen)\" id=\"rdp-we-mwAmE\" target=\"_new\" class=\"wiki-link\">Meme<\/a> daraus, dass wenn zwei Personen sich streiten, diese doch in der \u201eRitze\u201c ihre Probleme kl\u00e4ren sollen.<\/p>\n\n<\/section><section data-mw-section-id=\"15\" id=\"rdp-we-mwAmI\" aria-labelledby=\"Mit_Manuellsen_(2014\u20132017,_seit_2020)\"><div class=\"mw-heading mw-heading3\"><h3 id=\"rdp-we-Mit_Manuellsen_(2014\u20132017,_seit_2020)\"><span id=\"rdp-we-Mit_Manuellsen_.282014.E2.80.932017.2C_seit_2020.29\" typeof=\"mw:FallbackId\"><\/span>Mit Manuellsen (2014\u20132017, seit 2020)<\/h3><\/div>\n<p id=\"rdp-we-mwAmM\">Anfang 2014 ver\u00f6ffentlichte Fler den Disstrack <a rel=\"mw:WikiLink\" href=\"https:\/\/de.wikipedia.org\/wiki\/Junge_mit_Charakter\" title=\"Junge mit Charakter\" id=\"rdp-we-mwAmQ\" target=\"_new\" class=\"wiki-link\">Junge mit Charakter<\/a>, in dem er seinen ehemaligen Sch\u00fctzling <a rel=\"mw:WikiLink\" href=\"https:\/\/de.wikipedia.org\/wiki\/Nicone\" title=\"Nicone\" id=\"rdp-we-mwAmU\" target=\"_new\" class=\"wiki-link\">Nicone<\/a> als seinen \u201eBimbo\u201c bezeichnete. Daraufhin \u00e4u\u00dferte sich Nicone in seinem Antwort-Track Fanpost 2 beleidigend \u00fcber die Frau von Fler. Sp\u00e4ter sorgte ein Screenshot eines Chatverlaufs f\u00fcr Aufsehen, indem Fler Nicone als \u201eNigga\u201c betitelte. Anschlie\u00dfend ver\u00f6ffentlichte der Rapper <a rel=\"mw:WikiLink\" href=\"https:\/\/de.wikipedia.org\/wiki\/Manuellsen\" title=\"Manuellsen\" id=\"rdp-we-mwAmY\" target=\"_new\" class=\"wiki-link\">Manuellsen<\/a> eine Videobotschaft, in der er Fler verbal attackierte. Letztendlich habe man dann telefoniert und ein gutes Ende gefunden, wie beide Rapper in diversen Interviews erz\u00e4hlten. Anfang 2018 waren beide in der YouTube-Sendung \u201e#DerDiisch\u201c auf hiphop.de zu Gast und sprachen unter anderem auch nochmal \u00fcber dieses Thema \u2013 dieses Mal in harmonischer Art und Weise. In den Jahren darauf kamen sich Manuellsen und Fler immer n\u00e4her und waren auch in Kontakt. Manuellsen meinte Anfang 2020 zudem, dass er sich ein gemeinsames Album mit Fler vorstellen k\u00f6nnte. Nachdem Fler Ende M\u00e4rz 2020 \u201eBeef\u201c mit den K\u00fcnstlern von Bantu Nation hatte, stellte sich Manuellsen jedoch auf die Seite der Bantu Nation und \u201eschoss\u201c gegen Fler. Auf die Sticheleien von Manuellsen reagierte Fler bisher noch nicht.<\/p>\n\n<\/section><section data-mw-section-id=\"16\" id=\"rdp-we-mwAmc\" aria-labelledby=\"Mit_ehemaligen_Maskulin-K\u00fcnstlern_(seit_2013)\"><div class=\"mw-heading mw-heading3\"><h3 id=\"rdp-we-Mit_ehemaligen_Maskulin-K\u00fcnstlern_(seit_2013)\"><span id=\"rdp-we-Mit_ehemaligen_Maskulin-K.C3.BCnstlern_.28seit_2013.29\" typeof=\"mw:FallbackId\"><\/span>Mit ehemaligen Maskulin-K\u00fcnstlern (seit 2013)<\/h3><\/div>\n<div class=\"hintergrundfarbe1 rahmenfarbe1 navigation-not-searchable noprint Vorlage_Belege_fehlen hatnote\" style=\"border-style: solid; border-width: 1px; clear: left;   margin-bottom:1em; margin-top:1em; padding: 0.25em; overflow: hidden; word-break: break-word; word-wrap: break-word; \" about=\"#mwt93\" typeof=\"mw:Transclusion\" id=\"rdp-we-mwAmg\" data-mw='{\"parts\":[{\"template\":{\"target\":{\"wt\":\"Belege fehlen\",\"href\":\".\/Vorlage:Belege_fehlen\"},\"params\":{},\"i\":0}}]}'><div class=\"noviewer noresize\" style=\"display: table-cell; padding-bottom: 0.2em; padding-left: 0.25em; padding-right: 1em; padding-top: 0.2em; vertical-align: middle;\" aria-hidden=\"true\" role=\"presentation\"><span typeof=\"mw:File\" data-mw='{\"caption\":\"Belege\"}'><a href=\"https:\/\/de.wikipedia.org\/wiki\/Wikipedia:Belege\" title=\"Belege\" target=\"_new\" class=\"wiki-link\"><img resource=\"https:\/\/de.wikipedia.org\/wiki\/Datei:Qsicon_Quelle.svg\" src=\"https:\/\/thumb.wikimedia.org\/wikipedia\/commons\/thumb\/b\/b7\/Qsicon_Quelle.svg\/40px-Qsicon_Quelle.svg.png?utm_source=de.wikipedia.org&amp;utm_campaign=parser&amp;utm_content=thumbnail\" decoding=\"async\" loading=\"lazy\" alt=\"\" data-file-type=\"drawing\" height=\"24\" width=\"24\" class=\"mw-file-element\"\/><\/a><\/span><\/div>\n<div style=\"display: table-cell; vertical-align: middle; width: 100%;\">\n<div>\nDieser Artikel oder nachfolgende Abschnitt ist nicht hinreichend mit <a rel=\"mw:WikiLink\" href=\"https:\/\/de.wikipedia.org\/wiki\/Wikipedia:Belege\" title=\"Wikipedia:Belege\" target=\"_new\" class=\"wiki-link\">Belegen<\/a> (beispielsweise <a rel=\"mw:WikiLink\" href=\"https:\/\/de.wikipedia.org\/wiki\/Hilfe:Einzelnachweise\" title=\"Hilfe:Einzelnachweise\" target=\"_new\" class=\"wiki-link\">Einzelnachweisen<\/a>) ausgestattet. Angaben ohne ausreichenden Beleg k\u00f6nnten demn\u00e4chst entfernt werden. Bitte hilf Wikipedia, indem du die Angaben recherchierst und <span style=\"white-space:nowrap\">gute Belege einf\u00fcgst.<\/span><br\/> \n<link rel=\"mw:PageProp\/Category\" href=\".\/Kategorie:Wikipedia:Belege_fehlen\"\/><span class=\"editoronly\" style=\"display:none;\"><\/span><\/div>\n<\/div><\/div>\n<p id=\"rdp-we-mwAmk\">Fler hat bis heute immer wieder gro\u00dfen \u201eBeef\u201c mit so gut wie allen ehemaligen K\u00fcnstlern seines Labels <i id=\"rdp-we-mwAmo\">Maskulin<\/i> sowie K\u00fcnstlern, die dem Label nahe standen, in dessen Umfeld agierten und Songs mit Fler ver\u00f6ffentlichten. Zu diesen K\u00fcnstler z\u00e4hlen Nicone, <a rel=\"mw:WikiLink\" href=\"https:\/\/de.wikipedia.org\/wiki\/Animus_(Rapper)\" title=\"Animus (Rapper)\" id=\"rdp-we-mwAms\" target=\"_new\" class=\"wiki-link\">Animus<\/a>, <a rel=\"mw:WikiLink\" href=\"https:\/\/de.wikipedia.org\/wiki\/Silla_(Rapper)\" title=\"Silla (Rapper)\" id=\"rdp-we-mwAmw\" target=\"_new\" class=\"wiki-link\">Silla<\/a>, <a rel=\"mw:WikiLink\" href=\"https:\/\/de.wikipedia.org\/wiki\/Sentino\" title=\"Sentino\" id=\"rdp-we-mwAm0\" target=\"_new\" class=\"wiki-link\">Sentino<\/a>, <a rel=\"mw:WikiLink\" href=\"https:\/\/de.wikipedia.org\/wiki\/Mortel\" title=\"Mortel\" id=\"rdp-we-mwAm4\" target=\"_new\" class=\"wiki-link\">Mortel<\/a>, <a rel=\"mw:WikiLink\" href=\"https:\/\/de.wikipedia.org\/wiki\/Jalil_(Rapper)\" title=\"Jalil (Rapper)\" id=\"rdp-we-mwAm8\" target=\"_new\" class=\"wiki-link\">Jalil<\/a> und <a rel=\"mw:WikiLink\" href=\"https:\/\/de.wikipedia.org\/wiki\/Mosenu\" title=\"Mosenu\" id=\"rdp-we-mwAnA\" target=\"_new\" class=\"wiki-link\">Mosenu<\/a>. Bis auf den Streit mit Nicone sind alle \u201eBeefs\u201c noch nicht beendet.<\/p>\n\n<p id=\"rdp-we-mwAnE\">Ende M\u00e4rz 2020 eskalierte durch eine Disszeile von Fler gegen Jalil (\u201eIm Apple Store warst du ein Slave, bei mir dann Django Unchained\u201c) der zuvor von beiden Seiten f\u00fcr beendet erkl\u00e4rte \u201eBeef\u201c zwischen Fler und Jalil erneut. Der Grund f\u00fcr die Zeile soll laut Fler gewesen sein, dass Jalil damit gedroht habe, andere Leute auf ihn zu schicken, was er bis heute nicht vergessen habe und womit dieser eine Grenze \u00fcberschritten haben soll. Jalil verneinte dies und widersprach dieser Darstellung. Fler ging in einem Interview auch auf die Rassismusvorw\u00fcrfe gegen ihn, die auch von Jalil kamen, ein und bestritt, dass die Line rassistisch gemeint war. Er sagte unter anderem auch, dass doch kein \u201ewei\u00dfer Rapper\u201c dunkelh\u00e4utige Rapper so gepusht h\u00e4tte wie er, und nannte dabei neben Jalil auch Mortel und die Bantu Nation (das Label um den Rapper <a rel=\"mw:WikiLink\" href=\"https:\/\/de.wikipedia.org\/wiki\/Sugar_MMFK\" title=\"Sugar MMFK\" id=\"rdp-we-mwAnI\" target=\"_new\" class=\"wiki-link\">Sugar MMFK<\/a>) als Beispiel, woraufhin der Konflikt zwischen letzteren Rappern und Fler neu entflammte. Der Rapper Manuellsen bezog in diesem \u201eBeef\u201c Stellung f\u00fcr die Bantu Nation und gegen Fler. Einige Tage sp\u00e4ter ver\u00f6ffentlichte zudem Sentino auf Instagram einen Disstrack gegen Fler.<\/p>\n\n<\/section><\/section><section data-mw-section-id=\"17\" id=\"rdp-we-mwAnM\" aria-labelledby=\"Weitere_Kontroversen\"><div class=\"mw-heading mw-heading2\"><h2 id=\"rdp-we-Weitere_Kontroversen\">Weitere Kontroversen<\/h2><\/div>\n<section data-mw-section-id=\"18\" id=\"rdp-we-mwAnQ\" aria-labelledby=\"Konflikte_mit_dem_Gesetz\"><div class=\"mw-heading mw-heading3\"><h3 id=\"rdp-we-Konflikte_mit_dem_Gesetz\">Konflikte mit dem Gesetz<\/h3><\/div>\n<p id=\"rdp-we-mwAnU\">Fler ist insgesamt 13 Mal rechtskr\u00e4ftig wegen Straftaten verurteilt worden. Bei den betreffenden Delikten handelt es sich unter anderem um <a rel=\"mw:WikiLink\" href=\"https:\/\/de.wikipedia.org\/wiki\/K\u00f6rperverletzung_(Deutschland)\" title=\"K\u00f6rperverletzung (Deutschland)\" id=\"rdp-we-mwAnY\" target=\"_new\" class=\"wiki-link\">K\u00f6rperverletzung<\/a>, <a rel=\"mw:WikiLink\" href=\"https:\/\/de.wikipedia.org\/wiki\/Bedrohung\" title=\"Bedrohung\" id=\"rdp-we-mwAnc\" target=\"_new\" class=\"wiki-link\">Bedrohung<\/a>, <a rel=\"mw:WikiLink\" href=\"https:\/\/de.wikipedia.org\/wiki\/Sachbesch\u00e4digung\" title=\"Sachbesch\u00e4digung\" id=\"rdp-we-mwAng\" target=\"_new\" class=\"wiki-link\">Sachbesch\u00e4digung<\/a>, <a rel=\"mw:WikiLink\" href=\"https:\/\/de.wikipedia.org\/wiki\/Beleidigung_(Deutschland)\" title=\"Beleidigung (Deutschland)\" id=\"rdp-we-mwAnk\" target=\"_new\" class=\"wiki-link\">Beleidigung<\/a> und <a rel=\"mw:WikiLink\" href=\"https:\/\/de.wikipedia.org\/wiki\/Falsche_uneidliche_Aussage\" title=\"Falsche uneidliche Aussage\" id=\"rdp-we-mwAno\" target=\"_new\" class=\"wiki-link\">uneidliche Falschaussage<\/a>.<sup about=\"#mwt95\" class=\"mw-ref reference\" id=\"rdp-we-cite_ref-45\" rel=\"dc:references\" typeof=\"mw:Extension\/ref\" data-mw='{\"name\":\"ref\",\"attrs\":{},\"body\":{\"id\":\"mw-reference-text-cite_note-45\"}}'><a href=\"#cite_note-45\" id=\"rdp-we-mwAns\"><span class=\"mw-reflink-text\" id=\"rdp-we-mwAnw\"><span class=\"cite-bracket\" id=\"rdp-we-mwAn0\">[<\/span>45<span class=\"cite-bracket\" id=\"rdp-we-mwAn4\">]<\/span><\/span><\/a><\/sup><sup about=\"#mwt97\" class=\"mw-ref reference\" id=\"rdp-we-cite_ref-46\" rel=\"dc:references\" typeof=\"mw:Extension\/ref\" data-mw='{\"name\":\"ref\",\"attrs\":{},\"body\":{\"id\":\"mw-reference-text-cite_note-46\"}}'><a href=\"#cite_note-46\" id=\"rdp-we-mwAn8\"><span class=\"mw-reflink-text\" id=\"rdp-we-mwAoA\"><span class=\"cite-bracket\" id=\"rdp-we-mwAoE\">[<\/span>46<span class=\"cite-bracket\" id=\"rdp-we-mwAoI\">]<\/span><\/span><\/a><\/sup> Wegen seiner Vorstrafen wurde Fler in der Vergangenheit eine Einreise in die <a rel=\"mw:WikiLink\" href=\"https:\/\/de.wikipedia.org\/wiki\/Vereinigte_Staaten\" title=\"Vereinigte Staaten\" id=\"rdp-we-mwAoM\" target=\"_new\" class=\"wiki-link\">USA<\/a> verweigert.<sup about=\"#mwt99\" class=\"mw-ref reference\" id=\"rdp-we-cite_ref-47\" rel=\"dc:references\" typeof=\"mw:Extension\/ref\" data-mw='{\"name\":\"ref\",\"attrs\":{},\"body\":{\"id\":\"mw-reference-text-cite_note-47\"}}'><a href=\"#cite_note-47\" id=\"rdp-we-mwAoQ\"><span class=\"mw-reflink-text\" id=\"rdp-we-mwAoU\"><span class=\"cite-bracket\" id=\"rdp-we-mwAoY\">[<\/span>47<span class=\"cite-bracket\" id=\"rdp-we-mwAoc\">]<\/span><\/span><\/a><\/sup> Ende 2014 ver\u00f6ffentlichte Fler auf seiner Facebook-Seite sein <a rel=\"mw:WikiLink\" href=\"https:\/\/de.wikipedia.org\/wiki\/F\u00fchrungszeugnis\" title=\"F\u00fchrungszeugnis\" id=\"rdp-we-mwAog\" target=\"_new\" class=\"wiki-link\">polizeiliches F\u00fchrungszeugnis<\/a>, das diverse Eintragungen enthielt.<sup about=\"#mwt101\" class=\"mw-ref reference\" id=\"rdp-we-cite_ref-48\" rel=\"dc:references\" typeof=\"mw:Extension\/ref\" data-mw='{\"name\":\"ref\",\"attrs\":{},\"body\":{\"id\":\"mw-reference-text-cite_note-48\"}}'><a href=\"#cite_note-48\" id=\"rdp-we-mwAok\"><span class=\"mw-reflink-text\" id=\"rdp-we-mwAoo\"><span class=\"cite-bracket\" id=\"rdp-we-mwAos\">[<\/span>48<span class=\"cite-bracket\" id=\"rdp-we-mwAow\">]<\/span><\/span><\/a><\/sup><\/p>\n\n<p id=\"rdp-we-mwAo0\">Ende 2019 beschimpfte er Polizisten w\u00e4hrend einer Polizeikontrolle und bezeichnete sie mehrfach als \u201eFanboy\u201c oder \u201eSchwanz\u201c. Ein Video dazu landete im Netz und sorgte f\u00fcr ein gro\u00dfes Medienecho. Fler wurde unter anderem seitens der Medien und im Netz vorgeworfen, er habe keinen Respekt vor Polizisten. Fler verneinte dies jedoch und sah sich im Recht. In einem Instagram-Livestream sowie Interview nahm er dazu Stellung und erkl\u00e4rte, dass es bereits eine lange Vorgeschichte zwischen ihm und der Berliner Polizei gebe und bezeichnete dieses und andere Vorgehen der Berliner Polizei gegen ihn als \u201eSchikane\u201c. Die <a rel=\"mw:WikiLink\" href=\"https:\/\/de.wikipedia.org\/wiki\/Polizei_Berlin\" title=\"Polizei Berlin\" id=\"rdp-we-mwAo4\" target=\"_new\" class=\"wiki-link\">Polizei Berlin<\/a> machte sich wegen dieses Vorfalls auf <a rel=\"mw:WikiLink\" href=\"https:\/\/de.wikipedia.org\/wiki\/X_(soziales_Netzwerk)\" title=\"X (soziales Netzwerk)\" id=\"rdp-we-mwAo8\" target=\"_new\" class=\"wiki-link\">Twitter<\/a> mit einer abgewandelten Textzeile von Rapper <a rel=\"mw:WikiLink\" href=\"https:\/\/de.wikipedia.org\/wiki\/Bushido_(Rapper)\" title=\"Bushido (Rapper)\" id=\"rdp-we-mwApA\" target=\"_new\" class=\"wiki-link\">Bushido<\/a> \u00fcber Fler lustig. Dies ist vor allem deswegen bemerkenswert, da Bushido Beef mit Fler hat.<sup about=\"#mwt103\" class=\"mw-ref reference\" id=\"rdp-we-cite_ref-49\" rel=\"dc:references\" typeof=\"mw:Extension\/ref\" data-mw='{\"name\":\"ref\",\"attrs\":{},\"body\":{\"id\":\"mw-reference-text-cite_note-49\"}}'><a href=\"#cite_note-49\" id=\"rdp-we-mwApE\"><span class=\"mw-reflink-text\" id=\"rdp-we-mwApI\"><span class=\"cite-bracket\" id=\"rdp-we-mwApM\">[<\/span>49<span class=\"cite-bracket\" id=\"rdp-we-mwApQ\">]<\/span><\/span><\/a><\/sup><\/p>\n\n<p id=\"rdp-we-mwApU\">Am 10. M\u00e4rz 2020 wurde Fler wegen <a rel=\"mw:WikiLink\" href=\"https:\/\/de.wikipedia.org\/wiki\/Raub\" title=\"Raub\" id=\"rdp-we-mwApY\" target=\"_new\" class=\"wiki-link\">Raub<\/a> und K\u00f6rperverletzung kurzfristig festgenommen, weil er ein Kamerateam von <a rel=\"mw:WikiLink\" href=\"https:\/\/de.wikipedia.org\/wiki\/RTL_Group\" title=\"RTL Group\" id=\"rdp-we-mwApc\" target=\"_new\" class=\"wiki-link\">RTL<\/a>, das ihn aufgrund des Streits zwischen ihm und einigen \u201eFeministinnen\u201c befragen wollte, angegriffen und Teile der Kamera gestohlen haben soll.<sup about=\"#mwt105\" class=\"mw-ref reference\" id=\"rdp-we-cite_ref-50\" rel=\"dc:references\" typeof=\"mw:Extension\/ref\" data-mw='{\"name\":\"ref\",\"attrs\":{},\"body\":{\"id\":\"mw-reference-text-cite_note-50\"}}'><a href=\"#cite_note-50\" id=\"rdp-we-mwApg\"><span class=\"mw-reflink-text\" id=\"rdp-we-mwApk\"><span class=\"cite-bracket\" id=\"rdp-we-mwApo\">[<\/span>50<span class=\"cite-bracket\" id=\"rdp-we-mwAps\">]<\/span><\/span><\/a><\/sup> Fler widersprach der Darstellung von RTL. Laut seiner Version wollte er kein Interview f\u00fchren und habe mehrmals die Reporterin gebeten, ihn und seine Freundin nicht zu filmen. Da diese seiner Forderung nicht nachkam, habe er die Kamera zu Boden geschlagen, worauf ihn zwei Reporter angegriffen haben und so eine Schl\u00e4gerei ausgel\u00f6st wurde.<\/p>\n\n<p id=\"rdp-we-mwApw\">Am 3. M\u00e4rz 2021 verurteilte das Amtsgericht Tiergarten (Berlin) Fler zu einer Haftstrafe von zehn Monaten, die zur Bew\u00e4hrung ausgesetzt wurde. Behandelt wurden insgesamt 17 Vorw\u00fcrfe. Der Amtsrichter wertete die meisten Taten zwar als \u201e<a rel=\"mw:WikiLink\" href=\"https:\/\/de.wikipedia.org\/wiki\/Bagatelldelikt\" title=\"Bagatelldelikt\" id=\"rdp-we-mwAp0\" target=\"_new\" class=\"wiki-link\">Bagatellkriminalit\u00e4t<\/a>\u201c, Losenskys Verhalten einem Journalisten gegen\u00fcber aber als ein \u201eabsolutes No-Go\u201c. Der Rapper hatte, weil ihm ein Artikel nicht gefiel, dem Autor einen \u201eHausbesuch\u201c angedroht.<sup about=\"#mwt107\" class=\"mw-ref reference\" id=\"rdp-we-cite_ref-51\" rel=\"dc:references\" typeof=\"mw:Extension\/ref\" data-mw='{\"name\":\"ref\",\"attrs\":{},\"body\":{\"id\":\"mw-reference-text-cite_note-51\"}}'><a href=\"#cite_note-51\" id=\"rdp-we-mwAp4\"><span class=\"mw-reflink-text\" id=\"rdp-we-mwAp8\"><span class=\"cite-bracket\" id=\"rdp-we-mwAqA\">[<\/span>51<span class=\"cite-bracket\" id=\"rdp-we-mwAqE\">]<\/span><\/span><\/a><\/sup><\/p>\n\n<\/section><section data-mw-section-id=\"19\" id=\"rdp-we-mwAqI\" aria-labelledby=\"Vorwurf_der_Frauenfeindlichkeit\"><div class=\"mw-heading mw-heading3\"><h3 id=\"rdp-we-Vorwurf_der_Frauenfeindlichkeit\">Vorwurf der Frauenfeindlichkeit<\/h3><\/div>\n<p id=\"rdp-we-mwAqM\">Fler wurde von Medien und einzelnen Personen bereits mehrfach Frauenfeindlichkeit und Sexismus in seinen Liedern vorgeworfen. Im Jahr 2013 \u00e4u\u00dferte sich Fler despektierlich, nachdem seine ehemalige Lebensgef\u00e4hrtin, die Radiomoderatorin Sophia Dinu, Nacktfotos im Magazin <i id=\"rdp-we-mwAqQ\"><a rel=\"mw:WikiLink\" href=\"https:\/\/de.wikipedia.org\/wiki\/Playboy_(Magazin)\" title=\"Playboy (Magazin)\" id=\"rdp-we-mwAqU\" target=\"_new\" class=\"wiki-link\">Playboy<\/a><\/i> ver\u00f6ffentlicht hatte. Er beschimpfte sie \u00f6ffentlich als \u201eVollblutschlampe\u201c.<sup about=\"#mwt109\" class=\"mw-ref reference\" id=\"rdp-we-cite_ref-52\" rel=\"dc:references\" typeof=\"mw:Extension\/ref\" data-mw='{\"name\":\"ref\",\"attrs\":{},\"body\":{\"id\":\"mw-reference-text-cite_note-52\"}}'><a href=\"#cite_note-52\" id=\"rdp-we-mwAqY\"><span class=\"mw-reflink-text\" id=\"rdp-we-mwAqc\"><span class=\"cite-bracket\" id=\"rdp-we-mwAqg\">[<\/span>52<span class=\"cite-bracket\" id=\"rdp-we-mwAqk\">]<\/span><\/span><\/a><\/sup><sup about=\"#mwt112\" class=\"mw-ref reference\" id=\"rdp-we-cite_ref-53\" rel=\"dc:references\" typeof=\"mw:Extension\/ref\" data-mw='{\"name\":\"ref\",\"attrs\":{},\"body\":{\"id\":\"mw-reference-text-cite_note-53\"}}'><a href=\"#cite_note-53\" id=\"rdp-we-mwAqo\"><span class=\"mw-reflink-text\" id=\"rdp-we-mwAqs\"><span class=\"cite-bracket\" id=\"rdp-we-mwAqw\">[<\/span>53<span class=\"cite-bracket\" id=\"rdp-we-mwAq0\">]<\/span><\/span><\/a><\/sup> Zuvor hatte er sie bereits in den Liedern <i id=\"rdp-we-mwAq4\">Komm klar, Spa\u00dft!<\/i> und <i id=\"rdp-we-mwAq8\">Alles gefickt<\/i> verunglimpft. In einem 2013 ver\u00f6ffentlichten Interview erkl\u00e4rte er, bei der Produktion des Videoclips zu seinem St\u00fcck \u201ePheromone\u201c, in dem er mit zwei nackten M\u00e4dchen im Bett zu sehen ist, habe man \u201eauch viel Wert darauf gelegt, dass die M\u00e4dels da gut bei weg kamen\u201c.<sup about=\"#mwt114\" class=\"mw-ref reference\" id=\"rdp-we-cite_ref-54\" rel=\"dc:references\" typeof=\"mw:Extension\/ref\" data-mw='{\"name\":\"ref\",\"attrs\":{},\"body\":{\"id\":\"mw-reference-text-cite_note-54\"}}'><a href=\"#cite_note-54\" id=\"rdp-we-mwArA\"><span class=\"mw-reflink-text\" id=\"rdp-we-mwArE\"><span class=\"cite-bracket\" id=\"rdp-we-mwArI\">[<\/span>54<span class=\"cite-bracket\" id=\"rdp-we-mwArM\">]<\/span><\/span><\/a><\/sup><\/p>\n\n<p id=\"rdp-we-mwArQ\">Im M\u00e4rz 2020 kam es \u00fcber <a rel=\"mw:WikiLink\" href=\"https:\/\/de.wikipedia.org\/wiki\/Soziale_Medien\" title=\"Soziale Medien\" id=\"rdp-we-mwArU\" target=\"_new\" class=\"wiki-link\">soziale Medien<\/a> zu einem Streit zwischen Fler und einigen Personen. Hintergrund ist eine Kampagne der feministischen Menschenrechtsorganisation <a rel=\"mw:WikiLink\" href=\"https:\/\/de.wikipedia.org\/wiki\/Terre_des_Femmes\" title=\"Terre des Femmes\" id=\"rdp-we-mwArY\" target=\"_new\" class=\"wiki-link\">Terre des Femmes<\/a>. In einem Video lasen einige Frauen Rapzeilen von unterschiedlichen Rappern vor, die laut der Organisation sexistisch und problematisch seien, darunter auch die Rapzeile \u201eWill keine Frauen, ich will Hoes, sie m\u00fcssen blasen wie Pros\u201c aus Fler\u2018s Lied <i id=\"rdp-we-mwArc\">Fame<\/i>. Nachdem eine Feministin, die im Video zu sehen war, Fler kritisierte und ihn dabei via Instagram verlinkte, entwickelte sich ein Streit zwischen Fler und der Frau mit gegenseitigen Beleidigungen. Fler setzte zudem 2000 Euro als Belohnung f\u00fcr den Fall, dass jemand die Frau zu ihm \u201eranbringe\u201c, aus. Es ist nicht das erste Mal, dass Fler diese Art von <a rel=\"mw:WikiLink\" href=\"https:\/\/de.wikipedia.org\/wiki\/Kopfgeld\" title=\"Kopfgeld\" id=\"rdp-we-mwArg\" target=\"_new\" class=\"wiki-link\">Kopfgeld<\/a> auf jemanden aussetzt. Nachdem sich der Comedian <a rel=\"mw:WikiLink\" href=\"https:\/\/de.wikipedia.org\/wiki\/Shahak_Shapira\" title=\"Shahak Shapira\" id=\"rdp-we-mwArk\" target=\"_new\" class=\"wiki-link\">Shahak Shapira<\/a> eingeschaltet hatte und sich ein Streit zwischen beiden entwickelte, drohte Fler diesem unter anderem Gewalt an.<sup about=\"#mwt115\" class=\"mw-ref reference\" id=\"rdp-we-cite_ref-55\" rel=\"dc:references\" typeof=\"mw:Extension\/ref\" data-mw='{\"name\":\"ref\",\"attrs\":{},\"body\":{\"id\":\"mw-reference-text-cite_note-55\"}}'><a href=\"#cite_note-55\" id=\"rdp-we-mwAro\"><span class=\"mw-reflink-text\" id=\"rdp-we-mwArs\"><span class=\"cite-bracket\" id=\"rdp-we-mwArw\">[<\/span>55<span class=\"cite-bracket\" id=\"rdp-we-mwAr0\">]<\/span><\/span><\/a><\/sup><\/p>\n\n<\/section><section data-mw-section-id=\"20\" id=\"rdp-we-mwAr4\" aria-labelledby=\"Haltung_gegen\u00fcber_Deutschland\"><div class=\"mw-heading mw-heading3\"><h3 id=\"rdp-we-Haltung_gegen\u00fcber_Deutschland\"><span id=\"rdp-we-Haltung_gegen.C3.BCber_Deutschland\" typeof=\"mw:FallbackId\"><\/span>Haltung gegen\u00fcber Deutschland<\/h3><\/div>\n<p id=\"rdp-we-mwAr8\">Bereits f\u00fcr sein Deb\u00fctalbum bekam Fler Kritik, da auf seiner ersten Ver\u00f6ffentlichung patriotische Texte zu h\u00f6ren waren. Es wurde ihm vorgeworfen, mit <a rel=\"mw:WikiLink\" href=\"https:\/\/de.wikipedia.org\/wiki\/Neonazismus\" title=\"Neonazismus\" id=\"rdp-we-mwAsA\" target=\"_new\" class=\"wiki-link\">neonazistischem<\/a> Gedankengut zu kokettieren. Dies resultierte aus Texten wie \u201eDas ist Schwarz-Rot-Gold, hart und stolz\u201c (aus: <i id=\"rdp-we-mwAsE\">Neue Deutsche Welle<\/i>), verschiedenen Symbolen wie dem <a rel=\"mw:WikiLink\" href=\"https:\/\/de.wikipedia.org\/wiki\/Bundeswappen_Deutschlands\" title=\"Bundeswappen Deutschlands\" id=\"rdp-we-mwAsI\" target=\"_new\" class=\"wiki-link\">Bundesadler<\/a> in seinen Videos sowie seiner Selbststilisierung als deutsche Minderheit im Hip-Hop.<sup about=\"#mwt117\" class=\"mw-ref reference\" id=\"rdp-we-cite_ref-56\" rel=\"dc:references\" typeof=\"mw:Extension\/ref\" data-mw='{\"name\":\"ref\",\"attrs\":{},\"body\":{\"id\":\"mw-reference-text-cite_note-56\"}}'><a href=\"#cite_note-56\" id=\"rdp-we-mwAsM\"><span class=\"mw-reflink-text\" id=\"rdp-we-mwAsQ\"><span class=\"cite-bracket\" id=\"rdp-we-mwAsU\">[<\/span>56<span class=\"cite-bracket\" id=\"rdp-we-mwAsY\">]<\/span><\/span><\/a><\/sup><sup about=\"#mwt120\" class=\"mw-ref reference\" id=\"rdp-we-cite_ref-57\" rel=\"dc:references\" typeof=\"mw:Extension\/ref\" data-mw='{\"name\":\"ref\",\"attrs\":{},\"body\":{\"id\":\"mw-reference-text-cite_note-57\"}}'><a href=\"#cite_note-57\" id=\"rdp-we-mwAsc\"><span class=\"mw-reflink-text\" id=\"rdp-we-mwAsg\"><span class=\"cite-bracket\" id=\"rdp-we-mwAsk\">[<\/span>57<span class=\"cite-bracket\" id=\"rdp-we-mwAso\">]<\/span><\/span><\/a><\/sup><\/p>\n\n<p id=\"rdp-we-mwAss\">Fler selbst zeigte sich best\u00fcrzt auf Grund der Vorw\u00fcrfe und erkl\u00e4rte, dass er auf keinen Fall ein Neonazi sei, er solche Menschen verabscheue und weiterhin nichts mit ihnen zu tun haben m\u00f6chte. Dazu \u00e4u\u00dferte er sich unter anderem in einem 2013 erschienenen Interview:<\/p>\n\n<div class=\"Vorlage_Zitat\" style=\"margin:1em 40px;\" about=\"#mwt121\" typeof=\"mw:Transclusion\" id=\"rdp-we-mwAsw\" data-mw='{\"parts\":[{\"template\":{\"target\":{\"wt\":\"Zitat\\n \",\"href\":\".\/Vorlage:Zitat\"},\"params\":{\"Text\":{\"wt\":\"Die Nazi-Vorw\u00fcrfe kamen damals vom Stern und vom Spiegel durch diese Ahnungslosigkeit. Die Leute haben keinen Plan vom Rap, die haben keinen Plan aus welchem Umfeld ich komme, die wissen nicht, dass ich mit 90 Prozent Ausl\u00e4ndern in meinem Freundeskreis zu tun habe. [\u2026] Die Leute haben das nat\u00fcrlich in den falschen Hals bekommen. Die haben halt einen jungen Typen gesehen mit einer Deutschlandfahne, wie er rappt \u201aNeue deutsche Welle\u2018 und da kam dann gleich der Nazi-Bezug.\"},\"Autor\":{\"wt\":\"Interview mit dem Portal tikonline.de am 19. Mai 2013&lt;ref name=\\\"tikonline1\\\">[http:\/\/www.tikonline.de\/star-news\/top-stories\/152784\/fler-das-sagt-er-zu-den-nazi-vorwuerfen.html &apos;&apos;Fler: Das sagt er zu den Nazi-Vorw\u00fcrfen&apos;&apos;.] TIKonline.de, 19. Mai 2013.&lt;\/ref>\"}},\"i\":0}}]}'>\n<div style=\"margin:1em 0;\"><blockquote style=\"margin:0;\">\n<p>\u201eDie Nazi-Vorw\u00fcrfe kamen damals vom Stern und vom Spiegel durch diese Ahnungslosigkeit. Die Leute haben keinen Plan vom Rap, die haben keinen Plan aus welchem Umfeld ich komme, die wissen nicht, dass ich mit 90 Prozent Ausl\u00e4ndern in meinem Freundeskreis zu tun habe. [\u2026] Die Leute haben das nat\u00fcrlich in den falschen Hals bekommen. Die haben halt einen jungen Typen gesehen mit einer Deutschlandfahne, wie er rappt \u201aNeue deutsche Welle\u2018 und da kam dann gleich der Nazi-Bezug.\u201c<\/p>\n<\/blockquote>\n<\/div><div class=\"cite\" style=\"margin:-1em 0 1em 1em;\">\u2013 <span class=\"Person h-card\">Interview mit dem Portal tikonline.de am 19. Mai 2013<sup about=\"#mwt123\" class=\"mw-ref reference\" id=\"rdp-we-cite_ref-tikonline1_58-0\" rel=\"dc:references\" typeof=\"mw:Extension\/ref\" data-mw='{\"name\":\"ref\",\"attrs\":{\"name\":\"tikonline1\"},\"body\":{\"id\":\"mw-reference-text-cite_note-tikonline1-58\"}}'><a href=\"#cite_note-tikonline1-58\" id=\"rdp-we-mwAs0\"><span class=\"mw-reflink-text\" id=\"rdp-we-mwAs4\"><span class=\"cite-bracket\" id=\"rdp-we-mwAs8\">[<\/span>58<span class=\"cite-bracket\" id=\"rdp-we-mwAtA\">]<\/span><\/span><\/a><\/sup><\/span><\/div><\/div>\n\n<p id=\"rdp-we-mwAtE\">Au\u00dferdem erl\u00e4uterte er seine Stellung als <a rel=\"mw:WikiLink\" href=\"https:\/\/de.wikipedia.org\/wiki\/Patriotismus\" title=\"Patriotismus\" id=\"rdp-we-mwAtI\" target=\"_new\" class=\"wiki-link\">Patriot<\/a> in Deutschland:<\/p>\n\n<div class=\"Vorlage_Zitat\" style=\"margin:1em 40px;\" about=\"#mwt125\" typeof=\"mw:Transclusion\" id=\"rdp-we-mwAtM\" data-mw='{\"parts\":[{\"template\":{\"target\":{\"wt\":\"Zitat\\n \",\"href\":\".\/Vorlage:Zitat\"},\"params\":{\"Text\":{\"wt\":\"Deutschland ist f\u00fcr mich, wenn es darum geht, ein riesen Problemkind. Die Leute sollten sich mehr dar\u00fcber Gedanken machen, wie man nach vorne blickt und warum es nicht in Ordnung ist, dass man im Video keine deutsche Fahne zeigen darf. Weil das ist das Normalste von der Welt. [\u2026] Ich war lange Zeit in Amerika und von den Deutschen wird nur gut gesprochen, aber die Deutschen reden von sich selbst nie gut. Da bin ich traurig dr\u00fcber, dass Deutschland sich nicht selber auf die Schulter klopft und sagt, wir sind ein gutes Land, lasst uns das mal mehr feiern. Es geht hier viel um dieses schlechte Gewissen.\"},\"Autor\":{\"wt\":\"Interview mit dem Portal tikonline.de am 27. Mai 2013&lt;ref name=\\\"tikonline2\\\">[http:\/\/www.tikonline.de\/star-news\/top-stories\/380896\/fler-verbesserungsvorschlaege-fuer-merkel.html &apos;&apos;Fler: Verbesserungsvorschl\u00e4ge f\u00fcr Merkel&apos;&apos;.] TIKonline.de, 27. Mai 2013.&lt;\/ref>\"}},\"i\":0}}]}'>\n<div style=\"margin:1em 0;\"><blockquote style=\"margin:0;\">\n<p>\u201eDeutschland ist f\u00fcr mich, wenn es darum geht, ein riesen Problemkind. Die Leute sollten sich mehr dar\u00fcber Gedanken machen, wie man nach vorne blickt und warum es nicht in Ordnung ist, dass man im Video keine deutsche Fahne zeigen darf. Weil das ist das Normalste von der Welt. [\u2026] Ich war lange Zeit in Amerika und von den Deutschen wird nur gut gesprochen, aber die Deutschen reden von sich selbst nie gut. Da bin ich traurig dr\u00fcber, dass Deutschland sich nicht selber auf die Schulter klopft und sagt, wir sind ein gutes Land, lasst uns das mal mehr feiern. Es geht hier viel um dieses schlechte Gewissen.\u201c<\/p>\n<\/blockquote>\n<\/div><div class=\"cite\" style=\"margin:-1em 0 1em 1em;\">\u2013 <link rel=\"mw-deduplicated-inline-style\" href=\"mw-data:TemplateStyles:r261921330\" about=\"#mwt126\" typeof=\"mw:Extension\/templatestyles\" data-mw='{\"name\":\"templatestyles\",\"attrs\":{\"src\":\"Person\/styles.css\"}}'\/><span class=\"Person h-card\">Interview mit dem Portal tikonline.de am 27. Mai 2013<sup about=\"#mwt127\" class=\"mw-ref reference\" id=\"rdp-we-cite_ref-tikonline2_59-0\" rel=\"dc:references\" typeof=\"mw:Extension\/ref\" data-mw='{\"name\":\"ref\",\"attrs\":{\"name\":\"tikonline2\"},\"body\":{\"id\":\"mw-reference-text-cite_note-tikonline2-59\"}}'><a href=\"#cite_note-tikonline2-59\" id=\"rdp-we-mwAtQ\"><span class=\"mw-reflink-text\" id=\"rdp-we-mwAtU\"><span class=\"cite-bracket\" id=\"rdp-we-mwAtY\">[<\/span>59<span class=\"cite-bracket\" id=\"rdp-we-mwAtc\">]<\/span><\/span><\/a><\/sup><\/span><\/div><\/div>\n\n<p id=\"rdp-we-mwAtg\">Anfang 2013 erkl\u00e4rte er, in die <a rel=\"mw:WikiLink\" href=\"https:\/\/de.wikipedia.org\/wiki\/Vereinigte_Staaten\" title=\"Vereinigte Staaten\" id=\"rdp-we-mwAtk\" target=\"_new\" class=\"wiki-link\">Vereinigten Staaten<\/a> auswandern zu wollen.<sup about=\"#mwt131\" class=\"mw-ref reference\" id=\"rdp-we-cite_ref-60\" rel=\"dc:references\" typeof=\"mw:Extension\/ref\" data-mw='{\"name\":\"ref\",\"attrs\":{},\"body\":{\"id\":\"mw-reference-text-cite_note-60\"}}'><a href=\"#cite_note-60\" id=\"rdp-we-mwAto\"><span class=\"mw-reflink-text\" id=\"rdp-we-mwAts\"><span class=\"cite-bracket\" id=\"rdp-we-mwAtw\">[<\/span>60<span class=\"cite-bracket\" id=\"rdp-we-mwAt0\">]<\/span><\/span><\/a><\/sup> Er gab an, bereits eine <a rel=\"mw:WikiLink\" href=\"https:\/\/de.wikipedia.org\/wiki\/United_States_Permanent_Resident_Card\" title=\"United States Permanent Resident Card\" id=\"rdp-we-mwAt4\" target=\"_new\" class=\"wiki-link\">Green Card<\/a> zu besitzen. Die Auswanderung scheiterte jedoch aufgrund seiner dreij\u00e4hrigen Bew\u00e4hrungsstrafe.<sup about=\"#mwt134\" class=\"mw-ref reference\" id=\"rdp-we-cite_ref-61\" rel=\"dc:references\" typeof=\"mw:Extension\/ref\" data-mw='{\"name\":\"ref\",\"attrs\":{},\"body\":{\"id\":\"mw-reference-text-cite_note-61\"}}'><a href=\"#cite_note-61\" id=\"rdp-we-mwAt8\"><span class=\"mw-reflink-text\" id=\"rdp-we-mwAuA\"><span class=\"cite-bracket\" id=\"rdp-we-mwAuE\">[<\/span>61<span class=\"cite-bracket\" id=\"rdp-we-mwAuI\">]<\/span><\/span><\/a><\/sup><\/p>\n\n<\/section><\/section><section data-mw-section-id=\"21\" id=\"rdp-we-mwAuM\" aria-labelledby=\"Stil\"><div class=\"mw-heading mw-heading2\"><h2 id=\"rdp-we-Stil\">Stil<\/h2><\/div>\n<p id=\"rdp-we-mwAuQ\">Zu Flers anf\u00e4nglichen Vorbildern z\u00e4hlten <a rel=\"mw:WikiLink\" href=\"https:\/\/de.wikipedia.org\/wiki\/Mobb_Deep\" title=\"Mobb Deep\" id=\"rdp-we-mwAuU\" target=\"_new\" class=\"wiki-link\">Mobb Deep<\/a>, <a rel=\"mw:WikiLink\" href=\"https:\/\/de.wikipedia.org\/wiki\/50_Cent\" title=\"50 Cent\" id=\"rdp-we-mwAuY\" target=\"_new\" class=\"wiki-link\">50 Cent<\/a>, <a rel=\"mw:WikiLink\" href=\"https:\/\/de.wikipedia.org\/wiki\/Lunatic\" title=\"Lunatic\" id=\"rdp-we-mwAuc\" target=\"_new\" class=\"wiki-link\">Lunatic<\/a>, <a rel=\"mw:WikiLink\" href=\"https:\/\/de.wikipedia.org\/wiki\/The_Game_(Rapper)\" title=\"The Game (Rapper)\" id=\"rdp-we-mwAug\" target=\"_new\" class=\"wiki-link\">The Game<\/a>, <a rel=\"mw:WikiLink\" href=\"https:\/\/de.wikipedia.org\/wiki\/Eminem\" title=\"Eminem\" id=\"rdp-we-mwAuk\" target=\"_new\" class=\"wiki-link\">Eminem<\/a> und <a rel=\"mw:WikiLink\" href=\"https:\/\/de.wikipedia.org\/wiki\/Juelz_Santana\" title=\"Juelz Santana\" id=\"rdp-we-mwAuo\" target=\"_new\" class=\"wiki-link\">Juelz Santana<\/a>. Seit 2012 orientiert er sich teilweise auch am sogenannten <a rel=\"mw:WikiLink\" href=\"https:\/\/de.wikipedia.org\/wiki\/Down_South\" title=\"Down South\" id=\"rdp-we-mwAus\" target=\"_new\" class=\"wiki-link\">S\u00fcdstaaten-Rap<\/a>, wobei er sich dabei verst\u00e4rkt auf die Genres <a rel=\"mw:WikiLink\" href=\"https:\/\/de.wikipedia.org\/wiki\/Trap_(Musikstil)\" title=\"Trap (Musikstil)\" id=\"rdp-we-mwAuw\" target=\"_new\" class=\"wiki-link\">Trap<\/a> und <a rel=\"mw:WikiLink\" href=\"https:\/\/de.wikipedia.org\/wiki\/Crunk\" title=\"Crunk\" id=\"rdp-we-mwAu0\" target=\"_new\" class=\"wiki-link\">Crunk<\/a> konzentriert. Zu den Vorbildern dieses Stils z\u00e4hlen neben <a rel=\"mw:WikiLink\" href=\"https:\/\/de.wikipedia.org\/wiki\/Booba\" title=\"Booba\" id=\"rdp-we-mwAu4\" target=\"_new\" class=\"wiki-link\">Booba<\/a>, <a rel=\"mw:WikiLink\" href=\"https:\/\/de.wikipedia.org\/wiki\/Rick_Ross\" title=\"Rick Ross\" id=\"rdp-we-mwAu8\" target=\"_new\" class=\"wiki-link\">Rick Ross<\/a> und <a rel=\"mw:WikiLink\" href=\"https:\/\/de.wikipedia.org\/wiki\/French_Montana\" title=\"French Montana\" id=\"rdp-we-mwAvA\" target=\"_new\" class=\"wiki-link\">French Montana<\/a> auch Rapper wie <a rel=\"mw:WikiLink\" href=\"https:\/\/de.wikipedia.org\/wiki\/2_Chainz\" title=\"2 Chainz\" id=\"rdp-we-mwAvE\" target=\"_new\" class=\"wiki-link\">2 Chainz<\/a>, <a rel=\"mw:WikiLink\" href=\"https:\/\/de.wikipedia.org\/wiki\/Birdman\" title=\"Birdman\" id=\"rdp-we-mwAvI\" target=\"_new\" class=\"wiki-link\">Birdman<\/a> und <a rel=\"mw:WikiLink\" href=\"https:\/\/de.wikipedia.org\/wiki\/Lil_Wayne\" title=\"Lil Wayne\" id=\"rdp-we-mwAvM\" target=\"_new\" class=\"wiki-link\">Lil Wayne<\/a>.<\/p>\n\n<p id=\"rdp-we-mwAvQ\">Themen seiner Texte sind neben den typischen Gangsta- und Battle-Rap-Inhalten auch seine Einzelg\u00e4nger-Attit\u00fcde sowie sein Leben in <a rel=\"mw:WikiLink\" href=\"https:\/\/de.wikipedia.org\/wiki\/Berlin\" title=\"Berlin\" id=\"rdp-we-mwAvU\" target=\"_new\" class=\"wiki-link\">Berlin<\/a>. Zudem widmet er sich teilweise auch Texten \u00fcber seine Vergangenheit oder auch \u00fcber Reichtum und Luxusg\u00fcter.<\/p>\n\n<\/section><section data-mw-section-id=\"22\" id=\"rdp-we-mwAvY\" aria-labelledby=\"Diskografie\"><div class=\"mw-heading mw-heading2\"><h2 id=\"rdp-we-Diskografie\">Diskografie<\/h2><\/div>\n<span class=\"mw-empty-elt\" about=\"#mwt135\" typeof=\"mw:Transclusion\" id=\"rdp-we-mwAvc\" data-mw='{\"parts\":[{\"template\":{\"target\":{\"wt\":\"Eingebundene Diskografie\",\"href\":\".\/Vorlage:Eingebundene_Diskografie\"},\"params\":{\"1\":{\"wt\":\"Fler\/Diskografie\"},\"\u00dcberschrift\":{\"wt\":\"Studioalben\"}},\"i\":0}}]}'><\/span><div class=\"hauptartikel\" role=\"navigation\" about=\"#mwt135\"><span class=\"hauptartikel-pfeil\" title=\"siehe\" aria-hidden=\"true\" role=\"presentation\">\u2192<span typeof=\"mw:Entity\">\u00a0<\/span><\/span><i><span class=\"hauptartikel-text\">Hauptartikel<\/span>: <a rel=\"mw:WikiLink\" href=\"https:\/\/de.wikipedia.org\/wiki\/Fler\/Diskografie\" title=\"Fler\/Diskografie\" target=\"_new\" class=\"wiki-link\">Fler\/Diskografie<\/a><\/i><\/div><p about=\"#mwt135\"><b>Studioalben<\/b>\n<link rel=\"mw-deduplicated-inline-style\" href=\"mw-data:TemplateStyles:r269045146\" about=\"#mwt137\" typeof=\"mw:Extension\/templatestyles\" data-mw='{\"name\":\"templatestyles\",\"attrs\":{\"src\":\"Vorlage:Charttabelle\/styles.css\"},\"body\":{\"extsrc\":\"\"}}'\/><\/p><table class=\"wikitable charts-table charts-stickyhead charts-zebragrey\" style=\"text-align:center;\" about=\"#mwt135\">\n<tbody><tr>\n<th style=\"width:25px;\" class=\"charts-th charts-trh\" rowspan=\"2\">Jahr<\/th>\n<th style=\"width:250px;\" class=\"charts-th charts-trh\" rowspan=\"2\">Titel<br\/><span style=\"font-size:smaller;font-style:italic;\">Musiklabel<\/span><\/th>\n<th class=\"charts-th\" colspan=\"3\"><span style=\"white-space:nowrap;\"><span class=\"charts-hm charts-cc\"><span class=\"charts-ct\">H\u00f6chstplatzierung, Gesamtwochen, Auszeichnung<i><\/i><\/span>Chartplatzierungen<\/span><span class=\"charts-mo\">Chartplatzierungen<\/span><span style=\"display:none\"><a rel=\"mw:WikiLink\" href=\"https:\/\/de.wikipedia.org\/wiki\/Vorlage:Charttabelle\/Wartung\/ohne_Quellen?action=edit&redlink=1\" title=\"Vorlage:Charttabelle\/Wartung\/ohne Quellen (Seite nicht vorhanden)\" class=\"new wiki-link\" typeof=\"mw:LocalizedAttrs\" data-mw-i18n='{\"title\":{\"lang\":\"x-page\",\"key\":\"red-link-title\",\"params\":[\"Vorlage:Charttabelle\/Wartung\/ohne Quellen\"]}}' target=\"_new\">Template:Charttabelle\/Wartung\/ohne Quellen<\/a><\/span><\/span><span class=\"charts-mo charts-mh\"><br\/>(Jahr, Titel, <i>Musiklabel<\/i>, Plat<span typeof=\"mw:Entity\">\u00ad<\/span>zie<span typeof=\"mw:Entity\">\u00ad<\/span>rungen, Wo<span typeof=\"mw:Entity\">\u00ad<\/span>chen, Aus<span typeof=\"mw:Entity\">\u00ad<\/span>zeich<span typeof=\"mw:Entity\">\u00ad<\/span>nungen, Anmer<span typeof=\"mw:Entity\">\u00ad<\/span>kungen)<\/span><\/th>\n<th style=\"width:320px;\" class=\"charts-th charts-trh\" rowspan=\"2\">Anmer<span typeof=\"mw:Entity\">\u00ad<\/span>kungen<\/th><\/tr>\n<tr class=\"charts-trh\">\n<th style=\"width:52px;\" class=\"charts-th\"><span typeof=\"mw:File\" data-mw='{\"caption\":\"DE\"}'><a href=\"https:\/\/de.wikipedia.org\/wiki\/Deutsche_Albumcharts\" title=\"DE\" target=\"_new\" class=\"wiki-link\"><img resource=\"https:\/\/de.wikipedia.org\/wiki\/Datei:Flag_of_Germany.svg\" src=\"https:\/\/thumb.wikimedia.org\/wikipedia\/commons\/thumb\/b\/ba\/Flag_of_Germany.svg\/20px-Flag_of_Germany.svg.png?utm_source=de.wikipedia.org&amp;utm_campaign=parser&amp;utm_content=thumbnail\" decoding=\"async\" loading=\"lazy\" alt=\"\" data-file-type=\"drawing\" height=\"12\" width=\"20\" class=\"mw-file-element\"\/><\/a><\/span><span typeof=\"mw:Entity\">\u00a0<\/span><a rel=\"mw:WikiLink\" href=\"https:\/\/de.wikipedia.org\/wiki\/Deutsche_Albumcharts\" title=\"Deutsche Albumcharts\" target=\"_new\" class=\"wiki-link\">DE<\/a><\/th>\n<th style=\"width:52px;\" class=\"charts-th\"><span typeof=\"mw:File\" data-mw='{\"caption\":\"AT\"}'><a href=\"https:\/\/de.wikipedia.org\/wiki\/\u00d63_Austria_Top_40\" title=\"AT\" target=\"_new\" class=\"wiki-link\"><img resource=\"https:\/\/de.wikipedia.org\/wiki\/Datei:Flag_of_Austria.svg\" src=\"https:\/\/thumb.wikimedia.org\/wikipedia\/commons\/thumb\/4\/41\/Flag_of_Austria.svg\/20px-Flag_of_Austria.svg.png?utm_source=de.wikipedia.org&amp;utm_campaign=parser&amp;utm_content=thumbnail\" decoding=\"async\" loading=\"lazy\" alt=\"\" data-file-type=\"drawing\" height=\"13\" width=\"20\" class=\"mw-file-element\"\/><\/a><\/span><span typeof=\"mw:Entity\">\u00a0<\/span><a rel=\"mw:WikiLink\" href=\"https:\/\/de.wikipedia.org\/wiki\/\u00d63_Austria_Top_40\" title=\"\u00d63 Austria Top 40\" target=\"_new\" class=\"wiki-link\">AT<\/a><\/th>\n<th style=\"width:52px;\" class=\"charts-th\"><span typeof=\"mw:File\" data-mw='{\"caption\":\"CH\"}'><a href=\"https:\/\/de.wikipedia.org\/wiki\/Schweizer_Hitparade\" title=\"CH\" target=\"_new\" class=\"wiki-link\"><img resource=\"https:\/\/de.wikipedia.org\/wiki\/Datei:Flag_of_Switzerland_within_2to3.svg\" src=\"https:\/\/thumb.wikimedia.org\/wikipedia\/commons\/thumb\/e\/e3\/Flag_of_Switzerland_within_2to3.svg\/20px-Flag_of_Switzerland_within_2to3.svg.png?utm_source=de.wikipedia.org&amp;utm_campaign=parser&amp;utm_content=thumbnail\" decoding=\"async\" loading=\"lazy\" alt=\"\" data-file-type=\"drawing\" height=\"13\" width=\"20\" class=\"mw-file-element\"\/><\/a><\/span><span typeof=\"mw:Entity\">\u00a0<\/span><a rel=\"mw:WikiLink\" href=\"https:\/\/de.wikipedia.org\/wiki\/Schweizer_Hitparade\" title=\"Schweizer Hitparade\" target=\"_new\" class=\"wiki-link\">CH<\/a><\/th><\/tr>\n \n<tr> \n <td class=\"charts-yy\">2005<\/td>\n<td><a rel=\"mw:WikiLink\" href=\"https:\/\/de.wikipedia.org\/wiki\/Neue_Deutsche_Welle_(Album)\" title=\"Neue Deutsche Welle (Album)\" target=\"_new\" class=\"wiki-link\">Neue Deutsche Welle<\/a><br\/><span class=\"charts-add\"><a rel=\"mw:WikiLink\" href=\"https:\/\/de.wikipedia.org\/wiki\/Aggro_Berlin\" title=\"Aggro Berlin\" target=\"_new\" class=\"wiki-link\">Aggro Berlin<\/a> (AB)<\/span><\/td>\n<td><span class=\"charts-mc\"><a rel=\"mw:WikiLink\" href=\"https:\/\/de.wikipedia.org\/wiki\/Deutsche_Albumcharts\" title=\"Deutsche Albumcharts\" target=\"_new\" class=\"wiki-link\">DE<\/a><\/span>5<br class=\"charts-hm\"\/><span class=\"charts-mo\"> <\/span><span style=\"font-size:smaller;\">(16 Wo.)<\/span><span class=\"charts-mcb\">DE<\/span><\/td>\n<td><span class=\"charts-mc\"><a rel=\"mw:WikiLink\" href=\"https:\/\/de.wikipedia.org\/wiki\/\u00d63_Austria_Top_40\" title=\"\u00d63 Austria Top 40\" target=\"_new\" class=\"wiki-link\">AT<\/a><\/span>28<br class=\"charts-hm\"\/><span class=\"charts-mo\"> <\/span><span style=\"font-size:smaller;\">(8 Wo.)<\/span><span class=\"charts-mcb\">AT<\/span><\/td>\n<td><span class=\"charts-mc\"><a rel=\"mw:WikiLink\" href=\"https:\/\/de.wikipedia.org\/wiki\/Schweizer_Hitparade\" title=\"Schweizer Hitparade\" target=\"_new\" class=\"wiki-link\">CH<\/a><\/span>68<br class=\"charts-hm\"\/><span class=\"charts-mo\"> <\/span><span style=\"font-size:smaller;\">(1 Wo.)<\/span><span class=\"charts-mcb\">CH<\/span><\/td>\n<td class=\"charts-cm\"><div>\nErstver\u00f6ffentlichung: 2. Mai 2005<\/div><\/td><\/tr>\n<tr> \n <td class=\"charts-yy\">2006<\/td>\n<td><a rel=\"mw:WikiLink\" href=\"https:\/\/de.wikipedia.org\/wiki\/Trendsetter_(Album)\" title=\"Trendsetter (Album)\" target=\"_new\" class=\"wiki-link\">Trendsetter<\/a><br\/><span class=\"charts-add\">Aggro Berlin (AB)<\/span><\/td>\n<td><span class=\"charts-mc\"><a rel=\"mw:WikiLink\" href=\"https:\/\/de.wikipedia.org\/wiki\/Deutsche_Albumcharts\" title=\"Deutsche Albumcharts\" target=\"_new\" class=\"wiki-link\">DE<\/a><\/span>4<br class=\"charts-hm\"\/><span class=\"charts-mo\"> <\/span><span style=\"font-size:smaller;\">(11 Wo.)<\/span><span class=\"charts-mcb\">DE<\/span><\/td>\n<td><span class=\"charts-mc\"><a rel=\"mw:WikiLink\" href=\"https:\/\/de.wikipedia.org\/wiki\/\u00d63_Austria_Top_40\" title=\"\u00d63 Austria Top 40\" target=\"_new\" class=\"wiki-link\">AT<\/a><\/span>21<br class=\"charts-hm\"\/><span class=\"charts-mo\"> <\/span><span style=\"font-size:smaller;\">(7 Wo.)<\/span><span class=\"charts-mcb\">AT<\/span><\/td>\n<td><span class=\"charts-mc\"><a rel=\"mw:WikiLink\" href=\"https:\/\/de.wikipedia.org\/wiki\/Schweizer_Hitparade\" title=\"Schweizer Hitparade\" target=\"_new\" class=\"wiki-link\">CH<\/a><\/span>44<br class=\"charts-hm\"\/><span class=\"charts-mo\"> <\/span><span style=\"font-size:smaller;\">(2 Wo.)<\/span><span class=\"charts-mcb\">CH<\/span><\/td>\n<td class=\"charts-cm\"><div>\nErstver\u00f6ffentlichung: 23. Juni 2006<br\/>Verk\u00e4ufe: + 30.000<\/div><\/td><\/tr>\n<tr> \n <td class=\"charts-yy\">2008<\/td>\n<td><a rel=\"mw:WikiLink\" href=\"https:\/\/de.wikipedia.org\/wiki\/Fremd_im_eigenen_Land_(Album)\" title=\"Fremd im eigenen Land (Album)\" target=\"_new\" class=\"wiki-link\">Fremd im eigenen Land<\/a><br\/><span class=\"charts-add\">Aggro Berlin (AB)<\/span><\/td>\n<td><span class=\"charts-mc\"><a rel=\"mw:WikiLink\" href=\"https:\/\/de.wikipedia.org\/wiki\/Deutsche_Albumcharts\" title=\"Deutsche Albumcharts\" target=\"_new\" class=\"wiki-link\">DE<\/a><\/span>7<br class=\"charts-hm\"\/><span class=\"charts-mo\"> <\/span><span style=\"font-size:smaller;\">(6 Wo.)<\/span><span class=\"charts-mcb\">DE<\/span><\/td>\n<td><span class=\"charts-mc\"><a rel=\"mw:WikiLink\" href=\"https:\/\/de.wikipedia.org\/wiki\/\u00d63_Austria_Top_40\" title=\"\u00d63 Austria Top 40\" target=\"_new\" class=\"wiki-link\">AT<\/a><\/span>17<br class=\"charts-hm\"\/><span class=\"charts-mo\"> <\/span><span style=\"font-size:smaller;\">(4 Wo.)<\/span><span class=\"charts-mcb\">AT<\/span><\/td>\n<td><span class=\"charts-mc\"><a rel=\"mw:WikiLink\" href=\"https:\/\/de.wikipedia.org\/wiki\/Schweizer_Hitparade\" title=\"Schweizer Hitparade\" target=\"_new\" class=\"wiki-link\">CH<\/a><\/span>25<br class=\"charts-hm\"\/><span class=\"charts-mo\"> <\/span><span style=\"font-size:smaller;\">(4 Wo.)<\/span><span class=\"charts-mcb\">CH<\/span><\/td>\n<td class=\"charts-cm\"><div>\nErstver\u00f6ffentlichung: 25. Januar 2008<br\/>Verk\u00e4ufe: + 20.000<\/div><\/td><\/tr>\n<tr> \n <td class=\"charts-yy\">2009<\/td>\n<td><a rel=\"mw:WikiLink\" href=\"https:\/\/de.wikipedia.org\/wiki\/Fler_(Album)\" title=\"Fler (Album)\" target=\"_new\" class=\"wiki-link\">Fler<\/a><br\/><span class=\"charts-add\">Aggro Berlin (AB)<\/span><\/td>\n<td><span class=\"charts-mc\"><a rel=\"mw:WikiLink\" href=\"https:\/\/de.wikipedia.org\/wiki\/Deutsche_Albumcharts\" title=\"Deutsche Albumcharts\" target=\"_new\" class=\"wiki-link\">DE<\/a><\/span>10<br class=\"charts-hm\"\/><span class=\"charts-mo\"> <\/span><span style=\"font-size:smaller;\">(6 Wo.)<\/span><span class=\"charts-mcb\">DE<\/span><\/td>\n<td><span class=\"charts-mc\"><a rel=\"mw:WikiLink\" href=\"https:\/\/de.wikipedia.org\/wiki\/\u00d63_Austria_Top_40\" title=\"\u00d63 Austria Top 40\" target=\"_new\" class=\"wiki-link\">AT<\/a><\/span>14<br class=\"charts-hm\"\/><span class=\"charts-mo\"> <\/span><span style=\"font-size:smaller;\">(6 Wo.)<\/span><span class=\"charts-mcb\">AT<\/span><\/td>\n<td><span class=\"charts-mc\"><a rel=\"mw:WikiLink\" href=\"https:\/\/de.wikipedia.org\/wiki\/Schweizer_Hitparade\" title=\"Schweizer Hitparade\" target=\"_new\" class=\"wiki-link\">CH<\/a><\/span>36<br class=\"charts-hm\"\/><span class=\"charts-mo\"> <\/span><span style=\"font-size:smaller;\">(5 Wo.)<\/span><span class=\"charts-mcb\">CH<\/span><\/td>\n<td class=\"charts-cm\"><div>\nErstver\u00f6ffentlichung: 27. M\u00e4rz 2009<br\/>Verk\u00e4ufe: + 20.000<\/div><\/td><\/tr>\n<tr> \n <td class=\"charts-yy\">2010<\/td>\n<td><a rel=\"mw:WikiLink\" href=\"https:\/\/de.wikipedia.org\/wiki\/Flersguterjunge\" title=\"Flersguterjunge\" target=\"_new\" class=\"wiki-link\">Flersguterjunge<\/a><br\/><span class=\"charts-add\"><a rel=\"mw:WikiLink\" href=\"https:\/\/de.wikipedia.org\/wiki\/Ersguterjunge\" title=\"Ersguterjunge\" target=\"_new\" class=\"wiki-link\">Ersguterjunge<\/a> (<a rel=\"mw:WikiLink\" href=\"https:\/\/de.wikipedia.org\/wiki\/Sony_Music_Entertainment\" title=\"Sony Music Entertainment\" target=\"_new\" class=\"wiki-link\">Sony<\/a>)<\/span><\/td>\n<td><span class=\"charts-mc\"><a rel=\"mw:WikiLink\" href=\"https:\/\/de.wikipedia.org\/wiki\/Deutsche_Albumcharts\" title=\"Deutsche Albumcharts\" target=\"_new\" class=\"wiki-link\">DE<\/a><\/span>4<br class=\"charts-hm\"\/><span class=\"charts-mo\"> <\/span><span style=\"font-size:smaller;\">(4 Wo.)<\/span><span class=\"charts-mcb\">DE<\/span><\/td>\n<td><span class=\"charts-mc\"><a rel=\"mw:WikiLink\" href=\"https:\/\/de.wikipedia.org\/wiki\/\u00d63_Austria_Top_40\" title=\"\u00d63 Austria Top 40\" target=\"_new\" class=\"wiki-link\">AT<\/a><\/span>8<br class=\"charts-hm\"\/><span class=\"charts-mo\"> <\/span><span style=\"font-size:smaller;\">(2 Wo.)<\/span><span class=\"charts-mcb\">AT<\/span><\/td>\n<td><span class=\"charts-mc\"><a rel=\"mw:WikiLink\" href=\"https:\/\/de.wikipedia.org\/wiki\/Schweizer_Hitparade\" title=\"Schweizer Hitparade\" target=\"_new\" class=\"wiki-link\">CH<\/a><\/span>12<br class=\"charts-hm\"\/><span class=\"charts-mo\"> <\/span><span style=\"font-size:smaller;\">(3 Wo.)<\/span><span class=\"charts-mcb\">CH<\/span><\/td>\n<td class=\"charts-cm\"><div>\nErstver\u00f6ffentlichung: 11. Juni 2010<\/div><\/td><\/tr>\n<tr> \n <td rowspan=\"2\" class=\"charts-yy\">2011<\/td>\n<td><a rel=\"mw:WikiLink\" href=\"https:\/\/de.wikipedia.org\/wiki\/Airmax_Muzik_II\" title=\"Airmax Muzik II\" target=\"_new\" class=\"wiki-link\">Airmax Muzik II<\/a><br\/><span class=\"charts-add\"><a rel=\"mw:WikiLink\" href=\"https:\/\/de.wikipedia.org\/wiki\/Maskulin_(Label)\" title=\"Maskulin (Label)\" target=\"_new\" class=\"wiki-link\">Maskulin<\/a> (<a rel=\"mw:WikiLink\" href=\"https:\/\/de.wikipedia.org\/wiki\/Groove_Attack\" title=\"Groove Attack\" target=\"_new\" class=\"wiki-link\">GA<\/a>)<\/span><\/td>\n<td><span class=\"charts-mc\"><a rel=\"mw:WikiLink\" href=\"https:\/\/de.wikipedia.org\/wiki\/Deutsche_Albumcharts\" title=\"Deutsche Albumcharts\" target=\"_new\" class=\"wiki-link\">DE<\/a><\/span>6<br class=\"charts-hm\"\/><span class=\"charts-mo\"> <\/span><span style=\"font-size:smaller;\">(5 Wo.)<\/span><span class=\"charts-mcb\">DE<\/span><\/td>\n<td><span class=\"charts-mc\"><a rel=\"mw:WikiLink\" href=\"https:\/\/de.wikipedia.org\/wiki\/\u00d63_Austria_Top_40\" title=\"\u00d63 Austria Top 40\" target=\"_new\" class=\"wiki-link\">AT<\/a><\/span>7<br class=\"charts-hm\"\/><span class=\"charts-mo\"> <\/span><span style=\"font-size:smaller;\">(4 Wo.)<\/span><span class=\"charts-mcb\">AT<\/span><\/td>\n<td><span class=\"charts-mc\"><a rel=\"mw:WikiLink\" href=\"https:\/\/de.wikipedia.org\/wiki\/Schweizer_Hitparade\" title=\"Schweizer Hitparade\" target=\"_new\" class=\"wiki-link\">CH<\/a><\/span>9<br class=\"charts-hm\"\/><span class=\"charts-mo\"> <\/span><span style=\"font-size:smaller;\">(4 Wo.)<\/span><span class=\"charts-mcb\">CH<\/span><\/td>\n<td class=\"charts-cm\"><div>\nErstver\u00f6ffentlichung: 8. April 2011<\/div><\/td><\/tr>\n<tr> \n<td><a rel=\"mw:WikiLink\" href=\"https:\/\/de.wikipedia.org\/wiki\/Im_Bus_ganz_hinten\" title=\"Im Bus ganz hinten\" target=\"_new\" class=\"wiki-link\">Im Bus ganz hinten<\/a><br\/><span class=\"charts-add\">Maskulin (GA)<\/span><\/td>\n<td><span class=\"charts-mc\"><a rel=\"mw:WikiLink\" href=\"https:\/\/de.wikipedia.org\/wiki\/Deutsche_Albumcharts\" title=\"Deutsche Albumcharts\" target=\"_new\" class=\"wiki-link\">DE<\/a><\/span>3<br class=\"charts-hm\"\/><span class=\"charts-mo\"> <\/span><span style=\"font-size:smaller;\">(5 Wo.)<\/span><span class=\"charts-mcb\">DE<\/span><\/td>\n<td><span class=\"charts-mc\"><a rel=\"mw:WikiLink\" href=\"https:\/\/de.wikipedia.org\/wiki\/\u00d63_Austria_Top_40\" title=\"\u00d63 Austria Top 40\" target=\"_new\" class=\"wiki-link\">AT<\/a><\/span>9<br class=\"charts-hm\"\/><span class=\"charts-mo\"> <\/span><span style=\"font-size:smaller;\">(4 Wo.)<\/span><span class=\"charts-mcb\">AT<\/span><\/td>\n<td><span class=\"charts-mc\"><a rel=\"mw:WikiLink\" href=\"https:\/\/de.wikipedia.org\/wiki\/Schweizer_Hitparade\" title=\"Schweizer Hitparade\" target=\"_new\" class=\"wiki-link\">CH<\/a><\/span>7<br class=\"charts-hm\"\/><span class=\"charts-mo\"> <\/span><span style=\"font-size:smaller;\">(5 Wo.)<\/span><span class=\"charts-mcb\">CH<\/span><\/td>\n<td class=\"charts-cm\"><div>\nErstver\u00f6ffentlichung: 16. September 2011<\/div><\/td><\/tr>\n<tr> \n <td class=\"charts-yy\">2012<\/td>\n<td><a rel=\"mw:WikiLink\" href=\"https:\/\/de.wikipedia.org\/wiki\/Hinter_blauen_Augen\" title=\"Hinter blauen Augen\" target=\"_new\" class=\"wiki-link\">Hinter blauen Augen<\/a><br\/><span class=\"charts-add\">Maskulin (GA)<\/span><\/td>\n<td><span class=\"charts-mc\"><a rel=\"mw:WikiLink\" href=\"https:\/\/de.wikipedia.org\/wiki\/Deutsche_Albumcharts\" title=\"Deutsche Albumcharts\" target=\"_new\" class=\"wiki-link\">DE<\/a><\/span>3<br class=\"charts-hm\"\/><span class=\"charts-mo\"> <\/span><span style=\"font-size:smaller;\">(2 Wo.)<\/span><span class=\"charts-mcb\">DE<\/span><\/td>\n<td><span class=\"charts-mc\"><a rel=\"mw:WikiLink\" href=\"https:\/\/de.wikipedia.org\/wiki\/\u00d63_Austria_Top_40\" title=\"\u00d63 Austria Top 40\" target=\"_new\" class=\"wiki-link\">AT<\/a><\/span>10<br class=\"charts-hm\"\/><span class=\"charts-mo\"> <\/span><span style=\"font-size:smaller;\">(2 Wo.)<\/span><span class=\"charts-mcb\">AT<\/span><\/td>\n<td><span class=\"charts-mc\"><a rel=\"mw:WikiLink\" href=\"https:\/\/de.wikipedia.org\/wiki\/Schweizer_Hitparade\" title=\"Schweizer Hitparade\" target=\"_new\" class=\"wiki-link\">CH<\/a><\/span>11<br class=\"charts-hm\"\/><span class=\"charts-mo\"> <\/span><span style=\"font-size:smaller;\">(2 Wo.)<\/span><span class=\"charts-mcb\">CH<\/span><\/td>\n<td class=\"charts-cm\"><div>\nErstver\u00f6ffentlichung: 2. November 2012<\/div><\/td><\/tr>\n<tr> \n <td class=\"charts-yy\">2013<\/td>\n<td><a rel=\"mw:WikiLink\" href=\"https:\/\/de.wikipedia.org\/wiki\/Blaues_Blut_(Album)\" title=\"Blaues Blut (Album)\" target=\"_new\" class=\"wiki-link\">Blaues Blut<\/a><br\/><span class=\"charts-add\">Maskulin (GA)<\/span><\/td>\n<td><span class=\"charts-mc\"><a rel=\"mw:WikiLink\" href=\"https:\/\/de.wikipedia.org\/wiki\/Deutsche_Albumcharts\" title=\"Deutsche Albumcharts\" target=\"_new\" class=\"wiki-link\">DE<\/a><\/span>3<br class=\"charts-hm\"\/><span class=\"charts-mo\"> <\/span><span style=\"font-size:smaller;\">(3 Wo.)<\/span><span class=\"charts-mcb\">DE<\/span><\/td>\n<td><span class=\"charts-mc\"><a rel=\"mw:WikiLink\" href=\"https:\/\/de.wikipedia.org\/wiki\/\u00d63_Austria_Top_40\" title=\"\u00d63 Austria Top 40\" target=\"_new\" class=\"wiki-link\">AT<\/a><\/span>5<br class=\"charts-hm\"\/><span class=\"charts-mo\"> <\/span><span style=\"font-size:smaller;\">(3 Wo.)<\/span><span class=\"charts-mcb\">AT<\/span><\/td>\n<td><span class=\"charts-mc\"><a rel=\"mw:WikiLink\" href=\"https:\/\/de.wikipedia.org\/wiki\/Schweizer_Hitparade\" title=\"Schweizer Hitparade\" target=\"_new\" class=\"wiki-link\">CH<\/a><\/span>7<br class=\"charts-hm\"\/><span class=\"charts-mo\"> <\/span><span style=\"font-size:smaller;\">(3 Wo.)<\/span><span class=\"charts-mcb\">CH<\/span><\/td>\n<td class=\"charts-cm\"><div>\nErstver\u00f6ffentlichung: 19. April 2013<\/div><\/td><\/tr>\n<tr> \n <td class=\"charts-yy\">2014<\/td>\n<td><a rel=\"mw:WikiLink\" href=\"https:\/\/de.wikipedia.org\/wiki\/Neue_Deutsche_Welle_2\" title=\"Neue Deutsche Welle 2\" target=\"_new\" class=\"wiki-link\">Neue Deutsche Welle 2<\/a><br\/><span class=\"charts-add\">Maskulin (Sony)<\/span><\/td>\n<td><span class=\"charts-mc\"><a rel=\"mw:WikiLink\" href=\"https:\/\/de.wikipedia.org\/wiki\/Deutsche_Albumcharts\" title=\"Deutsche Albumcharts\" target=\"_new\" class=\"wiki-link\">DE<\/a><\/span>2<br class=\"charts-hm\"\/><span class=\"charts-mo\"> <\/span><span style=\"font-size:smaller;\">(4 Wo.)<\/span><span class=\"charts-mcb\">DE<\/span><\/td>\n<td><span class=\"charts-mc\"><a rel=\"mw:WikiLink\" href=\"https:\/\/de.wikipedia.org\/wiki\/\u00d63_Austria_Top_40\" title=\"\u00d63 Austria Top 40\" target=\"_new\" class=\"wiki-link\">AT<\/a><\/span>6<br class=\"charts-hm\"\/><span class=\"charts-mo\"> <\/span><span style=\"font-size:smaller;\">(2 Wo.)<\/span><span class=\"charts-mcb\">AT<\/span><\/td>\n<td><span class=\"charts-mc\"><a rel=\"mw:WikiLink\" href=\"https:\/\/de.wikipedia.org\/wiki\/Schweizer_Hitparade\" title=\"Schweizer Hitparade\" target=\"_new\" class=\"wiki-link\">CH<\/a><\/span>3<br class=\"charts-hm\"\/><span class=\"charts-mo\"> <\/span><span style=\"font-size:smaller;\">(4 Wo.)<\/span><span class=\"charts-mcb\">CH<\/span><\/td>\n<td class=\"charts-cm\"><div>\nErstver\u00f6ffentlichung: 5. September 2014<\/div><\/td><\/tr>\n<tr> \n <td rowspan=\"2\" class=\"charts-yy\">2015<\/td>\n<td><a rel=\"mw:WikiLink\" href=\"https:\/\/de.wikipedia.org\/wiki\/Keiner_kommt_klar_mit_mir\" title=\"Keiner kommt klar mit mir\" target=\"_new\" class=\"wiki-link\">Keiner kommt klar mit mir<\/a><br\/><span class=\"charts-add\">Maskulin (GA)<\/span><\/td>\n<td><span class=\"charts-mc\"><a rel=\"mw:WikiLink\" href=\"https:\/\/de.wikipedia.org\/wiki\/Deutsche_Albumcharts\" title=\"Deutsche Albumcharts\" target=\"_new\" class=\"wiki-link\">DE<\/a><\/span><a rel=\"mw:WikiLink\" href=\"https:\/\/de.wikipedia.org\/wiki\/Liste_der_Nummer-eins-Hits_in_Deutschland_(2015)\" title=\"Liste der Nummer-eins-Hits in Deutschland (2015)\" target=\"_new\" class=\"wiki-link\"><b>1<\/b><\/a><br class=\"charts-hm\"\/><span class=\"charts-mo\"> <\/span><span style=\"font-size:smaller;\">(4 Wo.)<\/span><span class=\"charts-mcb\">DE<\/span><\/td>\n<td><span class=\"charts-mc\"><a rel=\"mw:WikiLink\" href=\"https:\/\/de.wikipedia.org\/wiki\/\u00d63_Austria_Top_40\" title=\"\u00d63 Austria Top 40\" target=\"_new\" class=\"wiki-link\">AT<\/a><\/span>4<br class=\"charts-hm\"\/><span class=\"charts-mo\"> <\/span><span style=\"font-size:smaller;\">(3 Wo.)<\/span><span class=\"charts-mcb\">AT<\/span><\/td>\n<td><span class=\"charts-mc\"><a rel=\"mw:WikiLink\" href=\"https:\/\/de.wikipedia.org\/wiki\/Schweizer_Hitparade\" title=\"Schweizer Hitparade\" target=\"_new\" class=\"wiki-link\">CH<\/a><\/span>3<br class=\"charts-hm\"\/><span class=\"charts-mo\"> <\/span><span style=\"font-size:smaller;\">(4 Wo.)<\/span><span class=\"charts-mcb\">CH<\/span><\/td>\n<td class=\"charts-cm\"><div>\nErstver\u00f6ffentlichung: 6. Februar 2015<br\/>als Frank White<\/div><\/td><\/tr>\n<tr> \n<td><a rel=\"mw:WikiLink\" href=\"https:\/\/de.wikipedia.org\/wiki\/Weil_die_Stra\u00dfe_nicht_vergisst\" title=\"Weil die Stra\u00dfe nicht vergisst\" target=\"_new\" class=\"wiki-link\">Weil die Stra\u00dfe nicht vergisst<\/a><br\/><span class=\"charts-add\">Maskulin (GA)<\/span><\/td>\n<td><span class=\"charts-mc\"><a rel=\"mw:WikiLink\" href=\"https:\/\/de.wikipedia.org\/wiki\/Deutsche_Albumcharts\" title=\"Deutsche Albumcharts\" target=\"_new\" class=\"wiki-link\">DE<\/a><\/span>2<br class=\"charts-hm\"\/><span class=\"charts-mo\"> <\/span><span style=\"font-size:smaller;\">(4 Wo.)<\/span><span class=\"charts-mcb\">DE<\/span><\/td>\n<td><span class=\"charts-mc\"><a rel=\"mw:WikiLink\" href=\"https:\/\/de.wikipedia.org\/wiki\/\u00d63_Austria_Top_40\" title=\"\u00d63 Austria Top 40\" target=\"_new\" class=\"wiki-link\">AT<\/a><\/span>5<br class=\"charts-hm\"\/><span class=\"charts-mo\"> <\/span><span style=\"font-size:smaller;\">(3 Wo.)<\/span><span class=\"charts-mcb\">AT<\/span><\/td>\n<td><span class=\"charts-mc\"><a rel=\"mw:WikiLink\" href=\"https:\/\/de.wikipedia.org\/wiki\/Schweizer_Hitparade\" title=\"Schweizer Hitparade\" target=\"_new\" class=\"wiki-link\">CH<\/a><\/span>5<br class=\"charts-hm\"\/><span class=\"charts-mo\"> <\/span><span style=\"font-size:smaller;\">(4 Wo.)<\/span><span class=\"charts-mcb\">CH<\/span><\/td>\n<td class=\"charts-cm\"><div>\nErstver\u00f6ffentlichung: 11. September 2015<br\/>als Frank White<\/div><\/td><\/tr>\n<tr> \n <td class=\"charts-yy\">2016<\/td>\n<td><a rel=\"mw:WikiLink\" href=\"https:\/\/de.wikipedia.org\/wiki\/Vibe_(Album)\" title=\"Vibe (Album)\" target=\"_new\" class=\"wiki-link\">Vibe<\/a><br\/><span class=\"charts-add\">Maskulin (GA)<\/span><\/td>\n<td><span class=\"charts-mc\"><a rel=\"mw:WikiLink\" href=\"https:\/\/de.wikipedia.org\/wiki\/Deutsche_Albumcharts\" title=\"Deutsche Albumcharts\" target=\"_new\" class=\"wiki-link\">DE<\/a><\/span><a rel=\"mw:WikiLink\" href=\"https:\/\/de.wikipedia.org\/wiki\/Liste_der_Nummer-eins-Hits_in_Deutschland_(2016)\" title=\"Liste der Nummer-eins-Hits in Deutschland (2016)\" target=\"_new\" class=\"wiki-link\"><b>1<\/b><\/a><br class=\"charts-hm\"\/><span class=\"charts-mo\"> <\/span><span style=\"font-size:smaller;\">(5 Wo.)<\/span><span class=\"charts-mcb\">DE<\/span><\/td>\n<td><span class=\"charts-mc\"><a rel=\"mw:WikiLink\" href=\"https:\/\/de.wikipedia.org\/wiki\/\u00d63_Austria_Top_40\" title=\"\u00d63 Austria Top 40\" target=\"_new\" class=\"wiki-link\">AT<\/a><\/span><a rel=\"mw:WikiLink\" href=\"https:\/\/de.wikipedia.org\/wiki\/Liste_der_Nummer-eins-Hits_in_\u00d6sterreich_(2016)\" title=\"Liste der Nummer-eins-Hits in \u00d6sterreich (2016)\" target=\"_new\" class=\"wiki-link\"><b>1<\/b><\/a><br class=\"charts-hm\"\/><span class=\"charts-mo\"> <\/span><span style=\"font-size:smaller;\">(4 Wo.)<\/span><span class=\"charts-mcb\">AT<\/span><\/td>\n<td><span class=\"charts-mc\"><a rel=\"mw:WikiLink\" href=\"https:\/\/de.wikipedia.org\/wiki\/Schweizer_Hitparade\" title=\"Schweizer Hitparade\" target=\"_new\" class=\"wiki-link\">CH<\/a><\/span><a rel=\"mw:WikiLink\" href=\"https:\/\/de.wikipedia.org\/wiki\/Liste_der_Nummer-eins-Hits_in_der_Schweiz_(2016)\" title=\"Liste der Nummer-eins-Hits in der Schweiz (2016)\" target=\"_new\" class=\"wiki-link\"><b>1<\/b><\/a><br class=\"charts-hm\"\/><span class=\"charts-mo\"> <\/span><span style=\"font-size:smaller;\">(5 Wo.)<\/span><span class=\"charts-mcb\">CH<\/span><\/td>\n<td class=\"charts-cm\"><div>\nErstver\u00f6ffentlichung: 26. August 2016<br\/>\u00fcber <a rel=\"mw:WikiLink\" href=\"https:\/\/de.wikipedia.org\/wiki\/Apple_Music\" title=\"Apple Music\" target=\"_new\" class=\"wiki-link\">Apple Music<\/a><\/div><\/td><\/tr>\n<tr> \n <td class=\"charts-yy\">2018<\/td>\n<td><a rel=\"mw:WikiLink\" href=\"https:\/\/de.wikipedia.org\/wiki\/Flizzy\" title=\"Flizzy\" target=\"_new\" class=\"wiki-link\">Flizzy<\/a><br\/><span class=\"charts-add\">Maskulin (GA)<\/span><\/td>\n<td><span class=\"charts-mc\"><a rel=\"mw:WikiLink\" href=\"https:\/\/de.wikipedia.org\/wiki\/Deutsche_Albumcharts\" title=\"Deutsche Albumcharts\" target=\"_new\" class=\"wiki-link\">DE<\/a><\/span>4<br class=\"charts-hm\"\/><span class=\"charts-mo\"> <\/span><span style=\"font-size:smaller;\">(5 Wo.)<\/span><span class=\"charts-mcb\">DE<\/span><\/td>\n<td><span class=\"charts-mc\"><a rel=\"mw:WikiLink\" href=\"https:\/\/de.wikipedia.org\/wiki\/\u00d63_Austria_Top_40\" title=\"\u00d63 Austria Top 40\" target=\"_new\" class=\"wiki-link\">AT<\/a><\/span>2<br class=\"charts-hm\"\/><span class=\"charts-mo\"> <\/span><span style=\"font-size:smaller;\">(3 Wo.)<\/span><span class=\"charts-mcb\">AT<\/span><\/td>\n<td><span class=\"charts-mc\"><a rel=\"mw:WikiLink\" href=\"https:\/\/de.wikipedia.org\/wiki\/Schweizer_Hitparade\" title=\"Schweizer Hitparade\" target=\"_new\" class=\"wiki-link\">CH<\/a><\/span>3<br class=\"charts-hm\"\/><span class=\"charts-mo\"> <\/span><span style=\"font-size:smaller;\">(3 Wo.)<\/span><span class=\"charts-mcb\">CH<\/span><\/td>\n<td class=\"charts-cm\"><div>\nErstver\u00f6ffentlichung: 23. M\u00e4rz 2018<\/div><\/td><\/tr>\n<tr> \n <td class=\"charts-yy\">2019<\/td>\n<td><a rel=\"mw:WikiLink\" href=\"https:\/\/de.wikipedia.org\/wiki\/Colucci_(Album)\" title=\"Colucci (Album)\" target=\"_new\" class=\"wiki-link\">Colucci<\/a><br\/><span class=\"charts-add\">Maskulin (<a rel=\"mw:WikiLink\" href=\"https:\/\/de.wikipedia.org\/wiki\/Universal_Music_Group\" title=\"Universal Music Group\" target=\"_new\" class=\"wiki-link\">UMG<\/a>)<\/span><\/td>\n<td><span class=\"charts-mc\"><a rel=\"mw:WikiLink\" href=\"https:\/\/de.wikipedia.org\/wiki\/Deutsche_Albumcharts\" title=\"Deutsche Albumcharts\" target=\"_new\" class=\"wiki-link\">DE<\/a><\/span><a rel=\"mw:WikiLink\" href=\"https:\/\/de.wikipedia.org\/wiki\/Liste_der_Nummer-eins-Hits_in_Deutschland_(2019)\" title=\"Liste der Nummer-eins-Hits in Deutschland (2019)\" target=\"_new\" class=\"wiki-link\"><b>1<\/b><\/a><br class=\"charts-hm\"\/><span class=\"charts-mo\"> <\/span><span style=\"font-size:smaller;\">(7 Wo.)<\/span><span class=\"charts-mcb\">DE<\/span><\/td>\n<td><span class=\"charts-mc\"><a rel=\"mw:WikiLink\" href=\"https:\/\/de.wikipedia.org\/wiki\/\u00d63_Austria_Top_40\" title=\"\u00d63 Austria Top 40\" target=\"_new\" class=\"wiki-link\">AT<\/a><\/span>2<br class=\"charts-hm\"\/><span class=\"charts-mo\"> <\/span><span style=\"font-size:smaller;\">(3 Wo.)<\/span><span class=\"charts-mcb\">AT<\/span><\/td>\n<td><span class=\"charts-mc\"><a rel=\"mw:WikiLink\" href=\"https:\/\/de.wikipedia.org\/wiki\/Schweizer_Hitparade\" title=\"Schweizer Hitparade\" target=\"_new\" class=\"wiki-link\">CH<\/a><\/span>3<br class=\"charts-hm\"\/><span class=\"charts-mo\"> <\/span><span style=\"font-size:smaller;\">(4 Wo.)<\/span><span class=\"charts-mcb\">CH<\/span><\/td>\n<td class=\"charts-cm\"><div>\nErstver\u00f6ffentlichung: 29. M\u00e4rz 2019<\/div><\/td><\/tr>\n<tr> \n <td class=\"charts-yy\">2020<\/td>\n<td><a rel=\"mw:WikiLink\" href=\"https:\/\/de.wikipedia.org\/wiki\/Atlantis_(Fler-Album)\" title=\"Atlantis (Fler-Album)\" target=\"_new\" class=\"wiki-link\">Atlantis<\/a><br\/><span class=\"charts-add\">Maskulin (UMG)<\/span><\/td>\n<td><span class=\"charts-mc\"><a rel=\"mw:WikiLink\" href=\"https:\/\/de.wikipedia.org\/wiki\/Deutsche_Albumcharts\" title=\"Deutsche Albumcharts\" target=\"_new\" class=\"wiki-link\">DE<\/a><\/span><a rel=\"mw:WikiLink\" href=\"https:\/\/de.wikipedia.org\/wiki\/Liste_der_Nummer-eins-Hits_in_Deutschland_(2020)\" title=\"Liste der Nummer-eins-Hits in Deutschland (2020)\" target=\"_new\" class=\"wiki-link\"><b>1<\/b><\/a><br class=\"charts-hm\"\/><span class=\"charts-mo\"> <\/span><span style=\"font-size:smaller;\">(5 Wo.)<\/span><span class=\"charts-mcb\">DE<\/span><\/td>\n<td><span class=\"charts-mc\"><a rel=\"mw:WikiLink\" href=\"https:\/\/de.wikipedia.org\/wiki\/\u00d63_Austria_Top_40\" title=\"\u00d63 Austria Top 40\" target=\"_new\" class=\"wiki-link\">AT<\/a><\/span>3<br class=\"charts-hm\"\/><span class=\"charts-mo\"> <\/span><span style=\"font-size:smaller;\">(4 Wo.)<\/span><span class=\"charts-mcb\">AT<\/span><\/td>\n<td><span class=\"charts-mc\"><a rel=\"mw:WikiLink\" href=\"https:\/\/de.wikipedia.org\/wiki\/Schweizer_Hitparade\" title=\"Schweizer Hitparade\" target=\"_new\" class=\"wiki-link\">CH<\/a><\/span>5<br class=\"charts-hm\"\/><span class=\"charts-mo\"> <\/span><span style=\"font-size:smaller;\">(4 Wo.)<\/span><span class=\"charts-mcb\">CH<\/span><\/td>\n<td class=\"charts-cm\"><div>\nErstver\u00f6ffentlichung: 20. M\u00e4rz 2020<\/div><\/td><\/tr>\n<tr> \n <td class=\"charts-yy\">2021<\/td>\n<td><a rel=\"mw:WikiLink\" href=\"https:\/\/de.wikipedia.org\/wiki\/Widder_(Album)\" title=\"Widder (Album)\" target=\"_new\" class=\"wiki-link\">Widder<\/a><br\/><span class=\"charts-add\">Maskulin (UMG)<\/span><\/td>\n<td><span class=\"charts-mc\"><a rel=\"mw:WikiLink\" href=\"https:\/\/de.wikipedia.org\/wiki\/Deutsche_Albumcharts\" title=\"Deutsche Albumcharts\" target=\"_new\" class=\"wiki-link\">DE<\/a><\/span><a rel=\"mw:WikiLink\" href=\"https:\/\/de.wikipedia.org\/wiki\/Liste_der_Nummer-eins-Hits_in_Deutschland_(2021)\" title=\"Liste der Nummer-eins-Hits in Deutschland (2021)\" target=\"_new\" class=\"wiki-link\"><b>1<\/b><\/a><br class=\"charts-hm\"\/><span class=\"charts-mo\"> <\/span><span style=\"font-size:smaller;\">(4 Wo.)<\/span><span class=\"charts-mcb\">DE<\/span><\/td>\n<td><span class=\"charts-mc\"><a rel=\"mw:WikiLink\" href=\"https:\/\/de.wikipedia.org\/wiki\/\u00d63_Austria_Top_40\" title=\"\u00d63 Austria Top 40\" target=\"_new\" class=\"wiki-link\">AT<\/a><\/span>2<br class=\"charts-hm\"\/><span class=\"charts-mo\"> <\/span><span style=\"font-size:smaller;\">(2 Wo.)<\/span><span class=\"charts-mcb\">AT<\/span><\/td>\n<td><span class=\"charts-mc\"><a rel=\"mw:WikiLink\" href=\"https:\/\/de.wikipedia.org\/wiki\/Schweizer_Hitparade\" title=\"Schweizer Hitparade\" target=\"_new\" class=\"wiki-link\">CH<\/a><\/span>3<br class=\"charts-hm\"\/><span class=\"charts-mo\"> <\/span><span style=\"font-size:smaller;\">(2 Wo.)<\/span><span class=\"charts-mcb\">CH<\/span><\/td>\n<td class=\"charts-cm\"><div>\nErstver\u00f6ffentlichung: 26. M\u00e4rz 2021<\/div><\/td><\/tr>\n \n<\/tbody><\/table>\n\n<\/section><section data-mw-section-id=\"23\" id=\"rdp-we-mwAvg\" aria-labelledby=\"Filmografie\"><div class=\"mw-heading mw-heading2\"><h2 id=\"rdp-we-Filmografie\">Filmografie<\/h2><\/div>\n<ul id=\"rdp-we-mwAvk\"><li id=\"rdp-we-mwAvo\">2010: <a rel=\"mw:WikiLink\" href=\"https:\/\/de.wikipedia.org\/wiki\/Zeiten_\u00e4ndern_dich\" title=\"Zeiten \u00e4ndern dich\" id=\"rdp-we-mwAvs\" target=\"_new\" class=\"wiki-link\">Zeiten \u00e4ndern dich<\/a><\/li><\/ul>\n\n<\/section><section data-mw-section-id=\"24\" id=\"rdp-we-mwAvw\" aria-labelledby=\"Bibliografie\"><div class=\"mw-heading mw-heading2\"><h2 id=\"rdp-we-Bibliografie\">Bibliografie<\/h2><\/div>\n<ul id=\"rdp-we-mwAv0\"><li id=\"rdp-we-mwAv4\"><i id=\"rdp-we-mwAv8\">Im Bus ganz hinten: Eine deutsche Geschichte<\/i> (2011).<\/li><\/ul>\n\n<\/section><section data-mw-section-id=\"25\" id=\"rdp-we-mwAwA\" aria-labelledby=\"Auszeichnungen\"><div class=\"mw-heading mw-heading2\"><h2 id=\"rdp-we-Auszeichnungen\">Auszeichnungen<\/h2><\/div>\n<p id=\"rdp-we-mwAwE\"><b id=\"rdp-we-mwAwI\"><a rel=\"mw:WikiLink\" href=\"https:\/\/de.wikipedia.org\/wiki\/Hiphop.de_Awards\" title=\"Hiphop.de Awards\" class=\"mw-redirect wiki-link\" id=\"rdp-we-mwAwM\" target=\"_new\">Hiphop.de Awards<\/a><\/b><\/p>\n<ul id=\"rdp-we-mwAwQ\"><li id=\"rdp-we-mwAwU\">2009: Bestes Video National f\u00fcr <i id=\"rdp-we-mwAwY\"><a rel=\"mw:WikiLink\" href=\"https:\/\/de.wikipedia.org\/wiki\/Eine_Chance\/Zu_Gangsta\" title=\"Eine Chance\/Zu Gangsta\" id=\"rdp-we-mwAwc\" target=\"_new\" class=\"wiki-link\">Eine Chance\/Zu Gangsta<\/a><\/i> (mit <a rel=\"mw:WikiLink\" href=\"https:\/\/de.wikipedia.org\/wiki\/Bushido_(Rapper)\" title=\"Bushido (Rapper)\" id=\"rdp-we-mwAwg\" target=\"_new\" class=\"wiki-link\">Bushido<\/a>)<sup about=\"#mwt139\" class=\"mw-ref reference\" id=\"rdp-we-cite_ref-62\" rel=\"dc:references\" typeof=\"mw:Extension\/ref\" data-mw='{\"name\":\"ref\",\"attrs\":{},\"body\":{\"id\":\"mw-reference-text-cite_note-62\"}}'><a href=\"#cite_note-62\" id=\"rdp-we-mwAwk\"><span class=\"mw-reflink-text\" id=\"rdp-we-mwAwo\"><span class=\"cite-bracket\" id=\"rdp-we-mwAws\">[<\/span>62<span class=\"cite-bracket\" id=\"rdp-we-mwAww\">]<\/span><\/span><\/a><\/sup><\/li>\n<li id=\"rdp-we-mwAw0\">2010: Bestes Video National f\u00fcr <a rel=\"mw:WikiLink\" href=\"https:\/\/de.wikipedia.org\/wiki\/Berlins_Most_Wanted_(Album)\" title=\"Berlins Most Wanted (Album)\" id=\"rdp-we-mwAw4\" target=\"_new\" class=\"wiki-link\">Berlins Most Wanted<\/a> (mit <a rel=\"mw:WikiLink\" href=\"https:\/\/de.wikipedia.org\/wiki\/Bushido_(Rapper)\" title=\"Bushido (Rapper)\" id=\"rdp-we-mwAw8\" target=\"_new\" class=\"wiki-link\">Bushido<\/a> &amp; <a rel=\"mw:WikiLink\" href=\"https:\/\/de.wikipedia.org\/wiki\/Kay_One\" title=\"Kay One\" id=\"rdp-we-mwAxA\" target=\"_new\" class=\"wiki-link\">Kay One<\/a>)<sup about=\"#mwt141\" class=\"mw-ref reference\" id=\"rdp-we-cite_ref-:0_63-0\" rel=\"dc:references\" typeof=\"mw:Extension\/ref\" data-mw='{\"name\":\"ref\",\"attrs\":{\"name\":\":0\"},\"body\":{\"id\":\"mw-reference-text-cite_note-:0-63\"}}'><a href=\"#cite_note-:0-63\" id=\"rdp-we-mwAxE\"><span class=\"mw-reflink-text\" id=\"rdp-we-mwAxI\"><span class=\"cite-bracket\" id=\"rdp-we-mwAxM\">[<\/span>63<span class=\"cite-bracket\" id=\"rdp-we-mwAxQ\">]<\/span><\/span><\/a><\/sup><\/li>\n<li id=\"rdp-we-mwAxU\">2010: Beste Kollaboration f\u00fcr <a rel=\"mw:WikiLink\" href=\"https:\/\/de.wikipedia.org\/wiki\/Berlins_Most_Wanted_(Album)\" title=\"Berlins Most Wanted (Album)\" id=\"rdp-we-mwAxY\" target=\"_new\" class=\"wiki-link\">Berlins Most Wanted<\/a> (mit <a rel=\"mw:WikiLink\" href=\"https:\/\/de.wikipedia.org\/wiki\/Bushido_(Rapper)\" title=\"Bushido (Rapper)\" id=\"rdp-we-mwAxc\" target=\"_new\" class=\"wiki-link\">Bushido<\/a> &amp; <a rel=\"mw:WikiLink\" href=\"https:\/\/de.wikipedia.org\/wiki\/Kay_One\" title=\"Kay One\" id=\"rdp-we-mwAxg\" target=\"_new\" class=\"wiki-link\">Kay One<\/a>)<sup about=\"#mwt142\" class=\"mw-ref reference\" id=\"rdp-we-cite_ref-:0_63-1\" rel=\"dc:references\" typeof=\"mw:Extension\/ref\" data-mw='{\"name\":\"ref\",\"attrs\":{\"name\":\":0\"}}'><a href=\"#cite_note-:0-63\" id=\"rdp-we-mwAxk\"><span class=\"mw-reflink-text\" id=\"rdp-we-mwAxo\"><span class=\"cite-bracket\" id=\"rdp-we-mwAxs\">[<\/span>63<span class=\"cite-bracket\" id=\"rdp-we-mwAxw\">]<\/span><\/span><\/a><\/sup><\/li>\n<li id=\"rdp-we-mwAx0\">2016: Bester Rap-Solo-Act National<sup about=\"#mwt144\" class=\"mw-ref reference\" id=\"rdp-we-cite_ref-64\" rel=\"dc:references\" typeof=\"mw:Extension\/ref\" data-mw='{\"name\":\"ref\",\"attrs\":{},\"body\":{\"id\":\"mw-reference-text-cite_note-64\"}}'><a href=\"#cite_note-64\" id=\"rdp-we-mwAx4\"><span class=\"mw-reflink-text\" id=\"rdp-we-mwAx8\"><span class=\"cite-bracket\" id=\"rdp-we-mwAyA\">[<\/span>64<span class=\"cite-bracket\" id=\"rdp-we-mwAyE\">]<\/span><\/span><\/a><\/sup><\/li>\n<li id=\"rdp-we-mwAyI\">2018: Bestes Video National f\u00fcr <i id=\"rdp-we-mwAyM\">Highlevel Ignoranz<\/i><sup about=\"#mwt146\" class=\"mw-ref reference\" id=\"rdp-we-cite_ref-65\" rel=\"dc:references\" typeof=\"mw:Extension\/ref\" data-mw='{\"name\":\"ref\",\"attrs\":{},\"body\":{\"id\":\"mw-reference-text-cite_note-65\"}}'><a href=\"#cite_note-65\" id=\"rdp-we-mwAyQ\"><span class=\"mw-reflink-text\" id=\"rdp-we-mwAyU\"><span class=\"cite-bracket\" id=\"rdp-we-mwAyY\">[<\/span>65<span class=\"cite-bracket\" id=\"rdp-we-mwAyc\">]<\/span><\/span><\/a><\/sup><\/li><\/ul>\n\n<\/section><section data-mw-section-id=\"26\" id=\"rdp-we-mwAyg\" aria-labelledby=\"Literatur\"><div class=\"mw-heading mw-heading2\"><h2 id=\"rdp-we-Literatur\">Literatur<\/h2><\/div>\n<ul id=\"rdp-we-mwAyk\"><li id=\"rdp-we-mwAyo\">Joshua Kwesi Aikins: <i id=\"rdp-we-mwAys\">Wer mit Feuer spielt \u2026 Aneignung und Widerstand<\/i> \u2013 Schwarze Musik\/Kulturen in Deutschlands wei\u00dfem Mainstream. In: Maureen Maisha Eggers, Grada Kilomba, Peggy Piesche, Susan Arndt (Hrsg.): <i id=\"rdp-we-mwAyw\">Mythen, Masken und Subjekte. Kritische Wei\u00dfseinsforschung in Deutschland<\/i>. Unrast Verlag, M\u00fcnster 2005, ISBN 3-89771-440-X<\/li>\n<li id=\"rdp-we-mwAy4\"><a rel=\"mw:WikiLink\" href=\"https:\/\/de.wikipedia.org\/wiki\/Julia_Kautz\" title=\"Julia Kautz\" id=\"rdp-we-mwAy8\" target=\"_new\" class=\"wiki-link\">Julia Kautz<\/a>, Sascha Wernicke und Fler: <i id=\"rdp-we-mwAzA\">Im Bus ganz hinten<\/i>. Riva Verlag, 2011. ISBN 978-3-86883-167-2 (Biografie)<\/li><\/ul>\n\n<\/section><section data-mw-section-id=\"27\" id=\"rdp-we-mwAzI\" aria-labelledby=\"Weblinks\"><div class=\"mw-heading mw-heading2\"><h2 id=\"rdp-we-Weblinks\">Weblinks<\/h2><\/div>\n<div class=\"sisterproject\" style=\"margin:0.1em 0 0 0;\" about=\"#mwt147\" typeof=\"mw:Transclusion\" id=\"rdp-we-mwAzM\" data-mw='{\"parts\":[{\"template\":{\"target\":{\"wt\":\"Commonscat\",\"href\":\".\/Vorlage:Commonscat\"},\"params\":{\"audio\":{\"wt\":\"0\"},\"video\":{\"wt\":\"0\"}},\"i\":0}}]}'><div class=\"noresize noviewer\" style=\"display:inline-block; line-height:10px;min-width:1.6em; text-align:center;\" aria-hidden=\"true\" role=\"presentation\"><span typeof=\"mw:File\" data-mw='{\"caption\":\"Commons\"}'><span title=\"Commons\"><img resource=\"https:\/\/de.wikipedia.org\/wiki\/Datei:Commons-logo.svg\" src=\"https:\/\/thumb.wikimedia.org\/wikipedia\/commons\/thumb\/4\/4a\/Commons-logo.svg\/20px-Commons-logo.svg.png?utm_source=de.wikipedia.org&amp;utm_campaign=parser&amp;utm_content=thumbnail\" decoding=\"async\" loading=\"lazy\" alt=\"\" data-file-type=\"drawing\" height=\"16\" width=\"12\" class=\"mw-file-element\"\/><\/span><\/span><\/div><b><a rel=\"external_link\" href=\"https:\/\/commons.wikimedia.org\/wiki\/Category:Fler?uselang=de\" class=\"external text\" target=\"_new\"><span lang=\"en\">Commons<\/span>: Fler<\/a><\/b><span typeof=\"mw:Entity\">\u00a0<\/span>\u2013 Sammlung von Bildern<\/div>\n<ul id=\"rdp-we-mwAzQ\"><li id=\"rdp-we-mwAzU\"><a rel=\"external_link\" href=\"https:\/\/www.laut.de\/Fler\" about=\"#mwt148\" typeof=\"mw:Transclusion\" class=\"external text\" id=\"rdp-we-mwAzY\" data-mw='{\"parts\":[{\"template\":{\"target\":{\"wt\":\"laut.de\",\"href\":\".\/Vorlage:Laut.de\"},\"params\":{},\"i\":0}}]}' target=\"_new\">Fler<\/a><span about=\"#mwt148\"> bei <\/span><a rel=\"mw:WikiLink\" href=\"https:\/\/de.wikipedia.org\/wiki\/Laut.de\" title=\"Laut.de\" about=\"#mwt148\" id=\"rdp-we-mwAzc\" target=\"_new\" class=\"wiki-link\">laut.de<\/a><\/li>\n<li id=\"rdp-we-mwAzg\"><a rel=\"external_link\" href=\"https:\/\/www.discogs.com\/de\/artist\/Fler\" about=\"#mwt149\" typeof=\"mw:Transclusion\" class=\"external text\" id=\"rdp-we-mwAzk\" data-mw='{\"parts\":[{\"template\":{\"target\":{\"wt\":\"Discogs\",\"href\":\".\/Vorlage:Discogs\"},\"params\":{},\"i\":0}}]}' target=\"_new\">Fler<\/a><span about=\"#mwt149\"> bei <\/span><a rel=\"mw:WikiLink\" href=\"https:\/\/de.wikipedia.org\/wiki\/Discogs\" title=\"Discogs\" about=\"#mwt149\" id=\"rdp-we-mwAzo\" target=\"_new\" class=\"wiki-link\">Discogs<\/a><\/li><\/ul>\n\n<\/section><section data-mw-section-id=\"28\" id=\"rdp-we-mwAzs\" aria-labelledby=\"Einzelnachweise\"><div class=\"mw-heading mw-heading2\"><h2 id=\"rdp-we-Einzelnachweise\">Einzelnachweise<\/h2><\/div>\n<ol class=\"mw-references references\" typeof=\"mw:Extension\/references\" about=\"#mwt150\" id=\"rdp-we-mwAzw\" data-mw='{\"name\":\"references\",\"attrs\":{}}'><li about=\"#cite_note-1\" id=\"cite_note-1\" data-mw-footnote-number=\"1\"><span class=\"mw-cite-backlink\" id=\"rdp-we-mwAz0\"><a href=\"#cite_ref-1\" rel=\"mw:referencedBy\" id=\"rdp-we-mwAz4\"><span class=\"mw-linkback-text\" id=\"rdp-we-mwAz8\">\u2191<\/span><\/a><\/span> <span id=\"rdp-we-mw-reference-text-cite_note-1\" class=\"mw-reference-text reference-text\">Vgl. Beschluss des LG K\u00f6ln vom 5. Juli 2007, 28 O 350\/07.<\/span><\/li>\n<li about=\"#cite_note-2\" id=\"cite_note-2\" data-mw-footnote-number=\"2\"><span class=\"mw-cite-backlink\" id=\"rdp-we-mwA0A\"><a href=\"#cite_ref-2\" rel=\"mw:referencedBy\" id=\"rdp-we-mwA0E\"><span class=\"mw-linkback-text\" id=\"rdp-we-mwA0I\">\u2191<\/span><\/a><\/span> <span id=\"rdp-we-mw-reference-text-cite_note-2\" class=\"mw-reference-text reference-text\">Michael Custodis: <i id=\"rdp-we-mwA0M\">Tadel verpflichtet. Indizierung von Musik und ihre Wirkung<\/i>, in: No Time for Losers. Charts, Listen und andere Kanonisierungen in der Popul\u00e4ren Musik (= ASPM Beitr\u00e4ge zur Popularmusikforschung 36), hg. von Dietrich Helms und Thomas Phleps, transcript Bielefeld 2008, ISBN 978-3-89942-983-1<\/span><\/li>\n<li about=\"#cite_note-3\" id=\"cite_note-3\" data-mw-footnote-number=\"3\"><span class=\"mw-cite-backlink\" id=\"rdp-we-mwA0U\"><a href=\"#cite_ref-3\" rel=\"mw:referencedBy\" id=\"rdp-we-mwA0Y\"><span class=\"mw-linkback-text\" id=\"rdp-we-mwA0c\">\u2191<\/span><\/a><\/span> <span id=\"rdp-we-mw-reference-text-cite_note-3\" class=\"mw-reference-text reference-text\"><a rel=\"external_link\" href=\"http:\/\/www.webnews.de\/kommentare\/109002\/0\/MTV-wird-den-Video-Clip-Deutscha-Badboy-von-Rapper-Fler-nicht-senden.html\" class=\"external text\" id=\"rdp-we-mwA0g\" target=\"_new\"><i id=\"rdp-we-mwA0k\">MTV wird den VideoClip Deutscha Badboy von Rapper Fler nicht senden<\/i>.<\/a> webnews.de<\/span><\/li>\n<li about=\"#cite_note-4\" id=\"cite_note-4\" data-mw-footnote-number=\"4\"><span class=\"mw-cite-backlink\" id=\"rdp-we-mwA0o\"><a href=\"#cite_ref-4\" rel=\"mw:referencedBy\" id=\"rdp-we-mwA0s\"><span class=\"mw-linkback-text\" id=\"rdp-we-mwA0w\">\u2191<\/span><\/a><\/span> <span id=\"rdp-we-mw-reference-text-cite_note-4\" class=\"mw-reference-text reference-text\"><a rel=\"external_link\" href=\"https:\/\/archive.today\/20120909202648\/http:\/\/www.readers-edition.de\/2007\/12\/19\/mtv-vs-fler-neues-video-zu-deutsch-fuers-fernsehen\/\" about=\"#mwt5\" class=\"external text\" id=\"rdp-we-mwA04\" target=\"_new\"><i id=\"rdp-we-mwA08\">MTV vs. Fler: Neues Video zu deutsch f\u00fcrs Fernsehen?<\/i><\/a><span about=\"#mwt5\" id=\"rdp-we-mwA1A\"> (<\/span><span class=\"webarchiv-memento\" about=\"#mwt5\" id=\"rdp-we-mwA1E\"><a rel=\"mw:WikiLink\" href=\"https:\/\/de.wikipedia.org\/wiki\/Webarchivierung#Begrifflichkeiten\" title=\"Webarchivierung\" id=\"rdp-we-mwA1I\" target=\"_new\" class=\"wiki-link\">Memento<\/a><\/span><span about=\"#mwt5\" id=\"rdp-we-mwA1M\"> vom 9. September 2012 im Webarchiv <\/span><i about=\"#mwt5\" id=\"rdp-we-mwA1Q\"><a rel=\"mw:WikiLink\" href=\"https:\/\/de.wikipedia.org\/wiki\/Archive.today\" title=\"Archive.today\" id=\"rdp-we-mwA1U\" target=\"_new\" class=\"wiki-link\">archive.today<\/a><\/i><span about=\"#mwt5\" id=\"rdp-we-mwA1Y\">)<\/span> readers-edition.de<\/span><\/li>\n<li about=\"#cite_note-5\" id=\"cite_note-5\" data-mw-footnote-number=\"5\"><span class=\"mw-cite-backlink\" id=\"rdp-we-mwA1c\"><a href=\"#cite_ref-5\" rel=\"mw:referencedBy\" id=\"rdp-we-mwA1g\"><span class=\"mw-linkback-text\" id=\"rdp-we-mwA1k\">\u2191<\/span><\/a><\/span> <span id=\"rdp-we-mw-reference-text-cite_note-5\" class=\"mw-reference-text reference-text\">Vers\u00f6hnung mit Bushido <a rel=\"external_link\" href=\"http:\/\/mixeryrawdeluxe.tv\/index.php\/News\/Detail\/pos\/1\/id\/4513\" class=\"external text\" id=\"rdp-we-mwA1o\" target=\"_new\">auf mixeryrawdeluxe<\/a><\/span><\/li>\n<li about=\"#cite_note-6\" id=\"cite_note-6\" data-mw-footnote-number=\"6\"><span class=\"mw-cite-backlink\" id=\"rdp-we-mwA1s\"><a href=\"#cite_ref-6\" rel=\"mw:referencedBy\" id=\"rdp-we-mwA1w\"><span class=\"mw-linkback-text\" id=\"rdp-we-mwA10\">\u2191<\/span><\/a><\/span> <span id=\"rdp-we-mw-reference-text-cite_note-6\" class=\"mw-reference-text reference-text\">Mzee.com: <link rel=\"mw-deduplicated-inline-style\" href=\"mw-data:TemplateStyles:r261891140\" about=\"#mwt9\" typeof=\"mw:Extension\/templatestyles mw:Transclusion\" id=\"rdp-we-mwA14\" data-mw='{\"name\":\"templatestyles\",\"attrs\":{\"src\":\"Webarchiv\/styles.css\"},\"parts\":[{\"template\":{\"target\":{\"wt\":\"Webarchiv \",\"href\":\".\/Vorlage:Webarchiv\"},\"params\":{\"url\":{\"wt\":\"http:\/\/www.mzee.com\/newscenter\/show.php?artikel=100090876\"},\"wayback\":{\"wt\":\"20090606075416\"},\"text\":{\"wt\":\"Fler signt bei ersguterjunge\"}},\"i\":0}}]}'\/><a rel=\"external_link\" href=\"https:\/\/web.archive.org\/web\/20090606075416\/http:\/\/www.mzee.com\/newscenter\/show.php?artikel=100090876\" about=\"#mwt9\" class=\"external text\" id=\"rdp-we-mwA18\" target=\"_new\">Fler signt bei ersguterjunge<\/a><span about=\"#mwt9\" id=\"rdp-we-mwA2A\"> (<\/span><span class=\"webarchiv-memento\" about=\"#mwt9\" id=\"rdp-we-mwA2E\"><a rel=\"mw:WikiLink\" href=\"https:\/\/de.wikipedia.org\/wiki\/Webarchivierung#Begrifflichkeiten\" title=\"Webarchivierung\" id=\"rdp-we-mwA2I\" target=\"_new\" class=\"wiki-link\">Memento<\/a><\/span><span about=\"#mwt9\" id=\"rdp-we-mwA2M\"> vom 6. Juni 2009 im <\/span><i about=\"#mwt9\" id=\"rdp-we-mwA2Q\"><a rel=\"mw:WikiLink\" href=\"https:\/\/de.wikipedia.org\/wiki\/Internet_Archive\" title=\"Internet Archive\" id=\"rdp-we-mwA2U\" target=\"_new\" class=\"wiki-link\">Internet Archive<\/a><\/i><span about=\"#mwt9\" id=\"rdp-we-mwA2Y\">)<\/span><\/span><\/li>\n<li about=\"#cite_note-7\" id=\"cite_note-7\" data-mw-footnote-number=\"7\"><span class=\"mw-cite-backlink\" id=\"rdp-we-mwA2c\"><a href=\"#cite_ref-7\" rel=\"mw:referencedBy\" id=\"rdp-we-mwA2g\"><span class=\"mw-linkback-text\" id=\"rdp-we-mwA2k\">\u2191<\/span><\/a><\/span> <span id=\"rdp-we-mw-reference-text-cite_note-7\" class=\"mw-reference-text reference-text\"><link rel=\"mw-deduplicated-inline-style\" href=\"mw-data:TemplateStyles:r261891140\" about=\"#mwt12\" typeof=\"mw:Extension\/templatestyles mw:Transclusion\" id=\"rdp-we-mwA2o\" data-mw='{\"name\":\"templatestyles\",\"attrs\":{\"src\":\"Webarchiv\/styles.css\"},\"parts\":[{\"template\":{\"target\":{\"wt\":\"Webarchiv \",\"href\":\".\/Vorlage:Webarchiv\"},\"params\":{\"url\":{\"wt\":\"http:\/\/rap-city.tv\/fler-hinter-blauen-augen-interview\/\"},\"archive-is\":{\"wt\":\"20130418203718\"},\"text\":{\"wt\":\"Fler \u2013 Hinter Blauen Augen (Interview)\"}},\"i\":0}}]}'\/><a rel=\"external_link\" href=\"https:\/\/archive.today\/20130418203718\/http:\/\/rap-city.tv\/fler-hinter-blauen-augen-interview\/\" about=\"#mwt12\" class=\"external text\" id=\"rdp-we-mwA2s\" target=\"_new\">Fler \u2013 Hinter Blauen Augen (Interview)<\/a><span about=\"#mwt12\" id=\"rdp-we-mwA2w\"> (<\/span><span class=\"webarchiv-memento\" about=\"#mwt12\" id=\"rdp-we-mwA20\"><a rel=\"mw:WikiLink\" href=\"https:\/\/de.wikipedia.org\/wiki\/Webarchivierung#Begrifflichkeiten\" title=\"Webarchivierung\" id=\"rdp-we-mwA24\" target=\"_new\" class=\"wiki-link\">Memento<\/a><\/span><span about=\"#mwt12\" id=\"rdp-we-mwA28\"> vom 18. April 2013 im Webarchiv <\/span><i about=\"#mwt12\" id=\"rdp-we-mwA3A\"><a rel=\"mw:WikiLink\" href=\"https:\/\/de.wikipedia.org\/wiki\/Archive.today\" title=\"Archive.today\" id=\"rdp-we-mwA3E\" target=\"_new\" class=\"wiki-link\">archive.today<\/a><\/i><span about=\"#mwt12\" id=\"rdp-we-mwA3I\">)<\/span><\/span><\/li>\n<li about=\"#cite_note-8\" id=\"cite_note-8\" data-mw-footnote-number=\"8\"><span class=\"mw-cite-backlink\" id=\"rdp-we-mwA3M\"><a href=\"#cite_ref-8\" rel=\"mw:referencedBy\" id=\"rdp-we-mwA3Q\"><span class=\"mw-linkback-text\" id=\"rdp-we-mwA3U\">\u2191<\/span><\/a><\/span> <span id=\"rdp-we-mw-reference-text-cite_note-8\" class=\"mw-reference-text reference-text\"><a rel=\"external_link\" href=\"http:\/\/www.rap.de\/news\/news\/13173-charts-fler-mit-qblaues-blutq-in-der-top-\" class=\"external text\" id=\"rdp-we-mwA3Y\" target=\"_new\"><i id=\"rdp-we-mwA3c\">Blaues Blut<\/i> DE #3<\/a><\/span><\/li>\n<li about=\"#cite_note-9\" id=\"cite_note-9\" data-mw-footnote-number=\"9\"><span class=\"mw-cite-backlink\" id=\"rdp-we-mwA3g\"><a href=\"#cite_ref-9\" rel=\"mw:referencedBy\" id=\"rdp-we-mwA3k\"><span class=\"mw-linkback-text\" id=\"rdp-we-mwA3o\">\u2191<\/span><\/a><\/span> <span id=\"rdp-we-mw-reference-text-cite_note-9\" class=\"mw-reference-text reference-text\"><span class=\"cite\" about=\"#mwt16\" typeof=\"mw:Transclusion\" id=\"rdp-we-mwA3s\" data-mw='{\"parts\":[{\"template\":{\"target\":{\"wt\":\"Internetquelle \",\"href\":\".\/Vorlage:Internetquelle\"},\"params\":{\"url\":{\"wt\":\"http:\/\/www.spit-tv.de\/neu\/aggro-berlin-reunion-bereits-erste-aufnahmen\/\"},\"titel\":{\"wt\":\"Aggro Berlin Reunion: Bereits erste Aufnahmen?\"},\"datum\":{\"wt\":\"2013-09-27\"},\"abruf\":{\"wt\":\"2015-05-02\"}},\"i\":0}}]}'><a rel=\"external_link\" href=\"http:\/\/www.spit-tv.de\/neu\/aggro-berlin-reunion-bereits-erste-aufnahmen\/\" class=\"external text\" id=\"rdp-we-mwA3w\" target=\"_new\"><i id=\"rdp-we-mwA30\">Aggro Berlin Reunion: Bereits erste Aufnahmen?<\/i><\/a><span typeof=\"mw:Entity\" id=\"rdp-we-mwA34\"> <\/span>27.<span typeof=\"mw:Entity\" id=\"rdp-we-mwA38\">\u00a0<\/span>September 2013<span typeof=\"mw:Entity\" id=\"rdp-we-mwA4A\">,<\/span><span class=\"Abrufdatum\" id=\"rdp-we-mwA4E\"><span typeof=\"mw:Entity\" id=\"rdp-we-mwA4I\"> <\/span>abgerufen am 2.<span typeof=\"mw:Entity\" id=\"rdp-we-mwA4M\">\u00a0<\/span>Mai 2015<\/span>.<\/span><span style=\"display: none;\" class=\"Z3988\" title=\"ctx_ver=Z39.88-2004&amp;rft_val_fmt=info%3Aofi%2Ffmt%3Akev%3Amtx%3Adc&amp;rfr_id=info%3Asid%2Fde.wikipedia.org%3AFler&amp;rft.title=Aggro+Berlin+Reunion%3A+Bereits+erste+Aufnahmen%3F&amp;rft.description=Aggro+Berlin+Reunion%3A+Bereits+erste+Aufnahmen%3F&amp;rft.identifier=http%3A%2F%2Fwww.spit-tv.de%2Fneu%2Faggro-berlin-reunion-bereits-erste-aufnahmen%2F&amp;rft.date=2013-09-27\" about=\"#mwt16\" id=\"rdp-we-mwA4Q\"><span typeof=\"mw:Entity\" id=\"rdp-we-mwA4U\">\u00a0<\/span><\/span><\/span><\/li>\n<li about=\"#cite_note-10\" id=\"cite_note-10\" data-mw-footnote-number=\"10\"><span class=\"mw-cite-backlink\" id=\"rdp-we-mwA4Y\"><a href=\"#cite_ref-10\" rel=\"mw:referencedBy\" id=\"rdp-we-mwA4c\"><span class=\"mw-linkback-text\" id=\"rdp-we-mwA4g\">\u2191<\/span><\/a><\/span> <span id=\"rdp-we-mw-reference-text-cite_note-10\" class=\"mw-reference-text reference-text\"><span class=\"cite\" about=\"#mwt18\" typeof=\"mw:Transclusion\" id=\"rdp-we-mwA4k\" data-mw='{\"parts\":[{\"template\":{\"target\":{\"wt\":\"Internetquelle \",\"href\":\".\/Vorlage:Internetquelle\"},\"params\":{\"url\":{\"wt\":\"http:\/\/www.rap.de\/news\/40-news\/15429-fler-schliesst-aggro-berlin-reunion-aus\"},\"titel\":{\"wt\":\"Fler schlie\u00dft Aggro Berlin-Reunion aus\"},\"datum\":{\"wt\":\"2013-11-19\"},\"abruf\":{\"wt\":\"2015-05-02\"}},\"i\":0}}]}'><a rel=\"external_link\" href=\"http:\/\/www.rap.de\/news\/40-news\/15429-fler-schliesst-aggro-berlin-reunion-aus\" class=\"external text\" id=\"rdp-we-mwA4o\" target=\"_new\"><i id=\"rdp-we-mwA4s\">Fler schlie\u00dft Aggro Berlin-Reunion aus.<\/i><\/a><span typeof=\"mw:Entity\" id=\"rdp-we-mwA4w\"> <\/span>19.<span typeof=\"mw:Entity\" id=\"rdp-we-mwA40\">\u00a0<\/span>November 2013<span typeof=\"mw:Entity\" id=\"rdp-we-mwA44\">,<\/span><span class=\"Abrufdatum\" id=\"rdp-we-mwA48\"><span typeof=\"mw:Entity\" id=\"rdp-we-mwA5A\"> <\/span>abgerufen am 2.<span typeof=\"mw:Entity\" id=\"rdp-we-mwA5E\">\u00a0<\/span>Mai 2015<\/span>.<\/span><span style=\"display: none;\" class=\"Z3988\" title=\"ctx_ver=Z39.88-2004&amp;rft_val_fmt=info%3Aofi%2Ffmt%3Akev%3Amtx%3Adc&amp;rfr_id=info%3Asid%2Fde.wikipedia.org%3AFler&amp;rft.title=Fler+schlie%C3%9Ft+Aggro+Berlin-Reunion+aus&amp;rft.description=Fler+schlie%C3%9Ft+Aggro+Berlin-Reunion+aus&amp;rft.identifier=http%3A%2F%2Fwww.rap.de%2Fnews%2F40-news%2F15429-fler-schliesst-aggro-berlin-reunion-aus&amp;rft.date=2013-11-19\" about=\"#mwt18\" id=\"rdp-we-mwA5I\"><span typeof=\"mw:Entity\" id=\"rdp-we-mwA5M\">\u00a0<\/span><\/span><\/span><\/li>\n<li about=\"#cite_note-11\" id=\"cite_note-11\" data-mw-footnote-number=\"11\"><span class=\"mw-cite-backlink\" id=\"rdp-we-mwA5Q\"><a href=\"#cite_ref-11\" rel=\"mw:referencedBy\" id=\"rdp-we-mwA5U\"><span class=\"mw-linkback-text\" id=\"rdp-we-mwA5Y\">\u2191<\/span><\/a><\/span> <span id=\"rdp-we-mw-reference-text-cite_note-11\" class=\"mw-reference-text reference-text\"><span class=\"cite\" about=\"#mwt20\" typeof=\"mw:Transclusion\" id=\"rdp-we-mwA5c\" data-mw='{\"parts\":[{\"template\":{\"target\":{\"wt\":\"Internetquelle \",\"href\":\".\/Vorlage:Internetquelle\"},\"params\":{\"url\":{\"wt\":\"http:\/\/www.rap.de\/news\/news\/16384-charts-qmakulin-mixtape-vol-4q-auf-platz-17\"},\"titel\":{\"wt\":\"Charts: \u201cMakulin Mixtape Vol. 4\u201d auf Platz 17\"},\"datum\":{\"wt\":\"2014-02-03\"},\"abruf\":{\"wt\":\"2015-05-02\"}},\"i\":0}}]}'><a rel=\"external_link\" href=\"http:\/\/www.rap.de\/news\/news\/16384-charts-qmakulin-mixtape-vol-4q-auf-platz-17\" class=\"external text\" id=\"rdp-we-mwA5g\" target=\"_new\"><i id=\"rdp-we-mwA5k\">Charts: \u201cMakulin Mixtape Vol. 4\u201d auf Platz 17.<\/i><\/a><span typeof=\"mw:Entity\" id=\"rdp-we-mwA5o\"> <\/span>3.<span typeof=\"mw:Entity\" id=\"rdp-we-mwA5s\">\u00a0<\/span>Februar 2014<span typeof=\"mw:Entity\" id=\"rdp-we-mwA5w\">,<\/span><span class=\"Abrufdatum\" id=\"rdp-we-mwA50\"><span typeof=\"mw:Entity\" id=\"rdp-we-mwA54\"> <\/span>abgerufen am 2.<span typeof=\"mw:Entity\" id=\"rdp-we-mwA58\">\u00a0<\/span>Mai 2015<\/span>.<\/span><span style=\"display: none;\" class=\"Z3988\" title=\"ctx_ver=Z39.88-2004&amp;rft_val_fmt=info%3Aofi%2Ffmt%3Akev%3Amtx%3Adc&amp;rfr_id=info%3Asid%2Fde.wikipedia.org%3AFler&amp;rft.title=Charts%3A+%E2%80%9CMakulin+Mixtape+Vol.+4%E2%80%9D+auf+Platz+17&amp;rft.description=Charts%3A+%E2%80%9CMakulin+Mixtape+Vol.+4%E2%80%9D+auf+Platz+17&amp;rft.identifier=http%3A%2F%2Fwww.rap.de%2Fnews%2Fnews%2F16384-charts-qmakulin-mixtape-vol-4q-auf-platz-17&amp;rft.date=2014-02-03\" about=\"#mwt20\" id=\"rdp-we-mwA6A\"><span typeof=\"mw:Entity\" id=\"rdp-we-mwA6E\">\u00a0<\/span><\/span><\/span><\/li>\n<li about=\"#cite_note-12\" id=\"cite_note-12\" data-mw-footnote-number=\"12\"><span class=\"mw-cite-backlink\" id=\"rdp-we-mwA6I\"><a href=\"#cite_ref-12\" rel=\"mw:referencedBy\" id=\"rdp-we-mwA6M\"><span class=\"mw-linkback-text\" id=\"rdp-we-mwA6Q\">\u2191<\/span><\/a><\/span> <span id=\"rdp-we-mw-reference-text-cite_note-12\" class=\"mw-reference-text reference-text\"><span class=\"cite\" about=\"#mwt22\" typeof=\"mw:Transclusion\" id=\"rdp-we-mwA6U\" data-mw='{\"parts\":[{\"template\":{\"target\":{\"wt\":\"Internetquelle \",\"href\":\".\/Vorlage:Internetquelle\"},\"params\":{\"url\":{\"wt\":\"https:\/\/itunes.apple.com\/de\/album\/stabiler-deutscher\/id849046308?i=849046628&amp;ign-mpt=uo%3D2\"},\"titel\":{\"wt\":\"iTunes \u2013 Musik \u2013 \u201eStabiler Deutscher \u2013 Single\u201c von Fler\"},\"abruf\":{\"wt\":\"2015-05-02\"}},\"i\":0}}]}'><a rel=\"external_link\" href=\"https:\/\/itunes.apple.com\/de\/album\/stabiler-deutscher\/id849046308?i=849046628&ign-mpt=uo%3D2\" class=\"external text\" id=\"rdp-we-mwA6Y\" target=\"_new\"><i id=\"rdp-we-mwA6c\">iTunes \u2013 Musik \u2013 \u201eStabiler Deutscher \u2013 Single\u201c von Fler.<\/i><\/a><span class=\"Abrufdatum\" id=\"rdp-we-mwA6g\"><span typeof=\"mw:Entity\" id=\"rdp-we-mwA6k\"> <\/span>Abgerufen am 2.<span typeof=\"mw:Entity\" id=\"rdp-we-mwA6o\">\u00a0<\/span>Mai 2015<\/span>.<\/span><span style=\"display: none;\" class=\"Z3988\" title=\"ctx_ver=Z39.88-2004&amp;rft_val_fmt=info%3Aofi%2Ffmt%3Akev%3Amtx%3Adc&amp;rfr_id=info%3Asid%2Fde.wikipedia.org%3AFler&amp;rft.title=iTunes+%E2%80%93+Musik+%E2%80%93+%E2%80%9EStabiler+Deutscher+%E2%80%93+Single%E2%80%9C+von+Fler&amp;rft.description=iTunes+%E2%80%93+Musik+%E2%80%93+%E2%80%9EStabiler+Deutscher+%E2%80%93+Single%E2%80%9C+von+Fler&amp;rft.identifier=https%3A%2F%2Fitunes.apple.com%2Fde%2Falbum%2Fstabiler-deutscher%2Fid849046308%3Fi%3D849046628%26ign-mpt%3Duo%253D2\" about=\"#mwt22\" id=\"rdp-we-mwA6s\"><span typeof=\"mw:Entity\" id=\"rdp-we-mwA6w\">\u00a0<\/span><\/span><\/span><\/li>\n<li about=\"#cite_note-13\" id=\"cite_note-13\" data-mw-footnote-number=\"13\"><span class=\"mw-cite-backlink\" id=\"rdp-we-mwA60\"><a href=\"#cite_ref-13\" rel=\"mw:referencedBy\" id=\"rdp-we-mwA64\"><span class=\"mw-linkback-text\" id=\"rdp-we-mwA68\">\u2191<\/span><\/a><\/span> <span id=\"rdp-we-mw-reference-text-cite_note-13\" class=\"mw-reference-text reference-text\"><span class=\"cite\" about=\"#mwt24\" typeof=\"mw:Transclusion\" id=\"rdp-we-mwA7A\" data-mw='{\"parts\":[{\"template\":{\"target\":{\"wt\":\"Internetquelle \",\"href\":\".\/Vorlage:Internetquelle\"},\"params\":{\"url\":{\"wt\":\"https:\/\/itunes.apple.com\/de\/album\/hipster-hass-single\/id868802491\"},\"titel\":{\"wt\":\"iTunes \u2013 Musik \u2013 \u201eHipster Hass \u2013 Single\u201c von Fler\"},\"abruf\":{\"wt\":\"2015-05-02\"}},\"i\":0}}]}'><a rel=\"external_link\" href=\"https:\/\/itunes.apple.com\/de\/album\/hipster-hass-single\/id868802491\" class=\"external text\" id=\"rdp-we-mwA7E\" target=\"_new\"><i id=\"rdp-we-mwA7I\">iTunes \u2013 Musik \u2013 \u201eHipster Hass \u2013 Single\u201c von Fler.<\/i><\/a><span class=\"Abrufdatum\" id=\"rdp-we-mwA7M\"><span typeof=\"mw:Entity\" id=\"rdp-we-mwA7Q\"> <\/span>Abgerufen am 2.<span typeof=\"mw:Entity\" id=\"rdp-we-mwA7U\">\u00a0<\/span>Mai 2015<\/span>.<\/span><span style=\"display: none;\" class=\"Z3988\" title=\"ctx_ver=Z39.88-2004&amp;rft_val_fmt=info%3Aofi%2Ffmt%3Akev%3Amtx%3Adc&amp;rfr_id=info%3Asid%2Fde.wikipedia.org%3AFler&amp;rft.title=iTunes+%E2%80%93+Musik+%E2%80%93+%E2%80%9EHipster+Hass+%E2%80%93+Single%E2%80%9C+von+Fler&amp;rft.description=iTunes+%E2%80%93+Musik+%E2%80%93+%E2%80%9EHipster+Hass+%E2%80%93+Single%E2%80%9C+von+Fler&amp;rft.identifier=https%3A%2F%2Fitunes.apple.com%2Fde%2Falbum%2Fhipster-hass-single%2Fid868802491\" about=\"#mwt24\" id=\"rdp-we-mwA7Y\"><span typeof=\"mw:Entity\" id=\"rdp-we-mwA7c\">\u00a0<\/span><\/span><\/span><\/li>\n<li about=\"#cite_note-14\" id=\"cite_note-14\" data-mw-footnote-number=\"14\"><span class=\"mw-cite-backlink\" id=\"rdp-we-mwA7g\"><a href=\"#cite_ref-14\" rel=\"mw:referencedBy\" id=\"rdp-we-mwA7k\"><span class=\"mw-linkback-text\" id=\"rdp-we-mwA7o\">\u2191<\/span><\/a><\/span> <span id=\"rdp-we-mw-reference-text-cite_note-14\" class=\"mw-reference-text reference-text\"><a rel=\"external_link\" href=\"http:\/\/www.rap.de\/legacysoundandvideo\/17608-g-hot-a-fler-kein-gold-audio\" class=\"external text\" id=\"rdp-we-mwA7s\" target=\"_new\">rap.de<\/a><\/span><\/li>\n<li about=\"#cite_note-15\" id=\"cite_note-15\" data-mw-footnote-number=\"15\"><span class=\"mw-cite-backlink\" id=\"rdp-we-mwA7w\"><a href=\"#cite_ref-15\" rel=\"mw:referencedBy\" id=\"rdp-we-mwA70\"><span class=\"mw-linkback-text\" id=\"rdp-we-mwA74\">\u2191<\/span><\/a><\/span> <span id=\"rdp-we-mw-reference-text-cite_note-15\" class=\"mw-reference-text reference-text\"><span class=\"cite\" about=\"#mwt27\" typeof=\"mw:Transclusion\" id=\"rdp-we-mwA78\" data-mw='{\"parts\":[{\"template\":{\"target\":{\"wt\":\"Internetquelle \",\"href\":\".\/Vorlage:Internetquelle\"},\"params\":{\"url\":{\"wt\":\"http:\/\/www.16bars.de\/media\/12566\/businessman\/\"},\"titel\":{\"wt\":\"Deutsch: Businessman\"},\"datum\":{\"wt\":\"2014-06-05\"},\"abruf\":{\"wt\":\"2015-05-02\"}},\"i\":0}}]}'><a rel=\"external_link\" href=\"http:\/\/www.16bars.de\/media\/12566\/businessman\/\" class=\"external text\" id=\"rdp-we-mwA8A\" target=\"_new\"><i id=\"rdp-we-mwA8E\">Deutsch: Businessman.<\/i><\/a><span typeof=\"mw:Entity\" id=\"rdp-we-mwA8I\"> <\/span>5.<span typeof=\"mw:Entity\" id=\"rdp-we-mwA8M\">\u00a0<\/span>Juni 2014<span typeof=\"mw:Entity\" id=\"rdp-we-mwA8Q\">,<\/span><span class=\"Abrufdatum\" id=\"rdp-we-mwA8U\"><span typeof=\"mw:Entity\" id=\"rdp-we-mwA8Y\"> <\/span>abgerufen am 2.<span typeof=\"mw:Entity\" id=\"rdp-we-mwA8c\">\u00a0<\/span>Mai 2015<\/span>.<\/span><span style=\"display: none;\" class=\"Z3988\" title=\"ctx_ver=Z39.88-2004&amp;rft_val_fmt=info%3Aofi%2Ffmt%3Akev%3Amtx%3Adc&amp;rfr_id=info%3Asid%2Fde.wikipedia.org%3AFler&amp;rft.title=Deutsch%3A+Businessman&amp;rft.description=Deutsch%3A+Businessman&amp;rft.identifier=http%3A%2F%2Fwww.16bars.de%2Fmedia%2F12566%2Fbusinessman%2F&amp;rft.date=2014-06-05\" about=\"#mwt27\" id=\"rdp-we-mwA8g\"><span typeof=\"mw:Entity\" id=\"rdp-we-mwA8k\">\u00a0<\/span><\/span><\/span><\/li>\n<li about=\"#cite_note-16\" id=\"cite_note-16\" data-mw-footnote-number=\"16\"><span class=\"mw-cite-backlink\" id=\"rdp-we-mwA8o\"><a href=\"#cite_ref-16\" rel=\"mw:referencedBy\" id=\"rdp-we-mwA8s\"><span class=\"mw-linkback-text\" id=\"rdp-we-mwA8w\">\u2191<\/span><\/a><\/span> <span id=\"rdp-we-mw-reference-text-cite_note-16\" class=\"mw-reference-text reference-text\"><a rel=\"external_link\" href=\"http:\/\/www.laut.de\/News\/Rammstein-vs-Fler-Anwaelte-stoppen-Flers-Sehnsucht-Shirts-17-10-2017-14074\" class=\"external text\" id=\"rdp-we-mwA80\" target=\"_new\">laut.de: <i id=\"rdp-we-mwA84\">Anw\u00e4lte stoppen Flers Sehnsucht-Shirts<\/i><\/a>, 17. Oktober 2017; abgerufen am 19. Oktober 2017<\/span><\/li>\n<li about=\"#cite_note-17\" id=\"cite_note-17\" data-mw-footnote-number=\"17\"><span class=\"mw-cite-backlink\" id=\"rdp-we-mwA88\"><a href=\"#cite_ref-17\" rel=\"mw:referencedBy\" id=\"rdp-we-mwA9A\"><span class=\"mw-linkback-text\" id=\"rdp-we-mwA9E\">\u2191<\/span><\/a><\/span> <span id=\"rdp-we-mw-reference-text-cite_note-17\" class=\"mw-reference-text reference-text\"><span class=\"cite\" about=\"#mwt30\" typeof=\"mw:Transclusion\" id=\"rdp-we-mwA9I\" data-mw='{\"parts\":[{\"template\":{\"target\":{\"wt\":\"Internetquelle \",\"href\":\".\/Vorlage:Internetquelle\"},\"params\":{\"url\":{\"wt\":\"https:\/\/www.boutblank.com\/news\/fler-kuendigt-neues-album-flizzy-an-releasedatum\/65048\"},\"titel\":{\"wt\":\"Fler k\u00fcndigt neues Album \u201eFlizzy\u201c an (+ Releasedatum) \u00b7 Boutblank.com\"},\"abruf\":{\"wt\":\"2017-09-15\"}},\"i\":0}}]}'><a rel=\"external_link\" href=\"https:\/\/www.boutblank.com\/news\/fler-kuendigt-neues-album-flizzy-an-releasedatum\/65048\" class=\"external text\" id=\"rdp-we-mwA9M\" target=\"_new\"><i id=\"rdp-we-mwA9Q\">Fler k\u00fcndigt neues Album \u201eFlizzy\u201c an (+ Releasedatum) \u00b7 Boutblank.com.<\/i><\/a><span class=\"Abrufdatum\" id=\"rdp-we-mwA9U\"><span typeof=\"mw:Entity\" id=\"rdp-we-mwA9Y\"> <\/span>Abgerufen am 15.<span typeof=\"mw:Entity\" id=\"rdp-we-mwA9c\">\u00a0<\/span>September 2017<\/span>.<\/span><span style=\"display: none;\" class=\"Z3988\" title=\"ctx_ver=Z39.88-2004&amp;rft_val_fmt=info%3Aofi%2Ffmt%3Akev%3Amtx%3Adc&amp;rfr_id=info%3Asid%2Fde.wikipedia.org%3AFler&amp;rft.title=Fler+k%C3%BCndigt+neues+Album+%E2%80%9EFlizzy%E2%80%9C+an+%28%2B+Releasedatum%29+%C2%B7+Boutblank.com&amp;rft.description=Fler+k%C3%BCndigt+neues+Album+%E2%80%9EFlizzy%E2%80%9C+an+%28%2B+Releasedatum%29+%C2%B7+Boutblank.com&amp;rft.identifier=https%3A%2F%2Fwww.boutblank.com%2Fnews%2Ffler-kuendigt-neues-album-flizzy-an-releasedatum%2F65048\" about=\"#mwt30\" id=\"rdp-we-mwA9g\"><span typeof=\"mw:Entity\" id=\"rdp-we-mwA9k\">\u00a0<\/span><\/span><\/span><\/li>\n<li about=\"#cite_note-18\" id=\"cite_note-18\" data-mw-footnote-number=\"18\"><span class=\"mw-cite-backlink\" id=\"rdp-we-mwA9o\"><a href=\"#cite_ref-18\" rel=\"mw:referencedBy\" id=\"rdp-we-mwA9s\"><span class=\"mw-linkback-text\" id=\"rdp-we-mwA9w\">\u2191<\/span><\/a><\/span> <span id=\"rdp-we-mw-reference-text-cite_note-18\" class=\"mw-reference-text reference-text\"><span class=\"cite\" about=\"#mwt32\" typeof=\"mw:Transclusion\" id=\"rdp-we-mwA90\" data-mw='{\"parts\":[{\"template\":{\"target\":{\"wt\":\"Internetquelle \",\"href\":\".\/Vorlage:Internetquelle\"},\"params\":{\"url\":{\"wt\":\"http:\/\/rapupdate.de\/?p=30874\"},\"titel\":{\"wt\":\"Kollegah entschuldigt sich hier ausdr\u00fccklich bei Silla f\u00fcr diesen Angriff \u2013 Teil 2 (Video)\"},\"datum\":{\"wt\":\"2013-01-28\"},\"archiv-url\":{\"wt\":\"https:\/\/web.archive.org\/web\/20140202100745\/http:\/\/rapupdate.de\/?p=30874\"},\"archiv-datum\":{\"wt\":\"2014-02-02\"},\"abruf\":{\"wt\":\"2015-05-02\"}},\"i\":0}}]}'><a rel=\"external_link\" href=\"https:\/\/web.archive.org\/web\/20140202100745\/http:\/\/rapupdate.de\/?p=30874\" class=\"external text\" id=\"rdp-we-mwA94\" target=\"_new\"><i id=\"rdp-we-mwA98\">Kollegah entschuldigt sich hier ausdr\u00fccklich bei Silla f\u00fcr diesen Angriff \u2013 Teil 2 (Video).<\/i><\/a><span typeof=\"mw:Entity\" id=\"rdp-we-mwA-A\"> <\/span>28.<span typeof=\"mw:Entity\" id=\"rdp-we-mwA-E\">\u00a0<\/span>Januar 2013,<span typeof=\"mw:Entity\" id=\"rdp-we-mwA-I\"> <\/span>archiviert<span typeof=\"mw:Entity\" id=\"rdp-we-mwA-M\"> <\/span>vom<span typeof=\"mw:Entity\" id=\"rdp-we-mwA-Q\"> <\/span><span class=\"dewiki-iconexternal\" id=\"rdp-we-mwA-Y\"><a rel=\"external_link\" href=\"https:\/\/redirecter.toolforge.org\/?url=http%3A%2F%2Frapupdate.de%2F%3Fp%3D30874\" class=\"external text\" id=\"rdp-we-mwA-c\" target=\"_new\">Original<\/a><\/span><span typeof=\"mw:Entity\" id=\"rdp-we-mwA-g\"> <\/span>am<span typeof=\"mw:Entity\" id=\"rdp-we-mwA-k\"> <\/span><span style=\"white-space:nowrap;\" id=\"rdp-we-mwA-o\">2.<span typeof=\"mw:Entity\" id=\"rdp-we-mwA-s\">\u00a0<\/span>Februar 2014<\/span><span id=\"rdp-we-mwA-w\">;<\/span><span class=\"Abrufdatum\" id=\"rdp-we-mwA-0\"><span typeof=\"mw:Entity\" id=\"rdp-we-mwA-4\"> <\/span>abgerufen am 2.<span typeof=\"mw:Entity\" id=\"rdp-we-mwA-8\">\u00a0<\/span>Mai 2015<\/span>.<\/span><span style=\"display: none;\" class=\"Z3988\" title=\"ctx_ver=Z39.88-2004&amp;rft_val_fmt=info%3Aofi%2Ffmt%3Akev%3Amtx%3Adc&amp;rfr_id=info%3Asid%2Fde.wikipedia.org%3AFler&amp;rft.title=Kollegah+entschuldigt+sich+hier+ausdr%C3%BCcklich+bei+Silla+f%C3%BCr+diesen+Angriff+%E2%80%93+Teil+2+%28Video%29&amp;rft.description=Kollegah+entschuldigt+sich+hier+ausdr%C3%BCcklich+bei+Silla+f%C3%BCr+diesen+Angriff+%E2%80%93+Teil+2+%28Video%29&amp;rft.identifier=https%3A%2F%2Fweb.archive.org%2Fweb%2F20140202100745%2Fhttp%3A%2F%2Frapupdate.de%2F%3Fp%3D30874&amp;rft.date=2013-01-28&amp;rft.source=http:\/\/rapupdate.de\/?p=30874\" about=\"#mwt32\" id=\"rdp-we-mwA_A\"><span typeof=\"mw:Entity\" id=\"rdp-we-mwA_E\">\u00a0<\/span><\/span><\/span><\/li>\n<li about=\"#cite_note-19\" id=\"cite_note-19\" data-mw-footnote-number=\"19\"><span class=\"mw-cite-backlink\" id=\"rdp-we-mwA_I\"><a href=\"#cite_ref-19\" rel=\"mw:referencedBy\" id=\"rdp-we-mwA_M\"><span class=\"mw-linkback-text\" id=\"rdp-we-mwA_Q\">\u2191<\/span><\/a><\/span> <span id=\"rdp-we-mw-reference-text-cite_note-19\" class=\"mw-reference-text reference-text\"><span class=\"cite\" about=\"#mwt35\" typeof=\"mw:Transclusion\" id=\"rdp-we-mwA_U\" data-mw='{\"parts\":[{\"template\":{\"target\":{\"wt\":\"Internetquelle \",\"href\":\".\/Vorlage:Internetquelle\"},\"params\":{\"url\":{\"wt\":\"http:\/\/www.spit-tv.de\/top-artikel\/farid-bang-seitenhieb-auf-stiernackenkommando-fler-antwortet\/\"},\"titel\":{\"wt\":\"Farid Bang: Seitenhieb auf \u201eStiernackenkommando\u201c \/ Fler antwortet\"},\"datum\":{\"wt\":\"2013-01-21\"},\"abruf\":{\"wt\":\"2015-05-02\"}},\"i\":0}}]}'><a rel=\"external_link\" href=\"http:\/\/www.spit-tv.de\/top-artikel\/farid-bang-seitenhieb-auf-stiernackenkommando-fler-antwortet\/\" class=\"external text\" id=\"rdp-we-mwA_Y\" target=\"_new\"><i id=\"rdp-we-mwA_c\">Farid Bang: Seitenhieb auf \u201eStiernackenkommando\u201c \/ Fler antwortet.<\/i><\/a><span typeof=\"mw:Entity\" id=\"rdp-we-mwA_g\"> <\/span>21.<span typeof=\"mw:Entity\" id=\"rdp-we-mwA_k\">\u00a0<\/span>Januar 2013<span typeof=\"mw:Entity\" id=\"rdp-we-mwA_o\">,<\/span><span class=\"Abrufdatum\" id=\"rdp-we-mwA_s\"><span typeof=\"mw:Entity\" id=\"rdp-we-mwA_w\"> <\/span>abgerufen am 2.<span typeof=\"mw:Entity\" id=\"rdp-we-mwA_0\">\u00a0<\/span>Mai 2015<\/span>.<\/span><span style=\"display: none;\" class=\"Z3988\" title=\"ctx_ver=Z39.88-2004&amp;rft_val_fmt=info%3Aofi%2Ffmt%3Akev%3Amtx%3Adc&amp;rfr_id=info%3Asid%2Fde.wikipedia.org%3AFler&amp;rft.title=Farid+Bang%3A+Seitenhieb+auf+%E2%80%9EStiernackenkommando%E2%80%9C+%2F+Fler+antwortet&amp;rft.description=Farid+Bang%3A+Seitenhieb+auf+%E2%80%9EStiernackenkommando%E2%80%9C+%2F+Fler+antwortet&amp;rft.identifier=http%3A%2F%2Fwww.spit-tv.de%2Ftop-artikel%2Ffarid-bang-seitenhieb-auf-stiernackenkommando-fler-antwortet%2F&amp;rft.date=2013-01-21\" about=\"#mwt35\" id=\"rdp-we-mwA_4\"><span typeof=\"mw:Entity\" id=\"rdp-we-mwA_8\">\u00a0<\/span><\/span><\/span><\/li>\n<li about=\"#cite_note-20\" id=\"cite_note-20\" data-mw-footnote-number=\"20\"><span class=\"mw-cite-backlink\" id=\"rdp-we-mwBAA\"><a href=\"#cite_ref-20\" rel=\"mw:referencedBy\" id=\"rdp-we-mwBAE\"><span class=\"mw-linkback-text\" id=\"rdp-we-mwBAI\">\u2191<\/span><\/a><\/span> <span id=\"rdp-we-mw-reference-text-cite_note-20\" class=\"mw-reference-text reference-text\"><span class=\"cite\" about=\"#mwt37\" typeof=\"mw:Transclusion\" id=\"rdp-we-mwBAM\" data-mw='{\"parts\":[{\"template\":{\"target\":{\"wt\":\"Internetquelle \",\"href\":\".\/Vorlage:Internetquelle\"},\"params\":{\"url\":{\"wt\":\"http:\/\/blog.hiphop.de\/deutschrap1radio\/2013\/04\/20\/g-hot-diss-gegen-farid-bang-auf-flers-neuem-album\/\"},\"titel\":{\"wt\":\"G-Hot: Diss gegen Farid Bang auf Fler\u2019s neuem Album!\"},\"datum\":{\"wt\":\"2013-04-20\"},\"archiv-url\":{\"wt\":\"https:\/\/web.archive.org\/web\/20150402113959\/http:\/\/blog.hiphop.de\/deutschrap1radio\/2013\/04\/20\/g-hot-diss-gegen-farid-bang-auf-flers-neuem-album\/\"},\"archiv-datum\":{\"wt\":\"2015-04-02\"},\"abruf\":{\"wt\":\"2015-05-02\"}},\"i\":0}}]}'><a rel=\"external_link\" href=\"https:\/\/web.archive.org\/web\/20150402113959\/http:\/\/blog.hiphop.de\/deutschrap1radio\/2013\/04\/20\/g-hot-diss-gegen-farid-bang-auf-flers-neuem-album\/\" class=\"external text\" id=\"rdp-we-mwBAQ\" target=\"_new\"><i id=\"rdp-we-mwBAU\">G-Hot: Diss gegen Farid Bang auf Fler\u2019s neuem Album!<\/i><\/a><span typeof=\"mw:Entity\" id=\"rdp-we-mwBAY\"> <\/span>20.<span typeof=\"mw:Entity\" id=\"rdp-we-mwBAc\">\u00a0<\/span>April 2013,<span typeof=\"mw:Entity\" id=\"rdp-we-mwBAg\"> <\/span>archiviert<span typeof=\"mw:Entity\" id=\"rdp-we-mwBAk\"> <\/span>vom<span typeof=\"mw:Entity\" id=\"rdp-we-mwBAo\"> <\/span><link rel=\"mw-deduplicated-inline-style\" href=\"mw-data:TemplateStyles:r250917974\" about=\"#mwt38\" typeof=\"mw:Extension\/templatestyles\" id=\"rdp-we-mwBAs\" data-mw='{\"name\":\"templatestyles\",\"attrs\":{\"src\":\"Vorlage:IconExternal\/styles.css\"}}'\/><span class=\"dewiki-iconexternal\" id=\"rdp-we-mwBAw\"><a rel=\"external_link\" href=\"https:\/\/redirecter.toolforge.org\/?url=http%3A%2F%2Fblog.hiphop.de%2Fdeutschrap1radio%2F2013%2F04%2F20%2Fg-hot-diss-gegen-farid-bang-auf-flers-neuem-album%2F\" class=\"external text\" id=\"rdp-we-mwBA0\" target=\"_new\">Original<\/a><\/span><span typeof=\"mw:Entity\" id=\"rdp-we-mwBA4\"> <\/span>am<span typeof=\"mw:Entity\" id=\"rdp-we-mwBA8\"> <\/span><span style=\"white-space:nowrap;\" id=\"rdp-we-mwBBA\">2.<span typeof=\"mw:Entity\" id=\"rdp-we-mwBBE\">\u00a0<\/span>April 2015<\/span><span id=\"rdp-we-mwBBI\">;<\/span><span class=\"Abrufdatum\" id=\"rdp-we-mwBBM\"><span typeof=\"mw:Entity\" id=\"rdp-we-mwBBQ\"> <\/span>abgerufen am 2.<span typeof=\"mw:Entity\" id=\"rdp-we-mwBBU\">\u00a0<\/span>Mai 2015<\/span>.<\/span><span style=\"display: none;\" class=\"Z3988\" title=\"ctx_ver=Z39.88-2004&amp;rft_val_fmt=info%3Aofi%2Ffmt%3Akev%3Amtx%3Adc&amp;rfr_id=info%3Asid%2Fde.wikipedia.org%3AFler&amp;rft.title=G-Hot%3A+Diss+gegen+Farid+Bang+auf+Fler%E2%80%99s+neuem+Album%21&amp;rft.description=G-Hot%3A+Diss+gegen+Farid+Bang+auf+Fler%E2%80%99s+neuem+Album%21&amp;rft.identifier=https%3A%2F%2Fweb.archive.org%2Fweb%2F20150402113959%2Fhttp%3A%2F%2Fblog.hiphop.de%2Fdeutschrap1radio%2F2013%2F04%2F20%2Fg-hot-diss-gegen-farid-bang-auf-flers-neuem-album%2F&amp;rft.date=2013-04-20&amp;rft.source=http:\/\/blog.hiphop.de\/deutschrap1radio\/2013\/04\/20\/g-hot-diss-gegen-farid-bang-auf-flers-neuem-album\/\" about=\"#mwt37\" id=\"rdp-we-mwBBY\"><span typeof=\"mw:Entity\" id=\"rdp-we-mwBBc\">\u00a0<\/span><\/span><\/span><\/li>\n<li about=\"#cite_note-21\" id=\"cite_note-21\" data-mw-footnote-number=\"21\"><span class=\"mw-cite-backlink\" id=\"rdp-we-mwBBg\"><a href=\"#cite_ref-21\" rel=\"mw:referencedBy\" id=\"rdp-we-mwBBk\"><span class=\"mw-linkback-text\" id=\"rdp-we-mwBBo\">\u2191<\/span><\/a><\/span> <span id=\"rdp-we-mw-reference-text-cite_note-21\" class=\"mw-reference-text reference-text\"><span class=\"cite\" about=\"#mwt40\" typeof=\"mw:Transclusion\" id=\"rdp-we-mwBBs\" data-mw='{\"parts\":[{\"template\":{\"target\":{\"wt\":\"cite web\",\"href\":\".\/Vorlage:Cite_web\"},\"params\":{\"url\":{\"wt\":\"http:\/\/www.b-stadt.com\/item\/farid-bang-betitelt-fler-erneut-mehrfach-als-hurensohn\"},\"title\":{\"wt\":\"Farid Bang betitelt FLER erneut (mehrfach) als \u201eHurensohn\u201c\"},\"date\":{\"wt\":\"2014-01-13\"},\"language\":{\"wt\":\"de\"},\"accessdate\":{\"wt\":\"2015-04-12\"},\"archive-url\":{\"wt\":\"https:\/\/web.archive.org\/web\/20150402112954\/http:\/\/www.b-stadt.com\/item\/farid-bang-betitelt-fler-erneut-mehrfach-als-hurensohn\"},\"archive-date\":{\"wt\":\"2015-04-02\"},\"url-status\":{\"wt\":\"dead\"}},\"i\":0}}]}'><a rel=\"external_link\" href=\"https:\/\/web.archive.org\/web\/20150402112954\/http:\/\/www.b-stadt.com\/item\/farid-bang-betitelt-fler-erneut-mehrfach-als-hurensohn\" class=\"external text\" id=\"rdp-we-mwBBw\" target=\"_new\"><i id=\"rdp-we-mwBB0\">Farid Bang betitelt FLER erneut (mehrfach) als \u201eHurensohn\u201c.<\/i><\/a><span typeof=\"mw:Entity\" id=\"rdp-we-mwBB4\"> <\/span>13.<span typeof=\"mw:Entity\" id=\"rdp-we-mwBB8\">\u00a0<\/span>Januar 2014,<span typeof=\"mw:Entity\" id=\"rdp-we-mwBCA\"> <\/span>archiviert<span typeof=\"mw:Entity\" id=\"rdp-we-mwBCE\"> <\/span>vom<span typeof=\"mw:Entity\" id=\"rdp-we-mwBCI\"> <\/span><link rel=\"mw-deduplicated-inline-style\" href=\"mw-data:TemplateStyles:r250917974\" about=\"#mwt41\" typeof=\"mw:Extension\/templatestyles\" id=\"rdp-we-mwBCM\" data-mw='{\"name\":\"templatestyles\",\"attrs\":{\"src\":\"Vorlage:IconExternal\/styles.css\"}}'\/><span class=\"dewiki-iconexternal\" id=\"rdp-we-mwBCQ\"><a rel=\"external_link\" href=\"https:\/\/redirecter.toolforge.org\/?url=http%3A%2F%2Fwww.b-stadt.com%2Fitem%2Ffarid-bang-betitelt-fler-erneut-mehrfach-als-hurensohn\" class=\"external text\" id=\"rdp-we-mwBCU\" target=\"_new\">Original<\/a><\/span><span typeof=\"mw:Entity\" id=\"rdp-we-mwBCY\"> <\/span>am<span typeof=\"mw:Entity\" id=\"rdp-we-mwBCc\"> <\/span><span style=\"white-space:nowrap;\" id=\"rdp-we-mwBCg\">2.<span typeof=\"mw:Entity\" id=\"rdp-we-mwBCk\">\u00a0<\/span>April 2015<\/span><span id=\"rdp-we-mwBCo\">;<\/span><span class=\"Abrufdatum\" id=\"rdp-we-mwBCs\"><span typeof=\"mw:Entity\" id=\"rdp-we-mwBCw\"> <\/span>abgerufen am 12.<span typeof=\"mw:Entity\" id=\"rdp-we-mwBC0\">\u00a0<\/span>April 2015<\/span>.<\/span><span style=\"display: none;\" class=\"Z3988\" title=\"ctx_ver=Z39.88-2004&amp;rft_val_fmt=info%3Aofi%2Ffmt%3Akev%3Amtx%3Adc&amp;rfr_id=info%3Asid%2Fde.wikipedia.org%3AFler&amp;rft.title=Farid+Bang+betitelt+FLER+erneut+%28mehrfach%29+als+%E2%80%9EHurensohn%E2%80%9C&amp;rft.description=Farid+Bang+betitelt+FLER+erneut+%28mehrfach%29+als+%E2%80%9EHurensohn%E2%80%9C&amp;rft.identifier=https%3A%2F%2Fweb.archive.org%2Fweb%2F20150402112954%2Fhttp%3A%2F%2Fwww.b-stadt.com%2Fitem%2Ffarid-bang-betitelt-fler-erneut-mehrfach-als-hurensohn&amp;rft.date=2014-01-13&amp;rft.source=http:\/\/www.b-stadt.com\/item\/farid-bang-betitelt-fler-erneut-mehrfach-als-hurensohn&amp;rft.language=de\" about=\"#mwt40\" id=\"rdp-we-mwBC4\"><span typeof=\"mw:Entity\" id=\"rdp-we-mwBC8\">\u00a0<\/span><\/span><\/span><\/li>\n<li about=\"#cite_note-rapupdate.64075-22\" id=\"cite_note-rapupdate.64075-22\" data-mw-footnote-number=\"22\"><span rel=\"mw:referencedBy\" class=\"mw-cite-backlink\" id=\"rdp-we-mwBDA\"><a href=\"#cite_ref-rapupdate.64075_22-0\" id=\"rdp-we-mwBDE\"><span class=\"mw-linkback-text\" id=\"rdp-we-mwBDI\">1<\/span><\/a> <a href=\"#cite_ref-rapupdate.64075_22-1\" id=\"rdp-we-mwBDM\"><span class=\"mw-linkback-text\" id=\"rdp-we-mwBDQ\">2<\/span><\/a><\/span> <span id=\"rdp-we-mw-reference-text-cite_note-rapupdate.64075-22\" class=\"mw-reference-text reference-text\"><span class=\"cite\" about=\"#mwt43\" typeof=\"mw:Transclusion\" id=\"rdp-we-mwBDU\" data-mw='{\"parts\":[{\"template\":{\"target\":{\"wt\":\"cite web\",\"href\":\".\/Vorlage:Cite_web\"},\"params\":{\"url\":{\"wt\":\"http:\/\/rapupdate.de\/?p=64075\"},\"title\":{\"wt\":\"Fler vs. Farid Bang \u2013 Weitere Unterhaltung inkl. Angebot von Farid Bang!\"},\"date\":{\"wt\":\"2014-01-19\"},\"accessdate\":{\"wt\":\"2015-04-12\"},\"archive-url\":{\"wt\":\"https:\/\/web.archive.org\/web\/20140202122735\/http:\/\/rapupdate.de\/?p=64075\"},\"archive-date\":{\"wt\":\"2014-02-02\"},\"url-status\":{\"wt\":\"dead\"}},\"i\":0}}]}'><a rel=\"external_link\" href=\"https:\/\/web.archive.org\/web\/20140202122735\/http:\/\/rapupdate.de\/?p=64075\" class=\"external text\" id=\"rdp-we-mwBDY\" target=\"_new\"><i id=\"rdp-we-mwBDc\">Fler vs. Farid Bang \u2013 Weitere Unterhaltung inkl. Angebot von Farid Bang!<\/i><\/a><span typeof=\"mw:Entity\" id=\"rdp-we-mwBDg\"> <\/span>19.<span typeof=\"mw:Entity\" id=\"rdp-we-mwBDk\">\u00a0<\/span>Januar 2014,<span typeof=\"mw:Entity\" id=\"rdp-we-mwBDo\"> <\/span>archiviert<span typeof=\"mw:Entity\" id=\"rdp-we-mwBDs\"> <\/span>vom<span typeof=\"mw:Entity\" id=\"rdp-we-mwBDw\"> <\/span><link rel=\"mw-deduplicated-inline-style\" href=\"mw-data:TemplateStyles:r250917974\" about=\"#mwt44\" typeof=\"mw:Extension\/templatestyles\" id=\"rdp-we-mwBD0\" data-mw='{\"name\":\"templatestyles\",\"attrs\":{\"src\":\"Vorlage:IconExternal\/styles.css\"}}'\/><span class=\"dewiki-iconexternal\" id=\"rdp-we-mwBD4\"><a rel=\"external_link\" href=\"https:\/\/redirecter.toolforge.org\/?url=http%3A%2F%2Frapupdate.de%2F%3Fp%3D64075\" class=\"external text\" id=\"rdp-we-mwBD8\" target=\"_new\">Original<\/a><\/span><span typeof=\"mw:Entity\" id=\"rdp-we-mwBEA\"> <\/span>am<span typeof=\"mw:Entity\" id=\"rdp-we-mwBEE\"> <\/span><span style=\"white-space:nowrap;\" id=\"rdp-we-mwBEI\">2.<span typeof=\"mw:Entity\" id=\"rdp-we-mwBEM\">\u00a0<\/span>Februar 2014<\/span><span id=\"rdp-we-mwBEQ\">;<\/span><span class=\"Abrufdatum\" id=\"rdp-we-mwBEU\"><span typeof=\"mw:Entity\" id=\"rdp-we-mwBEY\"> <\/span>abgerufen am 12.<span typeof=\"mw:Entity\" id=\"rdp-we-mwBEc\">\u00a0<\/span>April 2015<\/span>.<\/span><span style=\"display: none;\" class=\"Z3988\" title=\"ctx_ver=Z39.88-2004&amp;rft_val_fmt=info%3Aofi%2Ffmt%3Akev%3Amtx%3Adc&amp;rfr_id=info%3Asid%2Fde.wikipedia.org%3AFler&amp;rft.title=Fler+vs.+Farid+Bang+%E2%80%93+Weitere+Unterhaltung+inkl.+Angebot+von+Farid+Bang%21&amp;rft.description=Fler+vs.+Farid+Bang+%E2%80%93+Weitere+Unterhaltung+inkl.+Angebot+von+Farid+Bang%21&amp;rft.identifier=https%3A%2F%2Fweb.archive.org%2Fweb%2F20140202122735%2Fhttp%3A%2F%2Frapupdate.de%2F%3Fp%3D64075&amp;rft.date=2014-01-19&amp;rft.source=http:\/\/rapupdate.de\/?p=64075\" about=\"#mwt43\" id=\"rdp-we-mwBEg\"><span typeof=\"mw:Entity\" id=\"rdp-we-mwBEk\">\u00a0<\/span><\/span><\/span><\/li>\n<li about=\"#cite_note-23\" id=\"cite_note-23\" data-mw-footnote-number=\"23\"><span class=\"mw-cite-backlink\" id=\"rdp-we-mwBEo\"><a href=\"#cite_ref-23\" rel=\"mw:referencedBy\" id=\"rdp-we-mwBEs\"><span class=\"mw-linkback-text\" id=\"rdp-we-mwBEw\">\u2191<\/span><\/a><\/span> <span id=\"rdp-we-mw-reference-text-cite_note-23\" class=\"mw-reference-text reference-text\"><span class=\"cite\" about=\"#mwt46\" typeof=\"mw:Transclusion\" id=\"rdp-we-mwBE0\" data-mw='{\"parts\":[{\"template\":{\"target\":{\"wt\":\"cite web\",\"href\":\".\/Vorlage:Cite_web\"},\"params\":{\"url\":{\"wt\":\"http:\/\/hiphopholic.de\/fler-postet-seine-adresse-farid-bang-will-ihn-nun-besuchen\/\"},\"title\":{\"wt\":\"Fler postet seine Adresse &amp; Farid Bang will ihn nun besuchen\"},\"date\":{\"wt\":\"2014-01-18\"},\"accessdate\":{\"wt\":\"2015-04-12\"},\"archive-url\":{\"wt\":\"https:\/\/web.archive.org\/web\/20140122002416\/http:\/\/hiphopholic.de\/fler-postet-seine-adresse-farid-bang-will-ihn-nun-besuchen\/\"},\"archive-date\":{\"wt\":\"2014-01-22\"},\"url-status\":{\"wt\":\"dead\"}},\"i\":0}}]}'><a rel=\"external_link\" href=\"https:\/\/web.archive.org\/web\/20140122002416\/http:\/\/hiphopholic.de\/fler-postet-seine-adresse-farid-bang-will-ihn-nun-besuchen\/\" class=\"external text\" id=\"rdp-we-mwBE4\" target=\"_new\"><i id=\"rdp-we-mwBE8\">Fler postet seine Adresse &amp; Farid Bang will ihn nun besuchen.<\/i><\/a><span typeof=\"mw:Entity\" id=\"rdp-we-mwBFA\"> <\/span>18.<span typeof=\"mw:Entity\" id=\"rdp-we-mwBFE\">\u00a0<\/span>Januar 2014,<span typeof=\"mw:Entity\" id=\"rdp-we-mwBFI\"> <\/span>archiviert<span typeof=\"mw:Entity\" id=\"rdp-we-mwBFM\"> <\/span>vom<span typeof=\"mw:Entity\" id=\"rdp-we-mwBFQ\"> <\/span><link rel=\"mw-deduplicated-inline-style\" href=\"mw-data:TemplateStyles:r250917974\" about=\"#mwt47\" typeof=\"mw:Extension\/templatestyles\" id=\"rdp-we-mwBFU\" data-mw='{\"name\":\"templatestyles\",\"attrs\":{\"src\":\"Vorlage:IconExternal\/styles.css\"}}'\/><span class=\"dewiki-iconexternal\" id=\"rdp-we-mwBFY\"><a rel=\"external_link\" href=\"https:\/\/redirecter.toolforge.org\/?url=http%3A%2F%2Fhiphopholic.de%2Ffler-postet-seine-adresse-farid-bang-will-ihn-nun-besuchen%2F\" class=\"external text\" id=\"rdp-we-mwBFc\" target=\"_new\">Original<\/a><\/span><span typeof=\"mw:Entity\" id=\"rdp-we-mwBFg\"> <\/span>am<span typeof=\"mw:Entity\" id=\"rdp-we-mwBFk\"> <\/span><span style=\"white-space:nowrap;\" id=\"rdp-we-mwBFo\">22.<span typeof=\"mw:Entity\" id=\"rdp-we-mwBFs\">\u00a0<\/span>Januar 2014<\/span><span id=\"rdp-we-mwBFw\">;<\/span><span class=\"Abrufdatum\" id=\"rdp-we-mwBF0\"><span typeof=\"mw:Entity\" id=\"rdp-we-mwBF4\"> <\/span>abgerufen am 12.<span typeof=\"mw:Entity\" id=\"rdp-we-mwBF8\">\u00a0<\/span>April 2015<\/span>.<\/span><span style=\"display: none;\" class=\"Z3988\" title=\"ctx_ver=Z39.88-2004&amp;rft_val_fmt=info%3Aofi%2Ffmt%3Akev%3Amtx%3Adc&amp;rfr_id=info%3Asid%2Fde.wikipedia.org%3AFler&amp;rft.title=Fler+postet+seine+Adresse+%26+Farid+Bang+will+ihn+nun+besuchen&amp;rft.description=Fler+postet+seine+Adresse+%26+Farid+Bang+will+ihn+nun+besuchen&amp;rft.identifier=https%3A%2F%2Fweb.archive.org%2Fweb%2F20140122002416%2Fhttp%3A%2F%2Fhiphopholic.de%2Ffler-postet-seine-adresse-farid-bang-will-ihn-nun-besuchen%2F&amp;rft.date=2014-01-18&amp;rft.source=http:\/\/hiphopholic.de\/fler-postet-seine-adresse-farid-bang-will-ihn-nun-besuchen\/\" about=\"#mwt46\" id=\"rdp-we-mwBGA\"><span typeof=\"mw:Entity\" id=\"rdp-we-mwBGE\">\u00a0<\/span><\/span><\/span><\/li>\n<li about=\"#cite_note-24\" id=\"cite_note-24\" data-mw-footnote-number=\"24\"><span class=\"mw-cite-backlink\" id=\"rdp-we-mwBGI\"><a href=\"#cite_ref-24\" rel=\"mw:referencedBy\" id=\"rdp-we-mwBGM\"><span class=\"mw-linkback-text\" id=\"rdp-we-mwBGQ\">\u2191<\/span><\/a><\/span> <span id=\"rdp-we-mw-reference-text-cite_note-24\" class=\"mw-reference-text reference-text\"><span class=\"cite\" about=\"#mwt50\" typeof=\"mw:Transclusion\" id=\"rdp-we-mwBGU\" data-mw='{\"parts\":[{\"template\":{\"target\":{\"wt\":\"Internetquelle \",\"href\":\".\/Vorlage:Internetquelle\"},\"params\":{\"url\":{\"wt\":\"http:\/\/www.rap.de\/news\/40-news\/16293-fler-beef-mit-farid-bang-beendet\"},\"titel\":{\"wt\":\"Fler: Beef mit Farid Bang beendet\"},\"datum\":{\"wt\":\"2014-01-27\"},\"abruf\":{\"wt\":\"2015-05-02\"}},\"i\":0}}]}'><a rel=\"external_link\" href=\"http:\/\/www.rap.de\/news\/40-news\/16293-fler-beef-mit-farid-bang-beendet\" class=\"external text\" id=\"rdp-we-mwBGY\" target=\"_new\"><i id=\"rdp-we-mwBGc\">Fler: Beef mit Farid Bang beendet.<\/i><\/a><span typeof=\"mw:Entity\" id=\"rdp-we-mwBGg\"> <\/span>27.<span typeof=\"mw:Entity\" id=\"rdp-we-mwBGk\">\u00a0<\/span>Januar 2014<span typeof=\"mw:Entity\" id=\"rdp-we-mwBGo\">,<\/span><span class=\"Abrufdatum\" id=\"rdp-we-mwBGs\"><span typeof=\"mw:Entity\" id=\"rdp-we-mwBGw\"> <\/span>abgerufen am 2.<span typeof=\"mw:Entity\" id=\"rdp-we-mwBG0\">\u00a0<\/span>Mai 2015<\/span>.<\/span><span style=\"display: none;\" class=\"Z3988\" title=\"ctx_ver=Z39.88-2004&amp;rft_val_fmt=info%3Aofi%2Ffmt%3Akev%3Amtx%3Adc&amp;rfr_id=info%3Asid%2Fde.wikipedia.org%3AFler&amp;rft.title=Fler%3A+Beef+mit+Farid+Bang+beendet&amp;rft.description=Fler%3A+Beef+mit+Farid+Bang+beendet&amp;rft.identifier=http%3A%2F%2Fwww.rap.de%2Fnews%2F40-news%2F16293-fler-beef-mit-farid-bang-beendet&amp;rft.date=2014-01-27\" about=\"#mwt50\" id=\"rdp-we-mwBG4\"><span typeof=\"mw:Entity\" id=\"rdp-we-mwBG8\">\u00a0<\/span><\/span><\/span><\/li>\n<li about=\"#cite_note-25\" id=\"cite_note-25\" data-mw-footnote-number=\"25\"><span class=\"mw-cite-backlink\" id=\"rdp-we-mwBHA\"><a href=\"#cite_ref-25\" rel=\"mw:referencedBy\" id=\"rdp-we-mwBHE\"><span class=\"mw-linkback-text\" id=\"rdp-we-mwBHI\">\u2191<\/span><\/a><\/span> <span id=\"rdp-we-mw-reference-text-cite_note-25\" class=\"mw-reference-text reference-text\"><span class=\"cite\" about=\"#mwt52\" typeof=\"mw:Transclusion\" id=\"rdp-we-mwBHM\" data-mw='{\"parts\":[{\"template\":{\"target\":{\"wt\":\"Internetquelle \",\"href\":\".\/Vorlage:Internetquelle\"},\"params\":{\"url\":{\"wt\":\"http:\/\/www.rap.de\/news\/news\/16294-farid-bang-kein-beef-mehr-mit-fler-aber-auch-kein-frieden\"},\"titel\":{\"wt\":\"Farid Bang: Kein Beef mehr mit Fler, aber auch kein Frieden\"},\"datum\":{\"wt\":\"2014-01-27\"},\"abruf\":{\"wt\":\"2015-05-02\"}},\"i\":0}}]}'><a rel=\"external_link\" href=\"http:\/\/www.rap.de\/news\/news\/16294-farid-bang-kein-beef-mehr-mit-fler-aber-auch-kein-frieden\" class=\"external text\" id=\"rdp-we-mwBHQ\" target=\"_new\"><i id=\"rdp-we-mwBHU\">Farid Bang: Kein Beef mehr mit Fler, aber auch kein Frieden.<\/i><\/a><span typeof=\"mw:Entity\" id=\"rdp-we-mwBHY\"> <\/span>27.<span typeof=\"mw:Entity\" id=\"rdp-we-mwBHc\">\u00a0<\/span>Januar 2014<span typeof=\"mw:Entity\" id=\"rdp-we-mwBHg\">,<\/span><span class=\"Abrufdatum\" id=\"rdp-we-mwBHk\"><span typeof=\"mw:Entity\" id=\"rdp-we-mwBHo\"> <\/span>abgerufen am 2.<span typeof=\"mw:Entity\" id=\"rdp-we-mwBHs\">\u00a0<\/span>Mai 2015<\/span>.<\/span><span style=\"display: none;\" class=\"Z3988\" title=\"ctx_ver=Z39.88-2004&amp;rft_val_fmt=info%3Aofi%2Ffmt%3Akev%3Amtx%3Adc&amp;rfr_id=info%3Asid%2Fde.wikipedia.org%3AFler&amp;rft.title=Farid+Bang%3A+Kein+Beef+mehr+mit+Fler%2C+aber+auch+kein+Frieden&amp;rft.description=Farid+Bang%3A+Kein+Beef+mehr+mit+Fler%2C+aber+auch+kein+Frieden&amp;rft.identifier=http%3A%2F%2Fwww.rap.de%2Fnews%2Fnews%2F16294-farid-bang-kein-beef-mehr-mit-fler-aber-auch-kein-frieden&amp;rft.date=2014-01-27\" about=\"#mwt52\" id=\"rdp-we-mwBHw\"><span typeof=\"mw:Entity\" id=\"rdp-we-mwBH0\">\u00a0<\/span><\/span><\/span><\/li>\n<li about=\"#cite_note-26\" id=\"cite_note-26\" data-mw-footnote-number=\"26\"><span class=\"mw-cite-backlink\" id=\"rdp-we-mwBH4\"><a href=\"#cite_ref-26\" rel=\"mw:referencedBy\" id=\"rdp-we-mwBH8\"><span class=\"mw-linkback-text\" id=\"rdp-we-mwBIA\">\u2191<\/span><\/a><\/span> <span id=\"rdp-we-mw-reference-text-cite_note-26\" class=\"mw-reference-text reference-text\"><span class=\"cite\" about=\"#mwt54\" typeof=\"mw:Transclusion\" id=\"rdp-we-mwBIE\" data-mw='{\"parts\":[{\"template\":{\"target\":{\"wt\":\"Internetquelle \",\"href\":\".\/Vorlage:Internetquelle\"},\"params\":{\"url\":{\"wt\":\"http:\/\/www.rap.de\/news\/news\/16289-kollegah-beendet-den-beef-mit-fler\"},\"titel\":{\"wt\":\"Kollegah beendet den Beef mit Fler\"},\"datum\":{\"wt\":\"2014-01-27\"},\"abruf\":{\"wt\":\"2015-05-02\"}},\"i\":0}}]}'><a rel=\"external_link\" href=\"http:\/\/www.rap.de\/news\/news\/16289-kollegah-beendet-den-beef-mit-fler\" class=\"external text\" id=\"rdp-we-mwBII\" target=\"_new\"><i id=\"rdp-we-mwBIM\">Kollegah beendet den Beef mit Fler.<\/i><\/a><span typeof=\"mw:Entity\" id=\"rdp-we-mwBIQ\"> <\/span>27.<span typeof=\"mw:Entity\" id=\"rdp-we-mwBIU\">\u00a0<\/span>Januar 2014<span typeof=\"mw:Entity\" id=\"rdp-we-mwBIY\">,<\/span><span class=\"Abrufdatum\" id=\"rdp-we-mwBIc\"><span typeof=\"mw:Entity\" id=\"rdp-we-mwBIg\"> <\/span>abgerufen am 2.<span typeof=\"mw:Entity\" id=\"rdp-we-mwBIk\">\u00a0<\/span>Mai 2015<\/span>.<\/span><span style=\"display: none;\" class=\"Z3988\" title=\"ctx_ver=Z39.88-2004&amp;rft_val_fmt=info%3Aofi%2Ffmt%3Akev%3Amtx%3Adc&amp;rfr_id=info%3Asid%2Fde.wikipedia.org%3AFler&amp;rft.title=Kollegah+beendet+den+Beef+mit+Fler&amp;rft.description=Kollegah+beendet+den+Beef+mit+Fler&amp;rft.identifier=http%3A%2F%2Fwww.rap.de%2Fnews%2Fnews%2F16289-kollegah-beendet-den-beef-mit-fler&amp;rft.date=2014-01-27\" about=\"#mwt54\" id=\"rdp-we-mwBIo\"><span typeof=\"mw:Entity\" id=\"rdp-we-mwBIs\">\u00a0<\/span><\/span><\/span><\/li>\n<li about=\"#cite_note-27\" id=\"cite_note-27\" data-mw-footnote-number=\"27\"><span class=\"mw-cite-backlink\" id=\"rdp-we-mwBIw\"><a href=\"#cite_ref-27\" rel=\"mw:referencedBy\" id=\"rdp-we-mwBI0\"><span class=\"mw-linkback-text\" id=\"rdp-we-mwBI4\">\u2191<\/span><\/a><\/span> <span id=\"rdp-we-mw-reference-text-cite_note-27\" class=\"mw-reference-text reference-text\"><span class=\"cite\" about=\"#mwt56\" typeof=\"mw:Transclusion\" id=\"rdp-we-mwBI8\" data-mw='{\"parts\":[{\"template\":{\"target\":{\"wt\":\"Internetquelle \",\"href\":\".\/Vorlage:Internetquelle\"},\"params\":{\"url\":{\"wt\":\"http:\/\/www.rap.de\/news\/news\/16298-fler-vs-kollegah-a-farid-bang-eine-chronik-der-ereignisse\"},\"titel\":{\"wt\":\"Fler vs. Kollegah &amp; Farid Bang: Chronik eines Beefs\"},\"datum\":{\"wt\":\"2014-01-28\"},\"abruf\":{\"wt\":\"2015-05-02\"}},\"i\":0}}]}'><a rel=\"external_link\" href=\"http:\/\/www.rap.de\/news\/news\/16298-fler-vs-kollegah-a-farid-bang-eine-chronik-der-ereignisse\" class=\"external text\" id=\"rdp-we-mwBJA\" target=\"_new\"><i id=\"rdp-we-mwBJE\">Fler vs. Kollegah &amp; Farid Bang: Chronik eines Beefs.<\/i><\/a><span typeof=\"mw:Entity\" id=\"rdp-we-mwBJI\"> <\/span>28.<span typeof=\"mw:Entity\" id=\"rdp-we-mwBJM\">\u00a0<\/span>Januar 2014<span typeof=\"mw:Entity\" id=\"rdp-we-mwBJQ\">,<\/span><span class=\"Abrufdatum\" id=\"rdp-we-mwBJU\"><span typeof=\"mw:Entity\" id=\"rdp-we-mwBJY\"> <\/span>abgerufen am 2.<span typeof=\"mw:Entity\" id=\"rdp-we-mwBJc\">\u00a0<\/span>Mai 2015<\/span>.<\/span><span style=\"display: none;\" class=\"Z3988\" title=\"ctx_ver=Z39.88-2004&amp;rft_val_fmt=info%3Aofi%2Ffmt%3Akev%3Amtx%3Adc&amp;rfr_id=info%3Asid%2Fde.wikipedia.org%3AFler&amp;rft.title=Fler+vs.+Kollegah+%26+Farid+Bang%3A+Chronik+eines+Beefs&amp;rft.description=Fler+vs.+Kollegah+%26+Farid+Bang%3A+Chronik+eines+Beefs&amp;rft.identifier=http%3A%2F%2Fwww.rap.de%2Fnews%2Fnews%2F16298-fler-vs-kollegah-a-farid-bang-eine-chronik-der-ereignisse&amp;rft.date=2014-01-28\" about=\"#mwt56\" id=\"rdp-we-mwBJg\"><span typeof=\"mw:Entity\" id=\"rdp-we-mwBJk\">\u00a0<\/span><\/span><\/span><\/li>\n<li about=\"#cite_note-28\" id=\"cite_note-28\" data-mw-footnote-number=\"28\"><span class=\"mw-cite-backlink\" id=\"rdp-we-mwBJo\"><a href=\"#cite_ref-28\" rel=\"mw:referencedBy\" id=\"rdp-we-mwBJs\"><span class=\"mw-linkback-text\" id=\"rdp-we-mwBJw\">\u2191<\/span><\/a><\/span> <span id=\"rdp-we-mw-reference-text-cite_note-28\" class=\"mw-reference-text reference-text\"><a rel=\"external_link\" href=\"https:\/\/www.facebook.com\/faridbang\/photos\/a.613772485336397.1073741825.175528662494117\/765259986854312\/?type=1\" class=\"external text\" id=\"rdp-we-mwBJ0\" target=\"_new\">Verf\u00e4lschter Chatverlauf von Farid Bang<\/a><\/span><\/li>\n<li about=\"#cite_note-29\" id=\"cite_note-29\" data-mw-footnote-number=\"29\"><span class=\"mw-cite-backlink\" id=\"rdp-we-mwBJ4\"><a href=\"#cite_ref-29\" rel=\"mw:referencedBy\" id=\"rdp-we-mwBJ8\"><span class=\"mw-linkback-text\" id=\"rdp-we-mwBKA\">\u2191<\/span><\/a><\/span> <span id=\"rdp-we-mw-reference-text-cite_note-29\" class=\"mw-reference-text reference-text\"><span class=\"cite\" about=\"#mwt59\" typeof=\"mw:Transclusion\" id=\"rdp-we-mwBKE\" data-mw='{\"parts\":[{\"template\":{\"target\":{\"wt\":\"Internetquelle \",\"href\":\".\/Vorlage:Internetquelle\"},\"params\":{\"url\":{\"wt\":\"http:\/\/hiphop.de\/magazin\/wtf\/farid-bang-vs-fler-erneut-beleidigungen-drohungen-272937#.VC2Udvl_unQ\"},\"titel\":{\"wt\":\"Farid Bang vs. Fler: Erneut Beleidigungen und Drohungen\"},\"datum\":{\"wt\":\"2014-09-29\"},\"abruf\":{\"wt\":\"2015-05-02\"}},\"i\":0}}]}'><a rel=\"external_link\" href=\"http:\/\/hiphop.de\/magazin\/wtf\/farid-bang-vs-fler-erneut-beleidigungen-drohungen-272937#.VC2Udvl_unQ\" class=\"external text\" id=\"rdp-we-mwBKI\" target=\"_new\"><i id=\"rdp-we-mwBKM\">Farid Bang vs. Fler: Erneut Beleidigungen und Drohungen.<\/i><\/a><span typeof=\"mw:Entity\" id=\"rdp-we-mwBKQ\"> <\/span>29.<span typeof=\"mw:Entity\" id=\"rdp-we-mwBKU\">\u00a0<\/span>September 2014<span typeof=\"mw:Entity\" id=\"rdp-we-mwBKY\">,<\/span><span class=\"Abrufdatum\" id=\"rdp-we-mwBKc\"><span typeof=\"mw:Entity\" id=\"rdp-we-mwBKg\"> <\/span>abgerufen am 2.<span typeof=\"mw:Entity\" id=\"rdp-we-mwBKk\">\u00a0<\/span>Mai 2015<\/span>.<\/span><span style=\"display: none;\" class=\"Z3988\" title=\"ctx_ver=Z39.88-2004&amp;rft_val_fmt=info%3Aofi%2Ffmt%3Akev%3Amtx%3Adc&amp;rfr_id=info%3Asid%2Fde.wikipedia.org%3AFler&amp;rft.title=Farid+Bang+vs.+Fler%3A+Erneut+Beleidigungen+und+Drohungen&amp;rft.description=Farid+Bang+vs.+Fler%3A+Erneut+Beleidigungen+und+Drohungen&amp;rft.identifier=http%3A%2F%2Fhiphop.de%2Fmagazin%2Fwtf%2Ffarid-bang-vs-fler-erneut-beleidigungen-drohungen-272937%23.VC2Udvl_unQ&amp;rft.date=2014-09-29\" about=\"#mwt59\" id=\"rdp-we-mwBKo\"><span typeof=\"mw:Entity\" id=\"rdp-we-mwBKs\">\u00a0<\/span><\/span><\/span><\/li>\n<li about=\"#cite_note-30\" id=\"cite_note-30\" data-mw-footnote-number=\"30\"><span class=\"mw-cite-backlink\" id=\"rdp-we-mwBKw\"><a href=\"#cite_ref-30\" rel=\"mw:referencedBy\" id=\"rdp-we-mwBK0\"><span class=\"mw-linkback-text\" id=\"rdp-we-mwBK4\">\u2191<\/span><\/a><\/span> <span id=\"rdp-we-mw-reference-text-cite_note-30\" class=\"mw-reference-text reference-text\"><span class=\"cite\" about=\"#mwt61\" typeof=\"mw:Transclusion\" id=\"rdp-we-mwBK8\" data-mw='{\"parts\":[{\"template\":{\"target\":{\"wt\":\"Internetquelle \",\"href\":\".\/Vorlage:Internetquelle\"},\"params\":{\"url\":{\"wt\":\"https:\/\/raptastisch.net\/2018\/07\/12\/fler-wie-gross-war-die-karotte-damals\/\"},\"titel\":{\"wt\":\"\\\"Fler, wie gro\u00df war die Karotte damals?\\\"\"},\"werk\":{\"wt\":\"Raptastisch\"},\"datum\":{\"wt\":\"2018-07-12\"},\"sprache\":{\"wt\":\"de-DE\"},\"abruf\":{\"wt\":\"2020-06-10\"}},\"i\":0}}]}'><a rel=\"external_link\" href=\"https:\/\/raptastisch.net\/2018\/07\/12\/fler-wie-gross-war-die-karotte-damals\/\" class=\"external text\" id=\"rdp-we-mwBLA\" target=\"_new\"><i id=\"rdp-we-mwBLE\">\"Fler, wie gro\u00df war die Karotte damals?\"<\/i><\/a><span typeof=\"mw:Entity\" id=\"rdp-we-mwBLI\"> <\/span>In:<span typeof=\"mw:Entity\" id=\"rdp-we-mwBLM\"> <\/span><i id=\"rdp-we-mwBLQ\">Raptastisch.<\/i><span typeof=\"mw:Entity\" id=\"rdp-we-mwBLU\"> <\/span>12.<span typeof=\"mw:Entity\" id=\"rdp-we-mwBLY\">\u00a0<\/span>Juli 2018<span typeof=\"mw:Entity\" id=\"rdp-we-mwBLc\">,<\/span><span class=\"Abrufdatum\" id=\"rdp-we-mwBLg\"><span typeof=\"mw:Entity\" id=\"rdp-we-mwBLk\"> <\/span>abgerufen am 10.<span typeof=\"mw:Entity\" id=\"rdp-we-mwBLo\">\u00a0<\/span>Juni 2020<\/span><span typeof=\"mw:Entity\" id=\"rdp-we-mwBLs\"> <\/span>(deutsch).<\/span><span style=\"display: none;\" class=\"Z3988\" title=\"ctx_ver=Z39.88-2004&amp;rft_val_fmt=info%3Aofi%2Ffmt%3Akev%3Amtx%3Adc&amp;rfr_id=info%3Asid%2Fde.wikipedia.org%3AFler&amp;rft.title=%22Fler%2C+wie+gro%C3%9F+war+die+Karotte+damals%3F%22&amp;rft.description=%22Fler%2C+wie+gro%C3%9F+war+die+Karotte+damals%3F%22&amp;rft.identifier=https%3A%2F%2Fraptastisch.net%2F2018%2F07%2F12%2Ffler-wie-gross-war-die-karotte-damals%2F&amp;rft.date=2018-07-12&amp;rft.language=de-DE\" about=\"#mwt61\" id=\"rdp-we-mwBLw\"><span typeof=\"mw:Entity\" id=\"rdp-we-mwBL0\">\u00a0<\/span><\/span><\/span><\/li>\n<li about=\"#cite_note-31\" id=\"cite_note-31\" data-mw-footnote-number=\"31\"><span class=\"mw-cite-backlink\" id=\"rdp-we-mwBL4\"><a href=\"#cite_ref-31\" rel=\"mw:referencedBy\" id=\"rdp-we-mwBL8\"><span class=\"mw-linkback-text\" id=\"rdp-we-mwBMA\">\u2191<\/span><\/a><\/span> <span id=\"rdp-we-mw-reference-text-cite_note-31\" class=\"mw-reference-text reference-text\"><span about=\"#mwt63\" typeof=\"mw:Transclusion\" id=\"rdp-we-mwBME\" data-mw='{\"parts\":[{\"template\":{\"target\":{\"wt\":\"Literatur \",\"href\":\".\/Vorlage:Literatur\"},\"params\":{\"Autor\":{\"wt\":\"Laura Sophia Jung\"},\"Titel\":{\"wt\":\"Ein bisschen Beef muss sein\"},\"Sammelwerk\":{\"wt\":\"Die Welt\"},\"Datum\":{\"wt\":\"2019-11-20\"},\"Online\":{\"wt\":\"https:\/\/www.welt.de\/print\/die_welt\/kultur\/article203659708\/Ein-bisschen-Beef-muss-sein.html\"},\"Abruf\":{\"wt\":\"2020-06-10\"}},\"i\":0}}]}'>Laura Sophia Jung<\/span><span typeof=\"mw:Entity\" about=\"#mwt63\" id=\"rdp-we-mwBMI\">:<\/span><span about=\"#mwt63\" id=\"rdp-we-mwBMM\"> <\/span><cite style=\"font-style:italic\" about=\"#mwt63\" id=\"rdp-we-mwBMQ\">Ein bisschen Beef muss sein<\/cite><span about=\"#mwt63\" id=\"rdp-we-mwBMU\">. In: <\/span><cite style=\"font-style:italic\" about=\"#mwt63\" id=\"rdp-we-mwBMY\">Die Welt<\/cite><span about=\"#mwt63\" id=\"rdp-we-mwBMc\">. 20.<\/span><span typeof=\"mw:Entity\" about=\"#mwt63\" id=\"rdp-we-mwBMg\">\u00a0<\/span><span about=\"#mwt63\" id=\"rdp-we-mwBMk\">November 2019 (<\/span><a rel=\"external_link\" href=\"https:\/\/www.welt.de\/print\/die_welt\/kultur\/article203659708\/Ein-bisschen-Beef-muss-sein.html\" about=\"#mwt63\" class=\"external text\" id=\"rdp-we-mwBMo\" target=\"_new\">welt.de<\/a><span about=\"#mwt63\" id=\"rdp-we-mwBMs\"> <\/span><span typeof=\"mw:Entity\" about=\"#mwt63\" id=\"rdp-we-mwBMw\">[<\/span><span about=\"#mwt63\" id=\"rdp-we-mwBM0\">abgerufen am 10.<\/span><span typeof=\"mw:Entity\" about=\"#mwt63\" id=\"rdp-we-mwBM4\">\u00a0<\/span><span about=\"#mwt63\" id=\"rdp-we-mwBM8\">Juni 2020<\/span><span typeof=\"mw:Entity\" about=\"#mwt63\" id=\"rdp-we-mwBNA\">]<\/span><span about=\"#mwt63\" id=\"rdp-we-mwBNE\">).<\/span><span class=\"Z3988\" title=\"ctx_ver=Z39.88-2004&amp;rft_val_fmt=info%3Aofi%2Ffmt%3Akev%3Amtx%3Abook&amp;rfr_id=info:sid\/de.wikipedia.org:Fler&amp;rft.atitle=Ein+bisschen+Beef+muss+sein&amp;rft.au=Laura+Sophia+Jung&amp;rft.btitle=Die+Welt&amp;rft.date=2019-11-20&amp;rft.genre=book\" style=\"display:none\" about=\"#mwt63\" id=\"rdp-we-mwBNI\"><span typeof=\"mw:Entity\" id=\"rdp-we-mwBNM\">\u00a0<\/span><\/span><\/span><\/li>\n<li about=\"#cite_note-32\" id=\"cite_note-32\" data-mw-footnote-number=\"32\"><span class=\"mw-cite-backlink\" id=\"rdp-we-mwBNQ\"><a href=\"#cite_ref-32\" rel=\"mw:referencedBy\" id=\"rdp-we-mwBNU\"><span class=\"mw-linkback-text\" id=\"rdp-we-mwBNY\">\u2191<\/span><\/a><\/span> <span id=\"rdp-we-mw-reference-text-cite_note-32\" class=\"mw-reference-text reference-text\"><span class=\"cite\" about=\"#mwt65\" typeof=\"mw:Transclusion\" id=\"rdp-we-mwBNc\" data-mw='{\"parts\":[{\"template\":{\"target\":{\"wt\":\"Internetquelle \",\"href\":\".\/Vorlage:Internetquelle\"},\"params\":{\"url\":{\"wt\":\"https:\/\/raptastisch.net\/2018\/07\/12\/fler-wie-gross-war-die-karotte-damals\/\"},\"titel\":{\"wt\":\"\\\"Fler, wie gro\u00df war die Karotte damals?\\\"\"},\"werk\":{\"wt\":\"Raptastisch\"},\"datum\":{\"wt\":\"2018-07-12\"},\"sprache\":{\"wt\":\"de-DE\"},\"abruf\":{\"wt\":\"2020-06-10\"}},\"i\":0}}]}'><a rel=\"external_link\" href=\"https:\/\/raptastisch.net\/2018\/07\/12\/fler-wie-gross-war-die-karotte-damals\/\" class=\"external text\" id=\"rdp-we-mwBNg\" target=\"_new\"><i id=\"rdp-we-mwBNk\">\"Fler, wie gro\u00df war die Karotte damals?\"<\/i><\/a><span typeof=\"mw:Entity\" id=\"rdp-we-mwBNo\"> <\/span>In:<span typeof=\"mw:Entity\" id=\"rdp-we-mwBNs\"> <\/span><i id=\"rdp-we-mwBNw\">Raptastisch.<\/i><span typeof=\"mw:Entity\" id=\"rdp-we-mwBN0\"> <\/span>12.<span typeof=\"mw:Entity\" id=\"rdp-we-mwBN4\">\u00a0<\/span>Juli 2018<span typeof=\"mw:Entity\" id=\"rdp-we-mwBN8\">,<\/span><span class=\"Abrufdatum\" id=\"rdp-we-mwBOA\"><span typeof=\"mw:Entity\" id=\"rdp-we-mwBOE\"> <\/span>abgerufen am 10.<span typeof=\"mw:Entity\" id=\"rdp-we-mwBOI\">\u00a0<\/span>Juni 2020<\/span><span typeof=\"mw:Entity\" id=\"rdp-we-mwBOM\"> <\/span>(deutsch).<\/span><span style=\"display: none;\" class=\"Z3988\" title=\"ctx_ver=Z39.88-2004&amp;rft_val_fmt=info%3Aofi%2Ffmt%3Akev%3Amtx%3Adc&amp;rfr_id=info%3Asid%2Fde.wikipedia.org%3AFler&amp;rft.title=%22Fler%2C+wie+gro%C3%9F+war+die+Karotte+damals%3F%22&amp;rft.description=%22Fler%2C+wie+gro%C3%9F+war+die+Karotte+damals%3F%22&amp;rft.identifier=https%3A%2F%2Fraptastisch.net%2F2018%2F07%2F12%2Ffler-wie-gross-war-die-karotte-damals%2F&amp;rft.date=2018-07-12&amp;rft.language=de-DE\" about=\"#mwt65\" id=\"rdp-we-mwBOQ\"><span typeof=\"mw:Entity\" id=\"rdp-we-mwBOU\">\u00a0<\/span><\/span><\/span><\/li>\n<li about=\"#cite_note-33\" id=\"cite_note-33\" data-mw-footnote-number=\"33\"><span class=\"mw-cite-backlink\" id=\"rdp-we-mwBOY\"><a href=\"#cite_ref-33\" rel=\"mw:referencedBy\" id=\"rdp-we-mwBOc\"><span class=\"mw-linkback-text\" id=\"rdp-we-mwBOg\">\u2191<\/span><\/a><\/span> <span id=\"rdp-we-mw-reference-text-cite_note-33\" class=\"mw-reference-text reference-text\"><span class=\"cite\" about=\"#mwt67\" typeof=\"mw:Transclusion\" id=\"rdp-we-mwBOk\" data-mw='{\"parts\":[{\"template\":{\"target\":{\"wt\":\"Internetquelle \",\"href\":\".\/Vorlage:Internetquelle\"},\"params\":{\"autor\":{\"wt\":\"Jonas Heuten\"},\"url\":{\"wt\":\"https:\/\/rap.de\/meinung\/175211-bushido-und-fler-zwischen-vergewaltigungswitzen-und-ehefrauen-auf-party\/\"},\"titel\":{\"wt\":\"Bushido und Fler zwischen Vergewaltigungswitzen und Ehefrauen auf Party\"},\"werk\":{\"wt\":\"rap.de\"},\"datum\":{\"wt\":\"2019-11-24\"},\"sprache\":{\"wt\":\"de-DE\"},\"abruf\":{\"wt\":\"2020-06-10\"}},\"i\":0}}]}'>Jonas Heuten:<span typeof=\"mw:Entity\" id=\"rdp-we-mwBOo\"> <\/span><a rel=\"external_link\" href=\"https:\/\/rap.de\/meinung\/175211-bushido-und-fler-zwischen-vergewaltigungswitzen-und-ehefrauen-auf-party\/\" class=\"external text\" id=\"rdp-we-mwBOs\" target=\"_new\"><i id=\"rdp-we-mwBOw\">Bushido und Fler zwischen Vergewaltigungswitzen und Ehefrauen auf Party.<\/i><\/a><span typeof=\"mw:Entity\" id=\"rdp-we-mwBO0\"> <\/span>In:<span typeof=\"mw:Entity\" id=\"rdp-we-mwBO4\"> <\/span><i id=\"rdp-we-mwBO8\">rap.de.<\/i><span typeof=\"mw:Entity\" id=\"rdp-we-mwBPA\"> <\/span>24.<span typeof=\"mw:Entity\" id=\"rdp-we-mwBPE\">\u00a0<\/span>November 2019<span typeof=\"mw:Entity\" id=\"rdp-we-mwBPI\">,<\/span><span class=\"Abrufdatum\" id=\"rdp-we-mwBPM\"><span typeof=\"mw:Entity\" id=\"rdp-we-mwBPQ\"> <\/span>abgerufen am 10.<span typeof=\"mw:Entity\" id=\"rdp-we-mwBPU\">\u00a0<\/span>Juni 2020<\/span><span typeof=\"mw:Entity\" id=\"rdp-we-mwBPY\"> <\/span>(deutsch).<\/span><span style=\"display: none;\" class=\"Z3988\" title=\"ctx_ver=Z39.88-2004&amp;rft_val_fmt=info%3Aofi%2Ffmt%3Akev%3Amtx%3Adc&amp;rfr_id=info%3Asid%2Fde.wikipedia.org%3AFler&amp;rft.title=Bushido+und+Fler+zwischen+Vergewaltigungswitzen+und+Ehefrauen+auf+Party&amp;rft.description=Bushido+und+Fler+zwischen+Vergewaltigungswitzen+und+Ehefrauen+auf+Party&amp;rft.identifier=https%3A%2F%2Frap.de%2Fmeinung%2F175211-bushido-und-fler-zwischen-vergewaltigungswitzen-und-ehefrauen-auf-party%2F&amp;rft.creator=Jonas+Heuten&amp;rft.date=2019-11-24&amp;rft.language=de-DE\" about=\"#mwt67\" id=\"rdp-we-mwBPc\"><span typeof=\"mw:Entity\" id=\"rdp-we-mwBPg\">\u00a0<\/span><\/span><\/span><\/li>\n<li about=\"#cite_note-34\" id=\"cite_note-34\" data-mw-footnote-number=\"34\"><span class=\"mw-cite-backlink\" id=\"rdp-we-mwBPk\"><a href=\"#cite_ref-34\" rel=\"mw:referencedBy\" id=\"rdp-we-mwBPo\"><span class=\"mw-linkback-text\" id=\"rdp-we-mwBPs\">\u2191<\/span><\/a><\/span> <span id=\"rdp-we-mw-reference-text-cite_note-34\" class=\"mw-reference-text reference-text\"><span class=\"cite\" about=\"#mwt69\" typeof=\"mw:Transclusion\" id=\"rdp-we-mwBPw\" data-mw='{\"parts\":[{\"template\":{\"target\":{\"wt\":\"Internetquelle \",\"href\":\".\/Vorlage:Internetquelle\"},\"params\":{\"hrsg\":{\"wt\":\"Der Spiegel\"},\"url\":{\"wt\":\"https:\/\/www.spiegel.de\/panorama\/leute\/bushido-und-fler-vor-gericht-text-des-songs-noname-muss-geaendert-werden-a-1300806.html\"},\"titel\":{\"wt\":\"Bushido und Fler vor Gericht: Text des Songs \u201eNoname\u201c muss ge\u00e4ndert werden \u2013 Der Spiegel \u2013 Panorama\"},\"sprache\":{\"wt\":\"de\"},\"abruf\":{\"wt\":\"2020-06-10\"}},\"i\":0}}]}'><a rel=\"external_link\" href=\"https:\/\/www.spiegel.de\/panorama\/leute\/bushido-und-fler-vor-gericht-text-des-songs-noname-muss-geaendert-werden-a-1300806.html\" class=\"external text\" id=\"rdp-we-mwBP0\" target=\"_new\"><i id=\"rdp-we-mwBP4\">Bushido und Fler vor Gericht: Text des Songs \u201eNoname\u201c muss ge\u00e4ndert werden \u2013 Der Spiegel \u2013 Panorama.<\/i><\/a><span typeof=\"mw:Entity\" id=\"rdp-we-mwBP8\"> <\/span>Der Spiegel<span typeof=\"mw:Entity\" id=\"rdp-we-mwBQA\">,<\/span><span class=\"Abrufdatum\" id=\"rdp-we-mwBQE\"><span typeof=\"mw:Entity\" id=\"rdp-we-mwBQI\"> <\/span>abgerufen am 10.<span typeof=\"mw:Entity\" id=\"rdp-we-mwBQM\">\u00a0<\/span>Juni 2020<\/span>.<\/span><span style=\"display: none;\" class=\"Z3988\" title=\"ctx_ver=Z39.88-2004&amp;rft_val_fmt=info%3Aofi%2Ffmt%3Akev%3Amtx%3Adc&amp;rfr_id=info%3Asid%2Fde.wikipedia.org%3AFler&amp;rft.title=Bushido+und+Fler+vor+Gericht%3A+Text+des+Songs+%E2%80%9ENoname%E2%80%9C+muss+ge%C3%A4ndert+werden+%E2%80%93+Der+Spiegel+%E2%80%93+Panorama&amp;rft.description=Bushido+und+Fler+vor+Gericht%3A+Text+des+Songs+%E2%80%9ENoname%E2%80%9C+muss+ge%C3%A4ndert+werden+%E2%80%93+Der+Spiegel+%E2%80%93+Panorama&amp;rft.identifier=https%3A%2F%2Fwww.spiegel.de%2Fpanorama%2Fleute%2Fbushido-und-fler-vor-gericht-text-des-songs-noname-muss-geaendert-werden-a-1300806.html&amp;rft.publisher=Der+Spiegel&amp;rft.language=de\" about=\"#mwt69\" id=\"rdp-we-mwBQQ\"><span typeof=\"mw:Entity\" id=\"rdp-we-mwBQU\">\u00a0<\/span><\/span><\/span><\/li>\n<li about=\"#cite_note-35\" id=\"cite_note-35\" data-mw-footnote-number=\"35\"><span class=\"mw-cite-backlink\" id=\"rdp-we-mwBQY\"><a href=\"#cite_ref-35\" rel=\"mw:referencedBy\" id=\"rdp-we-mwBQc\"><span class=\"mw-linkback-text\" id=\"rdp-we-mwBQg\">\u2191<\/span><\/a><\/span> <span id=\"rdp-we-mw-reference-text-cite_note-35\" class=\"mw-reference-text reference-text\"><span about=\"#mwt71\" typeof=\"mw:Transclusion\" id=\"rdp-we-mwBQk\" data-mw='{\"parts\":[{\"template\":{\"target\":{\"wt\":\"Literatur \",\"href\":\".\/Vorlage:Literatur\"},\"params\":{\"Autor\":{\"wt\":\"Sebastian Eder\"},\"Titel\":{\"wt\":\"Gerichtsentscheidung: Fler muss Bushido-Disstrack \u00e4ndern\"},\"Sammelwerk\":{\"wt\":\"FAZ.NET\"},\"Datum\":{\"wt\":\"\"},\"ISSN\":{\"wt\":\"0174-4909\"},\"Online\":{\"wt\":\"https:\/\/www.faz.net\/aktuell\/gesellschaft\/menschen\/fler-muss-den-songtext-aus-dem-bushido-disstrack-noname-aendern-16530318.html\"},\"Abruf\":{\"wt\":\"2020-06-10\"}},\"i\":0}}]}'>Sebastian Eder<\/span><span typeof=\"mw:Entity\" about=\"#mwt71\" id=\"rdp-we-mwBQo\">:<\/span><span about=\"#mwt71\" id=\"rdp-we-mwBQs\"> <\/span><cite style=\"font-style:italic\" about=\"#mwt71\" id=\"rdp-we-mwBQw\">Gerichtsentscheidung: Fler muss Bushido-Disstrack \u00e4ndern<\/cite><span about=\"#mwt71\" id=\"rdp-we-mwBQ0\">. In: <\/span><cite style=\"font-style:italic\" about=\"#mwt71\" id=\"rdp-we-mwBQ4\">FAZ.NET<\/cite><span about=\"#mwt71\" id=\"rdp-we-mwBQ8\">. <\/span><a rel=\"mw:WikiLink\" href=\"https:\/\/de.wikipedia.org\/wiki\/Internationale_Standardnummer_f\u00fcr_fortlaufende_Sammelwerke\" title=\"Internationale Standardnummer f\u00fcr fortlaufende Sammelwerke\" about=\"#mwt71\" id=\"rdp-we-mwBRA\" target=\"_new\" class=\"wiki-link\">ISSN<\/a><span typeof=\"mw:Entity\" about=\"#mwt71\" id=\"rdp-we-mwBRE\">\u00a0<\/span><span style=\"white-space:nowrap\" about=\"#mwt71\" id=\"rdp-we-mwBRI\"><a rel=\"external_link\" href=\"https:\/\/zdb-katalog.de\/list.xhtml?t=iss%3D%220174-4909%22&key=cql\" class=\"external text\" id=\"rdp-we-mwBRM\" target=\"_new\">0174-4909<\/a><\/span><span about=\"#mwt71\" id=\"rdp-we-mwBRQ\"> (<\/span><a rel=\"external_link\" href=\"https:\/\/www.faz.net\/aktuell\/gesellschaft\/menschen\/fler-muss-den-songtext-aus-dem-bushido-disstrack-noname-aendern-16530318.html\" about=\"#mwt71\" class=\"external text\" id=\"rdp-we-mwBRU\" target=\"_new\">faz.net<\/a><span about=\"#mwt71\" id=\"rdp-we-mwBRY\"> <\/span><span typeof=\"mw:Entity\" about=\"#mwt71\" id=\"rdp-we-mwBRc\">[<\/span><span about=\"#mwt71\" id=\"rdp-we-mwBRg\">abgerufen am 10.<\/span><span typeof=\"mw:Entity\" about=\"#mwt71\" id=\"rdp-we-mwBRk\">\u00a0<\/span><span about=\"#mwt71\" id=\"rdp-we-mwBRo\">Juni 2020<\/span><span typeof=\"mw:Entity\" about=\"#mwt71\" id=\"rdp-we-mwBRs\">]<\/span><span about=\"#mwt71\" id=\"rdp-we-mwBRw\">).<\/span><span class=\"Z3988\" title=\"ctx_ver=Z39.88-2004&amp;rft_val_fmt=info%3Aofi%2Ffmt%3Akev%3Amtx%3Ajournal&amp;rfr_id=info:sid\/de.wikipedia.org:Fler&amp;rft.atitle=Gerichtsentscheidung%3A+Fler+muss+Bushido-Disstrack+%C3%A4ndern&amp;rft.au=Sebastian+Eder&amp;rft.genre=journal&amp;rft.issn=0174-4909&amp;rft.jtitle=FAZ.NET\" style=\"display:none\" about=\"#mwt71\" id=\"rdp-we-mwBR0\"><span typeof=\"mw:Entity\" id=\"rdp-we-mwBR4\">\u00a0<\/span><\/span><\/span><\/li>\n<li about=\"#cite_note-36\" id=\"cite_note-36\" data-mw-footnote-number=\"36\"><span class=\"mw-cite-backlink\" id=\"rdp-we-mwBR8\"><a href=\"#cite_ref-36\" rel=\"mw:referencedBy\" id=\"rdp-we-mwBSA\"><span class=\"mw-linkback-text\" id=\"rdp-we-mwBSE\">\u2191<\/span><\/a><\/span> <span id=\"rdp-we-mw-reference-text-cite_note-36\" class=\"mw-reference-text reference-text\"><span class=\"cite\" about=\"#mwt73\" typeof=\"mw:Transclusion\" id=\"rdp-we-mwBSI\" data-mw='{\"parts\":[{\"template\":{\"target\":{\"wt\":\"Internetquelle \",\"href\":\".\/Vorlage:Internetquelle\"},\"params\":{\"url\":{\"wt\":\"https:\/\/helalgossip.de\/fler-vs-animus-sticheleien-beleidigungen-die-karotte-ein-neues-emoji\/\"},\"titel\":{\"wt\":\"Fler vs. Animus: Sticheleien, Beleidigungen, die Karotte &amp; ein neues Emoji! \u2013 HELAL GOSSIP\"},\"sprache\":{\"wt\":\"de-DE\"},\"abruf\":{\"wt\":\"2020-06-10\"}},\"i\":0}}]}'><a rel=\"external_link\" href=\"https:\/\/helalgossip.de\/fler-vs-animus-sticheleien-beleidigungen-die-karotte-ein-neues-emoji\/\" class=\"external text\" id=\"rdp-we-mwBSM\" target=\"_new\"><i id=\"rdp-we-mwBSQ\">Fler vs. Animus: Sticheleien, Beleidigungen, die Karotte &amp; ein neues Emoji! \u2013 HELAL GOSSIP.<\/i><\/a><span class=\"Abrufdatum\" id=\"rdp-we-mwBSU\"><span typeof=\"mw:Entity\" id=\"rdp-we-mwBSY\"> <\/span>Abgerufen am 10.<span typeof=\"mw:Entity\" id=\"rdp-we-mwBSc\">\u00a0<\/span>Juni 2020<\/span><span typeof=\"mw:Entity\" id=\"rdp-we-mwBSg\"> <\/span>(deutsch).<\/span><span style=\"display: none;\" class=\"Z3988\" title=\"ctx_ver=Z39.88-2004&amp;rft_val_fmt=info%3Aofi%2Ffmt%3Akev%3Amtx%3Adc&amp;rfr_id=info%3Asid%2Fde.wikipedia.org%3AFler&amp;rft.title=Fler+vs.+Animus%3A+Sticheleien%2C+Beleidigungen%2C+die+Karotte+%26+ein+neues+Emoji%21+%E2%80%93+HELAL+GOSSIP&amp;rft.description=Fler+vs.+Animus%3A+Sticheleien%2C+Beleidigungen%2C+die+Karotte+%26+ein+neues+Emoji%21+%E2%80%93+HELAL+GOSSIP&amp;rft.identifier=https%3A%2F%2Fhelalgossip.de%2Ffler-vs-animus-sticheleien-beleidigungen-die-karotte-ein-neues-emoji%2F&amp;rft.language=de-DE\" about=\"#mwt73\" id=\"rdp-we-mwBSk\"><span typeof=\"mw:Entity\" id=\"rdp-we-mwBSo\">\u00a0<\/span><\/span><\/span><\/li>\n<li about=\"#cite_note-37\" id=\"cite_note-37\" data-mw-footnote-number=\"37\"><span class=\"mw-cite-backlink\" id=\"rdp-we-mwBSs\"><a href=\"#cite_ref-37\" rel=\"mw:referencedBy\" id=\"rdp-we-mwBSw\"><span class=\"mw-linkback-text\" id=\"rdp-we-mwBS0\">\u2191<\/span><\/a><\/span> <span id=\"rdp-we-mw-reference-text-cite_note-37\" class=\"mw-reference-text reference-text\"><span class=\"cite\" about=\"#mwt75\" typeof=\"mw:Transclusion\" id=\"rdp-we-mwBS4\" data-mw='{\"parts\":[{\"template\":{\"target\":{\"wt\":\"Internetquelle \",\"href\":\".\/Vorlage:Internetquelle\"},\"params\":{\"url\":{\"wt\":\"https:\/\/www.24hamburg.de\/stars\/deutschrap-bonez-mc-fler-187-strassenbande-aggro-berlin-social-media-beef-karottenfoto-90000993.html\"},\"titel\":{\"wt\":\"Bonez MC (187) und Fler: Social Media-Beef zwischen Deutschrappern geht in die n\u00e4chste Runde\"},\"datum\":{\"wt\":\"2020-05-06\"},\"sprache\":{\"wt\":\"de\"},\"abruf\":{\"wt\":\"2020-06-10\"}},\"i\":0}}]}'><a rel=\"external_link\" href=\"https:\/\/www.24hamburg.de\/stars\/deutschrap-bonez-mc-fler-187-strassenbande-aggro-berlin-social-media-beef-karottenfoto-90000993.html\" class=\"external text\" id=\"rdp-we-mwBS8\" target=\"_new\"><i id=\"rdp-we-mwBTA\">Bonez MC (187) und Fler: Social Media-Beef zwischen Deutschrappern geht in die n\u00e4chste Runde.<\/i><\/a><span typeof=\"mw:Entity\" id=\"rdp-we-mwBTE\"> <\/span>6.<span typeof=\"mw:Entity\" id=\"rdp-we-mwBTI\">\u00a0<\/span>Mai 2020<span typeof=\"mw:Entity\" id=\"rdp-we-mwBTM\">,<\/span><span class=\"Abrufdatum\" id=\"rdp-we-mwBTQ\"><span typeof=\"mw:Entity\" id=\"rdp-we-mwBTU\"> <\/span>abgerufen am 10.<span typeof=\"mw:Entity\" id=\"rdp-we-mwBTY\">\u00a0<\/span>Juni 2020<\/span>.<\/span><span style=\"display: none;\" class=\"Z3988\" title=\"ctx_ver=Z39.88-2004&amp;rft_val_fmt=info%3Aofi%2Ffmt%3Akev%3Amtx%3Adc&amp;rfr_id=info%3Asid%2Fde.wikipedia.org%3AFler&amp;rft.title=Bonez+MC+%28187%29+und+Fler%3A+Social+Media-Beef+zwischen+Deutschrappern+geht+in+die+n%C3%A4chste+Runde&amp;rft.description=Bonez+MC+%28187%29+und+Fler%3A+Social+Media-Beef+zwischen+Deutschrappern+geht+in+die+n%C3%A4chste+Runde&amp;rft.identifier=https%3A%2F%2Fwww.24hamburg.de%2Fstars%2Fdeutschrap-bonez-mc-fler-187-strassenbande-aggro-berlin-social-media-beef-karottenfoto-90000993.html&amp;rft.date=2020-05-06&amp;rft.language=de\" about=\"#mwt75\" id=\"rdp-we-mwBTc\"><span typeof=\"mw:Entity\" id=\"rdp-we-mwBTg\">\u00a0<\/span><\/span><\/span><\/li>\n<li about=\"#cite_note-38\" id=\"cite_note-38\" data-mw-footnote-number=\"38\"><span class=\"mw-cite-backlink\" id=\"rdp-we-mwBTk\"><a href=\"#cite_ref-38\" rel=\"mw:referencedBy\" id=\"rdp-we-mwBTo\"><span class=\"mw-linkback-text\" id=\"rdp-we-mwBTs\">\u2191<\/span><\/a><\/span> <span id=\"rdp-we-mw-reference-text-cite_note-38\" class=\"mw-reference-text reference-text\"><span class=\"cite\" about=\"#mwt77\" typeof=\"mw:Transclusion\" id=\"rdp-we-mwBTw\" data-mw='{\"parts\":[{\"template\":{\"target\":{\"wt\":\"Internetquelle \",\"href\":\".\/Vorlage:Internetquelle\"},\"params\":{\"url\":{\"wt\":\"https:\/\/www.tag24.de\/nachrichten\/fler-berlin-eins-acht-sieben-strassenbande-hamburg-instagram-zoff-story-934615\"},\"titel\":{\"wt\":\"Fler und 187 Strassenbande: Wird der Instagram-Zoff zum Rapper-Krieg?\"},\"sprache\":{\"wt\":\"de\"},\"abruf\":{\"wt\":\"2020-06-10\"}},\"i\":0}}]}'><a rel=\"external_link\" href=\"https:\/\/www.tag24.de\/nachrichten\/fler-berlin-eins-acht-sieben-strassenbande-hamburg-instagram-zoff-story-934615\" class=\"external text\" id=\"rdp-we-mwBT0\" target=\"_new\"><i id=\"rdp-we-mwBT4\">Fler und 187 Strassenbande: Wird der Instagram-Zoff zum Rapper-Krieg?<\/i><\/a><span class=\"Abrufdatum\" id=\"rdp-we-mwBT8\"><span typeof=\"mw:Entity\" id=\"rdp-we-mwBUA\"> <\/span>Abgerufen am 10.<span typeof=\"mw:Entity\" id=\"rdp-we-mwBUE\">\u00a0<\/span>Juni 2020<\/span>.<\/span><span style=\"display: none;\" class=\"Z3988\" title=\"ctx_ver=Z39.88-2004&amp;rft_val_fmt=info%3Aofi%2Ffmt%3Akev%3Amtx%3Adc&amp;rfr_id=info%3Asid%2Fde.wikipedia.org%3AFler&amp;rft.title=Fler+und+187+Strassenbande%3A+Wird+der+Instagram-Zoff+zum+Rapper-Krieg%3F&amp;rft.description=Fler+und+187+Strassenbande%3A+Wird+der+Instagram-Zoff+zum+Rapper-Krieg%3F&amp;rft.identifier=https%3A%2F%2Fwww.tag24.de%2Fnachrichten%2Ffler-berlin-eins-acht-sieben-strassenbande-hamburg-instagram-zoff-story-934615&amp;rft.language=de\" about=\"#mwt77\" id=\"rdp-we-mwBUI\"><span typeof=\"mw:Entity\" id=\"rdp-we-mwBUM\">\u00a0<\/span><\/span><\/span><\/li>\n<li about=\"#cite_note-39\" id=\"cite_note-39\" data-mw-footnote-number=\"39\"><span class=\"mw-cite-backlink\" id=\"rdp-we-mwBUQ\"><a href=\"#cite_ref-39\" rel=\"mw:referencedBy\" id=\"rdp-we-mwBUU\"><span class=\"mw-linkback-text\" id=\"rdp-we-mwBUY\">\u2191<\/span><\/a><\/span> <span id=\"rdp-we-mw-reference-text-cite_note-39\" class=\"mw-reference-text reference-text\"><span class=\"cite\" about=\"#mwt79\" typeof=\"mw:Transclusion\" id=\"rdp-we-mwBUc\" data-mw='{\"parts\":[{\"template\":{\"target\":{\"wt\":\"Internetquelle \",\"href\":\".\/Vorlage:Internetquelle\"},\"params\":{\"url\":{\"wt\":\"https:\/\/genius.com\/3329961\/Diverse-qualifikation-jbb-2014\/Fler-in-nem-karottenkostum\"},\"titel\":{\"wt\":\"Fler in nem Karottenkost\u00fcm?\"},\"sprache\":{\"wt\":\"en\"},\"abruf\":{\"wt\":\"2020-06-10\"}},\"i\":0}}]}'><a rel=\"external_link\" href=\"https:\/\/genius.com\/3329961\/Diverse-qualifikation-jbb-2014\/Fler-in-nem-karottenkostum\" class=\"external text\" id=\"rdp-we-mwBUg\" target=\"_new\"><i id=\"rdp-we-mwBUk\">Fler in nem Karottenkost\u00fcm?<\/i><\/a><span class=\"Abrufdatum\" id=\"rdp-we-mwBUo\"><span typeof=\"mw:Entity\" id=\"rdp-we-mwBUs\"> <\/span>Abgerufen am 10.<span typeof=\"mw:Entity\" id=\"rdp-we-mwBUw\">\u00a0<\/span>Juni 2020<\/span><span typeof=\"mw:Entity\" id=\"rdp-we-mwBU0\"> <\/span>(englisch).<\/span><span style=\"display: none;\" class=\"Z3988\" title=\"ctx_ver=Z39.88-2004&amp;rft_val_fmt=info%3Aofi%2Ffmt%3Akev%3Amtx%3Adc&amp;rfr_id=info%3Asid%2Fde.wikipedia.org%3AFler&amp;rft.title=Fler+in+nem+Karottenkost%C3%BCm%3F&amp;rft.description=Fler+in+nem+Karottenkost%C3%BCm%3F&amp;rft.identifier=https%3A%2F%2Fgenius.com%2F3329961%2FDiverse-qualifikation-jbb-2014%2FFler-in-nem-karottenkostum&amp;rft.language=en\" about=\"#mwt79\" id=\"rdp-we-mwBU4\"><span typeof=\"mw:Entity\" id=\"rdp-we-mwBU8\">\u00a0<\/span><\/span><\/span><\/li>\n<li about=\"#cite_note-40\" id=\"cite_note-40\" data-mw-footnote-number=\"40\"><span class=\"mw-cite-backlink\" id=\"rdp-we-mwBVA\"><a href=\"#cite_ref-40\" rel=\"mw:referencedBy\" id=\"rdp-we-mwBVE\"><span class=\"mw-linkback-text\" id=\"rdp-we-mwBVI\">\u2191<\/span><\/a><\/span> <span id=\"rdp-we-mw-reference-text-cite_note-40\" class=\"mw-reference-text reference-text\"><span about=\"#mwt81\" typeof=\"mw:Transclusion\" id=\"rdp-we-mwBVM\" data-mw='{\"parts\":[{\"template\":{\"target\":{\"wt\":\"Literatur \",\"href\":\".\/Vorlage:Literatur\"},\"params\":{\"Autor\":{\"wt\":\"Bayerischer Rundfunk Malte Borgmann\"},\"Titel\":{\"wt\":\"Lieber Jan B\u00f6hmermann...: Warum Kollegah als N\u00e4chstes \u201eEier aus Stahl\u201c verdient h\u00e4tte\"},\"Datum\":{\"wt\":\"2017-05-08\"},\"Online\":{\"wt\":\"https:\/\/www.br.de\/puls\/musik\/aktuell\/kommentar-boehmermann-kollegah-100.html\"},\"Abruf\":{\"wt\":\"2020-06-10\"}},\"i\":0}}]}'>Bayerischer Rundfunk Malte Borgmann<\/span><span typeof=\"mw:Entity\" about=\"#mwt81\" id=\"rdp-we-mwBVQ\">:<\/span><span about=\"#mwt81\" id=\"rdp-we-mwBVU\"> <\/span><cite style=\"font-style:italic\" about=\"#mwt81\" id=\"rdp-we-mwBVY\">Lieber Jan B\u00f6hmermann...: Warum Kollegah als N\u00e4chstes \u201eEier aus Stahl\u201c verdient h\u00e4tte<\/cite><span about=\"#mwt81\" id=\"rdp-we-mwBVc\">. 8.<\/span><span typeof=\"mw:Entity\" about=\"#mwt81\" id=\"rdp-we-mwBVg\">\u00a0<\/span><span about=\"#mwt81\" id=\"rdp-we-mwBVk\">Mai 2017 (<\/span><a rel=\"external_link\" href=\"https:\/\/www.br.de\/puls\/musik\/aktuell\/kommentar-boehmermann-kollegah-100.html\" about=\"#mwt81\" class=\"external text\" id=\"rdp-we-mwBVo\" target=\"_new\">br.de<\/a><span about=\"#mwt81\" id=\"rdp-we-mwBVs\"> <\/span><span typeof=\"mw:Entity\" about=\"#mwt81\" id=\"rdp-we-mwBVw\">[<\/span><span about=\"#mwt81\" id=\"rdp-we-mwBV0\">abgerufen am 10.<\/span><span typeof=\"mw:Entity\" about=\"#mwt81\" id=\"rdp-we-mwBV4\">\u00a0<\/span><span about=\"#mwt81\" id=\"rdp-we-mwBV8\">Juni 2020<\/span><span typeof=\"mw:Entity\" about=\"#mwt81\" id=\"rdp-we-mwBWA\">]<\/span><span about=\"#mwt81\" id=\"rdp-we-mwBWE\">).<\/span><span class=\"Z3988\" title=\"ctx_ver=Z39.88-2004&amp;rft_val_fmt=info%3Aofi%2Ffmt%3Akev%3Amtx%3Abook&amp;rfr_id=info:sid\/de.wikipedia.org:Fler&amp;rft.au=Bayerischer+Rundfunk+Malte+Borgmann&amp;rft.btitle=Lieber+Jan+B%C3%B6hmermann...%3A+Warum+Kollegah+als+N%C3%A4chstes+%E2%80%9EEier+aus+Stahl%E2%80%9C+verdient+h%C3%A4tte&amp;rft.date=2017-05-08&amp;rft.genre=book\" style=\"display:none\" about=\"#mwt81\" id=\"rdp-we-mwBWI\"><span typeof=\"mw:Entity\" id=\"rdp-we-mwBWM\">\u00a0<\/span><\/span><\/span><\/li>\n<li about=\"#cite_note-41\" id=\"cite_note-41\" data-mw-footnote-number=\"41\"><span class=\"mw-cite-backlink\" id=\"rdp-we-mwBWQ\"><a href=\"#cite_ref-41\" rel=\"mw:referencedBy\" id=\"rdp-we-mwBWU\"><span class=\"mw-linkback-text\" id=\"rdp-we-mwBWY\">\u2191<\/span><\/a><\/span> <span id=\"rdp-we-mw-reference-text-cite_note-41\" class=\"mw-reference-text reference-text\"><span class=\"cite\" about=\"#mwt83\" typeof=\"mw:Transclusion\" id=\"rdp-we-mwBWc\" data-mw='{\"parts\":[{\"template\":{\"target\":{\"wt\":\"Internetquelle \",\"href\":\".\/Vorlage:Internetquelle\"},\"params\":{\"url\":{\"wt\":\"http:\/\/www.deinupdate.de\/?p=31767\"},\"titel\":{\"wt\":\"Capital Bra legt gegen Fler nach!\"},\"sprache\":{\"wt\":\"de-DE\"},\"abruf\":{\"wt\":\"2020-06-10\"},\"archiv-datum\":{\"wt\":\"2020-06-10\"},\"archiv-url\":{\"wt\":\"https:\/\/web.archive.org\/web\/20200610121400\/http:\/\/www.deinupdate.de\/?p=31767\"},\"offline\":{\"wt\":\"ja\"}},\"i\":0}}]}'><a rel=\"external_link\" href=\"https:\/\/web.archive.org\/web\/20200610121400\/http:\/\/www.deinupdate.de\/?p=31767\" class=\"external text\" id=\"rdp-we-mwBWg\" target=\"_new\"><i id=\"rdp-we-mwBWk\">Capital Bra legt gegen Fler nach!<\/i><\/a><span typeof=\"mw:Entity\" id=\"rdp-we-mwBWo\"> <\/span>Archiviert<span typeof=\"mw:Entity\" id=\"rdp-we-mwBWs\"> <\/span>vom<span typeof=\"mw:Entity\" id=\"rdp-we-mwBWw\"> <\/span><link rel=\"mw-deduplicated-inline-style\" href=\"mw-data:TemplateStyles:r250917974\" about=\"#mwt84\" typeof=\"mw:Extension\/templatestyles\" id=\"rdp-we-mwBW0\" data-mw='{\"name\":\"templatestyles\",\"attrs\":{\"src\":\"Vorlage:IconExternal\/styles.css\"}}'\/><span class=\"dewiki-iconexternal\" id=\"rdp-we-mwBW4\"><a rel=\"external_link\" href=\"https:\/\/redirecter.toolforge.org\/?url=http%3A%2F%2Fwww.deinupdate.de%2F%3Fp%3D31767\" class=\"external text\" id=\"rdp-we-mwBW8\" target=\"_new\">Original<\/a><\/span><span typeof=\"mw:Entity\" id=\"rdp-we-mwBXA\"> <\/span>(nicht mehr online verf\u00fcgbar)<span typeof=\"mw:Entity\" id=\"rdp-we-mwBXE\"> <\/span>am<span typeof=\"mw:Entity\" id=\"rdp-we-mwBXI\"> <\/span><span style=\"white-space:nowrap;\" id=\"rdp-we-mwBXM\">10.<span typeof=\"mw:Entity\" id=\"rdp-we-mwBXQ\">\u00a0<\/span>Juni 2020<\/span><span id=\"rdp-we-mwBXU\">;<\/span><span class=\"Abrufdatum\" id=\"rdp-we-mwBXY\"><span typeof=\"mw:Entity\" id=\"rdp-we-mwBXc\"> <\/span>abgerufen am 10.<span typeof=\"mw:Entity\" id=\"rdp-we-mwBXg\">\u00a0<\/span>Juni 2020<\/span><span typeof=\"mw:Entity\" id=\"rdp-we-mwBXk\"> <\/span>(deutsch).<\/span><span style=\"display: none;\" class=\"Z3988\" title=\"ctx_ver=Z39.88-2004&amp;rft_val_fmt=info%3Aofi%2Ffmt%3Akev%3Amtx%3Adc&amp;rfr_id=info%3Asid%2Fde.wikipedia.org%3AFler&amp;rft.title=Capital+Bra+legt+gegen+Fler+nach%21&amp;rft.description=Capital+Bra+legt+gegen+Fler+nach%21&amp;rft.identifier=https%3A%2F%2Fweb.archive.org%2Fweb%2F20200610121400%2Fhttp%3A%2F%2Fwww.deinupdate.de%2F%3Fp%3D31767&amp;rft.source=http:\/\/www.deinupdate.de\/?p=31767&amp;rft.language=de-DE\" about=\"#mwt83\" id=\"rdp-we-mwBXo\"><span typeof=\"mw:Entity\" id=\"rdp-we-mwBXs\">\u00a0<\/span><\/span><\/span><\/li>\n<li about=\"#cite_note-42\" id=\"cite_note-42\" data-mw-footnote-number=\"42\"><span class=\"mw-cite-backlink\" id=\"rdp-we-mwBXw\"><a href=\"#cite_ref-42\" rel=\"mw:referencedBy\" id=\"rdp-we-mwBX0\"><span class=\"mw-linkback-text\" id=\"rdp-we-mwBX4\">\u2191<\/span><\/a><\/span> <span id=\"rdp-we-mw-reference-text-cite_note-42\" class=\"mw-reference-text reference-text\"><span class=\"cite\" about=\"#mwt86\" typeof=\"mw:Transclusion\" id=\"rdp-we-mwBX8\" data-mw='{\"parts\":[{\"template\":{\"target\":{\"wt\":\"Internetquelle \",\"href\":\".\/Vorlage:Internetquelle\"},\"params\":{\"url\":{\"wt\":\"https:\/\/www.youtube.com\/watch?v=XSPIrn21euc\"},\"titel\":{\"wt\":\"FARID BANG feat. KOLLEGAH &amp; FLER \u2013 \u201ePUBLIC ENEMIES\u201c &amp;#91;official Video&amp;#93;\"},\"werk\":{\"wt\":\"YouTube\"},\"datum\":{\"wt\":\"2020-02-07\"},\"sprache\":{\"wt\":\"de-DE\"},\"abruf\":{\"wt\":\"2022-01-13\"}},\"i\":0}}]}'><a rel=\"external_link\" href=\"https:\/\/www.youtube.com\/watch?v=XSPIrn21euc\" class=\"external text\" id=\"rdp-we-mwBYA\" target=\"_new\"><i id=\"rdp-we-mwBYE\">FARID BANG feat. KOLLEGAH &amp; FLER \u2013 \u201ePUBLIC ENEMIES\u201c <span typeof=\"mw:Entity\" id=\"rdp-we-mwBYI\">[<\/span>official Video<span typeof=\"mw:Entity\" id=\"rdp-we-mwBYM\">]<\/span>.<\/i><\/a><span typeof=\"mw:Entity\" id=\"rdp-we-mwBYQ\"> <\/span>In:<span typeof=\"mw:Entity\" id=\"rdp-we-mwBYU\"> <\/span><i id=\"rdp-we-mwBYY\">YouTube.<\/i><span typeof=\"mw:Entity\" id=\"rdp-we-mwBYc\"> <\/span>7.<span typeof=\"mw:Entity\" id=\"rdp-we-mwBYg\">\u00a0<\/span>Februar 2020<span typeof=\"mw:Entity\" id=\"rdp-we-mwBYk\">,<\/span><span class=\"Abrufdatum\" id=\"rdp-we-mwBYo\"><span typeof=\"mw:Entity\" id=\"rdp-we-mwBYs\"> <\/span>abgerufen am 13.<span typeof=\"mw:Entity\" id=\"rdp-we-mwBYw\">\u00a0<\/span>Januar 2022<\/span><span typeof=\"mw:Entity\" id=\"rdp-we-mwBY0\"> <\/span>(deutsch).<\/span><span style=\"display: none;\" class=\"Z3988\" title=\"ctx_ver=Z39.88-2004&amp;rft_val_fmt=info%3Aofi%2Ffmt%3Akev%3Amtx%3Adc&amp;rfr_id=info%3Asid%2Fde.wikipedia.org%3AFler&amp;rft.title=FARID+BANG+feat.+KOLLEGAH+%26+FLER+%E2%80%93+%E2%80%9EPUBLIC+ENEMIES%E2%80%9C+%26%2391%3Bofficial+Video%26%2393%3B&amp;rft.description=FARID+BANG+feat.+KOLLEGAH+%26+FLER+%E2%80%93+%E2%80%9EPUBLIC+ENEMIES%E2%80%9C+%26%2391%3Bofficial+Video%26%2393%3B&amp;rft.identifier=https%3A%2F%2Fwww.youtube.com%2Fwatch%3Fv%3DXSPIrn21euc&amp;rft.date=2020-02-07&amp;rft.language=de-DE\" about=\"#mwt86\" id=\"rdp-we-mwBY4\"><span typeof=\"mw:Entity\" id=\"rdp-we-mwBY8\">\u00a0<\/span><\/span><\/span><\/li>\n<li about=\"#cite_note-43\" id=\"cite_note-43\" data-mw-footnote-number=\"43\"><span class=\"mw-cite-backlink\" id=\"rdp-we-mwBZA\"><a href=\"#cite_ref-43\" rel=\"mw:referencedBy\" id=\"rdp-we-mwBZE\"><span class=\"mw-linkback-text\" id=\"rdp-we-mwBZI\">\u2191<\/span><\/a><\/span> <span id=\"rdp-we-mw-reference-text-cite_note-43\" class=\"mw-reference-text reference-text\"><span class=\"cite\" about=\"#mwt88\" typeof=\"mw:Transclusion\" id=\"rdp-we-mwBZM\" data-mw='{\"parts\":[{\"template\":{\"target\":{\"wt\":\"Internetquelle \",\"href\":\".\/Vorlage:Internetquelle\"},\"params\":{\"url\":{\"wt\":\"https:\/\/raptastisch.net\/2018\/07\/10\/gzuz-hatet-flers-modelinie-fler-antwortet-ihm-direkt\/\"},\"titel\":{\"wt\":\"Gzuz hatet Flers Modelinie \u2013 Fler antwortet ihm direkt!\"},\"datum\":{\"wt\":\"2018-07-10\"},\"abruf\":{\"wt\":\"2020-03-30\"}},\"i\":0}}]}'><a rel=\"external_link\" href=\"https:\/\/raptastisch.net\/2018\/07\/10\/gzuz-hatet-flers-modelinie-fler-antwortet-ihm-direkt\/\" class=\"external text\" id=\"rdp-we-mwBZQ\" target=\"_new\"><i id=\"rdp-we-mwBZU\">Gzuz hatet Flers Modelinie \u2013 Fler antwortet ihm direkt!<\/i><\/a><span typeof=\"mw:Entity\" id=\"rdp-we-mwBZY\"> <\/span>10.<span typeof=\"mw:Entity\" id=\"rdp-we-mwBZc\">\u00a0<\/span>Juli 2018<span typeof=\"mw:Entity\" id=\"rdp-we-mwBZg\">,<\/span><span class=\"Abrufdatum\" id=\"rdp-we-mwBZk\"><span typeof=\"mw:Entity\" id=\"rdp-we-mwBZo\"> <\/span>abgerufen am 30.<span typeof=\"mw:Entity\" id=\"rdp-we-mwBZs\">\u00a0<\/span>M\u00e4rz 2020<\/span>.<\/span><span style=\"display: none;\" class=\"Z3988\" title=\"ctx_ver=Z39.88-2004&amp;rft_val_fmt=info%3Aofi%2Ffmt%3Akev%3Amtx%3Adc&amp;rfr_id=info%3Asid%2Fde.wikipedia.org%3AFler&amp;rft.title=Gzuz+hatet+Flers+Modelinie+%E2%80%93+Fler+antwortet+ihm+direkt%21&amp;rft.description=Gzuz+hatet+Flers+Modelinie+%E2%80%93+Fler+antwortet+ihm+direkt%21&amp;rft.identifier=https%3A%2F%2Fraptastisch.net%2F2018%2F07%2F10%2Fgzuz-hatet-flers-modelinie-fler-antwortet-ihm-direkt%2F&amp;rft.date=2018-07-10\" about=\"#mwt88\" id=\"rdp-we-mwBZw\"><span typeof=\"mw:Entity\" id=\"rdp-we-mwBZ0\">\u00a0<\/span><\/span><\/span><\/li>\n<li about=\"#cite_note-44\" id=\"cite_note-44\" data-mw-footnote-number=\"44\"><span class=\"mw-cite-backlink\" id=\"rdp-we-mwBZ4\"><a href=\"#cite_ref-44\" rel=\"mw:referencedBy\" id=\"rdp-we-mwBZ8\"><span class=\"mw-linkback-text\" id=\"rdp-we-mwBaA\">\u2191<\/span><\/a><\/span> <span id=\"rdp-we-mw-reference-text-cite_note-44\" class=\"mw-reference-text reference-text\"><span class=\"cite\" about=\"#mwt90\" typeof=\"mw:Transclusion\" id=\"rdp-we-mwBaE\" data-mw='{\"parts\":[{\"template\":{\"target\":{\"wt\":\"Internetquelle \",\"href\":\".\/Vorlage:Internetquelle\"},\"params\":{\"url\":{\"wt\":\"https:\/\/www.amp.n-tv.de\/leute\/Fler-und-Bonez-MC-wollen-sich-boxen-article20989616.html\"},\"titel\":{\"wt\":\"\\\"Du hast dich selbst gefickt\\\": Fler und Bonez MC wollen sich boxen \u2013 n-tv.de\"},\"datum\":{\"wt\":\"2019-04-26\"},\"abruf\":{\"wt\":\"2020-03-30\"},\"offline\":{\"wt\":\"ja\"}},\"i\":0}}]}'><i id=\"rdp-we-mwBaI\">\"Du hast dich selbst gefickt\": Fler und Bonez MC wollen sich boxen \u2013 n-tv.de.<\/i><span typeof=\"mw:Entity\" id=\"rdp-we-mwBaM\"> <\/span>26.<span typeof=\"mw:Entity\" id=\"rdp-we-mwBaQ\">\u00a0<\/span>April 2019<span typeof=\"mw:Entity\" id=\"rdp-we-mwBaU\">,<\/span><span typeof=\"mw:Entity\" id=\"rdp-we-mwBaY\"> <\/span>ehemals<span typeof=\"mw:Entity\" id=\"rdp-we-mwBac\"> <\/span>im<span typeof=\"mw:Entity\" id=\"rdp-we-mwBag\"> <\/span><link rel=\"mw-deduplicated-inline-style\" href=\"mw-data:TemplateStyles:r250917974\" about=\"#mwt91\" typeof=\"mw:Extension\/templatestyles\" id=\"rdp-we-mwBak\" data-mw='{\"name\":\"templatestyles\",\"attrs\":{\"src\":\"Vorlage:IconExternal\/styles.css\"}}'\/><span class=\"dewiki-iconexternal\" id=\"rdp-we-mwBao\"><a rel=\"external_link\" href=\"https:\/\/redirecter.toolforge.org\/?url=https%3A%2F%2Fwww.amp.n-tv.de%2Fleute%2FFler-und-Bonez-MC-wollen-sich-boxen-article20989616.html\" class=\"external text\" id=\"rdp-we-mwBas\" target=\"_new\">Original<\/a><\/span><span typeof=\"mw:Entity\" id=\"rdp-we-mwBaw\"> <\/span>(nicht mehr online verf\u00fcgbar)<span id=\"rdp-we-mwBa0\">;<\/span><span class=\"Abrufdatum\" id=\"rdp-we-mwBa4\"><span typeof=\"mw:Entity\" id=\"rdp-we-mwBa8\"> <\/span>abgerufen am 30.<span typeof=\"mw:Entity\" id=\"rdp-we-mwBbA\">\u00a0<\/span>M\u00e4rz 2020<\/span>.<span style=\"display:none\" id=\"rdp-we-mwBbE\"><a rel=\"external_link\" href=\"http:\/\/deadurl.invalid\/https:\/\/www.amp.n-tv.de\/leute\/Fler-und-Bonez-MC-wollen-sich-boxen-article20989616.html\" class=\"external text\" id=\"rdp-we-mwBbI\" target=\"_new\">@1<\/a><\/span><span style=\"display:none\" id=\"rdp-we-mwBbM\"><a rel=\"external_link\" href=\"https:\/\/www.amp.n-tv.de\/leute\/Fler-und-Bonez-MC-wollen-sich-boxen-article20989616.html\" class=\"external text\" id=\"rdp-we-mwBbQ\" target=\"_new\">@2<\/a><\/span><span style=\"display:none\" id=\"rdp-we-mwBbU\"><a rel=\"mw:WikiLink\" href=\"https:\/\/de.wikipedia.org\/wiki\/Vorlage:Toter_Link\/www.amp.n-tv.de?action=edit&redlink=1\" title=\"Vorlage:Toter Link\/www.amp.n-tv.de (Seite nicht vorhanden)\" class=\"new wiki-link\" typeof=\"mw:LocalizedAttrs\" id=\"rdp-we-mwBbY\" data-mw-i18n='{\"title\":{\"lang\":\"x-page\",\"key\":\"red-link-title\",\"params\":[\"Vorlage:Toter Link\/www.amp.n-tv.de\"]}}' target=\"_new\">Vorlage:Toter Link\/www.amp.n-tv.de<\/a><\/span><link rel=\"mw:PageProp\/Category\" href=\".\/Kategorie:Wikipedia:Weblink_offline\" id=\"rdp-we-mwBbc\"\/><span typeof=\"mw:Entity\" id=\"rdp-we-mwBbg\"> <\/span><small id=\"rdp-we-mwBbk\">(<a rel=\"mw:WikiLink\" href=\"https:\/\/de.wikipedia.org\/wiki\/Wikipedia:Defekte_Weblinks\" title=\"Wikipedia:Defekte Weblinks\" id=\"rdp-we-mwBbo\" target=\"_new\" class=\"wiki-link\">Seite nicht mehr abrufbar<\/a>. <a rel=\"external_link\" href=\"https:\/\/web.archive.org\/web\/*\/https:\/\/www.amp.n-tv.de\/leute\/Fler-und-Bonez-MC-wollen-sich-boxen-article20989616.html\" class=\"external text\" id=\"rdp-we-mwBbs\" target=\"_new\">Suche im Internet Archive<\/a>)<\/small><\/span><span style=\"display: none;\" class=\"Z3988\" title=\"ctx_ver=Z39.88-2004&amp;rft_val_fmt=info%3Aofi%2Ffmt%3Akev%3Amtx%3Adc&amp;rfr_id=info%3Asid%2Fde.wikipedia.org%3AFler&amp;rft.title=%22Du+hast+dich+selbst+gefickt%22%3A+Fler+und+Bonez+MC+wollen+sich+boxen+%E2%80%93+n-tv.de&amp;rft.description=%22Du+hast+dich+selbst+gefickt%22%3A+Fler+und+Bonez+MC+wollen+sich+boxen+%E2%80%93+n-tv.de&amp;rft.identifier=https%3A%2F%2Fwww.amp.n-tv.de%2Fleute%2FFler-und-Bonez-MC-wollen-sich-boxen-article20989616.html&amp;rft.date=2019-04-26\" about=\"#mwt90\" id=\"rdp-we-mwBbw\"><span typeof=\"mw:Entity\" id=\"rdp-we-mwBb0\">\u00a0<\/span><\/span><\/span><\/li>\n<li about=\"#cite_note-45\" id=\"cite_note-45\" data-mw-footnote-number=\"45\"><span class=\"mw-cite-backlink\" id=\"rdp-we-mwBb4\"><a href=\"#cite_ref-45\" rel=\"mw:referencedBy\" id=\"rdp-we-mwBb8\"><span class=\"mw-linkback-text\" id=\"rdp-we-mwBcA\">\u2191<\/span><\/a><\/span> <span id=\"rdp-we-mw-reference-text-cite_note-45\" class=\"mw-reference-text reference-text\"><span class=\"cite\" about=\"#mwt94\" typeof=\"mw:Transclusion\" id=\"rdp-we-mwBcE\" data-mw='{\"parts\":[{\"template\":{\"target\":{\"wt\":\"Internetquelle \",\"href\":\".\/Vorlage:Internetquelle\"},\"params\":{\"autor\":{\"wt\":\"\"},\"url\":{\"wt\":\"https:\/\/www.bild.de\/regional\/berlin\/fler\/vor-gericht-56624532.bild.html\"},\"titel\":{\"wt\":\"Nachbarin \u201efette Alte\u201c genannt \u2013 10 000 Euro Strafe!\"},\"werk\":{\"wt\":\"\"},\"hrsg\":{\"wt\":\"Bild\"},\"datum\":{\"wt\":\"2018-08-10\"},\"sprache\":{\"wt\":\"de\"},\"abruf\":{\"wt\":\"2019-09-24\"}},\"i\":0}}]}'><a rel=\"external_link\" href=\"https:\/\/www.bild.de\/regional\/berlin\/fler\/vor-gericht-56624532.bild.html\" class=\"external text\" id=\"rdp-we-mwBcI\" target=\"_new\"><i id=\"rdp-we-mwBcM\">Nachbarin \u201efette Alte\u201c genannt \u2013 10 000 Euro Strafe!<\/i><\/a><span typeof=\"mw:Entity\" id=\"rdp-we-mwBcQ\"> <\/span>Bild,<span typeof=\"mw:Entity\" id=\"rdp-we-mwBcU\"> <\/span>10.<span typeof=\"mw:Entity\" id=\"rdp-we-mwBcY\">\u00a0<\/span>August 2018<span typeof=\"mw:Entity\" id=\"rdp-we-mwBcc\">,<\/span><span class=\"Abrufdatum\" id=\"rdp-we-mwBcg\"><span typeof=\"mw:Entity\" id=\"rdp-we-mwBck\"> <\/span>abgerufen am 24.<span typeof=\"mw:Entity\" id=\"rdp-we-mwBco\">\u00a0<\/span>September 2019<\/span>.<\/span><span style=\"display: none;\" class=\"Z3988\" title=\"ctx_ver=Z39.88-2004&amp;rft_val_fmt=info%3Aofi%2Ffmt%3Akev%3Amtx%3Adc&amp;rfr_id=info%3Asid%2Fde.wikipedia.org%3AFler&amp;rft.title=Nachbarin+%E2%80%9Efette+Alte%E2%80%9C+genannt+%E2%80%93+10+000+Euro+Strafe%21&amp;rft.description=Nachbarin+%E2%80%9Efette+Alte%E2%80%9C+genannt+%E2%80%93+10+000+Euro+Strafe%21&amp;rft.identifier=https%3A%2F%2Fwww.bild.de%2Fregional%2Fberlin%2Ffler%2Fvor-gericht-56624532.bild.html&amp;rft.publisher=Bild&amp;rft.date=2018-08-10&amp;rft.language=de\" about=\"#mwt94\" id=\"rdp-we-mwBcs\"><span typeof=\"mw:Entity\" id=\"rdp-we-mwBcw\">\u00a0<\/span><\/span><\/span><\/li>\n<li about=\"#cite_note-46\" id=\"cite_note-46\" data-mw-footnote-number=\"46\"><span class=\"mw-cite-backlink\" id=\"rdp-we-mwBc0\"><a href=\"#cite_ref-46\" rel=\"mw:referencedBy\" id=\"rdp-we-mwBc4\"><span class=\"mw-linkback-text\" id=\"rdp-we-mwBc8\">\u2191<\/span><\/a><\/span> <span id=\"rdp-we-mw-reference-text-cite_note-46\" class=\"mw-reference-text reference-text\"><span class=\"cite\" about=\"#mwt96\" typeof=\"mw:Transclusion\" id=\"rdp-we-mwBdA\" data-mw='{\"parts\":[{\"template\":{\"target\":{\"wt\":\"Internetquelle \",\"href\":\".\/Vorlage:Internetquelle\"},\"params\":{\"autor\":{\"wt\":\"\"},\"url\":{\"wt\":\"https:\/\/www.rtl.de\/cms\/fler-festgenommen-der-rapper-poebelt-gegen-berliner-polizei-vor-laufender-kamera-4409841.html\"},\"titel\":{\"wt\":\"Fler festgenommen: Der Rapper p\u00f6belt gegen Berliner Polizei vor laufender Kamera\"},\"werk\":{\"wt\":\"\"},\"hrsg\":{\"wt\":\"RTL\"},\"datum\":{\"wt\":\"2019-09-24\"},\"sprache\":{\"wt\":\"de\"},\"abruf\":{\"wt\":\"2019-09-24\"}},\"i\":0}}]}'><a rel=\"external_link\" href=\"https:\/\/www.rtl.de\/cms\/fler-festgenommen-der-rapper-poebelt-gegen-berliner-polizei-vor-laufender-kamera-4409841.html\" class=\"external text\" id=\"rdp-we-mwBdE\" target=\"_new\"><i id=\"rdp-we-mwBdI\">Fler festgenommen: Der Rapper p\u00f6belt gegen Berliner Polizei vor laufender Kamera.<\/i><\/a><span typeof=\"mw:Entity\" id=\"rdp-we-mwBdM\"> <\/span>RTL,<span typeof=\"mw:Entity\" id=\"rdp-we-mwBdQ\"> <\/span>24.<span typeof=\"mw:Entity\" id=\"rdp-we-mwBdU\">\u00a0<\/span>September 2019<span typeof=\"mw:Entity\" id=\"rdp-we-mwBdY\">,<\/span><span class=\"Abrufdatum\" id=\"rdp-we-mwBdc\"><span typeof=\"mw:Entity\" id=\"rdp-we-mwBdg\"> <\/span>abgerufen am 24.<span typeof=\"mw:Entity\" id=\"rdp-we-mwBdk\">\u00a0<\/span>September 2019<\/span>.<\/span><span style=\"display: none;\" class=\"Z3988\" title=\"ctx_ver=Z39.88-2004&amp;rft_val_fmt=info%3Aofi%2Ffmt%3Akev%3Amtx%3Adc&amp;rfr_id=info%3Asid%2Fde.wikipedia.org%3AFler&amp;rft.title=Fler+festgenommen%3A+Der+Rapper+p%C3%B6belt+gegen+Berliner+Polizei+vor+laufender+Kamera&amp;rft.description=Fler+festgenommen%3A+Der+Rapper+p%C3%B6belt+gegen+Berliner+Polizei+vor+laufender+Kamera&amp;rft.identifier=https%3A%2F%2Fwww.rtl.de%2Fcms%2Ffler-festgenommen-der-rapper-poebelt-gegen-berliner-polizei-vor-laufender-kamera-4409841.html&amp;rft.publisher=RTL&amp;rft.date=2019-09-24&amp;rft.language=de\" about=\"#mwt96\" id=\"rdp-we-mwBdo\"><span typeof=\"mw:Entity\" id=\"rdp-we-mwBds\">\u00a0<\/span><\/span><\/span><\/li>\n<li about=\"#cite_note-47\" id=\"cite_note-47\" data-mw-footnote-number=\"47\"><span class=\"mw-cite-backlink\" id=\"rdp-we-mwBdw\"><a href=\"#cite_ref-47\" rel=\"mw:referencedBy\" id=\"rdp-we-mwBd0\"><span class=\"mw-linkback-text\" id=\"rdp-we-mwBd4\">\u2191<\/span><\/a><\/span> <span id=\"rdp-we-mw-reference-text-cite_note-47\" class=\"mw-reference-text reference-text\"><span class=\"cite\" about=\"#mwt98\" typeof=\"mw:Transclusion\" id=\"rdp-we-mwBd8\" data-mw='{\"parts\":[{\"template\":{\"target\":{\"wt\":\"Internetquelle \",\"href\":\".\/Vorlage:Internetquelle\"},\"params\":{\"autor\":{\"wt\":\"\"},\"url\":{\"wt\":\"https:\/\/rap.de\/allgemein\/14278-fler-erstmal-keine-ausreise-in-die-usa\/\"},\"titel\":{\"wt\":\"Fler: Einreiseverbot in den USA\"},\"werk\":{\"wt\":\"\"},\"hrsg\":{\"wt\":\"Rap.de\"},\"datum\":{\"wt\":\"2013-08-20\"},\"sprache\":{\"wt\":\"de\"},\"abruf\":{\"wt\":\"2019-09-24\"}},\"i\":0}}]}'><a rel=\"external_link\" href=\"https:\/\/rap.de\/allgemein\/14278-fler-erstmal-keine-ausreise-in-die-usa\/\" class=\"external text\" id=\"rdp-we-mwBeA\" target=\"_new\"><i id=\"rdp-we-mwBeE\">Fler: Einreiseverbot in den USA.<\/i><\/a><span typeof=\"mw:Entity\" id=\"rdp-we-mwBeI\"> <\/span>Rap.de,<span typeof=\"mw:Entity\" id=\"rdp-we-mwBeM\"> <\/span>20.<span typeof=\"mw:Entity\" id=\"rdp-we-mwBeQ\">\u00a0<\/span>August 2013<span typeof=\"mw:Entity\" id=\"rdp-we-mwBeU\">,<\/span><span class=\"Abrufdatum\" id=\"rdp-we-mwBeY\"><span typeof=\"mw:Entity\" id=\"rdp-we-mwBec\"> <\/span>abgerufen am 24.<span typeof=\"mw:Entity\" id=\"rdp-we-mwBeg\">\u00a0<\/span>September 2019<\/span>.<\/span><span style=\"display: none;\" class=\"Z3988\" title=\"ctx_ver=Z39.88-2004&amp;rft_val_fmt=info%3Aofi%2Ffmt%3Akev%3Amtx%3Adc&amp;rfr_id=info%3Asid%2Fde.wikipedia.org%3AFler&amp;rft.title=Fler%3A+Einreiseverbot+in+den+USA&amp;rft.description=Fler%3A+Einreiseverbot+in+den+USA&amp;rft.identifier=https%3A%2F%2Frap.de%2Fallgemein%2F14278-fler-erstmal-keine-ausreise-in-die-usa%2F&amp;rft.publisher=Rap.de&amp;rft.date=2013-08-20&amp;rft.language=de\" about=\"#mwt98\" id=\"rdp-we-mwBek\"><span typeof=\"mw:Entity\" id=\"rdp-we-mwBeo\">\u00a0<\/span><\/span><\/span><\/li>\n<li about=\"#cite_note-48\" id=\"cite_note-48\" data-mw-footnote-number=\"48\"><span class=\"mw-cite-backlink\" id=\"rdp-we-mwBes\"><a href=\"#cite_ref-48\" rel=\"mw:referencedBy\" id=\"rdp-we-mwBew\"><span class=\"mw-linkback-text\" id=\"rdp-we-mwBe0\">\u2191<\/span><\/a><\/span> <span id=\"rdp-we-mw-reference-text-cite_note-48\" class=\"mw-reference-text reference-text\"><span class=\"cite\" about=\"#mwt100\" typeof=\"mw:Transclusion\" id=\"rdp-we-mwBe4\" data-mw='{\"parts\":[{\"template\":{\"target\":{\"wt\":\"Internetquelle \",\"href\":\".\/Vorlage:Internetquelle\"},\"params\":{\"autor\":{\"wt\":\"\"},\"url\":{\"wt\":\"https:\/\/www.faz.net\/aktuell\/feuilleton\/pop\/rapper-fler-bedroht-einen-journalisten-der-welt-13278611.html\"},\"titel\":{\"wt\":\"Erh\u00e4ng dich doch!\"},\"werk\":{\"wt\":\"\"},\"hrsg\":{\"wt\":\"FAZ\"},\"datum\":{\"wt\":\"2014-11-24\"},\"sprache\":{\"wt\":\"de\"},\"abruf\":{\"wt\":\"2019-09-24\"}},\"i\":0}}]}'><a rel=\"external_link\" href=\"https:\/\/www.faz.net\/aktuell\/feuilleton\/pop\/rapper-fler-bedroht-einen-journalisten-der-welt-13278611.html\" class=\"external text\" id=\"rdp-we-mwBe8\" target=\"_new\"><i id=\"rdp-we-mwBfA\">Erh\u00e4ng dich doch!<\/i><\/a><span typeof=\"mw:Entity\" id=\"rdp-we-mwBfE\"> <\/span>FAZ,<span typeof=\"mw:Entity\" id=\"rdp-we-mwBfI\"> <\/span>24.<span typeof=\"mw:Entity\" id=\"rdp-we-mwBfM\">\u00a0<\/span>November 2014<span typeof=\"mw:Entity\" id=\"rdp-we-mwBfQ\">,<\/span><span class=\"Abrufdatum\" id=\"rdp-we-mwBfU\"><span typeof=\"mw:Entity\" id=\"rdp-we-mwBfY\"> <\/span>abgerufen am 24.<span typeof=\"mw:Entity\" id=\"rdp-we-mwBfc\">\u00a0<\/span>September 2019<\/span>.<\/span><span style=\"display: none;\" class=\"Z3988\" title=\"ctx_ver=Z39.88-2004&amp;rft_val_fmt=info%3Aofi%2Ffmt%3Akev%3Amtx%3Adc&amp;rfr_id=info%3Asid%2Fde.wikipedia.org%3AFler&amp;rft.title=Erh%C3%A4ng+dich+doch%21&amp;rft.description=Erh%C3%A4ng+dich+doch%21&amp;rft.identifier=https%3A%2F%2Fwww.faz.net%2Faktuell%2Ffeuilleton%2Fpop%2Frapper-fler-bedroht-einen-journalisten-der-welt-13278611.html&amp;rft.publisher=FAZ&amp;rft.date=2014-11-24&amp;rft.language=de\" about=\"#mwt100\" id=\"rdp-we-mwBfg\"><span typeof=\"mw:Entity\" id=\"rdp-we-mwBfk\">\u00a0<\/span><\/span><\/span><\/li>\n<li about=\"#cite_note-49\" id=\"cite_note-49\" data-mw-footnote-number=\"49\"><span class=\"mw-cite-backlink\" id=\"rdp-we-mwBfo\"><a href=\"#cite_ref-49\" rel=\"mw:referencedBy\" id=\"rdp-we-mwBfs\"><span class=\"mw-linkback-text\" id=\"rdp-we-mwBfw\">\u2191<\/span><\/a><\/span> <span id=\"rdp-we-mw-reference-text-cite_note-49\" class=\"mw-reference-text reference-text\"><span class=\"cite\" about=\"#mwt102\" typeof=\"mw:Transclusion\" id=\"rdp-we-mwBf0\" data-mw='{\"parts\":[{\"template\":{\"target\":{\"wt\":\"Internetquelle \",\"href\":\".\/Vorlage:Internetquelle\"},\"params\":{\"url\":{\"wt\":\"https:\/\/www.tag24.de\/nachrichten\/fler-in-zehlendorf-festgenommen-polizei-zitiert-bushido-und-disst-den-rapper-1223996\"},\"titel\":{\"wt\":\"Polizei Berlin macht sich \u00fcber Fler lustig und zitiert Bushido\"},\"sprache\":{\"wt\":\"de\"},\"abruf\":{\"wt\":\"2020-06-10\"}},\"i\":0}}]}'><a rel=\"external_link\" href=\"https:\/\/www.tag24.de\/nachrichten\/fler-in-zehlendorf-festgenommen-polizei-zitiert-bushido-und-disst-den-rapper-1223996\" class=\"external text\" id=\"rdp-we-mwBf4\" target=\"_new\"><i id=\"rdp-we-mwBf8\">Polizei Berlin macht sich \u00fcber Fler lustig und zitiert Bushido.<\/i><\/a><span class=\"Abrufdatum\" id=\"rdp-we-mwBgA\"><span typeof=\"mw:Entity\" id=\"rdp-we-mwBgE\"> <\/span>Abgerufen am 10.<span typeof=\"mw:Entity\" id=\"rdp-we-mwBgI\">\u00a0<\/span>Juni 2020<\/span>.<\/span><span style=\"display: none;\" class=\"Z3988\" title=\"ctx_ver=Z39.88-2004&amp;rft_val_fmt=info%3Aofi%2Ffmt%3Akev%3Amtx%3Adc&amp;rfr_id=info%3Asid%2Fde.wikipedia.org%3AFler&amp;rft.title=Polizei+Berlin+macht+sich+%C3%BCber+Fler+lustig+und+zitiert+Bushido&amp;rft.description=Polizei+Berlin+macht+sich+%C3%BCber+Fler+lustig+und+zitiert+Bushido&amp;rft.identifier=https%3A%2F%2Fwww.tag24.de%2Fnachrichten%2Ffler-in-zehlendorf-festgenommen-polizei-zitiert-bushido-und-disst-den-rapper-1223996&amp;rft.language=de\" about=\"#mwt102\" id=\"rdp-we-mwBgM\"><span typeof=\"mw:Entity\" id=\"rdp-we-mwBgQ\">\u00a0<\/span><\/span><\/span><\/li>\n<li about=\"#cite_note-50\" id=\"cite_note-50\" data-mw-footnote-number=\"50\"><span class=\"mw-cite-backlink\" id=\"rdp-we-mwBgU\"><a href=\"#cite_ref-50\" rel=\"mw:referencedBy\" id=\"rdp-we-mwBgY\"><span class=\"mw-linkback-text\" id=\"rdp-we-mwBgc\">\u2191<\/span><\/a><\/span> <span id=\"rdp-we-mw-reference-text-cite_note-50\" class=\"mw-reference-text reference-text\"><span class=\"cite\" about=\"#mwt104\" typeof=\"mw:Transclusion\" id=\"rdp-we-mwBgg\" data-mw='{\"parts\":[{\"template\":{\"target\":{\"wt\":\"Internetquelle \",\"href\":\".\/Vorlage:Internetquelle\"},\"params\":{\"autor\":{\"wt\":\"Alexander Fr\u00f6hlich\"},\"url\":{\"wt\":\"https:\/\/www.tagesspiegel.de\/berlin\/nach-attacke-auf-rtl-kamerateam-rapper-fler-in-berlin-zehlendorf-verhaftet\/25628128.html\"},\"titel\":{\"wt\":\"Rapper Fler in Berlin-Zehlendorf verhaftet\"},\"werk\":{\"wt\":\"\"},\"hrsg\":{\"wt\":\"Der Tagesspiegel\"},\"datum\":{\"wt\":\"2020-03-10\"},\"abruf\":{\"wt\":\"2020-03-10\"}},\"i\":0}}]}'>Alexander Fr\u00f6hlich:<span typeof=\"mw:Entity\" id=\"rdp-we-mwBgk\"> <\/span><a rel=\"external_link\" href=\"https:\/\/www.tagesspiegel.de\/berlin\/nach-attacke-auf-rtl-kamerateam-rapper-fler-in-berlin-zehlendorf-verhaftet\/25628128.html\" class=\"external text\" id=\"rdp-we-mwBgo\" target=\"_new\"><i id=\"rdp-we-mwBgs\">Rapper Fler in Berlin-Zehlendorf verhaftet.<\/i><\/a><span typeof=\"mw:Entity\" id=\"rdp-we-mwBgw\"> <\/span>Der Tagesspiegel,<span typeof=\"mw:Entity\" id=\"rdp-we-mwBg0\"> <\/span>10.<span typeof=\"mw:Entity\" id=\"rdp-we-mwBg4\">\u00a0<\/span>M\u00e4rz 2020<span typeof=\"mw:Entity\" id=\"rdp-we-mwBg8\">,<\/span><span class=\"Abrufdatum\" id=\"rdp-we-mwBhA\"><span typeof=\"mw:Entity\" id=\"rdp-we-mwBhE\"> <\/span>abgerufen am 10.<span typeof=\"mw:Entity\" id=\"rdp-we-mwBhI\">\u00a0<\/span>M\u00e4rz 2020<\/span>.<\/span><span style=\"display: none;\" class=\"Z3988\" title=\"ctx_ver=Z39.88-2004&amp;rft_val_fmt=info%3Aofi%2Ffmt%3Akev%3Amtx%3Adc&amp;rfr_id=info%3Asid%2Fde.wikipedia.org%3AFler&amp;rft.title=Rapper+Fler+in+Berlin-Zehlendorf+verhaftet&amp;rft.description=Rapper+Fler+in+Berlin-Zehlendorf+verhaftet&amp;rft.identifier=https%3A%2F%2Fwww.tagesspiegel.de%2Fberlin%2Fnach-attacke-auf-rtl-kamerateam-rapper-fler-in-berlin-zehlendorf-verhaftet%2F25628128.html&amp;rft.creator=Alexander+Fr%C3%B6hlich&amp;rft.publisher=Der+Tagesspiegel&amp;rft.date=2020-03-10\" about=\"#mwt104\" id=\"rdp-we-mwBhM\"><span typeof=\"mw:Entity\" id=\"rdp-we-mwBhQ\">\u00a0<\/span><\/span><\/span><\/li>\n<li about=\"#cite_note-51\" id=\"cite_note-51\" data-mw-footnote-number=\"51\"><span class=\"mw-cite-backlink\" id=\"rdp-we-mwBhU\"><a href=\"#cite_ref-51\" rel=\"mw:referencedBy\" id=\"rdp-we-mwBhY\"><span class=\"mw-linkback-text\" id=\"rdp-we-mwBhc\">\u2191<\/span><\/a><\/span> <span id=\"rdp-we-mw-reference-text-cite_note-51\" class=\"mw-reference-text reference-text\"><span class=\"cite\" about=\"#mwt106\" typeof=\"mw:Transclusion\" id=\"rdp-we-mwBhg\" data-mw='{\"parts\":[{\"template\":{\"target\":{\"wt\":\"Internetquelle \",\"href\":\".\/Vorlage:Internetquelle\"},\"params\":{\"autor\":{\"wt\":\"Verena Mayer\"},\"url\":{\"wt\":\"https:\/\/www.sueddeutsche.de\/panorama\/fler-urteil-gericht-1.5223475\"},\"titel\":{\"wt\":\"Rapper Fler zu zehn Monaten auf Bew\u00e4hrung verurteilt\"},\"werk\":{\"wt\":\"[[S\u00fcddeutsche Zeitung]]\"},\"datum\":{\"wt\":\"2021-03-04\"},\"abruf\":{\"wt\":\"2021-03-04\"}},\"i\":0}}]}'>Verena Mayer:<span typeof=\"mw:Entity\" id=\"rdp-we-mwBhk\"> <\/span><a rel=\"external_link\" href=\"https:\/\/www.sueddeutsche.de\/panorama\/fler-urteil-gericht-1.5223475\" class=\"external text\" id=\"rdp-we-mwBho\" target=\"_new\"><i id=\"rdp-we-mwBhs\">Rapper Fler zu zehn Monaten auf Bew\u00e4hrung verurteilt.<\/i><\/a><span typeof=\"mw:Entity\" id=\"rdp-we-mwBhw\"> <\/span>In:<span typeof=\"mw:Entity\" id=\"rdp-we-mwBh0\"> <\/span><i id=\"rdp-we-mwBh4\"><a rel=\"mw:WikiLink\" href=\"https:\/\/de.wikipedia.org\/wiki\/S\u00fcddeutsche_Zeitung\" title=\"S\u00fcddeutsche Zeitung\" id=\"rdp-we-mwBh8\" target=\"_new\" class=\"wiki-link\">S\u00fcddeutsche Zeitung<\/a>.<\/i><span typeof=\"mw:Entity\" id=\"rdp-we-mwBiA\"> <\/span>4.<span typeof=\"mw:Entity\" id=\"rdp-we-mwBiE\">\u00a0<\/span>M\u00e4rz 2021<span typeof=\"mw:Entity\" id=\"rdp-we-mwBiI\">,<\/span><span class=\"Abrufdatum\" id=\"rdp-we-mwBiM\"><span typeof=\"mw:Entity\" id=\"rdp-we-mwBiQ\"> <\/span>abgerufen am 4.<span typeof=\"mw:Entity\" id=\"rdp-we-mwBiU\">\u00a0<\/span>M\u00e4rz 2021<\/span>.<\/span><span style=\"display: none;\" class=\"Z3988\" title=\"ctx_ver=Z39.88-2004&amp;rft_val_fmt=info%3Aofi%2Ffmt%3Akev%3Amtx%3Adc&amp;rfr_id=info%3Asid%2Fde.wikipedia.org%3AFler&amp;rft.title=Rapper+Fler+zu+zehn+Monaten+auf+Bew%C3%A4hrung+verurteilt&amp;rft.description=Rapper+Fler+zu+zehn+Monaten+auf+Bew%C3%A4hrung+verurteilt&amp;rft.identifier=https%3A%2F%2Fwww.sueddeutsche.de%2Fpanorama%2Ffler-urteil-gericht-1.5223475&amp;rft.creator=Verena+Mayer&amp;rft.date=2021-03-04\" about=\"#mwt106\" id=\"rdp-we-mwBiY\"><span typeof=\"mw:Entity\" id=\"rdp-we-mwBic\">\u00a0<\/span><\/span><\/span><\/li>\n<li about=\"#cite_note-52\" id=\"cite_note-52\" data-mw-footnote-number=\"52\"><span class=\"mw-cite-backlink\" id=\"rdp-we-mwBig\"><a href=\"#cite_ref-52\" rel=\"mw:referencedBy\" id=\"rdp-we-mwBik\"><span class=\"mw-linkback-text\" id=\"rdp-we-mwBio\">\u2191<\/span><\/a><\/span> <span id=\"rdp-we-mw-reference-text-cite_note-52\" class=\"mw-reference-text reference-text\"><span class=\"cite\" about=\"#mwt108\" typeof=\"mw:Transclusion\" id=\"rdp-we-mwBis\" data-mw='{\"parts\":[{\"template\":{\"target\":{\"wt\":\"Internetquelle \",\"href\":\".\/Vorlage:Internetquelle\"},\"params\":{\"url\":{\"wt\":\"http:\/\/www.spit-tv.de\/neu\/fler-ex-freundin-im-playboy\/\"},\"titel\":{\"wt\":\"Fler: Ex-Freundin im Playboy\"},\"datum\":{\"wt\":\"2013-05-16\"},\"abruf\":{\"wt\":\"2015-05-02\"}},\"i\":0}}]}'><a rel=\"external_link\" href=\"http:\/\/www.spit-tv.de\/neu\/fler-ex-freundin-im-playboy\/\" class=\"external text\" id=\"rdp-we-mwBiw\" target=\"_new\"><i id=\"rdp-we-mwBi0\">Fler: Ex-Freundin im Playboy.<\/i><\/a><span typeof=\"mw:Entity\" id=\"rdp-we-mwBi4\"> <\/span>16.<span typeof=\"mw:Entity\" id=\"rdp-we-mwBi8\">\u00a0<\/span>Mai 2013<span typeof=\"mw:Entity\" id=\"rdp-we-mwBjA\">,<\/span><span class=\"Abrufdatum\" id=\"rdp-we-mwBjE\"><span typeof=\"mw:Entity\" id=\"rdp-we-mwBjI\"> <\/span>abgerufen am 2.<span typeof=\"mw:Entity\" id=\"rdp-we-mwBjM\">\u00a0<\/span>Mai 2015<\/span>.<\/span><span style=\"display: none;\" class=\"Z3988\" title=\"ctx_ver=Z39.88-2004&amp;rft_val_fmt=info%3Aofi%2Ffmt%3Akev%3Amtx%3Adc&amp;rfr_id=info%3Asid%2Fde.wikipedia.org%3AFler&amp;rft.title=Fler%3A+Ex-Freundin+im+Playboy&amp;rft.description=Fler%3A+Ex-Freundin+im+Playboy&amp;rft.identifier=http%3A%2F%2Fwww.spit-tv.de%2Fneu%2Ffler-ex-freundin-im-playboy%2F&amp;rft.date=2013-05-16\" about=\"#mwt108\" id=\"rdp-we-mwBjQ\"><span typeof=\"mw:Entity\" id=\"rdp-we-mwBjU\">\u00a0<\/span><\/span><\/span><\/li>\n<li about=\"#cite_note-53\" id=\"cite_note-53\" data-mw-footnote-number=\"53\"><span class=\"mw-cite-backlink\" id=\"rdp-we-mwBjY\"><a href=\"#cite_ref-53\" rel=\"mw:referencedBy\" id=\"rdp-we-mwBjc\"><span class=\"mw-linkback-text\" id=\"rdp-we-mwBjg\">\u2191<\/span><\/a><\/span> <span id=\"rdp-we-mw-reference-text-cite_note-53\" class=\"mw-reference-text reference-text\"><span class=\"cite\" about=\"#mwt110\" typeof=\"mw:Transclusion\" id=\"rdp-we-mwBjk\" data-mw='{\"parts\":[{\"template\":{\"target\":{\"wt\":\"Internetquelle \",\"href\":\".\/Vorlage:Internetquelle\"},\"params\":{\"url\":{\"wt\":\"http:\/\/rapupdate.de\/?p=45240\"},\"titel\":{\"wt\":\"\u201eVollblutschlampe\u201c \u2013 Jetzt eskaliert der Streit zwischen Fler und seiner nackten Ex!\"},\"datum\":{\"wt\":\"2013-05-24\"},\"archiv-url\":{\"wt\":\"https:\/\/web.archive.org\/web\/20141112151841\/http:\/\/rapupdate.de\/?p=45240\"},\"archiv-datum\":{\"wt\":\"2014-11-12\"},\"offline\":{\"wt\":\"1\"},\"abruf\":{\"wt\":\"2015-05-02\"}},\"i\":0}}]}'><a rel=\"external_link\" href=\"https:\/\/web.archive.org\/web\/20141112151841\/http:\/\/rapupdate.de\/?p=45240\" class=\"external text\" id=\"rdp-we-mwBjo\" target=\"_new\"><i id=\"rdp-we-mwBjs\">\u201eVollblutschlampe\u201c \u2013 Jetzt eskaliert der Streit zwischen Fler und seiner nackten Ex!<\/i><\/a><span typeof=\"mw:Entity\" id=\"rdp-we-mwBjw\"> <\/span>24.<span typeof=\"mw:Entity\" id=\"rdp-we-mwBj0\">\u00a0<\/span>Mai 2013,<span typeof=\"mw:Entity\" id=\"rdp-we-mwBj4\"> <\/span>archiviert<span typeof=\"mw:Entity\" id=\"rdp-we-mwBj8\"> <\/span>vom<span typeof=\"mw:Entity\" id=\"rdp-we-mwBkA\"> <\/span><link rel=\"mw-deduplicated-inline-style\" href=\"mw-data:TemplateStyles:r250917974\" about=\"#mwt111\" typeof=\"mw:Extension\/templatestyles\" id=\"rdp-we-mwBkE\" data-mw='{\"name\":\"templatestyles\",\"attrs\":{\"src\":\"Vorlage:IconExternal\/styles.css\"}}'\/><span class=\"dewiki-iconexternal\" id=\"rdp-we-mwBkI\"><a rel=\"external_link\" href=\"https:\/\/redirecter.toolforge.org\/?url=http%3A%2F%2Frapupdate.de%2F%3Fp%3D45240\" class=\"external text\" id=\"rdp-we-mwBkM\" target=\"_new\">Original<\/a><\/span><span typeof=\"mw:Entity\" id=\"rdp-we-mwBkQ\"> <\/span>(nicht mehr online verf\u00fcgbar)<span typeof=\"mw:Entity\" id=\"rdp-we-mwBkU\"> <\/span>am<span typeof=\"mw:Entity\" id=\"rdp-we-mwBkY\"> <\/span><span style=\"white-space:nowrap;\" id=\"rdp-we-mwBkc\">12.<span typeof=\"mw:Entity\" id=\"rdp-we-mwBkg\">\u00a0<\/span>November 2014<\/span><span id=\"rdp-we-mwBkk\">;<\/span><span class=\"Abrufdatum\" id=\"rdp-we-mwBko\"><span typeof=\"mw:Entity\" id=\"rdp-we-mwBks\"> <\/span>abgerufen am 2.<span typeof=\"mw:Entity\" id=\"rdp-we-mwBkw\">\u00a0<\/span>Mai 2015<\/span>.<\/span><span style=\"display: none;\" class=\"Z3988\" title=\"ctx_ver=Z39.88-2004&amp;rft_val_fmt=info%3Aofi%2Ffmt%3Akev%3Amtx%3Adc&amp;rfr_id=info%3Asid%2Fde.wikipedia.org%3AFler&amp;rft.title=%E2%80%9EVollblutschlampe%E2%80%9C+%E2%80%93+Jetzt+eskaliert+der+Streit+zwischen+Fler+und+seiner+nackten+Ex%21&amp;rft.description=%E2%80%9EVollblutschlampe%E2%80%9C+%E2%80%93+Jetzt+eskaliert+der+Streit+zwischen+Fler+und+seiner+nackten+Ex%21&amp;rft.identifier=https%3A%2F%2Fweb.archive.org%2Fweb%2F20141112151841%2Fhttp%3A%2F%2Frapupdate.de%2F%3Fp%3D45240&amp;rft.date=2013-05-24&amp;rft.source=http:\/\/rapupdate.de\/?p=45240\" about=\"#mwt110\" id=\"rdp-we-mwBk0\"><span typeof=\"mw:Entity\" id=\"rdp-we-mwBk4\">\u00a0<\/span><\/span><\/span><\/li>\n<li about=\"#cite_note-54\" id=\"cite_note-54\" data-mw-footnote-number=\"54\"><span class=\"mw-cite-backlink\" id=\"rdp-we-mwBk8\"><a href=\"#cite_ref-54\" rel=\"mw:referencedBy\" id=\"rdp-we-mwBlA\"><span class=\"mw-linkback-text\" id=\"rdp-we-mwBlE\">\u2191<\/span><\/a><\/span> <span id=\"rdp-we-mw-reference-text-cite_note-54\" class=\"mw-reference-text reference-text\"><span class=\"cite\" about=\"#mwt113\" typeof=\"mw:Transclusion\" id=\"rdp-we-mwBlI\" data-mw='{\"parts\":[{\"template\":{\"target\":{\"wt\":\"Internetquelle \",\"href\":\".\/Vorlage:Internetquelle\"},\"params\":{\"url\":{\"wt\":\"https:\/\/www.tikonline.de\/star-news\/top-stories\/152369\/rapper-fler-so-war-es-mit-zwei-nackten-maedels-im-bett.html\"},\"titel\":{\"wt\":\"So war es f\u00fcr Fler mit zwei nackten M\u00e4dels im Bett\"},\"datum\":{\"wt\":\"2013-05-10\"},\"abruf\":{\"wt\":\"2015-05-02\"}},\"i\":0}}]}'><a rel=\"external_link\" href=\"https:\/\/www.tikonline.de\/star-news\/top-stories\/152369\/rapper-fler-so-war-es-mit-zwei-nackten-maedels-im-bett.html\" class=\"external text\" id=\"rdp-we-mwBlM\" target=\"_new\"><i id=\"rdp-we-mwBlQ\">So war es f\u00fcr Fler mit zwei nackten M\u00e4dels im Bett.<\/i><\/a><span typeof=\"mw:Entity\" id=\"rdp-we-mwBlU\"> <\/span>10.<span typeof=\"mw:Entity\" id=\"rdp-we-mwBlY\">\u00a0<\/span>Mai 2013<span typeof=\"mw:Entity\" id=\"rdp-we-mwBlc\">,<\/span><span class=\"Abrufdatum\" id=\"rdp-we-mwBlg\"><span typeof=\"mw:Entity\" id=\"rdp-we-mwBlk\"> <\/span>abgerufen am 2.<span typeof=\"mw:Entity\" id=\"rdp-we-mwBlo\">\u00a0<\/span>Mai 2015<\/span>.<\/span><span style=\"display: none;\" class=\"Z3988\" title=\"ctx_ver=Z39.88-2004&amp;rft_val_fmt=info%3Aofi%2Ffmt%3Akev%3Amtx%3Adc&amp;rfr_id=info%3Asid%2Fde.wikipedia.org%3AFler&amp;rft.title=So+war+es+f%C3%BCr+Fler+mit+zwei+nackten+M%C3%A4dels+im+Bett&amp;rft.description=So+war+es+f%C3%BCr+Fler+mit+zwei+nackten+M%C3%A4dels+im+Bett&amp;rft.identifier=https%3A%2F%2Fwww.tikonline.de%2Fstar-news%2Ftop-stories%2F152369%2Frapper-fler-so-war-es-mit-zwei-nackten-maedels-im-bett.html&amp;rft.date=2013-05-10\" about=\"#mwt113\" id=\"rdp-we-mwBls\"><span typeof=\"mw:Entity\" id=\"rdp-we-mwBlw\">\u00a0<\/span><\/span><\/span><\/li>\n<li about=\"#cite_note-55\" id=\"cite_note-55\" data-mw-footnote-number=\"55\"><span class=\"mw-cite-backlink\" id=\"rdp-we-mwBl0\"><a href=\"#cite_ref-55\" rel=\"mw:referencedBy\" id=\"rdp-we-mwBl4\"><span class=\"mw-linkback-text\" id=\"rdp-we-mwBl8\">\u2191<\/span><\/a><\/span> <span id=\"rdp-we-mw-reference-text-cite_note-55\" class=\"mw-reference-text reference-text\">Laura Sophia Jung: <i id=\"rdp-we-mwBmA\"><a rel=\"external_link\" href=\"https:\/\/taz.de\/Hate-Speech-Kontroverse-im-Deutschrap\/!5669643\/\" class=\"external text\" id=\"rdp-we-mwBmE\" target=\"_new\">Unterschiedliche Ekelgrade.<\/a><\/i> In: <i id=\"rdp-we-mwBmI\"><a rel=\"mw:WikiLink\" href=\"https:\/\/de.wikipedia.org\/wiki\/Die_Tageszeitung\" title=\"Die Tageszeitung\" id=\"rdp-we-mwBmM\" target=\"_new\" class=\"wiki-link\">Die Tageszeitung<\/a><\/i>, 5. M\u00e4rz 2020, abgerufen am 7. M\u00e4rz 2020.<\/span><\/li>\n<li about=\"#cite_note-56\" id=\"cite_note-56\" data-mw-footnote-number=\"56\"><span class=\"mw-cite-backlink\" id=\"rdp-we-mwBmQ\"><a href=\"#cite_ref-56\" rel=\"mw:referencedBy\" id=\"rdp-we-mwBmU\"><span class=\"mw-linkback-text\" id=\"rdp-we-mwBmY\">\u2191<\/span><\/a><\/span> <span id=\"rdp-we-mw-reference-text-cite_note-56\" class=\"mw-reference-text reference-text\"><span class=\"cite\" about=\"#mwt116\" typeof=\"mw:Transclusion\" id=\"rdp-we-mwBmc\" data-mw='{\"parts\":[{\"template\":{\"target\":{\"wt\":\"Internetquelle \",\"href\":\".\/Vorlage:Internetquelle\"},\"params\":{\"url\":{\"wt\":\"http:\/\/www.laut.de\/News\/Fler-Stolz,-deutsch-und-rechtsradikal-13-05-2005-3560\"},\"titel\":{\"wt\":\"Stolz, deutsch und rechtsradikal?\"},\"hrsg\":{\"wt\":\"[[Laut.de]]\"},\"datum\":{\"wt\":\"2005-05-13\"},\"abruf\":{\"wt\":\"2014-02-28\"}},\"i\":0}}]}'><a rel=\"external_link\" href=\"http:\/\/www.laut.de\/News\/Fler-Stolz,-deutsch-und-rechtsradikal-13-05-2005-3560\" class=\"external text\" id=\"rdp-we-mwBmg\" target=\"_new\"><i id=\"rdp-we-mwBmk\">Stolz, deutsch und rechtsradikal?<\/i><\/a><span typeof=\"mw:Entity\" id=\"rdp-we-mwBmo\"> <\/span><a rel=\"mw:WikiLink\" href=\"https:\/\/de.wikipedia.org\/wiki\/Laut.de\" title=\"Laut.de\" id=\"rdp-we-mwBms\" target=\"_new\" class=\"wiki-link\">Laut.de<\/a>,<span typeof=\"mw:Entity\" id=\"rdp-we-mwBmw\"> <\/span>13.<span typeof=\"mw:Entity\" id=\"rdp-we-mwBm0\">\u00a0<\/span>Mai 2005<span typeof=\"mw:Entity\" id=\"rdp-we-mwBm4\">,<\/span><span class=\"Abrufdatum\" id=\"rdp-we-mwBm8\"><span typeof=\"mw:Entity\" id=\"rdp-we-mwBnA\"> <\/span>abgerufen am 28.<span typeof=\"mw:Entity\" id=\"rdp-we-mwBnE\">\u00a0<\/span>Februar 2014<\/span>.<\/span><span style=\"display: none;\" class=\"Z3988\" title=\"ctx_ver=Z39.88-2004&amp;rft_val_fmt=info%3Aofi%2Ffmt%3Akev%3Amtx%3Adc&amp;rfr_id=info%3Asid%2Fde.wikipedia.org%3AFler&amp;rft.title=Stolz%2C+deutsch+und+rechtsradikal%3F&amp;rft.description=Stolz%2C+deutsch+und+rechtsradikal%3F&amp;rft.identifier=http%3A%2F%2Fwww.laut.de%2FNews%2FFler-Stolz%2C-deutsch-und-rechtsradikal-13-05-2005-3560&amp;rft.publisher=%5B%5BLaut.de%5D%5D&amp;rft.date=2005-05-13\" about=\"#mwt116\" id=\"rdp-we-mwBnI\"><span typeof=\"mw:Entity\" id=\"rdp-we-mwBnM\">\u00a0<\/span><\/span><\/span><\/li>\n<li about=\"#cite_note-57\" id=\"cite_note-57\" data-mw-footnote-number=\"57\"><span class=\"mw-cite-backlink\" id=\"rdp-we-mwBnQ\"><a href=\"#cite_ref-57\" rel=\"mw:referencedBy\" id=\"rdp-we-mwBnU\"><span class=\"mw-linkback-text\" id=\"rdp-we-mwBnY\">\u2191<\/span><\/a><\/span> <span id=\"rdp-we-mw-reference-text-cite_note-57\" class=\"mw-reference-text reference-text\"><span class=\"cite\" about=\"#mwt118\" typeof=\"mw:Transclusion\" id=\"rdp-we-mwBnc\" data-mw='{\"parts\":[{\"template\":{\"target\":{\"wt\":\"Internetquelle \",\"href\":\".\/Vorlage:Internetquelle\"},\"params\":{\"url\":{\"wt\":\"http:\/\/www.shortnews.de\/id\/1028120\/deutsch-rapper-fler-aeussert-sich-zu-neonazi-vorwuerfen\"},\"titel\":{\"wt\":\"Deutsch-Rapper Fler \u00e4u\u00dfert sich zu Neonazi-Vorw\u00fcrfen\"},\"hrsg\":{\"wt\":\"Short-news.de\"},\"datum\":{\"wt\":\"2013-05-23\"},\"abruf\":{\"wt\":\"2014-02-28\"},\"archiv-datum\":{\"wt\":\"2014-03-03\"},\"archiv-url\":{\"wt\":\"https:\/\/web.archive.org\/web\/20140303223801\/http:\/\/www.shortnews.de\/id\/1028120\/deutsch-rapper-fler-aeussert-sich-zu-neonazi-vorwuerfen\"},\"offline\":{\"wt\":\"ja\"}},\"i\":0}}]}'><a rel=\"external_link\" href=\"https:\/\/web.archive.org\/web\/20140303223801\/http:\/\/www.shortnews.de\/id\/1028120\/deutsch-rapper-fler-aeussert-sich-zu-neonazi-vorwuerfen\" class=\"external text\" id=\"rdp-we-mwBng\" target=\"_new\"><i id=\"rdp-we-mwBnk\">Deutsch-Rapper Fler \u00e4u\u00dfert sich zu Neonazi-Vorw\u00fcrfen.<\/i><\/a><span typeof=\"mw:Entity\" id=\"rdp-we-mwBno\"> <\/span>Short-news.de,<span typeof=\"mw:Entity\" id=\"rdp-we-mwBns\"> <\/span>23.<span typeof=\"mw:Entity\" id=\"rdp-we-mwBnw\">\u00a0<\/span>Mai 2013,<span typeof=\"mw:Entity\" id=\"rdp-we-mwBn0\"> <\/span>archiviert<span typeof=\"mw:Entity\" id=\"rdp-we-mwBn4\"> <\/span>vom<span typeof=\"mw:Entity\" id=\"rdp-we-mwBn8\"> <\/span><link rel=\"mw-deduplicated-inline-style\" href=\"mw-data:TemplateStyles:r250917974\" about=\"#mwt119\" typeof=\"mw:Extension\/templatestyles\" id=\"rdp-we-mwBoA\" data-mw='{\"name\":\"templatestyles\",\"attrs\":{\"src\":\"Vorlage:IconExternal\/styles.css\"}}'\/><span class=\"dewiki-iconexternal\" id=\"rdp-we-mwBoE\"><a rel=\"external_link\" href=\"https:\/\/redirecter.toolforge.org\/?url=http%3A%2F%2Fwww.shortnews.de%2Fid%2F1028120%2Fdeutsch-rapper-fler-aeussert-sich-zu-neonazi-vorwuerfen\" class=\"external text\" id=\"rdp-we-mwBoI\" target=\"_new\">Original<\/a><\/span><span typeof=\"mw:Entity\" id=\"rdp-we-mwBoM\"> <\/span>(nicht mehr online verf\u00fcgbar)<span typeof=\"mw:Entity\" id=\"rdp-we-mwBoQ\"> <\/span>am<span typeof=\"mw:Entity\" id=\"rdp-we-mwBoU\"> <\/span><span style=\"white-space:nowrap;\" id=\"rdp-we-mwBoY\">3.<span typeof=\"mw:Entity\" id=\"rdp-we-mwBoc\">\u00a0<\/span>M\u00e4rz 2014<\/span><span id=\"rdp-we-mwBog\">;<\/span><span class=\"Abrufdatum\" id=\"rdp-we-mwBok\"><span typeof=\"mw:Entity\" id=\"rdp-we-mwBoo\"> <\/span>abgerufen am 28.<span typeof=\"mw:Entity\" id=\"rdp-we-mwBos\">\u00a0<\/span>Februar 2014<\/span>.<\/span><span style=\"display: none;\" class=\"Z3988\" title=\"ctx_ver=Z39.88-2004&amp;rft_val_fmt=info%3Aofi%2Ffmt%3Akev%3Amtx%3Adc&amp;rfr_id=info%3Asid%2Fde.wikipedia.org%3AFler&amp;rft.title=Deutsch-Rapper+Fler+%C3%A4u%C3%9Fert+sich+zu+Neonazi-Vorw%C3%BCrfen&amp;rft.description=Deutsch-Rapper+Fler+%C3%A4u%C3%9Fert+sich+zu+Neonazi-Vorw%C3%BCrfen&amp;rft.identifier=https%3A%2F%2Fweb.archive.org%2Fweb%2F20140303223801%2Fhttp%3A%2F%2Fwww.shortnews.de%2Fid%2F1028120%2Fdeutsch-rapper-fler-aeussert-sich-zu-neonazi-vorwuerfen&amp;rft.publisher=Short-news.de&amp;rft.date=2013-05-23&amp;rft.source=http:\/\/www.shortnews.de\/id\/1028120\/deutsch-rapper-fler-aeussert-sich-zu-neonazi-vorwuerfen\" about=\"#mwt118\" id=\"rdp-we-mwBow\"><span typeof=\"mw:Entity\" id=\"rdp-we-mwBo0\">\u00a0<\/span><\/span><\/span><\/li>\n<li about=\"#cite_note-tikonline1-58\" id=\"cite_note-tikonline1-58\" data-mw-footnote-number=\"58\"><span class=\"mw-cite-backlink\" id=\"rdp-we-mwBo4\"><a href=\"#cite_ref-tikonline1_58-0\" rel=\"mw:referencedBy\" id=\"rdp-we-mwBo8\"><span class=\"mw-linkback-text\" id=\"rdp-we-mwBpA\">\u2191<\/span><\/a><\/span> <span id=\"rdp-we-mw-reference-text-cite_note-tikonline1-58\" class=\"mw-reference-text reference-text\"><a rel=\"external_link\" href=\"http:\/\/www.tikonline.de\/star-news\/top-stories\/152784\/fler-das-sagt-er-zu-den-nazi-vorwuerfen.html\" class=\"external text\" id=\"rdp-we-mwBpE\" target=\"_new\"><i id=\"rdp-we-mwBpI\">Fler: Das sagt er zu den Nazi-Vorw\u00fcrfen<\/i>.<\/a> TIKonline.de, 19. Mai 2013.<\/span><\/li>\n<li about=\"#cite_note-tikonline2-59\" id=\"cite_note-tikonline2-59\" data-mw-footnote-number=\"59\"><span class=\"mw-cite-backlink\" id=\"rdp-we-mwBpM\"><a href=\"#cite_ref-tikonline2_59-0\" rel=\"mw:referencedBy\" id=\"rdp-we-mwBpQ\"><span class=\"mw-linkback-text\" id=\"rdp-we-mwBpU\">\u2191<\/span><\/a><\/span> <span id=\"rdp-we-mw-reference-text-cite_note-tikonline2-59\" class=\"mw-reference-text reference-text\"><a rel=\"external_link\" href=\"http:\/\/www.tikonline.de\/star-news\/top-stories\/380896\/fler-verbesserungsvorschlaege-fuer-merkel.html\" class=\"external text\" id=\"rdp-we-mwBpY\" target=\"_new\"><i id=\"rdp-we-mwBpc\">Fler: Verbesserungsvorschl\u00e4ge f\u00fcr Merkel<\/i>.<\/a> TIKonline.de, 27. Mai 2013.<\/span><\/li>\n<li about=\"#cite_note-60\" id=\"cite_note-60\" data-mw-footnote-number=\"60\"><span class=\"mw-cite-backlink\" id=\"rdp-we-mwBpg\"><a href=\"#cite_ref-60\" rel=\"mw:referencedBy\" id=\"rdp-we-mwBpk\"><span class=\"mw-linkback-text\" id=\"rdp-we-mwBpo\">\u2191<\/span><\/a><\/span> <span id=\"rdp-we-mw-reference-text-cite_note-60\" class=\"mw-reference-text reference-text\"><span class=\"cite\" about=\"#mwt129\" typeof=\"mw:Transclusion\" id=\"rdp-we-mwBps\" data-mw='{\"parts\":[{\"template\":{\"target\":{\"wt\":\"Internetquelle \",\"href\":\".\/Vorlage:Internetquelle\"},\"params\":{\"url\":{\"wt\":\"http:\/\/www.b-stadt.com\/item\/fler-grund-fuer-die-geplante-auswanderung-in-die-usa\"},\"titel\":{\"wt\":\"Fler: Grund f\u00fcr die geplante Auswanderung in die USA!\"},\"datum\":{\"wt\":\"2013-06-27\"},\"archiv-url\":{\"wt\":\"https:\/\/web.archive.org\/web\/20150402132135\/http:\/\/www.b-stadt.com\/item\/fler-grund-fuer-die-geplante-auswanderung-in-die-usa\"},\"archiv-datum\":{\"wt\":\"2015-04-02\"},\"abruf\":{\"wt\":\"2015-05-02\"}},\"i\":0}}]}'><a rel=\"external_link\" href=\"https:\/\/web.archive.org\/web\/20150402132135\/http:\/\/www.b-stadt.com\/item\/fler-grund-fuer-die-geplante-auswanderung-in-die-usa\" class=\"external text\" id=\"rdp-we-mwBpw\" target=\"_new\"><i id=\"rdp-we-mwBp0\">Fler: Grund f\u00fcr die geplante Auswanderung in die USA!<\/i><\/a><span typeof=\"mw:Entity\" id=\"rdp-we-mwBp4\"> <\/span>27.<span typeof=\"mw:Entity\" id=\"rdp-we-mwBp8\">\u00a0<\/span>Juni 2013,<span typeof=\"mw:Entity\" id=\"rdp-we-mwBqA\"> <\/span>archiviert<span typeof=\"mw:Entity\" id=\"rdp-we-mwBqE\"> <\/span>vom<span typeof=\"mw:Entity\" id=\"rdp-we-mwBqI\"> <\/span><link rel=\"mw-deduplicated-inline-style\" href=\"mw-data:TemplateStyles:r250917974\" about=\"#mwt130\" typeof=\"mw:Extension\/templatestyles\" id=\"rdp-we-mwBqM\" data-mw='{\"name\":\"templatestyles\",\"attrs\":{\"src\":\"Vorlage:IconExternal\/styles.css\"}}'\/><span class=\"dewiki-iconexternal\" id=\"rdp-we-mwBqQ\"><a rel=\"external_link\" href=\"https:\/\/redirecter.toolforge.org\/?url=http%3A%2F%2Fwww.b-stadt.com%2Fitem%2Ffler-grund-fuer-die-geplante-auswanderung-in-die-usa\" class=\"external text\" id=\"rdp-we-mwBqU\" target=\"_new\">Original<\/a><\/span><span typeof=\"mw:Entity\" id=\"rdp-we-mwBqY\"> <\/span>am<span typeof=\"mw:Entity\" id=\"rdp-we-mwBqc\"> <\/span><span style=\"white-space:nowrap;\" id=\"rdp-we-mwBqg\">2.<span typeof=\"mw:Entity\" id=\"rdp-we-mwBqk\">\u00a0<\/span>April 2015<\/span><span id=\"rdp-we-mwBqo\">;<\/span><span class=\"Abrufdatum\" id=\"rdp-we-mwBqs\"><span typeof=\"mw:Entity\" id=\"rdp-we-mwBqw\"> <\/span>abgerufen am 2.<span typeof=\"mw:Entity\" id=\"rdp-we-mwBq0\">\u00a0<\/span>Mai 2015<\/span>.<\/span><span style=\"display: none;\" class=\"Z3988\" title=\"ctx_ver=Z39.88-2004&amp;rft_val_fmt=info%3Aofi%2Ffmt%3Akev%3Amtx%3Adc&amp;rfr_id=info%3Asid%2Fde.wikipedia.org%3AFler&amp;rft.title=Fler%3A+Grund+f%C3%BCr+die+geplante+Auswanderung+in+die+USA%21&amp;rft.description=Fler%3A+Grund+f%C3%BCr+die+geplante+Auswanderung+in+die+USA%21&amp;rft.identifier=https%3A%2F%2Fweb.archive.org%2Fweb%2F20150402132135%2Fhttp%3A%2F%2Fwww.b-stadt.com%2Fitem%2Ffler-grund-fuer-die-geplante-auswanderung-in-die-usa&amp;rft.date=2013-06-27&amp;rft.source=http:\/\/www.b-stadt.com\/item\/fler-grund-fuer-die-geplante-auswanderung-in-die-usa\" about=\"#mwt129\" id=\"rdp-we-mwBq4\"><span typeof=\"mw:Entity\" id=\"rdp-we-mwBq8\">\u00a0<\/span><\/span><\/span><\/li>\n<li about=\"#cite_note-61\" id=\"cite_note-61\" data-mw-footnote-number=\"61\"><span class=\"mw-cite-backlink\" id=\"rdp-we-mwBrA\"><a href=\"#cite_ref-61\" rel=\"mw:referencedBy\" id=\"rdp-we-mwBrE\"><span class=\"mw-linkback-text\" id=\"rdp-we-mwBrI\">\u2191<\/span><\/a><\/span> <span id=\"rdp-we-mw-reference-text-cite_note-61\" class=\"mw-reference-text reference-text\"><span class=\"cite\" about=\"#mwt132\" typeof=\"mw:Transclusion\" id=\"rdp-we-mwBrM\" data-mw='{\"parts\":[{\"template\":{\"target\":{\"wt\":\"Internetquelle \",\"href\":\".\/Vorlage:Internetquelle\"},\"params\":{\"url\":{\"wt\":\"http:\/\/rapupdate.de\/?p=53476\"},\"titel\":{\"wt\":\"Einreiseverbot \u2013 Fler darf nun nicht mehr in die USA einreisen!\"},\"datum\":{\"wt\":\"2013-08-20\"},\"archiv-url\":{\"wt\":\"https:\/\/web.archive.org\/web\/20131019195530\/http:\/\/rapupdate.de\/?p=53476\"},\"archiv-datum\":{\"wt\":\"2013-10-19\"},\"abruf\":{\"wt\":\"2015-05-02\"}},\"i\":0}}]}'><a rel=\"external_link\" href=\"https:\/\/web.archive.org\/web\/20131019195530\/http:\/\/rapupdate.de\/?p=53476\" class=\"external text\" id=\"rdp-we-mwBrQ\" target=\"_new\"><i id=\"rdp-we-mwBrU\">Einreiseverbot \u2013 Fler darf nun nicht mehr in die USA einreisen!<\/i><\/a><span typeof=\"mw:Entity\" id=\"rdp-we-mwBrY\"> <\/span>20.<span typeof=\"mw:Entity\" id=\"rdp-we-mwBrc\">\u00a0<\/span>August 2013,<span typeof=\"mw:Entity\" id=\"rdp-we-mwBrg\"> <\/span>archiviert<span typeof=\"mw:Entity\" id=\"rdp-we-mwBrk\"> <\/span>vom<span typeof=\"mw:Entity\" id=\"rdp-we-mwBro\"> <\/span><link rel=\"mw-deduplicated-inline-style\" href=\"mw-data:TemplateStyles:r250917974\" about=\"#mwt133\" typeof=\"mw:Extension\/templatestyles\" id=\"rdp-we-mwBrs\" data-mw='{\"name\":\"templatestyles\",\"attrs\":{\"src\":\"Vorlage:IconExternal\/styles.css\"}}'\/><span class=\"dewiki-iconexternal\" id=\"rdp-we-mwBrw\"><a rel=\"external_link\" href=\"https:\/\/redirecter.toolforge.org\/?url=http%3A%2F%2Frapupdate.de%2F%3Fp%3D53476\" class=\"external text\" id=\"rdp-we-mwBr0\" target=\"_new\">Original<\/a><\/span><span typeof=\"mw:Entity\" id=\"rdp-we-mwBr4\"> <\/span>am<span typeof=\"mw:Entity\" id=\"rdp-we-mwBr8\"> <\/span><span style=\"white-space:nowrap;\" id=\"rdp-we-mwBsA\">19.<span typeof=\"mw:Entity\" id=\"rdp-we-mwBsE\">\u00a0<\/span>Oktober 2013<\/span><span id=\"rdp-we-mwBsI\">;<\/span><span class=\"Abrufdatum\" id=\"rdp-we-mwBsM\"><span typeof=\"mw:Entity\" id=\"rdp-we-mwBsQ\"> <\/span>abgerufen am 2.<span typeof=\"mw:Entity\" id=\"rdp-we-mwBsU\">\u00a0<\/span>Mai 2015<\/span>.<\/span><span style=\"display: none;\" class=\"Z3988\" title=\"ctx_ver=Z39.88-2004&amp;rft_val_fmt=info%3Aofi%2Ffmt%3Akev%3Amtx%3Adc&amp;rfr_id=info%3Asid%2Fde.wikipedia.org%3AFler&amp;rft.title=Einreiseverbot+%E2%80%93+Fler+darf+nun+nicht+mehr+in+die+USA+einreisen%21&amp;rft.description=Einreiseverbot+%E2%80%93+Fler+darf+nun+nicht+mehr+in+die+USA+einreisen%21&amp;rft.identifier=https%3A%2F%2Fweb.archive.org%2Fweb%2F20131019195530%2Fhttp%3A%2F%2Frapupdate.de%2F%3Fp%3D53476&amp;rft.date=2013-08-20&amp;rft.source=http:\/\/rapupdate.de\/?p=53476\" about=\"#mwt132\" id=\"rdp-we-mwBsY\"><span typeof=\"mw:Entity\" id=\"rdp-we-mwBsc\">\u00a0<\/span><\/span><\/span><\/li>\n<li about=\"#cite_note-62\" id=\"cite_note-62\" data-mw-footnote-number=\"62\"><span class=\"mw-cite-backlink\" id=\"rdp-we-mwBsg\"><a href=\"#cite_ref-62\" rel=\"mw:referencedBy\" id=\"rdp-we-mwBsk\"><span class=\"mw-linkback-text\" id=\"rdp-we-mwBso\">\u2191<\/span><\/a><\/span> <span id=\"rdp-we-mw-reference-text-cite_note-62\" class=\"mw-reference-text reference-text\"><cite style=\"font-style:italic\" about=\"#mwt138\" typeof=\"mw:Transclusion\" id=\"rdp-we-mwBss\" data-mw='{\"parts\":[{\"template\":{\"target\":{\"wt\":\"Literatur \",\"href\":\".\/Vorlage:Literatur\"},\"params\":{\"Hrsg\":{\"wt\":\"\"},\"Titel\":{\"wt\":\"Hiphop.de Awards 2009 \u2013 Die offizielle Preisverleihung\"},\"Auflage\":{\"wt\":\"\"},\"Verlag\":{\"wt\":\"\"},\"Ort\":{\"wt\":\"\"},\"Datum\":{\"wt\":\"2010-02-16\"},\"ISBN\":{\"wt\":\"\"},\"Seiten\":{\"wt\":\"\"},\"Online\":{\"wt\":\"http:\/\/hiphop.de\/magazin\/news\/vodafone-hiphopde-awards-die-offizielle-preisverleihung-168025\"},\"Abruf\":{\"wt\":\"2017-01-01\"}},\"i\":0}}]}'>Hiphop.de Awards 2009 \u2013 Die offizielle Preisverleihung<\/cite><span about=\"#mwt138\" id=\"rdp-we-mwBsw\">. 16.<\/span><span typeof=\"mw:Entity\" about=\"#mwt138\" id=\"rdp-we-mwBs0\">\u00a0<\/span><span about=\"#mwt138\" id=\"rdp-we-mwBs4\">Februar 2010 (<\/span><a rel=\"external_link\" href=\"http:\/\/hiphop.de\/magazin\/news\/vodafone-hiphopde-awards-die-offizielle-preisverleihung-168025\" about=\"#mwt138\" class=\"external text\" id=\"rdp-we-mwBs8\" target=\"_new\">hiphop.de<\/a><span about=\"#mwt138\" id=\"rdp-we-mwBtA\"> <\/span><span typeof=\"mw:Entity\" about=\"#mwt138\" id=\"rdp-we-mwBtE\">[<\/span><span about=\"#mwt138\" id=\"rdp-we-mwBtI\">abgerufen am 1.<\/span><span typeof=\"mw:Entity\" about=\"#mwt138\" id=\"rdp-we-mwBtM\">\u00a0<\/span><span about=\"#mwt138\" id=\"rdp-we-mwBtQ\">Januar 2017<\/span><span typeof=\"mw:Entity\" about=\"#mwt138\" id=\"rdp-we-mwBtU\">]<\/span><span about=\"#mwt138\" id=\"rdp-we-mwBtY\">).<\/span><span class=\"Z3988\" title=\"ctx_ver=Z39.88-2004&amp;rft_val_fmt=info%3Aofi%2Ffmt%3Akev%3Amtx%3Abook&amp;rfr_id=info:sid\/de.wikipedia.org:Fler&amp;rft.btitle=Hiphop.de+Awards+2009+-+Die+offizielle+Preisverleihung&amp;rft.date=2010-02-16&amp;rft.genre=book\" style=\"display:none\" about=\"#mwt138\" id=\"rdp-we-mwBtc\"><span typeof=\"mw:Entity\" id=\"rdp-we-mwBtg\">\u00a0<\/span><\/span><\/span><\/li>\n<li about=\"#cite_note-:0-63\" id=\"cite_note-:0-63\" data-mw-footnote-number=\"63\"><span rel=\"mw:referencedBy\" class=\"mw-cite-backlink\" id=\"rdp-we-mwBtk\"><a href=\"#cite_ref-:0_63-0\" id=\"rdp-we-mwBto\"><span class=\"mw-linkback-text\" id=\"rdp-we-mwBts\">1<\/span><\/a> <a href=\"#cite_ref-:0_63-1\" id=\"rdp-we-mwBtw\"><span class=\"mw-linkback-text\" id=\"rdp-we-mwBt0\">2<\/span><\/a><\/span> <span id=\"rdp-we-mw-reference-text-cite_note-:0-63\" class=\"mw-reference-text reference-text\"><cite style=\"font-style:italic\" about=\"#mwt140\" typeof=\"mw:Transclusion\" id=\"rdp-we-mwBt4\" data-mw='{\"parts\":[{\"template\":{\"target\":{\"wt\":\"Literatur \",\"href\":\".\/Vorlage:Literatur\"},\"params\":{\"Hrsg\":{\"wt\":\"\"},\"Titel\":{\"wt\":\"Hiphop.de Awards 2010: Die offizielle Preisverleihung\"},\"Auflage\":{\"wt\":\"\"},\"Verlag\":{\"wt\":\"\"},\"Ort\":{\"wt\":\"\"},\"Datum\":{\"wt\":\"2011-02-24\"},\"ISBN\":{\"wt\":\"\"},\"Seiten\":{\"wt\":\"\"},\"Online\":{\"wt\":\"http:\/\/hiphop.de\/magazin\/news\/hiphopde-awards-die-offizielle-preisverleihung-170395?nopaging=1\"},\"Abruf\":{\"wt\":\"2017-01-01\"}},\"i\":0}}]}'>Hiphop.de Awards 2010: Die offizielle Preisverleihung<\/cite><span about=\"#mwt140\" id=\"rdp-we-mwBt8\">. 24.<\/span><span typeof=\"mw:Entity\" about=\"#mwt140\" id=\"rdp-we-mwBuA\">\u00a0<\/span><span about=\"#mwt140\" id=\"rdp-we-mwBuE\">Februar 2011 (<\/span><a rel=\"external_link\" href=\"http:\/\/hiphop.de\/magazin\/news\/hiphopde-awards-die-offizielle-preisverleihung-170395?nopaging=1\" about=\"#mwt140\" class=\"external text\" id=\"rdp-we-mwBuI\" target=\"_new\">hiphop.de<\/a><span about=\"#mwt140\" id=\"rdp-we-mwBuM\"> <\/span><span typeof=\"mw:Entity\" about=\"#mwt140\" id=\"rdp-we-mwBuQ\">[<\/span><span about=\"#mwt140\" id=\"rdp-we-mwBuU\">abgerufen am 1.<\/span><span typeof=\"mw:Entity\" about=\"#mwt140\" id=\"rdp-we-mwBuY\">\u00a0<\/span><span about=\"#mwt140\" id=\"rdp-we-mwBuc\">Januar 2017<\/span><span typeof=\"mw:Entity\" about=\"#mwt140\" id=\"rdp-we-mwBug\">]<\/span><span about=\"#mwt140\" id=\"rdp-we-mwBuk\">).<\/span><span class=\"Z3988\" title=\"ctx_ver=Z39.88-2004&amp;rft_val_fmt=info%3Aofi%2Ffmt%3Akev%3Amtx%3Abook&amp;rfr_id=info:sid\/de.wikipedia.org:Fler&amp;rft.btitle=Hiphop.de+Awards+2010%3A+Die+offizielle+Preisverleihung&amp;rft.date=2011-02-24&amp;rft.genre=book\" style=\"display:none\" about=\"#mwt140\" id=\"rdp-we-mwBuo\"><span typeof=\"mw:Entity\" id=\"rdp-we-mwBus\">\u00a0<\/span><\/span><\/span><\/li>\n<li about=\"#cite_note-64\" id=\"cite_note-64\" data-mw-footnote-number=\"64\"><span class=\"mw-cite-backlink\" id=\"rdp-we-mwBuw\"><a href=\"#cite_ref-64\" rel=\"mw:referencedBy\" id=\"rdp-we-mwBu0\"><span class=\"mw-linkback-text\" id=\"rdp-we-mwBu4\">\u2191<\/span><\/a><\/span> <span id=\"rdp-we-mw-reference-text-cite_note-64\" class=\"mw-reference-text reference-text\"><span about=\"#mwt143\" typeof=\"mw:Transclusion\" id=\"rdp-we-mwBu8\" data-mw='{\"parts\":[{\"template\":{\"target\":{\"wt\":\"Literatur \",\"href\":\".\/Vorlage:Literatur\"},\"params\":{\"Autor\":{\"wt\":\"Saskia Meister\"},\"Hrsg\":{\"wt\":\"\"},\"Titel\":{\"wt\":\"Hiphop.de Awards 2016: Die Gewinner!\"},\"Auflage\":{\"wt\":\"\"},\"Verlag\":{\"wt\":\"\"},\"Ort\":{\"wt\":\"\"},\"Datum\":{\"wt\":\"2017-01-09\"},\"ISBN\":{\"wt\":\"\"},\"Seiten\":{\"wt\":\"\"},\"Online\":{\"wt\":\"http:\/\/hiphop.de\/magazin\/hiphopde-awards-2016-gewinner-298351#.WHTHvqOX9sM\"},\"Abruf\":{\"wt\":\"2017-01-18\"}},\"i\":0}}]}'>Saskia Meister<\/span><span typeof=\"mw:Entity\" about=\"#mwt143\" id=\"rdp-we-mwBvA\">:<\/span><span about=\"#mwt143\" id=\"rdp-we-mwBvE\"> <\/span><cite style=\"font-style:italic\" about=\"#mwt143\" id=\"rdp-we-mwBvI\">Hiphop.de Awards 2016: Die Gewinner!<\/cite><span about=\"#mwt143\" id=\"rdp-we-mwBvM\"> 9.<\/span><span typeof=\"mw:Entity\" about=\"#mwt143\" id=\"rdp-we-mwBvQ\">\u00a0<\/span><span about=\"#mwt143\" id=\"rdp-we-mwBvU\">Januar 2017 (<\/span><a rel=\"external_link\" href=\"http:\/\/hiphop.de\/magazin\/hiphopde-awards-2016-gewinner-298351#.WHTHvqOX9sM\" about=\"#mwt143\" class=\"external text\" id=\"rdp-we-mwBvY\" target=\"_new\">hiphop.de<\/a><span about=\"#mwt143\" id=\"rdp-we-mwBvc\"> <\/span><span typeof=\"mw:Entity\" about=\"#mwt143\" id=\"rdp-we-mwBvg\">[<\/span><span about=\"#mwt143\" id=\"rdp-we-mwBvk\">abgerufen am 18.<\/span><span typeof=\"mw:Entity\" about=\"#mwt143\" id=\"rdp-we-mwBvo\">\u00a0<\/span><span about=\"#mwt143\" id=\"rdp-we-mwBvs\">Januar 2017<\/span><span typeof=\"mw:Entity\" about=\"#mwt143\" id=\"rdp-we-mwBvw\">]<\/span><span about=\"#mwt143\" id=\"rdp-we-mwBv0\">).<\/span><span class=\"Z3988\" title=\"ctx_ver=Z39.88-2004&amp;rft_val_fmt=info%3Aofi%2Ffmt%3Akev%3Amtx%3Abook&amp;rfr_id=info:sid\/de.wikipedia.org:Fler&amp;rft.au=Saskia+Meister&amp;rft.btitle=Hiphop.de+Awards+2016%3A+Die+Gewinner%21&amp;rft.date=2017-01-09&amp;rft.genre=book\" style=\"display:none\" about=\"#mwt143\" id=\"rdp-we-mwBv4\"><span typeof=\"mw:Entity\" id=\"rdp-we-mwBv8\">\u00a0<\/span><\/span><\/span><\/li>\n<li about=\"#cite_note-65\" id=\"cite_note-65\" data-mw-footnote-number=\"65\"><span class=\"mw-cite-backlink\" id=\"rdp-we-mwBwA\"><a href=\"#cite_ref-65\" rel=\"mw:referencedBy\" id=\"rdp-we-mwBwE\"><span class=\"mw-linkback-text\" id=\"rdp-we-mwBwI\">\u2191<\/span><\/a><\/span> <span id=\"rdp-we-mw-reference-text-cite_note-65\" class=\"mw-reference-text reference-text\"><span class=\"cite\" about=\"#mwt145\" typeof=\"mw:Transclusion\" id=\"rdp-we-mwBwM\" data-mw='{\"parts\":[{\"template\":{\"target\":{\"wt\":\"Internetquelle \",\"href\":\".\/Vorlage:Internetquelle\"},\"params\":{\"autor\":{\"wt\":\"David B\u00fcchler\"},\"url\":{\"wt\":\"https:\/\/hiphop.de\/magazin\/hiphopde-awards-2018-sind-gewinner-317717\"},\"titel\":{\"wt\":\"Hiphop.de Awards 2018: Das sind die Gewinner\"},\"datum\":{\"wt\":\"2019-01-20\"},\"sprache\":{\"wt\":\"de\"},\"abruf\":{\"wt\":\"2020-01-30\"}},\"i\":0}}]}'>David B\u00fcchler:<span typeof=\"mw:Entity\" id=\"rdp-we-mwBwQ\"> <\/span><a rel=\"external_link\" href=\"https:\/\/hiphop.de\/magazin\/hiphopde-awards-2018-sind-gewinner-317717\" class=\"external text\" id=\"rdp-we-mwBwU\" target=\"_new\"><i id=\"rdp-we-mwBwY\">Hiphop.de Awards 2018: Das sind die Gewinner.<\/i><\/a><span typeof=\"mw:Entity\" id=\"rdp-we-mwBwc\"> <\/span>20.<span typeof=\"mw:Entity\" id=\"rdp-we-mwBwg\">\u00a0<\/span>Januar 2019<span typeof=\"mw:Entity\" id=\"rdp-we-mwBwk\">,<\/span><span class=\"Abrufdatum\" id=\"rdp-we-mwBwo\"><span typeof=\"mw:Entity\" id=\"rdp-we-mwBws\"> <\/span>abgerufen am 30.<span typeof=\"mw:Entity\" id=\"rdp-we-mwBww\">\u00a0<\/span>Januar 2020<\/span>.<\/span><span style=\"display: none;\" class=\"Z3988\" title=\"ctx_ver=Z39.88-2004&amp;rft_val_fmt=info%3Aofi%2Ffmt%3Akev%3Amtx%3Adc&amp;rfr_id=info%3Asid%2Fde.wikipedia.org%3AFler&amp;rft.title=Hiphop.de+Awards+2018%3A+Das+sind+die+Gewinner&amp;rft.description=Hiphop.de+Awards+2018%3A+Das+sind+die+Gewinner&amp;rft.identifier=https%3A%2F%2Fhiphop.de%2Fmagazin%2Fhiphopde-awards-2018-sind-gewinner-317717&amp;rft.creator=David+B%C3%BCchler&amp;rft.date=2019-01-20&amp;rft.language=de\" about=\"#mwt145\" id=\"rdp-we-mwBw0\"><span typeof=\"mw:Entity\" id=\"rdp-we-mwBw4\">\u00a0<\/span><\/span><\/span><\/li>\n<\/ol>\n\n<span class=\"mw-empty-elt\" about=\"#mwt151\" typeof=\"mw:Transclusion\" id=\"rdp-we-mwBw8\" data-mw='{\"parts\":[{\"template\":{\"target\":{\"wt\":\"Navigationsleiste Fler\",\"href\":\".\/Vorlage:Navigationsleiste_Fler\"},\"params\":{},\"i\":0}}]}'><\/span><div role=\"navigation\" class=\"navbox-container klappleiste navileiste erweiterte-navigationsleiste mw-collapsible navigation-not-searchable darkmode-standardlinks\" aria-labelledby=\"Fler\" about=\"#mwt151\" id=\"rdp-we-mwBxA\"><div class=\"klappleiste-kopf navbox-group navbox-title\" style=\"background-color:khaki; color:#000000;;\"><a rel=\"mw:WikiLink\" href=\"https:\/\/de.wikipedia.org\/wiki\/Fler\" class=\"mw-selflink selflink wiki-link\" target=\"_new\">Fler<\/a><\/div><div class=\"klappleiste-inhalt mw-collapsible-content\"><table class=\"navbox-nowraplinks navbox-inner\" style=\"border-spacing:0;background:transparent;color:inherit\"><tbody><tr><th scope=\"row\" class=\"navbox-group\" style=\"width:1%\">Studioalben<\/th><td class=\"navbox-list navbox-odd navbox-hlist\" style=\"text-align:left;border-left-width:2px;border-left-style:solid;width:99%\"><div style=\"padding:0 0.25em\">\n<ul><li><a rel=\"mw:WikiLink\" href=\"https:\/\/de.wikipedia.org\/wiki\/Neue_Deutsche_Welle_(Album)\" title=\"Neue Deutsche Welle (Album)\" target=\"_new\" class=\"wiki-link\">Neue Deutsche Welle<\/a><\/li>\n<li><a rel=\"mw:WikiLink\" href=\"https:\/\/de.wikipedia.org\/wiki\/Trendsetter_(Album)\" title=\"Trendsetter (Album)\" target=\"_new\" class=\"wiki-link\">Trendsetter<\/a><\/li>\n<li><a rel=\"mw:WikiLink\" href=\"https:\/\/de.wikipedia.org\/wiki\/Fremd_im_eigenen_Land_(Album)\" title=\"Fremd im eigenen Land (Album)\" target=\"_new\" class=\"wiki-link\">Fremd im eigenen Land<\/a><\/li>\n<li><a rel=\"mw:WikiLink\" href=\"https:\/\/de.wikipedia.org\/wiki\/Fler_(Album)\" title=\"Fler (Album)\" target=\"_new\" class=\"wiki-link\">Fler<\/a><\/li>\n<li><a rel=\"mw:WikiLink\" href=\"https:\/\/de.wikipedia.org\/wiki\/Flersguterjunge\" title=\"Flersguterjunge\" target=\"_new\" class=\"wiki-link\">Flersguterjunge<\/a><\/li>\n<li><a rel=\"mw:WikiLink\" href=\"https:\/\/de.wikipedia.org\/wiki\/Airmax_Muzik_II\" title=\"Airmax Muzik II\" target=\"_new\" class=\"wiki-link\">Airmax Muzik II<\/a><\/li>\n<li><a rel=\"mw:WikiLink\" href=\"https:\/\/de.wikipedia.org\/wiki\/Im_Bus_ganz_hinten\" title=\"Im Bus ganz hinten\" target=\"_new\" class=\"wiki-link\">Im Bus ganz hinten<\/a><\/li>\n<li><a rel=\"mw:WikiLink\" href=\"https:\/\/de.wikipedia.org\/wiki\/Hinter_blauen_Augen\" title=\"Hinter blauen Augen\" target=\"_new\" class=\"wiki-link\">Hinter blauen Augen<\/a><\/li>\n<li><a rel=\"mw:WikiLink\" href=\"https:\/\/de.wikipedia.org\/wiki\/Blaues_Blut_(Album)\" title=\"Blaues Blut (Album)\" target=\"_new\" class=\"wiki-link\">Blaues Blut<\/a><\/li>\n<li><a rel=\"mw:WikiLink\" href=\"https:\/\/de.wikipedia.org\/wiki\/Neue_Deutsche_Welle_2\" title=\"Neue Deutsche Welle 2\" target=\"_new\" class=\"wiki-link\">Neue Deutsche Welle 2<\/a><\/li>\n<li><a rel=\"mw:WikiLink\" href=\"https:\/\/de.wikipedia.org\/wiki\/Keiner_kommt_klar_mit_mir\" title=\"Keiner kommt klar mit mir\" target=\"_new\" class=\"wiki-link\">Keiner kommt klar mit mir<\/a><\/li>\n<li><a rel=\"mw:WikiLink\" href=\"https:\/\/de.wikipedia.org\/wiki\/Weil_die_Stra\u00dfe_nicht_vergisst\" title=\"Weil die Stra\u00dfe nicht vergisst\" target=\"_new\" class=\"wiki-link\">Weil die Stra\u00dfe nicht vergisst<\/a><\/li>\n<li><a rel=\"mw:WikiLink\" href=\"https:\/\/de.wikipedia.org\/wiki\/Vibe_(Album)\" title=\"Vibe (Album)\" target=\"_new\" class=\"wiki-link\">Vibe<\/a><\/li>\n<li><a rel=\"mw:WikiLink\" href=\"https:\/\/de.wikipedia.org\/wiki\/Flizzy\" title=\"Flizzy\" target=\"_new\" class=\"wiki-link\">Flizzy<\/a><\/li>\n<li><a rel=\"mw:WikiLink\" href=\"https:\/\/de.wikipedia.org\/wiki\/Colucci_(Album)\" title=\"Colucci (Album)\" target=\"_new\" class=\"wiki-link\">Colucci<\/a><\/li>\n<li><a rel=\"mw:WikiLink\" href=\"https:\/\/de.wikipedia.org\/wiki\/Atlantis_(Fler-Album)\" title=\"Atlantis (Fler-Album)\" target=\"_new\" class=\"wiki-link\">Atlantis<\/a><\/li>\n<li><a rel=\"mw:WikiLink\" href=\"https:\/\/de.wikipedia.org\/wiki\/Widder_(Album)\" title=\"Widder (Album)\" target=\"_new\" class=\"wiki-link\">Widder<\/a><\/li><\/ul>\n<\/div><\/td><\/tr><tr><th scope=\"row\" class=\"navbox-group\" style=\"width:1%\">Gemeinschaftsalben<\/th><td class=\"navbox-list navbox-even navbox-hlist\" style=\"text-align:left;border-left-width:2px;border-left-style:solid;width:99%\"><div style=\"padding:0 0.25em\">\n<ul><li><a rel=\"mw:WikiLink\" href=\"https:\/\/de.wikipedia.org\/wiki\/Carlo_Cokxxx_Nutten\" title=\"Carlo Cokxxx Nutten\" target=\"_new\" class=\"wiki-link\">Carlo Cokxxx Nutten<\/a><\/li>\n<li><a rel=\"mw:WikiLink\" href=\"https:\/\/de.wikipedia.org\/wiki\/S\u00fcdberlin_Maskulin\" title=\"S\u00fcdberlin Maskulin\" target=\"_new\" class=\"wiki-link\">S\u00fcdberlin Maskulin<\/a><\/li>\n<li><a rel=\"mw:WikiLink\" href=\"https:\/\/de.wikipedia.org\/wiki\/Carlo_Cokxxx_Nutten_2_(2009)\" title=\"Carlo Cokxxx Nutten 2 (2009)\" target=\"_new\" class=\"wiki-link\">Carlo Cokxxx Nutten 2<\/a><\/li>\n<li><a rel=\"mw:WikiLink\" href=\"https:\/\/de.wikipedia.org\/wiki\/Berlins_Most_Wanted_(Album)\" title=\"Berlins Most Wanted (Album)\" target=\"_new\" class=\"wiki-link\">Berlins Most Wanted<\/a><\/li>\n<li><a rel=\"mw:WikiLink\" href=\"https:\/\/de.wikipedia.org\/wiki\/S\u00fcdberlin_Maskulin_II\" title=\"S\u00fcdberlin Maskulin II\" target=\"_new\" class=\"wiki-link\">S\u00fcdberlin Maskulin II<\/a><\/li>\n<li><a rel=\"mw:WikiLink\" href=\"https:\/\/de.wikipedia.org\/wiki\/Epic_(Fler-und-Jalil-Album)\" title=\"Epic (Fler-und-Jalil-Album)\" target=\"_new\" class=\"wiki-link\">Epic<\/a><\/li>\n<li><a rel=\"mw:WikiLink\" href=\"https:\/\/de.wikipedia.org\/wiki\/Cancel_Culture_Nightmare\" title=\"Cancel Culture Nightmare\" target=\"_new\" class=\"wiki-link\">Cancel Culture Nightmare<\/a><\/li>\n<li>Welle Vol. 1<\/li>\n<li>5<\/li><\/ul>\n<\/div><\/td><\/tr><tr><th scope=\"row\" class=\"navbox-group\" style=\"width:1%\">Kompilationen<\/th><td class=\"navbox-list navbox-odd navbox-hlist\" style=\"text-align:left;border-left-width:2px;border-left-style:solid;width:99%\"><div style=\"padding:0 0.25em\">\n<ul><li><a rel=\"mw:WikiLink\" href=\"https:\/\/de.wikipedia.org\/wiki\/Der_Staat_gegen_Patrick_Decker\" title=\"Der Staat gegen Patrick Decker\" target=\"_new\" class=\"wiki-link\">Der Staat gegen Patrick Decker<\/a><\/li><\/ul>\n<\/div><\/td><\/tr><tr><th scope=\"row\" class=\"navbox-group\" style=\"width:1%\">Mixtapes<\/th><td class=\"navbox-list navbox-even navbox-hlist\" style=\"text-align:left;border-left-width:2px;border-left-style:solid;width:99%\"><div style=\"padding:0 0.25em\">\n<ul><li><a rel=\"mw:WikiLink\" href=\"https:\/\/de.wikipedia.org\/wiki\/F.L.E.R._90210\" title=\"F.L.E.R. 90210\" target=\"_new\" class=\"wiki-link\">F.L.E.R. 90210<\/a><\/li>\n<li><a rel=\"mw:WikiLink\" href=\"https:\/\/de.wikipedia.org\/wiki\/Airmax_Muzik\" title=\"Airmax Muzik\" target=\"_new\" class=\"wiki-link\">Airmax Muzik<\/a><\/li>\n<li>Wir nehmen auch Euro<\/li><\/ul>\n<\/div><\/td><\/tr><tr><th scope=\"row\" class=\"navbox-group\" style=\"width:1%\">EPs<\/th><td class=\"navbox-list navbox-odd navbox-hlist\" style=\"text-align:left;border-left-width:2px;border-left-style:solid;width:99%\"><div style=\"padding:0 0.25em\">\n<ul><li><a rel=\"mw:WikiLink\" href=\"https:\/\/de.wikipedia.org\/wiki\/Bew\u00e4hrung_vorbei\" title=\"Bew\u00e4hrung vorbei\" target=\"_new\" class=\"wiki-link\">Bew\u00e4hrung vorbei<\/a><\/li>\n<li>Conor EP<\/li><\/ul>\n<\/div><\/td><\/tr><tr><th scope=\"row\" class=\"navbox-group\" style=\"width:1%\">Labelsampler<\/th><td class=\"navbox-list navbox-even navbox-hlist\" style=\"text-align:left;border-left-width:2px;border-left-style:solid;width:99%\"><div style=\"padding:0 0.25em\">\n<ul><li><a rel=\"mw:WikiLink\" href=\"https:\/\/de.wikipedia.org\/wiki\/Aggro_Ansage_Nr._3\" title=\"Aggro Ansage Nr. 3\" target=\"_new\" class=\"wiki-link\">Aggro Ansage Nr. 3<\/a><\/li>\n<li><a rel=\"mw:WikiLink\" href=\"https:\/\/de.wikipedia.org\/wiki\/Aggro_Ansage_Nr._4\" title=\"Aggro Ansage Nr. 4\" target=\"_new\" class=\"wiki-link\">Aggro Ansage Nr. 4<\/a><\/li>\n<li><a rel=\"mw:WikiLink\" href=\"https:\/\/de.wikipedia.org\/wiki\/Aggro_Ansage_Nr._5\" title=\"Aggro Ansage Nr. 5\" target=\"_new\" class=\"wiki-link\">Aggro Ansage Nr. 5<\/a><\/li>\n<li><a rel=\"mw:WikiLink\" href=\"https:\/\/de.wikipedia.org\/wiki\/Aggro_Anti_Ansage_Nr._8\" title=\"Aggro Anti Ansage Nr. 8\" target=\"_new\" class=\"wiki-link\">Aggro Anti Ansage Nr. 8<\/a><\/li>\n<li><a rel=\"mw:WikiLink\" href=\"https:\/\/de.wikipedia.org\/wiki\/Maskulin_Mixtape_Vol._1\" title=\"Maskulin Mixtape Vol. 1\" target=\"_new\" class=\"wiki-link\">Maskulin Mixtape Vol. 1<\/a><\/li>\n<li><a rel=\"mw:WikiLink\" href=\"https:\/\/de.wikipedia.org\/wiki\/Maskulin_Mixtape_Vol._2\" title=\"Maskulin Mixtape Vol. 2\" target=\"_new\" class=\"wiki-link\">Maskulin Mixtape Vol. 2<\/a><\/li>\n<li><a rel=\"mw:WikiLink\" href=\"https:\/\/de.wikipedia.org\/wiki\/Maskulin_Mixtape_Vol._3\" title=\"Maskulin Mixtape Vol. 3\" target=\"_new\" class=\"wiki-link\">Maskulin Mixtape Vol. 3<\/a><\/li>\n<li><a rel=\"mw:WikiLink\" href=\"https:\/\/de.wikipedia.org\/wiki\/Maskulin_Mixtape_Vol._4\" title=\"Maskulin Mixtape Vol. 4\" target=\"_new\" class=\"wiki-link\">Maskulin Mixtape Vol. 4<\/a><\/li><\/ul>\n<\/div><\/td><\/tr><tr><th scope=\"row\" class=\"navbox-group\" style=\"width:1%\">Videoalben<\/th><td class=\"navbox-list navbox-odd navbox-hlist\" style=\"text-align:left;border-left-width:2px;border-left-style:solid;width:99%\"><div style=\"padding:0 0.25em\">\n<ul><li>Trendsetter<\/li>\n<li>S\u00fcdberlin Maskulin<\/li>\n<li>Carlo Cokxxx Nutten 2<\/li>\n<li>Berlins Most Wanted<\/li>\n<li>Airmax Muzik II<\/li>\n<li>Hinter blauen Augen<\/li>\n<li>Weil die Stra\u00dfe nicht vergisst<\/li><\/ul>\n<\/div><\/td><\/tr><tr><th scope=\"row\" class=\"navbox-group\" style=\"width:1%\">Singles<\/th><td class=\"navbox-list navbox-odd navbox-hlist\" style=\"text-align:left;border-left-width:2px;border-left-style:solid;width:99%\"><div style=\"padding:0 0.25em\"><\/div><table class=\"navbox-nowraplinks navbox-subgroup\" style=\"border-spacing:0\"><tbody><tr><th scope=\"row\" class=\"navbox-group\" style=\"width:1%;background-color:#DDE5EE; color:inherit;\">Neue Deutsche Welle<\/th><td class=\"navbox-list navbox-even navbox-hlist\" style=\"text-align:left;border-left-width:2px;border-left-style:solid;width:99%\"><div style=\"padding:0 0.25em\">\n<ul><li><a rel=\"mw:WikiLink\" href=\"https:\/\/de.wikipedia.org\/wiki\/NDW_2005\" title=\"NDW 2005\" target=\"_new\" class=\"wiki-link\">NDW 2005<\/a><\/li>\n<li><a rel=\"mw:WikiLink\" href=\"https:\/\/de.wikipedia.org\/wiki\/Nach_eigenen_Regeln_(Lied)\" title=\"Nach eigenen Regeln (Lied)\" target=\"_new\" class=\"wiki-link\">Nach eigenen Regeln<\/a><\/li><\/ul>\n<\/div><\/td><\/tr><tr><th scope=\"row\" class=\"navbox-group\" style=\"width:1%;background-color:#DDE5EE; color:inherit;\">Trendsetter<\/th><td class=\"navbox-list navbox-odd navbox-hlist\" style=\"text-align:left;border-left-width:2px;border-left-style:solid;width:99%\"><div style=\"padding:0 0.25em\">\n<ul><li><a rel=\"mw:WikiLink\" href=\"https:\/\/de.wikipedia.org\/wiki\/Papa_ist_zur\u00fcck\" title=\"Papa ist zur\u00fcck\" target=\"_new\" class=\"wiki-link\">Papa ist zur\u00fcck<\/a><\/li>\n<li>\u00c7\u00fcs Junge<\/li><\/ul>\n<\/div><\/td><\/tr><tr><th scope=\"row\" class=\"navbox-group\" style=\"width:1%;background-color:#DDE5EE; color:inherit;\">Fremd im eigenen Land<\/th><td class=\"navbox-list navbox-even navbox-hlist\" style=\"text-align:left;border-left-width:2px;border-left-style:solid;width:99%\"><div style=\"padding:0 0.25em\">\n<ul><li><a rel=\"mw:WikiLink\" href=\"https:\/\/de.wikipedia.org\/wiki\/Deutscha_Bad_Boy\" title=\"Deutscha Bad Boy\" target=\"_new\" class=\"wiki-link\">Deutscha Bad Boy<\/a><\/li>\n<li><a rel=\"mw:WikiLink\" href=\"https:\/\/de.wikipedia.org\/wiki\/Warum_bist_Du_so%3F\" title=\"Warum bist Du so?\" target=\"_new\" class=\"wiki-link\">Warum bist Du so?<\/a><\/li><\/ul>\n<\/div><\/td><\/tr><tr><th scope=\"row\" class=\"navbox-group\" style=\"width:1%;background-color:#DDE5EE; color:inherit;\">S\u00fcdberlin Maskulin<\/th><td class=\"navbox-list navbox-odd navbox-hlist\" style=\"text-align:left;border-left-width:2px;border-left-style:solid;width:99%\"><div style=\"padding:0 0.25em\">\n<ul><li>Ich bin ein Rapper<\/li><\/ul>\n<\/div><\/td><\/tr><tr><th scope=\"row\" class=\"navbox-group\" style=\"width:1%;background-color:#DDE5EE; color:inherit;\">Fler<\/th><td class=\"navbox-list navbox-even navbox-hlist\" style=\"text-align:left;border-left-width:2px;border-left-style:solid;width:99%\"><div style=\"padding:0 0.25em\">\n<ul><li><a rel=\"mw:WikiLink\" href=\"https:\/\/de.wikipedia.org\/wiki\/Check_mich_aus\" title=\"Check mich aus\" target=\"_new\" class=\"wiki-link\">Check mich aus<\/a><\/li>\n<li><a rel=\"mw:WikiLink\" href=\"https:\/\/de.wikipedia.org\/wiki\/Ich_sing_nicht_mehr_f\u00fcr_dich\" title=\"Ich sing nicht mehr f\u00fcr dich\" target=\"_new\" class=\"wiki-link\">Ich sing nicht mehr f\u00fcr dich<\/a><\/li><\/ul>\n<\/div><\/td><\/tr><tr><th scope=\"row\" class=\"navbox-group\" style=\"width:1%;background-color:#DDE5EE; color:inherit;\">Carlo Cokxxx Nutten 2<\/th><td class=\"navbox-list navbox-odd navbox-hlist\" style=\"text-align:left;border-left-width:2px;border-left-style:solid;width:99%\"><div style=\"padding:0 0.25em\">\n<ul><li><a rel=\"mw:WikiLink\" href=\"https:\/\/de.wikipedia.org\/wiki\/Eine_Chance\/Zu_Gangsta\" title=\"Eine Chance\/Zu Gangsta\" target=\"_new\" class=\"wiki-link\">Eine Chance\/Zu Gangsta<\/a><\/li><\/ul>\n<\/div><\/td><\/tr><tr><th scope=\"row\" class=\"navbox-group\" style=\"width:1%;background-color:#DDE5EE; color:inherit;\">Flersguterjunge<\/th><td class=\"navbox-list navbox-even navbox-hlist\" style=\"text-align:left;border-left-width:2px;border-left-style:solid;width:99%\"><div style=\"padding:0 0.25em\">\n<ul><li><a rel=\"mw:WikiLink\" href=\"https:\/\/de.wikipedia.org\/wiki\/Das_alles_ist_Deutschland\" title=\"Das alles ist Deutschland\" target=\"_new\" class=\"wiki-link\">Das alles ist Deutschland<\/a><\/li>\n<li>Schwer erziehbar 2010<\/li><\/ul>\n<\/div><\/td><\/tr><tr><th scope=\"row\" class=\"navbox-group\" style=\"width:1%;background-color:#DDE5EE; color:inherit;\">Berlins Most Wanted<\/th><td class=\"navbox-list navbox-odd navbox-hlist\" style=\"text-align:left;border-left-width:2px;border-left-style:solid;width:99%\"><div style=\"padding:0 0.25em\">\n<ul><li><a rel=\"mw:WikiLink\" href=\"https:\/\/de.wikipedia.org\/wiki\/Berlins_Most_Wanted_(Lied)\" title=\"Berlins Most Wanted (Lied)\" target=\"_new\" class=\"wiki-link\">Berlins Most Wanted<\/a><\/li><\/ul>\n<\/div><\/td><\/tr><tr><th scope=\"row\" class=\"navbox-group\" style=\"width:1%;background-color:#DDE5EE; color:inherit;\">Airmax Muzik II<\/th><td class=\"navbox-list navbox-even navbox-hlist\" style=\"text-align:left;border-left-width:2px;border-left-style:solid;width:99%\"><div style=\"padding:0 0.25em\">\n<ul><li><a rel=\"mw:WikiLink\" href=\"https:\/\/de.wikipedia.org\/wiki\/Nie_an_mich_geglaubt\" title=\"Nie an mich geglaubt\" target=\"_new\" class=\"wiki-link\">Nie an mich geglaubt<\/a><\/li>\n<li><a rel=\"mw:WikiLink\" href=\"https:\/\/de.wikipedia.org\/wiki\/Minutentakt\" title=\"Minutentakt\" target=\"_new\" class=\"wiki-link\">Minutentakt<\/a><\/li><\/ul>\n<\/div><\/td><\/tr><tr><th scope=\"row\" class=\"navbox-group\" style=\"width:1%;background-color:#DDE5EE; color:inherit;\">Im Bus ganz hinten<\/th><td class=\"navbox-list navbox-odd navbox-hlist\" style=\"text-align:left;border-left-width:2px;border-left-style:solid;width:99%\"><div style=\"padding:0 0.25em\">\n<ul><li><a rel=\"mw:WikiLink\" href=\"https:\/\/de.wikipedia.org\/wiki\/Spiegelbild_(Lied)\" title=\"Spiegelbild (Lied)\" target=\"_new\" class=\"wiki-link\">Spiegelbild<\/a><\/li>\n<li>Zeichen<\/li><\/ul>\n<\/div><\/td><\/tr><tr><th scope=\"row\" class=\"navbox-group\" style=\"width:1%;background-color:#DDE5EE; color:inherit;\">S\u00fcdberlin Maskulin II<\/th><td class=\"navbox-list navbox-even navbox-hlist\" style=\"text-align:left;border-left-width:2px;border-left-style:solid;width:99%\"><div style=\"padding:0 0.25em\">\n<ul><li><a rel=\"mw:WikiLink\" href=\"https:\/\/de.wikipedia.org\/wiki\/Bleib_wach\" title=\"Bleib wach\" target=\"_new\" class=\"wiki-link\">Bleib wach<\/a><\/li><\/ul>\n<\/div><\/td><\/tr><tr><th scope=\"row\" class=\"navbox-group\" style=\"width:1%;background-color:#DDE5EE; color:inherit;\">Hinter blauen Augen<\/th><td class=\"navbox-list navbox-odd navbox-hlist\" style=\"text-align:left;border-left-width:2px;border-left-style:solid;width:99%\"><div style=\"padding:0 0.25em\">\n<ul><li>Nummer 1<\/li>\n<li>Hinter blauen Augen<\/li>\n<li>Nimm mich wie ich bin<\/li><\/ul>\n<\/div><\/td><\/tr><tr><th scope=\"row\" class=\"navbox-group\" style=\"width:1%;background-color:#DDE5EE; color:inherit;\">Blaues Blut<\/th><td class=\"navbox-list navbox-even navbox-hlist\" style=\"text-align:left;border-left-width:2px;border-left-style:solid;width:99%\"><div style=\"padding:0 0.25em\">\n<ul><li><a rel=\"mw:WikiLink\" href=\"https:\/\/de.wikipedia.org\/wiki\/Barack_Osama\" title=\"Barack Osama\" target=\"_new\" class=\"wiki-link\">Barack Osama<\/a><\/li>\n<li><a rel=\"mw:WikiLink\" href=\"https:\/\/de.wikipedia.org\/wiki\/Pheromone_(Lied)\" title=\"Pheromone (Lied)\" target=\"_new\" class=\"wiki-link\">Pheromone<\/a><\/li><\/ul>\n<\/div><\/td><\/tr><tr><th scope=\"row\" class=\"navbox-group\" style=\"width:1%;background-color:#DDE5EE; color:inherit;\">Neue Deutsche Welle 2<\/th><td class=\"navbox-list navbox-odd navbox-hlist\" style=\"text-align:left;border-left-width:2px;border-left-style:solid;width:99%\"><div style=\"padding:0 0.25em\">\n<ul><li><a rel=\"mw:WikiLink\" href=\"https:\/\/de.wikipedia.org\/wiki\/Stabiler_Deutscher\" title=\"Stabiler Deutscher\" target=\"_new\" class=\"wiki-link\">Stabiler Deutscher<\/a><\/li>\n<li>Hipster Hass<\/li>\n<li>Schutzengel<\/li><\/ul>\n<\/div><\/td><\/tr><tr><th scope=\"row\" class=\"navbox-group\" style=\"width:1%;background-color:#DDE5EE; color:inherit;\">Vibe<\/th><td class=\"navbox-list navbox-even navbox-hlist\" style=\"text-align:left;border-left-width:2px;border-left-style:solid;width:99%\"><div style=\"padding:0 0.25em\">\n<ul><li>Unterwegs<\/li>\n<li>Du hast den sch\u00f6nsten Arsch der Welt<\/li><\/ul>\n<\/div><\/td><\/tr><tr><th scope=\"row\" class=\"navbox-group\" style=\"width:1%;background-color:#DDE5EE; color:inherit;\">Epic<\/th><td class=\"navbox-list navbox-odd navbox-hlist\" style=\"text-align:left;border-left-width:2px;border-left-style:solid;width:99%\"><div style=\"padding:0 0.25em\">\n<ul><li>Predigt<\/li>\n<li>Makellos<\/li>\n<li>Paradies<\/li><\/ul>\n<\/div><\/td><\/tr><tr><th scope=\"row\" class=\"navbox-group\" style=\"width:1%;background-color:#DDE5EE; color:inherit;\">Flizzy<\/th><td class=\"navbox-list navbox-even navbox-hlist\" style=\"text-align:left;border-left-width:2px;border-left-style:solid;width:99%\"><div style=\"padding:0 0.25em\">\n<ul><li>Tag eins<\/li>\n<li>Highlevel Ignoranz<\/li>\n<li>AMG<\/li>\n<li>Big Dreams<\/li>\n<li>Late Check-Out<\/li>\n<li>Pfirsich<\/li><\/ul>\n<\/div><\/td><\/tr><tr><th scope=\"row\" class=\"navbox-group\" style=\"width:1%;background-color:#DDE5EE; color:inherit;\">Colucci<\/th><td class=\"navbox-list navbox-odd navbox-hlist\" style=\"text-align:left;border-left-width:2px;border-left-style:solid;width:99%\"><div style=\"padding:0 0.25em\">\n<ul><li>Keinen wie mich<\/li>\n<li>G\u00e4nsehaut<\/li>\n<li>Sex Money Murder<\/li>\n<li>Drip<\/li><\/ul>\n<\/div><\/td><\/tr><tr><th scope=\"row\" class=\"navbox-group\" style=\"width:1%;background-color:#DDE5EE; color:inherit;\">Atlantis<\/th><td class=\"navbox-list navbox-even navbox-hlist\" style=\"text-align:left;border-left-width:2px;border-left-style:solid;width:99%\"><div style=\"padding:0 0.25em\">\n<ul><li>Shirinbae<\/li>\n<li>Fame<\/li>\n<li><a rel=\"mw:WikiLink\" href=\"https:\/\/de.wikipedia.org\/wiki\/Noname_(Lied)\" title=\"Noname (Lied)\" target=\"_new\" class=\"wiki-link\">Noname<\/a><\/li>\n<li>Grind<\/li>\n<li>Lost<\/li><\/ul>\n<\/div><\/td><\/tr><tr><th scope=\"row\" class=\"navbox-group\" style=\"width:1%;background-color:#DDE5EE; color:inherit;\">Widder<\/th><td class=\"navbox-list navbox-odd navbox-hlist\" style=\"text-align:left;border-left-width:2px;border-left-style:solid;width:99%\"><div style=\"padding:0 0.25em\">\n<ul><li>Light Up the Night\/Modelface\/Jo-Jo<\/li>\n<li>Sie wei\u00df wie<\/li>\n<li>Baby Jesus<\/li>\n<li>Horoskop<\/li><\/ul>\n<\/div><\/td><\/tr><tr><th scope=\"row\" class=\"navbox-group\" style=\"width:1%;background-color:#DDE5EE; color:inherit;\">Cancel Culture Nightmare<\/th><td class=\"navbox-list navbox-even navbox-hlist\" style=\"text-align:left;border-left-width:2px;border-left-style:solid;width:99%\"><div style=\"padding:0 0.25em\">\n<ul><li>Underclass<\/li>\n<li>Sternklare Nacht<\/li>\n<li>Mondlicht<\/li>\n<li>Director\u2019s Cut<\/li>\n<li>Kein Star<\/li><\/ul>\n<\/div><\/td><\/tr><tr><th scope=\"row\" class=\"navbox-group\" style=\"width:1%;background-color:#DDE5EE; color:inherit;\">Welle Vol. 1<\/th><td class=\"navbox-list navbox-odd navbox-hlist\" style=\"text-align:left;border-left-width:2px;border-left-style:solid;width:99%\"><div style=\"padding:0 0.25em\">\n<ul><li>Teure Narben<\/li>\n<li>Represent<\/li><\/ul>\n<\/div><\/td><\/tr><tr><th scope=\"row\" class=\"navbox-group\" style=\"width:1%;background-color:#DDE5EE; color:inherit;\">5<\/th><td class=\"navbox-list navbox-even navbox-hlist\" style=\"text-align:left;border-left-width:2px;border-left-style:solid;width:99%\"><div style=\"padding:0 0.25em\">\n<ul><li>Lichtermeer<\/li>\n<li>Nie wie sie<\/li>\n<li>Sag meinen Namen<\/li>\n<li>Stresserblick<\/li>\n<li>Carlo Gangster Lifestyle<\/li><\/ul>\n<\/div><\/td><\/tr><tr><th scope=\"row\" class=\"navbox-group\" style=\"width:1%;background-color:#DDE5EE; color:inherit;\"><small>Weitere Singles<\/small><\/th><td class=\"navbox-list navbox-odd navbox-hlist\" style=\"text-align:left;border-left-width:2px;border-left-style:solid;width:99%\"><div style=\"padding:0 0.25em\">\n<ul><li><a rel=\"mw:WikiLink\" href=\"https:\/\/de.wikipedia.org\/wiki\/AggroberlinA\" title=\"AggroberlinA\" target=\"_new\" class=\"wiki-link\">AggroberlinA<\/a><\/li>\n<li>Stress ohne Grund 2019<\/li>\n<li>Fanboy<\/li>\n<li>Keiner kann was machen<\/li>\n<li>GMR<\/li>\n<li>Oh Boy<\/li>\n<li>D\u00e4monen<\/li>\n<li>Immer noch Aggro<\/li>\n<li>Wie der Wind<\/li>\n<li>Deutscha Badboy 2023<\/li>\n<li>Von jedem der Feind<\/li>\n<li>1000 und 1 Nacht (Zoom)<\/li>\n<li>Reminder<\/li><\/ul>\n<\/div><\/td><\/tr><tr><th scope=\"row\" class=\"navbox-group\" style=\"width:1%;background-color:#DDE5EE; color:inherit;\"><small>Weitere Lieder<\/small><\/th><td class=\"navbox-list navbox-even navbox-hlist\" style=\"text-align:left;border-left-width:2px;border-left-style:solid;width:99%\"><div style=\"padding:0 0.25em\">\n<ul><li><a rel=\"mw:WikiLink\" href=\"https:\/\/de.wikipedia.org\/wiki\/Schrei_nach_Liebe_(Fler-Lied)\" title=\"Schrei nach Liebe (Fler-Lied)\" target=\"_new\" class=\"wiki-link\">Schrei nach Liebe<\/a><\/li>\n<li><a rel=\"mw:WikiLink\" href=\"https:\/\/de.wikipedia.org\/wiki\/Polosport_Massenmord\" title=\"Polosport Massenmord\" target=\"_new\" class=\"wiki-link\">Polosport Massenmord<\/a><\/li>\n<li><a rel=\"mw:WikiLink\" href=\"https:\/\/de.wikipedia.org\/wiki\/Chrome_(Lied)\" title=\"Chrome (Lied)\" target=\"_new\" class=\"wiki-link\">Chrome<\/a><\/li>\n<li><a rel=\"mw:WikiLink\" href=\"https:\/\/de.wikipedia.org\/wiki\/Junge_mit_Charakter\" title=\"Junge mit Charakter\" target=\"_new\" class=\"wiki-link\">Junge mit Charakter<\/a><\/li>\n<li><a rel=\"mw:WikiLink\" href=\"https:\/\/de.wikipedia.org\/wiki\/Reality_Check_(Lied)\" title=\"Reality Check (Lied)\" target=\"_new\" class=\"wiki-link\">Reality Check<\/a><\/li><\/ul>\n<\/div><\/td><\/tr><\/tbody><\/table><div style=\"padding:0\"><\/div><\/td><\/tr><tr><th scope=\"row\" class=\"navbox-group\" style=\"width:1%\">Featurings<\/th><td class=\"navbox-list navbox-odd navbox-hlist\" style=\"text-align:left;border-left-width:2px;border-left-style:solid;width:99%\"><div style=\"padding:0 0.25em\">\n<ul><li><a rel=\"mw:WikiLink\" href=\"https:\/\/de.wikipedia.org\/wiki\/Jump,_Jump_(DJ_Tomekk_kommt)\" title=\"Jump, Jump (DJ Tomekk kommt)\" target=\"_new\" class=\"wiki-link\">Jump, Jump (DJ Tomekk kommt)<\/a><\/li>\n<li>Kugelsicherer Jugendlicher<\/li>\n<li>Bundesweit<\/li>\n<li>Public Enemies<\/li>\n<li>Olajuwon<\/li>\n<li>Casablanca<\/li>\n<li>Million Dollar A$$<\/li><\/ul>\n<\/div><\/td><\/tr><tr><td class=\"navbox-abovebelow navbox-hlist\" colspan=\"2\" style=\"font-weight:bold;background-color:#eeeeee; color:#000000; font-weight:normal;\"><div>\n<ul><li><a rel=\"mw:WikiLink\" href=\"https:\/\/de.wikipedia.org\/wiki\/Fler\/Diskografie\" title=\"Fler\/Diskografie\" target=\"_new\" class=\"wiki-link\">Diskografie<\/a><\/li><\/ul>\n<\/div><\/td><\/tr><\/tbody><\/table><\/div><\/div>\n\n<div class=\"hintergrundfarbe1 rahmenfarbe1 navigation-not-searchable  normdaten-typ-p\" style=\"border-style: solid; border-width: 1px; clear: left;   margin-bottom:1em; margin-top:1em; padding: 0.25em; overflow: hidden; word-break: break-word; word-wrap: break-word; \" id=\"rdp-we-normdaten\" about=\"#mwt154\" typeof=\"mw:Transclusion\" data-mw='{\"parts\":[{\"template\":{\"target\":{\"wt\":\"Normdaten\",\"href\":\".\/Vorlage:Normdaten\"},\"params\":{\"TYP\":{\"wt\":\"p\"},\"GND\":{\"wt\":\"135310385\"},\"LCCN\":{\"wt\":\"no2005105068\"},\"VIAF\":{\"wt\":\"309804406\"}},\"i\":0}}]}'>\n<div style=\"display: table-cell; vertical-align: middle; width: 100%;\">\n<div>\nNormdaten<span typeof=\"mw:Entity\">\u00a0<\/span>(Person): <a rel=\"mw:WikiLink\" href=\"https:\/\/de.wikipedia.org\/wiki\/Gemeinsame_Normdatei\" title=\"Gemeinsame Normdatei\" target=\"_new\" class=\"wiki-link\">GND<\/a>: <span class=\"plainlinks-print\"><a rel=\"external_link\" href=\"https:\/\/d-nb.info\/gnd\/135310385\" class=\"external text\" target=\"_new\">135310385<\/a><\/span> <span class=\"noprint\"> (<a rel=\"external_link\" href=\"https:\/\/lobid.org\/gnd\/135310385\" class=\"external text\" target=\"_new\">lobid<\/a>, <a rel=\"external_link\" href=\"https:\/\/explore.gnd.network\/gnd\/135310385\" class=\"external text\" target=\"_new\">GND Explorer<\/a>, <a rel=\"external_link\" href=\"https:\/\/swb.bsz-bw.de\/DB=2.104\/SET=1\/TTL=1\/CMD?retrace=0&trm_old=&ACT=SRCHA&IKT=2999&SRT=RLV&TRM=135310385\" class=\"external text\" target=\"_new\">OGND<\/a><span class=\"metadata\">, <a rel=\"external_link\" href=\"https:\/\/prometheus.lmu.de\/gnd\/135310385\" class=\"external text\" target=\"_new\">AKS<\/a><\/span>)<\/span>  <span typeof=\"mw:Entity\">|<\/span> <a rel=\"mw:WikiLink\" href=\"https:\/\/de.wikipedia.org\/wiki\/Library_of_Congress_Control_Number\" title=\"Library of Congress Control Number\" target=\"_new\" class=\"wiki-link\">LCCN<\/a>: <span class=\"plainlinks-print\"><a rel=\"external_link\" href=\"https:\/\/id.loc.gov\/authorities\/no2005105068\" class=\"external text\" target=\"_new\">no2005105068<\/a><\/span>  <span typeof=\"mw:Entity\">|<\/span> <a rel=\"mw:WikiLink\" href=\"https:\/\/de.wikipedia.org\/wiki\/Virtual_International_Authority_File\" title=\"Virtual International Authority File\" target=\"_new\" class=\"wiki-link\">VIAF<\/a>: <span class=\"plainlinks-print\"><a rel=\"external_link\" href=\"https:\/\/viaf.org\/viaf\/309804406\/\" class=\"external text\" target=\"_new\">309804406<\/a><\/span> <span typeof=\"mw:Entity\">|<\/span> <span class=\"noprint\"><a rel=\"external_link\" href=\"https:\/\/persondata.toolforge.org\/p\/Fler\" class=\"external text\" target=\"_new\">Wikipedia-Personensuche<\/a><\/span><span class=\"metadata\"><\/span><\/div>\n<\/div><\/div>\n\n<link rel=\"mw:PageProp\/Category\" href=\".\/Kategorie:Fler#%20\" id=\"rdp-we-mwBxE\"\/>\n<link rel=\"mw:PageProp\/Category\" href=\".\/Kategorie:Rapper\" id=\"rdp-we-mwBxI\"\/>\n<link rel=\"mw:PageProp\/Category\" href=\".\/Kategorie:Pseudonym\" id=\"rdp-we-mwBxM\"\/>\n<link rel=\"mw:PageProp\/Category\" href=\".\/Kategorie:Musiker_(Berlin)\" id=\"rdp-we-mwBxQ\"\/>\n<link rel=\"mw:PageProp\/Category\" href=\".\/Kategorie:Verurteilte_Person\" id=\"rdp-we-mwBxU\"\/>\n<link rel=\"mw:PageProp\/Category\" href=\".\/Kategorie:Deutscher\" id=\"rdp-we-mwBxY\"\/>\n<link rel=\"mw:PageProp\/Category\" href=\".\/Kategorie:Geboren_1982\" id=\"rdp-we-mwBxc\"\/>\n<link rel=\"mw:PageProp\/Category\" href=\".\/Kategorie:Mann\" id=\"rdp-we-mwBxg\"\/>\n\n<table class=\"metadata rahmenfarbe1\" id=\"rdp-we-Vorlage_Personendaten\" style=\"border-style: solid; margin-top: 20px;\" about=\"#mwt155\" typeof=\"mw:Transclusion\" data-mw='{\"parts\":[{\"template\":{\"target\":{\"wt\":\"Personendaten\\n\",\"href\":\".\/Vorlage:Personendaten\"},\"params\":{\"NAME\":{\"wt\":\"Fler\"},\"ALTERNATIVNAMEN\":{\"wt\":\"Frank White (Pseudonym); Losensky, Patrick (wirklicher Name); Decker, Patrick (Geburtsname)\"},\"KURZBESCHREIBUNG\":{\"wt\":\"deutscher Rapper\"},\"GEBURTSDATUM\":{\"wt\":\"3. April 1982\"},\"GEBURTSORT\":{\"wt\":\"[[West-Berlin]], [[Deutschland]]\"},\"STERBEDATUM\":{\"wt\":\"\"},\"STERBEORT\":{\"wt\":\"\"}},\"i\":0}}]}'>\n<tbody><tr><th colspan=\"2\"><a rel=\"mw:WikiLink\" href=\"https:\/\/de.wikipedia.org\/wiki\/Hilfe:Personendaten\" title=\"Hilfe:Personendaten\" target=\"_new\" class=\"wiki-link\">Personendaten<\/a><\/th><\/tr>\n<tr>\n<td style=\"color: #aaa;\">NAME<\/td>\n<td style=\"font-weight: bold;\">Fler<\/td><\/tr>\n<tr>\n<td style=\"color: #aaa;\">ALTERNATIVNAMEN<\/td>\n<td>Frank White (Pseudonym); Losensky, Patrick (wirklicher Name); Decker, Patrick (Geburtsname)<\/td><\/tr>\n<tr>\n<td style=\"color: #aaa;\">KURZBESCHREIBUNG<\/td>\n<td>deutscher Rapper<\/td><\/tr>\n<tr>\n<td style=\"color: #aaa;\">GEBURTSDATUM<\/td>\n<td>3. April 1982<\/td><\/tr>\n<tr>\n<td style=\"color: #aaa;\">GEBURTSORT<\/td>\n<td><a rel=\"mw:WikiLink\" href=\"https:\/\/de.wikipedia.org\/wiki\/West-Berlin\" title=\"West-Berlin\" target=\"_new\" class=\"wiki-link\">West-Berlin<\/a>, <a rel=\"mw:WikiLink\" href=\"https:\/\/de.wikipedia.org\/wiki\/Deutschland\" title=\"Deutschland\" target=\"_new\" class=\"wiki-link\">Deutschland<\/a><\/td><\/tr>\n\n\n\n\n<\/tbody><\/table><\/section>\n<!-- \nNewPP limit report\nParsed by mw\u2010web.eqiad.main\u2010c7c945899\u2010rhmp4\nCached time: 20260829161229\nCache expiry: 21600\nCache expiry source: Modul:Vorlage:Literatur (#timel)\nReduced expiry: true\nComplications: [show\u2010toc, use\u2010parsoid]\nCPU time usage: 1.761 seconds\nReal time usage: 1.916 seconds\nPreprocessor visited node count: 15924\/1000000\nRevision size: 57297\/2097152 bytes\nPost\u2010expand include size: 355663\/2097152 bytes\nTemplate argument size: 101762\/2097152 bytes\nHighest expansion depth: 17\/100\nExpensive parser function count: 5\/500\nUnstrip recursion depth: 0\/20\nUnstrip post\u2010expand size: 47467\/5000000 bytes\nLua time usage: 0.412\/10.000 seconds\nLua memory usage: 5605585\/52428800 bytes\nNumber of Wikibase entities loaded: 1\/500\n-->\n<!--\nTransclusion expansion time report (%,ms,calls,template)\n100.00% 1505.694      1 -total\n 36.45%  548.823     45 Vorlage:Internetquelle\n  6.55%   98.575      3 Vorlage:Cite_web\n  3.93%   59.235      1 Vorlage:Eingebundene_Diskografie\n  3.62%   54.454      1 Fler\/Diskografie\n  3.35%   50.505      1 Vorlage:Charttabelle\n  3.27%   49.174      3 Vorlage:Webarchiv\n  3.12%   46.997     45 Vorlage:Str_len\n  2.08%   31.325      6 Vorlage:Literatur\n  1.75%   26.329      1 Vorlage:Commonscat\n-->\n\n<!-- Render ID 6f37361e-a3c4-11f1-b9b0-9936aec30912 -->\n\n<!-- Saved in parser cache with key dewiki:stable-parsoid-pcache:367424:|#|:idhash:useParsoid=1 and timestamp 20260829161229 and revision id 267880254. Rendering was triggered because: unknown\n -->\n\n<!-- Parsoid 0.24.0.0-alpha21 -->\n<\/div><!--\nPost\u2010processing cache key dewiki:stable\u2010parsoid\u2010pcache\u2010postproc:367424:|#|:idhash:enableSectionEditLinks=0!injectTOC=0!postproc=1!skin=vector\u20102022!useParsoid=1, generated at 20260829161230\n--><noscript><img loading=\"lazy\" decoding=\"async\" src=\"https:\/\/de.wikipedia.org\/wiki\/Special:CentralAutoLogin\/start?useformat=desktop&amp;type=1x1&amp;usesul3=1\" alt=\"\" width=\"1\" height=\"1\" style=\"border: none; position: absolute;\"><\/noscript>\n<div class=\"printfooter\" data-nosnippet=\"\">Quelle:  <a rel=\"external_link\" class=\"external\" href=\"https:\/\/de.wikipedia.org\/wiki\/Fler\">https:\/\/de.wikipedia.org\/wiki\/Fler<\/a><\/div><\/div>\n\t\t\t\t\t\n\t\t\t\t<\/div>\n\t\t\t<\/main>\n\t\t\t\n\t\t<\/div>\n\t\t<div class=\"mw-footer-container\">\n\t\t\t\n\t\t<\/div>\n\t<\/div> \n<\/div> \n\n<div class=\"mw-portlet mw-portlet-dock-bottom emptyPortlet\" id=\"rdp-we-p-dock-bottom\">\n\t<ul>\n\t\t\n\t<\/ul>\n<\/div>\n\n\n<\/div><!-- #rdp-we-main -->\n\n\t\t<\/div>\n\t<\/div>\n<\/div><\/div><\/div><\/div>\n<\/section>","protected":false},"excerpt":{"rendered":"<p>Fler Dieser Artikel behandelt den Rapper. Zu seinem gleichnamigen Album siehe Fler (Album). Fler ist auch der lombardische Name der italienischen Gemeinde Flero bei Brescia. Fler, 2022 Fler (* 3. April 1982 in West-Berlin; b\u00fcrgerlich Patrick Losensk\u00fd, geb. Decker)[1] ist ein deutscher Rapper und Songwriter. Er tritt auch, wie der verstorbene US-Rapper The Notorious B.I.G.,&hellip;<\/p>","protected":false},"author":1,"featured_media":56710,"comment_status":"closed","ping_status":"closed","template":"","dt_portfolio_category":[1340],"dt_portfolio_tags":[],"class_list":["post-56709","dt_portfolio","type-dt_portfolio","status-publish","has-post-thumbnail","hentry","dt_portfolio_category-deutschrap","dt_portfolio_category-1340","description-off"],"yoast_head":"<!-- This site is optimized with the Yoast SEO plugin v28.3 - https:\/\/yoast.com\/product\/yoast-seo-wordpress\/ -->\n<title>Fler - Access all artists<\/title>\n<meta name=\"robots\" content=\"index, follow, max-snippet:-1, max-image-preview:large, max-video-preview:-1\" \/>\n<link rel=\"canonical\" href=\"https:\/\/accessallartists.de\/en\/artists\/fler\/\" \/>\n<meta property=\"og:locale\" content=\"en_US\" \/>\n<meta property=\"og:type\" content=\"article\" \/>\n<meta property=\"og:title\" content=\"Fler - Access all artists\" \/>\n<meta property=\"og:url\" content=\"https:\/\/accessallartists.de\/en\/artists\/fler\/\" \/>\n<meta property=\"og:site_name\" content=\"Access all artists\" \/>\n<meta property=\"article:publisher\" content=\"http:\/\/www.facebook.com\/aaa_accessallartists\" \/>\n<meta property=\"article:modified_time\" content=\"2023-10-26T11:09:34+00:00\" \/>\n<meta property=\"og:image\" content=\"https:\/\/accessallartists.de\/wp-content\/uploads\/2023\/03\/Fler.jpg\" \/>\n\t<meta property=\"og:image:width\" content=\"1086\" \/>\n\t<meta property=\"og:image:height\" content=\"1400\" \/>\n\t<meta property=\"og:image:type\" content=\"image\/jpeg\" \/>\n<meta name=\"twitter:card\" content=\"summary_large_image\" \/>\n<meta name=\"twitter:site\" content=\"@accesallartists\" \/>\n<script type=\"application\/ld+json\" class=\"yoast-schema-graph\">{\"@context\":\"https:\\\/\\\/schema.org\",\"@graph\":[{\"@type\":\"WebPage\",\"@id\":\"https:\\\/\\\/accessallartists.de\\\/artists\\\/fler\\\/\",\"url\":\"https:\\\/\\\/accessallartists.de\\\/artists\\\/fler\\\/\",\"name\":\"Fler - Access all artists\",\"isPartOf\":{\"@id\":\"https:\\\/\\\/accessallartists.de\\\/#website\"},\"primaryImageOfPage\":{\"@id\":\"https:\\\/\\\/accessallartists.de\\\/artists\\\/fler\\\/#primaryimage\"},\"image\":{\"@id\":\"https:\\\/\\\/accessallartists.de\\\/artists\\\/fler\\\/#primaryimage\"},\"thumbnailUrl\":\"https:\\\/\\\/accessallartists.de\\\/wp-content\\\/uploads\\\/2023\\\/03\\\/Fler.jpg\",\"datePublished\":\"2023-03-04T14:26:36+00:00\",\"dateModified\":\"2023-10-26T11:09:34+00:00\",\"breadcrumb\":{\"@id\":\"https:\\\/\\\/accessallartists.de\\\/artists\\\/fler\\\/#breadcrumb\"},\"inLanguage\":\"en-US\",\"potentialAction\":[{\"@type\":\"ReadAction\",\"target\":[\"https:\\\/\\\/accessallartists.de\\\/artists\\\/fler\\\/\"]}]},{\"@type\":\"ImageObject\",\"inLanguage\":\"en-US\",\"@id\":\"https:\\\/\\\/accessallartists.de\\\/artists\\\/fler\\\/#primaryimage\",\"url\":\"https:\\\/\\\/accessallartists.de\\\/wp-content\\\/uploads\\\/2023\\\/03\\\/Fler.jpg\",\"contentUrl\":\"https:\\\/\\\/accessallartists.de\\\/wp-content\\\/uploads\\\/2023\\\/03\\\/Fler.jpg\",\"width\":1086,\"height\":1400},{\"@type\":\"BreadcrumbList\",\"@id\":\"https:\\\/\\\/accessallartists.de\\\/artists\\\/fler\\\/#breadcrumb\",\"itemListElement\":[{\"@type\":\"ListItem\",\"position\":1,\"name\":\"Startseite\",\"item\":\"https:\\\/\\\/accessallartists.de\\\/\"},{\"@type\":\"ListItem\",\"position\":2,\"name\":\"Portfolio\",\"item\":\"https:\\\/\\\/accessallartists.de\\\/artists\\\/\"},{\"@type\":\"ListItem\",\"position\":3,\"name\":\"Fler\"}]},{\"@type\":\"WebSite\",\"@id\":\"https:\\\/\\\/accessallartists.de\\\/#website\",\"url\":\"https:\\\/\\\/accessallartists.de\\\/\",\"name\":\"Access all artists\",\"description\":\"Home of Artists &amp; Concerts\",\"publisher\":{\"@id\":\"https:\\\/\\\/accessallartists.de\\\/#organization\"},\"potentialAction\":[{\"@type\":\"SearchAction\",\"target\":{\"@type\":\"EntryPoint\",\"urlTemplate\":\"https:\\\/\\\/accessallartists.de\\\/?s={search_term_string}\"},\"query-input\":{\"@type\":\"PropertyValueSpecification\",\"valueRequired\":true,\"valueName\":\"search_term_string\"}}],\"inLanguage\":\"en-US\"},{\"@type\":\"Organization\",\"@id\":\"https:\\\/\\\/accessallartists.de\\\/#organization\",\"name\":\"Access all artists\",\"url\":\"https:\\\/\\\/accessallartists.de\\\/\",\"logo\":{\"@type\":\"ImageObject\",\"inLanguage\":\"en-US\",\"@id\":\"https:\\\/\\\/accessallartists.de\\\/#\\\/schema\\\/logo\\\/image\\\/\",\"url\":\"https:\\\/\\\/accessallartists.de\\\/wp-content\\\/uploads\\\/2023\\\/03\\\/aaa-seo-icon-image.jpg\",\"contentUrl\":\"https:\\\/\\\/accessallartists.de\\\/wp-content\\\/uploads\\\/2023\\\/03\\\/aaa-seo-icon-image.jpg\",\"width\":600,\"height\":600,\"caption\":\"Access all artists\"},\"image\":{\"@id\":\"https:\\\/\\\/accessallartists.de\\\/#\\\/schema\\\/logo\\\/image\\\/\"},\"sameAs\":[\"http:\\\/\\\/www.facebook.com\\\/aaa_accessallartists\",\"https:\\\/\\\/x.com\\\/accesallartists\",\"https:\\\/\\\/www.instagram.com\\\/aaa_accessallartists\",\"https:\\\/\\\/www.youtube.com\\\/channel\\\/UCWQJiDSzXSCWrjcGmxQwpag\"]}]}<\/script>\n<!-- \/ Yoast SEO plugin. -->","yoast_head_json":{"title":"Fler - Access all artists","robots":{"index":"index","follow":"follow","max-snippet":"max-snippet:-1","max-image-preview":"max-image-preview:large","max-video-preview":"max-video-preview:-1"},"canonical":"https:\/\/accessallartists.de\/en\/artists\/fler\/","og_locale":"en_US","og_type":"article","og_title":"Fler - Access all artists","og_url":"https:\/\/accessallartists.de\/en\/artists\/fler\/","og_site_name":"Access all artists","article_publisher":"http:\/\/www.facebook.com\/aaa_accessallartists","article_modified_time":"2023-10-26T11:09:34+00:00","og_image":[{"width":1086,"height":1400,"url":"https:\/\/accessallartists.de\/wp-content\/uploads\/2023\/03\/Fler.jpg","type":"image\/jpeg"}],"twitter_card":"summary_large_image","twitter_site":"@accesallartists","schema":{"@context":"https:\/\/schema.org","@graph":[{"@type":"WebPage","@id":"https:\/\/accessallartists.de\/artists\/fler\/","url":"https:\/\/accessallartists.de\/artists\/fler\/","name":"Fler - Access all artists","isPartOf":{"@id":"https:\/\/accessallartists.de\/#website"},"primaryImageOfPage":{"@id":"https:\/\/accessallartists.de\/artists\/fler\/#primaryimage"},"image":{"@id":"https:\/\/accessallartists.de\/artists\/fler\/#primaryimage"},"thumbnailUrl":"https:\/\/accessallartists.de\/wp-content\/uploads\/2023\/03\/Fler.jpg","datePublished":"2023-03-04T14:26:36+00:00","dateModified":"2023-10-26T11:09:34+00:00","breadcrumb":{"@id":"https:\/\/accessallartists.de\/artists\/fler\/#breadcrumb"},"inLanguage":"en-US","potentialAction":[{"@type":"ReadAction","target":["https:\/\/accessallartists.de\/artists\/fler\/"]}]},{"@type":"ImageObject","inLanguage":"en-US","@id":"https:\/\/accessallartists.de\/artists\/fler\/#primaryimage","url":"https:\/\/accessallartists.de\/wp-content\/uploads\/2023\/03\/Fler.jpg","contentUrl":"https:\/\/accessallartists.de\/wp-content\/uploads\/2023\/03\/Fler.jpg","width":1086,"height":1400},{"@type":"BreadcrumbList","@id":"https:\/\/accessallartists.de\/artists\/fler\/#breadcrumb","itemListElement":[{"@type":"ListItem","position":1,"name":"Startseite","item":"https:\/\/accessallartists.de\/"},{"@type":"ListItem","position":2,"name":"Portfolio","item":"https:\/\/accessallartists.de\/artists\/"},{"@type":"ListItem","position":3,"name":"Fler"}]},{"@type":"WebSite","@id":"https:\/\/accessallartists.de\/#website","url":"https:\/\/accessallartists.de\/","name":"Access all artists","description":"Home of Artists &amp; Concerts","publisher":{"@id":"https:\/\/accessallartists.de\/#organization"},"potentialAction":[{"@type":"SearchAction","target":{"@type":"EntryPoint","urlTemplate":"https:\/\/accessallartists.de\/?s={search_term_string}"},"query-input":{"@type":"PropertyValueSpecification","valueRequired":true,"valueName":"search_term_string"}}],"inLanguage":"en-US"},{"@type":"Organization","@id":"https:\/\/accessallartists.de\/#organization","name":"Access all artists","url":"https:\/\/accessallartists.de\/","logo":{"@type":"ImageObject","inLanguage":"en-US","@id":"https:\/\/accessallartists.de\/#\/schema\/logo\/image\/","url":"https:\/\/accessallartists.de\/wp-content\/uploads\/2023\/03\/aaa-seo-icon-image.jpg","contentUrl":"https:\/\/accessallartists.de\/wp-content\/uploads\/2023\/03\/aaa-seo-icon-image.jpg","width":600,"height":600,"caption":"Access all artists"},"image":{"@id":"https:\/\/accessallartists.de\/#\/schema\/logo\/image\/"},"sameAs":["http:\/\/www.facebook.com\/aaa_accessallartists","https:\/\/x.com\/accesallartists","https:\/\/www.instagram.com\/aaa_accessallartists","https:\/\/www.youtube.com\/channel\/UCWQJiDSzXSCWrjcGmxQwpag"]}]}},"_links":{"self":[{"href":"https:\/\/accessallartists.de\/en\/wp-json\/wp\/v2\/dt_portfolio\/56709","targetHints":{"allow":["GET"]}}],"collection":[{"href":"https:\/\/accessallartists.de\/en\/wp-json\/wp\/v2\/dt_portfolio"}],"about":[{"href":"https:\/\/accessallartists.de\/en\/wp-json\/wp\/v2\/types\/dt_portfolio"}],"author":[{"embeddable":true,"href":"https:\/\/accessallartists.de\/en\/wp-json\/wp\/v2\/users\/1"}],"replies":[{"embeddable":true,"href":"https:\/\/accessallartists.de\/en\/wp-json\/wp\/v2\/comments?post=56709"}],"version-history":[{"count":1,"href":"https:\/\/accessallartists.de\/en\/wp-json\/wp\/v2\/dt_portfolio\/56709\/revisions"}],"predecessor-version":[{"id":58094,"href":"https:\/\/accessallartists.de\/en\/wp-json\/wp\/v2\/dt_portfolio\/56709\/revisions\/58094"}],"wp:featuredmedia":[{"embeddable":true,"href":"https:\/\/accessallartists.de\/en\/wp-json\/wp\/v2\/media\/56710"}],"wp:attachment":[{"href":"https:\/\/accessallartists.de\/en\/wp-json\/wp\/v2\/media?parent=56709"}],"wp:term":[{"taxonomy":"dt_portfolio_category","embeddable":true,"href":"https:\/\/accessallartists.de\/en\/wp-json\/wp\/v2\/dt_portfolio_category?post=56709"},{"taxonomy":"dt_portfolio_tags","embeddable":true,"href":"https:\/\/accessallartists.de\/en\/wp-json\/wp\/v2\/dt_portfolio_tags?post=56709"}],"curies":[{"name":"wp","href":"https:\/\/api.w.org\/{rel}","templated":true}]}}