{"id":56723,"date":"2023-03-04T15:34:48","date_gmt":"2023-03-04T14:34:48","guid":{"rendered":"https:\/\/accessallartists.de\/?post_type=dt_portfolio&#038;p=56723"},"modified":"2023-03-04T15:34:54","modified_gmt":"2023-03-04T14:34:54","slug":"maitre-gims","status":"publish","type":"dt_portfolio","link":"https:\/\/accessallartists.de\/en\/artists\/maitre-gims\/","title":{"rendered":"Ma\u00eetre Gims"},"content":{"rendered":"<section class=\"wpb-content-wrapper\"><div class=\"vc_row wpb_row vc_row-fluid\"><div class=\"wpb_column vc_column_container vc_col-sm-12\"><div class=\"vc_column-inner\"><div class=\"wpb_wrapper\">\n\t<div class=\"wpb_text_column wpb_content_element\" >\n\t\t<div class=\"wpb_wrapper\">\n\t\t\t<div id=\"rdp-we-main\" data-resource=\"https:\/\/de.wikipedia.org\/wiki\/Ma%C3%AEtre_Gims\">\n<div id=\"rdp-we-mw-aria-live-region\" class=\"mw-aria-live-region\" aria-live=\"polite\"><\/div>\n\n<div class=\"mw-page-container\">\n\t<div class=\"mw-page-container-inner\">\n\t\t<div class=\"vector-sitenotice-container\">\n\t\t\t<div id=\"rdp-we-siteNotice\"><!-- CentralNotice --><\/div>\n\t\t<\/div>\n\t\t<div class=\"vector-column-start\">\n\t\t\t\n\t\n\t\t<\/div>\n\t\t<div class=\"mw-content-container\">\n\t\t\t<main id=\"rdp-we-content\" class=\"mw-body\">\n\t\t\t\t<header class=\"mw-body-header vector-page-titlebar no-font-mode-scale\">\n\t\t\t\t\t\n\t\t\t\t\t<h1 id=\"rdp-we-firstHeading\" class=\"firstHeading mw-first-heading\"><span lang=\"de\" dir=\"ltr\"><span class=\"mw-page-title-main\">Gims<\/span><\/span><\/h1>\n\t\t\t\n\n<\/header>\n\t\t\t\t\n\t\t\t\t\n\t\t\t\t<div id=\"rdp-we-bodyContent\" class=\"vector-body\" aria-labelledby=\"firstHeading\" data-mw-ve-target-container>\n\t\t\t\t\t<div class=\"vector-body-before-content\">\n\t\t\t\t\t\t\t\n\n\t\t\t\t\t\t\n\t\t\t\t\t<\/div>\n\t\t\t\t\t\n\t\t\t\t\t\n\t\t\t\t\t\n\t\t\t\t\t<div id=\"rdp-we-mw-content-text\" class=\"mw-body-content\"><div class=\"mw-content-ltr mw-parser-output\" lang=\"de\" dir=\"ltr\" data-mw-parsoid-version=\"0.24.0.0-alpha21\" data-mw-html-version=\"2.8.0\"><section data-mw-section-id=\"0\" id=\"rdp-we-mwAQ\"><figure class=\"mw-default-size\" typeof=\"mw:File\/Thumb\" id=\"rdp-we-mwAg\"><a href=\"https:\/\/de.wikipedia.org\/wiki\/Datei:Ma\u00eetre_Gims_Cannes_2016_2.jpg\" class=\"mw-file-description wiki-link\" id=\"rdp-we-mwAw\" target=\"_new\"><img resource=\"https:\/\/de.wikipedia.org\/wiki\/Datei:Ma\u00eetre_Gims_Cannes_2016_2.jpg\" src=\"https:\/\/thumb.wikimedia.org\/wikipedia\/commons\/thumb\/4\/4e\/Ma%C3%AEtre_Gims_Cannes_2016_2.jpg\/250px-Ma%C3%AEtre_Gims_Cannes_2016_2.jpg?utm_source=de.wikipedia.org&amp;utm_campaign=parser&amp;utm_content=thumbnail\" decoding=\"async\" loading=\"lazy\" data-file-type=\"bitmap\" height=\"268\" width=\"190\" class=\"mw-file-element mw-file-upright\" style=\"--mw-file-upright: 0.75\" id=\"rdp-we-mwBA\"\/><\/a><figcaption id=\"rdp-we-mwBQ\">Ma\u00eetre Gims (2016)<\/figcaption><\/figure>\n<p id=\"rdp-we-mwBg\"><b id=\"rdp-we-mwBw\">Gandhi Bilal Djuna<\/b> [<span class=\"navigation-not-searchable\" about=\"#mwt10\" id=\"rdp-we-mwCQ\"><span class=\"IPA\"><a rel=\"mw:WikiLink\" href=\"https:\/\/de.wikipedia.org\/wiki\/Liste_der_IPA-Zeichen#\" title=\"Liste der IPA-Zeichen\" target=\"_new\" class=\"wiki-link\"><span title=\"Aussprache im Internationalen Phonetischen Alphabet (IPA)\" lang=\"zxx\">g\u00e3di bil\u025bl d\u0292una<\/span><\/a><\/span><\/span>] (* <a rel=\"mw:WikiLink\" href=\"https:\/\/de.wikipedia.org\/wiki\/6._Mai\" title=\"6. Mai\" id=\"rdp-we-mwCg\" target=\"_new\" class=\"wiki-link\">6. Mai<\/a> <a rel=\"mw:WikiLink\" href=\"https:\/\/de.wikipedia.org\/wiki\/1986\" title=\"1986\" id=\"rdp-we-mwCw\" target=\"_new\" class=\"wiki-link\">1986<\/a> in <a rel=\"mw:WikiLink\" href=\"https:\/\/de.wikipedia.org\/wiki\/Kinshasa\" title=\"Kinshasa\" id=\"rdp-we-mwDA\" target=\"_new\" class=\"wiki-link\">Kinshasa<\/a>, <a rel=\"mw:WikiLink\" href=\"https:\/\/de.wikipedia.org\/wiki\/Zaire\" title=\"Zaire\" id=\"rdp-we-mwDQ\" target=\"_new\" class=\"wiki-link\">Zaire<\/a>; bekannt unter seinem K\u00fcnstlernamen <b id=\"rdp-we-mwDg\">Gims<\/b>, fr\u00fcher auch <b id=\"rdp-we-mwDw\">Ma\u00eetre Gims<\/b> [<link rel=\"mw-deduplicated-inline-style\" href=\"mw-data:TemplateStyles:r227981795\" about=\"#mwt13\" typeof=\"mw:Extension\/templatestyles mw:Transclusion\" id=\"rdp-we-mwEA\" data-mw='{\"name\":\"templatestyles\",\"attrs\":{\"src\":\"IPA\/styles.css\"},\"parts\":[{\"template\":{\"target\":{\"wt\":\"IPA\",\"href\":\".\/Vorlage:IPA\"},\"params\":{\"1\":{\"wt\":\"m\u025bt\u0281\u0259 gims\"}},\"i\":0}}]}'\/><span class=\"navigation-not-searchable\" about=\"#mwt13\" id=\"rdp-we-mwEQ\"><span class=\"IPA\"><a rel=\"mw:WikiLink\" href=\"https:\/\/de.wikipedia.org\/wiki\/Liste_der_IPA-Zeichen#\" title=\"Liste der IPA-Zeichen\" target=\"_new\" class=\"wiki-link\"><span title=\"Aussprache im Internationalen Phonetischen Alphabet (IPA)\" lang=\"zxx\">m\u025bt\u0281\u0259 gims<\/span><\/a><\/span><\/span>]) ist ein <a rel=\"mw:WikiLink\" href=\"https:\/\/de.wikipedia.org\/wiki\/Demokratische_Republik_Kongo\" title=\"Demokratische Republik Kongo\" id=\"rdp-we-mwEg\" target=\"_new\" class=\"wiki-link\">kongolesischer<\/a> <a rel=\"mw:WikiLink\" href=\"https:\/\/de.wikipedia.org\/wiki\/Rap\" title=\"Rap\" id=\"rdp-we-mwEw\" target=\"_new\" class=\"wiki-link\">Rapper<\/a> und <a rel=\"mw:WikiLink\" href=\"https:\/\/de.wikipedia.org\/wiki\/Gesang\" title=\"Gesang\" id=\"rdp-we-mwFA\" target=\"_new\" class=\"wiki-link\">S\u00e4nger<\/a>. Er war Mitglied der Gruppe <a rel=\"mw:WikiLink\" href=\"https:\/\/de.wikipedia.org\/wiki\/Sexion_d\u2019Assaut\" title=\"Sexion d\u2019Assaut\" id=\"rdp-we-mwFQ\" target=\"_new\" class=\"wiki-link\">Sexion d\u2019Assaut<\/a>. Zu seinen bekanntesten Titeln als Solok\u00fcnstler z\u00e4hlen <i id=\"rdp-we-mwFg\"><a rel=\"mw:WikiLink\" href=\"https:\/\/de.wikipedia.org\/wiki\/J\u2019me_tire\" title=\"J\u2019me tire\" id=\"rdp-we-mwFw\" target=\"_new\" class=\"wiki-link\">J\u2019me tire<\/a><\/i>, <i id=\"rdp-we-mwGA\">Bella<\/i>, <i id=\"rdp-we-mwGQ\"><a rel=\"mw:WikiLink\" href=\"https:\/\/de.wikipedia.org\/wiki\/Est-ce_que_tu_m\u2019aimes%3F\" title=\"Est-ce que tu m\u2019aimes?\" id=\"rdp-we-mwGg\" target=\"_new\" class=\"wiki-link\">Est-ce que tu m\u2019aimes?<\/a><\/i> und <i id=\"rdp-we-mwGw\">Loin<\/i>.<\/p>\n\n<meta property=\"mw:PageProp\/toc\" id=\"rdp-we-mwHA\" data-mw='{\"autoGenerated\":true}'\/><\/section><section data-mw-section-id=\"1\" id=\"rdp-we-mwHQ\" aria-labelledby=\"Leben\"><div class=\"mw-heading mw-heading2\"><h2 id=\"rdp-we-Leben\">Leben<\/h2><\/div>\n<p id=\"rdp-we-mwHg\">Gandhi Bilal Djuna wurde in Zaire, der heutigen Demokratischen Republik Kongo, geboren und kam im Alter von drei Jahren nach Frankreich. Er stammt aus einer musikalischen Familie, sein Vater ist Djuna Djanana, ein S\u00e4nger der <i id=\"rdp-we-mwHw\">Papa Wemba Band<\/i>, sein Bruder <a rel=\"mw:WikiLink\" href=\"https:\/\/de.wikipedia.org\/wiki\/Dadju\" title=\"Dadju\" id=\"rdp-we-mwIA\" target=\"_new\" class=\"wiki-link\">Dadju<\/a> war Mitglied der Gruppe <i id=\"rdp-we-mwIQ\">The Shin Sekai<\/i>, die Br\u00fcder Bedjik und Xgangs sind auch Rapper.<\/p>\n\n<p id=\"rdp-we-mwIg\">Aufgewachsen im <a rel=\"mw:WikiLink\" href=\"https:\/\/de.wikipedia.org\/wiki\/3._Arrondissement_(Paris)\" title=\"3. Arrondissement (Paris)\" id=\"rdp-we-mwIw\" target=\"_new\" class=\"wiki-link\">3. Arrondissement<\/a> von Paris zog er sp\u00e4ter ins <a rel=\"mw:WikiLink\" href=\"https:\/\/de.wikipedia.org\/wiki\/9._Arrondissement_(Paris)\" title=\"9. Arrondissement (Paris)\" id=\"rdp-we-mwJA\" target=\"_new\" class=\"wiki-link\">9.<\/a> und schlie\u00dflich ins <a rel=\"mw:WikiLink\" href=\"https:\/\/de.wikipedia.org\/wiki\/19._Arrondissement_(Paris)\" title=\"19. Arrondissement (Paris)\" id=\"rdp-we-mwJQ\" target=\"_new\" class=\"wiki-link\">19. Arrondissement<\/a>. Er studierte Kommunikation und Grafikdesign. 2004 konvertierte er vom <a rel=\"mw:WikiLink\" href=\"https:\/\/de.wikipedia.org\/wiki\/Christentum\" title=\"Christentum\" id=\"rdp-we-mwJg\" target=\"_new\" class=\"wiki-link\">Christentum<\/a> zum <a rel=\"mw:WikiLink\" href=\"https:\/\/de.wikipedia.org\/wiki\/Islam\" title=\"Islam\" id=\"rdp-we-mwJw\" target=\"_new\" class=\"wiki-link\">Islam<\/a> und nahm den zweiten Vornamen Bilal an.<\/p>\n\n<p id=\"rdp-we-mwKA\">Gims und seine Band <a rel=\"mw:WikiLink\" href=\"https:\/\/de.wikipedia.org\/wiki\/Sexion_d\u2019Assaut\" title=\"Sexion d\u2019Assaut\" id=\"rdp-we-mwKQ\" target=\"_new\" class=\"wiki-link\">Sexion d\u2019Assaut<\/a> sind in Frankreich f\u00fcr ihre homophoben Entgleisungen bekannt. In einem seiner Songs hat Gims zur <a rel=\"mw:WikiLink\" href=\"https:\/\/de.wikipedia.org\/wiki\/Verst\u00fcmmelung\" title=\"Verst\u00fcmmelung\" id=\"rdp-we-mwKg\" target=\"_new\" class=\"wiki-link\">Verst\u00fcmmelung<\/a> homosexueller M\u00e4nner aufgerufen.<sup about=\"#mwt16\" class=\"mw-ref reference\" id=\"rdp-we-cite_ref-1\" rel=\"dc:references\" typeof=\"mw:Extension\/ref\" data-mw='{\"name\":\"ref\",\"attrs\":{},\"body\":{\"id\":\"mw-reference-text-cite_note-1\"}}'><a href=\"#cite_note-1\" id=\"rdp-we-mwKw\"><span class=\"mw-reflink-text\" id=\"rdp-we-mwLA\"><span class=\"cite-bracket\" id=\"rdp-we-mwLQ\">[<\/span>1<span class=\"cite-bracket\" id=\"rdp-we-mwLg\">]<\/span><\/span><\/a><\/sup><\/p>\n\n<p id=\"rdp-we-mwLw\">2018 gab er an, dass ihm die <a rel=\"mw:WikiLink\" href=\"https:\/\/de.wikipedia.org\/wiki\/Franz\u00f6sische_Staatsb\u00fcrgerschaft\" title=\"Franz\u00f6sische Staatsb\u00fcrgerschaft\" id=\"rdp-we-mwMA\" target=\"_new\" class=\"wiki-link\">franz\u00f6sische Staatsb\u00fcrgerschaft<\/a> verweigert wurde.<sup about=\"#mwt18\" class=\"mw-ref reference\" id=\"rdp-we-cite_ref-2\" rel=\"dc:references\" typeof=\"mw:Extension\/ref\" data-mw='{\"name\":\"ref\",\"attrs\":{},\"body\":{\"id\":\"mw-reference-text-cite_note-2\"}}'><a href=\"#cite_note-2\" id=\"rdp-we-mwMQ\"><span class=\"mw-reflink-text\" id=\"rdp-we-mwMg\"><span class=\"cite-bracket\" id=\"rdp-we-mwMw\">[<\/span>2<span class=\"cite-bracket\" id=\"rdp-we-mwNA\">]<\/span><\/span><\/a><\/sup> Den Berichten der Presse zufolge sei der Grund seine <a rel=\"mw:WikiLink\" href=\"https:\/\/de.wikipedia.org\/wiki\/Bigamie\" title=\"Bigamie\" id=\"rdp-we-mwNQ\" target=\"_new\" class=\"wiki-link\">Bigamie<\/a>, welche gem\u00e4\u00df franz\u00f6sischem Recht nicht erlaubt ist.<sup about=\"#mwt20\" class=\"mw-ref reference\" id=\"rdp-we-cite_ref-3\" rel=\"dc:references\" typeof=\"mw:Extension\/ref\" data-mw='{\"name\":\"ref\",\"attrs\":{},\"body\":{\"id\":\"mw-reference-text-cite_note-3\"}}'><a href=\"#cite_note-3\" id=\"rdp-we-mwNg\"><span class=\"mw-reflink-text\" id=\"rdp-we-mwNw\"><span class=\"cite-bracket\" id=\"rdp-we-mwOA\">[<\/span>3<span class=\"cite-bracket\" id=\"rdp-we-mwOQ\">]<\/span><\/span><\/a><\/sup><\/p>\n\n<\/section><section data-mw-section-id=\"2\" id=\"rdp-we-mwOg\" aria-labelledby=\"Karriere\"><div class=\"mw-heading mw-heading2\"><h2 id=\"rdp-we-Karriere\">Karriere<\/h2><\/div>\n<p id=\"rdp-we-mwOw\">Unter dem Namen Gims trat er mit seinen Freunden von <a rel=\"mw:WikiLink\" href=\"https:\/\/de.wikipedia.org\/wiki\/Sexion_d\u2019Assaut\" title=\"Sexion d\u2019Assaut\" id=\"rdp-we-mwPA\" target=\"_new\" class=\"wiki-link\">Sexion d\u2019Assaut<\/a> auf und nahm 2003 mit ihnen den Titel <i id=\"rdp-we-mwPQ\">Coup 2 Pression<\/i> auf und arbeitete zur selben Zeit mit JR im Duo-Projekt <i id=\"rdp-we-mwPg\">Prototype 3015<\/i>. Er entschloss sich, Ma\u00eetre seinem Namen hinzuzuf\u00fcgen sowie das Pseudonym <i id=\"rdp-we-mwPw\">le Fl\u00e9au<\/i> (\u201eDer Fluch\u201c) zu benutzen. Nach einigen unabh\u00e4ngigen Releases trafen Sexion d\u2019Assaut ihren derzeitigen Manager Dawala im Untergrund von <a rel=\"mw:WikiLink\" href=\"https:\/\/de.wikipedia.org\/wiki\/Bahnhof_Ch\u00e2telet_\u2013_Les_Halles\" title=\"Bahnhof Ch\u00e2telet \u2013 Les Halles\" class=\"mw-redirect wiki-link\" id=\"rdp-we-mwQA\" target=\"_new\">Ch\u00e2telet-Les Halles<\/a>. Daraufhin gaben sie 2005 eine CD unter dem Namen <i id=\"rdp-we-mwQQ\">La Terre du Milieu<\/i> (\u201eMittelerde\u201c) heraus. Ma\u00eetre Gims zeichnete das Cover. Im Jahr 2007 arbeitete er auch als Produzent, schrieb instrumentale St\u00fccke und ver\u00f6ffentlichte seine Maxi-CD <i id=\"rdp-we-mwQg\">Pour ceux qui dorment les yeux ouverts<\/i> (\u201eF\u00fcr diejenigen, die mit offenen Augen schlafen\u201c). Auf der Maxi waren St\u00fccke mit Sexion d\u2019Assaut, Rapper Koma (von <i id=\"rdp-we-mwQw\">Scred Connexion<\/i>) und S\u00e4ngerin Carole vertreten. In der Zwischenzeit nahm er mit Sexion d\u2019Assaut an zwei 12-Inch\u2019All-Star-K\u00e4mpfen in der <i id=\"rdp-we-mwRA\">Salle du Batofar<\/i> teil, ein ber\u00fchmtes Battle des Pariser Untergrunds. Nach dem Gewinn der zweiten Battle galt er als einer der besten franz\u00f6sischen <a rel=\"mw:WikiLink\" href=\"https:\/\/de.wikipedia.org\/wiki\/Freestyle-Rap\" title=\"Freestyle-Rap\" id=\"rdp-we-mwRQ\" target=\"_new\" class=\"wiki-link\">Freestyler<\/a>. 2008 nahm er mit <i id=\"rdp-we-mwRg\">3e Prototype<\/i> das Album <i id=\"rdp-we-mwRw\">Le Renouveau<\/i> (\u201eDie Erneuerung\u201c) auf und tourte auf lokalen Festivals, um seinen Bekanntheitsgrad zu steigern.<\/p>\n\n<p id=\"rdp-we-mwSA\">2011 arbeitete Gims mit seinem Vater Djuna Djanana zusammen an einem neuen Album von Djanana. Im Jahr 2012 publizierte der K\u00fcnstler das Comic <i id=\"rdp-we-mwSQ\">Au coeur du Vortex<\/i> (\u201eIm Herzen des Wirbels\u201c). 2013 ver\u00f6ffentlichte er sein erstes Soloalbum <i id=\"rdp-we-mwSg\"><a rel=\"mw:WikiLink\" href=\"https:\/\/de.wikipedia.org\/wiki\/Subliminal_(Album)\" title=\"Subliminal (Album)\" id=\"rdp-we-mwSw\" target=\"_new\" class=\"wiki-link\">Subliminal<\/a><\/i>, das ihm dank der darauf enthaltenden Singles <i id=\"rdp-we-mwTA\"><a rel=\"mw:WikiLink\" href=\"https:\/\/de.wikipedia.org\/wiki\/J\u2019me_tire\" title=\"J\u2019me tire\" id=\"rdp-we-mwTQ\" target=\"_new\" class=\"wiki-link\">J\u2019me tire<\/a><\/i> und <i id=\"rdp-we-mwTg\">Bella<\/i> weitreichende Bekanntheit einbrachte. Ebenso auch die im April 2015 erschienene <a rel=\"mw:WikiLink\" href=\"https:\/\/de.wikipedia.org\/wiki\/Lead-Single\" title=\"Lead-Single\" id=\"rdp-we-mwTw\" target=\"_new\" class=\"wiki-link\">Lead-Single<\/a> <i id=\"rdp-we-mwUA\"><a rel=\"mw:WikiLink\" href=\"https:\/\/de.wikipedia.org\/wiki\/Est-ce_que_tu_m\u2019aimes%3F\" title=\"Est-ce que tu m\u2019aimes?\" id=\"rdp-we-mwUQ\" target=\"_new\" class=\"wiki-link\">Est-ce que tu m\u2019aimes?<\/a><\/i> wurde f\u00fcr Gims als Solok\u00fcnstler mit \u00fcber einer Million verkauften Einheiten ein internationaler Erfolg. Sein zweites Soloalbum <i id=\"rdp-we-mwUg\">Mon c\u0153ur avait raison<\/i> wurde Ende August 2015 als <a rel=\"mw:WikiLink\" href=\"https:\/\/de.wikipedia.org\/wiki\/Doppelalbum\" title=\"Doppelalbum\" id=\"rdp-we-mwUw\" target=\"_new\" class=\"wiki-link\">Doppelalbum<\/a> lanciert. Die erste der beiden CDs besteht vor allem aus urbanem Pop und Pop sowie die zweite dem eigentlichen Ursprung von Gims, dem <a rel=\"mw:WikiLink\" href=\"https:\/\/de.wikipedia.org\/wiki\/Rap\" title=\"Rap\" id=\"rdp-we-mwVA\" target=\"_new\" class=\"wiki-link\">Rap<\/a>. Sein drittes Soloalbum k\u00fcndigte er Anfang November 2016 auf <a rel=\"mw:WikiLink\" href=\"https:\/\/de.wikipedia.org\/wiki\/Snapchat\" title=\"Snapchat\" id=\"rdp-we-mwVQ\" target=\"_new\" class=\"wiki-link\">Snapchat<\/a> an.<sup about=\"#mwt22\" class=\"mw-ref reference\" id=\"rdp-we-cite_ref-4\" rel=\"dc:references\" typeof=\"mw:Extension\/ref\" data-mw='{\"name\":\"ref\",\"attrs\":{},\"body\":{\"id\":\"mw-reference-text-cite_note-4\"}}'><a href=\"#cite_note-4\" id=\"rdp-we-mwVg\"><span class=\"mw-reflink-text\" id=\"rdp-we-mwVw\"><span class=\"cite-bracket\" id=\"rdp-we-mwWA\">[<\/span>4<span class=\"cite-bracket\" id=\"rdp-we-mwWQ\">]<\/span><\/span><\/a><\/sup><\/p>\n\n<p id=\"rdp-we-mwWg\">Mit der Single <i id=\"rdp-we-mwWw\">Loin<\/i> stieg er Anfang 2017 erstmals auch in die deutschen Singlecharts ein und erreichte die Top 10.<\/p>\n\n<p id=\"rdp-we-mwXA\">Ende M\u00e4rz 2018, nach der Ver\u00f6ffentlichung von einigen Singles, erschien sein drittes Album <i id=\"rdp-we-mwXQ\">Ceinture Noire<\/i>. Es enth\u00e4lt 40 Lieder und Kollaborationen mit <a rel=\"mw:WikiLink\" href=\"https:\/\/de.wikipedia.org\/wiki\/MHD_(Rapper)\" title=\"MHD (Rapper)\" id=\"rdp-we-mwXg\" target=\"_new\" class=\"wiki-link\">MHD<\/a>, seinem Bruder <a rel=\"mw:WikiLink\" href=\"https:\/\/de.wikipedia.org\/wiki\/Dadju\" title=\"Dadju\" id=\"rdp-we-mwXw\" target=\"_new\" class=\"wiki-link\">Dadju<\/a> oder auch <a rel=\"mw:WikiLink\" href=\"https:\/\/de.wikipedia.org\/wiki\/Lil_Wayne\" title=\"Lil Wayne\" id=\"rdp-we-mwYA\" target=\"_new\" class=\"wiki-link\">Lil Wayne<\/a>. Nach einer weiteren Edition mit drei zus\u00e4tzlichen Songs, erscheint Ende April 2019 eine Reedition von <i id=\"rdp-we-mwYQ\">Ceinture Noire,<\/i> welche <i id=\"rdp-we-mwYg\">Transcedance<\/i> hei\u00dft.<sup about=\"#mwt24\" class=\"mw-ref reference\" id=\"rdp-we-cite_ref-5\" rel=\"dc:references\" typeof=\"mw:Extension\/ref\" data-mw='{\"name\":\"ref\",\"attrs\":{},\"body\":{\"id\":\"mw-reference-text-cite_note-5\"}}'><a href=\"#cite_note-5\" id=\"rdp-we-mwYw\"><span class=\"mw-reflink-text\" id=\"rdp-we-mwZA\"><span class=\"cite-bracket\" id=\"rdp-we-mwZQ\">[<\/span>5<span class=\"cite-bracket\" id=\"rdp-we-mwZg\">]<\/span><\/span><\/a><\/sup><\/p>\n\n<p id=\"rdp-we-mwZw\">Im Fr\u00fchjahr 2019 \u00e4nderte er seinen zeitweiligen K\u00fcnstlernamen Ma\u00eetre Gims zur\u00fcck in den Namen Gims.<sup about=\"#mwt26\" class=\"mw-ref reference\" id=\"rdp-we-cite_ref-6\" rel=\"dc:references\" typeof=\"mw:Extension\/ref\" data-mw='{\"name\":\"ref\",\"attrs\":{},\"body\":{\"id\":\"mw-reference-text-cite_note-6\"}}'><a href=\"#cite_note-6\" id=\"rdp-we-mwaA\"><span class=\"mw-reflink-text\" id=\"rdp-we-mwaQ\"><span class=\"cite-bracket\" id=\"rdp-we-mwag\">[<\/span>6<span class=\"cite-bracket\" id=\"rdp-we-mwaw\">]<\/span><\/span><\/a><\/sup><\/p>\n\n<p id=\"rdp-we-mwbA\">Der <a rel=\"mw:WikiLink\" href=\"https:\/\/de.wikipedia.org\/wiki\/Netflix\" title=\"Netflix\" id=\"rdp-we-mwbQ\" target=\"_new\" class=\"wiki-link\">Netflix-Dokumentarfilm<\/a> <i id=\"rdp-we-mwbg\">Gims: On the Record<\/i> (2020) zeichnet die bisherige Karriere des S\u00e4ngers nach.<sup about=\"#mwt28\" class=\"mw-ref reference\" id=\"rdp-we-cite_ref-7\" rel=\"dc:references\" typeof=\"mw:Extension\/ref\" data-mw='{\"name\":\"ref\",\"attrs\":{},\"body\":{\"id\":\"mw-reference-text-cite_note-7\"}}'><a href=\"#cite_note-7\" id=\"rdp-we-mwbw\"><span class=\"mw-reflink-text\" id=\"rdp-we-mwcA\"><span class=\"cite-bracket\" id=\"rdp-we-mwcQ\">[<\/span>7<span class=\"cite-bracket\" id=\"rdp-we-mwcg\">]<\/span><\/span><\/a><\/sup><\/p>\n\n<\/section><section data-mw-section-id=\"3\" id=\"rdp-we-mwcw\" aria-labelledby=\"Diskografie\"><div class=\"mw-heading mw-heading2\"><h2 id=\"rdp-we-Diskografie\">Diskografie<\/h2><\/div>\n<span class=\"mw-empty-elt\" about=\"#mwt29\" typeof=\"mw:Transclusion\" id=\"rdp-we-mwdA\" data-mw='{\"parts\":[{\"template\":{\"target\":{\"wt\":\"Eingebundene Diskografie\",\"href\":\".\/Vorlage:Eingebundene_Diskografie\"},\"params\":{\"1\":{\"wt\":\"Gims\/Diskografie\"},\"\u00dcberschrift\":{\"wt\":\"Studioalben\"}},\"i\":0}}]}'><\/span><div class=\"hauptartikel\" role=\"navigation\" about=\"#mwt29\"><span class=\"hauptartikel-pfeil\" title=\"siehe\" aria-hidden=\"true\" role=\"presentation\">\u2192<span typeof=\"mw:Entity\">\u00a0<\/span><\/span><i><span class=\"hauptartikel-text\">Hauptartikel<\/span>: <a rel=\"mw:WikiLink\" href=\"https:\/\/de.wikipedia.org\/wiki\/Gims\/Diskografie\" title=\"Gims\/Diskografie\" target=\"_new\" class=\"wiki-link\">Gims\/Diskografie<\/a><\/i><\/div><p about=\"#mwt29\"><b>Studioalben<\/b>\n<link rel=\"mw-deduplicated-inline-style\" href=\"mw-data:TemplateStyles:r269045146\" about=\"#mwt31\" typeof=\"mw:Extension\/templatestyles\" data-mw='{\"name\":\"templatestyles\",\"attrs\":{\"src\":\"Vorlage:Charttabelle\/styles.css\"},\"body\":{\"extsrc\":\"\"}}'\/><\/p><table class=\"wikitable charts-table charts-zebragrey\" style=\"text-align:center;\" about=\"#mwt29\">\n<tbody><tr>\n<th style=\"width:25px;\" class=\"charts-th charts-trh\" rowspan=\"2\">Jahr<\/th>\n<th style=\"width:350px;\" class=\"charts-th charts-trh\" rowspan=\"2\">Titel<br\/><span style=\"font-size:smaller;font-style:italic;\">Musiklabel<\/span><\/th>\n<th class=\"charts-th\" colspan=\"5\"><span style=\"white-space:nowrap;\"><span class=\"charts-hm charts-cc\"><span class=\"charts-ct\">H\u00f6chstplatzierung, Gesamtwochen, Auszeichnung<i><\/i><\/span>Chartplatzierungen<\/span><span class=\"charts-mo\">Chartplatzierungen<\/span><span style=\"display:none\"><a rel=\"mw:WikiLink\" href=\"https:\/\/de.wikipedia.org\/wiki\/Vorlage:Charttabelle\/Wartung\/ohne_Quellen?action=edit&redlink=1\" title=\"Vorlage:Charttabelle\/Wartung\/ohne Quellen (Seite nicht vorhanden)\" class=\"new wiki-link\" typeof=\"mw:LocalizedAttrs\" data-mw-i18n='{\"title\":{\"lang\":\"x-page\",\"key\":\"red-link-title\",\"params\":[\"Vorlage:Charttabelle\/Wartung\/ohne Quellen\"]}}' target=\"_new\">Template:Charttabelle\/Wartung\/ohne Quellen<\/a><\/span><\/span><span class=\"charts-mo charts-mh\"><br\/>(Jahr, Titel, <i>Musiklabel<\/i>, Plat<span typeof=\"mw:Entity\">\u00ad<\/span>zie<span typeof=\"mw:Entity\">\u00ad<\/span>rungen, Wo<span typeof=\"mw:Entity\">\u00ad<\/span>chen, Aus<span typeof=\"mw:Entity\">\u00ad<\/span>zeich<span typeof=\"mw:Entity\">\u00ad<\/span>nungen, Anmer<span typeof=\"mw:Entity\">\u00ad<\/span>kungen)<\/span><\/th>\n<th style=\"width:300px;\" class=\"charts-th charts-trh\" rowspan=\"2\">Anmer<span typeof=\"mw:Entity\">\u00ad<\/span>kungen<\/th>\n<th style=\"font-style:italic;border:none;margin-top:-1px;\" class=\"charts-moc charts-mh\">[<span typeof=\"mw:Entity\">\u2191<\/span>]: gemeinsam behandelt mit vorhergehendem Eintrag;<br\/>[<span typeof=\"mw:Entity\">\u2190<\/span>]: in beiden Charts platziert<\/th><\/tr>\n<tr class=\"charts-trh\">\n<th style=\"width:52px;\" class=\"charts-th\"><span typeof=\"mw:File\" data-mw='{\"caption\":\"DE\"}'><a href=\"https:\/\/de.wikipedia.org\/wiki\/Deutsche_Albumcharts\" title=\"DE\" target=\"_new\" class=\"wiki-link\"><img resource=\"https:\/\/de.wikipedia.org\/wiki\/Datei:Flag_of_Germany.svg\" src=\"https:\/\/thumb.wikimedia.org\/wikipedia\/commons\/thumb\/b\/ba\/Flag_of_Germany.svg\/20px-Flag_of_Germany.svg.png?utm_source=de.wikipedia.org&amp;utm_campaign=parser&amp;utm_content=thumbnail\" decoding=\"async\" loading=\"lazy\" alt=\"\" data-file-type=\"drawing\" height=\"12\" width=\"20\" class=\"mw-file-element\"\/><\/a><\/span><span typeof=\"mw:Entity\">\u00a0<\/span><a rel=\"mw:WikiLink\" href=\"https:\/\/de.wikipedia.org\/wiki\/Deutsche_Albumcharts\" title=\"Deutsche Albumcharts\" target=\"_new\" class=\"wiki-link\">DE<\/a><\/th>\n<th style=\"width:52px;\" class=\"charts-th\"><span typeof=\"mw:File\" data-mw='{\"caption\":\"AT\"}'><a href=\"https:\/\/de.wikipedia.org\/wiki\/\u00d63_Austria_Top_40\" title=\"AT\" target=\"_new\" class=\"wiki-link\"><img resource=\"https:\/\/de.wikipedia.org\/wiki\/Datei:Flag_of_Austria.svg\" src=\"https:\/\/thumb.wikimedia.org\/wikipedia\/commons\/thumb\/4\/41\/Flag_of_Austria.svg\/20px-Flag_of_Austria.svg.png?utm_source=de.wikipedia.org&amp;utm_campaign=parser&amp;utm_content=thumbnail\" decoding=\"async\" loading=\"lazy\" alt=\"\" data-file-type=\"drawing\" height=\"13\" width=\"20\" class=\"mw-file-element\"\/><\/a><\/span><span typeof=\"mw:Entity\">\u00a0<\/span><a rel=\"mw:WikiLink\" href=\"https:\/\/de.wikipedia.org\/wiki\/\u00d63_Austria_Top_40\" title=\"\u00d63 Austria Top 40\" target=\"_new\" class=\"wiki-link\">AT<\/a><\/th>\n<th style=\"width:52px;\" class=\"charts-th\"><span typeof=\"mw:File\" data-mw='{\"caption\":\"CH\"}'><a href=\"https:\/\/de.wikipedia.org\/wiki\/Schweizer_Hitparade\" title=\"CH\" target=\"_new\" class=\"wiki-link\"><img resource=\"https:\/\/de.wikipedia.org\/wiki\/Datei:Flag_of_Switzerland_within_2to3.svg\" src=\"https:\/\/thumb.wikimedia.org\/wikipedia\/commons\/thumb\/e\/e3\/Flag_of_Switzerland_within_2to3.svg\/20px-Flag_of_Switzerland_within_2to3.svg.png?utm_source=de.wikipedia.org&amp;utm_campaign=parser&amp;utm_content=thumbnail\" decoding=\"async\" loading=\"lazy\" alt=\"\" data-file-type=\"drawing\" height=\"13\" width=\"20\" class=\"mw-file-element\"\/><\/a><\/span><span typeof=\"mw:Entity\">\u00a0<\/span><a rel=\"mw:WikiLink\" href=\"https:\/\/de.wikipedia.org\/wiki\/Schweizer_Hitparade\" title=\"Schweizer Hitparade\" target=\"_new\" class=\"wiki-link\">CH<\/a><\/th>\n<th style=\"width:52px;\" class=\"charts-th\"><span typeof=\"mw:File\" data-mw='{\"caption\":\"FR\"}'><a href=\"https:\/\/de.wikipedia.org\/wiki\/Frankreich\" title=\"FR\" target=\"_new\" class=\"wiki-link\"><img resource=\"https:\/\/de.wikipedia.org\/wiki\/Datei:Flag_of_France.svg\" src=\"https:\/\/thumb.wikimedia.org\/wikipedia\/commons\/thumb\/c\/c3\/Flag_of_France.svg\/20px-Flag_of_France.svg.png?utm_source=de.wikipedia.org&amp;utm_campaign=parser&amp;utm_content=thumbnail\" decoding=\"async\" loading=\"lazy\" alt=\"\" data-file-type=\"drawing\" height=\"13\" width=\"20\" class=\"mw-file-element\"\/><\/a><\/span><span typeof=\"mw:Entity\">\u00a0<\/span><a rel=\"mw:WikiLink\" href=\"https:\/\/de.wikipedia.org\/wiki\/Frankreich\" title=\"Frankreich\" target=\"_new\" class=\"wiki-link\">FR<\/a><\/th>\n<th style=\"width:52px;\" class=\"charts-th\"><span typeof=\"mw:File\" data-mw='{\"caption\":\"BE&lt;sup id=\\\"mwdQ\\\">W&lt;\/sup>\"}'><a href=\"https:\/\/de.wikipedia.org\/wiki\/Musikcharts_in_Belgien\" title=\"BEW\" target=\"_new\" class=\"wiki-link\"><img resource=\"https:\/\/de.wikipedia.org\/wiki\/Datei:Flag_of_Wallonia.svg\" src=\"https:\/\/thumb.wikimedia.org\/wikipedia\/commons\/thumb\/4\/42\/Flag_of_Wallonia.svg\/20px-Flag_of_Wallonia.svg.png?utm_source=de.wikipedia.org&amp;utm_campaign=parser&amp;utm_content=thumbnail\" decoding=\"async\" loading=\"lazy\" alt=\"\" data-file-type=\"drawing\" height=\"13\" width=\"20\" class=\"mw-file-element\"\/><\/a><\/span><span typeof=\"mw:Entity\">\u00a0<\/span><a rel=\"mw:WikiLink\" href=\"https:\/\/de.wikipedia.org\/wiki\/Musikcharts_in_Belgien\" title=\"Musikcharts in Belgien\" target=\"_new\" class=\"wiki-link\">BE<sup>W<\/sup><\/a><\/th><\/tr>\n \n<tr> \n <td class=\"charts-yy\">2013<\/td>\n<td><a rel=\"mw:WikiLink\" href=\"https:\/\/de.wikipedia.org\/wiki\/Subliminal_(Album)\" title=\"Subliminal (Album)\" target=\"_new\" class=\"wiki-link\">Subliminal \/ La face cach\u00e9e<\/a><br\/><span class=\"charts-add\">Wati-B (<a rel=\"mw:WikiLink\" href=\"https:\/\/de.wikipedia.org\/wiki\/Sony_Music_Entertainment\" title=\"Sony Music Entertainment\" target=\"_new\" class=\"wiki-link\">Sony<\/a>)<\/span><\/td>\n<td class=\"charts-hm\"><span typeof=\"mw:Entity\">\u2014<\/span><\/td>\n<td class=\"charts-hm\"><span typeof=\"mw:Entity\">\u2014<\/span><\/td>\n<td><span class=\"charts-mc\"><a rel=\"mw:WikiLink\" href=\"https:\/\/de.wikipedia.org\/wiki\/Schweizer_Hitparade\" title=\"Schweizer Hitparade\" target=\"_new\" class=\"wiki-link\">CH<\/a><\/span>11<br class=\"charts-hm\"\/><span class=\"charts-mo\"> <\/span><span style=\"font-size:smaller;\">(41 Wo.)<\/span><span class=\"charts-mcb\">CH<\/span><\/td>\n<td><span class=\"charts-mc\"><a rel=\"mw:WikiLink\" href=\"https:\/\/de.wikipedia.org\/wiki\/Frankreich\" title=\"Frankreich\" target=\"_new\" class=\"wiki-link\">FR<\/a><\/span>2 <div class=\"charts-cc\"><div class=\"charts-c\"><span typeof=\"mw:File\"><span><img resource=\"https:\/\/de.wikipedia.org\/wiki\/Datei:Diamond_record_icon.svg\" src=\"https:\/\/thumb.wikimedia.org\/wikipedia\/commons\/thumb\/2\/21\/Diamond_record_icon.svg\/20px-Diamond_record_icon.svg.png?utm_source=de.wikipedia.org&amp;utm_campaign=parser&amp;utm_content=thumbnail\" decoding=\"async\" loading=\"lazy\" alt=\"Diamant\" data-file-type=\"drawing\" height=\"15\" width=\"15\" class=\"mw-file-element\"\/><\/span><\/span><\/div><span class=\"charts-ct\">Diamant<i><\/i><\/span><\/div><br class=\"charts-hm\"\/><span class=\"charts-mo\"> <\/span><span style=\"font-size:smaller;\">(176 Wo.)<\/span><span class=\"charts-mcb\">FR<\/span><\/td>\n<td><span class=\"charts-mc\"><a rel=\"mw:WikiLink\" href=\"https:\/\/de.wikipedia.org\/wiki\/Musikcharts_in_Belgien\" title=\"Musikcharts in Belgien\" target=\"_new\" class=\"wiki-link\">BE<sup>W<\/sup><\/a><\/span><a rel=\"mw:WikiLink\" href=\"https:\/\/de.wikipedia.org\/wiki\/Liste_der_Nummer-eins-Hits_in_Belgien_(2013)\" title=\"Liste der Nummer-eins-Hits in Belgien (2013)\" target=\"_new\" class=\"wiki-link\"><b>1<\/b><\/a> <div class=\"charts-cc\"><div class=\"charts-c\"><span typeof=\"mw:File\"><span><img resource=\"https:\/\/de.wikipedia.org\/wiki\/Datei:Gold_record_icon.svg\" src=\"https:\/\/thumb.wikimedia.org\/wikipedia\/commons\/thumb\/3\/38\/Gold_record_icon.svg\/20px-Gold_record_icon.svg.png?utm_source=de.wikipedia.org&amp;utm_campaign=parser&amp;utm_content=thumbnail\" decoding=\"async\" loading=\"lazy\" alt=\"Gold\" data-file-type=\"drawing\" height=\"15\" width=\"15\" class=\"mw-file-element\"\/><\/span><\/span><\/div><span class=\"charts-ct\">Gold<i><\/i><\/span><\/div><br class=\"charts-hm\"\/><span class=\"charts-mo\"> <\/span><span style=\"font-size:smaller;\">(<span typeof=\"mw:Entity\">\u2026<\/span> Wo.)<\/span><span style=\"display:none\"><a rel=\"mw:WikiLink\" href=\"https:\/\/de.wikipedia.org\/wiki\/Vorlage:Charttabelle\/Wartung\/vorl\u00e4ufig\/2013?action=edit&redlink=1\" title=\"Vorlage:Charttabelle\/Wartung\/vorl\u00e4ufig\/2013 (Seite nicht vorhanden)\" class=\"new wiki-link\" typeof=\"mw:LocalizedAttrs\" data-mw-i18n='{\"title\":{\"lang\":\"x-page\",\"key\":\"red-link-title\",\"params\":[\"Vorlage:Charttabelle\/Wartung\/vorl\u00e4ufig\/2013\"]}}' target=\"_new\">Template:Charttabelle\/Wartung\/vorl\u00e4ufig\/2013<\/a><\/span><span class=\"charts-mcb\">BE<sup>W<\/sup><\/span><\/td>\n<td class=\"charts-cm\"><div>\nErstver\u00f6ffentlichung: 20. Mai 2013 \/ 2. Dezember 2013<span typeof=\"mw:Entity\">\u00a0<\/span><span class=\"fussnoten-etui reference\"><sup class=\"fussnoten-marke\" data-annotationpair-m=\"a\">a<\/sup><\/span><br\/>Verk\u00e4ufe: + 515.000<\/div><\/td><\/tr>\n<tr> \n <td class=\"charts-yy\">2015<\/td>\n<td>Mon c\u0153ur avait raison<br\/><span class=\"charts-add\">Wati-B (Sony)<\/span><\/td>\n<td class=\"charts-hm\"><span typeof=\"mw:Entity\">\u2014<\/span><\/td>\n<td class=\"charts-hm\"><span typeof=\"mw:Entity\">\u2014<\/span><\/td>\n<td><span class=\"charts-mc\"><a rel=\"mw:WikiLink\" href=\"https:\/\/de.wikipedia.org\/wiki\/Schweizer_Hitparade\" title=\"Schweizer Hitparade\" target=\"_new\" class=\"wiki-link\">CH<\/a><\/span>3 <div class=\"charts-cc\"><div class=\"charts-c\"><span typeof=\"mw:File\"><span><img resource=\"https:\/\/de.wikipedia.org\/wiki\/Datei:Platinum_record_icon.svg\" src=\"https:\/\/thumb.wikimedia.org\/wikipedia\/commons\/thumb\/5\/5d\/Platinum_record_icon.svg\/20px-Platinum_record_icon.svg.png?utm_source=de.wikipedia.org&amp;utm_campaign=parser&amp;utm_content=thumbnail\" decoding=\"async\" loading=\"lazy\" alt=\"Platin\" data-file-type=\"drawing\" height=\"15\" width=\"15\" class=\"mw-file-element\"\/><\/span><\/span><\/div><span class=\"charts-ct\">Platin<i><\/i><\/span><\/div><br class=\"charts-hm\"\/><span class=\"charts-mo\"> <\/span><span style=\"font-size:smaller;\">(92 Wo.)<\/span><span class=\"charts-mcb\">CH<\/span><\/td>\n<td><span class=\"charts-mc\"><a rel=\"mw:WikiLink\" href=\"https:\/\/de.wikipedia.org\/wiki\/Frankreich\" title=\"Frankreich\" target=\"_new\" class=\"wiki-link\">FR<\/a><\/span><a rel=\"mw:WikiLink\" href=\"https:\/\/de.wikipedia.org\/wiki\/Liste_der_Nummer-eins-Hits_in_Frankreich_(2015)\" title=\"Liste der Nummer-eins-Hits in Frankreich (2015)\" target=\"_new\" class=\"wiki-link\"><b>1<\/b><\/a> <div class=\"charts-cc\"><div class=\"charts-c\"><span typeof=\"mw:File\"><span><img resource=\"https:\/\/de.wikipedia.org\/wiki\/Datei:Diamond_record_icon.svg\" src=\"https:\/\/thumb.wikimedia.org\/wikipedia\/commons\/thumb\/2\/21\/Diamond_record_icon.svg\/20px-Diamond_record_icon.svg.png?utm_source=de.wikipedia.org&amp;utm_campaign=parser&amp;utm_content=thumbnail\" decoding=\"async\" loading=\"lazy\" alt=\"Diamant\" data-file-type=\"drawing\" height=\"15\" width=\"15\" class=\"mw-file-element\"\/><\/span><\/span><\/div><span class=\"charts-ct\">Diamant<i><\/i><\/span><\/div><br class=\"charts-hm\"\/><span class=\"charts-mo\"> <\/span><span style=\"font-size:smaller;\">(106 Wo.)<\/span><span class=\"charts-mcb\">FR<\/span><\/td>\n<td><span class=\"charts-mc\"><a rel=\"mw:WikiLink\" href=\"https:\/\/de.wikipedia.org\/wiki\/Musikcharts_in_Belgien\" title=\"Musikcharts in Belgien\" target=\"_new\" class=\"wiki-link\">BE<sup>W<\/sup><\/a><\/span><a rel=\"mw:WikiLink\" href=\"https:\/\/de.wikipedia.org\/wiki\/Liste_der_Nummer-eins-Hits_in_Belgien_(2015)\" title=\"Liste der Nummer-eins-Hits in Belgien (2015)\" target=\"_new\" class=\"wiki-link\"><b>1<\/b><\/a> <div class=\"charts-cc\"><div class=\"charts-c\"><span typeof=\"mw:File\"><span><img resource=\"https:\/\/de.wikipedia.org\/wiki\/Datei:Platinum_record_icon.svg\" src=\"https:\/\/thumb.wikimedia.org\/wikipedia\/commons\/thumb\/5\/5d\/Platinum_record_icon.svg\/20px-Platinum_record_icon.svg.png?utm_source=de.wikipedia.org&amp;utm_campaign=parser&amp;utm_content=thumbnail\" decoding=\"async\" loading=\"lazy\" alt=\"Platin\" data-file-type=\"drawing\" height=\"15\" width=\"15\" class=\"mw-file-element\"\/><\/span><\/span><\/div><span class=\"charts-ct\">Platin<i><\/i><\/span><\/div><br class=\"charts-hm\"\/><span class=\"charts-mo\"> <\/span><span style=\"font-size:smaller;\">(<span typeof=\"mw:Entity\">\u2026<\/span> Wo.)<\/span><span style=\"display:none\"><a rel=\"mw:WikiLink\" href=\"https:\/\/de.wikipedia.org\/wiki\/Vorlage:Charttabelle\/Wartung\/vorl\u00e4ufig\/2015?action=edit&redlink=1\" title=\"Vorlage:Charttabelle\/Wartung\/vorl\u00e4ufig\/2015 (Seite nicht vorhanden)\" class=\"new wiki-link\" typeof=\"mw:LocalizedAttrs\" data-mw-i18n='{\"title\":{\"lang\":\"x-page\",\"key\":\"red-link-title\",\"params\":[\"Vorlage:Charttabelle\/Wartung\/vorl\u00e4ufig\/2015\"]}}' target=\"_new\">Template:Charttabelle\/Wartung\/vorl\u00e4ufig\/2015<\/a><\/span><span class=\"charts-mcb\">BE<sup>W<\/sup><\/span><\/td>\n<td class=\"charts-cm\"><div>\nErstver\u00f6ffentlichung: 28. August 2015 \/ 26. August 2016<link rel=\"mw-deduplicated-inline-style\" href=\"mw-data:TemplateStyles:r261937660\" about=\"#mwt33\" typeof=\"mw:Extension\/templatestyles\" data-mw='{\"name\":\"templatestyles\",\"attrs\":{\"src\":\"FN\/styles.css\"}}'\/><span typeof=\"mw:Entity\">\u00a0<\/span><span class=\"fussnoten-etui reference\"><sup class=\"fussnoten-marke\" data-annotationpair-m=\"b\">b<\/sup><\/span><br\/>Verk\u00e4ufe: + 600.000<\/div><\/td><\/tr>\n<tr> \n <td class=\"charts-yy\">2018<\/td>\n<td>Ceinture noire \/ Transcendance \/ D\u00e9cennie<br\/><span class=\"charts-add\">Chahawat (Sony)<\/span><\/td>\n<td><span class=\"charts-mc\"><a rel=\"mw:WikiLink\" href=\"https:\/\/de.wikipedia.org\/wiki\/Deutsche_Albumcharts\" title=\"Deutsche Albumcharts\" target=\"_new\" class=\"wiki-link\">DE<\/a><\/span>48<br class=\"charts-hm\"\/><span class=\"charts-mo\"> <\/span><span style=\"font-size:smaller;\">(3 Wo.)<\/span><span class=\"charts-mcb\">DE<\/span><\/td>\n<td class=\"charts-hm\"><span typeof=\"mw:Entity\">\u2014<\/span><\/td>\n<td><span class=\"charts-mc\"><a rel=\"mw:WikiLink\" href=\"https:\/\/de.wikipedia.org\/wiki\/Schweizer_Hitparade\" title=\"Schweizer Hitparade\" target=\"_new\" class=\"wiki-link\">CH<\/a><\/span><a rel=\"mw:WikiLink\" href=\"https:\/\/de.wikipedia.org\/wiki\/Liste_der_Nummer-eins-Hits_in_der_Schweiz_(2018)\" title=\"Liste der Nummer-eins-Hits in der Schweiz (2018)\" target=\"_new\" class=\"wiki-link\"><b>1<\/b><\/a> <div class=\"charts-cc\"><div class=\"charts-c\"><span typeof=\"mw:File\"><span><img resource=\"https:\/\/de.wikipedia.org\/wiki\/Datei:Gold_record_icon.svg\" src=\"https:\/\/thumb.wikimedia.org\/wikipedia\/commons\/thumb\/3\/38\/Gold_record_icon.svg\/20px-Gold_record_icon.svg.png?utm_source=de.wikipedia.org&amp;utm_campaign=parser&amp;utm_content=thumbnail\" decoding=\"async\" loading=\"lazy\" alt=\"Gold\" data-file-type=\"drawing\" height=\"15\" width=\"15\" class=\"mw-file-element\"\/><\/span><\/span><\/div><span class=\"charts-ct\">Gold<i><\/i><\/span><\/div><br class=\"charts-hm\"\/><span class=\"charts-mo\"> <\/span><span style=\"font-size:smaller;\">(131 Wo.)<\/span><span class=\"charts-mcb\">CH<\/span><\/td>\n<td><span class=\"charts-mc\"><a rel=\"mw:WikiLink\" href=\"https:\/\/de.wikipedia.org\/wiki\/Frankreich\" title=\"Frankreich\" target=\"_new\" class=\"wiki-link\">FR<\/a><\/span><a rel=\"mw:WikiLink\" href=\"https:\/\/de.wikipedia.org\/wiki\/Liste_der_Nummer-eins-Hits_in_Frankreich_(2018)\" title=\"Liste der Nummer-eins-Hits in Frankreich (2018)\" target=\"_new\" class=\"wiki-link\"><b>1<\/b><\/a> <div class=\"charts-cc\"><div class=\"charts-c\"><span typeof=\"mw:File\"><span><img resource=\"https:\/\/de.wikipedia.org\/wiki\/Datei:Diamond_record_icon.svg\" src=\"https:\/\/thumb.wikimedia.org\/wikipedia\/commons\/thumb\/2\/21\/Diamond_record_icon.svg\/20px-Diamond_record_icon.svg.png?utm_source=de.wikipedia.org&amp;utm_campaign=parser&amp;utm_content=thumbnail\" decoding=\"async\" loading=\"lazy\" alt=\"Dreifachdiamant\" data-file-type=\"drawing\" height=\"15\" width=\"15\" class=\"mw-file-element\"\/><\/span><\/span><div class=\"charts-cn\">\u00d73<\/div><\/div><span class=\"charts-ct\">Dreifachdiamant<i><\/i><\/span><\/div><br class=\"charts-hm\"\/><span class=\"charts-mo\"> <\/span><span style=\"font-size:smaller;\">(138 Wo.)<\/span><span class=\"charts-mcb\">FR<\/span><\/td>\n<td><span class=\"charts-mc\"><a rel=\"mw:WikiLink\" href=\"https:\/\/de.wikipedia.org\/wiki\/Musikcharts_in_Belgien\" title=\"Musikcharts in Belgien\" target=\"_new\" class=\"wiki-link\">BE<sup>W<\/sup><\/a><\/span><a rel=\"mw:WikiLink\" href=\"https:\/\/de.wikipedia.org\/wiki\/Liste_der_Nummer-eins-Hits_in_Belgien_(2018)\" title=\"Liste der Nummer-eins-Hits in Belgien (2018)\" target=\"_new\" class=\"wiki-link\"><b>1<\/b><\/a> <div class=\"charts-cc\"><div class=\"charts-c\"><span typeof=\"mw:File\"><span><img resource=\"https:\/\/de.wikipedia.org\/wiki\/Datei:Platinum_record_icon.svg\" src=\"https:\/\/thumb.wikimedia.org\/wikipedia\/commons\/thumb\/5\/5d\/Platinum_record_icon.svg\/20px-Platinum_record_icon.svg.png?utm_source=de.wikipedia.org&amp;utm_campaign=parser&amp;utm_content=thumbnail\" decoding=\"async\" loading=\"lazy\" alt=\"Platin\" data-file-type=\"drawing\" height=\"15\" width=\"15\" class=\"mw-file-element\"\/><\/span><\/span><\/div><span class=\"charts-ct\">Platin<i><\/i><\/span><\/div><br class=\"charts-hm\"\/><span class=\"charts-mo\"> <\/span><span style=\"font-size:smaller;\">(<span typeof=\"mw:Entity\">\u2026<\/span> Wo.)<\/span><span style=\"display:none\"><a rel=\"mw:WikiLink\" href=\"https:\/\/de.wikipedia.org\/wiki\/Vorlage:Charttabelle\/Wartung\/vorl\u00e4ufig\/2018?action=edit&redlink=1\" title=\"Vorlage:Charttabelle\/Wartung\/vorl\u00e4ufig\/2018 (Seite nicht vorhanden)\" class=\"new wiki-link\" typeof=\"mw:LocalizedAttrs\" data-mw-i18n='{\"title\":{\"lang\":\"x-page\",\"key\":\"red-link-title\",\"params\":[\"Vorlage:Charttabelle\/Wartung\/vorl\u00e4ufig\/2018\"]}}' target=\"_new\">Template:Charttabelle\/Wartung\/vorl\u00e4ufig\/2018<\/a><\/span><span class=\"charts-mcb\">BE<sup>W<\/sup><\/span><\/td>\n<td class=\"charts-cm\"><div>\nErstver\u00f6ffentlichung: 23. M\u00e4rz 2018 \/ 26. April 2019 \/ 6. Dezember 2019<link rel=\"mw-deduplicated-inline-style\" href=\"mw-data:TemplateStyles:r261937660\" about=\"#mwt34\" typeof=\"mw:Extension\/templatestyles\" data-mw='{\"name\":\"templatestyles\",\"attrs\":{\"src\":\"FN\/styles.css\"}}'\/><span typeof=\"mw:Entity\">\u00a0<\/span><span class=\"fussnoten-etui reference\"><sup class=\"fussnoten-marke\" data-annotationpair-m=\"c\">c<\/sup><\/span><br\/>Verk\u00e4ufe: + 1.530.000<\/div><\/td><\/tr>\n<tr> \n <td class=\"charts-yy\">2020<\/td>\n<td>Le fl\u00e9au \/ Les vestiges du fl\u00e9au<br\/><span class=\"charts-add\">G\u00e9ante Rouge (<a rel=\"mw:WikiLink\" href=\"https:\/\/de.wikipedia.org\/wiki\/B1_Recordings\" title=\"B1 Recordings\" class=\"mw-redirect wiki-link\" target=\"_new\">B1<\/a>)<\/span><\/td>\n<td class=\"charts-hm\"><span typeof=\"mw:Entity\">\u2014<\/span><\/td>\n<td class=\"charts-hm\"><span typeof=\"mw:Entity\">\u2014<\/span><\/td>\n<td rowspan=\"2\"><span class=\"charts-mc\"><a rel=\"mw:WikiLink\" href=\"https:\/\/de.wikipedia.org\/wiki\/Schweizer_Hitparade\" title=\"Schweizer Hitparade\" target=\"_new\" class=\"wiki-link\">CH<\/a><\/span>14<br class=\"charts-hm\"\/><span class=\"charts-mo\"> <\/span><span style=\"font-size:smaller;\">(8 Wo.)<\/span><span class=\"charts-mcb\">CH<\/span><\/td>\n<td rowspan=\"2\"><span class=\"charts-mc\"><a rel=\"mw:WikiLink\" href=\"https:\/\/de.wikipedia.org\/wiki\/Frankreich\" title=\"Frankreich\" target=\"_new\" class=\"wiki-link\">FR<\/a><\/span><a rel=\"mw:WikiLink\" href=\"https:\/\/de.wikipedia.org\/wiki\/Liste_der_Nummer-eins-Hits_in_Frankreich_(2021)\" title=\"Liste der Nummer-eins-Hits in Frankreich (2021)\" target=\"_new\" class=\"wiki-link\"><b>1<\/b><\/a> <div class=\"charts-cc\"><div class=\"charts-c\"><span typeof=\"mw:File\"><span><img resource=\"https:\/\/de.wikipedia.org\/wiki\/Datei:Platinum_record_icon.svg\" src=\"https:\/\/thumb.wikimedia.org\/wikipedia\/commons\/thumb\/5\/5d\/Platinum_record_icon.svg\/20px-Platinum_record_icon.svg.png?utm_source=de.wikipedia.org&amp;utm_campaign=parser&amp;utm_content=thumbnail\" decoding=\"async\" loading=\"lazy\" alt=\"Dreifachplatin\" data-file-type=\"drawing\" height=\"15\" width=\"15\" class=\"mw-file-element\"\/><\/span><\/span><div class=\"charts-cn\">\u00d73<\/div><\/div><span class=\"charts-ct\">Dreifachplatin<i><\/i><\/span><\/div><br class=\"charts-hm\"\/><span class=\"charts-mo\"> <\/span><span style=\"font-size:smaller;\">(96 Wo.)<\/span><span class=\"charts-mcb\">FR<\/span><\/td>\n<td><span class=\"charts-mc\"><a rel=\"mw:WikiLink\" href=\"https:\/\/de.wikipedia.org\/wiki\/Musikcharts_in_Belgien\" title=\"Musikcharts in Belgien\" target=\"_new\" class=\"wiki-link\">BE<sup>W<\/sup><\/a><\/span>7<br class=\"charts-hm\"\/><span class=\"charts-mo\"> <\/span><span style=\"font-size:smaller;\">(57 Wo.)<\/span><span class=\"charts-mcb\">BE<sup>W<\/sup><\/span><\/td>\n<td class=\"charts-cm\"><div>\nErstver\u00f6ffentlichung: 4. Dezember 2020 \/ 28. Mai 2021<link rel=\"mw-deduplicated-inline-style\" href=\"mw-data:TemplateStyles:r261937660\" about=\"#mwt35\" typeof=\"mw:Extension\/templatestyles\" data-mw='{\"name\":\"templatestyles\",\"attrs\":{\"src\":\"FN\/styles.css\"}}'\/><span typeof=\"mw:Entity\">\u00a0<\/span><span class=\"fussnoten-etui reference\"><sup class=\"fussnoten-marke\" data-annotationpair-m=\"d\">d<\/sup><\/span><br\/>Verk\u00e4ufe: + 300.000<\/div><\/td><\/tr>\n<tr> \n <td class=\"charts-yy\">2021<\/td>\n<td>L\u2019empire de M\u00e9ro\u00e9<br\/><span class=\"charts-add\">G\u00e9ante Rouge (B1)<\/span><\/td>\n<td class=\"charts-hm\"><span typeof=\"mw:Entity\">\u2014<\/span><\/td>\n<td class=\"charts-aup\"><span class=\"charts-hm\"><span typeof=\"mw:Entity\">\u2014<\/span><\/span><span class=\"charts-moa\">[CH:<span typeof=\"mw:Entity\">\u00a0<\/span><span typeof=\"mw:Entity\">\u2191<\/span>]<\/span><span class=\"charts-moa\">[FR:<span typeof=\"mw:Entity\">\u00a0<\/span><span typeof=\"mw:Entity\">\u2191<\/span>]<\/span><\/td>\n<td><span class=\"charts-mc\"><a rel=\"mw:WikiLink\" href=\"https:\/\/de.wikipedia.org\/wiki\/Musikcharts_in_Belgien\" title=\"Musikcharts in Belgien\" target=\"_new\" class=\"wiki-link\">BE<sup>W<\/sup><\/a><\/span>80<br class=\"charts-hm\"\/><span class=\"charts-mo\"> <\/span><span style=\"font-size:smaller;\">(2 Wo.)<\/span><span class=\"charts-mcb\">BE<sup>W<\/sup><\/span><\/td>\n<td class=\"charts-cm\"><div>\nErstver\u00f6ffentlichung: 3. Dezember 2021<\/div><\/td><\/tr>\n<tr> \n <td class=\"charts-yy\">2022<\/td>\n<td>Les derni\u00e8res volont\u00e9s de Mozart (Symphony)<br\/><span class=\"charts-add\">G\u00e9ante Rouge (B1)<\/span><\/td>\n<td class=\"charts-hm\"><span typeof=\"mw:Entity\">\u2014<\/span><\/td>\n<td class=\"charts-hm\"><span typeof=\"mw:Entity\">\u2014<\/span><\/td>\n<td><span class=\"charts-mc\"><a rel=\"mw:WikiLink\" href=\"https:\/\/de.wikipedia.org\/wiki\/Schweizer_Hitparade\" title=\"Schweizer Hitparade\" target=\"_new\" class=\"wiki-link\">CH<\/a><\/span>47<br class=\"charts-hm\"\/><span class=\"charts-mo\"> <\/span><span style=\"font-size:smaller;\">(2 Wo.)<\/span><span class=\"charts-mcb\">CH<\/span><\/td>\n<td><span class=\"charts-mc\"><a rel=\"mw:WikiLink\" href=\"https:\/\/de.wikipedia.org\/wiki\/Frankreich\" title=\"Frankreich\" target=\"_new\" class=\"wiki-link\">FR<\/a><\/span>4 <div class=\"charts-cc\"><div class=\"charts-c\"><span typeof=\"mw:File\"><span><img resource=\"https:\/\/de.wikipedia.org\/wiki\/Datei:Platinum_record_icon.svg\" src=\"https:\/\/thumb.wikimedia.org\/wikipedia\/commons\/thumb\/5\/5d\/Platinum_record_icon.svg\/20px-Platinum_record_icon.svg.png?utm_source=de.wikipedia.org&amp;utm_campaign=parser&amp;utm_content=thumbnail\" decoding=\"async\" loading=\"lazy\" alt=\"Platin\" data-file-type=\"drawing\" height=\"15\" width=\"15\" class=\"mw-file-element\"\/><\/span><\/span><\/div><span class=\"charts-ct\">Platin<i><\/i><\/span><\/div><br class=\"charts-hm\"\/><span class=\"charts-mo\"> <\/span><span style=\"font-size:smaller;\">(154 Wo.)<\/span><span class=\"charts-mcb\">FR<\/span><\/td>\n<td><span class=\"charts-mc\"><a rel=\"mw:WikiLink\" href=\"https:\/\/de.wikipedia.org\/wiki\/Musikcharts_in_Belgien\" title=\"Musikcharts in Belgien\" target=\"_new\" class=\"wiki-link\">BE<sup>W<\/sup><\/a><\/span>23<br class=\"charts-hm\"\/><span class=\"charts-mo\"> <\/span><span style=\"font-size:smaller;\">(24 Wo.)<\/span><span class=\"charts-mcb\">BE<sup>W<\/sup><\/span><\/td>\n<td class=\"charts-cm\"><div>\nErstver\u00f6ffentlichung: 2. Dezember 2022<br\/>Verk\u00e4ufe: + 100.000<\/div><\/td><\/tr>\n \n<\/tbody><\/table><span class=\"mw-empty-elt\" about=\"#mwt29\"><link rel=\"mw-deduplicated-inline-style\" href=\"mw-data:TemplateStyles:r261937660\" about=\"#mwt36\" typeof=\"mw:Extension\/templatestyles\" data-mw='{\"name\":\"templatestyles\",\"attrs\":{\"src\":\"FN\/styles.css\"}}'\/><\/span><div class=\"fussnoten-box\" about=\"#mwt29\" id=\"rdp-we-mwdg\">\n<div class=\"fussnoten-linie\" aria-hidden=\"true\" role=\"presentation\"><\/div>\n\n  <span class=\"mw-empty-elt\"><link rel=\"mw-deduplicated-inline-style\" href=\"mw-data:TemplateStyles:r261937660\" about=\"#mwt37\" typeof=\"mw:Extension\/templatestyles\" data-mw='{\"name\":\"templatestyles\",\"attrs\":{\"src\":\"FN\/styles.css\"}}'\/><\/span><div class=\"fussnoten-block\"><div class=\"fussnoten-inhalt references\"><sup class=\"fussnoten-marke mw-cite-backlink\" data-annotationpair-a=\"a\">a<\/sup><span typeof=\"mw:Entity\">\u00a0<\/span><div class=\"reference-text\"><i>Subliminal<\/i> erschien am 20. Mai 2013 mit 18 Songs. Die erweiterte Version <i>Subliminal: La face cach\u00e9e<\/i> mit 6 zus\u00e4tzlichen Songs wurde am 2. Dezember 2013 ver\u00f6ffentlicht. <i>Subliminal V2<\/i>, ver\u00f6ffentlicht im Jahre 2015, tauscht die Songs <i>\u00c0 la base<\/i> &amp; <i>Interlude<\/i> mit den Songs <i>Zombie<\/i> &amp; <i>Warano Style<\/i> von der erweiterten Version.<\/div><\/div><\/div><span class=\"mw-empty-elt\"><link rel=\"mw:PageProp\/Category\" href=\".\/Kategorie:MediaWiki:Gadget\/annotationPair\"\/><link rel=\"mw-deduplicated-inline-style\" href=\"mw-data:TemplateStyles:r261937660\" about=\"#mwt38\" typeof=\"mw:Extension\/templatestyles\" data-mw='{\"name\":\"templatestyles\",\"attrs\":{\"src\":\"FN\/styles.css\"}}'\/><\/span><div class=\"fussnoten-block\"><div class=\"fussnoten-inhalt references\"><sup class=\"fussnoten-marke mw-cite-backlink\" data-annotationpair-a=\"b\">b<\/sup><span typeof=\"mw:Entity\">\u00a0<\/span><div class=\"reference-text\"><i>Mon c\u0153ur avait raison<\/i> erschien am 28. August 2015 mit 26 Songs. Die Neuauflage <i>\u00c0 contrec\u0153ur<\/i> mit 13 bekannte + 7 zus\u00e4tzlichen Songs, wurde am 26. August 2016 ver\u00f6ffentlicht.<\/div><\/div><\/div><span class=\"mw-empty-elt\"><link rel=\"mw:PageProp\/Category\" href=\".\/Kategorie:MediaWiki:Gadget\/annotationPair\"\/><link rel=\"mw-deduplicated-inline-style\" href=\"mw-data:TemplateStyles:r261937660\" about=\"#mwt39\" typeof=\"mw:Extension\/templatestyles\" data-mw='{\"name\":\"templatestyles\",\"attrs\":{\"src\":\"FN\/styles.css\"}}'\/><\/span><div class=\"fussnoten-block\"><div class=\"fussnoten-inhalt references\"><sup class=\"fussnoten-marke mw-cite-backlink\" data-annotationpair-a=\"c\">c<\/sup><span typeof=\"mw:Entity\">\u00a0<\/span><div class=\"reference-text\"><i>Ceinture noire<\/i> erschien am 23. M\u00e4rz 2018 mit 40 Songs. Die erweiterte Version <i>Ceinture noire: Transcendance<\/i> mit 13 zus\u00e4tzlichen Songs wurde am 26. April 2019 ver\u00f6ffentlicht. <i>Ceinture noire: D\u00e9cennie<\/i>, ver\u00f6ffentlicht am 6. Dezember 2019, enth\u00e4lt noch einmal 4 weitere Songs.<\/div><\/div><\/div><span class=\"mw-empty-elt\"><link rel=\"mw:PageProp\/Category\" href=\".\/Kategorie:MediaWiki:Gadget\/annotationPair\"\/><link rel=\"mw-deduplicated-inline-style\" href=\"mw-data:TemplateStyles:r261937660\" about=\"#mwt40\" typeof=\"mw:Extension\/templatestyles\" data-mw='{\"name\":\"templatestyles\",\"attrs\":{\"src\":\"FN\/styles.css\"}}'\/><\/span><div class=\"fussnoten-block\"><div class=\"fussnoten-inhalt references\"><sup class=\"fussnoten-marke mw-cite-backlink\" data-annotationpair-a=\"d\">d<\/sup><span typeof=\"mw:Entity\">\u00a0<\/span><div class=\"reference-text\"><i>Le fl\u00e9au<\/i> erschien am 4. Dezember 2020 mit 17 Songs. Die erweiterte Version <i>Les vestiges du fl\u00e9au<\/i> mit 10 zus\u00e4tzlichen Songs wurde am 28. Mai 2021 ver\u00f6ffentlicht. <i>L\u2019empire de M\u00e9ro\u00e9<\/i>, ver\u00f6ffentlicht am 3. Dezember 2021, enth\u00e4lt noch einmal 5 weitere Songs.<\/div><\/div><\/div><span class=\"mw-empty-elt\"><link rel=\"mw:PageProp\/Category\" href=\".\/Kategorie:MediaWiki:Gadget\/annotationPair\"\/><\/span>\n\n<\/div>\n\n<\/section><section data-mw-section-id=\"4\" id=\"rdp-we-mwdw\" aria-labelledby=\"Weblinks\"><div class=\"mw-heading mw-heading2\"><h2 id=\"rdp-we-Weblinks\">Weblinks<\/h2><\/div>\n<div class=\"sisterproject\" style=\"margin:0.1em 0 0 0;\" about=\"#mwt41\" typeof=\"mw:Transclusion\" id=\"rdp-we-mweA\" data-mw='{\"parts\":[{\"template\":{\"target\":{\"wt\":\"Commonscat\",\"href\":\".\/Vorlage:Commonscat\"},\"params\":{\"audio\":{\"wt\":\"0\"},\"video\":{\"wt\":\"0\"}},\"i\":0}}]}'><div class=\"noresize noviewer\" style=\"display:inline-block; line-height:10px;min-width:1.6em; text-align:center;\" aria-hidden=\"true\" role=\"presentation\"><span typeof=\"mw:File\" data-mw='{\"caption\":\"Commons\"}'><span title=\"Commons\"><img resource=\"https:\/\/de.wikipedia.org\/wiki\/Datei:Commons-logo.svg\" src=\"https:\/\/thumb.wikimedia.org\/wikipedia\/commons\/thumb\/4\/4a\/Commons-logo.svg\/20px-Commons-logo.svg.png?utm_source=de.wikipedia.org&amp;utm_campaign=parser&amp;utm_content=thumbnail\" decoding=\"async\" loading=\"lazy\" alt=\"\" data-file-type=\"drawing\" height=\"16\" width=\"12\" class=\"mw-file-element\"\/><\/span><\/span><\/div><b><a rel=\"external_link\" href=\"https:\/\/commons.wikimedia.org\/wiki\/Category:Gims?uselang=de\" class=\"external text\" target=\"_new\"><span lang=\"en\">Commons<\/span>: Gims<\/a><\/b><span typeof=\"mw:Entity\">\u00a0<\/span>\u2013 Sammlung von Bildern<\/div>\n<ul id=\"rdp-we-mweQ\"><li id=\"rdp-we-mweg\"><a rel=\"external_link\" href=\"http:\/\/www.maitregims.com\/\" class=\"external text\" id=\"rdp-we-mwew\" target=\"_new\">Offizielle Website<\/a><\/li><\/ul>\n\n<\/section><section data-mw-section-id=\"5\" id=\"rdp-we-mwfA\" aria-labelledby=\"Einzelnachweise\"><div class=\"mw-heading mw-heading2\"><h2 id=\"rdp-we-Einzelnachweise\">Einzelnachweise<\/h2><\/div>\n<ol class=\"mw-references references\" typeof=\"mw:Extension\/references\" about=\"#mwt42\" id=\"rdp-we-mwfQ\" data-mw='{\"name\":\"references\",\"attrs\":{}}'><li about=\"#cite_note-1\" id=\"cite_note-1\" data-mw-footnote-number=\"1\"><span class=\"mw-cite-backlink\" id=\"rdp-we-mwfg\"><a href=\"#cite_ref-1\" rel=\"mw:referencedBy\" id=\"rdp-we-mwfw\"><span class=\"mw-linkback-text\" id=\"rdp-we-mwgA\">\u2191<\/span><\/a><\/span> <span id=\"rdp-we-mw-reference-text-cite_note-1\" class=\"mw-reference-text reference-text\"><span class=\"cite\" about=\"#mwt15\" typeof=\"mw:Transclusion\" id=\"rdp-we-mwgQ\" data-mw='{\"parts\":[{\"template\":{\"target\":{\"wt\":\"Internetquelle \",\"href\":\".\/Vorlage:Internetquelle\"},\"params\":{\"autor\":{\"wt\":\"Gian-Andrea Gottini\"},\"url\":{\"wt\":\"https:\/\/hiphop.de\/magazin\/hintergrund\/maitre-gims-ceinture-noire-40-neue-beweise-fuer-klasse-franzoesischen-superstars\"},\"titel\":{\"wt\":\"\\\"CEINTURE NOIRE\\\": MA\u00ceTRE GIMS ZEMENTIERT SEINEN STATUS ALS SUPERSTAR\"},\"hrsg\":{\"wt\":\"Hiphop.de\"},\"datum\":{\"wt\":\"2018-04-13\"},\"sprache\":{\"wt\":\"de\"},\"abruf\":{\"wt\":\"2024-04-19\"}},\"i\":0}}]}'>Gian-Andrea Gottini:<span typeof=\"mw:Entity\" id=\"rdp-we-mwgg\"> <\/span><a rel=\"external_link\" href=\"https:\/\/hiphop.de\/magazin\/hintergrund\/maitre-gims-ceinture-noire-40-neue-beweise-fuer-klasse-franzoesischen-superstars\" class=\"external text\" id=\"rdp-we-mwgw\" target=\"_new\"><i id=\"rdp-we-mwhA\">\"CEINTURE NOIRE\": MA\u00ceTRE GIMS ZEMENTIERT SEINEN STATUS ALS SUPERSTAR.<\/i><\/a><span typeof=\"mw:Entity\" id=\"rdp-we-mwhQ\"> <\/span>Hiphop.de,<span typeof=\"mw:Entity\" id=\"rdp-we-mwhg\"> <\/span>13.<span typeof=\"mw:Entity\" id=\"rdp-we-mwhw\">\u00a0<\/span>April 2018<span typeof=\"mw:Entity\" id=\"rdp-we-mwiA\">,<\/span><span class=\"Abrufdatum\" id=\"rdp-we-mwiQ\"><span typeof=\"mw:Entity\" id=\"rdp-we-mwig\"> <\/span>abgerufen am 19.<span typeof=\"mw:Entity\" id=\"rdp-we-mwiw\">\u00a0<\/span>April 2024<\/span>.<\/span><span style=\"display: none;\" class=\"Z3988\" title=\"ctx_ver=Z39.88-2004&amp;rft_val_fmt=info%3Aofi%2Ffmt%3Akev%3Amtx%3Adc&amp;rfr_id=info%3Asid%2Fde.wikipedia.org%3AGims&amp;rft.title=%22CEINTURE+NOIRE%22%3A+MA%C3%8ETRE+GIMS+ZEMENTIERT+SEINEN+STATUS+ALS+SUPERSTAR&amp;rft.description=%22CEINTURE+NOIRE%22%3A+MA%C3%8ETRE+GIMS+ZEMENTIERT+SEINEN+STATUS+ALS+SUPERSTAR&amp;rft.identifier=https%3A%2F%2Fhiphop.de%2Fmagazin%2Fhintergrund%2Fmaitre-gims-ceinture-noire-40-neue-beweise-fuer-klasse-franzoesischen-superstars&amp;rft.creator=Gian-Andrea+Gottini&amp;rft.publisher=Hiphop.de&amp;rft.date=2018-04-13&amp;rft.language=de\" about=\"#mwt15\" id=\"rdp-we-mwjA\"><span typeof=\"mw:Entity\" id=\"rdp-we-mwjQ\">\u00a0<\/span><\/span><\/span><\/li>\n<li about=\"#cite_note-2\" id=\"cite_note-2\" data-mw-footnote-number=\"2\"><span class=\"mw-cite-backlink\" id=\"rdp-we-mwjg\"><a href=\"#cite_ref-2\" rel=\"mw:referencedBy\" id=\"rdp-we-mwjw\"><span class=\"mw-linkback-text\" id=\"rdp-we-mwkA\">\u2191<\/span><\/a><\/span> <span id=\"rdp-we-mw-reference-text-cite_note-2\" class=\"mw-reference-text reference-text\"><span class=\"cite\" about=\"#mwt17\" typeof=\"mw:Transclusion\" id=\"rdp-we-mwkQ\" data-mw='{\"parts\":[{\"template\":{\"target\":{\"wt\":\"Internetquelle \",\"href\":\".\/Vorlage:Internetquelle\"},\"params\":{\"url\":{\"wt\":\"https:\/\/www.atlantico.fr\/atlantico-light\/3337328\/maitre-gims-s-est-vu-refuser-la-nationalite-francaise\"},\"titel\":{\"wt\":\"Ma\u00eetre Gims s&apos;est vu refuser la nationalit\u00e9 fran\u00e7aise\"},\"sprache\":{\"wt\":\"fr\"},\"abruf\":{\"wt\":\"2019-09-10\"}},\"i\":0}}]}'><a rel=\"external_link\" href=\"https:\/\/www.atlantico.fr\/atlantico-light\/3337328\/maitre-gims-s-est-vu-refuser-la-nationalite-francaise\" class=\"external text\" id=\"rdp-we-mwkg\" target=\"_new\"><i id=\"rdp-we-mwkw\">Ma\u00eetre Gims s'est vu refuser la nationalit\u00e9 fran\u00e7aise.<\/i><\/a><span class=\"Abrufdatum\" id=\"rdp-we-mwlA\"><span typeof=\"mw:Entity\" id=\"rdp-we-mwlQ\"> <\/span>Abgerufen am 10.<span typeof=\"mw:Entity\" id=\"rdp-we-mwlg\">\u00a0<\/span>September 2019<\/span><span typeof=\"mw:Entity\" id=\"rdp-we-mwlw\"> <\/span>(franz\u00f6sisch).<\/span><span style=\"display: none;\" class=\"Z3988\" title=\"ctx_ver=Z39.88-2004&amp;rft_val_fmt=info%3Aofi%2Ffmt%3Akev%3Amtx%3Adc&amp;rfr_id=info%3Asid%2Fde.wikipedia.org%3AGims&amp;rft.title=Ma%C3%AEtre+Gims+s%27est+vu+refuser+la+nationalit%C3%A9+fran%C3%A7aise&amp;rft.description=Ma%C3%AEtre+Gims+s%27est+vu+refuser+la+nationalit%C3%A9+fran%C3%A7aise&amp;rft.identifier=https%3A%2F%2Fwww.atlantico.fr%2Fatlantico-light%2F3337328%2Fmaitre-gims-s-est-vu-refuser-la-nationalite-francaise&amp;rft.language=fr\" about=\"#mwt17\" id=\"rdp-we-mwmA\"><span typeof=\"mw:Entity\" id=\"rdp-we-mwmQ\">\u00a0<\/span><\/span><\/span><\/li>\n<li about=\"#cite_note-3\" id=\"cite_note-3\" data-mw-footnote-number=\"3\"><span class=\"mw-cite-backlink\" id=\"rdp-we-mwmg\"><a href=\"#cite_ref-3\" rel=\"mw:referencedBy\" id=\"rdp-we-mwmw\"><span class=\"mw-linkback-text\" id=\"rdp-we-mwnA\">\u2191<\/span><\/a><\/span> <span id=\"rdp-we-mw-reference-text-cite_note-3\" class=\"mw-reference-text reference-text\"><span class=\"cite\" about=\"#mwt19\" typeof=\"mw:Transclusion\" id=\"rdp-we-mwnQ\" data-mw='{\"parts\":[{\"template\":{\"target\":{\"wt\":\"Internetquelle \",\"href\":\".\/Vorlage:Internetquelle\"},\"params\":{\"autor\":{\"wt\":\"M\u00e9lanie Faure\"},\"url\":{\"wt\":\"https:\/\/www.closermag.fr\/people\/info-closer-l-etonnante-raison-pour-laquelle-maitre-gims-s-est-vu-refuser-la-nat-795159\"},\"titel\":{\"wt\":\"L&apos;\u00e9tonnante raison pour laquelle Ma\u00eetre Gims s&apos;est vu refuser la nationalit\u00e9 fran\u00e7aise\"},\"werk\":{\"wt\":\"closermag.fr\"},\"hrsg\":{\"wt\":\"Reworld Media\"},\"datum\":{\"wt\":\"2018-03-29\"},\"sprache\":{\"wt\":\"fr\"},\"abruf\":{\"wt\":\"2019-09-10\"}},\"i\":0}}]}'>M\u00e9lanie Faure:<span typeof=\"mw:Entity\" id=\"rdp-we-mwng\"> <\/span><a rel=\"external_link\" href=\"https:\/\/www.closermag.fr\/people\/info-closer-l-etonnante-raison-pour-laquelle-maitre-gims-s-est-vu-refuser-la-nat-795159\" class=\"external text\" id=\"rdp-we-mwnw\" target=\"_new\"><i id=\"rdp-we-mwoA\">L'\u00e9tonnante raison pour laquelle Ma\u00eetre Gims s'est vu refuser la nationalit\u00e9 fran\u00e7aise.<\/i><\/a><span typeof=\"mw:Entity\" id=\"rdp-we-mwoQ\"> <\/span>In:<span typeof=\"mw:Entity\" id=\"rdp-we-mwog\"> <\/span><i id=\"rdp-we-mwow\">closermag.fr.<\/i><span typeof=\"mw:Entity\" id=\"rdp-we-mwpA\"> <\/span>Reworld Media,<span typeof=\"mw:Entity\" id=\"rdp-we-mwpQ\"> <\/span>29.<span typeof=\"mw:Entity\" id=\"rdp-we-mwpg\">\u00a0<\/span>M\u00e4rz 2018<span typeof=\"mw:Entity\" id=\"rdp-we-mwpw\">,<\/span><span class=\"Abrufdatum\" id=\"rdp-we-mwqA\"><span typeof=\"mw:Entity\" id=\"rdp-we-mwqQ\"> <\/span>abgerufen am 10.<span typeof=\"mw:Entity\" id=\"rdp-we-mwqg\">\u00a0<\/span>September 2019<\/span><span typeof=\"mw:Entity\" id=\"rdp-we-mwqw\"> <\/span>(franz\u00f6sisch).<\/span><span style=\"display: none;\" class=\"Z3988\" title=\"ctx_ver=Z39.88-2004&amp;rft_val_fmt=info%3Aofi%2Ffmt%3Akev%3Amtx%3Adc&amp;rfr_id=info%3Asid%2Fde.wikipedia.org%3AGims&amp;rft.title=L%27%C3%A9tonnante+raison+pour+laquelle+Ma%C3%AEtre+Gims+s%27est+vu+refuser+la+nationalit%C3%A9+fran%C3%A7aise&amp;rft.description=L%27%C3%A9tonnante+raison+pour+laquelle+Ma%C3%AEtre+Gims+s%27est+vu+refuser+la+nationalit%C3%A9+fran%C3%A7aise&amp;rft.identifier=https%3A%2F%2Fwww.closermag.fr%2Fpeople%2Finfo-closer-l-etonnante-raison-pour-laquelle-maitre-gims-s-est-vu-refuser-la-nat-795159&amp;rft.creator=M%C3%A9lanie+Faure&amp;rft.publisher=Reworld+Media&amp;rft.date=2018-03-29&amp;rft.language=fr\" about=\"#mwt19\" id=\"rdp-we-mwrA\"><span typeof=\"mw:Entity\" id=\"rdp-we-mwrQ\">\u00a0<\/span><\/span><\/span><\/li>\n<li about=\"#cite_note-4\" id=\"cite_note-4\" data-mw-footnote-number=\"4\"><span class=\"mw-cite-backlink\" id=\"rdp-we-mwrg\"><a href=\"#cite_ref-4\" rel=\"mw:referencedBy\" id=\"rdp-we-mwrw\"><span class=\"mw-linkback-text\" id=\"rdp-we-mwsA\">\u2191<\/span><\/a><\/span> <span id=\"rdp-we-mw-reference-text-cite_note-4\" class=\"mw-reference-text reference-text\"><span class=\"cite\" about=\"#mwt21\" typeof=\"mw:Transclusion\" id=\"rdp-we-mwsQ\" data-mw='{\"parts\":[{\"template\":{\"target\":{\"wt\":\"Internetquelle \",\"href\":\".\/Vorlage:Internetquelle\"},\"params\":{\"url\":{\"wt\":\"https:\/\/www.rtl.fr\/culture\/medias-people\/apres-la-victoire-de-donald-trump-maitre-gims-arrete-la-musique-7785675987\"},\"titel\":{\"wt\":\"Apr\u00e8s la victoire de Donald Trump, Ma\u00eetre Gims fait une mauvaise blague\"},\"sprache\":{\"wt\":\"fr\"},\"abruf\":{\"wt\":\"2019-09-10\"}},\"i\":0}}]}'><a rel=\"external_link\" href=\"https:\/\/www.rtl.fr\/culture\/medias-people\/apres-la-victoire-de-donald-trump-maitre-gims-arrete-la-musique-7785675987\" class=\"external text\" id=\"rdp-we-mwsg\" target=\"_new\"><i id=\"rdp-we-mwsw\">Apr\u00e8s la victoire de Donald Trump, Ma\u00eetre Gims fait une mauvaise blague.<\/i><\/a><span class=\"Abrufdatum\" id=\"rdp-we-mwtA\"><span typeof=\"mw:Entity\" id=\"rdp-we-mwtQ\"> <\/span>Abgerufen am 10.<span typeof=\"mw:Entity\" id=\"rdp-we-mwtg\">\u00a0<\/span>September 2019<\/span><span typeof=\"mw:Entity\" id=\"rdp-we-mwtw\"> <\/span>(franz\u00f6sisch).<\/span><span style=\"display: none;\" class=\"Z3988\" title=\"ctx_ver=Z39.88-2004&amp;rft_val_fmt=info%3Aofi%2Ffmt%3Akev%3Amtx%3Adc&amp;rfr_id=info%3Asid%2Fde.wikipedia.org%3AGims&amp;rft.title=Apr%C3%A8s+la+victoire+de+Donald+Trump%2C+Ma%C3%AEtre+Gims+fait+une+mauvaise+blague&amp;rft.description=Apr%C3%A8s+la+victoire+de+Donald+Trump%2C+Ma%C3%AEtre+Gims+fait+une+mauvaise+blague&amp;rft.identifier=https%3A%2F%2Fwww.rtl.fr%2Fculture%2Fmedias-people%2Fapres-la-victoire-de-donald-trump-maitre-gims-arrete-la-musique-7785675987&amp;rft.language=fr\" about=\"#mwt21\" id=\"rdp-we-mwuA\"><span typeof=\"mw:Entity\" id=\"rdp-we-mwuQ\">\u00a0<\/span><\/span><\/span><\/li>\n<li about=\"#cite_note-5\" id=\"cite_note-5\" data-mw-footnote-number=\"5\"><span class=\"mw-cite-backlink\" id=\"rdp-we-mwug\"><a href=\"#cite_ref-5\" rel=\"mw:referencedBy\" id=\"rdp-we-mwuw\"><span class=\"mw-linkback-text\" id=\"rdp-we-mwvA\">\u2191<\/span><\/a><\/span> <span id=\"rdp-we-mw-reference-text-cite_note-5\" class=\"mw-reference-text reference-text\"><span class=\"cite\" about=\"#mwt23\" typeof=\"mw:Transclusion\" id=\"rdp-we-mwvQ\" data-mw='{\"parts\":[{\"template\":{\"target\":{\"wt\":\"Internetquelle \",\"href\":\".\/Vorlage:Internetquelle\"},\"params\":{\"url\":{\"wt\":\"https:\/\/www.raprnb.com\/2019\/04\/26\/gims-transcendance-reedition-ceinture-noire\/\"},\"titel\":{\"wt\":\"Gims l\u00e2che Transcendance, la r\u00e9\u00e9dition de Ceinture Noire &amp;#91;Sons&amp;#93;\"},\"werk\":{\"wt\":\"RAPRNB\"},\"datum\":{\"wt\":\"2019-04-25\"},\"sprache\":{\"wt\":\"fr\"},\"abruf\":{\"wt\":\"2019-09-10\"}},\"i\":0}}]}'><a rel=\"external_link\" href=\"https:\/\/www.raprnb.com\/2019\/04\/26\/gims-transcendance-reedition-ceinture-noire\/\" class=\"external text\" id=\"rdp-we-mwvg\" target=\"_new\"><i id=\"rdp-we-mwvw\">Gims l\u00e2che Transcendance, la r\u00e9\u00e9dition de Ceinture Noire <span typeof=\"mw:Entity\" id=\"rdp-we-mwwA\">[<\/span>Sons<span typeof=\"mw:Entity\" id=\"rdp-we-mwwQ\">]<\/span>.<\/i><\/a><span typeof=\"mw:Entity\" id=\"rdp-we-mwwg\"> <\/span>In:<span typeof=\"mw:Entity\" id=\"rdp-we-mwww\"> <\/span><i id=\"rdp-we-mwxA\">RAPRNB.<\/i><span typeof=\"mw:Entity\" id=\"rdp-we-mwxQ\"> <\/span>25.<span typeof=\"mw:Entity\" id=\"rdp-we-mwxg\">\u00a0<\/span>April 2019<span typeof=\"mw:Entity\" id=\"rdp-we-mwxw\">,<\/span><span class=\"Abrufdatum\" id=\"rdp-we-mwyA\"><span typeof=\"mw:Entity\" id=\"rdp-we-mwyQ\"> <\/span>abgerufen am 10.<span typeof=\"mw:Entity\" id=\"rdp-we-mwyg\">\u00a0<\/span>September 2019<\/span><span typeof=\"mw:Entity\" id=\"rdp-we-mwyw\"> <\/span>(franz\u00f6sisch).<\/span><span style=\"display: none;\" class=\"Z3988\" title=\"ctx_ver=Z39.88-2004&amp;rft_val_fmt=info%3Aofi%2Ffmt%3Akev%3Amtx%3Adc&amp;rfr_id=info%3Asid%2Fde.wikipedia.org%3AGims&amp;rft.title=Gims+l%C3%A2che+Transcendance%2C+la+r%C3%A9%C3%A9dition+de+Ceinture+Noire+%26%2391%3BSons%26%2393%3B&amp;rft.description=Gims+l%C3%A2che+Transcendance%2C+la+r%C3%A9%C3%A9dition+de+Ceinture+Noire+%26%2391%3BSons%26%2393%3B&amp;rft.identifier=https%3A%2F%2Fwww.raprnb.com%2F2019%2F04%2F26%2Fgims-transcendance-reedition-ceinture-noire%2F&amp;rft.date=2019-04-25&amp;rft.language=fr\" about=\"#mwt23\" id=\"rdp-we-mwzA\"><span typeof=\"mw:Entity\" id=\"rdp-we-mwzQ\">\u00a0<\/span><\/span><\/span><\/li>\n<li about=\"#cite_note-6\" id=\"cite_note-6\" data-mw-footnote-number=\"6\"><span class=\"mw-cite-backlink\" id=\"rdp-we-mwzg\"><a href=\"#cite_ref-6\" rel=\"mw:referencedBy\" id=\"rdp-we-mwzw\"><span class=\"mw-linkback-text\" id=\"rdp-we-mw0A\">\u2191<\/span><\/a><\/span> <span id=\"rdp-we-mw-reference-text-cite_note-6\" class=\"mw-reference-text reference-text\"><span class=\"cite\" about=\"#mwt25\" typeof=\"mw:Transclusion\" id=\"rdp-we-mw0Q\" data-mw='{\"parts\":[{\"template\":{\"target\":{\"wt\":\"Internetquelle \",\"href\":\".\/Vorlage:Internetquelle\"},\"params\":{\"autor\":{\"wt\":\"C. \u00e0 vous\"},\"url\":{\"wt\":\"https:\/\/twitter.com\/cavousf5\/status\/1092499939442282496\"},\"titel\":{\"wt\":\"Ne l\u2019appelez plus Ma\u00eetre !\"},\"titelerg\":{\"wt\":\"@MaitreGIMS explique pourquoi il a d\u00e9cid\u00e9 de changer de nom. #C\u00e0Vouspic.twitter.com\/pclBqNeyLD\"},\"hrsg\":{\"wt\":\"Twitter\"},\"datum\":{\"wt\":\"2019-02-04\"},\"sprache\":{\"wt\":\"fr\"},\"abruf\":{\"wt\":\"2019-09-10\"}},\"i\":0}}]}'>C. \u00e0 vous:<span typeof=\"mw:Entity\" id=\"rdp-we-mw0g\"> <\/span><a rel=\"external_link\" href=\"https:\/\/twitter.com\/cavousf5\/status\/1092499939442282496\" class=\"external text\" id=\"rdp-we-mw0w\" target=\"_new\"><i id=\"rdp-we-mw1A\">Ne l\u2019appelez plus Ma\u00eetre<span typeof=\"mw:DisplaySpace\" id=\"rdp-we-mw1Q\">\u00a0<\/span>!<\/i><\/a><span typeof=\"mw:Entity\" id=\"rdp-we-mw1g\"> <\/span>@MaitreGIMS explique pourquoi il a d\u00e9cid\u00e9 de changer de nom. #C\u00e0Vouspic.twitter.com\/pclBqNeyLD.<span typeof=\"mw:Entity\" id=\"rdp-we-mw1w\"> <\/span>Twitter,<span typeof=\"mw:Entity\" id=\"rdp-we-mw2A\"> <\/span>4.<span typeof=\"mw:Entity\" id=\"rdp-we-mw2Q\">\u00a0<\/span>Februar 2019<span typeof=\"mw:Entity\" id=\"rdp-we-mw2g\">,<\/span><span class=\"Abrufdatum\" id=\"rdp-we-mw2w\"><span typeof=\"mw:Entity\" id=\"rdp-we-mw3A\"> <\/span>abgerufen am 10.<span typeof=\"mw:Entity\" id=\"rdp-we-mw3Q\">\u00a0<\/span>September 2019<\/span><span typeof=\"mw:Entity\" id=\"rdp-we-mw3g\"> <\/span>(franz\u00f6sisch).<\/span><span style=\"display: none;\" class=\"Z3988\" title=\"ctx_ver=Z39.88-2004&amp;rft_val_fmt=info%3Aofi%2Ffmt%3Akev%3Amtx%3Adc&amp;rfr_id=info%3Asid%2Fde.wikipedia.org%3AGims&amp;rft.title=Ne+l%E2%80%99appelez+plus+Ma%C3%AEtre+%21&amp;rft.description=Ne+l%E2%80%99appelez+plus+Ma%C3%AEtre+%21&amp;rft.identifier=https%3A%2F%2Ftwitter.com%2Fcavousf5%2Fstatus%2F1092499939442282496&amp;rft.creator=C.+%C3%A0+vous&amp;rft.publisher=Twitter&amp;rft.date=2019-02-04&amp;rft.language=fr\" about=\"#mwt25\" id=\"rdp-we-mw3w\"><span typeof=\"mw:Entity\" id=\"rdp-we-mw4A\">\u00a0<\/span><\/span><\/span><\/li>\n<li about=\"#cite_note-7\" id=\"cite_note-7\" data-mw-footnote-number=\"7\"><span class=\"mw-cite-backlink\" id=\"rdp-we-mw4Q\"><a href=\"#cite_ref-7\" rel=\"mw:referencedBy\" id=\"rdp-we-mw4g\"><span class=\"mw-linkback-text\" id=\"rdp-we-mw4w\">\u2191<\/span><\/a><\/span> <span id=\"rdp-we-mw-reference-text-cite_note-7\" class=\"mw-reference-text reference-text\"><span class=\"cite\" about=\"#mwt27\" typeof=\"mw:Transclusion\" id=\"rdp-we-mw5A\" data-mw='{\"parts\":[{\"template\":{\"target\":{\"wt\":\"Internetquelle \",\"href\":\".\/Vorlage:Internetquelle\"},\"params\":{\"url\":{\"wt\":\"https:\/\/www.imdb.com\/title\/tt12982218\/\"},\"titel\":{\"wt\":\"GIMS: On the Record (2020)\"},\"sprache\":{\"wt\":\"en-US\"},\"abruf\":{\"wt\":\"2021-06-19\"}},\"i\":0}}]}'><a rel=\"external_link\" href=\"https:\/\/www.imdb.com\/title\/tt12982218\/\" class=\"external text\" id=\"rdp-we-mw5Q\" target=\"_new\"><i id=\"rdp-we-mw5g\">GIMS: On the Record (2020).<\/i><\/a><span class=\"Abrufdatum\" id=\"rdp-we-mw5w\"><span typeof=\"mw:Entity\" id=\"rdp-we-mw6A\"> <\/span>Abgerufen am 19.<span typeof=\"mw:Entity\" id=\"rdp-we-mw6Q\">\u00a0<\/span>Juni 2021<\/span><span typeof=\"mw:Entity\" id=\"rdp-we-mw6g\"> <\/span>(amerikanisches Englisch).<\/span><span style=\"display: none;\" class=\"Z3988\" title=\"ctx_ver=Z39.88-2004&amp;rft_val_fmt=info%3Aofi%2Ffmt%3Akev%3Amtx%3Adc&amp;rfr_id=info%3Asid%2Fde.wikipedia.org%3AGims&amp;rft.title=GIMS%3A+On+the+Record+%282020%29&amp;rft.description=GIMS%3A+On+the+Record+%282020%29&amp;rft.identifier=https%3A%2F%2Fwww.imdb.com%2Ftitle%2Ftt12982218%2F&amp;rft.language=en-US\" about=\"#mwt27\" id=\"rdp-we-mw6w\"><span typeof=\"mw:Entity\" id=\"rdp-we-mw7A\">\u00a0<\/span><\/span><\/span><\/li>\n<\/ol>\n\n<div class=\"hintergrundfarbe1 rahmenfarbe1 navigation-not-searchable  normdaten-typ-p\" style=\"border-style: solid; border-width: 1px; clear: left;   margin-bottom:1em; margin-top:1em; padding: 0.25em; overflow: hidden; word-break: break-word; word-wrap: break-word; \" id=\"rdp-we-normdaten\" about=\"#mwt43\" typeof=\"mw:Transclusion\" data-mw='{\"parts\":[{\"template\":{\"target\":{\"wt\":\"Normdaten\",\"href\":\".\/Vorlage:Normdaten\"},\"params\":{\"TYP\":{\"wt\":\"p\"},\"GND\":{\"wt\":\"1079148825\"},\"LCCN\":{\"wt\":\"no2021050854\"},\"VIAF\":{\"wt\":\"305992719\"}},\"i\":0}}]}'>\n<div style=\"display: table-cell; vertical-align: middle; width: 100%;\">\n<div>\nNormdaten<span typeof=\"mw:Entity\">\u00a0<\/span>(Person): <a rel=\"mw:WikiLink\" href=\"https:\/\/de.wikipedia.org\/wiki\/Gemeinsame_Normdatei\" title=\"Gemeinsame Normdatei\" target=\"_new\" class=\"wiki-link\">GND<\/a>: <span class=\"plainlinks-print\"><a rel=\"external_link\" href=\"https:\/\/d-nb.info\/gnd\/1079148825\" class=\"external text\" target=\"_new\">1079148825<\/a><\/span> <span class=\"noprint\"> (<a rel=\"external_link\" href=\"https:\/\/lobid.org\/gnd\/1079148825\" class=\"external text\" target=\"_new\">lobid<\/a>, <a rel=\"external_link\" href=\"https:\/\/explore.gnd.network\/gnd\/1079148825\" class=\"external text\" target=\"_new\">GND Explorer<\/a>, <a rel=\"external_link\" href=\"https:\/\/swb.bsz-bw.de\/DB=2.104\/SET=1\/TTL=1\/CMD?retrace=0&trm_old=&ACT=SRCHA&IKT=2999&SRT=RLV&TRM=1079148825\" class=\"external text\" target=\"_new\">OGND<\/a><span class=\"metadata\">, <a rel=\"external_link\" href=\"https:\/\/prometheus.lmu.de\/gnd\/1079148825\" class=\"external text\" target=\"_new\">AKS<\/a><\/span>)<\/span>  <span typeof=\"mw:Entity\">|<\/span> <a rel=\"mw:WikiLink\" href=\"https:\/\/de.wikipedia.org\/wiki\/Library_of_Congress_Control_Number\" title=\"Library of Congress Control Number\" target=\"_new\" class=\"wiki-link\">LCCN<\/a>: <span class=\"plainlinks-print\"><a rel=\"external_link\" href=\"https:\/\/id.loc.gov\/authorities\/no2021050854\" class=\"external text\" target=\"_new\">no2021050854<\/a><\/span>  <span typeof=\"mw:Entity\">|<\/span> <a rel=\"mw:WikiLink\" href=\"https:\/\/de.wikipedia.org\/wiki\/Virtual_International_Authority_File\" title=\"Virtual International Authority File\" target=\"_new\" class=\"wiki-link\">VIAF<\/a>: <span class=\"plainlinks-print\"><a rel=\"external_link\" href=\"https:\/\/viaf.org\/viaf\/305992719\/\" class=\"external text\" target=\"_new\">305992719<\/a><\/span> <span typeof=\"mw:Entity\">|<\/span> <span class=\"noprint\"><a rel=\"external_link\" href=\"https:\/\/persondata.toolforge.org\/p\/Gims\" class=\"external text\" target=\"_new\">Wikipedia-Personensuche<\/a><\/span><span class=\"metadata\"><\/span><\/div>\n<\/div><\/div>\n\n<link rel=\"mw:PageProp\/Category\" href=\".\/Kategorie:Rapper\" id=\"rdp-we-mw7Q\"\/>\n<link rel=\"mw:PageProp\/Category\" href=\".\/Kategorie:Pseudonym\" id=\"rdp-we-mw7g\"\/>\n<link rel=\"mw:PageProp\/Category\" href=\".\/Kategorie:Franzose\" id=\"rdp-we-mw7w\"\/>\n<link rel=\"mw:PageProp\/Category\" href=\".\/Kategorie:Geboren_1986\" id=\"rdp-we-mw8A\"\/>\n<link rel=\"mw:PageProp\/Category\" href=\".\/Kategorie:Mann\" id=\"rdp-we-mw8Q\"\/>\n\n<table class=\"metadata rahmenfarbe1\" id=\"rdp-we-Vorlage_Personendaten\" style=\"border-style: solid; margin-top: 20px;\" about=\"#mwt44\" typeof=\"mw:Transclusion\" data-mw='{\"parts\":[{\"template\":{\"target\":{\"wt\":\"Personendaten\\n\",\"href\":\".\/Vorlage:Personendaten\"},\"params\":{\"NAME\":{\"wt\":\"Gims\"},\"ALTERNATIVNAMEN\":{\"wt\":\"Djuna, Gandhi (wirklicher Name); Ma\u00eetre Gims\"},\"KURZBESCHREIBUNG\":{\"wt\":\"franz\u00f6sischer Rapper\"},\"GEBURTSDATUM\":{\"wt\":\"6. Mai 1986\"},\"GEBURTSORT\":{\"wt\":\"[[Kinshasa]], [[Zaire]]\"},\"STERBEDATUM\":{\"wt\":\"\"},\"STERBEORT\":{\"wt\":\"\"}},\"i\":0}}]}'>\n<tbody><tr><th colspan=\"2\"><a rel=\"mw:WikiLink\" href=\"https:\/\/de.wikipedia.org\/wiki\/Hilfe:Personendaten\" title=\"Hilfe:Personendaten\" target=\"_new\" class=\"wiki-link\">Personendaten<\/a><\/th><\/tr>\n<tr>\n<td style=\"color: #aaa;\">NAME<\/td>\n<td style=\"font-weight: bold;\">Gims<\/td><\/tr>\n<tr>\n<td style=\"color: #aaa;\">ALTERNATIVNAMEN<\/td>\n<td>Djuna, Gandhi (wirklicher Name); Ma\u00eetre Gims<\/td><\/tr>\n<tr>\n<td style=\"color: #aaa;\">KURZBESCHREIBUNG<\/td>\n<td>franz\u00f6sischer Rapper<\/td><\/tr>\n<tr>\n<td style=\"color: #aaa;\">GEBURTSDATUM<\/td>\n<td>6. Mai 1986<\/td><\/tr>\n<tr>\n<td style=\"color: #aaa;\">GEBURTSORT<\/td>\n<td><a rel=\"mw:WikiLink\" href=\"https:\/\/de.wikipedia.org\/wiki\/Kinshasa\" title=\"Kinshasa\" target=\"_new\" class=\"wiki-link\">Kinshasa<\/a>, <a rel=\"mw:WikiLink\" href=\"https:\/\/de.wikipedia.org\/wiki\/Zaire\" title=\"Zaire\" target=\"_new\" class=\"wiki-link\">Zaire<\/a><\/td><\/tr>\n\n\n\n\n<\/tbody><\/table><\/section>\n<!-- \nNewPP limit report\nParsed by mw\u2010web.eqiad.main\u20105fd44845f9\u20104qrsj\nCached time: 20260901200818\nCache expiry: 2592000\nReduced expiry: false\nComplications: [show\u2010toc, use\u2010parsoid]\nCPU time usage: 0.939 seconds\nReal time usage: 1.043 seconds\nPreprocessor visited node count: 3825\/1000000\nRevision size: 7256\/2097152 bytes\nPost\u2010expand include size: 111034\/2097152 bytes\nTemplate argument size: 15753\/2097152 bytes\nHighest expansion depth: 17\/100\nExpensive parser function count: 4\/500\nUnstrip recursion depth: 0\/20\nUnstrip post\u2010expand size: 46382\/5000000 bytes\nLua time usage: 0.163\/10.000 seconds\nLua memory usage: 4009248\/52428800 bytes\nNumber of Wikibase entities loaded: 1\/500\n-->\n<!--\nTransclusion expansion time report (%,ms,calls,template)\n100.00%  790.746      1 -total\n 24.01%  189.882      7 Vorlage:Internetquelle\n 15.67%  123.873      1 Vorlage:Eingebundene_Diskografie\n 14.82%  117.185      1 Gims\/Diskografie\n  9.91%   78.364      1 Vorlage:Charttabelle\n  5.87%   46.384      6 Vorlage:Charteintrag\n  4.48%   35.459      1 Vorlage:Normdaten\n  4.34%   34.279      1 Vorlage:FNBox\n  4.00%   31.637      4 Vorlage:FNZ\n  3.20%   25.323      1 Vorlage:Commonscat\n-->\n\n<!-- Render ID df51e667-a640-11f1-950d-d9e4b414ac22 -->\n\n<!-- Saved in parser cache with key dewiki:stable-parsoid-pcache:7738015:|#|:idhash:useParsoid=1 and timestamp 20260901200818 and revision id 266481585. Rendering was triggered because: unknown\n -->\n\n<!-- Parsoid 0.24.0.0-alpha21 -->\n<\/div><!--\nPost\u2010processing cache key dewiki:stable\u2010parsoid\u2010pcache\u2010postproc:7738015:|#|:idhash:injectTOC=0!postproc=1!skin=vector\u20102022!useParsoid=1, generated at 20260901200818\n--><noscript><img loading=\"lazy\" decoding=\"async\" src=\"https:\/\/de.wikipedia.org\/wiki\/Special:CentralAutoLogin\/start?useformat=desktop&amp;type=1x1&amp;usesul3=1\" alt=\"\" width=\"1\" height=\"1\" style=\"border: none; position: absolute;\"><\/noscript>\n<div class=\"printfooter\" data-nosnippet=\"\">Quelle:  <a rel=\"external_link\" class=\"external\" href=\"https:\/\/de.wikipedia.org\/wiki\/Ma%C3%AEtre_Gims\">https:\/\/de.wikipedia.org\/wiki\/Ma%C3%AEtre_Gims<\/a><\/div><\/div>\n\t\t\t\t\t\n\t\t\t\t<\/div>\n\t\t\t<\/main>\n\t\t\t\n\t\t<\/div>\n\t\t<div class=\"mw-footer-container\">\n\t\t\t\n\t\t<\/div>\n\t<\/div> \n<\/div> \n\n<div class=\"mw-portlet mw-portlet-dock-bottom emptyPortlet\" id=\"rdp-we-p-dock-bottom\">\n\t<ul>\n\t\t\n\t<\/ul>\n<\/div>\n\n\n<\/div><!-- #rdp-we-main -->\n\n\t\t<\/div>\n\t<\/div>\n<\/div><\/div><\/div><\/div>\n<\/section>","protected":false},"excerpt":{"rendered":"<p>Gims Ma\u00eetre Gims (2016) Gandhi Bilal Djuna [g\u00e3di bil\u025bl d\u0292una] (* 6. Mai 1986 in Kinshasa, Zaire; bekannt unter seinem K\u00fcnstlernamen Gims, fr\u00fcher auch Ma\u00eetre Gims [m\u025bt\u0281\u0259 gims]) ist ein kongolesischer Rapper und S\u00e4nger. Er war Mitglied der Gruppe Sexion d\u2019Assaut. Zu seinen bekanntesten Titeln als Solok\u00fcnstler z\u00e4hlen J\u2019me tire, Bella, Est-ce que tu m\u2019aimes?&hellip;<\/p>","protected":false},"author":1,"featured_media":56724,"comment_status":"closed","ping_status":"closed","template":"","dt_portfolio_category":[526],"dt_portfolio_tags":[],"class_list":["post-56723","dt_portfolio","type-dt_portfolio","status-publish","has-post-thumbnail","hentry","dt_portfolio_category-france","dt_portfolio_category-526","description-off"],"yoast_head":"<!-- This site is optimized with the Yoast SEO plugin v28.4 - https:\/\/yoast.com\/product\/yoast-seo-wordpress\/ -->\n<title>Ma\u00eetre Gims - Access all artists<\/title>\n<meta name=\"robots\" content=\"index, follow, max-snippet:-1, max-image-preview:large, max-video-preview:-1\" \/>\n<link rel=\"canonical\" href=\"https:\/\/accessallartists.de\/en\/artists\/maitre-gims\/\" \/>\n<meta property=\"og:locale\" content=\"en_US\" \/>\n<meta property=\"og:type\" content=\"article\" \/>\n<meta property=\"og:title\" content=\"Ma\u00eetre Gims - Access all artists\" \/>\n<meta property=\"og:url\" content=\"https:\/\/accessallartists.de\/en\/artists\/maitre-gims\/\" \/>\n<meta property=\"og:site_name\" content=\"Access all artists\" \/>\n<meta property=\"article:publisher\" content=\"http:\/\/www.facebook.com\/aaa_accessallartists\" \/>\n<meta property=\"article:modified_time\" content=\"2023-03-04T14:34:54+00:00\" \/>\n<meta property=\"og:image\" content=\"https:\/\/accessallartists.de\/wp-content\/uploads\/2023\/03\/Maitre-Gims.jpg\" \/>\n\t<meta property=\"og:image:width\" content=\"1086\" \/>\n\t<meta property=\"og:image:height\" content=\"1400\" \/>\n\t<meta property=\"og:image:type\" content=\"image\/jpeg\" \/>\n<meta name=\"twitter:card\" content=\"summary_large_image\" \/>\n<meta name=\"twitter:site\" content=\"@accesallartists\" \/>\n<script type=\"application\/ld+json\" class=\"yoast-schema-graph\">{\"@context\":\"https:\\\/\\\/schema.org\",\"@graph\":[{\"@type\":\"WebPage\",\"@id\":\"https:\\\/\\\/accessallartists.de\\\/artists\\\/maitre-gims\\\/\",\"url\":\"https:\\\/\\\/accessallartists.de\\\/artists\\\/maitre-gims\\\/\",\"name\":\"Ma\u00eetre Gims - Access all artists\",\"isPartOf\":{\"@id\":\"https:\\\/\\\/accessallartists.de\\\/#website\"},\"primaryImageOfPage\":{\"@id\":\"https:\\\/\\\/accessallartists.de\\\/artists\\\/maitre-gims\\\/#primaryimage\"},\"image\":{\"@id\":\"https:\\\/\\\/accessallartists.de\\\/artists\\\/maitre-gims\\\/#primaryimage\"},\"thumbnailUrl\":\"https:\\\/\\\/accessallartists.de\\\/wp-content\\\/uploads\\\/2023\\\/03\\\/Maitre-Gims.jpg\",\"datePublished\":\"2023-03-04T14:34:48+00:00\",\"dateModified\":\"2023-03-04T14:34:54+00:00\",\"breadcrumb\":{\"@id\":\"https:\\\/\\\/accessallartists.de\\\/artists\\\/maitre-gims\\\/#breadcrumb\"},\"inLanguage\":\"en-US\",\"potentialAction\":[{\"@type\":\"ReadAction\",\"target\":[\"https:\\\/\\\/accessallartists.de\\\/artists\\\/maitre-gims\\\/\"]}]},{\"@type\":\"ImageObject\",\"inLanguage\":\"en-US\",\"@id\":\"https:\\\/\\\/accessallartists.de\\\/artists\\\/maitre-gims\\\/#primaryimage\",\"url\":\"https:\\\/\\\/accessallartists.de\\\/wp-content\\\/uploads\\\/2023\\\/03\\\/Maitre-Gims.jpg\",\"contentUrl\":\"https:\\\/\\\/accessallartists.de\\\/wp-content\\\/uploads\\\/2023\\\/03\\\/Maitre-Gims.jpg\",\"width\":1086,\"height\":1400},{\"@type\":\"BreadcrumbList\",\"@id\":\"https:\\\/\\\/accessallartists.de\\\/artists\\\/maitre-gims\\\/#breadcrumb\",\"itemListElement\":[{\"@type\":\"ListItem\",\"position\":1,\"name\":\"Startseite\",\"item\":\"https:\\\/\\\/accessallartists.de\\\/\"},{\"@type\":\"ListItem\",\"position\":2,\"name\":\"Portfolio\",\"item\":\"https:\\\/\\\/accessallartists.de\\\/artists\\\/\"},{\"@type\":\"ListItem\",\"position\":3,\"name\":\"Ma\u00eetre Gims\"}]},{\"@type\":\"WebSite\",\"@id\":\"https:\\\/\\\/accessallartists.de\\\/#website\",\"url\":\"https:\\\/\\\/accessallartists.de\\\/\",\"name\":\"Access all artists\",\"description\":\"Home of Artists &amp; Concerts\",\"publisher\":{\"@id\":\"https:\\\/\\\/accessallartists.de\\\/#organization\"},\"potentialAction\":[{\"@type\":\"SearchAction\",\"target\":{\"@type\":\"EntryPoint\",\"urlTemplate\":\"https:\\\/\\\/accessallartists.de\\\/?s={search_term_string}\"},\"query-input\":{\"@type\":\"PropertyValueSpecification\",\"valueRequired\":true,\"valueName\":\"search_term_string\"}}],\"inLanguage\":\"en-US\"},{\"@type\":\"Organization\",\"@id\":\"https:\\\/\\\/accessallartists.de\\\/#organization\",\"name\":\"Access all artists\",\"url\":\"https:\\\/\\\/accessallartists.de\\\/\",\"logo\":{\"@type\":\"ImageObject\",\"inLanguage\":\"en-US\",\"@id\":\"https:\\\/\\\/accessallartists.de\\\/#\\\/schema\\\/logo\\\/image\\\/\",\"url\":\"https:\\\/\\\/accessallartists.de\\\/wp-content\\\/uploads\\\/2023\\\/03\\\/aaa-seo-icon-image.jpg\",\"contentUrl\":\"https:\\\/\\\/accessallartists.de\\\/wp-content\\\/uploads\\\/2023\\\/03\\\/aaa-seo-icon-image.jpg\",\"width\":600,\"height\":600,\"caption\":\"Access all artists\"},\"image\":{\"@id\":\"https:\\\/\\\/accessallartists.de\\\/#\\\/schema\\\/logo\\\/image\\\/\"},\"sameAs\":[\"http:\\\/\\\/www.facebook.com\\\/aaa_accessallartists\",\"https:\\\/\\\/x.com\\\/accesallartists\",\"https:\\\/\\\/www.instagram.com\\\/aaa_accessallartists\",\"https:\\\/\\\/www.youtube.com\\\/channel\\\/UCWQJiDSzXSCWrjcGmxQwpag\"]}]}<\/script>\n<!-- \/ Yoast SEO plugin. -->","yoast_head_json":{"title":"Ma\u00eetre Gims - Access all artists","robots":{"index":"index","follow":"follow","max-snippet":"max-snippet:-1","max-image-preview":"max-image-preview:large","max-video-preview":"max-video-preview:-1"},"canonical":"https:\/\/accessallartists.de\/en\/artists\/maitre-gims\/","og_locale":"en_US","og_type":"article","og_title":"Ma\u00eetre Gims - Access all artists","og_url":"https:\/\/accessallartists.de\/en\/artists\/maitre-gims\/","og_site_name":"Access all artists","article_publisher":"http:\/\/www.facebook.com\/aaa_accessallartists","article_modified_time":"2023-03-04T14:34:54+00:00","og_image":[{"width":1086,"height":1400,"url":"https:\/\/accessallartists.de\/wp-content\/uploads\/2023\/03\/Maitre-Gims.jpg","type":"image\/jpeg"}],"twitter_card":"summary_large_image","twitter_site":"@accesallartists","schema":{"@context":"https:\/\/schema.org","@graph":[{"@type":"WebPage","@id":"https:\/\/accessallartists.de\/artists\/maitre-gims\/","url":"https:\/\/accessallartists.de\/artists\/maitre-gims\/","name":"Ma\u00eetre Gims - Access all artists","isPartOf":{"@id":"https:\/\/accessallartists.de\/#website"},"primaryImageOfPage":{"@id":"https:\/\/accessallartists.de\/artists\/maitre-gims\/#primaryimage"},"image":{"@id":"https:\/\/accessallartists.de\/artists\/maitre-gims\/#primaryimage"},"thumbnailUrl":"https:\/\/accessallartists.de\/wp-content\/uploads\/2023\/03\/Maitre-Gims.jpg","datePublished":"2023-03-04T14:34:48+00:00","dateModified":"2023-03-04T14:34:54+00:00","breadcrumb":{"@id":"https:\/\/accessallartists.de\/artists\/maitre-gims\/#breadcrumb"},"inLanguage":"en-US","potentialAction":[{"@type":"ReadAction","target":["https:\/\/accessallartists.de\/artists\/maitre-gims\/"]}]},{"@type":"ImageObject","inLanguage":"en-US","@id":"https:\/\/accessallartists.de\/artists\/maitre-gims\/#primaryimage","url":"https:\/\/accessallartists.de\/wp-content\/uploads\/2023\/03\/Maitre-Gims.jpg","contentUrl":"https:\/\/accessallartists.de\/wp-content\/uploads\/2023\/03\/Maitre-Gims.jpg","width":1086,"height":1400},{"@type":"BreadcrumbList","@id":"https:\/\/accessallartists.de\/artists\/maitre-gims\/#breadcrumb","itemListElement":[{"@type":"ListItem","position":1,"name":"Startseite","item":"https:\/\/accessallartists.de\/"},{"@type":"ListItem","position":2,"name":"Portfolio","item":"https:\/\/accessallartists.de\/artists\/"},{"@type":"ListItem","position":3,"name":"Ma\u00eetre Gims"}]},{"@type":"WebSite","@id":"https:\/\/accessallartists.de\/#website","url":"https:\/\/accessallartists.de\/","name":"Access all artists","description":"Home of Artists &amp; Concerts","publisher":{"@id":"https:\/\/accessallartists.de\/#organization"},"potentialAction":[{"@type":"SearchAction","target":{"@type":"EntryPoint","urlTemplate":"https:\/\/accessallartists.de\/?s={search_term_string}"},"query-input":{"@type":"PropertyValueSpecification","valueRequired":true,"valueName":"search_term_string"}}],"inLanguage":"en-US"},{"@type":"Organization","@id":"https:\/\/accessallartists.de\/#organization","name":"Access all artists","url":"https:\/\/accessallartists.de\/","logo":{"@type":"ImageObject","inLanguage":"en-US","@id":"https:\/\/accessallartists.de\/#\/schema\/logo\/image\/","url":"https:\/\/accessallartists.de\/wp-content\/uploads\/2023\/03\/aaa-seo-icon-image.jpg","contentUrl":"https:\/\/accessallartists.de\/wp-content\/uploads\/2023\/03\/aaa-seo-icon-image.jpg","width":600,"height":600,"caption":"Access all artists"},"image":{"@id":"https:\/\/accessallartists.de\/#\/schema\/logo\/image\/"},"sameAs":["http:\/\/www.facebook.com\/aaa_accessallartists","https:\/\/x.com\/accesallartists","https:\/\/www.instagram.com\/aaa_accessallartists","https:\/\/www.youtube.com\/channel\/UCWQJiDSzXSCWrjcGmxQwpag"]}]}},"_links":{"self":[{"href":"https:\/\/accessallartists.de\/en\/wp-json\/wp\/v2\/dt_portfolio\/56723","targetHints":{"allow":["GET"]}}],"collection":[{"href":"https:\/\/accessallartists.de\/en\/wp-json\/wp\/v2\/dt_portfolio"}],"about":[{"href":"https:\/\/accessallartists.de\/en\/wp-json\/wp\/v2\/types\/dt_portfolio"}],"author":[{"embeddable":true,"href":"https:\/\/accessallartists.de\/en\/wp-json\/wp\/v2\/users\/1"}],"replies":[{"embeddable":true,"href":"https:\/\/accessallartists.de\/en\/wp-json\/wp\/v2\/comments?post=56723"}],"version-history":[{"count":0,"href":"https:\/\/accessallartists.de\/en\/wp-json\/wp\/v2\/dt_portfolio\/56723\/revisions"}],"wp:featuredmedia":[{"embeddable":true,"href":"https:\/\/accessallartists.de\/en\/wp-json\/wp\/v2\/media\/56724"}],"wp:attachment":[{"href":"https:\/\/accessallartists.de\/en\/wp-json\/wp\/v2\/media?parent=56723"}],"wp:term":[{"taxonomy":"dt_portfolio_category","embeddable":true,"href":"https:\/\/accessallartists.de\/en\/wp-json\/wp\/v2\/dt_portfolio_category?post=56723"},{"taxonomy":"dt_portfolio_tags","embeddable":true,"href":"https:\/\/accessallartists.de\/en\/wp-json\/wp\/v2\/dt_portfolio_tags?post=56723"}],"curies":[{"name":"wp","href":"https:\/\/api.w.org\/{rel}","templated":true}]}}