{"id":56764,"date":"2023-03-04T15:58:58","date_gmt":"2023-03-04T14:58:58","guid":{"rendered":"https:\/\/accessallartists.de\/?post_type=dt_portfolio&#038;p=56764"},"modified":"2023-10-26T13:08:43","modified_gmt":"2023-10-26T11:08:43","slug":"nullzweizwei","status":"publish","type":"dt_portfolio","link":"https:\/\/accessallartists.de\/en\/artists\/nullzweizwei\/","title":{"rendered":"Nullzweizwei"},"content":{"rendered":"<section class=\"wpb-content-wrapper\"><div class=\"vc_row wpb_row vc_row-fluid\"><div class=\"wpb_column vc_column_container vc_col-sm-12\"><div class=\"vc_column-inner\"><div class=\"wpb_wrapper\">\n\t<div class=\"wpb_text_column wpb_content_element\" >\n\t\t<div class=\"wpb_wrapper\">\n\t\t\t<div id=\"rdp-we-main\" data-resource=\"https:\/\/de.wikipedia.org\/wiki\/Nullzweizwei\">\n<div id=\"rdp-we-mw-aria-live-region\" class=\"mw-aria-live-region\" aria-live=\"polite\"><\/div>\n\n<div class=\"mw-page-container\">\n\t<div class=\"mw-page-container-inner\">\n\t\t<div class=\"vector-sitenotice-container\">\n\t\t\t<div id=\"rdp-we-siteNotice\"><!-- CentralNotice --><\/div>\n\t\t<\/div>\n\t\t<div class=\"vector-column-start\">\n\t\t\t\n\t\n\t\t<\/div>\n\t\t<div class=\"mw-content-container\">\n\t\t\t<main id=\"rdp-we-content\" class=\"mw-body\">\n\t\t\t\t<header class=\"mw-body-header vector-page-titlebar no-font-mode-scale\">\n\t\t\t\t\t\n\t\t\t\t\t<h1 id=\"rdp-we-firstHeading\" class=\"firstHeading mw-first-heading\"><span lang=\"de\" dir=\"ltr\"><span class=\"mw-page-title-main\">Nullzweizwei<\/span><\/span><\/h1>\n\t\t\t\n\n<\/header>\n\t\t\t\t\n\t\t\t\t\n\t\t\t\t<div id=\"rdp-we-bodyContent\" class=\"vector-body\" aria-labelledby=\"firstHeading\" data-mw-ve-target-container>\n\t\t\t\t\t<div class=\"vector-body-before-content\">\n\t\t\t\t\t\t\t\n\n\t\t\t\t\t\t\n\t\t\t\t\t<\/div>\n\t\t\t\t\t\n\t\t\t\t\t\n\t\t\t\t\t\n\t\t\t\t\t<div id=\"rdp-we-mw-content-text\" class=\"mw-body-content\"><div class=\"mw-content-ltr mw-parser-output\" lang=\"de\" dir=\"ltr\" data-mw-parsoid-version=\"0.24.0.0-alpha21\" data-mw-html-version=\"2.8.0\"><section data-mw-section-id=\"0\" id=\"rdp-we-mwAQ\">\n\n<p id=\"rdp-we-mwAw\"><b id=\"rdp-we-mwBA\">Nullzweizwei<\/b> ist ein ehemaliges deutsches Rap-Duo aus <a rel=\"mw:WikiLink\" href=\"https:\/\/de.wikipedia.org\/wiki\/Herzogenaurach\" title=\"Herzogenaurach\" id=\"rdp-we-mwBQ\" target=\"_new\" class=\"wiki-link\">Herzogenaurach<\/a>. Urspr\u00fcnglich 2017 als Rap-Crew gegr\u00fcndet bestand Nullzweizwei bis 2023 nur noch aus den beiden Rappern Rufuz und Bazu. Ihre Aufl\u00f6sung wurde am 31. Dezember 2023 bekannt gegeben.<\/p>\n\n<meta property=\"mw:PageProp\/toc\" id=\"rdp-we-mwBg\" data-mw='{\"autoGenerated\":true}'\/><\/section><section data-mw-section-id=\"1\" id=\"rdp-we-mwBw\" aria-labelledby=\"Bandgeschichte\"><div class=\"mw-heading mw-heading2\"><h2 id=\"rdp-we-Bandgeschichte\">Bandgeschichte<\/h2><\/div>\n<p id=\"rdp-we-mwCA\">Nullzweizwei gr\u00fcndete sich um 2017 um die vier Freunde Bazu (Vitaly Frolov), Rufuz (Bastian Pfrob) und Sosa (Maximilian Rau). Der Name ist der deutsche Polizeicode f\u00fcr \u201e<a rel=\"mw:WikiLink\" href=\"https:\/\/de.wikipedia.org\/wiki\/Bande_(Gruppe)\" title=\"Bande (Gruppe)\" id=\"rdp-we-mwCQ\" target=\"_new\" class=\"wiki-link\">Bande<\/a>\u201c.<sup about=\"#mwt3\" class=\"mw-ref reference\" id=\"rdp-we-cite_ref-1\" rel=\"dc:references\" typeof=\"mw:Extension\/ref\" data-mw='{\"name\":\"ref\",\"attrs\":{},\"body\":{\"id\":\"mw-reference-text-cite_note-1\"}}'><a href=\"#cite_note-1\" id=\"rdp-we-mwCg\"><span class=\"mw-reflink-text\" id=\"rdp-we-mwCw\"><span class=\"cite-bracket\" id=\"rdp-we-mwDA\">[<\/span>1<span class=\"cite-bracket\" id=\"rdp-we-mwDQ\">]<\/span><\/span><\/a><\/sup><sup about=\"#mwt5\" class=\"mw-ref reference\" id=\"rdp-we-cite_ref-:0_2-0\" rel=\"dc:references\" typeof=\"mw:Extension\/ref\" data-mw='{\"name\":\"ref\",\"attrs\":{\"name\":\":0\"},\"body\":{\"id\":\"mw-reference-text-cite_note-:0-2\"}}'><a href=\"#cite_note-:0-2\" id=\"rdp-we-mwDg\"><span class=\"mw-reflink-text\" id=\"rdp-we-mwDw\"><span class=\"cite-bracket\" id=\"rdp-we-mwEA\">[<\/span>2<span class=\"cite-bracket\" id=\"rdp-we-mwEQ\">]<\/span><\/span><\/a><\/sup> Die Band machte sich zun\u00e4chst in Bayern einen Namen und organisierte in ihrem Heimatort ein Rapfestival.<sup about=\"#mwt6\" class=\"mw-ref reference\" id=\"rdp-we-cite_ref-:1_3-0\" rel=\"dc:references\" typeof=\"mw:Extension\/ref\" data-mw='{\"name\":\"ref\",\"attrs\":{\"name\":\":1\"}}'><a href=\"#cite_note-:1-3\" id=\"rdp-we-mwEg\"><span class=\"mw-reflink-text\" id=\"rdp-we-mwEw\"><span class=\"cite-bracket\" id=\"rdp-we-mwFA\">[<\/span>3<span class=\"cite-bracket\" id=\"rdp-we-mwFQ\">]<\/span><\/span><\/a><\/sup><\/p>\n\n<p id=\"rdp-we-mwFg\">Noch vor Ver\u00f6ffentlichung des ersten selbstproduzierten Albums <i id=\"rdp-we-mwFw\">Bezirk 22<\/i> trennte sich die Crew von Diuk. Das erste Album ist noch im Wesentlichen vom <a rel=\"mw:WikiLink\" href=\"https:\/\/de.wikipedia.org\/wiki\/Gangsta-Rap\" title=\"Gangsta-Rap\" id=\"rdp-we-mwGA\" target=\"_new\" class=\"wiki-link\">Stra\u00dfenrap<\/a> gepr\u00e4gt, der jedoch schon in dieser fr\u00fchen Phase ironisch gebrochen wurde.<sup about=\"#mwt8\" class=\"mw-ref reference\" id=\"rdp-we-cite_ref-4\" rel=\"dc:references\" typeof=\"mw:Extension\/ref\" data-mw='{\"name\":\"ref\",\"attrs\":{},\"body\":{\"id\":\"mw-reference-text-cite_note-4\"}}'><a href=\"#cite_note-4\" id=\"rdp-we-mwGQ\"><span class=\"mw-reflink-text\" id=\"rdp-we-mwGg\"><span class=\"cite-bracket\" id=\"rdp-we-mwGw\">[<\/span>4<span class=\"cite-bracket\" id=\"rdp-we-mwHA\">]<\/span><\/span><\/a><\/sup><\/p>\n\n<p id=\"rdp-we-mwHQ\">Ende 2018 wagten sie einen Neuanfang und begannen mehr Humor in ihre neuen Songs einzuarbeiten. So rappt Rufuz im Video zum Song <i id=\"rdp-we-mwHg\">\u0414\u0430\u0439 \u043c\u043d\u0435<\/i> vor seinem alten <a rel=\"mw:WikiLink\" href=\"https:\/\/de.wikipedia.org\/wiki\/Opel_Corsa\" title=\"Opel Corsa\" id=\"rdp-we-mwHw\" target=\"_new\" class=\"wiki-link\">Opel Corsa<\/a> statt vor einem teuren Auto.<sup about=\"#mwt10\" class=\"mw-ref reference\" id=\"rdp-we-cite_ref-:1_3-1\" rel=\"dc:references\" typeof=\"mw:Extension\/ref\" data-mw='{\"name\":\"ref\",\"attrs\":{\"name\":\":1\"},\"body\":{\"id\":\"mw-reference-text-cite_note-:1-3\"}}'><a href=\"#cite_note-:1-3\" id=\"rdp-we-mwIA\"><span class=\"mw-reflink-text\" id=\"rdp-we-mwIQ\"><span class=\"cite-bracket\" id=\"rdp-we-mwIg\">[<\/span>3<span class=\"cite-bracket\" id=\"rdp-we-mwIw\">]<\/span><\/span><\/a><\/sup> Das Lied entwickelte sich auf <a rel=\"mw:WikiLink\" href=\"https:\/\/de.wikipedia.org\/wiki\/YouTube\" title=\"YouTube\" id=\"rdp-we-mwJA\" target=\"_new\" class=\"wiki-link\">YouTube<\/a> zum Hit und generiert 1,3 Millionen Aufrufe in den sozialen Medien.<sup about=\"#mwt12\" class=\"mw-ref reference\" id=\"rdp-we-cite_ref-5\" rel=\"dc:references\" typeof=\"mw:Extension\/ref\" data-mw='{\"name\":\"ref\",\"attrs\":{},\"body\":{\"id\":\"mw-reference-text-cite_note-5\"}}'><a href=\"#cite_note-5\" id=\"rdp-we-mwJQ\"><span class=\"mw-reflink-text\" id=\"rdp-we-mwJg\"><span class=\"cite-bracket\" id=\"rdp-we-mwJw\">[<\/span>5<span class=\"cite-bracket\" id=\"rdp-we-mwKA\">]<\/span><\/span><\/a><\/sup> Auch die weiteren Songs der Crew werden zu Internet-Hits. Die Texte handeln von Alkoholkonsum und den russischen Wurzeln der einzelnen Bandmitglieder.<sup about=\"#mwt13\" class=\"mw-ref reference\" id=\"rdp-we-cite_ref-:0_2-1\" rel=\"dc:references\" typeof=\"mw:Extension\/ref\" data-mw='{\"name\":\"ref\",\"attrs\":{\"name\":\":0\"}}'><a href=\"#cite_note-:0-2\" id=\"rdp-we-mwKQ\"><span class=\"mw-reflink-text\" id=\"rdp-we-mwKg\"><span class=\"cite-bracket\" id=\"rdp-we-mwKw\">[<\/span>2<span class=\"cite-bracket\" id=\"rdp-we-mwLA\">]<\/span><\/span><\/a><\/sup><\/p>\n\n<p id=\"rdp-we-mwLQ\">Die Band wurde 2019 von <a rel=\"mw:WikiLink\" href=\"https:\/\/de.wikipedia.org\/wiki\/Warner_Music_Group\" title=\"Warner Music Group\" id=\"rdp-we-mwLg\" target=\"_new\" class=\"wiki-link\">Warner Music<\/a> unter Vertrag genommen. Am 14. August 2020 erschien ihr Major-Deb\u00fct <i id=\"rdp-we-mwLw\">Etabliert<\/i>, auf dem als Features die <a rel=\"mw:WikiLink\" href=\"https:\/\/de.wikipedia.org\/wiki\/102_Boyz\" title=\"102 Boyz\" id=\"rdp-we-mwMA\" target=\"_new\" class=\"wiki-link\">102 Boyz<\/a> sowie <a rel=\"mw:WikiLink\" href=\"https:\/\/de.wikipedia.org\/wiki\/Schwesta_Ewa\" title=\"Schwesta Ewa\" id=\"rdp-we-mwMQ\" target=\"_new\" class=\"wiki-link\">Schwesta Ewa<\/a> zu h\u00f6ren sind.<sup about=\"#mwt15\" class=\"mw-ref reference\" id=\"rdp-we-cite_ref-6\" rel=\"dc:references\" typeof=\"mw:Extension\/ref\" data-mw='{\"name\":\"ref\",\"attrs\":{},\"body\":{\"id\":\"mw-reference-text-cite_note-6\"}}'><a href=\"#cite_note-6\" id=\"rdp-we-mwMg\"><span class=\"mw-reflink-text\" id=\"rdp-we-mwMw\"><span class=\"cite-bracket\" id=\"rdp-we-mwNA\">[<\/span>6<span class=\"cite-bracket\" id=\"rdp-we-mwNQ\">]<\/span><\/span><\/a><\/sup> Das Album erreicht Platz 22 der deutschen Charts.<sup about=\"#mwt17\" class=\"mw-ref reference\" id=\"rdp-we-cite_ref-:2_7-0\" rel=\"dc:references\" typeof=\"mw:Extension\/ref\" data-mw='{\"name\":\"ref\",\"attrs\":{\"name\":\":2\"},\"body\":{\"id\":\"mw-reference-text-cite_note-:2-7\"}}'><a href=\"#cite_note-:2-7\" id=\"rdp-we-mwNg\"><span class=\"mw-reflink-text\" id=\"rdp-we-mwNw\"><span class=\"cite-bracket\" id=\"rdp-we-mwOA\">[<\/span>7<span class=\"cite-bracket\" id=\"rdp-we-mwOQ\">]<\/span><\/span><\/a><\/sup><\/p>\n\n<p id=\"rdp-we-mwOg\">Das zweite Album <i id=\"rdp-we-mwOw\">Fokus<\/i> erschien am 16. Juli 2021 als Eigenproduktion im Vertrieb von <a rel=\"mw:WikiLink\" href=\"https:\/\/de.wikipedia.org\/wiki\/Groove_Attack\" title=\"Groove Attack\" id=\"rdp-we-mwPA\" target=\"_new\" class=\"wiki-link\">Groove Attack<\/a>. Vorher wurde Sosa aus unerkl\u00e4rlichen Gr\u00fcnden von der Crew getrennt, so dass Nullzweizwei nun als Duo auftreten. Das Album kommt ohne Features aus.<sup about=\"#mwt19\" class=\"mw-ref reference\" id=\"rdp-we-cite_ref-8\" rel=\"dc:references\" typeof=\"mw:Extension\/ref\" data-mw='{\"name\":\"ref\",\"attrs\":{},\"body\":{\"id\":\"mw-reference-text-cite_note-8\"}}'><a href=\"#cite_note-8\" id=\"rdp-we-mwPQ\"><span class=\"mw-reflink-text\" id=\"rdp-we-mwPg\"><span class=\"cite-bracket\" id=\"rdp-we-mwPw\">[<\/span>8<span class=\"cite-bracket\" id=\"rdp-we-mwQA\">]<\/span><\/span><\/a><\/sup> Auch das zweite Album erreichte die deutschen Charts und platzierte sich in der Ver\u00f6ffentlichungswoche auf Platz 44.<\/p><p id=\"rdp-we-mwQQ\">\n\nDas Duo gab via Instagram bekannt, dass sie im Dezember 2023 sich aufl\u00f6sen werden.<\/p><blockquote id=\"rdp-we-mwQg\"><p id=\"rdp-we-mwQw\">\u201eWIR FREUEN UNS DARAUF, DASS IHR UNS GETRENNT VONEINANDER NOCH BESSER KENNENLERNT UND DANKEN EUCH F\u00dcR DIE ZEIT ALS NULLZWEIZWEI SOWIE ALLES, WAS WIR DABEI MUSIKALISCH ERREICHT HABEN. DOCH ES WIRD ZEIT, NEUE KAPITEL ZU STARTEN.\u201c<sup about=\"#mwt21\" class=\"mw-ref reference\" id=\"rdp-we-cite_ref-9\" rel=\"dc:references\" typeof=\"mw:Extension\/ref\" data-mw='{\"name\":\"ref\",\"attrs\":{},\"body\":{\"id\":\"mw-reference-text-cite_note-9\"}}'><a href=\"#cite_note-9\" id=\"rdp-we-mwRA\"><span class=\"mw-reflink-text\" id=\"rdp-we-mwRQ\"><span class=\"cite-bracket\" id=\"rdp-we-mwRg\">[<\/span>9<span class=\"cite-bracket\" id=\"rdp-we-mwRw\">]<\/span><\/span><\/a><\/sup> <\/p><\/blockquote><p id=\"rdp-we-mwSA\">Die Musiker aus Herzogenaurach erkl\u00e4ren, dass sie sich ausschlie\u00dflich auf ihre eigenen Solo-Projekte konzentrieren m\u00f6chten. Im Gegensatz zu Nullzweizwei werden sie ihre eigene Musik unter den Namen Rufuz, Bazu und Fabio (Sosa) ver\u00f6ffentlichen. In ihrem Abschlusspost zeigen die beiden noch einmal ihre Dankbarkeit gegen\u00fcber ihren Anh\u00e4ngern gegen\u00fcber der Gruppe Nullzweizwei.<\/p>\n\n<\/section><section data-mw-section-id=\"2\" id=\"rdp-we-mwSQ\" aria-labelledby=\"Stil\"><div class=\"mw-heading mw-heading2\"><h2 id=\"rdp-we-Stil\">Stil<\/h2><\/div>\n<p id=\"rdp-we-mwSg\">Musikalisch handelt es sich um deutschen Stra\u00dfenrap, wie man ihn unter anderem auch von 102 Boyz, <a rel=\"mw:WikiLink\" href=\"https:\/\/de.wikipedia.org\/wiki\/Finch_(Rapper)\" title=\"Finch (Rapper)\" id=\"rdp-we-mwSw\" target=\"_new\" class=\"wiki-link\">Finch Asozial<\/a> und <a rel=\"mw:WikiLink\" href=\"https:\/\/de.wikipedia.org\/wiki\/MC_Bomber\" title=\"MC Bomber\" id=\"rdp-we-mwTA\" target=\"_new\" class=\"wiki-link\">MC Bomber<\/a> kennt. Die Texte behandeln genre\u00fcbliche Themen wie das Stra\u00dfenleben, Alkoholkonsum sowie ein \u00fcbertriebener Lifestyle. Gelegentlich rappt die Crew beziehungsweise das Duo auch auf <a rel=\"mw:WikiLink\" href=\"https:\/\/de.wikipedia.org\/wiki\/Russische_Sprache\" title=\"Russische Sprache\" id=\"rdp-we-mwTQ\" target=\"_new\" class=\"wiki-link\">Russisch<\/a>.<sup about=\"#mwt22\" class=\"mw-ref reference\" id=\"rdp-we-cite_ref-:2_7-1\" rel=\"dc:references\" typeof=\"mw:Extension\/ref\" data-mw='{\"name\":\"ref\",\"attrs\":{\"name\":\":2\"}}'><a href=\"#cite_note-:2-7\" id=\"rdp-we-mwTg\"><span class=\"mw-reflink-text\" id=\"rdp-we-mwTw\"><span class=\"cite-bracket\" id=\"rdp-we-mwUA\">[<\/span>7<span class=\"cite-bracket\" id=\"rdp-we-mwUQ\">]<\/span><\/span><\/a><\/sup><\/p>\n\n<\/section><section data-mw-section-id=\"3\" id=\"rdp-we-mwUg\" aria-labelledby=\"Diskografie\"><div class=\"mw-heading mw-heading2\"><h2 id=\"rdp-we-Diskografie\">Diskografie<\/h2><\/div>\n\n<!-- siehe [[Wikipedia:Formatvorlage Charts]] f\u00fcr Hinweise zu den Chartquellen -->\n<span class=\"mw-empty-elt\" about=\"#mwt23\" typeof=\"mw:Transclusion\" id=\"rdp-we-mwUw\" data-mw='{\"parts\":[{\"template\":{\"target\":{\"wt\":\"Infobox Chartplatzierungen\\n\",\"href\":\".\/Vorlage:Infobox_Chartplatzierungen\"},\"params\":{\"Singles\":{\"wt\":\"{{Single\\n    |Coachella &lt;small>(mit [[The Ironix]])&lt;\/small>\\n    |{{Charts|DE|24|03.06.2022|11}}\\n    |{{Charts|AT|47|07.06.2022|12}}\\n  }}\"},\"Alben\":{\"wt\":\"{{Album\\n    |Etabliert\\n    |{{Charts|DE|22|21.08.2020|1}}\\n  }}\\n  {{Album\\n    |Fokus\\n    |{{Charts|DE|44|23.07.2021|1}}\\n  }}\"},\"Quellen Alben\":{\"wt\":\"&lt;ref name=\\\"charts\\\">Chartquellen: [https:\/\/www.offiziellecharts.de\/suche?artist_search=Nullzweizwei&amp;do_search=do? DE] [https:\/\/austriancharts.at\/showinterpret.asp?interpret=Nullzweizwei AT]&lt;\/ref>\"}},\"i\":0}}]}'><\/span>\n<section data-mw-section-id=\"4\" id=\"rdp-we-mwWQ\" aria-labelledby=\"Alben\"><div class=\"mw-heading mw-heading3\"><h3 id=\"rdp-we-Alben\">Alben<\/h3><\/div>\n<ul id=\"rdp-we-mwWg\"><li id=\"rdp-we-mwWw\">2018: <i id=\"rdp-we-mwXA\">Bezirk 22<\/i> (Eigenproduktion)<\/li>\n<li id=\"rdp-we-mwXQ\">2020: <i id=\"rdp-we-mwXg\">Etabliert<\/i> (<a rel=\"mw:WikiLink\" href=\"https:\/\/de.wikipedia.org\/wiki\/Warner_Music_Group\" title=\"Warner Music Group\" id=\"rdp-we-mwXw\" target=\"_new\" class=\"wiki-link\">Warner Music<\/a>)<\/li>\n<li id=\"rdp-we-mwYA\">2021: <i id=\"rdp-we-mwYQ\">Fokus<\/i> (Nullzweizwei\/<a rel=\"mw:WikiLink\" href=\"https:\/\/de.wikipedia.org\/wiki\/Groove_Attack\" title=\"Groove Attack\" id=\"rdp-we-mwYg\" target=\"_new\" class=\"wiki-link\">Groove Attack<\/a>)<\/li>\n<li id=\"rdp-we-mwYw\">2022: <i id=\"rdp-we-mwZA\">Pazani<\/i><\/li>\n<li id=\"rdp-we-mwZQ\">2023: Broke<\/li><\/ul>\n\n<\/section><section data-mw-section-id=\"5\" id=\"rdp-we-mwZg\" aria-labelledby=\"Singles\"><div class=\"mw-heading mw-heading3\"><h3 id=\"rdp-we-Singles\">Singles<\/h3><\/div>\n<ul id=\"rdp-we-mwZw\"><li id=\"rdp-we-mwaA\">2019: <i id=\"rdp-we-mwaQ\">\u0414\u0430\u0439 \u043c\u043d\u0435<\/i><\/li>\n<li id=\"rdp-we-mwag\">2019: <i id=\"rdp-we-mwaw\">Bounce<\/i><\/li>\n<li id=\"rdp-we-mwbA\">2019: <i id=\"rdp-we-mwbQ\">Fokus<\/i><\/li>\n<li id=\"rdp-we-mwbg\">2019: <i id=\"rdp-we-mwbw\">\u0422\u044b \u0441\u043e \u043c\u043d\u043e\u0439 (Du bist mit mir)<\/i><\/li>\n<li id=\"rdp-we-mwcA\">2019: <i id=\"rdp-we-mwcQ\">In die Hocke<\/i><\/li>\n<li id=\"rdp-we-mwcg\">2019: <i id=\"rdp-we-mwcw\">Neugeboren<\/i><\/li>\n<li id=\"rdp-we-mwdA\">2019: <i id=\"rdp-we-mwdQ\">E.W.I.N.<\/i><\/li>\n<li id=\"rdp-we-mwdg\">2019: <i id=\"rdp-we-mwdw\">Wenn ich heut geh<\/i><\/li>\n<li id=\"rdp-we-mweA\">2020: <i id=\"rdp-we-mweQ\">Was ich mach<\/i><\/li>\n<li id=\"rdp-we-mweg\">2020: <i id=\"rdp-we-mwew\">Ein weiteres Benz Lied<\/i><\/li>\n<li id=\"rdp-we-mwfA\">2020: <i id=\"rdp-we-mwfQ\">Popu<\/i><\/li>\n<li id=\"rdp-we-mwfg\">2020: <i id=\"rdp-we-mwfw\">Stein<\/i> (feat. Thrill Pill)<\/li>\n<li id=\"rdp-we-mwgA\">2020: <i id=\"rdp-we-mwgQ\">Sorry<\/i><\/li>\n<li id=\"rdp-we-mwgg\">2020: <i id=\"rdp-we-mwgw\">Flaschen Jacky<\/i><\/li>\n<li id=\"rdp-we-mwhA\">2020: <i id=\"rdp-we-mwhQ\">Brigada<\/i><\/li>\n<li id=\"rdp-we-mwhg\">2021: <i id=\"rdp-we-mwhw\">Renn<\/i><\/li>\n<li id=\"rdp-we-mwiA\">2021: <i id=\"rdp-we-mwiQ\">Cash<\/i><\/li>\n<li id=\"rdp-we-mwig\">2021: <i id=\"rdp-we-mwiw\">Superior<\/i><\/li>\n<li id=\"rdp-we-mwjA\">2021: <i id=\"rdp-we-mwjQ\">Adidas<\/i><\/li>\n<li id=\"rdp-we-mwjg\">2021: <i id=\"rdp-we-mwjw\">Schluck<\/i><\/li>\n<li id=\"rdp-we-mwkA\">2021: <i id=\"rdp-we-mwkQ\">Zeit<\/i><\/li>\n<li id=\"rdp-we-mwkg\">2021: <i id=\"rdp-we-mwkw\">Meer<\/i><\/li>\n<li id=\"rdp-we-mwlA\">2021: <i id=\"rdp-we-mwlQ\">Warum<\/i><\/li>\n<li id=\"rdp-we-mwlg\">2021: Sheraton<\/li>\n<li id=\"rdp-we-mwlw\">2021: Immer wieder<\/li>\n<li id=\"rdp-we-mwmA\">2021: Kein Puls<\/li>\n<li id=\"rdp-we-mwmQ\">2022: Dr\u00fcck den Benz weg<\/li>\n<li id=\"rdp-we-mwmg\">2022: Mepce\u0434<i id=\"rdp-we-mwmw\">ec<\/i><\/li>\n<li id=\"rdp-we-mwnA\">2022: COACHELLA<\/li><\/ul>\n\n<\/section><\/section><section data-mw-section-id=\"6\" id=\"rdp-we-mwnQ\" aria-labelledby=\"Einzelnachweise\"><div class=\"mw-heading mw-heading2\"><h2 id=\"rdp-we-Einzelnachweise\">Einzelnachweise<\/h2><\/div>\n<div class=\"mw-references-wrap\" typeof=\"mw:Extension\/references\" about=\"#mwt27\" id=\"rdp-we-mwng\" data-mw='{\"name\":\"references\",\"attrs\":{\"responsive\":\"\"}}'><ol class=\"mw-references references\" id=\"rdp-we-mwnw\"><li about=\"#cite_note-1\" id=\"cite_note-1\" data-mw-footnote-number=\"1\"><span class=\"mw-cite-backlink\" id=\"rdp-we-mwoA\"><a href=\"#cite_ref-1\" rel=\"mw:referencedBy\" id=\"rdp-we-mwoQ\"><span class=\"mw-linkback-text\" id=\"rdp-we-mwog\">\u2191<\/span><\/a><\/span> <span id=\"rdp-we-mw-reference-text-cite_note-1\" class=\"mw-reference-text reference-text\"><span class=\"cite\" about=\"#mwt2\" typeof=\"mw:Transclusion\" id=\"rdp-we-mwow\" data-mw='{\"parts\":[{\"template\":{\"target\":{\"wt\":\"Internetquelle \",\"href\":\".\/Vorlage:Internetquelle\"},\"params\":{\"autor\":{\"wt\":\"Praetor Verlagsgesellschaft\"},\"url\":{\"wt\":\"https:\/\/www.polizeiabkuerzungen.de\/022-2\"},\"titel\":{\"wt\":\"022 {{!}} Polizeiabk\u00fcrzungen\"},\"abruf\":{\"wt\":\"2021-07-28\"}},\"i\":0}}]}'>Praetor Verlagsgesellschaft:<span typeof=\"mw:Entity\" id=\"rdp-we-mwpA\"> <\/span><a rel=\"external_link\" href=\"https:\/\/www.polizeiabkuerzungen.de\/022-2\" class=\"external text\" id=\"rdp-we-mwpQ\" target=\"_new\"><i id=\"rdp-we-mwpg\">022 <span typeof=\"mw:Entity\" id=\"rdp-we-mwpw\">|<\/span> Polizeiabk\u00fcrzungen.<\/i><\/a><span class=\"Abrufdatum\" id=\"rdp-we-mwqA\"><span typeof=\"mw:Entity\" id=\"rdp-we-mwqQ\"> <\/span>Abgerufen am 28.<span typeof=\"mw:Entity\" id=\"rdp-we-mwqg\">\u00a0<\/span>Juli 2021<\/span>.<\/span><span style=\"display: none;\" class=\"Z3988\" title=\"ctx_ver=Z39.88-2004&amp;rft_val_fmt=info%3Aofi%2Ffmt%3Akev%3Amtx%3Adc&amp;rfr_id=info%3Asid%2Fde.wikipedia.org%3ANullzweizwei&amp;rft.title=022+%7C+Polizeiabk%C3%BCrzungen&amp;rft.description=022+%7C+Polizeiabk%C3%BCrzungen&amp;rft.identifier=https%3A%2F%2Fwww.polizeiabkuerzungen.de%2F022-2&amp;rft.creator=Praetor+Verlagsgesellschaft\" about=\"#mwt2\" id=\"rdp-we-mwqw\"><span typeof=\"mw:Entity\" id=\"rdp-we-mwrA\">\u00a0<\/span><\/span><\/span><\/li>\n<li about=\"#cite_note-:0-2\" id=\"cite_note-:0-2\" data-mw-footnote-number=\"2\"><span rel=\"mw:referencedBy\" class=\"mw-cite-backlink\" id=\"rdp-we-mwrQ\"><a href=\"#cite_ref-:0_2-0\" id=\"rdp-we-mwrg\"><span class=\"mw-linkback-text\" id=\"rdp-we-mwrw\">1<\/span><\/a> <a href=\"#cite_ref-:0_2-1\" id=\"rdp-we-mwsA\"><span class=\"mw-linkback-text\" id=\"rdp-we-mwsQ\">2<\/span><\/a><\/span> <span id=\"rdp-we-mw-reference-text-cite_note-:0-2\" class=\"mw-reference-text reference-text\"><span class=\"cite\" about=\"#mwt4\" typeof=\"mw:Transclusion\" id=\"rdp-we-mwsg\" data-mw='{\"parts\":[{\"template\":{\"target\":{\"wt\":\"Internetquelle \",\"href\":\".\/Vorlage:Internetquelle\"},\"params\":{\"url\":{\"wt\":\"https:\/\/www.laut.de\/nullzweizwei\"},\"titel\":{\"wt\":\"Nullzweizwei \u2013 laut.de \u2013 Band\"},\"sprache\":{\"wt\":\"de\"},\"abruf\":{\"wt\":\"2021-07-28\"}},\"i\":0}}]}'><a rel=\"external_link\" href=\"https:\/\/www.laut.de\/nullzweizwei\" class=\"external text\" id=\"rdp-we-mwsw\" target=\"_new\"><i id=\"rdp-we-mwtA\">Nullzweizwei \u2013 laut.de \u2013 Band.<\/i><\/a><span class=\"Abrufdatum\" id=\"rdp-we-mwtQ\"><span typeof=\"mw:Entity\" id=\"rdp-we-mwtg\"> <\/span>Abgerufen am 28.<span typeof=\"mw:Entity\" id=\"rdp-we-mwtw\">\u00a0<\/span>Juli 2021<\/span>.<\/span><span style=\"display: none;\" class=\"Z3988\" title=\"ctx_ver=Z39.88-2004&amp;rft_val_fmt=info%3Aofi%2Ffmt%3Akev%3Amtx%3Adc&amp;rfr_id=info%3Asid%2Fde.wikipedia.org%3ANullzweizwei&amp;rft.title=Nullzweizwei+%E2%80%93+laut.de+%E2%80%93+Band&amp;rft.description=Nullzweizwei+%E2%80%93+laut.de+%E2%80%93+Band&amp;rft.identifier=https%3A%2F%2Fwww.laut.de%2Fnullzweizwei&amp;rft.language=de\" about=\"#mwt4\" id=\"rdp-we-mwuA\"><span typeof=\"mw:Entity\" id=\"rdp-we-mwuQ\">\u00a0<\/span><\/span><\/span><\/li>\n<li about=\"#cite_note-:1-3\" id=\"cite_note-:1-3\" data-mw-footnote-number=\"3\"><span rel=\"mw:referencedBy\" class=\"mw-cite-backlink\" id=\"rdp-we-mwug\"><a href=\"#cite_ref-:1_3-0\" id=\"rdp-we-mwuw\"><span class=\"mw-linkback-text\" id=\"rdp-we-mwvA\">1<\/span><\/a> <a href=\"#cite_ref-:1_3-1\" id=\"rdp-we-mwvQ\"><span class=\"mw-linkback-text\" id=\"rdp-we-mwvg\">2<\/span><\/a><\/span> <span id=\"rdp-we-mw-reference-text-cite_note-:1-3\" class=\"mw-reference-text reference-text\"><span class=\"cite\" about=\"#mwt9\" typeof=\"mw:Transclusion\" id=\"rdp-we-mwvw\" data-mw='{\"parts\":[{\"template\":{\"target\":{\"wt\":\"Internetquelle \",\"href\":\".\/Vorlage:Internetquelle\"},\"params\":{\"autor\":{\"wt\":\"Redaktion\"},\"url\":{\"wt\":\"https:\/\/rap.de\/c37-interview\/173205-nullzweizwei-im-interview-heimatgefuehle-strassenrap-vergleiche-mit-anderen-crews\/\"},\"titel\":{\"wt\":\"Nullzweizwei im Interview: Heimatgef\u00fchle, Stra\u00dfenrap, Vergleiche mit anderen Crews\"},\"werk\":{\"wt\":\"rap.de\"},\"datum\":{\"wt\":\"2019-10-03\"},\"sprache\":{\"wt\":\"de-DE\"},\"abruf\":{\"wt\":\"2021-07-28\"}},\"i\":0}}]}'>Redaktion:<span typeof=\"mw:Entity\" id=\"rdp-we-mwwA\"> <\/span><a rel=\"external_link\" href=\"https:\/\/rap.de\/c37-interview\/173205-nullzweizwei-im-interview-heimatgefuehle-strassenrap-vergleiche-mit-anderen-crews\/\" class=\"external text\" id=\"rdp-we-mwwQ\" target=\"_new\"><i id=\"rdp-we-mwwg\">Nullzweizwei im Interview: Heimatgef\u00fchle, Stra\u00dfenrap, Vergleiche mit anderen Crews.<\/i><\/a><span typeof=\"mw:Entity\" id=\"rdp-we-mwww\"> <\/span>In:<span typeof=\"mw:Entity\" id=\"rdp-we-mwxA\"> <\/span><i id=\"rdp-we-mwxQ\">rap.de.<\/i><span typeof=\"mw:Entity\" id=\"rdp-we-mwxg\"> <\/span>3.<span typeof=\"mw:Entity\" id=\"rdp-we-mwxw\">\u00a0<\/span>Oktober 2019<span typeof=\"mw:Entity\" id=\"rdp-we-mwyA\">,<\/span><span class=\"Abrufdatum\" id=\"rdp-we-mwyQ\"><span typeof=\"mw:Entity\" id=\"rdp-we-mwyg\"> <\/span>abgerufen am 28.<span typeof=\"mw:Entity\" id=\"rdp-we-mwyw\">\u00a0<\/span>Juli 2021<\/span><span typeof=\"mw:Entity\" id=\"rdp-we-mwzA\"> <\/span>(deutsch).<\/span><span style=\"display: none;\" class=\"Z3988\" title=\"ctx_ver=Z39.88-2004&amp;rft_val_fmt=info%3Aofi%2Ffmt%3Akev%3Amtx%3Adc&amp;rfr_id=info%3Asid%2Fde.wikipedia.org%3ANullzweizwei&amp;rft.title=Nullzweizwei+im+Interview%3A+Heimatgef%C3%BChle%2C+Stra%C3%9Fenrap%2C+Vergleiche+mit+anderen+Crews&amp;rft.description=Nullzweizwei+im+Interview%3A+Heimatgef%C3%BChle%2C+Stra%C3%9Fenrap%2C+Vergleiche+mit+anderen+Crews&amp;rft.identifier=https%3A%2F%2Frap.de%2Fc37-interview%2F173205-nullzweizwei-im-interview-heimatgefuehle-strassenrap-vergleiche-mit-anderen-crews%2F&amp;rft.creator=Redaktion&amp;rft.date=2019-10-03&amp;rft.language=de-DE\" about=\"#mwt9\" id=\"rdp-we-mwzQ\"><span typeof=\"mw:Entity\" id=\"rdp-we-mwzg\">\u00a0<\/span><\/span><\/span><\/li>\n<li about=\"#cite_note-4\" id=\"cite_note-4\" data-mw-footnote-number=\"4\"><span class=\"mw-cite-backlink\" id=\"rdp-we-mwzw\"><a href=\"#cite_ref-4\" rel=\"mw:referencedBy\" id=\"rdp-we-mw0A\"><span class=\"mw-linkback-text\" id=\"rdp-we-mw0Q\">\u2191<\/span><\/a><\/span> <span id=\"rdp-we-mw-reference-text-cite_note-4\" class=\"mw-reference-text reference-text\"><span class=\"cite\" about=\"#mwt7\" typeof=\"mw:Transclusion\" id=\"rdp-we-mw0g\" data-mw='{\"parts\":[{\"template\":{\"target\":{\"wt\":\"Internetquelle \",\"href\":\".\/Vorlage:Internetquelle\"},\"params\":{\"autor\":{\"wt\":\"Redaktion\"},\"url\":{\"wt\":\"https:\/\/rap.de\/c37-interview\/173205-nullzweizwei-im-interview-heimatgefuehle-strassenrap-vergleiche-mit-anderen-crews\/\"},\"titel\":{\"wt\":\"Nullzweizwei im Interview: Heimatgef\u00fchle, Stra\u00dfenrap, Vergleiche mit anderen Crews\"},\"werk\":{\"wt\":\"rap.de\"},\"datum\":{\"wt\":\"2019-10-03\"},\"sprache\":{\"wt\":\"de-DE\"},\"abruf\":{\"wt\":\"2021-07-28\"}},\"i\":0}}]}'>Redaktion:<span typeof=\"mw:Entity\" id=\"rdp-we-mw0w\"> <\/span><a rel=\"external_link\" href=\"https:\/\/rap.de\/c37-interview\/173205-nullzweizwei-im-interview-heimatgefuehle-strassenrap-vergleiche-mit-anderen-crews\/\" class=\"external text\" id=\"rdp-we-mw1A\" target=\"_new\"><i id=\"rdp-we-mw1Q\">Nullzweizwei im Interview: Heimatgef\u00fchle, Stra\u00dfenrap, Vergleiche mit anderen Crews.<\/i><\/a><span typeof=\"mw:Entity\" id=\"rdp-we-mw1g\"> <\/span>In:<span typeof=\"mw:Entity\" id=\"rdp-we-mw1w\"> <\/span><i id=\"rdp-we-mw2A\">rap.de.<\/i><span typeof=\"mw:Entity\" id=\"rdp-we-mw2Q\"> <\/span>3.<span typeof=\"mw:Entity\" id=\"rdp-we-mw2g\">\u00a0<\/span>Oktober 2019<span typeof=\"mw:Entity\" id=\"rdp-we-mw2w\">,<\/span><span class=\"Abrufdatum\" id=\"rdp-we-mw3A\"><span typeof=\"mw:Entity\" id=\"rdp-we-mw3Q\"> <\/span>abgerufen am 28.<span typeof=\"mw:Entity\" id=\"rdp-we-mw3g\">\u00a0<\/span>Juli 2021<\/span><span typeof=\"mw:Entity\" id=\"rdp-we-mw3w\"> <\/span>(deutsch).<\/span><span style=\"display: none;\" class=\"Z3988\" title=\"ctx_ver=Z39.88-2004&amp;rft_val_fmt=info%3Aofi%2Ffmt%3Akev%3Amtx%3Adc&amp;rfr_id=info%3Asid%2Fde.wikipedia.org%3ANullzweizwei&amp;rft.title=Nullzweizwei+im+Interview%3A+Heimatgef%C3%BChle%2C+Stra%C3%9Fenrap%2C+Vergleiche+mit+anderen+Crews&amp;rft.description=Nullzweizwei+im+Interview%3A+Heimatgef%C3%BChle%2C+Stra%C3%9Fenrap%2C+Vergleiche+mit+anderen+Crews&amp;rft.identifier=https%3A%2F%2Frap.de%2Fc37-interview%2F173205-nullzweizwei-im-interview-heimatgefuehle-strassenrap-vergleiche-mit-anderen-crews%2F&amp;rft.creator=Redaktion&amp;rft.date=2019-10-03&amp;rft.language=de-DE\" about=\"#mwt7\" id=\"rdp-we-mw4A\"><span typeof=\"mw:Entity\" id=\"rdp-we-mw4Q\">\u00a0<\/span><\/span><\/span><\/li>\n<li about=\"#cite_note-5\" id=\"cite_note-5\" data-mw-footnote-number=\"5\"><span class=\"mw-cite-backlink\" id=\"rdp-we-mw4g\"><a href=\"#cite_ref-5\" rel=\"mw:referencedBy\" id=\"rdp-we-mw4w\"><span class=\"mw-linkback-text\" id=\"rdp-we-mw5A\">\u2191<\/span><\/a><\/span> <span id=\"rdp-we-mw-reference-text-cite_note-5\" class=\"mw-reference-text reference-text\"><span class=\"cite\" about=\"#mwt11\" typeof=\"mw:Transclusion\" id=\"rdp-we-mw5Q\" data-mw='{\"parts\":[{\"template\":{\"target\":{\"wt\":\"Internetquelle \",\"href\":\".\/Vorlage:Internetquelle\"},\"params\":{\"url\":{\"wt\":\"https:\/\/www.nordbayern.de\/region\/hoechstadt\/wir-sind-strasse-kommen-neue-rap-stars-aus-franken-1.9247432\"},\"titel\":{\"wt\":\"\\\"Wir sind Stra\u00dfe\\\": Kommen neue Rap-Stars aus Franken?\"},\"werk\":{\"wt\":\"Nordbayern.de\"},\"abruf\":{\"wt\":\"2021-07-28\"}},\"i\":0}}]}'><a rel=\"external_link\" href=\"https:\/\/www.nordbayern.de\/region\/hoechstadt\/wir-sind-strasse-kommen-neue-rap-stars-aus-franken-1.9247432\" class=\"external text\" id=\"rdp-we-mw5g\" target=\"_new\"><i id=\"rdp-we-mw5w\">\"Wir sind Stra\u00dfe\": Kommen neue Rap-Stars aus Franken?<\/i><\/a><span typeof=\"mw:Entity\" id=\"rdp-we-mw6A\"> <\/span>In:<span typeof=\"mw:Entity\" id=\"rdp-we-mw6Q\"> <\/span><i id=\"rdp-we-mw6g\">Nordbayern.de.<\/i><span class=\"Abrufdatum\" id=\"rdp-we-mw6w\"><span typeof=\"mw:Entity\" id=\"rdp-we-mw7A\"> <\/span>Abgerufen am 28.<span typeof=\"mw:Entity\" id=\"rdp-we-mw7Q\">\u00a0<\/span>Juli 2021<\/span>.<\/span><span style=\"display: none;\" class=\"Z3988\" title=\"ctx_ver=Z39.88-2004&amp;rft_val_fmt=info%3Aofi%2Ffmt%3Akev%3Amtx%3Adc&amp;rfr_id=info%3Asid%2Fde.wikipedia.org%3ANullzweizwei&amp;rft.title=%22Wir+sind+Stra%C3%9Fe%22%3A+Kommen+neue+Rap-Stars+aus+Franken%3F&amp;rft.description=%22Wir+sind+Stra%C3%9Fe%22%3A+Kommen+neue+Rap-Stars+aus+Franken%3F&amp;rft.identifier=https%3A%2F%2Fwww.nordbayern.de%2Fregion%2Fhoechstadt%2Fwir-sind-strasse-kommen-neue-rap-stars-aus-franken-1.9247432\" about=\"#mwt11\" id=\"rdp-we-mw7g\"><span typeof=\"mw:Entity\" id=\"rdp-we-mw7w\">\u00a0<\/span><\/span><\/span><\/li>\n<li about=\"#cite_note-6\" id=\"cite_note-6\" data-mw-footnote-number=\"6\"><span class=\"mw-cite-backlink\" id=\"rdp-we-mw8A\"><a href=\"#cite_ref-6\" rel=\"mw:referencedBy\" id=\"rdp-we-mw8Q\"><span class=\"mw-linkback-text\" id=\"rdp-we-mw8g\">\u2191<\/span><\/a><\/span> <span id=\"rdp-we-mw-reference-text-cite_note-6\" class=\"mw-reference-text reference-text\"><span class=\"cite\" about=\"#mwt14\" typeof=\"mw:Transclusion\" id=\"rdp-we-mw8w\" data-mw='{\"parts\":[{\"template\":{\"target\":{\"wt\":\"Internetquelle \",\"href\":\".\/Vorlage:Internetquelle\"},\"params\":{\"autor\":{\"wt\":\"Frieder Haag\"},\"url\":{\"wt\":\"https:\/\/www.laut.de\/Nullzweizwei\/Alben\/Etabliert-114882\"},\"titel\":{\"wt\":\"Die Jungs laden zum Saufen am Mix Markt ein.\"},\"werk\":{\"wt\":\"Laut.de\"},\"sprache\":{\"wt\":\"de\"},\"abruf\":{\"wt\":\"2021-07-28\"}},\"i\":0}}]}'>Frieder Haag:<span typeof=\"mw:Entity\" id=\"rdp-we-mw9A\"> <\/span><a rel=\"external_link\" href=\"https:\/\/www.laut.de\/Nullzweizwei\/Alben\/Etabliert-114882\" class=\"external text\" id=\"rdp-we-mw9Q\" target=\"_new\"><i id=\"rdp-we-mw9g\">Die Jungs laden zum Saufen am Mix Markt ein.<\/i><\/a><span typeof=\"mw:Entity\" id=\"rdp-we-mw9w\"> <\/span>In:<span typeof=\"mw:Entity\" id=\"rdp-we-mw-A\"> <\/span><i id=\"rdp-we-mw-Q\">Laut.de.<\/i><span class=\"Abrufdatum\" id=\"rdp-we-mw-g\"><span typeof=\"mw:Entity\" id=\"rdp-we-mw-w\"> <\/span>Abgerufen am 28.<span typeof=\"mw:Entity\" id=\"rdp-we-mw_A\">\u00a0<\/span>Juli 2021<\/span>.<\/span><span style=\"display: none;\" class=\"Z3988\" title=\"ctx_ver=Z39.88-2004&amp;rft_val_fmt=info%3Aofi%2Ffmt%3Akev%3Amtx%3Adc&amp;rfr_id=info%3Asid%2Fde.wikipedia.org%3ANullzweizwei&amp;rft.title=Die+Jungs+laden+zum+Saufen+am+Mix+Markt+ein.&amp;rft.description=Die+Jungs+laden+zum+Saufen+am+Mix+Markt+ein.&amp;rft.identifier=https%3A%2F%2Fwww.laut.de%2FNullzweizwei%2FAlben%2FEtabliert-114882&amp;rft.creator=Frieder+Haag&amp;rft.language=de\" about=\"#mwt14\" id=\"rdp-we-mw_Q\"><span typeof=\"mw:Entity\" id=\"rdp-we-mw_g\">\u00a0<\/span><\/span><\/span><\/li>\n<li about=\"#cite_note-:2-7\" id=\"cite_note-:2-7\" data-mw-footnote-number=\"7\"><span rel=\"mw:referencedBy\" class=\"mw-cite-backlink\" id=\"rdp-we-mw_w\"><a href=\"#cite_ref-:2_7-0\" id=\"rdp-we-mwAQA\"><span class=\"mw-linkback-text\" id=\"rdp-we-mwAQE\">1<\/span><\/a> <a href=\"#cite_ref-:2_7-1\" id=\"rdp-we-mwAQI\"><span class=\"mw-linkback-text\" id=\"rdp-we-mwAQM\">2<\/span><\/a><\/span> <span id=\"rdp-we-mw-reference-text-cite_note-:2-7\" class=\"mw-reference-text reference-text\"><span class=\"cite\" about=\"#mwt16\" typeof=\"mw:Transclusion\" id=\"rdp-we-mwAQQ\" data-mw='{\"parts\":[{\"template\":{\"target\":{\"wt\":\"Internetquelle \",\"href\":\".\/Vorlage:Internetquelle\"},\"params\":{\"url\":{\"wt\":\"https:\/\/www.warnermusic.de\/nullzweizwei\"},\"titel\":{\"wt\":\"Nullzweizwei\"},\"werk\":{\"wt\":\"Warner Music\"},\"datum\":{\"wt\":\"2019-07-19\"},\"sprache\":{\"wt\":\"de-DE\"},\"abruf\":{\"wt\":\"2021-07-28\"}},\"i\":0}}]}'><a rel=\"external_link\" href=\"https:\/\/www.warnermusic.de\/nullzweizwei\" class=\"external text\" id=\"rdp-we-mwAQU\" target=\"_new\"><i id=\"rdp-we-mwAQY\">Nullzweizwei.<\/i><\/a><span typeof=\"mw:Entity\" id=\"rdp-we-mwAQc\"> <\/span>In:<span typeof=\"mw:Entity\" id=\"rdp-we-mwAQg\"> <\/span><i id=\"rdp-we-mwAQk\">Warner Music.<\/i><span typeof=\"mw:Entity\" id=\"rdp-we-mwAQo\"> <\/span>19.<span typeof=\"mw:Entity\" id=\"rdp-we-mwAQs\">\u00a0<\/span>Juli 2019<span typeof=\"mw:Entity\" id=\"rdp-we-mwAQw\">,<\/span><span class=\"Abrufdatum\" id=\"rdp-we-mwAQ0\"><span typeof=\"mw:Entity\" id=\"rdp-we-mwAQ4\"> <\/span>abgerufen am 28.<span typeof=\"mw:Entity\" id=\"rdp-we-mwAQ8\">\u00a0<\/span>Juli 2021<\/span><span typeof=\"mw:Entity\" id=\"rdp-we-mwARA\"> <\/span>(deutsch).<\/span><span style=\"display: none;\" class=\"Z3988\" title=\"ctx_ver=Z39.88-2004&amp;rft_val_fmt=info%3Aofi%2Ffmt%3Akev%3Amtx%3Adc&amp;rfr_id=info%3Asid%2Fde.wikipedia.org%3ANullzweizwei&amp;rft.title=Nullzweizwei&amp;rft.description=Nullzweizwei&amp;rft.identifier=https%3A%2F%2Fwww.warnermusic.de%2Fnullzweizwei&amp;rft.date=2019-07-19&amp;rft.language=de-DE\" about=\"#mwt16\" id=\"rdp-we-mwARE\"><span typeof=\"mw:Entity\" id=\"rdp-we-mwARI\">\u00a0<\/span><\/span><\/span><\/li>\n<li about=\"#cite_note-8\" id=\"cite_note-8\" data-mw-footnote-number=\"8\"><span class=\"mw-cite-backlink\" id=\"rdp-we-mwARM\"><a href=\"#cite_ref-8\" rel=\"mw:referencedBy\" id=\"rdp-we-mwARQ\"><span class=\"mw-linkback-text\" id=\"rdp-we-mwARU\">\u2191<\/span><\/a><\/span> <span id=\"rdp-we-mw-reference-text-cite_note-8\" class=\"mw-reference-text reference-text\"><span class=\"cite\" about=\"#mwt18\" typeof=\"mw:Transclusion\" id=\"rdp-we-mwARY\" data-mw='{\"parts\":[{\"template\":{\"target\":{\"wt\":\"Internetquelle \",\"href\":\".\/Vorlage:Internetquelle\"},\"params\":{\"autor\":{\"wt\":\"Kingstar\"},\"url\":{\"wt\":\"https:\/\/www.kingstar-music.com\/portfolio-items\/nullzweizwei\/\"},\"titel\":{\"wt\":\"NULLZWEIZWEI\"},\"werk\":{\"wt\":\"Kingstar GmbH\"},\"sprache\":{\"wt\":\"de-DE\"},\"abruf\":{\"wt\":\"2021-07-28\"}},\"i\":0}}]}'>Kingstar:<span typeof=\"mw:Entity\" id=\"rdp-we-mwARc\"> <\/span><a rel=\"external_link\" href=\"https:\/\/www.kingstar-music.com\/portfolio-items\/nullzweizwei\/\" class=\"external text\" id=\"rdp-we-mwARg\" target=\"_new\"><i id=\"rdp-we-mwARk\">NULLZWEIZWEI.<\/i><\/a><span typeof=\"mw:Entity\" id=\"rdp-we-mwARo\"> <\/span>In:<span typeof=\"mw:Entity\" id=\"rdp-we-mwARs\"> <\/span><i id=\"rdp-we-mwARw\">Kingstar GmbH.<\/i><span class=\"Abrufdatum\" id=\"rdp-we-mwAR0\"><span typeof=\"mw:Entity\" id=\"rdp-we-mwAR4\"> <\/span>Abgerufen am 28.<span typeof=\"mw:Entity\" id=\"rdp-we-mwAR8\">\u00a0<\/span>Juli 2021<\/span><span typeof=\"mw:Entity\" id=\"rdp-we-mwASA\"> <\/span>(deutsch).<\/span><span style=\"display: none;\" class=\"Z3988\" title=\"ctx_ver=Z39.88-2004&amp;rft_val_fmt=info%3Aofi%2Ffmt%3Akev%3Amtx%3Adc&amp;rfr_id=info%3Asid%2Fde.wikipedia.org%3ANullzweizwei&amp;rft.title=NULLZWEIZWEI&amp;rft.description=NULLZWEIZWEI&amp;rft.identifier=https%3A%2F%2Fwww.kingstar-music.com%2Fportfolio-items%2Fnullzweizwei%2F&amp;rft.creator=Kingstar&amp;rft.language=de-DE\" about=\"#mwt18\" id=\"rdp-we-mwASE\"><span typeof=\"mw:Entity\" id=\"rdp-we-mwASI\">\u00a0<\/span><\/span><\/span><\/li>\n<li about=\"#cite_note-9\" id=\"cite_note-9\" data-mw-footnote-number=\"9\"><span class=\"mw-cite-backlink\" id=\"rdp-we-mwASM\"><a href=\"#cite_ref-9\" rel=\"mw:referencedBy\" id=\"rdp-we-mwASQ\"><span class=\"mw-linkback-text\" id=\"rdp-we-mwASU\">\u2191<\/span><\/a><\/span> <span id=\"rdp-we-mw-reference-text-cite_note-9\" class=\"mw-reference-text reference-text\"><span class=\"cite\" about=\"#mwt20\" typeof=\"mw:Transclusion\" id=\"rdp-we-mwASY\" data-mw='{\"parts\":[{\"template\":{\"target\":{\"wt\":\"Internetquelle \",\"href\":\".\/Vorlage:Internetquelle\"},\"params\":{\"autor\":{\"wt\":\"Michael Ebenger\"},\"url\":{\"wt\":\"https:\/\/hiphop.de\/magazin\/news\/rufuz-bazu-von-nullzweizwei-gehen-getrennte-wege-409846\"},\"titel\":{\"wt\":\"Rufuz &amp; Bazu von Nullzweizwei gehen getrennte Wege\"},\"sprache\":{\"wt\":\"de-DE\"},\"abruf\":{\"wt\":\"2024-01-01\"}},\"i\":0}}]}'>Michael Ebenger:<span typeof=\"mw:Entity\" id=\"rdp-we-mwASc\"> <\/span><a rel=\"external_link\" href=\"https:\/\/hiphop.de\/magazin\/news\/rufuz-bazu-von-nullzweizwei-gehen-getrennte-wege-409846\" class=\"external text\" id=\"rdp-we-mwASg\" target=\"_new\"><i id=\"rdp-we-mwASk\">Rufuz &amp; Bazu von Nullzweizwei gehen getrennte Wege.<\/i><\/a><span class=\"Abrufdatum\" id=\"rdp-we-mwASo\"><span typeof=\"mw:Entity\" id=\"rdp-we-mwASs\"> <\/span>Abgerufen am 1.<span typeof=\"mw:Entity\" id=\"rdp-we-mwASw\">\u00a0<\/span>Januar 2024<\/span><span typeof=\"mw:Entity\" id=\"rdp-we-mwAS0\"> <\/span>(deutsch).<\/span><span style=\"display: none;\" class=\"Z3988\" title=\"ctx_ver=Z39.88-2004&amp;rft_val_fmt=info%3Aofi%2Ffmt%3Akev%3Amtx%3Adc&amp;rfr_id=info%3Asid%2Fde.wikipedia.org%3ANullzweizwei&amp;rft.title=Rufuz+%26+Bazu+von+Nullzweizwei+gehen+getrennte+Wege&amp;rft.description=Rufuz+%26+Bazu+von+Nullzweizwei+gehen+getrennte+Wege&amp;rft.identifier=https%3A%2F%2Fhiphop.de%2Fmagazin%2Fnews%2Frufuz-bazu-von-nullzweizwei-gehen-getrennte-wege-409846&amp;rft.creator=Michael+Ebenger&amp;rft.language=de-DE\" about=\"#mwt20\" id=\"rdp-we-mwAS4\"><span typeof=\"mw:Entity\" id=\"rdp-we-mwAS8\">\u00a0<\/span><\/span><\/span><\/li>\n<li about=\"#cite_note-charts-10\" id=\"cite_note-charts-10\" data-mw-footnote-number=\"10\"><span class=\"mw-cite-backlink\" id=\"rdp-we-mwATA\"><a href=\"#cite_ref-charts_10-0\" rel=\"mw:referencedBy\" id=\"rdp-we-mwATE\"><span class=\"mw-linkback-text\" id=\"rdp-we-mwATI\">\u2191<\/span><\/a><\/span> <span id=\"rdp-we-mw-reference-text-cite_note-charts-10\" class=\"mw-reference-text reference-text\">Chartquellen: <a rel=\"external_link\" href=\"https:\/\/www.offiziellecharts.de\/suche?artist_search=Nullzweizwei&do_search=do?\" class=\"external text\" id=\"rdp-we-mwATM\" target=\"_new\">DE<\/a> <a rel=\"external_link\" href=\"https:\/\/austriancharts.at\/showinterpret.asp?interpret=Nullzweizwei\" class=\"external text\" id=\"rdp-we-mwATQ\" target=\"_new\">AT<\/a><\/span><\/li>\n<\/ol><\/div>\n\n<link rel=\"mw:PageProp\/Category\" href=\".\/Kategorie:Hip-Hop-Duo\" id=\"rdp-we-mwATU\"\/>\n<link rel=\"mw:PageProp\/Category\" href=\".\/Kategorie:Hip-Hop-Gruppe\" id=\"rdp-we-mwATY\"\/>\n<link rel=\"mw:PageProp\/Category\" href=\".\/Kategorie:Deutsche_Band\" id=\"rdp-we-mwATc\"\/><\/section>\n<!-- \nNewPP limit report\nParsed by mw\u2010web.eqiad.main\u2010d7b74dd99\u2010sgxs8\nCached time: 20260905034631\nCache expiry: 2592000\nReduced expiry: false\nComplications: [show\u2010toc, use\u2010parsoid]\nCPU time usage: 0.577 seconds\nReal time usage: 0.635 seconds\nPreprocessor visited node count: 2541\/1000000\nRevision size: 7424\/2097152 bytes\nPost\u2010expand include size: 34645\/2097152 bytes\nTemplate argument size: 7319\/2097152 bytes\nHighest expansion depth: 9\/100\nExpensive parser function count: 3\/500\nUnstrip recursion depth: 0\/20\nUnstrip post\u2010expand size: 13805\/5000000 bytes\nLua time usage: 0.130\/10.000 seconds\nLua memory usage: 5961263\/52428800 bytes\nNumber of Wikibase entities loaded: 0\/500\n-->\n<!--\nTransclusion expansion time report (%,ms,calls,template)\n100.00%  363.628      1 -total\n 52.27%  190.067      9 Vorlage:Internetquelle\n 13.92%   50.632      1 Vorlage:Infobox_Chartplatzierungen\n 10.29%   37.407      1 Vorlage:Infobox_Band\n  7.86%   28.579      9 Vorlage:Str_len\n  4.55%   16.553      1 Vorlage:Str_left\n  4.34%   15.787      2 Vorlage:Album\n  3.86%   14.030      4 Vorlage:Charts\n  1.34%    4.890      1 Vorlage:Single\n-->\n\n<!-- Render ID 61aa07c7-a8dc-11f1-8563-65140723148c -->\n\n<!-- Saved in parser cache with key dewiki:stable-parsoid-pcache:11870657:|#|:idhash:useParsoid=1 and timestamp 20260905034631 and revision id 259575061. Rendering was triggered because: unknown\n -->\n\n<!-- Parsoid 0.24.0.0-alpha21 -->\n<\/div><!--\nPost\u2010processing cache key dewiki:stable\u2010parsoid\u2010pcache\u2010postproc:11870657:|#|:idhash:injectTOC=0!postproc=1!skin=vector\u20102022!useParsoid=1, generated at 20260905034632\n--><noscript><img loading=\"lazy\" decoding=\"async\" src=\"https:\/\/de.wikipedia.org\/wiki\/Special:CentralAutoLogin\/start?useformat=desktop&amp;type=1x1&amp;usesul3=1\" alt=\"\" width=\"1\" height=\"1\" style=\"border: none; position: absolute;\"><\/noscript>\n<div class=\"printfooter\" data-nosnippet=\"\">Quelle:  <a rel=\"external_link\" class=\"external\" href=\"https:\/\/de.wikipedia.org\/wiki\/Nullzweizwei\">https:\/\/de.wikipedia.org\/wiki\/Nullzweizwei<\/a><\/div><\/div>\n\t\t\t\t\t\n\t\t\t\t<\/div>\n\t\t\t<\/main>\n\t\t\t\n\t\t<\/div>\n\t\t<div class=\"mw-footer-container\">\n\t\t\t\n\t\t<\/div>\n\t<\/div> \n<\/div> \n\n<div class=\"mw-portlet mw-portlet-dock-bottom emptyPortlet\" id=\"rdp-we-p-dock-bottom\">\n\t<ul>\n\t\t\n\t<\/ul>\n<\/div>\n\n\n<\/div><!-- #rdp-we-main -->\n\n\t\t<\/div>\n\t<\/div>\n<\/div><\/div><\/div><\/div>\n<\/section>","protected":false},"excerpt":{"rendered":"<p>Nullzweizwei Nullzweizwei ist ein ehemaliges deutsches Rap-Duo aus Herzogenaurach. Urspr\u00fcnglich 2017 als Rap-Crew gegr\u00fcndet bestand Nullzweizwei bis 2023 nur noch aus den beiden Rappern Rufuz und Bazu. Ihre Aufl\u00f6sung wurde am 31. Dezember 2023 bekannt gegeben. Bandgeschichte Nullzweizwei gr\u00fcndete sich um 2017 um die vier Freunde Bazu (Vitaly Frolov), Rufuz (Bastian Pfrob) und Sosa (Maximilian&hellip;<\/p>","protected":false},"author":1,"featured_media":56765,"comment_status":"closed","ping_status":"closed","template":"","dt_portfolio_category":[1340],"dt_portfolio_tags":[],"class_list":["post-56764","dt_portfolio","type-dt_portfolio","status-publish","has-post-thumbnail","hentry","dt_portfolio_category-deutschrap","dt_portfolio_category-1340","description-off"],"yoast_head":"<!-- This site is optimized with the Yoast SEO plugin v28.4 - https:\/\/yoast.com\/product\/yoast-seo-wordpress\/ -->\n<title>Nullzweizwei - Access all artists<\/title>\n<meta name=\"robots\" content=\"index, follow, max-snippet:-1, max-image-preview:large, max-video-preview:-1\" \/>\n<link rel=\"canonical\" href=\"https:\/\/accessallartists.de\/en\/artists\/nullzweizwei\/\" \/>\n<meta property=\"og:locale\" content=\"en_US\" \/>\n<meta property=\"og:type\" content=\"article\" \/>\n<meta property=\"og:title\" content=\"Nullzweizwei - Access all artists\" \/>\n<meta property=\"og:url\" content=\"https:\/\/accessallartists.de\/en\/artists\/nullzweizwei\/\" \/>\n<meta property=\"og:site_name\" content=\"Access all artists\" \/>\n<meta property=\"article:publisher\" content=\"http:\/\/www.facebook.com\/aaa_accessallartists\" \/>\n<meta property=\"article:modified_time\" content=\"2023-10-26T11:08:43+00:00\" \/>\n<meta property=\"og:image\" content=\"https:\/\/accessallartists.de\/wp-content\/uploads\/2023\/03\/Nullzweizwei.jpg\" \/>\n\t<meta property=\"og:image:width\" content=\"1086\" \/>\n\t<meta property=\"og:image:height\" content=\"1400\" \/>\n\t<meta property=\"og:image:type\" content=\"image\/jpeg\" \/>\n<meta name=\"twitter:card\" content=\"summary_large_image\" \/>\n<meta name=\"twitter:site\" content=\"@accesallartists\" \/>\n<script type=\"application\/ld+json\" class=\"yoast-schema-graph\">{\"@context\":\"https:\\\/\\\/schema.org\",\"@graph\":[{\"@type\":\"WebPage\",\"@id\":\"https:\\\/\\\/accessallartists.de\\\/artists\\\/nullzweizwei\\\/\",\"url\":\"https:\\\/\\\/accessallartists.de\\\/artists\\\/nullzweizwei\\\/\",\"name\":\"Nullzweizwei - Access all artists\",\"isPartOf\":{\"@id\":\"https:\\\/\\\/accessallartists.de\\\/#website\"},\"primaryImageOfPage\":{\"@id\":\"https:\\\/\\\/accessallartists.de\\\/artists\\\/nullzweizwei\\\/#primaryimage\"},\"image\":{\"@id\":\"https:\\\/\\\/accessallartists.de\\\/artists\\\/nullzweizwei\\\/#primaryimage\"},\"thumbnailUrl\":\"https:\\\/\\\/accessallartists.de\\\/wp-content\\\/uploads\\\/2023\\\/03\\\/Nullzweizwei.jpg\",\"datePublished\":\"2023-03-04T14:58:58+00:00\",\"dateModified\":\"2023-10-26T11:08:43+00:00\",\"breadcrumb\":{\"@id\":\"https:\\\/\\\/accessallartists.de\\\/artists\\\/nullzweizwei\\\/#breadcrumb\"},\"inLanguage\":\"en-US\",\"potentialAction\":[{\"@type\":\"ReadAction\",\"target\":[\"https:\\\/\\\/accessallartists.de\\\/artists\\\/nullzweizwei\\\/\"]}]},{\"@type\":\"ImageObject\",\"inLanguage\":\"en-US\",\"@id\":\"https:\\\/\\\/accessallartists.de\\\/artists\\\/nullzweizwei\\\/#primaryimage\",\"url\":\"https:\\\/\\\/accessallartists.de\\\/wp-content\\\/uploads\\\/2023\\\/03\\\/Nullzweizwei.jpg\",\"contentUrl\":\"https:\\\/\\\/accessallartists.de\\\/wp-content\\\/uploads\\\/2023\\\/03\\\/Nullzweizwei.jpg\",\"width\":1086,\"height\":1400},{\"@type\":\"BreadcrumbList\",\"@id\":\"https:\\\/\\\/accessallartists.de\\\/artists\\\/nullzweizwei\\\/#breadcrumb\",\"itemListElement\":[{\"@type\":\"ListItem\",\"position\":1,\"name\":\"Startseite\",\"item\":\"https:\\\/\\\/accessallartists.de\\\/\"},{\"@type\":\"ListItem\",\"position\":2,\"name\":\"Portfolio\",\"item\":\"https:\\\/\\\/accessallartists.de\\\/artists\\\/\"},{\"@type\":\"ListItem\",\"position\":3,\"name\":\"Nullzweizwei\"}]},{\"@type\":\"WebSite\",\"@id\":\"https:\\\/\\\/accessallartists.de\\\/#website\",\"url\":\"https:\\\/\\\/accessallartists.de\\\/\",\"name\":\"Access all artists\",\"description\":\"Home of Artists &amp; Concerts\",\"publisher\":{\"@id\":\"https:\\\/\\\/accessallartists.de\\\/#organization\"},\"potentialAction\":[{\"@type\":\"SearchAction\",\"target\":{\"@type\":\"EntryPoint\",\"urlTemplate\":\"https:\\\/\\\/accessallartists.de\\\/?s={search_term_string}\"},\"query-input\":{\"@type\":\"PropertyValueSpecification\",\"valueRequired\":true,\"valueName\":\"search_term_string\"}}],\"inLanguage\":\"en-US\"},{\"@type\":\"Organization\",\"@id\":\"https:\\\/\\\/accessallartists.de\\\/#organization\",\"name\":\"Access all artists\",\"url\":\"https:\\\/\\\/accessallartists.de\\\/\",\"logo\":{\"@type\":\"ImageObject\",\"inLanguage\":\"en-US\",\"@id\":\"https:\\\/\\\/accessallartists.de\\\/#\\\/schema\\\/logo\\\/image\\\/\",\"url\":\"https:\\\/\\\/accessallartists.de\\\/wp-content\\\/uploads\\\/2023\\\/03\\\/aaa-seo-icon-image.jpg\",\"contentUrl\":\"https:\\\/\\\/accessallartists.de\\\/wp-content\\\/uploads\\\/2023\\\/03\\\/aaa-seo-icon-image.jpg\",\"width\":600,\"height\":600,\"caption\":\"Access all artists\"},\"image\":{\"@id\":\"https:\\\/\\\/accessallartists.de\\\/#\\\/schema\\\/logo\\\/image\\\/\"},\"sameAs\":[\"http:\\\/\\\/www.facebook.com\\\/aaa_accessallartists\",\"https:\\\/\\\/x.com\\\/accesallartists\",\"https:\\\/\\\/www.instagram.com\\\/aaa_accessallartists\",\"https:\\\/\\\/www.youtube.com\\\/channel\\\/UCWQJiDSzXSCWrjcGmxQwpag\"]}]}<\/script>\n<!-- \/ Yoast SEO plugin. -->","yoast_head_json":{"title":"Nullzweizwei - Access all artists","robots":{"index":"index","follow":"follow","max-snippet":"max-snippet:-1","max-image-preview":"max-image-preview:large","max-video-preview":"max-video-preview:-1"},"canonical":"https:\/\/accessallartists.de\/en\/artists\/nullzweizwei\/","og_locale":"en_US","og_type":"article","og_title":"Nullzweizwei - Access all artists","og_url":"https:\/\/accessallartists.de\/en\/artists\/nullzweizwei\/","og_site_name":"Access all artists","article_publisher":"http:\/\/www.facebook.com\/aaa_accessallartists","article_modified_time":"2023-10-26T11:08:43+00:00","og_image":[{"width":1086,"height":1400,"url":"https:\/\/accessallartists.de\/wp-content\/uploads\/2023\/03\/Nullzweizwei.jpg","type":"image\/jpeg"}],"twitter_card":"summary_large_image","twitter_site":"@accesallartists","schema":{"@context":"https:\/\/schema.org","@graph":[{"@type":"WebPage","@id":"https:\/\/accessallartists.de\/artists\/nullzweizwei\/","url":"https:\/\/accessallartists.de\/artists\/nullzweizwei\/","name":"Nullzweizwei - Access all artists","isPartOf":{"@id":"https:\/\/accessallartists.de\/#website"},"primaryImageOfPage":{"@id":"https:\/\/accessallartists.de\/artists\/nullzweizwei\/#primaryimage"},"image":{"@id":"https:\/\/accessallartists.de\/artists\/nullzweizwei\/#primaryimage"},"thumbnailUrl":"https:\/\/accessallartists.de\/wp-content\/uploads\/2023\/03\/Nullzweizwei.jpg","datePublished":"2023-03-04T14:58:58+00:00","dateModified":"2023-10-26T11:08:43+00:00","breadcrumb":{"@id":"https:\/\/accessallartists.de\/artists\/nullzweizwei\/#breadcrumb"},"inLanguage":"en-US","potentialAction":[{"@type":"ReadAction","target":["https:\/\/accessallartists.de\/artists\/nullzweizwei\/"]}]},{"@type":"ImageObject","inLanguage":"en-US","@id":"https:\/\/accessallartists.de\/artists\/nullzweizwei\/#primaryimage","url":"https:\/\/accessallartists.de\/wp-content\/uploads\/2023\/03\/Nullzweizwei.jpg","contentUrl":"https:\/\/accessallartists.de\/wp-content\/uploads\/2023\/03\/Nullzweizwei.jpg","width":1086,"height":1400},{"@type":"BreadcrumbList","@id":"https:\/\/accessallartists.de\/artists\/nullzweizwei\/#breadcrumb","itemListElement":[{"@type":"ListItem","position":1,"name":"Startseite","item":"https:\/\/accessallartists.de\/"},{"@type":"ListItem","position":2,"name":"Portfolio","item":"https:\/\/accessallartists.de\/artists\/"},{"@type":"ListItem","position":3,"name":"Nullzweizwei"}]},{"@type":"WebSite","@id":"https:\/\/accessallartists.de\/#website","url":"https:\/\/accessallartists.de\/","name":"Access all artists","description":"Home of Artists &amp; Concerts","publisher":{"@id":"https:\/\/accessallartists.de\/#organization"},"potentialAction":[{"@type":"SearchAction","target":{"@type":"EntryPoint","urlTemplate":"https:\/\/accessallartists.de\/?s={search_term_string}"},"query-input":{"@type":"PropertyValueSpecification","valueRequired":true,"valueName":"search_term_string"}}],"inLanguage":"en-US"},{"@type":"Organization","@id":"https:\/\/accessallartists.de\/#organization","name":"Access all artists","url":"https:\/\/accessallartists.de\/","logo":{"@type":"ImageObject","inLanguage":"en-US","@id":"https:\/\/accessallartists.de\/#\/schema\/logo\/image\/","url":"https:\/\/accessallartists.de\/wp-content\/uploads\/2023\/03\/aaa-seo-icon-image.jpg","contentUrl":"https:\/\/accessallartists.de\/wp-content\/uploads\/2023\/03\/aaa-seo-icon-image.jpg","width":600,"height":600,"caption":"Access all artists"},"image":{"@id":"https:\/\/accessallartists.de\/#\/schema\/logo\/image\/"},"sameAs":["http:\/\/www.facebook.com\/aaa_accessallartists","https:\/\/x.com\/accesallartists","https:\/\/www.instagram.com\/aaa_accessallartists","https:\/\/www.youtube.com\/channel\/UCWQJiDSzXSCWrjcGmxQwpag"]}]}},"_links":{"self":[{"href":"https:\/\/accessallartists.de\/en\/wp-json\/wp\/v2\/dt_portfolio\/56764","targetHints":{"allow":["GET"]}}],"collection":[{"href":"https:\/\/accessallartists.de\/en\/wp-json\/wp\/v2\/dt_portfolio"}],"about":[{"href":"https:\/\/accessallartists.de\/en\/wp-json\/wp\/v2\/types\/dt_portfolio"}],"author":[{"embeddable":true,"href":"https:\/\/accessallartists.de\/en\/wp-json\/wp\/v2\/users\/1"}],"replies":[{"embeddable":true,"href":"https:\/\/accessallartists.de\/en\/wp-json\/wp\/v2\/comments?post=56764"}],"version-history":[{"count":1,"href":"https:\/\/accessallartists.de\/en\/wp-json\/wp\/v2\/dt_portfolio\/56764\/revisions"}],"predecessor-version":[{"id":58088,"href":"https:\/\/accessallartists.de\/en\/wp-json\/wp\/v2\/dt_portfolio\/56764\/revisions\/58088"}],"wp:featuredmedia":[{"embeddable":true,"href":"https:\/\/accessallartists.de\/en\/wp-json\/wp\/v2\/media\/56765"}],"wp:attachment":[{"href":"https:\/\/accessallartists.de\/en\/wp-json\/wp\/v2\/media?parent=56764"}],"wp:term":[{"taxonomy":"dt_portfolio_category","embeddable":true,"href":"https:\/\/accessallartists.de\/en\/wp-json\/wp\/v2\/dt_portfolio_category?post=56764"},{"taxonomy":"dt_portfolio_tags","embeddable":true,"href":"https:\/\/accessallartists.de\/en\/wp-json\/wp\/v2\/dt_portfolio_tags?post=56764"}],"curies":[{"name":"wp","href":"https:\/\/api.w.org\/{rel}","templated":true}]}}