{"id":57665,"date":"2023-03-22T22:00:35","date_gmt":"2023-03-22T21:00:35","guid":{"rendered":"https:\/\/accessallartists.de\/?post_type=dt_portfolio&#038;p=57665"},"modified":"2023-10-26T13:07:48","modified_gmt":"2023-10-26T11:07:48","slug":"kool-savas","status":"publish","type":"dt_portfolio","link":"https:\/\/accessallartists.de\/en\/artists\/kool-savas\/","title":{"rendered":"Kool Savas"},"content":{"rendered":"<section class=\"wpb-content-wrapper\"><div class=\"vc_row wpb_row vc_row-fluid\"><div class=\"wpb_column vc_column_container vc_col-sm-12\"><div class=\"vc_column-inner\"><div class=\"wpb_wrapper\">\n\t<div class=\"wpb_text_column wpb_content_element\" >\n\t\t<div class=\"wpb_wrapper\">\n\t\t\t<div id=\"rdp-we-main\" data-resource=\"https:\/\/de.wikipedia.org\/wiki\/Kool_Savas\">\n<div id=\"rdp-we-mw-aria-live-region\" class=\"mw-aria-live-region\" aria-live=\"polite\"><\/div>\n\n<div class=\"mw-page-container\">\n\t<div class=\"mw-page-container-inner\">\n\t\t<div class=\"vector-sitenotice-container\">\n\t\t\t<div id=\"rdp-we-siteNotice\"><!-- CentralNotice --><\/div>\n\t\t<\/div>\n\t\t<div class=\"vector-column-start\">\n\t\t\t\n\t\n\t\t<\/div>\n\t\t<div class=\"mw-content-container\">\n\t\t\t<main id=\"rdp-we-content\" class=\"mw-body\">\n\t\t\t\t<header class=\"mw-body-header vector-page-titlebar no-font-mode-scale\">\n\t\t\t\t\t\n\t\t\t\t\t<h1 id=\"rdp-we-firstHeading\" class=\"firstHeading mw-first-heading\"><span lang=\"de\" dir=\"ltr\"><span class=\"mw-page-title-main\">Kool Savas<\/span><\/span><\/h1>\n\t\t\t\n\n<\/header>\n\t\t\t\t\n\t\t\t\t\n\t\t\t\t<div id=\"rdp-we-bodyContent\" class=\"vector-body\" aria-labelledby=\"firstHeading\" data-mw-ve-target-container>\n\t\t\t\t\t<div class=\"vector-body-before-content\">\n\t\t\t\t\t\t\t\n\n\t\t\t\t\t\t\n\t\t\t\t\t<\/div>\n\t\t\t\t\t\n\t\t\t\t\t\n\t\t\t\t\t\n\t\t\t\t\t<div id=\"rdp-we-mw-content-text\" class=\"mw-body-content\"><div class=\"mw-content-ltr mw-parser-output\" lang=\"de\" dir=\"ltr\" data-mw-parsoid-version=\"0.24.0.0-alpha21\" data-mw-html-version=\"2.8.0\"><section data-mw-section-id=\"0\" id=\"rdp-we-mwAQ\"><figure class=\"mw-default-size\" typeof=\"mw:File\/Thumb\" id=\"rdp-we-mwAg\"><a href=\"https:\/\/de.wikipedia.org\/wiki\/Datei:Kool_Savas_-_Pressefoto_2019_-_1_(cropped).jpg\" class=\"mw-file-description wiki-link\" id=\"rdp-we-mwAw\" target=\"_new\"><img resource=\"https:\/\/de.wikipedia.org\/wiki\/Datei:Kool_Savas_-_Pressefoto_2019_-_1_(cropped).jpg\" src=\"https:\/\/thumb.wikimedia.org\/wikipedia\/commons\/thumb\/c\/c2\/Kool_Savas_-_Pressefoto_2019_-_1_%28cropped%29.jpg\/250px-Kool_Savas_-_Pressefoto_2019_-_1_%28cropped%29.jpg?utm_source=de.wikipedia.org&amp;utm_campaign=parser&amp;utm_content=thumbnail\" decoding=\"async\" loading=\"lazy\" data-file-type=\"bitmap\" height=\"306\" width=\"250\" class=\"mw-file-element\" id=\"rdp-we-mwBA\"\/><\/a><figcaption id=\"rdp-we-mwBQ\">Kool Savas (2019)<\/figcaption><\/figure>\n<p id=\"rdp-we-mwBg\"><b id=\"rdp-we-mwBw\">Kool Savas<\/b> [<span class=\"navigation-not-searchable\" about=\"#mwt6\" id=\"rdp-we-mwCQ\"><span class=\"IPA\"><a rel=\"mw:WikiLink\" href=\"https:\/\/de.wikipedia.org\/wiki\/Liste_der_IPA-Zeichen#\" title=\"Liste der IPA-Zeichen\" target=\"_new\" class=\"wiki-link\"><span title=\"Aussprache im Internationalen Phonetischen Alphabet (IPA)\" lang=\"zxx\">\u02ccku\u02d0l sa\u02c8va\u02d0\u0283<\/span><\/a><\/span><\/span>] (b\u00fcrgerlich <i id=\"rdp-we-mwCg\">Sava\u015f Yurderi<\/i>; * <a rel=\"mw:WikiLink\" href=\"https:\/\/de.wikipedia.org\/wiki\/10._Februar\" title=\"10. Februar\" id=\"rdp-we-mwCw\" target=\"_new\" class=\"wiki-link\">10. Februar<\/a> <a rel=\"mw:WikiLink\" href=\"https:\/\/de.wikipedia.org\/wiki\/1975\" title=\"1975\" id=\"rdp-we-mwDA\" target=\"_new\" class=\"wiki-link\">1975<\/a> in <a rel=\"mw:WikiLink\" href=\"https:\/\/de.wikipedia.org\/wiki\/Aachen\" title=\"Aachen\" id=\"rdp-we-mwDQ\" target=\"_new\" class=\"wiki-link\">Aachen<\/a>) ist ein deutscher <a rel=\"mw:WikiLink\" href=\"https:\/\/de.wikipedia.org\/wiki\/Rap\" title=\"Rap\" id=\"rdp-we-mwDg\" target=\"_new\" class=\"wiki-link\">Rapper<\/a> mit <a rel=\"mw:WikiLink\" href=\"https:\/\/de.wikipedia.org\/wiki\/T\u00fcrken\" title=\"T\u00fcrken\" id=\"rdp-we-mwDw\" target=\"_new\" class=\"wiki-link\">t\u00fcrkischen<\/a> Wurzeln.<\/p>\n\n<p id=\"rdp-we-mwEA\">Seit Mitte der 1990er-Jahre ist er in der <a rel=\"mw:WikiLink\" href=\"https:\/\/de.wikipedia.org\/wiki\/Berlin\" title=\"Berlin\" id=\"rdp-we-mwEQ\" target=\"_new\" class=\"wiki-link\">Berliner<\/a> <a rel=\"mw:WikiLink\" href=\"https:\/\/de.wikipedia.org\/wiki\/Hip-Hop\" title=\"Hip-Hop\" id=\"rdp-we-mwEg\" target=\"_new\" class=\"wiki-link\">Hip-Hop<\/a>-Szene aktiv. Durch die Beteiligung innerhalb der Formationen <a rel=\"mw:WikiLink\" href=\"https:\/\/de.wikipedia.org\/wiki\/Masters_of_Rap\" title=\"Masters of Rap\" id=\"rdp-we-mwEw\" target=\"_new\" class=\"wiki-link\">M.O.R.<\/a> und <a rel=\"mw:WikiLink\" href=\"https:\/\/de.wikipedia.org\/wiki\/Westberlin_Maskulin\" title=\"Westberlin Maskulin\" id=\"rdp-we-mwFA\" target=\"_new\" class=\"wiki-link\">Westberlin Maskulin<\/a> erlangte Savas erste Bekanntheit. Seine Soloalben <i id=\"rdp-we-mwFQ\"><a rel=\"mw:WikiLink\" href=\"https:\/\/de.wikipedia.org\/wiki\/Der_beste_Tag_meines_Lebens\" title=\"Der beste Tag meines Lebens\" id=\"rdp-we-mwFg\" target=\"_new\" class=\"wiki-link\">Der beste Tag meines Lebens<\/a><\/i>, <i id=\"rdp-we-mwFw\"><a rel=\"mw:WikiLink\" href=\"https:\/\/de.wikipedia.org\/wiki\/Tot_oder_lebendig_(Album)\" title=\"Tot oder lebendig (Album)\" id=\"rdp-we-mwGA\" target=\"_new\" class=\"wiki-link\">Tot oder lebendig<\/a><\/i>, <i id=\"rdp-we-mwGQ\"><a rel=\"mw:WikiLink\" href=\"https:\/\/de.wikipedia.org\/wiki\/Aura_(Kool-Savas-Album)\" title=\"Aura (Kool-Savas-Album)\" id=\"rdp-we-mwGg\" target=\"_new\" class=\"wiki-link\">Aura<\/a><\/i>, <i id=\"rdp-we-mwGw\"><a rel=\"mw:WikiLink\" href=\"https:\/\/de.wikipedia.org\/wiki\/M\u00e4rtyrer_(Album)\" title=\"M\u00e4rtyrer (Album)\" id=\"rdp-we-mwHA\" target=\"_new\" class=\"wiki-link\">M\u00e4rtyrer<\/a><\/i>, <i id=\"rdp-we-mwHQ\"><a rel=\"mw:WikiLink\" href=\"https:\/\/de.wikipedia.org\/wiki\/KKS_(Album)\" title=\"KKS (Album)\" id=\"rdp-we-mwHg\" target=\"_new\" class=\"wiki-link\">KKS<\/a><\/i> und <i id=\"rdp-we-mwHw\"><a rel=\"mw:WikiLink\" href=\"https:\/\/de.wikipedia.org\/wiki\/Aghori_(Album)\" title=\"Aghori (Album)\" id=\"rdp-we-mwIA\" target=\"_new\" class=\"wiki-link\">Aghori<\/a><\/i> sowie die Kollaborationsprojekte <i id=\"rdp-we-mwIQ\"><a rel=\"mw:WikiLink\" href=\"https:\/\/de.wikipedia.org\/wiki\/One_(Kool-Savas-und-Azad-Album)\" title=\"One (Kool-Savas-und-Azad-Album)\" id=\"rdp-we-mwIg\" target=\"_new\" class=\"wiki-link\">One<\/a><\/i> mit <a rel=\"mw:WikiLink\" href=\"https:\/\/de.wikipedia.org\/wiki\/Azad_(Rapper)\" title=\"Azad (Rapper)\" id=\"rdp-we-mwIw\" target=\"_new\" class=\"wiki-link\">Azad<\/a>, <i id=\"rdp-we-mwJA\"><a rel=\"mw:WikiLink\" href=\"https:\/\/de.wikipedia.org\/wiki\/Gespaltene_Pers\u00f6nlichkeit_(Album)\" title=\"Gespaltene Pers\u00f6nlichkeit (Album)\" id=\"rdp-we-mwJQ\" target=\"_new\" class=\"wiki-link\">Gespaltene Pers\u00f6nlichkeit<\/a><\/i> mit <a rel=\"mw:WikiLink\" href=\"https:\/\/de.wikipedia.org\/wiki\/Xavier_Naidoo\" title=\"Xavier Naidoo\" id=\"rdp-we-mwJg\" target=\"_new\" class=\"wiki-link\">Xavier Naidoo<\/a> und <i id=\"rdp-we-mwJw\"><a rel=\"mw:WikiLink\" href=\"https:\/\/de.wikipedia.org\/wiki\/Royal_Bunker_(Album)\" title=\"Royal Bunker (Album)\" id=\"rdp-we-mwKA\" target=\"_new\" class=\"wiki-link\">Royal Bunker<\/a><\/i> mit <a rel=\"mw:WikiLink\" href=\"https:\/\/de.wikipedia.org\/wiki\/Sido\" title=\"Sido\" id=\"rdp-we-mwKQ\" target=\"_new\" class=\"wiki-link\">Sido<\/a> waren kommerziell erfolgreich. Kool Savas gilt als einer der einflussreichsten <a rel=\"mw:WikiLink\" href=\"https:\/\/de.wikipedia.org\/wiki\/Deutscher_Hip-Hop\" title=\"Deutscher Hip-Hop\" id=\"rdp-we-mwKg\" target=\"_new\" class=\"wiki-link\">deutschen Rapper<\/a> und einer der wichtigsten Vertreter des <a rel=\"mw:WikiLink\" href=\"https:\/\/de.wikipedia.org\/wiki\/Battle-Rap\" title=\"Battle-Rap\" id=\"rdp-we-mwKw\" target=\"_new\" class=\"wiki-link\">Battle-Raps<\/a>, hier konnte er unter anderem mit dem Titel <i id=\"rdp-we-mwLA\"><a rel=\"mw:WikiLink\" href=\"https:\/\/de.wikipedia.org\/wiki\/Das_Urteil_(Lied)\" title=\"Das Urteil (Lied)\" id=\"rdp-we-mwLQ\" target=\"_new\" class=\"wiki-link\">Das Urteil<\/a><\/i>, einem <a rel=\"mw:WikiLink\" href=\"https:\/\/de.wikipedia.org\/wiki\/Disstrack\" title=\"Disstrack\" class=\"mw-redirect wiki-link\" id=\"rdp-we-mwLg\" target=\"_new\">Disstrack<\/a> gegen den Rapper <a rel=\"mw:WikiLink\" href=\"https:\/\/de.wikipedia.org\/wiki\/Eko_Fresh\" title=\"Eko Fresh\" id=\"rdp-we-mwLw\" target=\"_new\" class=\"wiki-link\">Eko Fresh<\/a>, deutschlandweit auf sich aufmerksam machen.<\/p>\n\n<meta property=\"mw:PageProp\/toc\" id=\"rdp-we-mwMA\" data-mw='{\"autoGenerated\":true}'\/><\/section><section data-mw-section-id=\"1\" id=\"rdp-we-mwMQ\" aria-labelledby=\"Werdegang\"><div class=\"mw-heading mw-heading2\"><h2 id=\"rdp-we-Werdegang\">Werdegang<\/h2><\/div>\n<section data-mw-section-id=\"2\" id=\"rdp-we-mwMg\" aria-labelledby=\"Jugend_und_musikalische_Fr\u00fchphase\"><div class=\"mw-heading mw-heading3\"><h3 id=\"rdp-we-Jugend_und_musikalische_Fr\u00fchphase\"><span id=\"rdp-we-Jugend_und_musikalische_Fr.C3.BChphase\" typeof=\"mw:FallbackId\"><\/span>Jugend und musikalische Fr\u00fchphase<\/h3><\/div>\n<figure class=\"mw-default-size\" typeof=\"mw:File\/Thumb\" id=\"rdp-we-mwMw\"><a href=\"https:\/\/de.wikipedia.org\/wiki\/Datei:Kool_Savas_&_Melbeatz.jpg\" class=\"mw-file-description wiki-link\" id=\"rdp-we-mwNA\" target=\"_new\"><img resource=\"https:\/\/de.wikipedia.org\/wiki\/Datei:Kool_Savas_&amp;_Melbeatz.jpg\" src=\"https:\/\/thumb.wikimedia.org\/wikipedia\/commons\/thumb\/b\/bc\/Kool_Savas_%26_Melbeatz.jpg\/250px-Kool_Savas_%26_Melbeatz.jpg?utm_source=de.wikipedia.org&amp;utm_campaign=parser&amp;utm_content=thumbnail\" decoding=\"async\" loading=\"lazy\" data-file-type=\"bitmap\" height=\"377\" width=\"250\" class=\"mw-file-element\" id=\"rdp-we-mwNQ\"\/><\/a><figcaption id=\"rdp-we-mwNg\">Kool Savas und <a rel=\"mw:WikiLink\" href=\"https:\/\/de.wikipedia.org\/wiki\/Melbeatz\" title=\"Melbeatz\" id=\"rdp-we-mwNw\" target=\"_new\" class=\"wiki-link\">Melbeatz<\/a> (2001)<\/figcaption><\/figure>\n<p id=\"rdp-we-mwOA\">Kool Savas wurde 1975 unter dem b\u00fcrgerlichen Namen Sava\u015f Yurderi als Sohn eines <a rel=\"mw:WikiLink\" href=\"https:\/\/de.wikipedia.org\/wiki\/T\u00fcrken\" title=\"T\u00fcrken\" id=\"rdp-we-mwOQ\" target=\"_new\" class=\"wiki-link\">t\u00fcrkischen<\/a> Vaters und einer <a rel=\"mw:WikiLink\" href=\"https:\/\/de.wikipedia.org\/wiki\/Deutsche\" title=\"Deutsche\" id=\"rdp-we-mwOg\" target=\"_new\" class=\"wiki-link\">deutschen<\/a> Mutter in <a rel=\"mw:WikiLink\" href=\"https:\/\/de.wikipedia.org\/wiki\/Aachen\" title=\"Aachen\" id=\"rdp-we-mwOw\" target=\"_new\" class=\"wiki-link\">Aachen<\/a> geboren.<sup about=\"#mwt8\" class=\"mw-ref reference\" id=\"rdp-we-cite_ref-1\" rel=\"dc:references\" typeof=\"mw:Extension\/ref\" data-mw='{\"name\":\"ref\",\"attrs\":{},\"body\":{\"id\":\"mw-reference-text-cite_note-1\"}}'><a href=\"#cite_note-1\" id=\"rdp-we-mwPA\"><span class=\"mw-reflink-text\" id=\"rdp-we-mwPQ\"><span class=\"cite-bracket\" id=\"rdp-we-mwPg\">[<\/span>1<span class=\"cite-bracket\" id=\"rdp-we-mwPw\">]<\/span><\/span><\/a><\/sup> Als Yurderi ein Jahr alt war, zogen seine Eltern mit ihm in die <a rel=\"mw:WikiLink\" href=\"https:\/\/de.wikipedia.org\/wiki\/T\u00fcrkei\" title=\"T\u00fcrkei\" id=\"rdp-we-mwQA\" target=\"_new\" class=\"wiki-link\">T\u00fcrkei<\/a>, das Herkunftsland seines Vaters. Dort engagierte sich sein Vater politisch, was zu seiner Verhaftung und schlie\u00dflich zur Verurteilung zu f\u00fcnf Jahren Gef\u00e4ngnis f\u00fchrte.<sup about=\"#mwt10\" class=\"mw-ref reference\" id=\"rdp-we-cite_ref-2\" rel=\"dc:references\" typeof=\"mw:Extension\/ref\" data-mw='{\"name\":\"ref\",\"attrs\":{},\"body\":{\"id\":\"mw-reference-text-cite_note-2\"}}'><a href=\"#cite_note-2\" id=\"rdp-we-mwQQ\"><span class=\"mw-reflink-text\" id=\"rdp-we-mwQg\"><span class=\"cite-bracket\" id=\"rdp-we-mwQw\">[<\/span>2<span class=\"cite-bracket\" id=\"rdp-we-mwRA\">]<\/span><\/span><\/a><\/sup><sup about=\"#mwt12\" class=\"mw-ref reference\" id=\"rdp-we-cite_ref-:0_3-0\" rel=\"dc:references\" typeof=\"mw:Extension\/ref\" data-mw='{\"name\":\"ref\",\"attrs\":{\"name\":\":0\"},\"body\":{\"id\":\"mw-reference-text-cite_note-:0-3\"}}'><a href=\"#cite_note-:0-3\" id=\"rdp-we-mwRQ\"><span class=\"mw-reflink-text\" id=\"rdp-we-mwRg\"><span class=\"cite-bracket\" id=\"rdp-we-mwRw\">[<\/span>3<span class=\"cite-bracket\" id=\"rdp-we-mwSA\">]<\/span><\/span><\/a><\/sup> Yurderis Mutter floh daraufhin zusammen mit ihrem Sohn zur\u00fcck nach Aachen.<sup about=\"#mwt13\" class=\"mw-ref reference\" id=\"rdp-we-cite_ref-:0_3-1\" rel=\"dc:references\" typeof=\"mw:Extension\/ref\" data-mw='{\"name\":\"ref\",\"attrs\":{\"name\":\":0\"}}'><a href=\"#cite_note-:0-3\" id=\"rdp-we-mwSQ\"><span class=\"mw-reflink-text\" id=\"rdp-we-mwSg\"><span class=\"cite-bracket\" id=\"rdp-we-mwSw\">[<\/span>3<span class=\"cite-bracket\" id=\"rdp-we-mwTA\">]<\/span><\/span><\/a><\/sup> Nach Beendigung der Haftstrafe kehrte auch der Vater nach Deutschland zur\u00fcck. Die Familie fand im <a rel=\"mw:WikiLink\" href=\"https:\/\/de.wikipedia.org\/wiki\/West-Berlin\" title=\"West-Berlin\" id=\"rdp-we-mwTQ\" target=\"_new\" class=\"wiki-link\">West-Berliner<\/a> Stadtteil <a rel=\"mw:WikiLink\" href=\"https:\/\/de.wikipedia.org\/wiki\/Berlin-Kreuzberg\" title=\"Berlin-Kreuzberg\" id=\"rdp-we-mwTg\" target=\"_new\" class=\"wiki-link\">Kreuzberg<\/a> wieder zusammen, als Yurderi elf Jahre alt war.<sup about=\"#mwt15\" class=\"mw-ref reference\" id=\"rdp-we-cite_ref-Laut.de_4-0\" rel=\"dc:references\" typeof=\"mw:Extension\/ref\" data-mw='{\"name\":\"ref\",\"attrs\":{\"name\":\"Laut.de\"},\"body\":{\"id\":\"mw-reference-text-cite_note-Laut.de-4\"}}'><a href=\"#cite_note-Laut.de-4\" id=\"rdp-we-mwTw\"><span class=\"mw-reflink-text\" id=\"rdp-we-mwUA\"><span class=\"cite-bracket\" id=\"rdp-we-mwUQ\">[<\/span>4<span class=\"cite-bracket\" id=\"rdp-we-mwUg\">]<\/span><\/span><\/a><\/sup> Anfang der 1990er-Jahre begann sich Yurderi politisch zu engagieren. So beteiligte er sich etwa an <a rel=\"mw:WikiLink\" href=\"https:\/\/de.wikipedia.org\/wiki\/Demonstration\" title=\"Demonstration\" id=\"rdp-we-mwUw\" target=\"_new\" class=\"wiki-link\">Demonstrationen<\/a>, die sich gegen <a rel=\"mw:WikiLink\" href=\"https:\/\/de.wikipedia.org\/wiki\/Neonazismus\" title=\"Neonazismus\" id=\"rdp-we-mwVA\" target=\"_new\" class=\"wiki-link\">Neonazis<\/a> oder <a rel=\"mw:WikiLink\" href=\"https:\/\/de.wikipedia.org\/wiki\/Abschiebung_(Recht)\" title=\"Abschiebung (Recht)\" id=\"rdp-we-mwVQ\" target=\"_new\" class=\"wiki-link\">Abschiebungen<\/a> richteten. Sp\u00e4ter bezeichnete er diese Phase als \u201e<i id=\"rdp-we-mwVg\">eher pseudopolitisch<\/i>\u201c.<sup about=\"#mwt16\" class=\"mw-ref reference\" id=\"rdp-we-cite_ref-:0_3-2\" rel=\"dc:references\" typeof=\"mw:Extension\/ref\" data-mw='{\"name\":\"ref\",\"attrs\":{\"name\":\":0\"}}'><a href=\"#cite_note-:0-3\" id=\"rdp-we-mwVw\"><span class=\"mw-reflink-text\" id=\"rdp-we-mwWA\"><span class=\"cite-bracket\" id=\"rdp-we-mwWQ\">[<\/span>3<span class=\"cite-bracket\" id=\"rdp-we-mwWg\">]<\/span><\/span><\/a><\/sup> Gleichzeitig begann er, in <a rel=\"mw:WikiLink\" href=\"https:\/\/de.wikipedia.org\/wiki\/Englische_Sprache\" title=\"Englische Sprache\" id=\"rdp-we-mwWw\" target=\"_new\" class=\"wiki-link\">englischer Sprache<\/a> zu rappen. Dabei orientierte er sich vor allem an <a rel=\"mw:WikiLink\" href=\"https:\/\/de.wikipedia.org\/wiki\/Vereinigte_Staaten\" title=\"Vereinigte Staaten\" id=\"rdp-we-mwXA\" target=\"_new\" class=\"wiki-link\">US-amerikanischen<\/a> Rappern, die aus der Str\u00f6mung des <a rel=\"mw:WikiLink\" href=\"https:\/\/de.wikipedia.org\/wiki\/Westcoast-Hip-Hop\" title=\"Westcoast-Hip-Hop\" id=\"rdp-we-mwXQ\" target=\"_new\" class=\"wiki-link\">Westcoast-Hip-Hop<\/a> hervorgegangen waren, wie <a rel=\"mw:WikiLink\" href=\"https:\/\/de.wikipedia.org\/wiki\/Too_Short\" title=\"Too Short\" id=\"rdp-we-mwXg\" target=\"_new\" class=\"wiki-link\">Too Short<\/a>, <a rel=\"mw:WikiLink\" href=\"https:\/\/de.wikipedia.org\/wiki\/Compton\u2019s_Most_Wanted\" title=\"Compton\u2019s Most Wanted\" id=\"rdp-we-mwXw\" target=\"_new\" class=\"wiki-link\">Compton\u2019s Most Wanted<\/a>, <a rel=\"mw:WikiLink\" href=\"https:\/\/de.wikipedia.org\/wiki\/Ice_Cube\" title=\"Ice Cube\" id=\"rdp-we-mwYA\" target=\"_new\" class=\"wiki-link\">Ice Cube<\/a> und <a rel=\"mw:WikiLink\" href=\"https:\/\/de.wikipedia.org\/wiki\/MC_Eiht\" title=\"MC Eiht\" id=\"rdp-we-mwYQ\" target=\"_new\" class=\"wiki-link\">MC Eiht<\/a>.<sup about=\"#mwt19\" class=\"mw-ref reference\" id=\"rdp-we-cite_ref-Savas-Bio_5-0\" rel=\"dc:references\" typeof=\"mw:Extension\/ref\" data-mw='{\"name\":\"ref\",\"attrs\":{\"name\":\"Savas-Bio\"},\"body\":{\"id\":\"mw-reference-text-cite_note-Savas-Bio-5\"}}'><a href=\"#cite_note-Savas-Bio-5\" id=\"rdp-we-mwYg\"><span class=\"mw-reflink-text\" id=\"rdp-we-mwYw\"><span class=\"cite-bracket\" id=\"rdp-we-mwZA\">[<\/span>5<span class=\"cite-bracket\" id=\"rdp-we-mwZQ\">]<\/span><\/span><\/a><\/sup> Yurderi trat im Folgenden bei <a rel=\"mw:WikiLink\" href=\"https:\/\/de.wikipedia.org\/wiki\/Hip-Hop\" title=\"Hip-Hop\" id=\"rdp-we-mwZg\" target=\"_new\" class=\"wiki-link\">Hip-Hop<\/a>-<a rel=\"mw:WikiLink\" href=\"https:\/\/de.wikipedia.org\/wiki\/Workshop\" title=\"Workshop\" id=\"rdp-we-mwZw\" target=\"_new\" class=\"wiki-link\">Workshops<\/a> in Erscheinung. Im Rahmen dieser Veranstaltungen lernte er den Rapper <a rel=\"mw:WikiLink\" href=\"https:\/\/de.wikipedia.org\/wiki\/Fumanschu\" title=\"Fumanschu\" id=\"rdp-we-mwaA\" target=\"_new\" class=\"wiki-link\">Fumanschu<\/a> kennen, mit dem er daraufhin nach <a rel=\"mw:WikiLink\" href=\"https:\/\/de.wikipedia.org\/wiki\/Los_Angeles\" title=\"Los Angeles\" id=\"rdp-we-mwaQ\" target=\"_new\" class=\"wiki-link\">Los Angeles<\/a> reiste.<sup about=\"#mwt20\" class=\"mw-ref reference\" id=\"rdp-we-cite_ref-Laut.de_4-1\" rel=\"dc:references\" typeof=\"mw:Extension\/ref\" data-mw='{\"name\":\"ref\",\"attrs\":{\"name\":\"Laut.de\"}}'><a href=\"#cite_note-Laut.de-4\" id=\"rdp-we-mwag\"><span class=\"mw-reflink-text\" id=\"rdp-we-mwaw\"><span class=\"cite-bracket\" id=\"rdp-we-mwbA\">[<\/span>4<span class=\"cite-bracket\" id=\"rdp-we-mwbQ\">]<\/span><\/span><\/a><\/sup><\/p>\n\n<p id=\"rdp-we-mwbg\">Zu Beginn seiner T\u00e4tigkeit als Hip-Hop-Musiker trat Yurderi unter dem Pseudonym Juks auf.<sup about=\"#mwt22\" class=\"mw-ref reference\" id=\"rdp-we-cite_ref-6\" rel=\"dc:references\" typeof=\"mw:Extension\/ref\" data-mw='{\"name\":\"ref\",\"attrs\":{},\"body\":{\"id\":\"mw-reference-text-cite_note-6\"}}'><a href=\"#cite_note-6\" id=\"rdp-we-mwbw\"><span class=\"mw-reflink-text\" id=\"rdp-we-mwcA\"><span class=\"cite-bracket\" id=\"rdp-we-mwcQ\">[<\/span>6<span class=\"cite-bracket\" id=\"rdp-we-mwcg\">]<\/span><\/span><\/a><\/sup> 1995 lernte er den Rapper <a rel=\"mw:WikiLink\" href=\"https:\/\/de.wikipedia.org\/wiki\/Ono_Ngcala\" title=\"Ono Ngcala\" id=\"rdp-we-mwcw\" target=\"_new\" class=\"wiki-link\">Ono<\/a> der Gruppe <a rel=\"mw:WikiLink\" href=\"https:\/\/de.wikipedia.org\/wiki\/Walkin\u2019_Large\" title=\"Walkin\u2019 Large\" id=\"rdp-we-mwdA\" target=\"_new\" class=\"wiki-link\">Walkin\u2019 Large<\/a> kennen. Gemeinsam bildeten sie daraufhin \u00fcber zwei Jahre das Hip-Hop-Duo Basic Elements.<sup about=\"#mwt23\" class=\"mw-ref reference\" id=\"rdp-we-cite_ref-7\" rel=\"dc:references\" typeof=\"mw:Extension\/ref\" data-mw='{\"name\":\"ref\",\"attrs\":{},\"body\":{\"id\":\"mw-reference-text-cite_note-7\"}}'><a href=\"#cite_note-7\" id=\"rdp-we-mwdQ\"><span class=\"mw-reflink-text\" id=\"rdp-we-mwdg\"><span class=\"cite-bracket\" id=\"rdp-we-mwdw\">[<\/span>7<span class=\"cite-bracket\" id=\"rdp-we-mweA\">]<\/span><\/span><\/a><\/sup> Yurderi \u00e4nderte fr\u00fchzeitig seinen K\u00fcnstlernamen unter Verwendung seines b\u00fcrgerlichen Vornamens Sava\u015f in Kool Savas. Weil \u201eSava\u015f\u201c das t\u00fcrkische Wort f\u00fcr \u201eKrieg\u201c ist, kann der K\u00fcnstlername mit \u201e<a rel=\"mw:WikiLink\" href=\"https:\/\/de.wikipedia.org\/wiki\/Kalter_Krieg\" title=\"Kalter Krieg\" id=\"rdp-we-mweQ\" target=\"_new\" class=\"wiki-link\">Kalter Krieg<\/a>\u201c \u00fcbersetzt werden.<sup about=\"#mwt25\" class=\"mw-ref reference\" id=\"rdp-we-cite_ref-8\" rel=\"dc:references\" typeof=\"mw:Extension\/ref\" data-mw='{\"name\":\"ref\",\"attrs\":{},\"body\":{\"id\":\"mw-reference-text-cite_note-8\"}}'><a href=\"#cite_note-8\" id=\"rdp-we-mweg\"><span class=\"mw-reflink-text\" id=\"rdp-we-mwew\"><span class=\"cite-bracket\" id=\"rdp-we-mwfA\">[<\/span>8<span class=\"cite-bracket\" id=\"rdp-we-mwfQ\">]<\/span><\/span><\/a><\/sup> Im Anschluss an seine Reise in die Vereinigten Staaten entschied er, zuk\u00fcnftig seine Texte in <a rel=\"mw:WikiLink\" href=\"https:\/\/de.wikipedia.org\/wiki\/Deutsche_Sprache\" title=\"Deutsche Sprache\" id=\"rdp-we-mwfg\" target=\"_new\" class=\"wiki-link\">deutscher Sprache<\/a> zu verfassen. Zusammen mit Fumanschu und <a rel=\"mw:WikiLink\" href=\"https:\/\/de.wikipedia.org\/wiki\/Justus_(Rapper)\" title=\"Justus (Rapper)\" id=\"rdp-we-mwfw\" target=\"_new\" class=\"wiki-link\">Justus<\/a> nahm er das Lied <i id=\"rdp-we-mwgA\">Masters Of Rap<\/i> auf. Dieses bildete 1996 den Ausgangspunkt zur Gr\u00fcndung der gleichnamigen Hip-Hop-Gruppe <a rel=\"mw:WikiLink\" href=\"https:\/\/de.wikipedia.org\/wiki\/Masters_of_Rap\" title=\"Masters of Rap\" id=\"rdp-we-mwgQ\" target=\"_new\" class=\"wiki-link\">Masters of Rap<\/a>.<sup about=\"#mwt26\" class=\"mw-ref reference\" id=\"rdp-we-cite_ref-Laut.de_4-2\" rel=\"dc:references\" typeof=\"mw:Extension\/ref\" data-mw='{\"name\":\"ref\",\"attrs\":{\"name\":\"Laut.de\"}}'><a href=\"#cite_note-Laut.de-4\" id=\"rdp-we-mwgg\"><span class=\"mw-reflink-text\" id=\"rdp-we-mwgw\"><span class=\"cite-bracket\" id=\"rdp-we-mwhA\">[<\/span>4<span class=\"cite-bracket\" id=\"rdp-we-mwhQ\">]<\/span><\/span><\/a><\/sup> M.O.R. wurde in den folgenden Jahren durch verschiedene Rapper erg\u00e4nzt, darunter <a rel=\"mw:WikiLink\" href=\"https:\/\/de.wikipedia.org\/wiki\/Jack_Orsen\" title=\"Jack Orsen\" id=\"rdp-we-mwhg\" target=\"_new\" class=\"wiki-link\">Jack Orsen<\/a>, <a rel=\"mw:WikiLink\" href=\"https:\/\/de.wikipedia.org\/wiki\/Big_Derill_Mack\" title=\"Big Derill Mack\" id=\"rdp-we-mwhw\" target=\"_new\" class=\"wiki-link\">Big Derill Mack<\/a> und <a rel=\"mw:WikiLink\" href=\"https:\/\/de.wikipedia.org\/wiki\/Taktloss\" title=\"Taktloss\" id=\"rdp-we-mwiA\" target=\"_new\" class=\"wiki-link\">Taktloss<\/a>.<sup about=\"#mwt28\" class=\"mw-ref reference\" id=\"rdp-we-cite_ref-9\" rel=\"dc:references\" typeof=\"mw:Extension\/ref\" data-mw='{\"name\":\"ref\",\"attrs\":{},\"body\":{\"id\":\"mw-reference-text-cite_note-9\"}}'><a href=\"#cite_note-9\" id=\"rdp-we-mwiQ\"><span class=\"mw-reflink-text\" id=\"rdp-we-mwig\"><span class=\"cite-bracket\" id=\"rdp-we-mwiw\">[<\/span>9<span class=\"cite-bracket\" id=\"rdp-we-mwjA\">]<\/span><\/span><\/a><\/sup> Mit letztgenanntem formierte Savas 1997 das Duo <a rel=\"mw:WikiLink\" href=\"https:\/\/de.wikipedia.org\/wiki\/Westberlin_Maskulin\" title=\"Westberlin Maskulin\" id=\"rdp-we-mwjQ\" target=\"_new\" class=\"wiki-link\">Westberlin Maskulin<\/a>.<sup about=\"#mwt29\" class=\"mw-ref reference\" id=\"rdp-we-cite_ref-Laut.de_4-3\" rel=\"dc:references\" typeof=\"mw:Extension\/ref\" data-mw='{\"name\":\"ref\",\"attrs\":{\"name\":\"Laut.de\"}}'><a href=\"#cite_note-Laut.de-4\" id=\"rdp-we-mwjg\"><span class=\"mw-reflink-text\" id=\"rdp-we-mwjw\"><span class=\"cite-bracket\" id=\"rdp-we-mwkA\">[<\/span>4<span class=\"cite-bracket\" id=\"rdp-we-mwkQ\">]<\/span><\/span><\/a><\/sup> Im selben Jahr erschien <i id=\"rdp-we-mwkg\">Hoes, Flows, Moneytoes<\/i> in einer limitierten Auflage von 50 Einheiten als <a rel=\"mw:WikiLink\" href=\"https:\/\/de.wikipedia.org\/wiki\/Compact_Cassette\" title=\"Compact Cassette\" class=\"mw-redirect wiki-link\" id=\"rdp-we-mwkw\" target=\"_new\">Compact Cassette<\/a>. 1999 wurde das Album als CD und Vinyl <a rel=\"mw:WikiLink\" href=\"https:\/\/de.wikipedia.org\/wiki\/Wiederver\u00f6ffentlichung\" title=\"Wiederver\u00f6ffentlichung\" id=\"rdp-we-mwlA\" target=\"_new\" class=\"wiki-link\">wiederver\u00f6ffentlicht<\/a>.<sup about=\"#mwt31\" class=\"mw-ref reference\" id=\"rdp-we-cite_ref-10\" rel=\"dc:references\" typeof=\"mw:Extension\/ref\" data-mw='{\"name\":\"ref\",\"attrs\":{},\"body\":{\"id\":\"mw-reference-text-cite_note-10\"}}'><a href=\"#cite_note-10\" id=\"rdp-we-mwlQ\"><span class=\"mw-reflink-text\" id=\"rdp-we-mwlg\"><span class=\"cite-bracket\" id=\"rdp-we-mwlw\">[<\/span>10<span class=\"cite-bracket\" id=\"rdp-we-mwmA\">]<\/span><\/span><\/a><\/sup> 1997 trat Yurderi als Schauspieler in dem Fernsehfilm <i id=\"rdp-we-mwmQ\"><a rel=\"mw:WikiLink\" href=\"https:\/\/de.wikipedia.org\/wiki\/Geschwister_\u2013_Karde\u015fler\" title=\"Geschwister \u2013 Karde\u015fler\" id=\"rdp-we-mwmg\" target=\"_new\" class=\"wiki-link\">Geschwister \u2013 Karde\u015fler<\/a><\/i> des deutsch-t\u00fcrkischen Regisseurs <a rel=\"mw:WikiLink\" href=\"https:\/\/de.wikipedia.org\/wiki\/Thomas_Arslan\" title=\"Thomas Arslan\" id=\"rdp-we-mwmw\" target=\"_new\" class=\"wiki-link\">Thomas Arslan<\/a> auf.<sup about=\"#mwt33\" class=\"mw-ref reference\" id=\"rdp-we-cite_ref-11\" rel=\"dc:references\" typeof=\"mw:Extension\/ref\" data-mw='{\"name\":\"ref\",\"attrs\":{},\"body\":{\"id\":\"mw-reference-text-cite_note-11\"}}'><a href=\"#cite_note-11\" id=\"rdp-we-mwnA\"><span class=\"mw-reflink-text\" id=\"rdp-we-mwnQ\"><span class=\"cite-bracket\" id=\"rdp-we-mwng\">[<\/span>11<span class=\"cite-bracket\" id=\"rdp-we-mwnw\">]<\/span><\/span><\/a><\/sup><\/p>\n\n<p id=\"rdp-we-mwoA\">Im Juni 1999 erschien mit der Single <i id=\"rdp-we-mwoQ\">LMS\/Schwule Rapper<\/i> die erste Solover\u00f6ffentlichung Kool Savas\u2019 \u00fcber das Label <i id=\"rdp-we-mwog\"><a rel=\"mw:WikiLink\" href=\"https:\/\/de.wikipedia.org\/wiki\/Put_Da_Needle_To_Da_Records\" title=\"Put Da Needle To Da Records\" id=\"rdp-we-mwow\" target=\"_new\" class=\"wiki-link\">Put Da Needle To Da Records<\/a><\/i>. Der Kontakt zur Musikfirma war zustande gekommen, nachdem die Regisseurin Astrid Milewski ein Tape Savas\u2019 an Chris Maruhn, den Chefredakteur des Hip-Hop-Magazins <i id=\"rdp-we-mwpA\"><a rel=\"mw:WikiLink\" href=\"https:\/\/de.wikipedia.org\/wiki\/Juice_(Magazin)\" title=\"Juice (Magazin)\" id=\"rdp-we-mwpQ\" target=\"_new\" class=\"wiki-link\">Juice<\/a><\/i>, geschickt hatte.<sup about=\"#mwt34\" class=\"mw-ref reference\" id=\"rdp-we-cite_ref-Savas-Bio_5-1\" rel=\"dc:references\" typeof=\"mw:Extension\/ref\" data-mw='{\"name\":\"ref\",\"attrs\":{\"name\":\"Savas-Bio\"}}'><a href=\"#cite_note-Savas-Bio-5\" id=\"rdp-we-mwpg\"><span class=\"mw-reflink-text\" id=\"rdp-we-mwpw\"><span class=\"cite-bracket\" id=\"rdp-we-mwqA\">[<\/span>5<span class=\"cite-bracket\" id=\"rdp-we-mwqQ\">]<\/span><\/span><\/a><\/sup> Dieser hatte daraufhin Kopien an die Labels <i id=\"rdp-we-mwqg\">Show-Down<\/i>, <i id=\"rdp-we-mwqw\"><a rel=\"mw:WikiLink\" href=\"https:\/\/de.wikipedia.org\/wiki\/Four_Music\" title=\"Four Music\" id=\"rdp-we-mwrA\" target=\"_new\" class=\"wiki-link\">Four Music<\/a><\/i> und <i id=\"rdp-we-mwrQ\">Put Da Needle To Da Records<\/i> weitergeleitet. Ausschlie\u00dflich <a rel=\"mw:WikiLink\" href=\"https:\/\/de.wikipedia.org\/wiki\/Fast_Forward_(Rapper)\" title=\"Fast Forward (Rapper)\" id=\"rdp-we-mwrg\" target=\"_new\" class=\"wiki-link\">Peter Sreckovic<\/a> von <i id=\"rdp-we-mwrw\">Put Da Needle To Da Records<\/i> hatte Interesse gezeigt.<sup about=\"#mwt35\" class=\"mw-ref reference\" id=\"rdp-we-cite_ref-Laut.de_4-4\" rel=\"dc:references\" typeof=\"mw:Extension\/ref\" data-mw='{\"name\":\"ref\",\"attrs\":{\"name\":\"Laut.de\"}}'><a href=\"#cite_note-Laut.de-4\" id=\"rdp-we-mwsA\"><span class=\"mw-reflink-text\" id=\"rdp-we-mwsQ\"><span class=\"cite-bracket\" id=\"rdp-we-mwsg\">[<\/span>4<span class=\"cite-bracket\" id=\"rdp-we-mwsw\">]<\/span><\/span><\/a><\/sup> Eine gr\u00f6\u00dfere Bekanntheit erlangte Savas im Jahr 2000 durch die Single und das dazugeh\u00f6rige Musikvideo <i id=\"rdp-we-mwtA\">King of Rap<\/i>, eine Gemeinschaftsproduktion mit dem Produzenten <a rel=\"mw:WikiLink\" href=\"https:\/\/de.wikipedia.org\/wiki\/Plattenpapzt\" title=\"Plattenpapzt\" id=\"rdp-we-mwtQ\" target=\"_new\" class=\"wiki-link\">Plattenpapzt<\/a>. Im selben Jahr folgte das zweite Album von Westberlin Maskulin unter dem Titel <i id=\"rdp-we-mwtg\">Battlekings<\/i>. Dieses war die letzte Zusammenarbeit von Kool Savas und Taktloss. Da sich Taktloss ebenfalls aus der Formation M.O.R. zur\u00fcckzog, war er auf dem ersten und gleichzeitig einzigen unter Beteiligung Kool Savas\u2019 entstandenen Album der Gruppe <i id=\"rdp-we-mwtw\"><a rel=\"mw:WikiLink\" href=\"https:\/\/de.wikipedia.org\/wiki\/NLP_(Album)\" title=\"NLP (Album)\" id=\"rdp-we-mwuA\" target=\"_new\" class=\"wiki-link\">NLP \u2013 Neuro-Linguistisches Programmieren<\/a><\/i> nicht mehr vertreten.<sup about=\"#mwt36\" class=\"mw-ref reference\" id=\"rdp-we-cite_ref-Laut.de_4-5\" rel=\"dc:references\" typeof=\"mw:Extension\/ref\" data-mw='{\"name\":\"ref\",\"attrs\":{\"name\":\"Laut.de\"}}'><a href=\"#cite_note-Laut.de-4\" id=\"rdp-we-mwuQ\"><span class=\"mw-reflink-text\" id=\"rdp-we-mwug\"><span class=\"cite-bracket\" id=\"rdp-we-mwuw\">[<\/span>4<span class=\"cite-bracket\" id=\"rdp-we-mwvA\">]<\/span><\/span><\/a><\/sup><\/p>\n\n<\/section><section data-mw-section-id=\"3\" id=\"rdp-we-mwvQ\" aria-labelledby=\"Steigende_mediale_Berichterstattung_und_kommerzieller_Durchbruch\"><div class=\"mw-heading mw-heading3\"><h3 id=\"rdp-we-Steigende_mediale_Berichterstattung_und_kommerzieller_Durchbruch\">Steigende mediale Berichterstattung und kommerzieller Durchbruch<\/h3><\/div>\n<figure class=\"mw-default-size\" typeof=\"mw:File\/Thumb\" id=\"rdp-we-mwvg\"><a href=\"https:\/\/de.wikipedia.org\/wiki\/Datei:Kool_Savas_2002.jpg\" class=\"mw-file-description wiki-link\" id=\"rdp-we-mwvw\" target=\"_new\"><img resource=\"https:\/\/de.wikipedia.org\/wiki\/Datei:Kool_Savas_2002.jpg\" src=\"https:\/\/thumb.wikimedia.org\/wikipedia\/commons\/thumb\/7\/74\/Kool_Savas_2002.jpg\/250px-Kool_Savas_2002.jpg?utm_source=de.wikipedia.org&amp;utm_campaign=parser&amp;utm_content=thumbnail\" decoding=\"async\" loading=\"lazy\" data-file-type=\"bitmap\" height=\"250\" width=\"250\" class=\"mw-file-element\" id=\"rdp-we-mwwA\"\/><\/a><figcaption id=\"rdp-we-mwwQ\">Kool Savas (2002)<\/figcaption><\/figure>\n<p id=\"rdp-we-mwwg\">Mit <i id=\"rdp-we-mwww\">Haus &amp; Boot<\/i>, einer EP mit der S\u00e4ngerin <a rel=\"mw:WikiLink\" href=\"https:\/\/de.wikipedia.org\/wiki\/Valezka\" title=\"Valezka\" id=\"rdp-we-mwxA\" target=\"_new\" class=\"wiki-link\">Valezka<\/a>, erschien 2001 die erste Ver\u00f6ffentlichung Savas\u2019, die in die deutschen Charts einstieg.<sup about=\"#mwt37\" class=\"mw-ref reference\" id=\"rdp-we-cite_ref-Laut.de_4-6\" rel=\"dc:references\" typeof=\"mw:Extension\/ref\" data-mw='{\"name\":\"ref\",\"attrs\":{\"name\":\"Laut.de\"}}'><a href=\"#cite_note-Laut.de-4\" id=\"rdp-we-mwxQ\"><span class=\"mw-reflink-text\" id=\"rdp-we-mwxg\"><span class=\"cite-bracket\" id=\"rdp-we-mwxw\">[<\/span>4<span class=\"cite-bracket\" id=\"rdp-we-mwyA\">]<\/span><\/span><\/a><\/sup> Das dazugeh\u00f6rige Video wurde zudem von dem Musiksender <a rel=\"mw:WikiLink\" href=\"https:\/\/de.wikipedia.org\/wiki\/MTV\" title=\"MTV\" id=\"rdp-we-mwyQ\" target=\"_new\" class=\"wiki-link\">MTV<\/a> ausgestrahlt.<sup about=\"#mwt38\" class=\"mw-ref reference\" id=\"rdp-we-cite_ref-Savas-Bio_5-2\" rel=\"dc:references\" typeof=\"mw:Extension\/ref\" data-mw='{\"name\":\"ref\",\"attrs\":{\"name\":\"Savas-Bio\"}}'><a href=\"#cite_note-Savas-Bio-5\" id=\"rdp-we-mwyg\"><span class=\"mw-reflink-text\" id=\"rdp-we-mwyw\"><span class=\"cite-bracket\" id=\"rdp-we-mwzA\">[<\/span>5<span class=\"cite-bracket\" id=\"rdp-we-mwzQ\">]<\/span><\/span><\/a><\/sup> Zur weiteren Forcierung seiner Solokarriere verlie\u00df Savas kurze Zeit sp\u00e4ter die Masters of Rap, deren verbliebenen Mitglieder in unterschiedlichen Konstellationen bis heute als Gruppe aktiv sind. Des Weiteren trennte er sich auch von seinem Label <i id=\"rdp-we-mwzg\">Put Da Needle To Da Records<\/i>. Die Trennung wurde von Streitigkeiten begleitet. So hatte Sreckovic den Ausstieg des Rappers aus seiner Firma zun\u00e4chst nicht gebilligt. Savas reagierte mit der Aktion <i id=\"rdp-we-mwzw\">Free Savas<\/i> und einem gegen Sreckovic gerichteten St\u00fcck mit dem Titel <i id=\"rdp-we-mw0A\">Fuck Peter<\/i>.<sup about=\"#mwt39\" class=\"mw-ref reference\" id=\"rdp-we-cite_ref-Savas-Bio_5-3\" rel=\"dc:references\" typeof=\"mw:Extension\/ref\" data-mw='{\"name\":\"ref\",\"attrs\":{\"name\":\"Savas-Bio\"}}'><a href=\"#cite_note-Savas-Bio-5\" id=\"rdp-we-mw0Q\"><span class=\"mw-reflink-text\" id=\"rdp-we-mw0g\"><span class=\"cite-bracket\" id=\"rdp-we-mw0w\">[<\/span>5<span class=\"cite-bracket\" id=\"rdp-we-mw1A\">]<\/span><\/span><\/a><\/sup> F\u00fcr die Verbreitung der Aktion sorgt das Berliner Bookingb\u00fcro <a rel=\"mw:WikiLink\" href=\"https:\/\/de.wikipedia.org\/wiki\/Mikrokosmos_booking\" title=\"Mikrokosmos booking\" id=\"rdp-we-mw1Q\" target=\"_new\" class=\"wiki-link\">Mikrokosmos booking<\/a>, bei dem Savas einige Jahre buchbar war.<sup about=\"#mwt41\" class=\"mw-ref reference\" id=\"rdp-we-cite_ref-12\" rel=\"dc:references\" typeof=\"mw:Extension\/ref\" data-mw='{\"name\":\"ref\",\"attrs\":{},\"body\":{\"id\":\"mw-reference-text-cite_note-12\"}}'><a href=\"#cite_note-12\" id=\"rdp-we-mw1g\"><span class=\"mw-reflink-text\" id=\"rdp-we-mw1w\"><span class=\"cite-bracket\" id=\"rdp-we-mw2A\">[<\/span>12<span class=\"cite-bracket\" id=\"rdp-we-mw2Q\">]<\/span><\/span><\/a><\/sup> Anfang 2002 gr\u00fcndete Savas sein eigenes auf Hip-Hop-Musik spezialisiertes Label <i id=\"rdp-we-mw2g\"><a rel=\"mw:WikiLink\" href=\"https:\/\/de.wikipedia.org\/wiki\/Optik_Records\" title=\"Optik Records\" id=\"rdp-we-mw2w\" target=\"_new\" class=\"wiki-link\">Optik Records<\/a><\/i> als Subunternehmen der Musikfirma <i id=\"rdp-we-mw3A\"><a rel=\"mw:WikiLink\" href=\"https:\/\/de.wikipedia.org\/wiki\/Sony_Music_Entertainment\" title=\"Sony Music Entertainment\" id=\"rdp-we-mw3Q\" target=\"_new\" class=\"wiki-link\">Sony BMG<\/a><\/i>. Neben Valezka nahm er den von ihm entdeckten Rapper <a rel=\"mw:WikiLink\" href=\"https:\/\/de.wikipedia.org\/wiki\/Eko_Fresh\" title=\"Eko Fresh\" id=\"rdp-we-mw3g\" target=\"_new\" class=\"wiki-link\">Eko Fresh<\/a> sowie die Produzentin <a rel=\"mw:WikiLink\" href=\"https:\/\/de.wikipedia.org\/wiki\/Melbeatz\" title=\"Melbeatz\" id=\"rdp-we-mw3w\" target=\"_new\" class=\"wiki-link\">Melbeatz<\/a> und DJ Nicon unter Vertrag. Gemeinsam bildeten sie daraufhin die Optik Crew und ver\u00f6ffentlichten <i id=\"rdp-we-mw4A\">Optik Mixtape Volume 1<\/i>.<sup about=\"#mwt42\" class=\"mw-ref reference\" id=\"rdp-we-cite_ref-Laut.de_4-7\" rel=\"dc:references\" typeof=\"mw:Extension\/ref\" data-mw='{\"name\":\"ref\",\"attrs\":{\"name\":\"Laut.de\"}}'><a href=\"#cite_note-Laut.de-4\" id=\"rdp-we-mw4Q\"><span class=\"mw-reflink-text\" id=\"rdp-we-mw4g\"><span class=\"cite-bracket\" id=\"rdp-we-mw4w\">[<\/span>4<span class=\"cite-bracket\" id=\"rdp-we-mw5A\">]<\/span><\/span><\/a><\/sup> Am 4. November 2002 erschien Savas\u2019 Deb\u00fctalbum <i id=\"rdp-we-mw5Q\"><a rel=\"mw:WikiLink\" href=\"https:\/\/de.wikipedia.org\/wiki\/Der_beste_Tag_meines_Lebens\" title=\"Der beste Tag meines Lebens\" id=\"rdp-we-mw5g\" target=\"_new\" class=\"wiki-link\">Der beste Tag meines Lebens<\/a><\/i>. Dieses erreichte Platz sechs der deutschen Album-Charts und stellt den kommerziellen Durchbruch des Rappers dar. Neben der f\u00fcr ihn typischen Variante des <a rel=\"mw:WikiLink\" href=\"https:\/\/de.wikipedia.org\/wiki\/Battle-Rap\" title=\"Battle-Rap\" id=\"rdp-we-mw5w\" target=\"_new\" class=\"wiki-link\">Battle-Raps<\/a> behandelt Savas auf seinem ersten Album auch pers\u00f6nliche Themen, darunter etwa seine \u00dcberzeugung vom <a rel=\"mw:WikiLink\" href=\"https:\/\/de.wikipedia.org\/wiki\/Vegetarismus\" title=\"Vegetarismus\" id=\"rdp-we-mw6A\" target=\"_new\" class=\"wiki-link\">Vegetarismus<\/a>.<\/p>\n\n<p id=\"rdp-we-mw6Q\">Im August 2003 verlie\u00dfen zun\u00e4chst Eko Fresh und sp\u00e4ter auch Valezka <i id=\"rdp-we-mw6g\">Optik Records<\/i>.<sup about=\"#mwt45\" class=\"mw-ref reference\" id=\"rdp-we-cite_ref-13\" rel=\"dc:references\" typeof=\"mw:Extension\/ref\" data-mw='{\"name\":\"ref\",\"attrs\":{},\"body\":{\"id\":\"mw-reference-text-cite_note-13\"}}'><a href=\"#cite_note-13\" id=\"rdp-we-mw6w\"><span class=\"mw-reflink-text\" id=\"rdp-we-mw7A\"><span class=\"cite-bracket\" id=\"rdp-we-mw7Q\">[<\/span>13<span class=\"cite-bracket\" id=\"rdp-we-mw7g\">]<\/span><\/span><\/a><\/sup> Die Trennung von Kool Savas und Eko Fresh zog eine medial ausgetragene Streitigkeit nach sich, die \u00fcber mehrere Monate andauerte. Insbesondere aus dem Ende 2004 ver\u00f6ffentlichten St\u00fcck <i id=\"rdp-we-mw7w\"><a rel=\"mw:WikiLink\" href=\"https:\/\/de.wikipedia.org\/wiki\/Die_Abrechnung_(Lied)\" title=\"Die Abrechnung (Lied)\" id=\"rdp-we-mw8A\" target=\"_new\" class=\"wiki-link\">Die Abrechnung<\/a><\/i> von Eko Fresh, in dem neben Savas auch <a rel=\"mw:WikiLink\" href=\"https:\/\/de.wikipedia.org\/wiki\/Bushido_(Rapper)\" title=\"Bushido (Rapper)\" id=\"rdp-we-mw8Q\" target=\"_new\" class=\"wiki-link\">Bushido<\/a>, <a rel=\"mw:WikiLink\" href=\"https:\/\/de.wikipedia.org\/wiki\/Fler\" title=\"Fler\" id=\"rdp-we-mw8g\" target=\"_new\" class=\"wiki-link\">Fler<\/a>, <a rel=\"mw:WikiLink\" href=\"https:\/\/de.wikipedia.org\/wiki\/MC_Rene\" title=\"MC Rene\" id=\"rdp-we-mw8w\" target=\"_new\" class=\"wiki-link\">MC Rene<\/a> und <a rel=\"mw:WikiLink\" href=\"https:\/\/de.wikipedia.org\/wiki\/Sido\" title=\"Sido\" id=\"rdp-we-mw9A\" target=\"_new\" class=\"wiki-link\">Sido<\/a> angegriffen werden, resultierten eine Reihe musikalischer Antworten der beteiligten Akteure. Kool Savas reagierte im Februar 2005 mit dem Lied <i id=\"rdp-we-mw9Q\"><a rel=\"mw:WikiLink\" href=\"https:\/\/de.wikipedia.org\/wiki\/Das_Urteil_(Lied)\" title=\"Das Urteil (Lied)\" id=\"rdp-we-mw9g\" target=\"_new\" class=\"wiki-link\">Das Urteil<\/a><\/i>. In diesem wirft Savas seinem Kontrahenten unter anderem Geldgier vor. Das Video zum St\u00fcck entwickelte sich zum Erfolg im Programm der Musiksender und zu einem der popul\u00e4rsten St\u00fccke Kool Savas\u2019. \u00dcber mehrere Jahre fungierte <i id=\"rdp-we-mw9w\">Das Urteil<\/i> bei Konzerten des Rappers als Finale.<sup about=\"#mwt47\" class=\"mw-ref reference\" id=\"rdp-we-cite_ref-14\" rel=\"dc:references\" typeof=\"mw:Extension\/ref\" data-mw='{\"name\":\"ref\",\"attrs\":{},\"body\":{\"id\":\"mw-reference-text-cite_note-14\"}}'><a href=\"#cite_note-14\" id=\"rdp-we-mw-A\"><span class=\"mw-reflink-text\" id=\"rdp-we-mw-Q\"><span class=\"cite-bracket\" id=\"rdp-we-mw-g\">[<\/span>14<span class=\"cite-bracket\" id=\"rdp-we-mw-w\">]<\/span><\/span><\/a><\/sup> Im Jahr 2025 betrat Eko Fresh im Rahmen eines Konzertes in <a rel=\"mw:WikiLink\" href=\"https:\/\/de.wikipedia.org\/wiki\/Berlin\" title=\"Berlin\" id=\"rdp-we-mw_A\" target=\"_new\" class=\"wiki-link\">Berlin<\/a> erstmals nach \u00fcber 20 Jahren eine B\u00fchne mit Savas, um gemeinsam <i id=\"rdp-we-mw_Q\">Optik Anthem<\/i> zu performen und somit die Streitigkeiten f\u00fcr beendet zu erkl\u00e4ren.<sup about=\"#mwt49\" class=\"mw-ref reference\" id=\"rdp-we-cite_ref-15\" rel=\"dc:references\" typeof=\"mw:Extension\/ref\" data-mw='{\"name\":\"ref\",\"attrs\":{},\"body\":{\"id\":\"mw-reference-text-cite_note-15\"}}'><a href=\"#cite_note-15\" id=\"rdp-we-mw_g\"><span class=\"mw-reflink-text\" id=\"rdp-we-mw_w\"><span class=\"cite-bracket\" id=\"rdp-we-mwAQA\">[<\/span>15<span class=\"cite-bracket\" id=\"rdp-we-mwAQE\">]<\/span><\/span><\/a><\/sup><\/p>\n\n<p id=\"rdp-we-mwAQI\">2004 erschienen zudem die Kompilation <i id=\"rdp-we-mwAQM\"><a rel=\"mw:WikiLink\" href=\"https:\/\/de.wikipedia.org\/wiki\/Die_besten_Tage_sind_gez\u00e4hlt\" title=\"Die besten Tage sind gez\u00e4hlt\" id=\"rdp-we-mwAQQ\" target=\"_new\" class=\"wiki-link\">Die besten Tage sind gez\u00e4hlt<\/a><\/i> sowie die Single <i id=\"rdp-we-mwAQU\"><a rel=\"mw:WikiLink\" href=\"https:\/\/de.wikipedia.org\/wiki\/OK!\" title=\"OK!\" id=\"rdp-we-mwAQY\" target=\"_new\" class=\"wiki-link\">OK!<\/a><\/i> von Melbeatz, auf der Savas erstmals neben dem Hamburger <a rel=\"mw:WikiLink\" href=\"https:\/\/de.wikipedia.org\/wiki\/Samy_Deluxe\" title=\"Samy Deluxe\" id=\"rdp-we-mwAQc\" target=\"_new\" class=\"wiki-link\">Samy Deluxe<\/a> zu h\u00f6ren ist. Eine weitere Kooperation erfolgte 2005 mit dem Rapper <a rel=\"mw:WikiLink\" href=\"https:\/\/de.wikipedia.org\/wiki\/Azad_(Rapper)\" title=\"Azad (Rapper)\" id=\"rdp-we-mwAQg\" target=\"_new\" class=\"wiki-link\">Azad<\/a> in Form des gemeinsamen Albums <i id=\"rdp-we-mwAQk\"><a rel=\"mw:WikiLink\" href=\"https:\/\/de.wikipedia.org\/wiki\/One_(Kool-Savas-und-Azad-Album)\" title=\"One (Kool-Savas-und-Azad-Album)\" id=\"rdp-we-mwAQo\" target=\"_new\" class=\"wiki-link\">One<\/a><\/i>. Beide Hip-Hop-Musiker verband bereits im Vorfeld eine mehrj\u00e4hrige Freundschaft. <i id=\"rdp-we-mwAQs\">One<\/i> stieg auf Platz f\u00fcnf der deutschen Album-Charts ein.<sup about=\"#mwt51\" class=\"mw-ref reference\" id=\"rdp-we-cite_ref-16\" rel=\"dc:references\" typeof=\"mw:Extension\/ref\" data-mw='{\"name\":\"ref\",\"attrs\":{},\"body\":{\"id\":\"mw-reference-text-cite_note-16\"}}'><a href=\"#cite_note-16\" id=\"rdp-we-mwAQw\"><span class=\"mw-reflink-text\" id=\"rdp-we-mwAQ0\"><span class=\"cite-bracket\" id=\"rdp-we-mwAQ4\">[<\/span>16<span class=\"cite-bracket\" id=\"rdp-we-mwAQ8\">]<\/span><\/span><\/a><\/sup> Des Weiteren traten beide Rapper im Zuge der Vermarktung mit ihrer Single <i id=\"rdp-we-mwARA\">All 4 One<\/i> erstmals im Umfeld von <a rel=\"mw:WikiLink\" href=\"https:\/\/de.wikipedia.org\/wiki\/Stefan_Raab\" title=\"Stefan Raab\" id=\"rdp-we-mwARE\" target=\"_new\" class=\"wiki-link\">Stefan Raab<\/a> bei <i id=\"rdp-we-mwARI\"><a rel=\"mw:WikiLink\" href=\"https:\/\/de.wikipedia.org\/wiki\/TV_total\" title=\"TV total\" id=\"rdp-we-mwARM\" target=\"_new\" class=\"wiki-link\">TV total<\/a><\/i> auf.<sup about=\"#mwt53\" class=\"mw-ref reference\" id=\"rdp-we-cite_ref-17\" rel=\"dc:references\" typeof=\"mw:Extension\/ref\" data-mw='{\"name\":\"ref\",\"attrs\":{},\"body\":{\"id\":\"mw-reference-text-cite_note-17\"}}'><a href=\"#cite_note-17\" id=\"rdp-we-mwARQ\"><span class=\"mw-reflink-text\" id=\"rdp-we-mwARU\"><span class=\"cite-bracket\" id=\"rdp-we-mwARY\">[<\/span>17<span class=\"cite-bracket\" id=\"rdp-we-mwARc\">]<\/span><\/span><\/a><\/sup> Neben der Album-Ver\u00f6ffentlichung formierte sich Savas mit den Rappern <a rel=\"mw:WikiLink\" href=\"https:\/\/de.wikipedia.org\/wiki\/Caput_(Rapper)\" title=\"Caput (Rapper)\" id=\"rdp-we-mwARg\" target=\"_new\" class=\"wiki-link\">Caput<\/a>, Amar, <a rel=\"mw:WikiLink\" href=\"https:\/\/de.wikipedia.org\/wiki\/Ercandize\" title=\"Ercandize\" id=\"rdp-we-mwARk\" target=\"_new\" class=\"wiki-link\">Ercandize<\/a> sowie seinem Bruder Sinan neu. Die Mitglieder wurden \u00fcber das Mixtape <i id=\"rdp-we-mwARo\"><a rel=\"mw:WikiLink\" href=\"https:\/\/de.wikipedia.org\/wiki\/Die_John_Bello_Story\" title=\"Die John Bello Story\" id=\"rdp-we-mwARs\" target=\"_new\" class=\"wiki-link\">Die John Bello Story<\/a><\/i> bei <i id=\"rdp-we-mwARw\">Optik Records<\/i> eingef\u00fchrt. Sp\u00e4ter wurde die Optik Crew um <a rel=\"mw:WikiLink\" href=\"https:\/\/de.wikipedia.org\/wiki\/Kaas_(Rapper)\" title=\"Kaas (Rapper)\" id=\"rdp-we-mwAR0\" target=\"_new\" class=\"wiki-link\">Kaas<\/a> und <a rel=\"mw:WikiLink\" href=\"https:\/\/de.wikipedia.org\/wiki\/Franky_Kubrick\" title=\"Franky Kubrick\" id=\"rdp-we-mwAR4\" target=\"_new\" class=\"wiki-link\">Franky Kubrick<\/a> sowie den S\u00e4nger <a rel=\"mw:WikiLink\" href=\"https:\/\/de.wikipedia.org\/wiki\/Moe_Mitchell\" title=\"Moe Mitchell\" id=\"rdp-we-mwAR8\" target=\"_new\" class=\"wiki-link\">Moe Mitchell<\/a> erg\u00e4nzt, den Savas bereits 2003 kennengelernt hatte. Mitchell fungierte seitdem f\u00fcr mehrere Jahre als sogenannter <a rel=\"mw:WikiLink\" href=\"https:\/\/de.wikipedia.org\/wiki\/Backing_Vocal\" title=\"Backing Vocal\" class=\"mw-redirect wiki-link\" id=\"rdp-we-mwASA\" target=\"_new\">Back-Up<\/a>-<a rel=\"mw:WikiLink\" href=\"https:\/\/de.wikipedia.org\/wiki\/MC_(Hip-Hop)\" title=\"MC (Hip-Hop)\" id=\"rdp-we-mwASE\" target=\"_new\" class=\"wiki-link\">MC<\/a> Kool Savas\u2019 bei Konzerten.<sup about=\"#mwt55\" class=\"mw-ref reference\" id=\"rdp-we-cite_ref-18\" rel=\"dc:references\" typeof=\"mw:Extension\/ref\" data-mw='{\"name\":\"ref\",\"attrs\":{},\"body\":{\"id\":\"mw-reference-text-cite_note-18\"}}'><a href=\"#cite_note-18\" id=\"rdp-we-mwASI\"><span class=\"mw-reflink-text\" id=\"rdp-we-mwASM\"><span class=\"cite-bracket\" id=\"rdp-we-mwASQ\">[<\/span>18<span class=\"cite-bracket\" id=\"rdp-we-mwASU\">]<\/span><\/span><\/a><\/sup> Alle K\u00fcnstler des Musikunternehmens pr\u00e4sentierten sich 2006 auf dem Labelsampler <i id=\"rdp-we-mwASY\"><a rel=\"mw:WikiLink\" href=\"https:\/\/de.wikipedia.org\/wiki\/Optik_Takeover!\" title=\"Optik Takeover!\" id=\"rdp-we-mwASc\" target=\"_new\" class=\"wiki-link\">Optik Takeover!<\/a><\/i>.<sup about=\"#mwt57\" class=\"mw-ref reference\" id=\"rdp-we-cite_ref-19\" rel=\"dc:references\" typeof=\"mw:Extension\/ref\" data-mw='{\"name\":\"ref\",\"attrs\":{},\"body\":{\"id\":\"mw-reference-text-cite_note-19\"}}'><a href=\"#cite_note-19\" id=\"rdp-we-mwASg\"><span class=\"mw-reflink-text\" id=\"rdp-we-mwASk\"><span class=\"cite-bracket\" id=\"rdp-we-mwASo\">[<\/span>19<span class=\"cite-bracket\" id=\"rdp-we-mwASs\">]<\/span><\/span><\/a><\/sup> Im selben Jahr trat Savas dar\u00fcber hinaus als Moderator des Hip-Hop-Battle-Turniers <i id=\"rdp-we-mwASw\"><a rel=\"mw:WikiLink\" href=\"https:\/\/de.wikipedia.org\/wiki\/Feuer_\u00fcber_Deutschland\" title=\"Feuer \u00fcber Deutschland\" id=\"rdp-we-mwAS0\" target=\"_new\" class=\"wiki-link\">Feuer \u00fcber Deutschland<\/a><\/i> in Erscheinung.<sup about=\"#mwt59\" class=\"mw-ref reference\" id=\"rdp-we-cite_ref-20\" rel=\"dc:references\" typeof=\"mw:Extension\/ref\" data-mw='{\"name\":\"ref\",\"attrs\":{},\"body\":{\"id\":\"mw-reference-text-cite_note-20\"}}'><a href=\"#cite_note-20\" id=\"rdp-we-mwAS4\"><span class=\"mw-reflink-text\" id=\"rdp-we-mwAS8\"><span class=\"cite-bracket\" id=\"rdp-we-mwATA\">[<\/span>20<span class=\"cite-bracket\" id=\"rdp-we-mwATE\">]<\/span><\/span><\/a><\/sup><\/p>\n\n<\/section><section data-mw-section-id=\"4\" id=\"rdp-we-mwATI\" aria-labelledby=\"Etablierung_mit_Tot_oder_lebendig,_Aura_und_Gespaltene_Pers\u00f6nlichkeit\"><div class=\"mw-heading mw-heading3\"><h3 id=\"rdp-we-Etablierung_mit_Tot_oder_lebendig,_Aura_und_Gespaltene_Pers\u00f6nlichkeit\"><span id=\"rdp-we-Etablierung_mit_Tot_oder_lebendig.2C_Aura_und_Gespaltene_Pers.C3.B6nlichkeit\" typeof=\"mw:FallbackId\"><\/span>Etablierung mit <i id=\"rdp-we-mwATM\">Tot oder lebendig<\/i>, <i id=\"rdp-we-mwATQ\">Aura<\/i> und <i id=\"rdp-we-mwATU\">Gespaltene Pers\u00f6nlichkeit<\/i><\/h3><\/div>\n<figure class=\"mw-default-size\" typeof=\"mw:File\/Thumb\" id=\"rdp-we-mwATY\"><a href=\"https:\/\/de.wikipedia.org\/wiki\/Datei:Goldverleihung_des_Albums_Aura_-_2.jpg\" class=\"mw-file-description wiki-link\" id=\"rdp-we-mwATc\" target=\"_new\"><img resource=\"https:\/\/de.wikipedia.org\/wiki\/Datei:Goldverleihung_des_Albums_Aura_-_2.jpg\" src=\"https:\/\/thumb.wikimedia.org\/wikipedia\/commons\/thumb\/5\/57\/Goldverleihung_des_Albums_Aura_-_2.jpg\/250px-Goldverleihung_des_Albums_Aura_-_2.jpg?utm_source=de.wikipedia.org&amp;utm_campaign=parser&amp;utm_content=thumbnail\" decoding=\"async\" loading=\"lazy\" data-file-type=\"bitmap\" height=\"167\" width=\"250\" class=\"mw-file-element\" id=\"rdp-we-mwATg\"\/><\/a><figcaption id=\"rdp-we-mwATk\">Goldverleihung des Albums \u201eAura\u201c (Von links: David Laube, Holger Schneider, Kool Savas, Lars Krings und Ramin Bozorgzadeh)<\/figcaption><\/figure>\n<p id=\"rdp-we-mwATo\">Am 2. November 2007 wurde Savas\u2019 zweites Soloalbum <i id=\"rdp-we-mwATs\"><a rel=\"mw:WikiLink\" href=\"https:\/\/de.wikipedia.org\/wiki\/Tot_oder_lebendig_(Album)\" title=\"Tot oder lebendig (Album)\" id=\"rdp-we-mwATw\" target=\"_new\" class=\"wiki-link\">Tot oder lebendig<\/a><\/i> ver\u00f6ffentlicht. Dieses stieg auf Platz zehn der deutschen Album-Charts ein. Zudem positionierte es sich in den Hitparaden der Schweiz und \u00d6sterreichs.<sup about=\"#mwt61\" class=\"mw-ref reference\" id=\"rdp-we-cite_ref-21\" rel=\"dc:references\" typeof=\"mw:Extension\/ref\" data-mw='{\"name\":\"ref\",\"attrs\":{},\"body\":{\"id\":\"mw-reference-text-cite_note-21\"}}'><a href=\"#cite_note-21\" id=\"rdp-we-mwAT0\"><span class=\"mw-reflink-text\" id=\"rdp-we-mwAT4\"><span class=\"cite-bracket\" id=\"rdp-we-mwAT8\">[<\/span>21<span class=\"cite-bracket\" id=\"rdp-we-mwAUA\">]<\/span><\/span><\/a><\/sup> Im selben Jahr trat Savas erstmals als <a rel=\"mw:WikiLink\" href=\"https:\/\/de.wikipedia.org\/wiki\/Synchronsprecher\" title=\"Synchronsprecher\" id=\"rdp-we-mwAUE\" target=\"_new\" class=\"wiki-link\">Synchronsprecher<\/a> in Erscheinung. F\u00fcr die Episode <i id=\"rdp-we-mwAUI\">Die H\u00f6lle auf Erden<\/i> der Zeichentrickserie <i id=\"rdp-we-mwAUM\"><a rel=\"mw:WikiLink\" href=\"https:\/\/de.wikipedia.org\/wiki\/South_Park\" title=\"South Park\" id=\"rdp-we-mwAUQ\" target=\"_new\" class=\"wiki-link\">South Park<\/a><\/i> \u00fcbernahm er die deutsche Stimme von <a rel=\"mw:WikiLink\" href=\"https:\/\/de.wikipedia.org\/wiki\/The_Notorious_B.I.G.\" title=\"The Notorious B.I.G.\" id=\"rdp-we-mwAUU\" target=\"_new\" class=\"wiki-link\">The Notorious B.I.G.<\/a>, der anl\u00e4sslich seines zehnten Todestages in die Handlung integriert worden war.<sup about=\"#mwt64\" class=\"mw-ref reference\" id=\"rdp-we-cite_ref-22\" rel=\"dc:references\" typeof=\"mw:Extension\/ref\" data-mw='{\"name\":\"ref\",\"attrs\":{},\"body\":{\"id\":\"mw-reference-text-cite_note-22\"}}'><a href=\"#cite_note-22\" id=\"rdp-we-mwAUY\"><span class=\"mw-reflink-text\" id=\"rdp-we-mwAUc\"><span class=\"cite-bracket\" id=\"rdp-we-mwAUg\">[<\/span>22<span class=\"cite-bracket\" id=\"rdp-we-mwAUk\">]<\/span><\/span><\/a><\/sup> Im Juli 2008 verk\u00fcndete Kool Savas die Aufl\u00f6sung seines Labels <i id=\"rdp-we-mwAUo\">Optik Records<\/i>.<sup about=\"#mwt66\" class=\"mw-ref reference\" id=\"rdp-we-cite_ref-23\" rel=\"dc:references\" typeof=\"mw:Extension\/ref\" data-mw='{\"name\":\"ref\",\"attrs\":{},\"body\":{\"id\":\"mw-reference-text-cite_note-23\"}}'><a href=\"#cite_note-23\" id=\"rdp-we-mwAUs\"><span class=\"mw-reflink-text\" id=\"rdp-we-mwAUw\"><span class=\"cite-bracket\" id=\"rdp-we-mwAU0\">[<\/span>23<span class=\"cite-bracket\" id=\"rdp-we-mwAU4\">]<\/span><\/span><\/a><\/sup> Mit der Ver\u00f6ffentlichung des Mixtapes <i id=\"rdp-we-mwAU8\"><a rel=\"mw:WikiLink\" href=\"https:\/\/de.wikipedia.org\/wiki\/John_Bello_Story_II\" title=\"John Bello Story II\" id=\"rdp-we-mwAVA\" target=\"_new\" class=\"wiki-link\">John Bello Story II<\/a><\/i> und der anschlie\u00dfenden Tournee aller Label-K\u00fcnstler unter dem Titel <i id=\"rdp-we-mwAVE\">John Bello 2 \u2013 Endlich Frei Tour<\/i> im Januar 2009 endete die T\u00e4tigkeit der Firma.<sup about=\"#mwt69\" class=\"mw-ref reference\" id=\"rdp-we-cite_ref-24\" rel=\"dc:references\" typeof=\"mw:Extension\/ref\" data-mw='{\"name\":\"ref\",\"attrs\":{},\"body\":{\"id\":\"mw-reference-text-cite_note-24\"}}'><a href=\"#cite_note-24\" id=\"rdp-we-mwAVI\"><span class=\"mw-reflink-text\" id=\"rdp-we-mwAVM\"><span class=\"cite-bracket\" id=\"rdp-we-mwAVQ\">[<\/span>24<span class=\"cite-bracket\" id=\"rdp-we-mwAVU\">]<\/span><\/span><\/a><\/sup><sup about=\"#mwt71\" class=\"mw-ref reference\" id=\"rdp-we-cite_ref-25\" rel=\"dc:references\" typeof=\"mw:Extension\/ref\" data-mw='{\"name\":\"ref\",\"attrs\":{},\"body\":{\"id\":\"mw-reference-text-cite_note-25\"}}'><a href=\"#cite_note-25\" id=\"rdp-we-mwAVY\"><span class=\"mw-reflink-text\" id=\"rdp-we-mwAVc\"><span class=\"cite-bracket\" id=\"rdp-we-mwAVg\">[<\/span>25<span class=\"cite-bracket\" id=\"rdp-we-mwAVk\">]<\/span><\/span><\/a><\/sup> Anschlie\u00dfend gr\u00fcndete Savas <i id=\"rdp-we-mwAVo\">Essah Entertainment<\/i> als <a rel=\"mw:WikiLink\" href=\"https:\/\/de.wikipedia.org\/wiki\/Independent-Label\" title=\"Independent-Label\" id=\"rdp-we-mwAVs\" target=\"_new\" class=\"wiki-link\">Independent-Label<\/a> sowie Booking-Agentur f\u00fcr sich und andere K\u00fcnstler. Als exklusive Beilage des Magazins <i id=\"rdp-we-mwAVw\">Juice<\/i> erschien 2009 die EP <i id=\"rdp-we-mwAV0\">Was hat S.A.V. da vor?<\/i>. Ein Jahr sp\u00e4ter folgte das Mixtape <i id=\"rdp-we-mwAV4\"><a rel=\"mw:WikiLink\" href=\"https:\/\/de.wikipedia.org\/wiki\/John_Bello_Story_III\" title=\"John Bello Story III\" id=\"rdp-we-mwAV8\" target=\"_new\" class=\"wiki-link\">John Bello Story III<\/a><\/i>, f\u00fcr das er neben Melbeatz erstmals mit einer Reihe unterschiedlicher Hip-Hop-Produzenten zusammengearbeitet hatte. Im Zuge des <a rel=\"mw:WikiLink\" href=\"https:\/\/de.wikipedia.org\/wiki\/Kachelmann-Prozess\" title=\"Kachelmann-Prozess\" id=\"rdp-we-mwAWA\" target=\"_new\" class=\"wiki-link\">Kachelmann-Prozesses<\/a> \u00e4u\u00dferte sich Kool Savas mehrfach in beleidigender Form zu <a rel=\"mw:WikiLink\" href=\"https:\/\/de.wikipedia.org\/wiki\/J\u00f6rg_Kachelmann\" title=\"J\u00f6rg Kachelmann\" id=\"rdp-we-mwAWE\" target=\"_new\" class=\"wiki-link\">J\u00f6rg Kachelmann<\/a>. Dieser forderte daraufhin in Form einer Klage die Unterlassung derartiger \u00c4u\u00dferungen sowie eine Geldentsch\u00e4digung. Durch das <a rel=\"mw:WikiLink\" href=\"https:\/\/de.wikipedia.org\/wiki\/Landgericht_Berlin\" title=\"Landgericht Berlin\" id=\"rdp-we-mwAWI\" target=\"_new\" class=\"wiki-link\">Landgericht Berlin<\/a> wurde Yurderi wegen schwerer Pers\u00f6nlichkeitsrechtsverletzung zu einem Schmerzensgeld von 10.000<span typeof=\"mw:Entity\" id=\"rdp-we-mwAWM\">\u00a0<\/span>Euro verurteilt.<sup about=\"#mwt73\" class=\"mw-ref reference\" id=\"rdp-we-cite_ref-26\" rel=\"dc:references\" typeof=\"mw:Extension\/ref\" data-mw='{\"name\":\"ref\",\"attrs\":{},\"body\":{\"id\":\"mw-reference-text-cite_note-26\"}}'><a href=\"#cite_note-26\" id=\"rdp-we-mwAWQ\"><span class=\"mw-reflink-text\" id=\"rdp-we-mwAWU\"><span class=\"cite-bracket\" id=\"rdp-we-mwAWY\">[<\/span>26<span class=\"cite-bracket\" id=\"rdp-we-mwAWc\">]<\/span><\/span><\/a><\/sup><\/p>\n<figure class=\"mw-default-size\" typeof=\"mw:File\/Thumb\" id=\"rdp-we-mwAWg\"><a href=\"https:\/\/de.wikipedia.org\/wiki\/Datei:Kool_Savas_2010.jpg\" class=\"mw-file-description wiki-link\" id=\"rdp-we-mwAWk\" target=\"_new\"><img resource=\"https:\/\/de.wikipedia.org\/wiki\/Datei:Kool_Savas_2010.jpg\" src=\"https:\/\/thumb.wikimedia.org\/wikipedia\/commons\/thumb\/6\/62\/Kool_Savas_2010.jpg\/250px-Kool_Savas_2010.jpg?utm_source=de.wikipedia.org&amp;utm_campaign=parser&amp;utm_content=thumbnail\" decoding=\"async\" loading=\"lazy\" data-file-type=\"bitmap\" height=\"375\" width=\"250\" class=\"mw-file-element\" id=\"rdp-we-mwAWo\"\/><\/a><figcaption id=\"rdp-we-mwAWs\">Kool Savas (2010)<\/figcaption><\/figure>\n<p id=\"rdp-we-mwAWw\">Im November 2011 ver\u00f6ffentlichte Savas sein drittes Album <i id=\"rdp-we-mwAW0\"><a rel=\"mw:WikiLink\" href=\"https:\/\/de.wikipedia.org\/wiki\/Aura_(Kool-Savas-Album)\" title=\"Aura (Kool-Savas-Album)\" id=\"rdp-we-mwAW4\" target=\"_new\" class=\"wiki-link\">Aura<\/a><\/i> \u00fcber sein Label <i id=\"rdp-we-mwAW8\">Essah Entertainment<\/i>. Mit diesem erreichte der Rapper erstmals Platz eins der <a rel=\"mw:WikiLink\" href=\"https:\/\/de.wikipedia.org\/wiki\/Liste_der_Nummer-eins-Hits_in_Deutschland_(2011)\" title=\"Liste der Nummer-eins-Hits in Deutschland (2011)\" id=\"rdp-we-mwAXA\" target=\"_new\" class=\"wiki-link\">deutschen<\/a> und <a rel=\"mw:WikiLink\" href=\"https:\/\/de.wikipedia.org\/wiki\/Liste_der_Nummer-eins-Hits_in_der_Schweiz_(2011)\" title=\"Liste der Nummer-eins-Hits in der Schweiz (2011)\" id=\"rdp-we-mwAXE\" target=\"_new\" class=\"wiki-link\">Schweizer<\/a> Charts.<sup about=\"#mwt75\" class=\"mw-ref reference\" id=\"rdp-we-cite_ref-27\" rel=\"dc:references\" typeof=\"mw:Extension\/ref\" data-mw='{\"name\":\"ref\",\"attrs\":{},\"body\":{\"id\":\"mw-reference-text-cite_note-27\"}}'><a href=\"#cite_note-27\" id=\"rdp-we-mwAXI\"><span class=\"mw-reflink-text\" id=\"rdp-we-mwAXM\"><span class=\"cite-bracket\" id=\"rdp-we-mwAXQ\">[<\/span>27<span class=\"cite-bracket\" id=\"rdp-we-mwAXU\">]<\/span><\/span><\/a><\/sup> Zudem erhielt <i id=\"rdp-we-mwAXY\">Aura<\/i> durch den Verkauf von 100.000 Einheiten eine <a rel=\"mw:WikiLink\" href=\"https:\/\/de.wikipedia.org\/wiki\/Goldene_Schallplatte\" title=\"Goldene Schallplatte\" id=\"rdp-we-mwAXc\" target=\"_new\" class=\"wiki-link\">Goldene Schallplatte<\/a>.<sup about=\"#mwt77\" class=\"mw-ref reference\" id=\"rdp-we-cite_ref-28\" rel=\"dc:references\" typeof=\"mw:Extension\/ref\" data-mw='{\"name\":\"ref\",\"attrs\":{},\"body\":{\"id\":\"mw-reference-text-cite_note-28\"}}'><a href=\"#cite_note-28\" id=\"rdp-we-mwAXg\"><span class=\"mw-reflink-text\" id=\"rdp-we-mwAXk\"><span class=\"cite-bracket\" id=\"rdp-we-mwAXo\">[<\/span>28<span class=\"cite-bracket\" id=\"rdp-we-mwAXs\">]<\/span><\/span><\/a><\/sup> 2012 absolvierte Savas zun\u00e4chst eine Tournee unter dem Titel <i id=\"rdp-we-mwAXw\">Aura-Tour<\/i>. Anschlie\u00dfend erfolgte mit \u201eKool Savas und die Liga der au\u00dfergew\u00f6hnlichen Mcees\u201c eine gemeinsame Konzert-Reihe mit <a rel=\"mw:WikiLink\" href=\"https:\/\/de.wikipedia.org\/wiki\/Olli_Banjo\" title=\"Olli Banjo\" id=\"rdp-we-mwAX0\" target=\"_new\" class=\"wiki-link\">Olli Banjo<\/a>, <a rel=\"mw:WikiLink\" href=\"https:\/\/de.wikipedia.org\/wiki\/Die_Orsons\" title=\"Die Orsons\" id=\"rdp-we-mwAX4\" target=\"_new\" class=\"wiki-link\">Die Orsons<\/a> und <a rel=\"mw:WikiLink\" href=\"https:\/\/de.wikipedia.org\/wiki\/Laas_Unltd.\" title=\"Laas Unltd.\" id=\"rdp-we-mwAX8\" target=\"_new\" class=\"wiki-link\">Laas Unltd.<\/a> sowie dem Comedian <a rel=\"mw:WikiLink\" href=\"https:\/\/de.wikipedia.org\/wiki\/Buddy_Og\u00fcn\" title=\"Buddy Og\u00fcn\" id=\"rdp-we-mwAYA\" target=\"_new\" class=\"wiki-link\">Buddy Og\u00fcn<\/a>.<sup about=\"#mwt80\" class=\"mw-ref reference\" id=\"rdp-we-cite_ref-29\" rel=\"dc:references\" typeof=\"mw:Extension\/ref\" data-mw='{\"name\":\"ref\",\"attrs\":{},\"body\":{\"id\":\"mw-reference-text-cite_note-29\"}}'><a href=\"#cite_note-29\" id=\"rdp-we-mwAYE\"><span class=\"mw-reflink-text\" id=\"rdp-we-mwAYI\"><span class=\"cite-bracket\" id=\"rdp-we-mwAYM\">[<\/span>29<span class=\"cite-bracket\" id=\"rdp-we-mwAYQ\">]<\/span><\/span><\/a><\/sup> Laas Unltd. \u00fcbernahm im Zuge dessen die Rolle des Back-Up-Rappers von Savas, die er seitdem ausf\u00fcllt. Im Entstehungsprozess von <i id=\"rdp-we-mwAYU\">Aura<\/i> hatte Savas erstmals mit dem <a rel=\"mw:WikiLink\" href=\"https:\/\/de.wikipedia.org\/wiki\/Contemporary_R&B\" title=\"Contemporary R&amp;B\" id=\"rdp-we-mwAYY\" target=\"_new\" class=\"wiki-link\">R&amp;B<\/a>-<a rel=\"mw:WikiLink\" href=\"https:\/\/de.wikipedia.org\/wiki\/Gesang\" title=\"Gesang\" id=\"rdp-we-mwAYc\" target=\"_new\" class=\"wiki-link\">S\u00e4nger<\/a> <a rel=\"mw:WikiLink\" href=\"https:\/\/de.wikipedia.org\/wiki\/Xavier_Naidoo\" title=\"Xavier Naidoo\" id=\"rdp-we-mwAYg\" target=\"_new\" class=\"wiki-link\">Xavier Naidoo<\/a> zusammengearbeitet. Naidoo ist sowohl auf dem Titellied <i id=\"rdp-we-mwAYk\">Aura<\/i> als auch im abschlie\u00dfenden St\u00fcck <i id=\"rdp-we-mwAYo\">LMS 2012<\/i> zu h\u00f6ren. Die letztgenannte Produktion war als Verweis auf ein gemeinsames Album der beiden K\u00fcnstler platziert worden. Savas und Naidoo ver\u00f6ffentlichten dieses als Duo <a rel=\"mw:WikiLink\" href=\"https:\/\/de.wikipedia.org\/wiki\/Xavas\" title=\"Xavas\" id=\"rdp-we-mwAYs\" target=\"_new\" class=\"wiki-link\">Xavas<\/a> im September 2012 unter dem Titel <i id=\"rdp-we-mwAYw\"><a rel=\"mw:WikiLink\" href=\"https:\/\/de.wikipedia.org\/wiki\/Gespaltene_Pers\u00f6nlichkeit_(Album)\" title=\"Gespaltene Pers\u00f6nlichkeit (Album)\" id=\"rdp-we-mwAY0\" target=\"_new\" class=\"wiki-link\">Gespaltene Pers\u00f6nlichkeit<\/a><\/i> \u00fcber <i id=\"rdp-we-mwAY4\">Naidoo Records<\/i> und <i id=\"rdp-we-mwAY8\">Essah Entertainment<\/i>. Mit der Single <i id=\"rdp-we-mwAZA\"><a rel=\"mw:WikiLink\" href=\"https:\/\/de.wikipedia.org\/wiki\/Schau_nicht_mehr_zur\u00fcck\" title=\"Schau nicht mehr zur\u00fcck\" id=\"rdp-we-mwAZE\" target=\"_new\" class=\"wiki-link\">Schau nicht mehr zur\u00fcck<\/a><\/i> nahm das Duo an dem von Stefan Raab initiierten Musikwettbewerb <a rel=\"mw:WikiLink\" href=\"https:\/\/de.wikipedia.org\/wiki\/Bundesvision_Song_Contest_2012\" title=\"Bundesvision Song Contest 2012\" id=\"rdp-we-mwAZI\" target=\"_new\" class=\"wiki-link\">Bundesvision Song Contest 2012<\/a> teil, den es gewinnen konnte.<sup about=\"#mwt82\" class=\"mw-ref reference\" id=\"rdp-we-cite_ref-30\" rel=\"dc:references\" typeof=\"mw:Extension\/ref\" data-mw='{\"name\":\"ref\",\"attrs\":{},\"body\":{\"id\":\"mw-reference-text-cite_note-30\"}}'><a href=\"#cite_note-30\" id=\"rdp-we-mwAZM\"><span class=\"mw-reflink-text\" id=\"rdp-we-mwAZQ\"><span class=\"cite-bracket\" id=\"rdp-we-mwAZU\">[<\/span>30<span class=\"cite-bracket\" id=\"rdp-we-mwAZY\">]<\/span><\/span><\/a><\/sup> <i id=\"rdp-we-mwAZc\">Schau nicht mehr zur\u00fcck<\/i> erreichte dar\u00fcber hinaus mit 150.000 verkauften Einheiten Gold-Status.<sup about=\"#mwt84\" class=\"mw-ref reference\" id=\"rdp-we-cite_ref-Platin_31-0\" rel=\"dc:references\" typeof=\"mw:Extension\/ref\" data-mw='{\"name\":\"ref\",\"attrs\":{\"name\":\"Platin\"},\"body\":{\"id\":\"mw-reference-text-cite_note-Platin-31\"}}'><a href=\"#cite_note-Platin-31\" id=\"rdp-we-mwAZg\"><span class=\"mw-reflink-text\" id=\"rdp-we-mwAZk\"><span class=\"cite-bracket\" id=\"rdp-we-mwAZo\">[<\/span>31<span class=\"cite-bracket\" id=\"rdp-we-mwAZs\">]<\/span><\/span><\/a><\/sup> Das Album <i id=\"rdp-we-mwAZw\">Gespaltene Pers\u00f6nlichkeit<\/i> positionierte sich auf Rang eins in <a rel=\"mw:WikiLink\" href=\"https:\/\/de.wikipedia.org\/wiki\/Liste_der_Nummer-eins-Hits_in_Deutschland_(2012)\" title=\"Liste der Nummer-eins-Hits in Deutschland (2012)\" id=\"rdp-we-mwAZ0\" target=\"_new\" class=\"wiki-link\">Deutschland<\/a> und der <a rel=\"mw:WikiLink\" href=\"https:\/\/de.wikipedia.org\/wiki\/Liste_der_Nummer-eins-Hits_in_der_Schweiz_(2012)\" title=\"Liste der Nummer-eins-Hits in der Schweiz (2012)\" id=\"rdp-we-mwAZ4\" target=\"_new\" class=\"wiki-link\">Schweiz<\/a>.<sup about=\"#mwt86\" class=\"mw-ref reference\" id=\"rdp-we-cite_ref-32\" rel=\"dc:references\" typeof=\"mw:Extension\/ref\" data-mw='{\"name\":\"ref\",\"attrs\":{},\"body\":{\"id\":\"mw-reference-text-cite_note-32\"}}'><a href=\"#cite_note-32\" id=\"rdp-we-mwAZ8\"><span class=\"mw-reflink-text\" id=\"rdp-we-mwAaA\"><span class=\"cite-bracket\" id=\"rdp-we-mwAaE\">[<\/span>32<span class=\"cite-bracket\" id=\"rdp-we-mwAaI\">]<\/span><\/span><\/a><\/sup> In Deutschland erhielt es zudem eine Platin-Schallplatte.<sup about=\"#mwt87\" class=\"mw-ref reference\" id=\"rdp-we-cite_ref-Platin_31-1\" rel=\"dc:references\" typeof=\"mw:Extension\/ref\" data-mw='{\"name\":\"ref\",\"attrs\":{\"name\":\"Platin\"}}'><a href=\"#cite_note-Platin-31\" id=\"rdp-we-mwAaM\"><span class=\"mw-reflink-text\" id=\"rdp-we-mwAaQ\"><span class=\"cite-bracket\" id=\"rdp-we-mwAaU\">[<\/span>31<span class=\"cite-bracket\" id=\"rdp-we-mwAaY\">]<\/span><\/span><\/a><\/sup><\/p>\n\n<\/section><section data-mw-section-id=\"5\" id=\"rdp-we-mwAac\" aria-labelledby=\"Gr\u00fcndung_von_Essah_Media_und_Kollaborationen_mit_Sido\"><div class=\"mw-heading mw-heading3\"><h3 id=\"rdp-we-Gr\u00fcndung_von_Essah_Media_und_Kollaborationen_mit_Sido\"><span id=\"rdp-we-Gr.C3.BCndung_von_Essah_Media_und_Kollaborationen_mit_Sido\" typeof=\"mw:FallbackId\"><\/span>Gr\u00fcndung von Essah Media und Kollaborationen mit Sido<\/h3><\/div>\n<p id=\"rdp-we-mwAag\">Am 1. April 2014 gr\u00fcndete Savas das Independent-Label <i id=\"rdp-we-mwAak\">Essah Media<\/i>. Damit einhergehend fungiert <i id=\"rdp-we-mwAao\">Essah Entertainment<\/i> seitdem nur noch als Booking-Agentur. Ende August schloss das Label einen Vertriebsvertrag mit <i id=\"rdp-we-mwAas\">Sony Music<\/i>.<sup about=\"#mwt89\" class=\"mw-ref reference\" id=\"rdp-we-cite_ref-33\" rel=\"dc:references\" typeof=\"mw:Extension\/ref\" data-mw='{\"name\":\"ref\",\"attrs\":{},\"body\":{\"id\":\"mw-reference-text-cite_note-33\"}}'><a href=\"#cite_note-33\" id=\"rdp-we-mwAaw\"><span class=\"mw-reflink-text\" id=\"rdp-we-mwAa0\"><span class=\"cite-bracket\" id=\"rdp-we-mwAa4\">[<\/span>33<span class=\"cite-bracket\" id=\"rdp-we-mwAa8\">]<\/span><\/span><\/a><\/sup> Mit <i id=\"rdp-we-mwAbA\"><a rel=\"mw:WikiLink\" href=\"https:\/\/de.wikipedia.org\/wiki\/M\u00e4rtyrer_(Album)\" title=\"M\u00e4rtyrer (Album)\" id=\"rdp-we-mwAbE\" target=\"_new\" class=\"wiki-link\">M\u00e4rtyrer<\/a><\/i> folgte am 14. November 2014 die Ver\u00f6ffentlichung seines vierten Soloalbums.<sup about=\"#mwt92\" class=\"mw-ref reference\" id=\"rdp-we-cite_ref-34\" rel=\"dc:references\" typeof=\"mw:Extension\/ref\" data-mw='{\"name\":\"ref\",\"attrs\":{},\"body\":{\"id\":\"mw-reference-text-cite_note-34\"}}'><a href=\"#cite_note-34\" id=\"rdp-we-mwAbI\"><span class=\"mw-reflink-text\" id=\"rdp-we-mwAbM\"><span class=\"cite-bracket\" id=\"rdp-we-mwAbQ\">[<\/span>34<span class=\"cite-bracket\" id=\"rdp-we-mwAbU\">]<\/span><\/span><\/a><\/sup> Dieses stieg als drittes Album in Folge auf <a rel=\"mw:WikiLink\" href=\"https:\/\/de.wikipedia.org\/wiki\/Liste_der_Nummer-eins-Hits_in_Deutschland_(2014)\" title=\"Liste der Nummer-eins-Hits in Deutschland (2014)\" id=\"rdp-we-mwAbY\" target=\"_new\" class=\"wiki-link\">Platz 1<\/a> der deutschen sowie <a rel=\"mw:WikiLink\" href=\"https:\/\/de.wikipedia.org\/wiki\/Liste_der_Nummer-eins-Hits_in_der_Schweiz_(2014)\" title=\"Liste der Nummer-eins-Hits in der Schweiz (2014)\" id=\"rdp-we-mwAbc\" target=\"_new\" class=\"wiki-link\">Rang 1<\/a> der Schweizer Charts ein. In \u00d6sterreich erreichte die Ver\u00f6ffentlichung Position drei.<sup about=\"#mwt94\" class=\"mw-ref reference\" id=\"rdp-we-cite_ref-M\u00e4rtyrer-D_35-0\" rel=\"dc:references\" typeof=\"mw:Extension\/ref\" data-mw='{\"name\":\"ref\",\"attrs\":{\"name\":\"M\u00e4rtyrer-D\"},\"body\":{\"id\":\"mw-reference-text-cite_note-M\u00e4rtyrer-D-35\"}}'><a href=\"#cite_note-M\u00e4rtyrer-D-35\" id=\"rdp-we-mwAbg\"><span class=\"mw-reflink-text\" id=\"rdp-we-mwAbk\"><span class=\"cite-bracket\" id=\"rdp-we-mwAbo\">[<\/span>35<span class=\"cite-bracket\" id=\"rdp-we-mwAbs\">]<\/span><\/span><\/a><\/sup><sup about=\"#mwt96\" class=\"mw-ref reference\" id=\"rdp-we-cite_ref-M\u00e4rtyrer-CH-A_36-0\" rel=\"dc:references\" typeof=\"mw:Extension\/ref\" data-mw='{\"name\":\"ref\",\"attrs\":{\"name\":\"M\u00e4rtyrer-CH-A\"},\"body\":{\"id\":\"mw-reference-text-cite_note-M\u00e4rtyrer-CH-A-36\"}}'><a href=\"#cite_note-M\u00e4rtyrer-CH-A-36\" id=\"rdp-we-mwAbw\"><span class=\"mw-reflink-text\" id=\"rdp-we-mwAb0\"><span class=\"cite-bracket\" id=\"rdp-we-mwAb4\">[<\/span>36<span class=\"cite-bracket\" id=\"rdp-we-mwAb8\">]<\/span><\/span><\/a><\/sup> Anfang 2015 absolvierte Savas unter dem Titel \u201eM\u00e4rtyrer-Tour\u201c eine Konzertreihe durch 22 St\u00e4dte.<sup about=\"#mwt98\" class=\"mw-ref reference\" id=\"rdp-we-cite_ref-37\" rel=\"dc:references\" typeof=\"mw:Extension\/ref\" data-mw='{\"name\":\"ref\",\"attrs\":{},\"body\":{\"id\":\"mw-reference-text-cite_note-37\"}}'><a href=\"#cite_note-37\" id=\"rdp-we-mwAcA\"><span class=\"mw-reflink-text\" id=\"rdp-we-mwAcE\"><span class=\"cite-bracket\" id=\"rdp-we-mwAcI\">[<\/span>37<span class=\"cite-bracket\" id=\"rdp-we-mwAcM\">]<\/span><\/span><\/a><\/sup> Im Rahmen dieser verkaufte der Rapper exklusiv das Mixtape <i id=\"rdp-we-mwAcQ\">Rap Genius<\/i>.<sup about=\"#mwt100\" class=\"mw-ref reference\" id=\"rdp-we-cite_ref-38\" rel=\"dc:references\" typeof=\"mw:Extension\/ref\" data-mw='{\"name\":\"ref\",\"attrs\":{},\"body\":{\"id\":\"mw-reference-text-cite_note-38\"}}'><a href=\"#cite_note-38\" id=\"rdp-we-mwAcU\"><span class=\"mw-reflink-text\" id=\"rdp-we-mwAcY\"><span class=\"cite-bracket\" id=\"rdp-we-mwAcc\">[<\/span>38<span class=\"cite-bracket\" id=\"rdp-we-mwAcg\">]<\/span><\/span><\/a><\/sup> Ende Juni erreichte <i id=\"rdp-we-mwAck\">M\u00e4rtyrer<\/i> durch den Verkauf von \u00fcber 100.000 Einheiten Gold-Status.<sup about=\"#mwt102\" class=\"mw-ref reference\" id=\"rdp-we-cite_ref-39\" rel=\"dc:references\" typeof=\"mw:Extension\/ref\" data-mw='{\"name\":\"ref\",\"attrs\":{},\"body\":{\"id\":\"mw-reference-text-cite_note-39\"}}'><a href=\"#cite_note-39\" id=\"rdp-we-mwAco\"><span class=\"mw-reflink-text\" id=\"rdp-we-mwAcs\"><span class=\"cite-bracket\" id=\"rdp-we-mwAcw\">[<\/span>39<span class=\"cite-bracket\" id=\"rdp-we-mwAc0\">]<\/span><\/span><\/a><\/sup> Im Dezember ging Savas gemeinsam mit Montez, Cr7z, The Grouch und Eligh erneut auf Tournee. Die acht Auftritte umfassende Reihe wurde unter dem Titel \u201eWarum rappst du? Tour 2\u201c absolviert.<sup about=\"#mwt105\" class=\"mw-ref reference\" id=\"rdp-we-cite_ref-40\" rel=\"dc:references\" typeof=\"mw:Extension\/ref\" data-mw='{\"name\":\"ref\",\"attrs\":{},\"body\":{\"id\":\"mw-reference-text-cite_note-40\"}}'><a href=\"#cite_note-40\" id=\"rdp-we-mwAc4\"><span class=\"mw-reflink-text\" id=\"rdp-we-mwAc8\"><span class=\"cite-bracket\" id=\"rdp-we-mwAdA\">[<\/span>40<span class=\"cite-bracket\" id=\"rdp-we-mwAdE\">]<\/span><\/span><\/a><\/sup><sup about=\"#mwt107\" class=\"mw-ref reference\" id=\"rdp-we-cite_ref-41\" rel=\"dc:references\" typeof=\"mw:Extension\/ref\" data-mw='{\"name\":\"ref\",\"attrs\":{},\"body\":{\"id\":\"mw-reference-text-cite_note-41\"}}'><a href=\"#cite_note-41\" id=\"rdp-we-mwAdI\"><span class=\"mw-reflink-text\" id=\"rdp-we-mwAdM\"><span class=\"cite-bracket\" id=\"rdp-we-mwAdQ\">[<\/span>41<span class=\"cite-bracket\" id=\"rdp-we-mwAdU\">]<\/span><\/span><\/a><\/sup><\/p>\n\n<p id=\"rdp-we-mwAdY\">Im Fr\u00fchjahr 2016 trat Kool Savas im Rahmen des Abschiedskonzert von Taktloss einmalig wieder mit dem Rapper als Westberlin Maskulin auf.<sup about=\"#mwt109\" class=\"mw-ref reference\" id=\"rdp-we-cite_ref-42\" rel=\"dc:references\" typeof=\"mw:Extension\/ref\" data-mw='{\"name\":\"ref\",\"attrs\":{},\"body\":{\"id\":\"mw-reference-text-cite_note-42\"}}'><a href=\"#cite_note-42\" id=\"rdp-we-mwAdc\"><span class=\"mw-reflink-text\" id=\"rdp-we-mwAdg\"><span class=\"cite-bracket\" id=\"rdp-we-mwAdk\">[<\/span>42<span class=\"cite-bracket\" id=\"rdp-we-mwAdo\">]<\/span><\/span><\/a><\/sup> Auch mit Azad vers\u00f6hnte sich Savas nach mehrj\u00e4hriger Auszeit.<sup about=\"#mwt111\" class=\"mw-ref reference\" id=\"rdp-we-cite_ref-43\" rel=\"dc:references\" typeof=\"mw:Extension\/ref\" data-mw='{\"name\":\"ref\",\"attrs\":{},\"body\":{\"id\":\"mw-reference-text-cite_note-43\"}}'><a href=\"#cite_note-43\" id=\"rdp-we-mwAds\"><span class=\"mw-reflink-text\" id=\"rdp-we-mwAdw\"><span class=\"cite-bracket\" id=\"rdp-we-mwAd0\">[<\/span>43<span class=\"cite-bracket\" id=\"rdp-we-mwAd4\">]<\/span><\/span><\/a><\/sup> Mitte September pr\u00e4sentierte er mit <i id=\"rdp-we-mwAd8\">Auge<\/i> das erste Video seines Mixtapes <i id=\"rdp-we-mwAeA\"><a rel=\"mw:WikiLink\" href=\"https:\/\/de.wikipedia.org\/wiki\/Essahdamus\" title=\"Essahdamus\" id=\"rdp-we-mwAeE\" target=\"_new\" class=\"wiki-link\">Essahdamus<\/a><\/i>, das knapp einen Monat sp\u00e4ter erschien und Gastbeitr\u00e4gen von unter anderem <a rel=\"mw:WikiLink\" href=\"https:\/\/de.wikipedia.org\/wiki\/KC_Rebell\" title=\"KC Rebell\" id=\"rdp-we-mwAeI\" target=\"_new\" class=\"wiki-link\">KC Rebell<\/a>, PA Sports, <a rel=\"mw:WikiLink\" href=\"https:\/\/de.wikipedia.org\/wiki\/R.A._the_Rugged_Man\" title=\"R.A. the Rugged Man\" class=\"mw-redirect wiki-link\" id=\"rdp-we-mwAeM\" target=\"_new\">R.A. the Rugged Man<\/a>, Samy Deluxe, <a rel=\"mw:WikiLink\" href=\"https:\/\/de.wikipedia.org\/wiki\/Milonair\" title=\"Milonair\" id=\"rdp-we-mwAeQ\" target=\"_new\" class=\"wiki-link\">Milonair<\/a> und <a rel=\"mw:WikiLink\" href=\"https:\/\/de.wikipedia.org\/wiki\/Gentleman_(Musiker)\" title=\"Gentleman (Musiker)\" id=\"rdp-we-mwAeU\" target=\"_new\" class=\"wiki-link\">Gentleman<\/a> enth\u00e4lt.<sup about=\"#mwt113\" class=\"mw-ref reference\" id=\"rdp-we-cite_ref-44\" rel=\"dc:references\" typeof=\"mw:Extension\/ref\" data-mw='{\"name\":\"ref\",\"attrs\":{},\"body\":{\"id\":\"mw-reference-text-cite_note-44\"}}'><a href=\"#cite_note-44\" id=\"rdp-we-mwAeY\"><span class=\"mw-reflink-text\" id=\"rdp-we-mwAec\"><span class=\"cite-bracket\" id=\"rdp-we-mwAeg\">[<\/span>44<span class=\"cite-bracket\" id=\"rdp-we-mwAek\">]<\/span><\/span><\/a><\/sup><sup about=\"#mwt115\" class=\"mw-ref reference\" id=\"rdp-we-cite_ref-45\" rel=\"dc:references\" typeof=\"mw:Extension\/ref\" data-mw='{\"name\":\"ref\",\"attrs\":{},\"body\":{\"id\":\"mw-reference-text-cite_note-45\"}}'><a href=\"#cite_note-45\" id=\"rdp-we-mwAeo\"><span class=\"mw-reflink-text\" id=\"rdp-we-mwAes\"><span class=\"cite-bracket\" id=\"rdp-we-mwAew\">[<\/span>45<span class=\"cite-bracket\" id=\"rdp-we-mwAe0\">]<\/span><\/span><\/a><\/sup><sup about=\"#mwt117\" class=\"mw-ref reference\" id=\"rdp-we-cite_ref-46\" rel=\"dc:references\" typeof=\"mw:Extension\/ref\" data-mw='{\"name\":\"ref\",\"attrs\":{},\"body\":{\"id\":\"mw-reference-text-cite_note-46\"}}'><a href=\"#cite_note-46\" id=\"rdp-we-mwAe4\"><span class=\"mw-reflink-text\" id=\"rdp-we-mwAe8\"><span class=\"cite-bracket\" id=\"rdp-we-mwAfA\">[<\/span>46<span class=\"cite-bracket\" id=\"rdp-we-mwAfE\">]<\/span><\/span><\/a><\/sup> F\u00fcr den Song <i id=\"rdp-we-mwAfI\">Triumph<\/i> kollaborierte Savas mit Azad, Adesse und erstmals auch mit Sido.<sup about=\"#mwt119\" class=\"mw-ref reference\" id=\"rdp-we-cite_ref-47\" rel=\"dc:references\" typeof=\"mw:Extension\/ref\" data-mw='{\"name\":\"ref\",\"attrs\":{},\"body\":{\"id\":\"mw-reference-text-cite_note-47\"}}'><a href=\"#cite_note-47\" id=\"rdp-we-mwAfM\"><span class=\"mw-reflink-text\" id=\"rdp-we-mwAfQ\"><span class=\"cite-bracket\" id=\"rdp-we-mwAfU\">[<\/span>47<span class=\"cite-bracket\" id=\"rdp-we-mwAfY\">]<\/span><\/span><\/a><\/sup><sup about=\"#mwt121\" class=\"mw-ref reference\" id=\"rdp-we-cite_ref-48\" rel=\"dc:references\" typeof=\"mw:Extension\/ref\" data-mw='{\"name\":\"ref\",\"attrs\":{},\"body\":{\"id\":\"mw-reference-text-cite_note-48\"}}'><a href=\"#cite_note-48\" id=\"rdp-we-mwAfc\"><span class=\"mw-reflink-text\" id=\"rdp-we-mwAfg\"><span class=\"cite-bracket\" id=\"rdp-we-mwAfk\">[<\/span>48<span class=\"cite-bracket\" id=\"rdp-we-mwAfo\">]<\/span><\/span><\/a><\/sup> <i id=\"rdp-we-mwAfs\">Essahdamus<\/i> erreichte in Deutschland, \u00d6sterreich und der Schweiz Platz drei der Charts, und ist damit das bisher kommerziell erfolgreichste Mixtape von Kool Savas.<sup about=\"#mwt123\" class=\"mw-ref reference\" id=\"rdp-we-cite_ref-49\" rel=\"dc:references\" typeof=\"mw:Extension\/ref\" data-mw='{\"name\":\"ref\",\"attrs\":{},\"body\":{\"id\":\"mw-reference-text-cite_note-49\"}}'><a href=\"#cite_note-49\" id=\"rdp-we-mwAfw\"><span class=\"mw-reflink-text\" id=\"rdp-we-mwAf0\"><span class=\"cite-bracket\" id=\"rdp-we-mwAf4\">[<\/span>49<span class=\"cite-bracket\" id=\"rdp-we-mwAf8\">]<\/span><\/span><\/a><\/sup><sup about=\"#mwt125\" class=\"mw-ref reference\" id=\"rdp-we-cite_ref-50\" rel=\"dc:references\" typeof=\"mw:Extension\/ref\" data-mw='{\"name\":\"ref\",\"attrs\":{},\"body\":{\"id\":\"mw-reference-text-cite_note-50\"}}'><a href=\"#cite_note-50\" id=\"rdp-we-mwAgA\"><span class=\"mw-reflink-text\" id=\"rdp-we-mwAgE\"><span class=\"cite-bracket\" id=\"rdp-we-mwAgI\">[<\/span>50<span class=\"cite-bracket\" id=\"rdp-we-mwAgM\">]<\/span><\/span><\/a><\/sup> Savas stellte das Mixtape anschlie\u00dfend im Rahmen der \u201eEssahdamus-Tour\u201c bei Konzerten in 30 St\u00e4dten in Deutschland, \u00d6sterreich und der Schweiz vor.<sup about=\"#mwt127\" class=\"mw-ref reference\" id=\"rdp-we-cite_ref-51\" rel=\"dc:references\" typeof=\"mw:Extension\/ref\" data-mw='{\"name\":\"ref\",\"attrs\":{},\"body\":{\"id\":\"mw-reference-text-cite_note-51\"}}'><a href=\"#cite_note-51\" id=\"rdp-we-mwAgQ\"><span class=\"mw-reflink-text\" id=\"rdp-we-mwAgU\"><span class=\"cite-bracket\" id=\"rdp-we-mwAgY\">[<\/span>51<span class=\"cite-bracket\" id=\"rdp-we-mwAgc\">]<\/span><\/span><\/a><\/sup> Lass Unltd., der f\u00fcnf Jahre die Auftritte des Rappers als Back-Up begleitet hatte, trat bei der Tournee erstmals nicht mehr neben Savas auf.<sup about=\"#mwt129\" class=\"mw-ref reference\" id=\"rdp-we-cite_ref-52\" rel=\"dc:references\" typeof=\"mw:Extension\/ref\" data-mw='{\"name\":\"ref\",\"attrs\":{},\"body\":{\"id\":\"mw-reference-text-cite_note-52\"}}'><a href=\"#cite_note-52\" id=\"rdp-we-mwAgg\"><span class=\"mw-reflink-text\" id=\"rdp-we-mwAgk\"><span class=\"cite-bracket\" id=\"rdp-we-mwAgo\">[<\/span>52<span class=\"cite-bracket\" id=\"rdp-we-mwAgs\">]<\/span><\/span><\/a><\/sup> An seiner Stelle \u00fcbernimmt seitdem der Berliner Rapper <a rel=\"mw:WikiLink\" href=\"https:\/\/de.wikipedia.org\/wiki\/Takt32\" title=\"Takt32\" id=\"rdp-we-mwAgw\" target=\"_new\" class=\"wiki-link\">Takt32<\/a>.<sup about=\"#mwt131\" class=\"mw-ref reference\" id=\"rdp-we-cite_ref-53\" rel=\"dc:references\" typeof=\"mw:Extension\/ref\" data-mw='{\"name\":\"ref\",\"attrs\":{},\"body\":{\"id\":\"mw-reference-text-cite_note-53\"}}'><a href=\"#cite_note-53\" id=\"rdp-we-mwAg0\"><span class=\"mw-reflink-text\" id=\"rdp-we-mwAg4\"><span class=\"cite-bracket\" id=\"rdp-we-mwAg8\">[<\/span>53<span class=\"cite-bracket\" id=\"rdp-we-mwAhA\">]<\/span><\/span><\/a><\/sup><\/p>\n\n<p id=\"rdp-we-mwAhE\">Auf die erste Zusammenarbeit folgte Ende 2016 der Song <i id=\"rdp-we-mwAhI\">Masafaka<\/i> auf Sidos <i id=\"rdp-we-mwAhM\"><a rel=\"mw:WikiLink\" href=\"https:\/\/de.wikipedia.org\/wiki\/Das_goldene_Album\" title=\"Das goldene Album\" id=\"rdp-we-mwAhQ\" target=\"_new\" class=\"wiki-link\">Das goldene Album<\/a><\/i>.<sup about=\"#mwt133\" class=\"mw-ref reference\" id=\"rdp-we-cite_ref-54\" rel=\"dc:references\" typeof=\"mw:Extension\/ref\" data-mw='{\"name\":\"ref\",\"attrs\":{},\"body\":{\"id\":\"mw-reference-text-cite_note-54\"}}'><a href=\"#cite_note-54\" id=\"rdp-we-mwAhU\"><span class=\"mw-reflink-text\" id=\"rdp-we-mwAhY\"><span class=\"cite-bracket\" id=\"rdp-we-mwAhc\">[<\/span>54<span class=\"cite-bracket\" id=\"rdp-we-mwAhg\">]<\/span><\/span><\/a><\/sup> Auch in der Abschlusssendung der <a rel=\"mw:WikiLink\" href=\"https:\/\/de.wikipedia.org\/wiki\/Late-Night-Show\" title=\"Late-Night-Show\" id=\"rdp-we-mwAhk\" target=\"_new\" class=\"wiki-link\">Late-Night-Show<\/a> <i id=\"rdp-we-mwAho\"><a rel=\"mw:WikiLink\" href=\"https:\/\/de.wikipedia.org\/wiki\/Circus_HalliGalli\" title=\"Circus HalliGalli\" id=\"rdp-we-mwAhs\" target=\"_new\" class=\"wiki-link\">Circus HalliGalli<\/a><\/i> traten die beiden Berliner neben <a rel=\"mw:WikiLink\" href=\"https:\/\/de.wikipedia.org\/wiki\/Marteria\" title=\"Marteria\" id=\"rdp-we-mwAhw\" target=\"_new\" class=\"wiki-link\">Marteria<\/a>, <a rel=\"mw:WikiLink\" href=\"https:\/\/de.wikipedia.org\/wiki\/Jan_Delay\" title=\"Jan Delay\" id=\"rdp-we-mwAh0\" target=\"_new\" class=\"wiki-link\">Jan Delay<\/a>, <a rel=\"mw:WikiLink\" href=\"https:\/\/de.wikipedia.org\/wiki\/Dennis_Lisk\" title=\"Dennis Lisk\" id=\"rdp-we-mwAh4\" target=\"_new\" class=\"wiki-link\">Denyo<\/a>, <a rel=\"mw:WikiLink\" href=\"https:\/\/de.wikipedia.org\/wiki\/Clueso\" title=\"Clueso\" id=\"rdp-we-mwAh8\" target=\"_new\" class=\"wiki-link\">Clueso<\/a> und <a rel=\"mw:WikiLink\" href=\"https:\/\/de.wikipedia.org\/wiki\/Cro_(Rapper)\" title=\"Cro (Rapper)\" id=\"rdp-we-mwAiA\" target=\"_new\" class=\"wiki-link\">Cro<\/a> gemeinsam auf. Im Sommer gaben Savas und Sido schlie\u00dflich bekannt, ein gemeinsames Album zu ver\u00f6ffentlichen.<sup about=\"#mwt135\" class=\"mw-ref reference\" id=\"rdp-we-cite_ref-55\" rel=\"dc:references\" typeof=\"mw:Extension\/ref\" data-mw='{\"name\":\"ref\",\"attrs\":{},\"body\":{\"id\":\"mw-reference-text-cite_note-55\"}}'><a href=\"#cite_note-55\" id=\"rdp-we-mwAiE\"><span class=\"mw-reflink-text\" id=\"rdp-we-mwAiI\"><span class=\"cite-bracket\" id=\"rdp-we-mwAiM\">[<\/span>55<span class=\"cite-bracket\" id=\"rdp-we-mwAiQ\">]<\/span><\/span><\/a><\/sup> Nach den Videoauskopplungen <i id=\"rdp-we-mwAiU\">Royal Bunker<\/i> und <i id=\"rdp-we-mwAiY\">Normale Leute<\/i> erschien das Kollaboalbum <i id=\"rdp-we-mwAic\"><a rel=\"mw:WikiLink\" href=\"https:\/\/de.wikipedia.org\/wiki\/Royal_Bunker_(Album)\" title=\"Royal Bunker (Album)\" id=\"rdp-we-mwAig\" target=\"_new\" class=\"wiki-link\">Royal Bunker<\/a><\/i> am 29. September 2017.<sup about=\"#mwt137\" class=\"mw-ref reference\" id=\"rdp-we-cite_ref-56\" rel=\"dc:references\" typeof=\"mw:Extension\/ref\" data-mw='{\"name\":\"ref\",\"attrs\":{},\"body\":{\"id\":\"mw-reference-text-cite_note-56\"}}'><a href=\"#cite_note-56\" id=\"rdp-we-mwAik\"><span class=\"mw-reflink-text\" id=\"rdp-we-mwAio\"><span class=\"cite-bracket\" id=\"rdp-we-mwAis\">[<\/span>56<span class=\"cite-bracket\" id=\"rdp-we-mwAiw\">]<\/span><\/span><\/a><\/sup><sup about=\"#mwt139\" class=\"mw-ref reference\" id=\"rdp-we-cite_ref-57\" rel=\"dc:references\" typeof=\"mw:Extension\/ref\" data-mw='{\"name\":\"ref\",\"attrs\":{},\"body\":{\"id\":\"mw-reference-text-cite_note-57\"}}'><a href=\"#cite_note-57\" id=\"rdp-we-mwAi0\"><span class=\"mw-reflink-text\" id=\"rdp-we-mwAi4\"><span class=\"cite-bracket\" id=\"rdp-we-mwAi8\">[<\/span>57<span class=\"cite-bracket\" id=\"rdp-we-mwAjA\">]<\/span><\/span><\/a><\/sup><sup about=\"#mwt141\" class=\"mw-ref reference\" id=\"rdp-we-cite_ref-58\" rel=\"dc:references\" typeof=\"mw:Extension\/ref\" data-mw='{\"name\":\"ref\",\"attrs\":{},\"body\":{\"id\":\"mw-reference-text-cite_note-58\"}}'><a href=\"#cite_note-58\" id=\"rdp-we-mwAjE\"><span class=\"mw-reflink-text\" id=\"rdp-we-mwAjI\"><span class=\"cite-bracket\" id=\"rdp-we-mwAjM\">[<\/span>58<span class=\"cite-bracket\" id=\"rdp-we-mwAjQ\">]<\/span><\/span><\/a><\/sup> Der Titel greift den Namen des ehemaligen <a rel=\"mw:WikiLink\" href=\"https:\/\/de.wikipedia.org\/wiki\/Royal_Bunker\" title=\"Royal Bunker\" id=\"rdp-we-mwAjU\" target=\"_new\" class=\"wiki-link\">Berliner Labels<\/a> und der gleichnamigen Kellerkneipe in <a rel=\"mw:WikiLink\" href=\"https:\/\/de.wikipedia.org\/wiki\/Berlin-Kreuzberg\" title=\"Berlin-Kreuzberg\" id=\"rdp-we-mwAjY\" target=\"_new\" class=\"wiki-link\">Berlin-Kreuzberg<\/a> auf. <i id=\"rdp-we-mwAjc\">Royal Bunker<\/i> erreichte <a rel=\"mw:WikiLink\" href=\"https:\/\/de.wikipedia.org\/wiki\/Liste_der_Nummer-eins-Hits_in_Deutschland_(2017)\" title=\"Liste der Nummer-eins-Hits in Deutschland (2017)\" id=\"rdp-we-mwAjg\" target=\"_new\" class=\"wiki-link\">Platz 1<\/a> in Deutschland, <a rel=\"mw:WikiLink\" href=\"https:\/\/de.wikipedia.org\/wiki\/Liste_der_Nummer-eins-Hits_in_\u00d6sterreich_(2017)\" title=\"Liste der Nummer-eins-Hits in \u00d6sterreich (2017)\" id=\"rdp-we-mwAjk\" target=\"_new\" class=\"wiki-link\">Platz 1<\/a> in \u00d6sterreich und Platz zwei in der Schweiz.<sup about=\"#mwt143\" class=\"mw-ref reference\" id=\"rdp-we-cite_ref-59\" rel=\"dc:references\" typeof=\"mw:Extension\/ref\" data-mw='{\"name\":\"ref\",\"attrs\":{},\"body\":{\"id\":\"mw-reference-text-cite_note-59\"}}'><a href=\"#cite_note-59\" id=\"rdp-we-mwAjo\"><span class=\"mw-reflink-text\" id=\"rdp-we-mwAjs\"><span class=\"cite-bracket\" id=\"rdp-we-mwAjw\">[<\/span>59<span class=\"cite-bracket\" id=\"rdp-we-mwAj0\">]<\/span><\/span><\/a><\/sup> Im Anschluss an die Albumver\u00f6ffentlichung folgten mit <i id=\"rdp-we-mwAj4\">Neue Welt<\/i>, <i id=\"rdp-we-mwAj8\">Jedes Wort ist Gold wert<\/i> und <i id=\"rdp-we-mwAkA\">Haie<\/i> drei weitere Videos.<sup about=\"#mwt145\" class=\"mw-ref reference\" id=\"rdp-we-cite_ref-60\" rel=\"dc:references\" typeof=\"mw:Extension\/ref\" data-mw='{\"name\":\"ref\",\"attrs\":{},\"body\":{\"id\":\"mw-reference-text-cite_note-60\"}}'><a href=\"#cite_note-60\" id=\"rdp-we-mwAkE\"><span class=\"mw-reflink-text\" id=\"rdp-we-mwAkI\"><span class=\"cite-bracket\" id=\"rdp-we-mwAkM\">[<\/span>60<span class=\"cite-bracket\" id=\"rdp-we-mwAkQ\">]<\/span><\/span><\/a><\/sup><sup about=\"#mwt147\" class=\"mw-ref reference\" id=\"rdp-we-cite_ref-61\" rel=\"dc:references\" typeof=\"mw:Extension\/ref\" data-mw='{\"name\":\"ref\",\"attrs\":{},\"body\":{\"id\":\"mw-reference-text-cite_note-61\"}}'><a href=\"#cite_note-61\" id=\"rdp-we-mwAkU\"><span class=\"mw-reflink-text\" id=\"rdp-we-mwAkY\"><span class=\"cite-bracket\" id=\"rdp-we-mwAkc\">[<\/span>61<span class=\"cite-bracket\" id=\"rdp-we-mwAkg\">]<\/span><\/span><\/a><\/sup> Im Januar 2018 absolvierten sie eine siebenteilige \u201eRoyal Bunker Tour\u201c, auf der sie exklusiv das gemeinsame Tour-Mixtape <i id=\"rdp-we-mwAkk\">Wasch den Thron<\/i> verkauften.<sup about=\"#mwt149\" class=\"mw-ref reference\" id=\"rdp-we-cite_ref-62\" rel=\"dc:references\" typeof=\"mw:Extension\/ref\" data-mw='{\"name\":\"ref\",\"attrs\":{},\"body\":{\"id\":\"mw-reference-text-cite_note-62\"}}'><a href=\"#cite_note-62\" id=\"rdp-we-mwAko\"><span class=\"mw-reflink-text\" id=\"rdp-we-mwAks\"><span class=\"cite-bracket\" id=\"rdp-we-mwAkw\">[<\/span>62<span class=\"cite-bracket\" id=\"rdp-we-mwAk0\">]<\/span><\/span><\/a><\/sup> Zu dem mit <a rel=\"mw:WikiLink\" href=\"https:\/\/de.wikipedia.org\/wiki\/Frauenarzt_(Rapper)\" title=\"Frauenarzt (Rapper)\" id=\"rdp-we-mwAk4\" target=\"_new\" class=\"wiki-link\">Frauenarzt<\/a>, <a rel=\"mw:WikiLink\" href=\"https:\/\/de.wikipedia.org\/wiki\/Manny_Marc\" title=\"Manny Marc\" id=\"rdp-we-mwAk8\" target=\"_new\" class=\"wiki-link\">Manny Marc<\/a>, Basti DNP, Yassin, Felix Krull und <a rel=\"mw:WikiLink\" href=\"https:\/\/de.wikipedia.org\/wiki\/Sera_Finale\" title=\"Sera Finale\" id=\"rdp-we-mwAlA\" target=\"_new\" class=\"wiki-link\">Sera Finale<\/a> aufgenommenen Lied <i id=\"rdp-we-mwAlE\">Hodln<\/i> erschien ein Musikvideo.<sup about=\"#mwt151\" class=\"mw-ref reference\" id=\"rdp-we-cite_ref-63\" rel=\"dc:references\" typeof=\"mw:Extension\/ref\" data-mw='{\"name\":\"ref\",\"attrs\":{},\"body\":{\"id\":\"mw-reference-text-cite_note-63\"}}'><a href=\"#cite_note-63\" id=\"rdp-we-mwAlI\"><span class=\"mw-reflink-text\" id=\"rdp-we-mwAlM\"><span class=\"cite-bracket\" id=\"rdp-we-mwAlQ\">[<\/span>63<span class=\"cite-bracket\" id=\"rdp-we-mwAlU\">]<\/span><\/span><\/a><\/sup> Die Tournee wurde im Sommer mit neun Terminen fortgesetzt.<sup about=\"#mwt154\" class=\"mw-ref reference\" id=\"rdp-we-cite_ref-64\" rel=\"dc:references\" typeof=\"mw:Extension\/ref\" data-mw='{\"name\":\"ref\",\"attrs\":{},\"body\":{\"id\":\"mw-reference-text-cite_note-64\"}}'><a href=\"#cite_note-64\" id=\"rdp-we-mwAlY\"><span class=\"mw-reflink-text\" id=\"rdp-we-mwAlc\"><span class=\"cite-bracket\" id=\"rdp-we-mwAlg\">[<\/span>64<span class=\"cite-bracket\" id=\"rdp-we-mwAlk\">]<\/span><\/span><\/a><\/sup> F\u00fcr Sidos Best-of-Album <i id=\"rdp-we-mwAlo\"><a rel=\"mw:WikiLink\" href=\"https:\/\/de.wikipedia.org\/wiki\/Kronjuwelen_(Album)\" title=\"Kronjuwelen (Album)\" id=\"rdp-we-mwAls\" target=\"_new\" class=\"wiki-link\">Kronjuwelen<\/a><\/i> entstand mit Savas und <a rel=\"mw:WikiLink\" href=\"https:\/\/de.wikipedia.org\/wiki\/Haftbefehl_(Rapper)\" title=\"Haftbefehl (Rapper)\" id=\"rdp-we-mwAlw\" target=\"_new\" class=\"wiki-link\">Haftbefehl<\/a> der Song <i id=\"rdp-we-mwAl0\">4 Uhr nachts<\/i>.<sup about=\"#mwt156\" class=\"mw-ref reference\" id=\"rdp-we-cite_ref-65\" rel=\"dc:references\" typeof=\"mw:Extension\/ref\" data-mw='{\"name\":\"ref\",\"attrs\":{},\"body\":{\"id\":\"mw-reference-text-cite_note-65\"}}'><a href=\"#cite_note-65\" id=\"rdp-we-mwAl4\"><span class=\"mw-reflink-text\" id=\"rdp-we-mwAl8\"><span class=\"cite-bracket\" id=\"rdp-we-mwAmA\">[<\/span>65<span class=\"cite-bracket\" id=\"rdp-we-mwAmE\">]<\/span><\/span><\/a><\/sup><\/p>\n\n<\/section><section data-mw-section-id=\"6\" id=\"rdp-we-mwAmI\" aria-labelledby=\"J\u00fcngste_Projekte\"><div class=\"mw-heading mw-heading3\"><h3 id=\"rdp-we-J\u00fcngste_Projekte\"><span id=\"rdp-we-J.C3.BCngste_Projekte\" typeof=\"mw:FallbackId\"><\/span>J\u00fcngste Projekte<\/h3><\/div>\n<p id=\"rdp-we-mwAmM\">Nachdem Kool Savas im Fr\u00fchjahr 2018 die Single <i id=\"rdp-we-mwAmQ\">Is It Love?<\/i> mit <a rel=\"mw:WikiLink\" href=\"https:\/\/de.wikipedia.org\/wiki\/Rea_Garvey\" title=\"Rea Garvey\" id=\"rdp-we-mwAmU\" target=\"_new\" class=\"wiki-link\">Rea Garvey<\/a> ver\u00f6ffentlicht und bei <i id=\"rdp-we-mwAmY\"><a rel=\"mw:WikiLink\" href=\"https:\/\/de.wikipedia.org\/wiki\/Schlag_den_Henssler\" title=\"Schlag den Henssler\" id=\"rdp-we-mwAmc\" target=\"_new\" class=\"wiki-link\">Schlag den Henssler<\/a><\/i> pr\u00e4sentiert hatte, k\u00fcndigte er im Oktober sein f\u00fcnftes Studioalbum an.<sup about=\"#mwt158\" class=\"mw-ref reference\" id=\"rdp-we-cite_ref-66\" rel=\"dc:references\" typeof=\"mw:Extension\/ref\" data-mw='{\"name\":\"ref\",\"attrs\":{},\"body\":{\"id\":\"mw-reference-text-cite_note-66\"}}'><a href=\"#cite_note-66\" id=\"rdp-we-mwAmg\"><span class=\"mw-reflink-text\" id=\"rdp-we-mwAmk\"><span class=\"cite-bracket\" id=\"rdp-we-mwAmo\">[<\/span>66<span class=\"cite-bracket\" id=\"rdp-we-mwAms\">]<\/span><\/span><\/a><\/sup><sup about=\"#mwt160\" class=\"mw-ref reference\" id=\"rdp-we-cite_ref-67\" rel=\"dc:references\" typeof=\"mw:Extension\/ref\" data-mw='{\"name\":\"ref\",\"attrs\":{},\"body\":{\"id\":\"mw-reference-text-cite_note-67\"}}'><a href=\"#cite_note-67\" id=\"rdp-we-mwAmw\"><span class=\"mw-reflink-text\" id=\"rdp-we-mwAm0\"><span class=\"cite-bracket\" id=\"rdp-we-mwAm4\">[<\/span>67<span class=\"cite-bracket\" id=\"rdp-we-mwAm8\">]<\/span><\/span><\/a><\/sup><sup about=\"#mwt162\" class=\"mw-ref reference\" id=\"rdp-we-cite_ref-68\" rel=\"dc:references\" typeof=\"mw:Extension\/ref\" data-mw='{\"name\":\"ref\",\"attrs\":{},\"body\":{\"id\":\"mw-reference-text-cite_note-68\"}}'><a href=\"#cite_note-68\" id=\"rdp-we-mwAnA\"><span class=\"mw-reflink-text\" id=\"rdp-we-mwAnE\"><span class=\"cite-bracket\" id=\"rdp-we-mwAnI\">[<\/span>68<span class=\"cite-bracket\" id=\"rdp-we-mwAnM\">]<\/span><\/span><\/a><\/sup> Dieses produzierte er zu einem gro\u00dfen Teil mit <a rel=\"mw:WikiLink\" href=\"https:\/\/de.wikipedia.org\/wiki\/J._S._Kuster\" title=\"J. S. Kuster\" class=\"mw-redirect wiki-link\" id=\"rdp-we-mwAnQ\" target=\"_new\">J. S. Kuster<\/a> in Bamberg und Berlin.<sup about=\"#mwt164\" class=\"mw-ref reference\" id=\"rdp-we-cite_ref-69\" rel=\"dc:references\" typeof=\"mw:Extension\/ref\" data-mw='{\"name\":\"ref\",\"attrs\":{},\"body\":{\"id\":\"mw-reference-text-cite_note-69\"}}'><a href=\"#cite_note-69\" id=\"rdp-we-mwAnU\"><span class=\"mw-reflink-text\" id=\"rdp-we-mwAnY\"><span class=\"cite-bracket\" id=\"rdp-we-mwAnc\">[<\/span>69<span class=\"cite-bracket\" id=\"rdp-we-mwAng\">]<\/span><\/span><\/a><\/sup> Am 8. Februar erschien das Album unter dem Titel <i id=\"rdp-we-mwAnk\"><a rel=\"mw:WikiLink\" href=\"https:\/\/de.wikipedia.org\/wiki\/KKS_(Album)\" title=\"KKS (Album)\" id=\"rdp-we-mwAno\" target=\"_new\" class=\"wiki-link\">KKS<\/a><\/i> \u00fcber Essah Media.<sup about=\"#mwt166\" class=\"mw-ref reference\" id=\"rdp-we-cite_ref-70\" rel=\"dc:references\" typeof=\"mw:Extension\/ref\" data-mw='{\"name\":\"ref\",\"attrs\":{},\"body\":{\"id\":\"mw-reference-text-cite_note-70\"}}'><a href=\"#cite_note-70\" id=\"rdp-we-mwAns\"><span class=\"mw-reflink-text\" id=\"rdp-we-mwAnw\"><span class=\"cite-bracket\" id=\"rdp-we-mwAn0\">[<\/span>70<span class=\"cite-bracket\" id=\"rdp-we-mwAn4\">]<\/span><\/span><\/a><\/sup> In <a rel=\"mw:WikiLink\" href=\"https:\/\/de.wikipedia.org\/wiki\/Liste_der_Nummer-eins-Hits_in_Deutschland_(2019)\" title=\"Liste der Nummer-eins-Hits in Deutschland (2019)\" id=\"rdp-we-mwAn8\" target=\"_new\" class=\"wiki-link\">Deutschland<\/a> und der <a rel=\"mw:WikiLink\" href=\"https:\/\/de.wikipedia.org\/wiki\/Liste_der_Nummer-eins-Hits_in_der_Schweiz_(2019)\" title=\"Liste der Nummer-eins-Hits in der Schweiz (2019)\" id=\"rdp-we-mwAoA\" target=\"_new\" class=\"wiki-link\">Schweiz<\/a> stieg das Album auf Platz eins ein, in \u00d6sterreich auf Rang zwei.<sup about=\"#mwt168\" class=\"mw-ref reference\" id=\"rdp-we-cite_ref-71\" rel=\"dc:references\" typeof=\"mw:Extension\/ref\" data-mw='{\"name\":\"ref\",\"attrs\":{},\"body\":{\"id\":\"mw-reference-text-cite_note-71\"}}'><a href=\"#cite_note-71\" id=\"rdp-we-mwAoE\"><span class=\"mw-reflink-text\" id=\"rdp-we-mwAoI\"><span class=\"cite-bracket\" id=\"rdp-we-mwAoM\">[<\/span>71<span class=\"cite-bracket\" id=\"rdp-we-mwAoQ\">]<\/span><\/span><\/a><\/sup> Die Ver\u00f6ffentlichung wurde von den Videoauskopplungen <i id=\"rdp-we-mwAoU\">KKS<\/i>, <i id=\"rdp-we-mwAoY\">Deine Mutter<\/i>, in der unter anderem <a rel=\"mw:WikiLink\" href=\"https:\/\/de.wikipedia.org\/wiki\/Fler\" title=\"Fler\" id=\"rdp-we-mwAoc\" target=\"_new\" class=\"wiki-link\">Fler<\/a>, <a rel=\"mw:WikiLink\" href=\"https:\/\/de.wikipedia.org\/wiki\/Massiv_(Rapper)\" title=\"Massiv (Rapper)\" id=\"rdp-we-mwAog\" target=\"_new\" class=\"wiki-link\">Massiv<\/a>, <a rel=\"mw:WikiLink\" href=\"https:\/\/de.wikipedia.org\/wiki\/Audio88_&_Yassin\" title=\"Audio88 &amp; Yassin\" id=\"rdp-we-mwAok\" target=\"_new\" class=\"wiki-link\">Audio88 &amp; Yassin<\/a>, Curse und <a rel=\"mw:WikiLink\" href=\"https:\/\/de.wikipedia.org\/wiki\/Tua_(Rapper)\" title=\"Tua (Rapper)\" id=\"rdp-we-mwAoo\" target=\"_new\" class=\"wiki-link\">Tua<\/a> mitspielen, und <i id=\"rdp-we-mwAos\">Batman<\/i> begleitet.<sup about=\"#mwt170\" class=\"mw-ref reference\" id=\"rdp-we-cite_ref-72\" rel=\"dc:references\" typeof=\"mw:Extension\/ref\" data-mw='{\"name\":\"ref\",\"attrs\":{},\"body\":{\"id\":\"mw-reference-text-cite_note-72\"}}'><a href=\"#cite_note-72\" id=\"rdp-we-mwAow\"><span class=\"mw-reflink-text\" id=\"rdp-we-mwAo0\"><span class=\"cite-bracket\" id=\"rdp-we-mwAo4\">[<\/span>72<span class=\"cite-bracket\" id=\"rdp-we-mwAo8\">]<\/span><\/span><\/a><\/sup><sup about=\"#mwt172\" class=\"mw-ref reference\" id=\"rdp-we-cite_ref-73\" rel=\"dc:references\" typeof=\"mw:Extension\/ref\" data-mw='{\"name\":\"ref\",\"attrs\":{},\"body\":{\"id\":\"mw-reference-text-cite_note-73\"}}'><a href=\"#cite_note-73\" id=\"rdp-we-mwApA\"><span class=\"mw-reflink-text\" id=\"rdp-we-mwApE\"><span class=\"cite-bracket\" id=\"rdp-we-mwApI\">[<\/span>73<span class=\"cite-bracket\" id=\"rdp-we-mwApM\">]<\/span><\/span><\/a><\/sup><sup about=\"#mwt174\" class=\"mw-ref reference\" id=\"rdp-we-cite_ref-74\" rel=\"dc:references\" typeof=\"mw:Extension\/ref\" data-mw='{\"name\":\"ref\",\"attrs\":{},\"body\":{\"id\":\"mw-reference-text-cite_note-74\"}}'><a href=\"#cite_note-74\" id=\"rdp-we-mwApQ\"><span class=\"mw-reflink-text\" id=\"rdp-we-mwApU\"><span class=\"cite-bracket\" id=\"rdp-we-mwApY\">[<\/span>74<span class=\"cite-bracket\" id=\"rdp-we-mwApc\">]<\/span><\/span><\/a><\/sup> 2021 ver\u00f6ffentlichte er seine Autobiografie <i id=\"rdp-we-mwApg\">King of Rap<\/i>, <a rel=\"mw:WikiLink\" href=\"https:\/\/de.wikipedia.org\/wiki\/Ghostwriter\" title=\"Ghostwriter\" id=\"rdp-we-mwApk\" target=\"_new\" class=\"wiki-link\">Ghostwriter<\/a> war der Autor <a rel=\"mw:WikiLink\" href=\"https:\/\/de.wikipedia.org\/wiki\/Juri_Sternburg\" title=\"Juri Sternburg\" id=\"rdp-we-mwApo\" target=\"_new\" class=\"wiki-link\">Juri Sternburg<\/a>.<sup about=\"#mwt176\" class=\"mw-ref reference\" id=\"rdp-we-cite_ref-75\" rel=\"dc:references\" typeof=\"mw:Extension\/ref\" data-mw='{\"name\":\"ref\",\"attrs\":{},\"body\":{\"id\":\"mw-reference-text-cite_note-75\"}}'><a href=\"#cite_note-75\" id=\"rdp-we-mwAps\"><span class=\"mw-reflink-text\" id=\"rdp-we-mwApw\"><span class=\"cite-bracket\" id=\"rdp-we-mwAp0\">[<\/span>75<span class=\"cite-bracket\" id=\"rdp-we-mwAp4\">]<\/span><\/span><\/a><\/sup><\/p>\n\n<p id=\"rdp-we-mwAp8\">Im Juni 2023 wurde bekannt, dass Kool Savas einer der Coaches f\u00fcr die Casting-Show <i id=\"rdp-we-mwAqA\">The Voice Rap<\/i> sein wird. Das Format ist als Spin-Off der <i id=\"rdp-we-mwAqE\"><a rel=\"mw:WikiLink\" href=\"https:\/\/de.wikipedia.org\/wiki\/The_Voice_of_Germany\" title=\"The Voice of Germany\" id=\"rdp-we-mwAqI\" target=\"_new\" class=\"wiki-link\">The-Voice-of-Germany<\/a><\/i>-Serie angelegt und fand 2023 zum ersten Mal statt.<sup about=\"#mwt178\" class=\"mw-ref reference\" id=\"rdp-we-cite_ref-76\" rel=\"dc:references\" typeof=\"mw:Extension\/ref\" data-mw='{\"name\":\"ref\",\"attrs\":{},\"body\":{\"id\":\"mw-reference-text-cite_note-76\"}}'><a href=\"#cite_note-76\" id=\"rdp-we-mwAqM\"><span class=\"mw-reflink-text\" id=\"rdp-we-mwAqQ\"><span class=\"cite-bracket\" id=\"rdp-we-mwAqU\">[<\/span>76<span class=\"cite-bracket\" id=\"rdp-we-mwAqY\">]<\/span><\/span><\/a><\/sup><\/p>\n\n<\/section><\/section><section data-mw-section-id=\"7\" id=\"rdp-we-mwAqc\" aria-labelledby=\"Gesellschaftliches_Engagement\"><div class=\"mw-heading mw-heading2\"><h2 id=\"rdp-we-Gesellschaftliches_Engagement\">Gesellschaftliches Engagement<\/h2><\/div>\n<p id=\"rdp-we-mwAqg\">Sava\u015f Yurderi stammt aus einem politisch engagierten Elternhaus. So hing die Vergabe des t\u00fcrkischen Worts f\u00fcr \u201eKrieg\u201c (Sava\u015f) laut Aussage seines Vaters Fazli Yurderi mit \u201enationalen Befreiungsbewegungen\u201c und einem weltweit stattfindenden Kampf gegen Unterdr\u00fcckung in den 1970er Jahren zusammen. Da Yurderis Eltern ihn als Bestandteil ihrer eigenen Identit\u00e4t betrachten, bestand der Wunsch, auch einen Teil ihrer \u201eDenkweise in seinen Namen einflie\u00dfen zu lassen.\u201c<sup about=\"#mwt179\" class=\"mw-ref reference\" id=\"rdp-we-cite_ref-77\" rel=\"dc:references\" typeof=\"mw:Extension\/ref\" data-mw='{\"name\":\"ref\",\"attrs\":{},\"body\":{\"id\":\"mw-reference-text-cite_note-77\"}}'><a href=\"#cite_note-77\" id=\"rdp-we-mwAqk\"><span class=\"mw-reflink-text\" id=\"rdp-we-mwAqo\"><span class=\"cite-bracket\" id=\"rdp-we-mwAqs\">[<\/span>77<span class=\"cite-bracket\" id=\"rdp-we-mwAqw\">]<\/span><\/span><\/a><\/sup> Yurderi selber verzichtete in den ersten Jahren als Rapper jedoch bewusst auf Verarbeitung politischer und religi\u00f6ser Themen in seinen Texten, um <a rel=\"mw:WikiLink\" href=\"https:\/\/de.wikipedia.org\/wiki\/Affront\" title=\"Affront\" id=\"rdp-we-mwAq0\" target=\"_new\" class=\"wiki-link\">Affronts<\/a> zu vermeiden.<sup about=\"#mwt180\" class=\"mw-ref reference\" id=\"rdp-we-cite_ref-78\" rel=\"dc:references\" typeof=\"mw:Extension\/ref\" data-mw='{\"name\":\"ref\",\"attrs\":{},\"body\":{\"id\":\"mw-reference-text-cite_note-78\"}}'><a href=\"#cite_note-78\" id=\"rdp-we-mwAq4\"><span class=\"mw-reflink-text\" id=\"rdp-we-mwAq8\"><span class=\"cite-bracket\" id=\"rdp-we-mwArA\">[<\/span>78<span class=\"cite-bracket\" id=\"rdp-we-mwArE\">]<\/span><\/span><\/a><\/sup> Dagegen war er au\u00dferhalb des Hip-Hops bereits als Jugendlicher bei Protesten gegen Neonazis oder Abschiebungen aktiv.<sup about=\"#mwt181\" class=\"mw-ref reference\" id=\"rdp-we-cite_ref-Laut.de_4-8\" rel=\"dc:references\" typeof=\"mw:Extension\/ref\" data-mw='{\"name\":\"ref\",\"attrs\":{\"name\":\"Laut.de\"}}'><a href=\"#cite_note-Laut.de-4\" id=\"rdp-we-mwArI\"><span class=\"mw-reflink-text\" id=\"rdp-we-mwArM\"><span class=\"cite-bracket\" id=\"rdp-we-mwArQ\">[<\/span>4<span class=\"cite-bracket\" id=\"rdp-we-mwArU\">]<\/span><\/span><\/a><\/sup> Mit der Ver\u00f6ffentlichung des Albums <i id=\"rdp-we-mwArY\">Der beste Tag meines Lebens<\/i> begann Savas auch vereinzelt sozialkritische Aspekte in seine Musik einflie\u00dfen zu lassen.<sup about=\"#mwt184\" class=\"mw-ref reference\" id=\"rdp-we-cite_ref-Allesreal_79-0\" rel=\"dc:references\" typeof=\"mw:Extension\/ref\" data-mw='{\"name\":\"ref\",\"attrs\":{\"name\":\"Allesreal\"},\"body\":{\"id\":\"mw-reference-text-cite_note-Allesreal-79\"}}'><a href=\"#cite_note-Allesreal-79\" id=\"rdp-we-mwArc\"><span class=\"mw-reflink-text\" id=\"rdp-we-mwArg\"><span class=\"cite-bracket\" id=\"rdp-we-mwArk\">[<\/span>79<span class=\"cite-bracket\" id=\"rdp-we-mwAro\">]<\/span><\/span><\/a><\/sup><\/p>\n\n<p id=\"rdp-we-mwArs\">Seit 2005 engagiert sich Yurderi in unterschiedlichen Projekten. Dabei ist vor allem die Ablehnung der <a rel=\"mw:WikiLink\" href=\"https:\/\/de.wikipedia.org\/wiki\/Intensivtierhaltung\" title=\"Intensivtierhaltung\" class=\"mw-redirect wiki-link\" id=\"rdp-we-mwArw\" target=\"_new\">Intensivtierhaltung<\/a> ein zentrales Thema, das er durch die Unterst\u00fctzung der <a rel=\"mw:WikiLink\" href=\"https:\/\/de.wikipedia.org\/wiki\/Tierrechte\" title=\"Tierrechte\" id=\"rdp-we-mwAr0\" target=\"_new\" class=\"wiki-link\">Tierrechtsorganisation<\/a> <a rel=\"mw:WikiLink\" href=\"https:\/\/de.wikipedia.org\/wiki\/PETA\" title=\"PETA\" id=\"rdp-we-mwAr4\" target=\"_new\" class=\"wiki-link\">PETA<\/a> \u00f6ffentlich vertritt.<sup about=\"#mwt186\" class=\"mw-ref reference\" id=\"rdp-we-cite_ref-80\" rel=\"dc:references\" typeof=\"mw:Extension\/ref\" data-mw='{\"name\":\"ref\",\"attrs\":{},\"body\":{\"id\":\"mw-reference-text-cite_note-80\"}}'><a href=\"#cite_note-80\" id=\"rdp-we-mwAr8\"><span class=\"mw-reflink-text\" id=\"rdp-we-mwAsA\"><span class=\"cite-bracket\" id=\"rdp-we-mwAsE\">[<\/span>80<span class=\"cite-bracket\" id=\"rdp-we-mwAsI\">]<\/span><\/span><\/a><\/sup> Damit einhergehend propagiert er die Ern\u00e4hrungsweise des Vegetarismus, die er seit seinem 18. Lebensjahr befolgt.<sup about=\"#mwt189\" class=\"mw-ref reference\" id=\"rdp-we-cite_ref-81\" rel=\"dc:references\" typeof=\"mw:Extension\/ref\" data-mw='{\"name\":\"ref\",\"attrs\":{},\"body\":{\"id\":\"mw-reference-text-cite_note-81\"}}'><a href=\"#cite_note-81\" id=\"rdp-we-mwAsM\"><span class=\"mw-reflink-text\" id=\"rdp-we-mwAsQ\"><span class=\"cite-bracket\" id=\"rdp-we-mwAsU\">[<\/span>81<span class=\"cite-bracket\" id=\"rdp-we-mwAsY\">]<\/span><\/span><\/a><\/sup> Ebenfalls 2005 war Yurderi in die umstrittene <a rel=\"mw:WikiLink\" href=\"https:\/\/de.wikipedia.org\/wiki\/Kampagne\" title=\"Kampagne\" id=\"rdp-we-mwAsc\" target=\"_new\" class=\"wiki-link\">Kampagne<\/a> <i id=\"rdp-we-mwAsg\"><a rel=\"mw:WikiLink\" href=\"https:\/\/de.wikipedia.org\/wiki\/Du_bist_Deutschland\" title=\"Du bist Deutschland\" id=\"rdp-we-mwAsk\" target=\"_new\" class=\"wiki-link\">Du bist Deutschland<\/a><\/i> involviert, die ein neues deutsches Nationalgef\u00fchl thematisierte.<sup about=\"#mwt191\" class=\"mw-ref reference\" id=\"rdp-we-cite_ref-82\" rel=\"dc:references\" typeof=\"mw:Extension\/ref\" data-mw='{\"name\":\"ref\",\"attrs\":{},\"body\":{\"id\":\"mw-reference-text-cite_note-82\"}}'><a href=\"#cite_note-82\" id=\"rdp-we-mwAso\"><span class=\"mw-reflink-text\" id=\"rdp-we-mwAss\"><span class=\"cite-bracket\" id=\"rdp-we-mwAsw\">[<\/span>82<span class=\"cite-bracket\" id=\"rdp-we-mwAs0\">]<\/span><\/span><\/a><\/sup> Des Weiteren spricht er sich gegen <a rel=\"mw:WikiLink\" href=\"https:\/\/de.wikipedia.org\/wiki\/Cannabis_als_Rauschmittel\" title=\"Cannabis als Rauschmittel\" id=\"rdp-we-mwAs4\" target=\"_new\" class=\"wiki-link\">Cannabis als Rauschmittel<\/a> aus. Dazu beteiligte er sich an <i id=\"rdp-we-mwAs8\">CanNObis<\/i>, einer Kampagne zur Drogenpr\u00e4vention, und sprach sich in Interviews f\u00fcr generelle <a rel=\"mw:WikiLink\" href=\"https:\/\/de.wikipedia.org\/wiki\/Prohibition\" title=\"Prohibition\" id=\"rdp-we-mwAtA\" target=\"_new\" class=\"wiki-link\">Drogenverbote<\/a> aus.<sup about=\"#mwt193\" class=\"mw-ref reference\" id=\"rdp-we-cite_ref-83\" rel=\"dc:references\" typeof=\"mw:Extension\/ref\" data-mw='{\"name\":\"ref\",\"attrs\":{},\"body\":{\"id\":\"mw-reference-text-cite_note-83\"}}'><a href=\"#cite_note-83\" id=\"rdp-we-mwAtE\"><span class=\"mw-reflink-text\" id=\"rdp-we-mwAtI\"><span class=\"cite-bracket\" id=\"rdp-we-mwAtM\">[<\/span>83<span class=\"cite-bracket\" id=\"rdp-we-mwAtQ\">]<\/span><\/span><\/a><\/sup><sup about=\"#mwt196\" class=\"mw-ref reference\" id=\"rdp-we-cite_ref-84\" rel=\"dc:references\" typeof=\"mw:Extension\/ref\" data-mw='{\"name\":\"ref\",\"attrs\":{},\"body\":{\"id\":\"mw-reference-text-cite_note-84\"}}'><a href=\"#cite_note-84\" id=\"rdp-we-mwAtU\"><span class=\"mw-reflink-text\" id=\"rdp-we-mwAtY\"><span class=\"cite-bracket\" id=\"rdp-we-mwAtc\">[<\/span>84<span class=\"cite-bracket\" id=\"rdp-we-mwAtg\">]<\/span><\/span><\/a><\/sup><\/p>\n\n<p id=\"rdp-we-mwAtk\">Yurderi beteiligte sich zudem bereits mehrfach an dem Projekt <i id=\"rdp-we-mwAto\">Mein Kiez, meine Idee<\/i>, bei dem er mit Jugendlichen die Themen <a rel=\"mw:WikiLink\" href=\"https:\/\/de.wikipedia.org\/wiki\/Mobbing\" title=\"Mobbing\" id=\"rdp-we-mwAts\" target=\"_new\" class=\"wiki-link\">Mobbing<\/a> und <a rel=\"mw:WikiLink\" href=\"https:\/\/de.wikipedia.org\/wiki\/Rassismus\" title=\"Rassismus\" id=\"rdp-we-mwAtw\" target=\"_new\" class=\"wiki-link\">Rassismus<\/a> behandelt sowie <a rel=\"mw:WikiLink\" href=\"https:\/\/de.wikipedia.org\/wiki\/Kreativit\u00e4t\" title=\"Kreativit\u00e4t\" id=\"rdp-we-mwAt0\" target=\"_new\" class=\"wiki-link\">Kreativit\u00e4t<\/a> f\u00f6rdert. Aus einer dieser Aktionen ging das Musikvideo <i id=\"rdp-we-mwAt4\">Sky is the Limit<\/i> hervor.<sup about=\"#mwt199\" class=\"mw-ref reference\" id=\"rdp-we-cite_ref-85\" rel=\"dc:references\" typeof=\"mw:Extension\/ref\" data-mw='{\"name\":\"ref\",\"attrs\":{},\"body\":{\"id\":\"mw-reference-text-cite_note-85\"}}'><a href=\"#cite_note-85\" id=\"rdp-we-mwAt8\"><span class=\"mw-reflink-text\" id=\"rdp-we-mwAuA\"><span class=\"cite-bracket\" id=\"rdp-we-mwAuE\">[<\/span>85<span class=\"cite-bracket\" id=\"rdp-we-mwAuI\">]<\/span><\/span><\/a><\/sup> Des Weiteren unterst\u00fctzt er die Wasserinitiative <i id=\"rdp-we-mwAuM\">Viva con Agua<\/i> sowie den Verein <i id=\"rdp-we-mwAuQ\">Visions for Children<\/i>.<sup about=\"#mwt202\" class=\"mw-ref reference\" id=\"rdp-we-cite_ref-86\" rel=\"dc:references\" typeof=\"mw:Extension\/ref\" data-mw='{\"name\":\"ref\",\"attrs\":{},\"body\":{\"id\":\"mw-reference-text-cite_note-86\"}}'><a href=\"#cite_note-86\" id=\"rdp-we-mwAuU\"><span class=\"mw-reflink-text\" id=\"rdp-we-mwAuY\"><span class=\"cite-bracket\" id=\"rdp-we-mwAuc\">[<\/span>86<span class=\"cite-bracket\" id=\"rdp-we-mwAug\">]<\/span><\/span><\/a><\/sup><sup about=\"#mwt205\" class=\"mw-ref reference\" id=\"rdp-we-cite_ref-87\" rel=\"dc:references\" typeof=\"mw:Extension\/ref\" data-mw='{\"name\":\"ref\",\"attrs\":{},\"body\":{\"id\":\"mw-reference-text-cite_note-87\"}}'><a href=\"#cite_note-87\" id=\"rdp-we-mwAuk\"><span class=\"mw-reflink-text\" id=\"rdp-we-mwAuo\"><span class=\"cite-bracket\" id=\"rdp-we-mwAus\">[<\/span>87<span class=\"cite-bracket\" id=\"rdp-we-mwAuw\">]<\/span><\/span><\/a><\/sup> In Zusammenarbeit mit Hiphop.de versteigerte Savas 2014 verschiedene Kleidungsst\u00fccke und spendete das eingenommene Geld an den Verein <i id=\"rdp-we-mwAu0\">Sonnenblume e.<span typeof=\"mw:Entity\" id=\"rdp-we-mwAu4\">\u00a0<\/span>V.<\/i> in Bremerhaven.<sup about=\"#mwt207\" class=\"mw-ref reference\" id=\"rdp-we-cite_ref-88\" rel=\"dc:references\" typeof=\"mw:Extension\/ref\" data-mw='{\"name\":\"ref\",\"attrs\":{},\"body\":{\"id\":\"mw-reference-text-cite_note-88\"}}'><a href=\"#cite_note-88\" id=\"rdp-we-mwAu8\"><span class=\"mw-reflink-text\" id=\"rdp-we-mwAvA\"><span class=\"cite-bracket\" id=\"rdp-we-mwAvE\">[<\/span>88<span class=\"cite-bracket\" id=\"rdp-we-mwAvI\">]<\/span><\/span><\/a><\/sup> Ende 2015 pr\u00e4sentierten Savas und Essah Entertainment das Rap4Good-Festival, auf dem er zusammen mit K\u00fcnstlern wie Genetikk, Curse und KC Rebell zugunsten der Spenden-Kampagne \u201eUrban Culture\/DeluxeKidz eV\u201c auftrat.<sup about=\"#mwt209\" class=\"mw-ref reference\" id=\"rdp-we-cite_ref-89\" rel=\"dc:references\" typeof=\"mw:Extension\/ref\" data-mw='{\"name\":\"ref\",\"attrs\":{},\"body\":{\"id\":\"mw-reference-text-cite_note-89\"}}'><a href=\"#cite_note-89\" id=\"rdp-we-mwAvM\"><span class=\"mw-reflink-text\" id=\"rdp-we-mwAvQ\"><span class=\"cite-bracket\" id=\"rdp-we-mwAvU\">[<\/span>89<span class=\"cite-bracket\" id=\"rdp-we-mwAvY\">]<\/span><\/span><\/a><\/sup> Anfang 2017 wiederholte er unter anderem mit Azad, Samy Deluxe und Das Bo die Veranstaltung.<sup about=\"#mwt212\" class=\"mw-ref reference\" id=\"rdp-we-cite_ref-90\" rel=\"dc:references\" typeof=\"mw:Extension\/ref\" data-mw='{\"name\":\"ref\",\"attrs\":{},\"body\":{\"id\":\"mw-reference-text-cite_note-90\"}}'><a href=\"#cite_note-90\" id=\"rdp-we-mwAvc\"><span class=\"mw-reflink-text\" id=\"rdp-we-mwAvg\"><span class=\"cite-bracket\" id=\"rdp-we-mwAvk\">[<\/span>90<span class=\"cite-bracket\" id=\"rdp-we-mwAvo\">]<\/span><\/span><\/a><\/sup><\/p>\n\n<\/section><section data-mw-section-id=\"8\" id=\"rdp-we-mwAvs\" aria-labelledby=\"Stil\"><div class=\"mw-heading mw-heading2\"><h2 id=\"rdp-we-Stil\">Stil<\/h2><\/div>\n<figure class=\"mw-default-size\" typeof=\"mw:File\/Thumb\" id=\"rdp-we-mwAvw\"><a href=\"https:\/\/de.wikipedia.org\/wiki\/Datei:Kool_Savas_\u2013_Konzertauftritt_\u2013_Eric_Ullrich.jpg\" class=\"mw-file-description wiki-link\" id=\"rdp-we-mwAv0\" target=\"_new\"><img resource=\"https:\/\/de.wikipedia.org\/wiki\/Datei:Kool_Savas_\u2013_Konzertauftritt_\u2013_Eric_Ullrich.jpg\" src=\"https:\/\/thumb.wikimedia.org\/wikipedia\/commons\/thumb\/9\/9c\/Kool_Savas_%E2%80%93_Konzertauftritt_%E2%80%93_Eric_Ullrich.jpg\/250px-Kool_Savas_%E2%80%93_Konzertauftritt_%E2%80%93_Eric_Ullrich.jpg?utm_source=de.wikipedia.org&amp;utm_campaign=parser&amp;utm_content=thumbnail\" decoding=\"async\" loading=\"lazy\" data-file-type=\"bitmap\" height=\"250\" width=\"250\" class=\"mw-file-element\" id=\"rdp-we-mwAv4\"\/><\/a><figcaption id=\"rdp-we-mwAv8\">Konzertauftritt des Rappers<\/figcaption><\/figure>\n<p id=\"rdp-we-mwAwA\">Kool Savas\u2019 Werk l\u00e4sst sich stilistisch zu einem gro\u00dfen Teil dem Hip-Hop-Subgenre <a rel=\"mw:WikiLink\" href=\"https:\/\/de.wikipedia.org\/wiki\/Battle-Rap\" title=\"Battle-Rap\" id=\"rdp-we-mwAwE\" target=\"_new\" class=\"wiki-link\">Battle-Rap<\/a> zuordnen. Dabei werden fiktive oder reale Kontrahenten durch <a rel=\"mw:WikiLink\" href=\"https:\/\/de.wikipedia.org\/wiki\/Sprechgesang\" title=\"Sprechgesang\" id=\"rdp-we-mwAwI\" target=\"_new\" class=\"wiki-link\">Sprechgesang<\/a> in sprachlich m\u00f6glichst kreativer Form angegriffen und die eigenen F\u00e4higkeiten besonders positiv hervorgehoben. Dies wird etwa in Veranstaltungen realisiert, sogenannte \u201eBattles\u201c, im Rahmen dessen zwei Gegner auf einer B\u00fchne vor Publikum den verbalen Wettstreit aus\u00fcben. Savas \u00fcbertrug die Prinzipien der verbalen Auseinandersetzung sowohl als Solok\u00fcnstler als auch innerhalb der Formationen M.O.R. und Westberlin Maskulin auf seine Studioaufnahmen.<sup about=\"#mwt213\" class=\"mw-ref reference\" id=\"rdp-we-cite_ref-Linz_91-0\" rel=\"dc:references\" typeof=\"mw:Extension\/ref\" data-mw='{\"name\":\"ref\",\"attrs\":{\"name\":\"Linz\"},\"body\":{\"id\":\"mw-reference-text-cite_note-Linz-91\"}}'><a href=\"#cite_note-Linz-91\" id=\"rdp-we-mwAwM\"><span class=\"mw-reflink-text\" id=\"rdp-we-mwAwQ\"><span class=\"cite-bracket\" id=\"rdp-we-mwAwU\">[<\/span>91<span class=\"cite-bracket\" id=\"rdp-we-mwAwY\">]<\/span><\/span><\/a><\/sup><sup about=\"#mwt214\" class=\"mw-ref reference\" id=\"rdp-we-cite_ref-Kunst_und_Gewalt_92-0\" rel=\"dc:references\" typeof=\"mw:Extension\/ref\" data-mw='{\"name\":\"ref\",\"attrs\":{\"name\":\"Kunst und Gewalt\"},\"body\":{\"id\":\"mw-reference-text-cite_note-Kunst_und_Gewalt-92\"}}'><a href=\"#cite_note-Kunst_und_Gewalt-92\" id=\"rdp-we-mwAwc\"><span class=\"mw-reflink-text\" id=\"rdp-we-mwAwg\"><span class=\"cite-bracket\" id=\"rdp-we-mwAwk\">[<\/span>92<span class=\"cite-bracket\" id=\"rdp-we-mwAwo\">]<\/span><\/span><\/a><\/sup> Einige dieser Lieder wurden als <a rel=\"mw:WikiLink\" href=\"https:\/\/de.wikipedia.org\/wiki\/Dissen_(Slang)\" title=\"Dissen (Slang)\" class=\"mw-redirect wiki-link\" id=\"rdp-we-mwAws\" target=\"_new\">Diss-Tracks<\/a> gegen konkrete Personen konzipiert wie etwa <i id=\"rdp-we-mwAww\">Das Urteil<\/i>, das sich prim\u00e4r gegen Eko Fresh richtet, aber auch Hip-Hop-Musiker wie <a rel=\"mw:WikiLink\" href=\"https:\/\/de.wikipedia.org\/wiki\/Nina_Tenge\" title=\"Nina Tenge\" id=\"rdp-we-mwAw0\" target=\"_new\" class=\"wiki-link\">Nina MC<\/a>, <a rel=\"mw:WikiLink\" href=\"https:\/\/de.wikipedia.org\/wiki\/Cappuccino_(Rapper)\" title=\"Cappuccino (Rapper)\" id=\"rdp-we-mwAw4\" target=\"_new\" class=\"wiki-link\">Cappuccino<\/a> oder <a rel=\"mw:WikiLink\" href=\"https:\/\/de.wikipedia.org\/wiki\/Fettes_Brot\" title=\"Fettes Brot\" id=\"rdp-we-mwAw8\" target=\"_new\" class=\"wiki-link\">Fettes Brot<\/a> verbal herabw\u00fcrdigt, oder <i id=\"rdp-we-mwAxA\">Renexekution<\/i>, mit dem MC Rene angegriffen werden sollte. In der Regel richten sich die Texte jedoch gegen einen oder mehrere fiktive Gegner wie etwa in dem Song <i id=\"rdp-we-mwAxE\">Alle in einem<\/i>: \u201eIch flow besser, wenn ich huste, reim' besser ohne Zunge und hab' doppelt soviel Luft wie Ihr am Mikro ohne Lunge.\u201c<sup about=\"#mwt215\" class=\"mw-ref reference\" id=\"rdp-we-cite_ref-Kunst_und_Gewalt_92-1\" rel=\"dc:references\" typeof=\"mw:Extension\/ref\" data-mw='{\"name\":\"ref\",\"attrs\":{\"name\":\"Kunst und Gewalt\"}}'><a href=\"#cite_note-Kunst_und_Gewalt-92\" id=\"rdp-we-mwAxI\"><span class=\"mw-reflink-text\" id=\"rdp-we-mwAxM\"><span class=\"cite-bracket\" id=\"rdp-we-mwAxQ\">[<\/span>92<span class=\"cite-bracket\" id=\"rdp-we-mwAxU\">]<\/span><\/span><\/a><\/sup> Sowohl die \u00dcberh\u00f6hung der eigenen Person als auch die Herabsetzung des Gegners ist sprachlich h\u00e4ufig sexuell konnotiert wie am Beispiel der Verse \u201eRap ist kein Vergn\u00fcgen, sondern Hass. Bitches sehen mich am Mic und ihre Schl\u00fcpfer werden nass. Mein Pint als Kompanie im Auftrag: Ich zerficke dich und deine Crew. Nutten h\u00e4ngen mir am Arsch, denn ich bin Kool Savas.\u201c aus dem St\u00fcck <i id=\"rdp-we-mwAxY\">Horror<\/i> von 1997 deutlich wird.<sup about=\"#mwt216\" class=\"mw-ref reference\" id=\"rdp-we-cite_ref-Linz_91-1\" rel=\"dc:references\" typeof=\"mw:Extension\/ref\" data-mw='{\"name\":\"ref\",\"attrs\":{\"name\":\"Linz\"}}'><a href=\"#cite_note-Linz-91\" id=\"rdp-we-mwAxc\"><span class=\"mw-reflink-text\" id=\"rdp-we-mwAxg\"><span class=\"cite-bracket\" id=\"rdp-we-mwAxk\">[<\/span>91<span class=\"cite-bracket\" id=\"rdp-we-mwAxo\">]<\/span><\/span><\/a><\/sup> Auf der inhaltlichen Ebene verarbeitet Savas seit dem Album <i id=\"rdp-we-mwAxs\">Der beste Tag meines Lebens<\/i> vereinzelt auch pers\u00f6nliche Themen. Dabei ist etwa die Bedeutung der Familie, die zum Teil auch direkt in die Aufnahmen eingebunden wird, ein wiederkehrendes Thema.<sup about=\"#mwt218\" class=\"mw-ref reference\" id=\"rdp-we-cite_ref-Laut-Beste_93-0\" rel=\"dc:references\" typeof=\"mw:Extension\/ref\" data-mw='{\"name\":\"ref\",\"attrs\":{\"name\":\"Laut-Beste\"},\"body\":{\"id\":\"mw-reference-text-cite_note-Laut-Beste-93\"}}'><a href=\"#cite_note-Laut-Beste-93\" id=\"rdp-we-mwAxw\"><span class=\"mw-reflink-text\" id=\"rdp-we-mwAx0\"><span class=\"cite-bracket\" id=\"rdp-we-mwAx4\">[<\/span>93<span class=\"cite-bracket\" id=\"rdp-we-mwAx8\">]<\/span><\/span><\/a><\/sup><sup about=\"#mwt220\" class=\"mw-ref reference\" id=\"rdp-we-cite_ref-94\" rel=\"dc:references\" typeof=\"mw:Extension\/ref\" data-mw='{\"name\":\"ref\",\"attrs\":{},\"body\":{\"id\":\"mw-reference-text-cite_note-94\"}}'><a href=\"#cite_note-94\" id=\"rdp-we-mwAyA\"><span class=\"mw-reflink-text\" id=\"rdp-we-mwAyE\"><span class=\"cite-bracket\" id=\"rdp-we-mwAyI\">[<\/span>94<span class=\"cite-bracket\" id=\"rdp-we-mwAyM\">]<\/span><\/span><\/a><\/sup> Savas selber gibt an, seit dem Mixtape <i id=\"rdp-we-mwAyQ\"><a rel=\"mw:WikiLink\" href=\"https:\/\/de.wikipedia.org\/wiki\/John_Bello_Story_III\" title=\"John Bello Story III\" id=\"rdp-we-mwAyU\" target=\"_new\" class=\"wiki-link\">John Bello Story III<\/a><\/i> besonderen Wert auf \u201eThemensongs\u201c zu legen, die sich von Songs abheben, in denen es \u201enur um\u2019s Rappen\u201c gehe.<sup about=\"#mwt221\" class=\"mw-ref reference\" id=\"rdp-we-cite_ref-Juice-25_95-0\" rel=\"dc:references\" typeof=\"mw:Extension\/ref\" data-mw='{\"name\":\"ref\",\"attrs\":{\"name\":\"Juice-25\"},\"body\":{\"id\":\"mw-reference-text-cite_note-Juice-25-95\"}}'><a href=\"#cite_note-Juice-25-95\" id=\"rdp-we-mwAyY\"><span class=\"mw-reflink-text\" id=\"rdp-we-mwAyc\"><span class=\"cite-bracket\" id=\"rdp-we-mwAyg\">[<\/span>95<span class=\"cite-bracket\" id=\"rdp-we-mwAyk\">]<\/span><\/span><\/a><\/sup><\/p>\n\n<p id=\"rdp-we-mwAyo\">Ein bedeutender Aspekt Savas\u2019 Musik sowie dessen Rezeption ist der Flow des Rappers. Dieser umfasst die rhythmischen Gestaltungsweisen sowie die \u201eVerschr\u00e4nkung von Sprechgesang und <a rel=\"mw:WikiLink\" href=\"https:\/\/de.wikipedia.org\/wiki\/Pattern_(Musik)\" title=\"Pattern (Musik)\" id=\"rdp-we-mwAys\" target=\"_new\" class=\"wiki-link\">Begleitpattern<\/a>\u201c innerhalb der Hip-Hop-Musik. Trotz der Bedeutung des Flows wurde er musikanalytisch bisher wenig untersucht. Kool Savas zeichnet sich durch unterschiedliche Vortragsweisen aus. So ist etwa das Lied <i id=\"rdp-we-mwAyw\">Der Beweis<\/i> (2007) durch Tempowechsel im Vortrag gepr\u00e4gt, wohingegen <i id=\"rdp-we-mwAy0\">Neongelb<\/i> (2001) konstant als <a rel=\"mw:WikiLink\" href=\"https:\/\/de.wikipedia.org\/wiki\/Doubletime\" title=\"Doubletime\" id=\"rdp-we-mwAy4\" target=\"_new\" class=\"wiki-link\">Doubletime<\/a> vorgetragen wird.<sup about=\"#mwt222\" class=\"mw-ref reference\" id=\"rdp-we-cite_ref-96\" rel=\"dc:references\" typeof=\"mw:Extension\/ref\" data-mw='{\"name\":\"ref\",\"attrs\":{},\"body\":{\"id\":\"mw-reference-text-cite_note-96\"}}'><a href=\"#cite_note-96\" id=\"rdp-we-mwAy8\"><span class=\"mw-reflink-text\" id=\"rdp-we-mwAzA\"><span class=\"cite-bracket\" id=\"rdp-we-mwAzE\">[<\/span>96<span class=\"cite-bracket\" id=\"rdp-we-mwAzI\">]<\/span><\/span><\/a><\/sup> Savas selber bezeichnet seine Stimme als Soloinstrument, das er sportlich trainiert, um sich auf \u201eder Ebene mit <a rel=\"mw:WikiLink\" href=\"https:\/\/de.wikipedia.org\/wiki\/Jazz\" title=\"Jazz\" id=\"rdp-we-mwAzM\" target=\"_new\" class=\"wiki-link\">Jazz<\/a>-Solisten oder [\u2026] Gitarristen\u201c wie <a rel=\"mw:WikiLink\" href=\"https:\/\/de.wikipedia.org\/wiki\/Jimi_Hendrix\" title=\"Jimi Hendrix\" id=\"rdp-we-mwAzQ\" target=\"_new\" class=\"wiki-link\">Jimi Hendrix<\/a> vergleichen zu k\u00f6nnen.<sup about=\"#mwt223\" class=\"mw-ref reference\" id=\"rdp-we-cite_ref-Juice-25_95-1\" rel=\"dc:references\" typeof=\"mw:Extension\/ref\" data-mw='{\"name\":\"ref\",\"attrs\":{\"name\":\"Juice-25\"}}'><a href=\"#cite_note-Juice-25-95\" id=\"rdp-we-mwAzU\"><span class=\"mw-reflink-text\" id=\"rdp-we-mwAzY\"><span class=\"cite-bracket\" id=\"rdp-we-mwAzc\">[<\/span>95<span class=\"cite-bracket\" id=\"rdp-we-mwAzg\">]<\/span><\/span><\/a><\/sup> Die Analyse des Flows \u00e4hnele aus seiner Sicht einer mathematischen Betrachtung: \u201eIch sehe Rap-Verse wie Zahlen und Punkte, wie in der Matrix. [\u2026] Schon bei <a rel=\"mw:WikiLink\" href=\"https:\/\/de.wikipedia.org\/wiki\/N.W.A\" title=\"N.W.A\" id=\"rdp-we-mwAzk\" target=\"_new\" class=\"wiki-link\">N.W.A<\/a> hab\u2019 ich verstanden: [\u2026] Die machen am Anfang einen kurzen Satz, dann eine Pause und dann einen langen Satz. [\u2026] Seitdem sehe ich vor meinem inneren Auge immer den Takt: Bumm-tschack-bumm-bumm-tschack. Und dazwischen in Punkten und Zahlen die W\u00f6rter und Silben.\u201c<sup about=\"#mwt224\" class=\"mw-ref reference\" id=\"rdp-we-cite_ref-Juice-25_95-2\" rel=\"dc:references\" typeof=\"mw:Extension\/ref\" data-mw='{\"name\":\"ref\",\"attrs\":{\"name\":\"Juice-25\"}}'><a href=\"#cite_note-Juice-25-95\" id=\"rdp-we-mwAzo\"><span class=\"mw-reflink-text\" id=\"rdp-we-mwAzs\"><span class=\"cite-bracket\" id=\"rdp-we-mwAzw\">[<\/span>95<span class=\"cite-bracket\" id=\"rdp-we-mwAz0\">]<\/span><\/span><\/a><\/sup> Zum Teil stellen komplexe Reimstrukturen die einzige Motivation hinter der Musik dar. So ginge es etwa bei <i id=\"rdp-we-mwAz4\">Optimale Nutzung unserer Ressourcen<\/i> (2011) darum, \u201eeinfach 30 verschiedene Reimpatterns\u201c \u00fcber den Beat zu pr\u00e4sentieren.<sup about=\"#mwt225\" class=\"mw-ref reference\" id=\"rdp-we-cite_ref-Juice-25_95-3\" rel=\"dc:references\" typeof=\"mw:Extension\/ref\" data-mw='{\"name\":\"ref\",\"attrs\":{\"name\":\"Juice-25\"}}'><a href=\"#cite_note-Juice-25-95\" id=\"rdp-we-mwAz8\"><span class=\"mw-reflink-text\" id=\"rdp-we-mwA0A\"><span class=\"cite-bracket\" id=\"rdp-we-mwA0E\">[<\/span>95<span class=\"cite-bracket\" id=\"rdp-we-mwA0I\">]<\/span><\/span><\/a><\/sup><\/p>\n\n<p id=\"rdp-we-mwA0M\">Die musikalische Untermalung von Savas\u2019 Vortrag erfolgt durch Hip-Hop-Beats. W\u00e4hrend er seine fr\u00fchen Songs wie etwa <i id=\"rdp-we-mwA0Q\">LMS<\/i> oder <i id=\"rdp-we-mwA0U\">Schwule Rapper<\/i> selber produzierte, war f\u00fcr den Gro\u00dfteil seines Hauptwerks, darunter das vollst\u00e4ndige Deb\u00fctalbum, die Hip-Hop-Produzentin Melbeatz verantwortlich. Beide hatten sich 1994 kennengelernt und waren zun\u00e4chst in derselben Graffiti-Crew, den Sleepwalkers, aktiv gewesen. Savas erkl\u00e4rte ihr schlie\u00dflich die Produktion von Beats anhand eines <a rel=\"mw:WikiLink\" href=\"https:\/\/de.wikipedia.org\/wiki\/Akai\" title=\"Akai\" id=\"rdp-we-mwA0Y\" target=\"_new\" class=\"wiki-link\">Akai<\/a> S900. Seitdem ist sie als Savas\u2019 Produzentin t\u00e4tig und war zudem \u00fcber zehn Jahre seine Lebensgef\u00e4hrtin.<sup about=\"#mwt226\" class=\"mw-ref reference\" id=\"rdp-we-cite_ref-97\" rel=\"dc:references\" typeof=\"mw:Extension\/ref\" data-mw='{\"name\":\"ref\",\"attrs\":{},\"body\":{\"id\":\"mw-reference-text-cite_note-97\"}}'><a href=\"#cite_note-97\" id=\"rdp-we-mwA0c\"><span class=\"mw-reflink-text\" id=\"rdp-we-mwA0g\"><span class=\"cite-bracket\" id=\"rdp-we-mwA0k\">[<\/span>97<span class=\"cite-bracket\" id=\"rdp-we-mwA0o\">]<\/span><\/span><\/a><\/sup> Die Hip-Hop-Produktionen basieren zum Teil auf <a rel=\"mw:WikiLink\" href=\"https:\/\/de.wikipedia.org\/wiki\/Sampling_(Musik)\" title=\"Sampling (Musik)\" id=\"rdp-we-mwA0s\" target=\"_new\" class=\"wiki-link\">Samples<\/a> anderer Musikst\u00fccke.<sup about=\"#mwt228\" class=\"mw-ref reference\" id=\"rdp-we-cite_ref-98\" rel=\"dc:references\" typeof=\"mw:Extension\/ref\" data-mw='{\"name\":\"ref\",\"attrs\":{},\"body\":{\"id\":\"mw-reference-text-cite_note-98\"}}'><a href=\"#cite_note-98\" id=\"rdp-we-mwA0w\"><span class=\"mw-reflink-text\" id=\"rdp-we-mwA00\"><span class=\"cite-bracket\" id=\"rdp-we-mwA04\">[<\/span>98<span class=\"cite-bracket\" id=\"rdp-we-mwA08\">]<\/span><\/span><\/a><\/sup> In anderen F\u00e4llen wurden nicht die Originalaufnahmen anderer Songs genutzt, sondern Ausschnitte dieser im Studio neu eingespielt.<sup about=\"#mwt229\" class=\"mw-ref reference\" id=\"rdp-we-cite_ref-99\" rel=\"dc:references\" typeof=\"mw:Extension\/ref\" data-mw='{\"name\":\"ref\",\"attrs\":{},\"body\":{\"id\":\"mw-reference-text-cite_note-99\"}}'><a href=\"#cite_note-99\" id=\"rdp-we-mwA1A\"><span class=\"mw-reflink-text\" id=\"rdp-we-mwA1E\"><span class=\"cite-bracket\" id=\"rdp-we-mwA1I\">[<\/span>99<span class=\"cite-bracket\" id=\"rdp-we-mwA1M\">]<\/span><\/span><\/a><\/sup> Neben charakteristischen Hip-Hop-Beats finden sich in Savas\u2019 Werk auch vereinzelt Lieder, die dem <a rel=\"mw:WikiLink\" href=\"https:\/\/de.wikipedia.org\/wiki\/G-Funk\" title=\"G-Funk\" id=\"rdp-we-mwA1Q\" target=\"_new\" class=\"wiki-link\">G-Funk<\/a> (<i id=\"rdp-we-mwA1U\">Keep it Gangsta<\/i>, 2002) oder dem <a rel=\"mw:WikiLink\" href=\"https:\/\/de.wikipedia.org\/wiki\/Electro_(Musikstil)\" title=\"Electro (Musikstil)\" id=\"rdp-we-mwA1Y\" target=\"_new\" class=\"wiki-link\">Electro-Rap<\/a> (<i id=\"rdp-we-mwA1c\">Techno Pilot<\/i>, 2010) zugeordnet werden k\u00f6nnen.<sup about=\"#mwt230\" class=\"mw-ref reference\" id=\"rdp-we-cite_ref-Laut-Beste_93-1\" rel=\"dc:references\" typeof=\"mw:Extension\/ref\" data-mw='{\"name\":\"ref\",\"attrs\":{\"name\":\"Laut-Beste\"}}'><a href=\"#cite_note-Laut-Beste-93\" id=\"rdp-we-mwA1g\"><span class=\"mw-reflink-text\" id=\"rdp-we-mwA1k\"><span class=\"cite-bracket\" id=\"rdp-we-mwA1o\">[<\/span>93<span class=\"cite-bracket\" id=\"rdp-we-mwA1s\">]<\/span><\/span><\/a><\/sup><sup about=\"#mwt232\" class=\"mw-ref reference\" id=\"rdp-we-cite_ref-100\" rel=\"dc:references\" typeof=\"mw:Extension\/ref\" data-mw='{\"name\":\"ref\",\"attrs\":{},\"body\":{\"id\":\"mw-reference-text-cite_note-100\"}}'><a href=\"#cite_note-100\" id=\"rdp-we-mwA1w\"><span class=\"mw-reflink-text\" id=\"rdp-we-mwA10\"><span class=\"cite-bracket\" id=\"rdp-we-mwA14\">[<\/span>100<span class=\"cite-bracket\" id=\"rdp-we-mwA18\">]<\/span><\/span><\/a><\/sup> Durch die Zusammenarbeit mit Moe Mitchell und Xavier Naidoo finden sich in aktuelleren Songs auch Einfl\u00fcsse aus <a rel=\"mw:WikiLink\" href=\"https:\/\/de.wikipedia.org\/wiki\/Soul\" title=\"Soul\" id=\"rdp-we-mwA2A\" target=\"_new\" class=\"wiki-link\">Soul<\/a> und <a rel=\"mw:WikiLink\" href=\"https:\/\/de.wikipedia.org\/wiki\/Contemporary_R&B\" title=\"Contemporary R&amp;B\" id=\"rdp-we-mwA2E\" target=\"_new\" class=\"wiki-link\">R&amp;B<\/a> wieder.<sup about=\"#mwt234\" class=\"mw-ref reference\" id=\"rdp-we-cite_ref-101\" rel=\"dc:references\" typeof=\"mw:Extension\/ref\" data-mw='{\"name\":\"ref\",\"attrs\":{},\"body\":{\"id\":\"mw-reference-text-cite_note-101\"}}'><a href=\"#cite_note-101\" id=\"rdp-we-mwA2I\"><span class=\"mw-reflink-text\" id=\"rdp-we-mwA2M\"><span class=\"cite-bracket\" id=\"rdp-we-mwA2Q\">[<\/span>101<span class=\"cite-bracket\" id=\"rdp-we-mwA2U\">]<\/span><\/span><\/a><\/sup><\/p>\n\n<\/section><section data-mw-section-id=\"9\" id=\"rdp-we-mwA2Y\" aria-labelledby=\"Diskografie\"><div class=\"mw-heading mw-heading2\"><h2 id=\"rdp-we-Diskografie\">Diskografie<\/h2><\/div>\n<span class=\"mw-empty-elt\" about=\"#mwt235\" typeof=\"mw:Transclusion\" id=\"rdp-we-mwA2c\" data-mw='{\"parts\":[{\"template\":{\"target\":{\"wt\":\"Eingebundene Diskografie\",\"href\":\".\/Vorlage:Eingebundene_Diskografie\"},\"params\":{\"1\":{\"wt\":\"Kool Savas\/Diskografie\"},\"\u00dcberschrift\":{\"wt\":\"Studioalben\"}},\"i\":0}}]}'><\/span><div class=\"hauptartikel\" role=\"navigation\" about=\"#mwt235\"><span class=\"hauptartikel-pfeil\" title=\"siehe\" aria-hidden=\"true\" role=\"presentation\">\u2192<span typeof=\"mw:Entity\">\u00a0<\/span><\/span><i><span class=\"hauptartikel-text\">Hauptartikel<\/span>: <a rel=\"mw:WikiLink\" href=\"https:\/\/de.wikipedia.org\/wiki\/Kool_Savas\/Diskografie\" title=\"Kool Savas\/Diskografie\" target=\"_new\" class=\"wiki-link\">Kool Savas\/Diskografie<\/a><\/i><\/div><p about=\"#mwt235\"><b>Studioalben<\/b>\n<link rel=\"mw-deduplicated-inline-style\" href=\"mw-data:TemplateStyles:r269045146\" about=\"#mwt237\" typeof=\"mw:Extension\/templatestyles\" data-mw='{\"name\":\"templatestyles\",\"attrs\":{\"src\":\"Vorlage:Charttabelle\/styles.css\"},\"body\":{\"extsrc\":\"\"}}'\/><\/p><table class=\"wikitable charts-table charts-zebragrey\" style=\"text-align:center;\" about=\"#mwt235\">\n<tbody><tr>\n<th style=\"width:25px;\" class=\"charts-th charts-trh\" rowspan=\"2\">Jahr<\/th>\n<th style=\"width:285px;\" class=\"charts-th charts-trh\" rowspan=\"2\">Titel<br\/><span style=\"font-size:smaller;font-style:italic;\">Musiklabel<\/span><\/th>\n<th class=\"charts-th\" colspan=\"3\"><span style=\"white-space:nowrap;\"><span class=\"charts-hm charts-cc\"><span class=\"charts-ct\">H\u00f6chstplatzierung, Gesamtwochen, Auszeichnung<i><\/i><\/span>Chartplatzierungen<\/span><span class=\"charts-mo\">Chartplatzierungen<\/span><span style=\"display:none\"><a rel=\"mw:WikiLink\" href=\"https:\/\/de.wikipedia.org\/wiki\/Vorlage:Charttabelle\/Wartung\/ohne_Quellen?action=edit&redlink=1\" title=\"Vorlage:Charttabelle\/Wartung\/ohne Quellen (Seite nicht vorhanden)\" class=\"new wiki-link\" typeof=\"mw:LocalizedAttrs\" data-mw-i18n='{\"title\":{\"lang\":\"x-page\",\"key\":\"red-link-title\",\"params\":[\"Vorlage:Charttabelle\/Wartung\/ohne Quellen\"]}}' target=\"_new\">Template:Charttabelle\/Wartung\/ohne Quellen<\/a><\/span><\/span><span class=\"charts-mo charts-mh\"><br\/>(Jahr, Titel, <i>Musiklabel<\/i>, Plat<span typeof=\"mw:Entity\">\u00ad<\/span>zie<span typeof=\"mw:Entity\">\u00ad<\/span>rungen, Wo<span typeof=\"mw:Entity\">\u00ad<\/span>chen, Aus<span typeof=\"mw:Entity\">\u00ad<\/span>zeich<span typeof=\"mw:Entity\">\u00ad<\/span>nungen, Anmer<span typeof=\"mw:Entity\">\u00ad<\/span>kungen, Cover)<\/span><\/th>\n<th style=\"width:220px;\" class=\"charts-th charts-trh\" rowspan=\"2\">Anmer<span typeof=\"mw:Entity\">\u00ad<\/span>kungen<\/th>\n<th style=\"width:175px;\" rowspan=\"2\" class=\"charts-th charts-trh\">Cover<\/th><\/tr>\n<tr class=\"charts-trh\">\n<th style=\"width:52px;\" class=\"charts-th\"><span typeof=\"mw:File\" data-mw='{\"caption\":\"DE\"}'><a href=\"https:\/\/de.wikipedia.org\/wiki\/Deutsche_Albumcharts\" title=\"DE\" target=\"_new\" class=\"wiki-link\"><img resource=\"https:\/\/de.wikipedia.org\/wiki\/Datei:Flag_of_Germany.svg\" src=\"https:\/\/thumb.wikimedia.org\/wikipedia\/commons\/thumb\/b\/ba\/Flag_of_Germany.svg\/20px-Flag_of_Germany.svg.png?utm_source=de.wikipedia.org&amp;utm_campaign=parser&amp;utm_content=thumbnail\" decoding=\"async\" loading=\"lazy\" alt=\"\" data-file-type=\"drawing\" height=\"12\" width=\"20\" class=\"mw-file-element\"\/><\/a><\/span><span typeof=\"mw:Entity\">\u00a0<\/span><a rel=\"mw:WikiLink\" href=\"https:\/\/de.wikipedia.org\/wiki\/Deutsche_Albumcharts\" title=\"Deutsche Albumcharts\" target=\"_new\" class=\"wiki-link\">DE<\/a><\/th>\n<th style=\"width:52px;\" class=\"charts-th\"><span typeof=\"mw:File\" data-mw='{\"caption\":\"AT\"}'><a href=\"https:\/\/de.wikipedia.org\/wiki\/\u00d63_Austria_Top_40\" title=\"AT\" target=\"_new\" class=\"wiki-link\"><img resource=\"https:\/\/de.wikipedia.org\/wiki\/Datei:Flag_of_Austria.svg\" src=\"https:\/\/thumb.wikimedia.org\/wikipedia\/commons\/thumb\/4\/41\/Flag_of_Austria.svg\/20px-Flag_of_Austria.svg.png?utm_source=de.wikipedia.org&amp;utm_campaign=parser&amp;utm_content=thumbnail\" decoding=\"async\" loading=\"lazy\" alt=\"\" data-file-type=\"drawing\" height=\"13\" width=\"20\" class=\"mw-file-element\"\/><\/a><\/span><span typeof=\"mw:Entity\">\u00a0<\/span><a rel=\"mw:WikiLink\" href=\"https:\/\/de.wikipedia.org\/wiki\/\u00d63_Austria_Top_40\" title=\"\u00d63 Austria Top 40\" target=\"_new\" class=\"wiki-link\">AT<\/a><\/th>\n<th style=\"width:52px;\" class=\"charts-th\"><span typeof=\"mw:File\" data-mw='{\"caption\":\"CH\"}'><a href=\"https:\/\/de.wikipedia.org\/wiki\/Schweizer_Hitparade\" title=\"CH\" target=\"_new\" class=\"wiki-link\"><img resource=\"https:\/\/de.wikipedia.org\/wiki\/Datei:Flag_of_Switzerland_within_2to3.svg\" src=\"https:\/\/thumb.wikimedia.org\/wikipedia\/commons\/thumb\/e\/e3\/Flag_of_Switzerland_within_2to3.svg\/20px-Flag_of_Switzerland_within_2to3.svg.png?utm_source=de.wikipedia.org&amp;utm_campaign=parser&amp;utm_content=thumbnail\" decoding=\"async\" loading=\"lazy\" alt=\"\" data-file-type=\"drawing\" height=\"13\" width=\"20\" class=\"mw-file-element\"\/><\/a><\/span><span typeof=\"mw:Entity\">\u00a0<\/span><a rel=\"mw:WikiLink\" href=\"https:\/\/de.wikipedia.org\/wiki\/Schweizer_Hitparade\" title=\"Schweizer Hitparade\" target=\"_new\" class=\"wiki-link\">CH<\/a><\/th><\/tr>\n \n<tr> \n <td class=\"charts-yy\">2002<\/td>\n<td><a rel=\"mw:WikiLink\" href=\"https:\/\/de.wikipedia.org\/wiki\/Der_beste_Tag_meines_Lebens\" title=\"Der beste Tag meines Lebens\" target=\"_new\" class=\"wiki-link\">Der beste Tag meines Lebens<\/a><br\/><span class=\"charts-add\">Subword (<a rel=\"mw:WikiLink\" href=\"https:\/\/de.wikipedia.org\/wiki\/BMG_Music_Publishing\" title=\"BMG Music Publishing\" target=\"_new\" class=\"wiki-link\">BMG<\/a>)<\/span><\/td>\n<td><span class=\"charts-mc\"><a rel=\"mw:WikiLink\" href=\"https:\/\/de.wikipedia.org\/wiki\/Deutsche_Albumcharts\" title=\"Deutsche Albumcharts\" target=\"_new\" class=\"wiki-link\">DE<\/a><\/span>6<br class=\"charts-hm\"\/><span class=\"charts-mo\"> <\/span><span style=\"font-size:smaller;\">(17 Wo.)<\/span><span class=\"charts-mcb\">DE<\/span><\/td>\n<td class=\"charts-hm\"><span typeof=\"mw:Entity\">\u2014<\/span><\/td>\n<td class=\"charts-hm\"><span typeof=\"mw:Entity\">\u2014<\/span><\/td>\n<td class=\"charts-cm\"><div>\nErstver\u00f6ffentlichung: 4. November 2002<br\/>Verk\u00e4ufe: + 102.000<sup about=\"#mwt239\" class=\"mw-ref reference\" id=\"rdp-we-cite_ref-Molke_102-0\" rel=\"dc:references\" typeof=\"mw:Extension\/ref\" data-mw='{\"name\":\"ref\",\"attrs\":{\"name\":\"Molke\"},\"body\":{\"id\":\"mw-reference-text-cite_note-Molke-102\"}}'><a href=\"#cite_note-Molke-102\" id=\"rdp-we-mwA2g\"><span class=\"mw-reflink-text\" id=\"rdp-we-mwA2k\"><span class=\"cite-bracket\" id=\"rdp-we-mwA2o\">[<\/span>102<span class=\"cite-bracket\" id=\"rdp-we-mwA2s\">]<\/span><\/span><\/a><\/sup><\/div><\/td>\n<td><span typeof=\"mw:File\"><a href=\"https:\/\/de.wikipedia.org\/wiki\/Datei:Der_beste_Tag_meines_Lebens_-_Cover.jpg\" class=\"mw-file-description wiki-link\" target=\"_new\"><img resource=\"https:\/\/de.wikipedia.org\/wiki\/Datei:Der_beste_Tag_meines_Lebens_-_Cover.jpg\" src=\"https:\/\/thumb.wikimedia.org\/wikipedia\/commons\/thumb\/3\/3f\/Der_beste_Tag_meines_Lebens_-_Cover.jpg\/120px-Der_beste_Tag_meines_Lebens_-_Cover.jpg?utm_source=de.wikipedia.org&amp;utm_campaign=parser&amp;utm_content=thumbnail\" decoding=\"async\" loading=\"lazy\" data-file-type=\"bitmap\" height=\"99\" width=\"100\" class=\"mw-file-element\"\/><\/a><\/span><\/td><\/tr>\n<tr> \n <td class=\"charts-yy\">2007<\/td>\n<td><a rel=\"mw:WikiLink\" href=\"https:\/\/de.wikipedia.org\/wiki\/Tot_oder_lebendig_(Album)\" title=\"Tot oder lebendig (Album)\" target=\"_new\" class=\"wiki-link\">Tot oder lebendig<\/a><br\/><span class=\"charts-add\">Subword (<a rel=\"mw:WikiLink\" href=\"https:\/\/de.wikipedia.org\/wiki\/Sony_BMG\" title=\"Sony BMG\" class=\"mw-redirect wiki-link\" target=\"_new\">Sony BMG<\/a>)<\/span><\/td>\n<td><span class=\"charts-mc\"><a rel=\"mw:WikiLink\" href=\"https:\/\/de.wikipedia.org\/wiki\/Deutsche_Albumcharts\" title=\"Deutsche Albumcharts\" target=\"_new\" class=\"wiki-link\">DE<\/a><\/span>10<br class=\"charts-hm\"\/><span class=\"charts-mo\"> <\/span><span style=\"font-size:smaller;\">(5 Wo.)<\/span><span class=\"charts-mcb\">DE<\/span><\/td>\n<td><span class=\"charts-mc\"><a rel=\"mw:WikiLink\" href=\"https:\/\/de.wikipedia.org\/wiki\/\u00d63_Austria_Top_40\" title=\"\u00d63 Austria Top 40\" target=\"_new\" class=\"wiki-link\">AT<\/a><\/span>51<br class=\"charts-hm\"\/><span class=\"charts-mo\"> <\/span><span style=\"font-size:smaller;\">(2 Wo.)<\/span><span class=\"charts-mcb\">AT<\/span><\/td>\n<td><span class=\"charts-mc\"><a rel=\"mw:WikiLink\" href=\"https:\/\/de.wikipedia.org\/wiki\/Schweizer_Hitparade\" title=\"Schweizer Hitparade\" target=\"_new\" class=\"wiki-link\">CH<\/a><\/span>13<br class=\"charts-hm\"\/><span class=\"charts-mo\"> <\/span><span style=\"font-size:smaller;\">(5 Wo.)<\/span><span class=\"charts-mcb\">CH<\/span><\/td>\n<td class=\"charts-cm\"><div>\nErstver\u00f6ffentlichung: 2. November 2007<\/div><\/td>\n<td><span typeof=\"mw:File\"><a href=\"https:\/\/de.wikipedia.org\/wiki\/Datei:Tot_oder_lebendig_-_Cover.jpg\" class=\"mw-file-description wiki-link\" target=\"_new\"><img resource=\"https:\/\/de.wikipedia.org\/wiki\/Datei:Tot_oder_lebendig_-_Cover.jpg\" src=\"https:\/\/thumb.wikimedia.org\/wikipedia\/commons\/thumb\/c\/c0\/Tot_oder_lebendig_-_Cover.jpg\/120px-Tot_oder_lebendig_-_Cover.jpg?utm_source=de.wikipedia.org&amp;utm_campaign=parser&amp;utm_content=thumbnail\" decoding=\"async\" loading=\"lazy\" data-file-type=\"bitmap\" height=\"100\" width=\"100\" class=\"mw-file-element\"\/><\/a><\/span><\/td><\/tr>\n<tr> \n <td class=\"charts-yy\">2011<\/td>\n<td><a rel=\"mw:WikiLink\" href=\"https:\/\/de.wikipedia.org\/wiki\/Aura_(Kool-Savas-Album)\" title=\"Aura (Kool-Savas-Album)\" target=\"_new\" class=\"wiki-link\">Aura<\/a><br\/><span class=\"charts-add\">Essah Entertainment (<a rel=\"mw:WikiLink\" href=\"https:\/\/de.wikipedia.org\/wiki\/Groove_Attack\" title=\"Groove Attack\" target=\"_new\" class=\"wiki-link\">GA<\/a>)<\/span><\/td>\n<td><span class=\"charts-mc\"><a rel=\"mw:WikiLink\" href=\"https:\/\/de.wikipedia.org\/wiki\/Deutsche_Albumcharts\" title=\"Deutsche Albumcharts\" target=\"_new\" class=\"wiki-link\">DE<\/a><\/span><a rel=\"mw:WikiLink\" href=\"https:\/\/de.wikipedia.org\/wiki\/Liste_der_Nummer-eins-Hits_in_Deutschland_(2011)\" title=\"Liste der Nummer-eins-Hits in Deutschland (2011)\" target=\"_new\" class=\"wiki-link\"><b>1<\/b><\/a> <div class=\"charts-cc\"><div class=\"charts-c\"><span typeof=\"mw:File\"><span><img resource=\"https:\/\/de.wikipedia.org\/wiki\/Datei:Gold_record_icon.svg\" src=\"https:\/\/thumb.wikimedia.org\/wikipedia\/commons\/thumb\/3\/38\/Gold_record_icon.svg\/20px-Gold_record_icon.svg.png?utm_source=de.wikipedia.org&amp;utm_campaign=parser&amp;utm_content=thumbnail\" decoding=\"async\" loading=\"lazy\" alt=\"Gold\" data-file-type=\"drawing\" height=\"15\" width=\"15\" class=\"mw-file-element\"\/><\/span><\/span><\/div><span class=\"charts-ct\">Gold<i><\/i><\/span><\/div><br class=\"charts-hm\"\/><span class=\"charts-mo\"> <\/span><span style=\"font-size:smaller;\">(14 Wo.)<\/span><span class=\"charts-mcb\">DE<\/span><\/td>\n<td><span class=\"charts-mc\"><a rel=\"mw:WikiLink\" href=\"https:\/\/de.wikipedia.org\/wiki\/\u00d63_Austria_Top_40\" title=\"\u00d63 Austria Top 40\" target=\"_new\" class=\"wiki-link\">AT<\/a><\/span>6<br class=\"charts-hm\"\/><span class=\"charts-mo\"> <\/span><span style=\"font-size:smaller;\">(4 Wo.)<\/span><span class=\"charts-mcb\">AT<\/span><\/td>\n<td><span class=\"charts-mc\"><a rel=\"mw:WikiLink\" href=\"https:\/\/de.wikipedia.org\/wiki\/Schweizer_Hitparade\" title=\"Schweizer Hitparade\" target=\"_new\" class=\"wiki-link\">CH<\/a><\/span><a rel=\"mw:WikiLink\" href=\"https:\/\/de.wikipedia.org\/wiki\/Liste_der_Nummer-eins-Hits_in_der_Schweiz_(2011)\" title=\"Liste der Nummer-eins-Hits in der Schweiz (2011)\" target=\"_new\" class=\"wiki-link\"><b>1<\/b><\/a><br class=\"charts-hm\"\/><span class=\"charts-mo\"> <\/span><span style=\"font-size:smaller;\">(16 Wo.)<\/span><span class=\"charts-mcb\">CH<\/span><\/td>\n<td class=\"charts-cm\"><div>\nErstver\u00f6ffentlichung: 11. November 2011<br\/>Verk\u00e4ufe: + 100.000<\/div><\/td>\n<td><span typeof=\"mw:File\"><a href=\"https:\/\/de.wikipedia.org\/wiki\/Datei:Aura_-_Cover.jpg\" class=\"mw-file-description wiki-link\" target=\"_new\"><img resource=\"https:\/\/de.wikipedia.org\/wiki\/Datei:Aura_-_Cover.jpg\" src=\"https:\/\/thumb.wikimedia.org\/wikipedia\/commons\/thumb\/c\/c4\/Aura_-_Cover.jpg\/120px-Aura_-_Cover.jpg?utm_source=de.wikipedia.org&amp;utm_campaign=parser&amp;utm_content=thumbnail\" decoding=\"async\" loading=\"lazy\" data-file-type=\"bitmap\" height=\"100\" width=\"100\" class=\"mw-file-element\"\/><\/a><\/span><\/td><\/tr>\n<tr> \n <td class=\"charts-yy\">2014<\/td>\n<td><a rel=\"mw:WikiLink\" href=\"https:\/\/de.wikipedia.org\/wiki\/M\u00e4rtyrer_(Album)\" title=\"M\u00e4rtyrer (Album)\" target=\"_new\" class=\"wiki-link\">M\u00e4rtyrer<\/a><br\/><span class=\"charts-add\">Essah Media (<a rel=\"mw:WikiLink\" href=\"https:\/\/de.wikipedia.org\/wiki\/Sony_Music_Entertainment\" title=\"Sony Music Entertainment\" target=\"_new\" class=\"wiki-link\">Sony<\/a>)<\/span><\/td>\n<td><span class=\"charts-mc\"><a rel=\"mw:WikiLink\" href=\"https:\/\/de.wikipedia.org\/wiki\/Deutsche_Albumcharts\" title=\"Deutsche Albumcharts\" target=\"_new\" class=\"wiki-link\">DE<\/a><\/span><a rel=\"mw:WikiLink\" href=\"https:\/\/de.wikipedia.org\/wiki\/Liste_der_Nummer-eins-Hits_in_Deutschland_(2014)\" title=\"Liste der Nummer-eins-Hits in Deutschland (2014)\" target=\"_new\" class=\"wiki-link\"><b>1<\/b><\/a> <div class=\"charts-cc\"><div class=\"charts-c\"><span typeof=\"mw:File\"><span><img resource=\"https:\/\/de.wikipedia.org\/wiki\/Datei:Gold_record_icon.svg\" src=\"https:\/\/thumb.wikimedia.org\/wikipedia\/commons\/thumb\/3\/38\/Gold_record_icon.svg\/20px-Gold_record_icon.svg.png?utm_source=de.wikipedia.org&amp;utm_campaign=parser&amp;utm_content=thumbnail\" decoding=\"async\" loading=\"lazy\" alt=\"Gold\" data-file-type=\"drawing\" height=\"15\" width=\"15\" class=\"mw-file-element\"\/><\/span><\/span><\/div><span class=\"charts-ct\">Gold<i><\/i><\/span><\/div><br class=\"charts-hm\"\/><span class=\"charts-mo\"> <\/span><span style=\"font-size:smaller;\">(15 Wo.)<\/span><span class=\"charts-mcb\">DE<\/span><\/td>\n<td><span class=\"charts-mc\"><a rel=\"mw:WikiLink\" href=\"https:\/\/de.wikipedia.org\/wiki\/\u00d63_Austria_Top_40\" title=\"\u00d63 Austria Top 40\" target=\"_new\" class=\"wiki-link\">AT<\/a><\/span>3<br class=\"charts-hm\"\/><span class=\"charts-mo\"> <\/span><span style=\"font-size:smaller;\">(4 Wo.)<\/span><span class=\"charts-mcb\">AT<\/span><\/td>\n<td><span class=\"charts-mc\"><a rel=\"mw:WikiLink\" href=\"https:\/\/de.wikipedia.org\/wiki\/Schweizer_Hitparade\" title=\"Schweizer Hitparade\" target=\"_new\" class=\"wiki-link\">CH<\/a><\/span><a rel=\"mw:WikiLink\" href=\"https:\/\/de.wikipedia.org\/wiki\/Liste_der_Nummer-eins-Hits_in_der_Schweiz_(2014)\" title=\"Liste der Nummer-eins-Hits in der Schweiz (2014)\" target=\"_new\" class=\"wiki-link\"><b>1<\/b><\/a><br class=\"charts-hm\"\/><span class=\"charts-mo\"> <\/span><span style=\"font-size:smaller;\">(12 Wo.)<\/span><span class=\"charts-mcb\">CH<\/span><\/td>\n<td class=\"charts-cm\"><div>\nErstver\u00f6ffentlichung: 14. November 2014<br\/>Verk\u00e4ufe: + 100.000<\/div><\/td>\n<td><span typeof=\"mw:File\"><a href=\"https:\/\/de.wikipedia.org\/wiki\/Datei:Kool_Savas_-_M\u00e4rtyrer_-_Cover.png\" class=\"mw-file-description wiki-link\" target=\"_new\"><img resource=\"https:\/\/de.wikipedia.org\/wiki\/Datei:Kool_Savas_-_M\u00e4rtyrer_-_Cover.png\" src=\"https:\/\/thumb.wikimedia.org\/wikipedia\/commons\/thumb\/1\/1e\/Kool_Savas_-_M%C3%A4rtyrer_-_Cover.png\/120px-Kool_Savas_-_M%C3%A4rtyrer_-_Cover.png?utm_source=de.wikipedia.org&amp;utm_campaign=parser&amp;utm_content=thumbnail\" decoding=\"async\" loading=\"lazy\" data-file-type=\"bitmap\" height=\"100\" width=\"100\" class=\"mw-file-element\"\/><\/a><\/span><\/td><\/tr>\n<tr> \n <td class=\"charts-yy\">2019<\/td>\n<td><a rel=\"mw:WikiLink\" href=\"https:\/\/de.wikipedia.org\/wiki\/KKS_(Album)\" title=\"KKS (Album)\" target=\"_new\" class=\"wiki-link\">KKS<\/a><br\/><span class=\"charts-add\">Essah Media (Sony)<\/span><\/td>\n<td><span class=\"charts-mc\"><a rel=\"mw:WikiLink\" href=\"https:\/\/de.wikipedia.org\/wiki\/Deutsche_Albumcharts\" title=\"Deutsche Albumcharts\" target=\"_new\" class=\"wiki-link\">DE<\/a><\/span><a rel=\"mw:WikiLink\" href=\"https:\/\/de.wikipedia.org\/wiki\/Liste_der_Nummer-eins-Hits_in_Deutschland_(2019)\" title=\"Liste der Nummer-eins-Hits in Deutschland (2019)\" target=\"_new\" class=\"wiki-link\"><b>1<\/b><\/a><br class=\"charts-hm\"\/><span class=\"charts-mo\"> <\/span><span style=\"font-size:smaller;\">(10 Wo.)<\/span><span class=\"charts-mcb\">DE<\/span><\/td>\n<td><span class=\"charts-mc\"><a rel=\"mw:WikiLink\" href=\"https:\/\/de.wikipedia.org\/wiki\/\u00d63_Austria_Top_40\" title=\"\u00d63 Austria Top 40\" target=\"_new\" class=\"wiki-link\">AT<\/a><\/span>2<br class=\"charts-hm\"\/><span class=\"charts-mo\"> <\/span><span style=\"font-size:smaller;\">(4 Wo.)<\/span><span class=\"charts-mcb\">AT<\/span><\/td>\n<td><span class=\"charts-mc\"><a rel=\"mw:WikiLink\" href=\"https:\/\/de.wikipedia.org\/wiki\/Schweizer_Hitparade\" title=\"Schweizer Hitparade\" target=\"_new\" class=\"wiki-link\">CH<\/a><\/span><a rel=\"mw:WikiLink\" href=\"https:\/\/de.wikipedia.org\/wiki\/Liste_der_Nummer-eins-Hits_in_der_Schweiz_(2019)\" title=\"Liste der Nummer-eins-Hits in der Schweiz (2019)\" target=\"_new\" class=\"wiki-link\"><b>1<\/b><\/a><br class=\"charts-hm\"\/><span class=\"charts-mo\"> <\/span><span style=\"font-size:smaller;\">(6 Wo.)<\/span><span class=\"charts-mcb\">CH<\/span><\/td>\n<td class=\"charts-cm\"><div>\nErstver\u00f6ffentlichung: 8. Februar 2019<\/div><\/td>\n<td><span typeof=\"mw:File\"><a href=\"https:\/\/de.wikipedia.org\/wiki\/Datei:Kool_Savas_-_KKS_-_Cover.jpg\" class=\"mw-file-description wiki-link\" target=\"_new\"><img resource=\"https:\/\/de.wikipedia.org\/wiki\/Datei:Kool_Savas_-_KKS_-_Cover.jpg\" src=\"https:\/\/thumb.wikimedia.org\/wikipedia\/commons\/thumb\/2\/21\/Kool_Savas_-_KKS_-_Cover.jpg\/120px-Kool_Savas_-_KKS_-_Cover.jpg?utm_source=de.wikipedia.org&amp;utm_campaign=parser&amp;utm_content=thumbnail\" decoding=\"async\" loading=\"lazy\" data-file-type=\"bitmap\" height=\"100\" width=\"100\" class=\"mw-file-element\"\/><\/a><\/span><\/td><\/tr>\n<tr> \n <td class=\"charts-yy\">2021<\/td>\n<td><a rel=\"mw:WikiLink\" href=\"https:\/\/de.wikipedia.org\/wiki\/Aghori_(Album)\" title=\"Aghori (Album)\" target=\"_new\" class=\"wiki-link\">Aghori<\/a><br\/><span class=\"charts-add\">Essah Media (Sony)<\/span><\/td>\n<td><span class=\"charts-mc\"><a rel=\"mw:WikiLink\" href=\"https:\/\/de.wikipedia.org\/wiki\/Deutsche_Albumcharts\" title=\"Deutsche Albumcharts\" target=\"_new\" class=\"wiki-link\">DE<\/a><\/span><a rel=\"mw:WikiLink\" href=\"https:\/\/de.wikipedia.org\/wiki\/Liste_der_Nummer-eins-Hits_in_Deutschland_(2021)\" title=\"Liste der Nummer-eins-Hits in Deutschland (2021)\" target=\"_new\" class=\"wiki-link\"><b>1<\/b><\/a><br class=\"charts-hm\"\/><span class=\"charts-mo\"> <\/span><span style=\"font-size:smaller;\">(9 Wo.)<\/span><span class=\"charts-mcb\">DE<\/span><\/td>\n<td><span class=\"charts-mc\"><a rel=\"mw:WikiLink\" href=\"https:\/\/de.wikipedia.org\/wiki\/\u00d63_Austria_Top_40\" title=\"\u00d63 Austria Top 40\" target=\"_new\" class=\"wiki-link\">AT<\/a><\/span><a rel=\"mw:WikiLink\" href=\"https:\/\/de.wikipedia.org\/wiki\/Liste_der_Nummer-eins-Hits_in_\u00d6sterreich_(2021)\" title=\"Liste der Nummer-eins-Hits in \u00d6sterreich (2021)\" target=\"_new\" class=\"wiki-link\"><b>1<\/b><\/a><br class=\"charts-hm\"\/><span class=\"charts-mo\"> <\/span><span style=\"font-size:smaller;\">(3 Wo.)<\/span><span class=\"charts-mcb\">AT<\/span><\/td>\n<td><span class=\"charts-mc\"><a rel=\"mw:WikiLink\" href=\"https:\/\/de.wikipedia.org\/wiki\/Schweizer_Hitparade\" title=\"Schweizer Hitparade\" target=\"_new\" class=\"wiki-link\">CH<\/a><\/span>2<br class=\"charts-hm\"\/><span class=\"charts-mo\"> <\/span><span style=\"font-size:smaller;\">(5 Wo.)<\/span><span class=\"charts-mcb\">CH<\/span><\/td>\n<td class=\"charts-cm\"><div>\nErstver\u00f6ffentlichung: 19. Februar 2021<\/div><\/td>\n<td><\/td><\/tr>\n<tr> \n <td class=\"charts-yy\">2025<\/td>\n<td>Lan Juks<br\/><span class=\"charts-add\">Essah Media (Sony)<\/span><\/td>\n<td><span class=\"charts-mc\"><a rel=\"mw:WikiLink\" href=\"https:\/\/de.wikipedia.org\/wiki\/Deutsche_Albumcharts\" title=\"Deutsche Albumcharts\" target=\"_new\" class=\"wiki-link\">DE<\/a><\/span>2<br class=\"charts-hm\"\/><span class=\"charts-mo\"> <\/span><span style=\"font-size:smaller;\">(3 Wo.)<\/span><span class=\"charts-mcb\">DE<\/span><\/td>\n<td><span class=\"charts-mc\"><a rel=\"mw:WikiLink\" href=\"https:\/\/de.wikipedia.org\/wiki\/\u00d63_Austria_Top_40\" title=\"\u00d63 Austria Top 40\" target=\"_new\" class=\"wiki-link\">AT<\/a><\/span>3<br class=\"charts-hm\"\/><span class=\"charts-mo\"> <\/span><span style=\"font-size:smaller;\">(2 Wo.)<\/span><span class=\"charts-mcb\">AT<\/span><\/td>\n<td><span class=\"charts-mc\"><a rel=\"mw:WikiLink\" href=\"https:\/\/de.wikipedia.org\/wiki\/Schweizer_Hitparade\" title=\"Schweizer Hitparade\" target=\"_new\" class=\"wiki-link\">CH<\/a><\/span>5<br class=\"charts-hm\"\/><span class=\"charts-mo\"> <\/span><span style=\"font-size:smaller;\">(2 Wo.)<\/span><span class=\"charts-mcb\">CH<\/span><\/td>\n<td class=\"charts-cm\"><div>\nErstver\u00f6ffentlichung: 2. Oktober 2025<\/div><\/td>\n<td><\/td><\/tr>\n \n<\/tbody><\/table>\n\n<\/section><section data-mw-section-id=\"10\" id=\"rdp-we-mwA2w\" aria-labelledby=\"Rezeption\"><div class=\"mw-heading mw-heading2\"><h2 id=\"rdp-we-Rezeption\">Rezeption<\/h2><\/div>\n<section data-mw-section-id=\"11\" id=\"rdp-we-mwA20\" aria-labelledby=\"Erfolge_und_Auszeichnungen\"><div class=\"mw-heading mw-heading3\"><h3 id=\"rdp-we-Erfolge_und_Auszeichnungen\">Erfolge und Auszeichnungen<\/h3><\/div>\n<figure class=\"mw-default-size\" typeof=\"mw:File\/Thumb\" id=\"rdp-we-mwA24\"><a href=\"https:\/\/de.wikipedia.org\/wiki\/Datei:Gold-_und_Platin-Verleihung_des_Albums_Gespaltene_Pers\u00f6nlichkeit.jpg\" class=\"mw-file-description wiki-link\" id=\"rdp-we-mwA28\" target=\"_new\"><img resource=\"https:\/\/de.wikipedia.org\/wiki\/Datei:Gold-_und_Platin-Verleihung_des_Albums_Gespaltene_Pers\u00f6nlichkeit.jpg\" src=\"https:\/\/thumb.wikimedia.org\/wikipedia\/commons\/thumb\/e\/ee\/Gold-_und_Platin-Verleihung_des_Albums_Gespaltene_Pers%C3%B6nlichkeit.jpg\/250px-Gold-_und_Platin-Verleihung_des_Albums_Gespaltene_Pers%C3%B6nlichkeit.jpg?utm_source=de.wikipedia.org&amp;utm_campaign=parser&amp;utm_content=thumbnail\" decoding=\"async\" loading=\"lazy\" data-file-type=\"bitmap\" height=\"147\" width=\"250\" class=\"mw-file-element\" id=\"rdp-we-mwA3A\"\/><\/a><figcaption id=\"rdp-we-mwA3E\">Gold- und Platin-Verleihung des Albums \u201eGespaltene Pers\u00f6nlichkeit\u201c<\/figcaption><\/figure>\n<p id=\"rdp-we-mwA3I\">Kool Savas erhielt sowohl f\u00fcr seine Verk\u00e4ufe als auch im Rahmen von Musikpreisen sowie bei Abstimmungen \u00fcber Bestenlisten Auszeichnungen. Bereits von seinem Deb\u00fctalbum <i id=\"rdp-we-mwA3M\">Der beste Tag meines Lebens<\/i> wurden mehr als 100.000 Einheiten verkauft.<sup about=\"#mwt241\" class=\"mw-ref reference\" id=\"rdp-we-cite_ref-103\" rel=\"dc:references\" typeof=\"mw:Extension\/ref\" data-mw='{\"name\":\"ref\",\"attrs\":{},\"body\":{\"id\":\"mw-reference-text-cite_note-103\"}}'><a href=\"#cite_note-103\" id=\"rdp-we-mwA3Q\"><span class=\"mw-reflink-text\" id=\"rdp-we-mwA3U\"><span class=\"cite-bracket\" id=\"rdp-we-mwA3Y\">[<\/span>103<span class=\"cite-bracket\" id=\"rdp-we-mwA3c\">]<\/span><\/span><\/a><\/sup> Savas\u2019 Soloalben, die Kollaborationsprojekte <i id=\"rdp-we-mwA3g\">One<\/i>, <i id=\"rdp-we-mwA3k\">Optik Takeover!<\/i> und <i id=\"rdp-we-mwA3o\">Gespaltene Pers\u00f6nlichkeit<\/i> sowie die Mixtapes <i id=\"rdp-we-mwA3s\">John Bello Story II<\/i> und <i id=\"rdp-we-mwA3w\">John Bello Story III<\/i> erreichten R\u00e4nge in den Top 10 der deutschen Album-Charts. Das dritte Album <i id=\"rdp-we-mwA30\">Aura<\/i> wurde im Dezember 2012 mit <a rel=\"mw:WikiLink\" href=\"https:\/\/de.wikipedia.org\/wiki\/Impala_(Verband)\" title=\"Impala (Verband)\" id=\"rdp-we-mwA34\" target=\"_new\" class=\"wiki-link\">Impala Gold<\/a> ausgezeichnet. Dieser wird an Ver\u00f6ffentlichungen von Independent-Labels verliehen, die 75.000 Verk\u00e4ufe aufweisen k\u00f6nnen.<sup about=\"#mwt243\" class=\"mw-ref reference\" id=\"rdp-we-cite_ref-Gold-Aura_104-0\" rel=\"dc:references\" typeof=\"mw:Extension\/ref\" data-mw='{\"name\":\"ref\",\"attrs\":{\"name\":\"Gold-Aura\"},\"body\":{\"id\":\"mw-reference-text-cite_note-Gold-Aura-104\"}}'><a href=\"#cite_note-Gold-Aura-104\" id=\"rdp-we-mwA38\"><span class=\"mw-reflink-text\" id=\"rdp-we-mwA4A\"><span class=\"cite-bracket\" id=\"rdp-we-mwA4E\">[<\/span>104<span class=\"cite-bracket\" id=\"rdp-we-mwA4I\">]<\/span><\/span><\/a><\/sup> Anfang 2013 wurde Savas f\u00fcr 100.000 verkaufte Einheiten seines Albums <i id=\"rdp-we-mwA4M\">Aura<\/i> mit einer <a rel=\"mw:WikiLink\" href=\"https:\/\/de.wikipedia.org\/wiki\/Goldene_Schallplatte\" title=\"Goldene Schallplatte\" id=\"rdp-we-mwA4Q\" target=\"_new\" class=\"wiki-link\">Goldenen Schallplatte<\/a> ausgezeichnet.<sup about=\"#mwt244\" class=\"mw-ref reference\" id=\"rdp-we-cite_ref-Gold-Aura_104-1\" rel=\"dc:references\" typeof=\"mw:Extension\/ref\" data-mw='{\"name\":\"ref\",\"attrs\":{\"name\":\"Gold-Aura\"}}'><a href=\"#cite_note-Gold-Aura-104\" id=\"rdp-we-mwA4U\"><span class=\"mw-reflink-text\" id=\"rdp-we-mwA4Y\"><span class=\"cite-bracket\" id=\"rdp-we-mwA4c\">[<\/span>104<span class=\"cite-bracket\" id=\"rdp-we-mwA4g\">]<\/span><\/span><\/a><\/sup> Seine gr\u00f6\u00dften kommerziellen Erfolge erzielte Kool Savas mit seiner Zusammenarbeit mit Xavier Naidoo. Das Album <i id=\"rdp-we-mwA4k\">Gespaltene Pers\u00f6nlichkeit<\/i> positionierte sich auf Rang eins der deutschen Album-Charts und wurde bereits nach einer Verkaufswoche mit einer Goldenen Schallplatte ausgezeichnet.<sup about=\"#mwt246\" class=\"mw-ref reference\" id=\"rdp-we-cite_ref-105\" rel=\"dc:references\" typeof=\"mw:Extension\/ref\" data-mw='{\"name\":\"ref\",\"attrs\":{},\"body\":{\"id\":\"mw-reference-text-cite_note-105\"}}'><a href=\"#cite_note-105\" id=\"rdp-we-mwA4o\"><span class=\"mw-reflink-text\" id=\"rdp-we-mwA4s\"><span class=\"cite-bracket\" id=\"rdp-we-mwA4w\">[<\/span>105<span class=\"cite-bracket\" id=\"rdp-we-mwA40\">]<\/span><\/span><\/a><\/sup> Drei Monate nach der Ver\u00f6ffentlichung wurde das 200.000 Album verkauft, was mit einer Platin-Schallplatte pr\u00e4miert wurde.<sup about=\"#mwt247\" class=\"mw-ref reference\" id=\"rdp-we-cite_ref-Platin_31-2\" rel=\"dc:references\" typeof=\"mw:Extension\/ref\" data-mw='{\"name\":\"ref\",\"attrs\":{\"name\":\"Platin\"}}'><a href=\"#cite_note-Platin-31\" id=\"rdp-we-mwA44\"><span class=\"mw-reflink-text\" id=\"rdp-we-mwA48\"><span class=\"cite-bracket\" id=\"rdp-we-mwA5A\">[<\/span>31<span class=\"cite-bracket\" id=\"rdp-we-mwA5E\">]<\/span><\/span><\/a><\/sup> In der Schweiz erreichte es nach 30.000 verkauften Einheiten Gold-Status. Auch in \u00d6sterreich erfolgte die Auszeichnung in Form einer Goldenen Schallplatte.<sup about=\"#mwt250\" class=\"mw-ref reference\" id=\"rdp-we-cite_ref-106\" rel=\"dc:references\" typeof=\"mw:Extension\/ref\" data-mw='{\"name\":\"ref\",\"attrs\":{},\"body\":{\"id\":\"mw-reference-text-cite_note-106\"}}'><a href=\"#cite_note-106\" id=\"rdp-we-mwA5I\"><span class=\"mw-reflink-text\" id=\"rdp-we-mwA5M\"><span class=\"cite-bracket\" id=\"rdp-we-mwA5Q\">[<\/span>106<span class=\"cite-bracket\" id=\"rdp-we-mwA5U\">]<\/span><\/span><\/a><\/sup><sup about=\"#mwt253\" class=\"mw-ref reference\" id=\"rdp-we-cite_ref-107\" rel=\"dc:references\" typeof=\"mw:Extension\/ref\" data-mw='{\"name\":\"ref\",\"attrs\":{},\"body\":{\"id\":\"mw-reference-text-cite_note-107\"}}'><a href=\"#cite_note-107\" id=\"rdp-we-mwA5Y\"><span class=\"mw-reflink-text\" id=\"rdp-we-mwA5c\"><span class=\"cite-bracket\" id=\"rdp-we-mwA5g\">[<\/span>107<span class=\"cite-bracket\" id=\"rdp-we-mwA5k\">]<\/span><\/span><\/a><\/sup><\/p>\n\n<p id=\"rdp-we-mwA5o\">Die bisher erfolgreichste Single Kool Savas\u2019 ist das St\u00fcck <i id=\"rdp-we-mwA5s\">Schau nicht mehr zur\u00fcck<\/i>. Bis Mitte Dezember 2012 wurden 150.000 Einheiten der Single in Deutschland verkauft. Damit ist <i id=\"rdp-we-mwA5w\">Schau nicht mehr zur\u00fcck<\/i> das erste Lied des Rappers, das eine Goldene Schallplatte erhielt. In der Schweiz erhielt die Single nach 15.000 Verk\u00e4ufen ebenfalls eine Goldene Schallplatte.<sup about=\"#mwt255\" class=\"mw-ref reference\" id=\"rdp-we-cite_ref-108\" rel=\"dc:references\" typeof=\"mw:Extension\/ref\" data-mw='{\"name\":\"ref\",\"attrs\":{},\"body\":{\"id\":\"mw-reference-text-cite_note-108\"}}'><a href=\"#cite_note-108\" id=\"rdp-we-mwA50\"><span class=\"mw-reflink-text\" id=\"rdp-we-mwA54\"><span class=\"cite-bracket\" id=\"rdp-we-mwA58\">[<\/span>108<span class=\"cite-bracket\" id=\"rdp-we-mwA6A\">]<\/span><\/span><\/a><\/sup> Sp\u00e4ter folgte durch den Verkauf von insgesamt 30.000 Einheiten der Single Platin-Status.<sup about=\"#mwt258\" class=\"mw-ref reference\" id=\"rdp-we-cite_ref-109\" rel=\"dc:references\" typeof=\"mw:Extension\/ref\" data-mw='{\"name\":\"ref\",\"attrs\":{},\"body\":{\"id\":\"mw-reference-text-cite_note-109\"}}'><a href=\"#cite_note-109\" id=\"rdp-we-mwA6E\"><span class=\"mw-reflink-text\" id=\"rdp-we-mwA6I\"><span class=\"cite-bracket\" id=\"rdp-we-mwA6M\">[<\/span>109<span class=\"cite-bracket\" id=\"rdp-we-mwA6Q\">]<\/span><\/span><\/a><\/sup><\/p>\n\n<p id=\"rdp-we-mwA6U\">Seinen ersten relevanten nationalen Musikpreis erhielt Kool Savas 2003 in Form des <a rel=\"mw:WikiLink\" href=\"https:\/\/de.wikipedia.org\/wiki\/VIVA_Comet_2003\" title=\"VIVA Comet 2003\" id=\"rdp-we-mwA6Y\" target=\"_new\" class=\"wiki-link\">VIVA Comets<\/a> in der Kategorie <i id=\"rdp-we-mwA6c\">Hip Hop national<\/i>.<sup about=\"#mwt260\" class=\"mw-ref reference\" id=\"rdp-we-cite_ref-110\" rel=\"dc:references\" typeof=\"mw:Extension\/ref\" data-mw='{\"name\":\"ref\",\"attrs\":{},\"body\":{\"id\":\"mw-reference-text-cite_note-110\"}}'><a href=\"#cite_note-110\" id=\"rdp-we-mwA6g\"><span class=\"mw-reflink-text\" id=\"rdp-we-mwA6k\"><span class=\"cite-bracket\" id=\"rdp-we-mwA6o\">[<\/span>110<span class=\"cite-bracket\" id=\"rdp-we-mwA6s\">]<\/span><\/span><\/a><\/sup> 2005 entwickelte sich sein Video zum Lied <i id=\"rdp-we-mwA6w\">Das Urteil<\/i> zu einem Erfolg auf dem Musiksender <a rel=\"mw:WikiLink\" href=\"https:\/\/de.wikipedia.org\/wiki\/MTV\" title=\"MTV\" id=\"rdp-we-mwA60\" target=\"_new\" class=\"wiki-link\">MTV<\/a>. Im Rahmen der Chartsendung <i id=\"rdp-we-mwA64\"><a rel=\"mw:WikiLink\" href=\"https:\/\/de.wikipedia.org\/wiki\/Total_Request_Live\" title=\"Total Request Live\" id=\"rdp-we-mwA68\" target=\"_new\" class=\"wiki-link\">Total Request Live<\/a><\/i> wurde das Musikvideo durch die Zuschauer in 20 Ausgaben der Show auf Platz eins gew\u00e4hlt. Dadurch erhielt der Rapper als erster Musiker die Auszeichnung <i id=\"rdp-we-mwA7A\">TRL Golden Tape<\/i> durch MTV.<sup about=\"#mwt261\" class=\"mw-ref reference\" id=\"rdp-we-cite_ref-Savas-Bio_5-4\" rel=\"dc:references\" typeof=\"mw:Extension\/ref\" data-mw='{\"name\":\"ref\",\"attrs\":{\"name\":\"Savas-Bio\"}}'><a href=\"#cite_note-Savas-Bio-5\" id=\"rdp-we-mwA7E\"><span class=\"mw-reflink-text\" id=\"rdp-we-mwA7I\"><span class=\"cite-bracket\" id=\"rdp-we-mwA7M\">[<\/span>5<span class=\"cite-bracket\" id=\"rdp-we-mwA7Q\">]<\/span><\/span><\/a><\/sup> Die medial gr\u00f6\u00dfte Aufmerksamkeit erzeugte der Gewinn des Musikwettbewerbs <a rel=\"mw:WikiLink\" href=\"https:\/\/de.wikipedia.org\/wiki\/Bundesvision_Song_Contest\" title=\"Bundesvision Song Contest\" id=\"rdp-we-mwA7U\" target=\"_new\" class=\"wiki-link\">Bundesvision Song Contest<\/a> im Jahr 2012. An diesem hatten Kool Savas und Xavier Naidoo mit ihrem Song <i id=\"rdp-we-mwA7Y\">Schau nicht mehr zur\u00fcck<\/i> teilgenommen.<sup about=\"#mwt263\" class=\"mw-ref reference\" id=\"rdp-we-cite_ref-111\" rel=\"dc:references\" typeof=\"mw:Extension\/ref\" data-mw='{\"name\":\"ref\",\"attrs\":{},\"body\":{\"id\":\"mw-reference-text-cite_note-111\"}}'><a href=\"#cite_note-111\" id=\"rdp-we-mwA7c\"><span class=\"mw-reflink-text\" id=\"rdp-we-mwA7g\"><span class=\"cite-bracket\" id=\"rdp-we-mwA7k\">[<\/span>111<span class=\"cite-bracket\" id=\"rdp-we-mwA7o\">]<\/span><\/span><\/a><\/sup> Dar\u00fcber hinaus erhielt Savas bislang sechs Nominierungen f\u00fcr den <a rel=\"mw:WikiLink\" href=\"https:\/\/de.wikipedia.org\/wiki\/Echo_(Musikpreis)\" title=\"Echo (Musikpreis)\" id=\"rdp-we-mwA7s\" target=\"_new\" class=\"wiki-link\">Echo<\/a>. <a rel=\"mw:WikiLink\" href=\"https:\/\/de.wikipedia.org\/wiki\/Echoverleihung_2003\" title=\"Echoverleihung 2003\" id=\"rdp-we-mwA7w\" target=\"_new\" class=\"wiki-link\">2003<\/a>, <a rel=\"mw:WikiLink\" href=\"https:\/\/de.wikipedia.org\/wiki\/Echoverleihung_2004\" title=\"Echoverleihung 2004\" id=\"rdp-we-mwA70\" target=\"_new\" class=\"wiki-link\">2004<\/a>, <a rel=\"mw:WikiLink\" href=\"https:\/\/de.wikipedia.org\/wiki\/Echoverleihung_2005\" title=\"Echoverleihung 2005\" id=\"rdp-we-mwA74\" target=\"_new\" class=\"wiki-link\">2005<\/a> und <a rel=\"mw:WikiLink\" href=\"https:\/\/de.wikipedia.org\/wiki\/Echoverleihung_2012\" title=\"Echoverleihung 2012\" id=\"rdp-we-mwA78\" target=\"_new\" class=\"wiki-link\">2012<\/a> war er als Solok\u00fcnstler in der Kategorie <i id=\"rdp-we-mwA8A\">K\u00fcnstler\/K\u00fcnstlerin\/Gruppe HipHop National<\/i> vertreten.<sup about=\"#mwt266\" class=\"mw-ref reference\" id=\"rdp-we-cite_ref-112\" rel=\"dc:references\" typeof=\"mw:Extension\/ref\" data-mw='{\"name\":\"ref\",\"attrs\":{},\"body\":{\"id\":\"mw-reference-text-cite_note-112\"}}'><a href=\"#cite_note-112\" id=\"rdp-we-mwA8E\"><span class=\"mw-reflink-text\" id=\"rdp-we-mwA8I\"><span class=\"cite-bracket\" id=\"rdp-we-mwA8M\">[<\/span>112<span class=\"cite-bracket\" id=\"rdp-we-mwA8Q\">]<\/span><\/span><\/a><\/sup><sup about=\"#mwt268\" class=\"mw-ref reference\" id=\"rdp-we-cite_ref-113\" rel=\"dc:references\" typeof=\"mw:Extension\/ref\" data-mw='{\"name\":\"ref\",\"attrs\":{},\"body\":{\"id\":\"mw-reference-text-cite_note-113\"}}'><a href=\"#cite_note-113\" id=\"rdp-we-mwA8U\"><span class=\"mw-reflink-text\" id=\"rdp-we-mwA8Y\"><span class=\"cite-bracket\" id=\"rdp-we-mwA8c\">[<\/span>113<span class=\"cite-bracket\" id=\"rdp-we-mwA8g\">]<\/span><\/span><\/a><\/sup><sup about=\"#mwt271\" class=\"mw-ref reference\" id=\"rdp-we-cite_ref-114\" rel=\"dc:references\" typeof=\"mw:Extension\/ref\" data-mw='{\"name\":\"ref\",\"attrs\":{},\"body\":{\"id\":\"mw-reference-text-cite_note-114\"}}'><a href=\"#cite_note-114\" id=\"rdp-we-mwA8k\"><span class=\"mw-reflink-text\" id=\"rdp-we-mwA8o\"><span class=\"cite-bracket\" id=\"rdp-we-mwA8s\">[<\/span>114<span class=\"cite-bracket\" id=\"rdp-we-mwA8w\">]<\/span><\/span><\/a><\/sup><sup about=\"#mwt273\" class=\"mw-ref reference\" id=\"rdp-we-cite_ref-115\" rel=\"dc:references\" typeof=\"mw:Extension\/ref\" data-mw='{\"name\":\"ref\",\"attrs\":{},\"body\":{\"id\":\"mw-reference-text-cite_note-115\"}}'><a href=\"#cite_note-115\" id=\"rdp-we-mwA80\"><span class=\"mw-reflink-text\" id=\"rdp-we-mwA84\"><span class=\"cite-bracket\" id=\"rdp-we-mwA88\">[<\/span>115<span class=\"cite-bracket\" id=\"rdp-we-mwA9A\">]<\/span><\/span><\/a><\/sup> Gemeinsam mit Azad erfolgte eine Nominierung <a rel=\"mw:WikiLink\" href=\"https:\/\/de.wikipedia.org\/wiki\/Echoverleihung_2006\" title=\"Echoverleihung 2006\" id=\"rdp-we-mwA9E\" target=\"_new\" class=\"wiki-link\">2006<\/a> und mit Xavier Naidoo <a rel=\"mw:WikiLink\" href=\"https:\/\/de.wikipedia.org\/wiki\/Echoverleihung_2013\" title=\"Echoverleihung 2013\" id=\"rdp-we-mwA9I\" target=\"_new\" class=\"wiki-link\">2013<\/a>.<sup about=\"#mwt276\" class=\"mw-ref reference\" id=\"rdp-we-cite_ref-116\" rel=\"dc:references\" typeof=\"mw:Extension\/ref\" data-mw='{\"name\":\"ref\",\"attrs\":{},\"body\":{\"id\":\"mw-reference-text-cite_note-116\"}}'><a href=\"#cite_note-116\" id=\"rdp-we-mwA9M\"><span class=\"mw-reflink-text\" id=\"rdp-we-mwA9Q\"><span class=\"cite-bracket\" id=\"rdp-we-mwA9U\">[<\/span>116<span class=\"cite-bracket\" id=\"rdp-we-mwA9Y\">]<\/span><\/span><\/a><\/sup><sup about=\"#mwt278\" class=\"mw-ref reference\" id=\"rdp-we-cite_ref-117\" rel=\"dc:references\" typeof=\"mw:Extension\/ref\" data-mw='{\"name\":\"ref\",\"attrs\":{},\"body\":{\"id\":\"mw-reference-text-cite_note-117\"}}'><a href=\"#cite_note-117\" id=\"rdp-we-mwA9c\"><span class=\"mw-reflink-text\" id=\"rdp-we-mwA9g\"><span class=\"cite-bracket\" id=\"rdp-we-mwA9k\">[<\/span>117<span class=\"cite-bracket\" id=\"rdp-we-mwA9o\">]<\/span><\/span><\/a><\/sup><\/p>\n\n<p id=\"rdp-we-mwA9s\">Bei den j\u00e4hrlich verliehenen <a rel=\"mw:WikiLink\" href=\"https:\/\/de.wikipedia.org\/wiki\/Hiphop.de_Awards\" title=\"Hiphop.de Awards\" class=\"mw-redirect wiki-link\" id=\"rdp-we-mwA9w\" target=\"_new\">Hiphop.de Awards<\/a> z\u00e4hlt Kool Savas regelm\u00e4\u00dfig zu den Gewinnern. 2005 gewann er in den Kategorien <i id=\"rdp-we-mwA90\">Bester Rapper National<\/i>, <i id=\"rdp-we-mwA94\">Bestes Video National<\/i> f\u00fcr <i id=\"rdp-we-mwA98\"><a rel=\"mw:WikiLink\" href=\"https:\/\/de.wikipedia.org\/wiki\/Das_Urteil_(Lied)\" title=\"Das Urteil (Lied)\" id=\"rdp-we-mwA-A\" target=\"_new\" class=\"wiki-link\">Das Urteil<\/a><\/i>, <i id=\"rdp-we-mwA-E\">Bestes Mixtape National<\/i> f\u00fcr <i id=\"rdp-we-mwA-I\"><a rel=\"mw:WikiLink\" href=\"https:\/\/de.wikipedia.org\/wiki\/Die_John_Bello_Story\" title=\"Die John Bello Story\" id=\"rdp-we-mwA-M\" target=\"_new\" class=\"wiki-link\">Die John Bello Story<\/a><\/i> und <i id=\"rdp-we-mwA-Q\">Beste Punchline<\/i>. Ein Jahr sp\u00e4ter erhielt er den Preis f\u00fcr die <i id=\"rdp-we-mwA-U\">Beste Single National<\/i> f\u00fcr <i id=\"rdp-we-mwA-Y\">Komm mit mir<\/i> mit <a rel=\"mw:WikiLink\" href=\"https:\/\/de.wikipedia.org\/wiki\/Ercandize\" title=\"Ercandize\" id=\"rdp-we-mwA-c\" target=\"_new\" class=\"wiki-link\">Ercandize<\/a> und das <i id=\"rdp-we-mwA-g\">Beste Video National<\/i> f\u00fcr <i id=\"rdp-we-mwA-k\">Das ist OR<\/i>.<sup about=\"#mwt280\" class=\"mw-ref reference\" id=\"rdp-we-cite_ref-118\" rel=\"dc:references\" typeof=\"mw:Extension\/ref\" data-mw='{\"name\":\"ref\",\"attrs\":{},\"body\":{\"id\":\"mw-reference-text-cite_note-118\"}}'><a href=\"#cite_note-118\" id=\"rdp-we-mwA-o\"><span class=\"mw-reflink-text\" id=\"rdp-we-mwA-s\"><span class=\"cite-bracket\" id=\"rdp-we-mwA-w\">[<\/span>118<span class=\"cite-bracket\" id=\"rdp-we-mwA-0\">]<\/span><\/span><\/a><\/sup> 2007 zeichnete ihn die Seite als <i id=\"rdp-we-mwA-4\">Bester Rap-Solo-Act National<\/i>, f\u00fcr das Beste Album National f\u00fcr <i id=\"rdp-we-mwA-8\">Tot oder Lebendig<\/i> und f\u00fcr die <i id=\"rdp-we-mwA_A\">Beste Punchline<\/i> aus.<sup about=\"#mwt282\" class=\"mw-ref reference\" id=\"rdp-we-cite_ref-119\" rel=\"dc:references\" typeof=\"mw:Extension\/ref\" data-mw='{\"name\":\"ref\",\"attrs\":{},\"body\":{\"id\":\"mw-reference-text-cite_note-119\"}}'><a href=\"#cite_note-119\" id=\"rdp-we-mwA_E\"><span class=\"mw-reflink-text\" id=\"rdp-we-mwA_I\"><span class=\"cite-bracket\" id=\"rdp-we-mwA_M\">[<\/span>119<span class=\"cite-bracket\" id=\"rdp-we-mwA_Q\">]<\/span><\/span><\/a><\/sup> Es folgten die Preise f\u00fcr <i id=\"rdp-we-mwA_U\">Bester Rap-Solo-Act National<\/i>, <i id=\"rdp-we-mwA_Y\">Beste Single National<\/i> und <i id=\"rdp-we-mwA_c\">Bestes Video National<\/i> f\u00fcr <i id=\"rdp-we-mwA_g\">Der Beweis 2 (Mammut Remix)<\/i> und <i id=\"rdp-we-mwA_k\">Bestes Album National<\/i> f\u00fcr <i id=\"rdp-we-mwA_o\">John Bello Story 2<\/i> im Jahr 2008 sowie f\u00fcr <i id=\"rdp-we-mwA_s\">Bester Rap-Solo-Act National<\/i> und <i id=\"rdp-we-mwA_w\">Bestes Album National<\/i> f\u00fcr <i id=\"rdp-we-mwA_0\">John Bello Story 2 (Brainwash Edition)<\/i> 2009.<sup about=\"#mwt285\" class=\"mw-ref reference\" id=\"rdp-we-cite_ref-120\" rel=\"dc:references\" typeof=\"mw:Extension\/ref\" data-mw='{\"name\":\"ref\",\"attrs\":{},\"body\":{\"id\":\"mw-reference-text-cite_note-120\"}}'><a href=\"#cite_note-120\" id=\"rdp-we-mwA_4\"><span class=\"mw-reflink-text\" id=\"rdp-we-mwA_8\"><span class=\"cite-bracket\" id=\"rdp-we-mwBAA\">[<\/span>120<span class=\"cite-bracket\" id=\"rdp-we-mwBAE\">]<\/span><\/span><\/a><\/sup><sup about=\"#mwt287\" class=\"mw-ref reference\" id=\"rdp-we-cite_ref-121\" rel=\"dc:references\" typeof=\"mw:Extension\/ref\" data-mw='{\"name\":\"ref\",\"attrs\":{},\"body\":{\"id\":\"mw-reference-text-cite_note-121\"}}'><a href=\"#cite_note-121\" id=\"rdp-we-mwBAI\"><span class=\"mw-reflink-text\" id=\"rdp-we-mwBAM\"><span class=\"cite-bracket\" id=\"rdp-we-mwBAQ\">[<\/span>121<span class=\"cite-bracket\" id=\"rdp-we-mwBAU\">]<\/span><\/span><\/a><\/sup> Im folgenden Jahr gewann Savas die Preise <i id=\"rdp-we-mwBAY\">Beste Single National<\/i> f\u00fcr <i id=\"rdp-we-mwBAc\">Immer wenn ich rhyme<\/i>, <i id=\"rdp-we-mwBAg\">Bester Live-Act National<\/i> und <i id=\"rdp-we-mwBAk\">Bester Rap-Solo-Act National<\/i>.<sup about=\"#mwt289\" class=\"mw-ref reference\" id=\"rdp-we-cite_ref-122\" rel=\"dc:references\" typeof=\"mw:Extension\/ref\" data-mw='{\"name\":\"ref\",\"attrs\":{},\"body\":{\"id\":\"mw-reference-text-cite_note-122\"}}'><a href=\"#cite_note-122\" id=\"rdp-we-mwBAo\"><span class=\"mw-reflink-text\" id=\"rdp-we-mwBAs\"><span class=\"cite-bracket\" id=\"rdp-we-mwBAw\">[<\/span>122<span class=\"cite-bracket\" id=\"rdp-we-mwBA0\">]<\/span><\/span><\/a><\/sup> Es folgten 2011 die Auszeichnungen <i id=\"rdp-we-mwBA4\">Beste Single National<\/i> f\u00fcr <i id=\"rdp-we-mwBA8\">Aura<\/i>, <i id=\"rdp-we-mwBBA\">Bestes Album National<\/i> f\u00fcr <i id=\"rdp-we-mwBBE\">Aura<\/i> und <i id=\"rdp-we-mwBBI\">Bester Rap-Solo-Act National<\/i> sowie 2012 <i id=\"rdp-we-mwBBM\">Bester Rap-Solo-Act National<\/i> und <i id=\"rdp-we-mwBBQ\">Lebenswerk National<\/i>.<sup about=\"#mwt291\" class=\"mw-ref reference\" id=\"rdp-we-cite_ref-123\" rel=\"dc:references\" typeof=\"mw:Extension\/ref\" data-mw='{\"name\":\"ref\",\"attrs\":{},\"body\":{\"id\":\"mw-reference-text-cite_note-123\"}}'><a href=\"#cite_note-123\" id=\"rdp-we-mwBBU\"><span class=\"mw-reflink-text\" id=\"rdp-we-mwBBY\"><span class=\"cite-bracket\" id=\"rdp-we-mwBBc\">[<\/span>123<span class=\"cite-bracket\" id=\"rdp-we-mwBBg\">]<\/span><\/span><\/a><\/sup><sup about=\"#mwt293\" class=\"mw-ref reference\" id=\"rdp-we-cite_ref-124\" rel=\"dc:references\" typeof=\"mw:Extension\/ref\" data-mw='{\"name\":\"ref\",\"attrs\":{},\"body\":{\"id\":\"mw-reference-text-cite_note-124\"}}'><a href=\"#cite_note-124\" id=\"rdp-we-mwBBk\"><span class=\"mw-reflink-text\" id=\"rdp-we-mwBBo\"><span class=\"cite-bracket\" id=\"rdp-we-mwBBs\">[<\/span>124<span class=\"cite-bracket\" id=\"rdp-we-mwBBw\">]<\/span><\/span><\/a><\/sup> 2013 zeichnete ihn Hiphop.de als <i id=\"rdp-we-mwBB0\">Bester Live-Act National<\/i> aus.<sup about=\"#mwt295\" class=\"mw-ref reference\" id=\"rdp-we-cite_ref-125\" rel=\"dc:references\" typeof=\"mw:Extension\/ref\" data-mw='{\"name\":\"ref\",\"attrs\":{},\"body\":{\"id\":\"mw-reference-text-cite_note-125\"}}'><a href=\"#cite_note-125\" id=\"rdp-we-mwBB4\"><span class=\"mw-reflink-text\" id=\"rdp-we-mwBB8\"><span class=\"cite-bracket\" id=\"rdp-we-mwBCA\">[<\/span>125<span class=\"cite-bracket\" id=\"rdp-we-mwBCE\">]<\/span><\/span><\/a><\/sup> Ein Jahr sp\u00e4ter folgte die Auszeichnung f\u00fcr die <i id=\"rdp-we-mwBCI\">Beste Punchline<\/i>.<sup about=\"#mwt297\" class=\"mw-ref reference\" id=\"rdp-we-cite_ref-126\" rel=\"dc:references\" typeof=\"mw:Extension\/ref\" data-mw='{\"name\":\"ref\",\"attrs\":{},\"body\":{\"id\":\"mw-reference-text-cite_note-126\"}}'><a href=\"#cite_note-126\" id=\"rdp-we-mwBCM\"><span class=\"mw-reflink-text\" id=\"rdp-we-mwBCQ\"><span class=\"cite-bracket\" id=\"rdp-we-mwBCU\">[<\/span>126<span class=\"cite-bracket\" id=\"rdp-we-mwBCY\">]<\/span><\/span><\/a><\/sup> 2015, 2016 und 2022 folgten jeweils die Preise als <i id=\"rdp-we-mwBCc\">Bester Live-Act National<\/i>.<sup about=\"#mwt299\" class=\"mw-ref reference\" id=\"rdp-we-cite_ref-127\" rel=\"dc:references\" typeof=\"mw:Extension\/ref\" data-mw='{\"name\":\"ref\",\"attrs\":{},\"body\":{\"id\":\"mw-reference-text-cite_note-127\"}}'><a href=\"#cite_note-127\" id=\"rdp-we-mwBCg\"><span class=\"mw-reflink-text\" id=\"rdp-we-mwBCk\"><span class=\"cite-bracket\" id=\"rdp-we-mwBCo\">[<\/span>127<span class=\"cite-bracket\" id=\"rdp-we-mwBCs\">]<\/span><\/span><\/a><\/sup><sup about=\"#mwt301\" class=\"mw-ref reference\" id=\"rdp-we-cite_ref-128\" rel=\"dc:references\" typeof=\"mw:Extension\/ref\" data-mw='{\"name\":\"ref\",\"attrs\":{},\"body\":{\"id\":\"mw-reference-text-cite_note-128\"}}'><a href=\"#cite_note-128\" id=\"rdp-we-mwBCw\"><span class=\"mw-reflink-text\" id=\"rdp-we-mwBC0\"><span class=\"cite-bracket\" id=\"rdp-we-mwBC4\">[<\/span>128<span class=\"cite-bracket\" id=\"rdp-we-mwBC8\">]<\/span><\/span><\/a><\/sup><sup about=\"#mwt303\" class=\"mw-ref reference\" id=\"rdp-we-cite_ref-129\" rel=\"dc:references\" typeof=\"mw:Extension\/ref\" data-mw='{\"name\":\"ref\",\"attrs\":{},\"body\":{\"id\":\"mw-reference-text-cite_note-129\"}}'><a href=\"#cite_note-129\" id=\"rdp-we-mwBDA\"><span class=\"mw-reflink-text\" id=\"rdp-we-mwBDE\"><span class=\"cite-bracket\" id=\"rdp-we-mwBDI\">[<\/span>129<span class=\"cite-bracket\" id=\"rdp-we-mwBDM\">]<\/span><\/span><\/a><\/sup><\/p>\n\n<\/section><section data-mw-section-id=\"12\" id=\"rdp-we-mwBDQ\" aria-labelledby=\"Kontroversen_und_Indizierungen\"><div class=\"mw-heading mw-heading3\"><h3 id=\"rdp-we-Kontroversen_und_Indizierungen\">Kontroversen und Indizierungen<\/h3><\/div>\n<figure class=\"mw-default-size\" typeof=\"mw:File\/Thumb\" id=\"rdp-we-mwBDU\"><a href=\"https:\/\/de.wikipedia.org\/wiki\/Datei:Pressefoto_-_Kool_Savas_-_Aura_-_4.jpg\" class=\"mw-file-description wiki-link\" id=\"rdp-we-mwBDY\" target=\"_new\"><img resource=\"https:\/\/de.wikipedia.org\/wiki\/Datei:Pressefoto_-_Kool_Savas_-_Aura_-_4.jpg\" src=\"https:\/\/thumb.wikimedia.org\/wikipedia\/commons\/thumb\/f\/f0\/Pressefoto_-_Kool_Savas_-_Aura_-_4.jpg\/250px-Pressefoto_-_Kool_Savas_-_Aura_-_4.jpg?utm_source=de.wikipedia.org&amp;utm_campaign=parser&amp;utm_content=thumbnail\" decoding=\"async\" loading=\"lazy\" data-file-type=\"bitmap\" height=\"375\" width=\"250\" class=\"mw-file-element\" id=\"rdp-we-mwBDc\"\/><\/a><figcaption id=\"rdp-we-mwBDg\">Kool Savas (2011)<\/figcaption><\/figure>\n<p id=\"rdp-we-mwBDk\">Die Texte Savas\u2019 waren des \u00d6fteren Ausl\u00f6ser von Kontroversen. Insbesondere zu Beginn seiner T\u00e4tigkeit als Rapper wurden seine Texte in den Medien als pornografisch, frauenverachtend und <a rel=\"mw:WikiLink\" href=\"https:\/\/de.wikipedia.org\/wiki\/Homophobie\" title=\"Homophobie\" id=\"rdp-we-mwBDo\" target=\"_new\" class=\"wiki-link\">homophob<\/a> aufgenommen. So wurden etwa die Verse \u201eNutte, blas zu Ende, meine Zeit ist knapp bemessen. Deine Mutter wartet drau\u00dfen und will Penis in die Fresse\u201c aus dem Lied <i id=\"rdp-we-mwBDs\">Ihr m\u00fcsst noch \u00fcben<\/i> exemplarisch f\u00fcr <a rel=\"mw:WikiLink\" href=\"https:\/\/de.wikipedia.org\/wiki\/Misogynie\" title=\"Misogynie\" id=\"rdp-we-mwBDw\" target=\"_new\" class=\"wiki-link\">Misogynie<\/a> in Savas\u2019 Texten hervorgehoben.<sup about=\"#mwt304\" class=\"mw-ref reference\" id=\"rdp-we-cite_ref-Allesreal_79-1\" rel=\"dc:references\" typeof=\"mw:Extension\/ref\" data-mw='{\"name\":\"ref\",\"attrs\":{\"name\":\"Allesreal\"}}'><a href=\"#cite_note-Allesreal-79\" id=\"rdp-we-mwBD0\"><span class=\"mw-reflink-text\" id=\"rdp-we-mwBD4\"><span class=\"cite-bracket\" id=\"rdp-we-mwBD8\">[<\/span>79<span class=\"cite-bracket\" id=\"rdp-we-mwBEA\">]<\/span><\/span><\/a><\/sup><sup about=\"#mwt306\" class=\"mw-ref reference\" id=\"rdp-we-cite_ref-130\" rel=\"dc:references\" typeof=\"mw:Extension\/ref\" data-mw='{\"name\":\"ref\",\"attrs\":{},\"body\":{\"id\":\"mw-reference-text-cite_note-130\"}}'><a href=\"#cite_note-130\" id=\"rdp-we-mwBEE\"><span class=\"mw-reflink-text\" id=\"rdp-we-mwBEI\"><span class=\"cite-bracket\" id=\"rdp-we-mwBEM\">[<\/span>130<span class=\"cite-bracket\" id=\"rdp-we-mwBEQ\">]<\/span><\/span><\/a><\/sup> Dadurch entwickelte er sich zu einem der kontroversesten Rapper Deutschlands. Neben Medien-Vertretern und Frauenverb\u00e4nden griffen auch Mitglieder der Hip-Hop-Szene wie <a rel=\"mw:WikiLink\" href=\"https:\/\/de.wikipedia.org\/wiki\/Hannes_Loh\" title=\"Hannes Loh\" id=\"rdp-we-mwBEU\" target=\"_new\" class=\"wiki-link\">Hannes Loh<\/a> den Rapper an. Im Fokus der Kritik standen die 2000 ver\u00f6ffentlichten St\u00fccke <i id=\"rdp-we-mwBEY\">LMS<\/i> und <i id=\"rdp-we-mwBEc\">Schwule Rapper<\/i> sowie die EP <i id=\"rdp-we-mwBEg\">Warum rappst Du?<\/i>. Hannes Loh bezeichnete Savas 2002 als \u201eWegbereiter einer sexistischen und homophoben Sprache in den Hip-Hop-Texten.\u201c Die von Savas vorangetriebene Entwicklung des \u201eneuen deutschen Battle-Raps\u201c ersetzte laut Loh das urspr\u00fcngliche \u201erespektvolle Gegeneinander\u201c des Hip-Hops durch den \u201evermeintlichen Tabubruch um jeden Preis, der jede Form von Erniedrigung durch Beleidigung\u201c zulasse.<sup about=\"#mwt307\" class=\"mw-ref reference\" id=\"rdp-we-cite_ref-Loh_131-0\" rel=\"dc:references\" typeof=\"mw:Extension\/ref\" data-mw='{\"name\":\"ref\",\"attrs\":{\"name\":\"Loh\"},\"body\":{\"id\":\"mw-reference-text-cite_note-Loh-131\"}}'><a href=\"#cite_note-Loh-131\" id=\"rdp-we-mwBEk\"><span class=\"mw-reflink-text\" id=\"rdp-we-mwBEo\"><span class=\"cite-bracket\" id=\"rdp-we-mwBEs\">[<\/span>131<span class=\"cite-bracket\" id=\"rdp-we-mwBEw\">]<\/span><\/span><\/a><\/sup><\/p>\n\n<p id=\"rdp-we-mwBE0\">Das St\u00fcck <i id=\"rdp-we-mwBE4\">Schwule Rapper<\/i> wurde sowohl im Hinblick auf Homophobie als auch auf die textliche Verkn\u00fcpfung von Sex und Gewalt kritisiert. Aufgrund der szeneinternen Anerkennung des Lieds wurde, so die Rapperin <a rel=\"mw:WikiLink\" href=\"https:\/\/de.wikipedia.org\/wiki\/Sookee\" title=\"Sookee\" id=\"rdp-we-mwBE8\" target=\"_new\" class=\"wiki-link\">Sookee<\/a>, die \u201esexistische Sprache und der Ausdruck \u201a<a rel=\"mw:WikiLink\" href=\"https:\/\/de.wikipedia.org\/wiki\/Schwul\" title=\"Schwul\" id=\"rdp-we-mwBFA\" target=\"_new\" class=\"wiki-link\">schwul<\/a>\u2018 als <a rel=\"mw:WikiLink\" href=\"https:\/\/de.wikipedia.org\/wiki\/Pejorativum\" title=\"Pejorativum\" id=\"rdp-we-mwBFE\" target=\"_new\" class=\"wiki-link\">pejoratives<\/a> Adjektiv in der [\u2026] Jugendsprache trivialisiert und etabliert.\u201c<sup about=\"#mwt308\" class=\"mw-ref reference\" id=\"rdp-we-cite_ref-132\" rel=\"dc:references\" typeof=\"mw:Extension\/ref\" data-mw='{\"name\":\"ref\",\"attrs\":{},\"body\":{\"id\":\"mw-reference-text-cite_note-132\"}}'><a href=\"#cite_note-132\" id=\"rdp-we-mwBFI\"><span class=\"mw-reflink-text\" id=\"rdp-we-mwBFM\"><span class=\"cite-bracket\" id=\"rdp-we-mwBFQ\">[<\/span>132<span class=\"cite-bracket\" id=\"rdp-we-mwBFU\">]<\/span><\/span><\/a><\/sup> Die Kritik an Teilen von Savas\u2019 Fr\u00fchwerk f\u00fchrte zur \u00dcberpr\u00fcfung der Lieder durch die <a rel=\"mw:WikiLink\" href=\"https:\/\/de.wikipedia.org\/wiki\/Bundespr\u00fcfstelle_f\u00fcr_jugendgef\u00e4hrdende_Medien\" title=\"Bundespr\u00fcfstelle f\u00fcr jugendgef\u00e4hrdende Medien\" class=\"mw-redirect wiki-link\" id=\"rdp-we-mwBFY\" target=\"_new\">Bundespr\u00fcfstelle f\u00fcr jugendgef\u00e4hrdende Medien<\/a>. Am 31. M\u00e4rz 2001 wurde die EP <i id=\"rdp-we-mwBFc\">Warum rappst Du?<\/i> indiziert, womit sie nicht mehr an Jugendliche unter 18 Jahren verkauft oder beworben werden darf.<sup about=\"#mwt310\" class=\"mw-ref reference\" id=\"rdp-we-cite_ref-BPjM_133-0\" rel=\"dc:references\" typeof=\"mw:Extension\/ref\" data-mw='{\"name\":\"ref\",\"attrs\":{\"name\":\"BPjM\"},\"body\":{\"id\":\"mw-reference-text-cite_note-BPjM-133\"}}'><a href=\"#cite_note-BPjM-133\" id=\"rdp-we-mwBFg\"><span class=\"mw-reflink-text\" id=\"rdp-we-mwBFk\"><span class=\"cite-bracket\" id=\"rdp-we-mwBFo\">[<\/span>133<span class=\"cite-bracket\" id=\"rdp-we-mwBFs\">]<\/span><\/span><\/a><\/sup> Als indizierungsrelevant gab die Pr\u00fcfstelle die St\u00fccke <i id=\"rdp-we-mwBFw\">Pimplegioneah<\/i>, <i id=\"rdp-we-mwBF0\">16\/2<\/i> und <i id=\"rdp-we-mwBF4\">Warum rappst Du?<\/i> an.<sup about=\"#mwt311\" class=\"mw-ref reference\" id=\"rdp-we-cite_ref-BPjM-Relevanz_134-0\" rel=\"dc:references\" typeof=\"mw:Extension\/ref\" data-mw='{\"name\":\"ref\",\"attrs\":{\"name\":\"BPjM-Relevanz\"},\"body\":{\"id\":\"mw-reference-text-cite_note-BPjM-Relevanz-134\"}}'><a href=\"#cite_note-BPjM-Relevanz-134\" id=\"rdp-we-mwBF8\"><span class=\"mw-reflink-text\" id=\"rdp-we-mwBGA\"><span class=\"cite-bracket\" id=\"rdp-we-mwBGE\">[<\/span>134<span class=\"cite-bracket\" id=\"rdp-we-mwBGI\">]<\/span><\/span><\/a><\/sup> Die Single <i id=\"rdp-we-mwBGM\">LMS<\/i> wurde am 31. Juli 2001 ebenfalls indiziert.<sup about=\"#mwt312\" class=\"mw-ref reference\" id=\"rdp-we-cite_ref-BPjM_133-1\" rel=\"dc:references\" typeof=\"mw:Extension\/ref\" data-mw='{\"name\":\"ref\",\"attrs\":{\"name\":\"BPjM\"}}'><a href=\"#cite_note-BPjM-133\" id=\"rdp-we-mwBGQ\"><span class=\"mw-reflink-text\" id=\"rdp-we-mwBGU\"><span class=\"cite-bracket\" id=\"rdp-we-mwBGY\">[<\/span>133<span class=\"cite-bracket\" id=\"rdp-we-mwBGc\">]<\/span><\/span><\/a><\/sup> Neben dem Lied <i id=\"rdp-we-mwBGg\">LMS<\/i> ist dabei auch der Song <i id=\"rdp-we-mwBGk\">Schwule Rapper<\/i> betroffen.<sup about=\"#mwt313\" class=\"mw-ref reference\" id=\"rdp-we-cite_ref-BPjM-Relevanz_134-1\" rel=\"dc:references\" typeof=\"mw:Extension\/ref\" data-mw='{\"name\":\"ref\",\"attrs\":{\"name\":\"BPjM-Relevanz\"}}'><a href=\"#cite_note-BPjM-Relevanz-134\" id=\"rdp-we-mwBGo\"><span class=\"mw-reflink-text\" id=\"rdp-we-mwBGs\"><span class=\"cite-bracket\" id=\"rdp-we-mwBGw\">[<\/span>134<span class=\"cite-bracket\" id=\"rdp-we-mwBG0\">]<\/span><\/span><\/a><\/sup> 2005 distanzierte sich Kool Savas von seinen fr\u00fcheren Texten. Insbesondere in Bezug auf frauenfeindliche Passagen strebe er nicht an, dass seine H\u00f6rer durch diese dahingehend beeinflusst werden, eine respektlose Einstellung gegen\u00fcber Frauen zu entwickeln.<sup about=\"#mwt314\" class=\"mw-ref reference\" id=\"rdp-we-cite_ref-135\" rel=\"dc:references\" typeof=\"mw:Extension\/ref\" data-mw='{\"name\":\"ref\",\"attrs\":{},\"body\":{\"id\":\"mw-reference-text-cite_note-135\"}}'><a href=\"#cite_note-135\" id=\"rdp-we-mwBG4\"><span class=\"mw-reflink-text\" id=\"rdp-we-mwBG8\"><span class=\"cite-bracket\" id=\"rdp-we-mwBHA\">[<\/span>135<span class=\"cite-bracket\" id=\"rdp-we-mwBHE\">]<\/span><\/span><\/a><\/sup><\/p>\n\n<p id=\"rdp-we-mwBHI\">2012 stie\u00df der <a rel=\"mw:WikiLink\" href=\"https:\/\/de.wikipedia.org\/wiki\/Hidden_Track\" title=\"Hidden Track\" id=\"rdp-we-mwBHM\" target=\"_new\" class=\"wiki-link\">Hidden Track<\/a> <i id=\"rdp-we-mwBHQ\"><a rel=\"mw:WikiLink\" href=\"https:\/\/de.wikipedia.org\/wiki\/Wo_sind_sie_jetzt%3F\" title=\"Wo sind sie jetzt?\" class=\"mw-redirect wiki-link\" id=\"rdp-we-mwBHU\" target=\"_new\">Wo sind sie jetzt?<\/a><\/i> des Albums <i id=\"rdp-we-mwBHY\">Gespaltene Pers\u00f6nlichkeit<\/i> auf eine breite Rezeption. In diesem Zusammenhang warfen zahlreiche Musikjournalisten Naidoo und Savas Homophobie vor. Insbesondere die im Lied enthaltene Gleichsetzung von <a rel=\"mw:WikiLink\" href=\"https:\/\/de.wikipedia.org\/wiki\/Kindersch\u00e4nder\" title=\"Kindersch\u00e4nder\" id=\"rdp-we-mwBHc\" target=\"_new\" class=\"wiki-link\">Kindersch\u00e4ndern<\/a> mit Schwulen wurde kritisiert.<sup about=\"#mwt316\" class=\"mw-ref reference\" id=\"rdp-we-cite_ref-136\" rel=\"dc:references\" typeof=\"mw:Extension\/ref\" data-mw='{\"name\":\"ref\",\"attrs\":{},\"body\":{\"id\":\"mw-reference-text-cite_note-136\"}}'><a href=\"#cite_note-136\" id=\"rdp-we-mwBHg\"><span class=\"mw-reflink-text\" id=\"rdp-we-mwBHk\"><span class=\"cite-bracket\" id=\"rdp-we-mwBHo\">[<\/span>136<span class=\"cite-bracket\" id=\"rdp-we-mwBHs\">]<\/span><\/span><\/a><\/sup><sup about=\"#mwt318\" class=\"mw-ref reference\" id=\"rdp-we-cite_ref-137\" rel=\"dc:references\" typeof=\"mw:Extension\/ref\" data-mw='{\"name\":\"ref\",\"attrs\":{},\"body\":{\"id\":\"mw-reference-text-cite_note-137\"}}'><a href=\"#cite_note-137\" id=\"rdp-we-mwBHw\"><span class=\"mw-reflink-text\" id=\"rdp-we-mwBH0\"><span class=\"cite-bracket\" id=\"rdp-we-mwBH4\">[<\/span>137<span class=\"cite-bracket\" id=\"rdp-we-mwBH8\">]<\/span><\/span><\/a><\/sup><sup about=\"#mwt320\" class=\"mw-ref reference\" id=\"rdp-we-cite_ref-138\" rel=\"dc:references\" typeof=\"mw:Extension\/ref\" data-mw='{\"name\":\"ref\",\"attrs\":{},\"body\":{\"id\":\"mw-reference-text-cite_note-138\"}}'><a href=\"#cite_note-138\" id=\"rdp-we-mwBIA\"><span class=\"mw-reflink-text\" id=\"rdp-we-mwBIE\"><span class=\"cite-bracket\" id=\"rdp-we-mwBII\">[<\/span>138<span class=\"cite-bracket\" id=\"rdp-we-mwBIM\">]<\/span><\/span><\/a><\/sup> W\u00e4hrend sich eine Reihe prominenter Hip-Hop-Musiker unterst\u00fctzend zu Xavas \u00e4u\u00dferten, stellte der Verband <a rel=\"mw:WikiLink\" href=\"https:\/\/de.wikipedia.org\/wiki\/Linksjugend_solid\" title=\"Linksjugend solid\" id=\"rdp-we-mwBIQ\" target=\"_new\" class=\"wiki-link\">Linksjugend solid<\/a> <a rel=\"mw:WikiLink\" href=\"https:\/\/de.wikipedia.org\/wiki\/Strafanzeige\" title=\"Strafanzeige\" id=\"rdp-we-mwBIU\" target=\"_new\" class=\"wiki-link\">Strafanzeige<\/a> gegen die beiden Musiker sowie die verantwortlichen Musiklabels. Als Begr\u00fcndung nannte die Jugendorganisation der Partei <a rel=\"mw:WikiLink\" href=\"https:\/\/de.wikipedia.org\/wiki\/Die_Linke\" title=\"Die Linke\" id=\"rdp-we-mwBIY\" target=\"_new\" class=\"wiki-link\">Die Linke<\/a> den Aufruf zur schweren K\u00f6rperverletzung und zum Totschlag sowie <a rel=\"mw:WikiLink\" href=\"https:\/\/de.wikipedia.org\/wiki\/Volksverhetzung\" title=\"Volksverhetzung\" id=\"rdp-we-mwBIc\" target=\"_new\" class=\"wiki-link\">Volksverhetzung<\/a>.<sup about=\"#mwt323\" class=\"mw-ref reference\" id=\"rdp-we-cite_ref-139\" rel=\"dc:references\" typeof=\"mw:Extension\/ref\" data-mw='{\"name\":\"ref\",\"attrs\":{},\"body\":{\"id\":\"mw-reference-text-cite_note-139\"}}'><a href=\"#cite_note-139\" id=\"rdp-we-mwBIg\"><span class=\"mw-reflink-text\" id=\"rdp-we-mwBIk\"><span class=\"cite-bracket\" id=\"rdp-we-mwBIo\">[<\/span>139<span class=\"cite-bracket\" id=\"rdp-we-mwBIs\">]<\/span><\/span><\/a><\/sup><sup about=\"#mwt325\" class=\"mw-ref reference\" id=\"rdp-we-cite_ref-140\" rel=\"dc:references\" typeof=\"mw:Extension\/ref\" data-mw='{\"name\":\"ref\",\"attrs\":{},\"body\":{\"id\":\"mw-reference-text-cite_note-140\"}}'><a href=\"#cite_note-140\" id=\"rdp-we-mwBIw\"><span class=\"mw-reflink-text\" id=\"rdp-we-mwBI0\"><span class=\"cite-bracket\" id=\"rdp-we-mwBI4\">[<\/span>140<span class=\"cite-bracket\" id=\"rdp-we-mwBI8\">]<\/span><\/span><\/a><\/sup> Savas und Naidoo erkl\u00e4rten in einer Stellungnahme, dass sie weder Homosexualit\u00e4t und <a rel=\"mw:WikiLink\" href=\"https:\/\/de.wikipedia.org\/wiki\/P\u00e4dophilie\" title=\"P\u00e4dophilie\" id=\"rdp-we-mwBJA\" target=\"_new\" class=\"wiki-link\">P\u00e4dophilie<\/a> gleichsetzen, noch zu Gewalt aufrufen wollen.<sup about=\"#mwt328\" class=\"mw-ref reference\" id=\"rdp-we-cite_ref-141\" rel=\"dc:references\" typeof=\"mw:Extension\/ref\" data-mw='{\"name\":\"ref\",\"attrs\":{},\"body\":{\"id\":\"mw-reference-text-cite_note-141\"}}'><a href=\"#cite_note-141\" id=\"rdp-we-mwBJE\"><span class=\"mw-reflink-text\" id=\"rdp-we-mwBJI\"><span class=\"cite-bracket\" id=\"rdp-we-mwBJM\">[<\/span>141<span class=\"cite-bracket\" id=\"rdp-we-mwBJQ\">]<\/span><\/span><\/a><\/sup> Die <a rel=\"mw:WikiLink\" href=\"https:\/\/de.wikipedia.org\/wiki\/Staatsanwaltschaft_Mannheim\" title=\"Staatsanwaltschaft Mannheim\" id=\"rdp-we-mwBJU\" target=\"_new\" class=\"wiki-link\">Staatsanwaltschaft Mannheim<\/a> sah keine Aufforderung zum Mord gegeben. Auch die in der Anzeige enthaltene Volksverhetzung sei nicht erkennbar.<sup about=\"#mwt330\" class=\"mw-ref reference\" id=\"rdp-we-cite_ref-142\" rel=\"dc:references\" typeof=\"mw:Extension\/ref\" data-mw='{\"name\":\"ref\",\"attrs\":{},\"body\":{\"id\":\"mw-reference-text-cite_note-142\"}}'><a href=\"#cite_note-142\" id=\"rdp-we-mwBJY\"><span class=\"mw-reflink-text\" id=\"rdp-we-mwBJc\"><span class=\"cite-bracket\" id=\"rdp-we-mwBJg\">[<\/span>142<span class=\"cite-bracket\" id=\"rdp-we-mwBJk\">]<\/span><\/span><\/a><\/sup><\/p>\n\n<p id=\"rdp-we-mwBJo\">2023 r\u00e4umte Kool Savas in einem Interview mit dem Nachrichtenmagazin <a rel=\"mw:WikiLink\" href=\"https:\/\/de.wikipedia.org\/wiki\/Der_Spiegel\" title=\"Der Spiegel\" id=\"rdp-we-mwBJs\" target=\"_new\" class=\"wiki-link\">Spiegel<\/a> jahrelanges und systematisches Fehlverhalten gegen\u00fcber weiblichen Fans ein. So sei es angesichts des vorhandenen Machtgef\u00e4lles zwischen Musiker und Fan ein Fehler gewesen, beim Geschlechtsverkehr mit <a rel=\"mw:WikiLink\" href=\"https:\/\/de.wikipedia.org\/wiki\/Groupie\" title=\"Groupie\" id=\"rdp-we-mwBJw\" target=\"_new\" class=\"wiki-link\">Groupies<\/a> davon auszugehen, es handele sich um einvernehmlichen Sex. Er habe sich beim Umgang mit Frauen \u201eabsolut unkorrekt\u201c verhalten und werde sich im Zweifelsfall bei allen Betroffenen einzeln entschuldigen.<sup about=\"#mwt332\" class=\"mw-ref reference\" id=\"rdp-we-cite_ref-143\" rel=\"dc:references\" typeof=\"mw:Extension\/ref\" data-mw='{\"name\":\"ref\",\"attrs\":{},\"body\":{\"id\":\"mw-reference-text-cite_note-143\"}}'><a href=\"#cite_note-143\" id=\"rdp-we-mwBJ0\"><span class=\"mw-reflink-text\" id=\"rdp-we-mwBJ4\"><span class=\"cite-bracket\" id=\"rdp-we-mwBJ8\">[<\/span>143<span class=\"cite-bracket\" id=\"rdp-we-mwBKA\">]<\/span><\/span><\/a><\/sup><\/p>\n\n<\/section><section data-mw-section-id=\"13\" id=\"rdp-we-mwBKE\" aria-labelledby=\"Bedeutung\"><div class=\"mw-heading mw-heading3\"><h3 id=\"rdp-we-Bedeutung\">Bedeutung<\/h3><\/div>\n<figure class=\"mw-default-size\" typeof=\"mw:File\/Thumb\" id=\"rdp-we-mwBKI\"><a href=\"https:\/\/de.wikipedia.org\/wiki\/Datei:Kool_savas_02.jpg\" class=\"mw-file-description wiki-link\" id=\"rdp-we-mwBKM\" target=\"_new\"><img resource=\"https:\/\/de.wikipedia.org\/wiki\/Datei:Kool_savas_02.jpg\" src=\"https:\/\/thumb.wikimedia.org\/wikipedia\/commons\/thumb\/e\/e4\/Kool_savas_02.jpg\/250px-Kool_savas_02.jpg?utm_source=de.wikipedia.org&amp;utm_campaign=parser&amp;utm_content=thumbnail\" decoding=\"async\" loading=\"lazy\" data-file-type=\"bitmap\" height=\"167\" width=\"250\" class=\"mw-file-element\" id=\"rdp-we-mwBKQ\"\/><\/a><figcaption id=\"rdp-we-mwBKU\">Kool Savas (rechts) bei dem <a rel=\"mw:WikiLink\" href=\"https:\/\/de.wikipedia.org\/wiki\/Splash!\" title=\"Splash!\" id=\"rdp-we-mwBKY\" target=\"_new\" class=\"wiki-link\">Splash! Festival 2017<\/a><\/figcaption><\/figure>\n<p id=\"rdp-we-mwBKc\">Kool Savas gilt als einer der einflussreichsten deutschen Rapper. In den 1990er-Jahren wurde deutscher Hip-Hop nur in Form von Vertretern der deutschen Mittelschicht medial repr\u00e4sentiert. Sowohl die Musikindustrie als auch die Massenmedien vermieden Rap, der thematisch \u201evon sozialem Elend, allt\u00e4glichem Rassismus oder \u00f6konomischer Ausbeutung\u201c handelt. Savas konnte durch seine Form des Battle-Raps, in der sein eigener multikultureller Hintergrund nicht explizit betont wird, gleicherma\u00dfen in \u201eJugendzentren wie bei Gymnasiasten\u201c Erfolge feiern und somit die vorherrschenden \u201estarren Grenzen zwischen \u201aDeutschrap\u2018 und \u201aMigrantenrap\u2018 [\u2026] durchbrechen.\u201c<sup about=\"#mwt333\" class=\"mw-ref reference\" id=\"rdp-we-cite_ref-Loh_131-1\" rel=\"dc:references\" typeof=\"mw:Extension\/ref\" data-mw='{\"name\":\"ref\",\"attrs\":{\"name\":\"Loh\"}}'><a href=\"#cite_note-Loh-131\" id=\"rdp-we-mwBKg\"><span class=\"mw-reflink-text\" id=\"rdp-we-mwBKk\"><span class=\"cite-bracket\" id=\"rdp-we-mwBKo\">[<\/span>131<span class=\"cite-bracket\" id=\"rdp-we-mwBKs\">]<\/span><\/span><\/a><\/sup><sup about=\"#mwt334\" class=\"mw-ref reference\" id=\"rdp-we-cite_ref-144\" rel=\"dc:references\" typeof=\"mw:Extension\/ref\" data-mw='{\"name\":\"ref\",\"attrs\":{},\"body\":{\"id\":\"mw-reference-text-cite_note-144\"}}'><a href=\"#cite_note-144\" id=\"rdp-we-mwBKw\"><span class=\"mw-reflink-text\" id=\"rdp-we-mwBK0\"><span class=\"cite-bracket\" id=\"rdp-we-mwBK4\">[<\/span>144<span class=\"cite-bracket\" id=\"rdp-we-mwBK8\">]<\/span><\/span><\/a><\/sup> Die stilistische Ausrichtung des \u201eHardcore-Battle-Raps\u201c war, so <i id=\"rdp-we-mwBLA\">Juice<\/i>-Redakteur Chris Maruhn, bereits vor Savas durch Wegbereiter wie <a rel=\"mw:WikiLink\" href=\"https:\/\/de.wikipedia.org\/wiki\/Moses_Pelham\" title=\"Moses Pelham\" id=\"rdp-we-mwBLE\" target=\"_new\" class=\"wiki-link\">Moses Pelham<\/a> und <a rel=\"mw:WikiLink\" href=\"https:\/\/de.wikipedia.org\/wiki\/Konkret_Finn\" title=\"Konkret Finn\" id=\"rdp-we-mwBLI\" target=\"_new\" class=\"wiki-link\">Konkret Finn<\/a> in Deutschland existent gewesen, gewann aber erst durch ihn an Bedeutung. Kool Savas habe die \u201eParameter [definiert], auf denen andere sp\u00e4ter ganze Karrieren aufbauten.\u201c<sup about=\"#mwt335\" class=\"mw-ref reference\" id=\"rdp-we-cite_ref-145\" rel=\"dc:references\" typeof=\"mw:Extension\/ref\" data-mw='{\"name\":\"ref\",\"attrs\":{},\"body\":{\"id\":\"mw-reference-text-cite_note-145\"}}'><a href=\"#cite_note-145\" id=\"rdp-we-mwBLM\"><span class=\"mw-reflink-text\" id=\"rdp-we-mwBLQ\"><span class=\"cite-bracket\" id=\"rdp-we-mwBLU\">[<\/span>145<span class=\"cite-bracket\" id=\"rdp-we-mwBLY\">]<\/span><\/span><\/a><\/sup> Dar\u00fcber hinaus wird Savas durch Songs wie <i id=\"rdp-we-mwBLc\">LMS<\/i> auch als Mitbegr\u00fcnder des deutschsprachigen Porno-Raps angesehen, an dem sich die sp\u00e4teren Hauptvertreter <a rel=\"mw:WikiLink\" href=\"https:\/\/de.wikipedia.org\/wiki\/Frauenarzt_(Rapper)\" title=\"Frauenarzt (Rapper)\" id=\"rdp-we-mwBLg\" target=\"_new\" class=\"wiki-link\">Frauenarzt<\/a> und <a rel=\"mw:WikiLink\" href=\"https:\/\/de.wikipedia.org\/wiki\/King_Orgasmus_One\" title=\"King Orgasmus One\" id=\"rdp-we-mwBLk\" target=\"_new\" class=\"wiki-link\">King Orgasmus One<\/a> orientierten.<sup about=\"#mwt336\" class=\"mw-ref reference\" id=\"rdp-we-cite_ref-146\" rel=\"dc:references\" typeof=\"mw:Extension\/ref\" data-mw='{\"name\":\"ref\",\"attrs\":{},\"body\":{\"id\":\"mw-reference-text-cite_note-146\"}}'><a href=\"#cite_note-146\" id=\"rdp-we-mwBLo\"><span class=\"mw-reflink-text\" id=\"rdp-we-mwBLs\"><span class=\"cite-bracket\" id=\"rdp-we-mwBLw\">[<\/span>146<span class=\"cite-bracket\" id=\"rdp-we-mwBL0\">]<\/span><\/span><\/a><\/sup><\/p>\n\n<p id=\"rdp-we-mwBL4\">Der Einfluss Savas\u2019 wird vor allem daran deutlich, dass ihn zahlreiche namhafte Rapper als Vorbild benennen. Dabei wird zum Teil das Fr\u00fchwerk oder das Deb\u00fctalbum <i id=\"rdp-we-mwBL8\">Der beste Tag meines Lebens<\/i> als Haupteinfluss hervorgehoben. Die Gruppe <a rel=\"mw:WikiLink\" href=\"https:\/\/de.wikipedia.org\/wiki\/K.I.Z\" title=\"K.I.Z\" id=\"rdp-we-mwBMA\" target=\"_new\" class=\"wiki-link\">K.I.Z<\/a> sowie die Rapper <a rel=\"mw:WikiLink\" href=\"https:\/\/de.wikipedia.org\/wiki\/Grim104\" title=\"Grim104\" id=\"rdp-we-mwBME\" target=\"_new\" class=\"wiki-link\">Grim104<\/a>, <a rel=\"mw:WikiLink\" href=\"https:\/\/de.wikipedia.org\/wiki\/Prinz_Pi\" title=\"Prinz Pi\" id=\"rdp-we-mwBMI\" target=\"_new\" class=\"wiki-link\">Prinz Pi<\/a> und <a rel=\"mw:WikiLink\" href=\"https:\/\/de.wikipedia.org\/wiki\/Retrogott_und_Hulk_Hodn\" title=\"Retrogott und Hulk Hodn\" id=\"rdp-we-mwBMM\" target=\"_new\" class=\"wiki-link\">Kurt Hustle<\/a> betonten in Interviews etwa die Bedeutung der fr\u00fchen Battle-Rap-Aufnahmen.<sup about=\"#mwt338\" class=\"mw-ref reference\" id=\"rdp-we-cite_ref-147\" rel=\"dc:references\" typeof=\"mw:Extension\/ref\" data-mw='{\"name\":\"ref\",\"attrs\":{},\"body\":{\"id\":\"mw-reference-text-cite_note-147\"}}'><a href=\"#cite_note-147\" id=\"rdp-we-mwBMQ\"><span class=\"mw-reflink-text\" id=\"rdp-we-mwBMU\"><span class=\"cite-bracket\" id=\"rdp-we-mwBMY\">[<\/span>147<span class=\"cite-bracket\" id=\"rdp-we-mwBMc\">]<\/span><\/span><\/a><\/sup><sup about=\"#mwt340\" class=\"mw-ref reference\" id=\"rdp-we-cite_ref-148\" rel=\"dc:references\" typeof=\"mw:Extension\/ref\" data-mw='{\"name\":\"ref\",\"attrs\":{},\"body\":{\"id\":\"mw-reference-text-cite_note-148\"}}'><a href=\"#cite_note-148\" id=\"rdp-we-mwBMg\"><span class=\"mw-reflink-text\" id=\"rdp-we-mwBMk\"><span class=\"cite-bracket\" id=\"rdp-we-mwBMo\">[<\/span>148<span class=\"cite-bracket\" id=\"rdp-we-mwBMs\">]<\/span><\/span><\/a><\/sup><sup about=\"#mwt341\" class=\"mw-ref reference\" id=\"rdp-we-cite_ref-149\" rel=\"dc:references\" typeof=\"mw:Extension\/ref\" data-mw='{\"name\":\"ref\",\"attrs\":{},\"body\":{\"id\":\"mw-reference-text-cite_note-149\"}}'><a href=\"#cite_note-149\" id=\"rdp-we-mwBMw\"><span class=\"mw-reflink-text\" id=\"rdp-we-mwBM0\"><span class=\"cite-bracket\" id=\"rdp-we-mwBM4\">[<\/span>149<span class=\"cite-bracket\" id=\"rdp-we-mwBM8\">]<\/span><\/span><\/a><\/sup> Dagegen lobten <a rel=\"mw:WikiLink\" href=\"https:\/\/de.wikipedia.org\/wiki\/Olli_Banjo\" title=\"Olli Banjo\" id=\"rdp-we-mwBNA\" target=\"_new\" class=\"wiki-link\">Olli Banjo<\/a>, <a rel=\"mw:WikiLink\" href=\"https:\/\/de.wikipedia.org\/wiki\/MoTrip\" title=\"MoTrip\" id=\"rdp-we-mwBNE\" target=\"_new\" class=\"wiki-link\">MoTrip<\/a> und <a rel=\"mw:WikiLink\" href=\"https:\/\/de.wikipedia.org\/wiki\/Ahzumjot\" title=\"Ahzumjot\" id=\"rdp-we-mwBNI\" target=\"_new\" class=\"wiki-link\">Ahzumjot<\/a> vor allem <i id=\"rdp-we-mwBNM\">Der beste Tag meines Lebens<\/i>.<sup about=\"#mwt342\" class=\"mw-ref reference\" id=\"rdp-we-cite_ref-150\" rel=\"dc:references\" typeof=\"mw:Extension\/ref\" data-mw='{\"name\":\"ref\",\"attrs\":{},\"body\":{\"id\":\"mw-reference-text-cite_note-150\"}}'><a href=\"#cite_note-150\" id=\"rdp-we-mwBNQ\"><span class=\"mw-reflink-text\" id=\"rdp-we-mwBNU\"><span class=\"cite-bracket\" id=\"rdp-we-mwBNY\">[<\/span>150<span class=\"cite-bracket\" id=\"rdp-we-mwBNc\">]<\/span><\/span><\/a><\/sup><sup about=\"#mwt343\" class=\"mw-ref reference\" id=\"rdp-we-cite_ref-151\" rel=\"dc:references\" typeof=\"mw:Extension\/ref\" data-mw='{\"name\":\"ref\",\"attrs\":{},\"body\":{\"id\":\"mw-reference-text-cite_note-151\"}}'><a href=\"#cite_note-151\" id=\"rdp-we-mwBNg\"><span class=\"mw-reflink-text\" id=\"rdp-we-mwBNk\"><span class=\"cite-bracket\" id=\"rdp-we-mwBNo\">[<\/span>151<span class=\"cite-bracket\" id=\"rdp-we-mwBNs\">]<\/span><\/span><\/a><\/sup> Des Weiteren verweisen der Hip-Hop-Musiker <a rel=\"mw:WikiLink\" href=\"https:\/\/de.wikipedia.org\/wiki\/Kaas_(Rapper)\" title=\"Kaas (Rapper)\" id=\"rdp-we-mwBNw\" target=\"_new\" class=\"wiki-link\">Kaas<\/a> sowie das Duo <a rel=\"mw:WikiLink\" href=\"https:\/\/de.wikipedia.org\/wiki\/Genetikk\" title=\"Genetikk\" id=\"rdp-we-mwBN0\" target=\"_new\" class=\"wiki-link\">Genetikk<\/a> durch Zitate Savas\u2019 innerhalb ihrer eigenen Texte auf seinen Einfluss.<sup about=\"#mwt346\" class=\"mw-ref reference\" id=\"rdp-we-cite_ref-152\" rel=\"dc:references\" typeof=\"mw:Extension\/ref\" data-mw='{\"name\":\"ref\",\"attrs\":{},\"body\":{\"id\":\"mw-reference-text-cite_note-152\"}}'><a href=\"#cite_note-152\" id=\"rdp-we-mwBN4\"><span class=\"mw-reflink-text\" id=\"rdp-we-mwBN8\"><span class=\"cite-bracket\" id=\"rdp-we-mwBOA\">[<\/span>152<span class=\"cite-bracket\" id=\"rdp-we-mwBOE\">]<\/span><\/span><\/a><\/sup><sup about=\"#mwt349\" class=\"mw-ref reference\" id=\"rdp-we-cite_ref-153\" rel=\"dc:references\" typeof=\"mw:Extension\/ref\" data-mw='{\"name\":\"ref\",\"attrs\":{},\"body\":{\"id\":\"mw-reference-text-cite_note-153\"}}'><a href=\"#cite_note-153\" id=\"rdp-we-mwBOI\"><span class=\"mw-reflink-text\" id=\"rdp-we-mwBOM\"><span class=\"cite-bracket\" id=\"rdp-we-mwBOQ\">[<\/span>153<span class=\"cite-bracket\" id=\"rdp-we-mwBOU\">]<\/span><\/span><\/a><\/sup> Auch die Rapper <a rel=\"mw:WikiLink\" href=\"https:\/\/de.wikipedia.org\/wiki\/Favorite_(Rapper)\" title=\"Favorite (Rapper)\" id=\"rdp-we-mwBOY\" target=\"_new\" class=\"wiki-link\">Favorite<\/a>, <a rel=\"mw:WikiLink\" href=\"https:\/\/de.wikipedia.org\/wiki\/Visa_Vie\" title=\"Visa Vie\" id=\"rdp-we-mwBOc\" target=\"_new\" class=\"wiki-link\">Visa Vie<\/a>, <a rel=\"mw:WikiLink\" href=\"https:\/\/de.wikipedia.org\/wiki\/Automatikk\" title=\"Automatikk\" id=\"rdp-we-mwBOg\" target=\"_new\" class=\"wiki-link\">Automatikk<\/a>, <a rel=\"mw:WikiLink\" href=\"https:\/\/de.wikipedia.org\/wiki\/Morlockk_Dilemma\" title=\"Morlockk Dilemma\" id=\"rdp-we-mwBOk\" target=\"_new\" class=\"wiki-link\">Morlockk Dilemma<\/a>, <a rel=\"mw:WikiLink\" href=\"https:\/\/de.wikipedia.org\/wiki\/Alpa_Gun\" title=\"Alpa Gun\" id=\"rdp-we-mwBOo\" target=\"_new\" class=\"wiki-link\">Alpa Gun<\/a>, <a rel=\"mw:WikiLink\" href=\"https:\/\/de.wikipedia.org\/wiki\/Laas_Unltd.\" title=\"Laas Unltd.\" id=\"rdp-we-mwBOs\" target=\"_new\" class=\"wiki-link\">Laas Unltd.<\/a> und <a rel=\"mw:WikiLink\" href=\"https:\/\/de.wikipedia.org\/wiki\/Fler\" title=\"Fler\" id=\"rdp-we-mwBOw\" target=\"_new\" class=\"wiki-link\">Fler<\/a> betonten in Interviews die Bedeutung Savas\u2019.<sup about=\"#mwt350\" class=\"mw-ref reference\" id=\"rdp-we-cite_ref-154\" rel=\"dc:references\" typeof=\"mw:Extension\/ref\" data-mw='{\"name\":\"ref\",\"attrs\":{},\"body\":{\"id\":\"mw-reference-text-cite_note-154\"}}'><a href=\"#cite_note-154\" id=\"rdp-we-mwBO0\"><span class=\"mw-reflink-text\" id=\"rdp-we-mwBO4\"><span class=\"cite-bracket\" id=\"rdp-we-mwBO8\">[<\/span>154<span class=\"cite-bracket\" id=\"rdp-we-mwBPA\">]<\/span><\/span><\/a><\/sup><sup about=\"#mwt353\" class=\"mw-ref reference\" id=\"rdp-we-cite_ref-155\" rel=\"dc:references\" typeof=\"mw:Extension\/ref\" data-mw='{\"name\":\"ref\",\"attrs\":{},\"body\":{\"id\":\"mw-reference-text-cite_note-155\"}}'><a href=\"#cite_note-155\" id=\"rdp-we-mwBPE\"><span class=\"mw-reflink-text\" id=\"rdp-we-mwBPI\"><span class=\"cite-bracket\" id=\"rdp-we-mwBPM\">[<\/span>155<span class=\"cite-bracket\" id=\"rdp-we-mwBPQ\">]<\/span><\/span><\/a><\/sup><sup about=\"#mwt354\" class=\"mw-ref reference\" id=\"rdp-we-cite_ref-156\" rel=\"dc:references\" typeof=\"mw:Extension\/ref\" data-mw='{\"name\":\"ref\",\"attrs\":{},\"body\":{\"id\":\"mw-reference-text-cite_note-156\"}}'><a href=\"#cite_note-156\" id=\"rdp-we-mwBPU\"><span class=\"mw-reflink-text\" id=\"rdp-we-mwBPY\"><span class=\"cite-bracket\" id=\"rdp-we-mwBPc\">[<\/span>156<span class=\"cite-bracket\" id=\"rdp-we-mwBPg\">]<\/span><\/span><\/a><\/sup> Flers gemeinsame Projekte mit <a rel=\"mw:WikiLink\" href=\"https:\/\/de.wikipedia.org\/wiki\/Silla_(Rapper)\" title=\"Silla (Rapper)\" id=\"rdp-we-mwBPk\" target=\"_new\" class=\"wiki-link\">Silla<\/a> benannte er in Anlehnung an Westberlin Maskulin <i id=\"rdp-we-mwBPo\"><a rel=\"mw:WikiLink\" href=\"https:\/\/de.wikipedia.org\/wiki\/S\u00fcdberlin_Maskulin\" title=\"S\u00fcdberlin Maskulin\" id=\"rdp-we-mwBPs\" target=\"_new\" class=\"wiki-link\">S\u00fcdberlin Maskulin<\/a><\/i>.<sup about=\"#mwt356\" class=\"mw-ref reference\" id=\"rdp-we-cite_ref-157\" rel=\"dc:references\" typeof=\"mw:Extension\/ref\" data-mw='{\"name\":\"ref\",\"attrs\":{},\"body\":{\"id\":\"mw-reference-text-cite_note-157\"}}'><a href=\"#cite_note-157\" id=\"rdp-we-mwBPw\"><span class=\"mw-reflink-text\" id=\"rdp-we-mwBP0\"><span class=\"cite-bracket\" id=\"rdp-we-mwBP4\">[<\/span>157<span class=\"cite-bracket\" id=\"rdp-we-mwBP8\">]<\/span><\/span><\/a><\/sup> Auch die Gruppe <a rel=\"mw:WikiLink\" href=\"https:\/\/de.wikipedia.org\/wiki\/Zugezogen_Maskulin\" title=\"Zugezogen Maskulin\" id=\"rdp-we-mwBQA\" target=\"_new\" class=\"wiki-link\">Zugezogen Maskulin<\/a> bezieht sich auf das Duo.<sup about=\"#mwt359\" class=\"mw-ref reference\" id=\"rdp-we-cite_ref-158\" rel=\"dc:references\" typeof=\"mw:Extension\/ref\" data-mw='{\"name\":\"ref\",\"attrs\":{},\"body\":{\"id\":\"mw-reference-text-cite_note-158\"}}'><a href=\"#cite_note-158\" id=\"rdp-we-mwBQE\"><span class=\"mw-reflink-text\" id=\"rdp-we-mwBQI\"><span class=\"cite-bracket\" id=\"rdp-we-mwBQM\">[<\/span>158<span class=\"cite-bracket\" id=\"rdp-we-mwBQQ\">]<\/span><\/span><\/a><\/sup><\/p>\n\n<p id=\"rdp-we-mwBQU\">Die Ver\u00f6ffentlichungen Savas\u2019 konnten des \u00d6fteren Platzierungen in Bestenlisten von Musikkritikern erreichen. So listete etwa die Musikzeitschrift <a rel=\"mw:WikiLink\" href=\"https:\/\/de.wikipedia.org\/wiki\/Intro_(Zeitschrift)\" title=\"Intro (Zeitschrift)\" id=\"rdp-we-mwBQY\" target=\"_new\" class=\"wiki-link\">Intro<\/a> das Album <i id=\"rdp-we-mwBQc\">Hoes, Flows, Moneytoes<\/i> auf Platz acht der wichtigsten Deutschrap-Alben der 1990er Jahre auf.<sup about=\"#mwt362\" class=\"mw-ref reference\" id=\"rdp-we-cite_ref-159\" rel=\"dc:references\" typeof=\"mw:Extension\/ref\" data-mw='{\"name\":\"ref\",\"attrs\":{},\"body\":{\"id\":\"mw-reference-text-cite_note-159\"}}'><a href=\"#cite_note-159\" id=\"rdp-we-mwBQg\"><span class=\"mw-reflink-text\" id=\"rdp-we-mwBQk\"><span class=\"cite-bracket\" id=\"rdp-we-mwBQo\">[<\/span>159<span class=\"cite-bracket\" id=\"rdp-we-mwBQs\">]<\/span><\/span><\/a><\/sup> F\u00fcr eine Sonderausgabe \u00fcber Rap in Deutschland befragte das Hip-Hop-Magazin <i id=\"rdp-we-mwBQw\">Juice<\/i> Anfang 2008 eine Vielzahl von DJs, Rappern, Produzenten, Hip-Hop-Journalisten und Label-Mitarbeitern zu ihren Lieblingsalben. Dabei platzierten sich vier Alben Savas\u2019 in den Top 20. <i id=\"rdp-we-mwBQ0\">Der beste Tag meines Lebens<\/i> positionierte sich auf Rang f\u00fcnf, <i id=\"rdp-we-mwBQ4\">Battlekings<\/i> auf Rang 14, <i id=\"rdp-we-mwBQ8\">Hoes, Flows, Moneytoes<\/i> auf Rang 15 und <i id=\"rdp-we-mwBRA\">NLP<\/i> auf Rang 18.<sup about=\"#mwt363\" class=\"mw-ref reference\" id=\"rdp-we-cite_ref-160\" rel=\"dc:references\" typeof=\"mw:Extension\/ref\" data-mw='{\"name\":\"ref\",\"attrs\":{},\"body\":{\"id\":\"mw-reference-text-cite_note-160\"}}'><a href=\"#cite_note-160\" id=\"rdp-we-mwBRE\"><span class=\"mw-reflink-text\" id=\"rdp-we-mwBRI\"><span class=\"cite-bracket\" id=\"rdp-we-mwBRM\">[<\/span>160<span class=\"cite-bracket\" id=\"rdp-we-mwBRQ\">]<\/span><\/span><\/a><\/sup><\/p>\n\n<\/section><\/section><section data-mw-section-id=\"14\" id=\"rdp-we-mwBRU\" aria-labelledby=\"Weblinks\"><div class=\"mw-heading mw-heading2\"><h2 id=\"rdp-we-Weblinks\">Weblinks<\/h2><\/div>\n<div class=\"sisterproject\" style=\"margin:0.1em 0 0 0;\" about=\"#mwt364\" typeof=\"mw:Transclusion\" id=\"rdp-we-mwBRY\" data-mw='{\"parts\":[{\"template\":{\"target\":{\"wt\":\"Commonscat\",\"href\":\".\/Vorlage:Commonscat\"},\"params\":{},\"i\":0}}]}'><div class=\"noresize noviewer\" style=\"display:inline-block; line-height:10px;min-width:1.6em; text-align:center;\" aria-hidden=\"true\" role=\"presentation\"><span typeof=\"mw:File\" data-mw='{\"caption\":\"Commons\"}'><span title=\"Commons\"><img resource=\"https:\/\/de.wikipedia.org\/wiki\/Datei:Commons-logo.svg\" src=\"https:\/\/thumb.wikimedia.org\/wikipedia\/commons\/thumb\/4\/4a\/Commons-logo.svg\/20px-Commons-logo.svg.png?utm_source=de.wikipedia.org&amp;utm_campaign=parser&amp;utm_content=thumbnail\" decoding=\"async\" loading=\"lazy\" alt=\"\" data-file-type=\"drawing\" height=\"16\" width=\"12\" class=\"mw-file-element\"\/><\/span><\/span><\/div><b><a rel=\"external_link\" href=\"https:\/\/commons.wikimedia.org\/wiki\/Category:Kool_Savas?uselang=de\" class=\"external text\" target=\"_new\"><span lang=\"en\">Commons<\/span>: Kool Savas<\/a><\/b><span typeof=\"mw:Entity\">\u00a0<\/span>\u2013 Sammlung von Bildern, Videos und Audiodateien<\/div>\n<ul id=\"rdp-we-mwBRc\"><li id=\"rdp-we-mwBRg\"><a rel=\"external_link\" href=\"http:\/\/www.koolsavas.de\/\" class=\"external text\" id=\"rdp-we-mwBRk\" target=\"_new\">Homepage<\/a><\/li><\/ul>\n\n<\/section><section data-mw-section-id=\"15\" id=\"rdp-we-mwBRo\" aria-labelledby=\"Einzelnachweise\"><div class=\"mw-heading mw-heading2\"><h2 id=\"rdp-we-Einzelnachweise\">Einzelnachweise<\/h2><\/div>\n<div class=\"mw-references-wrap mw-references-columns\" typeof=\"mw:Extension\/references\" about=\"#mwt365\" id=\"rdp-we-mwBRs\" data-mw='{\"name\":\"references\",\"attrs\":{\"responsive\":\"\"}}'><ol class=\"mw-references references\" id=\"rdp-we-mwBRw\"><li about=\"#cite_note-1\" id=\"cite_note-1\" data-mw-footnote-number=\"1\"><span class=\"mw-cite-backlink\" id=\"rdp-we-mwBR0\"><a href=\"#cite_ref-1\" rel=\"mw:referencedBy\" id=\"rdp-we-mwBR4\"><span class=\"mw-linkback-text\" id=\"rdp-we-mwBR8\">\u2191<\/span><\/a><\/span> <span id=\"rdp-we-mw-reference-text-cite_note-1\" class=\"mw-reference-text reference-text\"><a rel=\"external_link\" href=\"https:\/\/www.welt.de\/kultur\/pop\/article141775876\/Xavier-meinte-ja-cool-lass-uns-ESC-machen.html\" class=\"external text\" id=\"rdp-we-mwBSA\" target=\"_new\"><i id=\"rdp-we-mwBSE\">Kool Savas: \u201eXavier meinte, ja cool, lass uns ESC machen\u201c<\/i>.<\/a> <a rel=\"mw:WikiLink\" href=\"https:\/\/de.wikipedia.org\/wiki\/Die_Welt\" title=\"Die Welt\" id=\"rdp-we-mwBSI\" target=\"_new\" class=\"wiki-link\">Welt Online<\/a>, 2. Juni 2015.<\/span><\/li>\n<li about=\"#cite_note-2\" id=\"cite_note-2\" data-mw-footnote-number=\"2\"><span class=\"mw-cite-backlink\" id=\"rdp-we-mwBSM\"><a href=\"#cite_ref-2\" rel=\"mw:referencedBy\" id=\"rdp-we-mwBSQ\"><span class=\"mw-linkback-text\" id=\"rdp-we-mwBSU\">\u2191<\/span><\/a><\/span> <span id=\"rdp-we-mw-reference-text-cite_note-2\" class=\"mw-reference-text reference-text\"><span about=\"#mwt9\" typeof=\"mw:Transclusion\" id=\"rdp-we-mwBSY\" data-mw='{\"parts\":[{\"template\":{\"target\":{\"wt\":\"Literatur \",\"href\":\".\/Vorlage:Literatur\"},\"params\":{\"Autor\":{\"wt\":\"Daniel Schieferdecker\"},\"Titel\":{\"wt\":\"Kool Savas: \u201eMein Vater l\u00e4chelt, wenn er von seiner Folter erz\u00e4hlt\u201c\"},\"Sammelwerk\":{\"wt\":\"Die Welt\"},\"Datum\":{\"wt\":\"2021-02-17\"},\"Online\":{\"wt\":\"https:\/\/www.welt.de\/kultur\/plus226357125\/Kool-Savas-Mein-Vater-laechelt-wenn-er-von-seiner-Folter-erzaehlt.html\"},\"Abruf\":{\"wt\":\"2021-09-19\"}},\"i\":0}}]}'>Daniel Schieferdecker<\/span><span typeof=\"mw:Entity\" about=\"#mwt9\" id=\"rdp-we-mwBSc\">:<\/span><span about=\"#mwt9\" id=\"rdp-we-mwBSg\"> <\/span><cite style=\"font-style:italic\" about=\"#mwt9\" id=\"rdp-we-mwBSk\">Kool Savas: \u201eMein Vater l\u00e4chelt, wenn er von seiner Folter erz\u00e4hlt\u201c<\/cite><span about=\"#mwt9\" id=\"rdp-we-mwBSo\">. In: <\/span><cite style=\"font-style:italic\" about=\"#mwt9\" id=\"rdp-we-mwBSs\">Die Welt<\/cite><span about=\"#mwt9\" id=\"rdp-we-mwBSw\">. 17.<\/span><span typeof=\"mw:Entity\" about=\"#mwt9\" id=\"rdp-we-mwBS0\">\u00a0<\/span><span about=\"#mwt9\" id=\"rdp-we-mwBS4\">Februar 2021 (<\/span><a rel=\"external_link\" href=\"https:\/\/www.welt.de\/kultur\/plus226357125\/Kool-Savas-Mein-Vater-laechelt-wenn-er-von-seiner-Folter-erzaehlt.html\" about=\"#mwt9\" class=\"external text\" id=\"rdp-we-mwBS8\" target=\"_new\">welt.de<\/a><span about=\"#mwt9\" id=\"rdp-we-mwBTA\"> <\/span><span typeof=\"mw:Entity\" about=\"#mwt9\" id=\"rdp-we-mwBTE\">[<\/span><span about=\"#mwt9\" id=\"rdp-we-mwBTI\">abgerufen am 19.<\/span><span typeof=\"mw:Entity\" about=\"#mwt9\" id=\"rdp-we-mwBTM\">\u00a0<\/span><span about=\"#mwt9\" id=\"rdp-we-mwBTQ\">September 2021<\/span><span typeof=\"mw:Entity\" about=\"#mwt9\" id=\"rdp-we-mwBTU\">]<\/span><span about=\"#mwt9\" id=\"rdp-we-mwBTY\">).<\/span><span class=\"Z3988\" title=\"ctx_ver=Z39.88-2004&amp;rft_val_fmt=info%3Aofi%2Ffmt%3Akev%3Amtx%3Abook&amp;rfr_id=info:sid\/de.wikipedia.org:Kool+Savas&amp;rft.atitle=Kool+Savas%3A+%E2%80%9EMein+Vater+l%C3%A4chelt%2C+wenn+er+von+seiner+Folter+erz%C3%A4hlt%E2%80%9C&amp;rft.au=Daniel+Schieferdecker&amp;rft.btitle=Die+Welt&amp;rft.date=2021-02-17&amp;rft.genre=book\" style=\"display:none\" about=\"#mwt9\" id=\"rdp-we-mwBTc\"><span typeof=\"mw:Entity\" id=\"rdp-we-mwBTg\">\u00a0<\/span><\/span><\/span><\/li>\n<li about=\"#cite_note-:0-3\" id=\"cite_note-:0-3\" data-mw-footnote-number=\"3\"><span rel=\"mw:referencedBy\" class=\"mw-cite-backlink\" id=\"rdp-we-mwBTk\"><a href=\"#cite_ref-:0_3-0\" id=\"rdp-we-mwBTo\"><span class=\"mw-linkback-text\" id=\"rdp-we-mwBTs\">1<\/span><\/a> <a href=\"#cite_ref-:0_3-1\" id=\"rdp-we-mwBTw\"><span class=\"mw-linkback-text\" id=\"rdp-we-mwBT0\">2<\/span><\/a> <a href=\"#cite_ref-:0_3-2\" id=\"rdp-we-mwBT4\"><span class=\"mw-linkback-text\" id=\"rdp-we-mwBT8\">3<\/span><\/a><\/span> <span id=\"rdp-we-mw-reference-text-cite_note-:0-3\" class=\"mw-reference-text reference-text\"><span class=\"cite\" about=\"#mwt11\" typeof=\"mw:Transclusion\" id=\"rdp-we-mwBUA\" data-mw='{\"parts\":[{\"template\":{\"target\":{\"wt\":\"Internetquelle \",\"href\":\".\/Vorlage:Internetquelle\"},\"params\":{\"autor\":{\"wt\":\"Dominik Lippe\"},\"url\":{\"wt\":\"https:\/\/www.planet-interview.de\/interviews\/kool-savas\/50730\/\"},\"titel\":{\"wt\":\"Kool Savas im Interview: &apos;&apos;Ich bin heute besonnener.&apos;&apos;\"},\"werk\":{\"wt\":\"Planet Interview\"},\"datum\":{\"wt\":\"2019-03-21\"},\"sprache\":{\"wt\":\"de-DE\"},\"abruf\":{\"wt\":\"2021-09-19\"}},\"i\":0}}]}'>Dominik Lippe:<span typeof=\"mw:Entity\" id=\"rdp-we-mwBUE\"> <\/span><a rel=\"external_link\" href=\"https:\/\/www.planet-interview.de\/interviews\/kool-savas\/50730\/\" class=\"external text\" id=\"rdp-we-mwBUI\" target=\"_new\"><i id=\"rdp-we-mwBUM\">Kool Savas im Interview: <i id=\"rdp-we-mwBUQ\">Ich bin heute besonnener.<\/i><\/i><\/a><span typeof=\"mw:Entity\" id=\"rdp-we-mwBUU\"> <\/span>In:<span typeof=\"mw:Entity\" id=\"rdp-we-mwBUY\"> <\/span><i id=\"rdp-we-mwBUc\">Planet Interview.<\/i><span typeof=\"mw:Entity\" id=\"rdp-we-mwBUg\"> <\/span>21.<span typeof=\"mw:Entity\" id=\"rdp-we-mwBUk\">\u00a0<\/span>M\u00e4rz 2019<span typeof=\"mw:Entity\" id=\"rdp-we-mwBUo\">,<\/span><span class=\"Abrufdatum\" id=\"rdp-we-mwBUs\"><span typeof=\"mw:Entity\" id=\"rdp-we-mwBUw\"> <\/span>abgerufen am 19.<span typeof=\"mw:Entity\" id=\"rdp-we-mwBU0\">\u00a0<\/span>September 2021<\/span><span typeof=\"mw:Entity\" id=\"rdp-we-mwBU4\"> <\/span>(deutsch).<\/span><span style=\"display: none;\" class=\"Z3988\" title=\"ctx_ver=Z39.88-2004&amp;rft_val_fmt=info%3Aofi%2Ffmt%3Akev%3Amtx%3Adc&amp;rfr_id=info%3Asid%2Fde.wikipedia.org%3AKool+Savas&amp;rft.title=Kool+Savas+im+Interview%3A+%27%27Ich+bin+heute+besonnener.%27%27&amp;rft.description=Kool+Savas+im+Interview%3A+%27%27Ich+bin+heute+besonnener.%27%27&amp;rft.identifier=https%3A%2F%2Fwww.planet-interview.de%2Finterviews%2Fkool-savas%2F50730%2F&amp;rft.creator=Dominik+Lippe&amp;rft.date=2019-03-21&amp;rft.language=de-DE\" about=\"#mwt11\" id=\"rdp-we-mwBU8\"><span typeof=\"mw:Entity\" id=\"rdp-we-mwBVA\">\u00a0<\/span><\/span><\/span><\/li>\n<li about=\"#cite_note-Laut.de-4\" id=\"cite_note-Laut.de-4\" data-mw-footnote-number=\"4\"><span rel=\"mw:referencedBy\" class=\"mw-cite-backlink\" id=\"rdp-we-mwBVE\"><a href=\"#cite_ref-Laut.de_4-0\" id=\"rdp-we-mwBVI\"><span class=\"mw-linkback-text\" id=\"rdp-we-mwBVM\">1<\/span><\/a> <a href=\"#cite_ref-Laut.de_4-1\" id=\"rdp-we-mwBVQ\"><span class=\"mw-linkback-text\" id=\"rdp-we-mwBVU\">2<\/span><\/a> <a href=\"#cite_ref-Laut.de_4-2\" id=\"rdp-we-mwBVY\"><span class=\"mw-linkback-text\" id=\"rdp-we-mwBVc\">3<\/span><\/a> <a href=\"#cite_ref-Laut.de_4-3\" id=\"rdp-we-mwBVg\"><span class=\"mw-linkback-text\" id=\"rdp-we-mwBVk\">4<\/span><\/a> <a href=\"#cite_ref-Laut.de_4-4\" id=\"rdp-we-mwBVo\"><span class=\"mw-linkback-text\" id=\"rdp-we-mwBVs\">5<\/span><\/a> <a href=\"#cite_ref-Laut.de_4-5\" id=\"rdp-we-mwBVw\"><span class=\"mw-linkback-text\" id=\"rdp-we-mwBV0\">6<\/span><\/a> <a href=\"#cite_ref-Laut.de_4-6\" id=\"rdp-we-mwBV4\"><span class=\"mw-linkback-text\" id=\"rdp-we-mwBV8\">7<\/span><\/a> <a href=\"#cite_ref-Laut.de_4-7\" id=\"rdp-we-mwBWA\"><span class=\"mw-linkback-text\" id=\"rdp-we-mwBWE\">8<\/span><\/a> <a href=\"#cite_ref-Laut.de_4-8\" id=\"rdp-we-mwBWI\"><span class=\"mw-linkback-text\" id=\"rdp-we-mwBWM\">9<\/span><\/a><\/span> <span id=\"rdp-we-mw-reference-text-cite_note-Laut.de-4\" class=\"mw-reference-text reference-text\"><span class=\"cite\" about=\"#mwt14\" typeof=\"mw:Transclusion\" id=\"rdp-we-mwBWQ\" data-mw='{\"parts\":[{\"template\":{\"target\":{\"wt\":\"Internetquelle \",\"href\":\".\/Vorlage:Internetquelle\"},\"params\":{\"autor\":{\"wt\":\"Laut.de\"},\"url\":{\"wt\":\"http:\/\/www.laut.de\/Kool-Savas\"},\"titel\":{\"wt\":\"Kool Savas\"},\"abruf\":{\"wt\":\"2013-09-15\"}},\"i\":0}}]}'>Laut.de:<span typeof=\"mw:Entity\" id=\"rdp-we-mwBWU\"> <\/span><a rel=\"external_link\" href=\"http:\/\/www.laut.de\/Kool-Savas\" class=\"external text\" id=\"rdp-we-mwBWY\" target=\"_new\"><i id=\"rdp-we-mwBWc\">Kool Savas.<\/i><\/a><span class=\"Abrufdatum\" id=\"rdp-we-mwBWg\"><span typeof=\"mw:Entity\" id=\"rdp-we-mwBWk\"> <\/span>Abgerufen am 15.<span typeof=\"mw:Entity\" id=\"rdp-we-mwBWo\">\u00a0<\/span>September 2013<\/span>.<\/span><span style=\"display: none;\" class=\"Z3988\" title=\"ctx_ver=Z39.88-2004&amp;rft_val_fmt=info%3Aofi%2Ffmt%3Akev%3Amtx%3Adc&amp;rfr_id=info%3Asid%2Fde.wikipedia.org%3AKool+Savas&amp;rft.title=Kool+Savas&amp;rft.description=Kool+Savas&amp;rft.identifier=http%3A%2F%2Fwww.laut.de%2FKool-Savas&amp;rft.creator=Laut.de\" about=\"#mwt14\" id=\"rdp-we-mwBWs\"><span typeof=\"mw:Entity\" id=\"rdp-we-mwBWw\">\u00a0<\/span><\/span><\/span><\/li>\n<li about=\"#cite_note-Savas-Bio-5\" id=\"cite_note-Savas-Bio-5\" data-mw-footnote-number=\"5\"><span rel=\"mw:referencedBy\" class=\"mw-cite-backlink\" id=\"rdp-we-mwBW0\"><a href=\"#cite_ref-Savas-Bio_5-0\" id=\"rdp-we-mwBW4\"><span class=\"mw-linkback-text\" id=\"rdp-we-mwBW8\">1<\/span><\/a> <a href=\"#cite_ref-Savas-Bio_5-1\" id=\"rdp-we-mwBXA\"><span class=\"mw-linkback-text\" id=\"rdp-we-mwBXE\">2<\/span><\/a> <a href=\"#cite_ref-Savas-Bio_5-2\" id=\"rdp-we-mwBXI\"><span class=\"mw-linkback-text\" id=\"rdp-we-mwBXM\">3<\/span><\/a> <a href=\"#cite_ref-Savas-Bio_5-3\" id=\"rdp-we-mwBXQ\"><span class=\"mw-linkback-text\" id=\"rdp-we-mwBXU\">4<\/span><\/a> <a href=\"#cite_ref-Savas-Bio_5-4\" id=\"rdp-we-mwBXY\"><span class=\"mw-linkback-text\" id=\"rdp-we-mwBXc\">5<\/span><\/a><\/span> <span id=\"rdp-we-mw-reference-text-cite_note-Savas-Bio-5\" class=\"mw-reference-text reference-text\"><span class=\"cite\" about=\"#mwt17\" typeof=\"mw:Transclusion\" id=\"rdp-we-mwBXg\" data-mw='{\"parts\":[{\"template\":{\"target\":{\"wt\":\"Internetquelle \",\"href\":\".\/Vorlage:Internetquelle\"},\"params\":{\"autor\":{\"wt\":\"Koolsavas.de\"},\"url\":{\"wt\":\"http:\/\/www.koolsavas.de\/de\/about.html\"},\"titel\":{\"wt\":\"Biografie\"},\"offline\":{\"wt\":\"1\"},\"archiv-url\":{\"wt\":\"https:\/\/web.archive.org\/web\/20140312023302\/http:\/\/www.koolsavas.de\/de\/about.html\"},\"archiv-datum\":{\"wt\":\"2014-03-12\"},\"abruf\":{\"wt\":\"2014-03-25\"}},\"i\":0}}]}'>Koolsavas.de:<span typeof=\"mw:Entity\" id=\"rdp-we-mwBXk\"> <\/span><a rel=\"external_link\" href=\"https:\/\/web.archive.org\/web\/20140312023302\/http:\/\/www.koolsavas.de\/de\/about.html\" class=\"external text\" id=\"rdp-we-mwBXo\" target=\"_new\"><i id=\"rdp-we-mwBXs\">Biografie.<\/i><\/a><span typeof=\"mw:Entity\" id=\"rdp-we-mwBXw\"> <\/span>Archiviert<span typeof=\"mw:Entity\" id=\"rdp-we-mwBX0\"> <\/span>vom<span typeof=\"mw:Entity\" id=\"rdp-we-mwBX4\"> <\/span><span class=\"dewiki-iconexternal\" id=\"rdp-we-mwBYA\"><a rel=\"external_link\" href=\"https:\/\/redirecter.toolforge.org\/?url=http%3A%2F%2Fwww.koolsavas.de%2Fde%2Fabout.html\" class=\"external text\" id=\"rdp-we-mwBYE\" target=\"_new\">Original<\/a><\/span><span typeof=\"mw:Entity\" id=\"rdp-we-mwBYI\"> <\/span>(nicht mehr online verf\u00fcgbar)<span typeof=\"mw:Entity\" id=\"rdp-we-mwBYM\"> <\/span>am<span typeof=\"mw:Entity\" id=\"rdp-we-mwBYQ\"> <\/span><span style=\"white-space:nowrap;\" id=\"rdp-we-mwBYU\">12.<span typeof=\"mw:Entity\" id=\"rdp-we-mwBYY\">\u00a0<\/span>M\u00e4rz 2014<\/span><span id=\"rdp-we-mwBYc\">;<\/span><span class=\"Abrufdatum\" id=\"rdp-we-mwBYg\"><span typeof=\"mw:Entity\" id=\"rdp-we-mwBYk\"> <\/span>abgerufen am 25.<span typeof=\"mw:Entity\" id=\"rdp-we-mwBYo\">\u00a0<\/span>M\u00e4rz 2014<\/span>.<\/span><span style=\"display: none;\" class=\"Z3988\" title=\"ctx_ver=Z39.88-2004&amp;rft_val_fmt=info%3Aofi%2Ffmt%3Akev%3Amtx%3Adc&amp;rfr_id=info%3Asid%2Fde.wikipedia.org%3AKool+Savas&amp;rft.title=Biografie&amp;rft.description=Biografie&amp;rft.identifier=https%3A%2F%2Fweb.archive.org%2Fweb%2F20140312023302%2Fhttp%3A%2F%2Fwww.koolsavas.de%2Fde%2Fabout.html&amp;rft.creator=Koolsavas.de&amp;rft.source=http:\/\/www.koolsavas.de\/de\/about.html\" about=\"#mwt17\" id=\"rdp-we-mwBYs\"><span typeof=\"mw:Entity\" id=\"rdp-we-mwBYw\">\u00a0<\/span><\/span><\/span><\/li>\n<li about=\"#cite_note-6\" id=\"cite_note-6\" data-mw-footnote-number=\"6\"><span class=\"mw-cite-backlink\" id=\"rdp-we-mwBY0\"><a href=\"#cite_ref-6\" rel=\"mw:referencedBy\" id=\"rdp-we-mwBY4\"><span class=\"mw-linkback-text\" id=\"rdp-we-mwBY8\">\u2191<\/span><\/a><\/span> <span id=\"rdp-we-mw-reference-text-cite_note-6\" class=\"mw-reference-text reference-text\"><span class=\"cite\" about=\"#mwt21\" typeof=\"mw:Transclusion\" id=\"rdp-we-mwBZA\" data-mw='{\"parts\":[{\"template\":{\"target\":{\"wt\":\"Internetquelle \",\"href\":\".\/Vorlage:Internetquelle\"},\"params\":{\"url\":{\"wt\":\"http:\/\/www.laut.de\/kool-savas\"},\"titel\":{\"wt\":\"LAUT.DE-BIOGRAPHIE Kool Savas\"},\"werk\":{\"wt\":\"laut.de\"},\"sprache\":{\"wt\":\"de\"},\"abruf\":{\"wt\":\"2021-09-19\"}},\"i\":0}}]}'><a rel=\"external_link\" href=\"http:\/\/www.laut.de\/kool-savas\" class=\"external text\" id=\"rdp-we-mwBZE\" target=\"_new\"><i id=\"rdp-we-mwBZI\">LAUT.DE-BIOGRAPHIE Kool Savas.<\/i><\/a><span typeof=\"mw:Entity\" id=\"rdp-we-mwBZM\"> <\/span>In:<span typeof=\"mw:Entity\" id=\"rdp-we-mwBZQ\"> <\/span><i id=\"rdp-we-mwBZU\">laut.de.<\/i><span class=\"Abrufdatum\" id=\"rdp-we-mwBZY\"><span typeof=\"mw:Entity\" id=\"rdp-we-mwBZc\"> <\/span>Abgerufen am 19.<span typeof=\"mw:Entity\" id=\"rdp-we-mwBZg\">\u00a0<\/span>September 2021<\/span>.<\/span><span style=\"display: none;\" class=\"Z3988\" title=\"ctx_ver=Z39.88-2004&amp;rft_val_fmt=info%3Aofi%2Ffmt%3Akev%3Amtx%3Adc&amp;rfr_id=info%3Asid%2Fde.wikipedia.org%3AKool+Savas&amp;rft.title=LAUT.DE-BIOGRAPHIE+Kool+Savas&amp;rft.description=LAUT.DE-BIOGRAPHIE+Kool+Savas&amp;rft.identifier=http%3A%2F%2Fwww.laut.de%2Fkool-savas&amp;rft.language=de\" about=\"#mwt21\" id=\"rdp-we-mwBZk\"><span typeof=\"mw:Entity\" id=\"rdp-we-mwBZo\">\u00a0<\/span><\/span><\/span><\/li>\n<li about=\"#cite_note-7\" id=\"cite_note-7\" data-mw-footnote-number=\"7\"><span class=\"mw-cite-backlink\" id=\"rdp-we-mwBZs\"><a href=\"#cite_ref-7\" rel=\"mw:referencedBy\" id=\"rdp-we-mwBZw\"><span class=\"mw-linkback-text\" id=\"rdp-we-mwBZ0\">\u2191<\/span><\/a><\/span> <span id=\"rdp-we-mw-reference-text-cite_note-7\" class=\"mw-reference-text reference-text\"><i id=\"rdp-we-mwBZ4\">Juice Special Issue \u2013 Kool Savas<\/i> \u2013 Seite 15 \u2013 Dezember 2011\/Januar\/Februar 2012<\/span><\/li>\n<li about=\"#cite_note-8\" id=\"cite_note-8\" data-mw-footnote-number=\"8\"><span class=\"mw-cite-backlink\" id=\"rdp-we-mwBZ8\"><a href=\"#cite_ref-8\" rel=\"mw:referencedBy\" id=\"rdp-we-mwBaA\"><span class=\"mw-linkback-text\" id=\"rdp-we-mwBaE\">\u2191<\/span><\/a><\/span> <span id=\"rdp-we-mw-reference-text-cite_note-8\" class=\"mw-reference-text reference-text\"><span class=\"cite\" about=\"#mwt24\" typeof=\"mw:Transclusion\" id=\"rdp-we-mwBaI\" data-mw='{\"parts\":[{\"template\":{\"target\":{\"wt\":\"Internetquelle \",\"href\":\".\/Vorlage:Internetquelle\"},\"params\":{\"autor\":{\"wt\":\"Timm Lechler\"},\"url\":{\"wt\":\"http:\/\/www.laut.de\/Kool-Savas\/Alben\/KKS-111273\"},\"titel\":{\"wt\":\"KOOL SAVAS- \\\" KKS\\\" LAUT.DE-KRITIK: Savas bleibt Savas, mit allen Vor- und Nachteilen.\"},\"werk\":{\"wt\":\"laut.de\"},\"datum\":{\"wt\":\"2019-02-08\"},\"sprache\":{\"wt\":\"de\"},\"abruf\":{\"wt\":\"2021-09-19\"}},\"i\":0}}]}'>Timm Lechler:<span typeof=\"mw:Entity\" id=\"rdp-we-mwBaM\"> <\/span><a rel=\"external_link\" href=\"http:\/\/www.laut.de\/Kool-Savas\/Alben\/KKS-111273\" class=\"external text\" id=\"rdp-we-mwBaQ\" target=\"_new\"><i id=\"rdp-we-mwBaU\">KOOL SAVAS- \" KKS\" LAUT.DE-KRITIK: Savas bleibt Savas, mit allen Vor- und Nachteilen.<\/i><\/a><span typeof=\"mw:Entity\" id=\"rdp-we-mwBaY\"> <\/span>In:<span typeof=\"mw:Entity\" id=\"rdp-we-mwBac\"> <\/span><i id=\"rdp-we-mwBag\">laut.de.<\/i><span typeof=\"mw:Entity\" id=\"rdp-we-mwBak\"> <\/span>8.<span typeof=\"mw:Entity\" id=\"rdp-we-mwBao\">\u00a0<\/span>Februar 2019<span typeof=\"mw:Entity\" id=\"rdp-we-mwBas\">,<\/span><span class=\"Abrufdatum\" id=\"rdp-we-mwBaw\"><span typeof=\"mw:Entity\" id=\"rdp-we-mwBa0\"> <\/span>abgerufen am 19.<span typeof=\"mw:Entity\" id=\"rdp-we-mwBa4\">\u00a0<\/span>September 2021<\/span>.<\/span><span style=\"display: none;\" class=\"Z3988\" title=\"ctx_ver=Z39.88-2004&amp;rft_val_fmt=info%3Aofi%2Ffmt%3Akev%3Amtx%3Adc&amp;rfr_id=info%3Asid%2Fde.wikipedia.org%3AKool+Savas&amp;rft.title=KOOL+SAVAS-+%22+KKS%22+LAUT.DE-KRITIK%3A+Savas+bleibt+Savas%2C+mit+allen+Vor-+und+Nachteilen.&amp;rft.description=KOOL+SAVAS-+%22+KKS%22+LAUT.DE-KRITIK%3A+Savas+bleibt+Savas%2C+mit+allen+Vor-+und+Nachteilen.&amp;rft.identifier=http%3A%2F%2Fwww.laut.de%2FKool-Savas%2FAlben%2FKKS-111273&amp;rft.creator=Timm+Lechler&amp;rft.date=2019-02-08&amp;rft.language=de\" about=\"#mwt24\" id=\"rdp-we-mwBa8\"><span typeof=\"mw:Entity\" id=\"rdp-we-mwBbA\">\u00a0<\/span><\/span><\/span><\/li>\n<li about=\"#cite_note-9\" id=\"cite_note-9\" data-mw-footnote-number=\"9\"><span class=\"mw-cite-backlink\" id=\"rdp-we-mwBbE\"><a href=\"#cite_ref-9\" rel=\"mw:referencedBy\" id=\"rdp-we-mwBbI\"><span class=\"mw-linkback-text\" id=\"rdp-we-mwBbM\">\u2191<\/span><\/a><\/span> <span id=\"rdp-we-mw-reference-text-cite_note-9\" class=\"mw-reference-text reference-text\"><span class=\"cite\" about=\"#mwt27\" typeof=\"mw:Transclusion\" id=\"rdp-we-mwBbQ\" data-mw='{\"parts\":[{\"template\":{\"target\":{\"wt\":\"Internetquelle \",\"href\":\".\/Vorlage:Internetquelle\"},\"params\":{\"url\":{\"wt\":\"http:\/\/www.laut.de\/m.o.r.\"},\"titel\":{\"wt\":\"LAUT.DE-BIOGRAPHIE M.O.R.\"},\"werk\":{\"wt\":\"laut.de\"},\"sprache\":{\"wt\":\"de\"},\"abruf\":{\"wt\":\"2021-09-19\"}},\"i\":0}}]}'><a rel=\"external_link\" href=\"http:\/\/www.laut.de\/m.o.r.\" class=\"external text\" id=\"rdp-we-mwBbU\" target=\"_new\"><i id=\"rdp-we-mwBbY\">LAUT.DE-BIOGRAPHIE M.O.R.<\/i><\/a><span typeof=\"mw:Entity\" id=\"rdp-we-mwBbc\"> <\/span>In:<span typeof=\"mw:Entity\" id=\"rdp-we-mwBbg\"> <\/span><i id=\"rdp-we-mwBbk\">laut.de.<\/i><span class=\"Abrufdatum\" id=\"rdp-we-mwBbo\"><span typeof=\"mw:Entity\" id=\"rdp-we-mwBbs\"> <\/span>Abgerufen am 19.<span typeof=\"mw:Entity\" id=\"rdp-we-mwBbw\">\u00a0<\/span>September 2021<\/span>.<\/span><span style=\"display: none;\" class=\"Z3988\" title=\"ctx_ver=Z39.88-2004&amp;rft_val_fmt=info%3Aofi%2Ffmt%3Akev%3Amtx%3Adc&amp;rfr_id=info%3Asid%2Fde.wikipedia.org%3AKool+Savas&amp;rft.title=LAUT.DE-BIOGRAPHIE+M.O.R.&amp;rft.description=LAUT.DE-BIOGRAPHIE+M.O.R.&amp;rft.identifier=http%3A%2F%2Fwww.laut.de%2Fm.o.r.&amp;rft.language=de\" about=\"#mwt27\" id=\"rdp-we-mwBb0\"><span typeof=\"mw:Entity\" id=\"rdp-we-mwBb4\">\u00a0<\/span><\/span><\/span><\/li>\n<li about=\"#cite_note-10\" id=\"cite_note-10\" data-mw-footnote-number=\"10\"><span class=\"mw-cite-backlink\" id=\"rdp-we-mwBb8\"><a href=\"#cite_ref-10\" rel=\"mw:referencedBy\" id=\"rdp-we-mwBcA\"><span class=\"mw-linkback-text\" id=\"rdp-we-mwBcE\">\u2191<\/span><\/a><\/span> <span id=\"rdp-we-mw-reference-text-cite_note-10\" class=\"mw-reference-text reference-text\"><span class=\"cite\" about=\"#mwt30\" typeof=\"mw:Transclusion\" id=\"rdp-we-mwBcI\" data-mw='{\"parts\":[{\"template\":{\"target\":{\"wt\":\"Internetquelle \",\"href\":\".\/Vorlage:Internetquelle\"},\"params\":{\"autor\":{\"wt\":\"Discogs.com\"},\"url\":{\"wt\":\"http:\/\/www.discogs.com\/Westberlin-Maskulin-HoesFlowsMoneytoes\/release\/1295419\"},\"titel\":{\"wt\":\"Westberlin Maskulin \u2013 Hoes, Flows, Moneytoes\"},\"abruf\":{\"wt\":\"2014-03-20\"}},\"i\":0}}]}'>Discogs.com:<span typeof=\"mw:Entity\" id=\"rdp-we-mwBcM\"> <\/span><a rel=\"external_link\" href=\"http:\/\/www.discogs.com\/Westberlin-Maskulin-HoesFlowsMoneytoes\/release\/1295419\" class=\"external text\" id=\"rdp-we-mwBcQ\" target=\"_new\"><i id=\"rdp-we-mwBcU\">Westberlin Maskulin \u2013 Hoes, Flows, Moneytoes.<\/i><\/a><span class=\"Abrufdatum\" id=\"rdp-we-mwBcY\"><span typeof=\"mw:Entity\" id=\"rdp-we-mwBcc\"> <\/span>Abgerufen am 20.<span typeof=\"mw:Entity\" id=\"rdp-we-mwBcg\">\u00a0<\/span>M\u00e4rz 2014<\/span>.<\/span><span style=\"display: none;\" class=\"Z3988\" title=\"ctx_ver=Z39.88-2004&amp;rft_val_fmt=info%3Aofi%2Ffmt%3Akev%3Amtx%3Adc&amp;rfr_id=info%3Asid%2Fde.wikipedia.org%3AKool+Savas&amp;rft.title=Westberlin+Maskulin+%E2%80%93+Hoes%2C+Flows%2C+Moneytoes&amp;rft.description=Westberlin+Maskulin+%E2%80%93+Hoes%2C+Flows%2C+Moneytoes&amp;rft.identifier=http%3A%2F%2Fwww.discogs.com%2FWestberlin-Maskulin-HoesFlowsMoneytoes%2Frelease%2F1295419&amp;rft.creator=Discogs.com\" about=\"#mwt30\" id=\"rdp-we-mwBck\"><span typeof=\"mw:Entity\" id=\"rdp-we-mwBco\">\u00a0<\/span><\/span><\/span><\/li>\n<li about=\"#cite_note-11\" id=\"cite_note-11\" data-mw-footnote-number=\"11\"><span class=\"mw-cite-backlink\" id=\"rdp-we-mwBcs\"><a href=\"#cite_ref-11\" rel=\"mw:referencedBy\" id=\"rdp-we-mwBcw\"><span class=\"mw-linkback-text\" id=\"rdp-we-mwBc0\">\u2191<\/span><\/a><\/span> <span id=\"rdp-we-mw-reference-text-cite_note-11\" class=\"mw-reference-text reference-text\"><span class=\"cite\" about=\"#mwt32\" typeof=\"mw:Transclusion\" id=\"rdp-we-mwBc4\" data-mw='{\"parts\":[{\"template\":{\"target\":{\"wt\":\"Internetquelle \",\"href\":\".\/Vorlage:Internetquelle\"},\"params\":{\"autor\":{\"wt\":\"Imdb.com\"},\"url\":{\"wt\":\"http:\/\/www.imdb.com\/title\/tt0159458\/\"},\"titel\":{\"wt\":\"Geschwister \u2013 Kardesler\"},\"abruf\":{\"wt\":\"2014-03-24\"}},\"i\":0}}]}'>Imdb.com:<span typeof=\"mw:Entity\" id=\"rdp-we-mwBc8\"> <\/span><a rel=\"external_link\" href=\"https:\/\/www.imdb.com\/title\/tt0159458\/\" class=\"external text\" data-mw-original-href=\"http:\/\/www.imdb.com\/title\/tt0159458\/\" id=\"rdp-we-mwBdA\" target=\"_new\"><i id=\"rdp-we-mwBdE\">Geschwister \u2013 Kardesler.<\/i><\/a><span class=\"Abrufdatum\" id=\"rdp-we-mwBdI\"><span typeof=\"mw:Entity\" id=\"rdp-we-mwBdM\"> <\/span>Abgerufen am 24.<span typeof=\"mw:Entity\" id=\"rdp-we-mwBdQ\">\u00a0<\/span>M\u00e4rz 2014<\/span>.<\/span><span style=\"display: none;\" class=\"Z3988\" title=\"ctx_ver=Z39.88-2004&amp;rft_val_fmt=info%3Aofi%2Ffmt%3Akev%3Amtx%3Adc&amp;rfr_id=info%3Asid%2Fde.wikipedia.org%3AKool+Savas&amp;rft.title=Geschwister+%E2%80%93+Kardesler&amp;rft.description=Geschwister+%E2%80%93+Kardesler&amp;rft.identifier=http%3A%2F%2Fwww.imdb.com%2Ftitle%2Ftt0159458%2F&amp;rft.creator=Imdb.com\" about=\"#mwt32\" id=\"rdp-we-mwBdU\"><span typeof=\"mw:Entity\" id=\"rdp-we-mwBdY\">\u00a0<\/span><\/span><\/span><\/li>\n<li about=\"#cite_note-12\" id=\"cite_note-12\" data-mw-footnote-number=\"12\"><span class=\"mw-cite-backlink\" id=\"rdp-we-mwBdc\"><a href=\"#cite_ref-12\" rel=\"mw:referencedBy\" id=\"rdp-we-mwBdg\"><span class=\"mw-linkback-text\" id=\"rdp-we-mwBdk\">\u2191<\/span><\/a><\/span> <span id=\"rdp-we-mw-reference-text-cite_note-12\" class=\"mw-reference-text reference-text\"><span class=\"cite\" about=\"#mwt40\" typeof=\"mw:Transclusion\" id=\"rdp-we-mwBdo\" data-mw='{\"parts\":[{\"template\":{\"target\":{\"wt\":\"Internetquelle \",\"href\":\".\/Vorlage:Internetquelle\"},\"params\":{\"url\":{\"wt\":\"https:\/\/mikrofett.wordpress.com\/free-savas-2002\/\"},\"titel\":{\"wt\":\"Free Savas 2002\"},\"werk\":{\"wt\":\"MIKROKOSMOS BOOKING BERLIN\"},\"datum\":{\"wt\":\"2022-03-31\"},\"sprache\":{\"wt\":\"de-DE\"},\"abruf\":{\"wt\":\"2022-08-15\"}},\"i\":0}}]}'><a rel=\"external_link\" href=\"https:\/\/mikrofett.wordpress.com\/free-savas-2002\/\" class=\"external text\" id=\"rdp-we-mwBds\" target=\"_new\"><i id=\"rdp-we-mwBdw\">Free Savas 2002.<\/i><\/a><span typeof=\"mw:Entity\" id=\"rdp-we-mwBd0\"> <\/span>In:<span typeof=\"mw:Entity\" id=\"rdp-we-mwBd4\"> <\/span><i id=\"rdp-we-mwBd8\">MIKROKOSMOS BOOKING BERLIN.<\/i><span typeof=\"mw:Entity\" id=\"rdp-we-mwBeA\"> <\/span>31.<span typeof=\"mw:Entity\" id=\"rdp-we-mwBeE\">\u00a0<\/span>M\u00e4rz 2022<span typeof=\"mw:Entity\" id=\"rdp-we-mwBeI\">,<\/span><span class=\"Abrufdatum\" id=\"rdp-we-mwBeM\"><span typeof=\"mw:Entity\" id=\"rdp-we-mwBeQ\"> <\/span>abgerufen am 15.<span typeof=\"mw:Entity\" id=\"rdp-we-mwBeU\">\u00a0<\/span>August 2022<\/span><span typeof=\"mw:Entity\" id=\"rdp-we-mwBeY\"> <\/span>(deutsch).<\/span><span style=\"display: none;\" class=\"Z3988\" title=\"ctx_ver=Z39.88-2004&amp;rft_val_fmt=info%3Aofi%2Ffmt%3Akev%3Amtx%3Adc&amp;rfr_id=info%3Asid%2Fde.wikipedia.org%3AKool+Savas&amp;rft.title=Free+Savas+2002&amp;rft.description=Free+Savas+2002&amp;rft.identifier=https%3A%2F%2Fmikrofett.wordpress.com%2Ffree-savas-2002%2F&amp;rft.date=2022-03-31&amp;rft.language=de-DE\" about=\"#mwt40\" id=\"rdp-we-mwBec\"><span typeof=\"mw:Entity\" id=\"rdp-we-mwBeg\">\u00a0<\/span><\/span><\/span><\/li>\n<li about=\"#cite_note-13\" id=\"cite_note-13\" data-mw-footnote-number=\"13\"><span class=\"mw-cite-backlink\" id=\"rdp-we-mwBek\"><a href=\"#cite_ref-13\" rel=\"mw:referencedBy\" id=\"rdp-we-mwBeo\"><span class=\"mw-linkback-text\" id=\"rdp-we-mwBes\">\u2191<\/span><\/a><\/span> <span id=\"rdp-we-mw-reference-text-cite_note-13\" class=\"mw-reference-text reference-text\"><span class=\"cite\" about=\"#mwt43\" typeof=\"mw:Transclusion\" id=\"rdp-we-mwBew\" data-mw='{\"parts\":[{\"template\":{\"target\":{\"wt\":\"Internetquelle \",\"href\":\".\/Vorlage:Internetquelle\"},\"params\":{\"autor\":{\"wt\":\"Laut.de\"},\"url\":{\"wt\":\"https:\/\/www.laut.de\/News\/Optik-Records-Kool-Savas-trennt-sich-von-Eko-07-08-2003-2259\"},\"titel\":{\"wt\":\"Kool Savas trennt sich von Eko\"},\"offline\":{\"wt\":\"1\"},\"archiv-url\":{\"wt\":\"https:\/\/web.archive.org\/web\/20140105072938\/http:\/\/www.laut.de\/News\/Optik-Records-Kool-Savas-trennt-sich-von-Eko-07-08-2003-2259\"},\"archiv-datum\":{\"wt\":\"2014-01-05\"},\"abruf\":{\"wt\":\"2014-03-21\"}},\"i\":0}}]}'>Laut.de:<span typeof=\"mw:Entity\" id=\"rdp-we-mwBe0\"> <\/span><a rel=\"external_link\" href=\"https:\/\/web.archive.org\/web\/20140105072938\/http:\/\/www.laut.de\/News\/Optik-Records-Kool-Savas-trennt-sich-von-Eko-07-08-2003-2259\" class=\"external text\" id=\"rdp-we-mwBe4\" target=\"_new\"><i id=\"rdp-we-mwBe8\">Kool Savas trennt sich von Eko.<\/i><\/a><span typeof=\"mw:Entity\" id=\"rdp-we-mwBfA\"> <\/span>Archiviert<span typeof=\"mw:Entity\" id=\"rdp-we-mwBfE\"> <\/span>vom<span typeof=\"mw:Entity\" id=\"rdp-we-mwBfI\"> <\/span><link rel=\"mw-deduplicated-inline-style\" href=\"mw-data:TemplateStyles:r250917974\" about=\"#mwt44\" typeof=\"mw:Extension\/templatestyles\" id=\"rdp-we-mwBfM\" data-mw='{\"name\":\"templatestyles\",\"attrs\":{\"src\":\"Vorlage:IconExternal\/styles.css\"}}'\/><span class=\"dewiki-iconexternal\" id=\"rdp-we-mwBfQ\"><a rel=\"external_link\" href=\"https:\/\/redirecter.toolforge.org\/?url=https%3A%2F%2Fwww.laut.de%2FNews%2FOptik-Records-Kool-Savas-trennt-sich-von-Eko-07-08-2003-2259\" class=\"external text\" id=\"rdp-we-mwBfU\" target=\"_new\">Original<\/a><\/span><span typeof=\"mw:Entity\" id=\"rdp-we-mwBfY\"> <\/span>(nicht mehr online verf\u00fcgbar)<span typeof=\"mw:Entity\" id=\"rdp-we-mwBfc\"> <\/span>am<span typeof=\"mw:Entity\" id=\"rdp-we-mwBfg\"> <\/span><span style=\"white-space:nowrap;\" id=\"rdp-we-mwBfk\">5.<span typeof=\"mw:Entity\" id=\"rdp-we-mwBfo\">\u00a0<\/span>Januar 2014<\/span><span id=\"rdp-we-mwBfs\">;<\/span><span class=\"Abrufdatum\" id=\"rdp-we-mwBfw\"><span typeof=\"mw:Entity\" id=\"rdp-we-mwBf0\"> <\/span>abgerufen am 21.<span typeof=\"mw:Entity\" id=\"rdp-we-mwBf4\">\u00a0<\/span>M\u00e4rz 2014<\/span>.<\/span><span style=\"display: none;\" class=\"Z3988\" title=\"ctx_ver=Z39.88-2004&amp;rft_val_fmt=info%3Aofi%2Ffmt%3Akev%3Amtx%3Adc&amp;rfr_id=info%3Asid%2Fde.wikipedia.org%3AKool+Savas&amp;rft.title=Kool+Savas+trennt+sich+von+Eko&amp;rft.description=Kool+Savas+trennt+sich+von+Eko&amp;rft.identifier=https%3A%2F%2Fweb.archive.org%2Fweb%2F20140105072938%2Fhttp%3A%2F%2Fwww.laut.de%2FNews%2FOptik-Records-Kool-Savas-trennt-sich-von-Eko-07-08-2003-2259&amp;rft.creator=Laut.de&amp;rft.source=https:\/\/www.laut.de\/News\/Optik-Records-Kool-Savas-trennt-sich-von-Eko-07-08-2003-2259\" about=\"#mwt43\" id=\"rdp-we-mwBf8\"><span typeof=\"mw:Entity\" id=\"rdp-we-mwBgA\">\u00a0<\/span><\/span><\/span><\/li>\n<li about=\"#cite_note-14\" id=\"cite_note-14\" data-mw-footnote-number=\"14\"><span class=\"mw-cite-backlink\" id=\"rdp-we-mwBgE\"><a href=\"#cite_ref-14\" rel=\"mw:referencedBy\" id=\"rdp-we-mwBgI\"><span class=\"mw-linkback-text\" id=\"rdp-we-mwBgM\">\u2191<\/span><\/a><\/span> <span id=\"rdp-we-mw-reference-text-cite_note-14\" class=\"mw-reference-text reference-text\"><span class=\"cite\" about=\"#mwt46\" typeof=\"mw:Transclusion\" id=\"rdp-we-mwBgQ\" data-mw='{\"parts\":[{\"template\":{\"target\":{\"wt\":\"Internetquelle \",\"href\":\".\/Vorlage:Internetquelle\"},\"params\":{\"autor\":{\"wt\":\"Juice.de\"},\"url\":{\"wt\":\"http:\/\/juice.de\/die-besten-kool-savas-songs\/\"},\"titel\":{\"wt\":\"Die besten Kool Savas-Songs\"},\"abruf\":{\"wt\":\"2014-03-21\"}},\"i\":0}}]}'>Juice.de:<span typeof=\"mw:Entity\" id=\"rdp-we-mwBgU\"> <\/span><a rel=\"external_link\" href=\"http:\/\/juice.de\/die-besten-kool-savas-songs\/\" class=\"external text\" id=\"rdp-we-mwBgY\" target=\"_new\"><i id=\"rdp-we-mwBgc\">Die besten Kool Savas-Songs.<\/i><\/a><span class=\"Abrufdatum\" id=\"rdp-we-mwBgg\"><span typeof=\"mw:Entity\" id=\"rdp-we-mwBgk\"> <\/span>Abgerufen am 21.<span typeof=\"mw:Entity\" id=\"rdp-we-mwBgo\">\u00a0<\/span>M\u00e4rz 2014<\/span>.<\/span><span style=\"display: none;\" class=\"Z3988\" title=\"ctx_ver=Z39.88-2004&amp;rft_val_fmt=info%3Aofi%2Ffmt%3Akev%3Amtx%3Adc&amp;rfr_id=info%3Asid%2Fde.wikipedia.org%3AKool+Savas&amp;rft.title=Die+besten+Kool+Savas-Songs&amp;rft.description=Die+besten+Kool+Savas-Songs&amp;rft.identifier=http%3A%2F%2Fjuice.de%2Fdie-besten-kool-savas-songs%2F&amp;rft.creator=Juice.de\" about=\"#mwt46\" id=\"rdp-we-mwBgs\"><span typeof=\"mw:Entity\" id=\"rdp-we-mwBgw\">\u00a0<\/span><\/span><\/span><\/li>\n<li about=\"#cite_note-15\" id=\"cite_note-15\" data-mw-footnote-number=\"15\"><span class=\"mw-cite-backlink\" id=\"rdp-we-mwBg0\"><a href=\"#cite_ref-15\" rel=\"mw:referencedBy\" id=\"rdp-we-mwBg4\"><span class=\"mw-linkback-text\" id=\"rdp-we-mwBg8\">\u2191<\/span><\/a><\/span> <span id=\"rdp-we-mw-reference-text-cite_note-15\" class=\"mw-reference-text reference-text\"><span class=\"cite\" about=\"#mwt48\" typeof=\"mw:Transclusion\" id=\"rdp-we-mwBhA\" data-mw='{\"parts\":[{\"template\":{\"target\":{\"wt\":\"Internetquelle \",\"href\":\".\/Vorlage:Internetquelle\"},\"params\":{\"url\":{\"wt\":\"https:\/\/hiphop.de\/magazin\/news\/beef-offiziell-beendet-kool-savas-holt-eko-fresh-auf-buehne-entschuldigt-sich-414183\"},\"titel\":{\"wt\":\"Beef offiziell beendet: Kool Savas holt Eko Fresh auf die B\u00fchne &amp; entschuldigt sich\"},\"hrsg\":{\"wt\":\"hiphop.de\"},\"datum\":{\"wt\":\"22. Februar 2025\"},\"zugriff\":{\"wt\":\"24. Februar 2025\"}},\"i\":0}}]}'><a rel=\"external_link\" href=\"https:\/\/hiphop.de\/magazin\/news\/beef-offiziell-beendet-kool-savas-holt-eko-fresh-auf-buehne-entschuldigt-sich-414183\" class=\"external text\" id=\"rdp-we-mwBhE\" target=\"_new\"><i id=\"rdp-we-mwBhI\">Beef offiziell beendet: Kool Savas holt Eko Fresh auf die B\u00fchne &amp; entschuldigt sich.<\/i><\/a><span typeof=\"mw:Entity\" id=\"rdp-we-mwBhM\"> <\/span>hiphop.de,<span typeof=\"mw:Entity\" id=\"rdp-we-mwBhQ\"> <\/span>22.<span typeof=\"mw:Entity\" id=\"rdp-we-mwBhU\">\u00a0<\/span>Februar 2025<span typeof=\"mw:Entity\" id=\"rdp-we-mwBhY\">,<\/span><span class=\"Abrufdatum\" id=\"rdp-we-mwBhc\"><span typeof=\"mw:Entity\" id=\"rdp-we-mwBhg\"> <\/span>abgerufen am 24.<span typeof=\"mw:Entity\" id=\"rdp-we-mwBhk\">\u00a0<\/span>Februar 2025<\/span>.<\/span><span style=\"display: none;\" class=\"Z3988\" title=\"ctx_ver=Z39.88-2004&amp;rft_val_fmt=info%3Aofi%2Ffmt%3Akev%3Amtx%3Adc&amp;rfr_id=info%3Asid%2Fde.wikipedia.org%3AKool+Savas&amp;rft.title=Beef+offiziell+beendet%3A+Kool+Savas+holt+Eko+Fresh+auf+die+B%C3%BChne+%26+entschuldigt+sich&amp;rft.description=Beef+offiziell+beendet%3A+Kool+Savas+holt+Eko+Fresh+auf+die+B%C3%BChne+%26+entschuldigt+sich&amp;rft.identifier=https%3A%2F%2Fhiphop.de%2Fmagazin%2Fnews%2Fbeef-offiziell-beendet-kool-savas-holt-eko-fresh-auf-buehne-entschuldigt-sich-414183&amp;rft.publisher=hiphop.de\" about=\"#mwt48\" id=\"rdp-we-mwBho\"><span typeof=\"mw:Entity\" id=\"rdp-we-mwBhs\">\u00a0<\/span><\/span><\/span><\/li>\n<li about=\"#cite_note-16\" id=\"cite_note-16\" data-mw-footnote-number=\"16\"><span class=\"mw-cite-backlink\" id=\"rdp-we-mwBhw\"><a href=\"#cite_ref-16\" rel=\"mw:referencedBy\" id=\"rdp-we-mwBh0\"><span class=\"mw-linkback-text\" id=\"rdp-we-mwBh4\">\u2191<\/span><\/a><\/span> <span id=\"rdp-we-mw-reference-text-cite_note-16\" class=\"mw-reference-text reference-text\"><span class=\"cite\" about=\"#mwt50\" typeof=\"mw:Transclusion\" id=\"rdp-we-mwBh8\" data-mw='{\"parts\":[{\"template\":{\"target\":{\"wt\":\"Internetquelle \",\"href\":\".\/Vorlage:Internetquelle\"},\"params\":{\"url\":{\"wt\":\"https:\/\/www.offiziellecharts.de\/charts\/album-details-16182\"},\"titel\":{\"wt\":\"Kool Savas &amp; Azad - One\"},\"werk\":{\"wt\":\"offiziellecharts.de\"},\"abruf\":{\"wt\":\"2024-07-24\"}},\"i\":0}}]}'><a rel=\"external_link\" href=\"https:\/\/www.offiziellecharts.de\/charts\/album-details-16182\" class=\"external text\" id=\"rdp-we-mwBiA\" target=\"_new\"><i id=\"rdp-we-mwBiE\">Kool Savas &amp; Azad - One.<\/i><\/a><span typeof=\"mw:Entity\" id=\"rdp-we-mwBiI\"> <\/span>In:<span typeof=\"mw:Entity\" id=\"rdp-we-mwBiM\"> <\/span><i id=\"rdp-we-mwBiQ\">offiziellecharts.de.<\/i><span class=\"Abrufdatum\" id=\"rdp-we-mwBiU\"><span typeof=\"mw:Entity\" id=\"rdp-we-mwBiY\"> <\/span>Abgerufen am 24.<span typeof=\"mw:Entity\" id=\"rdp-we-mwBic\">\u00a0<\/span>Juli 2024<\/span>.<\/span><span style=\"display: none;\" class=\"Z3988\" title=\"ctx_ver=Z39.88-2004&amp;rft_val_fmt=info%3Aofi%2Ffmt%3Akev%3Amtx%3Adc&amp;rfr_id=info%3Asid%2Fde.wikipedia.org%3AKool+Savas&amp;rft.title=Kool+Savas+%26+Azad+-+One&amp;rft.description=Kool+Savas+%26+Azad+-+One&amp;rft.identifier=https%3A%2F%2Fwww.offiziellecharts.de%2Fcharts%2Falbum-details-16182\" about=\"#mwt50\" id=\"rdp-we-mwBig\"><span typeof=\"mw:Entity\" id=\"rdp-we-mwBik\">\u00a0<\/span><\/span><\/span><\/li>\n<li about=\"#cite_note-17\" id=\"cite_note-17\" data-mw-footnote-number=\"17\"><span class=\"mw-cite-backlink\" id=\"rdp-we-mwBio\"><a href=\"#cite_ref-17\" rel=\"mw:referencedBy\" id=\"rdp-we-mwBis\"><span class=\"mw-linkback-text\" id=\"rdp-we-mwBiw\">\u2191<\/span><\/a><\/span> <span id=\"rdp-we-mw-reference-text-cite_note-17\" class=\"mw-reference-text reference-text\"><span class=\"cite\" about=\"#mwt52\" typeof=\"mw:Transclusion\" id=\"rdp-we-mwBi0\" data-mw='{\"parts\":[{\"template\":{\"target\":{\"wt\":\"Internetquelle \",\"href\":\".\/Vorlage:Internetquelle\"},\"params\":{\"autor\":{\"wt\":\"Tvtotal.prosieben.de\"},\"url\":{\"wt\":\"http:\/\/tvtotal.prosieben.de\/tvtotal\/videos\/player\/?contentId=15622&amp;initialTab=related\"},\"titel\":{\"wt\":\"Kool Savas &amp; Azad live vom 03.05.2005 (Sendung 0722 vom 03.05.2005)\"},\"abruf\":{\"wt\":\"2014-03-21\"}},\"i\":0}}]}'>Tvtotal.prosieben.de:<span typeof=\"mw:Entity\" id=\"rdp-we-mwBi4\"> <\/span><a rel=\"external_link\" href=\"http:\/\/tvtotal.prosieben.de\/tvtotal\/videos\/player\/?contentId=15622&initialTab=related\" class=\"external text\" id=\"rdp-we-mwBi8\" target=\"_new\"><i id=\"rdp-we-mwBjA\">Kool Savas &amp; Azad live vom 03.05.2005 (Sendung 0722 vom 03.05.2005).<\/i><\/a><span class=\"Abrufdatum\" id=\"rdp-we-mwBjE\"><span typeof=\"mw:Entity\" id=\"rdp-we-mwBjI\"> <\/span>Abgerufen am 21.<span typeof=\"mw:Entity\" id=\"rdp-we-mwBjM\">\u00a0<\/span>M\u00e4rz 2014<\/span>.<\/span><span style=\"display: none;\" class=\"Z3988\" title=\"ctx_ver=Z39.88-2004&amp;rft_val_fmt=info%3Aofi%2Ffmt%3Akev%3Amtx%3Adc&amp;rfr_id=info%3Asid%2Fde.wikipedia.org%3AKool+Savas&amp;rft.title=Kool+Savas+%26+Azad+live+vom+03.05.2005+%28Sendung+0722+vom+03.05.2005%29&amp;rft.description=Kool+Savas+%26+Azad+live+vom+03.05.2005+%28Sendung+0722+vom+03.05.2005%29&amp;rft.identifier=http%3A%2F%2Ftvtotal.prosieben.de%2Ftvtotal%2Fvideos%2Fplayer%2F%3FcontentId%3D15622%26initialTab%3Drelated&amp;rft.creator=Tvtotal.prosieben.de\" about=\"#mwt52\" id=\"rdp-we-mwBjQ\"><span typeof=\"mw:Entity\" id=\"rdp-we-mwBjU\">\u00a0<\/span><\/span><\/span><\/li>\n<li about=\"#cite_note-18\" id=\"cite_note-18\" data-mw-footnote-number=\"18\"><span class=\"mw-cite-backlink\" id=\"rdp-we-mwBjY\"><a href=\"#cite_ref-18\" rel=\"mw:referencedBy\" id=\"rdp-we-mwBjc\"><span class=\"mw-linkback-text\" id=\"rdp-we-mwBjg\">\u2191<\/span><\/a><\/span> <span id=\"rdp-we-mw-reference-text-cite_note-18\" class=\"mw-reference-text reference-text\"><span class=\"cite\" about=\"#mwt54\" typeof=\"mw:Transclusion\" id=\"rdp-we-mwBjk\" data-mw='{\"parts\":[{\"template\":{\"target\":{\"wt\":\"Internetquelle \",\"href\":\".\/Vorlage:Internetquelle\"},\"params\":{\"autor\":{\"wt\":\"Laut.de\"},\"url\":{\"wt\":\"http:\/\/www.laut.de\/Moe-Mitchell\"},\"titel\":{\"wt\":\"Moe Mitchell\"},\"abruf\":{\"wt\":\"2014-03-21\"}},\"i\":0}}]}'>Laut.de:<span typeof=\"mw:Entity\" id=\"rdp-we-mwBjo\"> <\/span><a rel=\"external_link\" href=\"http:\/\/www.laut.de\/Moe-Mitchell\" class=\"external text\" id=\"rdp-we-mwBjs\" target=\"_new\"><i id=\"rdp-we-mwBjw\">Moe Mitchell.<\/i><\/a><span class=\"Abrufdatum\" id=\"rdp-we-mwBj0\"><span typeof=\"mw:Entity\" id=\"rdp-we-mwBj4\"> <\/span>Abgerufen am 21.<span typeof=\"mw:Entity\" id=\"rdp-we-mwBj8\">\u00a0<\/span>M\u00e4rz 2014<\/span>.<\/span><span style=\"display: none;\" class=\"Z3988\" title=\"ctx_ver=Z39.88-2004&amp;rft_val_fmt=info%3Aofi%2Ffmt%3Akev%3Amtx%3Adc&amp;rfr_id=info%3Asid%2Fde.wikipedia.org%3AKool+Savas&amp;rft.title=Moe+Mitchell&amp;rft.description=Moe+Mitchell&amp;rft.identifier=http%3A%2F%2Fwww.laut.de%2FMoe-Mitchell&amp;rft.creator=Laut.de\" about=\"#mwt54\" id=\"rdp-we-mwBkA\"><span typeof=\"mw:Entity\" id=\"rdp-we-mwBkE\">\u00a0<\/span><\/span><\/span><\/li>\n<li about=\"#cite_note-19\" id=\"cite_note-19\" data-mw-footnote-number=\"19\"><span class=\"mw-cite-backlink\" id=\"rdp-we-mwBkI\"><a href=\"#cite_ref-19\" rel=\"mw:referencedBy\" id=\"rdp-we-mwBkM\"><span class=\"mw-linkback-text\" id=\"rdp-we-mwBkQ\">\u2191<\/span><\/a><\/span> <span id=\"rdp-we-mw-reference-text-cite_note-19\" class=\"mw-reference-text reference-text\"><span class=\"cite\" about=\"#mwt56\" typeof=\"mw:Transclusion\" id=\"rdp-we-mwBkU\" data-mw='{\"parts\":[{\"template\":{\"target\":{\"wt\":\"Internetquelle \",\"href\":\".\/Vorlage:Internetquelle\"},\"params\":{\"autor\":{\"wt\":\"Laut.de\"},\"url\":{\"wt\":\"http:\/\/www.laut.de\/Kool-Savas\/Alben\/Optik-Takeover!-15546\"},\"titel\":{\"wt\":\"Wer zu sp\u00e4t kommt, den bei\u00dfen die Hunde zu Recht.\"},\"abruf\":{\"wt\":\"2014-03-21\"}},\"i\":0}}]}'>Laut.de:<span typeof=\"mw:Entity\" id=\"rdp-we-mwBkY\"> <\/span><a rel=\"external_link\" href=\"http:\/\/www.laut.de\/Kool-Savas\/Alben\/Optik-Takeover!-15546\" class=\"external text\" id=\"rdp-we-mwBkc\" target=\"_new\"><i id=\"rdp-we-mwBkg\">Wer zu sp\u00e4t kommt, den bei\u00dfen die Hunde zu Recht.<\/i><\/a><span class=\"Abrufdatum\" id=\"rdp-we-mwBkk\"><span typeof=\"mw:Entity\" id=\"rdp-we-mwBko\"> <\/span>Abgerufen am 21.<span typeof=\"mw:Entity\" id=\"rdp-we-mwBks\">\u00a0<\/span>M\u00e4rz 2014<\/span>.<\/span><span style=\"display: none;\" class=\"Z3988\" title=\"ctx_ver=Z39.88-2004&amp;rft_val_fmt=info%3Aofi%2Ffmt%3Akev%3Amtx%3Adc&amp;rfr_id=info%3Asid%2Fde.wikipedia.org%3AKool+Savas&amp;rft.title=Wer+zu+sp%C3%A4t+kommt%2C+den+bei%C3%9Fen+die+Hunde+zu+Recht.&amp;rft.description=Wer+zu+sp%C3%A4t+kommt%2C+den+bei%C3%9Fen+die+Hunde+zu+Recht.&amp;rft.identifier=http%3A%2F%2Fwww.laut.de%2FKool-Savas%2FAlben%2FOptik-Takeover%21-15546&amp;rft.creator=Laut.de\" about=\"#mwt56\" id=\"rdp-we-mwBkw\"><span typeof=\"mw:Entity\" id=\"rdp-we-mwBk0\">\u00a0<\/span><\/span><\/span><\/li>\n<li about=\"#cite_note-20\" id=\"cite_note-20\" data-mw-footnote-number=\"20\"><span class=\"mw-cite-backlink\" id=\"rdp-we-mwBk4\"><a href=\"#cite_ref-20\" rel=\"mw:referencedBy\" id=\"rdp-we-mwBk8\"><span class=\"mw-linkback-text\" id=\"rdp-we-mwBlA\">\u2191<\/span><\/a><\/span> <span id=\"rdp-we-mw-reference-text-cite_note-20\" class=\"mw-reference-text reference-text\"><span class=\"cite\" about=\"#mwt58\" typeof=\"mw:Transclusion\" id=\"rdp-we-mwBlE\" data-mw='{\"parts\":[{\"template\":{\"target\":{\"wt\":\"Internetquelle \",\"href\":\".\/Vorlage:Internetquelle\"},\"params\":{\"autor\":{\"wt\":\"Musik-sammler.de\"},\"url\":{\"wt\":\"http:\/\/www.musik-sammler.de\/media\/276335\"},\"titel\":{\"wt\":\"\u201aFeuer \u00fcber Deutschland\u2018 pr\u00e4sentiert von Kool Savas\"},\"abruf\":{\"wt\":\"2014-03-23\"}},\"i\":0}}]}'>Musik-sammler.de:<span typeof=\"mw:Entity\" id=\"rdp-we-mwBlI\"> <\/span><a rel=\"external_link\" href=\"http:\/\/www.musik-sammler.de\/media\/276335\" class=\"external text\" id=\"rdp-we-mwBlM\" target=\"_new\"><i id=\"rdp-we-mwBlQ\">\u201aFeuer \u00fcber Deutschland\u2018 pr\u00e4sentiert von Kool Savas.<\/i><\/a><span class=\"Abrufdatum\" id=\"rdp-we-mwBlU\"><span typeof=\"mw:Entity\" id=\"rdp-we-mwBlY\"> <\/span>Abgerufen am 23.<span typeof=\"mw:Entity\" id=\"rdp-we-mwBlc\">\u00a0<\/span>M\u00e4rz 2014<\/span>.<\/span><span style=\"display: none;\" class=\"Z3988\" title=\"ctx_ver=Z39.88-2004&amp;rft_val_fmt=info%3Aofi%2Ffmt%3Akev%3Amtx%3Adc&amp;rfr_id=info%3Asid%2Fde.wikipedia.org%3AKool+Savas&amp;rft.title=%E2%80%9AFeuer+%C3%BCber+Deutschland%E2%80%98+pr%C3%A4sentiert+von+Kool+Savas&amp;rft.description=%E2%80%9AFeuer+%C3%BCber+Deutschland%E2%80%98+pr%C3%A4sentiert+von+Kool+Savas&amp;rft.identifier=http%3A%2F%2Fwww.musik-sammler.de%2Fmedia%2F276335&amp;rft.creator=Musik-sammler.de\" about=\"#mwt58\" id=\"rdp-we-mwBlg\"><span typeof=\"mw:Entity\" id=\"rdp-we-mwBlk\">\u00a0<\/span><\/span><\/span><\/li>\n<li about=\"#cite_note-21\" id=\"cite_note-21\" data-mw-footnote-number=\"21\"><span class=\"mw-cite-backlink\" id=\"rdp-we-mwBlo\"><a href=\"#cite_ref-21\" rel=\"mw:referencedBy\" id=\"rdp-we-mwBls\"><span class=\"mw-linkback-text\" id=\"rdp-we-mwBlw\">\u2191<\/span><\/a><\/span> <span id=\"rdp-we-mw-reference-text-cite_note-21\" class=\"mw-reference-text reference-text\"><span class=\"cite\" about=\"#mwt60\" typeof=\"mw:Transclusion\" id=\"rdp-we-mwBl0\" data-mw='{\"parts\":[{\"template\":{\"target\":{\"wt\":\"Internetquelle \",\"href\":\".\/Vorlage:Internetquelle\"},\"params\":{\"autor\":{\"wt\":\"Austriancharts.at\"},\"url\":{\"wt\":\"http:\/\/www.austriancharts.at\/showitem.asp?interpret=Kool+Savas&amp;titel=Tot+oder+lebendig&amp;cat=a\"},\"titel\":{\"wt\":\"Kool Savas \u2013 Tot oder lebendig (Album)\"},\"abruf\":{\"wt\":\"2014-03-23\"}},\"i\":0}}]}'>Austriancharts.at:<span typeof=\"mw:Entity\" id=\"rdp-we-mwBl4\"> <\/span><a rel=\"external_link\" href=\"http:\/\/www.austriancharts.at\/showitem.asp?interpret=Kool+Savas&titel=Tot+oder+lebendig&cat=a\" class=\"external text\" id=\"rdp-we-mwBl8\" target=\"_new\"><i id=\"rdp-we-mwBmA\">Kool Savas \u2013 Tot oder lebendig (Album).<\/i><\/a><span class=\"Abrufdatum\" id=\"rdp-we-mwBmE\"><span typeof=\"mw:Entity\" id=\"rdp-we-mwBmI\"> <\/span>Abgerufen am 23.<span typeof=\"mw:Entity\" id=\"rdp-we-mwBmM\">\u00a0<\/span>M\u00e4rz 2014<\/span>.<\/span><span style=\"display: none;\" class=\"Z3988\" title=\"ctx_ver=Z39.88-2004&amp;rft_val_fmt=info%3Aofi%2Ffmt%3Akev%3Amtx%3Adc&amp;rfr_id=info%3Asid%2Fde.wikipedia.org%3AKool+Savas&amp;rft.title=Kool+Savas+%E2%80%93+Tot+oder+lebendig+%28Album%29&amp;rft.description=Kool+Savas+%E2%80%93+Tot+oder+lebendig+%28Album%29&amp;rft.identifier=http%3A%2F%2Fwww.austriancharts.at%2Fshowitem.asp%3Finterpret%3DKool%2BSavas%26titel%3DTot%2Boder%2Blebendig%26cat%3Da&amp;rft.creator=Austriancharts.at\" about=\"#mwt60\" id=\"rdp-we-mwBmQ\"><span typeof=\"mw:Entity\" id=\"rdp-we-mwBmU\">\u00a0<\/span><\/span><\/span><\/li>\n<li about=\"#cite_note-22\" id=\"cite_note-22\" data-mw-footnote-number=\"22\"><span class=\"mw-cite-backlink\" id=\"rdp-we-mwBmY\"><a href=\"#cite_ref-22\" rel=\"mw:referencedBy\" id=\"rdp-we-mwBmc\"><span class=\"mw-linkback-text\" id=\"rdp-we-mwBmg\">\u2191<\/span><\/a><\/span> <span id=\"rdp-we-mw-reference-text-cite_note-22\" class=\"mw-reference-text reference-text\"><span class=\"cite\" about=\"#mwt62\" typeof=\"mw:Transclusion\" id=\"rdp-we-mwBmk\" data-mw='{\"parts\":[{\"template\":{\"target\":{\"wt\":\"Internetquelle \",\"href\":\".\/Vorlage:Internetquelle\"},\"params\":{\"autor\":{\"wt\":\"Motor.de\"},\"url\":{\"wt\":\"http:\/\/www.motor.de\/motornews\/2007\/03\/kool-savas-southpark-stimme-von-notorious-big\/\"},\"titel\":{\"wt\":\"Southpark Stimme von Notorious BIG\"},\"offline\":{\"wt\":\"1\"},\"archiv-url\":{\"wt\":\"https:\/\/web.archive.org\/web\/20140407060512\/http:\/\/www.motor.de\/motornews\/2007\/03\/kool-savas-southpark-stimme-von-notorious-big\/\"},\"archiv-datum\":{\"wt\":\"2014-04-07\"},\"abruf\":{\"wt\":\"2014-03-24\"}},\"i\":0}}]}'>Motor.de:<span typeof=\"mw:Entity\" id=\"rdp-we-mwBmo\"> <\/span><a rel=\"external_link\" href=\"https:\/\/web.archive.org\/web\/20140407060512\/http:\/\/www.motor.de\/motornews\/2007\/03\/kool-savas-southpark-stimme-von-notorious-big\/\" class=\"external text\" id=\"rdp-we-mwBms\" target=\"_new\"><i id=\"rdp-we-mwBmw\">Southpark Stimme von Notorious BIG.<\/i><\/a><span typeof=\"mw:Entity\" id=\"rdp-we-mwBm0\"> <\/span>Archiviert<span typeof=\"mw:Entity\" id=\"rdp-we-mwBm4\"> <\/span>vom<span typeof=\"mw:Entity\" id=\"rdp-we-mwBm8\"> <\/span><link rel=\"mw-deduplicated-inline-style\" href=\"mw-data:TemplateStyles:r250917974\" about=\"#mwt63\" typeof=\"mw:Extension\/templatestyles\" id=\"rdp-we-mwBnA\" data-mw='{\"name\":\"templatestyles\",\"attrs\":{\"src\":\"Vorlage:IconExternal\/styles.css\"}}'\/><span class=\"dewiki-iconexternal\" id=\"rdp-we-mwBnE\"><a rel=\"external_link\" href=\"https:\/\/redirecter.toolforge.org\/?url=http%3A%2F%2Fwww.motor.de%2Fmotornews%2F2007%2F03%2Fkool-savas-southpark-stimme-von-notorious-big%2F\" class=\"external text\" id=\"rdp-we-mwBnI\" target=\"_new\">Original<\/a><\/span><span typeof=\"mw:Entity\" id=\"rdp-we-mwBnM\"> <\/span>(nicht mehr online verf\u00fcgbar)<span typeof=\"mw:Entity\" id=\"rdp-we-mwBnQ\"> <\/span>am<span typeof=\"mw:Entity\" id=\"rdp-we-mwBnU\"> <\/span><span style=\"white-space:nowrap;\" id=\"rdp-we-mwBnY\">7.<span typeof=\"mw:Entity\" id=\"rdp-we-mwBnc\">\u00a0<\/span>April 2014<\/span><span id=\"rdp-we-mwBng\">;<\/span><span class=\"Abrufdatum\" id=\"rdp-we-mwBnk\"><span typeof=\"mw:Entity\" id=\"rdp-we-mwBno\"> <\/span>abgerufen am 24.<span typeof=\"mw:Entity\" id=\"rdp-we-mwBns\">\u00a0<\/span>M\u00e4rz 2014<\/span>.<\/span><span style=\"display: none;\" class=\"Z3988\" title=\"ctx_ver=Z39.88-2004&amp;rft_val_fmt=info%3Aofi%2Ffmt%3Akev%3Amtx%3Adc&amp;rfr_id=info%3Asid%2Fde.wikipedia.org%3AKool+Savas&amp;rft.title=Southpark+Stimme+von+Notorious+BIG&amp;rft.description=Southpark+Stimme+von+Notorious+BIG&amp;rft.identifier=https%3A%2F%2Fweb.archive.org%2Fweb%2F20140407060512%2Fhttp%3A%2F%2Fwww.motor.de%2Fmotornews%2F2007%2F03%2Fkool-savas-southpark-stimme-von-notorious-big%2F&amp;rft.creator=Motor.de&amp;rft.source=http:\/\/www.motor.de\/motornews\/2007\/03\/kool-savas-southpark-stimme-von-notorious-big\/\" about=\"#mwt62\" id=\"rdp-we-mwBnw\"><span typeof=\"mw:Entity\" id=\"rdp-we-mwBn0\">\u00a0<\/span><\/span><\/span><\/li>\n<li about=\"#cite_note-23\" id=\"cite_note-23\" data-mw-footnote-number=\"23\"><span class=\"mw-cite-backlink\" id=\"rdp-we-mwBn4\"><a href=\"#cite_ref-23\" rel=\"mw:referencedBy\" id=\"rdp-we-mwBn8\"><span class=\"mw-linkback-text\" id=\"rdp-we-mwBoA\">\u2191<\/span><\/a><\/span> <span id=\"rdp-we-mw-reference-text-cite_note-23\" class=\"mw-reference-text reference-text\"><span class=\"cite\" about=\"#mwt65\" typeof=\"mw:Transclusion\" id=\"rdp-we-mwBoE\" data-mw='{\"parts\":[{\"template\":{\"target\":{\"wt\":\"Internetquelle \",\"href\":\".\/Vorlage:Internetquelle\"},\"params\":{\"autor\":{\"wt\":\"Laut.de\"},\"url\":{\"wt\":\"http:\/\/www.laut.de\/News\/Optik-Records-Label-macht-die-Pforten-dicht-31-07-2008-5890\"},\"titel\":{\"wt\":\"Label macht die Pforten dicht\"},\"abruf\":{\"wt\":\"2014-03-23\"}},\"i\":0}}]}'>Laut.de:<span typeof=\"mw:Entity\" id=\"rdp-we-mwBoI\"> <\/span><a rel=\"external_link\" href=\"http:\/\/www.laut.de\/News\/Optik-Records-Label-macht-die-Pforten-dicht-31-07-2008-5890\" class=\"external text\" id=\"rdp-we-mwBoM\" target=\"_new\"><i id=\"rdp-we-mwBoQ\">Label macht die Pforten dicht.<\/i><\/a><span class=\"Abrufdatum\" id=\"rdp-we-mwBoU\"><span typeof=\"mw:Entity\" id=\"rdp-we-mwBoY\"> <\/span>Abgerufen am 23.<span typeof=\"mw:Entity\" id=\"rdp-we-mwBoc\">\u00a0<\/span>M\u00e4rz 2014<\/span>.<\/span><span style=\"display: none;\" class=\"Z3988\" title=\"ctx_ver=Z39.88-2004&amp;rft_val_fmt=info%3Aofi%2Ffmt%3Akev%3Amtx%3Adc&amp;rfr_id=info%3Asid%2Fde.wikipedia.org%3AKool+Savas&amp;rft.title=Label+macht+die+Pforten+dicht&amp;rft.description=Label+macht+die+Pforten+dicht&amp;rft.identifier=http%3A%2F%2Fwww.laut.de%2FNews%2FOptik-Records-Label-macht-die-Pforten-dicht-31-07-2008-5890&amp;rft.creator=Laut.de\" about=\"#mwt65\" id=\"rdp-we-mwBog\"><span typeof=\"mw:Entity\" id=\"rdp-we-mwBok\">\u00a0<\/span><\/span><\/span><\/li>\n<li about=\"#cite_note-24\" id=\"cite_note-24\" data-mw-footnote-number=\"24\"><span class=\"mw-cite-backlink\" id=\"rdp-we-mwBoo\"><a href=\"#cite_ref-24\" rel=\"mw:referencedBy\" id=\"rdp-we-mwBos\"><span class=\"mw-linkback-text\" id=\"rdp-we-mwBow\">\u2191<\/span><\/a><\/span> <span id=\"rdp-we-mw-reference-text-cite_note-24\" class=\"mw-reference-text reference-text\"><span class=\"cite\" about=\"#mwt67\" typeof=\"mw:Transclusion\" id=\"rdp-we-mwBo0\" data-mw='{\"parts\":[{\"template\":{\"target\":{\"wt\":\"Internetquelle \",\"href\":\".\/Vorlage:Internetquelle\"},\"params\":{\"url\":{\"wt\":\"http:\/\/www.optikrecords.de\/optikblog\/?p=312\"},\"titel\":{\"wt\":\"Optik Records: Wichtige Mitteilung\"},\"offline\":{\"wt\":\"1\"},\"archiv-url\":{\"wt\":\"https:\/\/web.archive.org\/web\/20081006195151\/http:\/\/www.optikrecords.de\/optikblog\/?p=312\"},\"archiv-datum\":{\"wt\":\"2008-10-06\"},\"abruf\":{\"wt\":\"2014-03-23\"}},\"i\":0}}]}'><a rel=\"external_link\" href=\"https:\/\/web.archive.org\/web\/20081006195151\/http:\/\/www.optikrecords.de\/optikblog\/?p=312\" class=\"external text\" id=\"rdp-we-mwBo4\" target=\"_new\"><i id=\"rdp-we-mwBo8\">Optik Records: Wichtige Mitteilung.<\/i><\/a><span typeof=\"mw:Entity\" id=\"rdp-we-mwBpA\"> <\/span>Archiviert<span typeof=\"mw:Entity\" id=\"rdp-we-mwBpE\"> <\/span>vom<span typeof=\"mw:Entity\" id=\"rdp-we-mwBpI\"> <\/span><link rel=\"mw-deduplicated-inline-style\" href=\"mw-data:TemplateStyles:r250917974\" about=\"#mwt68\" typeof=\"mw:Extension\/templatestyles\" id=\"rdp-we-mwBpM\" data-mw='{\"name\":\"templatestyles\",\"attrs\":{\"src\":\"Vorlage:IconExternal\/styles.css\"}}'\/><span class=\"dewiki-iconexternal\" id=\"rdp-we-mwBpQ\"><a rel=\"external_link\" href=\"https:\/\/redirecter.toolforge.org\/?url=http%3A%2F%2Fwww.optikrecords.de%2Foptikblog%2F%3Fp%3D312\" class=\"external text\" id=\"rdp-we-mwBpU\" target=\"_new\">Original<\/a><\/span><span typeof=\"mw:Entity\" id=\"rdp-we-mwBpY\"> <\/span>(nicht mehr online verf\u00fcgbar)<span typeof=\"mw:Entity\" id=\"rdp-we-mwBpc\"> <\/span>am<span typeof=\"mw:Entity\" id=\"rdp-we-mwBpg\"> <\/span><span style=\"white-space:nowrap;\" id=\"rdp-we-mwBpk\">6.<span typeof=\"mw:Entity\" id=\"rdp-we-mwBpo\">\u00a0<\/span>Oktober 2008<\/span><span id=\"rdp-we-mwBps\">;<\/span><span class=\"Abrufdatum\" id=\"rdp-we-mwBpw\"><span typeof=\"mw:Entity\" id=\"rdp-we-mwBp0\"> <\/span>abgerufen am 23.<span typeof=\"mw:Entity\" id=\"rdp-we-mwBp4\">\u00a0<\/span>M\u00e4rz 2014<\/span>.<\/span><span style=\"display: none;\" class=\"Z3988\" title=\"ctx_ver=Z39.88-2004&amp;rft_val_fmt=info%3Aofi%2Ffmt%3Akev%3Amtx%3Adc&amp;rfr_id=info%3Asid%2Fde.wikipedia.org%3AKool+Savas&amp;rft.title=Optik+Records%3A+Wichtige+Mitteilung&amp;rft.description=Optik+Records%3A+Wichtige+Mitteilung&amp;rft.identifier=https%3A%2F%2Fweb.archive.org%2Fweb%2F20081006195151%2Fhttp%3A%2F%2Fwww.optikrecords.de%2Foptikblog%2F%3Fp%3D312&amp;rft.source=http:\/\/www.optikrecords.de\/optikblog\/?p=312\" about=\"#mwt67\" id=\"rdp-we-mwBp8\"><span typeof=\"mw:Entity\" id=\"rdp-we-mwBqA\">\u00a0<\/span><\/span><\/span><\/li>\n<li about=\"#cite_note-25\" id=\"cite_note-25\" data-mw-footnote-number=\"25\"><span class=\"mw-cite-backlink\" id=\"rdp-we-mwBqE\"><a href=\"#cite_ref-25\" rel=\"mw:referencedBy\" id=\"rdp-we-mwBqI\"><span class=\"mw-linkback-text\" id=\"rdp-we-mwBqM\">\u2191<\/span><\/a><\/span> <span id=\"rdp-we-mw-reference-text-cite_note-25\" class=\"mw-reference-text reference-text\"><span class=\"cite\" about=\"#mwt70\" typeof=\"mw:Transclusion\" id=\"rdp-we-mwBqQ\" data-mw='{\"parts\":[{\"template\":{\"target\":{\"wt\":\"Internetquelle \",\"href\":\".\/Vorlage:Internetquelle\"},\"params\":{\"autor\":{\"wt\":\"Itsrap.de\"},\"url\":{\"wt\":\"http:\/\/www.itsrap.de\/releases\/kool-savas-die-john-bello-story-ii-infoscovertour\/\"},\"titel\":{\"wt\":\"Kool Savas \u2013 Die John Bello Story II (Infos\/Cover\/Tour)\"},\"abruf\":{\"wt\":\"2014-03-23\"}},\"i\":0}}]}'>Itsrap.de:<span typeof=\"mw:Entity\" id=\"rdp-we-mwBqU\"> <\/span><a rel=\"external_link\" href=\"http:\/\/www.itsrap.de\/releases\/kool-savas-die-john-bello-story-ii-infoscovertour\/\" class=\"external text\" id=\"rdp-we-mwBqY\" target=\"_new\"><i id=\"rdp-we-mwBqc\">Kool Savas \u2013 Die John Bello Story II (Infos\/Cover\/Tour).<\/i><\/a><span class=\"Abrufdatum\" id=\"rdp-we-mwBqg\"><span typeof=\"mw:Entity\" id=\"rdp-we-mwBqk\"> <\/span>Abgerufen am 23.<span typeof=\"mw:Entity\" id=\"rdp-we-mwBqo\">\u00a0<\/span>M\u00e4rz 2014<\/span>.<\/span><span style=\"display: none;\" class=\"Z3988\" title=\"ctx_ver=Z39.88-2004&amp;rft_val_fmt=info%3Aofi%2Ffmt%3Akev%3Amtx%3Adc&amp;rfr_id=info%3Asid%2Fde.wikipedia.org%3AKool+Savas&amp;rft.title=Kool+Savas+%E2%80%93+Die+John+Bello+Story+II+%28Infos%2FCover%2FTour%29&amp;rft.description=Kool+Savas+%E2%80%93+Die+John+Bello+Story+II+%28Infos%2FCover%2FTour%29&amp;rft.identifier=http%3A%2F%2Fwww.itsrap.de%2Freleases%2Fkool-savas-die-john-bello-story-ii-infoscovertour%2F&amp;rft.creator=Itsrap.de\" about=\"#mwt70\" id=\"rdp-we-mwBqs\"><span typeof=\"mw:Entity\" id=\"rdp-we-mwBqw\">\u00a0<\/span><\/span><\/span><\/li>\n<li about=\"#cite_note-26\" id=\"cite_note-26\" data-mw-footnote-number=\"26\"><span class=\"mw-cite-backlink\" id=\"rdp-we-mwBq0\"><a href=\"#cite_ref-26\" rel=\"mw:referencedBy\" id=\"rdp-we-mwBq4\"><span class=\"mw-linkback-text\" id=\"rdp-we-mwBq8\">\u2191<\/span><\/a><\/span> <span id=\"rdp-we-mw-reference-text-cite_note-26\" class=\"mw-reference-text reference-text\"><span class=\"cite\" about=\"#mwt72\" typeof=\"mw:Transclusion\" id=\"rdp-we-mwBrA\" data-mw='{\"parts\":[{\"template\":{\"target\":{\"wt\":\"Internetquelle \",\"href\":\".\/Vorlage:Internetquelle\"},\"params\":{\"autor\":{\"wt\":\"Laut.de\"},\"url\":{\"wt\":\"http:\/\/www.laut.de\/News\/Kool-Savas-Kachelmann-bekommt-Schmerzensgeld-09-12-2011-8561\"},\"titel\":{\"wt\":\"Kachelmann bekommt Schmerzensgeld\"},\"abruf\":{\"wt\":\"2014-03-24\"}},\"i\":0}}]}'>Laut.de:<span typeof=\"mw:Entity\" id=\"rdp-we-mwBrE\"> <\/span><a rel=\"external_link\" href=\"http:\/\/www.laut.de\/News\/Kool-Savas-Kachelmann-bekommt-Schmerzensgeld-09-12-2011-8561\" class=\"external text\" id=\"rdp-we-mwBrI\" target=\"_new\"><i id=\"rdp-we-mwBrM\">Kachelmann bekommt Schmerzensgeld.<\/i><\/a><span class=\"Abrufdatum\" id=\"rdp-we-mwBrQ\"><span typeof=\"mw:Entity\" id=\"rdp-we-mwBrU\"> <\/span>Abgerufen am 24.<span typeof=\"mw:Entity\" id=\"rdp-we-mwBrY\">\u00a0<\/span>M\u00e4rz 2014<\/span>.<\/span><span style=\"display: none;\" class=\"Z3988\" title=\"ctx_ver=Z39.88-2004&amp;rft_val_fmt=info%3Aofi%2Ffmt%3Akev%3Amtx%3Adc&amp;rfr_id=info%3Asid%2Fde.wikipedia.org%3AKool+Savas&amp;rft.title=Kachelmann+bekommt+Schmerzensgeld&amp;rft.description=Kachelmann+bekommt+Schmerzensgeld&amp;rft.identifier=http%3A%2F%2Fwww.laut.de%2FNews%2FKool-Savas-Kachelmann-bekommt-Schmerzensgeld-09-12-2011-8561&amp;rft.creator=Laut.de\" about=\"#mwt72\" id=\"rdp-we-mwBrc\"><span typeof=\"mw:Entity\" id=\"rdp-we-mwBrg\">\u00a0<\/span><\/span><\/span><\/li>\n<li about=\"#cite_note-27\" id=\"cite_note-27\" data-mw-footnote-number=\"27\"><span class=\"mw-cite-backlink\" id=\"rdp-we-mwBrk\"><a href=\"#cite_ref-27\" rel=\"mw:referencedBy\" id=\"rdp-we-mwBro\"><span class=\"mw-linkback-text\" id=\"rdp-we-mwBrs\">\u2191<\/span><\/a><\/span> <span id=\"rdp-we-mw-reference-text-cite_note-27\" class=\"mw-reference-text reference-text\"><span class=\"cite\" about=\"#mwt74\" typeof=\"mw:Transclusion\" id=\"rdp-we-mwBrw\" data-mw='{\"parts\":[{\"template\":{\"target\":{\"wt\":\"Internetquelle \",\"href\":\".\/Vorlage:Internetquelle\"},\"params\":{\"autor\":{\"wt\":\"Austriancharts.at\"},\"url\":{\"wt\":\"http:\/\/www.austriancharts.at\/showitem.asp?interpret=Kool+Savas&amp;titel=Aura&amp;cat=a\"},\"titel\":{\"wt\":\"Kool Savas \u2013 Aura (Album)\"},\"abruf\":{\"wt\":\"2014-03-23\"}},\"i\":0}}]}'>Austriancharts.at:<span typeof=\"mw:Entity\" id=\"rdp-we-mwBr0\"> <\/span><a rel=\"external_link\" href=\"http:\/\/www.austriancharts.at\/showitem.asp?interpret=Kool+Savas&titel=Aura&cat=a\" class=\"external text\" id=\"rdp-we-mwBr4\" target=\"_new\"><i id=\"rdp-we-mwBr8\">Kool Savas \u2013 Aura (Album).<\/i><\/a><span class=\"Abrufdatum\" id=\"rdp-we-mwBsA\"><span typeof=\"mw:Entity\" id=\"rdp-we-mwBsE\"> <\/span>Abgerufen am 23.<span typeof=\"mw:Entity\" id=\"rdp-we-mwBsI\">\u00a0<\/span>M\u00e4rz 2014<\/span>.<\/span><span style=\"display: none;\" class=\"Z3988\" title=\"ctx_ver=Z39.88-2004&amp;rft_val_fmt=info%3Aofi%2Ffmt%3Akev%3Amtx%3Adc&amp;rfr_id=info%3Asid%2Fde.wikipedia.org%3AKool+Savas&amp;rft.title=Kool+Savas+%E2%80%93+Aura+%28Album%29&amp;rft.description=Kool+Savas+%E2%80%93+Aura+%28Album%29&amp;rft.identifier=http%3A%2F%2Fwww.austriancharts.at%2Fshowitem.asp%3Finterpret%3DKool%2BSavas%26titel%3DAura%26cat%3Da&amp;rft.creator=Austriancharts.at\" about=\"#mwt74\" id=\"rdp-we-mwBsM\"><span typeof=\"mw:Entity\" id=\"rdp-we-mwBsQ\">\u00a0<\/span><\/span><\/span><\/li>\n<li about=\"#cite_note-28\" id=\"cite_note-28\" data-mw-footnote-number=\"28\"><span class=\"mw-cite-backlink\" id=\"rdp-we-mwBsU\"><a href=\"#cite_ref-28\" rel=\"mw:referencedBy\" id=\"rdp-we-mwBsY\"><span class=\"mw-linkback-text\" id=\"rdp-we-mwBsc\">\u2191<\/span><\/a><\/span> <span id=\"rdp-we-mw-reference-text-cite_note-28\" class=\"mw-reference-text reference-text\"><span class=\"cite\" about=\"#mwt76\" typeof=\"mw:Transclusion\" id=\"rdp-we-mwBsg\" data-mw='{\"parts\":[{\"template\":{\"target\":{\"wt\":\"Internetquelle \",\"href\":\".\/Vorlage:Internetquelle\"},\"params\":{\"autor\":{\"wt\":\"16bars.de\"},\"url\":{\"wt\":\"http:\/\/www.16bars.de\/newsartikel\/3420\/kool-savas-geht-gold-mit-aura\/\"},\"titel\":{\"wt\":\"Kool Savas geht Gold mit \u201aAura\u2018\"},\"abruf\":{\"wt\":\"2014-03-23\"}},\"i\":0}}]}'>16bars.de:<span typeof=\"mw:Entity\" id=\"rdp-we-mwBsk\"> <\/span><a rel=\"external_link\" href=\"http:\/\/www.16bars.de\/newsartikel\/3420\/kool-savas-geht-gold-mit-aura\/\" class=\"external text\" id=\"rdp-we-mwBso\" target=\"_new\"><i id=\"rdp-we-mwBss\">Kool Savas geht Gold mit \u201aAura\u2018.<\/i><\/a><span class=\"Abrufdatum\" id=\"rdp-we-mwBsw\"><span typeof=\"mw:Entity\" id=\"rdp-we-mwBs0\"> <\/span>Abgerufen am 23.<span typeof=\"mw:Entity\" id=\"rdp-we-mwBs4\">\u00a0<\/span>M\u00e4rz 2014<\/span>.<\/span><span style=\"display: none;\" class=\"Z3988\" title=\"ctx_ver=Z39.88-2004&amp;rft_val_fmt=info%3Aofi%2Ffmt%3Akev%3Amtx%3Adc&amp;rfr_id=info%3Asid%2Fde.wikipedia.org%3AKool+Savas&amp;rft.title=Kool+Savas+geht+Gold+mit+%E2%80%9AAura%E2%80%98&amp;rft.description=Kool+Savas+geht+Gold+mit+%E2%80%9AAura%E2%80%98&amp;rft.identifier=http%3A%2F%2Fwww.16bars.de%2Fnewsartikel%2F3420%2Fkool-savas-geht-gold-mit-aura%2F&amp;rft.creator=16bars.de\" about=\"#mwt76\" id=\"rdp-we-mwBs8\"><span typeof=\"mw:Entity\" id=\"rdp-we-mwBtA\">\u00a0<\/span><\/span><\/span><\/li>\n<li about=\"#cite_note-29\" id=\"cite_note-29\" data-mw-footnote-number=\"29\"><span class=\"mw-cite-backlink\" id=\"rdp-we-mwBtE\"><a href=\"#cite_ref-29\" rel=\"mw:referencedBy\" id=\"rdp-we-mwBtI\"><span class=\"mw-linkback-text\" id=\"rdp-we-mwBtM\">\u2191<\/span><\/a><\/span> <span id=\"rdp-we-mw-reference-text-cite_note-29\" class=\"mw-reference-text reference-text\"><span class=\"cite\" about=\"#mwt78\" typeof=\"mw:Transclusion\" id=\"rdp-we-mwBtQ\" data-mw='{\"parts\":[{\"template\":{\"target\":{\"wt\":\"Internetquelle \",\"href\":\".\/Vorlage:Internetquelle\"},\"params\":{\"autor\":{\"wt\":\"Backspin.de\"},\"url\":{\"wt\":\"http:\/\/www.backspin.de\/news\/news-kool-savas-der-monarch-des-deutschraps\/\"},\"titel\":{\"wt\":\"Kool Savas \u2013 der Monarch des Deutschraps\"},\"offline\":{\"wt\":\"1\"},\"archiv-url\":{\"wt\":\"https:\/\/web.archive.org\/web\/20140407085959\/http:\/\/www.backspin.de\/news\/news-kool-savas-der-monarch-des-deutschraps\/\"},\"archiv-datum\":{\"wt\":\"2014-04-07\"},\"abruf\":{\"wt\":\"2014-03-23\"}},\"i\":0}}]}'>Backspin.de:<span typeof=\"mw:Entity\" id=\"rdp-we-mwBtU\"> <\/span><a rel=\"external_link\" href=\"https:\/\/web.archive.org\/web\/20140407085959\/http:\/\/www.backspin.de\/news\/news-kool-savas-der-monarch-des-deutschraps\/\" class=\"external text\" id=\"rdp-we-mwBtY\" target=\"_new\"><i id=\"rdp-we-mwBtc\">Kool Savas \u2013 der Monarch des Deutschraps.<\/i><\/a><span typeof=\"mw:Entity\" id=\"rdp-we-mwBtg\"> <\/span>Archiviert<span typeof=\"mw:Entity\" id=\"rdp-we-mwBtk\"> <\/span>vom<span typeof=\"mw:Entity\" id=\"rdp-we-mwBto\"> <\/span><link rel=\"mw-deduplicated-inline-style\" href=\"mw-data:TemplateStyles:r250917974\" about=\"#mwt79\" typeof=\"mw:Extension\/templatestyles\" id=\"rdp-we-mwBts\" data-mw='{\"name\":\"templatestyles\",\"attrs\":{\"src\":\"Vorlage:IconExternal\/styles.css\"}}'\/><span class=\"dewiki-iconexternal\" id=\"rdp-we-mwBtw\"><a rel=\"external_link\" href=\"https:\/\/redirecter.toolforge.org\/?url=http%3A%2F%2Fwww.backspin.de%2Fnews%2Fnews-kool-savas-der-monarch-des-deutschraps%2F\" class=\"external text\" id=\"rdp-we-mwBt0\" target=\"_new\">Original<\/a><\/span><span typeof=\"mw:Entity\" id=\"rdp-we-mwBt4\"> <\/span>(nicht mehr online verf\u00fcgbar)<span typeof=\"mw:Entity\" id=\"rdp-we-mwBt8\"> <\/span>am<span typeof=\"mw:Entity\" id=\"rdp-we-mwBuA\"> <\/span><span style=\"white-space:nowrap;\" id=\"rdp-we-mwBuE\">7.<span typeof=\"mw:Entity\" id=\"rdp-we-mwBuI\">\u00a0<\/span>April 2014<\/span><span id=\"rdp-we-mwBuM\">;<\/span><span class=\"Abrufdatum\" id=\"rdp-we-mwBuQ\"><span typeof=\"mw:Entity\" id=\"rdp-we-mwBuU\"> <\/span>abgerufen am 23.<span typeof=\"mw:Entity\" id=\"rdp-we-mwBuY\">\u00a0<\/span>M\u00e4rz 2014<\/span>.<\/span><span style=\"display: none;\" class=\"Z3988\" title=\"ctx_ver=Z39.88-2004&amp;rft_val_fmt=info%3Aofi%2Ffmt%3Akev%3Amtx%3Adc&amp;rfr_id=info%3Asid%2Fde.wikipedia.org%3AKool+Savas&amp;rft.title=Kool+Savas+%E2%80%93+der+Monarch+des+Deutschraps&amp;rft.description=Kool+Savas+%E2%80%93+der+Monarch+des+Deutschraps&amp;rft.identifier=https%3A%2F%2Fweb.archive.org%2Fweb%2F20140407085959%2Fhttp%3A%2F%2Fwww.backspin.de%2Fnews%2Fnews-kool-savas-der-monarch-des-deutschraps%2F&amp;rft.creator=Backspin.de&amp;rft.source=http:\/\/www.backspin.de\/news\/news-kool-savas-der-monarch-des-deutschraps\/\" about=\"#mwt78\" id=\"rdp-we-mwBuc\"><span typeof=\"mw:Entity\" id=\"rdp-we-mwBug\">\u00a0<\/span><\/span><\/span><\/li>\n<li about=\"#cite_note-30\" id=\"cite_note-30\" data-mw-footnote-number=\"30\"><span class=\"mw-cite-backlink\" id=\"rdp-we-mwBuk\"><a href=\"#cite_ref-30\" rel=\"mw:referencedBy\" id=\"rdp-we-mwBuo\"><span class=\"mw-linkback-text\" id=\"rdp-we-mwBus\">\u2191<\/span><\/a><\/span> <span id=\"rdp-we-mw-reference-text-cite_note-30\" class=\"mw-reference-text reference-text\"><span class=\"cite\" about=\"#mwt81\" typeof=\"mw:Transclusion\" id=\"rdp-we-mwBuw\" data-mw='{\"parts\":[{\"template\":{\"target\":{\"wt\":\"Internetquelle \",\"href\":\".\/Vorlage:Internetquelle\"},\"params\":{\"autor\":{\"wt\":\"Rap.de\"},\"url\":{\"wt\":\"http:\/\/www.rap.de\/news\/40-news\/11501-xavas-gewinnen-den-bundesvision-song-contest\"},\"titel\":{\"wt\":\"XAVAS gewinnen den Bundesvision Song Contest\"},\"abruf\":{\"wt\":\"2014-03-24\"}},\"i\":0}}]}'>Rap.de:<span typeof=\"mw:Entity\" id=\"rdp-we-mwBu0\"> <\/span><a rel=\"external_link\" href=\"http:\/\/www.rap.de\/news\/40-news\/11501-xavas-gewinnen-den-bundesvision-song-contest\" class=\"external text\" id=\"rdp-we-mwBu4\" target=\"_new\"><i id=\"rdp-we-mwBu8\">XAVAS gewinnen den Bundesvision Song Contest.<\/i><\/a><span class=\"Abrufdatum\" id=\"rdp-we-mwBvA\"><span typeof=\"mw:Entity\" id=\"rdp-we-mwBvE\"> <\/span>Abgerufen am 24.<span typeof=\"mw:Entity\" id=\"rdp-we-mwBvI\">\u00a0<\/span>M\u00e4rz 2014<\/span>.<\/span><span style=\"display: none;\" class=\"Z3988\" title=\"ctx_ver=Z39.88-2004&amp;rft_val_fmt=info%3Aofi%2Ffmt%3Akev%3Amtx%3Adc&amp;rfr_id=info%3Asid%2Fde.wikipedia.org%3AKool+Savas&amp;rft.title=XAVAS+gewinnen+den+Bundesvision+Song+Contest&amp;rft.description=XAVAS+gewinnen+den+Bundesvision+Song+Contest&amp;rft.identifier=http%3A%2F%2Fwww.rap.de%2Fnews%2F40-news%2F11501-xavas-gewinnen-den-bundesvision-song-contest&amp;rft.creator=Rap.de\" about=\"#mwt81\" id=\"rdp-we-mwBvM\"><span typeof=\"mw:Entity\" id=\"rdp-we-mwBvQ\">\u00a0<\/span><\/span><\/span><\/li>\n<li about=\"#cite_note-Platin-31\" id=\"cite_note-Platin-31\" data-mw-footnote-number=\"31\"><span rel=\"mw:referencedBy\" class=\"mw-cite-backlink\" id=\"rdp-we-mwBvU\"><a href=\"#cite_ref-Platin_31-0\" id=\"rdp-we-mwBvY\"><span class=\"mw-linkback-text\" id=\"rdp-we-mwBvc\">1<\/span><\/a> <a href=\"#cite_ref-Platin_31-1\" id=\"rdp-we-mwBvg\"><span class=\"mw-linkback-text\" id=\"rdp-we-mwBvk\">2<\/span><\/a> <a href=\"#cite_ref-Platin_31-2\" id=\"rdp-we-mwBvo\"><span class=\"mw-linkback-text\" id=\"rdp-we-mwBvs\">3<\/span><\/a><\/span> <span id=\"rdp-we-mw-reference-text-cite_note-Platin-31\" class=\"mw-reference-text reference-text\"><span class=\"cite\" about=\"#mwt83\" typeof=\"mw:Transclusion\" id=\"rdp-we-mwBvw\" data-mw='{\"parts\":[{\"template\":{\"target\":{\"wt\":\"Internetquelle \",\"href\":\".\/Vorlage:Internetquelle\"},\"params\":{\"autor\":{\"wt\":\"Rap.de\"},\"url\":{\"wt\":\"http:\/\/www.rap.de\/news\/news\/12054-xavas-album-geht-platin\"},\"titel\":{\"wt\":\"Xavas-Album geht Platin\"},\"abruf\":{\"wt\":\"2014-03-24\"}},\"i\":0}}]}'>Rap.de:<span typeof=\"mw:Entity\" id=\"rdp-we-mwBv0\"> <\/span><a rel=\"external_link\" href=\"http:\/\/www.rap.de\/news\/news\/12054-xavas-album-geht-platin\" class=\"external text\" id=\"rdp-we-mwBv4\" target=\"_new\"><i id=\"rdp-we-mwBv8\">Xavas-Album geht Platin.<\/i><\/a><span class=\"Abrufdatum\" id=\"rdp-we-mwBwA\"><span typeof=\"mw:Entity\" id=\"rdp-we-mwBwE\"> <\/span>Abgerufen am 24.<span typeof=\"mw:Entity\" id=\"rdp-we-mwBwI\">\u00a0<\/span>M\u00e4rz 2014<\/span>.<\/span><span style=\"display: none;\" class=\"Z3988\" title=\"ctx_ver=Z39.88-2004&amp;rft_val_fmt=info%3Aofi%2Ffmt%3Akev%3Amtx%3Adc&amp;rfr_id=info%3Asid%2Fde.wikipedia.org%3AKool+Savas&amp;rft.title=Xavas-Album+geht+Platin&amp;rft.description=Xavas-Album+geht+Platin&amp;rft.identifier=http%3A%2F%2Fwww.rap.de%2Fnews%2Fnews%2F12054-xavas-album-geht-platin&amp;rft.creator=Rap.de\" about=\"#mwt83\" id=\"rdp-we-mwBwM\"><span typeof=\"mw:Entity\" id=\"rdp-we-mwBwQ\">\u00a0<\/span><\/span><\/span><\/li>\n<li about=\"#cite_note-32\" id=\"cite_note-32\" data-mw-footnote-number=\"32\"><span class=\"mw-cite-backlink\" id=\"rdp-we-mwBwU\"><a href=\"#cite_ref-32\" rel=\"mw:referencedBy\" id=\"rdp-we-mwBwY\"><span class=\"mw-linkback-text\" id=\"rdp-we-mwBwc\">\u2191<\/span><\/a><\/span> <span id=\"rdp-we-mw-reference-text-cite_note-32\" class=\"mw-reference-text reference-text\"><span class=\"cite\" about=\"#mwt85\" typeof=\"mw:Transclusion\" id=\"rdp-we-mwBwg\" data-mw='{\"parts\":[{\"template\":{\"target\":{\"wt\":\"Internetquelle \",\"href\":\".\/Vorlage:Internetquelle\"},\"params\":{\"autor\":{\"wt\":\"Austriancharts.at\"},\"url\":{\"wt\":\"http:\/\/austriancharts.at\/showitem.asp?interpret=Xavas&amp;titel=Gespaltene+Pers%F6nlichkeit&amp;cat=a\"},\"titel\":{\"wt\":\"Xavas \u2013 Gespaltene Pers\u00f6nlichkeit\"},\"abruf\":{\"wt\":\"2014-03-24\"}},\"i\":0}}]}'>Austriancharts.at:<span typeof=\"mw:Entity\" id=\"rdp-we-mwBwk\"> <\/span><a rel=\"external_link\" href=\"http:\/\/austriancharts.at\/showitem.asp?interpret=Xavas&titel=Gespaltene+Pers%F6nlichkeit&cat=a\" class=\"external text\" id=\"rdp-we-mwBwo\" target=\"_new\"><i id=\"rdp-we-mwBws\">Xavas \u2013 Gespaltene Pers\u00f6nlichkeit.<\/i><\/a><span class=\"Abrufdatum\" id=\"rdp-we-mwBww\"><span typeof=\"mw:Entity\" id=\"rdp-we-mwBw0\"> <\/span>Abgerufen am 24.<span typeof=\"mw:Entity\" id=\"rdp-we-mwBw4\">\u00a0<\/span>M\u00e4rz 2014<\/span>.<\/span><span style=\"display: none;\" class=\"Z3988\" title=\"ctx_ver=Z39.88-2004&amp;rft_val_fmt=info%3Aofi%2Ffmt%3Akev%3Amtx%3Adc&amp;rfr_id=info%3Asid%2Fde.wikipedia.org%3AKool+Savas&amp;rft.title=Xavas+%E2%80%93+Gespaltene+Pers%C3%B6nlichkeit&amp;rft.description=Xavas+%E2%80%93+Gespaltene+Pers%C3%B6nlichkeit&amp;rft.identifier=http%3A%2F%2Faustriancharts.at%2Fshowitem.asp%3Finterpret%3DXavas%26titel%3DGespaltene%2BPers%25F6nlichkeit%26cat%3Da&amp;rft.creator=Austriancharts.at\" about=\"#mwt85\" id=\"rdp-we-mwBw8\"><span typeof=\"mw:Entity\" id=\"rdp-we-mwBxA\">\u00a0<\/span><\/span><\/span><\/li>\n<li about=\"#cite_note-33\" id=\"cite_note-33\" data-mw-footnote-number=\"33\"><span class=\"mw-cite-backlink\" id=\"rdp-we-mwBxE\"><a href=\"#cite_ref-33\" rel=\"mw:referencedBy\" id=\"rdp-we-mwBxI\"><span class=\"mw-linkback-text\" id=\"rdp-we-mwBxM\">\u2191<\/span><\/a><\/span> <span id=\"rdp-we-mw-reference-text-cite_note-33\" class=\"mw-reference-text reference-text\"><span class=\"cite\" about=\"#mwt88\" typeof=\"mw:Transclusion\" id=\"rdp-we-mwBxQ\" data-mw='{\"parts\":[{\"template\":{\"target\":{\"wt\":\"Internetquelle \",\"href\":\".\/Vorlage:Internetquelle\"},\"params\":{\"autor\":{\"wt\":\"Rap.de\"},\"url\":{\"wt\":\"http:\/\/rap.de\/news\/c40-news\/41995-kool-savas-essah-media-unterschreibt-bei-sony-music\/\"},\"titel\":{\"wt\":\"Kool Savas\u2019 Essah Media unterschreibt Vertriebs-Deal bei Sony Music\"},\"abruf\":{\"wt\":\"2014-09-10\"}},\"i\":0}}]}'>Rap.de:<span typeof=\"mw:Entity\" id=\"rdp-we-mwBxU\"> <\/span><a rel=\"external_link\" href=\"http:\/\/rap.de\/news\/c40-news\/41995-kool-savas-essah-media-unterschreibt-bei-sony-music\/\" class=\"external text\" id=\"rdp-we-mwBxY\" target=\"_new\"><i id=\"rdp-we-mwBxc\">Kool Savas\u2019 Essah Media unterschreibt Vertriebs-Deal bei Sony Music.<\/i><\/a><span class=\"Abrufdatum\" id=\"rdp-we-mwBxg\"><span typeof=\"mw:Entity\" id=\"rdp-we-mwBxk\"> <\/span>Abgerufen am 10.<span typeof=\"mw:Entity\" id=\"rdp-we-mwBxo\">\u00a0<\/span>September 2014<\/span>.<\/span><span style=\"display: none;\" class=\"Z3988\" title=\"ctx_ver=Z39.88-2004&amp;rft_val_fmt=info%3Aofi%2Ffmt%3Akev%3Amtx%3Adc&amp;rfr_id=info%3Asid%2Fde.wikipedia.org%3AKool+Savas&amp;rft.title=Kool+Savas%E2%80%99+Essah+Media+unterschreibt+Vertriebs-Deal+bei+Sony+Music&amp;rft.description=Kool+Savas%E2%80%99+Essah+Media+unterschreibt+Vertriebs-Deal+bei+Sony+Music&amp;rft.identifier=http%3A%2F%2Frap.de%2Fnews%2Fc40-news%2F41995-kool-savas-essah-media-unterschreibt-bei-sony-music%2F&amp;rft.creator=Rap.de\" about=\"#mwt88\" id=\"rdp-we-mwBxs\"><span typeof=\"mw:Entity\" id=\"rdp-we-mwBxw\">\u00a0<\/span><\/span><\/span><\/li>\n<li about=\"#cite_note-34\" id=\"cite_note-34\" data-mw-footnote-number=\"34\"><span class=\"mw-cite-backlink\" id=\"rdp-we-mwBx0\"><a href=\"#cite_ref-34\" rel=\"mw:referencedBy\" id=\"rdp-we-mwBx4\"><span class=\"mw-linkback-text\" id=\"rdp-we-mwBx8\">\u2191<\/span><\/a><\/span> <span id=\"rdp-we-mw-reference-text-cite_note-34\" class=\"mw-reference-text reference-text\"><span class=\"cite\" about=\"#mwt90\" typeof=\"mw:Transclusion\" id=\"rdp-we-mwByA\" data-mw='{\"parts\":[{\"template\":{\"target\":{\"wt\":\"Internetquelle \",\"href\":\".\/Vorlage:Internetquelle\"},\"params\":{\"autor\":{\"wt\":\"Meinrap.de\"},\"url\":{\"wt\":\"http:\/\/meinrap.de\/2014\/10\/03\/kool-savas-martyrer-tracklist-vorbestellung\/\"},\"titel\":{\"wt\":\"Kool Savas \u2013 M\u00e4rtyrer (Tracklist &amp; Vorbestellung)\"},\"offline\":{\"wt\":\"1\"},\"archiv-url\":{\"wt\":\"https:\/\/web.archive.org\/web\/20160129201319\/http:\/\/meinrap.de\/2014\/10\/03\/kool-savas-martyrer-tracklist-vorbestellung\/\"},\"archiv-datum\":{\"wt\":\"2016-01-29\"},\"abruf\":{\"wt\":\"2016-01-29\"}},\"i\":0}}]}'>Meinrap.de:<span typeof=\"mw:Entity\" id=\"rdp-we-mwByE\"> <\/span><a rel=\"external_link\" href=\"https:\/\/web.archive.org\/web\/20160129201319\/http:\/\/meinrap.de\/2014\/10\/03\/kool-savas-martyrer-tracklist-vorbestellung\/\" class=\"external text\" id=\"rdp-we-mwByI\" target=\"_new\"><i id=\"rdp-we-mwByM\">Kool Savas \u2013 M\u00e4rtyrer (Tracklist &amp; Vorbestellung).<\/i><\/a><span typeof=\"mw:Entity\" id=\"rdp-we-mwByQ\"> <\/span>Archiviert<span typeof=\"mw:Entity\" id=\"rdp-we-mwByU\"> <\/span>vom<span typeof=\"mw:Entity\" id=\"rdp-we-mwByY\"> <\/span><link rel=\"mw-deduplicated-inline-style\" href=\"mw-data:TemplateStyles:r250917974\" about=\"#mwt91\" typeof=\"mw:Extension\/templatestyles\" id=\"rdp-we-mwByc\" data-mw='{\"name\":\"templatestyles\",\"attrs\":{\"src\":\"Vorlage:IconExternal\/styles.css\"}}'\/><span class=\"dewiki-iconexternal\" id=\"rdp-we-mwByg\"><a rel=\"external_link\" href=\"https:\/\/redirecter.toolforge.org\/?url=http%3A%2F%2Fmeinrap.de%2F2014%2F10%2F03%2Fkool-savas-martyrer-tracklist-vorbestellung%2F\" class=\"external text\" id=\"rdp-we-mwByk\" target=\"_new\">Original<\/a><\/span><span typeof=\"mw:Entity\" id=\"rdp-we-mwByo\"> <\/span>(nicht mehr online verf\u00fcgbar)<span typeof=\"mw:Entity\" id=\"rdp-we-mwBys\"> <\/span>am<span typeof=\"mw:Entity\" id=\"rdp-we-mwByw\"> <\/span><span style=\"white-space:nowrap;\" id=\"rdp-we-mwBy0\">29.<span typeof=\"mw:Entity\" id=\"rdp-we-mwBy4\">\u00a0<\/span>Januar 2016<\/span><span id=\"rdp-we-mwBy8\">;<\/span><span class=\"Abrufdatum\" id=\"rdp-we-mwBzA\"><span typeof=\"mw:Entity\" id=\"rdp-we-mwBzE\"> <\/span>abgerufen am 29.<span typeof=\"mw:Entity\" id=\"rdp-we-mwBzI\">\u00a0<\/span>Januar 2016<\/span>.<\/span><span style=\"display: none;\" class=\"Z3988\" title=\"ctx_ver=Z39.88-2004&amp;rft_val_fmt=info%3Aofi%2Ffmt%3Akev%3Amtx%3Adc&amp;rfr_id=info%3Asid%2Fde.wikipedia.org%3AKool+Savas&amp;rft.title=Kool+Savas+%E2%80%93+M%C3%A4rtyrer+%28Tracklist+%26+Vorbestellung%29&amp;rft.description=Kool+Savas+%E2%80%93+M%C3%A4rtyrer+%28Tracklist+%26+Vorbestellung%29&amp;rft.identifier=https%3A%2F%2Fweb.archive.org%2Fweb%2F20160129201319%2Fhttp%3A%2F%2Fmeinrap.de%2F2014%2F10%2F03%2Fkool-savas-martyrer-tracklist-vorbestellung%2F&amp;rft.creator=Meinrap.de&amp;rft.source=http:\/\/meinrap.de\/2014\/10\/03\/kool-savas-martyrer-tracklist-vorbestellung\/\" about=\"#mwt90\" id=\"rdp-we-mwBzM\"><span typeof=\"mw:Entity\" id=\"rdp-we-mwBzQ\">\u00a0<\/span><\/span><\/span><\/li>\n<li about=\"#cite_note-M\u00e4rtyrer-D-35\" id=\"cite_note-M\u00e4rtyrer-D-35\" data-mw-footnote-number=\"35\"><span class=\"mw-cite-backlink\" id=\"rdp-we-mwBzU\"><a href=\"#cite_ref-M\u00e4rtyrer-D_35-0\" rel=\"mw:referencedBy\" id=\"rdp-we-mwBzY\"><span class=\"mw-linkback-text\" id=\"rdp-we-mwBzc\">\u2191<\/span><\/a><\/span> <span id=\"rdp-we-mw-reference-text-cite_note-M\u00e4rtyrer-D-35\" class=\"mw-reference-text reference-text\"><span class=\"cite\" about=\"#mwt93\" typeof=\"mw:Transclusion\" id=\"rdp-we-mwBzg\" data-mw='{\"parts\":[{\"template\":{\"target\":{\"wt\":\"Internetquelle \",\"href\":\".\/Vorlage:Internetquelle\"},\"params\":{\"autor\":{\"wt\":\"Offiziellecharts.de\"},\"url\":{\"wt\":\"https:\/\/www.offiziellecharts.de\/album-details-258771\"},\"titel\":{\"wt\":\"Kool Savas \u2013 M\u00e4rtyrer\"},\"abruf\":{\"wt\":\"2016-01-29\"}},\"i\":0}}]}'>Offiziellecharts.de:<span typeof=\"mw:Entity\" id=\"rdp-we-mwBzk\"> <\/span><a rel=\"external_link\" href=\"https:\/\/www.offiziellecharts.de\/album-details-258771\" class=\"external text\" id=\"rdp-we-mwBzo\" target=\"_new\"><i id=\"rdp-we-mwBzs\">Kool Savas \u2013 M\u00e4rtyrer.<\/i><\/a><span class=\"Abrufdatum\" id=\"rdp-we-mwBzw\"><span typeof=\"mw:Entity\" id=\"rdp-we-mwBz0\"> <\/span>Abgerufen am 29.<span typeof=\"mw:Entity\" id=\"rdp-we-mwBz4\">\u00a0<\/span>Januar 2016<\/span>.<\/span><span style=\"display: none;\" class=\"Z3988\" title=\"ctx_ver=Z39.88-2004&amp;rft_val_fmt=info%3Aofi%2Ffmt%3Akev%3Amtx%3Adc&amp;rfr_id=info%3Asid%2Fde.wikipedia.org%3AKool+Savas&amp;rft.title=Kool+Savas+%E2%80%93+M%C3%A4rtyrer&amp;rft.description=Kool+Savas+%E2%80%93+M%C3%A4rtyrer&amp;rft.identifier=https%3A%2F%2Fwww.offiziellecharts.de%2Falbum-details-258771&amp;rft.creator=Offiziellecharts.de\" about=\"#mwt93\" id=\"rdp-we-mwBz8\"><span typeof=\"mw:Entity\" id=\"rdp-we-mwB0A\">\u00a0<\/span><\/span><\/span><\/li>\n<li about=\"#cite_note-M\u00e4rtyrer-CH-A-36\" id=\"cite_note-M\u00e4rtyrer-CH-A-36\" data-mw-footnote-number=\"36\"><span class=\"mw-cite-backlink\" id=\"rdp-we-mwB0E\"><a href=\"#cite_ref-M\u00e4rtyrer-CH-A_36-0\" rel=\"mw:referencedBy\" id=\"rdp-we-mwB0I\"><span class=\"mw-linkback-text\" id=\"rdp-we-mwB0M\">\u2191<\/span><\/a><\/span> <span id=\"rdp-we-mw-reference-text-cite_note-M\u00e4rtyrer-CH-A-36\" class=\"mw-reference-text reference-text\"><span class=\"cite\" about=\"#mwt95\" typeof=\"mw:Transclusion\" id=\"rdp-we-mwB0Q\" data-mw='{\"parts\":[{\"template\":{\"target\":{\"wt\":\"Internetquelle \",\"href\":\".\/Vorlage:Internetquelle\"},\"params\":{\"autor\":{\"wt\":\"Austriancharts.at\"},\"url\":{\"wt\":\"http:\/\/austriancharts.at\/showitem.asp?interpret=Kool+Savas&amp;titel=M%E4rtyrer&amp;cat=a\"},\"titel\":{\"wt\":\"Kool Savas \u2013 M\u00e4rtyrer\"},\"abruf\":{\"wt\":\"2016-01-29\"}},\"i\":0}}]}'>Austriancharts.at:<span typeof=\"mw:Entity\" id=\"rdp-we-mwB0U\"> <\/span><a rel=\"external_link\" href=\"http:\/\/austriancharts.at\/showitem.asp?interpret=Kool+Savas&titel=M%E4rtyrer&cat=a\" class=\"external text\" id=\"rdp-we-mwB0Y\" target=\"_new\"><i id=\"rdp-we-mwB0c\">Kool Savas \u2013 M\u00e4rtyrer.<\/i><\/a><span class=\"Abrufdatum\" id=\"rdp-we-mwB0g\"><span typeof=\"mw:Entity\" id=\"rdp-we-mwB0k\"> <\/span>Abgerufen am 29.<span typeof=\"mw:Entity\" id=\"rdp-we-mwB0o\">\u00a0<\/span>Januar 2016<\/span>.<\/span><span style=\"display: none;\" class=\"Z3988\" title=\"ctx_ver=Z39.88-2004&amp;rft_val_fmt=info%3Aofi%2Ffmt%3Akev%3Amtx%3Adc&amp;rfr_id=info%3Asid%2Fde.wikipedia.org%3AKool+Savas&amp;rft.title=Kool+Savas+%E2%80%93+M%C3%A4rtyrer&amp;rft.description=Kool+Savas+%E2%80%93+M%C3%A4rtyrer&amp;rft.identifier=http%3A%2F%2Faustriancharts.at%2Fshowitem.asp%3Finterpret%3DKool%2BSavas%26titel%3DM%25E4rtyrer%26cat%3Da&amp;rft.creator=Austriancharts.at\" about=\"#mwt95\" id=\"rdp-we-mwB0s\"><span typeof=\"mw:Entity\" id=\"rdp-we-mwB0w\">\u00a0<\/span><\/span><\/span><\/li>\n<li about=\"#cite_note-37\" id=\"cite_note-37\" data-mw-footnote-number=\"37\"><span class=\"mw-cite-backlink\" id=\"rdp-we-mwB00\"><a href=\"#cite_ref-37\" rel=\"mw:referencedBy\" id=\"rdp-we-mwB04\"><span class=\"mw-linkback-text\" id=\"rdp-we-mwB08\">\u2191<\/span><\/a><\/span> <span id=\"rdp-we-mw-reference-text-cite_note-37\" class=\"mw-reference-text reference-text\"><span class=\"cite\" about=\"#mwt97\" typeof=\"mw:Transclusion\" id=\"rdp-we-mwB1A\" data-mw='{\"parts\":[{\"template\":{\"target\":{\"wt\":\"Internetquelle \",\"href\":\".\/Vorlage:Internetquelle\"},\"params\":{\"autor\":{\"wt\":\"MTV.de\"},\"url\":{\"wt\":\"http:\/\/www.mtv.de\/news\/62424-kool-savas-martyrer-tour-gewinnspiel\"},\"titel\":{\"wt\":\"Kool Savas &apos;M\u00e4rtyrer&apos;-Tour\"},\"abruf\":{\"wt\":\"2016-01-29\"}},\"i\":0}}]}'>MTV.de:<span typeof=\"mw:Entity\" id=\"rdp-we-mwB1E\"> <\/span><a rel=\"external_link\" href=\"http:\/\/www.mtv.de\/news\/62424-kool-savas-martyrer-tour-gewinnspiel\" class=\"external text\" id=\"rdp-we-mwB1I\" target=\"_new\"><i id=\"rdp-we-mwB1M\">Kool Savas 'M\u00e4rtyrer'-Tour.<\/i><\/a><span class=\"Abrufdatum\" id=\"rdp-we-mwB1Q\"><span typeof=\"mw:Entity\" id=\"rdp-we-mwB1U\"> <\/span>Abgerufen am 29.<span typeof=\"mw:Entity\" id=\"rdp-we-mwB1Y\">\u00a0<\/span>Januar 2016<\/span>.<\/span><span style=\"display: none;\" class=\"Z3988\" title=\"ctx_ver=Z39.88-2004&amp;rft_val_fmt=info%3Aofi%2Ffmt%3Akev%3Amtx%3Adc&amp;rfr_id=info%3Asid%2Fde.wikipedia.org%3AKool+Savas&amp;rft.title=Kool+Savas+%27M%C3%A4rtyrer%27-Tour&amp;rft.description=Kool+Savas+%27M%C3%A4rtyrer%27-Tour&amp;rft.identifier=http%3A%2F%2Fwww.mtv.de%2Fnews%2F62424-kool-savas-martyrer-tour-gewinnspiel&amp;rft.creator=MTV.de\" about=\"#mwt97\" id=\"rdp-we-mwB1c\"><span typeof=\"mw:Entity\" id=\"rdp-we-mwB1g\">\u00a0<\/span><\/span><\/span><\/li>\n<li about=\"#cite_note-38\" id=\"cite_note-38\" data-mw-footnote-number=\"38\"><span class=\"mw-cite-backlink\" id=\"rdp-we-mwB1k\"><a href=\"#cite_ref-38\" rel=\"mw:referencedBy\" id=\"rdp-we-mwB1o\"><span class=\"mw-linkback-text\" id=\"rdp-we-mwB1s\">\u2191<\/span><\/a><\/span> <span id=\"rdp-we-mw-reference-text-cite_note-38\" class=\"mw-reference-text reference-text\"><span class=\"cite\" about=\"#mwt99\" typeof=\"mw:Transclusion\" id=\"rdp-we-mwB1w\" data-mw='{\"parts\":[{\"template\":{\"target\":{\"wt\":\"Internetquelle \",\"href\":\".\/Vorlage:Internetquelle\"},\"params\":{\"autor\":{\"wt\":\"Rap.de\"},\"url\":{\"wt\":\"http:\/\/rap.de\/news\/52230-kool-savas-kuendigt-neues-mixtape\/\"},\"titel\":{\"wt\":\"Kool Savas k\u00fcndigt neues Mixtape an\"},\"abruf\":{\"wt\":\"2016-01-29\"}},\"i\":0}}]}'>Rap.de:<span typeof=\"mw:Entity\" id=\"rdp-we-mwB10\"> <\/span><a rel=\"external_link\" href=\"http:\/\/rap.de\/news\/52230-kool-savas-kuendigt-neues-mixtape\/\" class=\"external text\" id=\"rdp-we-mwB14\" target=\"_new\"><i id=\"rdp-we-mwB18\">Kool Savas k\u00fcndigt neues Mixtape an.<\/i><\/a><span class=\"Abrufdatum\" id=\"rdp-we-mwB2A\"><span typeof=\"mw:Entity\" id=\"rdp-we-mwB2E\"> <\/span>Abgerufen am 29.<span typeof=\"mw:Entity\" id=\"rdp-we-mwB2I\">\u00a0<\/span>Januar 2016<\/span>.<\/span><span style=\"display: none;\" class=\"Z3988\" title=\"ctx_ver=Z39.88-2004&amp;rft_val_fmt=info%3Aofi%2Ffmt%3Akev%3Amtx%3Adc&amp;rfr_id=info%3Asid%2Fde.wikipedia.org%3AKool+Savas&amp;rft.title=Kool+Savas+k%C3%BCndigt+neues+Mixtape+an&amp;rft.description=Kool+Savas+k%C3%BCndigt+neues+Mixtape+an&amp;rft.identifier=http%3A%2F%2Frap.de%2Fnews%2F52230-kool-savas-kuendigt-neues-mixtape%2F&amp;rft.creator=Rap.de\" about=\"#mwt99\" id=\"rdp-we-mwB2M\"><span typeof=\"mw:Entity\" id=\"rdp-we-mwB2Q\">\u00a0<\/span><\/span><\/span><\/li>\n<li about=\"#cite_note-39\" id=\"cite_note-39\" data-mw-footnote-number=\"39\"><span class=\"mw-cite-backlink\" id=\"rdp-we-mwB2U\"><a href=\"#cite_ref-39\" rel=\"mw:referencedBy\" id=\"rdp-we-mwB2Y\"><span class=\"mw-linkback-text\" id=\"rdp-we-mwB2c\">\u2191<\/span><\/a><\/span> <span id=\"rdp-we-mw-reference-text-cite_note-39\" class=\"mw-reference-text reference-text\"><span class=\"cite\" about=\"#mwt101\" typeof=\"mw:Transclusion\" id=\"rdp-we-mwB2g\" data-mw='{\"parts\":[{\"template\":{\"target\":{\"wt\":\"Internetquelle \",\"href\":\".\/Vorlage:Internetquelle\"},\"params\":{\"autor\":{\"wt\":\"Rap.de\"},\"url\":{\"wt\":\"http:\/\/rap.de\/news\/61371-kool-savas-erreicht-mit-maertyrer-goldstatus\/\"},\"titel\":{\"wt\":\"Kool Savas erreicht mit \u201eM\u00e4rtyrer\u201c Goldstatus\"},\"abruf\":{\"wt\":\"2016-01-31\"}},\"i\":0}}]}'>Rap.de:<span typeof=\"mw:Entity\" id=\"rdp-we-mwB2k\"> <\/span><a rel=\"external_link\" href=\"http:\/\/rap.de\/news\/61371-kool-savas-erreicht-mit-maertyrer-goldstatus\/\" class=\"external text\" id=\"rdp-we-mwB2o\" target=\"_new\"><i id=\"rdp-we-mwB2s\">Kool Savas erreicht mit \u201eM\u00e4rtyrer\u201c Goldstatus.<\/i><\/a><span class=\"Abrufdatum\" id=\"rdp-we-mwB2w\"><span typeof=\"mw:Entity\" id=\"rdp-we-mwB20\"> <\/span>Abgerufen am 31.<span typeof=\"mw:Entity\" id=\"rdp-we-mwB24\">\u00a0<\/span>Januar 2016<\/span>.<\/span><span style=\"display: none;\" class=\"Z3988\" title=\"ctx_ver=Z39.88-2004&amp;rft_val_fmt=info%3Aofi%2Ffmt%3Akev%3Amtx%3Adc&amp;rfr_id=info%3Asid%2Fde.wikipedia.org%3AKool+Savas&amp;rft.title=Kool+Savas+erreicht+mit+%E2%80%9EM%C3%A4rtyrer%E2%80%9C+Goldstatus&amp;rft.description=Kool+Savas+erreicht+mit+%E2%80%9EM%C3%A4rtyrer%E2%80%9C+Goldstatus&amp;rft.identifier=http%3A%2F%2Frap.de%2Fnews%2F61371-kool-savas-erreicht-mit-maertyrer-goldstatus%2F&amp;rft.creator=Rap.de\" about=\"#mwt101\" id=\"rdp-we-mwB28\"><span typeof=\"mw:Entity\" id=\"rdp-we-mwB3A\">\u00a0<\/span><\/span><\/span><\/li>\n<li about=\"#cite_note-40\" id=\"cite_note-40\" data-mw-footnote-number=\"40\"><span class=\"mw-cite-backlink\" id=\"rdp-we-mwB3E\"><a href=\"#cite_ref-40\" rel=\"mw:referencedBy\" id=\"rdp-we-mwB3I\"><span class=\"mw-linkback-text\" id=\"rdp-we-mwB3M\">\u2191<\/span><\/a><\/span> <span id=\"rdp-we-mw-reference-text-cite_note-40\" class=\"mw-reference-text reference-text\"><span class=\"cite\" about=\"#mwt103\" typeof=\"mw:Transclusion\" id=\"rdp-we-mwB3Q\" data-mw='{\"parts\":[{\"template\":{\"target\":{\"wt\":\"Internetquelle \",\"href\":\".\/Vorlage:Internetquelle\"},\"params\":{\"autor\":{\"wt\":\"Koolsavas.de\"},\"url\":{\"wt\":\"http:\/\/www.koolsavas.de\/news\/detail\/warum-rappst-du-tour-2\/\"},\"titel\":{\"wt\":\"\u201eWarum rappst du?\u201c Tour 2\"},\"offline\":{\"wt\":\"1\"},\"archiv-url\":{\"wt\":\"https:\/\/web.archive.org\/web\/20160131224632\/http:\/\/www.koolsavas.de\/news\/detail\/warum-rappst-du-tour-2\/\"},\"archiv-datum\":{\"wt\":\"2016-01-31\"},\"abruf\":{\"wt\":\"2016-01-31\"}},\"i\":0}}]}'>Koolsavas.de:<span typeof=\"mw:Entity\" id=\"rdp-we-mwB3U\"> <\/span><a rel=\"external_link\" href=\"https:\/\/web.archive.org\/web\/20160131224632\/http:\/\/www.koolsavas.de\/news\/detail\/warum-rappst-du-tour-2\/\" class=\"external text\" id=\"rdp-we-mwB3Y\" target=\"_new\"><i id=\"rdp-we-mwB3c\">\u201eWarum rappst du?\u201c Tour 2.<\/i><\/a><span typeof=\"mw:Entity\" id=\"rdp-we-mwB3g\"> <\/span>Archiviert<span typeof=\"mw:Entity\" id=\"rdp-we-mwB3k\"> <\/span>vom<span typeof=\"mw:Entity\" id=\"rdp-we-mwB3o\"> <\/span><link rel=\"mw-deduplicated-inline-style\" href=\"mw-data:TemplateStyles:r250917974\" about=\"#mwt104\" typeof=\"mw:Extension\/templatestyles\" id=\"rdp-we-mwB3s\" data-mw='{\"name\":\"templatestyles\",\"attrs\":{\"src\":\"Vorlage:IconExternal\/styles.css\"}}'\/><span class=\"dewiki-iconexternal\" id=\"rdp-we-mwB3w\"><a rel=\"external_link\" href=\"https:\/\/redirecter.toolforge.org\/?url=http%3A%2F%2Fwww.koolsavas.de%2Fnews%2Fdetail%2Fwarum-rappst-du-tour-2%2F\" class=\"external text\" id=\"rdp-we-mwB30\" target=\"_new\">Original<\/a><\/span><span typeof=\"mw:Entity\" id=\"rdp-we-mwB34\"> <\/span>(nicht mehr online verf\u00fcgbar)<span typeof=\"mw:Entity\" id=\"rdp-we-mwB38\"> <\/span>am<span typeof=\"mw:Entity\" id=\"rdp-we-mwB4A\"> <\/span><span style=\"white-space:nowrap;\" id=\"rdp-we-mwB4E\">31.<span typeof=\"mw:Entity\" id=\"rdp-we-mwB4I\">\u00a0<\/span>Januar 2016<\/span><span id=\"rdp-we-mwB4M\">;<\/span><span class=\"Abrufdatum\" id=\"rdp-we-mwB4Q\"><span typeof=\"mw:Entity\" id=\"rdp-we-mwB4U\"> <\/span>abgerufen am 31.<span typeof=\"mw:Entity\" id=\"rdp-we-mwB4Y\">\u00a0<\/span>Januar 2016<\/span>.<\/span><span style=\"display: none;\" class=\"Z3988\" title=\"ctx_ver=Z39.88-2004&amp;rft_val_fmt=info%3Aofi%2Ffmt%3Akev%3Amtx%3Adc&amp;rfr_id=info%3Asid%2Fde.wikipedia.org%3AKool+Savas&amp;rft.title=%E2%80%9EWarum+rappst+du%3F%E2%80%9C+Tour+2&amp;rft.description=%E2%80%9EWarum+rappst+du%3F%E2%80%9C+Tour+2&amp;rft.identifier=https%3A%2F%2Fweb.archive.org%2Fweb%2F20160131224632%2Fhttp%3A%2F%2Fwww.koolsavas.de%2Fnews%2Fdetail%2Fwarum-rappst-du-tour-2%2F&amp;rft.creator=Koolsavas.de&amp;rft.source=http:\/\/www.koolsavas.de\/news\/detail\/warum-rappst-du-tour-2\/\" about=\"#mwt103\" id=\"rdp-we-mwB4c\"><span typeof=\"mw:Entity\" id=\"rdp-we-mwB4g\">\u00a0<\/span><\/span><\/span><\/li>\n<li about=\"#cite_note-41\" id=\"cite_note-41\" data-mw-footnote-number=\"41\"><span class=\"mw-cite-backlink\" id=\"rdp-we-mwB4k\"><a href=\"#cite_ref-41\" rel=\"mw:referencedBy\" id=\"rdp-we-mwB4o\"><span class=\"mw-linkback-text\" id=\"rdp-we-mwB4s\">\u2191<\/span><\/a><\/span> <span id=\"rdp-we-mw-reference-text-cite_note-41\" class=\"mw-reference-text reference-text\"><span class=\"cite\" about=\"#mwt106\" typeof=\"mw:Transclusion\" id=\"rdp-we-mwB4w\" data-mw='{\"parts\":[{\"template\":{\"target\":{\"wt\":\"Internetquelle \",\"href\":\".\/Vorlage:Internetquelle\"},\"params\":{\"autor\":{\"wt\":\"Laut.de\"},\"url\":{\"wt\":\"https:\/\/www.laut.de\/News\/Doubletime-Deutschland,-deine-Zombies!-22-10-2015-11868\/Seite-29\"},\"titel\":{\"wt\":\"Doubletime \u2013 Deutschland, deine Zombies!\"},\"abruf\":{\"wt\":\"2019-07-22\"}},\"i\":0}}]}'>Laut.de:<span typeof=\"mw:Entity\" id=\"rdp-we-mwB40\"> <\/span><a rel=\"external_link\" href=\"https:\/\/www.laut.de\/News\/Doubletime-Deutschland,-deine-Zombies!-22-10-2015-11868\/Seite-29\" class=\"external text\" id=\"rdp-we-mwB44\" target=\"_new\"><i id=\"rdp-we-mwB48\">Doubletime \u2013 Deutschland, deine Zombies!<\/i><\/a><span class=\"Abrufdatum\" id=\"rdp-we-mwB5A\"><span typeof=\"mw:Entity\" id=\"rdp-we-mwB5E\"> <\/span>Abgerufen am 22.<span typeof=\"mw:Entity\" id=\"rdp-we-mwB5I\">\u00a0<\/span>Juli 2019<\/span>.<\/span><span style=\"display: none;\" class=\"Z3988\" title=\"ctx_ver=Z39.88-2004&amp;rft_val_fmt=info%3Aofi%2Ffmt%3Akev%3Amtx%3Adc&amp;rfr_id=info%3Asid%2Fde.wikipedia.org%3AKool+Savas&amp;rft.title=Doubletime+%E2%80%93+Deutschland%2C+deine+Zombies%21&amp;rft.description=Doubletime+%E2%80%93+Deutschland%2C+deine+Zombies%21&amp;rft.identifier=https%3A%2F%2Fwww.laut.de%2FNews%2FDoubletime-Deutschland%2C-deine-Zombies%21-22-10-2015-11868%2FSeite-29&amp;rft.creator=Laut.de\" about=\"#mwt106\" id=\"rdp-we-mwB5M\"><span typeof=\"mw:Entity\" id=\"rdp-we-mwB5Q\">\u00a0<\/span><\/span><\/span><\/li>\n<li about=\"#cite_note-42\" id=\"cite_note-42\" data-mw-footnote-number=\"42\"><span class=\"mw-cite-backlink\" id=\"rdp-we-mwB5U\"><a href=\"#cite_ref-42\" rel=\"mw:referencedBy\" id=\"rdp-we-mwB5Y\"><span class=\"mw-linkback-text\" id=\"rdp-we-mwB5c\">\u2191<\/span><\/a><\/span> <span id=\"rdp-we-mw-reference-text-cite_note-42\" class=\"mw-reference-text reference-text\"><span class=\"cite\" about=\"#mwt108\" typeof=\"mw:Transclusion\" id=\"rdp-we-mwB5g\" data-mw='{\"parts\":[{\"template\":{\"target\":{\"wt\":\"Internetquelle \",\"href\":\".\/Vorlage:Internetquelle\"},\"params\":{\"autor\":{\"wt\":\"Laut.de\"},\"url\":{\"wt\":\"https:\/\/www.laut.de\/News\/Westberlin-Maskulin-Reunion-zum-Taktloss-Abschied-31-05-2016-12592\"},\"titel\":{\"wt\":\"Reunion zum Taktloss-Abschied\"},\"abruf\":{\"wt\":\"2019-07-22\"}},\"i\":0}}]}'>Laut.de:<span typeof=\"mw:Entity\" id=\"rdp-we-mwB5k\"> <\/span><a rel=\"external_link\" href=\"https:\/\/www.laut.de\/News\/Westberlin-Maskulin-Reunion-zum-Taktloss-Abschied-31-05-2016-12592\" class=\"external text\" id=\"rdp-we-mwB5o\" target=\"_new\"><i id=\"rdp-we-mwB5s\">Reunion zum Taktloss-Abschied.<\/i><\/a><span class=\"Abrufdatum\" id=\"rdp-we-mwB5w\"><span typeof=\"mw:Entity\" id=\"rdp-we-mwB50\"> <\/span>Abgerufen am 22.<span typeof=\"mw:Entity\" id=\"rdp-we-mwB54\">\u00a0<\/span>Juli 2019<\/span>.<\/span><span style=\"display: none;\" class=\"Z3988\" title=\"ctx_ver=Z39.88-2004&amp;rft_val_fmt=info%3Aofi%2Ffmt%3Akev%3Amtx%3Adc&amp;rfr_id=info%3Asid%2Fde.wikipedia.org%3AKool+Savas&amp;rft.title=Reunion+zum+Taktloss-Abschied&amp;rft.description=Reunion+zum+Taktloss-Abschied&amp;rft.identifier=https%3A%2F%2Fwww.laut.de%2FNews%2FWestberlin-Maskulin-Reunion-zum-Taktloss-Abschied-31-05-2016-12592&amp;rft.creator=Laut.de\" about=\"#mwt108\" id=\"rdp-we-mwB58\"><span typeof=\"mw:Entity\" id=\"rdp-we-mwB6A\">\u00a0<\/span><\/span><\/span><\/li>\n<li about=\"#cite_note-43\" id=\"cite_note-43\" data-mw-footnote-number=\"43\"><span class=\"mw-cite-backlink\" id=\"rdp-we-mwB6E\"><a href=\"#cite_ref-43\" rel=\"mw:referencedBy\" id=\"rdp-we-mwB6I\"><span class=\"mw-linkback-text\" id=\"rdp-we-mwB6M\">\u2191<\/span><\/a><\/span> <span id=\"rdp-we-mw-reference-text-cite_note-43\" class=\"mw-reference-text reference-text\"><span class=\"cite\" about=\"#mwt110\" typeof=\"mw:Transclusion\" id=\"rdp-we-mwB6Q\" data-mw='{\"parts\":[{\"template\":{\"target\":{\"wt\":\"Internetquelle \",\"href\":\".\/Vorlage:Internetquelle\"},\"params\":{\"autor\":{\"wt\":\"Laut.de\"},\"url\":{\"wt\":\"https:\/\/www.laut.de\/News\/Doubletime-Maskulin-im-Stoeckelschuh-04-08-2016-12827\/Seite-14\"},\"titel\":{\"wt\":\"Doubletime \u2013 Maskulin im St\u00f6ckelschuh\"},\"abruf\":{\"wt\":\"2019-07-22\"}},\"i\":0}}]}'>Laut.de:<span typeof=\"mw:Entity\" id=\"rdp-we-mwB6U\"> <\/span><a rel=\"external_link\" href=\"https:\/\/www.laut.de\/News\/Doubletime-Maskulin-im-Stoeckelschuh-04-08-2016-12827\/Seite-14\" class=\"external text\" id=\"rdp-we-mwB6Y\" target=\"_new\"><i id=\"rdp-we-mwB6c\">Doubletime \u2013 Maskulin im St\u00f6ckelschuh.<\/i><\/a><span class=\"Abrufdatum\" id=\"rdp-we-mwB6g\"><span typeof=\"mw:Entity\" id=\"rdp-we-mwB6k\"> <\/span>Abgerufen am 22.<span typeof=\"mw:Entity\" id=\"rdp-we-mwB6o\">\u00a0<\/span>Juli 2019<\/span>.<\/span><span style=\"display: none;\" class=\"Z3988\" title=\"ctx_ver=Z39.88-2004&amp;rft_val_fmt=info%3Aofi%2Ffmt%3Akev%3Amtx%3Adc&amp;rfr_id=info%3Asid%2Fde.wikipedia.org%3AKool+Savas&amp;rft.title=Doubletime+%E2%80%93+Maskulin+im+St%C3%B6ckelschuh&amp;rft.description=Doubletime+%E2%80%93+Maskulin+im+St%C3%B6ckelschuh&amp;rft.identifier=https%3A%2F%2Fwww.laut.de%2FNews%2FDoubletime-Maskulin-im-Stoeckelschuh-04-08-2016-12827%2FSeite-14&amp;rft.creator=Laut.de\" about=\"#mwt110\" id=\"rdp-we-mwB6s\"><span typeof=\"mw:Entity\" id=\"rdp-we-mwB6w\">\u00a0<\/span><\/span><\/span><\/li>\n<li about=\"#cite_note-44\" id=\"cite_note-44\" data-mw-footnote-number=\"44\"><span class=\"mw-cite-backlink\" id=\"rdp-we-mwB60\"><a href=\"#cite_ref-44\" rel=\"mw:referencedBy\" id=\"rdp-we-mwB64\"><span class=\"mw-linkback-text\" id=\"rdp-we-mwB68\">\u2191<\/span><\/a><\/span> <span id=\"rdp-we-mw-reference-text-cite_note-44\" class=\"mw-reference-text reference-text\"><span class=\"cite\" about=\"#mwt112\" typeof=\"mw:Transclusion\" id=\"rdp-we-mwB7A\" data-mw='{\"parts\":[{\"template\":{\"target\":{\"wt\":\"Internetquelle \",\"href\":\".\/Vorlage:Internetquelle\"},\"params\":{\"autor\":{\"wt\":\"Laut.de\"},\"url\":{\"wt\":\"https:\/\/www.laut.de\/News\/Kool-Savas-Das-Video-zur-Single-Auge-12-09-2016-12936\"},\"titel\":{\"wt\":\"Kool Savas \u2013 Das Video zur Single \u201eAuge\u201c\"},\"abruf\":{\"wt\":\"2019-07-22\"}},\"i\":0}}]}'>Laut.de:<span typeof=\"mw:Entity\" id=\"rdp-we-mwB7E\"> <\/span><a rel=\"external_link\" href=\"https:\/\/www.laut.de\/News\/Kool-Savas-Das-Video-zur-Single-Auge-12-09-2016-12936\" class=\"external text\" id=\"rdp-we-mwB7I\" target=\"_new\"><i id=\"rdp-we-mwB7M\">Kool Savas \u2013 Das Video zur Single \u201eAuge\u201c.<\/i><\/a><span class=\"Abrufdatum\" id=\"rdp-we-mwB7Q\"><span typeof=\"mw:Entity\" id=\"rdp-we-mwB7U\"> <\/span>Abgerufen am 22.<span typeof=\"mw:Entity\" id=\"rdp-we-mwB7Y\">\u00a0<\/span>Juli 2019<\/span>.<\/span><span style=\"display: none;\" class=\"Z3988\" title=\"ctx_ver=Z39.88-2004&amp;rft_val_fmt=info%3Aofi%2Ffmt%3Akev%3Amtx%3Adc&amp;rfr_id=info%3Asid%2Fde.wikipedia.org%3AKool+Savas&amp;rft.title=Kool+Savas+%E2%80%93+Das+Video+zur+Single+%E2%80%9EAuge%E2%80%9C&amp;rft.description=Kool+Savas+%E2%80%93+Das+Video+zur+Single+%E2%80%9EAuge%E2%80%9C&amp;rft.identifier=https%3A%2F%2Fwww.laut.de%2FNews%2FKool-Savas-Das-Video-zur-Single-Auge-12-09-2016-12936&amp;rft.creator=Laut.de\" about=\"#mwt112\" id=\"rdp-we-mwB7c\"><span typeof=\"mw:Entity\" id=\"rdp-we-mwB7g\">\u00a0<\/span><\/span><\/span><\/li>\n<li about=\"#cite_note-45\" id=\"cite_note-45\" data-mw-footnote-number=\"45\"><span class=\"mw-cite-backlink\" id=\"rdp-we-mwB7k\"><a href=\"#cite_ref-45\" rel=\"mw:referencedBy\" id=\"rdp-we-mwB7o\"><span class=\"mw-linkback-text\" id=\"rdp-we-mwB7s\">\u2191<\/span><\/a><\/span> <span id=\"rdp-we-mw-reference-text-cite_note-45\" class=\"mw-reference-text reference-text\"><span class=\"cite\" about=\"#mwt114\" typeof=\"mw:Transclusion\" id=\"rdp-we-mwB7w\" data-mw='{\"parts\":[{\"template\":{\"target\":{\"wt\":\"Internetquelle \",\"href\":\".\/Vorlage:Internetquelle\"},\"params\":{\"autor\":{\"wt\":\"Laut.de\"},\"url\":{\"wt\":\"https:\/\/www.laut.de\/News\/Doubletime-Cloud-soll-euch-ficken-15-09-2016-12948\/Seite-2\"},\"titel\":{\"wt\":\"Doubletime \u2013 \u201eCloud soll euch ficken\u201c\"},\"abruf\":{\"wt\":\"2019-07-22\"}},\"i\":0}}]}'>Laut.de:<span typeof=\"mw:Entity\" id=\"rdp-we-mwB70\"> <\/span><a rel=\"external_link\" href=\"https:\/\/www.laut.de\/News\/Doubletime-Cloud-soll-euch-ficken-15-09-2016-12948\/Seite-2\" class=\"external text\" id=\"rdp-we-mwB74\" target=\"_new\"><i id=\"rdp-we-mwB78\">Doubletime \u2013 \u201eCloud soll euch ficken\u201c.<\/i><\/a><span class=\"Abrufdatum\" id=\"rdp-we-mwB8A\"><span typeof=\"mw:Entity\" id=\"rdp-we-mwB8E\"> <\/span>Abgerufen am 22.<span typeof=\"mw:Entity\" id=\"rdp-we-mwB8I\">\u00a0<\/span>Juli 2019<\/span>.<\/span><span style=\"display: none;\" class=\"Z3988\" title=\"ctx_ver=Z39.88-2004&amp;rft_val_fmt=info%3Aofi%2Ffmt%3Akev%3Amtx%3Adc&amp;rfr_id=info%3Asid%2Fde.wikipedia.org%3AKool+Savas&amp;rft.title=Doubletime+%E2%80%93+%E2%80%9ECloud+soll+euch+ficken%E2%80%9C&amp;rft.description=Doubletime+%E2%80%93+%E2%80%9ECloud+soll+euch+ficken%E2%80%9C&amp;rft.identifier=https%3A%2F%2Fwww.laut.de%2FNews%2FDoubletime-Cloud-soll-euch-ficken-15-09-2016-12948%2FSeite-2&amp;rft.creator=Laut.de\" about=\"#mwt114\" id=\"rdp-we-mwB8M\"><span typeof=\"mw:Entity\" id=\"rdp-we-mwB8Q\">\u00a0<\/span><\/span><\/span><\/li>\n<li about=\"#cite_note-46\" id=\"cite_note-46\" data-mw-footnote-number=\"46\"><span class=\"mw-cite-backlink\" id=\"rdp-we-mwB8U\"><a href=\"#cite_ref-46\" rel=\"mw:referencedBy\" id=\"rdp-we-mwB8Y\"><span class=\"mw-linkback-text\" id=\"rdp-we-mwB8c\">\u2191<\/span><\/a><\/span> <span id=\"rdp-we-mw-reference-text-cite_note-46\" class=\"mw-reference-text reference-text\"><span class=\"cite\" about=\"#mwt116\" typeof=\"mw:Transclusion\" id=\"rdp-we-mwB8g\" data-mw='{\"parts\":[{\"template\":{\"target\":{\"wt\":\"Internetquelle \",\"href\":\".\/Vorlage:Internetquelle\"},\"params\":{\"autor\":{\"wt\":\"Laut.de\"},\"url\":{\"wt\":\"https:\/\/www.laut.de\/News\/Doubletime-Warum,-Frau-Merkel-29-09-2016-12985\/Seite-16\"},\"titel\":{\"wt\":\"Doubletime \u2013 Warum, Frau Merkel?\"},\"abruf\":{\"wt\":\"2019-07-22\"}},\"i\":0}}]}'>Laut.de:<span typeof=\"mw:Entity\" id=\"rdp-we-mwB8k\"> <\/span><a rel=\"external_link\" href=\"https:\/\/www.laut.de\/News\/Doubletime-Warum,-Frau-Merkel-29-09-2016-12985\/Seite-16\" class=\"external text\" id=\"rdp-we-mwB8o\" target=\"_new\"><i id=\"rdp-we-mwB8s\">Doubletime \u2013 Warum, Frau Merkel?<\/i><\/a><span class=\"Abrufdatum\" id=\"rdp-we-mwB8w\"><span typeof=\"mw:Entity\" id=\"rdp-we-mwB80\"> <\/span>Abgerufen am 22.<span typeof=\"mw:Entity\" id=\"rdp-we-mwB84\">\u00a0<\/span>Juli 2019<\/span>.<\/span><span style=\"display: none;\" class=\"Z3988\" title=\"ctx_ver=Z39.88-2004&amp;rft_val_fmt=info%3Aofi%2Ffmt%3Akev%3Amtx%3Adc&amp;rfr_id=info%3Asid%2Fde.wikipedia.org%3AKool+Savas&amp;rft.title=Doubletime+%E2%80%93+Warum%2C+Frau+Merkel%3F&amp;rft.description=Doubletime+%E2%80%93+Warum%2C+Frau+Merkel%3F&amp;rft.identifier=https%3A%2F%2Fwww.laut.de%2FNews%2FDoubletime-Warum%2C-Frau-Merkel-29-09-2016-12985%2FSeite-16&amp;rft.creator=Laut.de\" about=\"#mwt116\" id=\"rdp-we-mwB88\"><span typeof=\"mw:Entity\" id=\"rdp-we-mwB9A\">\u00a0<\/span><\/span><\/span><\/li>\n<li about=\"#cite_note-47\" id=\"cite_note-47\" data-mw-footnote-number=\"47\"><span class=\"mw-cite-backlink\" id=\"rdp-we-mwB9E\"><a href=\"#cite_ref-47\" rel=\"mw:referencedBy\" id=\"rdp-we-mwB9I\"><span class=\"mw-linkback-text\" id=\"rdp-we-mwB9M\">\u2191<\/span><\/a><\/span> <span id=\"rdp-we-mw-reference-text-cite_note-47\" class=\"mw-reference-text reference-text\"><span class=\"cite\" about=\"#mwt118\" typeof=\"mw:Transclusion\" id=\"rdp-we-mwB9Q\" data-mw='{\"parts\":[{\"template\":{\"target\":{\"wt\":\"Internetquelle \",\"href\":\".\/Vorlage:Internetquelle\"},\"params\":{\"autor\":{\"wt\":\"Laut.de\"},\"url\":{\"wt\":\"https:\/\/www.laut.de\/News\/Kool-Savas-Triumph-mit-Sido-und-Azad-24-10-2016-13052\"},\"titel\":{\"wt\":\"Kool Savas \u2013 \u201eTriumph\u201c mit Sido und Azad\"},\"abruf\":{\"wt\":\"2019-07-22\"}},\"i\":0}}]}'>Laut.de:<span typeof=\"mw:Entity\" id=\"rdp-we-mwB9U\"> <\/span><a rel=\"external_link\" href=\"https:\/\/www.laut.de\/News\/Kool-Savas-Triumph-mit-Sido-und-Azad-24-10-2016-13052\" class=\"external text\" id=\"rdp-we-mwB9Y\" target=\"_new\"><i id=\"rdp-we-mwB9c\">Kool Savas \u2013 \u201eTriumph\u201c mit Sido und Azad.<\/i><\/a><span class=\"Abrufdatum\" id=\"rdp-we-mwB9g\"><span typeof=\"mw:Entity\" id=\"rdp-we-mwB9k\"> <\/span>Abgerufen am 22.<span typeof=\"mw:Entity\" id=\"rdp-we-mwB9o\">\u00a0<\/span>Juli 2019<\/span>.<\/span><span style=\"display: none;\" class=\"Z3988\" title=\"ctx_ver=Z39.88-2004&amp;rft_val_fmt=info%3Aofi%2Ffmt%3Akev%3Amtx%3Adc&amp;rfr_id=info%3Asid%2Fde.wikipedia.org%3AKool+Savas&amp;rft.title=Kool+Savas+%E2%80%93+%E2%80%9ETriumph%E2%80%9C+mit+Sido+und+Azad&amp;rft.description=Kool+Savas+%E2%80%93+%E2%80%9ETriumph%E2%80%9C+mit+Sido+und+Azad&amp;rft.identifier=https%3A%2F%2Fwww.laut.de%2FNews%2FKool-Savas-Triumph-mit-Sido-und-Azad-24-10-2016-13052&amp;rft.creator=Laut.de\" about=\"#mwt118\" id=\"rdp-we-mwB9s\"><span typeof=\"mw:Entity\" id=\"rdp-we-mwB9w\">\u00a0<\/span><\/span><\/span><\/li>\n<li about=\"#cite_note-48\" id=\"cite_note-48\" data-mw-footnote-number=\"48\"><span class=\"mw-cite-backlink\" id=\"rdp-we-mwB90\"><a href=\"#cite_ref-48\" rel=\"mw:referencedBy\" id=\"rdp-we-mwB94\"><span class=\"mw-linkback-text\" id=\"rdp-we-mwB98\">\u2191<\/span><\/a><\/span> <span id=\"rdp-we-mw-reference-text-cite_note-48\" class=\"mw-reference-text reference-text\"><span class=\"cite\" about=\"#mwt120\" typeof=\"mw:Transclusion\" id=\"rdp-we-mwB-A\" data-mw='{\"parts\":[{\"template\":{\"target\":{\"wt\":\"Internetquelle \",\"href\":\".\/Vorlage:Internetquelle\"},\"params\":{\"autor\":{\"wt\":\"Laut.de\"},\"url\":{\"wt\":\"https:\/\/www.laut.de\/News\/Doubletime-Guess-whos-back!-20-10-2016-13043\/Seite-11\"},\"titel\":{\"wt\":\"Doubletime \u2013 Guess who&apos;s back!\"},\"abruf\":{\"wt\":\"2019-07-22\"}},\"i\":0}}]}'>Laut.de:<span typeof=\"mw:Entity\" id=\"rdp-we-mwB-E\"> <\/span><a rel=\"external_link\" href=\"https:\/\/www.laut.de\/News\/Doubletime-Guess-whos-back!-20-10-2016-13043\/Seite-11\" class=\"external text\" id=\"rdp-we-mwB-I\" target=\"_new\"><i id=\"rdp-we-mwB-M\">Doubletime \u2013 Guess who's back!<\/i><\/a><span class=\"Abrufdatum\" id=\"rdp-we-mwB-Q\"><span typeof=\"mw:Entity\" id=\"rdp-we-mwB-U\"> <\/span>Abgerufen am 22.<span typeof=\"mw:Entity\" id=\"rdp-we-mwB-Y\">\u00a0<\/span>Juli 2019<\/span>.<\/span><span style=\"display: none;\" class=\"Z3988\" title=\"ctx_ver=Z39.88-2004&amp;rft_val_fmt=info%3Aofi%2Ffmt%3Akev%3Amtx%3Adc&amp;rfr_id=info%3Asid%2Fde.wikipedia.org%3AKool+Savas&amp;rft.title=Doubletime+%E2%80%93+Guess+who%27s+back%21&amp;rft.description=Doubletime+%E2%80%93+Guess+who%27s+back%21&amp;rft.identifier=https%3A%2F%2Fwww.laut.de%2FNews%2FDoubletime-Guess-whos-back%21-20-10-2016-13043%2FSeite-11&amp;rft.creator=Laut.de\" about=\"#mwt120\" id=\"rdp-we-mwB-c\"><span typeof=\"mw:Entity\" id=\"rdp-we-mwB-g\">\u00a0<\/span><\/span><\/span><\/li>\n<li about=\"#cite_note-49\" id=\"cite_note-49\" data-mw-footnote-number=\"49\"><span class=\"mw-cite-backlink\" id=\"rdp-we-mwB-k\"><a href=\"#cite_ref-49\" rel=\"mw:referencedBy\" id=\"rdp-we-mwB-o\"><span class=\"mw-linkback-text\" id=\"rdp-we-mwB-s\">\u2191<\/span><\/a><\/span> <span id=\"rdp-we-mw-reference-text-cite_note-49\" class=\"mw-reference-text reference-text\"><span class=\"cite\" about=\"#mwt122\" typeof=\"mw:Transclusion\" id=\"rdp-we-mwB-w\" data-mw='{\"parts\":[{\"template\":{\"target\":{\"wt\":\"Internetquelle \",\"href\":\".\/Vorlage:Internetquelle\"},\"params\":{\"autor\":{\"wt\":\"Offiziellecharts.de\"},\"url\":{\"wt\":\"https:\/\/www.offiziellecharts.de\/album-details-316631\"},\"titel\":{\"wt\":\"Kool Savas \u2013 Essahdamus\"},\"abruf\":{\"wt\":\"2019-07-22\"}},\"i\":0}}]}'>Offiziellecharts.de:<span typeof=\"mw:Entity\" id=\"rdp-we-mwB-0\"> <\/span><a rel=\"external_link\" href=\"https:\/\/www.offiziellecharts.de\/album-details-316631\" class=\"external text\" id=\"rdp-we-mwB-4\" target=\"_new\"><i id=\"rdp-we-mwB-8\">Kool Savas \u2013 Essahdamus.<\/i><\/a><span class=\"Abrufdatum\" id=\"rdp-we-mwB_A\"><span typeof=\"mw:Entity\" id=\"rdp-we-mwB_E\"> <\/span>Abgerufen am 22.<span typeof=\"mw:Entity\" id=\"rdp-we-mwB_I\">\u00a0<\/span>Juli 2019<\/span>.<\/span><span style=\"display: none;\" class=\"Z3988\" title=\"ctx_ver=Z39.88-2004&amp;rft_val_fmt=info%3Aofi%2Ffmt%3Akev%3Amtx%3Adc&amp;rfr_id=info%3Asid%2Fde.wikipedia.org%3AKool+Savas&amp;rft.title=Kool+Savas+%E2%80%93+Essahdamus&amp;rft.description=Kool+Savas+%E2%80%93+Essahdamus&amp;rft.identifier=https%3A%2F%2Fwww.offiziellecharts.de%2Falbum-details-316631&amp;rft.creator=Offiziellecharts.de\" about=\"#mwt122\" id=\"rdp-we-mwB_M\"><span typeof=\"mw:Entity\" id=\"rdp-we-mwB_Q\">\u00a0<\/span><\/span><\/span><\/li>\n<li about=\"#cite_note-50\" id=\"cite_note-50\" data-mw-footnote-number=\"50\"><span class=\"mw-cite-backlink\" id=\"rdp-we-mwB_U\"><a href=\"#cite_ref-50\" rel=\"mw:referencedBy\" id=\"rdp-we-mwB_Y\"><span class=\"mw-linkback-text\" id=\"rdp-we-mwB_c\">\u2191<\/span><\/a><\/span> <span id=\"rdp-we-mw-reference-text-cite_note-50\" class=\"mw-reference-text reference-text\"><span class=\"cite\" about=\"#mwt124\" typeof=\"mw:Transclusion\" id=\"rdp-we-mwB_g\" data-mw='{\"parts\":[{\"template\":{\"target\":{\"wt\":\"Internetquelle \",\"href\":\".\/Vorlage:Internetquelle\"},\"params\":{\"autor\":{\"wt\":\"Hitparade.ch\"},\"url\":{\"wt\":\"https:\/\/hitparade.ch\/album\/Kool-Savas\/Essahdamus-316631\"},\"titel\":{\"wt\":\"Kool Savas \u2013 Essahdamus\"},\"abruf\":{\"wt\":\"2019-07-22\"}},\"i\":0}}]}'>Hitparade.ch:<span typeof=\"mw:Entity\" id=\"rdp-we-mwB_k\"> <\/span><a rel=\"external_link\" href=\"https:\/\/hitparade.ch\/album\/Kool-Savas\/Essahdamus-316631\" class=\"external text\" id=\"rdp-we-mwB_o\" target=\"_new\"><i id=\"rdp-we-mwB_s\">Kool Savas \u2013 Essahdamus.<\/i><\/a><span class=\"Abrufdatum\" id=\"rdp-we-mwB_w\"><span typeof=\"mw:Entity\" id=\"rdp-we-mwB_0\"> <\/span>Abgerufen am 22.<span typeof=\"mw:Entity\" id=\"rdp-we-mwB_4\">\u00a0<\/span>Juli 2019<\/span>.<\/span><span style=\"display: none;\" class=\"Z3988\" title=\"ctx_ver=Z39.88-2004&amp;rft_val_fmt=info%3Aofi%2Ffmt%3Akev%3Amtx%3Adc&amp;rfr_id=info%3Asid%2Fde.wikipedia.org%3AKool+Savas&amp;rft.title=Kool+Savas+%E2%80%93+Essahdamus&amp;rft.description=Kool+Savas+%E2%80%93+Essahdamus&amp;rft.identifier=https%3A%2F%2Fhitparade.ch%2Falbum%2FKool-Savas%2FEssahdamus-316631&amp;rft.creator=Hitparade.ch\" about=\"#mwt124\" id=\"rdp-we-mwB_8\"><span typeof=\"mw:Entity\" id=\"rdp-we-mwCAA\">\u00a0<\/span><\/span><\/span><\/li>\n<li about=\"#cite_note-51\" id=\"cite_note-51\" data-mw-footnote-number=\"51\"><span class=\"mw-cite-backlink\" id=\"rdp-we-mwCAE\"><a href=\"#cite_ref-51\" rel=\"mw:referencedBy\" id=\"rdp-we-mwCAI\"><span class=\"mw-linkback-text\" id=\"rdp-we-mwCAM\">\u2191<\/span><\/a><\/span> <span id=\"rdp-we-mw-reference-text-cite_note-51\" class=\"mw-reference-text reference-text\"><span class=\"cite\" about=\"#mwt126\" typeof=\"mw:Transclusion\" id=\"rdp-we-mwCAQ\" data-mw='{\"parts\":[{\"template\":{\"target\":{\"wt\":\"Internetquelle \",\"href\":\".\/Vorlage:Internetquelle\"},\"params\":{\"autor\":{\"wt\":\"Backspin.de\"},\"url\":{\"wt\":\"https:\/\/www.backspin.de\/kool-savas-geht-2017-auf-essahdamus-tour\/\"},\"titel\":{\"wt\":\"Kool Savas geht 2017 auf \u201eEssahdamus\u201c Tour\"},\"abruf\":{\"wt\":\"2019-07-22\"}},\"i\":0}}]}'>Backspin.de:<span typeof=\"mw:Entity\" id=\"rdp-we-mwCAU\"> <\/span><a rel=\"external_link\" href=\"https:\/\/www.backspin.de\/kool-savas-geht-2017-auf-essahdamus-tour\/\" class=\"external text\" id=\"rdp-we-mwCAY\" target=\"_new\"><i id=\"rdp-we-mwCAc\">Kool Savas geht 2017 auf \u201eEssahdamus\u201c Tour.<\/i><\/a><span class=\"Abrufdatum\" id=\"rdp-we-mwCAg\"><span typeof=\"mw:Entity\" id=\"rdp-we-mwCAk\"> <\/span>Abgerufen am 22.<span typeof=\"mw:Entity\" id=\"rdp-we-mwCAo\">\u00a0<\/span>Juli 2019<\/span>.<\/span><span style=\"display: none;\" class=\"Z3988\" title=\"ctx_ver=Z39.88-2004&amp;rft_val_fmt=info%3Aofi%2Ffmt%3Akev%3Amtx%3Adc&amp;rfr_id=info%3Asid%2Fde.wikipedia.org%3AKool+Savas&amp;rft.title=Kool+Savas+geht+2017+auf+%E2%80%9EEssahdamus%E2%80%9C+Tour&amp;rft.description=Kool+Savas+geht+2017+auf+%E2%80%9EEssahdamus%E2%80%9C+Tour&amp;rft.identifier=https%3A%2F%2Fwww.backspin.de%2Fkool-savas-geht-2017-auf-essahdamus-tour%2F&amp;rft.creator=Backspin.de\" about=\"#mwt126\" id=\"rdp-we-mwCAs\"><span typeof=\"mw:Entity\" id=\"rdp-we-mwCAw\">\u00a0<\/span><\/span><\/span><\/li>\n<li about=\"#cite_note-52\" id=\"cite_note-52\" data-mw-footnote-number=\"52\"><span class=\"mw-cite-backlink\" id=\"rdp-we-mwCA0\"><a href=\"#cite_ref-52\" rel=\"mw:referencedBy\" id=\"rdp-we-mwCA4\"><span class=\"mw-linkback-text\" id=\"rdp-we-mwCA8\">\u2191<\/span><\/a><\/span> <span id=\"rdp-we-mw-reference-text-cite_note-52\" class=\"mw-reference-text reference-text\"><span class=\"cite\" about=\"#mwt128\" typeof=\"mw:Transclusion\" id=\"rdp-we-mwCBA\" data-mw='{\"parts\":[{\"template\":{\"target\":{\"wt\":\"Internetquelle \",\"href\":\".\/Vorlage:Internetquelle\"},\"params\":{\"autor\":{\"wt\":\"Laut.de\"},\"url\":{\"wt\":\"https:\/\/www.laut.de\/News\/Doubletime-Kill-den-Clown!-16-03-2017-13494\/Seite-9\"},\"titel\":{\"wt\":\"Doubletime \u2013 Kill den Clown!\"},\"abruf\":{\"wt\":\"2019-07-22\"}},\"i\":0}}]}'>Laut.de:<span typeof=\"mw:Entity\" id=\"rdp-we-mwCBE\"> <\/span><a rel=\"external_link\" href=\"https:\/\/www.laut.de\/News\/Doubletime-Kill-den-Clown!-16-03-2017-13494\/Seite-9\" class=\"external text\" id=\"rdp-we-mwCBI\" target=\"_new\"><i id=\"rdp-we-mwCBM\">Doubletime \u2013 Kill den Clown!<\/i><\/a><span class=\"Abrufdatum\" id=\"rdp-we-mwCBQ\"><span typeof=\"mw:Entity\" id=\"rdp-we-mwCBU\"> <\/span>Abgerufen am 22.<span typeof=\"mw:Entity\" id=\"rdp-we-mwCBY\">\u00a0<\/span>Juli 2019<\/span>.<\/span><span style=\"display: none;\" class=\"Z3988\" title=\"ctx_ver=Z39.88-2004&amp;rft_val_fmt=info%3Aofi%2Ffmt%3Akev%3Amtx%3Adc&amp;rfr_id=info%3Asid%2Fde.wikipedia.org%3AKool+Savas&amp;rft.title=Doubletime+%E2%80%93+Kill+den+Clown%21&amp;rft.description=Doubletime+%E2%80%93+Kill+den+Clown%21&amp;rft.identifier=https%3A%2F%2Fwww.laut.de%2FNews%2FDoubletime-Kill-den-Clown%21-16-03-2017-13494%2FSeite-9&amp;rft.creator=Laut.de\" about=\"#mwt128\" id=\"rdp-we-mwCBc\"><span typeof=\"mw:Entity\" id=\"rdp-we-mwCBg\">\u00a0<\/span><\/span><\/span><\/li>\n<li about=\"#cite_note-53\" id=\"cite_note-53\" data-mw-footnote-number=\"53\"><span class=\"mw-cite-backlink\" id=\"rdp-we-mwCBk\"><a href=\"#cite_ref-53\" rel=\"mw:referencedBy\" id=\"rdp-we-mwCBo\"><span class=\"mw-linkback-text\" id=\"rdp-we-mwCBs\">\u2191<\/span><\/a><\/span> <span id=\"rdp-we-mw-reference-text-cite_note-53\" class=\"mw-reference-text reference-text\"><span class=\"cite\" about=\"#mwt130\" typeof=\"mw:Transclusion\" id=\"rdp-we-mwCBw\" data-mw='{\"parts\":[{\"template\":{\"target\":{\"wt\":\"Internetquelle \",\"href\":\".\/Vorlage:Internetquelle\"},\"params\":{\"autor\":{\"wt\":\"Rap.de\"},\"url\":{\"wt\":\"https:\/\/rap.de\/news\/104516-kool-savas-verkuendet-takt32-ist-sein-neuer-backup\/\"},\"titel\":{\"wt\":\"Kool Savas: Takt32 ist sein neuer Backup\"},\"abruf\":{\"wt\":\"2019-07-23\"}},\"i\":0}}]}'>Rap.de:<span typeof=\"mw:Entity\" id=\"rdp-we-mwCB0\"> <\/span><a rel=\"external_link\" href=\"https:\/\/rap.de\/news\/104516-kool-savas-verkuendet-takt32-ist-sein-neuer-backup\/\" class=\"external text\" id=\"rdp-we-mwCB4\" target=\"_new\"><i id=\"rdp-we-mwCB8\">Kool Savas: Takt32 ist sein neuer Backup.<\/i><\/a><span class=\"Abrufdatum\" id=\"rdp-we-mwCCA\"><span typeof=\"mw:Entity\" id=\"rdp-we-mwCCE\"> <\/span>Abgerufen am 23.<span typeof=\"mw:Entity\" id=\"rdp-we-mwCCI\">\u00a0<\/span>Juli 2019<\/span>.<\/span><span style=\"display: none;\" class=\"Z3988\" title=\"ctx_ver=Z39.88-2004&amp;rft_val_fmt=info%3Aofi%2Ffmt%3Akev%3Amtx%3Adc&amp;rfr_id=info%3Asid%2Fde.wikipedia.org%3AKool+Savas&amp;rft.title=Kool+Savas%3A+Takt32+ist+sein+neuer+Backup&amp;rft.description=Kool+Savas%3A+Takt32+ist+sein+neuer+Backup&amp;rft.identifier=https%3A%2F%2Frap.de%2Fnews%2F104516-kool-savas-verkuendet-takt32-ist-sein-neuer-backup%2F&amp;rft.creator=Rap.de\" about=\"#mwt130\" id=\"rdp-we-mwCCM\"><span typeof=\"mw:Entity\" id=\"rdp-we-mwCCQ\">\u00a0<\/span><\/span><\/span><\/li>\n<li about=\"#cite_note-54\" id=\"cite_note-54\" data-mw-footnote-number=\"54\"><span class=\"mw-cite-backlink\" id=\"rdp-we-mwCCU\"><a href=\"#cite_ref-54\" rel=\"mw:referencedBy\" id=\"rdp-we-mwCCY\"><span class=\"mw-linkback-text\" id=\"rdp-we-mwCCc\">\u2191<\/span><\/a><\/span> <span id=\"rdp-we-mw-reference-text-cite_note-54\" class=\"mw-reference-text reference-text\"><span class=\"cite\" about=\"#mwt132\" typeof=\"mw:Transclusion\" id=\"rdp-we-mwCCg\" data-mw='{\"parts\":[{\"template\":{\"target\":{\"wt\":\"Internetquelle \",\"href\":\".\/Vorlage:Internetquelle\"},\"params\":{\"autor\":{\"wt\":\"Laut.de\"},\"url\":{\"wt\":\"https:\/\/www.laut.de\/News\/Sido-Masafaka-mit-Kool-Savas-16-11-2016-13127\"},\"titel\":{\"wt\":\"Sido \u2013 \u201eMasafaka\u201c mit Kool Savas\"},\"abruf\":{\"wt\":\"2019-07-22\"}},\"i\":0}}]}'>Laut.de:<span typeof=\"mw:Entity\" id=\"rdp-we-mwCCk\"> <\/span><a rel=\"external_link\" href=\"https:\/\/www.laut.de\/News\/Sido-Masafaka-mit-Kool-Savas-16-11-2016-13127\" class=\"external text\" id=\"rdp-we-mwCCo\" target=\"_new\"><i id=\"rdp-we-mwCCs\">Sido \u2013 \u201eMasafaka\u201c mit Kool Savas.<\/i><\/a><span class=\"Abrufdatum\" id=\"rdp-we-mwCCw\"><span typeof=\"mw:Entity\" id=\"rdp-we-mwCC0\"> <\/span>Abgerufen am 22.<span typeof=\"mw:Entity\" id=\"rdp-we-mwCC4\">\u00a0<\/span>Juli 2019<\/span>.<\/span><span style=\"display: none;\" class=\"Z3988\" title=\"ctx_ver=Z39.88-2004&amp;rft_val_fmt=info%3Aofi%2Ffmt%3Akev%3Amtx%3Adc&amp;rfr_id=info%3Asid%2Fde.wikipedia.org%3AKool+Savas&amp;rft.title=Sido+%E2%80%93+%E2%80%9EMasafaka%E2%80%9C+mit+Kool+Savas&amp;rft.description=Sido+%E2%80%93+%E2%80%9EMasafaka%E2%80%9C+mit+Kool+Savas&amp;rft.identifier=https%3A%2F%2Fwww.laut.de%2FNews%2FSido-Masafaka-mit-Kool-Savas-16-11-2016-13127&amp;rft.creator=Laut.de\" about=\"#mwt132\" id=\"rdp-we-mwCC8\"><span typeof=\"mw:Entity\" id=\"rdp-we-mwCDA\">\u00a0<\/span><\/span><\/span><\/li>\n<li about=\"#cite_note-55\" id=\"cite_note-55\" data-mw-footnote-number=\"55\"><span class=\"mw-cite-backlink\" id=\"rdp-we-mwCDE\"><a href=\"#cite_ref-55\" rel=\"mw:referencedBy\" id=\"rdp-we-mwCDI\"><span class=\"mw-linkback-text\" id=\"rdp-we-mwCDM\">\u2191<\/span><\/a><\/span> <span id=\"rdp-we-mw-reference-text-cite_note-55\" class=\"mw-reference-text reference-text\"><span class=\"cite\" about=\"#mwt134\" typeof=\"mw:Transclusion\" id=\"rdp-we-mwCDQ\" data-mw='{\"parts\":[{\"template\":{\"target\":{\"wt\":\"Internetquelle \",\"href\":\".\/Vorlage:Internetquelle\"},\"params\":{\"autor\":{\"wt\":\"Laut.de\"},\"url\":{\"wt\":\"https:\/\/www.laut.de\/News\/Savas-Sido-Kollabo-Album-erscheint-im-September-11-07-2017-13779\"},\"titel\":{\"wt\":\"Savas &amp; Sido \u2013 Kollabo-Album erscheint im September\"},\"abruf\":{\"wt\":\"2019-07-22\"}},\"i\":0}}]}'>Laut.de:<span typeof=\"mw:Entity\" id=\"rdp-we-mwCDU\"> <\/span><a rel=\"external_link\" href=\"https:\/\/www.laut.de\/News\/Savas-Sido-Kollabo-Album-erscheint-im-September-11-07-2017-13779\" class=\"external text\" id=\"rdp-we-mwCDY\" target=\"_new\"><i id=\"rdp-we-mwCDc\">Savas &amp; Sido \u2013 Kollabo-Album erscheint im September.<\/i><\/a><span class=\"Abrufdatum\" id=\"rdp-we-mwCDg\"><span typeof=\"mw:Entity\" id=\"rdp-we-mwCDk\"> <\/span>Abgerufen am 22.<span typeof=\"mw:Entity\" id=\"rdp-we-mwCDo\">\u00a0<\/span>Juli 2019<\/span>.<\/span><span style=\"display: none;\" class=\"Z3988\" title=\"ctx_ver=Z39.88-2004&amp;rft_val_fmt=info%3Aofi%2Ffmt%3Akev%3Amtx%3Adc&amp;rfr_id=info%3Asid%2Fde.wikipedia.org%3AKool+Savas&amp;rft.title=Savas+%26+Sido+%E2%80%93+Kollabo-Album+erscheint+im+September&amp;rft.description=Savas+%26+Sido+%E2%80%93+Kollabo-Album+erscheint+im+September&amp;rft.identifier=https%3A%2F%2Fwww.laut.de%2FNews%2FSavas-Sido-Kollabo-Album-erscheint-im-September-11-07-2017-13779&amp;rft.creator=Laut.de\" about=\"#mwt134\" id=\"rdp-we-mwCDs\"><span typeof=\"mw:Entity\" id=\"rdp-we-mwCDw\">\u00a0<\/span><\/span><\/span><\/li>\n<li about=\"#cite_note-56\" id=\"cite_note-56\" data-mw-footnote-number=\"56\"><span class=\"mw-cite-backlink\" id=\"rdp-we-mwCD0\"><a href=\"#cite_ref-56\" rel=\"mw:referencedBy\" id=\"rdp-we-mwCD4\"><span class=\"mw-linkback-text\" id=\"rdp-we-mwCD8\">\u2191<\/span><\/a><\/span> <span id=\"rdp-we-mw-reference-text-cite_note-56\" class=\"mw-reference-text reference-text\"><span class=\"cite\" about=\"#mwt136\" typeof=\"mw:Transclusion\" id=\"rdp-we-mwCEA\" data-mw='{\"parts\":[{\"template\":{\"target\":{\"wt\":\"Internetquelle \",\"href\":\".\/Vorlage:Internetquelle\"},\"params\":{\"autor\":{\"wt\":\"Laut.de\"},\"url\":{\"wt\":\"https:\/\/www.laut.de\/News\/Doubletime-Strassenbande-schlaegt-Sheeran-27-07-2017-13826\/Seite-9\"},\"titel\":{\"wt\":\"Doubletime \u2013 Strassenbande schl\u00e4gt Sheeran\"},\"abruf\":{\"wt\":\"2019-07-22\"}},\"i\":0}}]}'>Laut.de:<span typeof=\"mw:Entity\" id=\"rdp-we-mwCEE\"> <\/span><a rel=\"external_link\" href=\"https:\/\/www.laut.de\/News\/Doubletime-Strassenbande-schlaegt-Sheeran-27-07-2017-13826\/Seite-9\" class=\"external text\" id=\"rdp-we-mwCEI\" target=\"_new\"><i id=\"rdp-we-mwCEM\">Doubletime \u2013 Strassenbande schl\u00e4gt Sheeran.<\/i><\/a><span class=\"Abrufdatum\" id=\"rdp-we-mwCEQ\"><span typeof=\"mw:Entity\" id=\"rdp-we-mwCEU\"> <\/span>Abgerufen am 22.<span typeof=\"mw:Entity\" id=\"rdp-we-mwCEY\">\u00a0<\/span>Juli 2019<\/span>.<\/span><span style=\"display: none;\" class=\"Z3988\" title=\"ctx_ver=Z39.88-2004&amp;rft_val_fmt=info%3Aofi%2Ffmt%3Akev%3Amtx%3Adc&amp;rfr_id=info%3Asid%2Fde.wikipedia.org%3AKool+Savas&amp;rft.title=Doubletime+%E2%80%93+Strassenbande+schl%C3%A4gt+Sheeran&amp;rft.description=Doubletime+%E2%80%93+Strassenbande+schl%C3%A4gt+Sheeran&amp;rft.identifier=https%3A%2F%2Fwww.laut.de%2FNews%2FDoubletime-Strassenbande-schlaegt-Sheeran-27-07-2017-13826%2FSeite-9&amp;rft.creator=Laut.de\" about=\"#mwt136\" id=\"rdp-we-mwCEc\"><span typeof=\"mw:Entity\" id=\"rdp-we-mwCEg\">\u00a0<\/span><\/span><\/span><\/li>\n<li about=\"#cite_note-57\" id=\"cite_note-57\" data-mw-footnote-number=\"57\"><span class=\"mw-cite-backlink\" id=\"rdp-we-mwCEk\"><a href=\"#cite_ref-57\" rel=\"mw:referencedBy\" id=\"rdp-we-mwCEo\"><span class=\"mw-linkback-text\" id=\"rdp-we-mwCEs\">\u2191<\/span><\/a><\/span> <span id=\"rdp-we-mw-reference-text-cite_note-57\" class=\"mw-reference-text reference-text\"><span class=\"cite\" about=\"#mwt138\" typeof=\"mw:Transclusion\" id=\"rdp-we-mwCEw\" data-mw='{\"parts\":[{\"template\":{\"target\":{\"wt\":\"Internetquelle \",\"href\":\".\/Vorlage:Internetquelle\"},\"params\":{\"autor\":{\"wt\":\"Laut.de\"},\"url\":{\"wt\":\"https:\/\/www.laut.de\/News\/Savas-Sido-Normale-Leute-mit-Marteria-28-08-2017-13921\"},\"titel\":{\"wt\":\"Savas &amp; Sido \u2013 \u201eNormale Leute\u201c mit Marteria\"},\"abruf\":{\"wt\":\"2019-07-22\"}},\"i\":0}}]}'>Laut.de:<span typeof=\"mw:Entity\" id=\"rdp-we-mwCE0\"> <\/span><a rel=\"external_link\" href=\"https:\/\/www.laut.de\/News\/Savas-Sido-Normale-Leute-mit-Marteria-28-08-2017-13921\" class=\"external text\" id=\"rdp-we-mwCE4\" target=\"_new\"><i id=\"rdp-we-mwCE8\">Savas &amp; Sido \u2013 \u201eNormale Leute\u201c mit Marteria.<\/i><\/a><span class=\"Abrufdatum\" id=\"rdp-we-mwCFA\"><span typeof=\"mw:Entity\" id=\"rdp-we-mwCFE\"> <\/span>Abgerufen am 22.<span typeof=\"mw:Entity\" id=\"rdp-we-mwCFI\">\u00a0<\/span>Juli 2019<\/span>.<\/span><span style=\"display: none;\" class=\"Z3988\" title=\"ctx_ver=Z39.88-2004&amp;rft_val_fmt=info%3Aofi%2Ffmt%3Akev%3Amtx%3Adc&amp;rfr_id=info%3Asid%2Fde.wikipedia.org%3AKool+Savas&amp;rft.title=Savas+%26+Sido+%E2%80%93+%E2%80%9ENormale+Leute%E2%80%9C+mit+Marteria&amp;rft.description=Savas+%26+Sido+%E2%80%93+%E2%80%9ENormale+Leute%E2%80%9C+mit+Marteria&amp;rft.identifier=https%3A%2F%2Fwww.laut.de%2FNews%2FSavas-Sido-Normale-Leute-mit-Marteria-28-08-2017-13921&amp;rft.creator=Laut.de\" about=\"#mwt138\" id=\"rdp-we-mwCFM\"><span typeof=\"mw:Entity\" id=\"rdp-we-mwCFQ\">\u00a0<\/span><\/span><\/span><\/li>\n<li about=\"#cite_note-58\" id=\"cite_note-58\" data-mw-footnote-number=\"58\"><span class=\"mw-cite-backlink\" id=\"rdp-we-mwCFU\"><a href=\"#cite_ref-58\" rel=\"mw:referencedBy\" id=\"rdp-we-mwCFY\"><span class=\"mw-linkback-text\" id=\"rdp-we-mwCFc\">\u2191<\/span><\/a><\/span> <span id=\"rdp-we-mw-reference-text-cite_note-58\" class=\"mw-reference-text reference-text\"><span class=\"cite\" about=\"#mwt140\" typeof=\"mw:Transclusion\" id=\"rdp-we-mwCFg\" data-mw='{\"parts\":[{\"template\":{\"target\":{\"wt\":\"Internetquelle \",\"href\":\".\/Vorlage:Internetquelle\"},\"params\":{\"autor\":{\"wt\":\"Laut.de\"},\"url\":{\"wt\":\"https:\/\/www.laut.de\/Kool-Savas-Sido\/Alben\/Royal-Bunker-107714\"},\"titel\":{\"wt\":\"Die Essenz zweier Wegbereiter der deutschen Rap-Geschichte.\"},\"abruf\":{\"wt\":\"2019-07-22\"}},\"i\":0}}]}'>Laut.de:<span typeof=\"mw:Entity\" id=\"rdp-we-mwCFk\"> <\/span><a rel=\"external_link\" href=\"https:\/\/www.laut.de\/Kool-Savas-Sido\/Alben\/Royal-Bunker-107714\" class=\"external text\" id=\"rdp-we-mwCFo\" target=\"_new\"><i id=\"rdp-we-mwCFs\">Die Essenz zweier Wegbereiter der deutschen Rap-Geschichte.<\/i><\/a><span class=\"Abrufdatum\" id=\"rdp-we-mwCFw\"><span typeof=\"mw:Entity\" id=\"rdp-we-mwCF0\"> <\/span>Abgerufen am 22.<span typeof=\"mw:Entity\" id=\"rdp-we-mwCF4\">\u00a0<\/span>Juli 2019<\/span>.<\/span><span style=\"display: none;\" class=\"Z3988\" title=\"ctx_ver=Z39.88-2004&amp;rft_val_fmt=info%3Aofi%2Ffmt%3Akev%3Amtx%3Adc&amp;rfr_id=info%3Asid%2Fde.wikipedia.org%3AKool+Savas&amp;rft.title=Die+Essenz+zweier+Wegbereiter+der+deutschen+Rap-Geschichte.&amp;rft.description=Die+Essenz+zweier+Wegbereiter+der+deutschen+Rap-Geschichte.&amp;rft.identifier=https%3A%2F%2Fwww.laut.de%2FKool-Savas-Sido%2FAlben%2FRoyal-Bunker-107714&amp;rft.creator=Laut.de\" about=\"#mwt140\" id=\"rdp-we-mwCF8\"><span typeof=\"mw:Entity\" id=\"rdp-we-mwCGA\">\u00a0<\/span><\/span><\/span><\/li>\n<li about=\"#cite_note-59\" id=\"cite_note-59\" data-mw-footnote-number=\"59\"><span class=\"mw-cite-backlink\" id=\"rdp-we-mwCGE\"><a href=\"#cite_ref-59\" rel=\"mw:referencedBy\" id=\"rdp-we-mwCGI\"><span class=\"mw-linkback-text\" id=\"rdp-we-mwCGM\">\u2191<\/span><\/a><\/span> <span id=\"rdp-we-mw-reference-text-cite_note-59\" class=\"mw-reference-text reference-text\"><span class=\"cite\" about=\"#mwt142\" typeof=\"mw:Transclusion\" id=\"rdp-we-mwCGQ\" data-mw='{\"parts\":[{\"template\":{\"target\":{\"wt\":\"Internetquelle \",\"href\":\".\/Vorlage:Internetquelle\"},\"params\":{\"autor\":{\"wt\":\"Hitparade.ch\"},\"url\":{\"wt\":\"https:\/\/hitparade.ch\/album\/Savas-&amp;-Sido\/Royal-Bunker-341037\"},\"titel\":{\"wt\":\"Savas &amp; Sido \u2013 Royal Bunker\"},\"abruf\":{\"wt\":\"2019-07-23\"}},\"i\":0}}]}'>Hitparade.ch:<span typeof=\"mw:Entity\" id=\"rdp-we-mwCGU\"> <\/span><a rel=\"external_link\" href=\"https:\/\/hitparade.ch\/album\/Savas-&-Sido\/Royal-Bunker-341037\" class=\"external text\" id=\"rdp-we-mwCGY\" target=\"_new\"><i id=\"rdp-we-mwCGc\">Savas &amp; Sido \u2013 Royal Bunker.<\/i><\/a><span class=\"Abrufdatum\" id=\"rdp-we-mwCGg\"><span typeof=\"mw:Entity\" id=\"rdp-we-mwCGk\"> <\/span>Abgerufen am 23.<span typeof=\"mw:Entity\" id=\"rdp-we-mwCGo\">\u00a0<\/span>Juli 2019<\/span>.<\/span><span style=\"display: none;\" class=\"Z3988\" title=\"ctx_ver=Z39.88-2004&amp;rft_val_fmt=info%3Aofi%2Ffmt%3Akev%3Amtx%3Adc&amp;rfr_id=info%3Asid%2Fde.wikipedia.org%3AKool+Savas&amp;rft.title=Savas+%26+Sido+%E2%80%93+Royal+Bunker&amp;rft.description=Savas+%26+Sido+%E2%80%93+Royal+Bunker&amp;rft.identifier=https%3A%2F%2Fhitparade.ch%2Falbum%2FSavas-%26-Sido%2FRoyal-Bunker-341037&amp;rft.creator=Hitparade.ch\" about=\"#mwt142\" id=\"rdp-we-mwCGs\"><span typeof=\"mw:Entity\" id=\"rdp-we-mwCGw\">\u00a0<\/span><\/span><\/span><\/li>\n<li about=\"#cite_note-60\" id=\"cite_note-60\" data-mw-footnote-number=\"60\"><span class=\"mw-cite-backlink\" id=\"rdp-we-mwCG0\"><a href=\"#cite_ref-60\" rel=\"mw:referencedBy\" id=\"rdp-we-mwCG4\"><span class=\"mw-linkback-text\" id=\"rdp-we-mwCG8\">\u2191<\/span><\/a><\/span> <span id=\"rdp-we-mw-reference-text-cite_note-60\" class=\"mw-reference-text reference-text\"><span class=\"cite\" about=\"#mwt144\" typeof=\"mw:Transclusion\" id=\"rdp-we-mwCHA\" data-mw='{\"parts\":[{\"template\":{\"target\":{\"wt\":\"Internetquelle \",\"href\":\".\/Vorlage:Internetquelle\"},\"params\":{\"autor\":{\"wt\":\"Laut.de\"},\"url\":{\"wt\":\"https:\/\/www.laut.de\/News\/Sido-Savas-Neues-Video-Jedes-Wort-Ist-Gold-Wert-20-12-2017-14255\"},\"titel\":{\"wt\":\"Savas &amp; Sido \u2013 Neues Video \u201eJedes Wort Ist Gold Wert\u201c\"},\"abruf\":{\"wt\":\"2019-07-22\"}},\"i\":0}}]}'>Laut.de:<span typeof=\"mw:Entity\" id=\"rdp-we-mwCHE\"> <\/span><a rel=\"external_link\" href=\"https:\/\/www.laut.de\/News\/Sido-Savas-Neues-Video-Jedes-Wort-Ist-Gold-Wert-20-12-2017-14255\" class=\"external text\" id=\"rdp-we-mwCHI\" target=\"_new\"><i id=\"rdp-we-mwCHM\">Savas &amp; Sido \u2013 Neues Video \u201eJedes Wort Ist Gold Wert\u201c.<\/i><\/a><span class=\"Abrufdatum\" id=\"rdp-we-mwCHQ\"><span typeof=\"mw:Entity\" id=\"rdp-we-mwCHU\"> <\/span>Abgerufen am 22.<span typeof=\"mw:Entity\" id=\"rdp-we-mwCHY\">\u00a0<\/span>Juli 2019<\/span>.<\/span><span style=\"display: none;\" class=\"Z3988\" title=\"ctx_ver=Z39.88-2004&amp;rft_val_fmt=info%3Aofi%2Ffmt%3Akev%3Amtx%3Adc&amp;rfr_id=info%3Asid%2Fde.wikipedia.org%3AKool+Savas&amp;rft.title=Savas+%26+Sido+%E2%80%93+Neues+Video+%E2%80%9EJedes+Wort+Ist+Gold+Wert%E2%80%9C&amp;rft.description=Savas+%26+Sido+%E2%80%93+Neues+Video+%E2%80%9EJedes+Wort+Ist+Gold+Wert%E2%80%9C&amp;rft.identifier=https%3A%2F%2Fwww.laut.de%2FNews%2FSido-Savas-Neues-Video-Jedes-Wort-Ist-Gold-Wert-20-12-2017-14255&amp;rft.creator=Laut.de\" about=\"#mwt144\" id=\"rdp-we-mwCHc\"><span typeof=\"mw:Entity\" id=\"rdp-we-mwCHg\">\u00a0<\/span><\/span><\/span><\/li>\n<li about=\"#cite_note-61\" id=\"cite_note-61\" data-mw-footnote-number=\"61\"><span class=\"mw-cite-backlink\" id=\"rdp-we-mwCHk\"><a href=\"#cite_ref-61\" rel=\"mw:referencedBy\" id=\"rdp-we-mwCHo\"><span class=\"mw-linkback-text\" id=\"rdp-we-mwCHs\">\u2191<\/span><\/a><\/span> <span id=\"rdp-we-mw-reference-text-cite_note-61\" class=\"mw-reference-text reference-text\"><span class=\"cite\" about=\"#mwt146\" typeof=\"mw:Transclusion\" id=\"rdp-we-mwCHw\" data-mw='{\"parts\":[{\"template\":{\"target\":{\"wt\":\"Internetquelle \",\"href\":\".\/Vorlage:Internetquelle\"},\"params\":{\"autor\":{\"wt\":\"Laut.de\"},\"url\":{\"wt\":\"https:\/\/www.laut.de\/News\/Doubletime-Kollegah-demontiert-sich-selbst-05-04-2018-14572\/Seite-8\"},\"titel\":{\"wt\":\"Doubletime \u2013 Kollegah demontiert sich selbst\"},\"abruf\":{\"wt\":\"2019-07-22\"}},\"i\":0}}]}'>Laut.de:<span typeof=\"mw:Entity\" id=\"rdp-we-mwCH0\"> <\/span><a rel=\"external_link\" href=\"https:\/\/www.laut.de\/News\/Doubletime-Kollegah-demontiert-sich-selbst-05-04-2018-14572\/Seite-8\" class=\"external text\" id=\"rdp-we-mwCH4\" target=\"_new\"><i id=\"rdp-we-mwCH8\">Doubletime \u2013 Kollegah demontiert sich selbst.<\/i><\/a><span class=\"Abrufdatum\" id=\"rdp-we-mwCIA\"><span typeof=\"mw:Entity\" id=\"rdp-we-mwCIE\"> <\/span>Abgerufen am 22.<span typeof=\"mw:Entity\" id=\"rdp-we-mwCII\">\u00a0<\/span>Juli 2019<\/span>.<\/span><span style=\"display: none;\" class=\"Z3988\" title=\"ctx_ver=Z39.88-2004&amp;rft_val_fmt=info%3Aofi%2Ffmt%3Akev%3Amtx%3Adc&amp;rfr_id=info%3Asid%2Fde.wikipedia.org%3AKool+Savas&amp;rft.title=Doubletime+%E2%80%93+Kollegah+demontiert+sich+selbst&amp;rft.description=Doubletime+%E2%80%93+Kollegah+demontiert+sich+selbst&amp;rft.identifier=https%3A%2F%2Fwww.laut.de%2FNews%2FDoubletime-Kollegah-demontiert-sich-selbst-05-04-2018-14572%2FSeite-8&amp;rft.creator=Laut.de\" about=\"#mwt146\" id=\"rdp-we-mwCIM\"><span typeof=\"mw:Entity\" id=\"rdp-we-mwCIQ\">\u00a0<\/span><\/span><\/span><\/li>\n<li about=\"#cite_note-62\" id=\"cite_note-62\" data-mw-footnote-number=\"62\"><span class=\"mw-cite-backlink\" id=\"rdp-we-mwCIU\"><a href=\"#cite_ref-62\" rel=\"mw:referencedBy\" id=\"rdp-we-mwCIY\"><span class=\"mw-linkback-text\" id=\"rdp-we-mwCIc\">\u2191<\/span><\/a><\/span> <span id=\"rdp-we-mw-reference-text-cite_note-62\" class=\"mw-reference-text reference-text\"><span class=\"cite\" about=\"#mwt148\" typeof=\"mw:Transclusion\" id=\"rdp-we-mwCIg\" data-mw='{\"parts\":[{\"template\":{\"target\":{\"wt\":\"Internetquelle \",\"href\":\".\/Vorlage:Internetquelle\"},\"params\":{\"autor\":{\"wt\":\"Universal-music.de\"},\"url\":{\"wt\":\"https:\/\/www.universal-music.de\/sido\/news\/sido-savas-geben-royal-bunker-tour-2018-termine-bekannt-244312\"},\"titel\":{\"wt\":\"Sido &amp; Savas geben \u201eRoyal Bunker Tour 2018\u201c-Termine bekannt\"},\"abruf\":{\"wt\":\"2019-07-22\"}},\"i\":0}}]}'>Universal-music.de:<span typeof=\"mw:Entity\" id=\"rdp-we-mwCIk\"> <\/span><a rel=\"external_link\" href=\"https:\/\/www.universal-music.de\/sido\/news\/sido-savas-geben-royal-bunker-tour-2018-termine-bekannt-244312\" class=\"external text\" id=\"rdp-we-mwCIo\" target=\"_new\"><i id=\"rdp-we-mwCIs\">Sido &amp; Savas geben \u201eRoyal Bunker Tour 2018\u201c-Termine bekannt.<\/i><\/a><span class=\"Abrufdatum\" id=\"rdp-we-mwCIw\"><span typeof=\"mw:Entity\" id=\"rdp-we-mwCI0\"> <\/span>Abgerufen am 22.<span typeof=\"mw:Entity\" id=\"rdp-we-mwCI4\">\u00a0<\/span>Juli 2019<\/span>.<\/span><span style=\"display: none;\" class=\"Z3988\" title=\"ctx_ver=Z39.88-2004&amp;rft_val_fmt=info%3Aofi%2Ffmt%3Akev%3Amtx%3Adc&amp;rfr_id=info%3Asid%2Fde.wikipedia.org%3AKool+Savas&amp;rft.title=Sido+%26+Savas+geben+%E2%80%9ERoyal+Bunker+Tour+2018%E2%80%9C-Termine+bekannt&amp;rft.description=Sido+%26+Savas+geben+%E2%80%9ERoyal+Bunker+Tour+2018%E2%80%9C-Termine+bekannt&amp;rft.identifier=https%3A%2F%2Fwww.universal-music.de%2Fsido%2Fnews%2Fsido-savas-geben-royal-bunker-tour-2018-termine-bekannt-244312&amp;rft.creator=Universal-music.de\" about=\"#mwt148\" id=\"rdp-we-mwCI8\"><span typeof=\"mw:Entity\" id=\"rdp-we-mwCJA\">\u00a0<\/span><\/span><\/span><\/li>\n<li about=\"#cite_note-63\" id=\"cite_note-63\" data-mw-footnote-number=\"63\"><span class=\"mw-cite-backlink\" id=\"rdp-we-mwCJE\"><a href=\"#cite_ref-63\" rel=\"mw:referencedBy\" id=\"rdp-we-mwCJI\"><span class=\"mw-linkback-text\" id=\"rdp-we-mwCJM\">\u2191<\/span><\/a><\/span> <span id=\"rdp-we-mw-reference-text-cite_note-63\" class=\"mw-reference-text reference-text\"><span class=\"cite\" about=\"#mwt150\" typeof=\"mw:Transclusion\" id=\"rdp-we-mwCJQ\" data-mw='{\"parts\":[{\"template\":{\"target\":{\"wt\":\"Internetquelle \",\"href\":\".\/Vorlage:Internetquelle\"},\"params\":{\"autor\":{\"wt\":\"Laut.de\"},\"url\":{\"wt\":\"https:\/\/www.laut.de\/News\/Sido-Savas-Hodln-mit-vielen-Features-20-04-2018-14632\"},\"titel\":{\"wt\":\"Savas &amp; Sido \u2013 \u201eHodln\u201c mit vielen Features\"},\"abruf\":{\"wt\":\"2019-07-22\"}},\"i\":0}}]}'>Laut.de:<span typeof=\"mw:Entity\" id=\"rdp-we-mwCJU\"> <\/span><a rel=\"external_link\" href=\"https:\/\/www.laut.de\/News\/Sido-Savas-Hodln-mit-vielen-Features-20-04-2018-14632\" class=\"external text\" id=\"rdp-we-mwCJY\" target=\"_new\"><i id=\"rdp-we-mwCJc\">Savas &amp; Sido \u2013 \u201eHodln\u201c mit vielen Features.<\/i><\/a><span class=\"Abrufdatum\" id=\"rdp-we-mwCJg\"><span typeof=\"mw:Entity\" id=\"rdp-we-mwCJk\"> <\/span>Abgerufen am 22.<span typeof=\"mw:Entity\" id=\"rdp-we-mwCJo\">\u00a0<\/span>Juli 2019<\/span>.<\/span><span style=\"display: none;\" class=\"Z3988\" title=\"ctx_ver=Z39.88-2004&amp;rft_val_fmt=info%3Aofi%2Ffmt%3Akev%3Amtx%3Adc&amp;rfr_id=info%3Asid%2Fde.wikipedia.org%3AKool+Savas&amp;rft.title=Savas+%26+Sido+%E2%80%93+%E2%80%9EHodln%E2%80%9C+mit+vielen+Features&amp;rft.description=Savas+%26+Sido+%E2%80%93+%E2%80%9EHodln%E2%80%9C+mit+vielen+Features&amp;rft.identifier=https%3A%2F%2Fwww.laut.de%2FNews%2FSido-Savas-Hodln-mit-vielen-Features-20-04-2018-14632&amp;rft.creator=Laut.de\" about=\"#mwt150\" id=\"rdp-we-mwCJs\"><span typeof=\"mw:Entity\" id=\"rdp-we-mwCJw\">\u00a0<\/span><\/span><\/span><\/li>\n<li about=\"#cite_note-64\" id=\"cite_note-64\" data-mw-footnote-number=\"64\"><span class=\"mw-cite-backlink\" id=\"rdp-we-mwCJ0\"><a href=\"#cite_ref-64\" rel=\"mw:referencedBy\" id=\"rdp-we-mwCJ4\"><span class=\"mw-linkback-text\" id=\"rdp-we-mwCJ8\">\u2191<\/span><\/a><\/span> <span id=\"rdp-we-mw-reference-text-cite_note-64\" class=\"mw-reference-text reference-text\"><span class=\"cite\" about=\"#mwt152\" typeof=\"mw:Transclusion\" id=\"rdp-we-mwCKA\" data-mw='{\"parts\":[{\"template\":{\"target\":{\"wt\":\"Internetquelle \",\"href\":\".\/Vorlage:Internetquelle\"},\"params\":{\"autor\":{\"wt\":\"Tonspion.de\"},\"url\":{\"wt\":\"https:\/\/www.tonspion.de\/news\/savas-sido-tour-2018-tourdaten-und-tickets\"},\"titel\":{\"wt\":\"Savas &amp; Sido Tour 2018: Tourdaten und Tickets\"},\"abruf\":{\"wt\":\"2019-07-23\"},\"archiv-datum\":{\"wt\":\"2019-07-23\"},\"archiv-url\":{\"wt\":\"https:\/\/web.archive.org\/web\/20190723135821\/https:\/\/www.tonspion.de\/news\/savas-sido-tour-2018-tourdaten-und-tickets\"},\"offline\":{\"wt\":\"ja\"},\"archiv-bot\":{\"wt\":\"2026-01-18 03:13:14 InternetArchiveBot\"}},\"i\":0}}]}'>Tonspion.de:<span typeof=\"mw:Entity\" id=\"rdp-we-mwCKE\"> <\/span><a rel=\"external_link\" href=\"https:\/\/web.archive.org\/web\/20190723135821\/https:\/\/www.tonspion.de\/news\/savas-sido-tour-2018-tourdaten-und-tickets\" class=\"external text\" id=\"rdp-we-mwCKI\" target=\"_new\"><i id=\"rdp-we-mwCKM\">Savas &amp; Sido Tour 2018: Tourdaten und Tickets.<\/i><\/a><span typeof=\"mw:Entity\" id=\"rdp-we-mwCKQ\"> <\/span>Archiviert<span typeof=\"mw:Entity\" id=\"rdp-we-mwCKU\"> <\/span>vom<span typeof=\"mw:Entity\" id=\"rdp-we-mwCKY\"> <\/span><link rel=\"mw-deduplicated-inline-style\" href=\"mw-data:TemplateStyles:r250917974\" about=\"#mwt153\" typeof=\"mw:Extension\/templatestyles\" id=\"rdp-we-mwCKc\" data-mw='{\"name\":\"templatestyles\",\"attrs\":{\"src\":\"Vorlage:IconExternal\/styles.css\"}}'\/><span class=\"dewiki-iconexternal\" id=\"rdp-we-mwCKg\"><a rel=\"external_link\" href=\"https:\/\/redirecter.toolforge.org\/?url=https%3A%2F%2Fwww.tonspion.de%2Fnews%2Fsavas-sido-tour-2018-tourdaten-und-tickets\" class=\"external text\" id=\"rdp-we-mwCKk\" target=\"_new\">Original<\/a><\/span><span typeof=\"mw:Entity\" id=\"rdp-we-mwCKo\"> <\/span>(nicht mehr online verf\u00fcgbar)<span typeof=\"mw:Entity\" id=\"rdp-we-mwCKs\"> <\/span>am<span typeof=\"mw:Entity\" id=\"rdp-we-mwCKw\"> <\/span><span style=\"white-space:nowrap;\" id=\"rdp-we-mwCK0\">23.<span typeof=\"mw:Entity\" id=\"rdp-we-mwCK4\">\u00a0<\/span>Juli 2019<\/span><span id=\"rdp-we-mwCK8\">;<\/span><span class=\"Abrufdatum\" id=\"rdp-we-mwCLA\"><span typeof=\"mw:Entity\" id=\"rdp-we-mwCLE\"> <\/span>abgerufen am 23.<span typeof=\"mw:Entity\" id=\"rdp-we-mwCLI\">\u00a0<\/span>Juli 2019<\/span>.<\/span><span typeof=\"mw:Entity\" about=\"#mwt152\" id=\"rdp-we-mwCLM\"> <\/span><small class=\"archiv-bot\" about=\"#mwt152\" id=\"rdp-we-mwCLQ\"><span class=\"wp_boppel noviewer\" aria-hidden=\"true\" role=\"presentation\" id=\"rdp-we-mwCLU\"><span typeof=\"mw:File\" id=\"rdp-we-mwCLY\" data-mw='{\"caption\":\"i\"}'><span title=\"i\" id=\"rdp-we-mwCLc\"><img resource=\"https:\/\/de.wikipedia.org\/wiki\/Datei:Pictogram_voting_info.svg\" src=\"https:\/\/thumb.wikimedia.org\/wikipedia\/commons\/thumb\/4\/4a\/Pictogram_voting_info.svg\/20px-Pictogram_voting_info.svg.png?utm_source=de.wikipedia.org&amp;utm_campaign=parser&amp;utm_content=thumbnail\" decoding=\"async\" loading=\"lazy\" alt=\"\" data-file-type=\"drawing\" height=\"15\" width=\"15\" class=\"mw-file-element\" id=\"rdp-we-mwCLg\"\/><\/span><\/span><\/span><span typeof=\"mw:Entity\" id=\"rdp-we-mwCLk\">\u00a0<\/span><b id=\"rdp-we-mwCLo\">Info:<\/b> Der Archivlink wurde automatisch eingesetzt und noch nicht gepr\u00fcft. Bitte pr\u00fcfe Original- und Archivlink gem\u00e4\u00df <a rel=\"mw:WikiLink\" href=\"https:\/\/de.wikipedia.org\/wiki\/Benutzer:InternetArchiveBot\/Anleitung\/Archivlink\" title=\"Benutzer:InternetArchiveBot\/Anleitung\/Archivlink\" id=\"rdp-we-mwCLs\" target=\"_new\" class=\"wiki-link\">Anleitung<\/a> und entferne dann diesen Hinweis.<\/small><span style=\"display:none\" about=\"#mwt152\" id=\"rdp-we-mwCLw\"><a rel=\"external_link\" href=\"http:\/\/IABotmemento.invalid\/https:\/\/www.tonspion.de\/news\/savas-sido-tour-2018-tourdaten-und-tickets\" class=\"external text\" id=\"rdp-we-mwCL0\" target=\"_new\">@1<\/a><\/span><span style=\"display:none\" about=\"#mwt152\" id=\"rdp-we-mwCL4\"><a rel=\"external_link\" href=\"https:\/\/www.tonspion.de\/news\/savas-sido-tour-2018-tourdaten-und-tickets\" class=\"external text\" id=\"rdp-we-mwCL8\" target=\"_new\">@2<\/a><\/span><span style=\"display:none\" about=\"#mwt152\" id=\"rdp-we-mwCMA\"><a rel=\"mw:WikiLink\" href=\"https:\/\/de.wikipedia.org\/wiki\/Vorlage:Webachiv\/IABot\/www.tonspion.de?action=edit&redlink=1\" title=\"Vorlage:Webachiv\/IABot\/www.tonspion.de (Seite nicht vorhanden)\" class=\"new wiki-link\" typeof=\"mw:LocalizedAttrs\" id=\"rdp-we-mwCME\" data-mw-i18n='{\"title\":{\"lang\":\"x-page\",\"key\":\"red-link-title\",\"params\":[\"Vorlage:Webachiv\/IABot\/www.tonspion.de\"]}}' target=\"_new\">Vorlage:Webachiv\/IABot\/www.tonspion.de<\/a><\/span><link rel=\"mw:PageProp\/Category\" href=\".\/Kategorie:Wikipedia:Defekte_Weblinks\/Ungepr\u00fcfte_Archivlinks_2026-01\" about=\"#mwt152\" id=\"rdp-we-mwCMI\"\/><span style=\"display: none;\" class=\"Z3988\" title=\"ctx_ver=Z39.88-2004&amp;rft_val_fmt=info%3Aofi%2Ffmt%3Akev%3Amtx%3Adc&amp;rfr_id=info%3Asid%2Fde.wikipedia.org%3AKool+Savas&amp;rft.title=Savas+%26+Sido+Tour+2018%3A+Tourdaten+und+Tickets&amp;rft.description=Savas+%26+Sido+Tour+2018%3A+Tourdaten+und+Tickets&amp;rft.identifier=https%3A%2F%2Fweb.archive.org%2Fweb%2F20190723135821%2Fhttps%3A%2F%2Fwww.tonspion.de%2Fnews%2Fsavas-sido-tour-2018-tourdaten-und-tickets&amp;rft.creator=Tonspion.de&amp;rft.source=https:\/\/www.tonspion.de\/news\/savas-sido-tour-2018-tourdaten-und-tickets\" about=\"#mwt152\" id=\"rdp-we-mwCMM\"><span typeof=\"mw:Entity\" id=\"rdp-we-mwCMQ\">\u00a0<\/span><\/span><\/span><\/li>\n<li about=\"#cite_note-65\" id=\"cite_note-65\" data-mw-footnote-number=\"65\"><span class=\"mw-cite-backlink\" id=\"rdp-we-mwCMU\"><a href=\"#cite_ref-65\" rel=\"mw:referencedBy\" id=\"rdp-we-mwCMY\"><span class=\"mw-linkback-text\" id=\"rdp-we-mwCMc\">\u2191<\/span><\/a><\/span> <span id=\"rdp-we-mw-reference-text-cite_note-65\" class=\"mw-reference-text reference-text\"><span class=\"cite\" about=\"#mwt155\" typeof=\"mw:Transclusion\" id=\"rdp-we-mwCMg\" data-mw='{\"parts\":[{\"template\":{\"target\":{\"wt\":\"Internetquelle \",\"href\":\".\/Vorlage:Internetquelle\"},\"params\":{\"autor\":{\"wt\":\"Laut.de\"},\"url\":{\"wt\":\"https:\/\/www.laut.de\/News\/Sido-4-Uhr-Nachts-mit-Haftbefehl-Kool-Savas-30-11-2018-15386\"},\"titel\":{\"wt\":\"Sido \u2013 \u201e4 Uhr Nachts\u201c mit Haftbefehl &amp; Kool Savas\"},\"abruf\":{\"wt\":\"2019-07-22\"}},\"i\":0}}]}'>Laut.de:<span typeof=\"mw:Entity\" id=\"rdp-we-mwCMk\"> <\/span><a rel=\"external_link\" href=\"https:\/\/www.laut.de\/News\/Sido-4-Uhr-Nachts-mit-Haftbefehl-Kool-Savas-30-11-2018-15386\" class=\"external text\" id=\"rdp-we-mwCMo\" target=\"_new\"><i id=\"rdp-we-mwCMs\">Sido \u2013 \u201e4 Uhr Nachts\u201c mit Haftbefehl &amp; Kool Savas.<\/i><\/a><span class=\"Abrufdatum\" id=\"rdp-we-mwCMw\"><span typeof=\"mw:Entity\" id=\"rdp-we-mwCM0\"> <\/span>Abgerufen am 22.<span typeof=\"mw:Entity\" id=\"rdp-we-mwCM4\">\u00a0<\/span>Juli 2019<\/span>.<\/span><span style=\"display: none;\" class=\"Z3988\" title=\"ctx_ver=Z39.88-2004&amp;rft_val_fmt=info%3Aofi%2Ffmt%3Akev%3Amtx%3Adc&amp;rfr_id=info%3Asid%2Fde.wikipedia.org%3AKool+Savas&amp;rft.title=Sido+%E2%80%93+%E2%80%9E4+Uhr+Nachts%E2%80%9C+mit+Haftbefehl+%26+Kool+Savas&amp;rft.description=Sido+%E2%80%93+%E2%80%9E4+Uhr+Nachts%E2%80%9C+mit+Haftbefehl+%26+Kool+Savas&amp;rft.identifier=https%3A%2F%2Fwww.laut.de%2FNews%2FSido-4-Uhr-Nachts-mit-Haftbefehl-Kool-Savas-30-11-2018-15386&amp;rft.creator=Laut.de\" about=\"#mwt155\" id=\"rdp-we-mwCM8\"><span typeof=\"mw:Entity\" id=\"rdp-we-mwCNA\">\u00a0<\/span><\/span><\/span><\/li>\n<li about=\"#cite_note-66\" id=\"cite_note-66\" data-mw-footnote-number=\"66\"><span class=\"mw-cite-backlink\" id=\"rdp-we-mwCNE\"><a href=\"#cite_ref-66\" rel=\"mw:referencedBy\" id=\"rdp-we-mwCNI\"><span class=\"mw-linkback-text\" id=\"rdp-we-mwCNM\">\u2191<\/span><\/a><\/span> <span id=\"rdp-we-mw-reference-text-cite_note-66\" class=\"mw-reference-text reference-text\"><span class=\"cite\" about=\"#mwt157\" typeof=\"mw:Transclusion\" id=\"rdp-we-mwCNQ\" data-mw='{\"parts\":[{\"template\":{\"target\":{\"wt\":\"Internetquelle \",\"href\":\".\/Vorlage:Internetquelle\"},\"params\":{\"autor\":{\"wt\":\"Laut.de\"},\"url\":{\"wt\":\"https:\/\/www.laut.de\/News\/Rea-Garvey-Kool-Savas-Clip-zu-Is-It-Love-12-03-2018-14492\"},\"titel\":{\"wt\":\"Rea Garvey &amp; Kool Savas \u2013 Clip zu \u201eIs It Love?\u201c\"},\"abruf\":{\"wt\":\"2019-07-23\"}},\"i\":0}}]}'>Laut.de:<span typeof=\"mw:Entity\" id=\"rdp-we-mwCNU\"> <\/span><a rel=\"external_link\" href=\"https:\/\/www.laut.de\/News\/Rea-Garvey-Kool-Savas-Clip-zu-Is-It-Love-12-03-2018-14492\" class=\"external text\" id=\"rdp-we-mwCNY\" target=\"_new\"><i id=\"rdp-we-mwCNc\">Rea Garvey &amp; Kool Savas \u2013 Clip zu \u201eIs It Love?\u201c<\/i><\/a><span class=\"Abrufdatum\" id=\"rdp-we-mwCNg\"><span typeof=\"mw:Entity\" id=\"rdp-we-mwCNk\"> <\/span>Abgerufen am 23.<span typeof=\"mw:Entity\" id=\"rdp-we-mwCNo\">\u00a0<\/span>Juli 2019<\/span>.<\/span><span style=\"display: none;\" class=\"Z3988\" title=\"ctx_ver=Z39.88-2004&amp;rft_val_fmt=info%3Aofi%2Ffmt%3Akev%3Amtx%3Adc&amp;rfr_id=info%3Asid%2Fde.wikipedia.org%3AKool+Savas&amp;rft.title=Rea+Garvey+%26+Kool+Savas+%E2%80%93+Clip+zu+%E2%80%9EIs+It+Love%3F%E2%80%9C&amp;rft.description=Rea+Garvey+%26+Kool+Savas+%E2%80%93+Clip+zu+%E2%80%9EIs+It+Love%3F%E2%80%9C&amp;rft.identifier=https%3A%2F%2Fwww.laut.de%2FNews%2FRea-Garvey-Kool-Savas-Clip-zu-Is-It-Love-12-03-2018-14492&amp;rft.creator=Laut.de\" about=\"#mwt157\" id=\"rdp-we-mwCNs\"><span typeof=\"mw:Entity\" id=\"rdp-we-mwCNw\">\u00a0<\/span><\/span><\/span><\/li>\n<li about=\"#cite_note-67\" id=\"cite_note-67\" data-mw-footnote-number=\"67\"><span class=\"mw-cite-backlink\" id=\"rdp-we-mwCN0\"><a href=\"#cite_ref-67\" rel=\"mw:referencedBy\" id=\"rdp-we-mwCN4\"><span class=\"mw-linkback-text\" id=\"rdp-we-mwCN8\">\u2191<\/span><\/a><\/span> <span id=\"rdp-we-mw-reference-text-cite_note-67\" class=\"mw-reference-text reference-text\"><span class=\"cite\" about=\"#mwt159\" typeof=\"mw:Transclusion\" id=\"rdp-we-mwCOA\" data-mw='{\"parts\":[{\"template\":{\"target\":{\"wt\":\"Internetquelle \",\"href\":\".\/Vorlage:Internetquelle\"},\"params\":{\"autor\":{\"wt\":\"Myspass.de\"},\"url\":{\"wt\":\"https:\/\/www.myspass.de\/shows\/tvshows\/schlag-den-henssler\/Rea-Garvey-feat-Kool-Savas-Is-it-love--\/29401\/\"},\"titel\":{\"wt\":\"Rea Garvey feat. Kool Savas - Is it love?\"},\"abruf\":{\"wt\":\"2019-07-23\"}},\"i\":0}}]}'>Myspass.de:<span typeof=\"mw:Entity\" id=\"rdp-we-mwCOE\"> <\/span><a rel=\"external_link\" href=\"https:\/\/www.myspass.de\/shows\/tvshows\/schlag-den-henssler\/Rea-Garvey-feat-Kool-Savas-Is-it-love--\/29401\/\" class=\"external text\" id=\"rdp-we-mwCOI\" target=\"_new\"><i id=\"rdp-we-mwCOM\">Rea Garvey feat. Kool Savas - Is it love?<\/i><\/a><span class=\"Abrufdatum\" id=\"rdp-we-mwCOQ\"><span typeof=\"mw:Entity\" id=\"rdp-we-mwCOU\"> <\/span>Abgerufen am 23.<span typeof=\"mw:Entity\" id=\"rdp-we-mwCOY\">\u00a0<\/span>Juli 2019<\/span>.<\/span><span style=\"display: none;\" class=\"Z3988\" title=\"ctx_ver=Z39.88-2004&amp;rft_val_fmt=info%3Aofi%2Ffmt%3Akev%3Amtx%3Adc&amp;rfr_id=info%3Asid%2Fde.wikipedia.org%3AKool+Savas&amp;rft.title=Rea+Garvey+feat.+Kool+Savas+-+Is+it+love%3F&amp;rft.description=Rea+Garvey+feat.+Kool+Savas+-+Is+it+love%3F&amp;rft.identifier=https%3A%2F%2Fwww.myspass.de%2Fshows%2Ftvshows%2Fschlag-den-henssler%2FRea-Garvey-feat-Kool-Savas-Is-it-love--%2F29401%2F&amp;rft.creator=Myspass.de\" about=\"#mwt159\" id=\"rdp-we-mwCOc\"><span typeof=\"mw:Entity\" id=\"rdp-we-mwCOg\">\u00a0<\/span><\/span><\/span><\/li>\n<li about=\"#cite_note-68\" id=\"cite_note-68\" data-mw-footnote-number=\"68\"><span class=\"mw-cite-backlink\" id=\"rdp-we-mwCOk\"><a href=\"#cite_ref-68\" rel=\"mw:referencedBy\" id=\"rdp-we-mwCOo\"><span class=\"mw-linkback-text\" id=\"rdp-we-mwCOs\">\u2191<\/span><\/a><\/span> <span id=\"rdp-we-mw-reference-text-cite_note-68\" class=\"mw-reference-text reference-text\"><span class=\"cite\" about=\"#mwt161\" typeof=\"mw:Transclusion\" id=\"rdp-we-mwCOw\" data-mw='{\"parts\":[{\"template\":{\"target\":{\"wt\":\"Internetquelle \",\"href\":\".\/Vorlage:Internetquelle\"},\"params\":{\"autor\":{\"wt\":\"Laut.de\"},\"url\":{\"wt\":\"https:\/\/www.laut.de\/News\/Doubletime-Kay-One-kapert-K-Pop-18-10-2018-15224\/Seite-5\"},\"titel\":{\"wt\":\"Doubletime \u2013 Kay One kapert K-Pop\"},\"abruf\":{\"wt\":\"2019-07-23\"}},\"i\":0}}]}'>Laut.de:<span typeof=\"mw:Entity\" id=\"rdp-we-mwCO0\"> <\/span><a rel=\"external_link\" href=\"https:\/\/www.laut.de\/News\/Doubletime-Kay-One-kapert-K-Pop-18-10-2018-15224\/Seite-5\" class=\"external text\" id=\"rdp-we-mwCO4\" target=\"_new\"><i id=\"rdp-we-mwCO8\">Doubletime \u2013 Kay One kapert K-Pop.<\/i><\/a><span class=\"Abrufdatum\" id=\"rdp-we-mwCPA\"><span typeof=\"mw:Entity\" id=\"rdp-we-mwCPE\"> <\/span>Abgerufen am 23.<span typeof=\"mw:Entity\" id=\"rdp-we-mwCPI\">\u00a0<\/span>Juli 2019<\/span>.<\/span><span style=\"display: none;\" class=\"Z3988\" title=\"ctx_ver=Z39.88-2004&amp;rft_val_fmt=info%3Aofi%2Ffmt%3Akev%3Amtx%3Adc&amp;rfr_id=info%3Asid%2Fde.wikipedia.org%3AKool+Savas&amp;rft.title=Doubletime+%E2%80%93+Kay+One+kapert+K-Pop&amp;rft.description=Doubletime+%E2%80%93+Kay+One+kapert+K-Pop&amp;rft.identifier=https%3A%2F%2Fwww.laut.de%2FNews%2FDoubletime-Kay-One-kapert-K-Pop-18-10-2018-15224%2FSeite-5&amp;rft.creator=Laut.de\" about=\"#mwt161\" id=\"rdp-we-mwCPM\"><span typeof=\"mw:Entity\" id=\"rdp-we-mwCPQ\">\u00a0<\/span><\/span><\/span><\/li>\n<li about=\"#cite_note-69\" id=\"cite_note-69\" data-mw-footnote-number=\"69\"><span class=\"mw-cite-backlink\" id=\"rdp-we-mwCPU\"><a href=\"#cite_ref-69\" rel=\"mw:referencedBy\" id=\"rdp-we-mwCPY\"><span class=\"mw-linkback-text\" id=\"rdp-we-mwCPc\">\u2191<\/span><\/a><\/span> <span id=\"rdp-we-mw-reference-text-cite_note-69\" class=\"mw-reference-text reference-text\"><span class=\"cite\" about=\"#mwt163\" typeof=\"mw:Transclusion\" id=\"rdp-we-mwCPg\" data-mw='{\"parts\":[{\"template\":{\"target\":{\"wt\":\"Internetquelle \",\"href\":\".\/Vorlage:Internetquelle\"},\"params\":{\"autor\":{\"wt\":\"Laut.de\"},\"url\":{\"wt\":\"https:\/\/www.laut.de\/J.S.-Kuster\/Interviews\/Das-muessen-Tiere-sein!-12-04-2019-1680\"},\"titel\":{\"wt\":\"\u201eDas m\u00fcssen Tiere sein!\u201c\"},\"abruf\":{\"wt\":\"2019-07-23\"}},\"i\":0}}]}'>Laut.de:<span typeof=\"mw:Entity\" id=\"rdp-we-mwCPk\"> <\/span><a rel=\"external_link\" href=\"https:\/\/www.laut.de\/J.S.-Kuster\/Interviews\/Das-muessen-Tiere-sein!-12-04-2019-1680\" class=\"external text\" id=\"rdp-we-mwCPo\" target=\"_new\"><i id=\"rdp-we-mwCPs\">\u201eDas m\u00fcssen Tiere sein!\u201c<\/i><\/a><span class=\"Abrufdatum\" id=\"rdp-we-mwCPw\"><span typeof=\"mw:Entity\" id=\"rdp-we-mwCP0\"> <\/span>Abgerufen am 23.<span typeof=\"mw:Entity\" id=\"rdp-we-mwCP4\">\u00a0<\/span>Juli 2019<\/span>.<\/span><span style=\"display: none;\" class=\"Z3988\" title=\"ctx_ver=Z39.88-2004&amp;rft_val_fmt=info%3Aofi%2Ffmt%3Akev%3Amtx%3Adc&amp;rfr_id=info%3Asid%2Fde.wikipedia.org%3AKool+Savas&amp;rft.title=%E2%80%9EDas+m%C3%BCssen+Tiere+sein%21%E2%80%9C&amp;rft.description=%E2%80%9EDas+m%C3%BCssen+Tiere+sein%21%E2%80%9C&amp;rft.identifier=https%3A%2F%2Fwww.laut.de%2FJ.S.-Kuster%2FInterviews%2FDas-muessen-Tiere-sein%21-12-04-2019-1680&amp;rft.creator=Laut.de\" about=\"#mwt163\" id=\"rdp-we-mwCP8\"><span typeof=\"mw:Entity\" id=\"rdp-we-mwCQA\">\u00a0<\/span><\/span><\/span><\/li>\n<li about=\"#cite_note-70\" id=\"cite_note-70\" data-mw-footnote-number=\"70\"><span class=\"mw-cite-backlink\" id=\"rdp-we-mwCQE\"><a href=\"#cite_ref-70\" rel=\"mw:referencedBy\" id=\"rdp-we-mwCQI\"><span class=\"mw-linkback-text\" id=\"rdp-we-mwCQM\">\u2191<\/span><\/a><\/span> <span id=\"rdp-we-mw-reference-text-cite_note-70\" class=\"mw-reference-text reference-text\"><span class=\"cite\" about=\"#mwt165\" typeof=\"mw:Transclusion\" id=\"rdp-we-mwCQQ\" data-mw='{\"parts\":[{\"template\":{\"target\":{\"wt\":\"Internetquelle \",\"href\":\".\/Vorlage:Internetquelle\"},\"params\":{\"autor\":{\"wt\":\"Laut.de\"},\"url\":{\"wt\":\"https:\/\/www.laut.de\/Kool-Savas\/Alben\/KKS-111273\"},\"titel\":{\"wt\":\"Savas bleibt Savas, mit allen Vor- und Nachteilen.\"},\"abruf\":{\"wt\":\"2019-07-23\"}},\"i\":0}}]}'>Laut.de:<span typeof=\"mw:Entity\" id=\"rdp-we-mwCQU\"> <\/span><a rel=\"external_link\" href=\"https:\/\/www.laut.de\/Kool-Savas\/Alben\/KKS-111273\" class=\"external text\" id=\"rdp-we-mwCQY\" target=\"_new\"><i id=\"rdp-we-mwCQc\">Savas bleibt Savas, mit allen Vor- und Nachteilen.<\/i><\/a><span class=\"Abrufdatum\" id=\"rdp-we-mwCQg\"><span typeof=\"mw:Entity\" id=\"rdp-we-mwCQk\"> <\/span>Abgerufen am 23.<span typeof=\"mw:Entity\" id=\"rdp-we-mwCQo\">\u00a0<\/span>Juli 2019<\/span>.<\/span><span style=\"display: none;\" class=\"Z3988\" title=\"ctx_ver=Z39.88-2004&amp;rft_val_fmt=info%3Aofi%2Ffmt%3Akev%3Amtx%3Adc&amp;rfr_id=info%3Asid%2Fde.wikipedia.org%3AKool+Savas&amp;rft.title=Savas+bleibt+Savas%2C+mit+allen+Vor-+und+Nachteilen.&amp;rft.description=Savas+bleibt+Savas%2C+mit+allen+Vor-+und+Nachteilen.&amp;rft.identifier=https%3A%2F%2Fwww.laut.de%2FKool-Savas%2FAlben%2FKKS-111273&amp;rft.creator=Laut.de\" about=\"#mwt165\" id=\"rdp-we-mwCQs\"><span typeof=\"mw:Entity\" id=\"rdp-we-mwCQw\">\u00a0<\/span><\/span><\/span><\/li>\n<li about=\"#cite_note-71\" id=\"cite_note-71\" data-mw-footnote-number=\"71\"><span class=\"mw-cite-backlink\" id=\"rdp-we-mwCQ0\"><a href=\"#cite_ref-71\" rel=\"mw:referencedBy\" id=\"rdp-we-mwCQ4\"><span class=\"mw-linkback-text\" id=\"rdp-we-mwCQ8\">\u2191<\/span><\/a><\/span> <span id=\"rdp-we-mw-reference-text-cite_note-71\" class=\"mw-reference-text reference-text\"><span class=\"cite\" about=\"#mwt167\" typeof=\"mw:Transclusion\" id=\"rdp-we-mwCRA\" data-mw='{\"parts\":[{\"template\":{\"target\":{\"wt\":\"Internetquelle \",\"href\":\".\/Vorlage:Internetquelle\"},\"params\":{\"autor\":{\"wt\":\"Hitparade.ch\"},\"url\":{\"wt\":\"https:\/\/hitparade.ch\/album\/Kool-Savas\/KKS-376731\"},\"titel\":{\"wt\":\"Kool Savas \u2013 KKS\"},\"abruf\":{\"wt\":\"2019-07-23\"}},\"i\":0}}]}'>Hitparade.ch:<span typeof=\"mw:Entity\" id=\"rdp-we-mwCRE\"> <\/span><a rel=\"external_link\" href=\"https:\/\/hitparade.ch\/album\/Kool-Savas\/KKS-376731\" class=\"external text\" id=\"rdp-we-mwCRI\" target=\"_new\"><i id=\"rdp-we-mwCRM\">Kool Savas \u2013 KKS.<\/i><\/a><span class=\"Abrufdatum\" id=\"rdp-we-mwCRQ\"><span typeof=\"mw:Entity\" id=\"rdp-we-mwCRU\"> <\/span>Abgerufen am 23.<span typeof=\"mw:Entity\" id=\"rdp-we-mwCRY\">\u00a0<\/span>Juli 2019<\/span>.<\/span><span style=\"display: none;\" class=\"Z3988\" title=\"ctx_ver=Z39.88-2004&amp;rft_val_fmt=info%3Aofi%2Ffmt%3Akev%3Amtx%3Adc&amp;rfr_id=info%3Asid%2Fde.wikipedia.org%3AKool+Savas&amp;rft.title=Kool+Savas+%E2%80%93+KKS&amp;rft.description=Kool+Savas+%E2%80%93+KKS&amp;rft.identifier=https%3A%2F%2Fhitparade.ch%2Falbum%2FKool-Savas%2FKKS-376731&amp;rft.creator=Hitparade.ch\" about=\"#mwt167\" id=\"rdp-we-mwCRc\"><span typeof=\"mw:Entity\" id=\"rdp-we-mwCRg\">\u00a0<\/span><\/span><\/span><\/li>\n<li about=\"#cite_note-72\" id=\"cite_note-72\" data-mw-footnote-number=\"72\"><span class=\"mw-cite-backlink\" id=\"rdp-we-mwCRk\"><a href=\"#cite_ref-72\" rel=\"mw:referencedBy\" id=\"rdp-we-mwCRo\"><span class=\"mw-linkback-text\" id=\"rdp-we-mwCRs\">\u2191<\/span><\/a><\/span> <span id=\"rdp-we-mw-reference-text-cite_note-72\" class=\"mw-reference-text reference-text\"><span class=\"cite\" about=\"#mwt169\" typeof=\"mw:Transclusion\" id=\"rdp-we-mwCRw\" data-mw='{\"parts\":[{\"template\":{\"target\":{\"wt\":\"Internetquelle \",\"href\":\".\/Vorlage:Internetquelle\"},\"params\":{\"autor\":{\"wt\":\"Laut.de\"},\"url\":{\"wt\":\"https:\/\/www.laut.de\/News\/Doubletime-Viel-Hype-um-Nichts-13-12-2018-15425\/Seite-5\"},\"titel\":{\"wt\":\"Doubletime \u2013 Viel Hype um Nichts\"},\"abruf\":{\"wt\":\"2019-07-23\"}},\"i\":0}}]}'>Laut.de:<span typeof=\"mw:Entity\" id=\"rdp-we-mwCR0\"> <\/span><a rel=\"external_link\" href=\"https:\/\/www.laut.de\/News\/Doubletime-Viel-Hype-um-Nichts-13-12-2018-15425\/Seite-5\" class=\"external text\" id=\"rdp-we-mwCR4\" target=\"_new\"><i id=\"rdp-we-mwCR8\">Doubletime \u2013 Viel Hype um Nichts.<\/i><\/a><span class=\"Abrufdatum\" id=\"rdp-we-mwCSA\"><span typeof=\"mw:Entity\" id=\"rdp-we-mwCSE\"> <\/span>Abgerufen am 23.<span typeof=\"mw:Entity\" id=\"rdp-we-mwCSI\">\u00a0<\/span>Juli 2019<\/span>.<\/span><span style=\"display: none;\" class=\"Z3988\" title=\"ctx_ver=Z39.88-2004&amp;rft_val_fmt=info%3Aofi%2Ffmt%3Akev%3Amtx%3Adc&amp;rfr_id=info%3Asid%2Fde.wikipedia.org%3AKool+Savas&amp;rft.title=Doubletime+%E2%80%93+Viel+Hype+um+Nichts&amp;rft.description=Doubletime+%E2%80%93+Viel+Hype+um+Nichts&amp;rft.identifier=https%3A%2F%2Fwww.laut.de%2FNews%2FDoubletime-Viel-Hype-um-Nichts-13-12-2018-15425%2FSeite-5&amp;rft.creator=Laut.de\" about=\"#mwt169\" id=\"rdp-we-mwCSM\"><span typeof=\"mw:Entity\" id=\"rdp-we-mwCSQ\">\u00a0<\/span><\/span><\/span><\/li>\n<li about=\"#cite_note-73\" id=\"cite_note-73\" data-mw-footnote-number=\"73\"><span class=\"mw-cite-backlink\" id=\"rdp-we-mwCSU\"><a href=\"#cite_ref-73\" rel=\"mw:referencedBy\" id=\"rdp-we-mwCSY\"><span class=\"mw-linkback-text\" id=\"rdp-we-mwCSc\">\u2191<\/span><\/a><\/span> <span id=\"rdp-we-mw-reference-text-cite_note-73\" class=\"mw-reference-text reference-text\"><span class=\"cite\" about=\"#mwt171\" typeof=\"mw:Transclusion\" id=\"rdp-we-mwCSg\" data-mw='{\"parts\":[{\"template\":{\"target\":{\"wt\":\"Internetquelle \",\"href\":\".\/Vorlage:Internetquelle\"},\"params\":{\"autor\":{\"wt\":\"Laut.de\"},\"url\":{\"wt\":\"https:\/\/www.laut.de\/News\/Kool-Savas-Neues-Video-zu-Deine-Mutter-21-01-2019-15509\"},\"titel\":{\"wt\":\"Kool Savas \u2013 Neues Video zu \u201eDeine Mutter\u201c\"},\"abruf\":{\"wt\":\"2019-07-23\"}},\"i\":0}}]}'>Laut.de:<span typeof=\"mw:Entity\" id=\"rdp-we-mwCSk\"> <\/span><a rel=\"external_link\" href=\"https:\/\/www.laut.de\/News\/Kool-Savas-Neues-Video-zu-Deine-Mutter-21-01-2019-15509\" class=\"external text\" id=\"rdp-we-mwCSo\" target=\"_new\"><i id=\"rdp-we-mwCSs\">Kool Savas \u2013 Neues Video zu \u201eDeine Mutter\u201c.<\/i><\/a><span class=\"Abrufdatum\" id=\"rdp-we-mwCSw\"><span typeof=\"mw:Entity\" id=\"rdp-we-mwCS0\"> <\/span>Abgerufen am 23.<span typeof=\"mw:Entity\" id=\"rdp-we-mwCS4\">\u00a0<\/span>Juli 2019<\/span>.<\/span><span style=\"display: none;\" class=\"Z3988\" title=\"ctx_ver=Z39.88-2004&amp;rft_val_fmt=info%3Aofi%2Ffmt%3Akev%3Amtx%3Adc&amp;rfr_id=info%3Asid%2Fde.wikipedia.org%3AKool+Savas&amp;rft.title=Kool+Savas+%E2%80%93+Neues+Video+zu+%E2%80%9EDeine+Mutter%E2%80%9C&amp;rft.description=Kool+Savas+%E2%80%93+Neues+Video+zu+%E2%80%9EDeine+Mutter%E2%80%9C&amp;rft.identifier=https%3A%2F%2Fwww.laut.de%2FNews%2FKool-Savas-Neues-Video-zu-Deine-Mutter-21-01-2019-15509&amp;rft.creator=Laut.de\" about=\"#mwt171\" id=\"rdp-we-mwCS8\"><span typeof=\"mw:Entity\" id=\"rdp-we-mwCTA\">\u00a0<\/span><\/span><\/span><\/li>\n<li about=\"#cite_note-74\" id=\"cite_note-74\" data-mw-footnote-number=\"74\"><span class=\"mw-cite-backlink\" id=\"rdp-we-mwCTE\"><a href=\"#cite_ref-74\" rel=\"mw:referencedBy\" id=\"rdp-we-mwCTI\"><span class=\"mw-linkback-text\" id=\"rdp-we-mwCTM\">\u2191<\/span><\/a><\/span> <span id=\"rdp-we-mw-reference-text-cite_note-74\" class=\"mw-reference-text reference-text\"><span class=\"cite\" about=\"#mwt173\" typeof=\"mw:Transclusion\" id=\"rdp-we-mwCTQ\" data-mw='{\"parts\":[{\"template\":{\"target\":{\"wt\":\"Internetquelle \",\"href\":\".\/Vorlage:Internetquelle\"},\"params\":{\"autor\":{\"wt\":\"Laut.de\"},\"url\":{\"wt\":\"https:\/\/www.laut.de\/News\/Kool-Savas-Neues-Video-zu-Batman-24-02-2019-15637\"},\"titel\":{\"wt\":\"Kool Savas \u2013 Neues Video zu \u201eBatman\u201c\"},\"abruf\":{\"wt\":\"2019-07-23\"}},\"i\":0}}]}'>Laut.de:<span typeof=\"mw:Entity\" id=\"rdp-we-mwCTU\"> <\/span><a rel=\"external_link\" href=\"https:\/\/www.laut.de\/News\/Kool-Savas-Neues-Video-zu-Batman-24-02-2019-15637\" class=\"external text\" id=\"rdp-we-mwCTY\" target=\"_new\"><i id=\"rdp-we-mwCTc\">Kool Savas \u2013 Neues Video zu \u201eBatman\u201c.<\/i><\/a><span class=\"Abrufdatum\" id=\"rdp-we-mwCTg\"><span typeof=\"mw:Entity\" id=\"rdp-we-mwCTk\"> <\/span>Abgerufen am 23.<span typeof=\"mw:Entity\" id=\"rdp-we-mwCTo\">\u00a0<\/span>Juli 2019<\/span>.<\/span><span style=\"display: none;\" class=\"Z3988\" title=\"ctx_ver=Z39.88-2004&amp;rft_val_fmt=info%3Aofi%2Ffmt%3Akev%3Amtx%3Adc&amp;rfr_id=info%3Asid%2Fde.wikipedia.org%3AKool+Savas&amp;rft.title=Kool+Savas+%E2%80%93+Neues+Video+zu+%E2%80%9EBatman%E2%80%9C&amp;rft.description=Kool+Savas+%E2%80%93+Neues+Video+zu+%E2%80%9EBatman%E2%80%9C&amp;rft.identifier=https%3A%2F%2Fwww.laut.de%2FNews%2FKool-Savas-Neues-Video-zu-Batman-24-02-2019-15637&amp;rft.creator=Laut.de\" about=\"#mwt173\" id=\"rdp-we-mwCTs\"><span typeof=\"mw:Entity\" id=\"rdp-we-mwCTw\">\u00a0<\/span><\/span><\/span><\/li>\n<li about=\"#cite_note-75\" id=\"cite_note-75\" data-mw-footnote-number=\"75\"><span class=\"mw-cite-backlink\" id=\"rdp-we-mwCT0\"><a href=\"#cite_ref-75\" rel=\"mw:referencedBy\" id=\"rdp-we-mwCT4\"><span class=\"mw-linkback-text\" id=\"rdp-we-mwCT8\">\u2191<\/span><\/a><\/span> <span id=\"rdp-we-mw-reference-text-cite_note-75\" class=\"mw-reference-text reference-text\"><span class=\"cite\" about=\"#mwt175\" typeof=\"mw:Transclusion\" id=\"rdp-we-mwCUA\" data-mw='{\"parts\":[{\"template\":{\"target\":{\"wt\":\"Internetquelle \",\"href\":\".\/Vorlage:Internetquelle\"},\"params\":{\"url\":{\"wt\":\"https:\/\/www.nmz.de\/kiz\/nachrichten\/der-koenig-des-raps-kool-savas-gibt-in-buch-tiefe-einblicke\"},\"titel\":{\"wt\":\"Der \u00abK\u00f6nig des Raps\u00bb: Kool Savas gibt in Buch tiefe Einblicke {{!}} nmz - neue musikzeitung\"},\"abruf\":{\"wt\":\"2021-11-09\"}},\"i\":0}}]}'><a rel=\"external_link\" href=\"https:\/\/www.nmz.de\/kiz\/nachrichten\/der-koenig-des-raps-kool-savas-gibt-in-buch-tiefe-einblicke\" class=\"external text\" id=\"rdp-we-mwCUE\" target=\"_new\"><i id=\"rdp-we-mwCUI\">Der \u00abK\u00f6nig des Raps\u00bb: Kool Savas gibt in Buch tiefe Einblicke <span typeof=\"mw:Entity\" id=\"rdp-we-mwCUM\">|<\/span> nmz - neue musikzeitung.<\/i><\/a><span class=\"Abrufdatum\" id=\"rdp-we-mwCUQ\"><span typeof=\"mw:Entity\" id=\"rdp-we-mwCUU\"> <\/span>Abgerufen am 9.<span typeof=\"mw:Entity\" id=\"rdp-we-mwCUY\">\u00a0<\/span>November 2021<\/span>.<\/span><span style=\"display: none;\" class=\"Z3988\" title=\"ctx_ver=Z39.88-2004&amp;rft_val_fmt=info%3Aofi%2Ffmt%3Akev%3Amtx%3Adc&amp;rfr_id=info%3Asid%2Fde.wikipedia.org%3AKool+Savas&amp;rft.title=Der+%C2%ABK%C3%B6nig+des+Raps%C2%BB%3A+Kool+Savas+gibt+in+Buch+tiefe+Einblicke+%7C+nmz+-+neue+musikzeitung&amp;rft.description=Der+%C2%ABK%C3%B6nig+des+Raps%C2%BB%3A+Kool+Savas+gibt+in+Buch+tiefe+Einblicke+%7C+nmz+-+neue+musikzeitung&amp;rft.identifier=https%3A%2F%2Fwww.nmz.de%2Fkiz%2Fnachrichten%2Fder-koenig-des-raps-kool-savas-gibt-in-buch-tiefe-einblicke\" about=\"#mwt175\" id=\"rdp-we-mwCUc\"><span typeof=\"mw:Entity\" id=\"rdp-we-mwCUg\">\u00a0<\/span><\/span><\/span><\/li>\n<li about=\"#cite_note-76\" id=\"cite_note-76\" data-mw-footnote-number=\"76\"><span class=\"mw-cite-backlink\" id=\"rdp-we-mwCUk\"><a href=\"#cite_ref-76\" rel=\"mw:referencedBy\" id=\"rdp-we-mwCUo\"><span class=\"mw-linkback-text\" id=\"rdp-we-mwCUs\">\u2191<\/span><\/a><\/span> <span id=\"rdp-we-mw-reference-text-cite_note-76\" class=\"mw-reference-text reference-text\"><span class=\"cite\" about=\"#mwt177\" typeof=\"mw:Transclusion\" id=\"rdp-we-mwCUw\" data-mw='{\"parts\":[{\"template\":{\"target\":{\"wt\":\"Internetquelle \",\"href\":\".\/Vorlage:Internetquelle\"},\"params\":{\"url\":{\"wt\":\"https:\/\/www.prosieben.de\/serien\/the-voice-rap\/news\/tvr-sensation-king-of-rap-kool-savas-ein-coach-bei-the-voice-rap2023-82967\"},\"titel\":{\"wt\":\"Sensation! Eine wahre Rap-Legende wird Coach bei der neuen Show \\\"The Voice Rap\\\"!\"},\"datum\":{\"wt\":\"2023-06-23\"},\"abruf\":{\"wt\":\"2023-06-26\"}},\"i\":0}}]}'><a rel=\"external_link\" href=\"https:\/\/www.prosieben.de\/serien\/the-voice-rap\/news\/tvr-sensation-king-of-rap-kool-savas-ein-coach-bei-the-voice-rap2023-82967\" class=\"external text\" id=\"rdp-we-mwCU0\" target=\"_new\"><i id=\"rdp-we-mwCU4\">Sensation! Eine wahre Rap-Legende wird Coach bei der neuen Show \"The Voice Rap\"!<\/i><\/a><span typeof=\"mw:Entity\" id=\"rdp-we-mwCU8\"> <\/span>23.<span typeof=\"mw:Entity\" id=\"rdp-we-mwCVA\">\u00a0<\/span>Juni 2023<span typeof=\"mw:Entity\" id=\"rdp-we-mwCVE\">,<\/span><span class=\"Abrufdatum\" id=\"rdp-we-mwCVI\"><span typeof=\"mw:Entity\" id=\"rdp-we-mwCVM\"> <\/span>abgerufen am 26.<span typeof=\"mw:Entity\" id=\"rdp-we-mwCVQ\">\u00a0<\/span>Juni 2023<\/span>.<\/span><span style=\"display: none;\" class=\"Z3988\" title=\"ctx_ver=Z39.88-2004&amp;rft_val_fmt=info%3Aofi%2Ffmt%3Akev%3Amtx%3Adc&amp;rfr_id=info%3Asid%2Fde.wikipedia.org%3AKool+Savas&amp;rft.title=Sensation%21+Eine+wahre+Rap-Legende+wird+Coach+bei+der+neuen+Show+%22The+Voice+Rap%22%21&amp;rft.description=Sensation%21+Eine+wahre+Rap-Legende+wird+Coach+bei+der+neuen+Show+%22The+Voice+Rap%22%21&amp;rft.identifier=https%3A%2F%2Fwww.prosieben.de%2Fserien%2Fthe-voice-rap%2Fnews%2Ftvr-sensation-king-of-rap-kool-savas-ein-coach-bei-the-voice-rap2023-82967&amp;rft.date=2023-06-23\" about=\"#mwt177\" id=\"rdp-we-mwCVU\"><span typeof=\"mw:Entity\" id=\"rdp-we-mwCVY\">\u00a0<\/span><\/span><\/span><\/li>\n<li about=\"#cite_note-77\" id=\"cite_note-77\" data-mw-footnote-number=\"77\"><span class=\"mw-cite-backlink\" id=\"rdp-we-mwCVc\"><a href=\"#cite_ref-77\" rel=\"mw:referencedBy\" id=\"rdp-we-mwCVg\"><span class=\"mw-linkback-text\" id=\"rdp-we-mwCVk\">\u2191<\/span><\/a><\/span> <span id=\"rdp-we-mw-reference-text-cite_note-77\" class=\"mw-reference-text reference-text\"><i id=\"rdp-we-mwCVo\">Juice Special Issue \u2013 Kool Savas<\/i> \u2013 Seite 79 \u2013 Dezember 2011\/Januar\/Februar 2012<\/span><\/li>\n<li about=\"#cite_note-78\" id=\"cite_note-78\" data-mw-footnote-number=\"78\"><span class=\"mw-cite-backlink\" id=\"rdp-we-mwCVs\"><a href=\"#cite_ref-78\" rel=\"mw:referencedBy\" id=\"rdp-we-mwCVw\"><span class=\"mw-linkback-text\" id=\"rdp-we-mwCV0\">\u2191<\/span><\/a><\/span> <span id=\"rdp-we-mw-reference-text-cite_note-78\" class=\"mw-reference-text reference-text\"><i id=\"rdp-we-mwCV4\">Juice Special Issue<\/i> \u2013 Kool Savas \u2013 Seite 77 \u2013 Dezember 2011\/Januar\/Februar 2012<\/span><\/li>\n<li about=\"#cite_note-Allesreal-79\" id=\"cite_note-Allesreal-79\" data-mw-footnote-number=\"79\"><span rel=\"mw:referencedBy\" class=\"mw-cite-backlink\" id=\"rdp-we-mwCV8\"><a href=\"#cite_ref-Allesreal_79-0\" id=\"rdp-we-mwCWA\"><span class=\"mw-linkback-text\" id=\"rdp-we-mwCWE\">1<\/span><\/a> <a href=\"#cite_ref-Allesreal_79-1\" id=\"rdp-we-mwCWI\"><span class=\"mw-linkback-text\" id=\"rdp-we-mwCWM\">2<\/span><\/a><\/span> <span id=\"rdp-we-mw-reference-text-cite_note-Allesreal-79\" class=\"mw-reference-text reference-text\"><span class=\"cite\" about=\"#mwt182\" typeof=\"mw:Transclusion\" id=\"rdp-we-mwCWQ\" data-mw='{\"parts\":[{\"template\":{\"target\":{\"wt\":\"Internetquelle \",\"href\":\".\/Vorlage:Internetquelle\"},\"params\":{\"autor\":{\"wt\":\"Allesreal.de\"},\"url\":{\"wt\":\"http:\/\/www.allesreal.de\/mag.php?site=review&amp;id=230\"},\"titel\":{\"wt\":\"Kool Savas \u2013 Der beste Tag meines Lebens\"},\"offline\":{\"wt\":\"1\"},\"archiv-url\":{\"wt\":\"https:\/\/web.archive.org\/web\/20131016124551\/http:\/\/www.allesreal.de\/mag.php?site=review&amp;id=230\"},\"archiv-datum\":{\"wt\":\"2013-10-16\"},\"abruf\":{\"wt\":\"2014-03-26\"}},\"i\":0}}]}'>Allesreal.de:<span typeof=\"mw:Entity\" id=\"rdp-we-mwCWU\"> <\/span><a rel=\"external_link\" href=\"https:\/\/web.archive.org\/web\/20131016124551\/http:\/\/www.allesreal.de\/mag.php?site=review&id=230\" class=\"external text\" id=\"rdp-we-mwCWY\" target=\"_new\"><i id=\"rdp-we-mwCWc\">Kool Savas \u2013 Der beste Tag meines Lebens.<\/i><\/a><span typeof=\"mw:Entity\" id=\"rdp-we-mwCWg\"> <\/span>Archiviert<span typeof=\"mw:Entity\" id=\"rdp-we-mwCWk\"> <\/span>vom<span typeof=\"mw:Entity\" id=\"rdp-we-mwCWo\"> <\/span><link rel=\"mw-deduplicated-inline-style\" href=\"mw-data:TemplateStyles:r250917974\" about=\"#mwt183\" typeof=\"mw:Extension\/templatestyles\" id=\"rdp-we-mwCWs\" data-mw='{\"name\":\"templatestyles\",\"attrs\":{\"src\":\"Vorlage:IconExternal\/styles.css\"}}'\/><span class=\"dewiki-iconexternal\" id=\"rdp-we-mwCWw\"><a rel=\"external_link\" href=\"https:\/\/redirecter.toolforge.org\/?url=http%3A%2F%2Fwww.allesreal.de%2Fmag.php%3Fsite%3Dreview%26id%3D230\" class=\"external text\" id=\"rdp-we-mwCW0\" target=\"_new\">Original<\/a><\/span><span typeof=\"mw:Entity\" id=\"rdp-we-mwCW4\"> <\/span>(nicht mehr online verf\u00fcgbar)<span typeof=\"mw:Entity\" id=\"rdp-we-mwCW8\"> <\/span>am<span typeof=\"mw:Entity\" id=\"rdp-we-mwCXA\"> <\/span><span style=\"white-space:nowrap;\" id=\"rdp-we-mwCXE\">16.<span typeof=\"mw:Entity\" id=\"rdp-we-mwCXI\">\u00a0<\/span>Oktober 2013<\/span><span id=\"rdp-we-mwCXM\">;<\/span><span class=\"Abrufdatum\" id=\"rdp-we-mwCXQ\"><span typeof=\"mw:Entity\" id=\"rdp-we-mwCXU\"> <\/span>abgerufen am 26.<span typeof=\"mw:Entity\" id=\"rdp-we-mwCXY\">\u00a0<\/span>M\u00e4rz 2014<\/span>.<\/span><span style=\"display: none;\" class=\"Z3988\" title=\"ctx_ver=Z39.88-2004&amp;rft_val_fmt=info%3Aofi%2Ffmt%3Akev%3Amtx%3Adc&amp;rfr_id=info%3Asid%2Fde.wikipedia.org%3AKool+Savas&amp;rft.title=Kool+Savas+%E2%80%93+Der+beste+Tag+meines+Lebens&amp;rft.description=Kool+Savas+%E2%80%93+Der+beste+Tag+meines+Lebens&amp;rft.identifier=https%3A%2F%2Fweb.archive.org%2Fweb%2F20131016124551%2Fhttp%3A%2F%2Fwww.allesreal.de%2Fmag.php%3Fsite%3Dreview%26id%3D230&amp;rft.creator=Allesreal.de&amp;rft.source=http:\/\/www.allesreal.de\/mag.php?site=review&amp;id=230\" about=\"#mwt182\" id=\"rdp-we-mwCXc\"><span typeof=\"mw:Entity\" id=\"rdp-we-mwCXg\">\u00a0<\/span><\/span><\/span><\/li>\n<li about=\"#cite_note-80\" id=\"cite_note-80\" data-mw-footnote-number=\"80\"><span class=\"mw-cite-backlink\" id=\"rdp-we-mwCXk\"><a href=\"#cite_ref-80\" rel=\"mw:referencedBy\" id=\"rdp-we-mwCXo\"><span class=\"mw-linkback-text\" id=\"rdp-we-mwCXs\">\u2191<\/span><\/a><\/span> <span id=\"rdp-we-mw-reference-text-cite_note-80\" class=\"mw-reference-text reference-text\"><span class=\"cite\" about=\"#mwt185\" typeof=\"mw:Transclusion\" id=\"rdp-we-mwCXw\" data-mw='{\"parts\":[{\"template\":{\"target\":{\"wt\":\"Internetquelle \",\"href\":\".\/Vorlage:Internetquelle\"},\"params\":{\"autor\":{\"wt\":\"Laut.de\"},\"url\":{\"wt\":\"http:\/\/www.laut.de\/News\/Kool-Savas-Mit-den-Donots-im-Schlachthaus-04-03-2005-3419\"},\"titel\":{\"wt\":\"Mit den Donots im Schlachthaus\"},\"abruf\":{\"wt\":\"2014-03-26\"}},\"i\":0}}]}'>Laut.de:<span typeof=\"mw:Entity\" id=\"rdp-we-mwCX0\"> <\/span><a rel=\"external_link\" href=\"http:\/\/www.laut.de\/News\/Kool-Savas-Mit-den-Donots-im-Schlachthaus-04-03-2005-3419\" class=\"external text\" id=\"rdp-we-mwCX4\" target=\"_new\"><i id=\"rdp-we-mwCX8\">Mit den Donots im Schlachthaus.<\/i><\/a><span class=\"Abrufdatum\" id=\"rdp-we-mwCYA\"><span typeof=\"mw:Entity\" id=\"rdp-we-mwCYE\"> <\/span>Abgerufen am 26.<span typeof=\"mw:Entity\" id=\"rdp-we-mwCYI\">\u00a0<\/span>M\u00e4rz 2014<\/span>.<\/span><span style=\"display: none;\" class=\"Z3988\" title=\"ctx_ver=Z39.88-2004&amp;rft_val_fmt=info%3Aofi%2Ffmt%3Akev%3Amtx%3Adc&amp;rfr_id=info%3Asid%2Fde.wikipedia.org%3AKool+Savas&amp;rft.title=Mit+den+Donots+im+Schlachthaus&amp;rft.description=Mit+den+Donots+im+Schlachthaus&amp;rft.identifier=http%3A%2F%2Fwww.laut.de%2FNews%2FKool-Savas-Mit-den-Donots-im-Schlachthaus-04-03-2005-3419&amp;rft.creator=Laut.de\" about=\"#mwt185\" id=\"rdp-we-mwCYM\"><span typeof=\"mw:Entity\" id=\"rdp-we-mwCYQ\">\u00a0<\/span><\/span><\/span><\/li>\n<li about=\"#cite_note-81\" id=\"cite_note-81\" data-mw-footnote-number=\"81\"><span class=\"mw-cite-backlink\" id=\"rdp-we-mwCYU\"><a href=\"#cite_ref-81\" rel=\"mw:referencedBy\" id=\"rdp-we-mwCYY\"><span class=\"mw-linkback-text\" id=\"rdp-we-mwCYc\">\u2191<\/span><\/a><\/span> <span id=\"rdp-we-mw-reference-text-cite_note-81\" class=\"mw-reference-text reference-text\"><span class=\"cite\" about=\"#mwt187\" typeof=\"mw:Transclusion\" id=\"rdp-we-mwCYg\" data-mw='{\"parts\":[{\"template\":{\"target\":{\"wt\":\"Internetquelle \",\"href\":\".\/Vorlage:Internetquelle\"},\"params\":{\"autor\":{\"wt\":\"Peta2.de\"},\"url\":{\"wt\":\"http:\/\/www.peta2.de\/web\/koolsavasvideointerview.576.html\"},\"titel\":{\"wt\":\"Exklusives Videointerview f\u00fcr PETA2.de\"},\"offline\":{\"wt\":\"1\"},\"archiv-url\":{\"wt\":\"https:\/\/web.archive.org\/web\/20140407065739\/http:\/\/www.peta2.de\/web\/koolsavasvideointerview.576.html\"},\"archiv-datum\":{\"wt\":\"2014-04-07\"},\"abruf\":{\"wt\":\"2014-03-26\"}},\"i\":0}}]}'>Peta2.de:<span typeof=\"mw:Entity\" id=\"rdp-we-mwCYk\"> <\/span><a rel=\"external_link\" href=\"https:\/\/web.archive.org\/web\/20140407065739\/http:\/\/www.peta2.de\/web\/koolsavasvideointerview.576.html\" class=\"external text\" id=\"rdp-we-mwCYo\" target=\"_new\"><i id=\"rdp-we-mwCYs\">Exklusives Videointerview f\u00fcr PETA2.de.<\/i><\/a><span typeof=\"mw:Entity\" id=\"rdp-we-mwCYw\"> <\/span>Archiviert<span typeof=\"mw:Entity\" id=\"rdp-we-mwCY0\"> <\/span>vom<span typeof=\"mw:Entity\" id=\"rdp-we-mwCY4\"> <\/span><link rel=\"mw-deduplicated-inline-style\" href=\"mw-data:TemplateStyles:r250917974\" about=\"#mwt188\" typeof=\"mw:Extension\/templatestyles\" id=\"rdp-we-mwCY8\" data-mw='{\"name\":\"templatestyles\",\"attrs\":{\"src\":\"Vorlage:IconExternal\/styles.css\"}}'\/><span class=\"dewiki-iconexternal\" id=\"rdp-we-mwCZA\"><a rel=\"external_link\" href=\"https:\/\/redirecter.toolforge.org\/?url=http%3A%2F%2Fwww.peta2.de%2Fweb%2Fkoolsavasvideointerview.576.html\" class=\"external text\" id=\"rdp-we-mwCZE\" target=\"_new\">Original<\/a><\/span><span typeof=\"mw:Entity\" id=\"rdp-we-mwCZI\"> <\/span>(nicht mehr online verf\u00fcgbar)<span typeof=\"mw:Entity\" id=\"rdp-we-mwCZM\"> <\/span>am<span typeof=\"mw:Entity\" id=\"rdp-we-mwCZQ\"> <\/span><span style=\"white-space:nowrap;\" id=\"rdp-we-mwCZU\">7.<span typeof=\"mw:Entity\" id=\"rdp-we-mwCZY\">\u00a0<\/span>April 2014<\/span><span id=\"rdp-we-mwCZc\">;<\/span><span class=\"Abrufdatum\" id=\"rdp-we-mwCZg\"><span typeof=\"mw:Entity\" id=\"rdp-we-mwCZk\"> <\/span>abgerufen am 26.<span typeof=\"mw:Entity\" id=\"rdp-we-mwCZo\">\u00a0<\/span>M\u00e4rz 2014<\/span>.<\/span><span style=\"display: none;\" class=\"Z3988\" title=\"ctx_ver=Z39.88-2004&amp;rft_val_fmt=info%3Aofi%2Ffmt%3Akev%3Amtx%3Adc&amp;rfr_id=info%3Asid%2Fde.wikipedia.org%3AKool+Savas&amp;rft.title=Exklusives+Videointerview+f%C3%BCr+PETA2.de&amp;rft.description=Exklusives+Videointerview+f%C3%BCr+PETA2.de&amp;rft.identifier=https%3A%2F%2Fweb.archive.org%2Fweb%2F20140407065739%2Fhttp%3A%2F%2Fwww.peta2.de%2Fweb%2Fkoolsavasvideointerview.576.html&amp;rft.creator=Peta2.de&amp;rft.source=http:\/\/www.peta2.de\/web\/koolsavasvideointerview.576.html\" about=\"#mwt187\" id=\"rdp-we-mwCZs\"><span typeof=\"mw:Entity\" id=\"rdp-we-mwCZw\">\u00a0<\/span><\/span><\/span><\/li>\n<li about=\"#cite_note-82\" id=\"cite_note-82\" data-mw-footnote-number=\"82\"><span class=\"mw-cite-backlink\" id=\"rdp-we-mwCZ0\"><a href=\"#cite_ref-82\" rel=\"mw:referencedBy\" id=\"rdp-we-mwCZ4\"><span class=\"mw-linkback-text\" id=\"rdp-we-mwCZ8\">\u2191<\/span><\/a><\/span> <span id=\"rdp-we-mw-reference-text-cite_note-82\" class=\"mw-reference-text reference-text\"><span class=\"cite\" about=\"#mwt190\" typeof=\"mw:Transclusion\" id=\"rdp-we-mwCaA\" data-mw='{\"parts\":[{\"template\":{\"target\":{\"wt\":\"Internetquelle \",\"href\":\".\/Vorlage:Internetquelle\"},\"params\":{\"autor\":{\"wt\":\"Laut.de\"},\"url\":{\"wt\":\"http:\/\/www.laut.de\/News\/Kampagne-Savas,-Naidoo-u.&amp;nbsp;a.-fuer-Deutschland-26-09-2005-3828\"},\"titel\":{\"wt\":\"Savas, Naidoo u.&amp;nbsp;a. f\u00fcr Deutschland\"},\"abruf\":{\"wt\":\"2014-03-26\"}},\"i\":0}}]}'>Laut.de:<span typeof=\"mw:Entity\" id=\"rdp-we-mwCaE\"> <\/span><a rel=\"external_link\" href=\"http:\/\/www.laut.de\/News\/Kampagne-Savas,-Naidoo-u.\u00a0a.-fuer-Deutschland-26-09-2005-3828\" class=\"external text\" id=\"rdp-we-mwCaI\" target=\"_new\"><i id=\"rdp-we-mwCaM\">Savas, Naidoo u.<span typeof=\"mw:Entity\" id=\"rdp-we-mwCaQ\">\u00a0<\/span>a. f\u00fcr Deutschland.<\/i><\/a><span class=\"Abrufdatum\" id=\"rdp-we-mwCaU\"><span typeof=\"mw:Entity\" id=\"rdp-we-mwCaY\"> <\/span>Abgerufen am 26.<span typeof=\"mw:Entity\" id=\"rdp-we-mwCac\">\u00a0<\/span>M\u00e4rz 2014<\/span>.<\/span><span style=\"display: none;\" class=\"Z3988\" title=\"ctx_ver=Z39.88-2004&amp;rft_val_fmt=info%3Aofi%2Ffmt%3Akev%3Amtx%3Adc&amp;rfr_id=info%3Asid%2Fde.wikipedia.org%3AKool+Savas&amp;rft.title=Savas%2C+Naidoo+u.%26nbsp%3Ba.+f%C3%BCr+Deutschland&amp;rft.description=Savas%2C+Naidoo+u.%26nbsp%3Ba.+f%C3%BCr+Deutschland&amp;rft.identifier=http%3A%2F%2Fwww.laut.de%2FNews%2FKampagne-Savas%2C-Naidoo-u.%26nbsp%3Ba.-fuer-Deutschland-26-09-2005-3828&amp;rft.creator=Laut.de\" about=\"#mwt190\" id=\"rdp-we-mwCag\"><span typeof=\"mw:Entity\" id=\"rdp-we-mwCak\">\u00a0<\/span><\/span><\/span><\/li>\n<li about=\"#cite_note-83\" id=\"cite_note-83\" data-mw-footnote-number=\"83\"><span class=\"mw-cite-backlink\" id=\"rdp-we-mwCao\"><a href=\"#cite_ref-83\" rel=\"mw:referencedBy\" id=\"rdp-we-mwCas\"><span class=\"mw-linkback-text\" id=\"rdp-we-mwCaw\">\u2191<\/span><\/a><\/span> <span id=\"rdp-we-mw-reference-text-cite_note-83\" class=\"mw-reference-text reference-text\"><span class=\"cite\" about=\"#mwt192\" typeof=\"mw:Transclusion\" id=\"rdp-we-mwCa0\" data-mw='{\"parts\":[{\"template\":{\"target\":{\"wt\":\"Internetquelle \",\"href\":\".\/Vorlage:Internetquelle\"},\"params\":{\"autor\":{\"wt\":\"Storz.de\"},\"url\":{\"wt\":\"http:\/\/www.storz.de\/leistungen\/image-produktvideos\/drogenpraeventions-dvd-cannobis\"},\"titel\":{\"wt\":\"Drogenpr\u00e4ventions-DVD \u201eCanNObis\u201c\"},\"abruf\":{\"wt\":\"2014-03-26\"}},\"i\":0}}]}'>Storz.de:<span typeof=\"mw:Entity\" id=\"rdp-we-mwCa4\"> <\/span><a rel=\"external_link\" href=\"http:\/\/www.storz.de\/leistungen\/image-produktvideos\/drogenpraeventions-dvd-cannobis\" class=\"external text\" id=\"rdp-we-mwCa8\" target=\"_new\"><i id=\"rdp-we-mwCbA\">Drogenpr\u00e4ventions-DVD \u201eCanNObis\u201c.<\/i><\/a><span class=\"Abrufdatum\" id=\"rdp-we-mwCbE\"><span typeof=\"mw:Entity\" id=\"rdp-we-mwCbI\"> <\/span>Abgerufen am 26.<span typeof=\"mw:Entity\" id=\"rdp-we-mwCbM\">\u00a0<\/span>M\u00e4rz 2014<\/span>.<\/span><span style=\"display: none;\" class=\"Z3988\" title=\"ctx_ver=Z39.88-2004&amp;rft_val_fmt=info%3Aofi%2Ffmt%3Akev%3Amtx%3Adc&amp;rfr_id=info%3Asid%2Fde.wikipedia.org%3AKool+Savas&amp;rft.title=Drogenpr%C3%A4ventions-DVD+%E2%80%9ECanNObis%E2%80%9C&amp;rft.description=Drogenpr%C3%A4ventions-DVD+%E2%80%9ECanNObis%E2%80%9C&amp;rft.identifier=http%3A%2F%2Fwww.storz.de%2Fleistungen%2Fimage-produktvideos%2Fdrogenpraeventions-dvd-cannobis&amp;rft.creator=Storz.de\" about=\"#mwt192\" id=\"rdp-we-mwCbQ\"><span typeof=\"mw:Entity\" id=\"rdp-we-mwCbU\">\u00a0<\/span><\/span><\/span><\/li>\n<li about=\"#cite_note-84\" id=\"cite_note-84\" data-mw-footnote-number=\"84\"><span class=\"mw-cite-backlink\" id=\"rdp-we-mwCbY\"><a href=\"#cite_ref-84\" rel=\"mw:referencedBy\" id=\"rdp-we-mwCbc\"><span class=\"mw-linkback-text\" id=\"rdp-we-mwCbg\">\u2191<\/span><\/a><\/span> <span id=\"rdp-we-mw-reference-text-cite_note-84\" class=\"mw-reference-text reference-text\"><span class=\"cite\" about=\"#mwt194\" typeof=\"mw:Transclusion\" id=\"rdp-we-mwCbk\" data-mw='{\"parts\":[{\"template\":{\"target\":{\"wt\":\"Internetquelle \",\"href\":\".\/Vorlage:Internetquelle\"},\"params\":{\"autor\":{\"wt\":\"Thcene.com\"},\"url\":{\"wt\":\"http:\/\/thcene.com\/2012\/04\/interview-mit-kool-savas\/\"},\"titel\":{\"wt\":\"Interview mit KOOL SAVAS\"},\"offline\":{\"wt\":\"1\"},\"archiv-url\":{\"wt\":\"https:\/\/web.archive.org\/web\/20140407080344\/http:\/\/thcene.com\/2012\/04\/interview-mit-kool-savas\/\"},\"archiv-datum\":{\"wt\":\"2014-04-07\"},\"abruf\":{\"wt\":\"2014-03-26\"}},\"i\":0}}]}'>Thcene.com:<span typeof=\"mw:Entity\" id=\"rdp-we-mwCbo\"> <\/span><a rel=\"external_link\" href=\"https:\/\/web.archive.org\/web\/20140407080344\/http:\/\/thcene.com\/2012\/04\/interview-mit-kool-savas\/\" class=\"external text\" id=\"rdp-we-mwCbs\" target=\"_new\"><i id=\"rdp-we-mwCbw\">Interview mit KOOL SAVAS.<\/i><\/a><span typeof=\"mw:Entity\" id=\"rdp-we-mwCb0\"> <\/span>Archiviert<span typeof=\"mw:Entity\" id=\"rdp-we-mwCb4\"> <\/span>vom<span typeof=\"mw:Entity\" id=\"rdp-we-mwCb8\"> <\/span><link rel=\"mw-deduplicated-inline-style\" href=\"mw-data:TemplateStyles:r250917974\" about=\"#mwt195\" typeof=\"mw:Extension\/templatestyles\" id=\"rdp-we-mwCcA\" data-mw='{\"name\":\"templatestyles\",\"attrs\":{\"src\":\"Vorlage:IconExternal\/styles.css\"}}'\/><span class=\"dewiki-iconexternal\" id=\"rdp-we-mwCcE\"><a rel=\"external_link\" href=\"https:\/\/redirecter.toolforge.org\/?url=http%3A%2F%2Fthcene.com%2F2012%2F04%2Finterview-mit-kool-savas%2F\" class=\"external text\" id=\"rdp-we-mwCcI\" target=\"_new\">Original<\/a><\/span><span typeof=\"mw:Entity\" id=\"rdp-we-mwCcM\"> <\/span>(nicht mehr online verf\u00fcgbar)<span typeof=\"mw:Entity\" id=\"rdp-we-mwCcQ\"> <\/span>am<span typeof=\"mw:Entity\" id=\"rdp-we-mwCcU\"> <\/span><span style=\"white-space:nowrap;\" id=\"rdp-we-mwCcY\">7.<span typeof=\"mw:Entity\" id=\"rdp-we-mwCcc\">\u00a0<\/span>April 2014<\/span><span id=\"rdp-we-mwCcg\">;<\/span><span class=\"Abrufdatum\" id=\"rdp-we-mwCck\"><span typeof=\"mw:Entity\" id=\"rdp-we-mwCco\"> <\/span>abgerufen am 26.<span typeof=\"mw:Entity\" id=\"rdp-we-mwCcs\">\u00a0<\/span>M\u00e4rz 2014<\/span>.<\/span><span style=\"display: none;\" class=\"Z3988\" title=\"ctx_ver=Z39.88-2004&amp;rft_val_fmt=info%3Aofi%2Ffmt%3Akev%3Amtx%3Adc&amp;rfr_id=info%3Asid%2Fde.wikipedia.org%3AKool+Savas&amp;rft.title=Interview+mit+KOOL+SAVAS&amp;rft.description=Interview+mit+KOOL+SAVAS&amp;rft.identifier=https%3A%2F%2Fweb.archive.org%2Fweb%2F20140407080344%2Fhttp%3A%2F%2Fthcene.com%2F2012%2F04%2Finterview-mit-kool-savas%2F&amp;rft.creator=Thcene.com&amp;rft.source=http:\/\/thcene.com\/2012\/04\/interview-mit-kool-savas\/\" about=\"#mwt194\" id=\"rdp-we-mwCcw\"><span typeof=\"mw:Entity\" id=\"rdp-we-mwCc0\">\u00a0<\/span><\/span><\/span><\/li>\n<li about=\"#cite_note-85\" id=\"cite_note-85\" data-mw-footnote-number=\"85\"><span class=\"mw-cite-backlink\" id=\"rdp-we-mwCc4\"><a href=\"#cite_ref-85\" rel=\"mw:referencedBy\" id=\"rdp-we-mwCc8\"><span class=\"mw-linkback-text\" id=\"rdp-we-mwCdA\">\u2191<\/span><\/a><\/span> <span id=\"rdp-we-mw-reference-text-cite_note-85\" class=\"mw-reference-text reference-text\"><span class=\"cite\" about=\"#mwt197\" typeof=\"mw:Transclusion\" id=\"rdp-we-mwCdE\" data-mw='{\"parts\":[{\"template\":{\"target\":{\"wt\":\"Internetquelle \",\"href\":\".\/Vorlage:Internetquelle\"},\"params\":{\"autor\":{\"wt\":\"Rap.de\"},\"url\":{\"wt\":\"http:\/\/www.rap.de\/news\/5738\"},\"titel\":{\"wt\":\"Kool Savas engagiert sich\"},\"offline\":{\"wt\":\"1\"},\"archiv-url\":{\"wt\":\"https:\/\/web.archive.org\/web\/20140407072810\/http:\/\/www.rap.de\/news\/5738\"},\"archiv-datum\":{\"wt\":\"2014-04-07\"},\"abruf\":{\"wt\":\"2014-03-26\"}},\"i\":0}}]}'>Rap.de:<span typeof=\"mw:Entity\" id=\"rdp-we-mwCdI\"> <\/span><a rel=\"external_link\" href=\"https:\/\/web.archive.org\/web\/20140407072810\/http:\/\/www.rap.de\/news\/5738\" class=\"external text\" id=\"rdp-we-mwCdM\" target=\"_new\"><i id=\"rdp-we-mwCdQ\">Kool Savas engagiert sich.<\/i><\/a><span typeof=\"mw:Entity\" id=\"rdp-we-mwCdU\"> <\/span>Archiviert<span typeof=\"mw:Entity\" id=\"rdp-we-mwCdY\"> <\/span>vom<span typeof=\"mw:Entity\" id=\"rdp-we-mwCdc\"> <\/span><link rel=\"mw-deduplicated-inline-style\" href=\"mw-data:TemplateStyles:r250917974\" about=\"#mwt198\" typeof=\"mw:Extension\/templatestyles\" id=\"rdp-we-mwCdg\" data-mw='{\"name\":\"templatestyles\",\"attrs\":{\"src\":\"Vorlage:IconExternal\/styles.css\"}}'\/><span class=\"dewiki-iconexternal\" id=\"rdp-we-mwCdk\"><a rel=\"external_link\" href=\"https:\/\/redirecter.toolforge.org\/?url=http%3A%2F%2Fwww.rap.de%2Fnews%2F5738\" class=\"external text\" id=\"rdp-we-mwCdo\" target=\"_new\">Original<\/a><\/span><span typeof=\"mw:Entity\" id=\"rdp-we-mwCds\"> <\/span>(nicht mehr online verf\u00fcgbar)<span typeof=\"mw:Entity\" id=\"rdp-we-mwCdw\"> <\/span>am<span typeof=\"mw:Entity\" id=\"rdp-we-mwCd0\"> <\/span><span style=\"white-space:nowrap;\" id=\"rdp-we-mwCd4\">7.<span typeof=\"mw:Entity\" id=\"rdp-we-mwCd8\">\u00a0<\/span>April 2014<\/span><span id=\"rdp-we-mwCeA\">;<\/span><span class=\"Abrufdatum\" id=\"rdp-we-mwCeE\"><span typeof=\"mw:Entity\" id=\"rdp-we-mwCeI\"> <\/span>abgerufen am 26.<span typeof=\"mw:Entity\" id=\"rdp-we-mwCeM\">\u00a0<\/span>M\u00e4rz 2014<\/span>.<\/span><span style=\"display: none;\" class=\"Z3988\" title=\"ctx_ver=Z39.88-2004&amp;rft_val_fmt=info%3Aofi%2Ffmt%3Akev%3Amtx%3Adc&amp;rfr_id=info%3Asid%2Fde.wikipedia.org%3AKool+Savas&amp;rft.title=Kool+Savas+engagiert+sich&amp;rft.description=Kool+Savas+engagiert+sich&amp;rft.identifier=https%3A%2F%2Fweb.archive.org%2Fweb%2F20140407072810%2Fhttp%3A%2F%2Fwww.rap.de%2Fnews%2F5738&amp;rft.creator=Rap.de&amp;rft.source=http:\/\/www.rap.de\/news\/5738\" about=\"#mwt197\" id=\"rdp-we-mwCeQ\"><span typeof=\"mw:Entity\" id=\"rdp-we-mwCeU\">\u00a0<\/span><\/span><\/span><\/li>\n<li about=\"#cite_note-86\" id=\"cite_note-86\" data-mw-footnote-number=\"86\"><span class=\"mw-cite-backlink\" id=\"rdp-we-mwCeY\"><a href=\"#cite_ref-86\" rel=\"mw:referencedBy\" id=\"rdp-we-mwCec\"><span class=\"mw-linkback-text\" id=\"rdp-we-mwCeg\">\u2191<\/span><\/a><\/span> <span id=\"rdp-we-mw-reference-text-cite_note-86\" class=\"mw-reference-text reference-text\"><span class=\"cite\" about=\"#mwt200\" typeof=\"mw:Transclusion\" id=\"rdp-we-mwCek\" data-mw='{\"parts\":[{\"template\":{\"target\":{\"wt\":\"Internetquelle \",\"href\":\".\/Vorlage:Internetquelle\"},\"params\":{\"autor\":{\"wt\":\"Vivaconagua.org\"},\"url\":{\"wt\":\"http:\/\/www.vivaconagua.org\/index.htm?post?557\"},\"titel\":{\"wt\":\"Kool Savas Versteigerung riesen Erfolg\"},\"offline\":{\"wt\":\"1\"},\"archiv-url\":{\"wt\":\"https:\/\/web.archive.org\/web\/20140407065414\/http:\/\/www.vivaconagua.org\/index.htm?post%3F557\"},\"archiv-datum\":{\"wt\":\"2014-04-07\"},\"abruf\":{\"wt\":\"2014-03-26\"}},\"i\":0}}]}'>Vivaconagua.org:<span typeof=\"mw:Entity\" id=\"rdp-we-mwCeo\"> <\/span><a rel=\"external_link\" href=\"https:\/\/web.archive.org\/web\/20140407065414\/http:\/\/www.vivaconagua.org\/index.htm?post?557\" class=\"external text\" id=\"rdp-we-mwCes\" target=\"_new\"><i id=\"rdp-we-mwCew\">Kool Savas Versteigerung riesen Erfolg.<\/i><\/a><span typeof=\"mw:Entity\" id=\"rdp-we-mwCe0\"> <\/span>Archiviert<span typeof=\"mw:Entity\" id=\"rdp-we-mwCe4\"> <\/span>vom<span typeof=\"mw:Entity\" id=\"rdp-we-mwCe8\"> <\/span><link rel=\"mw-deduplicated-inline-style\" href=\"mw-data:TemplateStyles:r250917974\" about=\"#mwt201\" typeof=\"mw:Extension\/templatestyles\" id=\"rdp-we-mwCfA\" data-mw='{\"name\":\"templatestyles\",\"attrs\":{\"src\":\"Vorlage:IconExternal\/styles.css\"}}'\/><span class=\"dewiki-iconexternal\" id=\"rdp-we-mwCfE\"><a rel=\"external_link\" href=\"https:\/\/redirecter.toolforge.org\/?url=http%3A%2F%2Fwww.vivaconagua.org%2Findex.htm%3Fpost%3F557\" class=\"external text\" id=\"rdp-we-mwCfI\" target=\"_new\">Original<\/a><\/span><span typeof=\"mw:Entity\" id=\"rdp-we-mwCfM\"> <\/span>(nicht mehr online verf\u00fcgbar)<span typeof=\"mw:Entity\" id=\"rdp-we-mwCfQ\"> <\/span>am<span typeof=\"mw:Entity\" id=\"rdp-we-mwCfU\"> <\/span><span style=\"white-space:nowrap;\" id=\"rdp-we-mwCfY\">7.<span typeof=\"mw:Entity\" id=\"rdp-we-mwCfc\">\u00a0<\/span>April 2014<\/span><span id=\"rdp-we-mwCfg\">;<\/span><span class=\"Abrufdatum\" id=\"rdp-we-mwCfk\"><span typeof=\"mw:Entity\" id=\"rdp-we-mwCfo\"> <\/span>abgerufen am 26.<span typeof=\"mw:Entity\" id=\"rdp-we-mwCfs\">\u00a0<\/span>M\u00e4rz 2014<\/span>.<\/span><span style=\"display: none;\" class=\"Z3988\" title=\"ctx_ver=Z39.88-2004&amp;rft_val_fmt=info%3Aofi%2Ffmt%3Akev%3Amtx%3Adc&amp;rfr_id=info%3Asid%2Fde.wikipedia.org%3AKool+Savas&amp;rft.title=Kool+Savas+Versteigerung+riesen+Erfolg&amp;rft.description=Kool+Savas+Versteigerung+riesen+Erfolg&amp;rft.identifier=https%3A%2F%2Fweb.archive.org%2Fweb%2F20140407065414%2Fhttp%3A%2F%2Fwww.vivaconagua.org%2Findex.htm%3Fpost%253F557&amp;rft.creator=Vivaconagua.org&amp;rft.source=http:\/\/www.vivaconagua.org\/index.htm?post?557\" about=\"#mwt200\" id=\"rdp-we-mwCfw\"><span typeof=\"mw:Entity\" id=\"rdp-we-mwCf0\">\u00a0<\/span><\/span><\/span><\/li>\n<li about=\"#cite_note-87\" id=\"cite_note-87\" data-mw-footnote-number=\"87\"><span class=\"mw-cite-backlink\" id=\"rdp-we-mwCf4\"><a href=\"#cite_ref-87\" rel=\"mw:referencedBy\" id=\"rdp-we-mwCf8\"><span class=\"mw-linkback-text\" id=\"rdp-we-mwCgA\">\u2191<\/span><\/a><\/span> <span id=\"rdp-we-mw-reference-text-cite_note-87\" class=\"mw-reference-text reference-text\"><span class=\"cite\" about=\"#mwt203\" typeof=\"mw:Transclusion\" id=\"rdp-we-mwCgE\" data-mw='{\"parts\":[{\"template\":{\"target\":{\"wt\":\"Internetquelle \",\"href\":\".\/Vorlage:Internetquelle\"},\"params\":{\"autor\":{\"wt\":\"Visions4children.com\"},\"url\":{\"wt\":\"http:\/\/de.visions4children.com\/?post_publications=interview-mit-kool-savas\"},\"titel\":{\"wt\":\"Savas for Children \u2013 Volle Power \/ Visions feat. Savas \u2013 Volle Power!\"},\"offline\":{\"wt\":\"1\"},\"archiv-url\":{\"wt\":\"https:\/\/web.archive.org\/web\/20131203103541\/http:\/\/de.visions4children.com\/?post_publications=interview-mit-kool-savas\"},\"archiv-datum\":{\"wt\":\"2013-12-03\"},\"abruf\":{\"wt\":\"2014-03-26\"}},\"i\":0}}]}'>Visions4children.com:<span typeof=\"mw:Entity\" id=\"rdp-we-mwCgI\"> <\/span><a rel=\"external_link\" href=\"https:\/\/web.archive.org\/web\/20131203103541\/http:\/\/de.visions4children.com\/?post_publications=interview-mit-kool-savas\" class=\"external text\" id=\"rdp-we-mwCgM\" target=\"_new\"><i id=\"rdp-we-mwCgQ\">Savas for Children \u2013 Volle Power \/ Visions feat. Savas \u2013 Volle Power!<\/i><\/a><span typeof=\"mw:Entity\" id=\"rdp-we-mwCgU\"> <\/span>Archiviert<span typeof=\"mw:Entity\" id=\"rdp-we-mwCgY\"> <\/span>vom<span typeof=\"mw:Entity\" id=\"rdp-we-mwCgc\"> <\/span><link rel=\"mw-deduplicated-inline-style\" href=\"mw-data:TemplateStyles:r250917974\" about=\"#mwt204\" typeof=\"mw:Extension\/templatestyles\" id=\"rdp-we-mwCgg\" data-mw='{\"name\":\"templatestyles\",\"attrs\":{\"src\":\"Vorlage:IconExternal\/styles.css\"}}'\/><span class=\"dewiki-iconexternal\" id=\"rdp-we-mwCgk\"><a rel=\"external_link\" href=\"https:\/\/redirecter.toolforge.org\/?url=http%3A%2F%2Fde.visions4children.com%2F%3Fpost_publications%3Dinterview-mit-kool-savas\" class=\"external text\" id=\"rdp-we-mwCgo\" target=\"_new\">Original<\/a><\/span><span typeof=\"mw:Entity\" id=\"rdp-we-mwCgs\"> <\/span>(nicht mehr online verf\u00fcgbar)<span typeof=\"mw:Entity\" id=\"rdp-we-mwCgw\"> <\/span>am<span typeof=\"mw:Entity\" id=\"rdp-we-mwCg0\"> <\/span><span style=\"white-space:nowrap;\" id=\"rdp-we-mwCg4\">3.<span typeof=\"mw:Entity\" id=\"rdp-we-mwCg8\">\u00a0<\/span>Dezember 2013<\/span><span id=\"rdp-we-mwChA\">;<\/span><span class=\"Abrufdatum\" id=\"rdp-we-mwChE\"><span typeof=\"mw:Entity\" id=\"rdp-we-mwChI\"> <\/span>abgerufen am 26.<span typeof=\"mw:Entity\" id=\"rdp-we-mwChM\">\u00a0<\/span>M\u00e4rz 2014<\/span>.<\/span><span style=\"display: none;\" class=\"Z3988\" title=\"ctx_ver=Z39.88-2004&amp;rft_val_fmt=info%3Aofi%2Ffmt%3Akev%3Amtx%3Adc&amp;rfr_id=info%3Asid%2Fde.wikipedia.org%3AKool+Savas&amp;rft.title=Savas+for+Children+%E2%80%93+Volle+Power+%2F+Visions+feat.+Savas+%E2%80%93+Volle+Power%21&amp;rft.description=Savas+for+Children+%E2%80%93+Volle+Power+%2F+Visions+feat.+Savas+%E2%80%93+Volle+Power%21&amp;rft.identifier=https%3A%2F%2Fweb.archive.org%2Fweb%2F20131203103541%2Fhttp%3A%2F%2Fde.visions4children.com%2F%3Fpost_publications%3Dinterview-mit-kool-savas&amp;rft.creator=Visions4children.com&amp;rft.source=http:\/\/de.visions4children.com\/?post_publications=interview-mit-kool-savas\" about=\"#mwt203\" id=\"rdp-we-mwChQ\"><span typeof=\"mw:Entity\" id=\"rdp-we-mwChU\">\u00a0<\/span><\/span><\/span><\/li>\n<li about=\"#cite_note-88\" id=\"cite_note-88\" data-mw-footnote-number=\"88\"><span class=\"mw-cite-backlink\" id=\"rdp-we-mwChY\"><a href=\"#cite_ref-88\" rel=\"mw:referencedBy\" id=\"rdp-we-mwChc\"><span class=\"mw-linkback-text\" id=\"rdp-we-mwChg\">\u2191<\/span><\/a><\/span> <span id=\"rdp-we-mw-reference-text-cite_note-88\" class=\"mw-reference-text reference-text\"><span class=\"cite\" about=\"#mwt206\" typeof=\"mw:Transclusion\" id=\"rdp-we-mwChk\" data-mw='{\"parts\":[{\"template\":{\"target\":{\"wt\":\"Internetquelle \",\"href\":\".\/Vorlage:Internetquelle\"},\"params\":{\"autor\":{\"wt\":\"Hiphop.de\"},\"url\":{\"wt\":\"http:\/\/hiphop.de\/magazin\/news\/spendenaktion-von-kool-savas-und-hiphopde-2600%E2%82%AC-%C3%BCbergeben-264239#.U_hySqPAYbS\"},\"titel\":{\"wt\":\"Spendenaktion von Kool Savas und Hiphop.de: 2.600\u20ac \u00fcbergeben\"},\"abruf\":{\"wt\":\"2014-08-23\"}},\"i\":0}}]}'>Hiphop.de:<span typeof=\"mw:Entity\" id=\"rdp-we-mwCho\"> <\/span><a rel=\"external_link\" href=\"http:\/\/hiphop.de\/magazin\/news\/spendenaktion-von-kool-savas-und-hiphopde-2600%E2%82%AC-%C3%BCbergeben-264239#.U_hySqPAYbS\" class=\"external text\" id=\"rdp-we-mwChs\" target=\"_new\"><i id=\"rdp-we-mwChw\">Spendenaktion von Kool Savas und Hiphop.de: 2.600\u20ac \u00fcbergeben.<\/i><\/a><span class=\"Abrufdatum\" id=\"rdp-we-mwCh0\"><span typeof=\"mw:Entity\" id=\"rdp-we-mwCh4\"> <\/span>Abgerufen am 23.<span typeof=\"mw:Entity\" id=\"rdp-we-mwCh8\">\u00a0<\/span>August 2014<\/span>.<\/span><span style=\"display: none;\" class=\"Z3988\" title=\"ctx_ver=Z39.88-2004&amp;rft_val_fmt=info%3Aofi%2Ffmt%3Akev%3Amtx%3Adc&amp;rfr_id=info%3Asid%2Fde.wikipedia.org%3AKool+Savas&amp;rft.title=Spendenaktion+von+Kool+Savas+und+Hiphop.de%3A+2.600%E2%82%AC+%C3%BCbergeben&amp;rft.description=Spendenaktion+von+Kool+Savas+und+Hiphop.de%3A+2.600%E2%82%AC+%C3%BCbergeben&amp;rft.identifier=http%3A%2F%2Fhiphop.de%2Fmagazin%2Fnews%2Fspendenaktion-von-kool-savas-und-hiphopde-2600%25E2%2582%25AC-%25C3%25BCbergeben-264239%23.U_hySqPAYbS&amp;rft.creator=Hiphop.de\" about=\"#mwt206\" id=\"rdp-we-mwCiA\"><span typeof=\"mw:Entity\" id=\"rdp-we-mwCiE\">\u00a0<\/span><\/span><\/span><\/li>\n<li about=\"#cite_note-89\" id=\"cite_note-89\" data-mw-footnote-number=\"89\"><span class=\"mw-cite-backlink\" id=\"rdp-we-mwCiI\"><a href=\"#cite_ref-89\" rel=\"mw:referencedBy\" id=\"rdp-we-mwCiM\"><span class=\"mw-linkback-text\" id=\"rdp-we-mwCiQ\">\u2191<\/span><\/a><\/span> <span id=\"rdp-we-mw-reference-text-cite_note-89\" class=\"mw-reference-text reference-text\"><span class=\"cite\" about=\"#mwt208\" typeof=\"mw:Transclusion\" id=\"rdp-we-mwCiU\" data-mw='{\"parts\":[{\"template\":{\"target\":{\"wt\":\"Internetquelle \",\"href\":\".\/Vorlage:Internetquelle\"},\"params\":{\"autor\":{\"wt\":\"Laut.de\"},\"url\":{\"wt\":\"https:\/\/www.laut.de\/News\/Doubletime-Er-ist-wieder-da!-08-10-2015-11828\/Seite-19\"},\"titel\":{\"wt\":\"Doubletime \u2013 Er ist wieder da!\"},\"abruf\":{\"wt\":\"2019-07-22\"}},\"i\":0}}]}'>Laut.de:<span typeof=\"mw:Entity\" id=\"rdp-we-mwCiY\"> <\/span><a rel=\"external_link\" href=\"https:\/\/www.laut.de\/News\/Doubletime-Er-ist-wieder-da!-08-10-2015-11828\/Seite-19\" class=\"external text\" id=\"rdp-we-mwCic\" target=\"_new\"><i id=\"rdp-we-mwCig\">Doubletime \u2013 Er ist wieder da!<\/i><\/a><span class=\"Abrufdatum\" id=\"rdp-we-mwCik\"><span typeof=\"mw:Entity\" id=\"rdp-we-mwCio\"> <\/span>Abgerufen am 22.<span typeof=\"mw:Entity\" id=\"rdp-we-mwCis\">\u00a0<\/span>Juli 2019<\/span>.<\/span><span style=\"display: none;\" class=\"Z3988\" title=\"ctx_ver=Z39.88-2004&amp;rft_val_fmt=info%3Aofi%2Ffmt%3Akev%3Amtx%3Adc&amp;rfr_id=info%3Asid%2Fde.wikipedia.org%3AKool+Savas&amp;rft.title=Doubletime+%E2%80%93+Er+ist+wieder+da%21&amp;rft.description=Doubletime+%E2%80%93+Er+ist+wieder+da%21&amp;rft.identifier=https%3A%2F%2Fwww.laut.de%2FNews%2FDoubletime-Er-ist-wieder-da%21-08-10-2015-11828%2FSeite-19&amp;rft.creator=Laut.de\" about=\"#mwt208\" id=\"rdp-we-mwCiw\"><span typeof=\"mw:Entity\" id=\"rdp-we-mwCi0\">\u00a0<\/span><\/span><\/span><\/li>\n<li about=\"#cite_note-90\" id=\"cite_note-90\" data-mw-footnote-number=\"90\"><span class=\"mw-cite-backlink\" id=\"rdp-we-mwCi4\"><a href=\"#cite_ref-90\" rel=\"mw:referencedBy\" id=\"rdp-we-mwCi8\"><span class=\"mw-linkback-text\" id=\"rdp-we-mwCjA\">\u2191<\/span><\/a><\/span> <span id=\"rdp-we-mw-reference-text-cite_note-90\" class=\"mw-reference-text reference-text\"><span class=\"cite\" about=\"#mwt210\" typeof=\"mw:Transclusion\" id=\"rdp-we-mwCjE\" data-mw='{\"parts\":[{\"template\":{\"target\":{\"wt\":\"Internetquelle \",\"href\":\".\/Vorlage:Internetquelle\"},\"params\":{\"autor\":{\"wt\":\"Rap4good.de\"},\"url\":{\"wt\":\"https:\/\/www.rap4good.de\/\"},\"titel\":{\"wt\":\"Musik kann dein Leben ver\u00e4ndern\"},\"offline\":{\"wt\":\"1\"},\"archiv-url\":{\"wt\":\"https:\/\/web.archive.org\/web\/20190722210401\/https:\/\/www.rap4good.de\/\"},\"archiv-datum\":{\"wt\":\"2019-07-22\"},\"archiv-bot\":{\"wt\":\"2022-03-10 14:18:28 InternetArchiveBot\"},\"abruf\":{\"wt\":\"2019-07-22\"}},\"i\":0}}]}'>Rap4good.de:<span typeof=\"mw:Entity\" id=\"rdp-we-mwCjI\"> <\/span><a rel=\"external_link\" href=\"https:\/\/web.archive.org\/web\/20190722210401\/https:\/\/www.rap4good.de\/\" class=\"external text\" id=\"rdp-we-mwCjM\" target=\"_new\"><i id=\"rdp-we-mwCjQ\">Musik kann dein Leben ver\u00e4ndern.<\/i><\/a><span typeof=\"mw:Entity\" id=\"rdp-we-mwCjU\"> <\/span>Archiviert<span typeof=\"mw:Entity\" id=\"rdp-we-mwCjY\"> <\/span>vom<span typeof=\"mw:Entity\" id=\"rdp-we-mwCjc\"> <\/span><link rel=\"mw-deduplicated-inline-style\" href=\"mw-data:TemplateStyles:r250917974\" about=\"#mwt211\" typeof=\"mw:Extension\/templatestyles\" id=\"rdp-we-mwCjg\" data-mw='{\"name\":\"templatestyles\",\"attrs\":{\"src\":\"Vorlage:IconExternal\/styles.css\"}}'\/><span class=\"dewiki-iconexternal\" id=\"rdp-we-mwCjk\"><a rel=\"external_link\" href=\"https:\/\/redirecter.toolforge.org\/?url=https%3A%2F%2Fwww.rap4good.de%2F\" class=\"external text\" id=\"rdp-we-mwCjo\" target=\"_new\">Original<\/a><\/span><span typeof=\"mw:Entity\" id=\"rdp-we-mwCjs\"> <\/span>(nicht mehr online verf\u00fcgbar)<span typeof=\"mw:Entity\" id=\"rdp-we-mwCjw\"> <\/span>am<span typeof=\"mw:Entity\" id=\"rdp-we-mwCj0\"> <\/span><span style=\"white-space:nowrap;\" id=\"rdp-we-mwCj4\">22.<span typeof=\"mw:Entity\" id=\"rdp-we-mwCj8\">\u00a0<\/span>Juli 2019<\/span><span id=\"rdp-we-mwCkA\">;<\/span><span class=\"Abrufdatum\" id=\"rdp-we-mwCkE\"><span typeof=\"mw:Entity\" id=\"rdp-we-mwCkI\"> <\/span>abgerufen am 22.<span typeof=\"mw:Entity\" id=\"rdp-we-mwCkM\">\u00a0<\/span>Juli 2019<\/span>.<\/span><span typeof=\"mw:Entity\" about=\"#mwt210\" id=\"rdp-we-mwCkQ\"> <\/span><small class=\"archiv-bot\" about=\"#mwt210\" id=\"rdp-we-mwCkU\"><span class=\"wp_boppel noviewer\" aria-hidden=\"true\" role=\"presentation\" id=\"rdp-we-mwCkY\"><span typeof=\"mw:File\" id=\"rdp-we-mwCkc\" data-mw='{\"caption\":\"i\"}'><span title=\"i\" id=\"rdp-we-mwCkg\"><img resource=\"https:\/\/de.wikipedia.org\/wiki\/Datei:Pictogram_voting_info.svg\" src=\"https:\/\/thumb.wikimedia.org\/wikipedia\/commons\/thumb\/4\/4a\/Pictogram_voting_info.svg\/20px-Pictogram_voting_info.svg.png?utm_source=de.wikipedia.org&amp;utm_campaign=parser&amp;utm_content=thumbnail\" decoding=\"async\" loading=\"lazy\" alt=\"\" data-file-type=\"drawing\" height=\"15\" width=\"15\" class=\"mw-file-element\" id=\"rdp-we-mwCkk\"\/><\/span><\/span><\/span><span typeof=\"mw:Entity\" id=\"rdp-we-mwCko\">\u00a0<\/span><b id=\"rdp-we-mwCks\">Info:<\/b> Der Archivlink wurde automatisch eingesetzt und noch nicht gepr\u00fcft. Bitte pr\u00fcfe Original- und Archivlink gem\u00e4\u00df <a rel=\"mw:WikiLink\" href=\"https:\/\/de.wikipedia.org\/wiki\/Benutzer:InternetArchiveBot\/Anleitung\/Archivlink\" title=\"Benutzer:InternetArchiveBot\/Anleitung\/Archivlink\" id=\"rdp-we-mwCkw\" target=\"_new\" class=\"wiki-link\">Anleitung<\/a> und entferne dann diesen Hinweis.<\/small><span style=\"display:none\" about=\"#mwt210\" id=\"rdp-we-mwCk0\"><a rel=\"external_link\" href=\"http:\/\/IABotmemento.invalid\/https:\/\/www.rap4good.de\/\" class=\"external text\" id=\"rdp-we-mwCk4\" target=\"_new\">@1<\/a><\/span><span style=\"display:none\" about=\"#mwt210\" id=\"rdp-we-mwCk8\"><a rel=\"external_link\" href=\"https:\/\/www.rap4good.de\/\" class=\"external text\" id=\"rdp-we-mwClA\" target=\"_new\">@2<\/a><\/span><span style=\"display:none\" about=\"#mwt210\" id=\"rdp-we-mwClE\"><a rel=\"mw:WikiLink\" href=\"https:\/\/de.wikipedia.org\/wiki\/Vorlage:Webachiv\/IABot\/www.rap4good.de?action=edit&redlink=1\" title=\"Vorlage:Webachiv\/IABot\/www.rap4good.de (Seite nicht vorhanden)\" class=\"new wiki-link\" typeof=\"mw:LocalizedAttrs\" id=\"rdp-we-mwClI\" data-mw-i18n='{\"title\":{\"lang\":\"x-page\",\"key\":\"red-link-title\",\"params\":[\"Vorlage:Webachiv\/IABot\/www.rap4good.de\"]}}' target=\"_new\">Vorlage:Webachiv\/IABot\/www.rap4good.de<\/a><\/span><link rel=\"mw:PageProp\/Category\" href=\".\/Kategorie:Wikipedia:Defekte_Weblinks\/Ungepr\u00fcfte_Archivlinks_2022-03\" about=\"#mwt210\" id=\"rdp-we-mwClM\"\/><span style=\"display: none;\" class=\"Z3988\" title=\"ctx_ver=Z39.88-2004&amp;rft_val_fmt=info%3Aofi%2Ffmt%3Akev%3Amtx%3Adc&amp;rfr_id=info%3Asid%2Fde.wikipedia.org%3AKool+Savas&amp;rft.title=Musik+kann+dein+Leben+ver%C3%A4ndern&amp;rft.description=Musik+kann+dein+Leben+ver%C3%A4ndern&amp;rft.identifier=https%3A%2F%2Fweb.archive.org%2Fweb%2F20190722210401%2Fhttps%3A%2F%2Fwww.rap4good.de%2F&amp;rft.creator=Rap4good.de&amp;rft.source=https:\/\/www.rap4good.de\/\" about=\"#mwt210\" id=\"rdp-we-mwClQ\"><span typeof=\"mw:Entity\" id=\"rdp-we-mwClU\">\u00a0<\/span><\/span><\/span><\/li>\n<li about=\"#cite_note-Linz-91\" id=\"cite_note-Linz-91\" data-mw-footnote-number=\"91\"><span rel=\"mw:referencedBy\" class=\"mw-cite-backlink\" id=\"rdp-we-mwClY\"><a href=\"#cite_ref-Linz_91-0\" id=\"rdp-we-mwClc\"><span class=\"mw-linkback-text\" id=\"rdp-we-mwClg\">1<\/span><\/a> <a href=\"#cite_ref-Linz_91-1\" id=\"rdp-we-mwClk\"><span class=\"mw-linkback-text\" id=\"rdp-we-mwClo\">2<\/span><\/a><\/span> <span id=\"rdp-we-mw-reference-text-cite_note-Linz-91\" class=\"mw-reference-text reference-text\">Stefan Linz: <i id=\"rdp-we-mwCls\">Sprache in der deutschen Rapmusik als Kriterium im Jugendmedienschutz<\/i>. In: <i id=\"rdp-we-mwClw\">tv diskurs<\/i>, 47, 2009.<\/span><\/li>\n<li about=\"#cite_note-Kunst_und_Gewalt-92\" id=\"cite_note-Kunst_und_Gewalt-92\" data-mw-footnote-number=\"92\"><span rel=\"mw:referencedBy\" class=\"mw-cite-backlink\" id=\"rdp-we-mwCl0\"><a href=\"#cite_ref-Kunst_und_Gewalt_92-0\" id=\"rdp-we-mwCl4\"><span class=\"mw-linkback-text\" id=\"rdp-we-mwCl8\">1<\/span><\/a> <a href=\"#cite_ref-Kunst_und_Gewalt_92-1\" id=\"rdp-we-mwCmA\"><span class=\"mw-linkback-text\" id=\"rdp-we-mwCmE\">2<\/span><\/a><\/span> <span id=\"rdp-we-mw-reference-text-cite_note-Kunst_und_Gewalt-92\" class=\"mw-reference-text reference-text\">Natalie Philippe: <i id=\"rdp-we-mwCmI\">Kunst und Gewalt: Battles im HipHop. Eine diskursanalytische Untersuchung der Sprechakte \u201eboasten\u201c und \u201edissen\u201c in deutschsprachigen Rap-Texten der Jahre 2001 bis 2004<\/i>. Justus Liebig-Universit\u00e4t Gie\u00dfen, Mai 2005.<\/span><\/li>\n<li about=\"#cite_note-Laut-Beste-93\" id=\"cite_note-Laut-Beste-93\" data-mw-footnote-number=\"93\"><span rel=\"mw:referencedBy\" class=\"mw-cite-backlink\" id=\"rdp-we-mwCmM\"><a href=\"#cite_ref-Laut-Beste_93-0\" id=\"rdp-we-mwCmQ\"><span class=\"mw-linkback-text\" id=\"rdp-we-mwCmU\">1<\/span><\/a> <a href=\"#cite_ref-Laut-Beste_93-1\" id=\"rdp-we-mwCmY\"><span class=\"mw-linkback-text\" id=\"rdp-we-mwCmc\">2<\/span><\/a><\/span> <span id=\"rdp-we-mw-reference-text-cite_note-Laut-Beste-93\" class=\"mw-reference-text reference-text\"><span class=\"cite\" about=\"#mwt217\" typeof=\"mw:Transclusion\" id=\"rdp-we-mwCmg\" data-mw='{\"parts\":[{\"template\":{\"target\":{\"wt\":\"Internetquelle \",\"href\":\".\/Vorlage:Internetquelle\"},\"params\":{\"autor\":{\"wt\":\"Laut.de\"},\"url\":{\"wt\":\"http:\/\/www.laut.de\/Kool-Savas\/Alben\/Der-Beste-Tag-Meines-Lebens-3690\"},\"titel\":{\"wt\":\"Das beste deutschsprachige Rap-Deb\u00fct aller Zeiten.\"},\"abruf\":{\"wt\":\"2014-03-30\"}},\"i\":0}}]}'>Laut.de:<span typeof=\"mw:Entity\" id=\"rdp-we-mwCmk\"> <\/span><a rel=\"external_link\" href=\"http:\/\/www.laut.de\/Kool-Savas\/Alben\/Der-Beste-Tag-Meines-Lebens-3690\" class=\"external text\" id=\"rdp-we-mwCmo\" target=\"_new\"><i id=\"rdp-we-mwCms\">Das beste deutschsprachige Rap-Deb\u00fct aller Zeiten.<\/i><\/a><span class=\"Abrufdatum\" id=\"rdp-we-mwCmw\"><span typeof=\"mw:Entity\" id=\"rdp-we-mwCm0\"> <\/span>Abgerufen am 30.<span typeof=\"mw:Entity\" id=\"rdp-we-mwCm4\">\u00a0<\/span>M\u00e4rz 2014<\/span>.<\/span><span style=\"display: none;\" class=\"Z3988\" title=\"ctx_ver=Z39.88-2004&amp;rft_val_fmt=info%3Aofi%2Ffmt%3Akev%3Amtx%3Adc&amp;rfr_id=info%3Asid%2Fde.wikipedia.org%3AKool+Savas&amp;rft.title=Das+beste+deutschsprachige+Rap-Deb%C3%BCt+aller+Zeiten.&amp;rft.description=Das+beste+deutschsprachige+Rap-Deb%C3%BCt+aller+Zeiten.&amp;rft.identifier=http%3A%2F%2Fwww.laut.de%2FKool-Savas%2FAlben%2FDer-Beste-Tag-Meines-Lebens-3690&amp;rft.creator=Laut.de\" about=\"#mwt217\" id=\"rdp-we-mwCm8\"><span typeof=\"mw:Entity\" id=\"rdp-we-mwCnA\">\u00a0<\/span><\/span><\/span><\/li>\n<li about=\"#cite_note-94\" id=\"cite_note-94\" data-mw-footnote-number=\"94\"><span class=\"mw-cite-backlink\" id=\"rdp-we-mwCnE\"><a href=\"#cite_ref-94\" rel=\"mw:referencedBy\" id=\"rdp-we-mwCnI\"><span class=\"mw-linkback-text\" id=\"rdp-we-mwCnM\">\u2191<\/span><\/a><\/span> <span id=\"rdp-we-mw-reference-text-cite_note-94\" class=\"mw-reference-text reference-text\"><span class=\"cite\" about=\"#mwt219\" typeof=\"mw:Transclusion\" id=\"rdp-we-mwCnQ\" data-mw='{\"parts\":[{\"template\":{\"target\":{\"wt\":\"Internetquelle \",\"href\":\".\/Vorlage:Internetquelle\"},\"params\":{\"autor\":{\"wt\":\"Laut.de\"},\"url\":{\"wt\":\"http:\/\/www.laut.de\/Kool-Savas\/Alben\/Aura-71479\"},\"titel\":{\"wt\":\"Lieber toter Rapper als lebender Singer\/Songwriter.\"},\"abruf\":{\"wt\":\"2014-03-30\"}},\"i\":0}}]}'>Laut.de:<span typeof=\"mw:Entity\" id=\"rdp-we-mwCnU\"> <\/span><a rel=\"external_link\" href=\"http:\/\/www.laut.de\/Kool-Savas\/Alben\/Aura-71479\" class=\"external text\" id=\"rdp-we-mwCnY\" target=\"_new\"><i id=\"rdp-we-mwCnc\">Lieber toter Rapper als lebender Singer\/Songwriter.<\/i><\/a><span class=\"Abrufdatum\" id=\"rdp-we-mwCng\"><span typeof=\"mw:Entity\" id=\"rdp-we-mwCnk\"> <\/span>Abgerufen am 30.<span typeof=\"mw:Entity\" id=\"rdp-we-mwCno\">\u00a0<\/span>M\u00e4rz 2014<\/span>.<\/span><span style=\"display: none;\" class=\"Z3988\" title=\"ctx_ver=Z39.88-2004&amp;rft_val_fmt=info%3Aofi%2Ffmt%3Akev%3Amtx%3Adc&amp;rfr_id=info%3Asid%2Fde.wikipedia.org%3AKool+Savas&amp;rft.title=Lieber+toter+Rapper+als+lebender+Singer%2FSongwriter.&amp;rft.description=Lieber+toter+Rapper+als+lebender+Singer%2FSongwriter.&amp;rft.identifier=http%3A%2F%2Fwww.laut.de%2FKool-Savas%2FAlben%2FAura-71479&amp;rft.creator=Laut.de\" about=\"#mwt219\" id=\"rdp-we-mwCns\"><span typeof=\"mw:Entity\" id=\"rdp-we-mwCnw\">\u00a0<\/span><\/span><\/span><\/li>\n<li about=\"#cite_note-Juice-25-95\" id=\"cite_note-Juice-25-95\" data-mw-footnote-number=\"95\"><span rel=\"mw:referencedBy\" class=\"mw-cite-backlink\" id=\"rdp-we-mwCn0\"><a href=\"#cite_ref-Juice-25_95-0\" id=\"rdp-we-mwCn4\"><span class=\"mw-linkback-text\" id=\"rdp-we-mwCn8\">1<\/span><\/a> <a href=\"#cite_ref-Juice-25_95-1\" id=\"rdp-we-mwCoA\"><span class=\"mw-linkback-text\" id=\"rdp-we-mwCoE\">2<\/span><\/a> <a href=\"#cite_ref-Juice-25_95-2\" id=\"rdp-we-mwCoI\"><span class=\"mw-linkback-text\" id=\"rdp-we-mwCoM\">3<\/span><\/a> <a href=\"#cite_ref-Juice-25_95-3\" id=\"rdp-we-mwCoQ\"><span class=\"mw-linkback-text\" id=\"rdp-we-mwCoU\">4<\/span><\/a><\/span> <span id=\"rdp-we-mw-reference-text-cite_note-Juice-25-95\" class=\"mw-reference-text reference-text\"><i id=\"rdp-we-mwCoY\">Juice Special Issue \u2013 Kool Savas<\/i> \u2013 Seite 25\u201326 \u2013 Dezember 2011\/Januar\/Februar 2012<\/span><\/li>\n<li about=\"#cite_note-96\" id=\"cite_note-96\" data-mw-footnote-number=\"96\"><span class=\"mw-cite-backlink\" id=\"rdp-we-mwCoc\"><a href=\"#cite_ref-96\" rel=\"mw:referencedBy\" id=\"rdp-we-mwCog\"><span class=\"mw-linkback-text\" id=\"rdp-we-mwCok\">\u2191<\/span><\/a><\/span> <span id=\"rdp-we-mw-reference-text-cite_note-96\" class=\"mw-reference-text reference-text\">Oliver Kautny: <i id=\"rdp-we-mwCoo\">Ridin\u2019 the Beat \u2013 Ann\u00e4herungen an das Ph\u00e4nomen Flow<\/i>. In: <i id=\"rdp-we-mwCos\">Die Stimme im HipHop \u2013 Untersuchungen eines intermedialen Ph\u00e4nomens<\/i>, 2009.<\/span><\/li>\n<li about=\"#cite_note-97\" id=\"cite_note-97\" data-mw-footnote-number=\"97\"><span class=\"mw-cite-backlink\" id=\"rdp-we-mwCow\"><a href=\"#cite_ref-97\" rel=\"mw:referencedBy\" id=\"rdp-we-mwCo0\"><span class=\"mw-linkback-text\" id=\"rdp-we-mwCo4\">\u2191<\/span><\/a><\/span> <span id=\"rdp-we-mw-reference-text-cite_note-97\" class=\"mw-reference-text reference-text\"><i id=\"rdp-we-mwCo8\">Juice Special Issue \u2013 Kool Savas<\/i> \u2013 S. 33\u201337 \u2013 Dezember 2011\/Januar\/Februar 2012<\/span><\/li>\n<li about=\"#cite_note-98\" id=\"cite_note-98\" data-mw-footnote-number=\"98\"><span class=\"mw-cite-backlink\" id=\"rdp-we-mwCpA\"><a href=\"#cite_ref-98\" rel=\"mw:referencedBy\" id=\"rdp-we-mwCpE\"><span class=\"mw-linkback-text\" id=\"rdp-we-mwCpI\">\u2191<\/span><\/a><\/span> <span id=\"rdp-we-mw-reference-text-cite_note-98\" class=\"mw-reference-text reference-text\"><span class=\"cite\" about=\"#mwt227\" typeof=\"mw:Transclusion\" id=\"rdp-we-mwCpM\" data-mw='{\"parts\":[{\"template\":{\"target\":{\"wt\":\"Internetquelle \",\"href\":\".\/Vorlage:Internetquelle\"},\"params\":{\"autor\":{\"wt\":\"Hiphop.de\"},\"url\":{\"wt\":\"http:\/\/hiphop.de\/diskussion\/sample-mix#.UznDYaLAYbQ\"},\"titel\":{\"wt\":\"Sample Mix\u2026\"},\"abruf\":{\"wt\":\"2014-03-31\"}},\"i\":0}}]}'>Hiphop.de:<span typeof=\"mw:Entity\" id=\"rdp-we-mwCpQ\"> <\/span><a rel=\"external_link\" href=\"http:\/\/hiphop.de\/diskussion\/sample-mix#.UznDYaLAYbQ\" class=\"external text\" id=\"rdp-we-mwCpU\" target=\"_new\"><i id=\"rdp-we-mwCpY\">Sample Mix\u2026<\/i><\/a><span class=\"Abrufdatum\" id=\"rdp-we-mwCpc\"><span typeof=\"mw:Entity\" id=\"rdp-we-mwCpg\"> <\/span>Abgerufen am 31.<span typeof=\"mw:Entity\" id=\"rdp-we-mwCpk\">\u00a0<\/span>M\u00e4rz 2014<\/span>.<\/span><span style=\"display: none;\" class=\"Z3988\" title=\"ctx_ver=Z39.88-2004&amp;rft_val_fmt=info%3Aofi%2Ffmt%3Akev%3Amtx%3Adc&amp;rfr_id=info%3Asid%2Fde.wikipedia.org%3AKool+Savas&amp;rft.title=Sample+Mix%E2%80%A6&amp;rft.description=Sample+Mix%E2%80%A6&amp;rft.identifier=http%3A%2F%2Fhiphop.de%2Fdiskussion%2Fsample-mix%23.UznDYaLAYbQ&amp;rft.creator=Hiphop.de\" about=\"#mwt227\" id=\"rdp-we-mwCpo\"><span typeof=\"mw:Entity\" id=\"rdp-we-mwCps\">\u00a0<\/span><\/span><\/span><\/li>\n<li about=\"#cite_note-99\" id=\"cite_note-99\" data-mw-footnote-number=\"99\"><span class=\"mw-cite-backlink\" id=\"rdp-we-mwCpw\"><a href=\"#cite_ref-99\" rel=\"mw:referencedBy\" id=\"rdp-we-mwCp0\"><span class=\"mw-linkback-text\" id=\"rdp-we-mwCp4\">\u2191<\/span><\/a><\/span> <span id=\"rdp-we-mw-reference-text-cite_note-99\" class=\"mw-reference-text reference-text\">Booklet des Albums <i id=\"rdp-we-mwCp8\">Aura<\/i><\/span><\/li>\n<li about=\"#cite_note-100\" id=\"cite_note-100\" data-mw-footnote-number=\"100\"><span class=\"mw-cite-backlink\" id=\"rdp-we-mwCqA\"><a href=\"#cite_ref-100\" rel=\"mw:referencedBy\" id=\"rdp-we-mwCqE\"><span class=\"mw-linkback-text\" id=\"rdp-we-mwCqI\">\u2191<\/span><\/a><\/span> <span id=\"rdp-we-mw-reference-text-cite_note-100\" class=\"mw-reference-text reference-text\"><span class=\"cite\" about=\"#mwt231\" typeof=\"mw:Transclusion\" id=\"rdp-we-mwCqM\" data-mw='{\"parts\":[{\"template\":{\"target\":{\"wt\":\"Internetquelle \",\"href\":\".\/Vorlage:Internetquelle\"},\"params\":{\"autor\":{\"wt\":\"Laut.de\"},\"url\":{\"wt\":\"http:\/\/www.laut.de\/Kool-Savas\/Alben\/John-Bello-Story-3-52944\"},\"titel\":{\"wt\":\"Das Prinzip Bello als Freischein zum Bekloppt-sein-d\u00fcrfen.\"},\"abruf\":{\"wt\":\"2014-03-31\"}},\"i\":0}}]}'>Laut.de:<span typeof=\"mw:Entity\" id=\"rdp-we-mwCqQ\"> <\/span><a rel=\"external_link\" href=\"http:\/\/www.laut.de\/Kool-Savas\/Alben\/John-Bello-Story-3-52944\" class=\"external text\" id=\"rdp-we-mwCqU\" target=\"_new\"><i id=\"rdp-we-mwCqY\">Das Prinzip Bello als Freischein zum Bekloppt-sein-d\u00fcrfen.<\/i><\/a><span class=\"Abrufdatum\" id=\"rdp-we-mwCqc\"><span typeof=\"mw:Entity\" id=\"rdp-we-mwCqg\"> <\/span>Abgerufen am 31.<span typeof=\"mw:Entity\" id=\"rdp-we-mwCqk\">\u00a0<\/span>M\u00e4rz 2014<\/span>.<\/span><span style=\"display: none;\" class=\"Z3988\" title=\"ctx_ver=Z39.88-2004&amp;rft_val_fmt=info%3Aofi%2Ffmt%3Akev%3Amtx%3Adc&amp;rfr_id=info%3Asid%2Fde.wikipedia.org%3AKool+Savas&amp;rft.title=Das+Prinzip+Bello+als+Freischein+zum+Bekloppt-sein-d%C3%BCrfen.&amp;rft.description=Das+Prinzip+Bello+als+Freischein+zum+Bekloppt-sein-d%C3%BCrfen.&amp;rft.identifier=http%3A%2F%2Fwww.laut.de%2FKool-Savas%2FAlben%2FJohn-Bello-Story-3-52944&amp;rft.creator=Laut.de\" about=\"#mwt231\" id=\"rdp-we-mwCqo\"><span typeof=\"mw:Entity\" id=\"rdp-we-mwCqs\">\u00a0<\/span><\/span><\/span><\/li>\n<li about=\"#cite_note-101\" id=\"cite_note-101\" data-mw-footnote-number=\"101\"><span class=\"mw-cite-backlink\" id=\"rdp-we-mwCqw\"><a href=\"#cite_ref-101\" rel=\"mw:referencedBy\" id=\"rdp-we-mwCq0\"><span class=\"mw-linkback-text\" id=\"rdp-we-mwCq4\">\u2191<\/span><\/a><\/span> <span id=\"rdp-we-mw-reference-text-cite_note-101\" class=\"mw-reference-text reference-text\"><span class=\"cite\" about=\"#mwt233\" typeof=\"mw:Transclusion\" id=\"rdp-we-mwCq8\" data-mw='{\"parts\":[{\"template\":{\"target\":{\"wt\":\"Internetquelle \",\"href\":\".\/Vorlage:Internetquelle\"},\"params\":{\"autor\":{\"wt\":\"Laut.de\"},\"url\":{\"wt\":\"http:\/\/www.laut.de\/Xavas\/Alben\/Gespaltene-Persoenlichkeit-84515\"},\"titel\":{\"wt\":\"Der liebe Gott tr\u00e4gt keine dicken Hosen.\"},\"abruf\":{\"wt\":\"2014-03-31\"}},\"i\":0}}]}'>Laut.de:<span typeof=\"mw:Entity\" id=\"rdp-we-mwCrA\"> <\/span><a rel=\"external_link\" href=\"http:\/\/www.laut.de\/Xavas\/Alben\/Gespaltene-Persoenlichkeit-84515\" class=\"external text\" id=\"rdp-we-mwCrE\" target=\"_new\"><i id=\"rdp-we-mwCrI\">Der liebe Gott tr\u00e4gt keine dicken Hosen.<\/i><\/a><span class=\"Abrufdatum\" id=\"rdp-we-mwCrM\"><span typeof=\"mw:Entity\" id=\"rdp-we-mwCrQ\"> <\/span>Abgerufen am 31.<span typeof=\"mw:Entity\" id=\"rdp-we-mwCrU\">\u00a0<\/span>M\u00e4rz 2014<\/span>.<\/span><span style=\"display: none;\" class=\"Z3988\" title=\"ctx_ver=Z39.88-2004&amp;rft_val_fmt=info%3Aofi%2Ffmt%3Akev%3Amtx%3Adc&amp;rfr_id=info%3Asid%2Fde.wikipedia.org%3AKool+Savas&amp;rft.title=Der+liebe+Gott+tr%C3%A4gt+keine+dicken+Hosen.&amp;rft.description=Der+liebe+Gott+tr%C3%A4gt+keine+dicken+Hosen.&amp;rft.identifier=http%3A%2F%2Fwww.laut.de%2FXavas%2FAlben%2FGespaltene-Persoenlichkeit-84515&amp;rft.creator=Laut.de\" about=\"#mwt233\" id=\"rdp-we-mwCrY\"><span typeof=\"mw:Entity\" id=\"rdp-we-mwCrc\">\u00a0<\/span><\/span><\/span><\/li>\n<li about=\"#cite_note-Molke-102\" id=\"cite_note-Molke-102\" data-mw-footnote-number=\"102\"><span class=\"mw-cite-backlink\" id=\"rdp-we-mwCrg\"><a href=\"#cite_ref-Molke_102-0\" rel=\"mw:referencedBy\" id=\"rdp-we-mwCrk\"><span class=\"mw-linkback-text\" id=\"rdp-we-mwCro\">\u2191<\/span><\/a><\/span> <span id=\"rdp-we-mw-reference-text-cite_note-Molke-102\" class=\"mw-reference-text reference-text\"><span class=\"cite\" id=\"rdp-we-mwCrs\">David Molke:<span typeof=\"mw:Entity\" id=\"rdp-we-mwCrw\"> <\/span><a rel=\"external_link\" href=\"https:\/\/hiphop.de\/magazin\/news\/kool-savas-verraet-verkaufszahlen-von-one-beste-tag-meines-lebens-299864\" class=\"external text\" id=\"rdp-we-mwCr0\" target=\"_new\"><i id=\"rdp-we-mwCr4\">Kool Savas verr\u00e4t die Verkaufszahlen von \u201cOne\u201d, \u201cEssahdamus\u201d &amp; \u201cDer Beste Tag meines Lebens\u201d.<\/i><\/a><span typeof=\"mw:Entity\" id=\"rdp-we-mwCr8\"> <\/span>hiphop.de,<span typeof=\"mw:Entity\" id=\"rdp-we-mwCsA\"> <\/span>20.<span typeof=\"mw:Entity\" id=\"rdp-we-mwCsE\">\u00a0<\/span>Februar 2017<span typeof=\"mw:Entity\" id=\"rdp-we-mwCsI\">,<\/span><span class=\"Abrufdatum\" id=\"rdp-we-mwCsM\"><span typeof=\"mw:Entity\" id=\"rdp-we-mwCsQ\"> <\/span>abgerufen am 4.<span typeof=\"mw:Entity\" id=\"rdp-we-mwCsU\">\u00a0<\/span>Juni 2020<\/span>.<\/span><span style=\"display: none;\" class=\"Z3988\" title=\"ctx_ver=Z39.88-2004&amp;rft_val_fmt=info%3Aofi%2Ffmt%3Akev%3Amtx%3Adc&amp;rfr_id=info%3Asid%2Fde.wikipedia.org%3AKool+Savas&amp;rft.title=Kool+Savas+verr%C3%A4t+die+Verkaufszahlen+von+%E2%80%9COne%E2%80%9D%2C+%E2%80%9CEssahdamus%E2%80%9D+%26+%E2%80%9CDer+Beste+Tag+meines+Lebens%E2%80%9D&amp;rft.description=Kool+Savas+verr%C3%A4t+die+Verkaufszahlen+von+%E2%80%9COne%E2%80%9D%2C+%E2%80%9CEssahdamus%E2%80%9D+%26+%E2%80%9CDer+Beste+Tag+meines+Lebens%E2%80%9D&amp;rft.identifier=https%3A%2F%2Fhiphop.de%2Fmagazin%2Fnews%2Fkool-savas-verraet-verkaufszahlen-von-one-beste-tag-meines-lebens-299864&amp;rft.creator=David+Molke&amp;rft.publisher=hiphop.de&amp;rft.date=2017-02-20\" id=\"rdp-we-mwCsY\"><span typeof=\"mw:Entity\" id=\"rdp-we-mwCsc\">\u00a0<\/span><\/span><\/span><\/li>\n<li about=\"#cite_note-103\" id=\"cite_note-103\" data-mw-footnote-number=\"103\"><span class=\"mw-cite-backlink\" id=\"rdp-we-mwCsg\"><a href=\"#cite_ref-103\" rel=\"mw:referencedBy\" id=\"rdp-we-mwCsk\"><span class=\"mw-linkback-text\" id=\"rdp-we-mwCso\">\u2191<\/span><\/a><\/span> <span id=\"rdp-we-mw-reference-text-cite_note-103\" class=\"mw-reference-text reference-text\"><i id=\"rdp-we-mwCss\">Juice Special Issue \u2013 Rap in D Vol. 2<\/i> \u2013 Seite 96 \u2013 Februar\/M\u00e4rz\/April 2008<\/span><\/li>\n<li about=\"#cite_note-Gold-Aura-104\" id=\"cite_note-Gold-Aura-104\" data-mw-footnote-number=\"104\"><span rel=\"mw:referencedBy\" class=\"mw-cite-backlink\" id=\"rdp-we-mwCsw\"><a href=\"#cite_ref-Gold-Aura_104-0\" id=\"rdp-we-mwCs0\"><span class=\"mw-linkback-text\" id=\"rdp-we-mwCs4\">1<\/span><\/a> <a href=\"#cite_ref-Gold-Aura_104-1\" id=\"rdp-we-mwCs8\"><span class=\"mw-linkback-text\" id=\"rdp-we-mwCtA\">2<\/span><\/a><\/span> <span id=\"rdp-we-mw-reference-text-cite_note-Gold-Aura-104\" class=\"mw-reference-text reference-text\"><span class=\"cite\" about=\"#mwt242\" typeof=\"mw:Transclusion\" id=\"rdp-we-mwCtE\" data-mw='{\"parts\":[{\"template\":{\"target\":{\"wt\":\"Internetquelle \",\"href\":\".\/Vorlage:Internetquelle\"},\"params\":{\"autor\":{\"wt\":\"Rap.de\"},\"url\":{\"wt\":\"http:\/\/www.rap.de\/news\/news\/12155-kool-savas-aura-geht-gold\"},\"titel\":{\"wt\":\"Kool Savas: \u201eAura\u201c geht Gold\"},\"abruf\":{\"wt\":\"2014-03-25\"}},\"i\":0}}]}'>Rap.de:<span typeof=\"mw:Entity\" id=\"rdp-we-mwCtI\"> <\/span><a rel=\"external_link\" href=\"http:\/\/www.rap.de\/news\/news\/12155-kool-savas-aura-geht-gold\" class=\"external text\" id=\"rdp-we-mwCtM\" target=\"_new\"><i id=\"rdp-we-mwCtQ\">Kool Savas: \u201eAura\u201c geht Gold.<\/i><\/a><span class=\"Abrufdatum\" id=\"rdp-we-mwCtU\"><span typeof=\"mw:Entity\" id=\"rdp-we-mwCtY\"> <\/span>Abgerufen am 25.<span typeof=\"mw:Entity\" id=\"rdp-we-mwCtc\">\u00a0<\/span>M\u00e4rz 2014<\/span>.<\/span><span style=\"display: none;\" class=\"Z3988\" title=\"ctx_ver=Z39.88-2004&amp;rft_val_fmt=info%3Aofi%2Ffmt%3Akev%3Amtx%3Adc&amp;rfr_id=info%3Asid%2Fde.wikipedia.org%3AKool+Savas&amp;rft.title=Kool+Savas%3A+%E2%80%9EAura%E2%80%9C+geht+Gold&amp;rft.description=Kool+Savas%3A+%E2%80%9EAura%E2%80%9C+geht+Gold&amp;rft.identifier=http%3A%2F%2Fwww.rap.de%2Fnews%2Fnews%2F12155-kool-savas-aura-geht-gold&amp;rft.creator=Rap.de\" about=\"#mwt242\" id=\"rdp-we-mwCtg\"><span typeof=\"mw:Entity\" id=\"rdp-we-mwCtk\">\u00a0<\/span><\/span><\/span><\/li>\n<li about=\"#cite_note-105\" id=\"cite_note-105\" data-mw-footnote-number=\"105\"><span class=\"mw-cite-backlink\" id=\"rdp-we-mwCto\"><a href=\"#cite_ref-105\" rel=\"mw:referencedBy\" id=\"rdp-we-mwCts\"><span class=\"mw-linkback-text\" id=\"rdp-we-mwCtw\">\u2191<\/span><\/a><\/span> <span id=\"rdp-we-mw-reference-text-cite_note-105\" class=\"mw-reference-text reference-text\"><span class=\"cite\" about=\"#mwt245\" typeof=\"mw:Transclusion\" id=\"rdp-we-mwCt0\" data-mw='{\"parts\":[{\"template\":{\"target\":{\"wt\":\"Internetquelle \",\"href\":\".\/Vorlage:Internetquelle\"},\"params\":{\"autor\":{\"wt\":\"Rap.de\"},\"url\":{\"wt\":\"http:\/\/www.rap.de\/news\/40-news\/11504-xavas-gehen-mit-single-gold\"},\"titel\":{\"wt\":\"XAVAS gehen mit Album Gold\"},\"abruf\":{\"wt\":\"2014-03-25\"}},\"i\":0}}]}'>Rap.de:<span typeof=\"mw:Entity\" id=\"rdp-we-mwCt4\"> <\/span><a rel=\"external_link\" href=\"http:\/\/www.rap.de\/news\/40-news\/11504-xavas-gehen-mit-single-gold\" class=\"external text\" id=\"rdp-we-mwCt8\" target=\"_new\"><i id=\"rdp-we-mwCuA\">XAVAS gehen mit Album Gold.<\/i><\/a><span class=\"Abrufdatum\" id=\"rdp-we-mwCuE\"><span typeof=\"mw:Entity\" id=\"rdp-we-mwCuI\"> <\/span>Abgerufen am 25.<span typeof=\"mw:Entity\" id=\"rdp-we-mwCuM\">\u00a0<\/span>M\u00e4rz 2014<\/span>.<\/span><span style=\"display: none;\" class=\"Z3988\" title=\"ctx_ver=Z39.88-2004&amp;rft_val_fmt=info%3Aofi%2Ffmt%3Akev%3Amtx%3Adc&amp;rfr_id=info%3Asid%2Fde.wikipedia.org%3AKool+Savas&amp;rft.title=XAVAS+gehen+mit+Album+Gold&amp;rft.description=XAVAS+gehen+mit+Album+Gold&amp;rft.identifier=http%3A%2F%2Fwww.rap.de%2Fnews%2F40-news%2F11504-xavas-gehen-mit-single-gold&amp;rft.creator=Rap.de\" about=\"#mwt245\" id=\"rdp-we-mwCuQ\"><span typeof=\"mw:Entity\" id=\"rdp-we-mwCuU\">\u00a0<\/span><\/span><\/span><\/li>\n<li about=\"#cite_note-106\" id=\"cite_note-106\" data-mw-footnote-number=\"106\"><span class=\"mw-cite-backlink\" id=\"rdp-we-mwCuY\"><a href=\"#cite_ref-106\" rel=\"mw:referencedBy\" id=\"rdp-we-mwCuc\"><span class=\"mw-linkback-text\" id=\"rdp-we-mwCug\">\u2191<\/span><\/a><\/span> <span id=\"rdp-we-mw-reference-text-cite_note-106\" class=\"mw-reference-text reference-text\"><span class=\"cite\" about=\"#mwt248\" typeof=\"mw:Transclusion\" id=\"rdp-we-mwCuk\" data-mw='{\"parts\":[{\"template\":{\"target\":{\"wt\":\"Internetquelle \",\"href\":\".\/Vorlage:Internetquelle\"},\"params\":{\"autor\":{\"wt\":\"Ampya.com\"},\"url\":{\"wt\":\"http:\/\/www.ampya.com\/news\/Music-Biz\/Xavas-sichern-sich-in-Schweiz-Gold-und-Platin-SN100502\/\"},\"titel\":{\"wt\":\"Xavas sichern sich in Schweiz Gold und Platin\"},\"offline\":{\"wt\":\"1\"},\"archiv-url\":{\"wt\":\"https:\/\/web.archive.org\/web\/20140407054946\/http:\/\/www.ampya.com\/news\/Music-Biz\/Xavas-sichern-sich-in-Schweiz-Gold-und-Platin-SN100502\/\"},\"archiv-datum\":{\"wt\":\"2014-04-07\"},\"abruf\":{\"wt\":\"2014-03-25\"}},\"i\":0}}]}'>Ampya.com:<span typeof=\"mw:Entity\" id=\"rdp-we-mwCuo\"> <\/span><a rel=\"external_link\" href=\"https:\/\/web.archive.org\/web\/20140407054946\/http:\/\/www.ampya.com\/news\/Music-Biz\/Xavas-sichern-sich-in-Schweiz-Gold-und-Platin-SN100502\/\" class=\"external text\" id=\"rdp-we-mwCus\" target=\"_new\"><i id=\"rdp-we-mwCuw\">Xavas sichern sich in Schweiz Gold und Platin.<\/i><\/a><span typeof=\"mw:Entity\" id=\"rdp-we-mwCu0\"> <\/span>Archiviert<span typeof=\"mw:Entity\" id=\"rdp-we-mwCu4\"> <\/span>vom<span typeof=\"mw:Entity\" id=\"rdp-we-mwCu8\"> <\/span><link rel=\"mw-deduplicated-inline-style\" href=\"mw-data:TemplateStyles:r250917974\" about=\"#mwt249\" typeof=\"mw:Extension\/templatestyles\" id=\"rdp-we-mwCvA\" data-mw='{\"name\":\"templatestyles\",\"attrs\":{\"src\":\"Vorlage:IconExternal\/styles.css\"}}'\/><span class=\"dewiki-iconexternal\" id=\"rdp-we-mwCvE\"><a rel=\"external_link\" href=\"https:\/\/redirecter.toolforge.org\/?url=http%3A%2F%2Fwww.ampya.com%2Fnews%2FMusic-Biz%2FXavas-sichern-sich-in-Schweiz-Gold-und-Platin-SN100502%2F\" class=\"external text\" id=\"rdp-we-mwCvI\" target=\"_new\">Original<\/a><\/span><span typeof=\"mw:Entity\" id=\"rdp-we-mwCvM\"> <\/span>(nicht mehr online verf\u00fcgbar)<span typeof=\"mw:Entity\" id=\"rdp-we-mwCvQ\"> <\/span>am<span typeof=\"mw:Entity\" id=\"rdp-we-mwCvU\"> <\/span><span style=\"white-space:nowrap;\" id=\"rdp-we-mwCvY\">7.<span typeof=\"mw:Entity\" id=\"rdp-we-mwCvc\">\u00a0<\/span>April 2014<\/span><span id=\"rdp-we-mwCvg\">;<\/span><span class=\"Abrufdatum\" id=\"rdp-we-mwCvk\"><span typeof=\"mw:Entity\" id=\"rdp-we-mwCvo\"> <\/span>abgerufen am 25.<span typeof=\"mw:Entity\" id=\"rdp-we-mwCvs\">\u00a0<\/span>M\u00e4rz 2014<\/span>.<\/span><span style=\"display: none;\" class=\"Z3988\" title=\"ctx_ver=Z39.88-2004&amp;rft_val_fmt=info%3Aofi%2Ffmt%3Akev%3Amtx%3Adc&amp;rfr_id=info%3Asid%2Fde.wikipedia.org%3AKool+Savas&amp;rft.title=Xavas+sichern+sich+in+Schweiz+Gold+und+Platin&amp;rft.description=Xavas+sichern+sich+in+Schweiz+Gold+und+Platin&amp;rft.identifier=https%3A%2F%2Fweb.archive.org%2Fweb%2F20140407054946%2Fhttp%3A%2F%2Fwww.ampya.com%2Fnews%2FMusic-Biz%2FXavas-sichern-sich-in-Schweiz-Gold-und-Platin-SN100502%2F&amp;rft.creator=Ampya.com&amp;rft.source=http:\/\/www.ampya.com\/news\/Music-Biz\/Xavas-sichern-sich-in-Schweiz-Gold-und-Platin-SN100502\/\" about=\"#mwt248\" id=\"rdp-we-mwCvw\"><span typeof=\"mw:Entity\" id=\"rdp-we-mwCv0\">\u00a0<\/span><\/span><\/span><\/li>\n<li about=\"#cite_note-107\" id=\"cite_note-107\" data-mw-footnote-number=\"107\"><span class=\"mw-cite-backlink\" id=\"rdp-we-mwCv4\"><a href=\"#cite_ref-107\" rel=\"mw:referencedBy\" id=\"rdp-we-mwCv8\"><span class=\"mw-linkback-text\" id=\"rdp-we-mwCwA\">\u2191<\/span><\/a><\/span> <span id=\"rdp-we-mw-reference-text-cite_note-107\" class=\"mw-reference-text reference-text\"><span class=\"cite\" about=\"#mwt251\" typeof=\"mw:Transclusion\" id=\"rdp-we-mwCwE\" data-mw='{\"parts\":[{\"template\":{\"target\":{\"wt\":\"Internetquelle \",\"href\":\".\/Vorlage:Internetquelle\"},\"params\":{\"autor\":{\"wt\":\"Seveninchbeats.com\"},\"url\":{\"wt\":\"http:\/\/www.seveninchbeats.com\/2013\/03\/gold-und-platin-fur-xavas-in-der-schweiz-und-osterreich\/\"},\"titel\":{\"wt\":\"Gold und Platin f\u00fcr XAVAS in A und CH\"},\"offline\":{\"wt\":\"1\"},\"archiv-url\":{\"wt\":\"https:\/\/web.archive.org\/web\/20130422131047\/http:\/\/www.seveninchbeats.com\/2013\/03\/gold-und-platin-fur-xavas-in-der-schweiz-und-osterreich\/\"},\"archiv-datum\":{\"wt\":\"2013-04-22\"},\"abruf\":{\"wt\":\"2014-03-25\"}},\"i\":0}}]}'>Seveninchbeats.com:<span typeof=\"mw:Entity\" id=\"rdp-we-mwCwI\"> <\/span><a rel=\"external_link\" href=\"https:\/\/web.archive.org\/web\/20130422131047\/http:\/\/www.seveninchbeats.com\/2013\/03\/gold-und-platin-fur-xavas-in-der-schweiz-und-osterreich\/\" class=\"external text\" id=\"rdp-we-mwCwM\" target=\"_new\"><i id=\"rdp-we-mwCwQ\">Gold und Platin f\u00fcr XAVAS in A und CH.<\/i><\/a><span typeof=\"mw:Entity\" id=\"rdp-we-mwCwU\"> <\/span>Archiviert<span typeof=\"mw:Entity\" id=\"rdp-we-mwCwY\"> <\/span>vom<span typeof=\"mw:Entity\" id=\"rdp-we-mwCwc\"> <\/span><link rel=\"mw-deduplicated-inline-style\" href=\"mw-data:TemplateStyles:r250917974\" about=\"#mwt252\" typeof=\"mw:Extension\/templatestyles\" id=\"rdp-we-mwCwg\" data-mw='{\"name\":\"templatestyles\",\"attrs\":{\"src\":\"Vorlage:IconExternal\/styles.css\"}}'\/><span class=\"dewiki-iconexternal\" id=\"rdp-we-mwCwk\"><a rel=\"external_link\" href=\"https:\/\/redirecter.toolforge.org\/?url=http%3A%2F%2Fwww.seveninchbeats.com%2F2013%2F03%2Fgold-und-platin-fur-xavas-in-der-schweiz-und-osterreich%2F\" class=\"external text\" id=\"rdp-we-mwCwo\" target=\"_new\">Original<\/a><\/span><span typeof=\"mw:Entity\" id=\"rdp-we-mwCws\"> <\/span>(nicht mehr online verf\u00fcgbar)<span typeof=\"mw:Entity\" id=\"rdp-we-mwCww\"> <\/span>am<span typeof=\"mw:Entity\" id=\"rdp-we-mwCw0\"> <\/span><span style=\"white-space:nowrap;\" id=\"rdp-we-mwCw4\">22.<span typeof=\"mw:Entity\" id=\"rdp-we-mwCw8\">\u00a0<\/span>April 2013<\/span><span id=\"rdp-we-mwCxA\">;<\/span><span class=\"Abrufdatum\" id=\"rdp-we-mwCxE\"><span typeof=\"mw:Entity\" id=\"rdp-we-mwCxI\"> <\/span>abgerufen am 25.<span typeof=\"mw:Entity\" id=\"rdp-we-mwCxM\">\u00a0<\/span>M\u00e4rz 2014<\/span>.<\/span><span style=\"display: none;\" class=\"Z3988\" title=\"ctx_ver=Z39.88-2004&amp;rft_val_fmt=info%3Aofi%2Ffmt%3Akev%3Amtx%3Adc&amp;rfr_id=info%3Asid%2Fde.wikipedia.org%3AKool+Savas&amp;rft.title=Gold+und+Platin+f%C3%BCr+XAVAS+in+A+und+CH&amp;rft.description=Gold+und+Platin+f%C3%BCr+XAVAS+in+A+und+CH&amp;rft.identifier=https%3A%2F%2Fweb.archive.org%2Fweb%2F20130422131047%2Fhttp%3A%2F%2Fwww.seveninchbeats.com%2F2013%2F03%2Fgold-und-platin-fur-xavas-in-der-schweiz-und-osterreich%2F&amp;rft.creator=Seveninchbeats.com&amp;rft.source=http:\/\/www.seveninchbeats.com\/2013\/03\/gold-und-platin-fur-xavas-in-der-schweiz-und-osterreich\/\" about=\"#mwt251\" id=\"rdp-we-mwCxQ\"><span typeof=\"mw:Entity\" id=\"rdp-we-mwCxU\">\u00a0<\/span><\/span><\/span><\/li>\n<li about=\"#cite_note-108\" id=\"cite_note-108\" data-mw-footnote-number=\"108\"><span class=\"mw-cite-backlink\" id=\"rdp-we-mwCxY\"><a href=\"#cite_ref-108\" rel=\"mw:referencedBy\" id=\"rdp-we-mwCxc\"><span class=\"mw-linkback-text\" id=\"rdp-we-mwCxg\">\u2191<\/span><\/a><\/span> <span id=\"rdp-we-mw-reference-text-cite_note-108\" class=\"mw-reference-text reference-text\"><span class=\"cite\" about=\"#mwt254\" typeof=\"mw:Transclusion\" id=\"rdp-we-mwCxk\" data-mw='{\"parts\":[{\"template\":{\"target\":{\"wt\":\"Internetquelle \",\"href\":\".\/Vorlage:Internetquelle\"},\"params\":{\"autor\":{\"wt\":\"Hiphop.de\"},\"url\":{\"wt\":\"http:\/\/hiphop.de\/magazin\/news\/xavas-erneut-ausgezeichnet-181256#.UzG8kqLD4bQ\"},\"titel\":{\"wt\":\"Xavas erneut ausgezeichnet\"},\"abruf\":{\"wt\":\"2014-03-25\"}},\"i\":0}}]}'>Hiphop.de:<span typeof=\"mw:Entity\" id=\"rdp-we-mwCxo\"> <\/span><a rel=\"external_link\" href=\"http:\/\/hiphop.de\/magazin\/news\/xavas-erneut-ausgezeichnet-181256#.UzG8kqLD4bQ\" class=\"external text\" id=\"rdp-we-mwCxs\" target=\"_new\"><i id=\"rdp-we-mwCxw\">Xavas erneut ausgezeichnet.<\/i><\/a><span class=\"Abrufdatum\" id=\"rdp-we-mwCx0\"><span typeof=\"mw:Entity\" id=\"rdp-we-mwCx4\"> <\/span>Abgerufen am 25.<span typeof=\"mw:Entity\" id=\"rdp-we-mwCx8\">\u00a0<\/span>M\u00e4rz 2014<\/span>.<\/span><span style=\"display: none;\" class=\"Z3988\" title=\"ctx_ver=Z39.88-2004&amp;rft_val_fmt=info%3Aofi%2Ffmt%3Akev%3Amtx%3Adc&amp;rfr_id=info%3Asid%2Fde.wikipedia.org%3AKool+Savas&amp;rft.title=Xavas+erneut+ausgezeichnet&amp;rft.description=Xavas+erneut+ausgezeichnet&amp;rft.identifier=http%3A%2F%2Fhiphop.de%2Fmagazin%2Fnews%2Fxavas-erneut-ausgezeichnet-181256%23.UzG8kqLD4bQ&amp;rft.creator=Hiphop.de\" about=\"#mwt254\" id=\"rdp-we-mwCyA\"><span typeof=\"mw:Entity\" id=\"rdp-we-mwCyE\">\u00a0<\/span><\/span><\/span><\/li>\n<li about=\"#cite_note-109\" id=\"cite_note-109\" data-mw-footnote-number=\"109\"><span class=\"mw-cite-backlink\" id=\"rdp-we-mwCyI\"><a href=\"#cite_ref-109\" rel=\"mw:referencedBy\" id=\"rdp-we-mwCyM\"><span class=\"mw-linkback-text\" id=\"rdp-we-mwCyQ\">\u2191<\/span><\/a><\/span> <span id=\"rdp-we-mw-reference-text-cite_note-109\" class=\"mw-reference-text reference-text\"><span class=\"cite\" about=\"#mwt256\" typeof=\"mw:Transclusion\" id=\"rdp-we-mwCyU\" data-mw='{\"parts\":[{\"template\":{\"target\":{\"wt\":\"Internetquelle \",\"href\":\".\/Vorlage:Internetquelle\"},\"params\":{\"autor\":{\"wt\":\"Jds-rap-blog.de\"},\"url\":{\"wt\":\"http:\/\/www.jds-rap-blog.de\/2012\/12\/14\/xavas-holen-platin-mit-gespaltene-personlichkeit\"},\"titel\":{\"wt\":\"XAVAS holen Platin mit \u201eGespaltene Pers\u00f6nlichkeit\u201c\"},\"offline\":{\"wt\":\"1\"},\"archiv-url\":{\"wt\":\"https:\/\/web.archive.org\/web\/20140407065757\/http:\/\/www.jds-rap-blog.de\/2012\/12\/14\/xavas-holen-platin-mit-gespaltene-personlichkeit\"},\"archiv-datum\":{\"wt\":\"2014-04-07\"},\"abruf\":{\"wt\":\"2014-03-25\"}},\"i\":0}}]}'>Jds-rap-blog.de:<span typeof=\"mw:Entity\" id=\"rdp-we-mwCyY\"> <\/span><a rel=\"external_link\" href=\"https:\/\/web.archive.org\/web\/20140407065757\/http:\/\/www.jds-rap-blog.de\/2012\/12\/14\/xavas-holen-platin-mit-gespaltene-personlichkeit\" class=\"external text\" id=\"rdp-we-mwCyc\" target=\"_new\"><i id=\"rdp-we-mwCyg\">XAVAS holen Platin mit \u201eGespaltene Pers\u00f6nlichkeit\u201c.<\/i><\/a><span typeof=\"mw:Entity\" id=\"rdp-we-mwCyk\"> <\/span>Archiviert<span typeof=\"mw:Entity\" id=\"rdp-we-mwCyo\"> <\/span>vom<span typeof=\"mw:Entity\" id=\"rdp-we-mwCys\"> <\/span><link rel=\"mw-deduplicated-inline-style\" href=\"mw-data:TemplateStyles:r250917974\" about=\"#mwt257\" typeof=\"mw:Extension\/templatestyles\" id=\"rdp-we-mwCyw\" data-mw='{\"name\":\"templatestyles\",\"attrs\":{\"src\":\"Vorlage:IconExternal\/styles.css\"}}'\/><span class=\"dewiki-iconexternal\" id=\"rdp-we-mwCy0\"><a rel=\"external_link\" href=\"https:\/\/redirecter.toolforge.org\/?url=http%3A%2F%2Fwww.jds-rap-blog.de%2F2012%2F12%2F14%2Fxavas-holen-platin-mit-gespaltene-personlichkeit\" class=\"external text\" id=\"rdp-we-mwCy4\" target=\"_new\">Original<\/a><\/span><span typeof=\"mw:Entity\" id=\"rdp-we-mwCy8\"> <\/span>(nicht mehr online verf\u00fcgbar)<span typeof=\"mw:Entity\" id=\"rdp-we-mwCzA\"> <\/span>am<span typeof=\"mw:Entity\" id=\"rdp-we-mwCzE\"> <\/span><span style=\"white-space:nowrap;\" id=\"rdp-we-mwCzI\">7.<span typeof=\"mw:Entity\" id=\"rdp-we-mwCzM\">\u00a0<\/span>April 2014<\/span><span id=\"rdp-we-mwCzQ\">;<\/span><span class=\"Abrufdatum\" id=\"rdp-we-mwCzU\"><span typeof=\"mw:Entity\" id=\"rdp-we-mwCzY\"> <\/span>abgerufen am 25.<span typeof=\"mw:Entity\" id=\"rdp-we-mwCzc\">\u00a0<\/span>M\u00e4rz 2014<\/span>.<\/span><span style=\"display: none;\" class=\"Z3988\" title=\"ctx_ver=Z39.88-2004&amp;rft_val_fmt=info%3Aofi%2Ffmt%3Akev%3Amtx%3Adc&amp;rfr_id=info%3Asid%2Fde.wikipedia.org%3AKool+Savas&amp;rft.title=XAVAS+holen+Platin+mit+%E2%80%9EGespaltene+Pers%C3%B6nlichkeit%E2%80%9C&amp;rft.description=XAVAS+holen+Platin+mit+%E2%80%9EGespaltene+Pers%C3%B6nlichkeit%E2%80%9C&amp;rft.identifier=https%3A%2F%2Fweb.archive.org%2Fweb%2F20140407065757%2Fhttp%3A%2F%2Fwww.jds-rap-blog.de%2F2012%2F12%2F14%2Fxavas-holen-platin-mit-gespaltene-personlichkeit&amp;rft.creator=Jds-rap-blog.de&amp;rft.source=http:\/\/www.jds-rap-blog.de\/2012\/12\/14\/xavas-holen-platin-mit-gespaltene-personlichkeit\" about=\"#mwt256\" id=\"rdp-we-mwCzg\"><span typeof=\"mw:Entity\" id=\"rdp-we-mwCzk\">\u00a0<\/span><\/span><\/span><\/li>\n<li about=\"#cite_note-110\" id=\"cite_note-110\" data-mw-footnote-number=\"110\"><span class=\"mw-cite-backlink\" id=\"rdp-we-mwCzo\"><a href=\"#cite_ref-110\" rel=\"mw:referencedBy\" id=\"rdp-we-mwCzs\"><span class=\"mw-linkback-text\" id=\"rdp-we-mwCzw\">\u2191<\/span><\/a><\/span> <span id=\"rdp-we-mw-reference-text-cite_note-110\" class=\"mw-reference-text reference-text\"><span class=\"cite\" about=\"#mwt259\" typeof=\"mw:Transclusion\" id=\"rdp-we-mwCz0\" data-mw='{\"parts\":[{\"template\":{\"target\":{\"wt\":\"Internetquelle \",\"href\":\".\/Vorlage:Internetquelle\"},\"params\":{\"autor\":{\"wt\":\"Hiphop.de\"},\"url\":{\"wt\":\"http:\/\/hiphop.de\/magazin\/news\/kool-savas-r%C3%A4umt-comet-ab-162028#.UzDcHKLD4bQ\"},\"titel\":{\"wt\":\"Kool Savas r\u00e4umt Comet ab\"},\"abruf\":{\"wt\":\"2014-03-25\"}},\"i\":0}}]}'>Hiphop.de:<span typeof=\"mw:Entity\" id=\"rdp-we-mwCz4\"> <\/span><a rel=\"external_link\" href=\"http:\/\/hiphop.de\/magazin\/news\/kool-savas-r%C3%A4umt-comet-ab-162028#.UzDcHKLD4bQ\" class=\"external text\" id=\"rdp-we-mwCz8\" target=\"_new\"><i id=\"rdp-we-mwC0A\">Kool Savas r\u00e4umt Comet ab.<\/i><\/a><span class=\"Abrufdatum\" id=\"rdp-we-mwC0E\"><span typeof=\"mw:Entity\" id=\"rdp-we-mwC0I\"> <\/span>Abgerufen am 25.<span typeof=\"mw:Entity\" id=\"rdp-we-mwC0M\">\u00a0<\/span>M\u00e4rz 2014<\/span>.<\/span><span style=\"display: none;\" class=\"Z3988\" title=\"ctx_ver=Z39.88-2004&amp;rft_val_fmt=info%3Aofi%2Ffmt%3Akev%3Amtx%3Adc&amp;rfr_id=info%3Asid%2Fde.wikipedia.org%3AKool+Savas&amp;rft.title=Kool+Savas+r%C3%A4umt+Comet+ab&amp;rft.description=Kool+Savas+r%C3%A4umt+Comet+ab&amp;rft.identifier=http%3A%2F%2Fhiphop.de%2Fmagazin%2Fnews%2Fkool-savas-r%25C3%25A4umt-comet-ab-162028%23.UzDcHKLD4bQ&amp;rft.creator=Hiphop.de\" about=\"#mwt259\" id=\"rdp-we-mwC0Q\"><span typeof=\"mw:Entity\" id=\"rdp-we-mwC0U\">\u00a0<\/span><\/span><\/span><\/li>\n<li about=\"#cite_note-111\" id=\"cite_note-111\" data-mw-footnote-number=\"111\"><span class=\"mw-cite-backlink\" id=\"rdp-we-mwC0Y\"><a href=\"#cite_ref-111\" rel=\"mw:referencedBy\" id=\"rdp-we-mwC0c\"><span class=\"mw-linkback-text\" id=\"rdp-we-mwC0g\">\u2191<\/span><\/a><\/span> <span id=\"rdp-we-mw-reference-text-cite_note-111\" class=\"mw-reference-text reference-text\"><span class=\"cite\" about=\"#mwt262\" typeof=\"mw:Transclusion\" id=\"rdp-we-mwC0k\" data-mw='{\"parts\":[{\"template\":{\"target\":{\"wt\":\"Internetquelle \",\"href\":\".\/Vorlage:Internetquelle\"},\"params\":{\"url\":{\"wt\":\"http:\/\/www.spiegel.de\/kultur\/tv\/bundesvision-song-contest-aerger-um-sieg-von-xavas-a-858688.html\"},\"titel\":{\"wt\":\"Xavas gewinnt Bundesvision Song Contest: So geht halt Demokratie, Leute\"},\"werk\":{\"wt\":\"[[Spiegel Online]]\"},\"abruf\":{\"wt\":\"2014-03-25\"}},\"i\":0}}]}'><a rel=\"external_link\" href=\"http:\/\/www.spiegel.de\/kultur\/tv\/bundesvision-song-contest-aerger-um-sieg-von-xavas-a-858688.html\" class=\"external text\" id=\"rdp-we-mwC0o\" target=\"_new\"><i id=\"rdp-we-mwC0s\">Xavas gewinnt Bundesvision Song Contest: So geht halt Demokratie, Leute.<\/i><\/a><span typeof=\"mw:Entity\" id=\"rdp-we-mwC0w\"> <\/span>In:<span typeof=\"mw:Entity\" id=\"rdp-we-mwC00\"> <\/span><i id=\"rdp-we-mwC04\"><a rel=\"mw:WikiLink\" href=\"https:\/\/de.wikipedia.org\/wiki\/Spiegel_Online\" title=\"Spiegel Online\" class=\"mw-redirect wiki-link\" id=\"rdp-we-mwC08\" target=\"_new\">Spiegel Online<\/a>.<\/i><span class=\"Abrufdatum\" id=\"rdp-we-mwC1A\"><span typeof=\"mw:Entity\" id=\"rdp-we-mwC1E\"> <\/span>Abgerufen am 25.<span typeof=\"mw:Entity\" id=\"rdp-we-mwC1I\">\u00a0<\/span>M\u00e4rz 2014<\/span>.<\/span><span style=\"display: none;\" class=\"Z3988\" title=\"ctx_ver=Z39.88-2004&amp;rft_val_fmt=info%3Aofi%2Ffmt%3Akev%3Amtx%3Adc&amp;rfr_id=info%3Asid%2Fde.wikipedia.org%3AKool+Savas&amp;rft.title=Xavas+gewinnt+Bundesvision+Song+Contest%3A+So+geht+halt+Demokratie%2C+Leute&amp;rft.description=Xavas+gewinnt+Bundesvision+Song+Contest%3A+So+geht+halt+Demokratie%2C+Leute&amp;rft.identifier=http%3A%2F%2Fwww.spiegel.de%2Fkultur%2Ftv%2Fbundesvision-song-contest-aerger-um-sieg-von-xavas-a-858688.html\" about=\"#mwt262\" id=\"rdp-we-mwC1M\"><span typeof=\"mw:Entity\" id=\"rdp-we-mwC1Q\">\u00a0<\/span><\/span><\/span><\/li>\n<li about=\"#cite_note-112\" id=\"cite_note-112\" data-mw-footnote-number=\"112\"><span class=\"mw-cite-backlink\" id=\"rdp-we-mwC1U\"><a href=\"#cite_ref-112\" rel=\"mw:referencedBy\" id=\"rdp-we-mwC1Y\"><span class=\"mw-linkback-text\" id=\"rdp-we-mwC1c\">\u2191<\/span><\/a><\/span> <span id=\"rdp-we-mw-reference-text-cite_note-112\" class=\"mw-reference-text reference-text\"><span class=\"cite\" about=\"#mwt264\" typeof=\"mw:Transclusion\" id=\"rdp-we-mwC1g\" data-mw='{\"parts\":[{\"template\":{\"target\":{\"wt\":\"Internetquelle \",\"href\":\".\/Vorlage:Internetquelle\"},\"params\":{\"autor\":{\"wt\":\"Mediabiz.de\"},\"url\":{\"wt\":\"http:\/\/www.mediabiz.de\/news\/alle-nominierten-fuer-den-echo-2003\/127129?Status=RS\"},\"titel\":{\"wt\":\"Alle Nominierten f\u00fcr den Echo 2003\"},\"offline\":{\"wt\":\"1\"},\"archiv-url\":{\"wt\":\"https:\/\/web.archive.org\/web\/20140407094756\/http:\/\/www.mediabiz.de\/news\/alle-nominierten-fuer-den-echo-2003\/127129?Status=RS\"},\"archiv-datum\":{\"wt\":\"2014-04-07\"},\"abruf\":{\"wt\":\"2014-03-26\"}},\"i\":0}}]}'>Mediabiz.de:<span typeof=\"mw:Entity\" id=\"rdp-we-mwC1k\"> <\/span><a rel=\"external_link\" href=\"https:\/\/web.archive.org\/web\/20140407094756\/http:\/\/www.mediabiz.de\/news\/alle-nominierten-fuer-den-echo-2003\/127129?Status=RS\" class=\"external text\" id=\"rdp-we-mwC1o\" target=\"_new\"><i id=\"rdp-we-mwC1s\">Alle Nominierten f\u00fcr den Echo 2003.<\/i><\/a><span typeof=\"mw:Entity\" id=\"rdp-we-mwC1w\"> <\/span>Archiviert<span typeof=\"mw:Entity\" id=\"rdp-we-mwC10\"> <\/span>vom<span typeof=\"mw:Entity\" id=\"rdp-we-mwC14\"> <\/span><link rel=\"mw-deduplicated-inline-style\" href=\"mw-data:TemplateStyles:r250917974\" about=\"#mwt265\" typeof=\"mw:Extension\/templatestyles\" id=\"rdp-we-mwC18\" data-mw='{\"name\":\"templatestyles\",\"attrs\":{\"src\":\"Vorlage:IconExternal\/styles.css\"}}'\/><span class=\"dewiki-iconexternal\" id=\"rdp-we-mwC2A\"><a rel=\"external_link\" href=\"https:\/\/redirecter.toolforge.org\/?url=http%3A%2F%2Fwww.mediabiz.de%2Fnews%2Falle-nominierten-fuer-den-echo-2003%2F127129%3FStatus%3DRS\" class=\"external text\" id=\"rdp-we-mwC2E\" target=\"_new\">Original<\/a><\/span><span typeof=\"mw:Entity\" id=\"rdp-we-mwC2I\"> <\/span>(nicht mehr online verf\u00fcgbar)<span typeof=\"mw:Entity\" id=\"rdp-we-mwC2M\"> <\/span>am<span typeof=\"mw:Entity\" id=\"rdp-we-mwC2Q\"> <\/span><span style=\"white-space:nowrap;\" id=\"rdp-we-mwC2U\">7.<span typeof=\"mw:Entity\" id=\"rdp-we-mwC2Y\">\u00a0<\/span>April 2014<\/span><span id=\"rdp-we-mwC2c\">;<\/span><span class=\"Abrufdatum\" id=\"rdp-we-mwC2g\"><span typeof=\"mw:Entity\" id=\"rdp-we-mwC2k\"> <\/span>abgerufen am 26.<span typeof=\"mw:Entity\" id=\"rdp-we-mwC2o\">\u00a0<\/span>M\u00e4rz 2014<\/span>.<\/span><span style=\"display: none;\" class=\"Z3988\" title=\"ctx_ver=Z39.88-2004&amp;rft_val_fmt=info%3Aofi%2Ffmt%3Akev%3Amtx%3Adc&amp;rfr_id=info%3Asid%2Fde.wikipedia.org%3AKool+Savas&amp;rft.title=Alle+Nominierten+f%C3%BCr+den+Echo+2003&amp;rft.description=Alle+Nominierten+f%C3%BCr+den+Echo+2003&amp;rft.identifier=https%3A%2F%2Fweb.archive.org%2Fweb%2F20140407094756%2Fhttp%3A%2F%2Fwww.mediabiz.de%2Fnews%2Falle-nominierten-fuer-den-echo-2003%2F127129%3FStatus%3DRS&amp;rft.creator=Mediabiz.de&amp;rft.source=http:\/\/www.mediabiz.de\/news\/alle-nominierten-fuer-den-echo-2003\/127129?Status=RS\" about=\"#mwt264\" id=\"rdp-we-mwC2s\"><span typeof=\"mw:Entity\" id=\"rdp-we-mwC2w\">\u00a0<\/span><\/span><\/span><\/li>\n<li about=\"#cite_note-113\" id=\"cite_note-113\" data-mw-footnote-number=\"113\"><span class=\"mw-cite-backlink\" id=\"rdp-we-mwC20\"><a href=\"#cite_ref-113\" rel=\"mw:referencedBy\" id=\"rdp-we-mwC24\"><span class=\"mw-linkback-text\" id=\"rdp-we-mwC28\">\u2191<\/span><\/a><\/span> <span id=\"rdp-we-mw-reference-text-cite_note-113\" class=\"mw-reference-text reference-text\"><span class=\"cite\" about=\"#mwt267\" typeof=\"mw:Transclusion\" id=\"rdp-we-mwC3A\" data-mw='{\"parts\":[{\"template\":{\"target\":{\"wt\":\"Internetquelle \",\"href\":\".\/Vorlage:Internetquelle\"},\"params\":{\"autor\":{\"wt\":\"Quotenmeter.de\"},\"url\":{\"wt\":\"http:\/\/www.quotenmeter.de\/n\/4789\/echo-2004-die-gewinner\"},\"titel\":{\"wt\":\"\u00abEcho 2004\u00bb: Die Gewinner\"},\"abruf\":{\"wt\":\"2014-03-26\"}},\"i\":0}}]}'>Quotenmeter.de:<span typeof=\"mw:Entity\" id=\"rdp-we-mwC3E\"> <\/span><a rel=\"external_link\" href=\"http:\/\/www.quotenmeter.de\/n\/4789\/echo-2004-die-gewinner\" class=\"external text\" id=\"rdp-we-mwC3I\" target=\"_new\"><i id=\"rdp-we-mwC3M\">\u00abEcho 2004\u00bb: Die Gewinner.<\/i><\/a><span class=\"Abrufdatum\" id=\"rdp-we-mwC3Q\"><span typeof=\"mw:Entity\" id=\"rdp-we-mwC3U\"> <\/span>Abgerufen am 26.<span typeof=\"mw:Entity\" id=\"rdp-we-mwC3Y\">\u00a0<\/span>M\u00e4rz 2014<\/span>.<\/span><span style=\"display: none;\" class=\"Z3988\" title=\"ctx_ver=Z39.88-2004&amp;rft_val_fmt=info%3Aofi%2Ffmt%3Akev%3Amtx%3Adc&amp;rfr_id=info%3Asid%2Fde.wikipedia.org%3AKool+Savas&amp;rft.title=%C2%ABEcho+2004%C2%BB%3A+Die+Gewinner&amp;rft.description=%C2%ABEcho+2004%C2%BB%3A+Die+Gewinner&amp;rft.identifier=http%3A%2F%2Fwww.quotenmeter.de%2Fn%2F4789%2Fecho-2004-die-gewinner&amp;rft.creator=Quotenmeter.de\" about=\"#mwt267\" id=\"rdp-we-mwC3c\"><span typeof=\"mw:Entity\" id=\"rdp-we-mwC3g\">\u00a0<\/span><\/span><\/span><\/li>\n<li about=\"#cite_note-114\" id=\"cite_note-114\" data-mw-footnote-number=\"114\"><span class=\"mw-cite-backlink\" id=\"rdp-we-mwC3k\"><a href=\"#cite_ref-114\" rel=\"mw:referencedBy\" id=\"rdp-we-mwC3o\"><span class=\"mw-linkback-text\" id=\"rdp-we-mwC3s\">\u2191<\/span><\/a><\/span> <span id=\"rdp-we-mw-reference-text-cite_note-114\" class=\"mw-reference-text reference-text\"><span class=\"cite\" about=\"#mwt269\" typeof=\"mw:Transclusion\" id=\"rdp-we-mwC3w\" data-mw='{\"parts\":[{\"template\":{\"target\":{\"wt\":\"Internetquelle \",\"href\":\".\/Vorlage:Internetquelle\"},\"params\":{\"autor\":{\"wt\":\"Rap.de\"},\"url\":{\"wt\":\"http:\/\/www.rap.de\/news\/831\"},\"titel\":{\"wt\":\"Die kompletten Nominierungen f\u00fcr den Echo 2005\"},\"offline\":{\"wt\":\"1\"},\"archiv-url\":{\"wt\":\"https:\/\/web.archive.org\/web\/20140407071910\/http:\/\/www.rap.de\/news\/831\"},\"archiv-datum\":{\"wt\":\"2014-04-07\"},\"abruf\":{\"wt\":\"2014-03-26\"}},\"i\":0}}]}'>Rap.de:<span typeof=\"mw:Entity\" id=\"rdp-we-mwC30\"> <\/span><a rel=\"external_link\" href=\"https:\/\/web.archive.org\/web\/20140407071910\/http:\/\/www.rap.de\/news\/831\" class=\"external text\" id=\"rdp-we-mwC34\" target=\"_new\"><i id=\"rdp-we-mwC38\">Die kompletten Nominierungen f\u00fcr den Echo 2005.<\/i><\/a><span typeof=\"mw:Entity\" id=\"rdp-we-mwC4A\"> <\/span>Archiviert<span typeof=\"mw:Entity\" id=\"rdp-we-mwC4E\"> <\/span>vom<span typeof=\"mw:Entity\" id=\"rdp-we-mwC4I\"> <\/span><link rel=\"mw-deduplicated-inline-style\" href=\"mw-data:TemplateStyles:r250917974\" about=\"#mwt270\" typeof=\"mw:Extension\/templatestyles\" id=\"rdp-we-mwC4M\" data-mw='{\"name\":\"templatestyles\",\"attrs\":{\"src\":\"Vorlage:IconExternal\/styles.css\"}}'\/><span class=\"dewiki-iconexternal\" id=\"rdp-we-mwC4Q\"><a rel=\"external_link\" href=\"https:\/\/redirecter.toolforge.org\/?url=http%3A%2F%2Fwww.rap.de%2Fnews%2F831\" class=\"external text\" id=\"rdp-we-mwC4U\" target=\"_new\">Original<\/a><\/span><span typeof=\"mw:Entity\" id=\"rdp-we-mwC4Y\"> <\/span>(nicht mehr online verf\u00fcgbar)<span typeof=\"mw:Entity\" id=\"rdp-we-mwC4c\"> <\/span>am<span typeof=\"mw:Entity\" id=\"rdp-we-mwC4g\"> <\/span><span style=\"white-space:nowrap;\" id=\"rdp-we-mwC4k\">7.<span typeof=\"mw:Entity\" id=\"rdp-we-mwC4o\">\u00a0<\/span>April 2014<\/span><span id=\"rdp-we-mwC4s\">;<\/span><span class=\"Abrufdatum\" id=\"rdp-we-mwC4w\"><span typeof=\"mw:Entity\" id=\"rdp-we-mwC40\"> <\/span>abgerufen am 26.<span typeof=\"mw:Entity\" id=\"rdp-we-mwC44\">\u00a0<\/span>M\u00e4rz 2014<\/span>.<\/span><span style=\"display: none;\" class=\"Z3988\" title=\"ctx_ver=Z39.88-2004&amp;rft_val_fmt=info%3Aofi%2Ffmt%3Akev%3Amtx%3Adc&amp;rfr_id=info%3Asid%2Fde.wikipedia.org%3AKool+Savas&amp;rft.title=Die+kompletten+Nominierungen+f%C3%BCr+den+Echo+2005&amp;rft.description=Die+kompletten+Nominierungen+f%C3%BCr+den+Echo+2005&amp;rft.identifier=https%3A%2F%2Fweb.archive.org%2Fweb%2F20140407071910%2Fhttp%3A%2F%2Fwww.rap.de%2Fnews%2F831&amp;rft.creator=Rap.de&amp;rft.source=http:\/\/www.rap.de\/news\/831\" about=\"#mwt269\" id=\"rdp-we-mwC48\"><span typeof=\"mw:Entity\" id=\"rdp-we-mwC5A\">\u00a0<\/span><\/span><\/span><\/li>\n<li about=\"#cite_note-115\" id=\"cite_note-115\" data-mw-footnote-number=\"115\"><span class=\"mw-cite-backlink\" id=\"rdp-we-mwC5E\"><a href=\"#cite_ref-115\" rel=\"mw:referencedBy\" id=\"rdp-we-mwC5I\"><span class=\"mw-linkback-text\" id=\"rdp-we-mwC5M\">\u2191<\/span><\/a><\/span> <span id=\"rdp-we-mw-reference-text-cite_note-115\" class=\"mw-reference-text reference-text\"><span class=\"cite\" about=\"#mwt272\" typeof=\"mw:Transclusion\" id=\"rdp-we-mwC5Q\" data-mw='{\"parts\":[{\"template\":{\"target\":{\"wt\":\"Internetquelle \",\"href\":\".\/Vorlage:Internetquelle\"},\"params\":{\"autor\":{\"wt\":\"16bars.de\"},\"url\":{\"wt\":\"http:\/\/www.16bars.de\/newsartikel\/2907\/echo-2012-vier-nominierungen-fuer-casper-weitere\/\"},\"titel\":{\"wt\":\"Echo 2012: Vier Nominierungen f\u00fcr Casper + weitere\"},\"abruf\":{\"wt\":\"2014-03-26\"}},\"i\":0}}]}'>16bars.de:<span typeof=\"mw:Entity\" id=\"rdp-we-mwC5U\"> <\/span><a rel=\"external_link\" href=\"http:\/\/www.16bars.de\/newsartikel\/2907\/echo-2012-vier-nominierungen-fuer-casper-weitere\/\" class=\"external text\" id=\"rdp-we-mwC5Y\" target=\"_new\"><i id=\"rdp-we-mwC5c\">Echo 2012: Vier Nominierungen f\u00fcr Casper + weitere.<\/i><\/a><span class=\"Abrufdatum\" id=\"rdp-we-mwC5g\"><span typeof=\"mw:Entity\" id=\"rdp-we-mwC5k\"> <\/span>Abgerufen am 26.<span typeof=\"mw:Entity\" id=\"rdp-we-mwC5o\">\u00a0<\/span>M\u00e4rz 2014<\/span>.<\/span><span style=\"display: none;\" class=\"Z3988\" title=\"ctx_ver=Z39.88-2004&amp;rft_val_fmt=info%3Aofi%2Ffmt%3Akev%3Amtx%3Adc&amp;rfr_id=info%3Asid%2Fde.wikipedia.org%3AKool+Savas&amp;rft.title=Echo+2012%3A+Vier+Nominierungen+f%C3%BCr+Casper+%2B+weitere&amp;rft.description=Echo+2012%3A+Vier+Nominierungen+f%C3%BCr+Casper+%2B+weitere&amp;rft.identifier=http%3A%2F%2Fwww.16bars.de%2Fnewsartikel%2F2907%2Fecho-2012-vier-nominierungen-fuer-casper-weitere%2F&amp;rft.creator=16bars.de\" about=\"#mwt272\" id=\"rdp-we-mwC5s\"><span typeof=\"mw:Entity\" id=\"rdp-we-mwC5w\">\u00a0<\/span><\/span><\/span><\/li>\n<li about=\"#cite_note-116\" id=\"cite_note-116\" data-mw-footnote-number=\"116\"><span class=\"mw-cite-backlink\" id=\"rdp-we-mwC50\"><a href=\"#cite_ref-116\" rel=\"mw:referencedBy\" id=\"rdp-we-mwC54\"><span class=\"mw-linkback-text\" id=\"rdp-we-mwC58\">\u2191<\/span><\/a><\/span> <span id=\"rdp-we-mw-reference-text-cite_note-116\" class=\"mw-reference-text reference-text\"><span class=\"cite\" about=\"#mwt274\" typeof=\"mw:Transclusion\" id=\"rdp-we-mwC6A\" data-mw='{\"parts\":[{\"template\":{\"target\":{\"wt\":\"Internetquelle \",\"href\":\".\/Vorlage:Internetquelle\"},\"params\":{\"autor\":{\"wt\":\"Musikmarkt.de\"},\"url\":{\"wt\":\"http:\/\/www.musikmarkt.de\/Aktuell\/News\/Echo-2006-Auszeichnungen-fuer-Madonna-Tokio-Hotel-und-Robbie-Williams\"},\"titel\":{\"wt\":\"Echo 2006: Auszeichnungen f\u00fcr Madonna, Tokio Hotel und Robbie Williams\"},\"offline\":{\"wt\":\"1\"},\"archiv-url\":{\"wt\":\"https:\/\/web.archive.org\/web\/20140407072235\/http:\/\/www.musikmarkt.de\/Aktuell\/News\/Echo-2006-Auszeichnungen-fuer-Madonna-Tokio-Hotel-und-Robbie-Williams\"},\"archiv-datum\":{\"wt\":\"2014-04-07\"},\"abruf\":{\"wt\":\"2014-03-26\"}},\"i\":0}}]}'>Musikmarkt.de:<span typeof=\"mw:Entity\" id=\"rdp-we-mwC6E\"> <\/span><a rel=\"external_link\" href=\"https:\/\/web.archive.org\/web\/20140407072235\/http:\/\/www.musikmarkt.de\/Aktuell\/News\/Echo-2006-Auszeichnungen-fuer-Madonna-Tokio-Hotel-und-Robbie-Williams\" class=\"external text\" id=\"rdp-we-mwC6I\" target=\"_new\"><i id=\"rdp-we-mwC6M\">Echo 2006: Auszeichnungen f\u00fcr Madonna, Tokio Hotel und Robbie Williams.<\/i><\/a><span typeof=\"mw:Entity\" id=\"rdp-we-mwC6Q\"> <\/span>Archiviert<span typeof=\"mw:Entity\" id=\"rdp-we-mwC6U\"> <\/span>vom<span typeof=\"mw:Entity\" id=\"rdp-we-mwC6Y\"> <\/span><link rel=\"mw-deduplicated-inline-style\" href=\"mw-data:TemplateStyles:r250917974\" about=\"#mwt275\" typeof=\"mw:Extension\/templatestyles\" id=\"rdp-we-mwC6c\" data-mw='{\"name\":\"templatestyles\",\"attrs\":{\"src\":\"Vorlage:IconExternal\/styles.css\"}}'\/><span class=\"dewiki-iconexternal\" id=\"rdp-we-mwC6g\"><a rel=\"external_link\" href=\"https:\/\/redirecter.toolforge.org\/?url=http%3A%2F%2Fwww.musikmarkt.de%2FAktuell%2FNews%2FEcho-2006-Auszeichnungen-fuer-Madonna-Tokio-Hotel-und-Robbie-Williams\" class=\"external text\" id=\"rdp-we-mwC6k\" target=\"_new\">Original<\/a><\/span><span typeof=\"mw:Entity\" id=\"rdp-we-mwC6o\"> <\/span>(nicht mehr online verf\u00fcgbar)<span typeof=\"mw:Entity\" id=\"rdp-we-mwC6s\"> <\/span>am<span typeof=\"mw:Entity\" id=\"rdp-we-mwC6w\"> <\/span><span style=\"white-space:nowrap;\" id=\"rdp-we-mwC60\">7.<span typeof=\"mw:Entity\" id=\"rdp-we-mwC64\">\u00a0<\/span>April 2014<\/span><span id=\"rdp-we-mwC68\">;<\/span><span class=\"Abrufdatum\" id=\"rdp-we-mwC7A\"><span typeof=\"mw:Entity\" id=\"rdp-we-mwC7E\"> <\/span>abgerufen am 26.<span typeof=\"mw:Entity\" id=\"rdp-we-mwC7I\">\u00a0<\/span>M\u00e4rz 2014<\/span>.<\/span><span style=\"display: none;\" class=\"Z3988\" title=\"ctx_ver=Z39.88-2004&amp;rft_val_fmt=info%3Aofi%2Ffmt%3Akev%3Amtx%3Adc&amp;rfr_id=info%3Asid%2Fde.wikipedia.org%3AKool+Savas&amp;rft.title=Echo+2006%3A+Auszeichnungen+f%C3%BCr+Madonna%2C+Tokio+Hotel+und+Robbie+Williams&amp;rft.description=Echo+2006%3A+Auszeichnungen+f%C3%BCr+Madonna%2C+Tokio+Hotel+und+Robbie+Williams&amp;rft.identifier=https%3A%2F%2Fweb.archive.org%2Fweb%2F20140407072235%2Fhttp%3A%2F%2Fwww.musikmarkt.de%2FAktuell%2FNews%2FEcho-2006-Auszeichnungen-fuer-Madonna-Tokio-Hotel-und-Robbie-Williams&amp;rft.creator=Musikmarkt.de&amp;rft.source=http:\/\/www.musikmarkt.de\/Aktuell\/News\/Echo-2006-Auszeichnungen-fuer-Madonna-Tokio-Hotel-und-Robbie-Williams\" about=\"#mwt274\" id=\"rdp-we-mwC7M\"><span typeof=\"mw:Entity\" id=\"rdp-we-mwC7Q\">\u00a0<\/span><\/span><\/span><\/li>\n<li about=\"#cite_note-117\" id=\"cite_note-117\" data-mw-footnote-number=\"117\"><span class=\"mw-cite-backlink\" id=\"rdp-we-mwC7U\"><a href=\"#cite_ref-117\" rel=\"mw:referencedBy\" id=\"rdp-we-mwC7Y\"><span class=\"mw-linkback-text\" id=\"rdp-we-mwC7c\">\u2191<\/span><\/a><\/span> <span id=\"rdp-we-mw-reference-text-cite_note-117\" class=\"mw-reference-text reference-text\"><span class=\"cite\" about=\"#mwt277\" typeof=\"mw:Transclusion\" id=\"rdp-we-mwC7g\" data-mw='{\"parts\":[{\"template\":{\"target\":{\"wt\":\"Internetquelle \",\"href\":\".\/Vorlage:Internetquelle\"},\"params\":{\"autor\":{\"wt\":\"Rap.de\"},\"url\":{\"wt\":\"http:\/\/www.rap.de\/news\/news\/12618-rap-beim-echo-nominierungen-bekannt-gegeben\"},\"titel\":{\"wt\":\"Rap beim Echo: Nominierungen bekannt gegeben\"},\"abruf\":{\"wt\":\"2014-03-26\"}},\"i\":0}}]}'>Rap.de:<span typeof=\"mw:Entity\" id=\"rdp-we-mwC7k\"> <\/span><a rel=\"external_link\" href=\"http:\/\/www.rap.de\/news\/news\/12618-rap-beim-echo-nominierungen-bekannt-gegeben\" class=\"external text\" id=\"rdp-we-mwC7o\" target=\"_new\"><i id=\"rdp-we-mwC7s\">Rap beim Echo: Nominierungen bekannt gegeben.<\/i><\/a><span class=\"Abrufdatum\" id=\"rdp-we-mwC7w\"><span typeof=\"mw:Entity\" id=\"rdp-we-mwC70\"> <\/span>Abgerufen am 26.<span typeof=\"mw:Entity\" id=\"rdp-we-mwC74\">\u00a0<\/span>M\u00e4rz 2014<\/span>.<\/span><span style=\"display: none;\" class=\"Z3988\" title=\"ctx_ver=Z39.88-2004&amp;rft_val_fmt=info%3Aofi%2Ffmt%3Akev%3Amtx%3Adc&amp;rfr_id=info%3Asid%2Fde.wikipedia.org%3AKool+Savas&amp;rft.title=Rap+beim+Echo%3A+Nominierungen+bekannt+gegeben&amp;rft.description=Rap+beim+Echo%3A+Nominierungen+bekannt+gegeben&amp;rft.identifier=http%3A%2F%2Fwww.rap.de%2Fnews%2Fnews%2F12618-rap-beim-echo-nominierungen-bekannt-gegeben&amp;rft.creator=Rap.de\" about=\"#mwt277\" id=\"rdp-we-mwC78\"><span typeof=\"mw:Entity\" id=\"rdp-we-mwC8A\">\u00a0<\/span><\/span><\/span><\/li>\n<li about=\"#cite_note-118\" id=\"cite_note-118\" data-mw-footnote-number=\"118\"><span class=\"mw-cite-backlink\" id=\"rdp-we-mwC8E\"><a href=\"#cite_ref-118\" rel=\"mw:referencedBy\" id=\"rdp-we-mwC8I\"><span class=\"mw-linkback-text\" id=\"rdp-we-mwC8M\">\u2191<\/span><\/a><\/span> <span id=\"rdp-we-mw-reference-text-cite_note-118\" class=\"mw-reference-text reference-text\"><span class=\"cite\" about=\"#mwt279\" typeof=\"mw:Transclusion\" id=\"rdp-we-mwC8Q\" data-mw='{\"parts\":[{\"template\":{\"target\":{\"wt\":\"Internetquelle \",\"href\":\".\/Vorlage:Internetquelle\"},\"params\":{\"autor\":{\"wt\":\"Hiphop.de\"},\"url\":{\"wt\":\"https:\/\/hiphop.de\/magazin\/news\/jahresr\u00fcckblick-award-verleihung-2006-165757?nopaging=1#.WHTd66MlxsM\"},\"titel\":{\"wt\":\"Jahresr\u00fcckblick &amp; Award Verleihung 2006\"},\"abruf\":{\"wt\":\"2019-07-23\"}},\"i\":0}}]}'>Hiphop.de:<span typeof=\"mw:Entity\" id=\"rdp-we-mwC8U\"> <\/span><a rel=\"external_link\" href=\"https:\/\/hiphop.de\/magazin\/news\/jahresr\u00fcckblick-award-verleihung-2006-165757?nopaging=1#.WHTd66MlxsM\" class=\"external text\" id=\"rdp-we-mwC8Y\" target=\"_new\"><i id=\"rdp-we-mwC8c\">Jahresr\u00fcckblick &amp; Award Verleihung 2006.<\/i><\/a><span class=\"Abrufdatum\" id=\"rdp-we-mwC8g\"><span typeof=\"mw:Entity\" id=\"rdp-we-mwC8k\"> <\/span>Abgerufen am 23.<span typeof=\"mw:Entity\" id=\"rdp-we-mwC8o\">\u00a0<\/span>Juli 2019<\/span>.<\/span><span style=\"display: none;\" class=\"Z3988\" title=\"ctx_ver=Z39.88-2004&amp;rft_val_fmt=info%3Aofi%2Ffmt%3Akev%3Amtx%3Adc&amp;rfr_id=info%3Asid%2Fde.wikipedia.org%3AKool+Savas&amp;rft.title=Jahresr%C3%BCckblick+%26+Award+Verleihung+2006&amp;rft.description=Jahresr%C3%BCckblick+%26+Award+Verleihung+2006&amp;rft.identifier=https%3A%2F%2Fhiphop.de%2Fmagazin%2Fnews%2Fjahresr%C3%BCckblick-award-verleihung-2006-165757%3Fnopaging%3D1%23.WHTd66MlxsM&amp;rft.creator=Hiphop.de\" about=\"#mwt279\" id=\"rdp-we-mwC8s\"><span typeof=\"mw:Entity\" id=\"rdp-we-mwC8w\">\u00a0<\/span><\/span><\/span><\/li>\n<li about=\"#cite_note-119\" id=\"cite_note-119\" data-mw-footnote-number=\"119\"><span class=\"mw-cite-backlink\" id=\"rdp-we-mwC80\"><a href=\"#cite_ref-119\" rel=\"mw:referencedBy\" id=\"rdp-we-mwC84\"><span class=\"mw-linkback-text\" id=\"rdp-we-mwC88\">\u2191<\/span><\/a><\/span> <span id=\"rdp-we-mw-reference-text-cite_note-119\" class=\"mw-reference-text reference-text\"><span class=\"cite\" about=\"#mwt281\" typeof=\"mw:Transclusion\" id=\"rdp-we-mwC9A\" data-mw='{\"parts\":[{\"template\":{\"target\":{\"wt\":\"Internetquelle \",\"href\":\".\/Vorlage:Internetquelle\"},\"params\":{\"autor\":{\"wt\":\"Hiphop.de\"},\"url\":{\"wt\":\"https:\/\/hiphop.de\/magazin\/news\/hiphopde-awards-2007-and-winners-are-165870?nopaging=1#.WHTm4aMlxsM\"},\"titel\":{\"wt\":\"Hiphop.de Awards 2007 - And The Winners Are...\"},\"abruf\":{\"wt\":\"2019-07-23\"}},\"i\":0}}]}'>Hiphop.de:<span typeof=\"mw:Entity\" id=\"rdp-we-mwC9E\"> <\/span><a rel=\"external_link\" href=\"https:\/\/hiphop.de\/magazin\/news\/hiphopde-awards-2007-and-winners-are-165870?nopaging=1#.WHTm4aMlxsM\" class=\"external text\" id=\"rdp-we-mwC9I\" target=\"_new\"><i id=\"rdp-we-mwC9M\">Hiphop.de Awards 2007 - And The Winners Are...<\/i><\/a><span class=\"Abrufdatum\" id=\"rdp-we-mwC9Q\"><span typeof=\"mw:Entity\" id=\"rdp-we-mwC9U\"> <\/span>Abgerufen am 23.<span typeof=\"mw:Entity\" id=\"rdp-we-mwC9Y\">\u00a0<\/span>Juli 2019<\/span>.<\/span><span style=\"display: none;\" class=\"Z3988\" title=\"ctx_ver=Z39.88-2004&amp;rft_val_fmt=info%3Aofi%2Ffmt%3Akev%3Amtx%3Adc&amp;rfr_id=info%3Asid%2Fde.wikipedia.org%3AKool+Savas&amp;rft.title=Hiphop.de+Awards+2007+-+And+The+Winners+Are...&amp;rft.description=Hiphop.de+Awards+2007+-+And+The+Winners+Are...&amp;rft.identifier=https%3A%2F%2Fhiphop.de%2Fmagazin%2Fnews%2Fhiphopde-awards-2007-and-winners-are-165870%3Fnopaging%3D1%23.WHTm4aMlxsM&amp;rft.creator=Hiphop.de\" about=\"#mwt281\" id=\"rdp-we-mwC9c\"><span typeof=\"mw:Entity\" id=\"rdp-we-mwC9g\">\u00a0<\/span><\/span><\/span><\/li>\n<li about=\"#cite_note-120\" id=\"cite_note-120\" data-mw-footnote-number=\"120\"><span class=\"mw-cite-backlink\" id=\"rdp-we-mwC9k\"><a href=\"#cite_ref-120\" rel=\"mw:referencedBy\" id=\"rdp-we-mwC9o\"><span class=\"mw-linkback-text\" id=\"rdp-we-mwC9s\">\u2191<\/span><\/a><\/span> <span id=\"rdp-we-mw-reference-text-cite_note-120\" class=\"mw-reference-text reference-text\"><span class=\"cite\" about=\"#mwt283\" typeof=\"mw:Transclusion\" id=\"rdp-we-mwC9w\" data-mw='{\"parts\":[{\"template\":{\"target\":{\"wt\":\"Internetquelle \",\"href\":\".\/Vorlage:Internetquelle\"},\"params\":{\"autor\":{\"wt\":\"Hiphop.de\"},\"url\":{\"wt\":\"http:\/\/www.hiphop.de\/magazin\/features\/detail\/2009\/03\/12\/hiphopde-awards-die-offizielle-preisverleihung\/\"},\"titel\":{\"wt\":\"Hiphop.de Awards: Die offizielle Preisverleihung\"},\"offline\":{\"wt\":\"1\"},\"archiv-url\":{\"wt\":\"https:\/\/web.archive.org\/web\/20110319102856\/http:\/\/www.hiphop.de\/magazin\/features\/detail\/2009\/03\/12\/hiphopde-awards-die-offizielle-preisverleihung\/\"},\"archiv-datum\":{\"wt\":\"2011-03-19\"},\"archiv-bot\":{\"wt\":\"2022-11-28 01:02:58 InternetArchiveBot\"},\"abruf\":{\"wt\":\"2019-07-23\"}},\"i\":0}}]}'>Hiphop.de:<span typeof=\"mw:Entity\" id=\"rdp-we-mwC90\"> <\/span><a rel=\"external_link\" href=\"https:\/\/web.archive.org\/web\/20110319102856\/http:\/\/www.hiphop.de\/magazin\/features\/detail\/2009\/03\/12\/hiphopde-awards-die-offizielle-preisverleihung\/\" class=\"external text\" id=\"rdp-we-mwC94\" target=\"_new\"><i id=\"rdp-we-mwC98\">Hiphop.de Awards: Die offizielle Preisverleihung.<\/i><\/a><span typeof=\"mw:Entity\" id=\"rdp-we-mwC-A\"> <\/span>Archiviert<span typeof=\"mw:Entity\" id=\"rdp-we-mwC-E\"> <\/span>vom<span typeof=\"mw:Entity\" id=\"rdp-we-mwC-I\"> <\/span><link rel=\"mw-deduplicated-inline-style\" href=\"mw-data:TemplateStyles:r250917974\" about=\"#mwt284\" typeof=\"mw:Extension\/templatestyles\" id=\"rdp-we-mwC-M\" data-mw='{\"name\":\"templatestyles\",\"attrs\":{\"src\":\"Vorlage:IconExternal\/styles.css\"}}'\/><span class=\"dewiki-iconexternal\" id=\"rdp-we-mwC-Q\"><a rel=\"external_link\" href=\"https:\/\/redirecter.toolforge.org\/?url=http%3A%2F%2Fwww.hiphop.de%2Fmagazin%2Ffeatures%2Fdetail%2F2009%2F03%2F12%2Fhiphopde-awards-die-offizielle-preisverleihung%2F\" class=\"external text\" id=\"rdp-we-mwC-U\" target=\"_new\">Original<\/a><\/span><span typeof=\"mw:Entity\" id=\"rdp-we-mwC-Y\"> <\/span>(nicht mehr online verf\u00fcgbar)<span typeof=\"mw:Entity\" id=\"rdp-we-mwC-c\"> <\/span>am<span typeof=\"mw:Entity\" id=\"rdp-we-mwC-g\"> <\/span><span style=\"white-space:nowrap;\" id=\"rdp-we-mwC-k\">19.<span typeof=\"mw:Entity\" id=\"rdp-we-mwC-o\">\u00a0<\/span>M\u00e4rz 2011<\/span><span id=\"rdp-we-mwC-s\">;<\/span><span class=\"Abrufdatum\" id=\"rdp-we-mwC-w\"><span typeof=\"mw:Entity\" id=\"rdp-we-mwC-0\"> <\/span>abgerufen am 23.<span typeof=\"mw:Entity\" id=\"rdp-we-mwC-4\">\u00a0<\/span>Juli 2019<\/span>.<\/span><span typeof=\"mw:Entity\" about=\"#mwt283\" id=\"rdp-we-mwC-8\"> <\/span><small class=\"archiv-bot\" about=\"#mwt283\" id=\"rdp-we-mwC_A\"><span class=\"wp_boppel noviewer\" aria-hidden=\"true\" role=\"presentation\" id=\"rdp-we-mwC_E\"><span typeof=\"mw:File\" id=\"rdp-we-mwC_I\" data-mw='{\"caption\":\"i\"}'><span title=\"i\" id=\"rdp-we-mwC_M\"><img resource=\"https:\/\/de.wikipedia.org\/wiki\/Datei:Pictogram_voting_info.svg\" src=\"https:\/\/thumb.wikimedia.org\/wikipedia\/commons\/thumb\/4\/4a\/Pictogram_voting_info.svg\/20px-Pictogram_voting_info.svg.png?utm_source=de.wikipedia.org&amp;utm_campaign=parser&amp;utm_content=thumbnail\" decoding=\"async\" loading=\"lazy\" alt=\"\" data-file-type=\"drawing\" height=\"15\" width=\"15\" class=\"mw-file-element\" id=\"rdp-we-mwC_Q\"\/><\/span><\/span><\/span><span typeof=\"mw:Entity\" id=\"rdp-we-mwC_U\">\u00a0<\/span><b id=\"rdp-we-mwC_Y\">Info:<\/b> Der Archivlink wurde automatisch eingesetzt und noch nicht gepr\u00fcft. Bitte pr\u00fcfe Original- und Archivlink gem\u00e4\u00df <a rel=\"mw:WikiLink\" href=\"https:\/\/de.wikipedia.org\/wiki\/Benutzer:InternetArchiveBot\/Anleitung\/Archivlink\" title=\"Benutzer:InternetArchiveBot\/Anleitung\/Archivlink\" id=\"rdp-we-mwC_c\" target=\"_new\" class=\"wiki-link\">Anleitung<\/a> und entferne dann diesen Hinweis.<\/small><span style=\"display:none\" about=\"#mwt283\" id=\"rdp-we-mwC_g\"><a rel=\"external_link\" href=\"http:\/\/IABotmemento.invalid\/http:\/\/www.hiphop.de\/magazin\/features\/detail\/2009\/03\/12\/hiphopde-awards-die-offizielle-preisverleihung\/\" class=\"external text\" id=\"rdp-we-mwC_k\" target=\"_new\">@1<\/a><\/span><span style=\"display:none\" about=\"#mwt283\" id=\"rdp-we-mwC_o\"><a rel=\"external_link\" href=\"http:\/\/www.hiphop.de\/magazin\/features\/detail\/2009\/03\/12\/hiphopde-awards-die-offizielle-preisverleihung\/\" class=\"external text\" id=\"rdp-we-mwC_s\" target=\"_new\">@2<\/a><\/span><span style=\"display:none\" about=\"#mwt283\" id=\"rdp-we-mwC_w\"><a rel=\"mw:WikiLink\" href=\"https:\/\/de.wikipedia.org\/wiki\/Vorlage:Webachiv\/IABot\/www.hiphop.de?action=edit&redlink=1\" title=\"Vorlage:Webachiv\/IABot\/www.hiphop.de (Seite nicht vorhanden)\" class=\"new wiki-link\" typeof=\"mw:LocalizedAttrs\" id=\"rdp-we-mwC_0\" data-mw-i18n='{\"title\":{\"lang\":\"x-page\",\"key\":\"red-link-title\",\"params\":[\"Vorlage:Webachiv\/IABot\/www.hiphop.de\"]}}' target=\"_new\">Vorlage:Webachiv\/IABot\/www.hiphop.de<\/a><\/span><link rel=\"mw:PageProp\/Category\" href=\".\/Kategorie:Wikipedia:Defekte_Weblinks\/Ungepr\u00fcfte_Archivlinks_2022-11\" about=\"#mwt283\" id=\"rdp-we-mwC_4\"\/><span style=\"display: none;\" class=\"Z3988\" title=\"ctx_ver=Z39.88-2004&amp;rft_val_fmt=info%3Aofi%2Ffmt%3Akev%3Amtx%3Adc&amp;rfr_id=info%3Asid%2Fde.wikipedia.org%3AKool+Savas&amp;rft.title=Hiphop.de+Awards%3A+Die+offizielle+Preisverleihung&amp;rft.description=Hiphop.de+Awards%3A+Die+offizielle+Preisverleihung&amp;rft.identifier=https%3A%2F%2Fweb.archive.org%2Fweb%2F20110319102856%2Fhttp%3A%2F%2Fwww.hiphop.de%2Fmagazin%2Ffeatures%2Fdetail%2F2009%2F03%2F12%2Fhiphopde-awards-die-offizielle-preisverleihung%2F&amp;rft.creator=Hiphop.de&amp;rft.source=http:\/\/www.hiphop.de\/magazin\/features\/detail\/2009\/03\/12\/hiphopde-awards-die-offizielle-preisverleihung\/\" about=\"#mwt283\" id=\"rdp-we-mwC_8\"><span typeof=\"mw:Entity\" id=\"rdp-we-mwDAA\">\u00a0<\/span><\/span><\/span><\/li>\n<li about=\"#cite_note-121\" id=\"cite_note-121\" data-mw-footnote-number=\"121\"><span class=\"mw-cite-backlink\" id=\"rdp-we-mwDAE\"><a href=\"#cite_ref-121\" rel=\"mw:referencedBy\" id=\"rdp-we-mwDAI\"><span class=\"mw-linkback-text\" id=\"rdp-we-mwDAM\">\u2191<\/span><\/a><\/span> <span id=\"rdp-we-mw-reference-text-cite_note-121\" class=\"mw-reference-text reference-text\"><span class=\"cite\" about=\"#mwt286\" typeof=\"mw:Transclusion\" id=\"rdp-we-mwDAQ\" data-mw='{\"parts\":[{\"template\":{\"target\":{\"wt\":\"Internetquelle \",\"href\":\".\/Vorlage:Internetquelle\"},\"params\":{\"autor\":{\"wt\":\"Hiphop.de\"},\"url\":{\"wt\":\"https:\/\/hiphop.de\/magazin\/news\/vodafone-hiphopde-awards-die-offizielle-preisverleihung-168025\"},\"titel\":{\"wt\":\"Hiphop.de Awards - Die offizielle Preisverleihung\"},\"abruf\":{\"wt\":\"2019-07-23\"}},\"i\":0}}]}'>Hiphop.de:<span typeof=\"mw:Entity\" id=\"rdp-we-mwDAU\"> <\/span><a rel=\"external_link\" href=\"https:\/\/hiphop.de\/magazin\/news\/vodafone-hiphopde-awards-die-offizielle-preisverleihung-168025\" class=\"external text\" id=\"rdp-we-mwDAY\" target=\"_new\"><i id=\"rdp-we-mwDAc\">Hiphop.de Awards - Die offizielle Preisverleihung.<\/i><\/a><span class=\"Abrufdatum\" id=\"rdp-we-mwDAg\"><span typeof=\"mw:Entity\" id=\"rdp-we-mwDAk\"> <\/span>Abgerufen am 23.<span typeof=\"mw:Entity\" id=\"rdp-we-mwDAo\">\u00a0<\/span>Juli 2019<\/span>.<\/span><span style=\"display: none;\" class=\"Z3988\" title=\"ctx_ver=Z39.88-2004&amp;rft_val_fmt=info%3Aofi%2Ffmt%3Akev%3Amtx%3Adc&amp;rfr_id=info%3Asid%2Fde.wikipedia.org%3AKool+Savas&amp;rft.title=Hiphop.de+Awards+-+Die+offizielle+Preisverleihung&amp;rft.description=Hiphop.de+Awards+-+Die+offizielle+Preisverleihung&amp;rft.identifier=https%3A%2F%2Fhiphop.de%2Fmagazin%2Fnews%2Fvodafone-hiphopde-awards-die-offizielle-preisverleihung-168025&amp;rft.creator=Hiphop.de\" about=\"#mwt286\" id=\"rdp-we-mwDAs\"><span typeof=\"mw:Entity\" id=\"rdp-we-mwDAw\">\u00a0<\/span><\/span><\/span><\/li>\n<li about=\"#cite_note-122\" id=\"cite_note-122\" data-mw-footnote-number=\"122\"><span class=\"mw-cite-backlink\" id=\"rdp-we-mwDA0\"><a href=\"#cite_ref-122\" rel=\"mw:referencedBy\" id=\"rdp-we-mwDA4\"><span class=\"mw-linkback-text\" id=\"rdp-we-mwDA8\">\u2191<\/span><\/a><\/span> <span id=\"rdp-we-mw-reference-text-cite_note-122\" class=\"mw-reference-text reference-text\"><span class=\"cite\" about=\"#mwt288\" typeof=\"mw:Transclusion\" id=\"rdp-we-mwDBA\" data-mw='{\"parts\":[{\"template\":{\"target\":{\"wt\":\"Internetquelle \",\"href\":\".\/Vorlage:Internetquelle\"},\"params\":{\"autor\":{\"wt\":\"Hiphop.de\"},\"url\":{\"wt\":\"https:\/\/hiphop.de\/magazin\/news\/hiphopde-awards-die-offizielle-preisverleihung-170395?nopaging=1\"},\"titel\":{\"wt\":\"Hiphop.de Awards: Die offizielle Preisverleihung\"},\"abruf\":{\"wt\":\"2019-07-23\"}},\"i\":0}}]}'>Hiphop.de:<span typeof=\"mw:Entity\" id=\"rdp-we-mwDBE\"> <\/span><a rel=\"external_link\" href=\"https:\/\/hiphop.de\/magazin\/news\/hiphopde-awards-die-offizielle-preisverleihung-170395?nopaging=1\" class=\"external text\" id=\"rdp-we-mwDBI\" target=\"_new\"><i id=\"rdp-we-mwDBM\">Hiphop.de Awards: Die offizielle Preisverleihung.<\/i><\/a><span class=\"Abrufdatum\" id=\"rdp-we-mwDBQ\"><span typeof=\"mw:Entity\" id=\"rdp-we-mwDBU\"> <\/span>Abgerufen am 23.<span typeof=\"mw:Entity\" id=\"rdp-we-mwDBY\">\u00a0<\/span>Juli 2019<\/span>.<\/span><span style=\"display: none;\" class=\"Z3988\" title=\"ctx_ver=Z39.88-2004&amp;rft_val_fmt=info%3Aofi%2Ffmt%3Akev%3Amtx%3Adc&amp;rfr_id=info%3Asid%2Fde.wikipedia.org%3AKool+Savas&amp;rft.title=Hiphop.de+Awards%3A+Die+offizielle+Preisverleihung&amp;rft.description=Hiphop.de+Awards%3A+Die+offizielle+Preisverleihung&amp;rft.identifier=https%3A%2F%2Fhiphop.de%2Fmagazin%2Fnews%2Fhiphopde-awards-die-offizielle-preisverleihung-170395%3Fnopaging%3D1&amp;rft.creator=Hiphop.de\" about=\"#mwt288\" id=\"rdp-we-mwDBc\"><span typeof=\"mw:Entity\" id=\"rdp-we-mwDBg\">\u00a0<\/span><\/span><\/span><\/li>\n<li about=\"#cite_note-123\" id=\"cite_note-123\" data-mw-footnote-number=\"123\"><span class=\"mw-cite-backlink\" id=\"rdp-we-mwDBk\"><a href=\"#cite_ref-123\" rel=\"mw:referencedBy\" id=\"rdp-we-mwDBo\"><span class=\"mw-linkback-text\" id=\"rdp-we-mwDBs\">\u2191<\/span><\/a><\/span> <span id=\"rdp-we-mw-reference-text-cite_note-123\" class=\"mw-reference-text reference-text\"><span class=\"cite\" about=\"#mwt290\" typeof=\"mw:Transclusion\" id=\"rdp-we-mwDBw\" data-mw='{\"parts\":[{\"template\":{\"target\":{\"wt\":\"Internetquelle \",\"href\":\".\/Vorlage:Internetquelle\"},\"params\":{\"autor\":{\"wt\":\"Hiphop.de\"},\"url\":{\"wt\":\"https:\/\/hiphop.de\/magazin\/news\/hiphopde-awards-pr\u00e4sentiert-von-lol-papers-die-preisverleihung-171730?nopaging=1\"},\"titel\":{\"wt\":\"Hiphop.de Awards pr\u00e4sentiert von lol papers - Die Preisverleihung\"},\"abruf\":{\"wt\":\"2019-07-23\"}},\"i\":0}}]}'>Hiphop.de:<span typeof=\"mw:Entity\" id=\"rdp-we-mwDB0\"> <\/span><a rel=\"external_link\" href=\"https:\/\/hiphop.de\/magazin\/news\/hiphopde-awards-pr\u00e4sentiert-von-lol-papers-die-preisverleihung-171730?nopaging=1\" class=\"external text\" id=\"rdp-we-mwDB4\" target=\"_new\"><i id=\"rdp-we-mwDB8\">Hiphop.de Awards pr\u00e4sentiert von lol papers - Die Preisverleihung.<\/i><\/a><span class=\"Abrufdatum\" id=\"rdp-we-mwDCA\"><span typeof=\"mw:Entity\" id=\"rdp-we-mwDCE\"> <\/span>Abgerufen am 23.<span typeof=\"mw:Entity\" id=\"rdp-we-mwDCI\">\u00a0<\/span>Juli 2019<\/span>.<\/span><span style=\"display: none;\" class=\"Z3988\" title=\"ctx_ver=Z39.88-2004&amp;rft_val_fmt=info%3Aofi%2Ffmt%3Akev%3Amtx%3Adc&amp;rfr_id=info%3Asid%2Fde.wikipedia.org%3AKool+Savas&amp;rft.title=Hiphop.de+Awards+pr%C3%A4sentiert+von+lol+papers+-+Die+Preisverleihung&amp;rft.description=Hiphop.de+Awards+pr%C3%A4sentiert+von+lol+papers+-+Die+Preisverleihung&amp;rft.identifier=https%3A%2F%2Fhiphop.de%2Fmagazin%2Fnews%2Fhiphopde-awards-pr%C3%A4sentiert-von-lol-papers-die-preisverleihung-171730%3Fnopaging%3D1&amp;rft.creator=Hiphop.de\" about=\"#mwt290\" id=\"rdp-we-mwDCM\"><span typeof=\"mw:Entity\" id=\"rdp-we-mwDCQ\">\u00a0<\/span><\/span><\/span><\/li>\n<li about=\"#cite_note-124\" id=\"cite_note-124\" data-mw-footnote-number=\"124\"><span class=\"mw-cite-backlink\" id=\"rdp-we-mwDCU\"><a href=\"#cite_ref-124\" rel=\"mw:referencedBy\" id=\"rdp-we-mwDCY\"><span class=\"mw-linkback-text\" id=\"rdp-we-mwDCc\">\u2191<\/span><\/a><\/span> <span id=\"rdp-we-mw-reference-text-cite_note-124\" class=\"mw-reference-text reference-text\"><span class=\"cite\" about=\"#mwt292\" typeof=\"mw:Transclusion\" id=\"rdp-we-mwDCg\" data-mw='{\"parts\":[{\"template\":{\"target\":{\"wt\":\"Internetquelle \",\"href\":\".\/Vorlage:Internetquelle\"},\"params\":{\"autor\":{\"wt\":\"Hiphop.de\"},\"url\":{\"wt\":\"https:\/\/hiphop.de\/magazin\/news\/hiphopde-awards-2012-pr\u00e4sentiert-von-releasehiphopde-\u2013-die-preisverleihung-181058?nopaging=1\"},\"titel\":{\"wt\":\"Hiphop.de Awards 2012 pr\u00e4sentiert von Releasehiphop.de \u2013 Die Preisverleihung\"},\"abruf\":{\"wt\":\"2019-07-23\"}},\"i\":0}}]}'>Hiphop.de:<span typeof=\"mw:Entity\" id=\"rdp-we-mwDCk\"> <\/span><a rel=\"external_link\" href=\"https:\/\/hiphop.de\/magazin\/news\/hiphopde-awards-2012-pr\u00e4sentiert-von-releasehiphopde-\u2013-die-preisverleihung-181058?nopaging=1\" class=\"external text\" id=\"rdp-we-mwDCo\" target=\"_new\"><i id=\"rdp-we-mwDCs\">Hiphop.de Awards 2012 pr\u00e4sentiert von Releasehiphop.de \u2013 Die Preisverleihung.<\/i><\/a><span class=\"Abrufdatum\" id=\"rdp-we-mwDCw\"><span typeof=\"mw:Entity\" id=\"rdp-we-mwDC0\"> <\/span>Abgerufen am 23.<span typeof=\"mw:Entity\" id=\"rdp-we-mwDC4\">\u00a0<\/span>Juli 2019<\/span>.<\/span><span style=\"display: none;\" class=\"Z3988\" title=\"ctx_ver=Z39.88-2004&amp;rft_val_fmt=info%3Aofi%2Ffmt%3Akev%3Amtx%3Adc&amp;rfr_id=info%3Asid%2Fde.wikipedia.org%3AKool+Savas&amp;rft.title=Hiphop.de+Awards+2012+pr%C3%A4sentiert+von+Releasehiphop.de+%E2%80%93+Die+Preisverleihung&amp;rft.description=Hiphop.de+Awards+2012+pr%C3%A4sentiert+von+Releasehiphop.de+%E2%80%93+Die+Preisverleihung&amp;rft.identifier=https%3A%2F%2Fhiphop.de%2Fmagazin%2Fnews%2Fhiphopde-awards-2012-pr%C3%A4sentiert-von-releasehiphopde-%E2%80%93-die-preisverleihung-181058%3Fnopaging%3D1&amp;rft.creator=Hiphop.de\" about=\"#mwt292\" id=\"rdp-we-mwDC8\"><span typeof=\"mw:Entity\" id=\"rdp-we-mwDDA\">\u00a0<\/span><\/span><\/span><\/li>\n<li about=\"#cite_note-125\" id=\"cite_note-125\" data-mw-footnote-number=\"125\"><span class=\"mw-cite-backlink\" id=\"rdp-we-mwDDE\"><a href=\"#cite_ref-125\" rel=\"mw:referencedBy\" id=\"rdp-we-mwDDI\"><span class=\"mw-linkback-text\" id=\"rdp-we-mwDDM\">\u2191<\/span><\/a><\/span> <span id=\"rdp-we-mw-reference-text-cite_note-125\" class=\"mw-reference-text reference-text\"><span class=\"cite\" about=\"#mwt294\" typeof=\"mw:Transclusion\" id=\"rdp-we-mwDDQ\" data-mw='{\"parts\":[{\"template\":{\"target\":{\"wt\":\"Internetquelle \",\"href\":\".\/Vorlage:Internetquelle\"},\"params\":{\"autor\":{\"wt\":\"Hiphop.de\"},\"url\":{\"wt\":\"https:\/\/hiphop.de\/magazin\/hiphopde-awards-2013-die-preisverleihung-262395?nopaging=1\"},\"titel\":{\"wt\":\"Hiphop.de Awards 2013 - Die Gewinner\"},\"abruf\":{\"wt\":\"2019-07-23\"}},\"i\":0}}]}'>Hiphop.de:<span typeof=\"mw:Entity\" id=\"rdp-we-mwDDU\"> <\/span><a rel=\"external_link\" href=\"https:\/\/hiphop.de\/magazin\/hiphopde-awards-2013-die-preisverleihung-262395?nopaging=1\" class=\"external text\" id=\"rdp-we-mwDDY\" target=\"_new\"><i id=\"rdp-we-mwDDc\">Hiphop.de Awards 2013 - Die Gewinner.<\/i><\/a><span class=\"Abrufdatum\" id=\"rdp-we-mwDDg\"><span typeof=\"mw:Entity\" id=\"rdp-we-mwDDk\"> <\/span>Abgerufen am 23.<span typeof=\"mw:Entity\" id=\"rdp-we-mwDDo\">\u00a0<\/span>Juli 2019<\/span>.<\/span><span style=\"display: none;\" class=\"Z3988\" title=\"ctx_ver=Z39.88-2004&amp;rft_val_fmt=info%3Aofi%2Ffmt%3Akev%3Amtx%3Adc&amp;rfr_id=info%3Asid%2Fde.wikipedia.org%3AKool+Savas&amp;rft.title=Hiphop.de+Awards+2013+-+Die+Gewinner&amp;rft.description=Hiphop.de+Awards+2013+-+Die+Gewinner&amp;rft.identifier=https%3A%2F%2Fhiphop.de%2Fmagazin%2Fhiphopde-awards-2013-die-preisverleihung-262395%3Fnopaging%3D1&amp;rft.creator=Hiphop.de\" about=\"#mwt294\" id=\"rdp-we-mwDDs\"><span typeof=\"mw:Entity\" id=\"rdp-we-mwDDw\">\u00a0<\/span><\/span><\/span><\/li>\n<li about=\"#cite_note-126\" id=\"cite_note-126\" data-mw-footnote-number=\"126\"><span class=\"mw-cite-backlink\" id=\"rdp-we-mwDD0\"><a href=\"#cite_ref-126\" rel=\"mw:referencedBy\" id=\"rdp-we-mwDD4\"><span class=\"mw-linkback-text\" id=\"rdp-we-mwDD8\">\u2191<\/span><\/a><\/span> <span id=\"rdp-we-mw-reference-text-cite_note-126\" class=\"mw-reference-text reference-text\"><span class=\"cite\" about=\"#mwt296\" typeof=\"mw:Transclusion\" id=\"rdp-we-mwDEA\" data-mw='{\"parts\":[{\"template\":{\"target\":{\"wt\":\"Internetquelle \",\"href\":\".\/Vorlage:Internetquelle\"},\"params\":{\"autor\":{\"wt\":\"Hiphop.de\"},\"url\":{\"wt\":\"https:\/\/hiphop.de\/magazin\/hiphopde-awards-2014-alle-gewinner-im-ueberblick-276364?nopaging=1\"},\"titel\":{\"wt\":\"Hiphop.de Awards 2014: Alle Gewinner im \u00dcberblick\"},\"abruf\":{\"wt\":\"2019-07-23\"}},\"i\":0}}]}'>Hiphop.de:<span typeof=\"mw:Entity\" id=\"rdp-we-mwDEE\"> <\/span><a rel=\"external_link\" href=\"https:\/\/hiphop.de\/magazin\/hiphopde-awards-2014-alle-gewinner-im-ueberblick-276364?nopaging=1\" class=\"external text\" id=\"rdp-we-mwDEI\" target=\"_new\"><i id=\"rdp-we-mwDEM\">Hiphop.de Awards 2014: Alle Gewinner im \u00dcberblick.<\/i><\/a><span class=\"Abrufdatum\" id=\"rdp-we-mwDEQ\"><span typeof=\"mw:Entity\" id=\"rdp-we-mwDEU\"> <\/span>Abgerufen am 23.<span typeof=\"mw:Entity\" id=\"rdp-we-mwDEY\">\u00a0<\/span>Juli 2019<\/span>.<\/span><span style=\"display: none;\" class=\"Z3988\" title=\"ctx_ver=Z39.88-2004&amp;rft_val_fmt=info%3Aofi%2Ffmt%3Akev%3Amtx%3Adc&amp;rfr_id=info%3Asid%2Fde.wikipedia.org%3AKool+Savas&amp;rft.title=Hiphop.de+Awards+2014%3A+Alle+Gewinner+im+%C3%9Cberblick&amp;rft.description=Hiphop.de+Awards+2014%3A+Alle+Gewinner+im+%C3%9Cberblick&amp;rft.identifier=https%3A%2F%2Fhiphop.de%2Fmagazin%2Fhiphopde-awards-2014-alle-gewinner-im-ueberblick-276364%3Fnopaging%3D1&amp;rft.creator=Hiphop.de\" about=\"#mwt296\" id=\"rdp-we-mwDEc\"><span typeof=\"mw:Entity\" id=\"rdp-we-mwDEg\">\u00a0<\/span><\/span><\/span><\/li>\n<li about=\"#cite_note-127\" id=\"cite_note-127\" data-mw-footnote-number=\"127\"><span class=\"mw-cite-backlink\" id=\"rdp-we-mwDEk\"><a href=\"#cite_ref-127\" rel=\"mw:referencedBy\" id=\"rdp-we-mwDEo\"><span class=\"mw-linkback-text\" id=\"rdp-we-mwDEs\">\u2191<\/span><\/a><\/span> <span id=\"rdp-we-mw-reference-text-cite_note-127\" class=\"mw-reference-text reference-text\"><span class=\"cite\" about=\"#mwt298\" typeof=\"mw:Transclusion\" id=\"rdp-we-mwDEw\" data-mw='{\"parts\":[{\"template\":{\"target\":{\"wt\":\"Internetquelle \",\"href\":\".\/Vorlage:Internetquelle\"},\"params\":{\"autor\":{\"wt\":\"Hiphop.de\"},\"url\":{\"wt\":\"https:\/\/hiphop.de\/magazin\/hiphopde-awards-2015-gewinner-287641?nopaging=1\"},\"titel\":{\"wt\":\"Hiphop.de Awards 2015: Die Gewinner\"},\"abruf\":{\"wt\":\"2019-07-23\"}},\"i\":0}}]}'>Hiphop.de:<span typeof=\"mw:Entity\" id=\"rdp-we-mwDE0\"> <\/span><a rel=\"external_link\" href=\"https:\/\/hiphop.de\/magazin\/hiphopde-awards-2015-gewinner-287641?nopaging=1\" class=\"external text\" id=\"rdp-we-mwDE4\" target=\"_new\"><i id=\"rdp-we-mwDE8\">Hiphop.de Awards 2015: Die Gewinner.<\/i><\/a><span class=\"Abrufdatum\" id=\"rdp-we-mwDFA\"><span typeof=\"mw:Entity\" id=\"rdp-we-mwDFE\"> <\/span>Abgerufen am 23.<span typeof=\"mw:Entity\" id=\"rdp-we-mwDFI\">\u00a0<\/span>Juli 2019<\/span>.<\/span><span style=\"display: none;\" class=\"Z3988\" title=\"ctx_ver=Z39.88-2004&amp;rft_val_fmt=info%3Aofi%2Ffmt%3Akev%3Amtx%3Adc&amp;rfr_id=info%3Asid%2Fde.wikipedia.org%3AKool+Savas&amp;rft.title=Hiphop.de+Awards+2015%3A+Die+Gewinner&amp;rft.description=Hiphop.de+Awards+2015%3A+Die+Gewinner&amp;rft.identifier=https%3A%2F%2Fhiphop.de%2Fmagazin%2Fhiphopde-awards-2015-gewinner-287641%3Fnopaging%3D1&amp;rft.creator=Hiphop.de\" about=\"#mwt298\" id=\"rdp-we-mwDFM\"><span typeof=\"mw:Entity\" id=\"rdp-we-mwDFQ\">\u00a0<\/span><\/span><\/span><\/li>\n<li about=\"#cite_note-128\" id=\"cite_note-128\" data-mw-footnote-number=\"128\"><span class=\"mw-cite-backlink\" id=\"rdp-we-mwDFU\"><a href=\"#cite_ref-128\" rel=\"mw:referencedBy\" id=\"rdp-we-mwDFY\"><span class=\"mw-linkback-text\" id=\"rdp-we-mwDFc\">\u2191<\/span><\/a><\/span> <span id=\"rdp-we-mw-reference-text-cite_note-128\" class=\"mw-reference-text reference-text\"><span class=\"cite\" about=\"#mwt300\" typeof=\"mw:Transclusion\" id=\"rdp-we-mwDFg\" data-mw='{\"parts\":[{\"template\":{\"target\":{\"wt\":\"Internetquelle \",\"href\":\".\/Vorlage:Internetquelle\"},\"params\":{\"autor\":{\"wt\":\"Hiphop.de\"},\"url\":{\"wt\":\"https:\/\/hiphop.de\/magazin\/hiphopde-awards-2016-gewinner-298351#.WHTHvqOX9sM\"},\"titel\":{\"wt\":\"Hiphop.de Awards 2016: Die Gewinner\"},\"abruf\":{\"wt\":\"2019-07-23\"}},\"i\":0}}]}'>Hiphop.de:<span typeof=\"mw:Entity\" id=\"rdp-we-mwDFk\"> <\/span><a rel=\"external_link\" href=\"https:\/\/hiphop.de\/magazin\/hiphopde-awards-2016-gewinner-298351#.WHTHvqOX9sM\" class=\"external text\" id=\"rdp-we-mwDFo\" target=\"_new\"><i id=\"rdp-we-mwDFs\">Hiphop.de Awards 2016: Die Gewinner.<\/i><\/a><span class=\"Abrufdatum\" id=\"rdp-we-mwDFw\"><span typeof=\"mw:Entity\" id=\"rdp-we-mwDF0\"> <\/span>Abgerufen am 23.<span typeof=\"mw:Entity\" id=\"rdp-we-mwDF4\">\u00a0<\/span>Juli 2019<\/span>.<\/span><span style=\"display: none;\" class=\"Z3988\" title=\"ctx_ver=Z39.88-2004&amp;rft_val_fmt=info%3Aofi%2Ffmt%3Akev%3Amtx%3Adc&amp;rfr_id=info%3Asid%2Fde.wikipedia.org%3AKool+Savas&amp;rft.title=Hiphop.de+Awards+2016%3A+Die+Gewinner&amp;rft.description=Hiphop.de+Awards+2016%3A+Die+Gewinner&amp;rft.identifier=https%3A%2F%2Fhiphop.de%2Fmagazin%2Fhiphopde-awards-2016-gewinner-298351%23.WHTHvqOX9sM&amp;rft.creator=Hiphop.de\" about=\"#mwt300\" id=\"rdp-we-mwDF8\"><span typeof=\"mw:Entity\" id=\"rdp-we-mwDGA\">\u00a0<\/span><\/span><\/span><\/li>\n<li about=\"#cite_note-129\" id=\"cite_note-129\" data-mw-footnote-number=\"129\"><span class=\"mw-cite-backlink\" id=\"rdp-we-mwDGE\"><a href=\"#cite_ref-129\" rel=\"mw:referencedBy\" id=\"rdp-we-mwDGI\"><span class=\"mw-linkback-text\" id=\"rdp-we-mwDGM\">\u2191<\/span><\/a><\/span> <span id=\"rdp-we-mw-reference-text-cite_note-129\" class=\"mw-reference-text reference-text\"><span class=\"cite\" about=\"#mwt302\" typeof=\"mw:Transclusion\" id=\"rdp-we-mwDGQ\" data-mw='{\"parts\":[{\"template\":{\"target\":{\"wt\":\"Internetquelle \",\"href\":\".\/Vorlage:Internetquelle\"},\"params\":{\"autor\":{\"wt\":\"\"},\"url\":{\"wt\":\"https:\/\/hiphop.de\/magazin\/news\/alle-gewinnerinnen-hiphopde-awards-2022-405652\"},\"titel\":{\"wt\":\"Alle Gewinner*innen der Hiphop.de Awards 2022\"},\"werk\":{\"wt\":\"hiphop.de\"},\"sprache\":{\"wt\":\"de\"},\"abruf\":{\"wt\":\"2023-01-28\"}},\"i\":0}}]}'><a rel=\"external_link\" href=\"https:\/\/hiphop.de\/magazin\/news\/alle-gewinnerinnen-hiphopde-awards-2022-405652\" class=\"external text\" id=\"rdp-we-mwDGU\" target=\"_new\"><i id=\"rdp-we-mwDGY\">Alle Gewinner*innen der Hiphop.de Awards 2022.<\/i><\/a><span typeof=\"mw:Entity\" id=\"rdp-we-mwDGc\"> <\/span>In:<span typeof=\"mw:Entity\" id=\"rdp-we-mwDGg\"> <\/span><i id=\"rdp-we-mwDGk\">hiphop.de.<\/i><span class=\"Abrufdatum\" id=\"rdp-we-mwDGo\"><span typeof=\"mw:Entity\" id=\"rdp-we-mwDGs\"> <\/span>Abgerufen am 28.<span typeof=\"mw:Entity\" id=\"rdp-we-mwDGw\">\u00a0<\/span>Januar 2023<\/span>.<\/span><span style=\"display: none;\" class=\"Z3988\" title=\"ctx_ver=Z39.88-2004&amp;rft_val_fmt=info%3Aofi%2Ffmt%3Akev%3Amtx%3Adc&amp;rfr_id=info%3Asid%2Fde.wikipedia.org%3AKool+Savas&amp;rft.title=Alle+Gewinner%2Ainnen+der+Hiphop.de+Awards+2022&amp;rft.description=Alle+Gewinner%2Ainnen+der+Hiphop.de+Awards+2022&amp;rft.identifier=https%3A%2F%2Fhiphop.de%2Fmagazin%2Fnews%2Falle-gewinnerinnen-hiphopde-awards-2022-405652&amp;rft.language=de\" about=\"#mwt302\" id=\"rdp-we-mwDG0\"><span typeof=\"mw:Entity\" id=\"rdp-we-mwDG4\">\u00a0<\/span><\/span><\/span><\/li>\n<li about=\"#cite_note-130\" id=\"cite_note-130\" data-mw-footnote-number=\"130\"><span class=\"mw-cite-backlink\" id=\"rdp-we-mwDG8\"><a href=\"#cite_ref-130\" rel=\"mw:referencedBy\" id=\"rdp-we-mwDHA\"><span class=\"mw-linkback-text\" id=\"rdp-we-mwDHE\">\u2191<\/span><\/a><\/span> <span id=\"rdp-we-mw-reference-text-cite_note-130\" class=\"mw-reference-text reference-text\"><span class=\"cite\" about=\"#mwt305\" typeof=\"mw:Transclusion\" id=\"rdp-we-mwDHI\" data-mw='{\"parts\":[{\"template\":{\"target\":{\"wt\":\"Internetquelle \",\"href\":\".\/Vorlage:Internetquelle\"},\"params\":{\"autor\":{\"wt\":\"Taz.de\"},\"url\":{\"wt\":\"http:\/\/www.taz.de\/1\/archiv\/archiv\/?dig=2001\/10\/26\/a0125\"},\"titel\":{\"wt\":\"Der K\u00f6nig der Schulh\u00f6fe\"},\"abruf\":{\"wt\":\"2014-03-26\"}},\"i\":0}}]}'>Taz.de:<span typeof=\"mw:Entity\" id=\"rdp-we-mwDHM\"> <\/span><a rel=\"external_link\" href=\"http:\/\/www.taz.de\/1\/archiv\/archiv\/?dig=2001\/10\/26\/a0125\" class=\"external text\" id=\"rdp-we-mwDHQ\" target=\"_new\"><i id=\"rdp-we-mwDHU\">Der K\u00f6nig der Schulh\u00f6fe.<\/i><\/a><span class=\"Abrufdatum\" id=\"rdp-we-mwDHY\"><span typeof=\"mw:Entity\" id=\"rdp-we-mwDHc\"> <\/span>Abgerufen am 26.<span typeof=\"mw:Entity\" id=\"rdp-we-mwDHg\">\u00a0<\/span>M\u00e4rz 2014<\/span>.<\/span><span style=\"display: none;\" class=\"Z3988\" title=\"ctx_ver=Z39.88-2004&amp;rft_val_fmt=info%3Aofi%2Ffmt%3Akev%3Amtx%3Adc&amp;rfr_id=info%3Asid%2Fde.wikipedia.org%3AKool+Savas&amp;rft.title=Der+K%C3%B6nig+der+Schulh%C3%B6fe&amp;rft.description=Der+K%C3%B6nig+der+Schulh%C3%B6fe&amp;rft.identifier=http%3A%2F%2Fwww.taz.de%2F1%2Farchiv%2Farchiv%2F%3Fdig%3D2001%2F10%2F26%2Fa0125&amp;rft.creator=Taz.de\" about=\"#mwt305\" id=\"rdp-we-mwDHk\"><span typeof=\"mw:Entity\" id=\"rdp-we-mwDHo\">\u00a0<\/span><\/span><\/span><\/li>\n<li about=\"#cite_note-Loh-131\" id=\"cite_note-Loh-131\" data-mw-footnote-number=\"131\"><span rel=\"mw:referencedBy\" class=\"mw-cite-backlink\" id=\"rdp-we-mwDHs\"><a href=\"#cite_ref-Loh_131-0\" id=\"rdp-we-mwDHw\"><span class=\"mw-linkback-text\" id=\"rdp-we-mwDH0\">1<\/span><\/a> <a href=\"#cite_ref-Loh_131-1\" id=\"rdp-we-mwDH4\"><span class=\"mw-linkback-text\" id=\"rdp-we-mwDH8\">2<\/span><\/a><\/span> <span id=\"rdp-we-mw-reference-text-cite_note-Loh-131\" class=\"mw-reference-text reference-text\">Hannes Loh, Hannes G\u00fcng\u00f6r: <i id=\"rdp-we-mwDIA\">\u201eFear of a Kanak Planet\u201c \u2013 HipHop zwischen Weltkultur und Nazi-Rap<\/i>. Hannibal Verlag, H\u00f6fen 2002, S. 215<\/span><\/li>\n<li about=\"#cite_note-132\" id=\"cite_note-132\" data-mw-footnote-number=\"132\"><span class=\"mw-cite-backlink\" id=\"rdp-we-mwDIE\"><a href=\"#cite_ref-132\" rel=\"mw:referencedBy\" id=\"rdp-we-mwDII\"><span class=\"mw-linkback-text\" id=\"rdp-we-mwDIM\">\u2191<\/span><\/a><\/span> <span id=\"rdp-we-mw-reference-text-cite_note-132\" class=\"mw-reference-text reference-text\">Nora Hantzsch: <i id=\"rdp-we-mwDIQ\">\u201eSchwule Rapper, es wird Zeit, dass wir Tacheles sprechen<span typeof=\"mw:Entity\" id=\"rdp-we-mwDIU\">\u00a0<\/span>\u2026\u201c \u2013 Homophobie in der deutschen Rap-Szene<\/i><\/span><\/li>\n<li about=\"#cite_note-BPjM-133\" id=\"cite_note-BPjM-133\" data-mw-footnote-number=\"133\"><span rel=\"mw:referencedBy\" class=\"mw-cite-backlink\" id=\"rdp-we-mwDIY\"><a href=\"#cite_ref-BPjM_133-0\" id=\"rdp-we-mwDIc\"><span class=\"mw-linkback-text\" id=\"rdp-we-mwDIg\">1<\/span><\/a> <a href=\"#cite_ref-BPjM_133-1\" id=\"rdp-we-mwDIk\"><span class=\"mw-linkback-text\" id=\"rdp-we-mwDIo\">2<\/span><\/a><\/span> <span id=\"rdp-we-mw-reference-text-cite_note-BPjM-133\" class=\"mw-reference-text reference-text\">Bundespr\u00fcfstelle f\u00fcr jugendgef\u00e4hrdende Medien. Hip-Hop-Musik in der Spruchpraxis der Bundespr\u00fcfstelle f\u00fcr jugendgef\u00e4hrdende Medien (BPjM) \u2013 Rechtliche Bewertung und medienp\u00e4dagogischer Umgang. <span class=\"plainlinks-print\" about=\"#mwt309\" typeof=\"mw:Transclusion\" id=\"rdp-we-mwDIs\" data-mw='{\"parts\":[{\"template\":{\"target\":{\"wt\":\"ISSN\",\"href\":\".\/Vorlage:ISSN\"},\"params\":{\"1\":{\"wt\":\"1865-0813\"}},\"i\":0}}]}'><a rel=\"mw:WikiLink\" href=\"https:\/\/de.wikipedia.org\/wiki\/Internationale_Standardnummer_f\u00fcr_fortlaufende_Sammelwerke\" title=\"Internationale Standardnummer f\u00fcr fortlaufende Sammelwerke\" id=\"rdp-we-mwDIw\" target=\"_new\" class=\"wiki-link\">ISSN<\/a><span typeof=\"mw:Entity\" id=\"rdp-we-mwDI0\">\u00a0<\/span><span style=\"white-space:nowrap\" id=\"rdp-we-mwDI4\"><a rel=\"external_link\" href=\"https:\/\/zdb-katalog.de\/list.xhtml?t=iss%3D%221865-0813%22&key=cql\" class=\"external text\" id=\"rdp-we-mwDI8\" target=\"_new\">1865-0813<\/a><\/span><\/span><\/span><\/li>\n<li about=\"#cite_note-BPjM-Relevanz-134\" id=\"cite_note-BPjM-Relevanz-134\" data-mw-footnote-number=\"134\"><span rel=\"mw:referencedBy\" class=\"mw-cite-backlink\" id=\"rdp-we-mwDJA\"><a href=\"#cite_ref-BPjM-Relevanz_134-0\" id=\"rdp-we-mwDJE\"><span class=\"mw-linkback-text\" id=\"rdp-we-mwDJI\">1<\/span><\/a> <a href=\"#cite_ref-BPjM-Relevanz_134-1\" id=\"rdp-we-mwDJM\"><span class=\"mw-linkback-text\" id=\"rdp-we-mwDJQ\">2<\/span><\/a><\/span> <span id=\"rdp-we-mw-reference-text-cite_note-BPjM-Relevanz-134\" class=\"mw-reference-text reference-text\">Bundespr\u00fcfstelle f\u00fcr jugendgef\u00e4hrdende Medien. Indizierungsrelevante Lieder HipHop. Stand 31. Mai 2013<\/span><\/li>\n<li about=\"#cite_note-135\" id=\"cite_note-135\" data-mw-footnote-number=\"135\"><span class=\"mw-cite-backlink\" id=\"rdp-we-mwDJU\"><a href=\"#cite_ref-135\" rel=\"mw:referencedBy\" id=\"rdp-we-mwDJY\"><span class=\"mw-linkback-text\" id=\"rdp-we-mwDJc\">\u2191<\/span><\/a><\/span> <span id=\"rdp-we-mw-reference-text-cite_note-135\" class=\"mw-reference-text reference-text\"><i id=\"rdp-we-mwDJg\">Juice<\/i> \u2013 Seite 60 \u2013 Mai 2005<\/span><\/li>\n<li about=\"#cite_note-136\" id=\"cite_note-136\" data-mw-footnote-number=\"136\"><span class=\"mw-cite-backlink\" id=\"rdp-we-mwDJk\"><a href=\"#cite_ref-136\" rel=\"mw:referencedBy\" id=\"rdp-we-mwDJo\"><span class=\"mw-linkback-text\" id=\"rdp-we-mwDJs\">\u2191<\/span><\/a><\/span> <span id=\"rdp-we-mw-reference-text-cite_note-136\" class=\"mw-reference-text reference-text\"><span class=\"cite\" about=\"#mwt315\" typeof=\"mw:Transclusion\" id=\"rdp-we-mwDJw\" data-mw='{\"parts\":[{\"template\":{\"target\":{\"wt\":\"Internetquelle \",\"href\":\".\/Vorlage:Internetquelle\"},\"params\":{\"autor\":{\"wt\":\"Laut.de\"},\"url\":{\"wt\":\"http:\/\/www.laut.de\/Xavas\/Gespaltene-Persoenlichkeit-%28Album%29\"},\"titel\":{\"wt\":\"Der liebe Gott tr\u00e4gt keine dicken Hosen.\"},\"abruf\":{\"wt\":\"2014-03-27\"}},\"i\":0}}]}'>Laut.de:<span typeof=\"mw:Entity\" id=\"rdp-we-mwDJ0\"> <\/span><a rel=\"external_link\" href=\"http:\/\/www.laut.de\/Xavas\/Gespaltene-Persoenlichkeit-(Album)\" class=\"external text\" id=\"rdp-we-mwDJ4\" target=\"_new\"><i id=\"rdp-we-mwDJ8\">Der liebe Gott tr\u00e4gt keine dicken Hosen.<\/i><\/a><span class=\"Abrufdatum\" id=\"rdp-we-mwDKA\"><span typeof=\"mw:Entity\" id=\"rdp-we-mwDKE\"> <\/span>Abgerufen am 27.<span typeof=\"mw:Entity\" id=\"rdp-we-mwDKI\">\u00a0<\/span>M\u00e4rz 2014<\/span>.<\/span><span style=\"display: none;\" class=\"Z3988\" title=\"ctx_ver=Z39.88-2004&amp;rft_val_fmt=info%3Aofi%2Ffmt%3Akev%3Amtx%3Adc&amp;rfr_id=info%3Asid%2Fde.wikipedia.org%3AKool+Savas&amp;rft.title=Der+liebe+Gott+tr%C3%A4gt+keine+dicken+Hosen.&amp;rft.description=Der+liebe+Gott+tr%C3%A4gt+keine+dicken+Hosen.&amp;rft.identifier=http%3A%2F%2Fwww.laut.de%2FXavas%2FGespaltene-Persoenlichkeit-%2528Album%2529&amp;rft.creator=Laut.de\" about=\"#mwt315\" id=\"rdp-we-mwDKM\"><span typeof=\"mw:Entity\" id=\"rdp-we-mwDKQ\">\u00a0<\/span><\/span><\/span><\/li>\n<li about=\"#cite_note-137\" id=\"cite_note-137\" data-mw-footnote-number=\"137\"><span class=\"mw-cite-backlink\" id=\"rdp-we-mwDKU\"><a href=\"#cite_ref-137\" rel=\"mw:referencedBy\" id=\"rdp-we-mwDKY\"><span class=\"mw-linkback-text\" id=\"rdp-we-mwDKc\">\u2191<\/span><\/a><\/span> <span id=\"rdp-we-mw-reference-text-cite_note-137\" class=\"mw-reference-text reference-text\"><span class=\"cite\" about=\"#mwt317\" typeof=\"mw:Transclusion\" id=\"rdp-we-mwDKg\" data-mw='{\"parts\":[{\"template\":{\"target\":{\"wt\":\"Internetquelle \",\"href\":\".\/Vorlage:Internetquelle\"},\"params\":{\"url\":{\"wt\":\"https:\/\/www.welt.de\/kultur\/musik\/article109382702\/Kool-Savas-und-Naidoo-sind-kongenial-humorlos.html\"},\"titel\":{\"wt\":\"Kool Savas und Naidoo sind kongenial humorlos\"},\"werk\":{\"wt\":\"[[Die Welt|Welt Online]]\"},\"abruf\":{\"wt\":\"2014-03-27\"}},\"i\":0}}]}'><a rel=\"external_link\" href=\"https:\/\/www.welt.de\/kultur\/musik\/article109382702\/Kool-Savas-und-Naidoo-sind-kongenial-humorlos.html\" class=\"external text\" id=\"rdp-we-mwDKk\" target=\"_new\"><i id=\"rdp-we-mwDKo\">Kool Savas und Naidoo sind kongenial humorlos.<\/i><\/a><span typeof=\"mw:Entity\" id=\"rdp-we-mwDKs\"> <\/span>In:<span typeof=\"mw:Entity\" id=\"rdp-we-mwDKw\"> <\/span><i id=\"rdp-we-mwDK0\"><a rel=\"mw:WikiLink\" href=\"https:\/\/de.wikipedia.org\/wiki\/Die_Welt\" title=\"Die Welt\" id=\"rdp-we-mwDK4\" target=\"_new\" class=\"wiki-link\">Welt Online<\/a>.<\/i><span class=\"Abrufdatum\" id=\"rdp-we-mwDK8\"><span typeof=\"mw:Entity\" id=\"rdp-we-mwDLA\"> <\/span>Abgerufen am 27.<span typeof=\"mw:Entity\" id=\"rdp-we-mwDLE\">\u00a0<\/span>M\u00e4rz 2014<\/span>.<\/span><span style=\"display: none;\" class=\"Z3988\" title=\"ctx_ver=Z39.88-2004&amp;rft_val_fmt=info%3Aofi%2Ffmt%3Akev%3Amtx%3Adc&amp;rfr_id=info%3Asid%2Fde.wikipedia.org%3AKool+Savas&amp;rft.title=Kool+Savas+und+Naidoo+sind+kongenial+humorlos&amp;rft.description=Kool+Savas+und+Naidoo+sind+kongenial+humorlos&amp;rft.identifier=https%3A%2F%2Fwww.welt.de%2Fkultur%2Fmusik%2Farticle109382702%2FKool-Savas-und-Naidoo-sind-kongenial-humorlos.html\" about=\"#mwt317\" id=\"rdp-we-mwDLI\"><span typeof=\"mw:Entity\" id=\"rdp-we-mwDLM\">\u00a0<\/span><\/span><\/span><\/li>\n<li about=\"#cite_note-138\" id=\"cite_note-138\" data-mw-footnote-number=\"138\"><span class=\"mw-cite-backlink\" id=\"rdp-we-mwDLQ\"><a href=\"#cite_ref-138\" rel=\"mw:referencedBy\" id=\"rdp-we-mwDLU\"><span class=\"mw-linkback-text\" id=\"rdp-we-mwDLY\">\u2191<\/span><\/a><\/span> <span id=\"rdp-we-mw-reference-text-cite_note-138\" class=\"mw-reference-text reference-text\"><span class=\"cite\" about=\"#mwt319\" typeof=\"mw:Transclusion\" id=\"rdp-we-mwDLc\" data-mw='{\"parts\":[{\"template\":{\"target\":{\"wt\":\"Internetquelle \",\"href\":\".\/Vorlage:Internetquelle\"},\"params\":{\"autor\":{\"wt\":\"Rap.de\"},\"url\":{\"wt\":\"http:\/\/www.rap.de\/reviews\/review\/11449-xavas-gespaltene-persoenlichkeit\"},\"titel\":{\"wt\":\"Hebe dich hinweg, Satan\"},\"abruf\":{\"wt\":\"2014-03-27\"}},\"i\":0}}]}'>Rap.de:<span typeof=\"mw:Entity\" id=\"rdp-we-mwDLg\"> <\/span><a rel=\"external_link\" href=\"http:\/\/www.rap.de\/reviews\/review\/11449-xavas-gespaltene-persoenlichkeit\" class=\"external text\" id=\"rdp-we-mwDLk\" target=\"_new\"><i id=\"rdp-we-mwDLo\">Hebe dich hinweg, Satan.<\/i><\/a><span class=\"Abrufdatum\" id=\"rdp-we-mwDLs\"><span typeof=\"mw:Entity\" id=\"rdp-we-mwDLw\"> <\/span>Abgerufen am 27.<span typeof=\"mw:Entity\" id=\"rdp-we-mwDL0\">\u00a0<\/span>M\u00e4rz 2014<\/span>.<\/span><span style=\"display: none;\" class=\"Z3988\" title=\"ctx_ver=Z39.88-2004&amp;rft_val_fmt=info%3Aofi%2Ffmt%3Akev%3Amtx%3Adc&amp;rfr_id=info%3Asid%2Fde.wikipedia.org%3AKool+Savas&amp;rft.title=Hebe+dich+hinweg%2C+Satan&amp;rft.description=Hebe+dich+hinweg%2C+Satan&amp;rft.identifier=http%3A%2F%2Fwww.rap.de%2Freviews%2Freview%2F11449-xavas-gespaltene-persoenlichkeit&amp;rft.creator=Rap.de\" about=\"#mwt319\" id=\"rdp-we-mwDL4\"><span typeof=\"mw:Entity\" id=\"rdp-we-mwDL8\">\u00a0<\/span><\/span><\/span><\/li>\n<li about=\"#cite_note-139\" id=\"cite_note-139\" data-mw-footnote-number=\"139\"><span class=\"mw-cite-backlink\" id=\"rdp-we-mwDMA\"><a href=\"#cite_ref-139\" rel=\"mw:referencedBy\" id=\"rdp-we-mwDME\"><span class=\"mw-linkback-text\" id=\"rdp-we-mwDMI\">\u2191<\/span><\/a><\/span> <span id=\"rdp-we-mw-reference-text-cite_note-139\" class=\"mw-reference-text reference-text\"><span class=\"cite\" about=\"#mwt321\" typeof=\"mw:Transclusion\" id=\"rdp-we-mwDMM\" data-mw='{\"parts\":[{\"template\":{\"target\":{\"wt\":\"Internetquelle \",\"href\":\".\/Vorlage:Internetquelle\"},\"params\":{\"autor\":{\"wt\":\"Meinrap.de\"},\"url\":{\"wt\":\"http:\/\/meinrap.de\/2012\/11\/14\/deutschrap-starkt-xavas-den-rucken\/\"},\"titel\":{\"wt\":\"Deutschrap st\u00e4rkt XAVAS den R\u00fccken\"},\"offline\":{\"wt\":\"1\"},\"archiv-url\":{\"wt\":\"https:\/\/web.archive.org\/web\/20121117003945\/http:\/\/meinrap.de\/2012\/11\/14\/deutschrap-starkt-xavas-den-rucken\/\"},\"archiv-datum\":{\"wt\":\"2012-11-17\"},\"abruf\":{\"wt\":\"2014-03-27\"}},\"i\":0}}]}'>Meinrap.de:<span typeof=\"mw:Entity\" id=\"rdp-we-mwDMQ\"> <\/span><a rel=\"external_link\" href=\"https:\/\/web.archive.org\/web\/20121117003945\/http:\/\/meinrap.de\/2012\/11\/14\/deutschrap-starkt-xavas-den-rucken\/\" class=\"external text\" id=\"rdp-we-mwDMU\" target=\"_new\"><i id=\"rdp-we-mwDMY\">Deutschrap st\u00e4rkt XAVAS den R\u00fccken.<\/i><\/a><span typeof=\"mw:Entity\" id=\"rdp-we-mwDMc\"> <\/span>Archiviert<span typeof=\"mw:Entity\" id=\"rdp-we-mwDMg\"> <\/span>vom<span typeof=\"mw:Entity\" id=\"rdp-we-mwDMk\"> <\/span><link rel=\"mw-deduplicated-inline-style\" href=\"mw-data:TemplateStyles:r250917974\" about=\"#mwt322\" typeof=\"mw:Extension\/templatestyles\" id=\"rdp-we-mwDMo\" data-mw='{\"name\":\"templatestyles\",\"attrs\":{\"src\":\"Vorlage:IconExternal\/styles.css\"}}'\/><span class=\"dewiki-iconexternal\" id=\"rdp-we-mwDMs\"><a rel=\"external_link\" href=\"https:\/\/redirecter.toolforge.org\/?url=http%3A%2F%2Fmeinrap.de%2F2012%2F11%2F14%2Fdeutschrap-starkt-xavas-den-rucken%2F\" class=\"external text\" id=\"rdp-we-mwDMw\" target=\"_new\">Original<\/a><\/span><span typeof=\"mw:Entity\" id=\"rdp-we-mwDM0\"> <\/span>(nicht mehr online verf\u00fcgbar)<span typeof=\"mw:Entity\" id=\"rdp-we-mwDM4\"> <\/span>am<span typeof=\"mw:Entity\" id=\"rdp-we-mwDM8\"> <\/span><span style=\"white-space:nowrap;\" id=\"rdp-we-mwDNA\">17.<span typeof=\"mw:Entity\" id=\"rdp-we-mwDNE\">\u00a0<\/span>November 2012<\/span><span id=\"rdp-we-mwDNI\">;<\/span><span class=\"Abrufdatum\" id=\"rdp-we-mwDNM\"><span typeof=\"mw:Entity\" id=\"rdp-we-mwDNQ\"> <\/span>abgerufen am 27.<span typeof=\"mw:Entity\" id=\"rdp-we-mwDNU\">\u00a0<\/span>M\u00e4rz 2014<\/span>.<\/span><span style=\"display: none;\" class=\"Z3988\" title=\"ctx_ver=Z39.88-2004&amp;rft_val_fmt=info%3Aofi%2Ffmt%3Akev%3Amtx%3Adc&amp;rfr_id=info%3Asid%2Fde.wikipedia.org%3AKool+Savas&amp;rft.title=Deutschrap+st%C3%A4rkt+XAVAS+den+R%C3%BCcken&amp;rft.description=Deutschrap+st%C3%A4rkt+XAVAS+den+R%C3%BCcken&amp;rft.identifier=https%3A%2F%2Fweb.archive.org%2Fweb%2F20121117003945%2Fhttp%3A%2F%2Fmeinrap.de%2F2012%2F11%2F14%2Fdeutschrap-starkt-xavas-den-rucken%2F&amp;rft.creator=Meinrap.de&amp;rft.source=http:\/\/meinrap.de\/2012\/11\/14\/deutschrap-starkt-xavas-den-rucken\/\" about=\"#mwt321\" id=\"rdp-we-mwDNY\"><span typeof=\"mw:Entity\" id=\"rdp-we-mwDNc\">\u00a0<\/span><\/span><\/span><\/li>\n<li about=\"#cite_note-140\" id=\"cite_note-140\" data-mw-footnote-number=\"140\"><span class=\"mw-cite-backlink\" id=\"rdp-we-mwDNg\"><a href=\"#cite_ref-140\" rel=\"mw:referencedBy\" id=\"rdp-we-mwDNk\"><span class=\"mw-linkback-text\" id=\"rdp-we-mwDNo\">\u2191<\/span><\/a><\/span> <span id=\"rdp-we-mw-reference-text-cite_note-140\" class=\"mw-reference-text reference-text\"><span class=\"cite\" about=\"#mwt324\" typeof=\"mw:Transclusion\" id=\"rdp-we-mwDNs\" data-mw='{\"parts\":[{\"template\":{\"target\":{\"wt\":\"Internetquelle \",\"href\":\".\/Vorlage:Internetquelle\"},\"params\":{\"autor\":{\"wt\":\"Welt.de\"},\"url\":{\"wt\":\"https:\/\/www.welt.de\/kultur\/pop\/article111031193\/Xavier-Naidoo-wegen-Volksverhetzung-angezeigt.html\"},\"titel\":{\"wt\":\"Xavier Naidoo wegen Volksverhetzung angezeigt\"},\"abruf\":{\"wt\":\"2014-03-27\"}},\"i\":0}}]}'>Welt.de:<span typeof=\"mw:Entity\" id=\"rdp-we-mwDNw\"> <\/span><a rel=\"external_link\" href=\"https:\/\/www.welt.de\/kultur\/pop\/article111031193\/Xavier-Naidoo-wegen-Volksverhetzung-angezeigt.html\" class=\"external text\" id=\"rdp-we-mwDN0\" target=\"_new\"><i id=\"rdp-we-mwDN4\">Xavier Naidoo wegen Volksverhetzung angezeigt.<\/i><\/a><span class=\"Abrufdatum\" id=\"rdp-we-mwDN8\"><span typeof=\"mw:Entity\" id=\"rdp-we-mwDOA\"> <\/span>Abgerufen am 27.<span typeof=\"mw:Entity\" id=\"rdp-we-mwDOE\">\u00a0<\/span>M\u00e4rz 2014<\/span>.<\/span><span style=\"display: none;\" class=\"Z3988\" title=\"ctx_ver=Z39.88-2004&amp;rft_val_fmt=info%3Aofi%2Ffmt%3Akev%3Amtx%3Adc&amp;rfr_id=info%3Asid%2Fde.wikipedia.org%3AKool+Savas&amp;rft.title=Xavier+Naidoo+wegen+Volksverhetzung+angezeigt&amp;rft.description=Xavier+Naidoo+wegen+Volksverhetzung+angezeigt&amp;rft.identifier=https%3A%2F%2Fwww.welt.de%2Fkultur%2Fpop%2Farticle111031193%2FXavier-Naidoo-wegen-Volksverhetzung-angezeigt.html&amp;rft.creator=Welt.de\" about=\"#mwt324\" id=\"rdp-we-mwDOI\"><span typeof=\"mw:Entity\" id=\"rdp-we-mwDOM\">\u00a0<\/span><\/span><\/span><\/li>\n<li about=\"#cite_note-141\" id=\"cite_note-141\" data-mw-footnote-number=\"141\"><span class=\"mw-cite-backlink\" id=\"rdp-we-mwDOQ\"><a href=\"#cite_ref-141\" rel=\"mw:referencedBy\" id=\"rdp-we-mwDOU\"><span class=\"mw-linkback-text\" id=\"rdp-we-mwDOY\">\u2191<\/span><\/a><\/span> <span id=\"rdp-we-mw-reference-text-cite_note-141\" class=\"mw-reference-text reference-text\"><span class=\"cite\" about=\"#mwt326\" typeof=\"mw:Transclusion\" id=\"rdp-we-mwDOc\" data-mw='{\"parts\":[{\"template\":{\"target\":{\"wt\":\"Internetquelle \",\"href\":\".\/Vorlage:Internetquelle\"},\"params\":{\"autor\":{\"wt\":\"Meinrap.de\"},\"url\":{\"wt\":\"http:\/\/meinrap.de\/2012\/11\/15\/xavas-offizielles-statement-zum-hidden-track\/\"},\"titel\":{\"wt\":\"XAVAS \u2013 Offizielles Statement zum umstrittenen Hidden Track\"},\"offline\":{\"wt\":\"1\"},\"archiv-url\":{\"wt\":\"https:\/\/web.archive.org\/web\/20121118054311\/http:\/\/meinrap.de\/2012\/11\/15\/xavas-offizielles-statement-zum-hidden-track\/\"},\"archiv-datum\":{\"wt\":\"2012-11-18\"},\"abruf\":{\"wt\":\"2014-03-27\"}},\"i\":0}}]}'>Meinrap.de:<span typeof=\"mw:Entity\" id=\"rdp-we-mwDOg\"> <\/span><a rel=\"external_link\" href=\"https:\/\/web.archive.org\/web\/20121118054311\/http:\/\/meinrap.de\/2012\/11\/15\/xavas-offizielles-statement-zum-hidden-track\/\" class=\"external text\" id=\"rdp-we-mwDOk\" target=\"_new\"><i id=\"rdp-we-mwDOo\">XAVAS \u2013 Offizielles Statement zum umstrittenen Hidden Track.<\/i><\/a><span typeof=\"mw:Entity\" id=\"rdp-we-mwDOs\"> <\/span>Archiviert<span typeof=\"mw:Entity\" id=\"rdp-we-mwDOw\"> <\/span>vom<span typeof=\"mw:Entity\" id=\"rdp-we-mwDO0\"> <\/span><link rel=\"mw-deduplicated-inline-style\" href=\"mw-data:TemplateStyles:r250917974\" about=\"#mwt327\" typeof=\"mw:Extension\/templatestyles\" id=\"rdp-we-mwDO4\" data-mw='{\"name\":\"templatestyles\",\"attrs\":{\"src\":\"Vorlage:IconExternal\/styles.css\"}}'\/><span class=\"dewiki-iconexternal\" id=\"rdp-we-mwDO8\"><a rel=\"external_link\" href=\"https:\/\/redirecter.toolforge.org\/?url=http%3A%2F%2Fmeinrap.de%2F2012%2F11%2F15%2Fxavas-offizielles-statement-zum-hidden-track%2F\" class=\"external text\" id=\"rdp-we-mwDPA\" target=\"_new\">Original<\/a><\/span><span typeof=\"mw:Entity\" id=\"rdp-we-mwDPE\"> <\/span>(nicht mehr online verf\u00fcgbar)<span typeof=\"mw:Entity\" id=\"rdp-we-mwDPI\"> <\/span>am<span typeof=\"mw:Entity\" id=\"rdp-we-mwDPM\"> <\/span><span style=\"white-space:nowrap;\" id=\"rdp-we-mwDPQ\">18.<span typeof=\"mw:Entity\" id=\"rdp-we-mwDPU\">\u00a0<\/span>November 2012<\/span><span id=\"rdp-we-mwDPY\">;<\/span><span class=\"Abrufdatum\" id=\"rdp-we-mwDPc\"><span typeof=\"mw:Entity\" id=\"rdp-we-mwDPg\"> <\/span>abgerufen am 27.<span typeof=\"mw:Entity\" id=\"rdp-we-mwDPk\">\u00a0<\/span>M\u00e4rz 2014<\/span>.<\/span><span style=\"display: none;\" class=\"Z3988\" title=\"ctx_ver=Z39.88-2004&amp;rft_val_fmt=info%3Aofi%2Ffmt%3Akev%3Amtx%3Adc&amp;rfr_id=info%3Asid%2Fde.wikipedia.org%3AKool+Savas&amp;rft.title=XAVAS+%E2%80%93+Offizielles+Statement+zum+umstrittenen+Hidden+Track&amp;rft.description=XAVAS+%E2%80%93+Offizielles+Statement+zum+umstrittenen+Hidden+Track&amp;rft.identifier=https%3A%2F%2Fweb.archive.org%2Fweb%2F20121118054311%2Fhttp%3A%2F%2Fmeinrap.de%2F2012%2F11%2F15%2Fxavas-offizielles-statement-zum-hidden-track%2F&amp;rft.creator=Meinrap.de&amp;rft.source=http:\/\/meinrap.de\/2012\/11\/15\/xavas-offizielles-statement-zum-hidden-track\/\" about=\"#mwt326\" id=\"rdp-we-mwDPo\"><span typeof=\"mw:Entity\" id=\"rdp-we-mwDPs\">\u00a0<\/span><\/span><\/span><\/li>\n<li about=\"#cite_note-142\" id=\"cite_note-142\" data-mw-footnote-number=\"142\"><span class=\"mw-cite-backlink\" id=\"rdp-we-mwDPw\"><a href=\"#cite_ref-142\" rel=\"mw:referencedBy\" id=\"rdp-we-mwDP0\"><span class=\"mw-linkback-text\" id=\"rdp-we-mwDP4\">\u2191<\/span><\/a><\/span> <span id=\"rdp-we-mw-reference-text-cite_note-142\" class=\"mw-reference-text reference-text\"><span class=\"cite\" about=\"#mwt329\" typeof=\"mw:Transclusion\" id=\"rdp-we-mwDP8\" data-mw='{\"parts\":[{\"template\":{\"target\":{\"wt\":\"Internetquelle \",\"href\":\".\/Vorlage:Internetquelle\"},\"params\":{\"url\":{\"wt\":\"http:\/\/www.spiegel.de\/kultur\/gesellschaft\/volksverhetzung-staatsanwaltschaft-ermittelt-nicht-gegen-naidoo-und-savas-a-867515.html\"},\"titel\":{\"wt\":\"Staatsanwaltschaft ermittelt doch nicht gegen Naidoo\"},\"werk\":{\"wt\":\"[[Spiegel Online]]\"},\"abruf\":{\"wt\":\"2014-03-27\"}},\"i\":0}}]}'><a rel=\"external_link\" href=\"http:\/\/www.spiegel.de\/kultur\/gesellschaft\/volksverhetzung-staatsanwaltschaft-ermittelt-nicht-gegen-naidoo-und-savas-a-867515.html\" class=\"external text\" id=\"rdp-we-mwDQA\" target=\"_new\"><i id=\"rdp-we-mwDQE\">Staatsanwaltschaft ermittelt doch nicht gegen Naidoo.<\/i><\/a><span typeof=\"mw:Entity\" id=\"rdp-we-mwDQI\"> <\/span>In:<span typeof=\"mw:Entity\" id=\"rdp-we-mwDQM\"> <\/span><i id=\"rdp-we-mwDQQ\"><a rel=\"mw:WikiLink\" href=\"https:\/\/de.wikipedia.org\/wiki\/Spiegel_Online\" title=\"Spiegel Online\" class=\"mw-redirect wiki-link\" id=\"rdp-we-mwDQU\" target=\"_new\">Spiegel Online<\/a>.<\/i><span class=\"Abrufdatum\" id=\"rdp-we-mwDQY\"><span typeof=\"mw:Entity\" id=\"rdp-we-mwDQc\"> <\/span>Abgerufen am 27.<span typeof=\"mw:Entity\" id=\"rdp-we-mwDQg\">\u00a0<\/span>M\u00e4rz 2014<\/span>.<\/span><span style=\"display: none;\" class=\"Z3988\" title=\"ctx_ver=Z39.88-2004&amp;rft_val_fmt=info%3Aofi%2Ffmt%3Akev%3Amtx%3Adc&amp;rfr_id=info%3Asid%2Fde.wikipedia.org%3AKool+Savas&amp;rft.title=Staatsanwaltschaft+ermittelt+doch+nicht+gegen+Naidoo&amp;rft.description=Staatsanwaltschaft+ermittelt+doch+nicht+gegen+Naidoo&amp;rft.identifier=http%3A%2F%2Fwww.spiegel.de%2Fkultur%2Fgesellschaft%2Fvolksverhetzung-staatsanwaltschaft-ermittelt-nicht-gegen-naidoo-und-savas-a-867515.html\" about=\"#mwt329\" id=\"rdp-we-mwDQk\"><span typeof=\"mw:Entity\" id=\"rdp-we-mwDQo\">\u00a0<\/span><\/span><\/span><\/li>\n<li about=\"#cite_note-143\" id=\"cite_note-143\" data-mw-footnote-number=\"143\"><span class=\"mw-cite-backlink\" id=\"rdp-we-mwDQs\"><a href=\"#cite_ref-143\" rel=\"mw:referencedBy\" id=\"rdp-we-mwDQw\"><span class=\"mw-linkback-text\" id=\"rdp-we-mwDQ0\">\u2191<\/span><\/a><\/span> <span id=\"rdp-we-mw-reference-text-cite_note-143\" class=\"mw-reference-text reference-text\"><span class=\"cite\" about=\"#mwt331\" typeof=\"mw:Transclusion\" id=\"rdp-we-mwDQ4\" data-mw='{\"parts\":[{\"template\":{\"target\":{\"wt\":\"Internetquelle \",\"href\":\".\/Vorlage:Internetquelle\"},\"params\":{\"autor\":{\"wt\":\"Nora Gantenbrink\"},\"url\":{\"wt\":\"https:\/\/www.spiegel.de\/panorama\/rapper-kool-savas-ueber-sex-mit-fans-und-seinen-umgang-mit-frauen-ich-war-ein-arschloch-a-803e3a01-5bba-4fd1-a7d1-90ced1bc896c\"},\"titel\":{\"wt\":\"Rapper Kool Savas \u00fcber seinen Umgang mit Frauen: Ich war ein Arschloch\"},\"werk\":{\"wt\":\"spiegel.de\"},\"datum\":{\"wt\":\"2023-12-08\"},\"abruf\":{\"wt\":\"2023-12-12\"}},\"i\":0}}]}'>Nora Gantenbrink:<span typeof=\"mw:Entity\" id=\"rdp-we-mwDQ8\"> <\/span><a rel=\"external_link\" href=\"https:\/\/www.spiegel.de\/panorama\/rapper-kool-savas-ueber-sex-mit-fans-und-seinen-umgang-mit-frauen-ich-war-ein-arschloch-a-803e3a01-5bba-4fd1-a7d1-90ced1bc896c\" class=\"external text\" id=\"rdp-we-mwDRA\" target=\"_new\"><i id=\"rdp-we-mwDRE\">Rapper Kool Savas \u00fcber seinen Umgang mit Frauen: Ich war ein Arschloch.<\/i><\/a><span typeof=\"mw:Entity\" id=\"rdp-we-mwDRI\"> <\/span>In:<span typeof=\"mw:Entity\" id=\"rdp-we-mwDRM\"> <\/span><i id=\"rdp-we-mwDRQ\">spiegel.de.<\/i><span typeof=\"mw:Entity\" id=\"rdp-we-mwDRU\"> <\/span>8.<span typeof=\"mw:Entity\" id=\"rdp-we-mwDRY\">\u00a0<\/span>Dezember 2023<span typeof=\"mw:Entity\" id=\"rdp-we-mwDRc\">,<\/span><span class=\"Abrufdatum\" id=\"rdp-we-mwDRg\"><span typeof=\"mw:Entity\" id=\"rdp-we-mwDRk\"> <\/span>abgerufen am 12.<span typeof=\"mw:Entity\" id=\"rdp-we-mwDRo\">\u00a0<\/span>Dezember 2023<\/span>.<\/span><span style=\"display: none;\" class=\"Z3988\" title=\"ctx_ver=Z39.88-2004&amp;rft_val_fmt=info%3Aofi%2Ffmt%3Akev%3Amtx%3Adc&amp;rfr_id=info%3Asid%2Fde.wikipedia.org%3AKool+Savas&amp;rft.title=Rapper+Kool+Savas+%C3%BCber+seinen+Umgang+mit+Frauen%3A+Ich+war+ein+Arschloch&amp;rft.description=Rapper+Kool+Savas+%C3%BCber+seinen+Umgang+mit+Frauen%3A+Ich+war+ein+Arschloch&amp;rft.identifier=https%3A%2F%2Fwww.spiegel.de%2Fpanorama%2Frapper-kool-savas-ueber-sex-mit-fans-und-seinen-umgang-mit-frauen-ich-war-ein-arschloch-a-803e3a01-5bba-4fd1-a7d1-90ced1bc896c&amp;rft.creator=Nora+Gantenbrink&amp;rft.date=2023-12-08\" about=\"#mwt331\" id=\"rdp-we-mwDRs\"><span typeof=\"mw:Entity\" id=\"rdp-we-mwDRw\">\u00a0<\/span><\/span><\/span><\/li>\n<li about=\"#cite_note-144\" id=\"cite_note-144\" data-mw-footnote-number=\"144\"><span class=\"mw-cite-backlink\" id=\"rdp-we-mwDR0\"><a href=\"#cite_ref-144\" rel=\"mw:referencedBy\" id=\"rdp-we-mwDR4\"><span class=\"mw-linkback-text\" id=\"rdp-we-mwDR8\">\u2191<\/span><\/a><\/span> <span id=\"rdp-we-mw-reference-text-cite_note-144\" class=\"mw-reference-text reference-text\">Sascha D\u00fcx: <i id=\"rdp-we-mwDSA\">Urban Culture und P\u00e4dagogik<\/i>. In: <i id=\"rdp-we-mwDSE\">\u201eDifferent Roots \u2013 Common Routes\u201c \u2013 Jugendkultur- und Medienarbeit f\u00fcr kulturelle Vielfalt<\/i>. JFC Medienzentrum K\u00f6ln, 2006.<\/span><\/li>\n<li about=\"#cite_note-145\" id=\"cite_note-145\" data-mw-footnote-number=\"145\"><span class=\"mw-cite-backlink\" id=\"rdp-we-mwDSI\"><a href=\"#cite_ref-145\" rel=\"mw:referencedBy\" id=\"rdp-we-mwDSM\"><span class=\"mw-linkback-text\" id=\"rdp-we-mwDSQ\">\u2191<\/span><\/a><\/span> <span id=\"rdp-we-mw-reference-text-cite_note-145\" class=\"mw-reference-text reference-text\"><i id=\"rdp-we-mwDSU\">Juice Special Issue \u2013 Kool Savas<\/i> \u2013 Seite 12 \u2013 Dezember 2011\/Januar\/Februar 2012<\/span><\/li>\n<li about=\"#cite_note-146\" id=\"cite_note-146\" data-mw-footnote-number=\"146\"><span class=\"mw-cite-backlink\" id=\"rdp-we-mwDSY\"><a href=\"#cite_ref-146\" rel=\"mw:referencedBy\" id=\"rdp-we-mwDSc\"><span class=\"mw-linkback-text\" id=\"rdp-we-mwDSg\">\u2191<\/span><\/a><\/span> <span id=\"rdp-we-mw-reference-text-cite_note-146\" class=\"mw-reference-text reference-text\">Nadine J\u00fcnger: <i id=\"rdp-we-mwDSk\">Porno-Rap: Identifikation mit Inhalten oder Musik? \u2013 Eine Fallanalyse zur sexuellen Sozialisation<\/i>. In: <i id=\"rdp-we-mwDSo\">tv diskurs<\/i>, 57, 2011<\/span><\/li>\n<li about=\"#cite_note-147\" id=\"cite_note-147\" data-mw-footnote-number=\"147\"><span class=\"mw-cite-backlink\" id=\"rdp-we-mwDSs\"><a href=\"#cite_ref-147\" rel=\"mw:referencedBy\" id=\"rdp-we-mwDSw\"><span class=\"mw-linkback-text\" id=\"rdp-we-mwDS0\">\u2191<\/span><\/a><\/span> <span id=\"rdp-we-mw-reference-text-cite_note-147\" class=\"mw-reference-text reference-text\"><span class=\"cite\" about=\"#mwt337\" typeof=\"mw:Transclusion\" id=\"rdp-we-mwDS4\" data-mw='{\"parts\":[{\"template\":{\"target\":{\"wt\":\"Internetquelle \",\"href\":\".\/Vorlage:Internetquelle\"},\"params\":{\"url\":{\"wt\":\"http:\/\/www.spiegel.de\/kultur\/musik\/porno-rapper-k-i-z-unsere-freundinnen-finden-das-lustig-a-501390.html\"},\"titel\":{\"wt\":\"Porno-Rapper K.I.Z.: \u201eUnsere Freundinnen finden das lustig\u201c\"},\"werk\":{\"wt\":\"[[Spiegel Online]]\"},\"abruf\":{\"wt\":\"2014-03-28\"}},\"i\":0}}]}'><a rel=\"external_link\" href=\"http:\/\/www.spiegel.de\/kultur\/musik\/porno-rapper-k-i-z-unsere-freundinnen-finden-das-lustig-a-501390.html\" class=\"external text\" id=\"rdp-we-mwDS8\" target=\"_new\"><i id=\"rdp-we-mwDTA\">Porno-Rapper K.I.Z.: \u201eUnsere Freundinnen finden das lustig\u201c.<\/i><\/a><span typeof=\"mw:Entity\" id=\"rdp-we-mwDTE\"> <\/span>In:<span typeof=\"mw:Entity\" id=\"rdp-we-mwDTI\"> <\/span><i id=\"rdp-we-mwDTM\"><a rel=\"mw:WikiLink\" href=\"https:\/\/de.wikipedia.org\/wiki\/Spiegel_Online\" title=\"Spiegel Online\" class=\"mw-redirect wiki-link\" id=\"rdp-we-mwDTQ\" target=\"_new\">Spiegel Online<\/a>.<\/i><span class=\"Abrufdatum\" id=\"rdp-we-mwDTU\"><span typeof=\"mw:Entity\" id=\"rdp-we-mwDTY\"> <\/span>Abgerufen am 28.<span typeof=\"mw:Entity\" id=\"rdp-we-mwDTc\">\u00a0<\/span>M\u00e4rz 2014<\/span>.<\/span><span style=\"display: none;\" class=\"Z3988\" title=\"ctx_ver=Z39.88-2004&amp;rft_val_fmt=info%3Aofi%2Ffmt%3Akev%3Amtx%3Adc&amp;rfr_id=info%3Asid%2Fde.wikipedia.org%3AKool+Savas&amp;rft.title=Porno-Rapper+K.I.Z.%3A+%E2%80%9EUnsere+Freundinnen+finden+das+lustig%E2%80%9C&amp;rft.description=Porno-Rapper+K.I.Z.%3A+%E2%80%9EUnsere+Freundinnen+finden+das+lustig%E2%80%9C&amp;rft.identifier=http%3A%2F%2Fwww.spiegel.de%2Fkultur%2Fmusik%2Fporno-rapper-k-i-z-unsere-freundinnen-finden-das-lustig-a-501390.html\" about=\"#mwt337\" id=\"rdp-we-mwDTg\"><span typeof=\"mw:Entity\" id=\"rdp-we-mwDTk\">\u00a0<\/span><\/span><\/span><\/li>\n<li about=\"#cite_note-148\" id=\"cite_note-148\" data-mw-footnote-number=\"148\"><span class=\"mw-cite-backlink\" id=\"rdp-we-mwDTo\"><a href=\"#cite_ref-148\" rel=\"mw:referencedBy\" id=\"rdp-we-mwDTs\"><span class=\"mw-linkback-text\" id=\"rdp-we-mwDTw\">\u2191<\/span><\/a><\/span> <span id=\"rdp-we-mw-reference-text-cite_note-148\" class=\"mw-reference-text reference-text\"><span class=\"cite\" about=\"#mwt339\" typeof=\"mw:Transclusion\" id=\"rdp-we-mwDT0\" data-mw='{\"parts\":[{\"template\":{\"target\":{\"wt\":\"Internetquelle \",\"href\":\".\/Vorlage:Internetquelle\"},\"params\":{\"autor\":{\"wt\":\"Laut.de\"},\"url\":{\"wt\":\"http:\/\/www.laut.de\/Grim104\/Interviews\/Wenn-ich-Xavas-hoere,-werde-ich-wahnsinnig-10-01-2014-1107\"},\"titel\":{\"wt\":\"\u201eWenn ich Xavas h\u00f6re, werde ich wahnsinnig\u201c\"},\"abruf\":{\"wt\":\"2014-03-28\"}},\"i\":0}}]}'>Laut.de:<span typeof=\"mw:Entity\" id=\"rdp-we-mwDT4\"> <\/span><a rel=\"external_link\" href=\"http:\/\/www.laut.de\/Grim104\/Interviews\/Wenn-ich-Xavas-hoere,-werde-ich-wahnsinnig-10-01-2014-1107\" class=\"external text\" id=\"rdp-we-mwDT8\" target=\"_new\"><i id=\"rdp-we-mwDUA\">\u201eWenn ich Xavas h\u00f6re, werde ich wahnsinnig\u201c.<\/i><\/a><span class=\"Abrufdatum\" id=\"rdp-we-mwDUE\"><span typeof=\"mw:Entity\" id=\"rdp-we-mwDUI\"> <\/span>Abgerufen am 28.<span typeof=\"mw:Entity\" id=\"rdp-we-mwDUM\">\u00a0<\/span>M\u00e4rz 2014<\/span>.<\/span><span style=\"display: none;\" class=\"Z3988\" title=\"ctx_ver=Z39.88-2004&amp;rft_val_fmt=info%3Aofi%2Ffmt%3Akev%3Amtx%3Adc&amp;rfr_id=info%3Asid%2Fde.wikipedia.org%3AKool+Savas&amp;rft.title=%E2%80%9EWenn+ich+Xavas+h%C3%B6re%2C+werde+ich+wahnsinnig%E2%80%9C&amp;rft.description=%E2%80%9EWenn+ich+Xavas+h%C3%B6re%2C+werde+ich+wahnsinnig%E2%80%9C&amp;rft.identifier=http%3A%2F%2Fwww.laut.de%2FGrim104%2FInterviews%2FWenn-ich-Xavas-hoere%2C-werde-ich-wahnsinnig-10-01-2014-1107&amp;rft.creator=Laut.de\" about=\"#mwt339\" id=\"rdp-we-mwDUQ\"><span typeof=\"mw:Entity\" id=\"rdp-we-mwDUU\">\u00a0<\/span><\/span><\/span><\/li>\n<li about=\"#cite_note-149\" id=\"cite_note-149\" data-mw-footnote-number=\"149\"><span class=\"mw-cite-backlink\" id=\"rdp-we-mwDUY\"><a href=\"#cite_ref-149\" rel=\"mw:referencedBy\" id=\"rdp-we-mwDUc\"><span class=\"mw-linkback-text\" id=\"rdp-we-mwDUg\">\u2191<\/span><\/a><\/span> <span id=\"rdp-we-mw-reference-text-cite_note-149\" class=\"mw-reference-text reference-text\"><i id=\"rdp-we-mwDUk\">Juice Special Issue \u2013 Rap in D Vol. 2<\/i> \u2013 Seite 117 \u2013 Februar\/M\u00e4rz\/April 2008<\/span><\/li>\n<li about=\"#cite_note-150\" id=\"cite_note-150\" data-mw-footnote-number=\"150\"><span class=\"mw-cite-backlink\" id=\"rdp-we-mwDUo\"><a href=\"#cite_ref-150\" rel=\"mw:referencedBy\" id=\"rdp-we-mwDUs\"><span class=\"mw-linkback-text\" id=\"rdp-we-mwDUw\">\u2191<\/span><\/a><\/span> <span id=\"rdp-we-mw-reference-text-cite_note-150\" class=\"mw-reference-text reference-text\"><i id=\"rdp-we-mwDU0\">Juice<\/i> \u2013 Juni 2010 \u2013 Seite 22<\/span><\/li>\n<li about=\"#cite_note-151\" id=\"cite_note-151\" data-mw-footnote-number=\"151\"><span class=\"mw-cite-backlink\" id=\"rdp-we-mwDU4\"><a href=\"#cite_ref-151\" rel=\"mw:referencedBy\" id=\"rdp-we-mwDU8\"><span class=\"mw-linkback-text\" id=\"rdp-we-mwDVA\">\u2191<\/span><\/a><\/span> <span id=\"rdp-we-mw-reference-text-cite_note-151\" class=\"mw-reference-text reference-text\"><i id=\"rdp-we-mwDVE\">Juice<\/i> \u2013 M\u00e4rz\/April 2012 \u2013 Seite 39<\/span><\/li>\n<li about=\"#cite_note-152\" id=\"cite_note-152\" data-mw-footnote-number=\"152\"><span class=\"mw-cite-backlink\" id=\"rdp-we-mwDVI\"><a href=\"#cite_ref-152\" rel=\"mw:referencedBy\" id=\"rdp-we-mwDVM\"><span class=\"mw-linkback-text\" id=\"rdp-we-mwDVQ\">\u2191<\/span><\/a><\/span> <span id=\"rdp-we-mw-reference-text-cite_note-152\" class=\"mw-reference-text reference-text\"><span class=\"cite\" about=\"#mwt344\" typeof=\"mw:Transclusion\" id=\"rdp-we-mwDVU\" data-mw='{\"parts\":[{\"template\":{\"target\":{\"wt\":\"Internetquelle \",\"href\":\".\/Vorlage:Internetquelle\"},\"params\":{\"autor\":{\"wt\":\"Rap.de\"},\"url\":{\"wt\":\"http:\/\/rap.de\/features\/834\/t5\"},\"titel\":{\"wt\":\"Kaas \u2013 Einh\u00f6rner im Streichelzoo \u2013 Seite 5\"},\"offline\":{\"wt\":\"1\"},\"archiv-url\":{\"wt\":\"https:\/\/web.archive.org\/web\/20110204215145\/http:\/\/rap.de\/features\/834\/t5\"},\"archiv-datum\":{\"wt\":\"2011-02-04\"},\"abruf\":{\"wt\":\"2014-03-28\"}},\"i\":0}}]}'>Rap.de:<span typeof=\"mw:Entity\" id=\"rdp-we-mwDVY\"> <\/span><a rel=\"external_link\" href=\"https:\/\/web.archive.org\/web\/20110204215145\/http:\/\/rap.de\/features\/834\/t5\" class=\"external text\" id=\"rdp-we-mwDVc\" target=\"_new\"><i id=\"rdp-we-mwDVg\">Kaas \u2013 Einh\u00f6rner im Streichelzoo \u2013 Seite 5.<\/i><\/a><span typeof=\"mw:Entity\" id=\"rdp-we-mwDVk\"> <\/span>Archiviert<span typeof=\"mw:Entity\" id=\"rdp-we-mwDVo\"> <\/span>vom<span typeof=\"mw:Entity\" id=\"rdp-we-mwDVs\"> <\/span><link rel=\"mw-deduplicated-inline-style\" href=\"mw-data:TemplateStyles:r250917974\" about=\"#mwt345\" typeof=\"mw:Extension\/templatestyles\" id=\"rdp-we-mwDVw\" data-mw='{\"name\":\"templatestyles\",\"attrs\":{\"src\":\"Vorlage:IconExternal\/styles.css\"}}'\/><span class=\"dewiki-iconexternal\" id=\"rdp-we-mwDV0\"><a rel=\"external_link\" href=\"https:\/\/redirecter.toolforge.org\/?url=http%3A%2F%2Frap.de%2Ffeatures%2F834%2Ft5\" class=\"external text\" id=\"rdp-we-mwDV4\" target=\"_new\">Original<\/a><\/span><span typeof=\"mw:Entity\" id=\"rdp-we-mwDV8\"> <\/span>(nicht mehr online verf\u00fcgbar)<span typeof=\"mw:Entity\" id=\"rdp-we-mwDWA\"> <\/span>am<span typeof=\"mw:Entity\" id=\"rdp-we-mwDWE\"> <\/span><span style=\"white-space:nowrap;\" id=\"rdp-we-mwDWI\">4.<span typeof=\"mw:Entity\" id=\"rdp-we-mwDWM\">\u00a0<\/span>Februar 2011<\/span><span id=\"rdp-we-mwDWQ\">;<\/span><span class=\"Abrufdatum\" id=\"rdp-we-mwDWU\"><span typeof=\"mw:Entity\" id=\"rdp-we-mwDWY\"> <\/span>abgerufen am 28.<span typeof=\"mw:Entity\" id=\"rdp-we-mwDWc\">\u00a0<\/span>M\u00e4rz 2014<\/span>.<\/span><span style=\"display: none;\" class=\"Z3988\" title=\"ctx_ver=Z39.88-2004&amp;rft_val_fmt=info%3Aofi%2Ffmt%3Akev%3Amtx%3Adc&amp;rfr_id=info%3Asid%2Fde.wikipedia.org%3AKool+Savas&amp;rft.title=Kaas+%E2%80%93+Einh%C3%B6rner+im+Streichelzoo+%E2%80%93+Seite+5&amp;rft.description=Kaas+%E2%80%93+Einh%C3%B6rner+im+Streichelzoo+%E2%80%93+Seite+5&amp;rft.identifier=https%3A%2F%2Fweb.archive.org%2Fweb%2F20110204215145%2Fhttp%3A%2F%2Frap.de%2Ffeatures%2F834%2Ft5&amp;rft.creator=Rap.de&amp;rft.source=http:\/\/rap.de\/features\/834\/t5\" about=\"#mwt344\" id=\"rdp-we-mwDWg\"><span typeof=\"mw:Entity\" id=\"rdp-we-mwDWk\">\u00a0<\/span><\/span><\/span><\/li>\n<li about=\"#cite_note-153\" id=\"cite_note-153\" data-mw-footnote-number=\"153\"><span class=\"mw-cite-backlink\" id=\"rdp-we-mwDWo\"><a href=\"#cite_ref-153\" rel=\"mw:referencedBy\" id=\"rdp-we-mwDWs\"><span class=\"mw-linkback-text\" id=\"rdp-we-mwDWw\">\u2191<\/span><\/a><\/span> <span id=\"rdp-we-mw-reference-text-cite_note-153\" class=\"mw-reference-text reference-text\"><span class=\"cite\" about=\"#mwt347\" typeof=\"mw:Transclusion\" id=\"rdp-we-mwDW0\" data-mw='{\"parts\":[{\"template\":{\"target\":{\"wt\":\"Internetquelle \",\"href\":\".\/Vorlage:Internetquelle\"},\"params\":{\"autor\":{\"wt\":\"Blog.hiphop.de\"},\"url\":{\"wt\":\"http:\/\/blog.hiphop.de\/johanneskayser\/2013\/06\/22\/review-d-n-a-genetikk\/\"},\"titel\":{\"wt\":\"Review: D.N.A. (Genetikk)\"},\"offline\":{\"wt\":\"1\"},\"archiv-url\":{\"wt\":\"https:\/\/web.archive.org\/web\/20140407080421\/http:\/\/blog.hiphop.de\/johanneskayser\/2013\/06\/22\/review-d-n-a-genetikk\/\"},\"archiv-datum\":{\"wt\":\"2014-04-07\"},\"abruf\":{\"wt\":\"2014-03-28\"}},\"i\":0}}]}'>Blog.hiphop.de:<span typeof=\"mw:Entity\" id=\"rdp-we-mwDW4\"> <\/span><a rel=\"external_link\" href=\"https:\/\/web.archive.org\/web\/20140407080421\/http:\/\/blog.hiphop.de\/johanneskayser\/2013\/06\/22\/review-d-n-a-genetikk\/\" class=\"external text\" id=\"rdp-we-mwDW8\" target=\"_new\"><i id=\"rdp-we-mwDXA\">Review: D.N.A. (Genetikk).<\/i><\/a><span typeof=\"mw:Entity\" id=\"rdp-we-mwDXE\"> <\/span>Archiviert<span typeof=\"mw:Entity\" id=\"rdp-we-mwDXI\"> <\/span>vom<span typeof=\"mw:Entity\" id=\"rdp-we-mwDXM\"> <\/span><link rel=\"mw-deduplicated-inline-style\" href=\"mw-data:TemplateStyles:r250917974\" about=\"#mwt348\" typeof=\"mw:Extension\/templatestyles\" id=\"rdp-we-mwDXQ\" data-mw='{\"name\":\"templatestyles\",\"attrs\":{\"src\":\"Vorlage:IconExternal\/styles.css\"}}'\/><span class=\"dewiki-iconexternal\" id=\"rdp-we-mwDXU\"><a rel=\"external_link\" href=\"https:\/\/redirecter.toolforge.org\/?url=http%3A%2F%2Fblog.hiphop.de%2Fjohanneskayser%2F2013%2F06%2F22%2Freview-d-n-a-genetikk%2F\" class=\"external text\" id=\"rdp-we-mwDXY\" target=\"_new\">Original<\/a><\/span><span typeof=\"mw:Entity\" id=\"rdp-we-mwDXc\"> <\/span>(nicht mehr online verf\u00fcgbar)<span typeof=\"mw:Entity\" id=\"rdp-we-mwDXg\"> <\/span>am<span typeof=\"mw:Entity\" id=\"rdp-we-mwDXk\"> <\/span><span style=\"white-space:nowrap;\" id=\"rdp-we-mwDXo\">7.<span typeof=\"mw:Entity\" id=\"rdp-we-mwDXs\">\u00a0<\/span>April 2014<\/span><span id=\"rdp-we-mwDXw\">;<\/span><span class=\"Abrufdatum\" id=\"rdp-we-mwDX0\"><span typeof=\"mw:Entity\" id=\"rdp-we-mwDX4\"> <\/span>abgerufen am 28.<span typeof=\"mw:Entity\" id=\"rdp-we-mwDX8\">\u00a0<\/span>M\u00e4rz 2014<\/span>.<\/span><span style=\"display: none;\" class=\"Z3988\" title=\"ctx_ver=Z39.88-2004&amp;rft_val_fmt=info%3Aofi%2Ffmt%3Akev%3Amtx%3Adc&amp;rfr_id=info%3Asid%2Fde.wikipedia.org%3AKool+Savas&amp;rft.title=Review%3A+D.N.A.+%28Genetikk%29&amp;rft.description=Review%3A+D.N.A.+%28Genetikk%29&amp;rft.identifier=https%3A%2F%2Fweb.archive.org%2Fweb%2F20140407080421%2Fhttp%3A%2F%2Fblog.hiphop.de%2Fjohanneskayser%2F2013%2F06%2F22%2Freview-d-n-a-genetikk%2F&amp;rft.creator=Blog.hiphop.de&amp;rft.source=http:\/\/blog.hiphop.de\/johanneskayser\/2013\/06\/22\/review-d-n-a-genetikk\/\" about=\"#mwt347\" id=\"rdp-we-mwDYA\"><span typeof=\"mw:Entity\" id=\"rdp-we-mwDYE\">\u00a0<\/span><\/span><\/span><\/li>\n<li about=\"#cite_note-154\" id=\"cite_note-154\" data-mw-footnote-number=\"154\"><span class=\"mw-cite-backlink\" id=\"rdp-we-mwDYI\"><a href=\"#cite_ref-154\" rel=\"mw:referencedBy\" id=\"rdp-we-mwDYM\"><span class=\"mw-linkback-text\" id=\"rdp-we-mwDYQ\">\u2191<\/span><\/a><\/span> <span id=\"rdp-we-mw-reference-text-cite_note-154\" class=\"mw-reference-text reference-text\"><i id=\"rdp-we-mwDYU\">Juice<\/i> \u2013 November 2007 \u2013 Seite 65 und 66<\/span><\/li>\n<li about=\"#cite_note-155\" id=\"cite_note-155\" data-mw-footnote-number=\"155\"><span class=\"mw-cite-backlink\" id=\"rdp-we-mwDYY\"><a href=\"#cite_ref-155\" rel=\"mw:referencedBy\" id=\"rdp-we-mwDYc\"><span class=\"mw-linkback-text\" id=\"rdp-we-mwDYg\">\u2191<\/span><\/a><\/span> <span id=\"rdp-we-mw-reference-text-cite_note-155\" class=\"mw-reference-text reference-text\"><span class=\"cite\" about=\"#mwt351\" typeof=\"mw:Transclusion\" id=\"rdp-we-mwDYk\" data-mw='{\"parts\":[{\"template\":{\"target\":{\"wt\":\"Internetquelle \",\"href\":\".\/Vorlage:Internetquelle\"},\"params\":{\"autor\":{\"wt\":\"Mzee.com\"},\"url\":{\"wt\":\"http:\/\/www.mzee.com\/forum\/showthread.php?p=6224777\"},\"titel\":{\"wt\":\"Favorite im Interview \u2013 \u201eAnarcho\u201c\"},\"offline\":{\"wt\":\"1\"},\"archiv-url\":{\"wt\":\"https:\/\/web.archive.org\/web\/20140407081200\/http:\/\/www.mzee.com\/forum\/showthread.php?p=6224777\"},\"archiv-datum\":{\"wt\":\"2014-04-07\"},\"abruf\":{\"wt\":\"2014-03-28\"}},\"i\":0}}]}'>Mzee.com:<span typeof=\"mw:Entity\" id=\"rdp-we-mwDYo\"> <\/span><a rel=\"external_link\" href=\"https:\/\/web.archive.org\/web\/20140407081200\/http:\/\/www.mzee.com\/forum\/showthread.php?p=6224777\" class=\"external text\" id=\"rdp-we-mwDYs\" target=\"_new\"><i id=\"rdp-we-mwDYw\">Favorite im Interview \u2013 \u201eAnarcho\u201c.<\/i><\/a><span typeof=\"mw:Entity\" id=\"rdp-we-mwDY0\"> <\/span>Archiviert<span typeof=\"mw:Entity\" id=\"rdp-we-mwDY4\"> <\/span>vom<span typeof=\"mw:Entity\" id=\"rdp-we-mwDY8\"> <\/span><link rel=\"mw-deduplicated-inline-style\" href=\"mw-data:TemplateStyles:r250917974\" about=\"#mwt352\" typeof=\"mw:Extension\/templatestyles\" id=\"rdp-we-mwDZA\" data-mw='{\"name\":\"templatestyles\",\"attrs\":{\"src\":\"Vorlage:IconExternal\/styles.css\"}}'\/><span class=\"dewiki-iconexternal\" id=\"rdp-we-mwDZE\"><a rel=\"external_link\" href=\"https:\/\/redirecter.toolforge.org\/?url=http%3A%2F%2Fwww.mzee.com%2Fforum%2Fshowthread.php%3Fp%3D6224777\" class=\"external text\" id=\"rdp-we-mwDZI\" target=\"_new\">Original<\/a><\/span><span typeof=\"mw:Entity\" id=\"rdp-we-mwDZM\"> <\/span>(nicht mehr online verf\u00fcgbar)<span typeof=\"mw:Entity\" id=\"rdp-we-mwDZQ\"> <\/span>am<span typeof=\"mw:Entity\" id=\"rdp-we-mwDZU\"> <\/span><span style=\"white-space:nowrap;\" id=\"rdp-we-mwDZY\">7.<span typeof=\"mw:Entity\" id=\"rdp-we-mwDZc\">\u00a0<\/span>April 2014<\/span><span id=\"rdp-we-mwDZg\">;<\/span><span class=\"Abrufdatum\" id=\"rdp-we-mwDZk\"><span typeof=\"mw:Entity\" id=\"rdp-we-mwDZo\"> <\/span>abgerufen am 28.<span typeof=\"mw:Entity\" id=\"rdp-we-mwDZs\">\u00a0<\/span>M\u00e4rz 2014<\/span>.<\/span><span style=\"display: none;\" class=\"Z3988\" title=\"ctx_ver=Z39.88-2004&amp;rft_val_fmt=info%3Aofi%2Ffmt%3Akev%3Amtx%3Adc&amp;rfr_id=info%3Asid%2Fde.wikipedia.org%3AKool+Savas&amp;rft.title=Favorite+im+Interview+%E2%80%93+%E2%80%9EAnarcho%E2%80%9C&amp;rft.description=Favorite+im+Interview+%E2%80%93+%E2%80%9EAnarcho%E2%80%9C&amp;rft.identifier=https%3A%2F%2Fweb.archive.org%2Fweb%2F20140407081200%2Fhttp%3A%2F%2Fwww.mzee.com%2Fforum%2Fshowthread.php%3Fp%3D6224777&amp;rft.creator=Mzee.com&amp;rft.source=http:\/\/www.mzee.com\/forum\/showthread.php?p=6224777\" about=\"#mwt351\" id=\"rdp-we-mwDZw\"><span typeof=\"mw:Entity\" id=\"rdp-we-mwDZ0\">\u00a0<\/span><\/span><\/span><\/li>\n<li about=\"#cite_note-156\" id=\"cite_note-156\" data-mw-footnote-number=\"156\"><span class=\"mw-cite-backlink\" id=\"rdp-we-mwDZ4\"><a href=\"#cite_ref-156\" rel=\"mw:referencedBy\" id=\"rdp-we-mwDZ8\"><span class=\"mw-linkback-text\" id=\"rdp-we-mwDaA\">\u2191<\/span><\/a><\/span> <span id=\"rdp-we-mw-reference-text-cite_note-156\" class=\"mw-reference-text reference-text\"><i id=\"rdp-we-mwDaE\">Juice Special Issue \u2013 Kool Savas<\/i> \u2013 S. 70\u201373 \u2013 Dezember 2011\/Januar\/Februar 2012<\/span><\/li>\n<li about=\"#cite_note-157\" id=\"cite_note-157\" data-mw-footnote-number=\"157\"><span class=\"mw-cite-backlink\" id=\"rdp-we-mwDaI\"><a href=\"#cite_ref-157\" rel=\"mw:referencedBy\" id=\"rdp-we-mwDaM\"><span class=\"mw-linkback-text\" id=\"rdp-we-mwDaQ\">\u2191<\/span><\/a><\/span> <span id=\"rdp-we-mw-reference-text-cite_note-157\" class=\"mw-reference-text reference-text\"><span class=\"cite\" about=\"#mwt355\" typeof=\"mw:Transclusion\" id=\"rdp-we-mwDaU\" data-mw='{\"parts\":[{\"template\":{\"target\":{\"wt\":\"Internetquelle \",\"href\":\".\/Vorlage:Internetquelle\"},\"params\":{\"autor\":{\"wt\":\"Laut.de\"},\"url\":{\"wt\":\"http:\/\/www.laut.de\/Frank-White-Godsilla\/Alben\/Suedberlin-Maskulin-31879\"},\"titel\":{\"wt\":\"White treibt einem die Fremdschamesr\u00f6te ins Gesicht.\"},\"abruf\":{\"wt\":\"2014-03-28\"}},\"i\":0}}]}'>Laut.de:<span typeof=\"mw:Entity\" id=\"rdp-we-mwDaY\"> <\/span><a rel=\"external_link\" href=\"http:\/\/www.laut.de\/Frank-White-Godsilla\/Alben\/Suedberlin-Maskulin-31879\" class=\"external text\" id=\"rdp-we-mwDac\" target=\"_new\"><i id=\"rdp-we-mwDag\">White treibt einem die Fremdschamesr\u00f6te ins Gesicht.<\/i><\/a><span class=\"Abrufdatum\" id=\"rdp-we-mwDak\"><span typeof=\"mw:Entity\" id=\"rdp-we-mwDao\"> <\/span>Abgerufen am 28.<span typeof=\"mw:Entity\" id=\"rdp-we-mwDas\">\u00a0<\/span>M\u00e4rz 2014<\/span>.<\/span><span style=\"display: none;\" class=\"Z3988\" title=\"ctx_ver=Z39.88-2004&amp;rft_val_fmt=info%3Aofi%2Ffmt%3Akev%3Amtx%3Adc&amp;rfr_id=info%3Asid%2Fde.wikipedia.org%3AKool+Savas&amp;rft.title=White+treibt+einem+die+Fremdschamesr%C3%B6te+ins+Gesicht.&amp;rft.description=White+treibt+einem+die+Fremdschamesr%C3%B6te+ins+Gesicht.&amp;rft.identifier=http%3A%2F%2Fwww.laut.de%2FFrank-White-Godsilla%2FAlben%2FSuedberlin-Maskulin-31879&amp;rft.creator=Laut.de\" about=\"#mwt355\" id=\"rdp-we-mwDaw\"><span typeof=\"mw:Entity\" id=\"rdp-we-mwDa0\">\u00a0<\/span><\/span><\/span><\/li>\n<li about=\"#cite_note-158\" id=\"cite_note-158\" data-mw-footnote-number=\"158\"><span class=\"mw-cite-backlink\" id=\"rdp-we-mwDa4\"><a href=\"#cite_ref-158\" rel=\"mw:referencedBy\" id=\"rdp-we-mwDa8\"><span class=\"mw-linkback-text\" id=\"rdp-we-mwDbA\">\u2191<\/span><\/a><\/span> <span id=\"rdp-we-mw-reference-text-cite_note-158\" class=\"mw-reference-text reference-text\"><span class=\"cite\" about=\"#mwt357\" typeof=\"mw:Transclusion\" id=\"rdp-we-mwDbE\" data-mw='{\"parts\":[{\"template\":{\"target\":{\"wt\":\"Internetquelle \",\"href\":\".\/Vorlage:Internetquelle\"},\"params\":{\"autor\":{\"wt\":\"Musikmarkt.de\"},\"url\":{\"wt\":\"http:\/\/www.musikmarkt.de\/Aktuell\/News\/Buback-nimmt-Zugezogen-Maskulin-unter-Vertrag\"},\"titel\":{\"wt\":\"Buback nimmt Zugezogen Maskulin unter Vertrag\"},\"offline\":{\"wt\":\"1\"},\"archiv-url\":{\"wt\":\"https:\/\/archive.is\/20140312212902\/http:\/\/www.musikmarkt.de\/Aktuell\/News\/Buback-nimmt-Zugezogen-Maskulin-unter-Vertrag\"},\"archiv-datum\":{\"wt\":\"2014-03-12\"},\"abruf\":{\"wt\":\"2014-03-28\"}},\"i\":0}}]}'>Musikmarkt.de:<span typeof=\"mw:Entity\" id=\"rdp-we-mwDbI\"> <\/span><a rel=\"external_link\" href=\"https:\/\/archive.today\/20140312212902\/http:\/\/www.musikmarkt.de\/Aktuell\/News\/Buback-nimmt-Zugezogen-Maskulin-unter-Vertrag\" class=\"external text\" id=\"rdp-we-mwDbM\" target=\"_new\"><i id=\"rdp-we-mwDbQ\">Buback nimmt Zugezogen Maskulin unter Vertrag.<\/i><\/a><span typeof=\"mw:Entity\" id=\"rdp-we-mwDbU\"> <\/span>Archiviert<span typeof=\"mw:Entity\" id=\"rdp-we-mwDbY\"> <\/span>vom<span typeof=\"mw:Entity\" id=\"rdp-we-mwDbc\"> <\/span><link rel=\"mw-deduplicated-inline-style\" href=\"mw-data:TemplateStyles:r250917974\" about=\"#mwt358\" typeof=\"mw:Extension\/templatestyles\" id=\"rdp-we-mwDbg\" data-mw='{\"name\":\"templatestyles\",\"attrs\":{\"src\":\"Vorlage:IconExternal\/styles.css\"}}'\/><span class=\"dewiki-iconexternal\" id=\"rdp-we-mwDbk\"><a rel=\"external_link\" href=\"https:\/\/redirecter.toolforge.org\/?url=http%3A%2F%2Fwww.musikmarkt.de%2FAktuell%2FNews%2FBuback-nimmt-Zugezogen-Maskulin-unter-Vertrag\" class=\"external text\" id=\"rdp-we-mwDbo\" target=\"_new\">Original<\/a><\/span><span typeof=\"mw:Entity\" id=\"rdp-we-mwDbs\"> <\/span>(nicht mehr online verf\u00fcgbar)<span typeof=\"mw:Entity\" id=\"rdp-we-mwDbw\"> <\/span>am<span typeof=\"mw:Entity\" id=\"rdp-we-mwDb0\"> <\/span><span style=\"white-space:nowrap;\" id=\"rdp-we-mwDb4\">12.<span typeof=\"mw:Entity\" id=\"rdp-we-mwDb8\">\u00a0<\/span>M\u00e4rz 2014<\/span><span id=\"rdp-we-mwDcA\">;<\/span><span class=\"Abrufdatum\" id=\"rdp-we-mwDcE\"><span typeof=\"mw:Entity\" id=\"rdp-we-mwDcI\"> <\/span>abgerufen am 28.<span typeof=\"mw:Entity\" id=\"rdp-we-mwDcM\">\u00a0<\/span>M\u00e4rz 2014<\/span>.<\/span><span style=\"display: none;\" class=\"Z3988\" title=\"ctx_ver=Z39.88-2004&amp;rft_val_fmt=info%3Aofi%2Ffmt%3Akev%3Amtx%3Adc&amp;rfr_id=info%3Asid%2Fde.wikipedia.org%3AKool+Savas&amp;rft.title=Buback+nimmt+Zugezogen+Maskulin+unter+Vertrag&amp;rft.description=Buback+nimmt+Zugezogen+Maskulin+unter+Vertrag&amp;rft.identifier=https%3A%2F%2Farchive.is%2F20140312212902%2Fhttp%3A%2F%2Fwww.musikmarkt.de%2FAktuell%2FNews%2FBuback-nimmt-Zugezogen-Maskulin-unter-Vertrag&amp;rft.creator=Musikmarkt.de&amp;rft.source=http:\/\/www.musikmarkt.de\/Aktuell\/News\/Buback-nimmt-Zugezogen-Maskulin-unter-Vertrag\" about=\"#mwt357\" id=\"rdp-we-mwDcQ\"><span typeof=\"mw:Entity\" id=\"rdp-we-mwDcU\">\u00a0<\/span><\/span><\/span><\/li>\n<li about=\"#cite_note-159\" id=\"cite_note-159\" data-mw-footnote-number=\"159\"><span class=\"mw-cite-backlink\" id=\"rdp-we-mwDcY\"><a href=\"#cite_ref-159\" rel=\"mw:referencedBy\" id=\"rdp-we-mwDcc\"><span class=\"mw-linkback-text\" id=\"rdp-we-mwDcg\">\u2191<\/span><\/a><\/span> <span id=\"rdp-we-mw-reference-text-cite_note-159\" class=\"mw-reference-text reference-text\"><span class=\"cite\" about=\"#mwt360\" typeof=\"mw:Transclusion\" id=\"rdp-we-mwDck\" data-mw='{\"parts\":[{\"template\":{\"target\":{\"wt\":\"Internetquelle \",\"href\":\".\/Vorlage:Internetquelle\"},\"params\":{\"autor\":{\"wt\":\"Meinrap.de\"},\"url\":{\"wt\":\"http:\/\/meinrap.de\/2011\/05\/23\/intro-magazin-die-zehn-wichtigsten-hiphop-alben-aus-deutschland\/\"},\"titel\":{\"wt\":\"Die 10 wichtigsten Deutschrap-Alben der 90er (Artikel)\"},\"offline\":{\"wt\":\"1\"},\"archiv-url\":{\"wt\":\"https:\/\/web.archive.org\/web\/20140402165258\/http:\/\/meinrap.de\/2011\/05\/23\/intro-magazin-die-zehn-wichtigsten-hiphop-alben-aus-deutschland\/\"},\"archiv-datum\":{\"wt\":\"2014-04-02\"},\"abruf\":{\"wt\":\"2014-03-28\"}},\"i\":0}}]}'>Meinrap.de:<span typeof=\"mw:Entity\" id=\"rdp-we-mwDco\"> <\/span><a rel=\"external_link\" href=\"https:\/\/web.archive.org\/web\/20140402165258\/http:\/\/meinrap.de\/2011\/05\/23\/intro-magazin-die-zehn-wichtigsten-hiphop-alben-aus-deutschland\/\" class=\"external text\" id=\"rdp-we-mwDcs\" target=\"_new\"><i id=\"rdp-we-mwDcw\">Die 10 wichtigsten Deutschrap-Alben der 90er (Artikel).<\/i><\/a><span typeof=\"mw:Entity\" id=\"rdp-we-mwDc0\"> <\/span>Archiviert<span typeof=\"mw:Entity\" id=\"rdp-we-mwDc4\"> <\/span>vom<span typeof=\"mw:Entity\" id=\"rdp-we-mwDc8\"> <\/span><link rel=\"mw-deduplicated-inline-style\" href=\"mw-data:TemplateStyles:r250917974\" about=\"#mwt361\" typeof=\"mw:Extension\/templatestyles\" id=\"rdp-we-mwDdA\" data-mw='{\"name\":\"templatestyles\",\"attrs\":{\"src\":\"Vorlage:IconExternal\/styles.css\"}}'\/><span class=\"dewiki-iconexternal\" id=\"rdp-we-mwDdE\"><a rel=\"external_link\" href=\"https:\/\/redirecter.toolforge.org\/?url=http%3A%2F%2Fmeinrap.de%2F2011%2F05%2F23%2Fintro-magazin-die-zehn-wichtigsten-hiphop-alben-aus-deutschland%2F\" class=\"external text\" id=\"rdp-we-mwDdI\" target=\"_new\">Original<\/a><\/span><span typeof=\"mw:Entity\" id=\"rdp-we-mwDdM\"> <\/span>(nicht mehr online verf\u00fcgbar)<span typeof=\"mw:Entity\" id=\"rdp-we-mwDdQ\"> <\/span>am<span typeof=\"mw:Entity\" id=\"rdp-we-mwDdU\"> <\/span><span style=\"white-space:nowrap;\" id=\"rdp-we-mwDdY\">2.<span typeof=\"mw:Entity\" id=\"rdp-we-mwDdc\">\u00a0<\/span>April 2014<\/span><span id=\"rdp-we-mwDdg\">;<\/span><span class=\"Abrufdatum\" id=\"rdp-we-mwDdk\"><span typeof=\"mw:Entity\" id=\"rdp-we-mwDdo\"> <\/span>abgerufen am 28.<span typeof=\"mw:Entity\" id=\"rdp-we-mwDds\">\u00a0<\/span>M\u00e4rz 2014<\/span>.<\/span><span style=\"display: none;\" class=\"Z3988\" title=\"ctx_ver=Z39.88-2004&amp;rft_val_fmt=info%3Aofi%2Ffmt%3Akev%3Amtx%3Adc&amp;rfr_id=info%3Asid%2Fde.wikipedia.org%3AKool+Savas&amp;rft.title=Die+10+wichtigsten+Deutschrap-Alben+der+90er+%28Artikel%29&amp;rft.description=Die+10+wichtigsten+Deutschrap-Alben+der+90er+%28Artikel%29&amp;rft.identifier=https%3A%2F%2Fweb.archive.org%2Fweb%2F20140402165258%2Fhttp%3A%2F%2Fmeinrap.de%2F2011%2F05%2F23%2Fintro-magazin-die-zehn-wichtigsten-hiphop-alben-aus-deutschland%2F&amp;rft.creator=Meinrap.de&amp;rft.source=http:\/\/meinrap.de\/2011\/05\/23\/intro-magazin-die-zehn-wichtigsten-hiphop-alben-aus-deutschland\/\" about=\"#mwt360\" id=\"rdp-we-mwDdw\"><span typeof=\"mw:Entity\" id=\"rdp-we-mwDd0\">\u00a0<\/span><\/span><\/span><\/li>\n<li about=\"#cite_note-160\" id=\"cite_note-160\" data-mw-footnote-number=\"160\"><span class=\"mw-cite-backlink\" id=\"rdp-we-mwDd4\"><a href=\"#cite_ref-160\" rel=\"mw:referencedBy\" id=\"rdp-we-mwDd8\"><span class=\"mw-linkback-text\" id=\"rdp-we-mwDeA\">\u2191<\/span><\/a><\/span> <span id=\"rdp-we-mw-reference-text-cite_note-160\" class=\"mw-reference-text reference-text\"><i id=\"rdp-we-mwDeE\">Juice Special Issue \u2013 Rap in D Vol. 2<\/i> \u2013 Seite 85 \u2013 Februar\/M\u00e4rz\/April 2008<\/span><\/li>\n<\/ol><\/div>\n\n<span class=\"mw-empty-elt\" about=\"#mwt366\" typeof=\"mw:Transclusion\" id=\"rdp-we-mwDeI\" data-mw='{\"parts\":[{\"template\":{\"target\":{\"wt\":\"Navigationsleiste Kool Savas\",\"href\":\".\/Vorlage:Navigationsleiste_Kool_Savas\"},\"params\":{},\"i\":0}}]}'><\/span><div role=\"navigation\" class=\"navbox-container klappleiste navileiste erweiterte-navigationsleiste mw-collapsible navigation-not-searchable darkmode-standardlinks\" aria-labelledby=\"Kool_Savas\" about=\"#mwt366\" id=\"rdp-we-mwDeM\"><div class=\"klappleiste-kopf navbox-group navbox-title\" style=\"background-color:khaki; color:#000000;;\"><a rel=\"mw:WikiLink\" href=\"https:\/\/de.wikipedia.org\/wiki\/Kool_Savas\" class=\"mw-selflink selflink wiki-link\" target=\"_new\">Kool Savas<\/a><\/div><div class=\"klappleiste-inhalt mw-collapsible-content\"><table class=\"navbox-nowraplinks navbox-inner\" style=\"border-spacing:0;background:transparent;color:inherit\"><tbody><tr><th scope=\"row\" class=\"navbox-group\" style=\"width:1%\">Studioalben<\/th><td class=\"navbox-list navbox-odd navbox-hlist\" style=\"text-align:left;border-left-width:2px;border-left-style:solid;width:99%\"><div style=\"padding:0 0.25em\">\n<ul><li><a rel=\"mw:WikiLink\" href=\"https:\/\/de.wikipedia.org\/wiki\/Der_beste_Tag_meines_Lebens\" title=\"Der beste Tag meines Lebens\" target=\"_new\" class=\"wiki-link\">Der beste Tag meines Lebens<\/a><\/li>\n<li><a rel=\"mw:WikiLink\" href=\"https:\/\/de.wikipedia.org\/wiki\/Tot_oder_lebendig_(Album)\" title=\"Tot oder lebendig (Album)\" target=\"_new\" class=\"wiki-link\">Tot oder lebendig<\/a><\/li>\n<li><a rel=\"mw:WikiLink\" href=\"https:\/\/de.wikipedia.org\/wiki\/Aura_(Kool-Savas-Album)\" title=\"Aura (Kool-Savas-Album)\" target=\"_new\" class=\"wiki-link\">Aura<\/a><\/li>\n<li><a rel=\"mw:WikiLink\" href=\"https:\/\/de.wikipedia.org\/wiki\/M\u00e4rtyrer_(Album)\" title=\"M\u00e4rtyrer (Album)\" target=\"_new\" class=\"wiki-link\">M\u00e4rtyrer<\/a><\/li>\n<li><a rel=\"mw:WikiLink\" href=\"https:\/\/de.wikipedia.org\/wiki\/KKS_(Album)\" title=\"KKS (Album)\" target=\"_new\" class=\"wiki-link\">KKS<\/a><\/li>\n<li><a rel=\"mw:WikiLink\" href=\"https:\/\/de.wikipedia.org\/wiki\/Aghori_(Album)\" title=\"Aghori (Album)\" target=\"_new\" class=\"wiki-link\">Aghori<\/a><\/li><\/ul>\n<\/div><\/td><\/tr><tr><th scope=\"row\" class=\"navbox-group\" style=\"width:1%\">Gemeinschaftsalben<\/th><td class=\"navbox-list navbox-even navbox-hlist\" style=\"text-align:left;border-left-width:2px;border-left-style:solid;width:99%\"><div style=\"padding:0 0.25em\">\n<ul><li>Hoes, Flows, Moneytoes<\/li>\n<li>Battlekings<\/li>\n<li>NLP \u2013 Neuro-Linguistisches Programmieren<\/li>\n<li>Nur noch 24 Stunden<\/li>\n<li><a rel=\"mw:WikiLink\" href=\"https:\/\/de.wikipedia.org\/wiki\/One_(Kool-Savas-und-Azad-Album)\" title=\"One (Kool-Savas-und-Azad-Album)\" target=\"_new\" class=\"wiki-link\">One<\/a> <small>(mit Azad)<\/small><\/li>\n<li><a rel=\"mw:WikiLink\" href=\"https:\/\/de.wikipedia.org\/wiki\/Gespaltene_Pers\u00f6nlichkeit_(Album)\" title=\"Gespaltene Pers\u00f6nlichkeit (Album)\" target=\"_new\" class=\"wiki-link\">Gespaltene Pers\u00f6nlichkeit<\/a> <small>(mit Xavier Naidoo)<\/small><\/li>\n<li><a rel=\"mw:WikiLink\" href=\"https:\/\/de.wikipedia.org\/wiki\/Royal_Bunker_(Album)\" title=\"Royal Bunker (Album)\" target=\"_new\" class=\"wiki-link\">Royal Bunker<\/a> <small>(mit Sido)<\/small><\/li>\n<li>Moai <small>(mit Takt32)<\/small><\/li><\/ul>\n<\/div><\/td><\/tr><tr><th scope=\"row\" class=\"navbox-group\" style=\"width:1%\">Livealben<\/th><td class=\"navbox-list navbox-odd navbox-hlist\" style=\"text-align:left;border-left-width:2px;border-left-style:solid;width:99%\"><div style=\"padding:0 0.25em\">\n<ul><li>Aura Live<\/li>\n<li>Red Bull Symphonic<\/li><\/ul>\n<\/div><\/td><\/tr><tr><th scope=\"row\" class=\"navbox-group\" style=\"width:1%\">Kompilationen<\/th><td class=\"navbox-list navbox-even navbox-hlist\" style=\"text-align:left;border-left-width:2px;border-left-style:solid;width:99%\"><div style=\"padding:0 0.25em\">\n<ul><li><a rel=\"mw:WikiLink\" href=\"https:\/\/de.wikipedia.org\/wiki\/The_Best_of_Kool_Savas\" title=\"The Best of Kool Savas\" target=\"_new\" class=\"wiki-link\">The Best of Kool Savas<\/a><\/li><\/ul>\n<\/div><\/td><\/tr><tr><th scope=\"row\" class=\"navbox-group\" style=\"width:1%\">Remixalben<\/th><td class=\"navbox-list navbox-odd navbox-hlist\" style=\"text-align:left;border-left-width:2px;border-left-style:solid;width:99%\"><div style=\"padding:0 0.25em\">\n<ul><li><a rel=\"mw:WikiLink\" href=\"https:\/\/de.wikipedia.org\/wiki\/Die_besten_Tage_sind_gez\u00e4hlt\" title=\"Die besten Tage sind gez\u00e4hlt\" target=\"_new\" class=\"wiki-link\">Die besten Tage sind gez\u00e4hlt<\/a><\/li>\n<li>John Bello Story II \u2013 Brainwash Edition<\/li><\/ul>\n<\/div><\/td><\/tr><tr><th scope=\"row\" class=\"navbox-group\" style=\"width:1%\">Mixtapes<\/th><td class=\"navbox-list navbox-even navbox-hlist\" style=\"text-align:left;border-left-width:2px;border-left-style:solid;width:99%\"><div style=\"padding:0 0.25em\">\n<ul><li>Kool Savas goes Hollywood<\/li>\n<li><a rel=\"mw:WikiLink\" href=\"https:\/\/de.wikipedia.org\/wiki\/Die_John_Bello_Story\" title=\"Die John Bello Story\" target=\"_new\" class=\"wiki-link\">Die John Bello Story<\/a><\/li>\n<li>Wer hatz erfunden?<\/li>\n<li><a rel=\"mw:WikiLink\" href=\"https:\/\/de.wikipedia.org\/wiki\/John_Bello_Story_II\" title=\"John Bello Story II\" target=\"_new\" class=\"wiki-link\">John Bello Story II<\/a><\/li>\n<li>New Russian Standard<\/li>\n<li><a rel=\"mw:WikiLink\" href=\"https:\/\/de.wikipedia.org\/wiki\/John_Bello_Story_III\" title=\"John Bello Story III\" target=\"_new\" class=\"wiki-link\">John Bello Story III<\/a><\/li>\n<li>Rap Genius<\/li>\n<li><a rel=\"mw:WikiLink\" href=\"https:\/\/de.wikipedia.org\/wiki\/Essahdamus\" title=\"Essahdamus\" target=\"_new\" class=\"wiki-link\">Essahdamus<\/a><\/li>\n<li>Wasch den Thron<\/li>\n<li>Rap Genius II<\/li><\/ul>\n<\/div><\/td><\/tr><tr><th scope=\"row\" class=\"navbox-group\" style=\"width:1%\">EPs<\/th><td class=\"navbox-list navbox-odd navbox-hlist\" style=\"text-align:left;border-left-width:2px;border-left-style:solid;width:99%\"><div style=\"padding:0 0.25em\">\n<ul><li>Warum rappst du?<\/li>\n<li>Haus &amp; Boot<\/li>\n<li>Rap Genius<\/li><\/ul>\n<\/div><\/td><\/tr><tr><th scope=\"row\" class=\"navbox-group\" style=\"width:1%\">Videoalben<\/th><td class=\"navbox-list navbox-even navbox-hlist\" style=\"text-align:left;border-left-width:2px;border-left-style:solid;width:99%\"><div style=\"padding:0 0.25em\">\n<ul><li>Der beste Tag meines Lebens<\/li>\n<li>Kool Savas &amp; Azad \u2013 One DVD<\/li>\n<li>Tot oder lebendig Live<\/li>\n<li>John Bello Story 2 Limited Deluxe Edition<\/li>\n<li>John Bello Story 2 Brainwash Edition<\/li><\/ul>\n<\/div><\/td><\/tr><tr><th scope=\"row\" class=\"navbox-group\" style=\"width:1%\">Singles<\/th><td class=\"navbox-list navbox-odd navbox-hlist\" style=\"text-align:left;border-left-width:2px;border-left-style:solid;width:99%\"><div style=\"padding:0 0.25em\"><\/div><table class=\"navbox-nowraplinks navbox-subgroup\" style=\"border-spacing:0\"><tbody><tr><th scope=\"row\" class=\"navbox-group\" style=\"width:1%;background-color:#DDE5EE; color:inherit;\">Der beste Tag meines Lebens<\/th><td class=\"navbox-list navbox-odd navbox-hlist\" style=\"text-align:left;border-left-width:2px;border-left-style:solid;width:99%\"><div style=\"padding:0 0.25em\">\n<ul><li>Till\u2019 ab Joe<\/li>\n<li>Optik Anthem<\/li>\n<li>Der beste Tag meines Lebens<\/li><\/ul>\n<\/div><\/td><\/tr><tr><th scope=\"row\" class=\"navbox-group\" style=\"width:1%;background-color:#DDE5EE; color:inherit;\">Die besten Tage sind gez\u00e4hlt<\/th><td class=\"navbox-list navbox-even navbox-hlist\" style=\"text-align:left;border-left-width:2px;border-left-style:solid;width:99%\"><div style=\"padding:0 0.25em\">\n<ul><li>Die besten Tage sind gez\u00e4hlt<\/li>\n<li>Da bin, da bleib<\/li><\/ul>\n<\/div><\/td><\/tr><tr><th scope=\"row\" class=\"navbox-group\" style=\"width:1%;background-color:#DDE5EE; color:inherit;\">Die John Bello Story<\/th><td class=\"navbox-list navbox-odd navbox-hlist\" style=\"text-align:left;border-left-width:2px;border-left-style:solid;width:99%\"><div style=\"padding:0 0.25em\">\n<ul><li><a rel=\"mw:WikiLink\" href=\"https:\/\/de.wikipedia.org\/wiki\/Das_Urteil_(Lied)\" title=\"Das Urteil (Lied)\" target=\"_new\" class=\"wiki-link\">Das Urteil<\/a><\/li><\/ul>\n<\/div><\/td><\/tr><tr><th scope=\"row\" class=\"navbox-group\" style=\"width:1%;background-color:#DDE5EE; color:inherit;\">One<\/th><td class=\"navbox-list navbox-even navbox-hlist\" style=\"text-align:left;border-left-width:2px;border-left-style:solid;width:99%\"><div style=\"padding:0 0.25em\">\n<ul><li>Monstershit<\/li>\n<li>All 4 One<\/li>\n<li>Guck My Man<\/li><\/ul>\n<\/div><\/td><\/tr><tr><th scope=\"row\" class=\"navbox-group\" style=\"width:1%;background-color:#DDE5EE; color:inherit;\">Wer hatz erfunden?<\/th><td class=\"navbox-list navbox-odd navbox-hlist\" style=\"text-align:left;border-left-width:2px;border-left-style:solid;width:99%\"><div style=\"padding:0 0.25em\">\n<ul><li>Wie er<\/li><\/ul>\n<\/div><\/td><\/tr><tr><th scope=\"row\" class=\"navbox-group\" style=\"width:1%;background-color:#DDE5EE; color:inherit;\">Optik Takeover<\/th><td class=\"navbox-list navbox-even navbox-hlist\" style=\"text-align:left;border-left-width:2px;border-left-style:solid;width:99%\"><div style=\"padding:0 0.25em\">\n<ul><li>Das ist O.R.<\/li>\n<li>Komm mit mir<\/li><\/ul>\n<\/div><\/td><\/tr><tr><th scope=\"row\" class=\"navbox-group\" style=\"width:1%;background-color:#DDE5EE; color:inherit;\">Tot oder lebendig<\/th><td class=\"navbox-list navbox-odd navbox-hlist\" style=\"text-align:left;border-left-width:2px;border-left-style:solid;width:99%\"><div style=\"padding:0 0.25em\">\n<ul><li>Tot oder lebendig<\/li>\n<li>Melodie<\/li><\/ul>\n<\/div><\/td><\/tr><tr><th scope=\"row\" class=\"navbox-group\" style=\"width:1%;background-color:#DDE5EE; color:inherit;\">The Best of Kool Savas<\/th><td class=\"navbox-list navbox-even navbox-hlist\" style=\"text-align:left;border-left-width:2px;border-left-style:solid;width:99%\"><div style=\"padding:0 0.25em\">\n<ul><li>On Top<\/li><\/ul>\n<\/div><\/td><\/tr><tr><th scope=\"row\" class=\"navbox-group\" style=\"width:1%;background-color:#DDE5EE; color:inherit;\">John Bello Story II<\/th><td class=\"navbox-list navbox-odd navbox-hlist\" style=\"text-align:left;border-left-width:2px;border-left-style:solid;width:99%\"><div style=\"padding:0 0.25em\">\n<ul><li>Krone<\/li>\n<li>Rapfilm<\/li>\n<li>Futurama<\/li><\/ul>\n<\/div><\/td><\/tr><tr><th scope=\"row\" class=\"navbox-group\" style=\"width:1%;background-color:#DDE5EE; color:inherit;\">Immer wenn ich rhyme<\/th><td class=\"navbox-list navbox-even navbox-hlist\" style=\"text-align:left;border-left-width:2px;border-left-style:solid;width:99%\"><div style=\"padding:0 0.25em\">\n<ul><li>Immer wenn ich rhyme<\/li>\n<li>Techno Pilot<\/li>\n<li>Rewind<\/li>\n<li>Rhythmus meines Lebens<\/li><\/ul>\n<\/div><\/td><\/tr><tr><th scope=\"row\" class=\"navbox-group\" style=\"width:1%;background-color:#DDE5EE; color:inherit;\">Aura<\/th><td class=\"navbox-list navbox-odd navbox-hlist\" style=\"text-align:left;border-left-width:2px;border-left-style:solid;width:99%\"><div style=\"padding:0 0.25em\">\n<ul><li>Aura<\/li><\/ul>\n<\/div><\/td><\/tr><tr><th scope=\"row\" class=\"navbox-group\" style=\"width:1%;background-color:#DDE5EE; color:inherit;\">Gespaltene Pers\u00f6nlichkeit<\/th><td class=\"navbox-list navbox-even navbox-hlist\" style=\"text-align:left;border-left-width:2px;border-left-style:solid;width:99%\"><div style=\"padding:0 0.25em\">\n<ul><li><a rel=\"mw:WikiLink\" href=\"https:\/\/de.wikipedia.org\/wiki\/Schau_nicht_mehr_zur\u00fcck\" title=\"Schau nicht mehr zur\u00fcck\" target=\"_new\" class=\"wiki-link\">Schau nicht mehr zur\u00fcck<\/a><\/li>\n<li>Lass nicht los<\/li>\n<li>Die Zukunft tr\u00e4gt meinen Namen<\/li>\n<li>Wenn es Nacht ist<\/li>\n<li>Wage es zu glauben<\/li><\/ul>\n<\/div><\/td><\/tr><tr><th scope=\"row\" class=\"navbox-group\" style=\"width:1%;background-color:#DDE5EE; color:inherit;\">M\u00e4rtyrer<\/th><td class=\"navbox-list navbox-odd navbox-hlist\" style=\"text-align:left;border-left-width:2px;border-left-style:solid;width:99%\"><div style=\"padding:0 0.25em\">\n<ul><li>M\u00e4rtyrer<\/li><\/ul>\n<\/div><\/td><\/tr><tr><th scope=\"row\" class=\"navbox-group\" style=\"width:1%;background-color:#DDE5EE; color:inherit;\">Essahdamus<\/th><td class=\"navbox-list navbox-even navbox-hlist\" style=\"text-align:left;border-left-width:2px;border-left-style:solid;width:99%\"><div style=\"padding:0 0.25em\">\n<ul><li>Triumph<\/li><\/ul>\n<\/div><\/td><\/tr><tr><th scope=\"row\" class=\"navbox-group\" style=\"width:1%;background-color:#DDE5EE; color:inherit;\">Royal Bunker<\/th><td class=\"navbox-list navbox-odd navbox-hlist\" style=\"text-align:left;border-left-width:2px;border-left-style:solid;width:99%\"><div style=\"padding:0 0.25em\">\n<ul><li>Royal Bunker<\/li>\n<li>Normale Leute<\/li>\n<li>Neue Welt<\/li><\/ul>\n<\/div><\/td><\/tr><tr><th scope=\"row\" class=\"navbox-group\" style=\"width:1%;background-color:#DDE5EE; color:inherit;\">KKS<\/th><td class=\"navbox-list navbox-even navbox-hlist\" style=\"text-align:left;border-left-width:2px;border-left-style:solid;width:99%\"><div style=\"padding:0 0.25em\">\n<ul><li>KKS<\/li>\n<li>Deine Mutter<\/li><\/ul>\n<\/div><\/td><\/tr><tr><th scope=\"row\" class=\"navbox-group\" style=\"width:1%;background-color:#DDE5EE; color:inherit;\">Aghori<\/th><td class=\"navbox-list navbox-odd navbox-hlist\" style=\"text-align:left;border-left-width:2px;border-left-style:solid;width:99%\"><div style=\"padding:0 0.25em\">\n<ul><li>Brechen mich nicht<\/li>\n<li>AMG<\/li>\n<li>Nicht erinnern<\/li>\n<li>Dicka was<\/li>\n<li>Rapkiller<\/li><\/ul>\n<\/div><\/td><\/tr><tr><th scope=\"row\" class=\"navbox-group\" style=\"width:1%;background-color:#DDE5EE; color:inherit;\">Moai<\/th><td class=\"navbox-list navbox-even navbox-hlist\" style=\"text-align:left;border-left-width:2px;border-left-style:solid;width:99%\"><div style=\"padding:0 0.25em\">\n<ul><li>KMKD<\/li>\n<li>Check<\/li>\n<li>Moai<\/li>\n<li>Narben<\/li><\/ul>\n<\/div><\/td><\/tr><tr><th scope=\"row\" class=\"navbox-group\" style=\"width:1%;background-color:#DDE5EE; color:inherit;\">Red Bull Symphonic<\/th><td class=\"navbox-list navbox-odd navbox-hlist\" style=\"text-align:left;border-left-width:2px;border-left-style:solid;width:99%\"><div style=\"padding:0 0.25em\">\n<ul><li>Tribut (Live)<\/li>\n<li>Was du nicht siehst (Live)<\/li><\/ul>\n<\/div><\/td><\/tr><tr><th scope=\"row\" class=\"navbox-group\" style=\"width:1%;background-color:#DDE5EE; color:inherit;\">Rap Genius<\/th><td class=\"navbox-list navbox-even navbox-hlist\" style=\"text-align:left;border-left-width:2px;border-left-style:solid;width:99%\"><div style=\"padding:0 0.25em\">\n<ul><li>Rap Genius<\/li>\n<li>Watching You<\/li>\n<li>Sandkastenfreunde<\/li><\/ul>\n<\/div><\/td><\/tr><tr><th scope=\"row\" class=\"navbox-group\" style=\"width:1%;background-color:#DDE5EE; color:inherit;\"><small>Weitere Singles<\/small><\/th><td class=\"navbox-list navbox-odd navbox-hlist\" style=\"text-align:left;border-left-width:2px;border-left-style:solid;width:99%\"><div style=\"padding:0 0.25em\">\n<ul><li>LMS<\/li>\n<li>Haus &amp; Boot<\/li>\n<li>King of Rap<\/li>\n<li>Keiner au\u00dfer uns<\/li>\n<li>High<\/li>\n<li>Taub, stumm &amp; blind<\/li>\n<li>Erlk\u00f6nig<\/li>\n<li>Fluchtwagen<\/li>\n<li>King<\/li>\n<li>Nie mehr zur\u00fcck<\/li>\n<li>Schaf<\/li>\n<li>Trautes Heim<\/li>\n<li>Nur die Nacht<\/li>\n<li>Ich glaub ich<\/li>\n<li>Berlin<\/li><\/ul>\n<\/div><\/td><\/tr><\/tbody><\/table><div style=\"padding:0\"><\/div><\/td><\/tr><tr><th scope=\"row\" class=\"navbox-group\" style=\"width:1%\">Featurings<\/th><td class=\"navbox-list navbox-even navbox-hlist\" style=\"text-align:left;border-left-width:2px;border-left-style:solid;width:99%\"><div style=\"padding:0 0.25em\">\n<ul><li>That Smut Part 2<\/li>\n<li>D.U.T.<\/li>\n<li>Crashin\u2019 a Party<\/li>\n<li><a rel=\"mw:WikiLink\" href=\"https:\/\/de.wikipedia.org\/wiki\/OK!\" title=\"OK!\" target=\"_new\" class=\"wiki-link\">OK!<\/a><\/li>\n<li>Strugglin\u2019<\/li>\n<li>Masafaka<\/li>\n<li>Is It Love?<\/li>\n<li>4 Uhr nachts<\/li>\n<li>Nicht genug<\/li>\n<li>Bist du wach?<\/li>\n<li>Oh Junge<\/li>\n<li>Bessere Fehler<\/li>\n<li>Uninteressant<\/li>\n<li>Keinen gesehen<\/li>\n<li>Modus Rap<\/li>\n<li>Zeiten \u00e4ndern nichts<\/li>\n<li>Airplanes<\/li><\/ul>\n<\/div><\/td><\/tr><tr><td class=\"navbox-abovebelow navbox-hlist\" colspan=\"2\" style=\"font-weight:bold;background-color:#eeeeee; color:#000000; font-weight:normal;\"><div>\n<ul><li><a rel=\"mw:WikiLink\" href=\"https:\/\/de.wikipedia.org\/wiki\/Kool_Savas\/Diskografie\" title=\"Kool Savas\/Diskografie\" target=\"_new\" class=\"wiki-link\">Diskografie<\/a><\/li><\/ul>\n<\/div><\/td><\/tr><\/tbody><\/table><\/div><\/div>\n\n<span typeof=\"mw:Nowiki mw:Transclusion\" about=\"#mwt369\" id=\"rdp-we-mwDeQ\" data-mw='{\"parts\":[{\"template\":{\"target\":{\"wt\":\"Lesenswert\",\"href\":\".\/Vorlage:Lesenswert\"},\"params\":{\"1\":{\"wt\":\"5. November 2014\"},\"2\":{\"wt\":\"135235631\"}},\"i\":0}}]}'><\/span><div class=\"hintergrundfarbe1 rahmenfarbe1 navigation-not-searchable noprint\" style=\"border-top-style: solid; border-top-width: 1px; clear: both;   margin-top:1em; padding: 0.25em; overflow: hidden; word-break: break-word; word-wrap: break-word; \" id=\"rdp-we-Vorlage_Lesenswert\" about=\"#mwt369\"><div class=\"noviewer noresize\" style=\"display: table-cell; padding-bottom: 0.2em; padding-left: 0.25em; padding-right: 1em; padding-top: 0.2em; vertical-align: middle;\" aria-hidden=\"true\" role=\"presentation\"><span typeof=\"mw:File\"><a href=\"https:\/\/de.wikipedia.org\/wiki\/Datei:Qsicon_lesenswert.svg\" class=\"mw-file-description wiki-link\" target=\"_new\"><img resource=\"https:\/\/de.wikipedia.org\/wiki\/Datei:Qsicon_lesenswert.svg\" src=\"https:\/\/thumb.wikimedia.org\/wikipedia\/commons\/thumb\/4\/43\/Qsicon_lesenswert.svg\/40px-Qsicon_lesenswert.svg.png?utm_source=de.wikipedia.org&amp;utm_campaign=parser&amp;utm_content=thumbnail\" decoding=\"async\" loading=\"lazy\" data-file-type=\"drawing\" height=\"24\" width=\"24\" class=\"mw-file-element\"\/><\/a><\/span><\/div>\n<div style=\"display: table-cell; vertical-align: middle; width: 100%;\">\n<div role=\"contentinfo\">\nDieser Artikel wurde am 5.<span typeof=\"mw:Entity\">\u00a0<\/span>November 2014 in <a rel=\"mw:WikiLink\" href=\"https:\/\/de.wikipedia.org\/wiki\/Spezial:Permanenter_Link\/135235631\" title=\"Spezial:Permanenter Link\/135235631\" target=\"_new\" class=\"wiki-link\">dieser Version<\/a> in die Liste der <a rel=\"mw:WikiLink\" href=\"https:\/\/de.wikipedia.org\/wiki\/Wikipedia:Lesenswerte_Artikel\" title=\"Wikipedia:Lesenswerte Artikel\" target=\"_new\" class=\"wiki-link\">lesenswerten Artikel<\/a> aufgenommen.<\/div>\n<\/div><\/div><meta typeof=\"mw:Extension\/indicator\" about=\"#mwt369\" id=\"rdp-we-mwDeU\" data-mw='{\"name\":\"indicator\",\"attrs\":{\"name\":\"topicon-Vorlage_Lesenswert\"},\"body\":{\"extsrc\":\"&lt;div class=\\\"noprint\\\">[[Datei:Qsicon lesenswert.svg|15x15px|link=#Vorlage_Lesenswert|Dies ist ein als lesenswert ausgezeichneter Artikel.]]&lt;\/div>\"}}'\/><link rel=\"mw:PageProp\/Category\" href=\".\/Kategorie:Wikipedia:Lesenswert\" about=\"#mwt369\" id=\"rdp-we-mwDeY\"\/>\n\n<div class=\"hintergrundfarbe1 rahmenfarbe1 navigation-not-searchable  normdaten-typ-p\" style=\"border-style: solid; border-width: 1px; clear: left;   margin-bottom:1em; margin-top:1em; padding: 0.25em; overflow: hidden; word-break: break-word; word-wrap: break-word; \" id=\"rdp-we-normdaten\" about=\"#mwt371\" typeof=\"mw:Transclusion\" data-mw='{\"parts\":[{\"template\":{\"target\":{\"wt\":\"Normdaten\",\"href\":\".\/Vorlage:Normdaten\"},\"params\":{\"TYP\":{\"wt\":\"p\"},\"GND\":{\"wt\":\"135293715\"},\"LCCN\":{\"wt\":\"no2005105090\"},\"VIAF\":{\"wt\":\"68673006\"}},\"i\":0}}]}'>\n<div style=\"display: table-cell; vertical-align: middle; width: 100%;\">\n<div>\nNormdaten<span typeof=\"mw:Entity\">\u00a0<\/span>(Person): <a rel=\"mw:WikiLink\" href=\"https:\/\/de.wikipedia.org\/wiki\/Gemeinsame_Normdatei\" title=\"Gemeinsame Normdatei\" target=\"_new\" class=\"wiki-link\">GND<\/a>: <span class=\"plainlinks-print\"><a rel=\"external_link\" href=\"https:\/\/d-nb.info\/gnd\/135293715\" class=\"external text\" target=\"_new\">135293715<\/a><\/span> <span class=\"noprint\"> (<a rel=\"external_link\" href=\"https:\/\/lobid.org\/gnd\/135293715\" class=\"external text\" target=\"_new\">lobid<\/a>, <a rel=\"external_link\" href=\"https:\/\/explore.gnd.network\/gnd\/135293715\" class=\"external text\" target=\"_new\">GND Explorer<\/a>, <a rel=\"external_link\" href=\"https:\/\/swb.bsz-bw.de\/DB=2.104\/SET=1\/TTL=1\/CMD?retrace=0&trm_old=&ACT=SRCHA&IKT=2999&SRT=RLV&TRM=135293715\" class=\"external text\" target=\"_new\">OGND<\/a><span class=\"metadata\">, <a rel=\"external_link\" href=\"https:\/\/prometheus.lmu.de\/gnd\/135293715\" class=\"external text\" target=\"_new\">AKS<\/a><\/span>)<\/span>  <span typeof=\"mw:Entity\">|<\/span> <a rel=\"mw:WikiLink\" href=\"https:\/\/de.wikipedia.org\/wiki\/Library_of_Congress_Control_Number\" title=\"Library of Congress Control Number\" target=\"_new\" class=\"wiki-link\">LCCN<\/a>: <span class=\"plainlinks-print\"><a rel=\"external_link\" href=\"https:\/\/id.loc.gov\/authorities\/no2005105090\" class=\"external text\" target=\"_new\">no2005105090<\/a><\/span>  <span typeof=\"mw:Entity\">|<\/span> <a rel=\"mw:WikiLink\" href=\"https:\/\/de.wikipedia.org\/wiki\/Virtual_International_Authority_File\" title=\"Virtual International Authority File\" target=\"_new\" class=\"wiki-link\">VIAF<\/a>: <span class=\"plainlinks-print\"><a rel=\"external_link\" href=\"https:\/\/viaf.org\/viaf\/68673006\/\" class=\"external text\" target=\"_new\">68673006<\/a><\/span> <span typeof=\"mw:Entity\">|<\/span> <span class=\"noprint\"><a rel=\"external_link\" href=\"https:\/\/persondata.toolforge.org\/p\/Kool_Savas\" class=\"external text\" target=\"_new\">Wikipedia-Personensuche<\/a><\/span><span class=\"metadata\"><\/span><\/div>\n<\/div><\/div>\n\n<link rel=\"mw:PageProp\/Category\" href=\".\/Kategorie:Kool_Savas#%20\" id=\"rdp-we-mwDec\"\/>\n<link rel=\"mw:PageProp\/Category\" href=\".\/Kategorie:Rapper\" id=\"rdp-we-mwDeg\"\/>\n<link rel=\"mw:PageProp\/Category\" href=\".\/Kategorie:Musiker_(Aachen)\" id=\"rdp-we-mwDek\"\/>\n<link rel=\"mw:PageProp\/Category\" href=\".\/Kategorie:Musiker_(Berlin)\" id=\"rdp-we-mwDeo\"\/>\n<link rel=\"mw:PageProp\/Category\" href=\".\/Kategorie:Comet-Preistr\u00e4ger_(Deutschland)\" id=\"rdp-we-mwDes\"\/>\n<link rel=\"mw:PageProp\/Category\" href=\".\/Kategorie:Autor_eines_Siegerbeitrags_zum_Bundesvision_Song_Contest\" id=\"rdp-we-mwDew\"\/>\n<link rel=\"mw:PageProp\/Category\" href=\".\/Kategorie:Pseudonym\" id=\"rdp-we-mwDe0\"\/>\n<link rel=\"mw:PageProp\/Category\" href=\".\/Kategorie:Deutscher\" id=\"rdp-we-mwDe4\"\/>\n<link rel=\"mw:PageProp\/Category\" href=\".\/Kategorie:Geboren_1975\" id=\"rdp-we-mwDe8\"\/>\n<link rel=\"mw:PageProp\/Category\" href=\".\/Kategorie:Mann\" id=\"rdp-we-mwDfA\"\/>\n\n<table class=\"metadata rahmenfarbe1\" id=\"rdp-we-Vorlage_Personendaten\" style=\"border-style: solid; margin-top: 20px;\" about=\"#mwt372\" typeof=\"mw:Transclusion\" data-mw='{\"parts\":[{\"template\":{\"target\":{\"wt\":\"Personendaten\\n\",\"href\":\".\/Vorlage:Personendaten\"},\"params\":{\"NAME\":{\"wt\":\"Kool Savas\"},\"ALTERNATIVNAMEN\":{\"wt\":\"Yurderi, Sava\u015f (wirklicher Name); King Kool Savas; KKS; Juks; Jux; Kool S.; Essah\"},\"KURZBESCHREIBUNG\":{\"wt\":\"deutscher Rapper\"},\"GEBURTSDATUM\":{\"wt\":\"10. Februar 1975\"},\"GEBURTSORT\":{\"wt\":\"[[Aachen]], [[Deutschland]]\"},\"STERBEDATUM\":{\"wt\":\"\"},\"STERBEORT\":{\"wt\":\"\"}},\"i\":0}}]}'>\n<tbody><tr><th colspan=\"2\"><a rel=\"mw:WikiLink\" href=\"https:\/\/de.wikipedia.org\/wiki\/Hilfe:Personendaten\" title=\"Hilfe:Personendaten\" target=\"_new\" class=\"wiki-link\">Personendaten<\/a><\/th><\/tr>\n<tr>\n<td style=\"color: #aaa;\">NAME<\/td>\n<td style=\"font-weight: bold;\">Kool Savas<\/td><\/tr>\n<tr>\n<td style=\"color: #aaa;\">ALTERNATIVNAMEN<\/td>\n<td>Yurderi, Sava\u015f (wirklicher Name); King Kool Savas; KKS; Juks; Jux; Kool S.; Essah<\/td><\/tr>\n<tr>\n<td style=\"color: #aaa;\">KURZBESCHREIBUNG<\/td>\n<td>deutscher Rapper<\/td><\/tr>\n<tr>\n<td style=\"color: #aaa;\">GEBURTSDATUM<\/td>\n<td>10. Februar 1975<\/td><\/tr>\n<tr>\n<td style=\"color: #aaa;\">GEBURTSORT<\/td>\n<td><a rel=\"mw:WikiLink\" href=\"https:\/\/de.wikipedia.org\/wiki\/Aachen\" title=\"Aachen\" target=\"_new\" class=\"wiki-link\">Aachen<\/a>, <a rel=\"mw:WikiLink\" href=\"https:\/\/de.wikipedia.org\/wiki\/Deutschland\" title=\"Deutschland\" target=\"_new\" class=\"wiki-link\">Deutschland<\/a><\/td><\/tr>\n\n\n\n\n<\/tbody><\/table><\/section>\n<!-- \nNewPP limit report\nParsed by mw\u2010web.eqiad.main\u2010797d9789bc\u2010kzfls\nCached time: 20260903005842\nCache expiry: 79200\nCache expiry source: Modul:Vorlage:Literatur (#timel)\nReduced expiry: true\nComplications: [show\u2010toc, use\u2010parsoid]\nCPU time usage: 2.188 seconds\nReal time usage: 2.322 seconds\nPreprocessor visited node count: 31590\/1000000\nRevision size: 74626\/2097152 bytes\nPost\u2010expand include size: 471311\/2097152 bytes\nTemplate argument size: 164558\/2097152 bytes\nHighest expansion depth: 12\/100\nExpensive parser function count: 5\/500\nUnstrip recursion depth: 0\/20\nUnstrip post\u2010expand size: 65854\/5000000 bytes\nLua time usage: 0.580\/10.000 seconds\nLua memory usage: 5233463\/52428800 bytes\nNumber of Wikibase entities loaded: 1\/500\n-->\n<!--\nTransclusion expansion time report (%,ms,calls,template)\n100.00% 1796.154      1 -total\n 49.61%  891.114    134 Vorlage:Internetquelle\n  5.52%   99.068    134 Vorlage:Str_len\n  2.51%   45.169      1 Vorlage:Eingebundene_Diskografie\n  2.30%   41.321      1 Kool_Savas\/Diskografie\n  2.16%   38.825      1 Vorlage:Charttabelle\n  1.73%   30.990     58 Vorlage:FormatDate\n  1.39%   24.984      1 Vorlage:Literatur\n  1.36%   24.380      2 Vorlage:Erweiterte_Navigationsleiste\/Lua\n  1.31%   23.496      1 Vorlage:Navigationsleiste_Kool_Savas\n-->\n\n<!-- Render ID 9b3f14b6-a732-11f1-bf7b-69944432828e -->\n\n<!-- Saved in parser cache with key dewiki:stable-parsoid-pcache:322219:|#|:idhash:useParsoid=1 and timestamp 20260903005842 and revision id 267545641. Rendering was triggered because: unknown\n -->\n\n<!-- Parsoid 0.24.0.0-alpha21 -->\n<\/div><!--\nPost\u2010processing cache key dewiki:stable\u2010parsoid\u2010pcache\u2010postproc:322219:|#|:idhash:injectTOC=0!postproc=1!skin=vector\u20102022!useParsoid=1, generated at 20260903005842\n--><noscript><img loading=\"lazy\" decoding=\"async\" src=\"https:\/\/de.wikipedia.org\/wiki\/Special:CentralAutoLogin\/start?useformat=desktop&amp;type=1x1&amp;usesul3=1\" alt=\"\" width=\"1\" height=\"1\" style=\"border: none; position: absolute;\"><\/noscript>\n<div class=\"printfooter\" data-nosnippet=\"\">Quelle:  <a rel=\"external_link\" class=\"external\" href=\"https:\/\/de.wikipedia.org\/wiki\/Kool_Savas\">https:\/\/de.wikipedia.org\/wiki\/Kool_Savas<\/a><\/div><\/div>\n\t\t\t\t\t\n\t\t\t\t<\/div>\n\t\t\t<\/main>\n\t\t\t\n\t\t<\/div>\n\t\t<div class=\"mw-footer-container\">\n\t\t\t\n\t\t<\/div>\n\t<\/div> \n<\/div> \n\n<div class=\"mw-portlet mw-portlet-dock-bottom emptyPortlet\" id=\"rdp-we-p-dock-bottom\">\n\t<ul>\n\t\t\n\t<\/ul>\n<\/div>\n\n\n<\/div><!-- #rdp-we-main -->\n\n\t\t<\/div>\n\t<\/div>\n<\/div><\/div><\/div><\/div>\n<\/section>","protected":false},"excerpt":{"rendered":"<p>Kool Savas Kool Savas (2019) Kool Savas [\u02ccku\u02d0l sa\u02c8va\u02d0\u0283] (b\u00fcrgerlich Sava\u015f Yurderi; * 10. Februar 1975 in Aachen) ist ein deutscher Rapper mit t\u00fcrkischen Wurzeln. Seit Mitte der 1990er-Jahre ist er in der Berliner Hip-Hop-Szene aktiv. Durch die Beteiligung innerhalb der Formationen M.O.R. und Westberlin Maskulin erlangte Savas erste Bekanntheit. Seine Soloalben Der beste Tag&hellip;<\/p>","protected":false},"author":1,"featured_media":57666,"comment_status":"closed","ping_status":"closed","template":"","dt_portfolio_category":[1340],"dt_portfolio_tags":[],"class_list":["post-57665","dt_portfolio","type-dt_portfolio","status-publish","has-post-thumbnail","hentry","dt_portfolio_category-deutschrap","dt_portfolio_category-1340","description-off"],"yoast_head":"<!-- This site is optimized with the Yoast SEO plugin v28.4 - https:\/\/yoast.com\/product\/yoast-seo-wordpress\/ -->\n<title>Kool Savas - Access all artists<\/title>\n<meta name=\"robots\" content=\"index, follow, max-snippet:-1, max-image-preview:large, max-video-preview:-1\" \/>\n<link rel=\"canonical\" href=\"https:\/\/accessallartists.de\/en\/artists\/kool-savas\/\" \/>\n<meta property=\"og:locale\" content=\"en_US\" \/>\n<meta property=\"og:type\" content=\"article\" \/>\n<meta property=\"og:title\" content=\"Kool Savas - Access all artists\" \/>\n<meta property=\"og:url\" content=\"https:\/\/accessallartists.de\/en\/artists\/kool-savas\/\" \/>\n<meta property=\"og:site_name\" content=\"Access all artists\" \/>\n<meta property=\"article:publisher\" content=\"http:\/\/www.facebook.com\/aaa_accessallartists\" \/>\n<meta property=\"article:modified_time\" content=\"2023-10-26T11:07:48+00:00\" \/>\n<meta property=\"og:image\" content=\"https:\/\/accessallartists.de\/wp-content\/uploads\/2023\/03\/aaa-artists-artist-kool-savas.jpg\" \/>\n\t<meta property=\"og:image:width\" content=\"768\" \/>\n\t<meta property=\"og:image:height\" content=\"990\" \/>\n\t<meta property=\"og:image:type\" content=\"image\/jpeg\" \/>\n<meta name=\"twitter:card\" content=\"summary_large_image\" \/>\n<meta name=\"twitter:site\" content=\"@accesallartists\" \/>\n<meta name=\"twitter:label1\" content=\"Est. reading time\" \/>\n\t<meta name=\"twitter:data1\" content=\"1 minute\" \/>\n<script type=\"application\/ld+json\" class=\"yoast-schema-graph\">{\"@context\":\"https:\\\/\\\/schema.org\",\"@graph\":[{\"@type\":\"WebPage\",\"@id\":\"https:\\\/\\\/accessallartists.de\\\/artists\\\/kool-savas\\\/\",\"url\":\"https:\\\/\\\/accessallartists.de\\\/artists\\\/kool-savas\\\/\",\"name\":\"Kool Savas - Access all artists\",\"isPartOf\":{\"@id\":\"https:\\\/\\\/accessallartists.de\\\/#website\"},\"primaryImageOfPage\":{\"@id\":\"https:\\\/\\\/accessallartists.de\\\/artists\\\/kool-savas\\\/#primaryimage\"},\"image\":{\"@id\":\"https:\\\/\\\/accessallartists.de\\\/artists\\\/kool-savas\\\/#primaryimage\"},\"thumbnailUrl\":\"https:\\\/\\\/accessallartists.de\\\/wp-content\\\/uploads\\\/2023\\\/03\\\/aaa-artists-artist-kool-savas.jpg\",\"datePublished\":\"2023-03-22T21:00:35+00:00\",\"dateModified\":\"2023-10-26T11:07:48+00:00\",\"breadcrumb\":{\"@id\":\"https:\\\/\\\/accessallartists.de\\\/artists\\\/kool-savas\\\/#breadcrumb\"},\"inLanguage\":\"en-US\",\"potentialAction\":[{\"@type\":\"ReadAction\",\"target\":[\"https:\\\/\\\/accessallartists.de\\\/artists\\\/kool-savas\\\/\"]}]},{\"@type\":\"ImageObject\",\"inLanguage\":\"en-US\",\"@id\":\"https:\\\/\\\/accessallartists.de\\\/artists\\\/kool-savas\\\/#primaryimage\",\"url\":\"https:\\\/\\\/accessallartists.de\\\/wp-content\\\/uploads\\\/2023\\\/03\\\/aaa-artists-artist-kool-savas.jpg\",\"contentUrl\":\"https:\\\/\\\/accessallartists.de\\\/wp-content\\\/uploads\\\/2023\\\/03\\\/aaa-artists-artist-kool-savas.jpg\",\"width\":768,\"height\":990},{\"@type\":\"BreadcrumbList\",\"@id\":\"https:\\\/\\\/accessallartists.de\\\/artists\\\/kool-savas\\\/#breadcrumb\",\"itemListElement\":[{\"@type\":\"ListItem\",\"position\":1,\"name\":\"Startseite\",\"item\":\"https:\\\/\\\/accessallartists.de\\\/\"},{\"@type\":\"ListItem\",\"position\":2,\"name\":\"Portfolio\",\"item\":\"https:\\\/\\\/accessallartists.de\\\/artists\\\/\"},{\"@type\":\"ListItem\",\"position\":3,\"name\":\"Kool Savas\"}]},{\"@type\":\"WebSite\",\"@id\":\"https:\\\/\\\/accessallartists.de\\\/#website\",\"url\":\"https:\\\/\\\/accessallartists.de\\\/\",\"name\":\"Access all artists\",\"description\":\"Home of Artists &amp; Concerts\",\"publisher\":{\"@id\":\"https:\\\/\\\/accessallartists.de\\\/#organization\"},\"potentialAction\":[{\"@type\":\"SearchAction\",\"target\":{\"@type\":\"EntryPoint\",\"urlTemplate\":\"https:\\\/\\\/accessallartists.de\\\/?s={search_term_string}\"},\"query-input\":{\"@type\":\"PropertyValueSpecification\",\"valueRequired\":true,\"valueName\":\"search_term_string\"}}],\"inLanguage\":\"en-US\"},{\"@type\":\"Organization\",\"@id\":\"https:\\\/\\\/accessallartists.de\\\/#organization\",\"name\":\"Access all artists\",\"url\":\"https:\\\/\\\/accessallartists.de\\\/\",\"logo\":{\"@type\":\"ImageObject\",\"inLanguage\":\"en-US\",\"@id\":\"https:\\\/\\\/accessallartists.de\\\/#\\\/schema\\\/logo\\\/image\\\/\",\"url\":\"https:\\\/\\\/accessallartists.de\\\/wp-content\\\/uploads\\\/2023\\\/03\\\/aaa-seo-icon-image.jpg\",\"contentUrl\":\"https:\\\/\\\/accessallartists.de\\\/wp-content\\\/uploads\\\/2023\\\/03\\\/aaa-seo-icon-image.jpg\",\"width\":600,\"height\":600,\"caption\":\"Access all artists\"},\"image\":{\"@id\":\"https:\\\/\\\/accessallartists.de\\\/#\\\/schema\\\/logo\\\/image\\\/\"},\"sameAs\":[\"http:\\\/\\\/www.facebook.com\\\/aaa_accessallartists\",\"https:\\\/\\\/x.com\\\/accesallartists\",\"https:\\\/\\\/www.instagram.com\\\/aaa_accessallartists\",\"https:\\\/\\\/www.youtube.com\\\/channel\\\/UCWQJiDSzXSCWrjcGmxQwpag\"]}]}<\/script>\n<!-- \/ Yoast SEO plugin. -->","yoast_head_json":{"title":"Kool Savas - Access all artists","robots":{"index":"index","follow":"follow","max-snippet":"max-snippet:-1","max-image-preview":"max-image-preview:large","max-video-preview":"max-video-preview:-1"},"canonical":"https:\/\/accessallartists.de\/en\/artists\/kool-savas\/","og_locale":"en_US","og_type":"article","og_title":"Kool Savas - Access all artists","og_url":"https:\/\/accessallartists.de\/en\/artists\/kool-savas\/","og_site_name":"Access all artists","article_publisher":"http:\/\/www.facebook.com\/aaa_accessallartists","article_modified_time":"2023-10-26T11:07:48+00:00","og_image":[{"width":768,"height":990,"url":"https:\/\/accessallartists.de\/wp-content\/uploads\/2023\/03\/aaa-artists-artist-kool-savas.jpg","type":"image\/jpeg"}],"twitter_card":"summary_large_image","twitter_site":"@accesallartists","twitter_misc":{"Est. reading time":"1 minute"},"schema":{"@context":"https:\/\/schema.org","@graph":[{"@type":"WebPage","@id":"https:\/\/accessallartists.de\/artists\/kool-savas\/","url":"https:\/\/accessallartists.de\/artists\/kool-savas\/","name":"Kool Savas - Access all artists","isPartOf":{"@id":"https:\/\/accessallartists.de\/#website"},"primaryImageOfPage":{"@id":"https:\/\/accessallartists.de\/artists\/kool-savas\/#primaryimage"},"image":{"@id":"https:\/\/accessallartists.de\/artists\/kool-savas\/#primaryimage"},"thumbnailUrl":"https:\/\/accessallartists.de\/wp-content\/uploads\/2023\/03\/aaa-artists-artist-kool-savas.jpg","datePublished":"2023-03-22T21:00:35+00:00","dateModified":"2023-10-26T11:07:48+00:00","breadcrumb":{"@id":"https:\/\/accessallartists.de\/artists\/kool-savas\/#breadcrumb"},"inLanguage":"en-US","potentialAction":[{"@type":"ReadAction","target":["https:\/\/accessallartists.de\/artists\/kool-savas\/"]}]},{"@type":"ImageObject","inLanguage":"en-US","@id":"https:\/\/accessallartists.de\/artists\/kool-savas\/#primaryimage","url":"https:\/\/accessallartists.de\/wp-content\/uploads\/2023\/03\/aaa-artists-artist-kool-savas.jpg","contentUrl":"https:\/\/accessallartists.de\/wp-content\/uploads\/2023\/03\/aaa-artists-artist-kool-savas.jpg","width":768,"height":990},{"@type":"BreadcrumbList","@id":"https:\/\/accessallartists.de\/artists\/kool-savas\/#breadcrumb","itemListElement":[{"@type":"ListItem","position":1,"name":"Startseite","item":"https:\/\/accessallartists.de\/"},{"@type":"ListItem","position":2,"name":"Portfolio","item":"https:\/\/accessallartists.de\/artists\/"},{"@type":"ListItem","position":3,"name":"Kool Savas"}]},{"@type":"WebSite","@id":"https:\/\/accessallartists.de\/#website","url":"https:\/\/accessallartists.de\/","name":"Access all artists","description":"Home of Artists &amp; Concerts","publisher":{"@id":"https:\/\/accessallartists.de\/#organization"},"potentialAction":[{"@type":"SearchAction","target":{"@type":"EntryPoint","urlTemplate":"https:\/\/accessallartists.de\/?s={search_term_string}"},"query-input":{"@type":"PropertyValueSpecification","valueRequired":true,"valueName":"search_term_string"}}],"inLanguage":"en-US"},{"@type":"Organization","@id":"https:\/\/accessallartists.de\/#organization","name":"Access all artists","url":"https:\/\/accessallartists.de\/","logo":{"@type":"ImageObject","inLanguage":"en-US","@id":"https:\/\/accessallartists.de\/#\/schema\/logo\/image\/","url":"https:\/\/accessallartists.de\/wp-content\/uploads\/2023\/03\/aaa-seo-icon-image.jpg","contentUrl":"https:\/\/accessallartists.de\/wp-content\/uploads\/2023\/03\/aaa-seo-icon-image.jpg","width":600,"height":600,"caption":"Access all artists"},"image":{"@id":"https:\/\/accessallartists.de\/#\/schema\/logo\/image\/"},"sameAs":["http:\/\/www.facebook.com\/aaa_accessallartists","https:\/\/x.com\/accesallartists","https:\/\/www.instagram.com\/aaa_accessallartists","https:\/\/www.youtube.com\/channel\/UCWQJiDSzXSCWrjcGmxQwpag"]}]}},"_links":{"self":[{"href":"https:\/\/accessallartists.de\/en\/wp-json\/wp\/v2\/dt_portfolio\/57665","targetHints":{"allow":["GET"]}}],"collection":[{"href":"https:\/\/accessallartists.de\/en\/wp-json\/wp\/v2\/dt_portfolio"}],"about":[{"href":"https:\/\/accessallartists.de\/en\/wp-json\/wp\/v2\/types\/dt_portfolio"}],"author":[{"embeddable":true,"href":"https:\/\/accessallartists.de\/en\/wp-json\/wp\/v2\/users\/1"}],"replies":[{"embeddable":true,"href":"https:\/\/accessallartists.de\/en\/wp-json\/wp\/v2\/comments?post=57665"}],"version-history":[{"count":1,"href":"https:\/\/accessallartists.de\/en\/wp-json\/wp\/v2\/dt_portfolio\/57665\/revisions"}],"predecessor-version":[{"id":57667,"href":"https:\/\/accessallartists.de\/en\/wp-json\/wp\/v2\/dt_portfolio\/57665\/revisions\/57667"}],"wp:featuredmedia":[{"embeddable":true,"href":"https:\/\/accessallartists.de\/en\/wp-json\/wp\/v2\/media\/57666"}],"wp:attachment":[{"href":"https:\/\/accessallartists.de\/en\/wp-json\/wp\/v2\/media?parent=57665"}],"wp:term":[{"taxonomy":"dt_portfolio_category","embeddable":true,"href":"https:\/\/accessallartists.de\/en\/wp-json\/wp\/v2\/dt_portfolio_category?post=57665"},{"taxonomy":"dt_portfolio_tags","embeddable":true,"href":"https:\/\/accessallartists.de\/en\/wp-json\/wp\/v2\/dt_portfolio_tags?post=57665"}],"curies":[{"name":"wp","href":"https:\/\/api.w.org\/{rel}","templated":true}]}}