{"id":57675,"date":"2023-03-22T22:23:19","date_gmt":"2023-03-22T21:23:19","guid":{"rendered":"https:\/\/accessallartists.de\/?post_type=dt_portfolio&#038;p=57675"},"modified":"2023-10-26T13:11:30","modified_gmt":"2023-10-26T11:11:30","slug":"dj-tomekk","status":"publish","type":"dt_portfolio","link":"https:\/\/accessallartists.de\/en\/artists\/dj-tomekk\/","title":{"rendered":"DJ Tomekk"},"content":{"rendered":"<section class=\"wpb-content-wrapper\"><div class=\"vc_row wpb_row vc_row-fluid\"><div class=\"wpb_column vc_column_container vc_col-sm-12\"><div class=\"vc_column-inner\"><div class=\"wpb_wrapper\">\n\t<div class=\"wpb_text_column wpb_content_element\" >\n\t\t<div class=\"wpb_wrapper\">\n\t\t\t<div id=\"rdp-we-main\" data-resource=\"https:\/\/de.wikipedia.org\/wiki\/DJ_Tomekk\">\n<div id=\"rdp-we-mw-aria-live-region\" class=\"mw-aria-live-region\" aria-live=\"polite\"><\/div>\n\n<div class=\"mw-page-container\">\n\t<div class=\"mw-page-container-inner\">\n\t\t<div class=\"vector-sitenotice-container\">\n\t\t\t<div id=\"rdp-we-siteNotice\"><!-- CentralNotice --><\/div>\n\t\t<\/div>\n\t\t<div class=\"vector-column-start\">\n\t\t\t\n\t\n\t\t<\/div>\n\t\t<div class=\"mw-content-container\">\n\t\t\t<main id=\"rdp-we-content\" class=\"mw-body\">\n\t\t\t\t<header class=\"mw-body-header vector-page-titlebar no-font-mode-scale\">\n\t\t\t\t\t\n\t\t\t\t\t<h1 id=\"rdp-we-firstHeading\" class=\"firstHeading mw-first-heading\"><span lang=\"de\" dir=\"ltr\"><span class=\"mw-page-title-main\">DJ Tomekk<\/span><\/span><\/h1>\n\t\t\t\n\n<\/header>\n\t\t\t\t\n\t\t\t\t\n\t\t\t\t<div id=\"rdp-we-bodyContent\" class=\"vector-body\" aria-labelledby=\"firstHeading\" data-mw-ve-target-container>\n\t\t\t\t\t<div class=\"vector-body-before-content\">\n\t\t\t\t\t\t\t\n\n\t\t\t\t\t\t\n\t\t\t\t\t<\/div>\n\t\t\t\t\t\n\t\t\t\t\t\n\t\t\t\t\t\n\t\t\t\t\t<div id=\"rdp-we-mw-content-text\" class=\"mw-body-content\"><div class=\"mw-content-ltr mw-parser-output\" lang=\"de\" dir=\"ltr\" data-mw-parsoid-version=\"0.24.0.0-alpha19\" data-mw-html-version=\"2.8.0\"><section data-mw-section-id=\"0\" id=\"rdp-we-mwAQ\"><figure class=\"mw-default-size\" typeof=\"mw:File\/Thumb\" id=\"rdp-we-mwAg\"><a href=\"https:\/\/de.wikipedia.org\/wiki\/Datei:DJ_Tomekk.jpg\" class=\"mw-file-description wiki-link\" id=\"rdp-we-mwAw\" target=\"_new\"><img resource=\"https:\/\/de.wikipedia.org\/wiki\/Datei:DJ_Tomekk.jpg\" src=\"https:\/\/upload.wikimedia.org\/wikipedia\/commons\/thumb\/e\/e9\/DJ_Tomekk.jpg\/250px-DJ_Tomekk.jpg?utm_source=de.wikipedia.org&amp;utm_campaign=parser&amp;utm_content=thumbnail\" decoding=\"async\" loading=\"lazy\" data-file-type=\"bitmap\" height=\"190\" width=\"190\" class=\"mw-file-element mw-file-upright\" style=\"--mw-file-upright: 0.75\" id=\"rdp-we-mwBA\"\/><\/a><figcaption id=\"rdp-we-mwBQ\">DJ Tomekk (2007)<\/figcaption><\/figure>\n<p id=\"rdp-we-mwBg\"><b id=\"rdp-we-mwBw\">DJ Tomekk<\/b> (* <a rel=\"mw:WikiLink\" href=\"https:\/\/de.wikipedia.org\/wiki\/11._Oktober\" title=\"11. Oktober\" id=\"rdp-we-mwCA\" target=\"_new\" class=\"wiki-link\">11. Oktober<\/a> <a rel=\"mw:WikiLink\" href=\"https:\/\/de.wikipedia.org\/wiki\/1975\" title=\"1975\" id=\"rdp-we-mwCQ\" target=\"_new\" class=\"wiki-link\">1975<\/a> in <a rel=\"mw:WikiLink\" href=\"https:\/\/de.wikipedia.org\/wiki\/Krakau\" title=\"Krakau\" id=\"rdp-we-mwCg\" target=\"_new\" class=\"wiki-link\">Krakau<\/a>, b\u00fcrgerlich <i id=\"rdp-we-mwCw\">Tomasz Kuklicz<\/i>) ist ein <a rel=\"mw:WikiLink\" href=\"https:\/\/de.wikipedia.org\/wiki\/Polen\" title=\"Polen\" id=\"rdp-we-mwDA\" target=\"_new\" class=\"wiki-link\">polnischer<\/a> <a rel=\"mw:WikiLink\" href=\"https:\/\/de.wikipedia.org\/wiki\/Hip-Hop\" title=\"Hip-Hop\" id=\"rdp-we-mwDQ\" target=\"_new\" class=\"wiki-link\">Hip-Hop<\/a>-<a rel=\"mw:WikiLink\" href=\"https:\/\/de.wikipedia.org\/wiki\/DJ\" title=\"DJ\" id=\"rdp-we-mwDg\" target=\"_new\" class=\"wiki-link\">DJ<\/a> und <a rel=\"mw:WikiLink\" href=\"https:\/\/de.wikipedia.org\/wiki\/Musikproduzent\" title=\"Musikproduzent\" id=\"rdp-we-mwDw\" target=\"_new\" class=\"wiki-link\">Musikproduzent<\/a>. DJ Tomekk ist in der US-amerikanischen und deutschen Hip-Hop-Szene seit den 1990er Jahren aktiv. Er arbeitete als Moderator bei Kiss FM Berlin, 1 Live und Jam FM<sup about=\"#mwt1\" class=\"mw-ref reference\" id=\"rdp-we-cite_ref-1\" rel=\"dc:references\" typeof=\"mw:Extension\/ref\" data-mw='{\"name\":\"ref\",\"attrs\":{},\"body\":{\"id\":\"mw-reference-text-cite_note-1\"}}'><a href=\"#cite_note-1\" id=\"rdp-we-mwEA\"><span class=\"mw-reflink-text\" id=\"rdp-we-mwEQ\"><span class=\"cite-bracket\" id=\"rdp-we-mwEg\">[<\/span>1<span class=\"cite-bracket\" id=\"rdp-we-mwEw\">]<\/span><\/span><\/a><\/sup> und war in Deutschland als Moderator bei MTV (<i id=\"rdp-we-mwFA\">MTV Streetlive<\/i>) und VIVA zu sehen. DJ Tomekk wurde weltweit auf \u00fcber 500 verschiedenen Tontr\u00e4gern ver\u00f6ffentlicht.<sup about=\"#mwt2\" class=\"mw-ref reference\" id=\"rdp-we-cite_ref-2\" rel=\"dc:references\" typeof=\"mw:Extension\/ref\" data-mw='{\"name\":\"ref\",\"attrs\":{},\"body\":{\"id\":\"mw-reference-text-cite_note-2\"}}'><a href=\"#cite_note-2\" id=\"rdp-we-mwFQ\"><span class=\"mw-reflink-text\" id=\"rdp-we-mwFg\"><span class=\"cite-bracket\" id=\"rdp-we-mwFw\">[<\/span>2<span class=\"cite-bracket\" id=\"rdp-we-mwGA\">]<\/span><\/span><\/a><\/sup><\/p>\n\n<meta property=\"mw:PageProp\/toc\" id=\"rdp-we-mwGQ\" data-mw='{\"autoGenerated\":true}'\/><\/section><section data-mw-section-id=\"1\" id=\"rdp-we-mwGg\" aria-labelledby=\"Biografie\"><div class=\"mw-heading mw-heading2\"><h2 id=\"rdp-we-Biografie\">Biografie<\/h2><\/div>\n<section data-mw-section-id=\"2\" id=\"rdp-we-mwGw\" aria-labelledby=\"Die_fr\u00fche_Jugend\"><div class=\"mw-heading mw-heading3\"><h3 id=\"rdp-we-Die_fr\u00fche_Jugend\"><span id=\"rdp-we-Die_fr.C3.BChe_Jugend\" typeof=\"mw:FallbackId\"><\/span>Die fr\u00fche Jugend<\/h3><\/div>\n<p id=\"rdp-we-mwHA\">Tomekk wurde in <a rel=\"mw:WikiLink\" href=\"https:\/\/de.wikipedia.org\/wiki\/Krakau\" title=\"Krakau\" id=\"rdp-we-mwHQ\" target=\"_new\" class=\"wiki-link\">Krakau<\/a> geboren. Sein Vater war ein Pianist und seine Mutter eine bildende K\u00fcnstlerin.<sup about=\"#mwt5\" class=\"mw-ref reference\" id=\"rdp-we-cite_ref-3\" rel=\"dc:references\" typeof=\"mw:Extension\/ref\" data-mw='{\"name\":\"ref\",\"attrs\":{},\"body\":{\"id\":\"mw-reference-text-cite_note-3\"}}'><a href=\"#cite_note-3\" id=\"rdp-we-mwHg\"><span class=\"mw-reflink-text\" id=\"rdp-we-mwHw\"><span class=\"cite-bracket\" id=\"rdp-we-mwIA\">[<\/span>3<span class=\"cite-bracket\" id=\"rdp-we-mwIQ\">]<\/span><\/span><\/a><\/sup><sup about=\"#mwt6\" class=\"mw-ref reference\" id=\"rdp-we-cite_ref-4\" rel=\"dc:references\" typeof=\"mw:Extension\/ref\" data-mw='{\"name\":\"ref\",\"attrs\":{},\"body\":{\"id\":\"mw-reference-text-cite_note-4\"}}'><a href=\"#cite_note-4\" id=\"rdp-we-mwIg\"><span class=\"mw-reflink-text\" id=\"rdp-we-mwIw\"><span class=\"cite-bracket\" id=\"rdp-we-mwJA\">[<\/span>4<span class=\"cite-bracket\" id=\"rdp-we-mwJQ\">]<\/span><\/span><\/a><\/sup><sup about=\"#mwt7\" class=\"mw-ref reference\" id=\"rdp-we-cite_ref-5\" rel=\"dc:references\" typeof=\"mw:Extension\/ref\" data-mw='{\"name\":\"ref\",\"attrs\":{},\"body\":{\"id\":\"mw-reference-text-cite_note-5\"}}'><a href=\"#cite_note-5\" id=\"rdp-we-mwJg\"><span class=\"mw-reflink-text\" id=\"rdp-we-mwJw\"><span class=\"cite-bracket\" id=\"rdp-we-mwKA\">[<\/span>5<span class=\"cite-bracket\" id=\"rdp-we-mwKQ\">]<\/span><\/span><\/a><\/sup> Im Alter von zehn Jahren begegnete Kuklicz zum ersten Mal einem <a rel=\"mw:WikiLink\" href=\"https:\/\/de.wikipedia.org\/wiki\/DJ\" title=\"DJ\" id=\"rdp-we-mwKg\" target=\"_new\" class=\"wiki-link\">DJ<\/a> und lie\u00df sich vom \u201eDeejaying\u201c begeistern. Im selben Jahr emigrierte sein Vater nach <a rel=\"mw:WikiLink\" href=\"https:\/\/de.wikipedia.org\/wiki\/Deutschland\" title=\"Deutschland\" id=\"rdp-we-mwKw\" target=\"_new\" class=\"wiki-link\">Deutschland<\/a> und er folgte ihm nach <a rel=\"mw:WikiLink\" href=\"https:\/\/de.wikipedia.org\/wiki\/West-Berlin\" title=\"West-Berlin\" id=\"rdp-we-mwLA\" target=\"_new\" class=\"wiki-link\">West-Berlin<\/a>, wo er in <a rel=\"mw:WikiLink\" href=\"https:\/\/de.wikipedia.org\/wiki\/Berlin-Wedding\" title=\"Berlin-Wedding\" id=\"rdp-we-mwLQ\" target=\"_new\" class=\"wiki-link\">Wedding<\/a> lebte und das <a rel=\"mw:WikiLink\" href=\"https:\/\/de.wikipedia.org\/wiki\/Diesterweg-Gymnasium_(Berlin)\" title=\"Diesterweg-Gymnasium (Berlin)\" id=\"rdp-we-mwLg\" target=\"_new\" class=\"wiki-link\">Diesterweg-Gymnasium<\/a> besuchte.<sup about=\"#mwt10\" class=\"mw-ref reference\" id=\"rdp-we-cite_ref-6\" rel=\"dc:references\" typeof=\"mw:Extension\/ref\" data-mw='{\"name\":\"ref\",\"attrs\":{},\"body\":{\"id\":\"mw-reference-text-cite_note-6\"}}'><a href=\"#cite_note-6\" id=\"rdp-we-mwLw\"><span class=\"mw-reflink-text\" id=\"rdp-we-mwMA\"><span class=\"cite-bracket\" id=\"rdp-we-mwMQ\">[<\/span>6<span class=\"cite-bracket\" id=\"rdp-we-mwMg\">]<\/span><\/span><\/a><\/sup> Als sein Vater f\u00fcnf Jahre sp\u00e4ter starb, war der damals 15-J\u00e4hrige auf sich allein gestellt. Die Obhut \u00fcbernahm die Stadt Berlin und Tomekks Zuhause f\u00fcr die letzten drei Jahre bis zur Vollj\u00e4hrigkeit wurde das Kinderheim \u201eFrohsinn\u201c im Berliner Stadtbezirk Wedding.<sup about=\"#mwt11\" class=\"mw-ref reference\" id=\"rdp-we-cite_ref-7\" rel=\"dc:references\" typeof=\"mw:Extension\/ref\" data-mw='{\"name\":\"ref\",\"attrs\":{},\"body\":{\"id\":\"mw-reference-text-cite_note-7\"}}'><a href=\"#cite_note-7\" id=\"rdp-we-mwMw\"><span class=\"mw-reflink-text\" id=\"rdp-we-mwNA\"><span class=\"cite-bracket\" id=\"rdp-we-mwNQ\">[<\/span>7<span class=\"cite-bracket\" id=\"rdp-we-mwNg\">]<\/span><\/span><\/a><\/sup> In dieser Zeit lernte er den f\u00fcnf Jahre j\u00fcngeren <a rel=\"mw:WikiLink\" href=\"https:\/\/de.wikipedia.org\/wiki\/Sido\" title=\"Sido\" id=\"rdp-we-mwNw\" target=\"_new\" class=\"wiki-link\">Sido<\/a> kennen, der ihm sp\u00e4ter den Song <i id=\"rdp-we-mwOA\">T.O.M.E.K.K.<\/i> auf dem Album <i id=\"rdp-we-mwOQ\">Numma Eyns<\/i> widmete. Tomekk war in der Berliner Graffiti-Szene unterwegs, wo er einen Graffiti-Preis gewann.<sup about=\"#mwt12\" class=\"mw-ref reference\" id=\"rdp-we-cite_ref-8\" rel=\"dc:references\" typeof=\"mw:Extension\/ref\" data-mw='{\"name\":\"ref\",\"attrs\":{},\"body\":{\"id\":\"mw-reference-text-cite_note-8\"}}'><a href=\"#cite_note-8\" id=\"rdp-we-mwOg\"><span class=\"mw-reflink-text\" id=\"rdp-we-mwOw\"><span class=\"cite-bracket\" id=\"rdp-we-mwPA\">[<\/span>8<span class=\"cite-bracket\" id=\"rdp-we-mwPQ\">]<\/span><\/span><\/a><\/sup><\/p>\n\n<\/section><section data-mw-section-id=\"3\" id=\"rdp-we-mwPg\" aria-labelledby=\"Plattenvertrag_und_eine_eigene_Radioshow\"><div class=\"mw-heading mw-heading3\"><h3 id=\"rdp-we-Plattenvertrag_und_eine_eigene_Radioshow\">Plattenvertrag und eine eigene Radioshow<\/h3><\/div>\n<p id=\"rdp-we-mwPw\">Im Alter von 15 Jahren erhielt er seinen ersten Plattenvertrag bei dem Label Stuff Records und ver\u00f6ffentlichte 1991 die Single <i id=\"rdp-we-mwQA\">OC featuring MC Mis One<\/i> mit den Songs <i id=\"rdp-we-mwQQ\">Wait In Love For You<\/i> und <i id=\"rdp-we-mwQg\">Art Gangster Rap<\/i>. Am 1. Januar 1993 startete der Berliner Sender <a rel=\"mw:WikiLink\" href=\"https:\/\/de.wikipedia.org\/wiki\/98.8_Kiss_FM\" title=\"98.8 Kiss FM\" class=\"mw-redirect wiki-link\" id=\"rdp-we-mwQw\" target=\"_new\">Kiss FM<\/a> unter dem Motto \u201eOnly Black Music\u201c aus einer Backstube in Neuk\u00f6lln. Der siebzehnj\u00e4hrige Hip-Hop-DJ Tomekk bekam seine eigene Hip-Hop-Radioshow, die er \u201eBoogie Down Berlin\u201c nannte.<sup about=\"#mwt13\" class=\"mw-ref reference\" id=\"rdp-we-cite_ref-9\" rel=\"dc:references\" typeof=\"mw:Extension\/ref\" data-mw='{\"name\":\"ref\",\"attrs\":{},\"body\":{\"id\":\"mw-reference-text-cite_note-9\"}}'><a href=\"#cite_note-9\" id=\"rdp-we-mwRA\"><span class=\"mw-reflink-text\" id=\"rdp-we-mwRQ\"><span class=\"cite-bracket\" id=\"rdp-we-mwRg\">[<\/span>9<span class=\"cite-bracket\" id=\"rdp-we-mwRw\">]<\/span><\/span><\/a><\/sup><sup about=\"#mwt14\" class=\"mw-ref reference\" id=\"rdp-we-cite_ref-10\" rel=\"dc:references\" typeof=\"mw:Extension\/ref\" data-mw='{\"name\":\"ref\",\"attrs\":{},\"body\":{\"id\":\"mw-reference-text-cite_note-10\"}}'><a href=\"#cite_note-10\" id=\"rdp-we-mwSA\"><span class=\"mw-reflink-text\" id=\"rdp-we-mwSQ\"><span class=\"cite-bracket\" id=\"rdp-we-mwSg\">[<\/span>10<span class=\"cite-bracket\" id=\"rdp-we-mwSw\">]<\/span><\/span><\/a><\/sup><\/p>\n\n<\/section><section data-mw-section-id=\"4\" id=\"rdp-we-mwTA\" aria-labelledby=\"Erfolg_in_Amerika\"><div class=\"mw-heading mw-heading3\"><h3 id=\"rdp-we-Erfolg_in_Amerika\">Erfolg in Amerika<\/h3><\/div>\n<figure class=\"mw-default-size\" typeof=\"mw:File\/Thumb\" id=\"rdp-we-mwTQ\"><a href=\"https:\/\/de.wikipedia.org\/wiki\/Datei:DJ_TOMEKK.jpg\" class=\"mw-file-description wiki-link\" id=\"rdp-we-mwTg\" target=\"_new\"><img resource=\"https:\/\/de.wikipedia.org\/wiki\/Datei:DJ_TOMEKK.jpg\" src=\"https:\/\/upload.wikimedia.org\/wikipedia\/commons\/thumb\/d\/d9\/DJ_TOMEKK.jpg\/250px-DJ_TOMEKK.jpg?utm_source=de.wikipedia.org&amp;utm_campaign=parser&amp;utm_content=thumbnail\" decoding=\"async\" loading=\"lazy\" data-file-type=\"bitmap\" height=\"284\" width=\"190\" class=\"mw-file-element mw-file-upright\" style=\"--mw-file-upright: 0.75\" id=\"rdp-we-mwTw\"\/><\/a><figcaption id=\"rdp-we-mwUA\">DJ Tomekk (rechts) in New York (2000)<\/figcaption><\/figure>\n<p id=\"rdp-we-mwUQ\">1993 kam die Hip-Hop-Legende <a rel=\"mw:WikiLink\" href=\"https:\/\/de.wikipedia.org\/wiki\/Kurtis_Blow\" title=\"Kurtis Blow\" id=\"rdp-we-mwUg\" target=\"_new\" class=\"wiki-link\">Kurtis Blow<\/a> f\u00fcr ein Interview in DJ Tomekks Sendung <i id=\"rdp-we-mwUw\">Boogie Down Berlin<\/i> bei Kiss FM. Zuf\u00e4lligerweise brauchte Kurtis Blow kurzfristig Ersatz f\u00fcr einen DJ und fragte bei DJ Tomekk an. DJ Tomekk war nun DJ von Kurtis Blow und die beiden tourten ein Jahr durch die USA.<sup about=\"#mwt15\" class=\"mw-ref reference\" id=\"rdp-we-cite_ref-11\" rel=\"dc:references\" typeof=\"mw:Extension\/ref\" data-mw='{\"name\":\"ref\",\"attrs\":{},\"body\":{\"id\":\"mw-reference-text-cite_note-11\"}}'><a href=\"#cite_note-11\" id=\"rdp-we-mwVA\"><span class=\"mw-reflink-text\" id=\"rdp-we-mwVQ\"><span class=\"cite-bracket\" id=\"rdp-we-mwVg\">[<\/span>11<span class=\"cite-bracket\" id=\"rdp-we-mwVw\">]<\/span><\/span><\/a><\/sup> Sie spielten an der Ostk\u00fcste und der Westk\u00fcste, unter anderem in <a rel=\"mw:WikiLink\" href=\"https:\/\/de.wikipedia.org\/wiki\/Baltimore\" title=\"Baltimore\" id=\"rdp-we-mwWA\" target=\"_new\" class=\"wiki-link\">Baltimore<\/a> vor insgesamt 300.000 Menschen w\u00e4hrend der Tour \u2013 im Gef\u00e4ngnis <a rel=\"mw:WikiLink\" href=\"https:\/\/de.wikipedia.org\/wiki\/Rikers_Island\" title=\"Rikers Island\" id=\"rdp-we-mwWQ\" target=\"_new\" class=\"wiki-link\">Rikers Island<\/a>, New York, in Las Vegas und Los Angeles. Mit seiner Sonderstellung als \u201eGodfather of Hip Hop\u201c stand Kurtis Blow im <a rel=\"mw:WikiLink\" href=\"https:\/\/de.wikipedia.org\/wiki\/East_Coast_vs._West_Coast\" title=\"East Coast vs. West Coast\" id=\"rdp-we-mwWg\" target=\"_new\" class=\"wiki-link\">East-Coast-West-Coast-Konflikt<\/a> au\u00dferhalb der Streitigkeiten zwischen den Rappern (<a rel=\"mw:WikiLink\" href=\"https:\/\/de.wikipedia.org\/wiki\/Beef\" title=\"Beef\" id=\"rdp-we-mwWw\" target=\"_new\" class=\"wiki-link\">Beef<\/a>). Somit konnte Tomekk durch Kurtis Blow von <a rel=\"mw:WikiLink\" href=\"https:\/\/de.wikipedia.org\/wiki\/M.O.P.\" title=\"M.O.P.\" class=\"mw-redirect wiki-link\" id=\"rdp-we-mwXA\" target=\"_new\">M.O.P.<\/a> bis <a rel=\"mw:WikiLink\" href=\"https:\/\/de.wikipedia.org\/wiki\/Dr._Dre\" title=\"Dr. Dre\" id=\"rdp-we-mwXQ\" target=\"_new\" class=\"wiki-link\">Dr. Dre<\/a> alle bekannten Hip-Hop-K\u00fcnstler treffen. <a rel=\"mw:WikiLink\" href=\"https:\/\/de.wikipedia.org\/wiki\/Sean_Combs\" title=\"Sean Combs\" id=\"rdp-we-mwXg\" target=\"_new\" class=\"wiki-link\">P. Diddy<\/a> war als T\u00e4nzer mit auf einem Teil der Tour. Es war ungew\u00f6hnlich zu dieser Zeit, dass ein Wei\u00dfer in der amerikanischen Hip-Hop-Szene unterwegs war. <a rel=\"mw:WikiLink\" href=\"https:\/\/de.wikipedia.org\/wiki\/Eminem\" title=\"Eminem\" id=\"rdp-we-mwXw\" target=\"_new\" class=\"wiki-link\">Eminem<\/a> war zu dieser Zeit noch nicht bekannt und legte sich erst zwei Jahre sp\u00e4ter seinen K\u00fcnstlernamen zu.<\/p>\n\n<p id=\"rdp-we-mwYA\">Im November 1993 wurde Tomekk f\u00fcr seine Arbeit von der Stadt Los Angeles f\u00fcr Frieden und V\u00f6lkerverst\u00e4ndigung ausgezeichnet.<sup about=\"#mwt16\" class=\"mw-ref reference\" id=\"rdp-we-cite_ref-12\" rel=\"dc:references\" typeof=\"mw:Extension\/ref\" data-mw='{\"name\":\"ref\",\"attrs\":{},\"body\":{\"id\":\"mw-reference-text-cite_note-12\"}}'><a href=\"#cite_note-12\" id=\"rdp-we-mwYQ\"><span class=\"mw-reflink-text\" id=\"rdp-we-mwYg\"><span class=\"cite-bracket\" id=\"rdp-we-mwYw\">[<\/span>12<span class=\"cite-bracket\" id=\"rdp-we-mwZA\">]<\/span><\/span><\/a><\/sup> 1994 wurde DJ Tomekk als erster Nicht-US-Amerikaner f\u00fcr den \u201e1st Annual Rap Music Award\u201c<sup about=\"#mwt17\" class=\"mw-ref reference\" id=\"rdp-we-cite_ref-13\" rel=\"dc:references\" typeof=\"mw:Extension\/ref\" data-mw='{\"name\":\"ref\",\"attrs\":{},\"body\":{\"id\":\"mw-reference-text-cite_note-13\"}}'><a href=\"#cite_note-13\" id=\"rdp-we-mwZQ\"><span class=\"mw-reflink-text\" id=\"rdp-we-mwZg\"><span class=\"cite-bracket\" id=\"rdp-we-mwZw\">[<\/span>13<span class=\"cite-bracket\" id=\"rdp-we-mwaA\">]<\/span><\/span><\/a><\/sup><sup about=\"#mwt18\" class=\"mw-ref reference\" id=\"rdp-we-cite_ref-14\" rel=\"dc:references\" typeof=\"mw:Extension\/ref\" data-mw='{\"name\":\"ref\",\"attrs\":{},\"body\":{\"id\":\"mw-reference-text-cite_note-14\"}}'><a href=\"#cite_note-14\" id=\"rdp-we-mwaQ\"><span class=\"mw-reflink-text\" id=\"rdp-we-mwag\"><span class=\"cite-bracket\" id=\"rdp-we-mwaw\">[<\/span>14<span class=\"cite-bracket\" id=\"rdp-we-mwbA\">]<\/span><\/span><\/a><\/sup> nominiert. W\u00e4hrend er in Deutschland noch kaum bekannt war, trat er in den <a rel=\"mw:WikiLink\" href=\"https:\/\/de.wikipedia.org\/wiki\/Vereinigte_Staaten\" title=\"Vereinigte Staaten\" id=\"rdp-we-mwbQ\" target=\"_new\" class=\"wiki-link\">USA<\/a> bereits zusammen mit <a rel=\"mw:WikiLink\" href=\"https:\/\/de.wikipedia.org\/wiki\/Run-D.M.C.\" title=\"Run-D.M.C.\" id=\"rdp-we-mwbg\" target=\"_new\" class=\"wiki-link\">Run-D.M.C.<\/a>, dem <a rel=\"mw:WikiLink\" href=\"https:\/\/de.wikipedia.org\/wiki\/Wu-Tang_Clan\" title=\"Wu-Tang Clan\" id=\"rdp-we-mwbw\" target=\"_new\" class=\"wiki-link\">Wu-Tang Clan<\/a>, <a rel=\"mw:WikiLink\" href=\"https:\/\/de.wikipedia.org\/wiki\/LL_Cool_J\" title=\"LL Cool J\" id=\"rdp-we-mwcA\" target=\"_new\" class=\"wiki-link\">LL Cool J<\/a> und <a rel=\"mw:WikiLink\" href=\"https:\/\/de.wikipedia.org\/wiki\/KRS_One\" title=\"KRS One\" class=\"mw-redirect wiki-link\" id=\"rdp-we-mwcQ\" target=\"_new\">KRS One<\/a> auf. Danach tourte DJ Tomekk mit Kurtis Blow durch Europa \u2013 allein die Frankreichtour dauerte einige Wochen an.<\/p>\n\n<p id=\"rdp-we-mwcg\">Zur\u00fcck in Deutschland beteiligte DJ Tomekk sich an den drei Clubs: Strike, Tabou Berlin und Alcatraz.<sup about=\"#mwt19\" class=\"mw-ref reference\" id=\"rdp-we-cite_ref-15\" rel=\"dc:references\" typeof=\"mw:Extension\/ref\" data-mw='{\"name\":\"ref\",\"attrs\":{},\"body\":{\"id\":\"mw-reference-text-cite_note-15\"}}'><a href=\"#cite_note-15\" id=\"rdp-we-mwcw\"><span class=\"mw-reflink-text\" id=\"rdp-we-mwdA\"><span class=\"cite-bracket\" id=\"rdp-we-mwdQ\">[<\/span>15<span class=\"cite-bracket\" id=\"rdp-we-mwdg\">]<\/span><\/span><\/a><\/sup> Dort legte er auch als Resident-DJ wie auch als DJ in anderen Berliner Clubs auf, beispielsweise regelm\u00e4\u00dfig im <a rel=\"mw:WikiLink\" href=\"https:\/\/de.wikipedia.org\/wiki\/Sage_Club\" title=\"Sage Club\" id=\"rdp-we-mwdw\" target=\"_new\" class=\"wiki-link\">Walfisch\/Boogaloo<\/a>. DJ Tomekk bet\u00e4tigte sich zunehmend als Musikproduzent. Er produzierte vorrangig f\u00fcr amerikanische K\u00fcnstler. Unter verschiedenen Synonymen \u2013 wie Atomek Dogg \u2013 produziert er Alben und Remixe unter anderem f\u00fcr <a rel=\"mw:WikiLink\" href=\"https:\/\/de.wikipedia.org\/wiki\/Lexy_&_K-Paul\" title=\"Lexy &amp; K-Paul\" id=\"rdp-we-mweA\" target=\"_new\" class=\"wiki-link\">Lexy &amp; K-Paul<\/a> oder <a rel=\"mw:WikiLink\" href=\"https:\/\/de.wikipedia.org\/wiki\/Paul_van_Dyk\" title=\"Paul van Dyk\" id=\"rdp-we-mweQ\" target=\"_new\" class=\"wiki-link\">Paul van Dyk<\/a> und sogar f\u00fcr Bands aus der ehemaligen DDR, wie <a rel=\"mw:WikiLink\" href=\"https:\/\/de.wikipedia.org\/wiki\/Karat_(Band)\" title=\"Karat (Band)\" id=\"rdp-we-mweg\" target=\"_new\" class=\"wiki-link\">Karat<\/a> und <a rel=\"mw:WikiLink\" href=\"https:\/\/de.wikipedia.org\/wiki\/Silly_(Band)\" title=\"Silly (Band)\" id=\"rdp-we-mwew\" target=\"_new\" class=\"wiki-link\">Silly<\/a>.<sup about=\"#mwt20\" class=\"mw-ref reference\" id=\"rdp-we-cite_ref-16\" rel=\"dc:references\" typeof=\"mw:Extension\/ref\" data-mw='{\"name\":\"ref\",\"attrs\":{},\"body\":{\"id\":\"mw-reference-text-cite_note-16\"}}'><a href=\"#cite_note-16\" id=\"rdp-we-mwfA\"><span class=\"mw-reflink-text\" id=\"rdp-we-mwfQ\"><span class=\"cite-bracket\" id=\"rdp-we-mwfg\">[<\/span>16<span class=\"cite-bracket\" id=\"rdp-we-mwfw\">]<\/span><\/span><\/a><\/sup> 1996 arbeitete DJ Tomekk mit <a rel=\"mw:WikiLink\" href=\"https:\/\/de.wikipedia.org\/wiki\/Lauryn_Hill\" title=\"Lauryn Hill\" id=\"rdp-we-mwgA\" target=\"_new\" class=\"wiki-link\">Lauryn Hill<\/a> zusammen und produzierte f\u00fcr die <a rel=\"mw:WikiLink\" href=\"https:\/\/de.wikipedia.org\/wiki\/Fugees\" title=\"Fugees\" id=\"rdp-we-mwgQ\" target=\"_new\" class=\"wiki-link\">Fugees<\/a> den Remix <i id=\"rdp-we-mwgg\">Fu-Gee-La<\/i>.<sup about=\"#mwt21\" class=\"mw-ref reference\" id=\"rdp-we-cite_ref-17\" rel=\"dc:references\" typeof=\"mw:Extension\/ref\" data-mw='{\"name\":\"ref\",\"attrs\":{},\"body\":{\"id\":\"mw-reference-text-cite_note-17\"}}'><a href=\"#cite_note-17\" id=\"rdp-we-mwgw\"><span class=\"mw-reflink-text\" id=\"rdp-we-mwhA\"><span class=\"cite-bracket\" id=\"rdp-we-mwhQ\">[<\/span>17<span class=\"cite-bracket\" id=\"rdp-we-mwhg\">]<\/span><\/span><\/a><\/sup> In Deutschland ver\u00f6ffentlicht er diverse Kompilationen und Mixtapes, auf denen er h\u00e4ufig amerikanische und deutsche K\u00fcnstler gemeinsam in einen Song integriert. Die Kassetten wurden zun\u00e4chst auf einer Kassetten-Kopierstation kopiert. Der Sampler <i id=\"rdp-we-mwhw\">Black Club Groove<\/i><sup about=\"#mwt22\" class=\"mw-ref reference\" id=\"rdp-we-cite_ref-18\" rel=\"dc:references\" typeof=\"mw:Extension\/ref\" data-mw='{\"name\":\"ref\",\"attrs\":{},\"body\":{\"id\":\"mw-reference-text-cite_note-18\"}}'><a href=\"#cite_note-18\" id=\"rdp-we-mwiA\"><span class=\"mw-reflink-text\" id=\"rdp-we-mwiQ\"><span class=\"cite-bracket\" id=\"rdp-we-mwig\">[<\/span>18<span class=\"cite-bracket\" id=\"rdp-we-mwiw\">]<\/span><\/span><\/a><\/sup> schafft es auf Platz 16 der <a rel=\"mw:WikiLink\" href=\"https:\/\/de.wikipedia.org\/wiki\/Deutsche_Compilationcharts\" title=\"Deutsche Compilationcharts\" id=\"rdp-we-mwjA\" target=\"_new\" class=\"wiki-link\">Compilationcharts<\/a>.<sup about=\"#mwt23\" class=\"mw-ref reference\" id=\"rdp-we-cite_ref-19\" rel=\"dc:references\" typeof=\"mw:Extension\/ref\" data-mw='{\"name\":\"ref\",\"attrs\":{},\"body\":{\"id\":\"mw-reference-text-cite_note-19\"}}'><a href=\"#cite_note-19\" id=\"rdp-we-mwjQ\"><span class=\"mw-reflink-text\" id=\"rdp-we-mwjg\"><span class=\"cite-bracket\" id=\"rdp-we-mwjw\">[<\/span>19<span class=\"cite-bracket\" id=\"rdp-we-mwkA\">]<\/span><\/span><\/a><\/sup> Im Video <i id=\"rdp-we-mwkQ\">Ich lebe f\u00fcr Hip Hop<\/i>, welches im heutigen <a rel=\"mw:WikiLink\" href=\"https:\/\/de.wikipedia.org\/wiki\/Kaufhaus_Jona\u00df\" title=\"Kaufhaus Jona\u00df\" id=\"rdp-we-mwkg\" target=\"_new\" class=\"wiki-link\">Soho House Berlin<\/a> spielt, wird auf den Eigenvertrieb von Kassetten angespielt.<sup about=\"#mwt24\" class=\"mw-ref reference\" id=\"rdp-we-cite_ref-20\" rel=\"dc:references\" typeof=\"mw:Extension\/ref\" data-mw='{\"name\":\"ref\",\"attrs\":{},\"body\":{\"id\":\"mw-reference-text-cite_note-20\"}}'><a href=\"#cite_note-20\" id=\"rdp-we-mwkw\"><span class=\"mw-reflink-text\" id=\"rdp-we-mwlA\"><span class=\"cite-bracket\" id=\"rdp-we-mwlQ\">[<\/span>20<span class=\"cite-bracket\" id=\"rdp-we-mwlg\">]<\/span><\/span><\/a><\/sup><\/p>\n\n<p id=\"rdp-we-mwlw\">1998 gr\u00fcndete er das Hip-Hop-B\u00fcro Berlin mit Ronny \u201eErnie\u201c Boldt, einem Mitbewohner seiner Wohngemeinschaft in Berlin-Mitte, der bis heute als Musikmanager in Deutschland erfolgreiche Hip-Hop-K\u00fcnstler wie <a rel=\"mw:WikiLink\" href=\"https:\/\/de.wikipedia.org\/wiki\/Alligatoah\" title=\"Alligatoah\" id=\"rdp-we-mwmA\" target=\"_new\" class=\"wiki-link\">Alligatoah<\/a>, <a rel=\"mw:WikiLink\" href=\"https:\/\/de.wikipedia.org\/wiki\/BRKN\" title=\"BRKN\" class=\"mw-redirect wiki-link\" id=\"rdp-we-mwmQ\" target=\"_new\">BRKN<\/a> und <a rel=\"mw:WikiLink\" href=\"https:\/\/de.wikipedia.org\/wiki\/RAF_Camora\" title=\"RAF Camora\" id=\"rdp-we-mwmg\" target=\"_new\" class=\"wiki-link\">RAF Camora<\/a><sup about=\"#mwt25\" class=\"mw-ref reference\" id=\"rdp-we-cite_ref-21\" rel=\"dc:references\" typeof=\"mw:Extension\/ref\" data-mw='{\"name\":\"ref\",\"attrs\":{},\"body\":{\"id\":\"mw-reference-text-cite_note-21\"}}'><a href=\"#cite_note-21\" id=\"rdp-we-mwmw\"><span class=\"mw-reflink-text\" id=\"rdp-we-mwnA\"><span class=\"cite-bracket\" id=\"rdp-we-mwnQ\">[<\/span>21<span class=\"cite-bracket\" id=\"rdp-we-mwng\">]<\/span><\/span><\/a><\/sup> betreut, und Guido Schulz, seinem sp\u00e4teren Manager. Tomekk experimentierte mit Musikern aus den unterschiedlichsten Genres und tourte beispielsweise mit der Band Reality Brothers,<sup about=\"#mwt26\" class=\"mw-ref reference\" id=\"rdp-we-cite_ref-22\" rel=\"dc:references\" typeof=\"mw:Extension\/ref\" data-mw='{\"name\":\"ref\",\"attrs\":{},\"body\":{\"id\":\"mw-reference-text-cite_note-22\"}}'><a href=\"#cite_note-22\" id=\"rdp-we-mwnw\"><span class=\"mw-reflink-text\" id=\"rdp-we-mwoA\"><span class=\"cite-bracket\" id=\"rdp-we-mwoQ\">[<\/span>22<span class=\"cite-bracket\" id=\"rdp-we-mwog\">]<\/span><\/span><\/a><\/sup> die als Vorband beim Reggae Summer von Ziggy Marley einen Mix zwischen Reggae und Hip-Hop spielten, wie er sp\u00e4ter auch bei der Band <a rel=\"mw:WikiLink\" href=\"https:\/\/de.wikipedia.org\/wiki\/Seeed\" title=\"Seeed\" id=\"rdp-we-mwow\" target=\"_new\" class=\"wiki-link\">Seeed<\/a> zu finden ist.<\/p>\n\n<p id=\"rdp-we-mwpA\">1998 ver\u00f6ffentlichte er einen Remix von <i id=\"rdp-we-mwpQ\"><a rel=\"mw:WikiLink\" href=\"https:\/\/de.wikipedia.org\/wiki\/The_Boy_Is_Mine\" title=\"The Boy Is Mine\" id=\"rdp-we-mwpg\" target=\"_new\" class=\"wiki-link\">The Boy Is Mine<\/a><\/i> f\u00fcr <a rel=\"mw:WikiLink\" href=\"https:\/\/de.wikipedia.org\/wiki\/Brandy_(S\u00e4ngerin)\" title=\"Brandy (S\u00e4ngerin)\" id=\"rdp-we-mwpw\" target=\"_new\" class=\"wiki-link\">Brandy<\/a>.<\/p>\n\n<p id=\"rdp-we-mwqA\">1999 gr\u00fcndete der Sportartikelhersteller <a rel=\"mw:WikiLink\" href=\"https:\/\/de.wikipedia.org\/wiki\/Fila\" title=\"Fila\" id=\"rdp-we-mwqQ\" target=\"_new\" class=\"wiki-link\">Fila<\/a> das Label F-Records. Tomekk wurde als einer der ersten K\u00fcnstler unter Vertrag genommen und es entstand 1999 die Produktion <i id=\"rdp-we-mwqg\">1, 2, 3 Rhymes Galore<\/i> \u2013 eine internationale Kooperation, an der K\u00fcnstler wie der US-amerikanische Hip-Hop-DJ <a rel=\"mw:WikiLink\" href=\"https:\/\/de.wikipedia.org\/wiki\/Grandmaster_Flash\" title=\"Grandmaster Flash\" id=\"rdp-we-mwqw\" target=\"_new\" class=\"wiki-link\">Grandmaster Flash<\/a>, <a rel=\"mw:WikiLink\" href=\"https:\/\/de.wikipedia.org\/wiki\/Flavor_Flav\" title=\"Flavor Flav\" id=\"rdp-we-mwrA\" target=\"_new\" class=\"wiki-link\">Flavor Flav<\/a> (Mitglied der US-amerikanischen Band <a rel=\"mw:WikiLink\" href=\"https:\/\/de.wikipedia.org\/wiki\/Public_Enemy\" title=\"Public Enemy\" id=\"rdp-we-mwrQ\" target=\"_new\" class=\"wiki-link\">Public Enemy<\/a>), <a rel=\"mw:WikiLink\" href=\"https:\/\/de.wikipedia.org\/wiki\/DJ_Jazzy_Jeff\" title=\"DJ Jazzy Jeff\" id=\"rdp-we-mwrg\" target=\"_new\" class=\"wiki-link\">Jazzy Jeff<\/a> sowie die deutschen Rapper <a rel=\"mw:WikiLink\" href=\"https:\/\/de.wikipedia.org\/wiki\/Afrob\" title=\"Afrob\" id=\"rdp-we-mwrw\" target=\"_new\" class=\"wiki-link\">Afrob<\/a> und <a rel=\"mw:WikiLink\" href=\"https:\/\/de.wikipedia.org\/wiki\/MC_Rene\" title=\"MC Rene\" id=\"rdp-we-mwsA\" target=\"_new\" class=\"wiki-link\">MC Rene<\/a> teilnahmen. Dieser Song konnte sich mehrere Wochen in den deutschen Top-10-Charts (H\u00f6chste Platzierung: 6) halten. Der Berliner Graffiti-K\u00fcnstler <a rel=\"mw:WikiLink\" href=\"https:\/\/de.wikipedia.org\/wiki\/Specter_Berlin\" title=\"Specter Berlin\" id=\"rdp-we-mwsQ\" target=\"_new\" class=\"wiki-link\">Eric \u201eSpecter\u201c Remberg<\/a>, sp\u00e4ter Mitbegr\u00fcnder des Labels <a rel=\"mw:WikiLink\" href=\"https:\/\/de.wikipedia.org\/wiki\/Aggro_Berlin\" title=\"Aggro Berlin\" id=\"rdp-we-mwsg\" target=\"_new\" class=\"wiki-link\">Aggro Berlin<\/a>, arbeitete zu dieser Zeit als Art Director und Regisseur f\u00fcr DJ Tomekks Produktionen.<sup about=\"#mwt27\" class=\"mw-ref reference\" id=\"rdp-we-cite_ref-23\" rel=\"dc:references\" typeof=\"mw:Extension\/ref\" data-mw='{\"name\":\"ref\",\"attrs\":{},\"body\":{\"id\":\"mw-reference-text-cite_note-23\"}}'><a href=\"#cite_note-23\" id=\"rdp-we-mwsw\"><span class=\"mw-reflink-text\" id=\"rdp-we-mwtA\"><span class=\"cite-bracket\" id=\"rdp-we-mwtQ\">[<\/span>23<span class=\"cite-bracket\" id=\"rdp-we-mwtg\">]<\/span><\/span><\/a><\/sup> Die zweite Single <i id=\"rdp-we-mwtw\">Ich lebe f\u00fcr Hip-Hop<\/i> in Zusammenarbeit mit <a rel=\"mw:WikiLink\" href=\"https:\/\/de.wikipedia.org\/wiki\/Gary_Grice\" title=\"Gary Grice\" class=\"mw-redirect wiki-link\" id=\"rdp-we-mwuA\" target=\"_new\">GZA<\/a>, <a rel=\"mw:WikiLink\" href=\"https:\/\/de.wikipedia.org\/wiki\/Prodigal_Sunn\" title=\"Prodigal Sunn\" id=\"rdp-we-mwuQ\" target=\"_new\" class=\"wiki-link\">Prodigal Sunn<\/a>, <a rel=\"mw:WikiLink\" href=\"https:\/\/de.wikipedia.org\/wiki\/Curse\" title=\"Curse\" id=\"rdp-we-mwug\" target=\"_new\" class=\"wiki-link\">Curse<\/a> und den <a rel=\"mw:WikiLink\" href=\"https:\/\/de.wikipedia.org\/wiki\/Stieber_Twins\" title=\"Stieber Twins\" id=\"rdp-we-mwuw\" target=\"_new\" class=\"wiki-link\">Stieber Twins<\/a> erreichte in den Media-Control-Charts Platz 11. F\u00fcr <a rel=\"mw:WikiLink\" href=\"https:\/\/de.wikipedia.org\/wiki\/Sabrina_Setlur\" title=\"Sabrina Setlur\" id=\"rdp-we-mwvA\" target=\"_new\" class=\"wiki-link\">Sabrina Setlur<\/a> produzierte er einen Remix f\u00fcr den Song <i id=\"rdp-we-mwvQ\">Hija<\/i> mit den deutschen Rapperinnen <a rel=\"mw:WikiLink\" href=\"https:\/\/de.wikipedia.org\/wiki\/Cora_E.\" title=\"Cora E.\" id=\"rdp-we-mwvg\" target=\"_new\" class=\"wiki-link\">Cora E.<\/a> und <a rel=\"mw:WikiLink\" href=\"https:\/\/de.wikipedia.org\/wiki\/Brixx\" title=\"Brixx\" id=\"rdp-we-mwvw\" target=\"_new\" class=\"wiki-link\">Brixx<\/a>, welcher sich 35 Wochen in den deutschen Charts hielt. DJ Tomekk erhielt im selben Jahr den <a rel=\"mw:WikiLink\" href=\"https:\/\/de.wikipedia.org\/wiki\/Juice_(Magazin)\" title=\"Juice (Magazin)\" id=\"rdp-we-mwwA\" target=\"_new\" class=\"wiki-link\">Juice Award<\/a> als bester Producer.<\/p>\n\n<\/section><section data-mw-section-id=\"5\" id=\"rdp-we-mwwQ\" aria-labelledby=\"2000_bis_2010\"><div class=\"mw-heading mw-heading3\"><h3 id=\"rdp-we-2000_bis_2010\">2000 bis 2010<\/h3><\/div>\n<figure class=\"mw-default-size\" typeof=\"mw:File\/Thumb\" id=\"rdp-we-mwwg\"><a href=\"https:\/\/de.wikipedia.org\/wiki\/Datei:Dj_tomekk.jpg\" class=\"mw-file-description wiki-link\" id=\"rdp-we-mwww\" target=\"_new\"><img resource=\"https:\/\/de.wikipedia.org\/wiki\/Datei:Dj_tomekk.jpg\" src=\"https:\/\/upload.wikimedia.org\/wikipedia\/commons\/thumb\/6\/68\/Dj_tomekk.jpg\/250px-Dj_tomekk.jpg?utm_source=de.wikipedia.org&amp;utm_campaign=parser&amp;utm_content=thumbnail\" decoding=\"async\" loading=\"lazy\" data-file-type=\"bitmap\" height=\"289\" width=\"190\" class=\"mw-file-element mw-file-upright\" style=\"--mw-file-upright: 0.75\" id=\"rdp-we-mwxA\"\/><\/a><figcaption id=\"rdp-we-mwxQ\">DJ Tomekk (2005)<\/figcaption><\/figure>\n<p id=\"rdp-we-mwxg\">Im Jahr 2000 produzierte Tomekk mit dem Rapper <a rel=\"mw:WikiLink\" href=\"https:\/\/de.wikipedia.org\/wiki\/Jay-Z\" title=\"Jay-Z\" id=\"rdp-we-mwxw\" target=\"_new\" class=\"wiki-link\">Jay-Z<\/a> den Remix <i id=\"rdp-we-mwyA\">Anything<\/i>. Der Song erreichte in Gro\u00dfbritannien Platz 18 der Single-Charts. DJ Tomekk bekam den <a rel=\"mw:WikiLink\" href=\"https:\/\/de.wikipedia.org\/wiki\/Comet_(Musikpreis)\" title=\"Comet (Musikpreis)\" id=\"rdp-we-mwyQ\" target=\"_new\" class=\"wiki-link\">Comet<\/a> als bester nationaler Newcomer.<\/p>\n\n<p id=\"rdp-we-mwyg\">Im Oktober desselben Jahres kam bei <i id=\"rdp-we-mwyw\">The Island Def Jam<\/i>, (New York) sein Remix <i id=\"rdp-we-mwzA\">You and Me<\/i> von <a rel=\"mw:WikiLink\" href=\"https:\/\/de.wikipedia.org\/wiki\/LL_Cool_J\" title=\"LL Cool J\" id=\"rdp-we-mwzQ\" target=\"_new\" class=\"wiki-link\">LL Cool J<\/a> mit einem Feature mit der Gospels\u00e4ngerin Kelly Price und einem eigenen Video von Julien Christian Lutz (Little X) heraus.<sup about=\"#mwt28\" class=\"mw-ref reference\" id=\"rdp-we-cite_ref-24\" rel=\"dc:references\" typeof=\"mw:Extension\/ref\" data-mw='{\"name\":\"ref\",\"attrs\":{},\"body\":{\"id\":\"mw-reference-text-cite_note-24\"}}'><a href=\"#cite_note-24\" id=\"rdp-we-mwzg\"><span class=\"mw-reflink-text\" id=\"rdp-we-mwzw\"><span class=\"cite-bracket\" id=\"rdp-we-mw0A\">[<\/span>24<span class=\"cite-bracket\" id=\"rdp-we-mw0Q\">]<\/span><\/span><\/a><\/sup> Im Jahr 2001 erschien der Song <i id=\"rdp-we-mw0g\">I Like Girls<\/i> mit <a rel=\"mw:WikiLink\" href=\"https:\/\/de.wikipedia.org\/wiki\/Coolio\" title=\"Coolio\" id=\"rdp-we-mw0w\" target=\"_new\" class=\"wiki-link\">Coolio<\/a>. Coolio und Tomekk hatten schon seit 1999 gemeinsam Musik gemacht. Im Jahr 2002 erschien eine weitere Kooperation, <i id=\"rdp-we-mw1A\">Ghetto Square Dance<\/i>.<\/p>\n\n<p id=\"rdp-we-mw1Q\">2000 ver\u00f6ffentlichte die mexikanische Hop-Band <a rel=\"mw:WikiLink\" href=\"https:\/\/de.wikipedia.org\/wiki\/Control_Machete\" title=\"Control Machete\" id=\"rdp-we-mw1g\" target=\"_new\" class=\"wiki-link\">Control Machete<\/a> in Berlin die Double-Maxi-Singles <i id=\"rdp-we-mw1w\">Control Machete Vs. Dj Tomekk Vs. Eminem Si se\u00f1or \/ iles3<\/i>, mit Remixen von <a rel=\"mw:WikiLink\" href=\"https:\/\/de.wikipedia.org\/wiki\/Eminem\" title=\"Eminem\" id=\"rdp-we-mw2A\" target=\"_new\" class=\"wiki-link\">Eminem<\/a> und DJ Tomekk.<\/p>\n\n<p id=\"rdp-we-mw2Q\">2001 zog DJ Tomekk nach New York und ging mit dem US-amerikanischen Basketballspieler und Rapper <a rel=\"mw:WikiLink\" href=\"https:\/\/de.wikipedia.org\/wiki\/Shaquille_O\u2019Neal\" title=\"Shaquille O\u2019Neal\" id=\"rdp-we-mw2g\" target=\"_new\" class=\"wiki-link\">Shaquille O\u2019Neal<\/a> ins Studio.<sup about=\"#mwt32\" class=\"mw-ref reference\" id=\"rdp-we-cite_ref-25\" rel=\"dc:references\" typeof=\"mw:Extension\/ref\" data-mw='{\"name\":\"ref\",\"attrs\":{},\"body\":{\"id\":\"mw-reference-text-cite_note-25\"}}'><a href=\"#cite_note-25\" id=\"rdp-we-mw2w\"><span class=\"mw-reflink-text\" id=\"rdp-we-mw3A\"><span class=\"cite-bracket\" id=\"rdp-we-mw3Q\">[<\/span>25<span class=\"cite-bracket\" id=\"rdp-we-mw3g\">]<\/span><\/span><\/a><\/sup> In dem Song <i id=\"rdp-we-mw3w\">How You Like That (Ja, ja, ja)<\/i> rappt Shaquille O\u2019Neal, der einen Teil seiner Kindheit in Deutschland verbracht hat einen Mix aus englisch und deutsch.<sup about=\"#mwt33\" class=\"mw-ref reference\" id=\"rdp-we-cite_ref-26\" rel=\"dc:references\" typeof=\"mw:Extension\/ref\" data-mw='{\"name\":\"ref\",\"attrs\":{},\"body\":{\"id\":\"mw-reference-text-cite_note-26\"}}'><a href=\"#cite_note-26\" id=\"rdp-we-mw4A\"><span class=\"mw-reflink-text\" id=\"rdp-we-mw4Q\"><span class=\"cite-bracket\" id=\"rdp-we-mw4g\">[<\/span>26<span class=\"cite-bracket\" id=\"rdp-we-mw4w\">]<\/span><\/span><\/a><\/sup> Ihre Musik wurde f\u00fcr eine amerikaweite Werbekampagne \u201eDon\u2019t Drink and Drive\u201c gegen Alkohol am Steuer von der US-Regierung unter Obama verwendet, f\u00fcr dessen Musik immer bekannte Musiker herangezogen wurden und bereits 1984 <a rel=\"mw:WikiLink\" href=\"https:\/\/de.wikipedia.org\/wiki\/Beat_It#Errungenschaften\" title=\"Beat It\" id=\"rdp-we-mw5A\" target=\"_new\" class=\"wiki-link\">Michael Jackson<\/a> ausgezeichnet wurde.<sup about=\"#mwt34\" class=\"mw-ref reference\" id=\"rdp-we-cite_ref-27\" rel=\"dc:references\" typeof=\"mw:Extension\/ref\" data-mw='{\"name\":\"ref\",\"attrs\":{},\"body\":{\"id\":\"mw-reference-text-cite_note-27\"}}'><a href=\"#cite_note-27\" id=\"rdp-we-mw5Q\"><span class=\"mw-reflink-text\" id=\"rdp-we-mw5g\"><span class=\"cite-bracket\" id=\"rdp-we-mw5w\">[<\/span>27<span class=\"cite-bracket\" id=\"rdp-we-mw6A\">]<\/span><\/span><\/a><\/sup><sup about=\"#mwt38\" class=\"mw-ref reference\" id=\"rdp-we-cite_ref-28\" rel=\"dc:references\" typeof=\"mw:Extension\/ref\" data-mw='{\"name\":\"ref\",\"attrs\":{},\"body\":{\"id\":\"mw-reference-text-cite_note-28\"}}'><a href=\"#cite_note-28\" id=\"rdp-we-mw6Q\"><span class=\"mw-reflink-text\" id=\"rdp-we-mw6g\"><span class=\"cite-bracket\" id=\"rdp-we-mw6w\">[<\/span>28<span class=\"cite-bracket\" id=\"rdp-we-mw7A\">]<\/span><\/span><\/a><\/sup><\/p>\n\n<p id=\"rdp-we-mw7Q\">Im Juli 2001 wurde in Deutschland der <a rel=\"mw:WikiLink\" href=\"https:\/\/de.wikipedia.org\/wiki\/Tatort:_Fette_Krieger\" title=\"Tatort: Fette Krieger\" id=\"rdp-we-mw7g\" target=\"_new\" class=\"wiki-link\">Tatort: Fette Krieger<\/a> ausgestrahlt, in dem Tomekk mitspielte.<\/p>\n\n<p id=\"rdp-we-mw7w\">Es erschien die Maxisingle <i id=\"rdp-we-mw8A\">Hot Boyz<\/i> von <a rel=\"mw:WikiLink\" href=\"https:\/\/de.wikipedia.org\/wiki\/Missy_Elliott\" title=\"Missy Elliott\" id=\"rdp-we-mw8Q\" target=\"_new\" class=\"wiki-link\">Missy Elliott<\/a> mit zwei DJ-Tomekk-Remixes \u2013 davon ein Feature mit <a rel=\"mw:WikiLink\" href=\"https:\/\/de.wikipedia.org\/wiki\/Nas_(Rapper)\" title=\"Nas (Rapper)\" id=\"rdp-we-mw8g\" target=\"_new\" class=\"wiki-link\">Nas<\/a>.<sup about=\"#mwt39\" class=\"mw-ref reference\" id=\"rdp-we-cite_ref-29\" rel=\"dc:references\" typeof=\"mw:Extension\/ref\" data-mw='{\"name\":\"ref\",\"attrs\":{},\"body\":{\"id\":\"mw-reference-text-cite_note-29\"}}'><a href=\"#cite_note-29\" id=\"rdp-we-mw8w\"><span class=\"mw-reflink-text\" id=\"rdp-we-mw9A\"><span class=\"cite-bracket\" id=\"rdp-we-mw9Q\">[<\/span>29<span class=\"cite-bracket\" id=\"rdp-we-mw9g\">]<\/span><\/span><\/a><\/sup><sup about=\"#mwt40\" class=\"mw-ref reference\" id=\"rdp-we-cite_ref-30\" rel=\"dc:references\" typeof=\"mw:Extension\/ref\" data-mw='{\"name\":\"ref\",\"attrs\":{},\"body\":{\"id\":\"mw-reference-text-cite_note-30\"}}'><a href=\"#cite_note-30\" id=\"rdp-we-mw9w\"><span class=\"mw-reflink-text\" id=\"rdp-we-mw-A\"><span class=\"cite-bracket\" id=\"rdp-we-mw-Q\">[<\/span>30<span class=\"cite-bracket\" id=\"rdp-we-mw-g\">]<\/span><\/span><\/a><\/sup> Im gleichen Jahr ver\u00f6ffentlichte DJ Tomekk mit dem US-amerikanischen Musiker und Schauspieler <a rel=\"mw:WikiLink\" href=\"https:\/\/de.wikipedia.org\/wiki\/Ice-T\" title=\"Ice-T\" id=\"rdp-we-mw-w\" target=\"_new\" class=\"wiki-link\">Ice-T<\/a> und <a rel=\"mw:WikiLink\" href=\"https:\/\/de.wikipedia.org\/wiki\/Sandra_Nasi\u0107\" title=\"Sandra Nasi\u0107\" id=\"rdp-we-mw_A\" target=\"_new\" class=\"wiki-link\">Sandra Nasi\u0107<\/a>, der S\u00e4ngerin der <a rel=\"mw:WikiLink\" href=\"https:\/\/de.wikipedia.org\/wiki\/Guano_Apes\" title=\"Guano Apes\" id=\"rdp-we-mw_Q\" target=\"_new\" class=\"wiki-link\">Guano Apes<\/a>, die Single <i id=\"rdp-we-mw_g\">Beat of Life<\/i>, die sich neun Wochen in den deutschen Charts hielt (Platz 12). Kurz danach produzierte DJ Tomekk mit dem New Yorker Rapper <a rel=\"mw:WikiLink\" href=\"https:\/\/de.wikipedia.org\/wiki\/Prodigal_Sunn\" title=\"Prodigal Sunn\" id=\"rdp-we-mw_w\" target=\"_new\" class=\"wiki-link\">Prodigal Sunn<\/a> und dem in Polen bekannten Rapper Liroy den Song <i id=\"rdp-we-mwAQA\">Prosto Z Polski<\/i><sup about=\"#mwt41\" class=\"mw-ref reference\" id=\"rdp-we-cite_ref-31\" rel=\"dc:references\" typeof=\"mw:Extension\/ref\" data-mw='{\"name\":\"ref\",\"attrs\":{},\"body\":{\"id\":\"mw-reference-text-cite_note-31\"}}'><a href=\"#cite_note-31\" id=\"rdp-we-mwAQE\"><span class=\"mw-reflink-text\" id=\"rdp-we-mwAQI\"><span class=\"cite-bracket\" id=\"rdp-we-mwAQM\">[<\/span>31<span class=\"cite-bracket\" id=\"rdp-we-mwAQQ\">]<\/span><\/span><\/a><\/sup> und <i id=\"rdp-we-mwAQU\">Return of Hip-Hop<\/i>, mit <a rel=\"mw:WikiLink\" href=\"https:\/\/de.wikipedia.org\/wiki\/KRS-One\" title=\"KRS-One\" id=\"rdp-we-mwAQY\" target=\"_new\" class=\"wiki-link\">KRS-One<\/a>, bei der die deutschen Rapper <a rel=\"mw:WikiLink\" href=\"https:\/\/de.wikipedia.org\/wiki\/Torch_(Rapper)\" title=\"Torch (Rapper)\" id=\"rdp-we-mwAQc\" target=\"_new\" class=\"wiki-link\">Torch<\/a> und MC Rene mitwirkten. Hierzu drehte DJ Tomekk mit den Protagonisten ein Video, in dem der Hip-Hop von Krankenhauspersonal wiederbelebt wurde. Der Song stieg sofort auf Platz 5 der deutschen Charts ein.<sup about=\"#mwt45\" class=\"mw-ref reference\" id=\"rdp-we-cite_ref-32\" rel=\"dc:references\" typeof=\"mw:Extension\/ref\" data-mw='{\"name\":\"ref\",\"attrs\":{},\"body\":{\"id\":\"mw-reference-text-cite_note-32\"}}'><a href=\"#cite_note-32\" id=\"rdp-we-mwAQg\"><span class=\"mw-reflink-text\" id=\"rdp-we-mwAQk\"><span class=\"cite-bracket\" id=\"rdp-we-mwAQo\">[<\/span>32<span class=\"cite-bracket\" id=\"rdp-we-mwAQs\">]<\/span><\/span><\/a><\/sup> Im Februar 2001 ver\u00f6ffentlichte DJ Tomekk sein erstes Album, welches ebenfalls den Namen <i id=\"rdp-we-mwAQw\">Return of Hip Hop<\/i> trug. Das Album enthielt weiterhin den Track <i id=\"rdp-we-mwAQ0\">The Genesis<\/i>, der in Kooperation mit den <a rel=\"mw:WikiLink\" href=\"https:\/\/de.wikipedia.org\/wiki\/Aphrodelics\" title=\"Aphrodelics\" id=\"rdp-we-mwAQ4\" target=\"_new\" class=\"wiki-link\">Aphrodelics<\/a> aus Wien entstand und in dem es um die Entstehung des Hip-Hop ging. Im selben Jahr ver\u00f6ffentlichte <a rel=\"mw:WikiLink\" href=\"https:\/\/de.wikipedia.org\/wiki\/Nena\" title=\"Nena\" id=\"rdp-we-mwAQ8\" target=\"_new\" class=\"wiki-link\">Nena<\/a> ihre Single <i id=\"rdp-we-mwARA\"><a rel=\"mw:WikiLink\" href=\"https:\/\/de.wikipedia.org\/wiki\/Leuchtturm_(Lied)\" title=\"Leuchtturm (Lied)\" id=\"rdp-we-mwARE\" target=\"_new\" class=\"wiki-link\">Leuchtturm<\/a><\/i> mit einem Remix von DJ Tomekk.<sup about=\"#mwt49\" class=\"mw-ref reference\" id=\"rdp-we-cite_ref-33\" rel=\"dc:references\" typeof=\"mw:Extension\/ref\" data-mw='{\"name\":\"ref\",\"attrs\":{},\"body\":{\"id\":\"mw-reference-text-cite_note-33\"}}'><a href=\"#cite_note-33\" id=\"rdp-we-mwARI\"><span class=\"mw-reflink-text\" id=\"rdp-we-mwARM\"><span class=\"cite-bracket\" id=\"rdp-we-mwARQ\">[<\/span>33<span class=\"cite-bracket\" id=\"rdp-we-mwARU\">]<\/span><\/span><\/a><\/sup><\/p>\n\n<p id=\"rdp-we-mwARY\">F\u00fcr den 2001 noch unbekannten deutschen Rapper <a rel=\"mw:WikiLink\" href=\"https:\/\/de.wikipedia.org\/wiki\/Sido\" title=\"Sido\" id=\"rdp-we-mwARc\" target=\"_new\" class=\"wiki-link\">Sido<\/a> erstellte Tomekk eine <a rel=\"mw:WikiLink\" href=\"https:\/\/de.wikipedia.org\/wiki\/Dubplate\" title=\"Dubplate\" id=\"rdp-we-mwARg\" target=\"_new\" class=\"wiki-link\">Dubplate<\/a> des <i id=\"rdp-we-mwARk\"><a rel=\"mw:WikiLink\" href=\"https:\/\/de.wikipedia.org\/wiki\/Arschficksong\" title=\"Arschficksong\" id=\"rdp-we-mwARo\" target=\"_new\" class=\"wiki-link\">Arschficksongs<\/a><\/i> und spielte ihn erstmals deutschlandweit in angesagten Clubs.<sup about=\"#mwt50\" class=\"mw-ref reference\" id=\"rdp-we-cite_ref-34\" rel=\"dc:references\" typeof=\"mw:Extension\/ref\" data-mw='{\"name\":\"ref\",\"attrs\":{},\"body\":{\"id\":\"mw-reference-text-cite_note-34\"}}'><a href=\"#cite_note-34\" id=\"rdp-we-mwARs\"><span class=\"mw-reflink-text\" id=\"rdp-we-mwARw\"><span class=\"cite-bracket\" id=\"rdp-we-mwAR0\">[<\/span>34<span class=\"cite-bracket\" id=\"rdp-we-mwAR4\">]<\/span><\/span><\/a><\/sup><sup about=\"#mwt51\" class=\"mw-ref reference\" id=\"rdp-we-cite_ref-35\" rel=\"dc:references\" typeof=\"mw:Extension\/ref\" data-mw='{\"name\":\"ref\",\"attrs\":{},\"body\":{\"id\":\"mw-reference-text-cite_note-35\"}}'><a href=\"#cite_note-35\" id=\"rdp-we-mwAR8\"><span class=\"mw-reflink-text\" id=\"rdp-we-mwASA\"><span class=\"cite-bracket\" id=\"rdp-we-mwASE\">[<\/span>35<span class=\"cite-bracket\" id=\"rdp-we-mwASI\">]<\/span><\/span><\/a><\/sup><sup about=\"#mwt52\" class=\"mw-ref reference\" id=\"rdp-we-cite_ref-SpecterInterview2018_36-0\" rel=\"dc:references\" typeof=\"mw:Extension\/ref\" data-mw='{\"name\":\"ref\",\"attrs\":{\"name\":\"SpecterInterview2018\"},\"body\":{\"id\":\"mw-reference-text-cite_note-SpecterInterview2018-36\"}}'><a href=\"#cite_note-SpecterInterview2018-36\" id=\"rdp-we-mwASM\"><span class=\"mw-reflink-text\" id=\"rdp-we-mwASQ\"><span class=\"cite-bracket\" id=\"rdp-we-mwASU\">[<\/span>36<span class=\"cite-bracket\" id=\"rdp-we-mwASY\">]<\/span><\/span><\/a><\/sup> Mit US-Rapperin <a rel=\"mw:WikiLink\" href=\"https:\/\/de.wikipedia.org\/wiki\/Lil\u2019_Kim\" title=\"Lil\u2019 Kim\" id=\"rdp-we-mwASc\" target=\"_new\" class=\"wiki-link\">Lil\u2019 Kim<\/a> gelang ihm mit dem Song <i id=\"rdp-we-mwASg\"><a rel=\"mw:WikiLink\" href=\"https:\/\/de.wikipedia.org\/wiki\/Kimnotyze\" title=\"Kimnotyze\" id=\"rdp-we-mwASk\" target=\"_new\" class=\"wiki-link\">Kimnotyze<\/a><\/i> ein weiterer Top-10-Hit in Deutschland.<\/p>\n\n<p id=\"rdp-we-mwASo\">Die Single <i id=\"rdp-we-mwASs\">Nothing But You<\/i> von <a rel=\"mw:WikiLink\" href=\"https:\/\/de.wikipedia.org\/wiki\/Paul_van_Dyk\" title=\"Paul van Dyk\" id=\"rdp-we-mwASw\" target=\"_new\" class=\"wiki-link\">Paul van Dyk<\/a> erschien im Jahr 2003 mit einem Remix von DJ Tomekk und wurde in die Soundtracks der EA Games <i id=\"rdp-we-mwAS0\"><a rel=\"mw:WikiLink\" href=\"https:\/\/de.wikipedia.org\/wiki\/FIFA_(Computerspielreihe)\" title=\"FIFA (Computerspielreihe)\" id=\"rdp-we-mwAS4\" target=\"_new\" class=\"wiki-link\">Fifa Football 2004<\/a><\/i> (Umsatz circa 200 Millionen USD) und seinem Cirrus-Remix in <i id=\"rdp-we-mwAS8\"><a rel=\"mw:WikiLink\" href=\"https:\/\/de.wikipedia.org\/wiki\/Need_for_Speed:_Underground_2\" title=\"Need for Speed: Underground 2\" id=\"rdp-we-mwATA\" target=\"_new\" class=\"wiki-link\">Need for Speed: Underground 2<\/a><\/i> (Umsatz circa 550 Millionen USD) aufgenommen. Sie erreichte Platz 14 in den UK-Single-Charts und Platz 6 im US Hot Dance Club Play. Die Produktion von DJ Tomekk f\u00fcr Paul van Dyk wurde f\u00fcr die <a rel=\"mw:WikiLink\" href=\"https:\/\/de.wikipedia.org\/wiki\/Grammy_Awards_2005\" title=\"Grammy Awards 2005\" id=\"rdp-we-mwATE\" target=\"_new\" class=\"wiki-link\">Grammy Awards 2005<\/a> nominiert.<sup about=\"#mwt54\" class=\"mw-ref reference\" id=\"rdp-we-cite_ref-37\" rel=\"dc:references\" typeof=\"mw:Extension\/ref\" data-mw='{\"name\":\"ref\",\"attrs\":{},\"body\":{\"id\":\"mw-reference-text-cite_note-37\"}}'><a href=\"#cite_note-37\" id=\"rdp-we-mwATI\"><span class=\"mw-reflink-text\" id=\"rdp-we-mwATM\"><span class=\"cite-bracket\" id=\"rdp-we-mwATQ\">[<\/span>37<span class=\"cite-bracket\" id=\"rdp-we-mwATU\">]<\/span><\/span><\/a><\/sup> 2003 ver\u00f6ffentlichte <a rel=\"mw:WikiLink\" href=\"https:\/\/de.wikipedia.org\/wiki\/Snap!\" title=\"Snap!\" id=\"rdp-we-mwATY\" target=\"_new\" class=\"wiki-link\">Snap!<\/a> einen von DJ Tomekk produzierten Remix ihres Welthits <i id=\"rdp-we-mwATc\">Ooops Up<\/i> als Single. DJ Tomekk ging mit seiner Boogie Down Berlin Crew (DJ Noppe, Said, Saeed, <a rel=\"mw:WikiLink\" href=\"https:\/\/de.wikipedia.org\/wiki\/Trooper_Da_Don\" title=\"Trooper Da Don\" id=\"rdp-we-mwATg\" target=\"_new\" class=\"wiki-link\">Trooper Da Don<\/a>) auf Tournee, in der er etwa 150 Auftritte absolvierte.<sup about=\"#mwt55\" class=\"mw-ref reference\" id=\"rdp-we-cite_ref-38\" rel=\"dc:references\" typeof=\"mw:Extension\/ref\" data-mw='{\"name\":\"ref\",\"attrs\":{},\"body\":{\"id\":\"mw-reference-text-cite_note-38\"}}'><a href=\"#cite_note-38\" id=\"rdp-we-mwATk\"><span class=\"mw-reflink-text\" id=\"rdp-we-mwATo\"><span class=\"cite-bracket\" id=\"rdp-we-mwATs\">[<\/span>38<span class=\"cite-bracket\" id=\"rdp-we-mwATw\">]<\/span><\/span><\/a><\/sup> Vom <a rel=\"mw:WikiLink\" href=\"https:\/\/de.wikipedia.org\/wiki\/VIVA_Comet_2003\" title=\"VIVA Comet 2003\" id=\"rdp-we-mwAT0\" target=\"_new\" class=\"wiki-link\">VIVA Comet 2003<\/a> wurde DJ Tomekk als bester K\u00fcnstler national nominiert.<\/p>\n\n<p id=\"rdp-we-mwAT4\"><i id=\"rdp-we-mwAT8\"><a rel=\"mw:WikiLink\" href=\"https:\/\/de.wikipedia.org\/wiki\/Ganxtaville_Pt._III\" title=\"Ganxtaville Pt. III\" id=\"rdp-we-mwAUA\" target=\"_new\" class=\"wiki-link\">Ganxtaville Pt. III<\/a><\/i> war eine Produktion von DJ Tomekk mit dem US-amerikanischen Rapper <a rel=\"mw:WikiLink\" href=\"https:\/\/de.wikipedia.org\/wiki\/Kurupt\" title=\"Kurupt\" id=\"rdp-we-mwAUE\" target=\"_new\" class=\"wiki-link\">Kurupt<\/a>, dem deutschen Rapper <a rel=\"mw:WikiLink\" href=\"https:\/\/de.wikipedia.org\/wiki\/Tatwaffe_(Rapper)\" title=\"Tatwaffe (Rapper)\" id=\"rdp-we-mwAUI\" target=\"_new\" class=\"wiki-link\">Tatwaffe<\/a> und dem deutsch-t\u00fcrkischen S\u00e4nger G-Style und hielt sich acht Wochen in den Top 10 der deutschen Single-Charts. 2004 erschien die Single <i id=\"rdp-we-mwAUM\">Party<\/i> mit <a rel=\"mw:WikiLink\" href=\"https:\/\/de.wikipedia.org\/wiki\/Lil\u2019O\" title=\"Lil\u2019O\" id=\"rdp-we-mwAUQ\" target=\"_new\" class=\"wiki-link\">Lil\u2019O<\/a>, die sich 5 Wochen in deutschen Charts hielt und die Single <i id=\"rdp-we-mwAUU\"><a rel=\"mw:WikiLink\" href=\"https:\/\/de.wikipedia.org\/wiki\/Mein_Block\" title=\"Mein Block\" id=\"rdp-we-mwAUY\" target=\"_new\" class=\"wiki-link\">Mein Block<\/a><\/i> von <a rel=\"mw:WikiLink\" href=\"https:\/\/de.wikipedia.org\/wiki\/Sido\" title=\"Sido\" id=\"rdp-we-mwAUc\" target=\"_new\" class=\"wiki-link\">Sido<\/a> mit einem Remix von DJ Tomekk.<sup about=\"#mwt56\" class=\"mw-ref reference\" id=\"rdp-we-cite_ref-39\" rel=\"dc:references\" typeof=\"mw:Extension\/ref\" data-mw='{\"name\":\"ref\",\"attrs\":{},\"body\":{\"id\":\"mw-reference-text-cite_note-39\"}}'><a href=\"#cite_note-39\" id=\"rdp-we-mwAUg\"><span class=\"mw-reflink-text\" id=\"rdp-we-mwAUk\"><span class=\"cite-bracket\" id=\"rdp-we-mwAUo\">[<\/span>39<span class=\"cite-bracket\" id=\"rdp-we-mwAUs\">]<\/span><\/span><\/a><\/sup><\/p>\n\n<p id=\"rdp-we-mwAUw\">In den folgenden Jahren arbeitete DJ Tomekk zusammen mit K\u00fcnstlern wie <a rel=\"mw:WikiLink\" href=\"https:\/\/de.wikipedia.org\/wiki\/MC_Lyte\" title=\"MC Lyte\" id=\"rdp-we-mwAU0\" target=\"_new\" class=\"wiki-link\">MC Lyte<\/a>, <a rel=\"mw:WikiLink\" href=\"https:\/\/de.wikipedia.org\/wiki\/Xzibit\" title=\"Xzibit\" id=\"rdp-we-mwAU4\" target=\"_new\" class=\"wiki-link\">Xzibit<\/a>, <a rel=\"mw:WikiLink\" href=\"https:\/\/de.wikipedia.org\/wiki\/Noreaga\" title=\"Noreaga\" class=\"mw-redirect wiki-link\" id=\"rdp-we-mwAU8\" target=\"_new\">Noreaga<\/a>, <a rel=\"mw:WikiLink\" href=\"https:\/\/de.wikipedia.org\/wiki\/B-Tight\" title=\"B-Tight\" id=\"rdp-we-mwAVA\" target=\"_new\" class=\"wiki-link\">B-Tight<\/a>, <a rel=\"mw:WikiLink\" href=\"https:\/\/de.wikipedia.org\/wiki\/Montell_Jordan\" title=\"Montell Jordan\" id=\"rdp-we-mwAVE\" target=\"_new\" class=\"wiki-link\">Montell Jordan<\/a>, <a rel=\"mw:WikiLink\" href=\"https:\/\/de.wikipedia.org\/wiki\/Truth_Hurts\" title=\"Truth Hurts\" id=\"rdp-we-mwAVI\" target=\"_new\" class=\"wiki-link\">Truth Hurts<\/a>, Horace Brown, Black Ivory und <a rel=\"mw:WikiLink\" href=\"https:\/\/de.wikipedia.org\/wiki\/Harris_(Rapper)\" title=\"Harris (Rapper)\" id=\"rdp-we-mwAVM\" target=\"_new\" class=\"wiki-link\">Harris<\/a> an seinem neuen Album <i id=\"rdp-we-mwAVQ\">Numma Eyns<\/i>, welches er schlie\u00dflich im Jahr 2005 ver\u00f6ffentlichte. Die Single <i id=\"rdp-we-mwAVU\"><a rel=\"mw:WikiLink\" href=\"https:\/\/de.wikipedia.org\/wiki\/Jump,_Jump_(DJ_Tomekk_kommt)\" title=\"Jump, Jump (DJ Tomekk kommt)\" id=\"rdp-we-mwAVY\" target=\"_new\" class=\"wiki-link\">Jump, Jump (DJ Tomekk kommt)<\/a><\/i> (feat. <a rel=\"mw:WikiLink\" href=\"https:\/\/de.wikipedia.org\/wiki\/Fler\" title=\"Fler\" id=\"rdp-we-mwAVc\" target=\"_new\" class=\"wiki-link\">Fler<\/a> und <a rel=\"mw:WikiLink\" href=\"https:\/\/de.wikipedia.org\/wiki\/G-Hot\" title=\"G-Hot\" id=\"rdp-we-mwAVg\" target=\"_new\" class=\"wiki-link\">G-Hot<\/a>) platzierte sich auf Platz drei der Deutschen Charts. F\u00fcr <i id=\"rdp-we-mwAVk\">Jump, Jump<\/i> lie\u00df DJ Tomekk <a rel=\"mw:WikiLink\" href=\"https:\/\/de.wikipedia.org\/wiki\/Specter_Berlin\" title=\"Specter Berlin\" id=\"rdp-we-mwAVo\" target=\"_new\" class=\"wiki-link\">Eric \u201eSpecter\u201c Remberg<\/a> \u2013 der mittlerweile <a rel=\"mw:WikiLink\" href=\"https:\/\/de.wikipedia.org\/wiki\/Aggro_Berlin\" title=\"Aggro Berlin\" id=\"rdp-we-mwAVs\" target=\"_new\" class=\"wiki-link\">Aggro Berlin<\/a> gegr\u00fcndet hatte \u2013 das bis dahin aufwendigste deutsche Hip-Hop-Video drehen. In dem Video hatten auch andere bekannte deutsche Rapper Gastauftritte. Vom <a rel=\"mw:WikiLink\" href=\"https:\/\/de.wikipedia.org\/wiki\/VIVA_Comet_2005\" title=\"VIVA Comet 2005\" id=\"rdp-we-mwAVw\" target=\"_new\" class=\"wiki-link\">VIVA Comet 2005<\/a> wurde DJ Tomekk als bester K\u00fcnstler nominiert.<\/p>\n\n<p id=\"rdp-we-mwAV0\">Ende des Jahres 2006 ver\u00f6ffentlichte DJ Tomekk das Mixtape <i id=\"rdp-we-mwAV4\">The Next Generation<\/i>. Dieses produzierte er zusammen mit <a rel=\"mw:WikiLink\" href=\"https:\/\/de.wikipedia.org\/wiki\/Bushido_(Rapper)\" title=\"Bushido (Rapper)\" id=\"rdp-we-mwAV8\" target=\"_new\" class=\"wiki-link\">Bushido<\/a> und zahlreichen Newcomern, um diese zu unterst\u00fctzen. 2009 produzierte DJ Tomekk f\u00fcr die Getr\u00e4nkemarke \u201eSt\u00e4nder\u201c einen Soundtrack und legte im September 2009 in Los Angeles zu einer Party im <a rel=\"mw:WikiLink\" href=\"https:\/\/de.wikipedia.org\/wiki\/Playboy_Mansion\" title=\"Playboy Mansion\" id=\"rdp-we-mwAWA\" target=\"_new\" class=\"wiki-link\">Playboy Mansion<\/a> auf. Die deutschen Rapper <a rel=\"mw:WikiLink\" href=\"https:\/\/de.wikipedia.org\/wiki\/Xatar\" title=\"Xatar\" id=\"rdp-we-mwAWE\" target=\"_new\" class=\"wiki-link\">Xatar<\/a> und <a rel=\"mw:WikiLink\" href=\"https:\/\/de.wikipedia.org\/wiki\/Sido\" title=\"Sido\" id=\"rdp-we-mwAWI\" target=\"_new\" class=\"wiki-link\">Sido<\/a> waren eingeladen; Xatar wurde inhaftiert.<sup about=\"#mwt57\" class=\"mw-ref reference\" id=\"rdp-we-cite_ref-40\" rel=\"dc:references\" typeof=\"mw:Extension\/ref\" data-mw='{\"name\":\"ref\",\"attrs\":{},\"body\":{\"id\":\"mw-reference-text-cite_note-40\"}}'><a href=\"#cite_note-40\" id=\"rdp-we-mwAWM\"><span class=\"mw-reflink-text\" id=\"rdp-we-mwAWQ\"><span class=\"cite-bracket\" id=\"rdp-we-mwAWU\">[<\/span>40<span class=\"cite-bracket\" id=\"rdp-we-mwAWY\">]<\/span><\/span><\/a><\/sup><\/p>\n\n<p id=\"rdp-we-mwAWc\">2010 erschien das Studio-Album <i id=\"rdp-we-mwAWg\">Ehrenkodex<\/i> von Dj Tomekk und Toony bei einem polnischen Label mit vielen Features deutscher und polnischer K\u00fcnstler, unter anderem <a rel=\"mw:WikiLink\" href=\"https:\/\/de.wikipedia.org\/wiki\/Kollegah\" title=\"Kollegah\" id=\"rdp-we-mwAWk\" target=\"_new\" class=\"wiki-link\">Kollegah<\/a> und <a rel=\"mw:WikiLink\" href=\"https:\/\/de.wikipedia.org\/wiki\/Farid_Bang\" title=\"Farid Bang\" id=\"rdp-we-mwAWo\" target=\"_new\" class=\"wiki-link\">Farid Bang<\/a>.<sup about=\"#mwt58\" class=\"mw-ref reference\" id=\"rdp-we-cite_ref-41\" rel=\"dc:references\" typeof=\"mw:Extension\/ref\" data-mw='{\"name\":\"ref\",\"attrs\":{},\"body\":{\"id\":\"mw-reference-text-cite_note-41\"}}'><a href=\"#cite_note-41\" id=\"rdp-we-mwAWs\"><span class=\"mw-reflink-text\" id=\"rdp-we-mwAWw\"><span class=\"cite-bracket\" id=\"rdp-we-mwAW0\">[<\/span>41<span class=\"cite-bracket\" id=\"rdp-we-mwAW4\">]<\/span><\/span><\/a><\/sup><\/p>\n\n<\/section><section data-mw-section-id=\"6\" id=\"rdp-we-mwAW8\" aria-labelledby=\"2011_bis_heute\"><div class=\"mw-heading mw-heading3\"><h3 id=\"rdp-we-2011_bis_heute\">2011 bis heute<\/h3><\/div>\n\n<p id=\"rdp-we-mwAXA\">DJ Tomekk arbeitet als Radio-DJ<sup about=\"#mwt59\" class=\"mw-ref reference\" id=\"rdp-we-cite_ref-42\" rel=\"dc:references\" typeof=\"mw:Extension\/ref\" data-mw='{\"name\":\"ref\",\"attrs\":{},\"body\":{\"id\":\"mw-reference-text-cite_note-42\"}}'><a href=\"#cite_note-42\" id=\"rdp-we-mwAXE\"><span class=\"mw-reflink-text\" id=\"rdp-we-mwAXI\"><span class=\"cite-bracket\" id=\"rdp-we-mwAXM\">[<\/span>42<span class=\"cite-bracket\" id=\"rdp-we-mwAXQ\">]<\/span><\/span><\/a><\/sup> und legt bis heute fast jedes Wochenende in Clubs und auf Festivals in der ganzen Welt auf \u2013 vor allem aber in Amerika und den deutschsprachigen L\u00e4ndern. 2012 machte er die Amerika-Tour <i id=\"rdp-we-mwAXU\">Tomekk goes America<\/i>.<sup about=\"#mwt60\" class=\"mw-ref reference\" id=\"rdp-we-cite_ref-43\" rel=\"dc:references\" typeof=\"mw:Extension\/ref\" data-mw='{\"name\":\"ref\",\"attrs\":{},\"body\":{\"id\":\"mw-reference-text-cite_note-43\"}}'><a href=\"#cite_note-43\" id=\"rdp-we-mwAXY\"><span class=\"mw-reflink-text\" id=\"rdp-we-mwAXc\"><span class=\"cite-bracket\" id=\"rdp-we-mwAXg\">[<\/span>43<span class=\"cite-bracket\" id=\"rdp-we-mwAXk\">]<\/span><\/span><\/a><\/sup> 2013 ver\u00f6ffentlichte die US-amerikanische R&amp;B-S\u00e4ngerin und Songwriterin <a rel=\"mw:WikiLink\" href=\"https:\/\/de.wikipedia.org\/wiki\/Dawn_Richard\" title=\"Dawn Richard\" id=\"rdp-we-mwAXo\" target=\"_new\" class=\"wiki-link\">Dawn Richard<\/a> die Single <i id=\"rdp-we-mwAXs\">Riot<\/i> mit einem Tomekk-Remix. Anl\u00e4sslich ihres 20-j\u00e4hrigen B\u00fchnenjubil\u00e4ums ver\u00f6ffentlichten DJ Tomekk und Kurtis Blow 2013 gemeinsam unter dem Label \u201eBoogie Down Berlin\u201c die Single <i id=\"rdp-we-mwAXw\">The Legendary Hip Hop Sway<\/i> und gewannen die goldene Schallplatte.<sup about=\"#mwt61\" class=\"mw-ref reference\" id=\"rdp-we-cite_ref-44\" rel=\"dc:references\" typeof=\"mw:Extension\/ref\" data-mw='{\"name\":\"ref\",\"attrs\":{},\"body\":{\"id\":\"mw-reference-text-cite_note-44\"}}'><a href=\"#cite_note-44\" id=\"rdp-we-mwAX0\"><span class=\"mw-reflink-text\" id=\"rdp-we-mwAX4\"><span class=\"cite-bracket\" id=\"rdp-we-mwAX8\">[<\/span>44<span class=\"cite-bracket\" id=\"rdp-we-mwAYA\">]<\/span><\/span><\/a><\/sup><sup about=\"#mwt62\" class=\"mw-ref reference\" id=\"rdp-we-cite_ref-45\" rel=\"dc:references\" typeof=\"mw:Extension\/ref\" data-mw='{\"name\":\"ref\",\"attrs\":{},\"body\":{\"id\":\"mw-reference-text-cite_note-45\"}}'><a href=\"#cite_note-45\" id=\"rdp-we-mwAYE\"><span class=\"mw-reflink-text\" id=\"rdp-we-mwAYI\"><span class=\"cite-bracket\" id=\"rdp-we-mwAYM\">[<\/span>45<span class=\"cite-bracket\" id=\"rdp-we-mwAYQ\">]<\/span><\/span><\/a><\/sup> 2014 ver\u00f6ffentlichte er das Album <i id=\"rdp-we-mwAYU\">DJ Tomekk Presents the Nexxt Generation<\/i>, auf dem <a rel=\"mw:WikiLink\" href=\"https:\/\/de.wikipedia.org\/wiki\/Bushido_(Rapper)\" title=\"Bushido (Rapper)\" id=\"rdp-we-mwAYY\" target=\"_new\" class=\"wiki-link\">Bushido<\/a> ihm den Song <i id=\"rdp-we-mwAYc\">Mein Game<\/i> widmet.<sup about=\"#mwt63\" class=\"mw-ref reference\" id=\"rdp-we-cite_ref-46\" rel=\"dc:references\" typeof=\"mw:Extension\/ref\" data-mw='{\"name\":\"ref\",\"attrs\":{},\"body\":{\"id\":\"mw-reference-text-cite_note-46\"}}'><a href=\"#cite_note-46\" id=\"rdp-we-mwAYg\"><span class=\"mw-reflink-text\" id=\"rdp-we-mwAYk\"><span class=\"cite-bracket\" id=\"rdp-we-mwAYo\">[<\/span>46<span class=\"cite-bracket\" id=\"rdp-we-mwAYs\">]<\/span><\/span><\/a><\/sup><sup about=\"#mwt64\" class=\"mw-ref reference\" id=\"rdp-we-cite_ref-47\" rel=\"dc:references\" typeof=\"mw:Extension\/ref\" data-mw='{\"name\":\"ref\",\"attrs\":{},\"body\":{\"id\":\"mw-reference-text-cite_note-47\"}}'><a href=\"#cite_note-47\" id=\"rdp-we-mwAYw\"><span class=\"mw-reflink-text\" id=\"rdp-we-mwAY0\"><span class=\"cite-bracket\" id=\"rdp-we-mwAY4\">[<\/span>47<span class=\"cite-bracket\" id=\"rdp-we-mwAY8\">]<\/span><\/span><\/a><\/sup><\/p>\n\n<p id=\"rdp-we-mwAZA\">2016 ver\u00f6ffentlichte er die Single <i id=\"rdp-we-mwAZE\">Lonely<\/i> unter seinem Namen mit <a rel=\"mw:WikiLink\" href=\"https:\/\/de.wikipedia.org\/wiki\/Dante_Thomas\" title=\"Dante Thomas\" id=\"rdp-we-mwAZI\" target=\"_new\" class=\"wiki-link\">Dante Thomas<\/a>. In dem auf den Malediven gedrehten Video spielt <a rel=\"mw:WikiLink\" href=\"https:\/\/de.wikipedia.org\/wiki\/Sido\" title=\"Sido\" id=\"rdp-we-mwAZM\" target=\"_new\" class=\"wiki-link\">Sidos<\/a> Ex-Freundin <a rel=\"mw:WikiLink\" href=\"https:\/\/de.wikipedia.org\/wiki\/Doreen_Steinert\" title=\"Doreen Steinert\" id=\"rdp-we-mwAZQ\" target=\"_new\" class=\"wiki-link\">Doreen Steinert<\/a> die Hauptrolle.<sup about=\"#mwt65\" class=\"mw-ref reference\" id=\"rdp-we-cite_ref-48\" rel=\"dc:references\" typeof=\"mw:Extension\/ref\" data-mw='{\"name\":\"ref\",\"attrs\":{},\"body\":{\"id\":\"mw-reference-text-cite_note-48\"}}'><a href=\"#cite_note-48\" id=\"rdp-we-mwAZU\"><span class=\"mw-reflink-text\" id=\"rdp-we-mwAZY\"><span class=\"cite-bracket\" id=\"rdp-we-mwAZc\">[<\/span>48<span class=\"cite-bracket\" id=\"rdp-we-mwAZg\">]<\/span><\/span><\/a><\/sup> 2017 wurde die Hip-Hop-Dance-Show <i id=\"rdp-we-mwAZk\">Berlin Nights<\/i> im Theater am Potsdamer Platz inszeniert, in der DJ Tomekk eine der Hauptfiguren ist. DJ Tomekk \u00fcbernahm die musikalische Leitung und Musikproduktion.<sup about=\"#mwt66\" class=\"mw-ref reference\" id=\"rdp-we-cite_ref-49\" rel=\"dc:references\" typeof=\"mw:Extension\/ref\" data-mw='{\"name\":\"ref\",\"attrs\":{},\"body\":{\"id\":\"mw-reference-text-cite_note-49\"}}'><a href=\"#cite_note-49\" id=\"rdp-we-mwAZo\"><span class=\"mw-reflink-text\" id=\"rdp-we-mwAZs\"><span class=\"cite-bracket\" id=\"rdp-we-mwAZw\">[<\/span>49<span class=\"cite-bracket\" id=\"rdp-we-mwAZ0\">]<\/span><\/span><\/a><\/sup><sup about=\"#mwt67\" class=\"mw-ref reference\" id=\"rdp-we-cite_ref-50\" rel=\"dc:references\" typeof=\"mw:Extension\/ref\" data-mw='{\"name\":\"ref\",\"attrs\":{},\"body\":{\"id\":\"mw-reference-text-cite_note-50\"}}'><a href=\"#cite_note-50\" id=\"rdp-we-mwAZ4\"><span class=\"mw-reflink-text\" id=\"rdp-we-mwAZ8\"><span class=\"cite-bracket\" id=\"rdp-we-mwAaA\">[<\/span>50<span class=\"cite-bracket\" id=\"rdp-we-mwAaE\">]<\/span><\/span><\/a><\/sup><\/p>\n\n<p id=\"rdp-we-mwAaI\">DJ Tomekk gab bekannt, unter zus\u00e4tzlichen Pseudonymen zu arbeiten, um neue Dinge ausprobieren zu k\u00f6nnen und sich vom Erfolgsdruck zu befreien.<sup about=\"#mwt68\" class=\"mw-ref reference\" id=\"rdp-we-cite_ref-51\" rel=\"dc:references\" typeof=\"mw:Extension\/ref\" data-mw='{\"name\":\"ref\",\"attrs\":{},\"body\":{\"id\":\"mw-reference-text-cite_note-51\"}}'><a href=\"#cite_note-51\" id=\"rdp-we-mwAaM\"><span class=\"mw-reflink-text\" id=\"rdp-we-mwAaQ\"><span class=\"cite-bracket\" id=\"rdp-we-mwAaU\">[<\/span>51<span class=\"cite-bracket\" id=\"rdp-we-mwAaY\">]<\/span><\/span><\/a><\/sup><\/p>\n\n<p id=\"rdp-we-mwAac\">2019 ver\u00f6ffentlicht er mit dem US-amerikanischen Hip-Hop-Duo <a rel=\"mw:WikiLink\" href=\"https:\/\/de.wikipedia.org\/wiki\/M._O._P.\" title=\"M. O. P.\" id=\"rdp-we-mwAag\" target=\"_new\" class=\"wiki-link\">M. O. P.<\/a> den Song <i id=\"rdp-we-mwAak\">Never Give Up<\/i>.<sup about=\"#mwt69\" class=\"mw-ref reference\" id=\"rdp-we-cite_ref-52\" rel=\"dc:references\" typeof=\"mw:Extension\/ref\" data-mw='{\"name\":\"ref\",\"attrs\":{},\"body\":{\"id\":\"mw-reference-text-cite_note-52\"}}'><a href=\"#cite_note-52\" id=\"rdp-we-mwAao\"><span class=\"mw-reflink-text\" id=\"rdp-we-mwAas\"><span class=\"cite-bracket\" id=\"rdp-we-mwAaw\">[<\/span>52<span class=\"cite-bracket\" id=\"rdp-we-mwAa0\">]<\/span><\/span><\/a><\/sup><\/p>\n\n<p id=\"rdp-we-mwAa4\">2020 erschien seine Autobiografie <i id=\"rdp-we-mwAa8\">Ich lebe f\u00fcr Hip Hop<\/i> beim Heyne-Verlag mit einem Vorwort von <a rel=\"mw:WikiLink\" href=\"https:\/\/de.wikipedia.org\/wiki\/Kurtis_Blow\" title=\"Kurtis Blow\" id=\"rdp-we-mwAbA\" target=\"_new\" class=\"wiki-link\">Kurtis Blow<\/a>.<sup about=\"#mwt70\" class=\"mw-ref reference\" id=\"rdp-we-cite_ref-53\" rel=\"dc:references\" typeof=\"mw:Extension\/ref\" data-mw='{\"name\":\"ref\",\"attrs\":{},\"body\":{\"id\":\"mw-reference-text-cite_note-53\"}}'><a href=\"#cite_note-53\" id=\"rdp-we-mwAbE\"><span class=\"mw-reflink-text\" id=\"rdp-we-mwAbI\"><span class=\"cite-bracket\" id=\"rdp-we-mwAbM\">[<\/span>53<span class=\"cite-bracket\" id=\"rdp-we-mwAbQ\">]<\/span><\/span><\/a><\/sup><\/p>\n\n<p id=\"rdp-we-mwAbU\">Im Juli 2023 erschien die Single <i id=\"rdp-we-mwAbY\">Sommer in Berlin<\/i> mit <a rel=\"mw:WikiLink\" href=\"https:\/\/de.wikipedia.org\/wiki\/Frank_Zander\" title=\"Frank Zander\" id=\"rdp-we-mwAbc\" target=\"_new\" class=\"wiki-link\">Frank Zander<\/a>. Zehn Jahre zuvor erschien bereits eine Kooperation der beiden (<i id=\"rdp-we-mwAbg\">Berlin f\u00fcr Hertha \u2013 Nur nach Hause<\/i>).<\/p>\n\n<p id=\"rdp-we-mwAbk\">Im Jahr 2022 produzierte DJ Tomekk Songs f\u00fcr den Soundtrack des amerikanischen Films <i id=\"rdp-we-mwAbo\">Kobe \u2013 The Legend of the 81-Point Game<\/i>. Der Dokumentarfilm befasst sich mit dem Leben von <a rel=\"mw:WikiLink\" href=\"https:\/\/de.wikipedia.org\/wiki\/Kobe_Bryant\" title=\"Kobe Bryant\" id=\"rdp-we-mwAbs\" target=\"_new\" class=\"wiki-link\">Kobe Bryant<\/a>. Bei der Premierenfeier des Films legte DJ Tomekk im <i id=\"rdp-we-mwAbw\">Senator Jones<\/i> auf. Im November 2023 erschien die ausgekoppelte Single zum Film \u201eBallin\u201c von DJ Tomekk mit <a rel=\"mw:WikiLink\" href=\"https:\/\/de.wikipedia.org\/wiki\/Silla_(Rapper)\" title=\"Silla (Rapper)\" id=\"rdp-we-mwAb0\" target=\"_new\" class=\"wiki-link\">Silla<\/a> und dem im September 2022 verstorbenen <a rel=\"mw:WikiLink\" href=\"https:\/\/de.wikipedia.org\/wiki\/Coolio\" title=\"Coolio\" id=\"rdp-we-mwAb4\" target=\"_new\" class=\"wiki-link\">Coolio<\/a>.<sup about=\"#mwt71\" class=\"mw-ref reference\" id=\"rdp-we-cite_ref-54\" rel=\"dc:references\" typeof=\"mw:Extension\/ref\" data-mw='{\"name\":\"ref\",\"attrs\":{},\"body\":{\"id\":\"mw-reference-text-cite_note-54\"}}'><a href=\"#cite_note-54\" id=\"rdp-we-mwAb8\"><span class=\"mw-reflink-text\" id=\"rdp-we-mwAcA\"><span class=\"cite-bracket\" id=\"rdp-we-mwAcE\">[<\/span>54<span class=\"cite-bracket\" id=\"rdp-we-mwAcI\">]<\/span><\/span><\/a><\/sup><\/p>\n\n<\/section><\/section><section data-mw-section-id=\"7\" id=\"rdp-we-mwAcM\" aria-labelledby=\"Kontroversen\"><div class=\"mw-heading mw-heading2\"><h2 id=\"rdp-we-Kontroversen\">Kontroversen<\/h2><\/div>\n<p id=\"rdp-we-mwAcQ\">Anfangs wurde Tomekk von der deutschen Hip-Hop-Gemeinde ein \u201eSell Out\u201c vorgeworfen \u2013 der Ausverkauf der alternativen Hip-Hop-Szene an ein Mainstream-Publikum.<sup about=\"#mwt72\" class=\"mw-ref reference\" id=\"rdp-we-cite_ref-55\" rel=\"dc:references\" typeof=\"mw:Extension\/ref\" data-mw='{\"name\":\"ref\",\"attrs\":{},\"body\":{\"id\":\"mw-reference-text-cite_note-55\"}}'><a href=\"#cite_note-55\" id=\"rdp-we-mwAcU\"><span class=\"mw-reflink-text\" id=\"rdp-we-mwAcY\"><span class=\"cite-bracket\" id=\"rdp-we-mwAcc\">[<\/span>55<span class=\"cite-bracket\" id=\"rdp-we-mwAcg\">]<\/span><\/span><\/a><\/sup> Er produzierte nicht nur die Alben zahlreicher K\u00fcnstler \u2013 auch au\u00dferhalb seines Genres, sondern auch Musik f\u00fcr Kampagnen, zum Beispiel f\u00fcr Marken wie <a rel=\"mw:WikiLink\" href=\"https:\/\/de.wikipedia.org\/wiki\/Langnese_(Eismarke)\" title=\"Langnese (Eismarke)\" id=\"rdp-we-mwAck\" target=\"_new\" class=\"wiki-link\">Langnese<\/a> des Konzerns <a rel=\"mw:WikiLink\" href=\"https:\/\/de.wikipedia.org\/wiki\/Unilever\" title=\"Unilever\" id=\"rdp-we-mwAco\" target=\"_new\" class=\"wiki-link\">Unilever<\/a>.<sup about=\"#mwt73\" class=\"mw-ref reference\" id=\"rdp-we-cite_ref-56\" rel=\"dc:references\" typeof=\"mw:Extension\/ref\" data-mw='{\"name\":\"ref\",\"attrs\":{},\"body\":{\"id\":\"mw-reference-text-cite_note-56\"}}'><a href=\"#cite_note-56\" id=\"rdp-we-mwAcs\"><span class=\"mw-reflink-text\" id=\"rdp-we-mwAcw\"><span class=\"cite-bracket\" id=\"rdp-we-mwAc0\">[<\/span>56<span class=\"cite-bracket\" id=\"rdp-we-mwAc4\">]<\/span><\/span><\/a><\/sup> DJ Tomekk war somit eines der ersten Gesichter der Kommerzialisierung des <a rel=\"mw:WikiLink\" href=\"https:\/\/de.wikipedia.org\/wiki\/Deutscher_Hip-Hop\" title=\"Deutscher Hip-Hop\" id=\"rdp-we-mwAc8\" target=\"_new\" class=\"wiki-link\">deutschen Hip-Hop<\/a>. Erst nach und nach zogen deutsche Hip-Hop-K\u00fcnstler und Labels nach. Im Jahr 1999 wurde DJ Tomekk von <a rel=\"mw:WikiLink\" href=\"https:\/\/de.wikipedia.org\/wiki\/Samy_Deluxe\" title=\"Samy Deluxe\" id=\"rdp-we-mwAdA\" target=\"_new\" class=\"wiki-link\">Samy Deluxe<\/a> <a rel=\"mw:WikiLink\" href=\"https:\/\/de.wikipedia.org\/wiki\/Battle-Rap\" title=\"Battle-Rap\" id=\"rdp-we-mwAdE\" target=\"_new\" class=\"wiki-link\">gebattlet<\/a>, woraufhin ihm Tomekk vorwarf, nur mediale Aufmerksamkeit auf dessen damaliges Albumrelease lenken zu wollen.<sup about=\"#mwt76\" class=\"mw-ref reference\" id=\"rdp-we-cite_ref-57\" rel=\"dc:references\" typeof=\"mw:Extension\/ref\" data-mw='{\"name\":\"ref\",\"attrs\":{},\"body\":{\"id\":\"mw-reference-text-cite_note-57\"}}'><a href=\"#cite_note-57\" id=\"rdp-we-mwAdI\"><span class=\"mw-reflink-text\" id=\"rdp-we-mwAdM\"><span class=\"cite-bracket\" id=\"rdp-we-mwAdQ\">[<\/span>57<span class=\"cite-bracket\" id=\"rdp-we-mwAdU\">]<\/span><\/span><\/a><\/sup><sup about=\"#mwt78\" class=\"mw-ref reference\" id=\"rdp-we-cite_ref-58\" rel=\"dc:references\" typeof=\"mw:Extension\/ref\" data-mw='{\"name\":\"ref\",\"attrs\":{},\"body\":{\"id\":\"mw-reference-text-cite_note-58\"}}'><a href=\"#cite_note-58\" id=\"rdp-we-mwAdY\"><span class=\"mw-reflink-text\" id=\"rdp-we-mwAdc\"><span class=\"cite-bracket\" id=\"rdp-we-mwAdg\">[<\/span>58<span class=\"cite-bracket\" id=\"rdp-we-mwAdk\">]<\/span><\/span><\/a><\/sup><\/p>\n\n<p id=\"rdp-we-mwAdo\">Im Januar 2008 nahm DJ Tomekk als Kandidat an der dritten Staffel der RTL-Show <i id=\"rdp-we-mwAds\"><a rel=\"mw:WikiLink\" href=\"https:\/\/de.wikipedia.org\/wiki\/Ich_bin_ein_Star_\u2013_Holt_mich_hier_raus!\" title=\"Ich bin ein Star \u2013 Holt mich hier raus!\" id=\"rdp-we-mwAdw\" target=\"_new\" class=\"wiki-link\">Ich bin ein Star \u2013 Holt mich hier raus!<\/a><\/i> teil, die er jedoch vorzeitig verlassen musste, weil er in einem Privatvideo mit <a rel=\"mw:WikiLink\" href=\"https:\/\/de.wikipedia.org\/wiki\/Hitlergru\u00df\" title=\"Hitlergru\u00df\" id=\"rdp-we-mwAd0\" target=\"_new\" class=\"wiki-link\">Hitlergru\u00df<\/a> zu sehen war. Das Video soll Komiker <a rel=\"mw:WikiLink\" href=\"https:\/\/de.wikipedia.org\/wiki\/Oliver_Pocher\" title=\"Oliver Pocher\" id=\"rdp-we-mwAd4\" target=\"_new\" class=\"wiki-link\">Oliver Pocher<\/a> der <i id=\"rdp-we-mwAd8\">Bild<\/i> zugespielt haben.<sup about=\"#mwt79\" class=\"mw-ref reference\" id=\"rdp-we-cite_ref-59\" rel=\"dc:references\" typeof=\"mw:Extension\/ref\" data-mw='{\"name\":\"ref\",\"attrs\":{},\"body\":{\"id\":\"mw-reference-text-cite_note-59\"}}'><a href=\"#cite_note-59\" id=\"rdp-we-mwAeA\"><span class=\"mw-reflink-text\" id=\"rdp-we-mwAeE\"><span class=\"cite-bracket\" id=\"rdp-we-mwAeI\">[<\/span>59<span class=\"cite-bracket\" id=\"rdp-we-mwAeM\">]<\/span><\/span><\/a><\/sup><sup about=\"#mwt80\" class=\"mw-ref reference\" id=\"rdp-we-cite_ref-60\" rel=\"dc:references\" typeof=\"mw:Extension\/ref\" data-mw='{\"name\":\"ref\",\"attrs\":{},\"body\":{\"id\":\"mw-reference-text-cite_note-60\"}}'><a href=\"#cite_note-60\" id=\"rdp-we-mwAeQ\"><span class=\"mw-reflink-text\" id=\"rdp-we-mwAeU\"><span class=\"cite-bracket\" id=\"rdp-we-mwAeY\">[<\/span>60<span class=\"cite-bracket\" id=\"rdp-we-mwAec\">]<\/span><\/span><\/a><\/sup> Aus der Sicht von DJ Tomekk stellte dies aber lediglich \u201edummes Witz-Gelaber\u201c dar und er verwies darauf, dass er mit einer schwarzen Frau verheiratet sei und keinerlei rassistisches oder rechtes Gedankengut hege. Gegen die falsche Darstellung und Berichterstattung seiner Parodie wehrte sich Tomekk anwaltlich. Im Rahmen eines Vergleiches wurde vereinbart, dass RTL die Behauptung eines absichtlichen Hitlergru\u00dfes fallen l\u00e4sst und DJ Tomekks gesamte Gage an die Musik- und Kunstschule Havelland spendet.<sup about=\"#mwt81\" class=\"mw-ref reference\" id=\"rdp-we-cite_ref-61\" rel=\"dc:references\" typeof=\"mw:Extension\/ref\" data-mw='{\"name\":\"ref\",\"attrs\":{},\"body\":{\"id\":\"mw-reference-text-cite_note-61\"}}'><a href=\"#cite_note-61\" id=\"rdp-we-mwAeg\"><span class=\"mw-reflink-text\" id=\"rdp-we-mwAek\"><span class=\"cite-bracket\" id=\"rdp-we-mwAeo\">[<\/span>61<span class=\"cite-bracket\" id=\"rdp-we-mwAes\">]<\/span><\/span><\/a><\/sup><sup about=\"#mwt82\" class=\"mw-ref reference\" id=\"rdp-we-cite_ref-62\" rel=\"dc:references\" typeof=\"mw:Extension\/ref\" data-mw='{\"name\":\"ref\",\"attrs\":{},\"body\":{\"id\":\"mw-reference-text-cite_note-62\"}}'><a href=\"#cite_note-62\" id=\"rdp-we-mwAew\"><span class=\"mw-reflink-text\" id=\"rdp-we-mwAe0\"><span class=\"cite-bracket\" id=\"rdp-we-mwAe4\">[<\/span>62<span class=\"cite-bracket\" id=\"rdp-we-mwAe8\">]<\/span><\/span><\/a><\/sup><sup about=\"#mwt85\" class=\"mw-ref reference\" id=\"rdp-we-cite_ref-tomekk_63-0\" rel=\"dc:references\" typeof=\"mw:Extension\/ref\" data-mw='{\"name\":\"ref\",\"attrs\":{\"name\":\"tomekk\"},\"body\":{\"id\":\"mw-reference-text-cite_note-tomekk-63\"}}'><a href=\"#cite_note-tomekk-63\" id=\"rdp-we-mwAfA\"><span class=\"mw-reflink-text\" id=\"rdp-we-mwAfE\"><span class=\"cite-bracket\" id=\"rdp-we-mwAfI\">[<\/span>63<span class=\"cite-bracket\" id=\"rdp-we-mwAfM\">]<\/span><\/span><\/a><\/sup><\/p>\n\n<p id=\"rdp-we-mwAfQ\">Im Jahr 2018 besch\u00e4ftigte sich der Medien- und Sprachwissenschaftler <a rel=\"mw:WikiLink\" href=\"https:\/\/de.wikipedia.org\/wiki\/Frederik_Weinert\" title=\"Frederik Weinert\" id=\"rdp-we-mwAfU\" target=\"_new\" class=\"wiki-link\">Frederik Weinert<\/a> ausf\u00fchrlich mit dem Ph\u00e4nomen von Medienopfern und zeigt im Falle DJ Tomekk in zwei seiner Werke ausf\u00fchrlich auf, wie Informationen durch Medien bearbeitet, aufbereitet und zeitlich lanciert wurden, um mediale Aufmerksamkeit und damit verwertbare Quoten zu erzeugen.<sup about=\"#mwt87\" class=\"mw-ref reference\" id=\"rdp-we-cite_ref-djtomekk1_64-0\" rel=\"dc:references\" typeof=\"mw:Extension\/ref\" data-mw='{\"name\":\"ref\",\"attrs\":{\"name\":\"djtomekk1\"},\"body\":{\"id\":\"mw-reference-text-cite_note-djtomekk1-64\"}}'><a href=\"#cite_note-djtomekk1-64\" id=\"rdp-we-mwAfY\"><span class=\"mw-reflink-text\" id=\"rdp-we-mwAfc\"><span class=\"cite-bracket\" id=\"rdp-we-mwAfg\">[<\/span>64<span class=\"cite-bracket\" id=\"rdp-we-mwAfk\">]<\/span><\/span><\/a><\/sup><sup about=\"#mwt89\" class=\"mw-ref reference\" id=\"rdp-we-cite_ref-djtomekk2_65-0\" rel=\"dc:references\" typeof=\"mw:Extension\/ref\" data-mw='{\"name\":\"ref\",\"attrs\":{\"name\":\"djtomekk2\"},\"body\":{\"id\":\"mw-reference-text-cite_note-djtomekk2-65\"}}'><a href=\"#cite_note-djtomekk2-65\" id=\"rdp-we-mwAfo\"><span class=\"mw-reflink-text\" id=\"rdp-we-mwAfs\"><span class=\"cite-bracket\" id=\"rdp-we-mwAfw\">[<\/span>65<span class=\"cite-bracket\" id=\"rdp-we-mwAf0\">]<\/span><\/span><\/a><\/sup><sup about=\"#mwt91\" class=\"mw-ref reference\" id=\"rdp-we-cite_ref-djtomekk3_66-0\" rel=\"dc:references\" typeof=\"mw:Extension\/ref\" data-mw='{\"name\":\"ref\",\"attrs\":{\"name\":\"djtomekk3\"},\"body\":{\"id\":\"mw-reference-text-cite_note-djtomekk3-66\"}}'><a href=\"#cite_note-djtomekk3-66\" id=\"rdp-we-mwAf4\"><span class=\"mw-reflink-text\" id=\"rdp-we-mwAf8\"><span class=\"cite-bracket\" id=\"rdp-we-mwAgA\">[<\/span>66<span class=\"cite-bracket\" id=\"rdp-we-mwAgE\">]<\/span><\/span><\/a><\/sup><\/p>\n\n<\/section><section data-mw-section-id=\"8\" id=\"rdp-we-mwAgI\" aria-labelledby=\"Diskografie\"><div class=\"mw-heading mw-heading2\"><h2 id=\"rdp-we-Diskografie\">Diskografie<\/h2><\/div>\n<span class=\"mw-empty-elt\" about=\"#mwt92\" typeof=\"mw:Transclusion\" id=\"rdp-we-mwAgM\" data-mw='{\"parts\":[{\"template\":{\"target\":{\"wt\":\"Eingebundene Diskografie\",\"href\":\".\/Vorlage:Eingebundene_Diskografie\"},\"params\":{\"1\":{\"wt\":\"DJ Tomekk\/Diskografie\"},\"\u00dcberschrift\":{\"wt\":\"Studioalben\"}},\"i\":0}}]}'><\/span><div class=\"hauptartikel\" role=\"navigation\" about=\"#mwt92\"><span class=\"hauptartikel-pfeil\" title=\"siehe\" aria-hidden=\"true\" role=\"presentation\">\u2192<span typeof=\"mw:Entity\">\u00a0<\/span><\/span><i><span class=\"hauptartikel-text\">Hauptartikel<\/span>: <a rel=\"mw:WikiLink\" href=\"https:\/\/de.wikipedia.org\/wiki\/DJ_Tomekk\/Diskografie\" title=\"DJ Tomekk\/Diskografie\" target=\"_new\" class=\"wiki-link\">DJ Tomekk\/Diskografie<\/a><\/i><\/div><p about=\"#mwt92\"><b>Studioalben<\/b>\n<link rel=\"mw-deduplicated-inline-style\" href=\"mw-data:TemplateStyles:r269045146\" about=\"#mwt94\" typeof=\"mw:Extension\/templatestyles\" data-mw='{\"name\":\"templatestyles\",\"attrs\":{\"src\":\"Vorlage:Charttabelle\/styles.css\"},\"body\":{\"extsrc\":\"\"}}'\/><\/p><table class=\"wikitable charts-table charts-zebragrey\" style=\"text-align:center;\" about=\"#mwt92\">\n<tbody><tr>\n<th style=\"width:25px;\" class=\"charts-th charts-trh\" rowspan=\"2\">Jahr<\/th>\n<th style=\"width:350px;\" class=\"charts-th charts-trh\" rowspan=\"2\">Titel<\/th>\n<th class=\"charts-th\" colspan=\"3\"><span style=\"white-space:nowrap;\"><span class=\"charts-hm charts-cc\"><span class=\"charts-ct\">H\u00f6chstplatzierung, Gesamtwochen, Auszeichnung<i><\/i><\/span>Chartplatzierungen<\/span><span class=\"charts-mo\">Chartplatzierungen<\/span><span style=\"display:none\"><a rel=\"mw:WikiLink\" href=\"https:\/\/de.wikipedia.org\/wiki\/Vorlage:Charttabelle\/Wartung\/ohne_Quellen?action=edit&redlink=1\" title=\"Vorlage:Charttabelle\/Wartung\/ohne Quellen (Seite nicht vorhanden)\" class=\"new wiki-link\" typeof=\"mw:LocalizedAttrs\" data-mw-i18n='{\"title\":{\"lang\":\"x-page\",\"key\":\"red-link-title\",\"params\":[\"Vorlage:Charttabelle\/Wartung\/ohne Quellen\"]}}' target=\"_new\">Template:Charttabelle\/Wartung\/ohne Quellen<\/a><\/span><\/span><span class=\"charts-mo charts-mh\"><br\/>(Jahr, Titel, Plat<span typeof=\"mw:Entity\">\u00ad<\/span>zie<span typeof=\"mw:Entity\">\u00ad<\/span>rungen, Wo<span typeof=\"mw:Entity\">\u00ad<\/span>chen, Aus<span typeof=\"mw:Entity\">\u00ad<\/span>zeich<span typeof=\"mw:Entity\">\u00ad<\/span>nungen, Anmer<span typeof=\"mw:Entity\">\u00ad<\/span>kungen)<\/span><\/th>\n<th style=\"width:300px;\" class=\"charts-th charts-trh\" rowspan=\"2\">Anmer<span typeof=\"mw:Entity\">\u00ad<\/span>kungen<\/th><\/tr>\n<tr class=\"charts-trh\">\n<th style=\"width:52px;\" class=\"charts-th\"><span typeof=\"mw:File\" data-mw='{\"caption\":\"DE\"}'><a href=\"https:\/\/de.wikipedia.org\/wiki\/Deutsche_Albumcharts\" title=\"DE\" target=\"_new\" class=\"wiki-link\"><img resource=\"https:\/\/de.wikipedia.org\/wiki\/Datei:Flag_of_Germany.svg\" src=\"https:\/\/upload.wikimedia.org\/wikipedia\/commons\/thumb\/b\/ba\/Flag_of_Germany.svg\/20px-Flag_of_Germany.svg.png?utm_source=de.wikipedia.org&amp;utm_campaign=parser&amp;utm_content=thumbnail\" decoding=\"async\" loading=\"lazy\" alt=\"\" data-file-type=\"drawing\" height=\"12\" width=\"20\" class=\"mw-file-element\"\/><\/a><\/span><span typeof=\"mw:Entity\">\u00a0<\/span><a rel=\"mw:WikiLink\" href=\"https:\/\/de.wikipedia.org\/wiki\/Deutsche_Albumcharts\" title=\"Deutsche Albumcharts\" target=\"_new\" class=\"wiki-link\">DE<\/a><\/th>\n<th style=\"width:52px;\" class=\"charts-th\"><span typeof=\"mw:File\" data-mw='{\"caption\":\"AT\"}'><a href=\"https:\/\/de.wikipedia.org\/wiki\/\u00d63_Austria_Top_40\" title=\"AT\" target=\"_new\" class=\"wiki-link\"><img resource=\"https:\/\/de.wikipedia.org\/wiki\/Datei:Flag_of_Austria.svg\" src=\"https:\/\/upload.wikimedia.org\/wikipedia\/commons\/thumb\/4\/41\/Flag_of_Austria.svg\/20px-Flag_of_Austria.svg.png?utm_source=de.wikipedia.org&amp;utm_campaign=parser&amp;utm_content=thumbnail\" decoding=\"async\" loading=\"lazy\" alt=\"\" data-file-type=\"drawing\" height=\"13\" width=\"20\" class=\"mw-file-element\"\/><\/a><\/span><span typeof=\"mw:Entity\">\u00a0<\/span><a rel=\"mw:WikiLink\" href=\"https:\/\/de.wikipedia.org\/wiki\/\u00d63_Austria_Top_40\" title=\"\u00d63 Austria Top 40\" target=\"_new\" class=\"wiki-link\">AT<\/a><\/th>\n<th style=\"width:52px;\" class=\"charts-th\"><span typeof=\"mw:File\" data-mw='{\"caption\":\"CH\"}'><a href=\"https:\/\/de.wikipedia.org\/wiki\/Schweizer_Hitparade\" title=\"CH\" target=\"_new\" class=\"wiki-link\"><img resource=\"https:\/\/de.wikipedia.org\/wiki\/Datei:Flag_of_Switzerland_within_2to3.svg\" src=\"https:\/\/upload.wikimedia.org\/wikipedia\/commons\/thumb\/e\/e3\/Flag_of_Switzerland_within_2to3.svg\/20px-Flag_of_Switzerland_within_2to3.svg.png?utm_source=de.wikipedia.org&amp;utm_campaign=parser&amp;utm_content=thumbnail\" decoding=\"async\" loading=\"lazy\" alt=\"\" data-file-type=\"drawing\" height=\"13\" width=\"20\" class=\"mw-file-element\"\/><\/a><\/span><span typeof=\"mw:Entity\">\u00a0<\/span><a rel=\"mw:WikiLink\" href=\"https:\/\/de.wikipedia.org\/wiki\/Schweizer_Hitparade\" title=\"Schweizer Hitparade\" target=\"_new\" class=\"wiki-link\">CH<\/a><\/th><\/tr>\n \n<tr> \n <td class=\"charts-yy\">2001<\/td>\n<td>Return of Hip Hop<\/td>\n<td><span class=\"charts-mc\"><a rel=\"mw:WikiLink\" href=\"https:\/\/de.wikipedia.org\/wiki\/Deutsche_Albumcharts\" title=\"Deutsche Albumcharts\" target=\"_new\" class=\"wiki-link\">DE<\/a><\/span>5<br class=\"charts-hm\"\/><span class=\"charts-mo\"> <\/span><span style=\"font-size:smaller;\">(8 Wo.)<\/span><span class=\"charts-mcb\">DE<\/span><\/td>\n<td><span class=\"charts-mc\"><a rel=\"mw:WikiLink\" href=\"https:\/\/de.wikipedia.org\/wiki\/\u00d63_Austria_Top_40\" title=\"\u00d63 Austria Top 40\" target=\"_new\" class=\"wiki-link\">AT<\/a><\/span>49<br class=\"charts-hm\"\/><span class=\"charts-mo\"> <\/span><span style=\"font-size:smaller;\">(4 Wo.)<\/span><span class=\"charts-mcb\">AT<\/span><\/td>\n<td><span class=\"charts-mc\"><a rel=\"mw:WikiLink\" href=\"https:\/\/de.wikipedia.org\/wiki\/Schweizer_Hitparade\" title=\"Schweizer Hitparade\" target=\"_new\" class=\"wiki-link\">CH<\/a><\/span>27<br class=\"charts-hm\"\/><span class=\"charts-mo\"> <\/span><span style=\"font-size:smaller;\">(6 Wo.)<\/span><span class=\"charts-mcb\">CH<\/span><\/td>\n<td class=\"charts-cm\"><div>\nErstver\u00f6ffentlichung: 12. Februar 2001<\/div><\/td><\/tr>\n<tr> \n <td class=\"charts-yy\">2002<\/td>\n<td>Beat of Life Vol.1<\/td>\n<td><span class=\"charts-mc\"><a rel=\"mw:WikiLink\" href=\"https:\/\/de.wikipedia.org\/wiki\/Deutsche_Albumcharts\" title=\"Deutsche Albumcharts\" target=\"_new\" class=\"wiki-link\">DE<\/a><\/span>55<br class=\"charts-hm\"\/><span class=\"charts-mo\"> <\/span><span style=\"font-size:smaller;\">(7 Wo.)<\/span><span class=\"charts-mcb\">DE<\/span><\/td>\n<td class=\"charts-hm\"><span typeof=\"mw:Entity\">\u2014<\/span><\/td>\n<td class=\"charts-hm\"><span typeof=\"mw:Entity\">\u2014<\/span><\/td>\n<td class=\"charts-cm\"><div>\nErstver\u00f6ffentlichung: 28. Oktober 2002<\/div><\/td><\/tr>\n<tr> \n <td class=\"charts-yy\">2005<\/td>\n<td>Numma Eyns<\/td>\n<td><span class=\"charts-mc\"><a rel=\"mw:WikiLink\" href=\"https:\/\/de.wikipedia.org\/wiki\/Deutsche_Albumcharts\" title=\"Deutsche Albumcharts\" target=\"_new\" class=\"wiki-link\">DE<\/a><\/span>39<br class=\"charts-hm\"\/><span class=\"charts-mo\"> <\/span><span style=\"font-size:smaller;\">(4 Wo.)<\/span><span class=\"charts-mcb\">DE<\/span><\/td>\n<td><span class=\"charts-mc\"><a rel=\"mw:WikiLink\" href=\"https:\/\/de.wikipedia.org\/wiki\/\u00d63_Austria_Top_40\" title=\"\u00d63 Austria Top 40\" target=\"_new\" class=\"wiki-link\">AT<\/a><\/span>67<br class=\"charts-hm\"\/><span class=\"charts-mo\"> <\/span><span style=\"font-size:smaller;\">(2 Wo.)<\/span><span class=\"charts-mcb\">AT<\/span><\/td>\n<td><span class=\"charts-mc\"><a rel=\"mw:WikiLink\" href=\"https:\/\/de.wikipedia.org\/wiki\/Schweizer_Hitparade\" title=\"Schweizer Hitparade\" target=\"_new\" class=\"wiki-link\">CH<\/a><\/span>96<br class=\"charts-hm\"\/><span class=\"charts-mo\"> <\/span><span style=\"font-size:smaller;\">(2 Wo.)<\/span><span class=\"charts-mcb\">CH<\/span><\/td>\n<td class=\"charts-cm\"><div>\nErstver\u00f6ffentlichung: 16. September 2005<\/div><\/td><\/tr>\n \n<\/tbody><\/table>\n\n<\/section><section data-mw-section-id=\"9\" id=\"rdp-we-mwAgQ\" aria-labelledby=\"Auszeichnungen\"><div class=\"mw-heading mw-heading2\"><h2 id=\"rdp-we-Auszeichnungen\">Auszeichnungen<\/h2><\/div>\n<p id=\"rdp-we-mwAgU\"><b id=\"rdp-we-mwAgY\"><a rel=\"mw:WikiLink\" href=\"https:\/\/de.wikipedia.org\/wiki\/1_Live_Krone\" title=\"1 Live Krone\" id=\"rdp-we-mwAgc\" target=\"_new\" class=\"wiki-link\">1 Live Krone<\/a><\/b><\/p>\n<ul id=\"rdp-we-mwAgg\"><li id=\"rdp-we-mwAgk\">2000: in der Kategorie \u201eBest Producer\u201c<\/li><\/ul>\n\n<p id=\"rdp-we-mwAgo\"><b id=\"rdp-we-mwAgs\"><a rel=\"mw:WikiLink\" href=\"https:\/\/de.wikipedia.org\/wiki\/Bravo_Otto\" title=\"Bravo Otto\" id=\"rdp-we-mwAgw\" target=\"_new\" class=\"wiki-link\">Bravo Otto<\/a><\/b><\/p>\n<ul id=\"rdp-we-mwAg0\"><li id=\"rdp-we-mwAg4\">2000: \u201eGold\u201c in der Kategorie \u201eHipHop National\u201c<\/li>\n<li id=\"rdp-we-mwAg8\">2002: \u201eSilber\u201c in der Kategorie \u201eHipHop National\u201c<\/li>\n<li id=\"rdp-we-mwAhA\">2003: \u201eSilber\u201c in der Kategorie \u201eHipHop National\u201c<\/li><\/ul>\n\n<p id=\"rdp-we-mwAhE\"><b id=\"rdp-we-mwAhI\"><a rel=\"mw:WikiLink\" href=\"https:\/\/de.wikipedia.org\/wiki\/Comet_(Musikpreis)\" title=\"Comet (Musikpreis)\" id=\"rdp-we-mwAhM\" target=\"_new\" class=\"wiki-link\">Comet<\/a><\/b><\/p>\n<ul id=\"rdp-we-mwAhQ\"><li id=\"rdp-we-mwAhU\">2000: in der Kategorie \u201eBest Newcomer\u201c<\/li><\/ul>\n\n<p id=\"rdp-we-mwAhY\"><b id=\"rdp-we-mwAhc\">Weitere Auszeichnungen<\/b><\/p>\n<ul id=\"rdp-we-mwAhg\"><li id=\"rdp-we-mwAhk\">Rap Music Award (2003)<\/li>\n<li id=\"rdp-we-mwAho\">MC Mega Music Award<\/li><\/ul>\n\n<\/section><section data-mw-section-id=\"10\" id=\"rdp-we-mwAhs\" aria-labelledby=\"Ver\u00f6ffentlichungen\"><div class=\"mw-heading mw-heading2\"><h2 id=\"rdp-we-Ver\u00f6ffentlichungen\"><span id=\"rdp-we-Ver.C3.B6ffentlichungen\" typeof=\"mw:FallbackId\"><\/span>Ver\u00f6ffentlichungen<\/h2><\/div>\n<ul id=\"rdp-we-mwAhw\"><li id=\"rdp-we-mwAh0\"><i id=\"rdp-we-mwAh4\">DJ Tomekk: Ich lebe f\u00fcr Hip Hop: Die Autobiographie.<\/i> Wilhelm Heyne Verlag, M\u00fcnchen 2020, ISBN 978-3-453-21805-5.<\/li><\/ul>\n\n<\/section><section data-mw-section-id=\"11\" id=\"rdp-we-mwAiA\" aria-labelledby=\"Weblinks\"><div class=\"mw-heading mw-heading2\"><h2 id=\"rdp-we-Weblinks\">Weblinks<\/h2><\/div>\n<div class=\"sisterproject\" style=\"margin:0.1em 0 0 0;\" about=\"#mwt95\" typeof=\"mw:Transclusion\" id=\"rdp-we-mwAiE\" data-mw='{\"parts\":[{\"template\":{\"target\":{\"wt\":\"Commonscat\",\"href\":\".\/Vorlage:Commonscat\"},\"params\":{\"audio\":{\"wt\":\"0\"},\"video\":{\"wt\":\"0\"}},\"i\":0}}]}'><div class=\"noresize noviewer\" style=\"display:inline-block; line-height:10px;min-width:1.6em; text-align:center;\" aria-hidden=\"true\" role=\"presentation\"><span typeof=\"mw:File\" data-mw='{\"caption\":\"Commons\"}'><span title=\"Commons\"><img resource=\"https:\/\/de.wikipedia.org\/wiki\/Datei:Commons-logo.svg\" src=\"https:\/\/upload.wikimedia.org\/wikipedia\/commons\/thumb\/4\/4a\/Commons-logo.svg\/20px-Commons-logo.svg.png?utm_source=de.wikipedia.org&amp;utm_campaign=parser&amp;utm_content=thumbnail\" decoding=\"async\" loading=\"lazy\" alt=\"\" data-file-type=\"drawing\" height=\"16\" width=\"12\" class=\"mw-file-element\"\/><\/span><\/span><\/div><b><a rel=\"external_link\" href=\"https:\/\/commons.wikimedia.org\/wiki\/Category:DJ_Tomekk?uselang=de\" class=\"external text\" target=\"_new\"><span lang=\"en\">Commons<\/span>: DJ Tomekk<\/a><\/b><span typeof=\"mw:Entity\">\u00a0<\/span>\u2013 Sammlung von Bildern<\/div>\n<ul id=\"rdp-we-mwAiI\"><li id=\"rdp-we-mwAiM\"><a rel=\"external_link\" href=\"http:\/\/www.djtomekk.com\/\" class=\"external text\" id=\"rdp-we-mwAiQ\" target=\"_new\">Offizielle Website<\/a><\/li>\n<li id=\"rdp-we-mwAiU\"><a rel=\"external_link\" href=\"https:\/\/www.laut.de\/DJ-Tomekk\" about=\"#mwt96\" typeof=\"mw:Transclusion\" class=\"external text\" id=\"rdp-we-mwAiY\" data-mw='{\"parts\":[{\"template\":{\"target\":{\"wt\":\"laut.de\",\"href\":\".\/Vorlage:Laut.de\"},\"params\":{},\"i\":0}}]}' target=\"_new\">DJ Tomekk<\/a><span about=\"#mwt96\"> bei <\/span><a rel=\"mw:WikiLink\" href=\"https:\/\/de.wikipedia.org\/wiki\/Laut.de\" title=\"Laut.de\" about=\"#mwt96\" id=\"rdp-we-mwAic\" target=\"_new\" class=\"wiki-link\">laut.de<\/a><\/li>\n<li id=\"rdp-we-mwAig\"><a rel=\"external_link\" href=\"https:\/\/www.allmusic.com\/artist\/mn0000819230\" about=\"#mwt97\" typeof=\"mw:Transclusion\" class=\"external text\" id=\"rdp-we-mwAik\" data-mw='{\"parts\":[{\"template\":{\"target\":{\"wt\":\"Allmusic \",\"href\":\".\/Vorlage:Allmusic\"},\"params\":{\"ID\":{\"wt\":\"mn0000819230\"}},\"i\":0}}]}' target=\"_new\"><span>DJ Tomekk<\/span><\/a><span about=\"#mwt97\"> bei <\/span><a rel=\"mw:WikiLink\" href=\"https:\/\/de.wikipedia.org\/wiki\/AllMusic\" title=\"AllMusic\" about=\"#mwt97\" target=\"_new\" class=\"wiki-link\">AllMusic<\/a><span about=\"#mwt97\"> (englisch)<\/span><\/li><\/ul>\n\n<\/section><section data-mw-section-id=\"12\" id=\"rdp-we-mwAio\" aria-labelledby=\"Einzelnachweise\"><div class=\"mw-heading mw-heading2\"><h2 id=\"rdp-we-Einzelnachweise\">Einzelnachweise<\/h2><\/div>\n<ol class=\"mw-references references\" typeof=\"mw:Extension\/references\" about=\"#mwt98\" id=\"rdp-we-mwAis\" data-mw='{\"name\":\"references\",\"attrs\":{}}'><li about=\"#cite_note-1\" id=\"cite_note-1\" data-mw-footnote-number=\"1\"><span class=\"mw-cite-backlink\" id=\"rdp-we-mwAiw\"><a href=\"#cite_ref-1\" rel=\"mw:referencedBy\" id=\"rdp-we-mwAi0\"><span class=\"mw-linkback-text\" id=\"rdp-we-mwAi4\">\u2191<\/span><\/a><\/span> <span id=\"rdp-we-mw-reference-text-cite_note-1\" class=\"mw-reference-text reference-text\"><a rel=\"external_link\" href=\"http:\/\/www.djtomekk.com\/ist-das-radio-tot\/\" class=\"external text\" id=\"rdp-we-mwAi8\" target=\"_new\"><i id=\"rdp-we-mwAjA\">DJ Tomekk \u201eIst das Radio tot?\u201c<\/i><\/a>, Official Website DJ Tomekk \u2013 Blog, 2. Februar 2016, abgerufen am 1. Februar 2019.<\/span><\/li>\n<li about=\"#cite_note-2\" id=\"cite_note-2\" data-mw-footnote-number=\"2\"><span class=\"mw-cite-backlink\" id=\"rdp-we-mwAjE\"><a href=\"#cite_ref-2\" rel=\"mw:referencedBy\" id=\"rdp-we-mwAjI\"><span class=\"mw-linkback-text\" id=\"rdp-we-mwAjM\">\u2191<\/span><\/a><\/span> <span id=\"rdp-we-mw-reference-text-cite_note-2\" class=\"mw-reference-text reference-text\"><a rel=\"external_link\" href=\"https:\/\/www.discogs.com\/de\/search\/?q=Dj+tomekk&type=all\" class=\"external text\" id=\"rdp-we-mwAjQ\" target=\"_new\"><i id=\"rdp-we-mwAjU\"> DJ Tomekk wurde weltweit auf \u00fcber 500 verschiedenen Tontr\u00e4gern ver\u00f6ffentlicht. <\/i><\/a> <i id=\"rdp-we-mwAjY\"><a rel=\"mw:WikiLink\" href=\"https:\/\/de.wikipedia.org\/wiki\/Discogs\" title=\"Discogs\" id=\"rdp-we-mwAjc\" target=\"_new\" class=\"wiki-link\">discogs<\/a><\/i>, abgerufen am 1. Februar 2019.<\/span><\/li>\n<li about=\"#cite_note-3\" id=\"cite_note-3\" data-mw-footnote-number=\"3\"><span class=\"mw-cite-backlink\" id=\"rdp-we-mwAjg\"><a href=\"#cite_ref-3\" rel=\"mw:referencedBy\" id=\"rdp-we-mwAjk\"><span class=\"mw-linkback-text\" id=\"rdp-we-mwAjo\">\u2191<\/span><\/a><\/span> <span id=\"rdp-we-mw-reference-text-cite_note-3\" class=\"mw-reference-text reference-text\"><a rel=\"external_link\" href=\"https:\/\/web.archive.org\/web\/20190202212634\/http:\/\/prc-event.de\/Newsletter\/index-Dateien\/Page2726.htm\" about=\"#mwt3\" class=\"external text\" id=\"rdp-we-mwAjw\" target=\"_new\"><i id=\"rdp-we-mwAj0\">Biografie von DJ Tomek<\/i><\/a><span about=\"#mwt3\" id=\"rdp-we-mwAj4\"> (<\/span><span class=\"webarchiv-memento\" about=\"#mwt3\" id=\"rdp-we-mwAj8\"><a rel=\"mw:WikiLink\" href=\"https:\/\/de.wikipedia.org\/wiki\/Webarchivierung#Begrifflichkeiten\" title=\"Webarchivierung\" id=\"rdp-we-mwAkA\" target=\"_new\" class=\"wiki-link\">Memento<\/a><\/span><span about=\"#mwt3\" id=\"rdp-we-mwAkE\"> vom 2. Februar 2019 im <\/span><i about=\"#mwt3\" id=\"rdp-we-mwAkI\"><a rel=\"mw:WikiLink\" href=\"https:\/\/de.wikipedia.org\/wiki\/Internet_Archive\" title=\"Internet Archive\" id=\"rdp-we-mwAkM\" target=\"_new\" class=\"wiki-link\">Internet Archive<\/a><\/i><span about=\"#mwt3\" id=\"rdp-we-mwAkQ\">)<\/span> PRC EVENT, Autor: G-INSEL \u2013 ELLWANGEN, 14. Oktober 2006, abgerufen am 1. Februar 2019.<\/span><\/li>\n<li about=\"#cite_note-4\" id=\"cite_note-4\" data-mw-footnote-number=\"4\"><span class=\"mw-cite-backlink\" id=\"rdp-we-mwAkU\"><a href=\"#cite_ref-4\" rel=\"mw:referencedBy\" id=\"rdp-we-mwAkY\"><span class=\"mw-linkback-text\" id=\"rdp-we-mwAkc\">\u2191<\/span><\/a><\/span> <span id=\"rdp-we-mw-reference-text-cite_note-4\" class=\"mw-reference-text reference-text\"><a rel=\"external_link\" href=\"https:\/\/www.stern.de\/kultur\/musik\/dj-tomekk--was-macht-eigentlich-der-ehemalige-star-dj-heute--8121528.html\" class=\"external text\" id=\"rdp-we-mwAkg\" target=\"_new\"><i id=\"rdp-we-mwAkk\">Was macht eigentlich \u2026 DJ Tomekk?<\/i><\/a> in <a rel=\"mw:WikiLink\" href=\"https:\/\/de.wikipedia.org\/wiki\/Stern_(Zeitschrift)\" title=\"Stern (Zeitschrift)\" id=\"rdp-we-mwAko\" target=\"_new\" class=\"wiki-link\">Stern<\/a>, 12. Juni 2018, abgerufen am 1. Februar 2019.<\/span><\/li>\n<li about=\"#cite_note-5\" id=\"cite_note-5\" data-mw-footnote-number=\"5\"><span class=\"mw-cite-backlink\" id=\"rdp-we-mwAks\"><a href=\"#cite_ref-5\" rel=\"mw:referencedBy\" id=\"rdp-we-mwAkw\"><span class=\"mw-linkback-text\" id=\"rdp-we-mwAk0\">\u2191<\/span><\/a><\/span> <span id=\"rdp-we-mw-reference-text-cite_note-5\" class=\"mw-reference-text reference-text\"><i id=\"rdp-we-mwAk4\"><a rel=\"external_link\" href=\"https:\/\/taz.de\/Leben-dank-HipHop\/!1207135\/\" class=\"external text\" id=\"rdp-we-mwAk8\" target=\"_new\">Leben dank HipHop.<\/a><\/i> <i id=\"rdp-we-mwAlA\"><a rel=\"mw:WikiLink\" href=\"https:\/\/de.wikipedia.org\/wiki\/TAZ\" title=\"TAZ\" class=\"mw-redirect wiki-link\" id=\"rdp-we-mwAlE\" target=\"_new\">TAZ<\/a><\/i>, abgerufen am 21. November 2024.<\/span><\/li>\n<li about=\"#cite_note-6\" id=\"cite_note-6\" data-mw-footnote-number=\"6\"><span class=\"mw-cite-backlink\" id=\"rdp-we-mwAlI\"><a href=\"#cite_ref-6\" rel=\"mw:referencedBy\" id=\"rdp-we-mwAlM\"><span class=\"mw-linkback-text\" id=\"rdp-we-mwAlQ\">\u2191<\/span><\/a><\/span> <span id=\"rdp-we-mw-reference-text-cite_note-6\" class=\"mw-reference-text reference-text\"><span class=\"cite\" about=\"#mwt8\" typeof=\"mw:Transclusion\" id=\"rdp-we-mwAlU\" data-mw='{\"parts\":[{\"template\":{\"target\":{\"wt\":\"Internetquelle \",\"href\":\".\/Vorlage:Internetquelle\"},\"params\":{\"url\":{\"wt\":\"http:\/\/www.diesterweg.cidsnet.de\/conpresso\/links\/detail.php?nr=844&amp;kategorie=links\"},\"titel\":{\"wt\":\"Links \u2013 Diesterweg-Gymnasium Berlin\"},\"werk\":{\"wt\":\"diesterweg.cidsnet.de\"},\"datum\":{\"wt\":\"2011-04-01\"},\"offline\":{\"wt\":\"ja\"},\"archiv-bot\":{\"wt\":\"2023-12-08 09:48:33 InternetArchiveBot\"},\"abruf\":{\"wt\":\"2011-04-01\"},\"archiv-url\":{\"wt\":\"https:\/\/web.archive.org\/web\/20111011233700\/http:\/\/www.diesterweg.cidsnet.de\/conpresso\/links\/detail.php?nr=844&amp;kategorie=links\"},\"archiv-datum\":{\"wt\":\"2011-10-11\"}},\"i\":0}}]}'><a rel=\"external_link\" href=\"https:\/\/web.archive.org\/web\/20111011233700\/http:\/\/www.diesterweg.cidsnet.de\/conpresso\/links\/detail.php?nr=844&kategorie=links\" class=\"external text\" id=\"rdp-we-mwAlY\" target=\"_new\"><i id=\"rdp-we-mwAlc\">Links \u2013 Diesterweg-Gymnasium Berlin.<\/i><\/a><span typeof=\"mw:Entity\" id=\"rdp-we-mwAlg\"> <\/span>In:<span typeof=\"mw:Entity\" id=\"rdp-we-mwAlk\"> <\/span><i id=\"rdp-we-mwAlo\">diesterweg.cidsnet.de.<\/i><span typeof=\"mw:Entity\" id=\"rdp-we-mwAls\"> <\/span>1.<span typeof=\"mw:Entity\" id=\"rdp-we-mwAlw\">\u00a0<\/span>April 2011,<span typeof=\"mw:Entity\" id=\"rdp-we-mwAl0\"> <\/span>archiviert<span typeof=\"mw:Entity\" id=\"rdp-we-mwAl4\"> <\/span>vom<span typeof=\"mw:Entity\" id=\"rdp-we-mwAl8\"> <\/span><span class=\"dewiki-iconexternal\" id=\"rdp-we-mwAmE\"><a rel=\"external_link\" href=\"https:\/\/redirecter.toolforge.org\/?url=http%3A%2F%2Fwww.diesterweg.cidsnet.de%2Fconpresso%2Flinks%2Fdetail.php%3Fnr%3D844%26kategorie%3Dlinks\" class=\"external text\" id=\"rdp-we-mwAmI\" target=\"_new\">Original<\/a><\/span><span typeof=\"mw:Entity\" id=\"rdp-we-mwAmM\"> <\/span>(nicht mehr online verf\u00fcgbar)<span typeof=\"mw:Entity\" id=\"rdp-we-mwAmQ\"> <\/span>am<span typeof=\"mw:Entity\" id=\"rdp-we-mwAmU\"> <\/span><span style=\"white-space:nowrap;\" id=\"rdp-we-mwAmY\">11.<span typeof=\"mw:Entity\" id=\"rdp-we-mwAmc\">\u00a0<\/span>Oktober 2011<\/span><span id=\"rdp-we-mwAmg\">;<\/span><span class=\"Abrufdatum\" id=\"rdp-we-mwAmk\"><span typeof=\"mw:Entity\" id=\"rdp-we-mwAmo\"> <\/span>abgerufen am 1.<span typeof=\"mw:Entity\" id=\"rdp-we-mwAms\">\u00a0<\/span>April 2011<\/span>.<\/span><span typeof=\"mw:Entity\" about=\"#mwt8\" id=\"rdp-we-mwAmw\"> <\/span><small class=\"archiv-bot\" about=\"#mwt8\" id=\"rdp-we-mwAm0\"><span class=\"wp_boppel noviewer\" aria-hidden=\"true\" role=\"presentation\" id=\"rdp-we-mwAm4\"><span typeof=\"mw:File\" id=\"rdp-we-mwAm8\" data-mw='{\"caption\":\"i\"}'><span title=\"i\" id=\"rdp-we-mwAnA\"><img resource=\"https:\/\/de.wikipedia.org\/wiki\/Datei:Pictogram_voting_info.svg\" src=\"https:\/\/upload.wikimedia.org\/wikipedia\/commons\/thumb\/4\/4a\/Pictogram_voting_info.svg\/20px-Pictogram_voting_info.svg.png?utm_source=de.wikipedia.org&amp;utm_campaign=parser&amp;utm_content=thumbnail\" decoding=\"async\" loading=\"lazy\" alt=\"\" data-file-type=\"drawing\" height=\"15\" width=\"15\" class=\"mw-file-element\" id=\"rdp-we-mwAnE\"\/><\/span><\/span><\/span><span typeof=\"mw:Entity\" id=\"rdp-we-mwAnI\">\u00a0<\/span><b id=\"rdp-we-mwAnM\">Info:<\/b> Der Archivlink wurde automatisch eingesetzt und noch nicht gepr\u00fcft. Bitte pr\u00fcfe Original- und Archivlink gem\u00e4\u00df <a rel=\"mw:WikiLink\" href=\"https:\/\/de.wikipedia.org\/wiki\/Benutzer:InternetArchiveBot\/Anleitung\/Archivlink\" title=\"Benutzer:InternetArchiveBot\/Anleitung\/Archivlink\" id=\"rdp-we-mwAnQ\" target=\"_new\" class=\"wiki-link\">Anleitung<\/a> und entferne dann diesen Hinweis.<\/small><span style=\"display:none\" about=\"#mwt8\" id=\"rdp-we-mwAnU\"><a rel=\"external_link\" href=\"http:\/\/IABotmemento.invalid\/http:\/\/www.diesterweg.cidsnet.de\/conpresso\/links\/detail.php?nr=844&kategorie=links\" class=\"external text\" id=\"rdp-we-mwAnY\" target=\"_new\">@1<\/a><\/span><span style=\"display:none\" about=\"#mwt8\" id=\"rdp-we-mwAnc\"><a rel=\"external_link\" href=\"http:\/\/www.diesterweg.cidsnet.de\/conpresso\/links\/detail.php?nr=844&kategorie=links\" class=\"external text\" id=\"rdp-we-mwAng\" target=\"_new\">@2<\/a><\/span><span style=\"display:none\" about=\"#mwt8\" id=\"rdp-we-mwAnk\"><a rel=\"mw:WikiLink\" href=\"https:\/\/de.wikipedia.org\/wiki\/Vorlage:Webachiv\/IABot\/www.diesterweg.cidsnet.de?action=edit&redlink=1\" title=\"Vorlage:Webachiv\/IABot\/www.diesterweg.cidsnet.de (Seite nicht vorhanden)\" class=\"new wiki-link\" typeof=\"mw:LocalizedAttrs\" id=\"rdp-we-mwAno\" data-mw-i18n='{\"title\":{\"lang\":\"x-page\",\"key\":\"red-link-title\",\"params\":[\"Vorlage:Webachiv\/IABot\/www.diesterweg.cidsnet.de\"]}}' target=\"_new\">Vorlage:Webachiv\/IABot\/www.diesterweg.cidsnet.de<\/a><\/span><link rel=\"mw:PageProp\/Category\" href=\".\/Kategorie:Wikipedia:Defekte_Weblinks\/Ungepr\u00fcfte_Archivlinks_2023-12\" about=\"#mwt8\" id=\"rdp-we-mwAns\"\/><span style=\"display: none;\" class=\"Z3988\" title=\"ctx_ver=Z39.88-2004&amp;rft_val_fmt=info%3Aofi%2Ffmt%3Akev%3Amtx%3Adc&amp;rfr_id=info%3Asid%2Fde.wikipedia.org%3ADJ+Tomekk&amp;rft.title=Links+%E2%80%93+Diesterweg-Gymnasium+Berlin&amp;rft.description=Links+%E2%80%93+Diesterweg-Gymnasium+Berlin&amp;rft.identifier=https%3A%2F%2Fweb.archive.org%2Fweb%2F20111011233700%2Fhttp%3A%2F%2Fwww.diesterweg.cidsnet.de%2Fconpresso%2Flinks%2Fdetail.php%3Fnr%3D844%26kategorie%3Dlinks&amp;rft.date=2011-04-01&amp;rft.source=http:\/\/www.diesterweg.cidsnet.de\/conpresso\/links\/detail.php?nr=844&amp;kategorie=links\" about=\"#mwt8\" id=\"rdp-we-mwAnw\"><span typeof=\"mw:Entity\" id=\"rdp-we-mwAn0\">\u00a0<\/span><\/span><\/span><\/li>\n<li about=\"#cite_note-7\" id=\"cite_note-7\" data-mw-footnote-number=\"7\"><span class=\"mw-cite-backlink\" id=\"rdp-we-mwAn4\"><a href=\"#cite_ref-7\" rel=\"mw:referencedBy\" id=\"rdp-we-mwAn8\"><span class=\"mw-linkback-text\" id=\"rdp-we-mwAoA\">\u2191<\/span><\/a><\/span> <span id=\"rdp-we-mw-reference-text-cite_note-7\" class=\"mw-reference-text reference-text\"><a rel=\"external_link\" href=\"https:\/\/www.bild.de\/news\/einherzfuerkinder\/dj-tomekk\/live-radio-sendung-21501620.bild.html\" class=\"external text\" id=\"rdp-we-mwAoE\" target=\"_new\">bild.de<\/a> Tomekk im Kinderheim \u201eFrohsinn\u201c, Website \u201e<a rel=\"mw:WikiLink\" href=\"https:\/\/de.wikipedia.org\/wiki\/Bild_(Zeitung)\" title=\"Bild (Zeitung)\" id=\"rdp-we-mwAoI\" target=\"_new\" class=\"wiki-link\">Bild<\/a>\u201c, abgerufen am 1. Februar 2019.<\/span><\/li>\n<li about=\"#cite_note-8\" id=\"cite_note-8\" data-mw-footnote-number=\"8\"><span class=\"mw-cite-backlink\" id=\"rdp-we-mwAoM\"><a href=\"#cite_ref-8\" rel=\"mw:referencedBy\" id=\"rdp-we-mwAoQ\"><span class=\"mw-linkback-text\" id=\"rdp-we-mwAoU\">\u2191<\/span><\/a><\/span> <span id=\"rdp-we-mw-reference-text-cite_note-8\" class=\"mw-reference-text reference-text\"><a rel=\"external_link\" href=\"http:\/\/www.djtomekk.com\/history\/\" class=\"external text\" id=\"rdp-we-mwAoY\" target=\"_new\"><i id=\"rdp-we-mwAoc\">Graffiti Beginner Award<\/i><\/a> <i id=\"rdp-we-mwAog\">Official Website DJ Tomekk<\/i>, abgerufen am 1. Februar 2019.<\/span><\/li>\n<li about=\"#cite_note-9\" id=\"cite_note-9\" data-mw-footnote-number=\"9\"><span class=\"mw-cite-backlink\" id=\"rdp-we-mwAok\"><a href=\"#cite_ref-9\" rel=\"mw:referencedBy\" id=\"rdp-we-mwAoo\"><span class=\"mw-linkback-text\" id=\"rdp-we-mwAos\">\u2191<\/span><\/a><\/span> <span id=\"rdp-we-mw-reference-text-cite_note-9\" class=\"mw-reference-text reference-text\"><a rel=\"external_link\" href=\"https:\/\/www.phonostar.de\/radio\/jamfm\/live\/dj-tomekk\/s\/5979\" class=\"external text\" id=\"rdp-we-mwAow\" target=\"_new\">DJ Tomekks Sendung auf Kiss FM hei\u00dft Boogie Down Berlin.<\/a>, abgerufen am 1. Februar 2019<\/span><\/li>\n<li about=\"#cite_note-10\" id=\"cite_note-10\" data-mw-footnote-number=\"10\"><span class=\"mw-cite-backlink\" id=\"rdp-we-mwAo0\"><a href=\"#cite_ref-10\" rel=\"mw:referencedBy\" id=\"rdp-we-mwAo4\"><span class=\"mw-linkback-text\" id=\"rdp-we-mwAo8\">\u2191<\/span><\/a><\/span> <span id=\"rdp-we-mw-reference-text-cite_note-10\" class=\"mw-reference-text reference-text\"><a rel=\"external_link\" href=\"http:\/\/www.djtomekk.com\/history\/\" class=\"external autonumber\" id=\"rdp-we-mwApA\" target=\"_new\"><\/a> Autogrammkarte von DJ Tomekk bei Kiss FM, official Website from DJ Tomekk', abgerufen am 1. Februar 2019<\/span><\/li>\n<li about=\"#cite_note-11\" id=\"cite_note-11\" data-mw-footnote-number=\"11\"><span class=\"mw-cite-backlink\" id=\"rdp-we-mwApE\"><a href=\"#cite_ref-11\" rel=\"mw:referencedBy\" id=\"rdp-we-mwApI\"><span class=\"mw-linkback-text\" id=\"rdp-we-mwApM\">\u2191<\/span><\/a><\/span> <span id=\"rdp-we-mw-reference-text-cite_note-11\" class=\"mw-reference-text reference-text\"><a rel=\"external_link\" href=\"https:\/\/juice.de\/dj-tomekk-vs-the-beats-hiphop-war-wirklich-mein-leben-es-gab-keinen-alternativplan-feature\/\" class=\"external text\" id=\"rdp-we-mwApQ\" target=\"_new\"><i id=\"rdp-we-mwApU\">DJ Tomekk vs. The Beats: \u00bbHipHop war wirklich mein Leben, es gab keinen Alternativplan\u00ab<\/i><\/a>\u201a <a rel=\"mw:WikiLink\" href=\"https:\/\/de.wikipedia.org\/wiki\/Juice_(Magazin)\" title=\"Juice (Magazin)\" id=\"rdp-we-mwApY\" target=\"_new\" class=\"wiki-link\">Juice<\/a> 5. Juli 2019, abgerufen am 28. August 2020.<\/span><\/li>\n<li about=\"#cite_note-12\" id=\"cite_note-12\" data-mw-footnote-number=\"12\"><span class=\"mw-cite-backlink\" id=\"rdp-we-mwApc\"><a href=\"#cite_ref-12\" rel=\"mw:referencedBy\" id=\"rdp-we-mwApg\"><span class=\"mw-linkback-text\" id=\"rdp-we-mwApk\">\u2191<\/span><\/a><\/span> <span id=\"rdp-we-mw-reference-text-cite_note-12\" class=\"mw-reference-text reference-text\"><a rel=\"external_link\" href=\"http:\/\/www.djtomekk.com\/history\/\" class=\"external text\" id=\"rdp-we-mwApo\" target=\"_new\"><i id=\"rdp-we-mwAps\">Urkunde der Stadt Los Angeles<\/i><\/a>\u201a Official Website DJ Tomekk, abgerufen am 1. Februar 2019.<\/span><\/li>\n<li about=\"#cite_note-13\" id=\"cite_note-13\" data-mw-footnote-number=\"13\"><span class=\"mw-cite-backlink\" id=\"rdp-we-mwApw\"><a href=\"#cite_ref-13\" rel=\"mw:referencedBy\" id=\"rdp-we-mwAp0\"><span class=\"mw-linkback-text\" id=\"rdp-we-mwAp4\">\u2191<\/span><\/a><\/span> <span id=\"rdp-we-mw-reference-text-cite_note-13\" class=\"mw-reference-text reference-text\"><a rel=\"external_link\" href=\"https:\/\/www.morgenpost.de\/vermischtes\/article102168287\/DJ-TOMEKK.html\" class=\"external text\" id=\"rdp-we-mwAp8\" target=\"_new\"><i id=\"rdp-we-mwAqA\">Biografie DJ Tomekk in der Berliner Morgenpost<\/i><\/a>\u201a <a rel=\"mw:WikiLink\" href=\"https:\/\/de.wikipedia.org\/wiki\/Berliner_Morgenpost\" title=\"Berliner Morgenpost\" id=\"rdp-we-mwAqE\" target=\"_new\" class=\"wiki-link\">Morgenpost<\/a>, 9. Januar 2008, abgerufen am 1. Februar 2019<\/span><\/li>\n<li about=\"#cite_note-14\" id=\"cite_note-14\" data-mw-footnote-number=\"14\"><span class=\"mw-cite-backlink\" id=\"rdp-we-mwAqI\"><a href=\"#cite_ref-14\" rel=\"mw:referencedBy\" id=\"rdp-we-mwAqM\"><span class=\"mw-linkback-text\" id=\"rdp-we-mwAqQ\">\u2191<\/span><\/a><\/span> <span id=\"rdp-we-mw-reference-text-cite_note-14\" class=\"mw-reference-text reference-text\"><a rel=\"external_link\" href=\"http:\/\/www.djtomekk.com\/history\/\" class=\"external autonumber\" id=\"rdp-we-mwAqU\" target=\"_new\"><\/a> Autogrammkarte von DJ Tomekk bei Kiss FM, official Website from DJ Tomekk', abgerufen am 1. Februar 2019<\/span><\/li>\n<li about=\"#cite_note-15\" id=\"cite_note-15\" data-mw-footnote-number=\"15\"><span class=\"mw-cite-backlink\" id=\"rdp-we-mwAqY\"><a href=\"#cite_ref-15\" rel=\"mw:referencedBy\" id=\"rdp-we-mwAqc\"><span class=\"mw-linkback-text\" id=\"rdp-we-mwAqg\">\u2191<\/span><\/a><\/span> <span id=\"rdp-we-mw-reference-text-cite_note-15\" class=\"mw-reference-text reference-text\"><a rel=\"external_link\" href=\"https:\/\/www.gaesteliste030.de\/party\/01-08-14\/spindler-klatt-strike--do-it-like-1995-d0PSjgT5y0ywh_69Ylulow\" class=\"external text\" id=\"rdp-we-mwAqk\" target=\"_new\"><i id=\"rdp-we-mwAqo\">Strike Revival Party<\/i><\/a>, G\u00e4steliste 030, 1. August 2014, abgerufen am 1. Februar 2019<\/span><\/li>\n<li about=\"#cite_note-16\" id=\"cite_note-16\" data-mw-footnote-number=\"16\"><span class=\"mw-cite-backlink\" id=\"rdp-we-mwAqs\"><a href=\"#cite_ref-16\" rel=\"mw:referencedBy\" id=\"rdp-we-mwAqw\"><span class=\"mw-linkback-text\" id=\"rdp-we-mwAq0\">\u2191<\/span><\/a><\/span> <span id=\"rdp-we-mw-reference-text-cite_note-16\" class=\"mw-reference-text reference-text\"><a rel=\"external_link\" href=\"https:\/\/www.shots.media\/gentlemen\/2016\/interview-dj-tomekk-von-der-befreiung-des-erfolgsdrucks\/2378\" class=\"external text\" id=\"rdp-we-mwAq4\" target=\"_new\"><i id=\"rdp-we-mwAq8\">Interview DJ Tomekk: Von der Befreiung des Erfolgsdrucks<\/i><\/a>, Shots Magazin, Autor: Mario-Roman Lambrecht 1. April 2016, abgerufen am 1. Februar 2019.<\/span><\/li>\n<li about=\"#cite_note-17\" id=\"cite_note-17\" data-mw-footnote-number=\"17\"><span class=\"mw-cite-backlink\" id=\"rdp-we-mwArA\"><a href=\"#cite_ref-17\" rel=\"mw:referencedBy\" id=\"rdp-we-mwArE\"><span class=\"mw-linkback-text\" id=\"rdp-we-mwArI\">\u2191<\/span><\/a><\/span> <span id=\"rdp-we-mw-reference-text-cite_note-17\" class=\"mw-reference-text reference-text\"><a rel=\"external_link\" href=\"https:\/\/www.youtube.com\/watch?v=-kuDf7-Gbs4\" class=\"external text\" id=\"rdp-we-mwArM\" target=\"_new\"><i id=\"rdp-we-mwArQ\">youtube, THE FUGEES \u2013 FU-GEE-LA (DJ TOMEKK REMIX)<\/i><\/a>, abgerufen am 12. Juni 2020.<\/span><\/li>\n<li about=\"#cite_note-18\" id=\"cite_note-18\" data-mw-footnote-number=\"18\"><span class=\"mw-cite-backlink\" id=\"rdp-we-mwArU\"><a href=\"#cite_ref-18\" rel=\"mw:referencedBy\" id=\"rdp-we-mwArY\"><span class=\"mw-linkback-text\" id=\"rdp-we-mwArc\">\u2191<\/span><\/a><\/span> <span id=\"rdp-we-mw-reference-text-cite_note-18\" class=\"mw-reference-text reference-text\"><a rel=\"external_link\" href=\"https:\/\/www.last.fm\/de\/music\/DJ+Tomekk\/Black+Club+Grooves\" class=\"external text\" id=\"rdp-we-mwArg\" target=\"_new\"><i id=\"rdp-we-mwArk\">Trackliste Black Club Groove<\/i><\/a> website last fm, abgerufen am 1. Februar 2019.<\/span><\/li>\n<li about=\"#cite_note-19\" id=\"cite_note-19\" data-mw-footnote-number=\"19\"><span class=\"mw-cite-backlink\" id=\"rdp-we-mwAro\"><a href=\"#cite_ref-19\" rel=\"mw:referencedBy\" id=\"rdp-we-mwArs\"><span class=\"mw-linkback-text\" id=\"rdp-we-mwArw\">\u2191<\/span><\/a><\/span> <span id=\"rdp-we-mw-reference-text-cite_note-19\" class=\"mw-reference-text reference-text\"><a rel=\"external_link\" href=\"https:\/\/www.laut.de\/DJ-Tomekk\" class=\"external text\" id=\"rdp-we-mwAr0\" target=\"_new\">Biografie von Tomekk<\/a> auf <i id=\"rdp-we-mwAr4\"><a rel=\"mw:WikiLink\" href=\"https:\/\/de.wikipedia.org\/wiki\/Laut.de\" title=\"Laut.de\" id=\"rdp-we-mwAr8\" target=\"_new\" class=\"wiki-link\">laut.de<\/a><\/i>, abgerufen am 1. Februar 2019.<\/span><\/li>\n<li about=\"#cite_note-20\" id=\"cite_note-20\" data-mw-footnote-number=\"20\"><span class=\"mw-cite-backlink\" id=\"rdp-we-mwAsA\"><a href=\"#cite_ref-20\" rel=\"mw:referencedBy\" id=\"rdp-we-mwAsE\"><span class=\"mw-linkback-text\" id=\"rdp-we-mwAsI\">\u2191<\/span><\/a><\/span> <span id=\"rdp-we-mw-reference-text-cite_note-20\" class=\"mw-reference-text reference-text\"><a rel=\"external_link\" href=\"https:\/\/www.youtube.com\/watch?v=1EzC-ZNZkpE\" class=\"external text\" id=\"rdp-we-mwAsM\" target=\"_new\"><i id=\"rdp-we-mwAsQ\">Video \u201eIch lebe f\u00fcr Hip Hop\u201c auf YouTube<\/i><\/a>, abgerufen am 1. Februar 2019<\/span><\/li>\n<li about=\"#cite_note-21\" id=\"cite_note-21\" data-mw-footnote-number=\"21\"><span class=\"mw-cite-backlink\" id=\"rdp-we-mwAsU\"><a href=\"#cite_ref-21\" rel=\"mw:referencedBy\" id=\"rdp-we-mwAsY\"><span class=\"mw-linkback-text\" id=\"rdp-we-mwAsc\">\u2191<\/span><\/a><\/span> <span id=\"rdp-we-mw-reference-text-cite_note-21\" class=\"mw-reference-text reference-text\"><a rel=\"external_link\" href=\"http:\/\/boldtberlin.de\/artists\/\" class=\"external text\" id=\"rdp-we-mwAsg\" target=\"_new\"><i id=\"rdp-we-mwAsk\">Agentur Boldt<\/i><\/a> <i id=\"rdp-we-mwAso\">Website Agentur Boldt<\/i>, abgerufen am 1. Februar 2019.<\/span><\/li>\n<li about=\"#cite_note-22\" id=\"cite_note-22\" data-mw-footnote-number=\"22\"><span class=\"mw-cite-backlink\" id=\"rdp-we-mwAss\"><a href=\"#cite_ref-22\" rel=\"mw:referencedBy\" id=\"rdp-we-mwAsw\"><span class=\"mw-linkback-text\" id=\"rdp-we-mwAs0\">\u2191<\/span><\/a><\/span> <span id=\"rdp-we-mw-reference-text-cite_note-22\" class=\"mw-reference-text reference-text\"><a rel=\"external_link\" href=\"https:\/\/www.youtube.com\/watch?v=1-Kvy0T0X98\" class=\"external text\" id=\"rdp-we-mwAs4\" target=\"_new\"><i id=\"rdp-we-mwAs8\">Reality Brothers auf Viva<\/i><\/a> <i id=\"rdp-we-mwAtA\">youtube<\/i>, abgerufen am 1. Februar 2019.<\/span><\/li>\n<li about=\"#cite_note-23\" id=\"cite_note-23\" data-mw-footnote-number=\"23\"><span class=\"mw-cite-backlink\" id=\"rdp-we-mwAtE\"><a href=\"#cite_ref-23\" rel=\"mw:referencedBy\" id=\"rdp-we-mwAtI\"><span class=\"mw-linkback-text\" id=\"rdp-we-mwAtM\">\u2191<\/span><\/a><\/span> <span id=\"rdp-we-mw-reference-text-cite_note-23\" class=\"mw-reference-text reference-text\"><a rel=\"external_link\" href=\"https:\/\/www.redbull.com\/de-de\/specter-aggro-berlin-interview\" class=\"external text\" id=\"rdp-we-mwAtQ\" target=\"_new\"><i id=\"rdp-we-mwAtU\">Wie DJ Tomekk die Anf\u00e4nge von Aggro Berlin finanzierte<\/i><\/a>, Interview mit Grafiker und Regisseur Eric \u201eSpecter\u201c Remberg auf RedBull.com, Autor: Ralf Theil, abgerufen am 1. Februar 2019.<\/span><\/li>\n<li about=\"#cite_note-24\" id=\"cite_note-24\" data-mw-footnote-number=\"24\"><span class=\"mw-cite-backlink\" id=\"rdp-we-mwAtY\"><a href=\"#cite_ref-24\" rel=\"mw:referencedBy\" id=\"rdp-we-mwAtc\"><span class=\"mw-linkback-text\" id=\"rdp-we-mwAtg\">\u2191<\/span><\/a><\/span> <span id=\"rdp-we-mw-reference-text-cite_note-24\" class=\"mw-reference-text reference-text\"><a rel=\"external_link\" href=\"https:\/\/www.youtube.com\/watch?v=93guwXtwa6k\" class=\"external text\" id=\"rdp-we-mwAtk\" target=\"_new\"><i id=\"rdp-we-mwAto\">DJ Tomekk Channel on youtube, LL COOL J Feat. KELLY PRICE \u2013 YOU AND ME (DJ TOMEKK REMIX)<\/i><\/a>, abgerufen am 12. Juni 2020.<\/span><\/li>\n<li about=\"#cite_note-25\" id=\"cite_note-25\" data-mw-footnote-number=\"25\"><span class=\"mw-cite-backlink\" id=\"rdp-we-mwAts\"><a href=\"#cite_ref-25\" rel=\"mw:referencedBy\" id=\"rdp-we-mwAtw\"><span class=\"mw-linkback-text\" id=\"rdp-we-mwAt0\">\u2191<\/span><\/a><\/span> <span id=\"rdp-we-mw-reference-text-cite_note-25\" class=\"mw-reference-text reference-text\"><link rel=\"mw-deduplicated-inline-style\" href=\"mw-data:TemplateStyles:r261891140\" about=\"#mwt29\" typeof=\"mw:Extension\/templatestyles mw:Transclusion\" id=\"rdp-we-mwAt4\" data-mw='{\"name\":\"templatestyles\",\"attrs\":{\"src\":\"Webarchiv\/styles.css\"},\"parts\":[{\"template\":{\"target\":{\"wt\":\"Webarchiv \",\"href\":\".\/Vorlage:Webarchiv\"},\"params\":{\"url\":{\"wt\":\"https:\/\/www.intro.de\/popmusik\/dj-tomekk-zieht-nach-new-york\"},\"text\":{\"wt\":\"&apos;&apos;DJ Tomekk zieht nach New York&apos;&apos;\"},\"wayback\":{\"wt\":\"20190203050414\"},\"archiv-bot\":{\"wt\":\"2023-04-07 03:55:13 InternetArchiveBot\"}},\"i\":0}}]}'\/><a rel=\"external_link\" href=\"https:\/\/web.archive.org\/web\/20190203050414\/https:\/\/www.intro.de\/popmusik\/dj-tomekk-zieht-nach-new-york\" about=\"#mwt29\" class=\"external text\" id=\"rdp-we-mwAt8\" target=\"_new\"><i id=\"rdp-we-mwAuA\">DJ Tomekk zieht nach New York<\/i><\/a><span about=\"#mwt29\" id=\"rdp-we-mwAuE\"> (<\/span><span class=\"webarchiv-memento\" about=\"#mwt29\" id=\"rdp-we-mwAuI\"><a rel=\"mw:WikiLink\" href=\"https:\/\/de.wikipedia.org\/wiki\/Webarchivierung#Begrifflichkeiten\" title=\"Webarchivierung\" id=\"rdp-we-mwAuM\" target=\"_new\" class=\"wiki-link\">Memento<\/a><\/span><span typeof=\"mw:Entity\" about=\"#mwt29\" id=\"rdp-we-mwAuQ\"> <\/span><span about=\"#mwt29\" id=\"rdp-we-mwAuU\">des <\/span><link rel=\"mw-deduplicated-inline-style\" href=\"mw-data:TemplateStyles:r250917974\" about=\"#mwt29\" typeof=\"mw:Extension\/templatestyles\" id=\"rdp-we-mwAuY\" data-mw='{\"name\":\"templatestyles\",\"attrs\":{\"src\":\"Vorlage:IconExternal\/styles.css\"}}'\/><span class=\"dewiki-iconexternal\" about=\"#mwt29\" id=\"rdp-we-mwAuc\"><a rel=\"external_link\" href=\"https:\/\/redirecter.toolforge.org\/?url=https%3A%2F%2Fwww.intro.de%2Fpopmusik%2Fdj-tomekk-zieht-nach-new-york\" class=\"external text\" id=\"rdp-we-mwAug\" target=\"_new\">Originals<\/a><\/span><span about=\"#mwt29\" id=\"rdp-we-mwAuk\"> vom 3. Februar 2019 im <\/span><i about=\"#mwt29\" id=\"rdp-we-mwAuo\"><a rel=\"mw:WikiLink\" href=\"https:\/\/de.wikipedia.org\/wiki\/Internet_Archive\" title=\"Internet Archive\" id=\"rdp-we-mwAus\" target=\"_new\" class=\"wiki-link\">Internet Archive<\/a><\/i><span about=\"#mwt29\" id=\"rdp-we-mwAuw\">)<\/span><span typeof=\"mw:Entity\" about=\"#mwt29\" id=\"rdp-we-mwAu0\"> <\/span><small class=\"archiv-bot\" about=\"#mwt29\" id=\"rdp-we-mwAu4\"><span class=\"wp_boppel noviewer\" aria-hidden=\"true\" role=\"presentation\" id=\"rdp-we-mwAu8\"><span typeof=\"mw:File\" id=\"rdp-we-mwAvA\" data-mw='{\"caption\":\"i\"}'><span title=\"i\" id=\"rdp-we-mwAvE\"><img resource=\"https:\/\/de.wikipedia.org\/wiki\/Datei:Pictogram_voting_info.svg\" src=\"https:\/\/upload.wikimedia.org\/wikipedia\/commons\/thumb\/4\/4a\/Pictogram_voting_info.svg\/20px-Pictogram_voting_info.svg.png?utm_source=de.wikipedia.org&amp;utm_campaign=parser&amp;utm_content=thumbnail\" decoding=\"async\" loading=\"lazy\" alt=\"\" data-file-type=\"drawing\" height=\"15\" width=\"15\" class=\"mw-file-element\" id=\"rdp-we-mwAvI\"\/><\/span><\/span><\/span><span typeof=\"mw:Entity\" id=\"rdp-we-mwAvM\">\u00a0<\/span><b id=\"rdp-we-mwAvQ\">Info:<\/b> Der Archivlink wurde automatisch eingesetzt und noch nicht gepr\u00fcft. Bitte pr\u00fcfe Original- und Archivlink gem\u00e4\u00df <a rel=\"mw:WikiLink\" href=\"https:\/\/de.wikipedia.org\/wiki\/Benutzer:InternetArchiveBot\/Anleitung\/Archivlink\" title=\"Benutzer:InternetArchiveBot\/Anleitung\/Archivlink\" id=\"rdp-we-mwAvU\" target=\"_new\" class=\"wiki-link\">Anleitung<\/a> und entferne dann diesen Hinweis.<\/small><span style=\"display:none\" about=\"#mwt29\" id=\"rdp-we-mwAvY\"><a rel=\"external_link\" href=\"http:\/\/IABotmemento.invalid\/https:\/\/www.intro.de\/popmusik\/dj-tomekk-zieht-nach-new-york\" class=\"external text\" id=\"rdp-we-mwAvc\" target=\"_new\">@1<\/a><\/span><span style=\"display:none\" about=\"#mwt29\" id=\"rdp-we-mwAvg\"><a rel=\"external_link\" href=\"https:\/\/www.intro.de\/popmusik\/dj-tomekk-zieht-nach-new-york\" class=\"external text\" id=\"rdp-we-mwAvk\" target=\"_new\">@2<\/a><\/span><span style=\"display:none\" about=\"#mwt29\" id=\"rdp-we-mwAvo\"><a rel=\"mw:WikiLink\" href=\"https:\/\/de.wikipedia.org\/wiki\/Vorlage:Webachiv\/IABot\/www.intro.de?action=edit&redlink=1\" title=\"Vorlage:Webachiv\/IABot\/www.intro.de (Seite nicht vorhanden)\" class=\"new wiki-link\" typeof=\"mw:LocalizedAttrs\" id=\"rdp-we-mwAvs\" data-mw-i18n='{\"title\":{\"lang\":\"x-page\",\"key\":\"red-link-title\",\"params\":[\"Vorlage:Webachiv\/IABot\/www.intro.de\"]}}' target=\"_new\">Vorlage:Webachiv\/IABot\/www.intro.de<\/a><\/span><link rel=\"mw:PageProp\/Category\" href=\".\/Kategorie:Wikipedia:Defekte_Weblinks\/Ungepr\u00fcfte_Archivlinks_2023-04\" about=\"#mwt29\" id=\"rdp-we-mwAvw\"\/> INTRO, 28. Januar 2001, abgerufen am 1. Februar 2019.<\/span><\/li>\n<li about=\"#cite_note-26\" id=\"cite_note-26\" data-mw-footnote-number=\"26\"><span class=\"mw-cite-backlink\" id=\"rdp-we-mwAv0\"><a href=\"#cite_ref-26\" rel=\"mw:referencedBy\" id=\"rdp-we-mwAv4\"><span class=\"mw-linkback-text\" id=\"rdp-we-mwAv8\">\u2191<\/span><\/a><\/span> <span id=\"rdp-we-mw-reference-text-cite_note-26\" class=\"mw-reference-text reference-text\"><a rel=\"external_link\" href=\"https:\/\/www.youtube.com\/watch?v=-OXCfIDPrYE\" class=\"external text\" id=\"rdp-we-mwAwA\" target=\"_new\"><i id=\"rdp-we-mwAwE\">Shaquille O\u2019Neal rappt englisch-deutsch-Mix<\/i><\/a> youtube, 25. Januar 2001, abgerufen am 27. Juli 2019.<\/span><\/li>\n<li about=\"#cite_note-27\" id=\"cite_note-27\" data-mw-footnote-number=\"27\"><span class=\"mw-cite-backlink\" id=\"rdp-we-mwAwI\"><a href=\"#cite_ref-27\" rel=\"mw:referencedBy\" id=\"rdp-we-mwAwM\"><span class=\"mw-linkback-text\" id=\"rdp-we-mwAwQ\">\u2191<\/span><\/a><\/span> <span id=\"rdp-we-mw-reference-text-cite_note-27\" class=\"mw-reference-text reference-text\"><a rel=\"external_link\" href=\"https:\/\/www.discogs.com\/de\/Shaquille-ONeal-Featuring-DJ-Tomekk-How-Do-You-Like-That-Ja-Ja-Ja\/release\/3495140\" class=\"external text\" id=\"rdp-we-mwAwU\" target=\"_new\"><i id=\"rdp-we-mwAwY\">Discogs, Shaquille O'Neal Featuring DJ Tomekk<\/i><\/a>, abgerufen am 1. Februar 2019.<\/span><\/li>\n<li about=\"#cite_note-28\" id=\"cite_note-28\" data-mw-footnote-number=\"28\"><span class=\"mw-cite-backlink\" id=\"rdp-we-mwAwc\"><a href=\"#cite_ref-28\" rel=\"mw:referencedBy\" id=\"rdp-we-mwAwg\"><span class=\"mw-linkback-text\" id=\"rdp-we-mwAwk\">\u2191<\/span><\/a><\/span> <span id=\"rdp-we-mw-reference-text-cite_note-28\" class=\"mw-reference-text reference-text\"><link rel=\"mw-deduplicated-inline-style\" href=\"mw-data:TemplateStyles:r261891140\" about=\"#mwt35\" typeof=\"mw:Extension\/templatestyles mw:Transclusion\" id=\"rdp-we-mwAwo\" data-mw='{\"name\":\"templatestyles\",\"attrs\":{\"src\":\"Webarchiv\/styles.css\"},\"parts\":[{\"template\":{\"target\":{\"wt\":\"Webarchiv\",\"href\":\".\/Vorlage:Webarchiv\"},\"params\":{\"url\":{\"wt\":\"https:\/\/sports.vice.com\/de\/article\/bm9m8m\/dj-tomekk-erklrte-uns-wie-er-seinen-legendren-ja-ja-ja-song-mit-shaq-oneal-aufnahm\"},\"wayback\":{\"wt\":\"20190329150224\"},\"text\":{\"wt\":\"&apos;&apos;DJ Tomekk erkl\u00e4rte uns, wie er seinen legend\u00e4ren \u201eJa, Ja, Ja\\\"-Song mit Shaq O&apos;Neal aufnahm&apos;&apos;\"},\"archiv-bot\":{\"wt\":\"2026-08-23 22:58:04 InternetArchiveBot\"}},\"i\":0}}]}'\/><a rel=\"external_link\" href=\"https:\/\/web.archive.org\/web\/20190329150224\/https:\/\/sports.vice.com\/de\/article\/bm9m8m\/dj-tomekk-erklrte-uns-wie-er-seinen-legendren-ja-ja-ja-song-mit-shaq-oneal-aufnahm\" about=\"#mwt35\" class=\"external text\" id=\"rdp-we-mwAws\" target=\"_new\"><i id=\"rdp-we-mwAww\">DJ Tomekk erkl\u00e4rte uns, wie er seinen legend\u00e4ren \u201eJa, Ja, Ja\"-Song mit Shaq O'Neal aufnahm<\/i><\/a><span about=\"#mwt35\" id=\"rdp-we-mwAw0\"> (<\/span><span class=\"webarchiv-memento\" about=\"#mwt35\" id=\"rdp-we-mwAw4\"><a rel=\"mw:WikiLink\" href=\"https:\/\/de.wikipedia.org\/wiki\/Webarchivierung#Begrifflichkeiten\" title=\"Webarchivierung\" id=\"rdp-we-mwAw8\" target=\"_new\" class=\"wiki-link\">Memento<\/a><\/span><span typeof=\"mw:Entity\" about=\"#mwt35\" id=\"rdp-we-mwAxA\"> <\/span><span about=\"#mwt35\" id=\"rdp-we-mwAxE\">des <\/span><link rel=\"mw-deduplicated-inline-style\" href=\"mw-data:TemplateStyles:r250917974\" about=\"#mwt35\" typeof=\"mw:Extension\/templatestyles\" id=\"rdp-we-mwAxI\" data-mw='{\"name\":\"templatestyles\",\"attrs\":{\"src\":\"Vorlage:IconExternal\/styles.css\"}}'\/><span class=\"dewiki-iconexternal\" about=\"#mwt35\" id=\"rdp-we-mwAxM\"><a rel=\"external_link\" href=\"https:\/\/redirecter.toolforge.org\/?url=https%3A%2F%2Fsports.vice.com%2Fde%2Farticle%2Fbm9m8m%2Fdj-tomekk-erklrte-uns-wie-er-seinen-legendren-ja-ja-ja-song-mit-shaq-oneal-aufnahm\" class=\"external text\" id=\"rdp-we-mwAxQ\" target=\"_new\">Originals<\/a><\/span><span about=\"#mwt35\" id=\"rdp-we-mwAxU\"> vom 29. M\u00e4rz 2019 im <\/span><i about=\"#mwt35\" id=\"rdp-we-mwAxY\"><a rel=\"mw:WikiLink\" href=\"https:\/\/de.wikipedia.org\/wiki\/Internet_Archive\" title=\"Internet Archive\" id=\"rdp-we-mwAxc\" target=\"_new\" class=\"wiki-link\">Internet Archive<\/a><\/i><span about=\"#mwt35\" id=\"rdp-we-mwAxg\">)<\/span><span typeof=\"mw:Entity\" about=\"#mwt35\" id=\"rdp-we-mwAxk\"> <\/span><small class=\"archiv-bot\" about=\"#mwt35\" id=\"rdp-we-mwAxo\"><span class=\"wp_boppel noviewer\" aria-hidden=\"true\" role=\"presentation\" id=\"rdp-we-mwAxs\"><span typeof=\"mw:File\" id=\"rdp-we-mwAxw\" data-mw='{\"caption\":\"i\"}'><span title=\"i\" id=\"rdp-we-mwAx0\"><img resource=\"https:\/\/de.wikipedia.org\/wiki\/Datei:Pictogram_voting_info.svg\" src=\"https:\/\/upload.wikimedia.org\/wikipedia\/commons\/thumb\/4\/4a\/Pictogram_voting_info.svg\/20px-Pictogram_voting_info.svg.png?utm_source=de.wikipedia.org&amp;utm_campaign=parser&amp;utm_content=thumbnail\" decoding=\"async\" loading=\"lazy\" alt=\"\" data-file-type=\"drawing\" height=\"15\" width=\"15\" class=\"mw-file-element\" id=\"rdp-we-mwAx4\"\/><\/span><\/span><\/span><span typeof=\"mw:Entity\" id=\"rdp-we-mwAx8\">\u00a0<\/span><b id=\"rdp-we-mwAyA\">Info:<\/b> Der Archivlink wurde automatisch eingesetzt und noch nicht gepr\u00fcft. Bitte pr\u00fcfe Original- und Archivlink gem\u00e4\u00df <a rel=\"mw:WikiLink\" href=\"https:\/\/de.wikipedia.org\/wiki\/Benutzer:InternetArchiveBot\/Anleitung\/Archivlink\" title=\"Benutzer:InternetArchiveBot\/Anleitung\/Archivlink\" id=\"rdp-we-mwAyE\" target=\"_new\" class=\"wiki-link\">Anleitung<\/a> und entferne dann diesen Hinweis.<\/small><span style=\"display:none\" about=\"#mwt35\" id=\"rdp-we-mwAyI\"><a rel=\"external_link\" href=\"http:\/\/IABotmemento.invalid\/https:\/\/sports.vice.com\/de\/article\/bm9m8m\/dj-tomekk-erklrte-uns-wie-er-seinen-legendren-ja-ja-ja-song-mit-shaq-oneal-aufnahm\" class=\"external text\" id=\"rdp-we-mwAyM\" target=\"_new\">@1<\/a><\/span><span style=\"display:none\" about=\"#mwt35\" id=\"rdp-we-mwAyQ\"><a rel=\"external_link\" href=\"https:\/\/sports.vice.com\/de\/article\/bm9m8m\/dj-tomekk-erklrte-uns-wie-er-seinen-legendren-ja-ja-ja-song-mit-shaq-oneal-aufnahm\" class=\"external text\" id=\"rdp-we-mwAyU\" target=\"_new\">@2<\/a><\/span><span style=\"display:none\" about=\"#mwt35\" id=\"rdp-we-mwAyY\"><a rel=\"mw:WikiLink\" href=\"https:\/\/de.wikipedia.org\/wiki\/Vorlage:Webachiv\/IABot\/sports.vice.com?action=edit&redlink=1\" title=\"Vorlage:Webachiv\/IABot\/sports.vice.com (Seite nicht vorhanden)\" class=\"new wiki-link\" typeof=\"mw:LocalizedAttrs\" id=\"rdp-we-mwAyc\" data-mw-i18n='{\"title\":{\"lang\":\"x-page\",\"key\":\"red-link-title\",\"params\":[\"Vorlage:Webachiv\/IABot\/sports.vice.com\"]}}' target=\"_new\">Vorlage:Webachiv\/IABot\/sports.vice.com<\/a><\/span><link rel=\"mw:PageProp\/Category\" href=\".\/Kategorie:Wikipedia:Defekte_Weblinks\/Ungepr\u00fcfte_Archivlinks_2026-08\" about=\"#mwt35\" id=\"rdp-we-mwAyg\"\/>, 8. Dezember 2016, abgerufen am 1. Februar 2019.<\/span><\/li>\n<li about=\"#cite_note-29\" id=\"cite_note-29\" data-mw-footnote-number=\"29\"><span class=\"mw-cite-backlink\" id=\"rdp-we-mwAyk\"><a href=\"#cite_ref-29\" rel=\"mw:referencedBy\" id=\"rdp-we-mwAyo\"><span class=\"mw-linkback-text\" id=\"rdp-we-mwAys\">\u2191<\/span><\/a><\/span> <span id=\"rdp-we-mw-reference-text-cite_note-29\" class=\"mw-reference-text reference-text\"><a rel=\"external_link\" href=\"https:\/\/www.discogs.com\/de\/release\/2047427-Missy-Misdemeanor-Elliott-Hot-Boyz-DJ-Tomekk-Remixes\" class=\"external text\" id=\"rdp-we-mwAyw\" target=\"_new\"><i id=\"rdp-we-mwAy0\">Discogs, Maxisingle mit Missy Misdemeanor Elliott* \u2013 Hot Boyz (DJ Tomekk Remixes)<\/i><\/a>, abgerufen am 9. Oktober 2023.<\/span><\/li>\n<li about=\"#cite_note-30\" id=\"cite_note-30\" data-mw-footnote-number=\"30\"><span class=\"mw-cite-backlink\" id=\"rdp-we-mwAy4\"><a href=\"#cite_ref-30\" rel=\"mw:referencedBy\" id=\"rdp-we-mwAy8\"><span class=\"mw-linkback-text\" id=\"rdp-we-mwAzA\">\u2191<\/span><\/a><\/span> <span id=\"rdp-we-mw-reference-text-cite_note-30\" class=\"mw-reference-text reference-text\"><a rel=\"external_link\" href=\"https:\/\/www.youtube.com\/watch?v=-keEvlzJRNw\" class=\"external text\" id=\"rdp-we-mwAzE\" target=\"_new\"><i id=\"rdp-we-mwAzI\">Missy Elliott Channel on youtube, Hot Boyz (Dj Tomekk Radio Mix), Composer: Tomasz Kuklicz<\/i><\/a>, abgerufen am 9. Oktober 2023.<\/span><\/li>\n<li about=\"#cite_note-31\" id=\"cite_note-31\" data-mw-footnote-number=\"31\"><span class=\"mw-cite-backlink\" id=\"rdp-we-mwAzM\"><a href=\"#cite_ref-31\" rel=\"mw:referencedBy\" id=\"rdp-we-mwAzQ\"><span class=\"mw-linkback-text\" id=\"rdp-we-mwAzU\">\u2191<\/span><\/a><\/span> <span id=\"rdp-we-mw-reference-text-cite_note-31\" class=\"mw-reference-text reference-text\"><a rel=\"external_link\" href=\"https:\/\/www.youtube.com\/watch?v=alkcNqK7B7M\" class=\"external text\" id=\"rdp-we-mwAzY\" target=\"_new\"><i id=\"rdp-we-mwAzc\">LIROY feat. Prodigal Sunn &amp; DJ Tomekk \u2013 Prosto z Polski<\/i><\/a> <i id=\"rdp-we-mwAzg\"><a rel=\"mw:WikiLink\" href=\"https:\/\/de.wikipedia.org\/wiki\/Youtube\" title=\"Youtube\" class=\"mw-redirect wiki-link\" id=\"rdp-we-mwAzk\" target=\"_new\">youtube<\/a><\/i>, 13. Juni 2007, abgerufen am 1. Februar 2019.<\/span><\/li>\n<li about=\"#cite_note-32\" id=\"cite_note-32\" data-mw-footnote-number=\"32\"><span class=\"mw-cite-backlink\" id=\"rdp-we-mwAzo\"><a href=\"#cite_ref-32\" rel=\"mw:referencedBy\" id=\"rdp-we-mwAzs\"><span class=\"mw-linkback-text\" id=\"rdp-we-mwAzw\">\u2191<\/span><\/a><\/span> <span id=\"rdp-we-mw-reference-text-cite_note-32\" class=\"mw-reference-text reference-text\"><link rel=\"mw-deduplicated-inline-style\" href=\"mw-data:TemplateStyles:r261891140\" about=\"#mwt42\" typeof=\"mw:Extension\/templatestyles mw:Transclusion\" id=\"rdp-we-mwAz0\" data-mw='{\"name\":\"templatestyles\",\"attrs\":{\"src\":\"Webarchiv\/styles.css\"},\"parts\":[{\"template\":{\"target\":{\"wt\":\"Webarchiv\",\"href\":\".\/Vorlage:Webarchiv\"},\"params\":{\"url\":{\"wt\":\"https:\/\/www.intro.de\/popmusik\/dj-tomekk-und-rammstein-sind-hochste-neueinsteiger\"},\"wayback\":{\"wt\":\"20190806074307\"},\"text\":{\"wt\":\"&apos;&apos;DJ Tomekk und Rammstein sind h\u00f6chste Neueinsteiger&apos;&apos;\"},\"archiv-bot\":{\"wt\":\"2023-12-08 09:48:33 InternetArchiveBot\"}},\"i\":0}}]}'\/><a rel=\"external_link\" href=\"https:\/\/web.archive.org\/web\/20190806074307\/https:\/\/www.intro.de\/popmusik\/dj-tomekk-und-rammstein-sind-hochste-neueinsteiger\" about=\"#mwt42\" class=\"external text\" id=\"rdp-we-mwAz4\" target=\"_new\"><i id=\"rdp-we-mwAz8\">DJ Tomekk und Rammstein sind h\u00f6chste Neueinsteiger<\/i><\/a><span about=\"#mwt42\" id=\"rdp-we-mwA0A\"> (<\/span><span class=\"webarchiv-memento\" about=\"#mwt42\" id=\"rdp-we-mwA0E\"><a rel=\"mw:WikiLink\" href=\"https:\/\/de.wikipedia.org\/wiki\/Webarchivierung#Begrifflichkeiten\" title=\"Webarchivierung\" id=\"rdp-we-mwA0I\" target=\"_new\" class=\"wiki-link\">Memento<\/a><\/span><span typeof=\"mw:Entity\" about=\"#mwt42\" id=\"rdp-we-mwA0M\"> <\/span><span about=\"#mwt42\" id=\"rdp-we-mwA0Q\">des <\/span><link rel=\"mw-deduplicated-inline-style\" href=\"mw-data:TemplateStyles:r250917974\" about=\"#mwt42\" typeof=\"mw:Extension\/templatestyles\" id=\"rdp-we-mwA0U\" data-mw='{\"name\":\"templatestyles\",\"attrs\":{\"src\":\"Vorlage:IconExternal\/styles.css\"}}'\/><span class=\"dewiki-iconexternal\" about=\"#mwt42\" id=\"rdp-we-mwA0Y\"><a rel=\"external_link\" href=\"https:\/\/redirecter.toolforge.org\/?url=https%3A%2F%2Fwww.intro.de%2Fpopmusik%2Fdj-tomekk-und-rammstein-sind-hochste-neueinsteiger\" class=\"external text\" id=\"rdp-we-mwA0c\" target=\"_new\">Originals<\/a><\/span><span about=\"#mwt42\" id=\"rdp-we-mwA0g\"> vom 6. August 2019 im <\/span><i about=\"#mwt42\" id=\"rdp-we-mwA0k\"><a rel=\"mw:WikiLink\" href=\"https:\/\/de.wikipedia.org\/wiki\/Internet_Archive\" title=\"Internet Archive\" id=\"rdp-we-mwA0o\" target=\"_new\" class=\"wiki-link\">Internet Archive<\/a><\/i><span about=\"#mwt42\" id=\"rdp-we-mwA0s\">)<\/span><span typeof=\"mw:Entity\" about=\"#mwt42\" id=\"rdp-we-mwA0w\"> <\/span><small class=\"archiv-bot\" about=\"#mwt42\" id=\"rdp-we-mwA00\"><span class=\"wp_boppel noviewer\" aria-hidden=\"true\" role=\"presentation\" id=\"rdp-we-mwA04\"><span typeof=\"mw:File\" id=\"rdp-we-mwA08\" data-mw='{\"caption\":\"i\"}'><span title=\"i\" id=\"rdp-we-mwA1A\"><img resource=\"https:\/\/de.wikipedia.org\/wiki\/Datei:Pictogram_voting_info.svg\" src=\"https:\/\/upload.wikimedia.org\/wikipedia\/commons\/thumb\/4\/4a\/Pictogram_voting_info.svg\/20px-Pictogram_voting_info.svg.png?utm_source=de.wikipedia.org&amp;utm_campaign=parser&amp;utm_content=thumbnail\" decoding=\"async\" loading=\"lazy\" alt=\"\" data-file-type=\"drawing\" height=\"15\" width=\"15\" class=\"mw-file-element\" id=\"rdp-we-mwA1E\"\/><\/span><\/span><\/span><span typeof=\"mw:Entity\" id=\"rdp-we-mwA1I\">\u00a0<\/span><b id=\"rdp-we-mwA1M\">Info:<\/b> Der Archivlink wurde automatisch eingesetzt und noch nicht gepr\u00fcft. Bitte pr\u00fcfe Original- und Archivlink gem\u00e4\u00df <a rel=\"mw:WikiLink\" href=\"https:\/\/de.wikipedia.org\/wiki\/Benutzer:InternetArchiveBot\/Anleitung\/Archivlink\" title=\"Benutzer:InternetArchiveBot\/Anleitung\/Archivlink\" id=\"rdp-we-mwA1Q\" target=\"_new\" class=\"wiki-link\">Anleitung<\/a> und entferne dann diesen Hinweis.<\/small><span style=\"display:none\" about=\"#mwt42\" id=\"rdp-we-mwA1U\"><a rel=\"external_link\" href=\"http:\/\/IABotmemento.invalid\/https:\/\/www.intro.de\/popmusik\/dj-tomekk-und-rammstein-sind-hochste-neueinsteiger\" class=\"external text\" id=\"rdp-we-mwA1Y\" target=\"_new\">@1<\/a><\/span><span style=\"display:none\" about=\"#mwt42\" id=\"rdp-we-mwA1c\"><a rel=\"external_link\" href=\"https:\/\/www.intro.de\/popmusik\/dj-tomekk-und-rammstein-sind-hochste-neueinsteiger\" class=\"external text\" id=\"rdp-we-mwA1g\" target=\"_new\">@2<\/a><\/span><span style=\"display:none\" about=\"#mwt42\" id=\"rdp-we-mwA1k\"><a rel=\"mw:WikiLink\" href=\"https:\/\/de.wikipedia.org\/wiki\/Vorlage:Webachiv\/IABot\/www.intro.de?action=edit&redlink=1\" title=\"Vorlage:Webachiv\/IABot\/www.intro.de (Seite nicht vorhanden)\" class=\"new wiki-link\" typeof=\"mw:LocalizedAttrs\" id=\"rdp-we-mwA1o\" data-mw-i18n='{\"title\":{\"lang\":\"x-page\",\"key\":\"red-link-title\",\"params\":[\"Vorlage:Webachiv\/IABot\/www.intro.de\"]}}' target=\"_new\">Vorlage:Webachiv\/IABot\/www.intro.de<\/a><\/span><link rel=\"mw:PageProp\/Category\" href=\".\/Kategorie:Wikipedia:Defekte_Weblinks\/Ungepr\u00fcfte_Archivlinks_2023-12\" about=\"#mwt42\" id=\"rdp-we-mwA1s\"\/> <i id=\"rdp-we-mwA1w\">intro magazin<\/i>, 26. Februar 2001, abgerufen am 6. August 2019.<\/span><\/li>\n<li about=\"#cite_note-33\" id=\"cite_note-33\" data-mw-footnote-number=\"33\"><span class=\"mw-cite-backlink\" id=\"rdp-we-mwA10\"><a href=\"#cite_ref-33\" rel=\"mw:referencedBy\" id=\"rdp-we-mwA14\"><span class=\"mw-linkback-text\" id=\"rdp-we-mwA18\">\u2191<\/span><\/a><\/span> <span id=\"rdp-we-mw-reference-text-cite_note-33\" class=\"mw-reference-text reference-text\"><link rel=\"mw-deduplicated-inline-style\" href=\"mw-data:TemplateStyles:r261891140\" about=\"#mwt46\" typeof=\"mw:Extension\/templatestyles mw:Transclusion\" id=\"rdp-we-mwA2A\" data-mw='{\"name\":\"templatestyles\",\"attrs\":{\"src\":\"Webarchiv\/styles.css\"},\"parts\":[{\"template\":{\"target\":{\"wt\":\"Webarchiv\",\"href\":\".\/Vorlage:Webarchiv\"},\"params\":{\"url\":{\"wt\":\"https:\/\/www.nena.de\/de\/discografie\/leuchtturm-2002\"},\"wayback\":{\"wt\":\"20201112194634\"},\"text\":{\"wt\":\"&apos;&apos;Nena Featuring DJ Tomekk&apos;&apos;\"},\"archiv-bot\":{\"wt\":\"2026-08-23 22:58:04 InternetArchiveBot\"}},\"i\":0}}]}'\/><a rel=\"external_link\" href=\"https:\/\/web.archive.org\/web\/20201112194634\/https:\/\/www.nena.de\/de\/discografie\/leuchtturm-2002\" about=\"#mwt46\" class=\"external text\" id=\"rdp-we-mwA2E\" target=\"_new\"><i id=\"rdp-we-mwA2I\">Nena Featuring DJ Tomekk<\/i><\/a><span about=\"#mwt46\" id=\"rdp-we-mwA2M\"> (<\/span><span class=\"webarchiv-memento\" about=\"#mwt46\" id=\"rdp-we-mwA2Q\"><a rel=\"mw:WikiLink\" href=\"https:\/\/de.wikipedia.org\/wiki\/Webarchivierung#Begrifflichkeiten\" title=\"Webarchivierung\" id=\"rdp-we-mwA2U\" target=\"_new\" class=\"wiki-link\">Memento<\/a><\/span><span typeof=\"mw:Entity\" about=\"#mwt46\" id=\"rdp-we-mwA2Y\"> <\/span><span about=\"#mwt46\" id=\"rdp-we-mwA2c\">des <\/span><link rel=\"mw-deduplicated-inline-style\" href=\"mw-data:TemplateStyles:r250917974\" about=\"#mwt46\" typeof=\"mw:Extension\/templatestyles\" id=\"rdp-we-mwA2g\" data-mw='{\"name\":\"templatestyles\",\"attrs\":{\"src\":\"Vorlage:IconExternal\/styles.css\"}}'\/><span class=\"dewiki-iconexternal\" about=\"#mwt46\" id=\"rdp-we-mwA2k\"><a rel=\"external_link\" href=\"https:\/\/redirecter.toolforge.org\/?url=https%3A%2F%2Fwww.nena.de%2Fde%2Fdiscografie%2Fleuchtturm-2002\" class=\"external text\" id=\"rdp-we-mwA2o\" target=\"_new\">Originals<\/a><\/span><span about=\"#mwt46\" id=\"rdp-we-mwA2s\"> vom 12. November 2020 im <\/span><i about=\"#mwt46\" id=\"rdp-we-mwA2w\"><a rel=\"mw:WikiLink\" href=\"https:\/\/de.wikipedia.org\/wiki\/Internet_Archive\" title=\"Internet Archive\" id=\"rdp-we-mwA20\" target=\"_new\" class=\"wiki-link\">Internet Archive<\/a><\/i><span about=\"#mwt46\" id=\"rdp-we-mwA24\">)<\/span><span typeof=\"mw:Entity\" about=\"#mwt46\" id=\"rdp-we-mwA28\"> <\/span><small class=\"archiv-bot\" about=\"#mwt46\" id=\"rdp-we-mwA3A\"><span class=\"wp_boppel noviewer\" aria-hidden=\"true\" role=\"presentation\" id=\"rdp-we-mwA3E\"><span typeof=\"mw:File\" id=\"rdp-we-mwA3I\" data-mw='{\"caption\":\"i\"}'><span title=\"i\" id=\"rdp-we-mwA3M\"><img resource=\"https:\/\/de.wikipedia.org\/wiki\/Datei:Pictogram_voting_info.svg\" src=\"https:\/\/upload.wikimedia.org\/wikipedia\/commons\/thumb\/4\/4a\/Pictogram_voting_info.svg\/20px-Pictogram_voting_info.svg.png?utm_source=de.wikipedia.org&amp;utm_campaign=parser&amp;utm_content=thumbnail\" decoding=\"async\" loading=\"lazy\" alt=\"\" data-file-type=\"drawing\" height=\"15\" width=\"15\" class=\"mw-file-element\" id=\"rdp-we-mwA3Q\"\/><\/span><\/span><\/span><span typeof=\"mw:Entity\" id=\"rdp-we-mwA3U\">\u00a0<\/span><b id=\"rdp-we-mwA3Y\">Info:<\/b> Der Archivlink wurde automatisch eingesetzt und noch nicht gepr\u00fcft. Bitte pr\u00fcfe Original- und Archivlink gem\u00e4\u00df <a rel=\"mw:WikiLink\" href=\"https:\/\/de.wikipedia.org\/wiki\/Benutzer:InternetArchiveBot\/Anleitung\/Archivlink\" title=\"Benutzer:InternetArchiveBot\/Anleitung\/Archivlink\" id=\"rdp-we-mwA3c\" target=\"_new\" class=\"wiki-link\">Anleitung<\/a> und entferne dann diesen Hinweis.<\/small><span style=\"display:none\" about=\"#mwt46\" id=\"rdp-we-mwA3g\"><a rel=\"external_link\" href=\"http:\/\/IABotmemento.invalid\/https:\/\/www.nena.de\/de\/discografie\/leuchtturm-2002\" class=\"external text\" id=\"rdp-we-mwA3k\" target=\"_new\">@1<\/a><\/span><span style=\"display:none\" about=\"#mwt46\" id=\"rdp-we-mwA3o\"><a rel=\"external_link\" href=\"https:\/\/www.nena.de\/de\/discografie\/leuchtturm-2002\" class=\"external text\" id=\"rdp-we-mwA3s\" target=\"_new\">@2<\/a><\/span><span style=\"display:none\" about=\"#mwt46\" id=\"rdp-we-mwA3w\"><a rel=\"mw:WikiLink\" href=\"https:\/\/de.wikipedia.org\/wiki\/Vorlage:Webachiv\/IABot\/www.nena.de?action=edit&redlink=1\" title=\"Vorlage:Webachiv\/IABot\/www.nena.de (Seite nicht vorhanden)\" class=\"new wiki-link\" typeof=\"mw:LocalizedAttrs\" id=\"rdp-we-mwA30\" data-mw-i18n='{\"title\":{\"lang\":\"x-page\",\"key\":\"red-link-title\",\"params\":[\"Vorlage:Webachiv\/IABot\/www.nena.de\"]}}' target=\"_new\">Vorlage:Webachiv\/IABot\/www.nena.de<\/a><\/span><link rel=\"mw:PageProp\/Category\" href=\".\/Kategorie:Wikipedia:Defekte_Weblinks\/Ungepr\u00fcfte_Archivlinks_2026-08\" about=\"#mwt46\" id=\"rdp-we-mwA34\"\/>, Offizielle Website Nena, abgerufen am 1. Februar 2019.<\/span><\/li>\n<li about=\"#cite_note-34\" id=\"cite_note-34\" data-mw-footnote-number=\"34\"><span class=\"mw-cite-backlink\" id=\"rdp-we-mwA38\"><a href=\"#cite_ref-34\" rel=\"mw:referencedBy\" id=\"rdp-we-mwA4A\"><span class=\"mw-linkback-text\" id=\"rdp-we-mwA4E\">\u2191<\/span><\/a><\/span> <span id=\"rdp-we-mw-reference-text-cite_note-34\" class=\"mw-reference-text reference-text\"><a rel=\"external_link\" href=\"https:\/\/rap.de\/c37-interview\/5759-sido\/\" class=\"external text\" id=\"rdp-we-mwA4I\" target=\"_new\">Interview mit Sido: \u00fcber die einzige Dubplate<\/a> rap.de, 23. August 2005, Autor: Beni Mike. Abgerufen am 3. Februar 2019<\/span><\/li>\n<li about=\"#cite_note-35\" id=\"cite_note-35\" data-mw-footnote-number=\"35\"><span class=\"mw-cite-backlink\" id=\"rdp-we-mwA4M\"><a href=\"#cite_ref-35\" rel=\"mw:referencedBy\" id=\"rdp-we-mwA4Q\"><span class=\"mw-linkback-text\" id=\"rdp-we-mwA4U\">\u2191<\/span><\/a><\/span> <span id=\"rdp-we-mw-reference-text-cite_note-35\" class=\"mw-reference-text reference-text\"><a rel=\"external_link\" href=\"https:\/\/www.youtube.com\/watch?v=jKAmyz0pKag\" class=\"external text\" id=\"rdp-we-mwA4Y\" target=\"_new\">Sidos Song \u201eT.O.M.E.K.K.\u201c begann mit den Worten \u201eGuck mal sein Outfit und die allererste Arschficksongplatte hat er auch mit.\u201c.<\/a> youtube, abgerufen am 3. Februar 2019<\/span><\/li>\n<li about=\"#cite_note-SpecterInterview2018-36\" id=\"cite_note-SpecterInterview2018-36\" data-mw-footnote-number=\"36\"><span class=\"mw-cite-backlink\" id=\"rdp-we-mwA4c\"><a href=\"#cite_ref-SpecterInterview2018_36-0\" rel=\"mw:referencedBy\" id=\"rdp-we-mwA4g\"><span class=\"mw-linkback-text\" id=\"rdp-we-mwA4k\">\u2191<\/span><\/a><\/span> <span id=\"rdp-we-mw-reference-text-cite_note-SpecterInterview2018-36\" class=\"mw-reference-text reference-text\"><a rel=\"external_link\" href=\"https:\/\/www.redbull.com\/de-de\/specter-aggro-berlin-interview\" class=\"external text\" id=\"rdp-we-mwA4o\" target=\"_new\"><i id=\"rdp-we-mwA4s\">Specter \u00fcber die Gr\u00fcndung von Aggro Berlin<\/i><\/a> redbull.com, Autor: Ralf Theil, 5. Dezember 2018, abgerufen am 3. Februar 2019<\/span><\/li>\n<li about=\"#cite_note-37\" id=\"cite_note-37\" data-mw-footnote-number=\"37\"><span class=\"mw-cite-backlink\" id=\"rdp-we-mwA4w\"><a href=\"#cite_ref-37\" rel=\"mw:referencedBy\" id=\"rdp-we-mwA40\"><span class=\"mw-linkback-text\" id=\"rdp-we-mwA44\">\u2191<\/span><\/a><\/span> <span id=\"rdp-we-mw-reference-text-cite_note-37\" class=\"mw-reference-text reference-text\"><span style=\"display:none\" about=\"#mwt53\" typeof=\"mw:Transclusion\" id=\"rdp-we-mwA48\" data-mw='{\"parts\":[{\"template\":{\"target\":{\"wt\":\"Toter Link \",\"href\":\".\/Vorlage:Toter_Link\"},\"params\":{\"datum\":{\"wt\":\"2023-12\"},\"url\":{\"wt\":\"https:\/\/www.spitfirehiphop.com\/news\/2015\/07\/joe-young-dj-tomekk-announce-their-upcoming-project-\"},\"text\":{\"wt\":\"the-crown \/\"},\"archivebot\":{\"wt\":\"2023-12-08 09:48:33 InternetArchiveBot\"}},\"i\":0}}]}'><a rel=\"external_link\" href=\"http:\/\/IABotdeadurl.invalid\/https:\/\/www.spitfirehiphop.com\/news\/2015\/07\/joe-young-dj-tomekk-announce-their-upcoming-project-\" class=\"external text\" id=\"rdp-we-mwA5A\" target=\"_new\">@1<\/a><\/span><span style=\"display:none\" about=\"#mwt53\" id=\"rdp-we-mwA5E\"><a rel=\"external_link\" href=\"https:\/\/www.spitfirehiphop.com\/news\/2015\/07\/joe-young-dj-tomekk-announce-their-upcoming-project-\" class=\"external text\" id=\"rdp-we-mwA5I\" target=\"_new\">@2<\/a><\/span><span style=\"display:none\" about=\"#mwt53\" id=\"rdp-we-mwA5M\"><a rel=\"mw:WikiLink\" href=\"https:\/\/de.wikipedia.org\/wiki\/Vorlage:Toter_Link\/www.spitfirehiphop.com?action=edit&redlink=1\" title=\"Vorlage:Toter Link\/www.spitfirehiphop.com (Seite nicht vorhanden)\" class=\"new wiki-link\" typeof=\"mw:LocalizedAttrs\" id=\"rdp-we-mwA5Q\" data-mw-i18n='{\"title\":{\"lang\":\"x-page\",\"key\":\"red-link-title\",\"params\":[\"Vorlage:Toter Link\/www.spitfirehiphop.com\"]}}' target=\"_new\">Vorlage:Toter Link\/www.spitfirehiphop.com<\/a><\/span><link rel=\"mw:PageProp\/Category\" href=\".\/Kategorie:Wikipedia:Weblink_offline_IABot\" about=\"#mwt53\" id=\"rdp-we-mwA5U\"\/><link rel=\"mw:PageProp\/Category\" href=\".\/Kategorie:Wikipedia:Defekte_Weblinks\/Ungepr\u00fcfte_Botmarkierungen_2023-12\" about=\"#mwt53\" id=\"rdp-we-mwA5Y\"\/><a rel=\"external_link\" href=\"https:\/\/www.spitfirehiphop.com\/news\/2015\/07\/joe-young-dj-tomekk-announce-their-upcoming-project-\" about=\"#mwt53\" class=\"external text\" id=\"rdp-we-mwA5c\" target=\"_new\">the-crown \/<\/a><span typeof=\"mw:Entity\" about=\"#mwt53\" id=\"rdp-we-mwA5g\"> <\/span><small about=\"#mwt53\" id=\"rdp-we-mwA5k\">(<a rel=\"mw:WikiLink\" href=\"https:\/\/de.wikipedia.org\/wiki\/Wikipedia:Defekte_Weblinks\" title=\"Wikipedia:Defekte Weblinks\" id=\"rdp-we-mwA5o\" target=\"_new\" class=\"wiki-link\">Seite nicht mehr abrufbar<\/a>, festgestellt im Dezember 2023. <a rel=\"external_link\" href=\"https:\/\/web.archive.org\/web\/*\/https:\/\/www.spitfirehiphop.com\/news\/2015\/07\/joe-young-dj-tomekk-announce-their-upcoming-project-\" class=\"external text\" id=\"rdp-we-mwA5s\" target=\"_new\">Suche im Internet Archive<\/a>)<\/small><span typeof=\"mw:Entity\" about=\"#mwt53\" id=\"rdp-we-mwA5w\">\u00a0<\/span><small class=\"archiv-bot\" about=\"#mwt53\" id=\"rdp-we-mwA50\">(<span class=\"wp_boppel noviewer\" aria-hidden=\"true\" role=\"presentation\" id=\"rdp-we-mwA54\"><span typeof=\"mw:File\" id=\"rdp-we-mwA58\" data-mw='{\"caption\":\"i\"}'><span title=\"i\" id=\"rdp-we-mwA6A\"><img resource=\"https:\/\/de.wikipedia.org\/wiki\/Datei:Pictogram_voting_info.svg\" src=\"https:\/\/upload.wikimedia.org\/wikipedia\/commons\/thumb\/4\/4a\/Pictogram_voting_info.svg\/20px-Pictogram_voting_info.svg.png?utm_source=de.wikipedia.org&amp;utm_campaign=parser&amp;utm_content=thumbnail\" decoding=\"async\" loading=\"lazy\" alt=\"\" data-file-type=\"drawing\" height=\"15\" width=\"15\" class=\"mw-file-element\" id=\"rdp-we-mwA6E\"\/><\/span><\/span><\/span><span typeof=\"mw:Entity\" id=\"rdp-we-mwA6I\">\u00a0<\/span><b id=\"rdp-we-mwA6M\">Info:<\/b> Der Link wurde automatisch als defekt markiert. Bitte pr\u00fcfe den Link gem\u00e4\u00df <a rel=\"mw:WikiLink\" href=\"https:\/\/de.wikipedia.org\/wiki\/Benutzer:InternetArchiveBot\/Anleitung\/Toter_Link\" title=\"Benutzer:InternetArchiveBot\/Anleitung\/Toter Link\" id=\"rdp-we-mwA6Q\" target=\"_new\" class=\"wiki-link\">Anleitung<\/a> und entferne dann diesen Hinweis.)<\/small><span typeof=\"mw:Nowiki\" about=\"#mwt53\" id=\"rdp-we-mwA6U\"><\/span> Joe Young &amp; DJ Tomekk \u2013 k\u00fcndigen ihr bevorstehendes Projekt \u201eThe Crown\u201c an, abgerufen am 22. Januar 2019<\/span><\/li>\n<li about=\"#cite_note-38\" id=\"cite_note-38\" data-mw-footnote-number=\"38\"><span class=\"mw-cite-backlink\" id=\"rdp-we-mwA6Y\"><a href=\"#cite_ref-38\" rel=\"mw:referencedBy\" id=\"rdp-we-mwA6c\"><span class=\"mw-linkback-text\" id=\"rdp-we-mwA6g\">\u2191<\/span><\/a><\/span> <span id=\"rdp-we-mw-reference-text-cite_note-38\" class=\"mw-reference-text reference-text\"><a rel=\"external_link\" href=\"https:\/\/www.youtube.com\/watch?v=3VXTam-gqQU\" class=\"external text\" id=\"rdp-we-mwA6k\" target=\"_new\"><i id=\"rdp-we-mwA6o\">youtube, DJ TOMEKK Feat. DJ NOPPE, SAID &amp; SAEED \u2013 GANXTAVILLE 1 \u2013 english (Remix)<\/i><\/a>, abgerufen am 12. Juni 2020.<\/span><\/li>\n<li about=\"#cite_note-39\" id=\"cite_note-39\" data-mw-footnote-number=\"39\"><span class=\"mw-cite-backlink\" id=\"rdp-we-mwA6s\"><a href=\"#cite_ref-39\" rel=\"mw:referencedBy\" id=\"rdp-we-mwA6w\"><span class=\"mw-linkback-text\" id=\"rdp-we-mwA60\">\u2191<\/span><\/a><\/span> <span id=\"rdp-we-mw-reference-text-cite_note-39\" class=\"mw-reference-text reference-text\"><a rel=\"external_link\" href=\"https:\/\/rap.de\/c37-interview\/5759-sido\/\" class=\"external autonumber\" id=\"rdp-we-mwA64\" target=\"_new\"><\/a> SIDO \u00fcber Tomekk, Tomekk remixed Sidos HIT \u201eMein Block\u201c, Website RAP.de, 23. August 2005, abgerufen am 1. Februar 2019.<\/span><\/li>\n<li about=\"#cite_note-40\" id=\"cite_note-40\" data-mw-footnote-number=\"40\"><span class=\"mw-cite-backlink\" id=\"rdp-we-mwA68\"><a href=\"#cite_ref-40\" rel=\"mw:referencedBy\" id=\"rdp-we-mwA7A\"><span class=\"mw-linkback-text\" id=\"rdp-we-mwA7E\">\u2191<\/span><\/a><\/span> <span id=\"rdp-we-mw-reference-text-cite_note-40\" class=\"mw-reference-text reference-text\"><a rel=\"external_link\" href=\"https:\/\/allgood.de\/features\/interviews\/ich-muss-niemanden-mehr-davon-ueberzeugen-dass-ich-ein-gangster-bin\/\" class=\"external text\" id=\"rdp-we-mwA7I\" target=\"_new\"><i id=\"rdp-we-mwA7M\">Xatar spricht \u00fcber die Vorf\u00e4lle im Playboy Mansion und DJ Tomek und Dr. Dre<\/i><\/a> <i id=\"rdp-we-mwA7Q\">allgood.de<\/i>, abgerufen am 1. Februar 2019.<\/span><\/li>\n<li about=\"#cite_note-41\" id=\"cite_note-41\" data-mw-footnote-number=\"41\"><span class=\"mw-cite-backlink\" id=\"rdp-we-mwA7U\"><a href=\"#cite_ref-41\" rel=\"mw:referencedBy\" id=\"rdp-we-mwA7Y\"><span class=\"mw-linkback-text\" id=\"rdp-we-mwA7c\">\u2191<\/span><\/a><\/span> <span id=\"rdp-we-mw-reference-text-cite_note-41\" class=\"mw-reference-text reference-text\"><a rel=\"external_link\" href=\"https:\/\/hiphop.de\/magazin\/news\/dj-tomekk-toony-ver\u00f6ffentlichen-ehrenkodex-168072\" class=\"external text\" id=\"rdp-we-mwA7g\" target=\"_new\"><i id=\"rdp-we-mwA7k\">dj tomekk toony ver\u00f6ffentlichen ehrenkodex<\/i><\/a> <i id=\"rdp-we-mwA7o\"><a rel=\"mw:WikiLink\" href=\"https:\/\/de.wikipedia.org\/wiki\/Hiphop.de\" title=\"Hiphop.de\" id=\"rdp-we-mwA7s\" target=\"_new\" class=\"wiki-link\">hiphop.de<\/a><\/i>, abgerufen am 1. Februar 2019.<\/span><\/li>\n<li about=\"#cite_note-42\" id=\"cite_note-42\" data-mw-footnote-number=\"42\"><span class=\"mw-cite-backlink\" id=\"rdp-we-mwA7w\"><a href=\"#cite_ref-42\" rel=\"mw:referencedBy\" id=\"rdp-we-mwA70\"><span class=\"mw-linkback-text\" id=\"rdp-we-mwA74\">\u2191<\/span><\/a><\/span> <span id=\"rdp-we-mw-reference-text-cite_note-42\" class=\"mw-reference-text reference-text\"><a rel=\"external_link\" href=\"https:\/\/www.bild.de\/news\/einherzfuerkinder\/dj-tomekk\/live-radio-sendung-21501620.bild.html\" class=\"external text\" id=\"rdp-we-mwA78\" target=\"_new\"><i id=\"rdp-we-mwA8A\">Live Radio Sendung mit DJ Tomekk<\/i><\/a> <i id=\"rdp-we-mwA8E\">Website <a rel=\"mw:WikiLink\" href=\"https:\/\/de.wikipedia.org\/wiki\/Bild_(Zeitung)\" title=\"Bild (Zeitung)\" id=\"rdp-we-mwA8I\" target=\"_new\" class=\"wiki-link\">Bild<\/a><\/i>, 14. Dezember 2011, abgerufen am 1. Februar 2019.<\/span><\/li>\n<li about=\"#cite_note-43\" id=\"cite_note-43\" data-mw-footnote-number=\"43\"><span class=\"mw-cite-backlink\" id=\"rdp-we-mwA8M\"><a href=\"#cite_ref-43\" rel=\"mw:referencedBy\" id=\"rdp-we-mwA8Q\"><span class=\"mw-linkback-text\" id=\"rdp-we-mwA8U\">\u2191<\/span><\/a><\/span> <span id=\"rdp-we-mw-reference-text-cite_note-43\" class=\"mw-reference-text reference-text\"><a rel=\"external_link\" href=\"http:\/\/www.djtomekk.com\/history\/\" class=\"external autonumber\" id=\"rdp-we-mwA8Y\" target=\"_new\"><\/a> Tourposter von der Tour \u201eTomekk goes America\u201c, official Website from DJ Tomekk', abgerufen am 1. Februar 2019<\/span><\/li>\n<li about=\"#cite_note-44\" id=\"cite_note-44\" data-mw-footnote-number=\"44\"><span class=\"mw-cite-backlink\" id=\"rdp-we-mwA8c\"><a href=\"#cite_ref-44\" rel=\"mw:referencedBy\" id=\"rdp-we-mwA8g\"><span class=\"mw-linkback-text\" id=\"rdp-we-mwA8k\">\u2191<\/span><\/a><\/span> <span id=\"rdp-we-mw-reference-text-cite_note-44\" class=\"mw-reference-text reference-text\"><a rel=\"external_link\" href=\"http:\/\/www.djtomekk.com\/history\/\" class=\"external autonumber\" id=\"rdp-we-mwA8o\" target=\"_new\"><\/a> Bild von Kurtis Blow und DJ Tomekk mit goldener Schallplatte, official Website from DJ Tomekk', abgerufen am 1. Februar 2019<\/span><\/li>\n<li about=\"#cite_note-45\" id=\"cite_note-45\" data-mw-footnote-number=\"45\"><span class=\"mw-cite-backlink\" id=\"rdp-we-mwA8s\"><a href=\"#cite_ref-45\" rel=\"mw:referencedBy\" id=\"rdp-we-mwA8w\"><span class=\"mw-linkback-text\" id=\"rdp-we-mwA80\">\u2191<\/span><\/a><\/span> <span id=\"rdp-we-mw-reference-text-cite_note-45\" class=\"mw-reference-text reference-text\"><a rel=\"external_link\" href=\"https:\/\/www.youtube.com\/watch?v=r8OPthFmLQw\" class=\"external autonumber\" id=\"rdp-we-mwA84\" target=\"_new\"><\/a> The Text of the song is just about Kurtis Blow and DJ Tomekk, abgerufen am 1. Februar 2019<\/span><\/li>\n<li about=\"#cite_note-46\" id=\"cite_note-46\" data-mw-footnote-number=\"46\"><span class=\"mw-cite-backlink\" id=\"rdp-we-mwA88\"><a href=\"#cite_ref-46\" rel=\"mw:referencedBy\" id=\"rdp-we-mwA9A\"><span class=\"mw-linkback-text\" id=\"rdp-we-mwA9E\">\u2191<\/span><\/a><\/span> <span id=\"rdp-we-mw-reference-text-cite_note-46\" class=\"mw-reference-text reference-text\"><a rel=\"external_link\" href=\"https:\/\/www.discogs.com\/de\/DJ-Tomekk-The-Nexxt-Generation\/release\/7102638\" class=\"external autonumber\" id=\"rdp-we-mwA9I\" target=\"_new\"><\/a> Album <i id=\"rdp-we-mwA9M\">DJ Tomekk Presents the Nexxt Generation<\/i> auf discogs, abgerufen am 11. M\u00e4rz 2020<\/span><\/li>\n<li about=\"#cite_note-47\" id=\"cite_note-47\" data-mw-footnote-number=\"47\"><span class=\"mw-cite-backlink\" id=\"rdp-we-mwA9Q\"><a href=\"#cite_ref-47\" rel=\"mw:referencedBy\" id=\"rdp-we-mwA9U\"><span class=\"mw-linkback-text\" id=\"rdp-we-mwA9Y\">\u2191<\/span><\/a><\/span> <span id=\"rdp-we-mw-reference-text-cite_note-47\" class=\"mw-reference-text reference-text\"><a rel=\"external_link\" href=\"https:\/\/www.youtube.com\/watch?v=tqMbCpPbTsY\" class=\"external autonumber\" id=\"rdp-we-mwA9c\" target=\"_new\"><\/a> Bushido widmet DJ Tomekk Song <i id=\"rdp-we-mwA9g\">Mein Game<\/i> f\u00fcr das Album <i id=\"rdp-we-mwA9k\">DJ Tomekk Presents the Nexxt Generation<\/i> auf youtube, abgerufen am 11. M\u00e4rz 2020<\/span><\/li>\n<li about=\"#cite_note-48\" id=\"cite_note-48\" data-mw-footnote-number=\"48\"><span class=\"mw-cite-backlink\" id=\"rdp-we-mwA9o\"><a href=\"#cite_ref-48\" rel=\"mw:referencedBy\" id=\"rdp-we-mwA9s\"><span class=\"mw-linkback-text\" id=\"rdp-we-mwA9w\">\u2191<\/span><\/a><\/span> <span id=\"rdp-we-mw-reference-text-cite_note-48\" class=\"mw-reference-text reference-text\"><a rel=\"external_link\" href=\"https:\/\/www.youtube.com\/watch?v=KtXkeO2kCkg\" class=\"external autonumber\" id=\"rdp-we-mwA90\" target=\"_new\"><\/a> Dante Thomas und DJ Tomekk mit Doreen Steinert, abgerufen am 1. Februar 2019<\/span><\/li>\n<li about=\"#cite_note-49\" id=\"cite_note-49\" data-mw-footnote-number=\"49\"><span class=\"mw-cite-backlink\" id=\"rdp-we-mwA94\"><a href=\"#cite_ref-49\" rel=\"mw:referencedBy\" id=\"rdp-we-mwA98\"><span class=\"mw-linkback-text\" id=\"rdp-we-mwA-A\">\u2191<\/span><\/a><\/span> <span id=\"rdp-we-mw-reference-text-cite_note-49\" class=\"mw-reference-text reference-text\"><a rel=\"external_link\" href=\"https:\/\/www.tagesspiegel.de\/kultur\/berlin-nights-im-theater-am-potsdamer-platz-denk-ich-an-berlin-in-der-nacht\/19570864.html\" class=\"external text\" id=\"rdp-we-mwA-E\" target=\"_new\">Die Underground-Produktion \u201eBerlin Nights\u201c ist eine Hommage an das Nachtleben der Hauptstadt \u2013 mit Szene-K\u00fcnstlern wie DJ Tomekk.<\/a> <a rel=\"mw:WikiLink\" href=\"https:\/\/de.wikipedia.org\/wiki\/Tagesspiegel\" title=\"Tagesspiegel\" id=\"rdp-we-mwA-I\" target=\"_new\" class=\"wiki-link\">Tagesspiegel<\/a>, 29. M\u00e4rz 2017, Autor: Udo Badelt. Abgerufen am 1. Februar 2019<\/span><\/li>\n<li about=\"#cite_note-50\" id=\"cite_note-50\" data-mw-footnote-number=\"50\"><span class=\"mw-cite-backlink\" id=\"rdp-we-mwA-M\"><a href=\"#cite_ref-50\" rel=\"mw:referencedBy\" id=\"rdp-we-mwA-Q\"><span class=\"mw-linkback-text\" id=\"rdp-we-mwA-U\">\u2191<\/span><\/a><\/span> <span id=\"rdp-we-mw-reference-text-cite_note-50\" class=\"mw-reference-text reference-text\"><a rel=\"external_link\" href=\"https:\/\/bastianbochinski.de\/berlin-nights-im-theater-am-potsdamer-platz\/\" class=\"external text\" id=\"rdp-we-mwA-Y\" target=\"_new\">Bilder der Produktion \u201eBerlin Nights\u201c \u2013 eine Hommage an Szene-K\u00fcnstlern wie DJ Tomekk<\/a> Autor: Bastian Bochinski. Abgerufen am 1. Februar 2019<\/span><\/li>\n<li about=\"#cite_note-51\" id=\"cite_note-51\" data-mw-footnote-number=\"51\"><span class=\"mw-cite-backlink\" id=\"rdp-we-mwA-c\"><a href=\"#cite_ref-51\" rel=\"mw:referencedBy\" id=\"rdp-we-mwA-g\"><span class=\"mw-linkback-text\" id=\"rdp-we-mwA-k\">\u2191<\/span><\/a><\/span> <span id=\"rdp-we-mw-reference-text-cite_note-51\" class=\"mw-reference-text reference-text\"><a rel=\"external_link\" href=\"https:\/\/www.shots.media\/gentlemen\/2016\/interview-dj-tomekk-von-der-befreiung-des-erfolgsdrucks\/2378\" class=\"external text\" id=\"rdp-we-mwA-o\" target=\"_new\"><i id=\"rdp-we-mwA-s\">Interview DJ Tomekk: Von der Befreiung des Erfolgsdrucks<\/i><\/a>, Shots Magazin, Autor: Mario-Roman Lambrecht. 1. April 2016, abgerufen am 1. Februar 2019.<\/span><\/li>\n<li about=\"#cite_note-52\" id=\"cite_note-52\" data-mw-footnote-number=\"52\"><span class=\"mw-cite-backlink\" id=\"rdp-we-mwA-w\"><a href=\"#cite_ref-52\" rel=\"mw:referencedBy\" id=\"rdp-we-mwA-0\"><span class=\"mw-linkback-text\" id=\"rdp-we-mwA-4\">\u2191<\/span><\/a><\/span> <span id=\"rdp-we-mw-reference-text-cite_note-52\" class=\"mw-reference-text reference-text\"><a rel=\"external_link\" href=\"https:\/\/noizz.de\/musik\/dj-tomekk-im-noizz-interview-uber-angste-drogen-und-den-tod\/8swvzw7\" class=\"external text\" id=\"rdp-we-mwA-8\" target=\"_new\"><i id=\"rdp-we-mwA_A\">DJ Tomekk im NOIZZ-Interview \u2013 \u00fcber \u00c4ngste, Drogen und den Tod<\/i><\/a>, NOIZZ Magazin, Autor: Sebastian Goddemeier. 5. Juli 2019, abgerufen am 8. Juli 2019.<\/span><\/li>\n<li about=\"#cite_note-53\" id=\"cite_note-53\" data-mw-footnote-number=\"53\"><span class=\"mw-cite-backlink\" id=\"rdp-we-mwA_E\"><a href=\"#cite_ref-53\" rel=\"mw:referencedBy\" id=\"rdp-we-mwA_I\"><span class=\"mw-linkback-text\" id=\"rdp-we-mwA_M\">\u2191<\/span><\/a><\/span> <span id=\"rdp-we-mw-reference-text-cite_note-53\" class=\"mw-reference-text reference-text\"><a rel=\"external_link\" href=\"https:\/\/www.randomhouse.de\/Buch\/Ich-lebe-fuer-Hip-Hop\/DJ-Tomekk\/Heyne\/e575205.rhd\" class=\"external text\" id=\"rdp-we-mwA_Q\" target=\"_new\"><i id=\"rdp-we-mwA_U\">DJ Tomekk, Ich lebe f\u00fcr Hip Hop, Die Autobiographie<\/i><\/a>, ISBN 978-3-453-21805-5, <a rel=\"mw:WikiLink\" href=\"https:\/\/de.wikipedia.org\/wiki\/Random_House_(Verlag)\" title=\"Random House (Verlag)\" id=\"rdp-we-mwA_c\" target=\"_new\" class=\"wiki-link\">Random House Verlag<\/a>, abgerufen am 19. Juni 2020.<\/span><\/li>\n<li about=\"#cite_note-54\" id=\"cite_note-54\" data-mw-footnote-number=\"54\"><span class=\"mw-cite-backlink\" id=\"rdp-we-mwA_g\"><a href=\"#cite_ref-54\" rel=\"mw:referencedBy\" id=\"rdp-we-mwA_k\"><span class=\"mw-linkback-text\" id=\"rdp-we-mwA_o\">\u2191<\/span><\/a><\/span> <span id=\"rdp-we-mw-reference-text-cite_note-54\" class=\"mw-reference-text reference-text\"><a rel=\"external_link\" href=\"https:\/\/www.rbb24.de\/kultur\/beitrag\/2023\/10\/djtomekk-tomekk-hiphop-musik-berlin-platten-interview.html\" class=\"external text\" id=\"rdp-we-mwA_s\" target=\"_new\"><i id=\"rdp-we-mwA_w\">Ich w\u00fcnsche mir, dass Hip-Hop weicher und verletzlicher wird<\/i><\/a>, Interview mit DJ Tomekk von Sebastian Goddemeier, <a rel=\"mw:WikiLink\" href=\"https:\/\/de.wikipedia.org\/wiki\/RBB\" title=\"RBB\" class=\"mw-redirect wiki-link\" id=\"rdp-we-mwA_0\" target=\"_new\">RBB<\/a>, abgerufen am 23. November 2023.<\/span><\/li>\n<li about=\"#cite_note-55\" id=\"cite_note-55\" data-mw-footnote-number=\"55\"><span class=\"mw-cite-backlink\" id=\"rdp-we-mwA_4\"><a href=\"#cite_ref-55\" rel=\"mw:referencedBy\" id=\"rdp-we-mwA_8\"><span class=\"mw-linkback-text\" id=\"rdp-we-mwBAA\">\u2191<\/span><\/a><\/span> <span id=\"rdp-we-mw-reference-text-cite_note-55\" class=\"mw-reference-text reference-text\"><a rel=\"external_link\" href=\"https:\/\/www.16bars.de\/blog\/3928\/back-then-dj-tomekk-hits-von-torch-bis-lil-kim\/\" class=\"external text\" id=\"rdp-we-mwBAE\" target=\"_new\"><i id=\"rdp-we-mwBAI\">DJ Tomekk Hits von Torch bis Lil Kim<\/i><\/a> <i id=\"rdp-we-mwBAM\">16bars.de<\/i>, 13. Juli 2012, abgerufen am 1. Februar 2019.<\/span><\/li>\n<li about=\"#cite_note-56\" id=\"cite_note-56\" data-mw-footnote-number=\"56\"><span class=\"mw-cite-backlink\" id=\"rdp-we-mwBAQ\"><a href=\"#cite_ref-56\" rel=\"mw:referencedBy\" id=\"rdp-we-mwBAU\"><span class=\"mw-linkback-text\" id=\"rdp-we-mwBAY\">\u2191<\/span><\/a><\/span> <span id=\"rdp-we-mw-reference-text-cite_note-56\" class=\"mw-reference-text reference-text\"><a rel=\"external_link\" href=\"https:\/\/www.youtube.com\/watch?v=wzKZtvdMrAU\" class=\"external text\" id=\"rdp-we-mwBAc\" target=\"_new\"><i id=\"rdp-we-mwBAg\">Langnese Spot mit DJ Tomekk<\/i><\/a> <i id=\"rdp-we-mwBAk\"><a rel=\"mw:WikiLink\" href=\"https:\/\/de.wikipedia.org\/wiki\/Youtube\" title=\"Youtube\" class=\"mw-redirect wiki-link\" id=\"rdp-we-mwBAo\" target=\"_new\">youtube<\/a><\/i>, 10. Mai 2013, abgerufen am 1. Februar 2019.<\/span><\/li>\n<li about=\"#cite_note-57\" id=\"cite_note-57\" data-mw-footnote-number=\"57\"><span class=\"mw-cite-backlink\" id=\"rdp-we-mwBAs\"><a href=\"#cite_ref-57\" rel=\"mw:referencedBy\" id=\"rdp-we-mwBAw\"><span class=\"mw-linkback-text\" id=\"rdp-we-mwBA0\">\u2191<\/span><\/a><\/span> <span id=\"rdp-we-mw-reference-text-cite_note-57\" class=\"mw-reference-text reference-text\"><span class=\"cite\" about=\"#mwt74\" typeof=\"mw:Transclusion\" id=\"rdp-we-mwBA4\" data-mw='{\"parts\":[{\"template\":{\"target\":{\"wt\":\"Internetquelle \",\"href\":\".\/Vorlage:Internetquelle\"},\"params\":{\"autor\":{\"wt\":\"Patrick Mushatsi-Kareba\"},\"url\":{\"wt\":\"http:\/\/archiv.rhein-zeitung.de\/on\/01\/08\/03\/magazin\/news\/hiphop.html?a\"},\"titel\":{\"wt\":\"Streitereien in der deutschen HipHop-Szene \u2013 nur Publicity-Gags? \u2013 Gerappte Fehden am Mikro\"},\"werk\":{\"wt\":\"[[Rhein-Zeitung]]\"},\"datum\":{\"wt\":\"2001-08-03\"},\"sprache\":{\"wt\":\"de\"},\"abruf\":{\"wt\":\"2020-06-18\"},\"archiv-url\":{\"wt\":\"https:\/\/web.archive.org\/web\/20200619072252\/http:\/\/archiv.rhein-zeitung.de\/on\/01\/08\/03\/magazin\/news\/hiphop.html?a\"},\"archiv-datum\":{\"wt\":\"2020-06-19\"},\"offline\":{\"wt\":\"ja\"},\"archiv-bot\":{\"wt\":\"2023-12-08 09:48:33 InternetArchiveBot\"}},\"i\":0}}]}'>Patrick Mushatsi-Kareba:<span typeof=\"mw:Entity\" id=\"rdp-we-mwBA8\"> <\/span><a rel=\"external_link\" href=\"https:\/\/web.archive.org\/web\/20200619072252\/http:\/\/archiv.rhein-zeitung.de\/on\/01\/08\/03\/magazin\/news\/hiphop.html?a\" class=\"external text\" id=\"rdp-we-mwBBA\" target=\"_new\"><i id=\"rdp-we-mwBBE\">Streitereien in der deutschen HipHop-Szene \u2013 nur Publicity-Gags? \u2013 Gerappte Fehden am Mikro.<\/i><\/a><span typeof=\"mw:Entity\" id=\"rdp-we-mwBBI\"> <\/span>In:<span typeof=\"mw:Entity\" id=\"rdp-we-mwBBM\"> <\/span><i id=\"rdp-we-mwBBQ\"><a rel=\"mw:WikiLink\" href=\"https:\/\/de.wikipedia.org\/wiki\/Rhein-Zeitung\" title=\"Rhein-Zeitung\" id=\"rdp-we-mwBBU\" target=\"_new\" class=\"wiki-link\">Rhein-Zeitung<\/a>.<\/i><span typeof=\"mw:Entity\" id=\"rdp-we-mwBBY\"> <\/span>3.<span typeof=\"mw:Entity\" id=\"rdp-we-mwBBc\">\u00a0<\/span>August 2001,<span typeof=\"mw:Entity\" id=\"rdp-we-mwBBg\"> <\/span>archiviert<span typeof=\"mw:Entity\" id=\"rdp-we-mwBBk\"> <\/span>vom<span typeof=\"mw:Entity\" id=\"rdp-we-mwBBo\"> <\/span><link rel=\"mw-deduplicated-inline-style\" href=\"mw-data:TemplateStyles:r250917974\" about=\"#mwt75\" typeof=\"mw:Extension\/templatestyles\" id=\"rdp-we-mwBBs\" data-mw='{\"name\":\"templatestyles\",\"attrs\":{\"src\":\"Vorlage:IconExternal\/styles.css\"}}'\/><span class=\"dewiki-iconexternal\" id=\"rdp-we-mwBBw\"><a rel=\"external_link\" href=\"https:\/\/redirecter.toolforge.org\/?url=http%3A%2F%2Farchiv.rhein-zeitung.de%2Fon%2F01%2F08%2F03%2Fmagazin%2Fnews%2Fhiphop.html%3Fa\" class=\"external text\" id=\"rdp-we-mwBB0\" target=\"_new\">Original<\/a><\/span><span typeof=\"mw:Entity\" id=\"rdp-we-mwBB4\"> <\/span>(nicht mehr online verf\u00fcgbar)<span typeof=\"mw:Entity\" id=\"rdp-we-mwBB8\"> <\/span>am<span typeof=\"mw:Entity\" id=\"rdp-we-mwBCA\"> <\/span><span style=\"white-space:nowrap;\" id=\"rdp-we-mwBCE\">19.<span typeof=\"mw:Entity\" id=\"rdp-we-mwBCI\">\u00a0<\/span>Juni 2020<\/span><span id=\"rdp-we-mwBCM\">;<\/span><span class=\"Abrufdatum\" id=\"rdp-we-mwBCQ\"><span typeof=\"mw:Entity\" id=\"rdp-we-mwBCU\"> <\/span>abgerufen am 18.<span typeof=\"mw:Entity\" id=\"rdp-we-mwBCY\">\u00a0<\/span>Juni 2020<\/span>.<\/span><span typeof=\"mw:Entity\" about=\"#mwt74\" id=\"rdp-we-mwBCc\"> <\/span><small class=\"archiv-bot\" about=\"#mwt74\" id=\"rdp-we-mwBCg\"><span class=\"wp_boppel noviewer\" aria-hidden=\"true\" role=\"presentation\" id=\"rdp-we-mwBCk\"><span typeof=\"mw:File\" id=\"rdp-we-mwBCo\" data-mw='{\"caption\":\"i\"}'><span title=\"i\" id=\"rdp-we-mwBCs\"><img resource=\"https:\/\/de.wikipedia.org\/wiki\/Datei:Pictogram_voting_info.svg\" src=\"https:\/\/upload.wikimedia.org\/wikipedia\/commons\/thumb\/4\/4a\/Pictogram_voting_info.svg\/20px-Pictogram_voting_info.svg.png?utm_source=de.wikipedia.org&amp;utm_campaign=parser&amp;utm_content=thumbnail\" decoding=\"async\" loading=\"lazy\" alt=\"\" data-file-type=\"drawing\" height=\"15\" width=\"15\" class=\"mw-file-element\" id=\"rdp-we-mwBCw\"\/><\/span><\/span><\/span><span typeof=\"mw:Entity\" id=\"rdp-we-mwBC0\">\u00a0<\/span><b id=\"rdp-we-mwBC4\">Info:<\/b> Der Archivlink wurde automatisch eingesetzt und noch nicht gepr\u00fcft. Bitte pr\u00fcfe Original- und Archivlink gem\u00e4\u00df <a rel=\"mw:WikiLink\" href=\"https:\/\/de.wikipedia.org\/wiki\/Benutzer:InternetArchiveBot\/Anleitung\/Archivlink\" title=\"Benutzer:InternetArchiveBot\/Anleitung\/Archivlink\" id=\"rdp-we-mwBC8\" target=\"_new\" class=\"wiki-link\">Anleitung<\/a> und entferne dann diesen Hinweis.<\/small><span style=\"display:none\" about=\"#mwt74\" id=\"rdp-we-mwBDA\"><a rel=\"external_link\" href=\"http:\/\/IABotmemento.invalid\/http:\/\/archiv.rhein-zeitung.de\/on\/01\/08\/03\/magazin\/news\/hiphop.html?a\" class=\"external text\" id=\"rdp-we-mwBDE\" target=\"_new\">@1<\/a><\/span><span style=\"display:none\" about=\"#mwt74\" id=\"rdp-we-mwBDI\"><a rel=\"external_link\" href=\"http:\/\/archiv.rhein-zeitung.de\/on\/01\/08\/03\/magazin\/news\/hiphop.html?a\" class=\"external text\" id=\"rdp-we-mwBDM\" target=\"_new\">@2<\/a><\/span><span style=\"display:none\" about=\"#mwt74\" id=\"rdp-we-mwBDQ\"><a rel=\"mw:WikiLink\" href=\"https:\/\/de.wikipedia.org\/wiki\/Vorlage:Webachiv\/IABot\/archiv.rhein-zeitung.de?action=edit&redlink=1\" title=\"Vorlage:Webachiv\/IABot\/archiv.rhein-zeitung.de (Seite nicht vorhanden)\" class=\"new wiki-link\" typeof=\"mw:LocalizedAttrs\" id=\"rdp-we-mwBDU\" data-mw-i18n='{\"title\":{\"lang\":\"x-page\",\"key\":\"red-link-title\",\"params\":[\"Vorlage:Webachiv\/IABot\/archiv.rhein-zeitung.de\"]}}' target=\"_new\">Vorlage:Webachiv\/IABot\/archiv.rhein-zeitung.de<\/a><\/span><link rel=\"mw:PageProp\/Category\" href=\".\/Kategorie:Wikipedia:Defekte_Weblinks\/Ungepr\u00fcfte_Archivlinks_2023-12\" about=\"#mwt74\" id=\"rdp-we-mwBDY\"\/><span style=\"display: none;\" class=\"Z3988\" title=\"ctx_ver=Z39.88-2004&amp;rft_val_fmt=info%3Aofi%2Ffmt%3Akev%3Amtx%3Adc&amp;rfr_id=info%3Asid%2Fde.wikipedia.org%3ADJ+Tomekk&amp;rft.title=Streitereien+in+der+deutschen+HipHop-Szene+%E2%80%93+nur+Publicity-Gags%3F+%E2%80%93+Gerappte+Fehden+am+Mikro&amp;rft.description=Streitereien+in+der+deutschen+HipHop-Szene+%E2%80%93+nur+Publicity-Gags%3F+%E2%80%93+Gerappte+Fehden+am+Mikro&amp;rft.identifier=https%3A%2F%2Fweb.archive.org%2Fweb%2F20200619072252%2Fhttp%3A%2F%2Farchiv.rhein-zeitung.de%2Fon%2F01%2F08%2F03%2Fmagazin%2Fnews%2Fhiphop.html%3Fa&amp;rft.creator=Patrick+Mushatsi-Kareba&amp;rft.date=2001-08-03&amp;rft.source=http:\/\/archiv.rhein-zeitung.de\/on\/01\/08\/03\/magazin\/news\/hiphop.html?a&amp;rft.language=de\" about=\"#mwt74\" id=\"rdp-we-mwBDc\"><span typeof=\"mw:Entity\" id=\"rdp-we-mwBDg\">\u00a0<\/span><\/span><\/span><\/li>\n<li about=\"#cite_note-58\" id=\"cite_note-58\" data-mw-footnote-number=\"58\"><span class=\"mw-cite-backlink\" id=\"rdp-we-mwBDk\"><a href=\"#cite_ref-58\" rel=\"mw:referencedBy\" id=\"rdp-we-mwBDo\"><span class=\"mw-linkback-text\" id=\"rdp-we-mwBDs\">\u2191<\/span><\/a><\/span> <span id=\"rdp-we-mw-reference-text-cite_note-58\" class=\"mw-reference-text reference-text\"><span class=\"cite\" about=\"#mwt77\" typeof=\"mw:Transclusion\" id=\"rdp-we-mwBDw\" data-mw='{\"parts\":[{\"template\":{\"target\":{\"wt\":\"Internetquelle \",\"href\":\".\/Vorlage:Internetquelle\"},\"params\":{\"url\":{\"wt\":\"https:\/\/www.laut.de\/News\/Samy-Deluxe-Allein-gegen-den-Rest-der-Welt-25-04-2001-474\"},\"titel\":{\"wt\":\"Samy Deluxe: Allein gegen den Rest der Welt\"},\"werk\":{\"wt\":\"[[laut.de]]\"},\"datum\":{\"wt\":\"2001-04-25\"},\"sprache\":{\"wt\":\"de\"},\"abruf\":{\"wt\":\"2020-06-18\"}},\"i\":0}}]}'><a rel=\"external_link\" href=\"https:\/\/www.laut.de\/News\/Samy-Deluxe-Allein-gegen-den-Rest-der-Welt-25-04-2001-474\" class=\"external text\" id=\"rdp-we-mwBD0\" target=\"_new\"><i id=\"rdp-we-mwBD4\">Samy Deluxe: Allein gegen den Rest der Welt.<\/i><\/a><span typeof=\"mw:Entity\" id=\"rdp-we-mwBD8\"> <\/span>In:<span typeof=\"mw:Entity\" id=\"rdp-we-mwBEA\"> <\/span><i id=\"rdp-we-mwBEE\"><a rel=\"mw:WikiLink\" href=\"https:\/\/de.wikipedia.org\/wiki\/Laut.de\" title=\"Laut.de\" id=\"rdp-we-mwBEI\" target=\"_new\" class=\"wiki-link\">laut.de<\/a>.<\/i><span typeof=\"mw:Entity\" id=\"rdp-we-mwBEM\"> <\/span>25.<span typeof=\"mw:Entity\" id=\"rdp-we-mwBEQ\">\u00a0<\/span>April 2001<span typeof=\"mw:Entity\" id=\"rdp-we-mwBEU\">,<\/span><span class=\"Abrufdatum\" id=\"rdp-we-mwBEY\"><span typeof=\"mw:Entity\" id=\"rdp-we-mwBEc\"> <\/span>abgerufen am 18.<span typeof=\"mw:Entity\" id=\"rdp-we-mwBEg\">\u00a0<\/span>Juni 2020<\/span>.<\/span><span style=\"display: none;\" class=\"Z3988\" title=\"ctx_ver=Z39.88-2004&amp;rft_val_fmt=info%3Aofi%2Ffmt%3Akev%3Amtx%3Adc&amp;rfr_id=info%3Asid%2Fde.wikipedia.org%3ADJ+Tomekk&amp;rft.title=Samy+Deluxe%3A+Allein+gegen+den+Rest+der+Welt&amp;rft.description=Samy+Deluxe%3A+Allein+gegen+den+Rest+der+Welt&amp;rft.identifier=https%3A%2F%2Fwww.laut.de%2FNews%2FSamy-Deluxe-Allein-gegen-den-Rest-der-Welt-25-04-2001-474&amp;rft.date=2001-04-25&amp;rft.language=de\" about=\"#mwt77\" id=\"rdp-we-mwBEk\"><span typeof=\"mw:Entity\" id=\"rdp-we-mwBEo\">\u00a0<\/span><\/span><\/span><\/li>\n<li about=\"#cite_note-59\" id=\"cite_note-59\" data-mw-footnote-number=\"59\"><span class=\"mw-cite-backlink\" id=\"rdp-we-mwBEs\"><a href=\"#cite_ref-59\" rel=\"mw:referencedBy\" id=\"rdp-we-mwBEw\"><span class=\"mw-linkback-text\" id=\"rdp-we-mwBE0\">\u2191<\/span><\/a><\/span> <span id=\"rdp-we-mw-reference-text-cite_note-59\" class=\"mw-reference-text reference-text\">20 Minuten | Schweiz: <i id=\"rdp-we-mwBE4\"><a rel=\"external_link\" href=\"https:\/\/www.20min.ch\/story\/dschungelcamp-oli-pocher-hat-tomekk-verraten-109794554188\" class=\"external text\" id=\"rdp-we-mwBE8\" target=\"_new\">Dschungelcamp: Oli Pocher hat Tomekk verraten<\/a><\/i>, 25. Januar 2008<\/span><\/li>\n<li about=\"#cite_note-60\" id=\"cite_note-60\" data-mw-footnote-number=\"60\"><span class=\"mw-cite-backlink\" id=\"rdp-we-mwBFA\"><a href=\"#cite_ref-60\" rel=\"mw:referencedBy\" id=\"rdp-we-mwBFE\"><span class=\"mw-linkback-text\" id=\"rdp-we-mwBFI\">\u2191<\/span><\/a><\/span> <span id=\"rdp-we-mw-reference-text-cite_note-60\" class=\"mw-reference-text reference-text\"><a rel=\"external_link\" href=\"https:\/\/www.students.ch\/magazin\/details\/53733\/DJ-Tomekk-Klar-wuensche-ich-mir-mehr-Erfolg\" class=\"external text\" id=\"rdp-we-mwBFM\" target=\"_new\"><i id=\"rdp-we-mwBFQ\">Interview mit DJ Tomekk<\/i><\/a> students.ch, abgerufen am 1. Februar 2019.<\/span><\/li>\n<li about=\"#cite_note-61\" id=\"cite_note-61\" data-mw-footnote-number=\"61\"><span class=\"mw-cite-backlink\" id=\"rdp-we-mwBFU\"><a href=\"#cite_ref-61\" rel=\"mw:referencedBy\" id=\"rdp-we-mwBFY\"><span class=\"mw-linkback-text\" id=\"rdp-we-mwBFc\">\u2191<\/span><\/a><\/span> <span id=\"rdp-we-mw-reference-text-cite_note-61\" class=\"mw-reference-text reference-text\">Spiegel Online: <i id=\"rdp-we-mwBFg\"><a rel=\"external_link\" href=\"https:\/\/www.spiegel.de\/panorama\/leute\/nazisymbolik-dj-tomekk-bittet-um-entschuldigung-fuer-hitlergruss-a-530446.html\" class=\"external text\" id=\"rdp-we-mwBFk\" target=\"_new\">DJ Tomekk bittet um Entschuldigung f\u00fcr Hitlergru\u00df<\/a><\/i>, 23. Januar 2008<\/span><\/li>\n<li about=\"#cite_note-62\" id=\"cite_note-62\" data-mw-footnote-number=\"62\"><span class=\"mw-cite-backlink\" id=\"rdp-we-mwBFo\"><a href=\"#cite_ref-62\" rel=\"mw:referencedBy\" id=\"rdp-we-mwBFs\"><span class=\"mw-linkback-text\" id=\"rdp-we-mwBFw\">\u2191<\/span><\/a><\/span> <span id=\"rdp-we-mw-reference-text-cite_note-62\" class=\"mw-reference-text reference-text\"><a rel=\"external_link\" href=\"https:\/\/www.students.ch\/magazin\/details\/53733\/DJ-Tomekk-Klar-wuensche-ich-mir-mehr-Erfolg\" class=\"external text\" id=\"rdp-we-mwBF0\" target=\"_new\"><i id=\"rdp-we-mwBF4\">Interview mit DJ Tomekk<\/i><\/a> students.ch, abgerufen am 1. Februar 2019.<\/span><\/li>\n<li about=\"#cite_note-tomekk-63\" id=\"cite_note-tomekk-63\" data-mw-footnote-number=\"63\"><span class=\"mw-cite-backlink\" id=\"rdp-we-mwBF8\"><a href=\"#cite_ref-tomekk_63-0\" rel=\"mw:referencedBy\" id=\"rdp-we-mwBGA\"><span class=\"mw-linkback-text\" id=\"rdp-we-mwBGE\">\u2191<\/span><\/a><\/span> <span id=\"rdp-we-mw-reference-text-cite_note-tomekk-63\" class=\"mw-reference-text reference-text\"><span class=\"cite\" about=\"#mwt83\" typeof=\"mw:Transclusion\" id=\"rdp-we-mwBGI\" data-mw='{\"parts\":[{\"template\":{\"target\":{\"wt\":\"Internetquelle \",\"href\":\".\/Vorlage:Internetquelle\"},\"params\":{\"url\":{\"wt\":\"http:\/\/fragtomekk.de\/dschungelcamp-und-niemandskinder\/\"},\"titel\":{\"wt\":\"Dschungelcamp und Niemandskinder\"},\"datum\":{\"wt\":\"2015-09-23\"},\"offline\":{\"wt\":\"1\"},\"archiv-url\":{\"wt\":\"https:\/\/web.archive.org\/web\/20150925205509\/http:\/\/fragtomekk.de\/dschungelcamp-und-niemandskinder\/\"},\"abruf\":{\"wt\":\"2018-11-01\"}},\"i\":0}}]}'><a rel=\"external_link\" href=\"https:\/\/web.archive.org\/web\/20150925205509\/http:\/\/fragtomekk.de\/dschungelcamp-und-niemandskinder\/\" class=\"external text\" id=\"rdp-we-mwBGM\" target=\"_new\"><i id=\"rdp-we-mwBGQ\">Dschungelcamp und Niemandskinder.<\/i><\/a><span typeof=\"mw:Entity\" id=\"rdp-we-mwBGU\"> <\/span>23.<span typeof=\"mw:Entity\" id=\"rdp-we-mwBGY\">\u00a0<\/span>September 2015,<span typeof=\"mw:Entity\" id=\"rdp-we-mwBGc\"> <\/span>archiviert<span typeof=\"mw:Entity\" id=\"rdp-we-mwBGg\"> <\/span>vom<span typeof=\"mw:Entity\" id=\"rdp-we-mwBGk\"> <\/span><link rel=\"mw-deduplicated-inline-style\" href=\"mw-data:TemplateStyles:r250917974\" about=\"#mwt84\" typeof=\"mw:Extension\/templatestyles\" id=\"rdp-we-mwBGo\" data-mw='{\"name\":\"templatestyles\",\"attrs\":{\"src\":\"Vorlage:IconExternal\/styles.css\"}}'\/><span class=\"dewiki-iconexternal\" id=\"rdp-we-mwBGs\"><a rel=\"external_link\" href=\"https:\/\/redirecter.toolforge.org\/?url=http%3A%2F%2Ffragtomekk.de%2Fdschungelcamp-und-niemandskinder%2F\" class=\"external text\" id=\"rdp-we-mwBGw\" target=\"_new\">Original<\/a><\/span><span typeof=\"mw:Entity\" id=\"rdp-we-mwBG0\"> <\/span>(nicht mehr online verf\u00fcgbar)<span id=\"rdp-we-mwBG4\">;<\/span><span class=\"Abrufdatum\" id=\"rdp-we-mwBG8\"><span typeof=\"mw:Entity\" id=\"rdp-we-mwBHA\"> <\/span>abgerufen am 1.<span typeof=\"mw:Entity\" id=\"rdp-we-mwBHE\">\u00a0<\/span>November 2018<\/span>.<\/span><span style=\"display: none;\" class=\"Z3988\" title=\"ctx_ver=Z39.88-2004&amp;rft_val_fmt=info%3Aofi%2Ffmt%3Akev%3Amtx%3Adc&amp;rfr_id=info%3Asid%2Fde.wikipedia.org%3ADJ+Tomekk&amp;rft.title=Dschungelcamp+und+Niemandskinder&amp;rft.description=Dschungelcamp+und+Niemandskinder&amp;rft.identifier=https%3A%2F%2Fweb.archive.org%2Fweb%2F20150925205509%2Fhttp%3A%2F%2Ffragtomekk.de%2Fdschungelcamp-und-niemandskinder%2F&amp;rft.date=2015-09-23&amp;rft.source=http:\/\/fragtomekk.de\/dschungelcamp-und-niemandskinder\/\" about=\"#mwt83\" id=\"rdp-we-mwBHI\"><span typeof=\"mw:Entity\" id=\"rdp-we-mwBHM\">\u00a0<\/span><\/span><\/span><\/li>\n<li about=\"#cite_note-djtomekk1-64\" id=\"cite_note-djtomekk1-64\" data-mw-footnote-number=\"64\"><span class=\"mw-cite-backlink\" id=\"rdp-we-mwBHQ\"><a href=\"#cite_ref-djtomekk1_64-0\" rel=\"mw:referencedBy\" id=\"rdp-we-mwBHU\"><span class=\"mw-linkback-text\" id=\"rdp-we-mwBHY\">\u2191<\/span><\/a><\/span> <span id=\"rdp-we-mw-reference-text-cite_note-djtomekk1-64\" class=\"mw-reference-text reference-text\"><span class=\"cite\" about=\"#mwt86\" typeof=\"mw:Transclusion\" id=\"rdp-we-mwBHc\" data-mw='{\"parts\":[{\"template\":{\"target\":{\"wt\":\"Internetquelle \",\"href\":\".\/Vorlage:Internetquelle\"},\"params\":{\"url\":{\"wt\":\"https:\/\/books.google.de\/books?id=aLOBDwAAQBAJ&amp;pg=PA141&amp;lpg=PA141&amp;dq=tomekk+weinert&amp;source=bl&amp;ots=DaJewqiUE7&amp;sig=ACfU3U3igBottIl7Cotjbyg4zbb2mNZp_A&amp;hl=de&amp;sa=X&amp;ved=2ahUKEwie6dz2xY_oAhXWXhUIHf7eBt8Q6AEwAXoECAoQAQ#v=onepage&amp;q=tomekk%20weinert&amp;f=false\"},\"titel\":{\"wt\":\"\\\"Die Sprache der Rechten: Wie wir t\u00e4glich manipuliert werden\\\" von Frederik Weinert\"},\"datum\":{\"wt\":\"2018-05-18\"},\"abruf\":{\"wt\":\"2020-03-10\"}},\"i\":0}}]}'><a rel=\"external_link\" href=\"https:\/\/books.google.de\/books?id=aLOBDwAAQBAJ&pg=PA141&lpg=PA141&dq=tomekk+weinert&source=bl&ots=DaJewqiUE7&sig=ACfU3U3igBottIl7Cotjbyg4zbb2mNZp_A&hl=de&sa=X&ved=2ahUKEwie6dz2xY_oAhXWXhUIHf7eBt8Q6AEwAXoECAoQAQ#v=onepage&q=tomekk%20weinert&f=false\" class=\"external text\" id=\"rdp-we-mwBHg\" target=\"_new\"><i id=\"rdp-we-mwBHk\">\"Die Sprache der Rechten: Wie wir t\u00e4glich manipuliert werden\" von Frederik Weinert.<\/i><\/a><span typeof=\"mw:Entity\" id=\"rdp-we-mwBHo\"> <\/span>18.<span typeof=\"mw:Entity\" id=\"rdp-we-mwBHs\">\u00a0<\/span>Mai 2018<span typeof=\"mw:Entity\" id=\"rdp-we-mwBHw\">,<\/span><span class=\"Abrufdatum\" id=\"rdp-we-mwBH0\"><span typeof=\"mw:Entity\" id=\"rdp-we-mwBH4\"> <\/span>abgerufen am 10.<span typeof=\"mw:Entity\" id=\"rdp-we-mwBH8\">\u00a0<\/span>M\u00e4rz 2020<\/span>.<\/span><span style=\"display: none;\" class=\"Z3988\" title=\"ctx_ver=Z39.88-2004&amp;rft_val_fmt=info%3Aofi%2Ffmt%3Akev%3Amtx%3Adc&amp;rfr_id=info%3Asid%2Fde.wikipedia.org%3ADJ+Tomekk&amp;rft.title=%22Die+Sprache+der+Rechten%3A+Wie+wir+t%C3%A4glich+manipuliert+werden%22+von+Frederik+Weinert&amp;rft.description=%22Die+Sprache+der+Rechten%3A+Wie+wir+t%C3%A4glich+manipuliert+werden%22+von+Frederik+Weinert&amp;rft.identifier=https%3A%2F%2Fbooks.google.de%2Fbooks%3Fid%3DaLOBDwAAQBAJ%26pg%3DPA141%26lpg%3DPA141%26dq%3Dtomekk%2Bweinert%26source%3Dbl%26ots%3DDaJewqiUE7%26sig%3DACfU3U3igBottIl7Cotjbyg4zbb2mNZp_A%26hl%3Dde%26sa%3DX%26ved%3D2ahUKEwie6dz2xY_oAhXWXhUIHf7eBt8Q6AEwAXoECAoQAQ%23v%3Donepage%26q%3Dtomekk%2520weinert%26f%3Dfalse&amp;rft.date=2018-05-18\" about=\"#mwt86\" id=\"rdp-we-mwBIA\"><span typeof=\"mw:Entity\" id=\"rdp-we-mwBIE\">\u00a0<\/span><\/span><\/span><\/li>\n<li about=\"#cite_note-djtomekk2-65\" id=\"cite_note-djtomekk2-65\" data-mw-footnote-number=\"65\"><span class=\"mw-cite-backlink\" id=\"rdp-we-mwBII\"><a href=\"#cite_ref-djtomekk2_65-0\" rel=\"mw:referencedBy\" id=\"rdp-we-mwBIM\"><span class=\"mw-linkback-text\" id=\"rdp-we-mwBIQ\">\u2191<\/span><\/a><\/span> <span id=\"rdp-we-mw-reference-text-cite_note-djtomekk2-65\" class=\"mw-reference-text reference-text\"><span class=\"cite\" about=\"#mwt88\" typeof=\"mw:Transclusion\" id=\"rdp-we-mwBIU\" data-mw='{\"parts\":[{\"template\":{\"target\":{\"wt\":\"Internetquelle \",\"href\":\".\/Vorlage:Internetquelle\"},\"params\":{\"url\":{\"wt\":\"https:\/\/books.google.de\/books?id=Fgd4DwAAQBAJ&amp;pg=PT132&amp;lpg=PT132&amp;dq=tomekk+weinert&amp;source=bl&amp;ots=x4r8WpHUDW&amp;sig=ACfU3U3OwOt_OJVnJMOVGr4g7olBTq900A&amp;hl=de&amp;sa=X&amp;ved=2ahUKEwie6dz2xY_oAhXWXhUIHf7eBt8Q6AEwAHoECAkQAQ#v=onepage&amp;q=tomekk%20weinert&amp;f=false\"},\"titel\":{\"wt\":\"\\\"Nazi-Vergleiche und Political Correctness. Eine sprach- und kommunikationswissenschaftliche Analyse\\\" von Frederik Weinert\"},\"datum\":{\"wt\":\"2018-11-24\"},\"abruf\":{\"wt\":\"2020-03-10\"}},\"i\":0}}]}'><a rel=\"external_link\" href=\"https:\/\/books.google.de\/books?id=Fgd4DwAAQBAJ&pg=PT132&lpg=PT132&dq=tomekk+weinert&source=bl&ots=x4r8WpHUDW&sig=ACfU3U3OwOt_OJVnJMOVGr4g7olBTq900A&hl=de&sa=X&ved=2ahUKEwie6dz2xY_oAhXWXhUIHf7eBt8Q6AEwAHoECAkQAQ#v=onepage&q=tomekk%20weinert&f=false\" class=\"external text\" id=\"rdp-we-mwBIY\" target=\"_new\"><i id=\"rdp-we-mwBIc\">\"Nazi-Vergleiche und Political Correctness. Eine sprach- und kommunikationswissenschaftliche Analyse\" von Frederik Weinert.<\/i><\/a><span typeof=\"mw:Entity\" id=\"rdp-we-mwBIg\"> <\/span>24.<span typeof=\"mw:Entity\" id=\"rdp-we-mwBIk\">\u00a0<\/span>November 2018<span typeof=\"mw:Entity\" id=\"rdp-we-mwBIo\">,<\/span><span class=\"Abrufdatum\" id=\"rdp-we-mwBIs\"><span typeof=\"mw:Entity\" id=\"rdp-we-mwBIw\"> <\/span>abgerufen am 10.<span typeof=\"mw:Entity\" id=\"rdp-we-mwBI0\">\u00a0<\/span>M\u00e4rz 2020<\/span>.<\/span><span style=\"display: none;\" class=\"Z3988\" title=\"ctx_ver=Z39.88-2004&amp;rft_val_fmt=info%3Aofi%2Ffmt%3Akev%3Amtx%3Adc&amp;rfr_id=info%3Asid%2Fde.wikipedia.org%3ADJ+Tomekk&amp;rft.title=%22Nazi-Vergleiche+und+Political+Correctness.+Eine+sprach-+und+kommunikationswissenschaftliche+Analyse%22+von+Frederik+Weinert&amp;rft.description=%22Nazi-Vergleiche+und+Political+Correctness.+Eine+sprach-+und+kommunikationswissenschaftliche+Analyse%22+von+Frederik+Weinert&amp;rft.identifier=https%3A%2F%2Fbooks.google.de%2Fbooks%3Fid%3DFgd4DwAAQBAJ%26pg%3DPT132%26lpg%3DPT132%26dq%3Dtomekk%2Bweinert%26source%3Dbl%26ots%3Dx4r8WpHUDW%26sig%3DACfU3U3OwOt_OJVnJMOVGr4g7olBTq900A%26hl%3Dde%26sa%3DX%26ved%3D2ahUKEwie6dz2xY_oAhXWXhUIHf7eBt8Q6AEwAHoECAkQAQ%23v%3Donepage%26q%3Dtomekk%2520weinert%26f%3Dfalse&amp;rft.date=2018-11-24\" about=\"#mwt88\" id=\"rdp-we-mwBI4\"><span typeof=\"mw:Entity\" id=\"rdp-we-mwBI8\">\u00a0<\/span><\/span><\/span><\/li>\n<li about=\"#cite_note-djtomekk3-66\" id=\"cite_note-djtomekk3-66\" data-mw-footnote-number=\"66\"><span class=\"mw-cite-backlink\" id=\"rdp-we-mwBJA\"><a href=\"#cite_ref-djtomekk3_66-0\" rel=\"mw:referencedBy\" id=\"rdp-we-mwBJE\"><span class=\"mw-linkback-text\" id=\"rdp-we-mwBJI\">\u2191<\/span><\/a><\/span> <span id=\"rdp-we-mw-reference-text-cite_note-djtomekk3-66\" class=\"mw-reference-text reference-text\"><span class=\"cite\" about=\"#mwt90\" typeof=\"mw:Transclusion\" id=\"rdp-we-mwBJM\" data-mw='{\"parts\":[{\"template\":{\"target\":{\"wt\":\"Internetquelle \",\"href\":\".\/Vorlage:Internetquelle\"},\"params\":{\"url\":{\"wt\":\"https:\/\/link.springer.com\/article\/10.1007%2Fs11616-019-00551-w\"},\"titel\":{\"wt\":\"Buchbesprechung auf Springer.com \u201eNazi-Vergleiche und Political Correctness. Eine sprach- und kommunikationswissenschaftliche Analyse\u201c von Dr. Christof Barth, Fachbereich Medienwissenschaft, Universit\u00e4t Trier\"},\"datum\":{\"wt\":\"2019-12-17\"},\"abruf\":{\"wt\":\"2020-03-10\"}},\"i\":0}}]}'><a rel=\"external_link\" href=\"https:\/\/link.springer.com\/article\/10.1007%2Fs11616-019-00551-w\" class=\"external text\" id=\"rdp-we-mwBJQ\" target=\"_new\"><i id=\"rdp-we-mwBJU\">Buchbesprechung auf Springer.com \u201eNazi-Vergleiche und Political Correctness. Eine sprach- und kommunikationswissenschaftliche Analyse\u201c von Dr. Christof Barth, Fachbereich Medienwissenschaft, Universit\u00e4t Trier.<\/i><\/a><span typeof=\"mw:Entity\" id=\"rdp-we-mwBJY\"> <\/span>17.<span typeof=\"mw:Entity\" id=\"rdp-we-mwBJc\">\u00a0<\/span>Dezember 2019<span typeof=\"mw:Entity\" id=\"rdp-we-mwBJg\">,<\/span><span class=\"Abrufdatum\" id=\"rdp-we-mwBJk\"><span typeof=\"mw:Entity\" id=\"rdp-we-mwBJo\"> <\/span>abgerufen am 10.<span typeof=\"mw:Entity\" id=\"rdp-we-mwBJs\">\u00a0<\/span>M\u00e4rz 2020<\/span>.<\/span><span style=\"display: none;\" class=\"Z3988\" title=\"ctx_ver=Z39.88-2004&amp;rft_val_fmt=info%3Aofi%2Ffmt%3Akev%3Amtx%3Adc&amp;rfr_id=info%3Asid%2Fde.wikipedia.org%3ADJ+Tomekk&amp;rft.title=Buchbesprechung+auf+Springer.com+%E2%80%9ENazi-Vergleiche+und+Political+Correctness.+Eine+sprach-+und+kommunikationswissenschaftliche+Analyse%E2%80%9C+von+Dr.+Christof+Barth%2C+Fachbereich+Medienwissenschaft%2C+Universit%C3%A4t+Trier&amp;rft.description=Buchbesprechung+auf+Springer.com+%E2%80%9ENazi-Vergleiche+und+Political+Correctness.+Eine+sprach-+und+kommunikationswissenschaftliche+Analyse%E2%80%9C+von+Dr.+Christof+Barth%2C+Fachbereich+Medienwissenschaft%2C+Universit%C3%A4t+Trier&amp;rft.identifier=https%3A%2F%2Flink.springer.com%2Farticle%2F10.1007%252Fs11616-019-00551-w&amp;rft.date=2019-12-17\" about=\"#mwt90\" id=\"rdp-we-mwBJw\"><span typeof=\"mw:Entity\" id=\"rdp-we-mwBJ0\">\u00a0<\/span><\/span><\/span><\/li>\n<\/ol>\n\n<div class=\"hintergrundfarbe1 rahmenfarbe1 navigation-not-searchable  normdaten-typ-p\" style=\"border-style: solid; border-width: 1px; clear: left;   margin-bottom:1em; margin-top:1em; padding: 0.25em; overflow: hidden; word-break: break-word; word-wrap: break-word; \" id=\"rdp-we-normdaten\" about=\"#mwt99\" typeof=\"mw:Transclusion\" data-mw='{\"parts\":[{\"template\":{\"target\":{\"wt\":\"Normdaten\",\"href\":\".\/Vorlage:Normdaten\"},\"params\":{\"TYP\":{\"wt\":\"p\"},\"GND\":{\"wt\":\"121934101\"},\"LCCN\":{\"wt\":\"no2005105101\"},\"VIAF\":{\"wt\":\"80029094\"}},\"i\":0}}]}'>\n<div style=\"display: table-cell; vertical-align: middle; width: 100%;\">\n<div>\nNormdaten<span typeof=\"mw:Entity\">\u00a0<\/span>(Person): <a rel=\"mw:WikiLink\" href=\"https:\/\/de.wikipedia.org\/wiki\/Gemeinsame_Normdatei\" title=\"Gemeinsame Normdatei\" target=\"_new\" class=\"wiki-link\">GND<\/a>: <span class=\"plainlinks-print\"><a rel=\"external_link\" href=\"https:\/\/d-nb.info\/gnd\/121934101\" class=\"external text\" target=\"_new\">121934101<\/a><\/span> <span class=\"noprint\"> (<a rel=\"external_link\" href=\"https:\/\/lobid.org\/gnd\/121934101\" class=\"external text\" target=\"_new\">lobid<\/a>, <a rel=\"external_link\" href=\"https:\/\/explore.gnd.network\/gnd\/121934101\" class=\"external text\" target=\"_new\">GND Explorer<\/a>, <a rel=\"external_link\" href=\"https:\/\/swb.bsz-bw.de\/DB=2.104\/SET=1\/TTL=1\/CMD?retrace=0&trm_old=&ACT=SRCHA&IKT=2999&SRT=RLV&TRM=121934101\" class=\"external text\" target=\"_new\">OGND<\/a><span class=\"metadata\">, <a rel=\"external_link\" href=\"https:\/\/prometheus.lmu.de\/gnd\/121934101\" class=\"external text\" target=\"_new\">AKS<\/a><\/span>)<\/span>  <span typeof=\"mw:Entity\">|<\/span> <a rel=\"mw:WikiLink\" href=\"https:\/\/de.wikipedia.org\/wiki\/Library_of_Congress_Control_Number\" title=\"Library of Congress Control Number\" target=\"_new\" class=\"wiki-link\">LCCN<\/a>: <span class=\"plainlinks-print\"><a rel=\"external_link\" href=\"https:\/\/id.loc.gov\/authorities\/no2005105101\" class=\"external text\" target=\"_new\">no2005105101<\/a><\/span>  <span typeof=\"mw:Entity\">|<\/span> <a rel=\"mw:WikiLink\" href=\"https:\/\/de.wikipedia.org\/wiki\/Virtual_International_Authority_File\" title=\"Virtual International Authority File\" target=\"_new\" class=\"wiki-link\">VIAF<\/a>: <span class=\"plainlinks-print\"><a rel=\"external_link\" href=\"https:\/\/viaf.org\/viaf\/80029094\/\" class=\"external text\" target=\"_new\">80029094<\/a><\/span> <span typeof=\"mw:Entity\">|<\/span> <span class=\"noprint\"><a rel=\"external_link\" href=\"https:\/\/persondata.toolforge.org\/p\/DJ_Tomekk\" class=\"external text\" target=\"_new\">Wikipedia-Personensuche<\/a><\/span><span class=\"metadata\"><\/span><\/div>\n<\/div><\/div>\n\n<link rel=\"mw:PageProp\/Category\" href=\".\/Kategorie:Hip-Hop-Produzent\" id=\"rdp-we-mwBJ4\"\/>\n<link rel=\"mw:PageProp\/Category\" href=\".\/Kategorie:Teilnehmer_an_Ich_bin_ein_Star_\u2013_Holt_mich_hier_raus!\" id=\"rdp-we-mwBJ8\"\/>\n<link rel=\"mw:PageProp\/Category\" href=\".\/Kategorie:DJ#Tomekk\" id=\"rdp-we-mwBKA\"\/>\n<link rel=\"mw:PageProp\/Category\" href=\".\/Kategorie:Musiker_(Polen)\" id=\"rdp-we-mwBKE\"\/>\n<link rel=\"mw:PageProp\/Category\" href=\".\/Kategorie:Tr\u00e4ger_der_1_Live_Krone\" id=\"rdp-we-mwBKI\"\/>\n<link rel=\"mw:PageProp\/Category\" href=\".\/Kategorie:Comet-Preistr\u00e4ger_(Deutschland)\" id=\"rdp-we-mwBKM\"\/>\n<link rel=\"mw:PageProp\/Category\" href=\".\/Kategorie:Pseudonym\" id=\"rdp-we-mwBKQ\"\/>\n<link rel=\"mw:PageProp\/Category\" href=\".\/Kategorie:Pole\" id=\"rdp-we-mwBKU\"\/>\n<link rel=\"mw:PageProp\/Category\" href=\".\/Kategorie:Geboren_1975\" id=\"rdp-we-mwBKY\"\/>\n<link rel=\"mw:PageProp\/Category\" href=\".\/Kategorie:Mann\" id=\"rdp-we-mwBKc\"\/>\n\n<table class=\"metadata rahmenfarbe1\" id=\"rdp-we-Vorlage_Personendaten\" style=\"border-style: solid; margin-top: 20px;\" about=\"#mwt100\" typeof=\"mw:Transclusion\" data-mw='{\"parts\":[{\"template\":{\"target\":{\"wt\":\"Personendaten\\n\",\"href\":\".\/Vorlage:Personendaten\"},\"params\":{\"NAME\":{\"wt\":\"DJ Tomekk\"},\"ALTERNATIVNAMEN\":{\"wt\":\"Tomasz Kuklicz (wirklicher Name)\"},\"KURZBESCHREIBUNG\":{\"wt\":\"polnischer Hip-Hop-Musiker und Musikproduzent\"},\"GEBURTSDATUM\":{\"wt\":\"11. Oktober 1975\"},\"GEBURTSORT\":{\"wt\":\"[[Krakau]], Polen\"},\"STERBEDATUM\":{\"wt\":\"\"},\"STERBEORT\":{\"wt\":\"\"}},\"i\":0}}]}'>\n<tbody><tr><th colspan=\"2\"><a rel=\"mw:WikiLink\" href=\"https:\/\/de.wikipedia.org\/wiki\/Hilfe:Personendaten\" title=\"Hilfe:Personendaten\" target=\"_new\" class=\"wiki-link\">Personendaten<\/a><\/th><\/tr>\n<tr>\n<td style=\"color: #aaa;\">NAME<\/td>\n<td style=\"font-weight: bold;\">DJ Tomekk<\/td><\/tr>\n<tr>\n<td style=\"color: #aaa;\">ALTERNATIVNAMEN<\/td>\n<td>Tomasz Kuklicz (wirklicher Name)<\/td><\/tr>\n<tr>\n<td style=\"color: #aaa;\">KURZBESCHREIBUNG<\/td>\n<td>polnischer Hip-Hop-Musiker und Musikproduzent<\/td><\/tr>\n<tr>\n<td style=\"color: #aaa;\">GEBURTSDATUM<\/td>\n<td>11. Oktober 1975<\/td><\/tr>\n<tr>\n<td style=\"color: #aaa;\">GEBURTSORT<\/td>\n<td><a rel=\"mw:WikiLink\" href=\"https:\/\/de.wikipedia.org\/wiki\/Krakau\" title=\"Krakau\" target=\"_new\" class=\"wiki-link\">Krakau<\/a>, Polen<\/td><\/tr>\n\n\n\n\n<\/tbody><\/table><\/section>\n<!-- \nNewPP limit report\nParsed by mw\u2010web.codfw.main\u20105f7564d76d\u2010wrtj9\nCached time: 20260823225829\nCache expiry: 2592000\nReduced expiry: false\nComplications: [show\u2010toc, use\u2010parsoid]\nCPU time usage: 0.892 seconds\nReal time usage: 1.048 seconds\nPreprocessor visited node count: 3781\/1000000\nRevision size: 33348\/2097152 bytes\nPost\u2010expand include size: 102814\/2097152 bytes\nTemplate argument size: 26423\/2097152 bytes\nHighest expansion depth: 14\/100\nExpensive parser function count: 4\/500\nUnstrip recursion depth: 0\/20\nUnstrip post\u2010expand size: 35557\/5000000 bytes\nLua time usage: 0.114\/10.000 seconds\nLua memory usage: 2888334\/52428800 bytes\nNumber of Wikibase entities loaded: 1\/500\n-->\n<!--\nTransclusion expansion time report (%,ms,calls,template)\n100.00%  764.745      1 -total\n 18.34%  140.243      7 Vorlage:Internetquelle\n  7.71%   58.943      5 Vorlage:Webarchiv\n  6.83%   52.231      1 Vorlage:Eingebundene_Diskografie\n  6.04%   46.203      1 DJ_Tomekk\/Diskografie\n  5.55%   42.460      1 Vorlage:Charttabelle\n  3.10%   23.675      1 Vorlage:Normdaten\n  2.79%   21.306      5 Vorlage:Webarchiv\/Wayback\n  2.79%   21.302      1 Vorlage:Commonscat\n  2.06%   15.725      1 Vorlage:Hinweisbaustein\n-->\n\n<!-- Render ID 286db2ab-9f46-11f1-b05a-0728af300c41 -->\n\n<!-- Saved in parser cache with key dewiki:stable-parsoid-pcache:4490828:|#|:idhash:useParsoid=1 and timestamp 20260823225829 and revision id 269927943. Rendering was triggered because: unknown\n -->\n\n<!-- Parsoid 0.24.0.0-alpha19 -->\n<\/div><!--\nPost\u2010processing cache key dewiki:stable\u2010parsoid\u2010pcache\u2010postproc:4490828:|#|:idhash:injectTOC=0!postproc=1!skin=vector\u20102022!useParsoid=1, generated at 20260823231002\n--><noscript><img loading=\"lazy\" decoding=\"async\" src=\"https:\/\/de.wikipedia.org\/wiki\/Special:CentralAutoLogin\/start?useformat=desktop&amp;type=1x1&amp;usesul3=1\" alt=\"\" width=\"1\" height=\"1\" style=\"border: none; position: absolute;\"><\/noscript>\n<div class=\"printfooter\" data-nosnippet=\"\">Quelle:  <a rel=\"external_link\" class=\"external\" href=\"https:\/\/de.wikipedia.org\/wiki\/DJ_Tomekk\">https:\/\/de.wikipedia.org\/wiki\/DJ_Tomekk<\/a><\/div><\/div>\n\t\t\t\t\t\n\t\t\t\t<\/div>\n\t\t\t<\/main>\n\t\t\t\n\t\t<\/div>\n\t\t<div class=\"mw-footer-container\">\n\t\t\t\n\t\t<\/div>\n\t<\/div> \n<\/div> \n\n<div class=\"mw-portlet mw-portlet-dock-bottom emptyPortlet\" id=\"rdp-we-p-dock-bottom\">\n\t<ul>\n\t\t\n\t<\/ul>\n<\/div>\n\n\n<\/div><!-- #rdp-we-main -->\n\n\t\t<\/div>\n\t<\/div>\n<\/div><\/div><\/div><\/div>\n<\/section>","protected":false},"excerpt":{"rendered":"<p>DJ Tomekk DJ Tomekk (2007) DJ Tomekk (* 11. Oktober 1975 in Krakau, b\u00fcrgerlich Tomasz Kuklicz) ist ein polnischer Hip-Hop-DJ und Musikproduzent. DJ Tomekk ist in der US-amerikanischen und deutschen Hip-Hop-Szene seit den 1990er Jahren aktiv. Er arbeitete als Moderator bei Kiss FM Berlin, 1 Live und Jam FM[1] und war in Deutschland als Moderator&hellip;<\/p>","protected":false},"author":1,"featured_media":57676,"comment_status":"closed","ping_status":"closed","template":"","dt_portfolio_category":[1340,587],"dt_portfolio_tags":[],"class_list":["post-57675","dt_portfolio","type-dt_portfolio","status-publish","has-post-thumbnail","hentry","dt_portfolio_category-deutschrap","dt_portfolio_category-old-school","dt_portfolio_category-1340","dt_portfolio_category-587","description-off"],"yoast_head":"<!-- This site is optimized with the Yoast SEO plugin v28.4 - https:\/\/yoast.com\/product\/yoast-seo-wordpress\/ -->\n<title>DJ Tomekk - Access all artists<\/title>\n<meta name=\"robots\" content=\"index, follow, max-snippet:-1, max-image-preview:large, max-video-preview:-1\" \/>\n<link rel=\"canonical\" href=\"https:\/\/accessallartists.de\/en\/artists\/dj-tomekk\/\" \/>\n<meta property=\"og:locale\" content=\"en_US\" \/>\n<meta property=\"og:type\" content=\"article\" \/>\n<meta property=\"og:title\" content=\"DJ Tomekk - Access all artists\" \/>\n<meta property=\"og:url\" content=\"https:\/\/accessallartists.de\/en\/artists\/dj-tomekk\/\" \/>\n<meta property=\"og:site_name\" content=\"Access all artists\" \/>\n<meta property=\"article:publisher\" content=\"http:\/\/www.facebook.com\/aaa_accessallartists\" \/>\n<meta property=\"article:modified_time\" content=\"2023-10-26T11:11:30+00:00\" \/>\n<meta property=\"og:image\" content=\"https:\/\/accessallartists.de\/wp-content\/uploads\/2023\/03\/aaa-artists-tomekk.jpg\" \/>\n\t<meta property=\"og:image:width\" content=\"768\" \/>\n\t<meta property=\"og:image:height\" content=\"990\" \/>\n\t<meta property=\"og:image:type\" content=\"image\/jpeg\" \/>\n<meta name=\"twitter:card\" content=\"summary_large_image\" \/>\n<meta name=\"twitter:site\" content=\"@accesallartists\" \/>\n<meta name=\"twitter:label1\" content=\"Est. reading time\" \/>\n\t<meta name=\"twitter:data1\" content=\"1 minute\" \/>\n<script type=\"application\/ld+json\" class=\"yoast-schema-graph\">{\"@context\":\"https:\\\/\\\/schema.org\",\"@graph\":[{\"@type\":\"WebPage\",\"@id\":\"https:\\\/\\\/accessallartists.de\\\/artists\\\/dj-tomekk\\\/\",\"url\":\"https:\\\/\\\/accessallartists.de\\\/artists\\\/dj-tomekk\\\/\",\"name\":\"DJ Tomekk - Access all artists\",\"isPartOf\":{\"@id\":\"https:\\\/\\\/accessallartists.de\\\/#website\"},\"primaryImageOfPage\":{\"@id\":\"https:\\\/\\\/accessallartists.de\\\/artists\\\/dj-tomekk\\\/#primaryimage\"},\"image\":{\"@id\":\"https:\\\/\\\/accessallartists.de\\\/artists\\\/dj-tomekk\\\/#primaryimage\"},\"thumbnailUrl\":\"https:\\\/\\\/accessallartists.de\\\/wp-content\\\/uploads\\\/2023\\\/03\\\/aaa-artists-tomekk.jpg\",\"datePublished\":\"2023-03-22T21:23:19+00:00\",\"dateModified\":\"2023-10-26T11:11:30+00:00\",\"breadcrumb\":{\"@id\":\"https:\\\/\\\/accessallartists.de\\\/artists\\\/dj-tomekk\\\/#breadcrumb\"},\"inLanguage\":\"en-US\",\"potentialAction\":[{\"@type\":\"ReadAction\",\"target\":[\"https:\\\/\\\/accessallartists.de\\\/artists\\\/dj-tomekk\\\/\"]}]},{\"@type\":\"ImageObject\",\"inLanguage\":\"en-US\",\"@id\":\"https:\\\/\\\/accessallartists.de\\\/artists\\\/dj-tomekk\\\/#primaryimage\",\"url\":\"https:\\\/\\\/accessallartists.de\\\/wp-content\\\/uploads\\\/2023\\\/03\\\/aaa-artists-tomekk.jpg\",\"contentUrl\":\"https:\\\/\\\/accessallartists.de\\\/wp-content\\\/uploads\\\/2023\\\/03\\\/aaa-artists-tomekk.jpg\",\"width\":768,\"height\":990},{\"@type\":\"BreadcrumbList\",\"@id\":\"https:\\\/\\\/accessallartists.de\\\/artists\\\/dj-tomekk\\\/#breadcrumb\",\"itemListElement\":[{\"@type\":\"ListItem\",\"position\":1,\"name\":\"Startseite\",\"item\":\"https:\\\/\\\/accessallartists.de\\\/\"},{\"@type\":\"ListItem\",\"position\":2,\"name\":\"Portfolio\",\"item\":\"https:\\\/\\\/accessallartists.de\\\/artists\\\/\"},{\"@type\":\"ListItem\",\"position\":3,\"name\":\"DJ Tomekk\"}]},{\"@type\":\"WebSite\",\"@id\":\"https:\\\/\\\/accessallartists.de\\\/#website\",\"url\":\"https:\\\/\\\/accessallartists.de\\\/\",\"name\":\"Access all artists\",\"description\":\"Home of Artists &amp; Concerts\",\"publisher\":{\"@id\":\"https:\\\/\\\/accessallartists.de\\\/#organization\"},\"potentialAction\":[{\"@type\":\"SearchAction\",\"target\":{\"@type\":\"EntryPoint\",\"urlTemplate\":\"https:\\\/\\\/accessallartists.de\\\/?s={search_term_string}\"},\"query-input\":{\"@type\":\"PropertyValueSpecification\",\"valueRequired\":true,\"valueName\":\"search_term_string\"}}],\"inLanguage\":\"en-US\"},{\"@type\":\"Organization\",\"@id\":\"https:\\\/\\\/accessallartists.de\\\/#organization\",\"name\":\"Access all artists\",\"url\":\"https:\\\/\\\/accessallartists.de\\\/\",\"logo\":{\"@type\":\"ImageObject\",\"inLanguage\":\"en-US\",\"@id\":\"https:\\\/\\\/accessallartists.de\\\/#\\\/schema\\\/logo\\\/image\\\/\",\"url\":\"https:\\\/\\\/accessallartists.de\\\/wp-content\\\/uploads\\\/2023\\\/03\\\/aaa-seo-icon-image.jpg\",\"contentUrl\":\"https:\\\/\\\/accessallartists.de\\\/wp-content\\\/uploads\\\/2023\\\/03\\\/aaa-seo-icon-image.jpg\",\"width\":600,\"height\":600,\"caption\":\"Access all artists\"},\"image\":{\"@id\":\"https:\\\/\\\/accessallartists.de\\\/#\\\/schema\\\/logo\\\/image\\\/\"},\"sameAs\":[\"http:\\\/\\\/www.facebook.com\\\/aaa_accessallartists\",\"https:\\\/\\\/x.com\\\/accesallartists\",\"https:\\\/\\\/www.instagram.com\\\/aaa_accessallartists\",\"https:\\\/\\\/www.youtube.com\\\/channel\\\/UCWQJiDSzXSCWrjcGmxQwpag\"]}]}<\/script>\n<!-- \/ Yoast SEO plugin. -->","yoast_head_json":{"title":"DJ Tomekk - Access all artists","robots":{"index":"index","follow":"follow","max-snippet":"max-snippet:-1","max-image-preview":"max-image-preview:large","max-video-preview":"max-video-preview:-1"},"canonical":"https:\/\/accessallartists.de\/en\/artists\/dj-tomekk\/","og_locale":"en_US","og_type":"article","og_title":"DJ Tomekk - Access all artists","og_url":"https:\/\/accessallartists.de\/en\/artists\/dj-tomekk\/","og_site_name":"Access all artists","article_publisher":"http:\/\/www.facebook.com\/aaa_accessallartists","article_modified_time":"2023-10-26T11:11:30+00:00","og_image":[{"width":768,"height":990,"url":"https:\/\/accessallartists.de\/wp-content\/uploads\/2023\/03\/aaa-artists-tomekk.jpg","type":"image\/jpeg"}],"twitter_card":"summary_large_image","twitter_site":"@accesallartists","twitter_misc":{"Est. reading time":"1 minute"},"schema":{"@context":"https:\/\/schema.org","@graph":[{"@type":"WebPage","@id":"https:\/\/accessallartists.de\/artists\/dj-tomekk\/","url":"https:\/\/accessallartists.de\/artists\/dj-tomekk\/","name":"DJ Tomekk - Access all artists","isPartOf":{"@id":"https:\/\/accessallartists.de\/#website"},"primaryImageOfPage":{"@id":"https:\/\/accessallartists.de\/artists\/dj-tomekk\/#primaryimage"},"image":{"@id":"https:\/\/accessallartists.de\/artists\/dj-tomekk\/#primaryimage"},"thumbnailUrl":"https:\/\/accessallartists.de\/wp-content\/uploads\/2023\/03\/aaa-artists-tomekk.jpg","datePublished":"2023-03-22T21:23:19+00:00","dateModified":"2023-10-26T11:11:30+00:00","breadcrumb":{"@id":"https:\/\/accessallartists.de\/artists\/dj-tomekk\/#breadcrumb"},"inLanguage":"en-US","potentialAction":[{"@type":"ReadAction","target":["https:\/\/accessallartists.de\/artists\/dj-tomekk\/"]}]},{"@type":"ImageObject","inLanguage":"en-US","@id":"https:\/\/accessallartists.de\/artists\/dj-tomekk\/#primaryimage","url":"https:\/\/accessallartists.de\/wp-content\/uploads\/2023\/03\/aaa-artists-tomekk.jpg","contentUrl":"https:\/\/accessallartists.de\/wp-content\/uploads\/2023\/03\/aaa-artists-tomekk.jpg","width":768,"height":990},{"@type":"BreadcrumbList","@id":"https:\/\/accessallartists.de\/artists\/dj-tomekk\/#breadcrumb","itemListElement":[{"@type":"ListItem","position":1,"name":"Startseite","item":"https:\/\/accessallartists.de\/"},{"@type":"ListItem","position":2,"name":"Portfolio","item":"https:\/\/accessallartists.de\/artists\/"},{"@type":"ListItem","position":3,"name":"DJ Tomekk"}]},{"@type":"WebSite","@id":"https:\/\/accessallartists.de\/#website","url":"https:\/\/accessallartists.de\/","name":"Access all artists","description":"Home of Artists &amp; Concerts","publisher":{"@id":"https:\/\/accessallartists.de\/#organization"},"potentialAction":[{"@type":"SearchAction","target":{"@type":"EntryPoint","urlTemplate":"https:\/\/accessallartists.de\/?s={search_term_string}"},"query-input":{"@type":"PropertyValueSpecification","valueRequired":true,"valueName":"search_term_string"}}],"inLanguage":"en-US"},{"@type":"Organization","@id":"https:\/\/accessallartists.de\/#organization","name":"Access all artists","url":"https:\/\/accessallartists.de\/","logo":{"@type":"ImageObject","inLanguage":"en-US","@id":"https:\/\/accessallartists.de\/#\/schema\/logo\/image\/","url":"https:\/\/accessallartists.de\/wp-content\/uploads\/2023\/03\/aaa-seo-icon-image.jpg","contentUrl":"https:\/\/accessallartists.de\/wp-content\/uploads\/2023\/03\/aaa-seo-icon-image.jpg","width":600,"height":600,"caption":"Access all artists"},"image":{"@id":"https:\/\/accessallartists.de\/#\/schema\/logo\/image\/"},"sameAs":["http:\/\/www.facebook.com\/aaa_accessallartists","https:\/\/x.com\/accesallartists","https:\/\/www.instagram.com\/aaa_accessallartists","https:\/\/www.youtube.com\/channel\/UCWQJiDSzXSCWrjcGmxQwpag"]}]}},"_links":{"self":[{"href":"https:\/\/accessallartists.de\/en\/wp-json\/wp\/v2\/dt_portfolio\/57675","targetHints":{"allow":["GET"]}}],"collection":[{"href":"https:\/\/accessallartists.de\/en\/wp-json\/wp\/v2\/dt_portfolio"}],"about":[{"href":"https:\/\/accessallartists.de\/en\/wp-json\/wp\/v2\/types\/dt_portfolio"}],"author":[{"embeddable":true,"href":"https:\/\/accessallartists.de\/en\/wp-json\/wp\/v2\/users\/1"}],"replies":[{"embeddable":true,"href":"https:\/\/accessallartists.de\/en\/wp-json\/wp\/v2\/comments?post=57675"}],"version-history":[{"count":2,"href":"https:\/\/accessallartists.de\/en\/wp-json\/wp\/v2\/dt_portfolio\/57675\/revisions"}],"predecessor-version":[{"id":57678,"href":"https:\/\/accessallartists.de\/en\/wp-json\/wp\/v2\/dt_portfolio\/57675\/revisions\/57678"}],"wp:featuredmedia":[{"embeddable":true,"href":"https:\/\/accessallartists.de\/en\/wp-json\/wp\/v2\/media\/57676"}],"wp:attachment":[{"href":"https:\/\/accessallartists.de\/en\/wp-json\/wp\/v2\/media?parent=57675"}],"wp:term":[{"taxonomy":"dt_portfolio_category","embeddable":true,"href":"https:\/\/accessallartists.de\/en\/wp-json\/wp\/v2\/dt_portfolio_category?post=57675"},{"taxonomy":"dt_portfolio_tags","embeddable":true,"href":"https:\/\/accessallartists.de\/en\/wp-json\/wp\/v2\/dt_portfolio_tags?post=57675"}],"curies":[{"name":"wp","href":"https:\/\/api.w.org\/{rel}","templated":true}]}}