{"id":57701,"date":"2023-03-22T22:40:07","date_gmt":"2023-03-22T21:40:07","guid":{"rendered":"https:\/\/accessallartists.de\/?post_type=dt_portfolio&#038;p=57701"},"modified":"2023-10-26T13:07:20","modified_gmt":"2023-10-26T11:07:20","slug":"summer-cem","status":"publish","type":"dt_portfolio","link":"https:\/\/accessallartists.de\/en\/artists\/summer-cem\/","title":{"rendered":"Summer Cem"},"content":{"rendered":"<section class=\"wpb-content-wrapper\"><div class=\"vc_row wpb_row vc_row-fluid\"><div class=\"wpb_column vc_column_container vc_col-sm-12\"><div class=\"vc_column-inner\"><div class=\"wpb_wrapper\">\n\t<div class=\"wpb_text_column wpb_content_element\" >\n\t\t<div class=\"wpb_wrapper\">\n\t\t\t<div id=\"rdp-we-main\" data-resource=\"https:\/\/de.wikipedia.org\/wiki\/Summer_Cem\">\n<div id=\"rdp-we-mw-aria-live-region\" class=\"mw-aria-live-region\" aria-live=\"polite\"><\/div>\n\n<div class=\"mw-page-container\">\n\t<div class=\"mw-page-container-inner\">\n\t\t<div class=\"vector-sitenotice-container\">\n\t\t\t<div id=\"rdp-we-siteNotice\"><!-- CentralNotice --><\/div>\n\t\t<\/div>\n\t\t<div class=\"vector-column-start\">\n\t\t\t\n\t\n\t\t<\/div>\n\t\t<div class=\"mw-content-container\">\n\t\t\t<main id=\"rdp-we-content\" class=\"mw-body\">\n\t\t\t\t<header class=\"mw-body-header vector-page-titlebar no-font-mode-scale\">\n\t\t\t\t\t\n\t\t\t\t\t<h1 id=\"rdp-we-firstHeading\" class=\"firstHeading mw-first-heading\"><span lang=\"de\" dir=\"ltr\"><span class=\"mw-page-title-main\">Summer Cem<\/span><\/span><\/h1>\n\t\t\t\n\n<\/header>\n\t\t\t\t\n\t\t\t\t\n\t\t\t\t<div id=\"rdp-we-bodyContent\" class=\"vector-body\" aria-labelledby=\"firstHeading\" data-mw-ve-target-container>\n\t\t\t\t\t<div class=\"vector-body-before-content\">\n\t\t\t\t\t\t\t\n\n\t\t\t\t\t\t\n\t\t\t\t\t<\/div>\n\t\t\t\t\t\n\t\t\t\t\t\n\t\t\t\t\t\n\t\t\t\t\t<div id=\"rdp-we-mw-content-text\" class=\"mw-body-content\"><div class=\"mw-content-ltr mw-parser-output\" lang=\"de\" dir=\"ltr\" data-mw-parsoid-version=\"0.24.0.0-alpha19\" data-mw-html-version=\"2.8.0\"><section data-mw-section-id=\"0\" id=\"rdp-we-mwAQ\"><div class=\"thumb float-right\" about=\"#mwt1\" typeof=\"mw:Transclusion\" id=\"rdp-we-mwAg\" data-mw='{\"parts\":[{\"template\":{\"target\":{\"wt\":\"CSS-Bildausschnitt\\n\",\"href\":\".\/Vorlage:CSS-Bildausschnitt\"},\"params\":{\"Image\":{\"wt\":\"Summer Cem - Rock am Ring 2018-2899.jpg\"},\"bSize\":{\"wt\":\"330\"},\"cWidth\":{\"wt\":\"260\"},\"cHeight\":{\"wt\":\"200\"},\"oTop\":{\"wt\":\"60\"},\"oLeft\":{\"wt\":\"27\"},\"Location\":{\"wt\":\"right\"},\"Description\":{\"wt\":\"Summer Cem (2018)\"}},\"i\":0}}]}'>\n<div style=\"width: 260px;\" class=\"thumbinner\">\n<div style=\"width:260px;height:200px;overflow:hidden;\">\n<div style=\"position:relative;top:-60px;left:-27px;width:330px\">\n<p><span class=\"noresize\" typeof=\"mw:File\"><a href=\"https:\/\/de.wikipedia.org\/wiki\/Datei:Summer_Cem_-_Rock_am_Ring_2018-2899.jpg\" class=\"mw-file-description wiki-link\" target=\"_new\"><img resource=\"https:\/\/de.wikipedia.org\/wiki\/Datei:Summer_Cem_-_Rock_am_Ring_2018-2899.jpg\" src=\"https:\/\/upload.wikimedia.org\/wikipedia\/commons\/thumb\/3\/37\/Summer_Cem_-_Rock_am_Ring_2018-2899.jpg\/330px-Summer_Cem_-_Rock_am_Ring_2018-2899.jpg?utm_source=de.wikipedia.org&amp;utm_campaign=parser&amp;utm_content=thumbnail\" decoding=\"async\" loading=\"lazy\" data-file-type=\"bitmap\" height=\"399\" width=\"330\" class=\"mw-file-element\"\/><\/a><\/span><\/p>\n<\/div><\/div><div class=\"thumbcaption\">Summer Cem (2018)<\/div>\n<\/div>\n<\/div>\n<p id=\"rdp-we-mwAw\"><b id=\"rdp-we-mwBA\">Summer Cem<\/b> (* <a rel=\"mw:WikiLink\" href=\"https:\/\/de.wikipedia.org\/wiki\/11._April\" title=\"11. April\" id=\"rdp-we-mwBQ\" target=\"_new\" class=\"wiki-link\">11. April<\/a> <a rel=\"mw:WikiLink\" href=\"https:\/\/de.wikipedia.org\/wiki\/1983\" title=\"1983\" id=\"rdp-we-mwBg\" target=\"_new\" class=\"wiki-link\">1983<\/a>; b\u00fcrgerlich <i id=\"rdp-we-mwBw\">Cem Toraman<\/i>) ist ein <a rel=\"mw:WikiLink\" href=\"https:\/\/de.wikipedia.org\/wiki\/Deutschland\" title=\"Deutschland\" id=\"rdp-we-mwCA\" target=\"_new\" class=\"wiki-link\">deutscher<\/a> <a rel=\"mw:WikiLink\" href=\"https:\/\/de.wikipedia.org\/wiki\/Rap\" title=\"Rap\" id=\"rdp-we-mwCQ\" target=\"_new\" class=\"wiki-link\">Rapper<\/a> <a rel=\"mw:WikiLink\" href=\"https:\/\/de.wikipedia.org\/wiki\/T\u00fcrkei\" title=\"T\u00fcrkei\" id=\"rdp-we-mwCg\" target=\"_new\" class=\"wiki-link\">t\u00fcrkischer<\/a> Abstammung aus <a rel=\"mw:WikiLink\" href=\"https:\/\/de.wikipedia.org\/wiki\/M\u00f6nchengladbach\" title=\"M\u00f6nchengladbach\" id=\"rdp-we-mwCw\" target=\"_new\" class=\"wiki-link\">M\u00f6nchengladbach<\/a>. Bekannt wurde er vor allem durch h\u00e4ufige Zusammenarbeiten mit <a rel=\"mw:WikiLink\" href=\"https:\/\/de.wikipedia.org\/wiki\/Eko_Fresh\" title=\"Eko Fresh\" id=\"rdp-we-mwDA\" target=\"_new\" class=\"wiki-link\">Eko Fresh<\/a> und <a rel=\"mw:WikiLink\" href=\"https:\/\/de.wikipedia.org\/wiki\/KC_Rebell\" title=\"KC Rebell\" id=\"rdp-we-mwDQ\" target=\"_new\" class=\"wiki-link\">KC Rebell<\/a>.<\/p>\n\n<meta property=\"mw:PageProp\/toc\" id=\"rdp-we-mwDg\" data-mw='{\"autoGenerated\":true}'\/><\/section><section data-mw-section-id=\"1\" id=\"rdp-we-mwDw\" aria-labelledby=\"Biografie\"><div class=\"mw-heading mw-heading2\"><h2 id=\"rdp-we-Biografie\">Biografie<\/h2><\/div>\n<p id=\"rdp-we-mwEA\">Summer Cem, dessen Eltern aus <a rel=\"mw:WikiLink\" href=\"https:\/\/de.wikipedia.org\/wiki\/Malatya\" title=\"Malatya\" id=\"rdp-we-mwEQ\" target=\"_new\" class=\"wiki-link\">Malatya<\/a> in der <a rel=\"mw:WikiLink\" href=\"https:\/\/de.wikipedia.org\/wiki\/T\u00fcrkei\" title=\"T\u00fcrkei\" id=\"rdp-we-mwEg\" target=\"_new\" class=\"wiki-link\">T\u00fcrkei<\/a> kommen,<sup about=\"#mwt3\" class=\"mw-ref reference\" id=\"rdp-we-cite_ref-1\" rel=\"dc:references\" typeof=\"mw:Extension\/ref\" data-mw='{\"name\":\"ref\",\"attrs\":{},\"body\":{\"id\":\"mw-reference-text-cite_note-1\"}}'><a href=\"#cite_note-1\" id=\"rdp-we-mwEw\"><span class=\"mw-reflink-text\" id=\"rdp-we-mwFA\"><span class=\"cite-bracket\" id=\"rdp-we-mwFQ\">[<\/span>1<span class=\"cite-bracket\" id=\"rdp-we-mwFg\">]<\/span><\/span><\/a><\/sup> wuchs im M\u00f6nchengladbacher Stadtteil <a rel=\"mw:WikiLink\" href=\"https:\/\/de.wikipedia.org\/wiki\/Rheydt\" title=\"Rheydt\" id=\"rdp-we-mwFw\" target=\"_new\" class=\"wiki-link\">Rheydt<\/a> auf. Eko Fresh nahm Summer Cem mit nach <a rel=\"mw:WikiLink\" href=\"https:\/\/de.wikipedia.org\/wiki\/Berlin\" title=\"Berlin\" id=\"rdp-we-mwGA\" target=\"_new\" class=\"wiki-link\">Berlin<\/a>, um ihn <a rel=\"mw:WikiLink\" href=\"https:\/\/de.wikipedia.org\/wiki\/Kool_Savas\" title=\"Kool Savas\" id=\"rdp-we-mwGQ\" target=\"_new\" class=\"wiki-link\">Kool Savas<\/a> vorzustellen. Dieser war von dessen Stil so angetan, dass er mit ihm den Song <i id=\"rdp-we-mwGg\">Anti Garanti<\/i> mit Eko Fresh, <a rel=\"mw:WikiLink\" href=\"https:\/\/de.wikipedia.org\/wiki\/Caput_(Rapper)\" title=\"Caput (Rapper)\" id=\"rdp-we-mwGw\" target=\"_new\" class=\"wiki-link\">Caput<\/a>, <a rel=\"mw:WikiLink\" href=\"https:\/\/de.wikipedia.org\/wiki\/Ercandize\" title=\"Ercandize\" id=\"rdp-we-mwHA\" target=\"_new\" class=\"wiki-link\">Ercandize<\/a> und <a rel=\"mw:WikiLink\" href=\"https:\/\/de.wikipedia.org\/wiki\/G-Style?action=edit&redlink=1\" title=\"G-Style (Seite nicht vorhanden)\" class=\"new wiki-link\" typeof=\"mw:LocalizedAttrs\" id=\"rdp-we-mwHQ\" data-mw-i18n='{\"title\":{\"lang\":\"x-page\",\"key\":\"red-link-title\",\"params\":[\"G-Style\"]}}' target=\"_new\">G-Style<\/a> f\u00fcr die Single zu <i id=\"rdp-we-mwHg\"><a rel=\"mw:WikiLink\" href=\"https:\/\/de.wikipedia.org\/wiki\/Ich_bin_jung_und_brauche_das_Geld_(Lied)\" title=\"Ich bin jung und brauche das Geld (Lied)\" id=\"rdp-we-mwHw\" target=\"_new\" class=\"wiki-link\">Ich bin jung und brauche das Geld<\/a><\/i> aufnahm. Es folgten diverse Features, beispielsweise auf Eko Freshs <a rel=\"mw:WikiLink\" href=\"https:\/\/de.wikipedia.org\/wiki\/Deb\u00fctalbum\" title=\"Deb\u00fctalbum\" class=\"mw-redirect wiki-link\" id=\"rdp-we-mwIA\" target=\"_new\">Deb\u00fctalbum<\/a> <i id=\"rdp-we-mwIQ\"><a rel=\"mw:WikiLink\" href=\"https:\/\/de.wikipedia.org\/wiki\/Ich_bin_jung_und_brauche_das_Geld\" title=\"Ich bin jung und brauche das Geld\" id=\"rdp-we-mwIg\" target=\"_new\" class=\"wiki-link\">Ich bin jung und brauche das Geld<\/a><\/i>, <i id=\"rdp-we-mwIw\">L.O.V.E.<\/i> von <a rel=\"mw:WikiLink\" href=\"https:\/\/de.wikipedia.org\/wiki\/Valezka\" title=\"Valezka\" id=\"rdp-we-mwJA\" target=\"_new\" class=\"wiki-link\">Valezka<\/a> und Eko Fresh, dem <a rel=\"mw:WikiLink\" href=\"https:\/\/de.wikipedia.org\/wiki\/Studioalbum\" title=\"Studioalbum\" class=\"mw-redirect wiki-link\" id=\"rdp-we-mwJQ\" target=\"_new\">Studioalbum<\/a> <i id=\"rdp-we-mwJg\"><a rel=\"mw:WikiLink\" href=\"https:\/\/de.wikipedia.org\/wiki\/Hart(z)_IV\" title=\"Hart(z) IV\" id=\"rdp-we-mwJw\" target=\"_new\" class=\"wiki-link\">Hart(z) IV<\/a><\/i> von Eko Fresh sowie dem <a rel=\"mw:WikiLink\" href=\"https:\/\/de.wikipedia.org\/wiki\/Kompilation_(Musik)\" title=\"Kompilation (Musik)\" id=\"rdp-we-mwKA\" target=\"_new\" class=\"wiki-link\">Sampler<\/a> <i id=\"rdp-we-mwKQ\">German Dream Allstars<\/i>.<\/p>\n\n<p id=\"rdp-we-mwKg\">Im Jahre 2004 nahm er gemeinsam mit <a rel=\"mw:WikiLink\" href=\"https:\/\/de.wikipedia.org\/wiki\/Raptile\" title=\"Raptile\" id=\"rdp-we-mwKw\" target=\"_new\" class=\"wiki-link\">Raptile<\/a>, <a rel=\"mw:WikiLink\" href=\"https:\/\/de.wikipedia.org\/wiki\/Xzibit\" title=\"Xzibit\" id=\"rdp-we-mwLA\" target=\"_new\" class=\"wiki-link\">Xzibit<\/a> und Eko Fresh die Anti-Garanti-Version <i id=\"rdp-we-mwLQ\">Make Y'All Bounce<\/i> f\u00fcr die gleichnamige Single auf, welche allerdings nur auf der deutschen Ver\u00f6ffentlichung erschien. Im selben Jahr erschien das sowohl deutsch- als auch t\u00fcrkischsprachige Album <i id=\"rdp-we-mwLg\">D\u00fcnya D\u00f6n\u00fcyor \u2013 die Welt dreht sich<\/i> von Eko Fresh und <a rel=\"mw:WikiLink\" href=\"https:\/\/de.wikipedia.org\/wiki\/Azra_(Rapper)\" title=\"Azra (Rapper)\" id=\"rdp-we-mwLw\" target=\"_new\" class=\"wiki-link\">Azra<\/a>, auf dem Summer Cem ebenfalls mit Features vertreten war. 2005 war er au\u00dferdem mit <i id=\"rdp-we-mwMA\">Nicht mehr normal<\/i> (zusammen mit Eko Fresh, <a rel=\"mw:WikiLink\" href=\"https:\/\/de.wikipedia.org\/wiki\/Capkekz\" title=\"Capkekz\" id=\"rdp-we-mwMQ\" target=\"_new\" class=\"wiki-link\">Capkekz<\/a>, <a rel=\"mw:WikiLink\" href=\"https:\/\/de.wikipedia.org\/wiki\/Manuellsen\" title=\"Manuellsen\" id=\"rdp-we-mwMg\" target=\"_new\" class=\"wiki-link\">Manuellsen<\/a> &amp; Ramsi Aliani) auf dem Sampler <i id=\"rdp-we-mwMw\"><a rel=\"mw:WikiLink\" href=\"https:\/\/de.wikipedia.org\/wiki\/Bravo_(deutsche_Zeitschrift)\" title=\"Bravo (deutsche Zeitschrift)\" id=\"rdp-we-mwNA\" target=\"_new\" class=\"wiki-link\">Bravo<\/a> Black Hits Vol. 13<\/i> zu finden. Summer Cem war auf dem Anfang Dezember 2006 erschienenen <a rel=\"mw:WikiLink\" href=\"https:\/\/de.wikipedia.org\/wiki\/Ersguterjunge\" title=\"Ersguterjunge\" id=\"rdp-we-mwNQ\" target=\"_new\" class=\"wiki-link\">Ersguterjunge<\/a>-Labelsampler <i id=\"rdp-we-mwNg\"><a rel=\"mw:WikiLink\" href=\"https:\/\/de.wikipedia.org\/wiki\/Vendetta_(Album)\" title=\"Vendetta (Album)\" id=\"rdp-we-mwNw\" target=\"_new\" class=\"wiki-link\">Vendetta<\/a><\/i> mit dem Solotrack <i id=\"rdp-we-mwOA\">Schicht im Schacht<\/i> sowie mit <a rel=\"mw:WikiLink\" href=\"https:\/\/de.wikipedia.org\/wiki\/Bushido_(Rapper)\" title=\"Bushido (Rapper)\" id=\"rdp-we-mwOQ\" target=\"_new\" class=\"wiki-link\">Bushido<\/a> auf <i id=\"rdp-we-mwOg\">Ich pack dich am Schopf<\/i> vertreten. Auch auf dem dritten Ersguterjunge-Sampler <i id=\"rdp-we-mwOw\">Alles Gute kommt von unten<\/i>, der im Dezember 2007 erschien, war Summer Cem mit einem Solotrack sowie weiteren Zusammenarbeiten vertreten. Im M\u00e4rz 2010 wurde bekannt, dass Summer Cem in <a rel=\"mw:WikiLink\" href=\"https:\/\/de.wikipedia.org\/wiki\/M\u00f6nchengladbach\" title=\"M\u00f6nchengladbach\" id=\"rdp-we-mwPA\" target=\"_new\" class=\"wiki-link\">M\u00f6nchengladbach<\/a> ein eigenes Caf\u00e9 er\u00f6ffnete.<sup about=\"#mwt6\" class=\"mw-ref reference\" id=\"rdp-we-cite_ref-:0_2-0\" rel=\"dc:references\" typeof=\"mw:Extension\/ref\" data-mw='{\"name\":\"ref\",\"attrs\":{\"name\":\":0\"},\"body\":{\"id\":\"mw-reference-text-cite_note-:0-2\"}}'><a href=\"#cite_note-:0-2\" id=\"rdp-we-mwPQ\"><span class=\"mw-reflink-text\" id=\"rdp-we-mwPg\"><span class=\"cite-bracket\" id=\"rdp-we-mwPw\">[<\/span>2<span class=\"cite-bracket\" id=\"rdp-we-mwQA\">]<\/span><\/span><\/a><\/sup> Am 19. November 2010 ver\u00f6ffentlichte Summer Cem sein Deb\u00fctalbum <i id=\"rdp-we-mwQQ\">Feierabend<\/i> \u00fcber <i id=\"rdp-we-mwQg\">German Dream<\/i>. Auf dem Album waren Gastbeitr\u00e4ge von <a rel=\"mw:WikiLink\" href=\"https:\/\/de.wikipedia.org\/wiki\/Farid_Bang\" title=\"Farid Bang\" id=\"rdp-we-mwQw\" target=\"_new\" class=\"wiki-link\">Farid Bang<\/a>, Capkekz, <a rel=\"mw:WikiLink\" href=\"https:\/\/de.wikipedia.org\/wiki\/Kollegah\" title=\"Kollegah\" id=\"rdp-we-mwRA\" target=\"_new\" class=\"wiki-link\">Kollegah<\/a>, <a rel=\"mw:WikiLink\" href=\"https:\/\/de.wikipedia.org\/wiki\/Zemine\" title=\"Zemine\" id=\"rdp-we-mwRQ\" target=\"_new\" class=\"wiki-link\">Zemine<\/a>, Eko Fresh, <a rel=\"mw:WikiLink\" href=\"https:\/\/de.wikipedia.org\/wiki\/Fard_(Rapper)\" title=\"Fard (Rapper)\" id=\"rdp-we-mwRg\" target=\"_new\" class=\"wiki-link\">Fard<\/a> und <a rel=\"mw:WikiLink\" href=\"https:\/\/de.wikipedia.org\/wiki\/RAF_Camora\" title=\"RAF Camora\" id=\"rdp-we-mwRw\" target=\"_new\" class=\"wiki-link\">RAF Camora<\/a> enthalten. Das Album erreichte Platz 85 der deutschen Album-Charts.<sup about=\"#mwt8\" class=\"mw-ref reference\" id=\"rdp-we-cite_ref-3\" rel=\"dc:references\" typeof=\"mw:Extension\/ref\" data-mw='{\"name\":\"ref\",\"attrs\":{},\"body\":{\"id\":\"mw-reference-text-cite_note-3\"}}'><a href=\"#cite_note-3\" id=\"rdp-we-mwSA\"><span class=\"mw-reflink-text\" id=\"rdp-we-mwSQ\"><span class=\"cite-bracket\" id=\"rdp-we-mwSg\">[<\/span>3<span class=\"cite-bracket\" id=\"rdp-we-mwSw\">]<\/span><\/span><\/a><\/sup><\/p>\n\n<p id=\"rdp-we-mwTA\">2012 hat Summer Cem das Album <i id=\"rdp-we-mwTQ\">Sucuk &amp; Champagner<\/i> ver\u00f6ffentlicht, welches sofort auf Platz 10 der deutschen Album-Charts landete.<sup about=\"#mwt10\" class=\"mw-ref reference\" id=\"rdp-we-cite_ref-4\" rel=\"dc:references\" typeof=\"mw:Extension\/ref\" data-mw='{\"name\":\"ref\",\"attrs\":{},\"body\":{\"id\":\"mw-reference-text-cite_note-4\"}}'><a href=\"#cite_note-4\" id=\"rdp-we-mwTg\"><span class=\"mw-reflink-text\" id=\"rdp-we-mwTw\"><span class=\"cite-bracket\" id=\"rdp-we-mwUA\">[<\/span>4<span class=\"cite-bracket\" id=\"rdp-we-mwUQ\">]<\/span><\/span><\/a><\/sup> Nachdem er Anfang November 2013 sein Album <i id=\"rdp-we-mwUg\">Babas, Barbies &amp; Bargeld<\/i> ver\u00f6ffentlichte, lie\u00df er zwei Wochen sp\u00e4ter den Titel des Albums in <i id=\"rdp-we-mwUw\">Babas, Doowayst &amp; Bargeld<\/i> um\u00e4ndern, wahrscheinlich damit Assoziationen mit der Markenpuppe <a rel=\"mw:WikiLink\" href=\"https:\/\/de.wikipedia.org\/wiki\/Barbie\" title=\"Barbie\" id=\"rdp-we-mwVA\" target=\"_new\" class=\"wiki-link\">Barbie<\/a> auszuschlie\u00dfen sind und sich keine rechtlichen Probleme entwickeln.<sup about=\"#mwt13\" class=\"mw-ref reference\" id=\"rdp-we-cite_ref-5\" rel=\"dc:references\" typeof=\"mw:Extension\/ref\" data-mw='{\"name\":\"ref\",\"attrs\":{},\"body\":{\"id\":\"mw-reference-text-cite_note-5\"}}'><a href=\"#cite_note-5\" id=\"rdp-we-mwVQ\"><span class=\"mw-reflink-text\" id=\"rdp-we-mwVg\"><span class=\"cite-bracket\" id=\"rdp-we-mwVw\">[<\/span>5<span class=\"cite-bracket\" id=\"rdp-we-mwWA\">]<\/span><\/span><\/a><\/sup> Au\u00dferdem war Summer Cem 2014 auf Farid Bangs Album <i id=\"rdp-we-mwWQ\"><a rel=\"mw:WikiLink\" href=\"https:\/\/de.wikipedia.org\/wiki\/Killa\" title=\"Killa\" id=\"rdp-we-mwWg\" target=\"_new\" class=\"wiki-link\">Killa<\/a><\/i>, auf KC Rebells Album <i id=\"rdp-we-mwWw\"><a rel=\"mw:WikiLink\" href=\"https:\/\/de.wikipedia.org\/wiki\/Rebellution\" title=\"Rebellution\" id=\"rdp-we-mwXA\" target=\"_new\" class=\"wiki-link\">Rebellution<\/a><\/i> und auf <a rel=\"mw:WikiLink\" href=\"https:\/\/de.wikipedia.org\/wiki\/Majoe\" title=\"Majoe\" id=\"rdp-we-mwXQ\" target=\"_new\" class=\"wiki-link\">Majoes<\/a> Album <i id=\"rdp-we-mwXg\"><a rel=\"mw:WikiLink\" href=\"https:\/\/de.wikipedia.org\/wiki\/Breiter_als_der_T\u00fcrsteher\" title=\"Breiter als der T\u00fcrsteher\" id=\"rdp-we-mwXw\" target=\"_new\" class=\"wiki-link\">Breiter als der T\u00fcrsteher<\/a><\/i> vertreten. Seit 2014 steht Summer Cem bei Farid Bangs Plattenlabel <a rel=\"mw:WikiLink\" href=\"https:\/\/de.wikipedia.org\/wiki\/Banger_Musik\" title=\"Banger Musik\" id=\"rdp-we-mwYA\" target=\"_new\" class=\"wiki-link\">Banger Musik<\/a> unter Vertrag, wo auch im November desselben Jahres sein viertes Album <i id=\"rdp-we-mwYQ\">HAK<\/i> ver\u00f6ffentlicht wurde. Dieses stieg auf Platz 4 in den Charts ein. Sein f\u00fcnftes Album <i id=\"rdp-we-mwYg\"><a rel=\"mw:WikiLink\" href=\"https:\/\/de.wikipedia.org\/wiki\/Cemesis\" title=\"Cemesis\" id=\"rdp-we-mwYw\" target=\"_new\" class=\"wiki-link\">Cemesis<\/a><\/i> ging in der ersten Verkaufswoche auf Platz 1 der Albumcharts.<sup about=\"#mwt15\" class=\"mw-ref reference\" id=\"rdp-we-cite_ref-6\" rel=\"dc:references\" typeof=\"mw:Extension\/ref\" data-mw='{\"name\":\"ref\",\"attrs\":{},\"body\":{\"id\":\"mw-reference-text-cite_note-6\"}}'><a href=\"#cite_note-6\" id=\"rdp-we-mwZA\"><span class=\"mw-reflink-text\" id=\"rdp-we-mwZQ\"><span class=\"cite-bracket\" id=\"rdp-we-mwZg\">[<\/span>6<span class=\"cite-bracket\" id=\"rdp-we-mwZw\">]<\/span><\/span><\/a><\/sup><\/p>\n\n<p id=\"rdp-we-mwaA\">Am 16. Juni 2017 erschien das <a rel=\"mw:WikiLink\" href=\"https:\/\/de.wikipedia.org\/wiki\/Kollaboalbum\" title=\"Kollaboalbum\" class=\"mw-redirect wiki-link\" id=\"rdp-we-mwaQ\" target=\"_new\">Kollaboalbum<\/a> <i id=\"rdp-we-mwag\"><a rel=\"mw:WikiLink\" href=\"https:\/\/de.wikipedia.org\/wiki\/Maximum_(Album)\" title=\"Maximum (Album)\" id=\"rdp-we-mwaw\" target=\"_new\" class=\"wiki-link\">Maximum<\/a><\/i> mit KC Rebell, das Platz 1 der deutschen Charts erreichte.\nDie Gr\u00fcndung seines eigenen Labels <i id=\"rdp-we-mwbA\">OG Scrpngang GmbH<\/i> wurde am 25. Juni 2021 bekannt gegeben.<sup about=\"#mwt17\" class=\"mw-ref reference\" id=\"rdp-we-cite_ref-7\" rel=\"dc:references\" typeof=\"mw:Extension\/ref\" data-mw='{\"name\":\"ref\",\"attrs\":{},\"body\":{\"id\":\"mw-reference-text-cite_note-7\"}}'><a href=\"#cite_note-7\" id=\"rdp-we-mwbQ\"><span class=\"mw-reflink-text\" id=\"rdp-we-mwbg\"><span class=\"cite-bracket\" id=\"rdp-we-mwbw\">[<\/span>7<span class=\"cite-bracket\" id=\"rdp-we-mwcA\">]<\/span><\/span><\/a><\/sup> Vermutlich wurde diese Art der Schreibweise gew\u00e4hlt, um einen Rechtsstreit mit den <a rel=\"mw:WikiLink\" href=\"https:\/\/de.wikipedia.org\/wiki\/Scorpions\" title=\"Scorpions\" id=\"rdp-we-mwcQ\" target=\"_new\" class=\"wiki-link\">Scorpions<\/a> zu vermeiden. In Videos und Musik wird das Label trotzdem als <i id=\"rdp-we-mwcg\">Scorpion Gang<\/i> beworben. Summer Cem k\u00fcndigte dennoch an, weiterhin als Solok\u00fcnstler bei Banger Musik unter Vertrag zu stehen. Teil des Labels sind die Rapper <a rel=\"mw:WikiLink\" href=\"https:\/\/de.wikipedia.org\/wiki\/Billa_Joe\" title=\"Billa Joe\" id=\"rdp-we-mwcw\" target=\"_new\" class=\"wiki-link\">Billa Joe<\/a>, Melez und Kozikoza sowie die Produzenten Ghana Beats, geenaro und V\u00f8gue. Am 15. Oktober 2021 erschien der erste Label-Sampler <i id=\"rdp-we-mwdA\">Scorpion to Society<\/i>. Im Jahr 2021 war er Teilnehmer des Formats <i id=\"rdp-we-mwdQ\"><a rel=\"mw:WikiLink\" href=\"https:\/\/de.wikipedia.org\/wiki\/Celebrity_Hunted\" title=\"Celebrity Hunted\" class=\"mw-redirect wiki-link\" id=\"rdp-we-mwdg\" target=\"_new\">Celebrity Hunted<\/a><\/i> des Streaminganbieters <a rel=\"mw:WikiLink\" href=\"https:\/\/de.wikipedia.org\/wiki\/Prime_Video\" title=\"Prime Video\" id=\"rdp-we-mwdw\" target=\"_new\" class=\"wiki-link\">Amazon Prime<\/a>.<sup about=\"#mwt19\" class=\"mw-ref reference\" id=\"rdp-we-cite_ref-8\" rel=\"dc:references\" typeof=\"mw:Extension\/ref\" data-mw='{\"name\":\"ref\",\"attrs\":{},\"body\":{\"id\":\"mw-reference-text-cite_note-8\"}}'><a href=\"#cite_note-8\" id=\"rdp-we-mweA\"><span class=\"mw-reflink-text\" id=\"rdp-we-mweQ\"><span class=\"cite-bracket\" id=\"rdp-we-mweg\">[<\/span>8<span class=\"cite-bracket\" id=\"rdp-we-mwew\">]<\/span><\/span><\/a><\/sup><\/p>\n\n<\/section><section data-mw-section-id=\"2\" id=\"rdp-we-mwfA\" aria-labelledby=\"Diskografie\"><div class=\"mw-heading mw-heading2\"><h2 id=\"rdp-we-Diskografie\">Diskografie<\/h2><\/div>\n<span class=\"mw-empty-elt\" about=\"#mwt20\" typeof=\"mw:Transclusion\" id=\"rdp-we-mwfQ\" data-mw='{\"parts\":[{\"template\":{\"target\":{\"wt\":\"Eingebundene Diskografie\",\"href\":\".\/Vorlage:Eingebundene_Diskografie\"},\"params\":{\"1\":{\"wt\":\"Summer Cem\/Diskografie\"},\"\u00dcberschrift\":{\"wt\":\"Studioalben\"}},\"i\":0}}]}'><\/span><div class=\"hauptartikel\" role=\"navigation\" about=\"#mwt20\"><span class=\"hauptartikel-pfeil\" title=\"siehe\" aria-hidden=\"true\" role=\"presentation\">\u2192<span typeof=\"mw:Entity\">\u00a0<\/span><\/span><i><span class=\"hauptartikel-text\">Hauptartikel<\/span>: <a rel=\"mw:WikiLink\" href=\"https:\/\/de.wikipedia.org\/wiki\/Summer_Cem\/Diskografie\" title=\"Summer Cem\/Diskografie\" target=\"_new\" class=\"wiki-link\">Summer Cem\/Diskografie<\/a><\/i><\/div><p about=\"#mwt20\"><b>Studioalben<\/b>\n<link rel=\"mw-deduplicated-inline-style\" href=\"mw-data:TemplateStyles:r269045146\" about=\"#mwt22\" typeof=\"mw:Extension\/templatestyles\" data-mw='{\"name\":\"templatestyles\",\"attrs\":{\"src\":\"Vorlage:Charttabelle\/styles.css\"},\"body\":{\"extsrc\":\"\"}}'\/><\/p><table class=\"wikitable charts-table charts-zebragrey\" style=\"text-align:center;\" about=\"#mwt20\">\n<tbody><tr>\n<th style=\"width:25px;\" class=\"charts-th charts-trh\" rowspan=\"2\">Jahr<\/th>\n<th style=\"width:350px;\" class=\"charts-th charts-trh\" rowspan=\"2\">Titel<br\/><span style=\"font-size:smaller;font-style:italic;\">Musiklabel<\/span><\/th>\n<th class=\"charts-th\" colspan=\"3\"><span style=\"white-space:nowrap;\"><span class=\"charts-hm charts-cc\"><span class=\"charts-ct\">H\u00f6chstplatzierung, Gesamtwochen, Auszeichnung<i><\/i><\/span>Chartplatzierungen<\/span><span class=\"charts-mo\">Chartplatzierungen<\/span><span style=\"display:none\"><a rel=\"mw:WikiLink\" href=\"https:\/\/de.wikipedia.org\/wiki\/Vorlage:Charttabelle\/Wartung\/ohne_Quellen?action=edit&redlink=1\" title=\"Vorlage:Charttabelle\/Wartung\/ohne Quellen (Seite nicht vorhanden)\" class=\"new wiki-link\" typeof=\"mw:LocalizedAttrs\" data-mw-i18n='{\"title\":{\"lang\":\"x-page\",\"key\":\"red-link-title\",\"params\":[\"Vorlage:Charttabelle\/Wartung\/ohne Quellen\"]}}' target=\"_new\">Template:Charttabelle\/Wartung\/ohne Quellen<\/a><\/span><\/span><span class=\"charts-mo charts-mh\"><br\/>(Jahr, Titel, <i>Musiklabel<\/i>, Plat<span typeof=\"mw:Entity\">\u00ad<\/span>zie<span typeof=\"mw:Entity\">\u00ad<\/span>rungen, Wo<span typeof=\"mw:Entity\">\u00ad<\/span>chen, Aus<span typeof=\"mw:Entity\">\u00ad<\/span>zeich<span typeof=\"mw:Entity\">\u00ad<\/span>nungen, Anmer<span typeof=\"mw:Entity\">\u00ad<\/span>kungen)<\/span><\/th>\n<th style=\"width:300px;\" class=\"charts-th charts-trh\" rowspan=\"2\">Anmer<span typeof=\"mw:Entity\">\u00ad<\/span>kungen<\/th><\/tr>\n<tr class=\"charts-trh\">\n<th style=\"width:52px;\" class=\"charts-th\"><span typeof=\"mw:File\" data-mw='{\"caption\":\"DE\"}'><a href=\"https:\/\/de.wikipedia.org\/wiki\/Deutsche_Albumcharts\" title=\"DE\" target=\"_new\" class=\"wiki-link\"><img resource=\"https:\/\/de.wikipedia.org\/wiki\/Datei:Flag_of_Germany.svg\" src=\"https:\/\/upload.wikimedia.org\/wikipedia\/commons\/thumb\/b\/ba\/Flag_of_Germany.svg\/20px-Flag_of_Germany.svg.png?utm_source=de.wikipedia.org&amp;utm_campaign=parser&amp;utm_content=thumbnail\" decoding=\"async\" loading=\"lazy\" alt=\"\" data-file-type=\"drawing\" height=\"12\" width=\"20\" class=\"mw-file-element\"\/><\/a><\/span><span typeof=\"mw:Entity\">\u00a0<\/span><a rel=\"mw:WikiLink\" href=\"https:\/\/de.wikipedia.org\/wiki\/Deutsche_Albumcharts\" title=\"Deutsche Albumcharts\" target=\"_new\" class=\"wiki-link\">DE<\/a><\/th>\n<th style=\"width:52px;\" class=\"charts-th\"><span typeof=\"mw:File\" data-mw='{\"caption\":\"AT\"}'><a href=\"https:\/\/de.wikipedia.org\/wiki\/\u00d63_Austria_Top_40\" title=\"AT\" target=\"_new\" class=\"wiki-link\"><img resource=\"https:\/\/de.wikipedia.org\/wiki\/Datei:Flag_of_Austria.svg\" src=\"https:\/\/upload.wikimedia.org\/wikipedia\/commons\/thumb\/4\/41\/Flag_of_Austria.svg\/20px-Flag_of_Austria.svg.png?utm_source=de.wikipedia.org&amp;utm_campaign=parser&amp;utm_content=thumbnail\" decoding=\"async\" loading=\"lazy\" alt=\"\" data-file-type=\"drawing\" height=\"13\" width=\"20\" class=\"mw-file-element\"\/><\/a><\/span><span typeof=\"mw:Entity\">\u00a0<\/span><a rel=\"mw:WikiLink\" href=\"https:\/\/de.wikipedia.org\/wiki\/\u00d63_Austria_Top_40\" title=\"\u00d63 Austria Top 40\" target=\"_new\" class=\"wiki-link\">AT<\/a><\/th>\n<th style=\"width:52px;\" class=\"charts-th\"><span typeof=\"mw:File\" data-mw='{\"caption\":\"CH\"}'><a href=\"https:\/\/de.wikipedia.org\/wiki\/Schweizer_Hitparade\" title=\"CH\" target=\"_new\" class=\"wiki-link\"><img resource=\"https:\/\/de.wikipedia.org\/wiki\/Datei:Flag_of_Switzerland_within_2to3.svg\" src=\"https:\/\/upload.wikimedia.org\/wikipedia\/commons\/thumb\/e\/e3\/Flag_of_Switzerland_within_2to3.svg\/20px-Flag_of_Switzerland_within_2to3.svg.png?utm_source=de.wikipedia.org&amp;utm_campaign=parser&amp;utm_content=thumbnail\" decoding=\"async\" loading=\"lazy\" alt=\"\" data-file-type=\"drawing\" height=\"13\" width=\"20\" class=\"mw-file-element\"\/><\/a><\/span><span typeof=\"mw:Entity\">\u00a0<\/span><a rel=\"mw:WikiLink\" href=\"https:\/\/de.wikipedia.org\/wiki\/Schweizer_Hitparade\" title=\"Schweizer Hitparade\" target=\"_new\" class=\"wiki-link\">CH<\/a><\/th><\/tr>\n \n<tr> \n <td class=\"charts-yy\">2010<\/td>\n<td>Feierabend<br\/><span class=\"charts-add\"><a rel=\"mw:WikiLink\" href=\"https:\/\/de.wikipedia.org\/wiki\/German_Dream\" title=\"German Dream\" target=\"_new\" class=\"wiki-link\">German Dream<\/a> \u2022 7Days Music (<a rel=\"mw:WikiLink\" href=\"https:\/\/de.wikipedia.org\/wiki\/Sony_Music_Entertainment\" title=\"Sony Music Entertainment\" target=\"_new\" class=\"wiki-link\">Sony<\/a>)<\/span><\/td>\n<td><span class=\"charts-mc\"><a rel=\"mw:WikiLink\" href=\"https:\/\/de.wikipedia.org\/wiki\/Deutsche_Albumcharts\" title=\"Deutsche Albumcharts\" target=\"_new\" class=\"wiki-link\">DE<\/a><\/span>85<br class=\"charts-hm\"\/><span class=\"charts-mo\"> <\/span><span style=\"font-size:smaller;\">(1 Wo.)<\/span><span class=\"charts-mcb\">DE<\/span><\/td>\n<td class=\"charts-hm\"><span typeof=\"mw:Entity\">\u2014<\/span><\/td>\n<td class=\"charts-hm\"><span typeof=\"mw:Entity\">\u2014<\/span><\/td>\n<td class=\"charts-cm\"><div>\nErstver\u00f6ffentlichung: 19. November 2010<\/div><\/td><\/tr>\n<tr> \n <td class=\"charts-yy\">2012<\/td>\n<td>Sucuk &amp; Champagner<br\/><span class=\"charts-add\">7Days Music (Sony)<\/span><\/td>\n<td><span class=\"charts-mc\"><a rel=\"mw:WikiLink\" href=\"https:\/\/de.wikipedia.org\/wiki\/Deutsche_Albumcharts\" title=\"Deutsche Albumcharts\" target=\"_new\" class=\"wiki-link\">DE<\/a><\/span>10<br class=\"charts-hm\"\/><span class=\"charts-mo\"> <\/span><span style=\"font-size:smaller;\">(2 Wo.)<\/span><span class=\"charts-mcb\">DE<\/span><\/td>\n<td><span class=\"charts-mc\"><a rel=\"mw:WikiLink\" href=\"https:\/\/de.wikipedia.org\/wiki\/\u00d63_Austria_Top_40\" title=\"\u00d63 Austria Top 40\" target=\"_new\" class=\"wiki-link\">AT<\/a><\/span>25<br class=\"charts-hm\"\/><span class=\"charts-mo\"> <\/span><span style=\"font-size:smaller;\">(1 Wo.)<\/span><span class=\"charts-mcb\">AT<\/span><\/td>\n<td><span class=\"charts-mc\"><a rel=\"mw:WikiLink\" href=\"https:\/\/de.wikipedia.org\/wiki\/Schweizer_Hitparade\" title=\"Schweizer Hitparade\" target=\"_new\" class=\"wiki-link\">CH<\/a><\/span>26<br class=\"charts-hm\"\/><span class=\"charts-mo\"> <\/span><span style=\"font-size:smaller;\">(2 Wo.)<\/span><span class=\"charts-mcb\">CH<\/span><\/td>\n<td class=\"charts-cm\"><div>\nErstver\u00f6ffentlichung: 25. Mai 2012<\/div><\/td><\/tr>\n<tr> \n <td class=\"charts-yy\">2013<\/td>\n<td>Babas, Doowayst &amp; Bargeld<br\/><span class=\"charts-add\">7Days Music (Sony)<\/span><\/td>\n<td><span class=\"charts-mc\"><a rel=\"mw:WikiLink\" href=\"https:\/\/de.wikipedia.org\/wiki\/Deutsche_Albumcharts\" title=\"Deutsche Albumcharts\" target=\"_new\" class=\"wiki-link\">DE<\/a><\/span>5<br class=\"charts-hm\"\/><span class=\"charts-mo\"> <\/span><span style=\"font-size:smaller;\">(2 Wo.)<\/span><span class=\"charts-mcb\">DE<\/span><\/td>\n<td><span class=\"charts-mc\"><a rel=\"mw:WikiLink\" href=\"https:\/\/de.wikipedia.org\/wiki\/\u00d63_Austria_Top_40\" title=\"\u00d63 Austria Top 40\" target=\"_new\" class=\"wiki-link\">AT<\/a><\/span>32<br class=\"charts-hm\"\/><span class=\"charts-mo\"> <\/span><span style=\"font-size:smaller;\">(1 Wo.)<\/span><span class=\"charts-mcb\">AT<\/span><\/td>\n<td><span class=\"charts-mc\"><a rel=\"mw:WikiLink\" href=\"https:\/\/de.wikipedia.org\/wiki\/Schweizer_Hitparade\" title=\"Schweizer Hitparade\" target=\"_new\" class=\"wiki-link\">CH<\/a><\/span>26<br class=\"charts-hm\"\/><span class=\"charts-mo\"> <\/span><span style=\"font-size:smaller;\">(2 Wo.)<\/span><span class=\"charts-mcb\">CH<\/span><\/td>\n<td class=\"charts-cm\"><div>\nErstver\u00f6ffentlichung: 2. November 2013<\/div><\/td><\/tr>\n<tr> \n <td class=\"charts-yy\">2014<\/td>\n<td>HAK<br\/><span class=\"charts-add\"><a rel=\"mw:WikiLink\" href=\"https:\/\/de.wikipedia.org\/wiki\/Banger_Musik\" title=\"Banger Musik\" target=\"_new\" class=\"wiki-link\">Banger Musik<\/a> (<a rel=\"mw:WikiLink\" href=\"https:\/\/de.wikipedia.org\/wiki\/Groove_Attack\" title=\"Groove Attack\" target=\"_new\" class=\"wiki-link\">GA<\/a>)<\/span><\/td>\n<td><span class=\"charts-mc\"><a rel=\"mw:WikiLink\" href=\"https:\/\/de.wikipedia.org\/wiki\/Deutsche_Albumcharts\" title=\"Deutsche Albumcharts\" target=\"_new\" class=\"wiki-link\">DE<\/a><\/span>4<br class=\"charts-hm\"\/><span class=\"charts-mo\"> <\/span><span style=\"font-size:smaller;\">(3 Wo.)<\/span><span class=\"charts-mcb\">DE<\/span><\/td>\n<td><span class=\"charts-mc\"><a rel=\"mw:WikiLink\" href=\"https:\/\/de.wikipedia.org\/wiki\/\u00d63_Austria_Top_40\" title=\"\u00d63 Austria Top 40\" target=\"_new\" class=\"wiki-link\">AT<\/a><\/span>7<br class=\"charts-hm\"\/><span class=\"charts-mo\"> <\/span><span style=\"font-size:smaller;\">(1 Wo.)<\/span><span class=\"charts-mcb\">AT<\/span><\/td>\n<td><span class=\"charts-mc\"><a rel=\"mw:WikiLink\" href=\"https:\/\/de.wikipedia.org\/wiki\/Schweizer_Hitparade\" title=\"Schweizer Hitparade\" target=\"_new\" class=\"wiki-link\">CH<\/a><\/span>8<br class=\"charts-hm\"\/><span class=\"charts-mo\"> <\/span><span style=\"font-size:smaller;\">(3 Wo.)<\/span><span class=\"charts-mcb\">CH<\/span><\/td>\n<td class=\"charts-cm\"><div>\nErstver\u00f6ffentlichung: 14. November 2014<\/div><\/td><\/tr>\n<tr> \n <td class=\"charts-yy\">2016<\/td>\n<td><a rel=\"mw:WikiLink\" href=\"https:\/\/de.wikipedia.org\/wiki\/Cemesis\" title=\"Cemesis\" target=\"_new\" class=\"wiki-link\">Cemesis<\/a><br\/><span class=\"charts-add\">Banger Musik (<a rel=\"mw:WikiLink\" href=\"https:\/\/de.wikipedia.org\/wiki\/Warner_Music_Group\" title=\"Warner Music Group\" target=\"_new\" class=\"wiki-link\">WMG<\/a>)<\/span><\/td>\n<td><span class=\"charts-mc\"><a rel=\"mw:WikiLink\" href=\"https:\/\/de.wikipedia.org\/wiki\/Deutsche_Albumcharts\" title=\"Deutsche Albumcharts\" target=\"_new\" class=\"wiki-link\">DE<\/a><\/span><a rel=\"mw:WikiLink\" href=\"https:\/\/de.wikipedia.org\/wiki\/Liste_der_Nummer-eins-Hits_in_Deutschland_(2016)\" title=\"Liste der Nummer-eins-Hits in Deutschland (2016)\" target=\"_new\" class=\"wiki-link\"><b>1<\/b><\/a><br class=\"charts-hm\"\/><span class=\"charts-mo\"> <\/span><span style=\"font-size:smaller;\">(4 Wo.)<\/span><span class=\"charts-mcb\">DE<\/span><\/td>\n<td><span class=\"charts-mc\"><a rel=\"mw:WikiLink\" href=\"https:\/\/de.wikipedia.org\/wiki\/\u00d63_Austria_Top_40\" title=\"\u00d63 Austria Top 40\" target=\"_new\" class=\"wiki-link\">AT<\/a><\/span>4<br class=\"charts-hm\"\/><span class=\"charts-mo\"> <\/span><span style=\"font-size:smaller;\">(3 Wo.)<\/span><span class=\"charts-mcb\">AT<\/span><\/td>\n<td><span class=\"charts-mc\"><a rel=\"mw:WikiLink\" href=\"https:\/\/de.wikipedia.org\/wiki\/Schweizer_Hitparade\" title=\"Schweizer Hitparade\" target=\"_new\" class=\"wiki-link\">CH<\/a><\/span>4<br class=\"charts-hm\"\/><span class=\"charts-mo\"> <\/span><span style=\"font-size:smaller;\">(2 Wo.)<\/span><span class=\"charts-mcb\">CH<\/span><\/td>\n<td class=\"charts-cm\"><div>\nErstver\u00f6ffentlichung: 22. Januar 2016<\/div><\/td><\/tr>\n<tr> \n <td class=\"charts-yy\">2018<\/td>\n<td>Endstufe<br\/><span class=\"charts-add\">Banger Musik (WMG)<\/span><\/td>\n<td><span class=\"charts-mc\"><a rel=\"mw:WikiLink\" href=\"https:\/\/de.wikipedia.org\/wiki\/Deutsche_Albumcharts\" title=\"Deutsche Albumcharts\" target=\"_new\" class=\"wiki-link\">DE<\/a><\/span><a rel=\"mw:WikiLink\" href=\"https:\/\/de.wikipedia.org\/wiki\/Liste_der_Nummer-eins-Hits_in_Deutschland_(2018)\" title=\"Liste der Nummer-eins-Hits in Deutschland (2018)\" target=\"_new\" class=\"wiki-link\"><b>1<\/b><\/a><br class=\"charts-hm\"\/><span class=\"charts-mo\"> <\/span><span style=\"font-size:smaller;\">(22 Wo.)<\/span><span class=\"charts-mcb\">DE<\/span><\/td>\n<td><span class=\"charts-mc\"><a rel=\"mw:WikiLink\" href=\"https:\/\/de.wikipedia.org\/wiki\/\u00d63_Austria_Top_40\" title=\"\u00d63 Austria Top 40\" target=\"_new\" class=\"wiki-link\">AT<\/a><\/span>4<br class=\"charts-hm\"\/><span class=\"charts-mo\"> <\/span><span style=\"font-size:smaller;\">(17 Wo.)<\/span><span class=\"charts-mcb\">AT<\/span><\/td>\n<td><span class=\"charts-mc\"><a rel=\"mw:WikiLink\" href=\"https:\/\/de.wikipedia.org\/wiki\/Schweizer_Hitparade\" title=\"Schweizer Hitparade\" target=\"_new\" class=\"wiki-link\">CH<\/a><\/span><a rel=\"mw:WikiLink\" href=\"https:\/\/de.wikipedia.org\/wiki\/Liste_der_Nummer-eins-Hits_in_der_Schweiz_(2018)\" title=\"Liste der Nummer-eins-Hits in der Schweiz (2018)\" target=\"_new\" class=\"wiki-link\"><b>1<\/b><\/a><br class=\"charts-hm\"\/><span class=\"charts-mo\"> <\/span><span style=\"font-size:smaller;\">(9 Wo.)<\/span><span class=\"charts-mcb\">CH<\/span><\/td>\n<td class=\"charts-cm\"><div>\nErstver\u00f6ffentlichung: 27. Juli 2018<\/div><\/td><\/tr>\n<tr> \n <td class=\"charts-yy\">2019<\/td>\n<td>Nur noch nice<br\/><span class=\"charts-add\">Banger Musik (WMG)<\/span><\/td>\n<td><span class=\"charts-mc\"><a rel=\"mw:WikiLink\" href=\"https:\/\/de.wikipedia.org\/wiki\/Deutsche_Albumcharts\" title=\"Deutsche Albumcharts\" target=\"_new\" class=\"wiki-link\">DE<\/a><\/span>2<br class=\"charts-hm\"\/><span class=\"charts-mo\"> <\/span><span style=\"font-size:smaller;\">(37 Wo.)<\/span><span class=\"charts-mcb\">DE<\/span><\/td>\n<td><span class=\"charts-mc\"><a rel=\"mw:WikiLink\" href=\"https:\/\/de.wikipedia.org\/wiki\/\u00d63_Austria_Top_40\" title=\"\u00d63 Austria Top 40\" target=\"_new\" class=\"wiki-link\">AT<\/a><\/span>4<br class=\"charts-hm\"\/><span class=\"charts-mo\"> <\/span><span style=\"font-size:smaller;\">(32 Wo.)<\/span><span class=\"charts-mcb\">AT<\/span><\/td>\n<td><span class=\"charts-mc\"><a rel=\"mw:WikiLink\" href=\"https:\/\/de.wikipedia.org\/wiki\/Schweizer_Hitparade\" title=\"Schweizer Hitparade\" target=\"_new\" class=\"wiki-link\">CH<\/a><\/span>6<br class=\"charts-hm\"\/><span class=\"charts-mo\"> <\/span><span style=\"font-size:smaller;\">(15 Wo.)<\/span><span class=\"charts-mcb\">CH<\/span><\/td>\n<td class=\"charts-cm\"><div>\nErstver\u00f6ffentlichung: 8. November 2019<\/div><\/td><\/tr>\n<tr> \n <td class=\"charts-yy\">2024<\/td>\n<td>Siki Jackson<br\/><span class=\"charts-add\">Banger Musik (WMG)<\/span><\/td>\n<td><span class=\"charts-mc\"><a rel=\"mw:WikiLink\" href=\"https:\/\/de.wikipedia.org\/wiki\/Deutsche_Albumcharts\" title=\"Deutsche Albumcharts\" target=\"_new\" class=\"wiki-link\">DE<\/a><\/span>5<br class=\"charts-hm\"\/><span class=\"charts-mo\"> <\/span><span style=\"font-size:smaller;\">(3 Wo.)<\/span><span class=\"charts-mcb\">DE<\/span><\/td>\n<td><span class=\"charts-mc\"><a rel=\"mw:WikiLink\" href=\"https:\/\/de.wikipedia.org\/wiki\/\u00d63_Austria_Top_40\" title=\"\u00d63 Austria Top 40\" target=\"_new\" class=\"wiki-link\">AT<\/a><\/span>23<br class=\"charts-hm\"\/><span class=\"charts-mo\"> <\/span><span style=\"font-size:smaller;\">(1 Wo.)<\/span><span class=\"charts-mcb\">AT<\/span><\/td>\n<td><span class=\"charts-mc\"><a rel=\"mw:WikiLink\" href=\"https:\/\/de.wikipedia.org\/wiki\/Schweizer_Hitparade\" title=\"Schweizer Hitparade\" target=\"_new\" class=\"wiki-link\">CH<\/a><\/span>7<br class=\"charts-hm\"\/><span class=\"charts-mo\"> <\/span><span style=\"font-size:smaller;\">(2 Wo.)<\/span><span class=\"charts-mcb\">CH<\/span><\/td>\n<td class=\"charts-cm\"><div>\nErstver\u00f6ffentlichung: 12. April 2024<\/div><\/td><\/tr>\n \n<\/tbody><\/table>\n\n<\/section><section data-mw-section-id=\"3\" id=\"rdp-we-mwfg\" aria-labelledby=\"Weblinks\"><div class=\"mw-heading mw-heading2\"><h2 id=\"rdp-we-Weblinks\">Weblinks<\/h2><\/div>\n<div class=\"sisterproject\" style=\"margin:0.1em 0 0 0;\" about=\"#mwt23\" typeof=\"mw:Transclusion\" id=\"rdp-we-mwfw\" data-mw='{\"parts\":[{\"template\":{\"target\":{\"wt\":\"Commonscat\",\"href\":\".\/Vorlage:Commonscat\"},\"params\":{},\"i\":0}}]}'><div class=\"noresize noviewer\" style=\"display:inline-block; line-height:10px;min-width:1.6em; text-align:center;\" aria-hidden=\"true\" role=\"presentation\"><span typeof=\"mw:File\" data-mw='{\"caption\":\"Commons\"}'><span title=\"Commons\"><img resource=\"https:\/\/de.wikipedia.org\/wiki\/Datei:Commons-logo.svg\" src=\"https:\/\/upload.wikimedia.org\/wikipedia\/commons\/thumb\/4\/4a\/Commons-logo.svg\/20px-Commons-logo.svg.png?utm_source=de.wikipedia.org&amp;utm_campaign=parser&amp;utm_content=thumbnail\" decoding=\"async\" loading=\"lazy\" alt=\"\" data-file-type=\"drawing\" height=\"16\" width=\"12\" class=\"mw-file-element\"\/><\/span><\/span><\/div><b><a rel=\"external_link\" href=\"https:\/\/commons.wikimedia.org\/wiki\/Category:Summer_Cem?uselang=de\" class=\"external text\" target=\"_new\"><span lang=\"en\">Commons<\/span>: Summer Cem<\/a><\/b><span typeof=\"mw:Entity\">\u00a0<\/span>\u2013 Sammlung von Bildern, Videos und Audiodateien<\/div>\n<ul id=\"rdp-we-mwgA\"><li id=\"rdp-we-mwgQ\"><a rel=\"external_link\" href=\"https:\/\/www.discogs.com\/de\/artist\/Summer+Cem\" about=\"#mwt24\" typeof=\"mw:Transclusion\" class=\"external text\" id=\"rdp-we-mwgg\" data-mw='{\"parts\":[{\"template\":{\"target\":{\"wt\":\"Discogs\",\"href\":\".\/Vorlage:Discogs\"},\"params\":{},\"i\":0}}]}' target=\"_new\">Summer Cem<\/a><span about=\"#mwt24\"> bei <\/span><a rel=\"mw:WikiLink\" href=\"https:\/\/de.wikipedia.org\/wiki\/Discogs\" title=\"Discogs\" about=\"#mwt24\" id=\"rdp-we-mwgw\" target=\"_new\" class=\"wiki-link\">Discogs<\/a><\/li><\/ul>\n\n<\/section><section data-mw-section-id=\"4\" id=\"rdp-we-mwhA\" aria-labelledby=\"Quellen\"><div class=\"mw-heading mw-heading2\"><h2 id=\"rdp-we-Quellen\">Quellen<\/h2><\/div>\n<ol class=\"mw-references references\" typeof=\"mw:Extension\/references\" about=\"#mwt25\" id=\"rdp-we-mwhQ\" data-mw='{\"name\":\"references\",\"attrs\":{}}'><li about=\"#cite_note-1\" id=\"cite_note-1\" data-mw-footnote-number=\"1\"><span class=\"mw-cite-backlink\" id=\"rdp-we-mwhg\"><a href=\"#cite_ref-1\" rel=\"mw:referencedBy\" id=\"rdp-we-mwhw\"><span class=\"mw-linkback-text\" id=\"rdp-we-mwiA\">\u2191<\/span><\/a><\/span> <span id=\"rdp-we-mw-reference-text-cite_note-1\" class=\"mw-reference-text reference-text\"><span class=\"cite\" about=\"#mwt2\" typeof=\"mw:Transclusion\" id=\"rdp-we-mwiQ\" data-mw='{\"parts\":[{\"template\":{\"target\":{\"wt\":\"Internetquelle \",\"href\":\".\/Vorlage:Internetquelle\"},\"params\":{\"url\":{\"wt\":\"https:\/\/www.kimnereli.net\/summer-cem.html\"},\"titel\":{\"wt\":\"Summer Cem Kimdir? Nereli? Ka\u00e7 Ya\u015f\u0131nda? Alb\u00fcmleri, K\u0131saca Hayat\u0131\"},\"datum\":{\"wt\":\"2018-11-13\"},\"abruf\":{\"wt\":\"2020-01-14\"}},\"i\":0}}]}'><a rel=\"external_link\" href=\"https:\/\/www.kimnereli.net\/summer-cem.html\" class=\"external text\" id=\"rdp-we-mwig\" target=\"_new\"><i id=\"rdp-we-mwiw\">Summer Cem Kimdir? Nereli? Ka\u00e7 Ya\u015f\u0131nda? Alb\u00fcmleri, K\u0131saca Hayat\u0131.<\/i><\/a><span typeof=\"mw:Entity\" id=\"rdp-we-mwjA\"> <\/span>13.<span typeof=\"mw:Entity\" id=\"rdp-we-mwjQ\">\u00a0<\/span>November 2018<span typeof=\"mw:Entity\" id=\"rdp-we-mwjg\">,<\/span><span class=\"Abrufdatum\" id=\"rdp-we-mwjw\"><span typeof=\"mw:Entity\" id=\"rdp-we-mwkA\"> <\/span>abgerufen am 14.<span typeof=\"mw:Entity\" id=\"rdp-we-mwkQ\">\u00a0<\/span>Januar 2020<\/span>.<\/span><span style=\"display: none;\" class=\"Z3988\" title=\"ctx_ver=Z39.88-2004&amp;rft_val_fmt=info%3Aofi%2Ffmt%3Akev%3Amtx%3Adc&amp;rfr_id=info%3Asid%2Fde.wikipedia.org%3ASummer+Cem&amp;rft.title=Summer+Cem+Kimdir%3F+Nereli%3F+Ka%C3%A7+Ya%C5%9F%C4%B1nda%3F+Alb%C3%BCmleri%2C+K%C4%B1saca+Hayat%C4%B1&amp;rft.description=Summer+Cem+Kimdir%3F+Nereli%3F+Ka%C3%A7+Ya%C5%9F%C4%B1nda%3F+Alb%C3%BCmleri%2C+K%C4%B1saca+Hayat%C4%B1&amp;rft.identifier=https%3A%2F%2Fwww.kimnereli.net%2Fsummer-cem.html&amp;rft.date=2018-11-13\" about=\"#mwt2\" id=\"rdp-we-mwkg\"><span typeof=\"mw:Entity\" id=\"rdp-we-mwkw\">\u00a0<\/span><\/span><\/span><\/li>\n<li about=\"#cite_note-:0-2\" id=\"cite_note-:0-2\" data-mw-footnote-number=\"2\"><span class=\"mw-cite-backlink\" id=\"rdp-we-mwlA\"><a href=\"#cite_ref-:0_2-0\" rel=\"mw:referencedBy\" id=\"rdp-we-mwlQ\"><span class=\"mw-linkback-text\" id=\"rdp-we-mwlg\">\u2191<\/span><\/a><\/span> <span id=\"rdp-we-mw-reference-text-cite_note-:0-2\" class=\"mw-reference-text reference-text\"><span class=\"cite\" about=\"#mwt4\" typeof=\"mw:Transclusion\" id=\"rdp-we-mwlw\" data-mw='{\"parts\":[{\"template\":{\"target\":{\"wt\":\"Internetquelle \",\"href\":\".\/Vorlage:Internetquelle\"},\"params\":{\"url\":{\"wt\":\"http:\/\/www.hiphop.de\/magazin\/news\/detail\/2010\/03\/24\/german-dream-summer-cem-eroeffnet-cafe\/\"},\"titel\":{\"wt\":\"German Dream: Summer Cem er\u00f6ffnet Cafe\"},\"werk\":{\"wt\":\"Hiphop.de\"},\"abruf\":{\"wt\":\"2010-11-29\"},\"archiv-url\":{\"wt\":\"https:\/\/web.archive.org\/web\/20110321115143\/http:\/\/www.hiphop.de\/magazin\/news\/detail\/2010\/03\/24\/german-dream-summer-cem-eroeffnet-cafe\"},\"archiv-datum\":{\"wt\":\"2011-03-21\"},\"offline\":{\"wt\":\"ja\"},\"archiv-bot\":{\"wt\":\"2024-05-19 04:54:57 InternetArchiveBot\"}},\"i\":0}}]}'><a rel=\"external_link\" href=\"https:\/\/web.archive.org\/web\/20110321115143\/http:\/\/www.hiphop.de\/magazin\/news\/detail\/2010\/03\/24\/german-dream-summer-cem-eroeffnet-cafe\" class=\"external text\" id=\"rdp-we-mwmA\" target=\"_new\"><i id=\"rdp-we-mwmQ\">German Dream: Summer Cem er\u00f6ffnet Cafe.<\/i><\/a><span typeof=\"mw:Entity\" id=\"rdp-we-mwmg\"> <\/span>In:<span typeof=\"mw:Entity\" id=\"rdp-we-mwmw\"> <\/span><i id=\"rdp-we-mwnA\">Hiphop.de.<\/i><span typeof=\"mw:Entity\" id=\"rdp-we-mwnQ\"> <\/span>Archiviert<span typeof=\"mw:Entity\" id=\"rdp-we-mwng\"> <\/span>vom<span typeof=\"mw:Entity\" id=\"rdp-we-mwnw\"> <\/span><span class=\"dewiki-iconexternal\" id=\"rdp-we-mwoQ\"><a rel=\"external_link\" href=\"https:\/\/redirecter.toolforge.org\/?url=http%3A%2F%2Fwww.hiphop.de%2Fmagazin%2Fnews%2Fdetail%2F2010%2F03%2F24%2Fgerman-dream-summer-cem-eroeffnet-cafe%2F\" class=\"external text\" id=\"rdp-we-mwog\" target=\"_new\">Original<\/a><\/span><span typeof=\"mw:Entity\" id=\"rdp-we-mwow\"> <\/span>(nicht mehr online verf\u00fcgbar)<span typeof=\"mw:Entity\" id=\"rdp-we-mwpA\"> <\/span>am<span typeof=\"mw:Entity\" id=\"rdp-we-mwpQ\"> <\/span><span style=\"white-space:nowrap;\" id=\"rdp-we-mwpg\">21.<span typeof=\"mw:Entity\" id=\"rdp-we-mwpw\">\u00a0<\/span>M\u00e4rz 2011<\/span><span id=\"rdp-we-mwqA\">;<\/span><span class=\"Abrufdatum\" id=\"rdp-we-mwqQ\"><span typeof=\"mw:Entity\" id=\"rdp-we-mwqg\"> <\/span>abgerufen am 29.<span typeof=\"mw:Entity\" id=\"rdp-we-mwqw\">\u00a0<\/span>November 2010<\/span>.<\/span><span typeof=\"mw:Entity\" about=\"#mwt4\" id=\"rdp-we-mwrA\"> <\/span><small class=\"archiv-bot\" about=\"#mwt4\" id=\"rdp-we-mwrQ\"><span class=\"wp_boppel noviewer\" aria-hidden=\"true\" role=\"presentation\" id=\"rdp-we-mwrg\"><span typeof=\"mw:File\" id=\"rdp-we-mwrw\" data-mw='{\"caption\":\"i\"}'><span title=\"i\" id=\"rdp-we-mwsA\"><img resource=\"https:\/\/de.wikipedia.org\/wiki\/Datei:Pictogram_voting_info.svg\" src=\"https:\/\/upload.wikimedia.org\/wikipedia\/commons\/thumb\/4\/4a\/Pictogram_voting_info.svg\/20px-Pictogram_voting_info.svg.png?utm_source=de.wikipedia.org&amp;utm_campaign=parser&amp;utm_content=thumbnail\" decoding=\"async\" loading=\"lazy\" alt=\"\" data-file-type=\"drawing\" height=\"15\" width=\"15\" class=\"mw-file-element\" id=\"rdp-we-mwsQ\"\/><\/span><\/span><\/span><span typeof=\"mw:Entity\" id=\"rdp-we-mwsg\">\u00a0<\/span><b id=\"rdp-we-mwsw\">Info:<\/b> Der Archivlink wurde automatisch eingesetzt und noch nicht gepr\u00fcft. Bitte pr\u00fcfe Original- und Archivlink gem\u00e4\u00df <a rel=\"mw:WikiLink\" href=\"https:\/\/de.wikipedia.org\/wiki\/Benutzer:InternetArchiveBot\/Anleitung\/Archivlink\" title=\"Benutzer:InternetArchiveBot\/Anleitung\/Archivlink\" id=\"rdp-we-mwtA\" target=\"_new\" class=\"wiki-link\">Anleitung<\/a> und entferne dann diesen Hinweis.<\/small><span style=\"display:none\" about=\"#mwt4\" id=\"rdp-we-mwtQ\"><a rel=\"external_link\" href=\"http:\/\/IABotmemento.invalid\/http:\/\/www.hiphop.de\/magazin\/news\/detail\/2010\/03\/24\/german-dream-summer-cem-eroeffnet-cafe\/\" class=\"external text\" id=\"rdp-we-mwtg\" target=\"_new\">@1<\/a><\/span><span style=\"display:none\" about=\"#mwt4\" id=\"rdp-we-mwtw\"><a rel=\"external_link\" href=\"http:\/\/www.hiphop.de\/magazin\/news\/detail\/2010\/03\/24\/german-dream-summer-cem-eroeffnet-cafe\/\" class=\"external text\" id=\"rdp-we-mwuA\" target=\"_new\">@2<\/a><\/span><span style=\"display:none\" about=\"#mwt4\" id=\"rdp-we-mwuQ\"><a rel=\"mw:WikiLink\" href=\"https:\/\/de.wikipedia.org\/wiki\/Vorlage:Webachiv\/IABot\/www.hiphop.de?action=edit&redlink=1\" title=\"Vorlage:Webachiv\/IABot\/www.hiphop.de (Seite nicht vorhanden)\" class=\"new wiki-link\" typeof=\"mw:LocalizedAttrs\" id=\"rdp-we-mwug\" data-mw-i18n='{\"title\":{\"lang\":\"x-page\",\"key\":\"red-link-title\",\"params\":[\"Vorlage:Webachiv\/IABot\/www.hiphop.de\"]}}' target=\"_new\">Vorlage:Webachiv\/IABot\/www.hiphop.de<\/a><\/span><link rel=\"mw:PageProp\/Category\" href=\".\/Kategorie:Wikipedia:Defekte_Weblinks\/Ungepr\u00fcfte_Archivlinks_2024-05\" about=\"#mwt4\" id=\"rdp-we-mwuw\"\/><span style=\"display: none;\" class=\"Z3988\" title=\"ctx_ver=Z39.88-2004&amp;rft_val_fmt=info%3Aofi%2Ffmt%3Akev%3Amtx%3Adc&amp;rfr_id=info%3Asid%2Fde.wikipedia.org%3ASummer+Cem&amp;rft.title=German+Dream%3A+Summer+Cem+er%C3%B6ffnet+Cafe&amp;rft.description=German+Dream%3A+Summer+Cem+er%C3%B6ffnet+Cafe&amp;rft.identifier=https%3A%2F%2Fweb.archive.org%2Fweb%2F20110321115143%2Fhttp%3A%2F%2Fwww.hiphop.de%2Fmagazin%2Fnews%2Fdetail%2F2010%2F03%2F24%2Fgerman-dream-summer-cem-eroeffnet-cafe&amp;rft.source=http:\/\/www.hiphop.de\/magazin\/news\/detail\/2010\/03\/24\/german-dream-summer-cem-eroeffnet-cafe\/\" about=\"#mwt4\" id=\"rdp-we-mwvA\"><span typeof=\"mw:Entity\" id=\"rdp-we-mwvQ\">\u00a0<\/span><\/span><\/span><\/li>\n<li about=\"#cite_note-3\" id=\"cite_note-3\" data-mw-footnote-number=\"3\"><span class=\"mw-cite-backlink\" id=\"rdp-we-mwvg\"><a href=\"#cite_ref-3\" rel=\"mw:referencedBy\" id=\"rdp-we-mwvw\"><span class=\"mw-linkback-text\" id=\"rdp-we-mwwA\">\u2191<\/span><\/a><\/span> <span id=\"rdp-we-mw-reference-text-cite_note-3\" class=\"mw-reference-text reference-text\"><span class=\"cite\" about=\"#mwt7\" typeof=\"mw:Transclusion\" id=\"rdp-we-mwwQ\" data-mw='{\"parts\":[{\"template\":{\"target\":{\"wt\":\"Internetquelle \",\"href\":\".\/Vorlage:Internetquelle\"},\"params\":{\"url\":{\"wt\":\"http:\/\/www.16bars.de\/newsartikel\/2478\/summer-cem-chartet-mit-feierabend\/\"},\"titel\":{\"wt\":\"Summer Cem chartet mit \u201eFeierabend\u201c\"},\"werk\":{\"wt\":\"16bars.de\"},\"abruf\":{\"wt\":\"2010-11-29\"}},\"i\":0}}]}'><a rel=\"external_link\" href=\"http:\/\/www.16bars.de\/newsartikel\/2478\/summer-cem-chartet-mit-feierabend\/\" class=\"external text\" id=\"rdp-we-mwwg\" target=\"_new\"><i id=\"rdp-we-mwww\">Summer Cem chartet mit \u201eFeierabend\u201c.<\/i><\/a><span typeof=\"mw:Entity\" id=\"rdp-we-mwxA\"> <\/span>In:<span typeof=\"mw:Entity\" id=\"rdp-we-mwxQ\"> <\/span><i id=\"rdp-we-mwxg\">16bars.de.<\/i><span class=\"Abrufdatum\" id=\"rdp-we-mwxw\"><span typeof=\"mw:Entity\" id=\"rdp-we-mwyA\"> <\/span>Abgerufen am 29.<span typeof=\"mw:Entity\" id=\"rdp-we-mwyQ\">\u00a0<\/span>November 2010<\/span>.<\/span><span style=\"display: none;\" class=\"Z3988\" title=\"ctx_ver=Z39.88-2004&amp;rft_val_fmt=info%3Aofi%2Ffmt%3Akev%3Amtx%3Adc&amp;rfr_id=info%3Asid%2Fde.wikipedia.org%3ASummer+Cem&amp;rft.title=Summer+Cem+chartet+mit+%E2%80%9EFeierabend%E2%80%9C&amp;rft.description=Summer+Cem+chartet+mit+%E2%80%9EFeierabend%E2%80%9C&amp;rft.identifier=http%3A%2F%2Fwww.16bars.de%2Fnewsartikel%2F2478%2Fsummer-cem-chartet-mit-feierabend%2F\" about=\"#mwt7\" id=\"rdp-we-mwyg\"><span typeof=\"mw:Entity\" id=\"rdp-we-mwyw\">\u00a0<\/span><\/span><\/span><\/li>\n<li about=\"#cite_note-4\" id=\"cite_note-4\" data-mw-footnote-number=\"4\"><span class=\"mw-cite-backlink\" id=\"rdp-we-mwzA\"><a href=\"#cite_ref-4\" rel=\"mw:referencedBy\" id=\"rdp-we-mwzQ\"><span class=\"mw-linkback-text\" id=\"rdp-we-mwzg\">\u2191<\/span><\/a><\/span> <span id=\"rdp-we-mw-reference-text-cite_note-4\" class=\"mw-reference-text reference-text\"><span class=\"cite\" about=\"#mwt9\" typeof=\"mw:Transclusion\" id=\"rdp-we-mwzw\" data-mw='{\"parts\":[{\"template\":{\"target\":{\"wt\":\"Internetquelle \",\"href\":\".\/Vorlage:Internetquelle\"},\"params\":{\"autor\":{\"wt\":\"Stefanie Richtsteiger\"},\"url\":{\"wt\":\"http:\/\/www.rap.de\/news\/40-news\/10792-deutscher-rap-chartet-auch-in-dieser-woche\"},\"titel\":{\"wt\":\"Summer Cem chartet auf 10.\"},\"werk\":{\"wt\":\"rap.de\"},\"datum\":{\"wt\":\"2012-06-12\"},\"abruf\":{\"wt\":\"2012-09-16\"}},\"i\":0}}]}'>Stefanie Richtsteiger:<span typeof=\"mw:Entity\" id=\"rdp-we-mw0A\"> <\/span><a rel=\"external_link\" href=\"http:\/\/www.rap.de\/news\/40-news\/10792-deutscher-rap-chartet-auch-in-dieser-woche\" class=\"external text\" id=\"rdp-we-mw0Q\" target=\"_new\"><i id=\"rdp-we-mw0g\">Summer Cem chartet auf 10.<\/i><\/a><span typeof=\"mw:Entity\" id=\"rdp-we-mw0w\"> <\/span>In:<span typeof=\"mw:Entity\" id=\"rdp-we-mw1A\"> <\/span><i id=\"rdp-we-mw1Q\">rap.de.<\/i><span typeof=\"mw:Entity\" id=\"rdp-we-mw1g\"> <\/span>12.<span typeof=\"mw:Entity\" id=\"rdp-we-mw1w\">\u00a0<\/span>Juni 2012<span typeof=\"mw:Entity\" id=\"rdp-we-mw2A\">,<\/span><span class=\"Abrufdatum\" id=\"rdp-we-mw2Q\"><span typeof=\"mw:Entity\" id=\"rdp-we-mw2g\"> <\/span>abgerufen am 16.<span typeof=\"mw:Entity\" id=\"rdp-we-mw2w\">\u00a0<\/span>September 2012<\/span>.<\/span><span style=\"display: none;\" class=\"Z3988\" title=\"ctx_ver=Z39.88-2004&amp;rft_val_fmt=info%3Aofi%2Ffmt%3Akev%3Amtx%3Adc&amp;rfr_id=info%3Asid%2Fde.wikipedia.org%3ASummer+Cem&amp;rft.title=Summer+Cem+chartet+auf+10.&amp;rft.description=Summer+Cem+chartet+auf+10.&amp;rft.identifier=http%3A%2F%2Fwww.rap.de%2Fnews%2F40-news%2F10792-deutscher-rap-chartet-auch-in-dieser-woche&amp;rft.creator=Stefanie+Richtsteiger&amp;rft.date=2012-06-12\" about=\"#mwt9\" id=\"rdp-we-mw3A\"><span typeof=\"mw:Entity\" id=\"rdp-we-mw3Q\">\u00a0<\/span><\/span><\/span><\/li>\n<li about=\"#cite_note-5\" id=\"cite_note-5\" data-mw-footnote-number=\"5\"><span class=\"mw-cite-backlink\" id=\"rdp-we-mw3g\"><a href=\"#cite_ref-5\" rel=\"mw:referencedBy\" id=\"rdp-we-mw3w\"><span class=\"mw-linkback-text\" id=\"rdp-we-mw4A\">\u2191<\/span><\/a><\/span> <span id=\"rdp-we-mw-reference-text-cite_note-5\" class=\"mw-reference-text reference-text\"><span class=\"cite\" about=\"#mwt11\" typeof=\"mw:Transclusion\" id=\"rdp-we-mw4Q\" data-mw='{\"parts\":[{\"template\":{\"target\":{\"wt\":\"Internetquelle \",\"href\":\".\/Vorlage:Internetquelle\"},\"params\":{\"url\":{\"wt\":\"http:\/\/meinrap.de\/2013\/11\/15\/summer-cem-andert-album-titel-in-babas-doowayst-bargeld\/\"},\"titel\":{\"wt\":\"Summer Cem \u00e4ndert Album-Titel in \u201cBabas, Doowayst &amp; Bargeld\u201d\"},\"hrsg\":{\"wt\":\"meinrap.de\"},\"datum\":{\"wt\":\"2013-11-15\"},\"offline\":{\"wt\":\"1\"},\"archiv-url\":{\"wt\":\"https:\/\/web.archive.org\/web\/20131118082420\/http:\/\/meinrap.de\/2013\/11\/15\/summer-cem-andert-album-titel-in-babas-doowayst-bargeld\/\"},\"archiv-datum\":{\"wt\":\"2013-11-18\"},\"archiv-bot\":{\"wt\":\"2018-12-04 17:51:13 InternetArchiveBot\"},\"abruf\":{\"wt\":\"2013-11-17\"}},\"i\":0}}]}'><a rel=\"external_link\" href=\"https:\/\/web.archive.org\/web\/20131118082420\/http:\/\/meinrap.de\/2013\/11\/15\/summer-cem-andert-album-titel-in-babas-doowayst-bargeld\/\" class=\"external text\" id=\"rdp-we-mw4g\" target=\"_new\"><i id=\"rdp-we-mw4w\">Summer Cem \u00e4ndert Album-Titel in \u201cBabas, Doowayst &amp; Bargeld\u201d.<\/i><\/a><span typeof=\"mw:Entity\" id=\"rdp-we-mw5A\"> <\/span>meinrap.de,<span typeof=\"mw:Entity\" id=\"rdp-we-mw5Q\"> <\/span>15.<span typeof=\"mw:Entity\" id=\"rdp-we-mw5g\">\u00a0<\/span>November 2013,<span typeof=\"mw:Entity\" id=\"rdp-we-mw5w\"> <\/span>archiviert<span typeof=\"mw:Entity\" id=\"rdp-we-mw6A\"> <\/span>vom<span typeof=\"mw:Entity\" id=\"rdp-we-mw6Q\"> <\/span><link rel=\"mw-deduplicated-inline-style\" href=\"mw-data:TemplateStyles:r250917974\" about=\"#mwt12\" typeof=\"mw:Extension\/templatestyles\" id=\"rdp-we-mw6g\" data-mw='{\"name\":\"templatestyles\",\"attrs\":{\"src\":\"Vorlage:IconExternal\/styles.css\"}}'\/><span class=\"dewiki-iconexternal\" id=\"rdp-we-mw6w\"><a rel=\"external_link\" href=\"https:\/\/redirecter.toolforge.org\/?url=http%3A%2F%2Fmeinrap.de%2F2013%2F11%2F15%2Fsummer-cem-andert-album-titel-in-babas-doowayst-bargeld%2F\" class=\"external text\" id=\"rdp-we-mw7A\" target=\"_new\">Original<\/a><\/span><span typeof=\"mw:Entity\" id=\"rdp-we-mw7Q\"> <\/span>(nicht mehr online verf\u00fcgbar)<span typeof=\"mw:Entity\" id=\"rdp-we-mw7g\"> <\/span>am<span typeof=\"mw:Entity\" id=\"rdp-we-mw7w\"> <\/span><span style=\"white-space:nowrap;\" id=\"rdp-we-mw8A\">18.<span typeof=\"mw:Entity\" id=\"rdp-we-mw8Q\">\u00a0<\/span>November 2013<\/span><span id=\"rdp-we-mw8g\">;<\/span><span class=\"Abrufdatum\" id=\"rdp-we-mw8w\"><span typeof=\"mw:Entity\" id=\"rdp-we-mw9A\"> <\/span>abgerufen am 17.<span typeof=\"mw:Entity\" id=\"rdp-we-mw9Q\">\u00a0<\/span>November 2013<\/span>.<\/span><span typeof=\"mw:Entity\" about=\"#mwt11\" id=\"rdp-we-mw9g\"> <\/span><small class=\"archiv-bot\" about=\"#mwt11\" id=\"rdp-we-mw9w\"><span class=\"wp_boppel noviewer\" aria-hidden=\"true\" role=\"presentation\" id=\"rdp-we-mw-A\"><span typeof=\"mw:File\" id=\"rdp-we-mw-Q\" data-mw='{\"caption\":\"i\"}'><span title=\"i\" id=\"rdp-we-mw-g\"><img resource=\"https:\/\/de.wikipedia.org\/wiki\/Datei:Pictogram_voting_info.svg\" src=\"https:\/\/upload.wikimedia.org\/wikipedia\/commons\/thumb\/4\/4a\/Pictogram_voting_info.svg\/20px-Pictogram_voting_info.svg.png?utm_source=de.wikipedia.org&amp;utm_campaign=parser&amp;utm_content=thumbnail\" decoding=\"async\" loading=\"lazy\" alt=\"\" data-file-type=\"drawing\" height=\"15\" width=\"15\" class=\"mw-file-element\" id=\"rdp-we-mw-w\"\/><\/span><\/span><\/span><span typeof=\"mw:Entity\" id=\"rdp-we-mw_A\">\u00a0<\/span><b id=\"rdp-we-mw_Q\">Info:<\/b> Der Archivlink wurde automatisch eingesetzt und noch nicht gepr\u00fcft. Bitte pr\u00fcfe Original- und Archivlink gem\u00e4\u00df <a rel=\"mw:WikiLink\" href=\"https:\/\/de.wikipedia.org\/wiki\/Benutzer:InternetArchiveBot\/Anleitung\/Archivlink\" title=\"Benutzer:InternetArchiveBot\/Anleitung\/Archivlink\" id=\"rdp-we-mw_g\" target=\"_new\" class=\"wiki-link\">Anleitung<\/a> und entferne dann diesen Hinweis.<\/small><span style=\"display:none\" about=\"#mwt11\" id=\"rdp-we-mw_w\"><a rel=\"external_link\" href=\"http:\/\/IABotmemento.invalid\/http:\/\/meinrap.de\/2013\/11\/15\/summer-cem-andert-album-titel-in-babas-doowayst-bargeld\/\" class=\"external text\" id=\"rdp-we-mwAQA\" target=\"_new\">@1<\/a><\/span><span style=\"display:none\" about=\"#mwt11\" id=\"rdp-we-mwAQE\"><a rel=\"external_link\" href=\"http:\/\/meinrap.de\/2013\/11\/15\/summer-cem-andert-album-titel-in-babas-doowayst-bargeld\/\" class=\"external text\" id=\"rdp-we-mwAQI\" target=\"_new\">@2<\/a><\/span><span style=\"display:none\" about=\"#mwt11\" id=\"rdp-we-mwAQM\"><a rel=\"mw:WikiLink\" href=\"https:\/\/de.wikipedia.org\/wiki\/Vorlage:Webachiv\/IABot\/meinrap.de?action=edit&redlink=1\" title=\"Vorlage:Webachiv\/IABot\/meinrap.de (Seite nicht vorhanden)\" class=\"new wiki-link\" typeof=\"mw:LocalizedAttrs\" id=\"rdp-we-mwAQQ\" data-mw-i18n='{\"title\":{\"lang\":\"x-page\",\"key\":\"red-link-title\",\"params\":[\"Vorlage:Webachiv\/IABot\/meinrap.de\"]}}' target=\"_new\">Vorlage:Webachiv\/IABot\/meinrap.de<\/a><\/span><link rel=\"mw:PageProp\/Category\" href=\".\/Kategorie:Wikipedia:Defekte_Weblinks\/Ungepr\u00fcfte_Archivlinks_2018-12\" about=\"#mwt11\" id=\"rdp-we-mwAQU\"\/><span style=\"display: none;\" class=\"Z3988\" title=\"ctx_ver=Z39.88-2004&amp;rft_val_fmt=info%3Aofi%2Ffmt%3Akev%3Amtx%3Adc&amp;rfr_id=info%3Asid%2Fde.wikipedia.org%3ASummer+Cem&amp;rft.title=Summer+Cem+%C3%A4ndert+Album-Titel+in+%E2%80%9CBabas%2C+Doowayst+%26+Bargeld%E2%80%9D&amp;rft.description=Summer+Cem+%C3%A4ndert+Album-Titel+in+%E2%80%9CBabas%2C+Doowayst+%26+Bargeld%E2%80%9D&amp;rft.identifier=https%3A%2F%2Fweb.archive.org%2Fweb%2F20131118082420%2Fhttp%3A%2F%2Fmeinrap.de%2F2013%2F11%2F15%2Fsummer-cem-andert-album-titel-in-babas-doowayst-bargeld%2F&amp;rft.publisher=meinrap.de&amp;rft.date=2013-11-15&amp;rft.source=http:\/\/meinrap.de\/2013\/11\/15\/summer-cem-andert-album-titel-in-babas-doowayst-bargeld\/\" about=\"#mwt11\" id=\"rdp-we-mwAQY\"><span typeof=\"mw:Entity\" id=\"rdp-we-mwAQc\">\u00a0<\/span><\/span><\/span><\/li>\n<li about=\"#cite_note-6\" id=\"cite_note-6\" data-mw-footnote-number=\"6\"><span class=\"mw-cite-backlink\" id=\"rdp-we-mwAQg\"><a href=\"#cite_ref-6\" rel=\"mw:referencedBy\" id=\"rdp-we-mwAQk\"><span class=\"mw-linkback-text\" id=\"rdp-we-mwAQo\">\u2191<\/span><\/a><\/span> <span id=\"rdp-we-mw-reference-text-cite_note-6\" class=\"mw-reference-text reference-text\"><span class=\"cite\" about=\"#mwt14\" typeof=\"mw:Transclusion\" id=\"rdp-we-mwAQs\" data-mw='{\"parts\":[{\"template\":{\"target\":{\"wt\":\"Internetquelle \",\"href\":\".\/Vorlage:Internetquelle\"},\"params\":{\"autor\":{\"wt\":\"\"},\"url\":{\"wt\":\"http:\/\/www.focus.de\/kultur\/musik\/musik-rapper-summer-cem-auf-platz-eins-der-albumcharts_id_5249006.html\"},\"titel\":{\"wt\":\"Rapper Summer Cem auf Platz eins der Albumcharts\"},\"werk\":{\"wt\":\"Focus Online\"},\"abruf\":{\"wt\":\"2016-01-30\"}},\"i\":0}}]}'><a rel=\"external_link\" href=\"http:\/\/www.focus.de\/kultur\/musik\/musik-rapper-summer-cem-auf-platz-eins-der-albumcharts_id_5249006.html\" class=\"external text\" id=\"rdp-we-mwAQw\" target=\"_new\"><i id=\"rdp-we-mwAQ0\">Rapper Summer Cem auf Platz eins der Albumcharts.<\/i><\/a><span typeof=\"mw:Entity\" id=\"rdp-we-mwAQ4\"> <\/span>In:<span typeof=\"mw:Entity\" id=\"rdp-we-mwAQ8\"> <\/span><i id=\"rdp-we-mwARA\">Focus Online.<\/i><span class=\"Abrufdatum\" id=\"rdp-we-mwARE\"><span typeof=\"mw:Entity\" id=\"rdp-we-mwARI\"> <\/span>Abgerufen am 30.<span typeof=\"mw:Entity\" id=\"rdp-we-mwARM\">\u00a0<\/span>Januar 2016<\/span>.<\/span><span style=\"display: none;\" class=\"Z3988\" title=\"ctx_ver=Z39.88-2004&amp;rft_val_fmt=info%3Aofi%2Ffmt%3Akev%3Amtx%3Adc&amp;rfr_id=info%3Asid%2Fde.wikipedia.org%3ASummer+Cem&amp;rft.title=Rapper+Summer+Cem+auf+Platz+eins+der+Albumcharts&amp;rft.description=Rapper+Summer+Cem+auf+Platz+eins+der+Albumcharts&amp;rft.identifier=http%3A%2F%2Fwww.focus.de%2Fkultur%2Fmusik%2Fmusik-rapper-summer-cem-auf-platz-eins-der-albumcharts_id_5249006.html\" about=\"#mwt14\" id=\"rdp-we-mwARQ\"><span typeof=\"mw:Entity\" id=\"rdp-we-mwARU\">\u00a0<\/span><\/span><\/span><\/li>\n<li about=\"#cite_note-7\" id=\"cite_note-7\" data-mw-footnote-number=\"7\"><span class=\"mw-cite-backlink\" id=\"rdp-we-mwARY\"><a href=\"#cite_ref-7\" rel=\"mw:referencedBy\" id=\"rdp-we-mwARc\"><span class=\"mw-linkback-text\" id=\"rdp-we-mwARg\">\u2191<\/span><\/a><\/span> <span id=\"rdp-we-mw-reference-text-cite_note-7\" class=\"mw-reference-text reference-text\"><span class=\"cite\" about=\"#mwt16\" typeof=\"mw:Transclusion\" id=\"rdp-we-mwARk\" data-mw='{\"parts\":[{\"template\":{\"target\":{\"wt\":\"Internetquelle \",\"href\":\".\/Vorlage:Internetquelle\"},\"params\":{\"url\":{\"wt\":\"http:\/\/www.northdata.de\/?id=6590852817\"},\"titel\":{\"wt\":\"Handelsregisterbekanntmachung (Neueintragung)\"},\"werk\":{\"wt\":\"North Data\"},\"abruf\":{\"wt\":\"2021-10-11\"}},\"i\":0}}]}'><a rel=\"external_link\" href=\"http:\/\/www.northdata.de\/?id=6590852817\" class=\"external text\" id=\"rdp-we-mwARo\" target=\"_new\"><i id=\"rdp-we-mwARs\">Handelsregisterbekanntmachung (Neueintragung).<\/i><\/a><span typeof=\"mw:Entity\" id=\"rdp-we-mwARw\"> <\/span>In:<span typeof=\"mw:Entity\" id=\"rdp-we-mwAR0\"> <\/span><i id=\"rdp-we-mwAR4\">North Data.<\/i><span class=\"Abrufdatum\" id=\"rdp-we-mwAR8\"><span typeof=\"mw:Entity\" id=\"rdp-we-mwASA\"> <\/span>Abgerufen am 11.<span typeof=\"mw:Entity\" id=\"rdp-we-mwASE\">\u00a0<\/span>Oktober 2021<\/span>.<\/span><span style=\"display: none;\" class=\"Z3988\" title=\"ctx_ver=Z39.88-2004&amp;rft_val_fmt=info%3Aofi%2Ffmt%3Akev%3Amtx%3Adc&amp;rfr_id=info%3Asid%2Fde.wikipedia.org%3ASummer+Cem&amp;rft.title=Handelsregisterbekanntmachung+%28Neueintragung%29&amp;rft.description=Handelsregisterbekanntmachung+%28Neueintragung%29&amp;rft.identifier=http%3A%2F%2Fwww.northdata.de%2F%3Fid%3D6590852817\" about=\"#mwt16\" id=\"rdp-we-mwASI\"><span typeof=\"mw:Entity\" id=\"rdp-we-mwASM\">\u00a0<\/span><\/span><\/span><\/li>\n<li about=\"#cite_note-8\" id=\"cite_note-8\" data-mw-footnote-number=\"8\"><span class=\"mw-cite-backlink\" id=\"rdp-we-mwASQ\"><a href=\"#cite_ref-8\" rel=\"mw:referencedBy\" id=\"rdp-we-mwASU\"><span class=\"mw-linkback-text\" id=\"rdp-we-mwASY\">\u2191<\/span><\/a><\/span> <span id=\"rdp-we-mw-reference-text-cite_note-8\" class=\"mw-reference-text reference-text\"><span class=\"cite\" about=\"#mwt18\" typeof=\"mw:Transclusion\" id=\"rdp-we-mwASc\" data-mw='{\"parts\":[{\"template\":{\"target\":{\"wt\":\"Internetquelle \",\"href\":\".\/Vorlage:Internetquelle\"},\"params\":{\"autor\":{\"wt\":\"Timo Niemeier\"},\"url\":{\"wt\":\"https:\/\/www.dwdl.de\/meinungen\/85618\/wie_gut_ist_deutschlands_bislang_groesste_realityshow\/\"},\"titel\":{\"wt\":\"Wie gut ist Deutschlands bislang \\\"gr\u00f6\u00dfte Reality-Show\\\"?\"},\"werk\":{\"wt\":\"dwdl.de\"},\"datum\":{\"wt\":\"2021-12-03\"},\"sprache\":{\"wt\":\"de\"},\"abruf\":{\"wt\":\"2021-12-04\"}},\"i\":0}}]}'>Timo Niemeier:<span typeof=\"mw:Entity\" id=\"rdp-we-mwASg\"> <\/span><a rel=\"external_link\" href=\"https:\/\/www.dwdl.de\/meinungen\/85618\/wie_gut_ist_deutschlands_bislang_groesste_realityshow\/\" class=\"external text\" id=\"rdp-we-mwASk\" target=\"_new\"><i id=\"rdp-we-mwASo\">Wie gut ist Deutschlands bislang \"gr\u00f6\u00dfte Reality-Show\"?<\/i><\/a><span typeof=\"mw:Entity\" id=\"rdp-we-mwASs\"> <\/span>In:<span typeof=\"mw:Entity\" id=\"rdp-we-mwASw\"> <\/span><i id=\"rdp-we-mwAS0\">dwdl.de.<\/i><span typeof=\"mw:Entity\" id=\"rdp-we-mwAS4\"> <\/span>3.<span typeof=\"mw:Entity\" id=\"rdp-we-mwAS8\">\u00a0<\/span>Dezember 2021<span typeof=\"mw:Entity\" id=\"rdp-we-mwATA\">,<\/span><span class=\"Abrufdatum\" id=\"rdp-we-mwATE\"><span typeof=\"mw:Entity\" id=\"rdp-we-mwATI\"> <\/span>abgerufen am 4.<span typeof=\"mw:Entity\" id=\"rdp-we-mwATM\">\u00a0<\/span>Dezember 2021<\/span>.<\/span><span style=\"display: none;\" class=\"Z3988\" title=\"ctx_ver=Z39.88-2004&amp;rft_val_fmt=info%3Aofi%2Ffmt%3Akev%3Amtx%3Adc&amp;rfr_id=info%3Asid%2Fde.wikipedia.org%3ASummer+Cem&amp;rft.title=Wie+gut+ist+Deutschlands+bislang+%22gr%C3%B6%C3%9Fte+Reality-Show%22%3F&amp;rft.description=Wie+gut+ist+Deutschlands+bislang+%22gr%C3%B6%C3%9Fte+Reality-Show%22%3F&amp;rft.identifier=https%3A%2F%2Fwww.dwdl.de%2Fmeinungen%2F85618%2Fwie_gut_ist_deutschlands_bislang_groesste_realityshow%2F&amp;rft.creator=Timo+Niemeier&amp;rft.date=2021-12-03&amp;rft.language=de\" about=\"#mwt18\" id=\"rdp-we-mwATQ\"><span typeof=\"mw:Entity\" id=\"rdp-we-mwATU\">\u00a0<\/span><\/span><\/span><\/li>\n<\/ol>\n\n<div class=\"hintergrundfarbe1 rahmenfarbe1 navigation-not-searchable  normdaten-typ-p\" style=\"border-style: solid; border-width: 1px; clear: left;   margin-bottom:1em; margin-top:1em; padding: 0.25em; overflow: hidden; word-break: break-word; word-wrap: break-word; \" id=\"rdp-we-normdaten\" about=\"#mwt26\" typeof=\"mw:Transclusion\" data-mw='{\"parts\":[{\"template\":{\"target\":{\"wt\":\"Normdaten\",\"href\":\".\/Vorlage:Normdaten\"},\"params\":{\"TYP\":{\"wt\":\"p\"},\"GND\":{\"wt\":\"1095254537\"},\"VIAF\":{\"wt\":\"16146030497235861372\"}},\"i\":0}}]}'>\n<div style=\"display: table-cell; vertical-align: middle; width: 100%;\">\n<div>\nNormdaten<span typeof=\"mw:Entity\">\u00a0<\/span>(Person): <a rel=\"mw:WikiLink\" href=\"https:\/\/de.wikipedia.org\/wiki\/Gemeinsame_Normdatei\" title=\"Gemeinsame Normdatei\" target=\"_new\" class=\"wiki-link\">GND<\/a>: <span class=\"plainlinks-print\"><a rel=\"external_link\" href=\"https:\/\/d-nb.info\/gnd\/1095254537\" class=\"external text\" target=\"_new\">1095254537<\/a><\/span> <span class=\"noprint\"> (<a rel=\"external_link\" href=\"https:\/\/lobid.org\/gnd\/1095254537\" class=\"external text\" target=\"_new\">lobid<\/a>, <a rel=\"external_link\" href=\"https:\/\/explore.gnd.network\/gnd\/1095254537\" class=\"external text\" target=\"_new\">GND Explorer<\/a>, <a rel=\"external_link\" href=\"https:\/\/swb.bsz-bw.de\/DB=2.104\/SET=1\/TTL=1\/CMD?retrace=0&trm_old=&ACT=SRCHA&IKT=2999&SRT=RLV&TRM=1095254537\" class=\"external text\" target=\"_new\">OGND<\/a><span class=\"metadata\">, <a rel=\"external_link\" href=\"https:\/\/prometheus.lmu.de\/gnd\/1095254537\" class=\"external text\" target=\"_new\">AKS<\/a><\/span>)<\/span>    <span typeof=\"mw:Entity\">|<\/span> <a rel=\"mw:WikiLink\" href=\"https:\/\/de.wikipedia.org\/wiki\/Virtual_International_Authority_File\" title=\"Virtual International Authority File\" target=\"_new\" class=\"wiki-link\">VIAF<\/a>: <span class=\"plainlinks-print\"><a rel=\"external_link\" href=\"https:\/\/viaf.org\/viaf\/16146030497235861372\/\" class=\"external text\" target=\"_new\">16146030497235861372<\/a><\/span> <span typeof=\"mw:Entity\">|<\/span> <span class=\"noprint\"><a rel=\"external_link\" href=\"https:\/\/persondata.toolforge.org\/p\/Summer_Cem\" class=\"external text\" target=\"_new\">Wikipedia-Personensuche<\/a><\/span><span class=\"metadata\"><\/span><\/div>\n<\/div><\/div>\n\n<link rel=\"mw:PageProp\/Category\" href=\".\/Kategorie:Rapper\" id=\"rdp-we-mwATY\"\/>\n<link rel=\"mw:PageProp\/Category\" href=\".\/Kategorie:Pseudonym\" id=\"rdp-we-mwATc\"\/>\n<link rel=\"mw:PageProp\/Category\" href=\".\/Kategorie:Deutscher\" id=\"rdp-we-mwATg\"\/>\n<link rel=\"mw:PageProp\/Category\" href=\".\/Kategorie:Geboren_1983\" id=\"rdp-we-mwATk\"\/>\n<link rel=\"mw:PageProp\/Category\" href=\".\/Kategorie:Mann\" id=\"rdp-we-mwATo\"\/>\n\n<table class=\"metadata rahmenfarbe1\" id=\"rdp-we-Vorlage_Personendaten\" style=\"border-style: solid; margin-top: 20px;\" about=\"#mwt27\" typeof=\"mw:Transclusion\" data-mw='{\"parts\":[{\"template\":{\"target\":{\"wt\":\"Personendaten\\n\",\"href\":\".\/Vorlage:Personendaten\"},\"params\":{\"NAME\":{\"wt\":\"Summer Cem\"},\"ALTERNATIVNAMEN\":{\"wt\":\"Toraman, Cem (wirklicher Name)\"},\"KURZBESCHREIBUNG\":{\"wt\":\"deutscher Rapper\"},\"GEBURTSDATUM\":{\"wt\":\"11. April 1983\"},\"GEBURTSORT\":{\"wt\":\"[[M\u00f6nchengladbach]], [[Deutschland]]\"},\"STERBEDATUM\":{\"wt\":\"\"},\"STERBEORT\":{\"wt\":\"\"}},\"i\":0}}]}'>\n<tbody><tr><th colspan=\"2\"><a rel=\"mw:WikiLink\" href=\"https:\/\/de.wikipedia.org\/wiki\/Hilfe:Personendaten\" title=\"Hilfe:Personendaten\" target=\"_new\" class=\"wiki-link\">Personendaten<\/a><\/th><\/tr>\n<tr>\n<td style=\"color: #aaa;\">NAME<\/td>\n<td style=\"font-weight: bold;\">Summer Cem<\/td><\/tr>\n<tr>\n<td style=\"color: #aaa;\">ALTERNATIVNAMEN<\/td>\n<td>Toraman, Cem (wirklicher Name)<\/td><\/tr>\n<tr>\n<td style=\"color: #aaa;\">KURZBESCHREIBUNG<\/td>\n<td>deutscher Rapper<\/td><\/tr>\n<tr>\n<td style=\"color: #aaa;\">GEBURTSDATUM<\/td>\n<td>11. April 1983<\/td><\/tr>\n<tr>\n<td style=\"color: #aaa;\">GEBURTSORT<\/td>\n<td><a rel=\"mw:WikiLink\" href=\"https:\/\/de.wikipedia.org\/wiki\/M\u00f6nchengladbach\" title=\"M\u00f6nchengladbach\" target=\"_new\" class=\"wiki-link\">M\u00f6nchengladbach<\/a>, <a rel=\"mw:WikiLink\" href=\"https:\/\/de.wikipedia.org\/wiki\/Deutschland\" title=\"Deutschland\" target=\"_new\" class=\"wiki-link\">Deutschland<\/a><\/td><\/tr>\n\n\n\n\n<\/tbody><\/table><\/section>\n<!-- \nNewPP limit report\nParsed by mw\u2010web.eqiad.main\u20106798c57d8\u2010v69pm\nCached time: 20260824082150\nCache expiry: 2592000\nReduced expiry: false\nComplications: [show\u2010toc, use\u2010parsoid]\nCPU time usage: 0.469 seconds\nReal time usage: 0.570 seconds\nPreprocessor visited node count: 2769\/1000000\nRevision size: 7313\/2097152 bytes\nPost\u2010expand include size: 92100\/2097152 bytes\nTemplate argument size: 13263\/2097152 bytes\nHighest expansion depth: 12\/100\nExpensive parser function count: 4\/500\nUnstrip recursion depth: 0\/20\nUnstrip post\u2010expand size: 29297\/5000000 bytes\nLua time usage: 0.062\/10.000 seconds\nLua memory usage: 3615696\/52428800 bytes\nNumber of Wikibase entities loaded: 1\/500\n-->\n<!--\nTransclusion expansion time report (%,ms,calls,template)\n100.00%  404.274      1 -total\n 25.82%  104.370      8 Vorlage:Internetquelle\n 10.46%   42.279      1 Vorlage:Eingebundene_Diskografie\n  9.34%   37.761      1 Summer_Cem\/Diskografie\n  8.76%   35.402      1 Vorlage:Charttabelle\n  6.17%   24.933      1 Vorlage:CSS-Bildausschnitt\n  5.77%   23.338      1 Vorlage:Normdaten\n  4.55%   18.392      1 Vorlage:Hinweisbaustein\n  3.98%   16.089      8 Vorlage:Charteintrag\n  3.92%   15.832      1 Vorlage:Commonscat\n-->\n\n<!-- Render ID dacc752a-9f94-11f1-9d2b-eb4a54a25582 -->\n\n<!-- Saved in parser cache with key dewiki:stable-parsoid-pcache:2985286:|#|:idhash:useParsoid=1 and timestamp 20260824082150 and revision id 267272965. Rendering was triggered because: unknown\n -->\n\n<!-- Parsoid 0.24.0.0-alpha19 -->\n<\/div><!--\nPost\u2010processing cache key dewiki:stable\u2010parsoid\u2010pcache\u2010postproc:2985286:|#|:idhash:injectTOC=0!postproc=1!skin=vector\u20102022!useParsoid=1, generated at 20260824082150\n--><noscript><img loading=\"lazy\" decoding=\"async\" src=\"https:\/\/de.wikipedia.org\/wiki\/Special:CentralAutoLogin\/start?useformat=desktop&amp;type=1x1&amp;usesul3=1\" alt=\"\" width=\"1\" height=\"1\" style=\"border: none; position: absolute;\"><\/noscript>\n<div class=\"printfooter\" data-nosnippet=\"\">Quelle:  <a rel=\"external_link\" class=\"external\" href=\"https:\/\/de.wikipedia.org\/wiki\/Summer_Cem\">https:\/\/de.wikipedia.org\/wiki\/Summer_Cem<\/a><\/div><\/div>\n\t\t\t\t\t\n\t\t\t\t<\/div>\n\t\t\t<\/main>\n\t\t\t\n\t\t<\/div>\n\t\t<div class=\"mw-footer-container\">\n\t\t\t\n\t\t<\/div>\n\t<\/div> \n<\/div> \n\n<div class=\"mw-portlet mw-portlet-dock-bottom emptyPortlet\" id=\"rdp-we-p-dock-bottom\">\n\t<ul>\n\t\t\n\t<\/ul>\n<\/div>\n\n\n<\/div><!-- #rdp-we-main -->\n\n\t\t<\/div>\n\t<\/div>\n<\/div><\/div><\/div><\/div>\n<\/section>","protected":false},"excerpt":{"rendered":"<p>Summer Cem Summer Cem (2018) Summer Cem (* 11. April 1983; b\u00fcrgerlich Cem Toraman) ist ein deutscher Rapper t\u00fcrkischer Abstammung aus M\u00f6nchengladbach. Bekannt wurde er vor allem durch h\u00e4ufige Zusammenarbeiten mit Eko Fresh und KC Rebell. Biografie Summer Cem, dessen Eltern aus Malatya in der T\u00fcrkei kommen,[1] wuchs im M\u00f6nchengladbacher Stadtteil Rheydt auf. Eko Fresh&hellip;<\/p>","protected":false},"author":1,"featured_media":57688,"comment_status":"closed","ping_status":"closed","template":"","dt_portfolio_category":[1340],"dt_portfolio_tags":[],"class_list":["post-57701","dt_portfolio","type-dt_portfolio","status-publish","has-post-thumbnail","hentry","dt_portfolio_category-deutschrap","dt_portfolio_category-1340","description-off"],"yoast_head":"<!-- This site is optimized with the Yoast SEO plugin v28.4 - https:\/\/yoast.com\/product\/yoast-seo-wordpress\/ -->\n<title>Summer Cem - Access all artists<\/title>\n<meta name=\"robots\" content=\"index, follow, max-snippet:-1, max-image-preview:large, max-video-preview:-1\" \/>\n<link rel=\"canonical\" href=\"https:\/\/accessallartists.de\/en\/artists\/summer-cem\/\" \/>\n<meta property=\"og:locale\" content=\"en_US\" \/>\n<meta property=\"og:type\" content=\"article\" \/>\n<meta property=\"og:title\" content=\"Summer Cem - Access all artists\" \/>\n<meta property=\"og:url\" content=\"https:\/\/accessallartists.de\/en\/artists\/summer-cem\/\" \/>\n<meta property=\"og:site_name\" content=\"Access all artists\" \/>\n<meta property=\"article:publisher\" content=\"http:\/\/www.facebook.com\/aaa_accessallartists\" \/>\n<meta property=\"article:modified_time\" content=\"2023-10-26T11:07:20+00:00\" \/>\n<meta property=\"og:image\" content=\"https:\/\/accessallartists.de\/wp-content\/uploads\/2023\/03\/aaa-artists-artist-summer-cem.jpg\" \/>\n\t<meta property=\"og:image:width\" content=\"768\" \/>\n\t<meta property=\"og:image:height\" content=\"990\" \/>\n\t<meta property=\"og:image:type\" content=\"image\/jpeg\" \/>\n<meta name=\"twitter:card\" content=\"summary_large_image\" \/>\n<meta name=\"twitter:site\" content=\"@accesallartists\" \/>\n<meta name=\"twitter:label1\" content=\"Est. reading time\" \/>\n\t<meta name=\"twitter:data1\" content=\"1 minute\" \/>\n<script type=\"application\/ld+json\" class=\"yoast-schema-graph\">{\"@context\":\"https:\\\/\\\/schema.org\",\"@graph\":[{\"@type\":\"WebPage\",\"@id\":\"https:\\\/\\\/accessallartists.de\\\/artists\\\/summer-cem\\\/\",\"url\":\"https:\\\/\\\/accessallartists.de\\\/artists\\\/summer-cem\\\/\",\"name\":\"Summer Cem - Access all artists\",\"isPartOf\":{\"@id\":\"https:\\\/\\\/accessallartists.de\\\/#website\"},\"primaryImageOfPage\":{\"@id\":\"https:\\\/\\\/accessallartists.de\\\/artists\\\/summer-cem\\\/#primaryimage\"},\"image\":{\"@id\":\"https:\\\/\\\/accessallartists.de\\\/artists\\\/summer-cem\\\/#primaryimage\"},\"thumbnailUrl\":\"https:\\\/\\\/accessallartists.de\\\/wp-content\\\/uploads\\\/2023\\\/03\\\/aaa-artists-artist-summer-cem.jpg\",\"datePublished\":\"2023-03-22T21:40:07+00:00\",\"dateModified\":\"2023-10-26T11:07:20+00:00\",\"breadcrumb\":{\"@id\":\"https:\\\/\\\/accessallartists.de\\\/artists\\\/summer-cem\\\/#breadcrumb\"},\"inLanguage\":\"en-US\",\"potentialAction\":[{\"@type\":\"ReadAction\",\"target\":[\"https:\\\/\\\/accessallartists.de\\\/artists\\\/summer-cem\\\/\"]}]},{\"@type\":\"ImageObject\",\"inLanguage\":\"en-US\",\"@id\":\"https:\\\/\\\/accessallartists.de\\\/artists\\\/summer-cem\\\/#primaryimage\",\"url\":\"https:\\\/\\\/accessallartists.de\\\/wp-content\\\/uploads\\\/2023\\\/03\\\/aaa-artists-artist-summer-cem.jpg\",\"contentUrl\":\"https:\\\/\\\/accessallartists.de\\\/wp-content\\\/uploads\\\/2023\\\/03\\\/aaa-artists-artist-summer-cem.jpg\",\"width\":768,\"height\":990},{\"@type\":\"BreadcrumbList\",\"@id\":\"https:\\\/\\\/accessallartists.de\\\/artists\\\/summer-cem\\\/#breadcrumb\",\"itemListElement\":[{\"@type\":\"ListItem\",\"position\":1,\"name\":\"Startseite\",\"item\":\"https:\\\/\\\/accessallartists.de\\\/\"},{\"@type\":\"ListItem\",\"position\":2,\"name\":\"Portfolio\",\"item\":\"https:\\\/\\\/accessallartists.de\\\/artists\\\/\"},{\"@type\":\"ListItem\",\"position\":3,\"name\":\"Summer Cem\"}]},{\"@type\":\"WebSite\",\"@id\":\"https:\\\/\\\/accessallartists.de\\\/#website\",\"url\":\"https:\\\/\\\/accessallartists.de\\\/\",\"name\":\"Access all artists\",\"description\":\"Home of Artists &amp; Concerts\",\"publisher\":{\"@id\":\"https:\\\/\\\/accessallartists.de\\\/#organization\"},\"potentialAction\":[{\"@type\":\"SearchAction\",\"target\":{\"@type\":\"EntryPoint\",\"urlTemplate\":\"https:\\\/\\\/accessallartists.de\\\/?s={search_term_string}\"},\"query-input\":{\"@type\":\"PropertyValueSpecification\",\"valueRequired\":true,\"valueName\":\"search_term_string\"}}],\"inLanguage\":\"en-US\"},{\"@type\":\"Organization\",\"@id\":\"https:\\\/\\\/accessallartists.de\\\/#organization\",\"name\":\"Access all artists\",\"url\":\"https:\\\/\\\/accessallartists.de\\\/\",\"logo\":{\"@type\":\"ImageObject\",\"inLanguage\":\"en-US\",\"@id\":\"https:\\\/\\\/accessallartists.de\\\/#\\\/schema\\\/logo\\\/image\\\/\",\"url\":\"https:\\\/\\\/accessallartists.de\\\/wp-content\\\/uploads\\\/2023\\\/03\\\/aaa-seo-icon-image.jpg\",\"contentUrl\":\"https:\\\/\\\/accessallartists.de\\\/wp-content\\\/uploads\\\/2023\\\/03\\\/aaa-seo-icon-image.jpg\",\"width\":600,\"height\":600,\"caption\":\"Access all artists\"},\"image\":{\"@id\":\"https:\\\/\\\/accessallartists.de\\\/#\\\/schema\\\/logo\\\/image\\\/\"},\"sameAs\":[\"http:\\\/\\\/www.facebook.com\\\/aaa_accessallartists\",\"https:\\\/\\\/x.com\\\/accesallartists\",\"https:\\\/\\\/www.instagram.com\\\/aaa_accessallartists\",\"https:\\\/\\\/www.youtube.com\\\/channel\\\/UCWQJiDSzXSCWrjcGmxQwpag\"]}]}<\/script>\n<!-- \/ Yoast SEO plugin. -->","yoast_head_json":{"title":"Summer Cem - Access all artists","robots":{"index":"index","follow":"follow","max-snippet":"max-snippet:-1","max-image-preview":"max-image-preview:large","max-video-preview":"max-video-preview:-1"},"canonical":"https:\/\/accessallartists.de\/en\/artists\/summer-cem\/","og_locale":"en_US","og_type":"article","og_title":"Summer Cem - Access all artists","og_url":"https:\/\/accessallartists.de\/en\/artists\/summer-cem\/","og_site_name":"Access all artists","article_publisher":"http:\/\/www.facebook.com\/aaa_accessallartists","article_modified_time":"2023-10-26T11:07:20+00:00","og_image":[{"width":768,"height":990,"url":"https:\/\/accessallartists.de\/wp-content\/uploads\/2023\/03\/aaa-artists-artist-summer-cem.jpg","type":"image\/jpeg"}],"twitter_card":"summary_large_image","twitter_site":"@accesallartists","twitter_misc":{"Est. reading time":"1 minute"},"schema":{"@context":"https:\/\/schema.org","@graph":[{"@type":"WebPage","@id":"https:\/\/accessallartists.de\/artists\/summer-cem\/","url":"https:\/\/accessallartists.de\/artists\/summer-cem\/","name":"Summer Cem - Access all artists","isPartOf":{"@id":"https:\/\/accessallartists.de\/#website"},"primaryImageOfPage":{"@id":"https:\/\/accessallartists.de\/artists\/summer-cem\/#primaryimage"},"image":{"@id":"https:\/\/accessallartists.de\/artists\/summer-cem\/#primaryimage"},"thumbnailUrl":"https:\/\/accessallartists.de\/wp-content\/uploads\/2023\/03\/aaa-artists-artist-summer-cem.jpg","datePublished":"2023-03-22T21:40:07+00:00","dateModified":"2023-10-26T11:07:20+00:00","breadcrumb":{"@id":"https:\/\/accessallartists.de\/artists\/summer-cem\/#breadcrumb"},"inLanguage":"en-US","potentialAction":[{"@type":"ReadAction","target":["https:\/\/accessallartists.de\/artists\/summer-cem\/"]}]},{"@type":"ImageObject","inLanguage":"en-US","@id":"https:\/\/accessallartists.de\/artists\/summer-cem\/#primaryimage","url":"https:\/\/accessallartists.de\/wp-content\/uploads\/2023\/03\/aaa-artists-artist-summer-cem.jpg","contentUrl":"https:\/\/accessallartists.de\/wp-content\/uploads\/2023\/03\/aaa-artists-artist-summer-cem.jpg","width":768,"height":990},{"@type":"BreadcrumbList","@id":"https:\/\/accessallartists.de\/artists\/summer-cem\/#breadcrumb","itemListElement":[{"@type":"ListItem","position":1,"name":"Startseite","item":"https:\/\/accessallartists.de\/"},{"@type":"ListItem","position":2,"name":"Portfolio","item":"https:\/\/accessallartists.de\/artists\/"},{"@type":"ListItem","position":3,"name":"Summer Cem"}]},{"@type":"WebSite","@id":"https:\/\/accessallartists.de\/#website","url":"https:\/\/accessallartists.de\/","name":"Access all artists","description":"Home of Artists &amp; Concerts","publisher":{"@id":"https:\/\/accessallartists.de\/#organization"},"potentialAction":[{"@type":"SearchAction","target":{"@type":"EntryPoint","urlTemplate":"https:\/\/accessallartists.de\/?s={search_term_string}"},"query-input":{"@type":"PropertyValueSpecification","valueRequired":true,"valueName":"search_term_string"}}],"inLanguage":"en-US"},{"@type":"Organization","@id":"https:\/\/accessallartists.de\/#organization","name":"Access all artists","url":"https:\/\/accessallartists.de\/","logo":{"@type":"ImageObject","inLanguage":"en-US","@id":"https:\/\/accessallartists.de\/#\/schema\/logo\/image\/","url":"https:\/\/accessallartists.de\/wp-content\/uploads\/2023\/03\/aaa-seo-icon-image.jpg","contentUrl":"https:\/\/accessallartists.de\/wp-content\/uploads\/2023\/03\/aaa-seo-icon-image.jpg","width":600,"height":600,"caption":"Access all artists"},"image":{"@id":"https:\/\/accessallartists.de\/#\/schema\/logo\/image\/"},"sameAs":["http:\/\/www.facebook.com\/aaa_accessallartists","https:\/\/x.com\/accesallartists","https:\/\/www.instagram.com\/aaa_accessallartists","https:\/\/www.youtube.com\/channel\/UCWQJiDSzXSCWrjcGmxQwpag"]}]}},"_links":{"self":[{"href":"https:\/\/accessallartists.de\/en\/wp-json\/wp\/v2\/dt_portfolio\/57701","targetHints":{"allow":["GET"]}}],"collection":[{"href":"https:\/\/accessallartists.de\/en\/wp-json\/wp\/v2\/dt_portfolio"}],"about":[{"href":"https:\/\/accessallartists.de\/en\/wp-json\/wp\/v2\/types\/dt_portfolio"}],"author":[{"embeddable":true,"href":"https:\/\/accessallartists.de\/en\/wp-json\/wp\/v2\/users\/1"}],"replies":[{"embeddable":true,"href":"https:\/\/accessallartists.de\/en\/wp-json\/wp\/v2\/comments?post=57701"}],"version-history":[{"count":1,"href":"https:\/\/accessallartists.de\/en\/wp-json\/wp\/v2\/dt_portfolio\/57701\/revisions"}],"predecessor-version":[{"id":57702,"href":"https:\/\/accessallartists.de\/en\/wp-json\/wp\/v2\/dt_portfolio\/57701\/revisions\/57702"}],"wp:featuredmedia":[{"embeddable":true,"href":"https:\/\/accessallartists.de\/en\/wp-json\/wp\/v2\/media\/57688"}],"wp:attachment":[{"href":"https:\/\/accessallartists.de\/en\/wp-json\/wp\/v2\/media?parent=57701"}],"wp:term":[{"taxonomy":"dt_portfolio_category","embeddable":true,"href":"https:\/\/accessallartists.de\/en\/wp-json\/wp\/v2\/dt_portfolio_category?post=57701"},{"taxonomy":"dt_portfolio_tags","embeddable":true,"href":"https:\/\/accessallartists.de\/en\/wp-json\/wp\/v2\/dt_portfolio_tags?post=57701"}],"curies":[{"name":"wp","href":"https:\/\/api.w.org\/{rel}","templated":true}]}}