{"id":57709,"date":"2023-03-22T22:45:01","date_gmt":"2023-03-22T21:45:01","guid":{"rendered":"https:\/\/accessallartists.de\/?post_type=dt_portfolio&#038;p=57709"},"modified":"2023-10-26T13:07:10","modified_gmt":"2023-10-26T11:07:10","slug":"hava","status":"publish","type":"dt_portfolio","link":"https:\/\/accessallartists.de\/en\/artists\/hava\/","title":{"rendered":"Hava"},"content":{"rendered":"<section class=\"wpb-content-wrapper\"><div class=\"vc_row wpb_row vc_row-fluid\"><div class=\"wpb_column vc_column_container vc_col-sm-12\"><div class=\"vc_column-inner\"><div class=\"wpb_wrapper\">\n\t<div class=\"wpb_text_column wpb_content_element\" >\n\t\t<div class=\"wpb_wrapper\">\n\t\t\t<div id=\"rdp-we-main\" data-resource=\"https:\/\/de.wikipedia.org\/wiki\/Hava_(Musikerin)\">\n<div id=\"rdp-we-mw-aria-live-region\" class=\"mw-aria-live-region\" aria-live=\"polite\"><\/div>\n\n<div class=\"mw-page-container\">\n\t<div class=\"mw-page-container-inner\">\n\t\t<div class=\"vector-sitenotice-container\">\n\t\t\t<div id=\"rdp-we-siteNotice\"><!-- CentralNotice --><\/div>\n\t\t<\/div>\n\t\t<div class=\"vector-column-start\">\n\t\t\t\n\t\n\t\t<\/div>\n\t\t<div class=\"mw-content-container\">\n\t\t\t<main id=\"rdp-we-content\" class=\"mw-body\">\n\t\t\t\t<header class=\"mw-body-header vector-page-titlebar no-font-mode-scale\">\n\t\t\t\t\t\n\t\t\t\t\t<h1 id=\"rdp-we-firstHeading\" class=\"firstHeading mw-first-heading\"><span lang=\"de\" dir=\"ltr\"><span class=\"mw-page-title-main\">Hava (Musikerin)<\/span><\/span><\/h1>\n\t\t\t\n\n<\/header>\n\t\t\t\t\n\t\t\t\t\n\t\t\t\t<div id=\"rdp-we-bodyContent\" class=\"vector-body\" aria-labelledby=\"firstHeading\" data-mw-ve-target-container>\n\t\t\t\t\t<div class=\"vector-body-before-content\">\n\t\t\t\t\t\t\t\n\n\t\t\t\t\t\t\n\t\t\t\t\t<\/div>\n\t\t\t\t\t\n\t\t\t\t\t\n\t\t\t\t\t\n\t\t\t\t\t<div id=\"rdp-we-mw-content-text\" class=\"mw-body-content\"><div class=\"mw-content-ltr mw-parser-output\" lang=\"de\" dir=\"ltr\" data-mw-parsoid-version=\"0.24.0.0-alpha21\" data-mw-html-version=\"2.8.0\"><section data-mw-section-id=\"0\" id=\"rdp-we-mwAQ\"><figure class=\"mw-default-size\" typeof=\"mw:File\/Thumb\" id=\"rdp-we-mwAg\"><a href=\"https:\/\/de.wikipedia.org\/wiki\/Datei:HAVA.jpg\" class=\"mw-file-description wiki-link\" id=\"rdp-we-mwAw\" target=\"_new\"><img resource=\"https:\/\/de.wikipedia.org\/wiki\/Datei:HAVA.jpg\" src=\"https:\/\/thumb.wikimedia.org\/wikipedia\/commons\/thumb\/3\/35\/HAVA.jpg\/250px-HAVA.jpg?utm_source=de.wikipedia.org&amp;utm_campaign=parser&amp;utm_content=thumbnail\" decoding=\"async\" loading=\"lazy\" data-file-type=\"bitmap\" height=\"375\" width=\"250\" class=\"mw-file-element\" id=\"rdp-we-mwBA\"\/><\/a><figcaption id=\"rdp-we-mwBQ\">Hava (2021)<\/figcaption><\/figure>\n<p id=\"rdp-we-mwBg\"><b id=\"rdp-we-mwBw\">Hava<\/b> (* <a rel=\"mw:WikiLink\" href=\"https:\/\/de.wikipedia.org\/wiki\/12._August\" title=\"12. August\" id=\"rdp-we-mwCA\" target=\"_new\" class=\"wiki-link\">12. August<\/a> <a rel=\"mw:WikiLink\" href=\"https:\/\/de.wikipedia.org\/wiki\/1998\" title=\"1998\" id=\"rdp-we-mwCQ\" target=\"_new\" class=\"wiki-link\">1998<\/a> in <a rel=\"mw:WikiLink\" href=\"https:\/\/de.wikipedia.org\/wiki\/Hamm\" title=\"Hamm\" id=\"rdp-we-mwCg\" target=\"_new\" class=\"wiki-link\">Hamm<\/a>;<sup about=\"#mwt2\" class=\"mw-ref reference\" id=\"rdp-we-cite_ref-1\" rel=\"dc:references\" typeof=\"mw:Extension\/ref\" data-mw='{\"name\":\"ref\",\"attrs\":{},\"body\":{\"id\":\"mw-reference-text-cite_note-1\"}}'><a href=\"#cite_note-1\" id=\"rdp-we-mwCw\"><span class=\"mw-reflink-text\" id=\"rdp-we-mwDA\"><span class=\"cite-bracket\" id=\"rdp-we-mwDQ\">[<\/span>1<span class=\"cite-bracket\" id=\"rdp-we-mwDg\">]<\/span><\/span><\/a><\/sup> b\u00fcrgerlich <i id=\"rdp-we-mwDw\">Dilara Hava Tun\u00e7<\/i>) ist eine <a rel=\"mw:WikiLink\" href=\"https:\/\/de.wikipedia.org\/wiki\/Deutschland\" title=\"Deutschland\" id=\"rdp-we-mwEA\" target=\"_new\" class=\"wiki-link\">deutsche<\/a> <a rel=\"mw:WikiLink\" href=\"https:\/\/de.wikipedia.org\/wiki\/Rap\" title=\"Rap\" id=\"rdp-we-mwEQ\" target=\"_new\" class=\"wiki-link\">Rapperin<\/a> und <a rel=\"mw:WikiLink\" href=\"https:\/\/de.wikipedia.org\/wiki\/Gesang\" title=\"Gesang\" id=\"rdp-we-mwEg\" target=\"_new\" class=\"wiki-link\">S\u00e4ngerin<\/a>.<\/p>\n\n<meta property=\"mw:PageProp\/toc\" id=\"rdp-we-mwEw\" data-mw='{\"autoGenerated\":true}'\/><\/section><section data-mw-section-id=\"1\" id=\"rdp-we-mwFA\" aria-labelledby=\"Kindheit_und_Jugend\"><div class=\"mw-heading mw-heading2\"><h2 id=\"rdp-we-Kindheit_und_Jugend\">Kindheit und Jugend<\/h2><\/div>\n<p id=\"rdp-we-mwFQ\">Hava ist in <a rel=\"mw:WikiLink\" href=\"https:\/\/de.wikipedia.org\/wiki\/Hamm\" title=\"Hamm\" id=\"rdp-we-mwFg\" target=\"_new\" class=\"wiki-link\">Hamm<\/a> geboren und aufgewachsen. Ihre Familie m\u00fctterlicherseits stammt aus <a rel=\"mw:WikiLink\" href=\"https:\/\/de.wikipedia.org\/wiki\/Doboj\" title=\"Doboj\" id=\"rdp-we-mwFw\" target=\"_new\" class=\"wiki-link\">Doboj<\/a> in <a rel=\"mw:WikiLink\" href=\"https:\/\/de.wikipedia.org\/wiki\/Bosnien_und_Herzegowina\" title=\"Bosnien und Herzegowina\" id=\"rdp-we-mwGA\" target=\"_new\" class=\"wiki-link\">Bosnien und Herzegowina<\/a>, ihre Mutter ist jedoch in Hamm geboren. Havas Vater stammt aus <a rel=\"mw:WikiLink\" href=\"https:\/\/de.wikipedia.org\/wiki\/Aksaray\" title=\"Aksaray\" id=\"rdp-we-mwGQ\" target=\"_new\" class=\"wiki-link\">Aksaray<\/a> in der <a rel=\"mw:WikiLink\" href=\"https:\/\/de.wikipedia.org\/wiki\/T\u00fcrkei\" title=\"T\u00fcrkei\" id=\"rdp-we-mwGg\" target=\"_new\" class=\"wiki-link\">T\u00fcrkei<\/a>.<\/p>\n\n<p id=\"rdp-we-mwGw\">Hava ist <a rel=\"mw:WikiLink\" href=\"https:\/\/de.wikipedia.org\/wiki\/Muslim\" title=\"Muslim\" id=\"rdp-we-mwHA\" target=\"_new\" class=\"wiki-link\">Muslima<\/a> und trug in ihrer Jugend viele Jahre einen <a rel=\"mw:WikiLink\" href=\"https:\/\/de.wikipedia.org\/wiki\/Hidsch\u0101b\" title=\"Hidsch\u0101b\" id=\"rdp-we-mwHQ\" target=\"_new\" class=\"wiki-link\">Hidsch\u0101b<\/a>.<sup about=\"#mwt4\" class=\"mw-ref reference\" id=\"rdp-we-cite_ref-2\" rel=\"dc:references\" typeof=\"mw:Extension\/ref\" data-mw='{\"name\":\"ref\",\"attrs\":{},\"body\":{\"id\":\"mw-reference-text-cite_note-2\"}}'><a href=\"#cite_note-2\" id=\"rdp-we-mwHg\"><span class=\"mw-reflink-text\" id=\"rdp-we-mwHw\"><span class=\"cite-bracket\" id=\"rdp-we-mwIA\">[<\/span>2<span class=\"cite-bracket\" id=\"rdp-we-mwIQ\">]<\/span><\/span><\/a><\/sup><\/p>\n\n<\/section><section data-mw-section-id=\"2\" id=\"rdp-we-mwIg\" aria-labelledby=\"Karriere\"><div class=\"mw-heading mw-heading2\"><h2 id=\"rdp-we-Karriere\">Karriere<\/h2><\/div>\n<p id=\"rdp-we-mwIw\">Ihren Angaben zufolge hatte sie schon als Kind eines Tages den Traum, irgendwann Musik zu machen. Erste Bekanntheit erlangte Hava durch Gesangsvideos in sozialen Medien und Snapchat-Videos. Im M\u00e4rz 2019 ver\u00f6ffentlichte sie ihre erste H\u00f6rprobe zu <i id=\"rdp-we-mwJA\">Heartbreaker<\/i> auf <a rel=\"mw:WikiLink\" href=\"https:\/\/de.wikipedia.org\/wiki\/Instagram\" title=\"Instagram\" id=\"rdp-we-mwJQ\" target=\"_new\" class=\"wiki-link\">Instagram<\/a>.<sup about=\"#mwt6\" class=\"mw-ref reference\" id=\"rdp-we-cite_ref-3\" rel=\"dc:references\" typeof=\"mw:Extension\/ref\" data-mw='{\"name\":\"ref\",\"attrs\":{},\"body\":{\"id\":\"mw-reference-text-cite_note-3\"}}'><a href=\"#cite_note-3\" id=\"rdp-we-mwJg\"><span class=\"mw-reflink-text\" id=\"rdp-we-mwJw\"><span class=\"cite-bracket\" id=\"rdp-we-mwKA\">[<\/span>3<span class=\"cite-bracket\" id=\"rdp-we-mwKQ\">]<\/span><\/span><\/a><\/sup> Sie erreichte dadurch Aufmerksamkeit und unterschrieb circa zwei Monate sp\u00e4ter und bereits vor ihrem ersten Song einen Vertrag bei <a rel=\"mw:WikiLink\" href=\"https:\/\/de.wikipedia.org\/wiki\/Sony_Music\" title=\"Sony Music\" class=\"mw-redirect wiki-link\" id=\"rdp-we-mwKg\" target=\"_new\">Sony Music<\/a>.<sup about=\"#mwt8\" class=\"mw-ref reference\" id=\"rdp-we-cite_ref-4\" rel=\"dc:references\" typeof=\"mw:Extension\/ref\" data-mw='{\"name\":\"ref\",\"attrs\":{},\"body\":{\"id\":\"mw-reference-text-cite_note-4\"}}'><a href=\"#cite_note-4\" id=\"rdp-we-mwKw\"><span class=\"mw-reflink-text\" id=\"rdp-we-mwLA\"><span class=\"cite-bracket\" id=\"rdp-we-mwLQ\">[<\/span>4<span class=\"cite-bracket\" id=\"rdp-we-mwLg\">]<\/span><\/span><\/a><\/sup><\/p>\n\n<p id=\"rdp-we-mwLw\">Die erste Single <i id=\"rdp-we-mwMA\">Heartbreaker<\/i> wurde u.<span typeof=\"mw:Entity\" id=\"rdp-we-mwMQ\">\u00a0<\/span>a. von den Rappern <a rel=\"mw:WikiLink\" href=\"https:\/\/de.wikipedia.org\/wiki\/Nimo_(Rapper)\" title=\"Nimo (Rapper)\" id=\"rdp-we-mwMg\" target=\"_new\" class=\"wiki-link\">Nimo<\/a>, <a rel=\"mw:WikiLink\" href=\"https:\/\/de.wikipedia.org\/wiki\/Moe_Phoenix\" title=\"Moe Phoenix\" id=\"rdp-we-mwMw\" target=\"_new\" class=\"wiki-link\">Moe Phoenix<\/a>, <a rel=\"mw:WikiLink\" href=\"https:\/\/de.wikipedia.org\/wiki\/Sun_Diego\" title=\"Sun Diego\" id=\"rdp-we-mwNA\" target=\"_new\" class=\"wiki-link\">Sun Diego<\/a> und <a rel=\"mw:WikiLink\" href=\"https:\/\/de.wikipedia.org\/wiki\/Delil?action=edit&redlink=1\" title=\"Delil (Seite nicht vorhanden)\" class=\"new wiki-link\" typeof=\"mw:LocalizedAttrs\" id=\"rdp-we-mwNQ\" data-mw-i18n='{\"title\":{\"lang\":\"x-page\",\"key\":\"red-link-title\",\"params\":[\"Delil\"]}}' target=\"_new\">Delil Certel<\/a> auf Instagram geteilt und zog die Berichterstattung mehrerer Deutschrapmedien auf sich. Bereits nach einigen Tagen erreichte das dazugeh\u00f6rige Video \u00fcber eine Million Aufrufe auf <a rel=\"mw:WikiLink\" href=\"https:\/\/de.wikipedia.org\/wiki\/YouTube\" title=\"YouTube\" id=\"rdp-we-mwNg\" target=\"_new\" class=\"wiki-link\">YouTube<\/a><sup about=\"#mwt10\" class=\"mw-ref reference\" id=\"rdp-we-cite_ref-5\" rel=\"dc:references\" typeof=\"mw:Extension\/ref\" data-mw='{\"name\":\"ref\",\"attrs\":{},\"body\":{\"id\":\"mw-reference-text-cite_note-5\"}}'><a href=\"#cite_note-5\" id=\"rdp-we-mwNw\"><span class=\"mw-reflink-text\" id=\"rdp-we-mwOA\"><span class=\"cite-bracket\" id=\"rdp-we-mwOQ\">[<\/span>5<span class=\"cite-bracket\" id=\"rdp-we-mwOg\">]<\/span><\/span><\/a><\/sup> und konnte sich auf Platz 130 in den <a rel=\"mw:WikiLink\" href=\"https:\/\/de.wikipedia.org\/wiki\/Spotify\" title=\"Spotify\" id=\"rdp-we-mwOw\" target=\"_new\" class=\"wiki-link\">Spotify<\/a>-Wochencharts in Deutschland platzieren.<sup about=\"#mwt12\" class=\"mw-ref reference\" id=\"rdp-we-cite_ref-6\" rel=\"dc:references\" typeof=\"mw:Extension\/ref\" data-mw='{\"name\":\"ref\",\"attrs\":{},\"body\":{\"id\":\"mw-reference-text-cite_note-6\"}}'><a href=\"#cite_note-6\" id=\"rdp-we-mwPA\"><span class=\"mw-reflink-text\" id=\"rdp-we-mwPQ\"><span class=\"cite-bracket\" id=\"rdp-we-mwPg\">[<\/span>6<span class=\"cite-bracket\" id=\"rdp-we-mwPw\">]<\/span><\/span><\/a><\/sup><\/p>\n\n<p id=\"rdp-we-mwQA\">Mit ihrem zweiten Song <i id=\"rdp-we-mwQQ\">Korb<\/i> erreichte Hava in der ersten Woche Platz 91 der Spotify-Wochencharts in Deutschland.<\/p>\n\n<p id=\"rdp-we-mwQg\">Ihre vierte Singleauskopplung <i id=\"rdp-we-mwQw\">Idemo<\/i> ist genauso wie alle anderen Songs fast ausschlie\u00dflich auf Deutsch vorgetragen, jedoch sind erstmals Teile des Refrains in bosnischer Sprache. Da es laut Havas Aussagen im Deutschrap bereits viel auf T\u00fcrkisch g\u00e4be, habe sie f\u00fcr sich entschieden, erst einmal neben Deutsch lediglich Parts auf Bosnisch zu bringen. In Zukunft werde man von ihr aber auch Zeilen auf T\u00fcrkisch zu h\u00f6ren bekommen.<sup about=\"#mwt14\" class=\"mw-ref reference\" id=\"rdp-we-cite_ref-7\" rel=\"dc:references\" typeof=\"mw:Extension\/ref\" data-mw='{\"name\":\"ref\",\"attrs\":{},\"body\":{\"id\":\"mw-reference-text-cite_note-7\"}}'><a href=\"#cite_note-7\" id=\"rdp-we-mwRA\"><span class=\"mw-reflink-text\" id=\"rdp-we-mwRQ\"><span class=\"cite-bracket\" id=\"rdp-we-mwRg\">[<\/span>7<span class=\"cite-bracket\" id=\"rdp-we-mwRw\">]<\/span><\/span><\/a><\/sup> Sowohl <i id=\"rdp-we-mwSA\">Idemo<\/i> als auch ihre dritte Single <i id=\"rdp-we-mwSQ\">Panamera<\/i> konnten nicht ganz an die Erfolge von <i id=\"rdp-we-mwSg\">Korb<\/i> ankn\u00fcpfen.<\/p>\n\n<p id=\"rdp-we-mwSw\">Anfang Dezember 2019 erschien <i id=\"rdp-we-mwTA\">Kein Schlaf<\/i> mit dem Rapper Nimo. Der Track ist Havas erste Kollaboration mit einem anderen K\u00fcnstler. Bereits nach weniger als 24 Stunden erreichte das Video \u00fcber 1 Million Aufrufe und landete damit vor allen anderen Videos in Deutschland.<sup about=\"#mwt16\" class=\"mw-ref reference\" id=\"rdp-we-cite_ref-8\" rel=\"dc:references\" typeof=\"mw:Extension\/ref\" data-mw='{\"name\":\"ref\",\"attrs\":{},\"body\":{\"id\":\"mw-reference-text-cite_note-8\"}}'><a href=\"#cite_note-8\" id=\"rdp-we-mwTQ\"><span class=\"mw-reflink-text\" id=\"rdp-we-mwTg\"><span class=\"cite-bracket\" id=\"rdp-we-mwTw\">[<\/span>8<span class=\"cite-bracket\" id=\"rdp-we-mwUA\">]<\/span><\/span><\/a><\/sup> Zudem konnten sowohl Hava als auch Nimo erstmals mit einem Lied \u00fcber 1 Million Streams am ersten Tag auf Spotify in Deutschland erzielen, womit sie sich noch vor <a rel=\"mw:WikiLink\" href=\"https:\/\/de.wikipedia.org\/wiki\/Shindy\" title=\"Shindy\" id=\"rdp-we-mwUQ\" target=\"_new\" class=\"wiki-link\">Shindy<\/a> und <a rel=\"mw:WikiLink\" href=\"https:\/\/de.wikipedia.org\/wiki\/Samra\" title=\"Samra\" id=\"rdp-we-mwUg\" target=\"_new\" class=\"wiki-link\">Samra<\/a>, welche am selbigen Tag ihre erste Single nach l\u00e4ngerer Pause herausbrachten, Platz 1 der deutschen Spotify-Charts sicherten.<sup about=\"#mwt18\" class=\"mw-ref reference\" id=\"rdp-we-cite_ref-9\" rel=\"dc:references\" typeof=\"mw:Extension\/ref\" data-mw='{\"name\":\"ref\",\"attrs\":{},\"body\":{\"id\":\"mw-reference-text-cite_note-9\"}}'><a href=\"#cite_note-9\" id=\"rdp-we-mwUw\"><span class=\"mw-reflink-text\" id=\"rdp-we-mwVA\"><span class=\"cite-bracket\" id=\"rdp-we-mwVQ\">[<\/span>9<span class=\"cite-bracket\" id=\"rdp-we-mwVg\">]<\/span><\/span><\/a><\/sup> Der Song stieg zudem in der ersten Chartwoche auf Platz 1 der <a rel=\"mw:WikiLink\" href=\"https:\/\/de.wikipedia.org\/wiki\/Deutsche_Singlecharts\" title=\"Deutsche Singlecharts\" id=\"rdp-we-mwVw\" target=\"_new\" class=\"wiki-link\">offiziellen deutschen Singlecharts<\/a> ein. Es ist f\u00fcr Hava auch die erste Chartplatzierung. Das Lied knackte zudem in weniger als drei Monaten die Marke von 20 Millionen Aufrufen auf YouTube.<\/p>\n\n<p id=\"rdp-we-mwWA\">Im Dezember 2020 erschien ihr erstes Studioalbum <i id=\"rdp-we-mwWQ\">Weiss<\/i>. Sowohl das Album als auch vier der f\u00fcnf Vorabsingles konnten sich in den deutschen Charts platzieren.<\/p>\n\n<p id=\"rdp-we-mwWg\">Seit 2020 ist sie mit dem deutschen Rapper <a rel=\"mw:WikiLink\" href=\"https:\/\/de.wikipedia.org\/wiki\/Dardan_(Rapper)\" title=\"Dardan (Rapper)\" id=\"rdp-we-mwWw\" target=\"_new\" class=\"wiki-link\">Dardan<\/a> liiert.<sup about=\"#mwt20\" class=\"mw-ref reference\" id=\"rdp-we-cite_ref-10\" rel=\"dc:references\" typeof=\"mw:Extension\/ref\" data-mw='{\"name\":\"ref\",\"attrs\":{},\"body\":{\"id\":\"mw-reference-text-cite_note-10\"}}'><a href=\"#cite_note-10\" id=\"rdp-we-mwXA\"><span class=\"mw-reflink-text\" id=\"rdp-we-mwXQ\"><span class=\"cite-bracket\" id=\"rdp-we-mwXg\">[<\/span>10<span class=\"cite-bracket\" id=\"rdp-we-mwXw\">]<\/span><\/span><\/a><\/sup><\/p>\n\n<\/section><section data-mw-section-id=\"3\" id=\"rdp-we-mwYA\" aria-labelledby=\"Diskografie\"><div class=\"mw-heading mw-heading2\"><h2 id=\"rdp-we-Diskografie\">Diskografie<\/h2><\/div>\n<span class=\"mw-empty-elt\" about=\"#mwt21\" typeof=\"mw:Transclusion\" id=\"rdp-we-mwYQ\" data-mw='{\"parts\":[{\"template\":{\"target\":{\"wt\":\"Eingebundene Diskografie\",\"href\":\".\/Vorlage:Eingebundene_Diskografie\"},\"params\":{\"1\":{\"wt\":\"Hava (Musikerin)\/Diskografie\"},\"\u00dcberschrift\":{\"wt\":\"Studioalben\"}},\"i\":0}}]}'><\/span><div class=\"hauptartikel\" role=\"navigation\" about=\"#mwt21\"><span class=\"hauptartikel-pfeil\" title=\"siehe\" aria-hidden=\"true\" role=\"presentation\">\u2192<span typeof=\"mw:Entity\">\u00a0<\/span><\/span><i><span class=\"hauptartikel-text\">Hauptartikel<\/span>: <a rel=\"mw:WikiLink\" href=\"https:\/\/de.wikipedia.org\/wiki\/Hava_(Musikerin)\/Diskografie\" title=\"Hava (Musikerin)\/Diskografie\" target=\"_new\" class=\"wiki-link\">Hava (Musikerin)\/Diskografie<\/a><\/i><\/div><p about=\"#mwt21\"><b>Studioalben<\/b>\n<link rel=\"mw-deduplicated-inline-style\" href=\"mw-data:TemplateStyles:r269045146\" about=\"#mwt23\" typeof=\"mw:Extension\/templatestyles\" data-mw='{\"name\":\"templatestyles\",\"attrs\":{\"src\":\"Vorlage:Charttabelle\/styles.css\"},\"body\":{\"extsrc\":\"\"}}'\/><\/p><table class=\"wikitable charts-table charts-zebragrey\" style=\"text-align:center;\" about=\"#mwt21\">\n<tbody><tr>\n<th style=\"width:25px;\" class=\"charts-th charts-trh\" rowspan=\"2\">Jahr<\/th>\n<th style=\"width:250px;\" class=\"charts-th charts-trh\" rowspan=\"2\">Titel<br\/><span style=\"font-size:smaller;font-style:italic;\">Musiklabel<\/span><\/th>\n<th class=\"charts-th\" colspan=\"3\"><span style=\"white-space:nowrap;\"><span class=\"charts-hm charts-cc\"><span class=\"charts-ct\">H\u00f6chstplatzierung, Gesamtwochen, Auszeichnung<i><\/i><\/span>Chartplatzierungen<\/span><span class=\"charts-mo\">Chartplatzierungen<\/span><span style=\"display:none\"><a rel=\"mw:WikiLink\" href=\"https:\/\/de.wikipedia.org\/wiki\/Vorlage:Charttabelle\/Wartung\/ohne_Quellen?action=edit&redlink=1\" title=\"Vorlage:Charttabelle\/Wartung\/ohne Quellen (Seite nicht vorhanden)\" class=\"new wiki-link\" typeof=\"mw:LocalizedAttrs\" data-mw-i18n='{\"title\":{\"lang\":\"x-page\",\"key\":\"red-link-title\",\"params\":[\"Vorlage:Charttabelle\/Wartung\/ohne Quellen\"]}}' target=\"_new\">Template:Charttabelle\/Wartung\/ohne Quellen<\/a><\/span><\/span><span class=\"charts-mo charts-mh\"><br\/>(Jahr, Titel, <i>Musiklabel<\/i>, Plat<span typeof=\"mw:Entity\">\u00ad<\/span>zie<span typeof=\"mw:Entity\">\u00ad<\/span>rungen, Wo<span typeof=\"mw:Entity\">\u00ad<\/span>chen, Aus<span typeof=\"mw:Entity\">\u00ad<\/span>zeich<span typeof=\"mw:Entity\">\u00ad<\/span>nungen, Anmer<span typeof=\"mw:Entity\">\u00ad<\/span>kungen)<\/span><\/th>\n<th style=\"width:320px;\" class=\"charts-th charts-trh\" rowspan=\"2\">Anmer<span typeof=\"mw:Entity\">\u00ad<\/span>kungen<\/th><\/tr>\n<tr class=\"charts-trh\">\n<th style=\"width:52px;\" class=\"charts-th\"><span typeof=\"mw:File\" data-mw='{\"caption\":\"DE\"}'><a href=\"https:\/\/de.wikipedia.org\/wiki\/Deutsche_Albumcharts\" title=\"DE\" target=\"_new\" class=\"wiki-link\"><img resource=\"https:\/\/de.wikipedia.org\/wiki\/Datei:Flag_of_Germany.svg\" src=\"https:\/\/thumb.wikimedia.org\/wikipedia\/commons\/thumb\/b\/ba\/Flag_of_Germany.svg\/20px-Flag_of_Germany.svg.png?utm_source=de.wikipedia.org&amp;utm_campaign=parser&amp;utm_content=thumbnail\" decoding=\"async\" loading=\"lazy\" alt=\"\" data-file-type=\"drawing\" height=\"12\" width=\"20\" class=\"mw-file-element\"\/><\/a><\/span><span typeof=\"mw:Entity\">\u00a0<\/span><a rel=\"mw:WikiLink\" href=\"https:\/\/de.wikipedia.org\/wiki\/Deutsche_Albumcharts\" title=\"Deutsche Albumcharts\" target=\"_new\" class=\"wiki-link\">DE<\/a><\/th>\n<th style=\"width:52px;\" class=\"charts-th\"><span typeof=\"mw:File\" data-mw='{\"caption\":\"AT\"}'><a href=\"https:\/\/de.wikipedia.org\/wiki\/\u00d63_Austria_Top_40\" title=\"AT\" target=\"_new\" class=\"wiki-link\"><img resource=\"https:\/\/de.wikipedia.org\/wiki\/Datei:Flag_of_Austria.svg\" src=\"https:\/\/thumb.wikimedia.org\/wikipedia\/commons\/thumb\/4\/41\/Flag_of_Austria.svg\/20px-Flag_of_Austria.svg.png?utm_source=de.wikipedia.org&amp;utm_campaign=parser&amp;utm_content=thumbnail\" decoding=\"async\" loading=\"lazy\" alt=\"\" data-file-type=\"drawing\" height=\"13\" width=\"20\" class=\"mw-file-element\"\/><\/a><\/span><span typeof=\"mw:Entity\">\u00a0<\/span><a rel=\"mw:WikiLink\" href=\"https:\/\/de.wikipedia.org\/wiki\/\u00d63_Austria_Top_40\" title=\"\u00d63 Austria Top 40\" target=\"_new\" class=\"wiki-link\">AT<\/a><\/th>\n<th style=\"width:52px;\" class=\"charts-th\"><span typeof=\"mw:File\" data-mw='{\"caption\":\"CH\"}'><a href=\"https:\/\/de.wikipedia.org\/wiki\/Schweizer_Hitparade\" title=\"CH\" target=\"_new\" class=\"wiki-link\"><img resource=\"https:\/\/de.wikipedia.org\/wiki\/Datei:Flag_of_Switzerland_within_2to3.svg\" src=\"https:\/\/thumb.wikimedia.org\/wikipedia\/commons\/thumb\/e\/e3\/Flag_of_Switzerland_within_2to3.svg\/20px-Flag_of_Switzerland_within_2to3.svg.png?utm_source=de.wikipedia.org&amp;utm_campaign=parser&amp;utm_content=thumbnail\" decoding=\"async\" loading=\"lazy\" alt=\"\" data-file-type=\"drawing\" height=\"13\" width=\"20\" class=\"mw-file-element\"\/><\/a><\/span><span typeof=\"mw:Entity\">\u00a0<\/span><a rel=\"mw:WikiLink\" href=\"https:\/\/de.wikipedia.org\/wiki\/Schweizer_Hitparade\" title=\"Schweizer Hitparade\" target=\"_new\" class=\"wiki-link\">CH<\/a><\/th><\/tr>\n \n<tr> \n <td class=\"charts-yy\">2020<\/td>\n<td>Weiss<br\/><span class=\"charts-add\">Imperium Records (<a rel=\"mw:WikiLink\" href=\"https:\/\/de.wikipedia.org\/wiki\/Sony_Music_Entertainment\" title=\"Sony Music Entertainment\" target=\"_new\" class=\"wiki-link\">Sony<\/a>)<\/span><\/td>\n<td><span class=\"charts-mc\"><a rel=\"mw:WikiLink\" href=\"https:\/\/de.wikipedia.org\/wiki\/Deutsche_Albumcharts\" title=\"Deutsche Albumcharts\" target=\"_new\" class=\"wiki-link\">DE<\/a><\/span>47<br class=\"charts-hm\"\/><span class=\"charts-mo\"> <\/span><span style=\"font-size:smaller;\">(1 Wo.)<\/span><span class=\"charts-mcb\">DE<\/span><\/td>\n<td><span class=\"charts-mc\"><a rel=\"mw:WikiLink\" href=\"https:\/\/de.wikipedia.org\/wiki\/\u00d63_Austria_Top_40\" title=\"\u00d63 Austria Top 40\" target=\"_new\" class=\"wiki-link\">AT<\/a><\/span>43<br class=\"charts-hm\"\/><span class=\"charts-mo\"> <\/span><span style=\"font-size:smaller;\">(1 Wo.)<\/span><span class=\"charts-mcb\">AT<\/span><\/td>\n<td><span class=\"charts-mc\"><a rel=\"mw:WikiLink\" href=\"https:\/\/de.wikipedia.org\/wiki\/Schweizer_Hitparade\" title=\"Schweizer Hitparade\" target=\"_new\" class=\"wiki-link\">CH<\/a><\/span>39<br class=\"charts-hm\"\/><span class=\"charts-mo\"> <\/span><span style=\"font-size:smaller;\">(1 Wo.)<\/span><span class=\"charts-mcb\">CH<\/span><\/td>\n<td class=\"charts-cm\"><div>\nErstver\u00f6ffentlichung: 4. Dezember 2020<\/div><\/td><\/tr>\n<tr> \n <td class=\"charts-yy\">2022<\/td>\n<td>Segen und Fluch<br\/><span class=\"charts-add\">Imperium Records (Sony)<\/span><\/td>\n<td><span class=\"charts-mc\"><a rel=\"mw:WikiLink\" href=\"https:\/\/de.wikipedia.org\/wiki\/Deutsche_Albumcharts\" title=\"Deutsche Albumcharts\" target=\"_new\" class=\"wiki-link\">DE<\/a><\/span>66<br class=\"charts-hm\"\/><span class=\"charts-mo\"> <\/span><span style=\"font-size:smaller;\">(1 Wo.)<\/span><span class=\"charts-mcb\">DE<\/span><\/td>\n<td><span class=\"charts-mc\"><a rel=\"mw:WikiLink\" href=\"https:\/\/de.wikipedia.org\/wiki\/\u00d63_Austria_Top_40\" title=\"\u00d63 Austria Top 40\" target=\"_new\" class=\"wiki-link\">AT<\/a><\/span>69<br class=\"charts-hm\"\/><span class=\"charts-mo\"> <\/span><span style=\"font-size:smaller;\">(1 Wo.)<\/span><span class=\"charts-mcb\">AT<\/span><\/td>\n<td><span class=\"charts-mc\"><a rel=\"mw:WikiLink\" href=\"https:\/\/de.wikipedia.org\/wiki\/Schweizer_Hitparade\" title=\"Schweizer Hitparade\" target=\"_new\" class=\"wiki-link\">CH<\/a><\/span>50<br class=\"charts-hm\"\/><span class=\"charts-mo\"> <\/span><span style=\"font-size:smaller;\">(1 Wo.)<\/span><span class=\"charts-mcb\">CH<\/span><\/td>\n<td class=\"charts-cm\"><div>\nErstver\u00f6ffentlichung: 11. M\u00e4rz 2022<\/div><\/td><\/tr>\n<tr> \n <td class=\"charts-yy\">2023<\/td>\n<td>Kein M\u00e4rchen<br\/><span class=\"charts-add\">Hypnotize Entertainment (<a rel=\"mw:WikiLink\" href=\"https:\/\/de.wikipedia.org\/wiki\/Groove_Attack\" title=\"Groove Attack\" target=\"_new\" class=\"wiki-link\">GA<\/a>)<\/span><\/td>\n<td><span class=\"charts-mc\"><a rel=\"mw:WikiLink\" href=\"https:\/\/de.wikipedia.org\/wiki\/Deutsche_Albumcharts\" title=\"Deutsche Albumcharts\" target=\"_new\" class=\"wiki-link\">DE<\/a><\/span>33<br class=\"charts-hm\"\/><span class=\"charts-mo\"> <\/span><span style=\"font-size:smaller;\">(6 Wo.)<\/span><span class=\"charts-mcb\">DE<\/span><\/td>\n<td class=\"charts-hm\"><span typeof=\"mw:Entity\">\u2014<\/span><\/td>\n<td><span class=\"charts-mc\"><a rel=\"mw:WikiLink\" href=\"https:\/\/de.wikipedia.org\/wiki\/Schweizer_Hitparade\" title=\"Schweizer Hitparade\" target=\"_new\" class=\"wiki-link\">CH<\/a><\/span>50<br class=\"charts-hm\"\/><span class=\"charts-mo\"> <\/span><span style=\"font-size:smaller;\">(1 Wo.)<\/span><span class=\"charts-mcb\">CH<\/span><\/td>\n<td class=\"charts-cm\"><div>\nErstver\u00f6ffentlichung: 15. Dezember 2023<\/div><\/td><\/tr>\n<tr> \n <td class=\"charts-yy\">2024<\/td>\n<td>Four Seasons<br\/><span class=\"charts-add\">Hypnotize Entertainment (GA)<\/span><\/td>\n<td><span class=\"charts-mc\"><a rel=\"mw:WikiLink\" href=\"https:\/\/de.wikipedia.org\/wiki\/Deutsche_Albumcharts\" title=\"Deutsche Albumcharts\" target=\"_new\" class=\"wiki-link\">DE<\/a><\/span>63<br class=\"charts-hm\"\/><span class=\"charts-mo\"> <\/span><span style=\"font-size:smaller;\">(2 Wo.)<\/span><span class=\"charts-mcb\">DE<\/span><\/td>\n<td class=\"charts-hm\"><span typeof=\"mw:Entity\">\u2014<\/span><\/td>\n<td><span class=\"charts-mc\"><a rel=\"mw:WikiLink\" href=\"https:\/\/de.wikipedia.org\/wiki\/Schweizer_Hitparade\" title=\"Schweizer Hitparade\" target=\"_new\" class=\"wiki-link\">CH<\/a><\/span>57<br class=\"charts-hm\"\/><span class=\"charts-mo\"> <\/span><span style=\"font-size:smaller;\">(1 Wo.)<\/span><span class=\"charts-mcb\">CH<\/span><\/td>\n<td class=\"charts-cm\"><div>\nErstver\u00f6ffentlichung: 25. Oktober 2024<\/div><\/td><\/tr>\n<tr> \n <td class=\"charts-yy\">2026<\/td>\n<td>Element<br\/><span class=\"charts-add\">Hypnotize Entertainment (GA)<\/span><\/td>\n<td><span class=\"charts-mc\"><a rel=\"mw:WikiLink\" href=\"https:\/\/de.wikipedia.org\/wiki\/Deutsche_Albumcharts\" title=\"Deutsche Albumcharts\" target=\"_new\" class=\"wiki-link\">DE<\/a><\/span>64<br class=\"charts-hm\"\/><span class=\"charts-mo\"> <\/span><span style=\"font-size:smaller;\">(1 Wo.)<\/span><span class=\"charts-mcb\">DE<\/span><\/td>\n<td class=\"charts-hm\"><span typeof=\"mw:Entity\">\u2014<\/span><\/td>\n<td class=\"charts-hm\"><span typeof=\"mw:Entity\">\u2014<\/span><\/td>\n<td class=\"charts-cm\"><div>\nErstver\u00f6ffentlichung: 30. Januar 2026<\/div><\/td><\/tr>\n \n<\/tbody><\/table>\n\n<\/section><section data-mw-section-id=\"4\" id=\"rdp-we-mwYg\" aria-labelledby=\"Weblinks\"><div class=\"mw-heading mw-heading2\"><h2 id=\"rdp-we-Weblinks\">Weblinks<\/h2><\/div>\n<div class=\"sisterproject\" style=\"margin:0.1em 0 0 0;\" about=\"#mwt24\" typeof=\"mw:Transclusion\" id=\"rdp-we-mwYw\" data-mw='{\"parts\":[{\"template\":{\"target\":{\"wt\":\"Commonscat\",\"href\":\".\/Vorlage:Commonscat\"},\"params\":{\"1\":{\"wt\":\"Hava\"},\"2\":{\"wt\":\"Hava\"}},\"i\":0}}]}'><div class=\"noresize noviewer\" style=\"display:inline-block; line-height:10px;min-width:1.6em; text-align:center;\" aria-hidden=\"true\" role=\"presentation\"><span typeof=\"mw:File\" data-mw='{\"caption\":\"Commons\"}'><span title=\"Commons\"><img resource=\"https:\/\/de.wikipedia.org\/wiki\/Datei:Commons-logo.svg\" src=\"https:\/\/thumb.wikimedia.org\/wikipedia\/commons\/thumb\/4\/4a\/Commons-logo.svg\/20px-Commons-logo.svg.png?utm_source=de.wikipedia.org&amp;utm_campaign=parser&amp;utm_content=thumbnail\" decoding=\"async\" loading=\"lazy\" alt=\"\" data-file-type=\"drawing\" height=\"16\" width=\"12\" class=\"mw-file-element\"\/><\/span><\/span><\/div><b><a rel=\"external_link\" href=\"https:\/\/commons.wikimedia.org\/wiki\/Category:Hava?uselang=de\" class=\"external text\" target=\"_new\"><span lang=\"en\">Commons<\/span>: Hava<\/a><\/b><span typeof=\"mw:Entity\">\u00a0<\/span>\u2013 Sammlung von Bildern, Videos und Audiodateien<\/div>\n\n<\/section><section data-mw-section-id=\"5\" id=\"rdp-we-mwZA\" aria-labelledby=\"Einzelnachweise\"><div class=\"mw-heading mw-heading2\"><h2 id=\"rdp-we-Einzelnachweise\">Einzelnachweise<\/h2><\/div>\n<ol class=\"mw-references references\" typeof=\"mw:Extension\/references\" about=\"#mwt25\" id=\"rdp-we-mwZQ\" data-mw='{\"name\":\"references\",\"attrs\":{}}'><li about=\"#cite_note-1\" id=\"cite_note-1\" data-mw-footnote-number=\"1\"><span class=\"mw-cite-backlink\" id=\"rdp-we-mwZg\"><a href=\"#cite_ref-1\" rel=\"mw:referencedBy\" id=\"rdp-we-mwZw\"><span class=\"mw-linkback-text\" id=\"rdp-we-mwaA\">\u2191<\/span><\/a><\/span> <span id=\"rdp-we-mw-reference-text-cite_note-1\" class=\"mw-reference-text reference-text\"><span class=\"cite\" about=\"#mwt1\" typeof=\"mw:Transclusion\" id=\"rdp-we-mwaQ\" data-mw='{\"parts\":[{\"template\":{\"target\":{\"wt\":\"Internetquelle \",\"href\":\".\/Vorlage:Internetquelle\"},\"params\":{\"url\":{\"wt\":\"https:\/\/open.spotify.com\/artist\/3Mn6d673ieRza7uw6zY2Zv\"},\"titel\":{\"wt\":\"Hava on Spotify\"},\"werk\":{\"wt\":\"Spotify\"},\"abruf\":{\"wt\":\"2019-09-27\"}},\"i\":0}}]}'><a rel=\"external_link\" href=\"https:\/\/open.spotify.com\/artist\/3Mn6d673ieRza7uw6zY2Zv\" class=\"external text\" id=\"rdp-we-mwag\" target=\"_new\"><i id=\"rdp-we-mwaw\">Hava on Spotify.<\/i><\/a><span typeof=\"mw:Entity\" id=\"rdp-we-mwbA\"> <\/span>In:<span typeof=\"mw:Entity\" id=\"rdp-we-mwbQ\"> <\/span><i id=\"rdp-we-mwbg\">Spotify.<\/i><span class=\"Abrufdatum\" id=\"rdp-we-mwbw\"><span typeof=\"mw:Entity\" id=\"rdp-we-mwcA\"> <\/span>Abgerufen am 27.<span typeof=\"mw:Entity\" id=\"rdp-we-mwcQ\">\u00a0<\/span>September 2019<\/span>.<\/span><span style=\"display: none;\" class=\"Z3988\" title=\"ctx_ver=Z39.88-2004&amp;rft_val_fmt=info%3Aofi%2Ffmt%3Akev%3Amtx%3Adc&amp;rfr_id=info%3Asid%2Fde.wikipedia.org%3AHava+%28Musikerin%29&amp;rft.title=Hava+on+Spotify&amp;rft.description=Hava+on+Spotify&amp;rft.identifier=https%3A%2F%2Fopen.spotify.com%2Fartist%2F3Mn6d673ieRza7uw6zY2Zv\" about=\"#mwt1\" id=\"rdp-we-mwcg\"><span typeof=\"mw:Entity\" id=\"rdp-we-mwcw\">\u00a0<\/span><\/span><\/span><\/li>\n<li about=\"#cite_note-2\" id=\"cite_note-2\" data-mw-footnote-number=\"2\"><span class=\"mw-cite-backlink\" id=\"rdp-we-mwdA\"><a href=\"#cite_ref-2\" rel=\"mw:referencedBy\" id=\"rdp-we-mwdQ\"><span class=\"mw-linkback-text\" id=\"rdp-we-mwdg\">\u2191<\/span><\/a><\/span> <span id=\"rdp-we-mw-reference-text-cite_note-2\" class=\"mw-reference-text reference-text\"><span class=\"cite\" about=\"#mwt3\" typeof=\"mw:Transclusion\" id=\"rdp-we-mwdw\" data-mw='{\"parts\":[{\"template\":{\"target\":{\"wt\":\"Internetquelle \",\"href\":\".\/Vorlage:Internetquelle\"},\"params\":{\"url\":{\"wt\":\"https:\/\/www.wattpad.com\/467696098-\u1d18\u026a%E1%B4%84\u1d1b%E1%B4%9C\u0280\u1d07s-50-dilara-hava-\"},\"titel\":{\"wt\":\"\u1d18\u026a\u1d04\u1d1b\u1d1c\u0280\u1d07s - &amp;#91;50&amp;#93; Dilara-Hava - Wattpad\"},\"werk\":{\"wt\":\"Wattpad\"},\"abruf\":{\"wt\":\"2019-12-09\"}},\"i\":0}}]}'><a rel=\"external_link\" href=\"https:\/\/www.wattpad.com\/467696098-\u1d18\u026a%E1%B4%84\u1d1b%E1%B4%9C\u0280\u1d07s-50-dilara-hava-\" class=\"external text\" id=\"rdp-we-mweA\" target=\"_new\"><i id=\"rdp-we-mweQ\">\u1d18\u026a\u1d04\u1d1b\u1d1c\u0280\u1d07s - <span typeof=\"mw:Entity\" id=\"rdp-we-mweg\">[<\/span>50<span typeof=\"mw:Entity\" id=\"rdp-we-mwew\">]<\/span> Dilara-Hava - Wattpad.<\/i><\/a><span typeof=\"mw:Entity\" id=\"rdp-we-mwfA\"> <\/span>In:<span typeof=\"mw:Entity\" id=\"rdp-we-mwfQ\"> <\/span><i id=\"rdp-we-mwfg\">Wattpad.<\/i><span class=\"Abrufdatum\" id=\"rdp-we-mwfw\"><span typeof=\"mw:Entity\" id=\"rdp-we-mwgA\"> <\/span>Abgerufen am 9.<span typeof=\"mw:Entity\" id=\"rdp-we-mwgQ\">\u00a0<\/span>Dezember 2019<\/span>.<\/span><span style=\"display: none;\" class=\"Z3988\" title=\"ctx_ver=Z39.88-2004&amp;rft_val_fmt=info%3Aofi%2Ffmt%3Akev%3Amtx%3Adc&amp;rfr_id=info%3Asid%2Fde.wikipedia.org%3AHava+%28Musikerin%29&amp;rft.title=%E1%B4%98%C9%AA%E1%B4%84%E1%B4%9B%E1%B4%9C%CA%80%E1%B4%87s+-+%26%2391%3B50%26%2393%3B+Dilara-Hava+-+Wattpad&amp;rft.description=%E1%B4%98%C9%AA%E1%B4%84%E1%B4%9B%E1%B4%9C%CA%80%E1%B4%87s+-+%26%2391%3B50%26%2393%3B+Dilara-Hava+-+Wattpad&amp;rft.identifier=https%3A%2F%2Fwww.wattpad.com%2F467696098-%E1%B4%98%C9%AA%25E1%25B4%2584%E1%B4%9B%25E1%25B4%259C%CA%80%E1%B4%87s-50-dilara-hava-\" about=\"#mwt3\" id=\"rdp-we-mwgg\"><span typeof=\"mw:Entity\" id=\"rdp-we-mwgw\">\u00a0<\/span><\/span><\/span><\/li>\n<li about=\"#cite_note-3\" id=\"cite_note-3\" data-mw-footnote-number=\"3\"><span class=\"mw-cite-backlink\" id=\"rdp-we-mwhA\"><a href=\"#cite_ref-3\" rel=\"mw:referencedBy\" id=\"rdp-we-mwhQ\"><span class=\"mw-linkback-text\" id=\"rdp-we-mwhg\">\u2191<\/span><\/a><\/span> <span id=\"rdp-we-mw-reference-text-cite_note-3\" class=\"mw-reference-text reference-text\"><span class=\"cite\" about=\"#mwt5\" typeof=\"mw:Transclusion\" id=\"rdp-we-mwhw\" data-mw='{\"parts\":[{\"template\":{\"target\":{\"wt\":\"Internetquelle \",\"href\":\".\/Vorlage:Internetquelle\"},\"params\":{\"url\":{\"wt\":\"https:\/\/www.instagram.com\/p\/BuwMWtMA29_\/\"},\"titel\":{\"wt\":\"H\u039bV\u039b auf Instagram: \u201ePassend zum Weltfrauentag. Alle die ein gebrochenes Herz haben ich f\u00fchle mit euch. Und an alle Heartbreaker #weltfrauentag\u201c\"},\"werk\":{\"wt\":\"Instagram\"},\"datum\":{\"wt\":\"2019-03-08\"},\"abruf\":{\"wt\":\"2019-12-08\"}},\"i\":0}}]}'><a rel=\"external_link\" href=\"https:\/\/www.instagram.com\/p\/BuwMWtMA29_\/\" class=\"external text\" id=\"rdp-we-mwiA\" target=\"_new\"><i id=\"rdp-we-mwiQ\">H\u039bV\u039b auf Instagram: \u201ePassend zum Weltfrauentag. Alle die ein gebrochenes Herz haben ich f\u00fchle mit euch. Und an alle Heartbreaker #weltfrauentag\u201c.<\/i><\/a><span typeof=\"mw:Entity\" id=\"rdp-we-mwig\"> <\/span>In:<span typeof=\"mw:Entity\" id=\"rdp-we-mwiw\"> <\/span><i id=\"rdp-we-mwjA\">Instagram.<\/i><span typeof=\"mw:Entity\" id=\"rdp-we-mwjQ\"> <\/span>8.<span typeof=\"mw:Entity\" id=\"rdp-we-mwjg\">\u00a0<\/span>M\u00e4rz 2019<span typeof=\"mw:Entity\" id=\"rdp-we-mwjw\">,<\/span><span class=\"Abrufdatum\" id=\"rdp-we-mwkA\"><span typeof=\"mw:Entity\" id=\"rdp-we-mwkQ\"> <\/span>abgerufen am 8.<span typeof=\"mw:Entity\" id=\"rdp-we-mwkg\">\u00a0<\/span>Dezember 2019<\/span>.<\/span><span style=\"display: none;\" class=\"Z3988\" title=\"ctx_ver=Z39.88-2004&amp;rft_val_fmt=info%3Aofi%2Ffmt%3Akev%3Amtx%3Adc&amp;rfr_id=info%3Asid%2Fde.wikipedia.org%3AHava+%28Musikerin%29&amp;rft.title=H%CE%9BV%CE%9B+auf+Instagram%3A+%E2%80%9EPassend+zum+Weltfrauentag.+Alle+die+ein+gebrochenes+Herz+haben+ich+f%C3%BChle+mit+euch.+Und+an+alle+Heartbreaker+%23weltfrauentag%E2%80%9C&amp;rft.description=H%CE%9BV%CE%9B+auf+Instagram%3A+%E2%80%9EPassend+zum+Weltfrauentag.+Alle+die+ein+gebrochenes+Herz+haben+ich+f%C3%BChle+mit+euch.+Und+an+alle+Heartbreaker+%23weltfrauentag%E2%80%9C&amp;rft.identifier=https%3A%2F%2Fwww.instagram.com%2Fp%2FBuwMWtMA29_%2F&amp;rft.date=2019-03-08\" about=\"#mwt5\" id=\"rdp-we-mwkw\"><span typeof=\"mw:Entity\" id=\"rdp-we-mwlA\">\u00a0<\/span><\/span><\/span><\/li>\n<li about=\"#cite_note-4\" id=\"cite_note-4\" data-mw-footnote-number=\"4\"><span class=\"mw-cite-backlink\" id=\"rdp-we-mwlQ\"><a href=\"#cite_ref-4\" rel=\"mw:referencedBy\" id=\"rdp-we-mwlg\"><span class=\"mw-linkback-text\" id=\"rdp-we-mwlw\">\u2191<\/span><\/a><\/span> <span id=\"rdp-we-mw-reference-text-cite_note-4\" class=\"mw-reference-text reference-text\"><span class=\"cite\" about=\"#mwt7\" typeof=\"mw:Transclusion\" id=\"rdp-we-mwmA\" data-mw='{\"parts\":[{\"template\":{\"target\":{\"wt\":\"Internetquelle \",\"href\":\".\/Vorlage:Internetquelle\"},\"params\":{\"url\":{\"wt\":\"https:\/\/www.instagram.com\/p\/BvyyFrkgAw4\/\"},\"titel\":{\"wt\":\"H\u039bV\u039b auf Instagram: \u201eVergess niemals die Werte die deine Eltern Dir nahegelegt haben, vergesse nie woher du kommst, und vergesse niemals die Menschen um dich\u2026\u201c\"},\"werk\":{\"wt\":\"Helalgossip.de\"},\"datum\":{\"wt\":\"2019-04-24\"},\"abruf\":{\"wt\":\"2019-09-27\"}},\"i\":0}}]}'><a rel=\"external_link\" href=\"https:\/\/www.instagram.com\/p\/BvyyFrkgAw4\/\" class=\"external text\" id=\"rdp-we-mwmQ\" target=\"_new\"><i id=\"rdp-we-mwmg\">H\u039bV\u039b auf Instagram: \u201eVergess niemals die Werte die deine Eltern Dir nahegelegt haben, vergesse nie woher du kommst, und vergesse niemals die Menschen um dich\u2026\u201c<\/i><\/a><span typeof=\"mw:Entity\" id=\"rdp-we-mwmw\"> <\/span>In:<span typeof=\"mw:Entity\" id=\"rdp-we-mwnA\"> <\/span><i id=\"rdp-we-mwnQ\">Helalgossip.de.<\/i><span typeof=\"mw:Entity\" id=\"rdp-we-mwng\"> <\/span>24.<span typeof=\"mw:Entity\" id=\"rdp-we-mwnw\">\u00a0<\/span>April 2019<span typeof=\"mw:Entity\" id=\"rdp-we-mwoA\">,<\/span><span class=\"Abrufdatum\" id=\"rdp-we-mwoQ\"><span typeof=\"mw:Entity\" id=\"rdp-we-mwog\"> <\/span>abgerufen am 27.<span typeof=\"mw:Entity\" id=\"rdp-we-mwow\">\u00a0<\/span>September 2019<\/span>.<\/span><span style=\"display: none;\" class=\"Z3988\" title=\"ctx_ver=Z39.88-2004&amp;rft_val_fmt=info%3Aofi%2Ffmt%3Akev%3Amtx%3Adc&amp;rfr_id=info%3Asid%2Fde.wikipedia.org%3AHava+%28Musikerin%29&amp;rft.title=H%CE%9BV%CE%9B+auf+Instagram%3A+%E2%80%9EVergess+niemals+die+Werte+die+deine+Eltern+Dir+nahegelegt+haben%2C+vergesse+nie+woher+du+kommst%2C+und+vergesse+niemals+die+Menschen+um+dich%E2%80%A6%E2%80%9C&amp;rft.description=H%CE%9BV%CE%9B+auf+Instagram%3A+%E2%80%9EVergess+niemals+die+Werte+die+deine+Eltern+Dir+nahegelegt+haben%2C+vergesse+nie+woher+du+kommst%2C+und+vergesse+niemals+die+Menschen+um+dich%E2%80%A6%E2%80%9C&amp;rft.identifier=https%3A%2F%2Fwww.instagram.com%2Fp%2FBvyyFrkgAw4%2F&amp;rft.date=2019-04-24\" about=\"#mwt7\" id=\"rdp-we-mwpA\"><span typeof=\"mw:Entity\" id=\"rdp-we-mwpQ\">\u00a0<\/span><\/span><\/span><\/li>\n<li about=\"#cite_note-5\" id=\"cite_note-5\" data-mw-footnote-number=\"5\"><span class=\"mw-cite-backlink\" id=\"rdp-we-mwpg\"><a href=\"#cite_ref-5\" rel=\"mw:referencedBy\" id=\"rdp-we-mwpw\"><span class=\"mw-linkback-text\" id=\"rdp-we-mwqA\">\u2191<\/span><\/a><\/span> <span id=\"rdp-we-mw-reference-text-cite_note-5\" class=\"mw-reference-text reference-text\"><span class=\"cite\" about=\"#mwt9\" typeof=\"mw:Transclusion\" id=\"rdp-we-mwqQ\" data-mw='{\"parts\":[{\"template\":{\"target\":{\"wt\":\"Internetquelle \",\"href\":\".\/Vorlage:Internetquelle\"},\"params\":{\"url\":{\"wt\":\"https:\/\/helalgossip.de\/newcomerin-hava-fuer-wen-heartbreaker-ist-warum-sie-nicht-ueber-materielle-dinge-rappen-moechte\/\"},\"titel\":{\"wt\":\"Newcomerin Hava: F\u00fcr wen \u201cHeartbreaker\u201d ist &amp; warum sie nicht \u00fcber materielle Dinge rappen m\u00f6chte\"},\"werk\":{\"wt\":\"Helalgossip.de\"},\"datum\":{\"wt\":\"2019-04-24\"},\"abruf\":{\"wt\":\"2019-09-27\"}},\"i\":0}}]}'><a rel=\"external_link\" href=\"https:\/\/helalgossip.de\/newcomerin-hava-fuer-wen-heartbreaker-ist-warum-sie-nicht-ueber-materielle-dinge-rappen-moechte\/\" class=\"external text\" id=\"rdp-we-mwqg\" target=\"_new\"><i id=\"rdp-we-mwqw\">Newcomerin Hava: F\u00fcr wen \u201cHeartbreaker\u201d ist &amp; warum sie nicht \u00fcber materielle Dinge rappen m\u00f6chte.<\/i><\/a><span typeof=\"mw:Entity\" id=\"rdp-we-mwrA\"> <\/span>In:<span typeof=\"mw:Entity\" id=\"rdp-we-mwrQ\"> <\/span><i id=\"rdp-we-mwrg\">Helalgossip.de.<\/i><span typeof=\"mw:Entity\" id=\"rdp-we-mwrw\"> <\/span>24.<span typeof=\"mw:Entity\" id=\"rdp-we-mwsA\">\u00a0<\/span>April 2019<span typeof=\"mw:Entity\" id=\"rdp-we-mwsQ\">,<\/span><span class=\"Abrufdatum\" id=\"rdp-we-mwsg\"><span typeof=\"mw:Entity\" id=\"rdp-we-mwsw\"> <\/span>abgerufen am 27.<span typeof=\"mw:Entity\" id=\"rdp-we-mwtA\">\u00a0<\/span>September 2019<\/span>.<\/span><span style=\"display: none;\" class=\"Z3988\" title=\"ctx_ver=Z39.88-2004&amp;rft_val_fmt=info%3Aofi%2Ffmt%3Akev%3Amtx%3Adc&amp;rfr_id=info%3Asid%2Fde.wikipedia.org%3AHava+%28Musikerin%29&amp;rft.title=Newcomerin+Hava%3A+F%C3%BCr+wen+%E2%80%9CHeartbreaker%E2%80%9D+ist+%26+warum+sie+nicht+%C3%BCber+materielle+Dinge+rappen+m%C3%B6chte&amp;rft.description=Newcomerin+Hava%3A+F%C3%BCr+wen+%E2%80%9CHeartbreaker%E2%80%9D+ist+%26+warum+sie+nicht+%C3%BCber+materielle+Dinge+rappen+m%C3%B6chte&amp;rft.identifier=https%3A%2F%2Fhelalgossip.de%2Fnewcomerin-hava-fuer-wen-heartbreaker-ist-warum-sie-nicht-ueber-materielle-dinge-rappen-moechte%2F&amp;rft.date=2019-04-24\" about=\"#mwt9\" id=\"rdp-we-mwtQ\"><span typeof=\"mw:Entity\" id=\"rdp-we-mwtg\">\u00a0<\/span><\/span><\/span><\/li>\n<li about=\"#cite_note-6\" id=\"cite_note-6\" data-mw-footnote-number=\"6\"><span class=\"mw-cite-backlink\" id=\"rdp-we-mwtw\"><a href=\"#cite_ref-6\" rel=\"mw:referencedBy\" id=\"rdp-we-mwuA\"><span class=\"mw-linkback-text\" id=\"rdp-we-mwuQ\">\u2191<\/span><\/a><\/span> <span id=\"rdp-we-mw-reference-text-cite_note-6\" class=\"mw-reference-text reference-text\"><span class=\"cite\" about=\"#mwt11\" typeof=\"mw:Transclusion\" id=\"rdp-we-mwug\" data-mw='{\"parts\":[{\"template\":{\"target\":{\"wt\":\"Internetquelle \",\"href\":\".\/Vorlage:Internetquelle\"},\"params\":{\"url\":{\"wt\":\"https:\/\/kworb.net\/spotify\/artist\/3Mn6d673ieRza7uw6zY2Zv.html\"},\"titel\":{\"wt\":\"Hava - Spotify Chart History\"},\"werk\":{\"wt\":\"Kworb.net\"},\"abruf\":{\"wt\":\"2019-09-27\"}},\"i\":0}}]}'><a rel=\"external_link\" href=\"https:\/\/kworb.net\/spotify\/artist\/3Mn6d673ieRza7uw6zY2Zv.html\" class=\"external text\" id=\"rdp-we-mwuw\" target=\"_new\"><i id=\"rdp-we-mwvA\">Hava - Spotify Chart History.<\/i><\/a><span typeof=\"mw:Entity\" id=\"rdp-we-mwvQ\"> <\/span>In:<span typeof=\"mw:Entity\" id=\"rdp-we-mwvg\"> <\/span><i id=\"rdp-we-mwvw\">Kworb.net.<\/i><span class=\"Abrufdatum\" id=\"rdp-we-mwwA\"><span typeof=\"mw:Entity\" id=\"rdp-we-mwwQ\"> <\/span>Abgerufen am 27.<span typeof=\"mw:Entity\" id=\"rdp-we-mwwg\">\u00a0<\/span>September 2019<\/span>.<\/span><span style=\"display: none;\" class=\"Z3988\" title=\"ctx_ver=Z39.88-2004&amp;rft_val_fmt=info%3Aofi%2Ffmt%3Akev%3Amtx%3Adc&amp;rfr_id=info%3Asid%2Fde.wikipedia.org%3AHava+%28Musikerin%29&amp;rft.title=Hava+-+Spotify+Chart+History&amp;rft.description=Hava+-+Spotify+Chart+History&amp;rft.identifier=https%3A%2F%2Fkworb.net%2Fspotify%2Fartist%2F3Mn6d673ieRza7uw6zY2Zv.html\" about=\"#mwt11\" id=\"rdp-we-mwww\"><span typeof=\"mw:Entity\" id=\"rdp-we-mwxA\">\u00a0<\/span><\/span><\/span><\/li>\n<li about=\"#cite_note-7\" id=\"cite_note-7\" data-mw-footnote-number=\"7\"><span class=\"mw-cite-backlink\" id=\"rdp-we-mwxQ\"><a href=\"#cite_ref-7\" rel=\"mw:referencedBy\" id=\"rdp-we-mwxg\"><span class=\"mw-linkback-text\" id=\"rdp-we-mwxw\">\u2191<\/span><\/a><\/span> <span id=\"rdp-we-mw-reference-text-cite_note-7\" class=\"mw-reference-text reference-text\"><span class=\"cite\" about=\"#mwt13\" typeof=\"mw:Transclusion\" id=\"rdp-we-mwyA\" data-mw='{\"parts\":[{\"template\":{\"target\":{\"wt\":\"Internetquelle \",\"href\":\".\/Vorlage:Internetquelle\"},\"params\":{\"url\":{\"wt\":\"https:\/\/www.instagram.com\/p\/B5qPWlSp08g\/comments\/?\"},\"titel\":{\"wt\":\"H\u039bV\u039b auf Instagram: \u201eFREITAG KEIN SCHLAF @nimo IRAN X BOSNIA\u201c\"},\"werk\":{\"wt\":\"Instagram\"},\"datum\":{\"wt\":\"2019-12-05\"},\"abruf\":{\"wt\":\"2019-12-08\"}},\"i\":0}}]}'><a rel=\"external_link\" href=\"https:\/\/www.instagram.com\/p\/B5qPWlSp08g\/comments\/?\" class=\"external text\" id=\"rdp-we-mwyQ\" target=\"_new\"><i id=\"rdp-we-mwyg\">H\u039bV\u039b auf Instagram: \u201eFREITAG KEIN SCHLAF @nimo IRAN X BOSNIA\u201c.<\/i><\/a><span typeof=\"mw:Entity\" id=\"rdp-we-mwyw\"> <\/span>In:<span typeof=\"mw:Entity\" id=\"rdp-we-mwzA\"> <\/span><i id=\"rdp-we-mwzQ\">Instagram.<\/i><span typeof=\"mw:Entity\" id=\"rdp-we-mwzg\"> <\/span>5.<span typeof=\"mw:Entity\" id=\"rdp-we-mwzw\">\u00a0<\/span>Dezember 2019<span typeof=\"mw:Entity\" id=\"rdp-we-mw0A\">,<\/span><span class=\"Abrufdatum\" id=\"rdp-we-mw0Q\"><span typeof=\"mw:Entity\" id=\"rdp-we-mw0g\"> <\/span>abgerufen am 8.<span typeof=\"mw:Entity\" id=\"rdp-we-mw0w\">\u00a0<\/span>Dezember 2019<\/span>.<\/span><span style=\"display: none;\" class=\"Z3988\" title=\"ctx_ver=Z39.88-2004&amp;rft_val_fmt=info%3Aofi%2Ffmt%3Akev%3Amtx%3Adc&amp;rfr_id=info%3Asid%2Fde.wikipedia.org%3AHava+%28Musikerin%29&amp;rft.title=H%CE%9BV%CE%9B+auf+Instagram%3A+%E2%80%9EFREITAG+KEIN+SCHLAF+%40nimo+IRAN+X+BOSNIA%E2%80%9C&amp;rft.description=H%CE%9BV%CE%9B+auf+Instagram%3A+%E2%80%9EFREITAG+KEIN+SCHLAF+%40nimo+IRAN+X+BOSNIA%E2%80%9C&amp;rft.identifier=https%3A%2F%2Fwww.instagram.com%2Fp%2FB5qPWlSp08g%2Fcomments%2F%3F&amp;rft.date=2019-12-05\" about=\"#mwt13\" id=\"rdp-we-mw1A\"><span typeof=\"mw:Entity\" id=\"rdp-we-mw1Q\">\u00a0<\/span><\/span><\/span><\/li>\n<li about=\"#cite_note-8\" id=\"cite_note-8\" data-mw-footnote-number=\"8\"><span class=\"mw-cite-backlink\" id=\"rdp-we-mw1g\"><a href=\"#cite_ref-8\" rel=\"mw:referencedBy\" id=\"rdp-we-mw1w\"><span class=\"mw-linkback-text\" id=\"rdp-we-mw2A\">\u2191<\/span><\/a><\/span> <span id=\"rdp-we-mw-reference-text-cite_note-8\" class=\"mw-reference-text reference-text\"><span class=\"cite\" about=\"#mwt15\" typeof=\"mw:Transclusion\" id=\"rdp-we-mw2Q\" data-mw='{\"parts\":[{\"template\":{\"target\":{\"wt\":\"Internetquelle \",\"href\":\".\/Vorlage:Internetquelle\"},\"params\":{\"url\":{\"wt\":\"https:\/\/raptrends.de\/songs\/1484\/kein-schlaf-hava-nimo\"},\"titel\":{\"wt\":\"Hava, Nimo - Kein Schlaf (Video)\"},\"werk\":{\"wt\":\"raptrends.de\"},\"datum\":{\"wt\":\"2019-12-07\"},\"abruf\":{\"wt\":\"2019-12-08\"}},\"i\":0}}]}'><a rel=\"external_link\" href=\"https:\/\/raptrends.de\/songs\/1484\/kein-schlaf-hava-nimo\" class=\"external text\" id=\"rdp-we-mw2g\" target=\"_new\"><i id=\"rdp-we-mw2w\">Hava, Nimo - Kein Schlaf (Video).<\/i><\/a><span typeof=\"mw:Entity\" id=\"rdp-we-mw3A\"> <\/span>In:<span typeof=\"mw:Entity\" id=\"rdp-we-mw3Q\"> <\/span><i id=\"rdp-we-mw3g\">raptrends.de.<\/i><span typeof=\"mw:Entity\" id=\"rdp-we-mw3w\"> <\/span>7.<span typeof=\"mw:Entity\" id=\"rdp-we-mw4A\">\u00a0<\/span>Dezember 2019<span typeof=\"mw:Entity\" id=\"rdp-we-mw4Q\">,<\/span><span class=\"Abrufdatum\" id=\"rdp-we-mw4g\"><span typeof=\"mw:Entity\" id=\"rdp-we-mw4w\"> <\/span>abgerufen am 8.<span typeof=\"mw:Entity\" id=\"rdp-we-mw5A\">\u00a0<\/span>Dezember 2019<\/span>.<\/span><span style=\"display: none;\" class=\"Z3988\" title=\"ctx_ver=Z39.88-2004&amp;rft_val_fmt=info%3Aofi%2Ffmt%3Akev%3Amtx%3Adc&amp;rfr_id=info%3Asid%2Fde.wikipedia.org%3AHava+%28Musikerin%29&amp;rft.title=Hava%2C+Nimo+-+Kein+Schlaf+%28Video%29&amp;rft.description=Hava%2C+Nimo+-+Kein+Schlaf+%28Video%29&amp;rft.identifier=https%3A%2F%2Fraptrends.de%2Fsongs%2F1484%2Fkein-schlaf-hava-nimo&amp;rft.date=2019-12-07\" about=\"#mwt15\" id=\"rdp-we-mw5Q\"><span typeof=\"mw:Entity\" id=\"rdp-we-mw5g\">\u00a0<\/span><\/span><\/span><\/li>\n<li about=\"#cite_note-9\" id=\"cite_note-9\" data-mw-footnote-number=\"9\"><span class=\"mw-cite-backlink\" id=\"rdp-we-mw5w\"><a href=\"#cite_ref-9\" rel=\"mw:referencedBy\" id=\"rdp-we-mw6A\"><span class=\"mw-linkback-text\" id=\"rdp-we-mw6Q\">\u2191<\/span><\/a><\/span> <span id=\"rdp-we-mw-reference-text-cite_note-9\" class=\"mw-reference-text reference-text\"><span class=\"cite\" about=\"#mwt17\" typeof=\"mw:Transclusion\" id=\"rdp-we-mw6g\" data-mw='{\"parts\":[{\"template\":{\"target\":{\"wt\":\"Internetquelle \",\"href\":\".\/Vorlage:Internetquelle\"},\"params\":{\"url\":{\"wt\":\"https:\/\/spotifycharts.com\/regional\/de\/daily\/2019-12-06\"},\"titel\":{\"wt\":\"Spotify Charts am 6.12.2019\"},\"werk\":{\"wt\":\"Spotify\"},\"abruf\":{\"wt\":\"2019-12-08\"}},\"i\":0}}]}'><a rel=\"external_link\" href=\"https:\/\/spotifycharts.com\/regional\/de\/daily\/2019-12-06\" class=\"external text\" id=\"rdp-we-mw6w\" target=\"_new\"><i id=\"rdp-we-mw7A\">Spotify Charts am 6.12.2019.<\/i><\/a><span typeof=\"mw:Entity\" id=\"rdp-we-mw7Q\"> <\/span>In:<span typeof=\"mw:Entity\" id=\"rdp-we-mw7g\"> <\/span><i id=\"rdp-we-mw7w\">Spotify.<\/i><span class=\"Abrufdatum\" id=\"rdp-we-mw8A\"><span typeof=\"mw:Entity\" id=\"rdp-we-mw8Q\"> <\/span>Abgerufen am 8.<span typeof=\"mw:Entity\" id=\"rdp-we-mw8g\">\u00a0<\/span>Dezember 2019<\/span>.<\/span><span style=\"display: none;\" class=\"Z3988\" title=\"ctx_ver=Z39.88-2004&amp;rft_val_fmt=info%3Aofi%2Ffmt%3Akev%3Amtx%3Adc&amp;rfr_id=info%3Asid%2Fde.wikipedia.org%3AHava+%28Musikerin%29&amp;rft.title=Spotify+Charts+am+6.12.2019&amp;rft.description=Spotify+Charts+am+6.12.2019&amp;rft.identifier=https%3A%2F%2Fspotifycharts.com%2Fregional%2Fde%2Fdaily%2F2019-12-06\" about=\"#mwt17\" id=\"rdp-we-mw8w\"><span typeof=\"mw:Entity\" id=\"rdp-we-mw9A\">\u00a0<\/span><\/span><\/span><\/li>\n<li about=\"#cite_note-10\" id=\"cite_note-10\" data-mw-footnote-number=\"10\"><span class=\"mw-cite-backlink\" id=\"rdp-we-mw9Q\"><a href=\"#cite_ref-10\" rel=\"mw:referencedBy\" id=\"rdp-we-mw9g\"><span class=\"mw-linkback-text\" id=\"rdp-we-mw9w\">\u2191<\/span><\/a><\/span> <span id=\"rdp-we-mw-reference-text-cite_note-10\" class=\"mw-reference-text reference-text\"><span class=\"cite\" about=\"#mwt19\" typeof=\"mw:Transclusion\" id=\"rdp-we-mw-A\" data-mw='{\"parts\":[{\"template\":{\"target\":{\"wt\":\"Internetquelle \",\"href\":\".\/Vorlage:Internetquelle\"},\"params\":{\"url\":{\"wt\":\"https:\/\/raptastisch.net\/2020\/07\/24\/dardan-und-hava-machen-ihre-beziehung-oeffentlich\/\"},\"titel\":{\"wt\":\"Dardan und Hava machen ihre Beziehung \u00f6ffentlich\"},\"datum\":{\"wt\":\"2020-07-24\"},\"abruf\":{\"wt\":\"2020-07-24\"}},\"i\":0}}]}'><a rel=\"external_link\" href=\"https:\/\/raptastisch.net\/2020\/07\/24\/dardan-und-hava-machen-ihre-beziehung-oeffentlich\/\" class=\"external text\" id=\"rdp-we-mw-Q\" target=\"_new\"><i id=\"rdp-we-mw-g\">Dardan und Hava machen ihre Beziehung \u00f6ffentlich.<\/i><\/a><span typeof=\"mw:Entity\" id=\"rdp-we-mw-w\"> <\/span>24.<span typeof=\"mw:Entity\" id=\"rdp-we-mw_A\">\u00a0<\/span>Juli 2020<span typeof=\"mw:Entity\" id=\"rdp-we-mw_Q\">,<\/span><span class=\"Abrufdatum\" id=\"rdp-we-mw_g\"><span typeof=\"mw:Entity\" id=\"rdp-we-mw_w\"> <\/span>abgerufen am 24.<span typeof=\"mw:Entity\" id=\"rdp-we-mwAQA\">\u00a0<\/span>Juli 2020<\/span>.<\/span><span style=\"display: none;\" class=\"Z3988\" title=\"ctx_ver=Z39.88-2004&amp;rft_val_fmt=info%3Aofi%2Ffmt%3Akev%3Amtx%3Adc&amp;rfr_id=info%3Asid%2Fde.wikipedia.org%3AHava+%28Musikerin%29&amp;rft.title=Dardan+und+Hava+machen+ihre+Beziehung+%C3%B6ffentlich&amp;rft.description=Dardan+und+Hava+machen+ihre+Beziehung+%C3%B6ffentlich&amp;rft.identifier=https%3A%2F%2Fraptastisch.net%2F2020%2F07%2F24%2Fdardan-und-hava-machen-ihre-beziehung-oeffentlich%2F&amp;rft.date=2020-07-24\" about=\"#mwt19\" id=\"rdp-we-mwAQE\"><span typeof=\"mw:Entity\" id=\"rdp-we-mwAQI\">\u00a0<\/span><\/span><\/span><\/li>\n<\/ol>\n\n<div class=\"hintergrundfarbe1 rahmenfarbe1 navigation-not-searchable  normdaten-typ-p\" style=\"border-style: solid; border-width: 1px; clear: left;   margin-bottom:1em; margin-top:1em; padding: 0.25em; overflow: hidden; word-break: break-word; word-wrap: break-word; \" id=\"rdp-we-normdaten\" about=\"#mwt26\" typeof=\"mw:Transclusion\" data-mw='{\"parts\":[{\"template\":{\"target\":{\"wt\":\"Normdaten\",\"href\":\".\/Vorlage:Normdaten\"},\"params\":{\"TYP\":{\"wt\":\"p\"},\"GND\":{\"wt\":\"1223934853\"},\"VIAF\":{\"wt\":\"6657160909257412870002\"}},\"i\":0}}]}'>\n<div style=\"display: table-cell; vertical-align: middle; width: 100%;\">\n<div>\nNormdaten<span typeof=\"mw:Entity\">\u00a0<\/span>(Person): <a rel=\"mw:WikiLink\" href=\"https:\/\/de.wikipedia.org\/wiki\/Gemeinsame_Normdatei\" title=\"Gemeinsame Normdatei\" target=\"_new\" class=\"wiki-link\">GND<\/a>: <span class=\"plainlinks-print\"><a rel=\"external_link\" href=\"https:\/\/d-nb.info\/gnd\/1223934853\" class=\"external text\" target=\"_new\">1223934853<\/a><\/span> <span class=\"noprint\"> (<a rel=\"external_link\" href=\"https:\/\/lobid.org\/gnd\/1223934853\" class=\"external text\" target=\"_new\">lobid<\/a>, <a rel=\"external_link\" href=\"https:\/\/explore.gnd.network\/gnd\/1223934853\" class=\"external text\" target=\"_new\">GND Explorer<\/a>, <a rel=\"external_link\" href=\"https:\/\/swb.bsz-bw.de\/DB=2.104\/SET=1\/TTL=1\/CMD?retrace=0&trm_old=&ACT=SRCHA&IKT=2999&SRT=RLV&TRM=1223934853\" class=\"external text\" target=\"_new\">OGND<\/a><span class=\"metadata\">, <a rel=\"external_link\" href=\"https:\/\/prometheus.lmu.de\/gnd\/1223934853\" class=\"external text\" target=\"_new\">AKS<\/a><\/span>)<\/span>    <span typeof=\"mw:Entity\">|<\/span> <a rel=\"mw:WikiLink\" href=\"https:\/\/de.wikipedia.org\/wiki\/Virtual_International_Authority_File\" title=\"Virtual International Authority File\" target=\"_new\" class=\"wiki-link\">VIAF<\/a>: <span class=\"plainlinks-print\"><a rel=\"external_link\" href=\"https:\/\/viaf.org\/viaf\/6657160909257412870002\/\" class=\"external text\" target=\"_new\">6657160909257412870002<\/a><\/span> <span typeof=\"mw:Entity\">|<\/span> <span class=\"noprint\"><a rel=\"external_link\" href=\"https:\/\/persondata.toolforge.org\/p\/Hava_(Musikerin)\" class=\"external text\" target=\"_new\">Wikipedia-Personensuche<\/a><\/span><span class=\"metadata\"><\/span><\/div>\n<\/div><\/div>\n\n<span about=\"#mwt27\" typeof=\"mw:Transclusion\" id=\"rdp-we-mwAQM\" data-mw='{\"parts\":[{\"template\":{\"target\":{\"wt\":\"SORTIERUNG:Hava\",\"function\":\"defaultsort\"},\"params\":{},\"i\":0}}]}'><\/span>\n<link rel=\"mw:PageProp\/Category\" href=\".\/Kategorie:Rapper\" id=\"rdp-we-mwAQQ\"\/>\n<link rel=\"mw:PageProp\/Category\" href=\".\/Kategorie:Pseudonym\" id=\"rdp-we-mwAQU\"\/>\n<link rel=\"mw:PageProp\/Category\" href=\".\/Kategorie:Deutscher\" id=\"rdp-we-mwAQY\"\/>\n<link rel=\"mw:PageProp\/Category\" href=\".\/Kategorie:Geboren_1998\" id=\"rdp-we-mwAQc\"\/>\n<link rel=\"mw:PageProp\/Category\" href=\".\/Kategorie:Frau\" id=\"rdp-we-mwAQg\"\/>\n\n<table class=\"metadata rahmenfarbe1\" id=\"rdp-we-Vorlage_Personendaten\" style=\"border-style: solid; margin-top: 20px;\" about=\"#mwt28\" typeof=\"mw:Transclusion\" data-mw='{\"parts\":[{\"template\":{\"target\":{\"wt\":\"Personendaten\\n\",\"href\":\".\/Vorlage:Personendaten\"},\"params\":{\"NAME\":{\"wt\":\"Hava\"},\"ALTERNATIVNAMEN\":{\"wt\":\"Tun\u00e7, Dilara Hava (wirklicher Name)\"},\"KURZBESCHREIBUNG\":{\"wt\":\"deutsche Rapperin und S\u00e4ngerin\"},\"GEBURTSDATUM\":{\"wt\":\"12. August 1998\"},\"GEBURTSORT\":{\"wt\":\"[[Hamm]]\"},\"STERBEDATUM\":{\"wt\":\"\"},\"STERBEORT\":{\"wt\":\"\"}},\"i\":0}}]}'>\n<tbody><tr><th colspan=\"2\"><a rel=\"mw:WikiLink\" href=\"https:\/\/de.wikipedia.org\/wiki\/Hilfe:Personendaten\" title=\"Hilfe:Personendaten\" target=\"_new\" class=\"wiki-link\">Personendaten<\/a><\/th><\/tr>\n<tr>\n<td style=\"color: #aaa;\">NAME<\/td>\n<td style=\"font-weight: bold;\">Hava<\/td><\/tr>\n<tr>\n<td style=\"color: #aaa;\">ALTERNATIVNAMEN<\/td>\n<td>Tun\u00e7, Dilara Hava (wirklicher Name)<\/td><\/tr>\n<tr>\n<td style=\"color: #aaa;\">KURZBESCHREIBUNG<\/td>\n<td>deutsche Rapperin und S\u00e4ngerin<\/td><\/tr>\n<tr>\n<td style=\"color: #aaa;\">GEBURTSDATUM<\/td>\n<td>12. August 1998<\/td><\/tr>\n<tr>\n<td style=\"color: #aaa;\">GEBURTSORT<\/td>\n<td><a rel=\"mw:WikiLink\" href=\"https:\/\/de.wikipedia.org\/wiki\/Hamm\" title=\"Hamm\" target=\"_new\" class=\"wiki-link\">Hamm<\/a><\/td><\/tr>\n\n\n\n\n<\/tbody><\/table><\/section>\n<!-- \nNewPP limit report\nParsed by mw\u2010web.eqiad.main\u201076b8f58b8c\u2010tcd2g\nCached time: 20260903194117\nCache expiry: 2592000\nReduced expiry: false\nComplications: [show\u2010toc, use\u2010parsoid]\nCPU time usage: 0.682 seconds\nReal time usage: 0.782 seconds\nPreprocessor visited node count: 2790\/1000000\nRevision size: 5989\/2097152 bytes\nPost\u2010expand include size: 60695\/2097152 bytes\nTemplate argument size: 9382\/2097152 bytes\nHighest expansion depth: 10\/100\nExpensive parser function count: 3\/500\nUnstrip recursion depth: 0\/20\nUnstrip post\u2010expand size: 27199\/5000000 bytes\nLua time usage: 0.154\/10.000 seconds\nLua memory usage: 5684614\/52428800 bytes\nNumber of Wikibase entities loaded: 1\/500\n-->\n<!--\nTransclusion expansion time report (%,ms,calls,template)\n100.00%  634.868      1 -total\n 36.55%  232.064     10 Vorlage:Internetquelle\n 12.24%   77.719      1 Vorlage:Eingebundene_Diskografie\n 11.03%   70.017      1 Hava_(Musikerin)\/Diskografie\n 10.48%   66.506      1 Vorlage:Charttabelle\n  6.02%   38.244     10 Vorlage:Str_len\n  4.65%   29.504      5 Vorlage:Charteintrag\n  4.16%   26.428      1 Vorlage:Commonscat\n  3.72%   23.594      1 Vorlage:Normdaten\n  2.88%   18.309      3 Vorlage:Wikidata-Registrierung\n-->\n\n<!-- Render ID 6df47285-a7cf-11f1-a486-f9df5e6ba933 -->\n\n<!-- Saved in parser cache with key dewiki:stable-parsoid-pcache:10970445:|#|:idhash:useParsoid=1 and timestamp 20260903194117 and revision id 266926907. Rendering was triggered because: unknown\n -->\n\n<!-- Parsoid 0.24.0.0-alpha21 -->\n<\/div><!--\nPost\u2010processing cache key dewiki:stable\u2010parsoid\u2010pcache\u2010postproc:10970445:|#|:idhash:injectTOC=0!postproc=1!skin=vector\u20102022!useParsoid=1, generated at 20260903194117\n--><noscript><img loading=\"lazy\" decoding=\"async\" src=\"https:\/\/de.wikipedia.org\/wiki\/Special:CentralAutoLogin\/start?useformat=desktop&amp;type=1x1&amp;usesul3=1\" alt=\"\" width=\"1\" height=\"1\" style=\"border: none; position: absolute;\"><\/noscript>\n<div class=\"printfooter\" data-nosnippet=\"\">Quelle:  <a rel=\"external_link\" class=\"external\" href=\"https:\/\/de.wikipedia.org\/wiki\/Hava_(Musikerin)\">https:\/\/de.wikipedia.org\/wiki\/Hava_(Musikerin)<\/a><\/div><\/div>\n\t\t\t\t\t\n\t\t\t\t<\/div>\n\t\t\t<\/main>\n\t\t\t\n\t\t<\/div>\n\t\t<div class=\"mw-footer-container\">\n\t\t\t\n\t\t<\/div>\n\t<\/div> \n<\/div> \n\n<div class=\"mw-portlet mw-portlet-dock-bottom emptyPortlet\" id=\"rdp-we-p-dock-bottom\">\n\t<ul>\n\t\t\n\t<\/ul>\n<\/div>\n\n\n<\/div><!-- #rdp-we-main -->\n\n\t\t<\/div>\n\t<\/div>\n<\/div><\/div><\/div><\/div>\n<\/section>","protected":false},"excerpt":{"rendered":"<p>Hava (Musikerin) Hava (2021) Hava (* 12. August 1998 in Hamm;[1] b\u00fcrgerlich Dilara Hava Tun\u00e7) ist eine deutsche Rapperin und S\u00e4ngerin. Kindheit und Jugend Hava ist in Hamm geboren und aufgewachsen. Ihre Familie m\u00fctterlicherseits stammt aus Doboj in Bosnien und Herzegowina, ihre Mutter ist jedoch in Hamm geboren. Havas Vater stammt aus Aksaray in der&hellip;<\/p>","protected":false},"author":1,"featured_media":57766,"comment_status":"closed","ping_status":"closed","template":"","dt_portfolio_category":[1340],"dt_portfolio_tags":[1426],"class_list":["post-57709","dt_portfolio","type-dt_portfolio","status-publish","has-post-thumbnail","hentry","dt_portfolio_category-deutschrap","dt_portfolio_tags-hava","dt_portfolio_category-1340","description-off"],"yoast_head":"<!-- This site is optimized with the Yoast SEO plugin v28.4 - https:\/\/yoast.com\/product\/yoast-seo-wordpress\/ -->\n<title>Hava - Access all artists<\/title>\n<meta name=\"robots\" content=\"index, follow, max-snippet:-1, max-image-preview:large, max-video-preview:-1\" \/>\n<link rel=\"canonical\" href=\"https:\/\/accessallartists.de\/en\/artists\/hava\/\" \/>\n<meta property=\"og:locale\" content=\"en_US\" \/>\n<meta property=\"og:type\" content=\"article\" \/>\n<meta property=\"og:title\" content=\"Hava - Access all artists\" \/>\n<meta property=\"og:url\" content=\"https:\/\/accessallartists.de\/en\/artists\/hava\/\" \/>\n<meta property=\"og:site_name\" content=\"Access all artists\" \/>\n<meta property=\"article:publisher\" content=\"http:\/\/www.facebook.com\/aaa_accessallartists\" \/>\n<meta property=\"article:modified_time\" content=\"2023-10-26T11:07:10+00:00\" \/>\n<meta property=\"og:image\" content=\"https:\/\/accessallartists.de\/wp-content\/uploads\/2023\/03\/aaa-artists-artist-hava.jpg\" \/>\n\t<meta property=\"og:image:width\" content=\"768\" \/>\n\t<meta property=\"og:image:height\" content=\"990\" \/>\n\t<meta property=\"og:image:type\" content=\"image\/jpeg\" \/>\n<meta name=\"twitter:card\" content=\"summary_large_image\" \/>\n<meta name=\"twitter:site\" content=\"@accesallartists\" \/>\n<meta name=\"twitter:label1\" content=\"Est. reading time\" \/>\n\t<meta name=\"twitter:data1\" content=\"1 minute\" \/>\n<script type=\"application\/ld+json\" class=\"yoast-schema-graph\">{\"@context\":\"https:\\\/\\\/schema.org\",\"@graph\":[{\"@type\":\"WebPage\",\"@id\":\"https:\\\/\\\/accessallartists.de\\\/artists\\\/hava\\\/\",\"url\":\"https:\\\/\\\/accessallartists.de\\\/artists\\\/hava\\\/\",\"name\":\"Hava - Access all artists\",\"isPartOf\":{\"@id\":\"https:\\\/\\\/accessallartists.de\\\/#website\"},\"primaryImageOfPage\":{\"@id\":\"https:\\\/\\\/accessallartists.de\\\/artists\\\/hava\\\/#primaryimage\"},\"image\":{\"@id\":\"https:\\\/\\\/accessallartists.de\\\/artists\\\/hava\\\/#primaryimage\"},\"thumbnailUrl\":\"https:\\\/\\\/accessallartists.de\\\/wp-content\\\/uploads\\\/2023\\\/03\\\/aaa-artists-artist-hava.jpg\",\"datePublished\":\"2023-03-22T21:45:01+00:00\",\"dateModified\":\"2023-10-26T11:07:10+00:00\",\"breadcrumb\":{\"@id\":\"https:\\\/\\\/accessallartists.de\\\/artists\\\/hava\\\/#breadcrumb\"},\"inLanguage\":\"en-US\",\"potentialAction\":[{\"@type\":\"ReadAction\",\"target\":[\"https:\\\/\\\/accessallartists.de\\\/artists\\\/hava\\\/\"]}]},{\"@type\":\"ImageObject\",\"inLanguage\":\"en-US\",\"@id\":\"https:\\\/\\\/accessallartists.de\\\/artists\\\/hava\\\/#primaryimage\",\"url\":\"https:\\\/\\\/accessallartists.de\\\/wp-content\\\/uploads\\\/2023\\\/03\\\/aaa-artists-artist-hava.jpg\",\"contentUrl\":\"https:\\\/\\\/accessallartists.de\\\/wp-content\\\/uploads\\\/2023\\\/03\\\/aaa-artists-artist-hava.jpg\",\"width\":768,\"height\":990},{\"@type\":\"BreadcrumbList\",\"@id\":\"https:\\\/\\\/accessallartists.de\\\/artists\\\/hava\\\/#breadcrumb\",\"itemListElement\":[{\"@type\":\"ListItem\",\"position\":1,\"name\":\"Startseite\",\"item\":\"https:\\\/\\\/accessallartists.de\\\/\"},{\"@type\":\"ListItem\",\"position\":2,\"name\":\"Portfolio\",\"item\":\"https:\\\/\\\/accessallartists.de\\\/artists\\\/\"},{\"@type\":\"ListItem\",\"position\":3,\"name\":\"Hava\"}]},{\"@type\":\"WebSite\",\"@id\":\"https:\\\/\\\/accessallartists.de\\\/#website\",\"url\":\"https:\\\/\\\/accessallartists.de\\\/\",\"name\":\"Access all artists\",\"description\":\"Home of Artists &amp; Concerts\",\"publisher\":{\"@id\":\"https:\\\/\\\/accessallartists.de\\\/#organization\"},\"potentialAction\":[{\"@type\":\"SearchAction\",\"target\":{\"@type\":\"EntryPoint\",\"urlTemplate\":\"https:\\\/\\\/accessallartists.de\\\/?s={search_term_string}\"},\"query-input\":{\"@type\":\"PropertyValueSpecification\",\"valueRequired\":true,\"valueName\":\"search_term_string\"}}],\"inLanguage\":\"en-US\"},{\"@type\":\"Organization\",\"@id\":\"https:\\\/\\\/accessallartists.de\\\/#organization\",\"name\":\"Access all artists\",\"url\":\"https:\\\/\\\/accessallartists.de\\\/\",\"logo\":{\"@type\":\"ImageObject\",\"inLanguage\":\"en-US\",\"@id\":\"https:\\\/\\\/accessallartists.de\\\/#\\\/schema\\\/logo\\\/image\\\/\",\"url\":\"https:\\\/\\\/accessallartists.de\\\/wp-content\\\/uploads\\\/2023\\\/03\\\/aaa-seo-icon-image.jpg\",\"contentUrl\":\"https:\\\/\\\/accessallartists.de\\\/wp-content\\\/uploads\\\/2023\\\/03\\\/aaa-seo-icon-image.jpg\",\"width\":600,\"height\":600,\"caption\":\"Access all artists\"},\"image\":{\"@id\":\"https:\\\/\\\/accessallartists.de\\\/#\\\/schema\\\/logo\\\/image\\\/\"},\"sameAs\":[\"http:\\\/\\\/www.facebook.com\\\/aaa_accessallartists\",\"https:\\\/\\\/x.com\\\/accesallartists\",\"https:\\\/\\\/www.instagram.com\\\/aaa_accessallartists\",\"https:\\\/\\\/www.youtube.com\\\/channel\\\/UCWQJiDSzXSCWrjcGmxQwpag\"]}]}<\/script>\n<!-- \/ Yoast SEO plugin. -->","yoast_head_json":{"title":"Hava - Access all artists","robots":{"index":"index","follow":"follow","max-snippet":"max-snippet:-1","max-image-preview":"max-image-preview:large","max-video-preview":"max-video-preview:-1"},"canonical":"https:\/\/accessallartists.de\/en\/artists\/hava\/","og_locale":"en_US","og_type":"article","og_title":"Hava - Access all artists","og_url":"https:\/\/accessallartists.de\/en\/artists\/hava\/","og_site_name":"Access all artists","article_publisher":"http:\/\/www.facebook.com\/aaa_accessallartists","article_modified_time":"2023-10-26T11:07:10+00:00","og_image":[{"width":768,"height":990,"url":"https:\/\/accessallartists.de\/wp-content\/uploads\/2023\/03\/aaa-artists-artist-hava.jpg","type":"image\/jpeg"}],"twitter_card":"summary_large_image","twitter_site":"@accesallartists","twitter_misc":{"Est. reading time":"1 minute"},"schema":{"@context":"https:\/\/schema.org","@graph":[{"@type":"WebPage","@id":"https:\/\/accessallartists.de\/artists\/hava\/","url":"https:\/\/accessallartists.de\/artists\/hava\/","name":"Hava - Access all artists","isPartOf":{"@id":"https:\/\/accessallartists.de\/#website"},"primaryImageOfPage":{"@id":"https:\/\/accessallartists.de\/artists\/hava\/#primaryimage"},"image":{"@id":"https:\/\/accessallartists.de\/artists\/hava\/#primaryimage"},"thumbnailUrl":"https:\/\/accessallartists.de\/wp-content\/uploads\/2023\/03\/aaa-artists-artist-hava.jpg","datePublished":"2023-03-22T21:45:01+00:00","dateModified":"2023-10-26T11:07:10+00:00","breadcrumb":{"@id":"https:\/\/accessallartists.de\/artists\/hava\/#breadcrumb"},"inLanguage":"en-US","potentialAction":[{"@type":"ReadAction","target":["https:\/\/accessallartists.de\/artists\/hava\/"]}]},{"@type":"ImageObject","inLanguage":"en-US","@id":"https:\/\/accessallartists.de\/artists\/hava\/#primaryimage","url":"https:\/\/accessallartists.de\/wp-content\/uploads\/2023\/03\/aaa-artists-artist-hava.jpg","contentUrl":"https:\/\/accessallartists.de\/wp-content\/uploads\/2023\/03\/aaa-artists-artist-hava.jpg","width":768,"height":990},{"@type":"BreadcrumbList","@id":"https:\/\/accessallartists.de\/artists\/hava\/#breadcrumb","itemListElement":[{"@type":"ListItem","position":1,"name":"Startseite","item":"https:\/\/accessallartists.de\/"},{"@type":"ListItem","position":2,"name":"Portfolio","item":"https:\/\/accessallartists.de\/artists\/"},{"@type":"ListItem","position":3,"name":"Hava"}]},{"@type":"WebSite","@id":"https:\/\/accessallartists.de\/#website","url":"https:\/\/accessallartists.de\/","name":"Access all artists","description":"Home of Artists &amp; Concerts","publisher":{"@id":"https:\/\/accessallartists.de\/#organization"},"potentialAction":[{"@type":"SearchAction","target":{"@type":"EntryPoint","urlTemplate":"https:\/\/accessallartists.de\/?s={search_term_string}"},"query-input":{"@type":"PropertyValueSpecification","valueRequired":true,"valueName":"search_term_string"}}],"inLanguage":"en-US"},{"@type":"Organization","@id":"https:\/\/accessallartists.de\/#organization","name":"Access all artists","url":"https:\/\/accessallartists.de\/","logo":{"@type":"ImageObject","inLanguage":"en-US","@id":"https:\/\/accessallartists.de\/#\/schema\/logo\/image\/","url":"https:\/\/accessallartists.de\/wp-content\/uploads\/2023\/03\/aaa-seo-icon-image.jpg","contentUrl":"https:\/\/accessallartists.de\/wp-content\/uploads\/2023\/03\/aaa-seo-icon-image.jpg","width":600,"height":600,"caption":"Access all artists"},"image":{"@id":"https:\/\/accessallartists.de\/#\/schema\/logo\/image\/"},"sameAs":["http:\/\/www.facebook.com\/aaa_accessallartists","https:\/\/x.com\/accesallartists","https:\/\/www.instagram.com\/aaa_accessallartists","https:\/\/www.youtube.com\/channel\/UCWQJiDSzXSCWrjcGmxQwpag"]}]}},"_links":{"self":[{"href":"https:\/\/accessallartists.de\/en\/wp-json\/wp\/v2\/dt_portfolio\/57709","targetHints":{"allow":["GET"]}}],"collection":[{"href":"https:\/\/accessallartists.de\/en\/wp-json\/wp\/v2\/dt_portfolio"}],"about":[{"href":"https:\/\/accessallartists.de\/en\/wp-json\/wp\/v2\/types\/dt_portfolio"}],"author":[{"embeddable":true,"href":"https:\/\/accessallartists.de\/en\/wp-json\/wp\/v2\/users\/1"}],"replies":[{"embeddable":true,"href":"https:\/\/accessallartists.de\/en\/wp-json\/wp\/v2\/comments?post=57709"}],"version-history":[{"count":1,"href":"https:\/\/accessallartists.de\/en\/wp-json\/wp\/v2\/dt_portfolio\/57709\/revisions"}],"predecessor-version":[{"id":57710,"href":"https:\/\/accessallartists.de\/en\/wp-json\/wp\/v2\/dt_portfolio\/57709\/revisions\/57710"}],"wp:featuredmedia":[{"embeddable":true,"href":"https:\/\/accessallartists.de\/en\/wp-json\/wp\/v2\/media\/57766"}],"wp:attachment":[{"href":"https:\/\/accessallartists.de\/en\/wp-json\/wp\/v2\/media?parent=57709"}],"wp:term":[{"taxonomy":"dt_portfolio_category","embeddable":true,"href":"https:\/\/accessallartists.de\/en\/wp-json\/wp\/v2\/dt_portfolio_category?post=57709"},{"taxonomy":"dt_portfolio_tags","embeddable":true,"href":"https:\/\/accessallartists.de\/en\/wp-json\/wp\/v2\/dt_portfolio_tags?post=57709"}],"curies":[{"name":"wp","href":"https:\/\/api.w.org\/{rel}","templated":true}]}}