{"id":58778,"date":"2024-09-20T13:17:31","date_gmt":"2024-09-20T11:17:31","guid":{"rendered":"https:\/\/accessallartists.de\/?post_type=dt_portfolio&amp;p=58778"},"modified":"2024-09-20T13:17:31","modified_gmt":"2024-09-20T11:17:31","slug":"dafina-zeqiri","status":"publish","type":"dt_portfolio","link":"https:\/\/accessallartists.de\/en\/artists\/dafina-zeqiri\/","title":{"rendered":"Dafina Zeqiri"},"content":{"rendered":"<section class=\"wpb-content-wrapper\"><div class=\"vc_row wpb_row vc_row-fluid\"><div class=\"wpb_column vc_column_container vc_col-sm-12\"><div class=\"vc_column-inner\"><div class=\"wpb_wrapper\">\n\t<div class=\"wpb_text_column wpb_content_element\" >\n\t\t<div class=\"wpb_wrapper\">\n\t\t\t<div id=\"rdp-we-main\" data-resource=\"https:\/\/en.wikipedia.org\/wiki\/Dafina_Zeqiri\">\n<div id=\"rdp-we-mw-aria-live-region\" class=\"mw-aria-live-region\" aria-live=\"polite\"><\/div>\n\n<div class=\"mw-page-container\">\n\t<div class=\"mw-page-container-inner\">\n\t\t<div class=\"vector-sitenotice-container\">\n\t\t\t<div id=\"rdp-we-siteNotice\"><!-- CentralNotice --><\/div>\n\t\t<\/div>\n\t\t<div class=\"vector-column-start\">\n\t\t\t\n\t\n\t\t<\/div>\n\t\t<div class=\"mw-content-container\">\n\t\t\t<main id=\"rdp-we-content\" class=\"mw-body\">\n\t\t\t\t<header class=\"mw-body-header vector-page-titlebar no-font-mode-scale\">\n\t\t\t\t\t\n\t\t\t\t\t<h1 id=\"rdp-we-firstHeading\" class=\"firstHeading mw-first-heading\"><span lang=\"en\" dir=\"ltr\"><span class=\"mw-page-title-main\">Dafina Zeqiri<\/span><\/span><\/h1>\n\t\t\t\n\n<\/header>\n\t\t\t\t\n\t\t\t\t\n\t\t\t\t<div id=\"rdp-we-bodyContent\" class=\"vector-body\" aria-labelledby=\"firstHeading\" data-mw-ve-target-container>\n\t\t\t\t\t<div class=\"vector-body-before-content\">\n\t\t\t\t\t\t\t\n\n\t\t\t\t\t\t\n\t\t\t\t\t<\/div>\n\t\t\t\t\t\n\t\t\t\t\t\n\t\t\t\t\t\n\t\t\t\t\t<div id=\"rdp-we-mw-content-text\" class=\"mw-body-content\"><div class=\"mw-content-ltr mw-parser-output\" lang=\"en\" dir=\"ltr\" data-mw-parsoid-version=\"0.24.0.0-alpha21\" data-mw-html-version=\"2.8.0\"><section data-mw-section-id=\"0\" id=\"rdp-we-mwAQ\"><p class=\"mw-empty-elt\" id=\"rdp-we-mwAg\"><span typeof=\"mw:Nowiki mw:Transclusion\" about=\"#mwt1\" id=\"rdp-we-mwAw\" data-mw='{\"parts\":[{\"template\":{\"target\":{\"wt\":\"pp-vandalism\",\"href\":\".\/Template:Pp-vandalism\"},\"params\":{\"small\":{\"wt\":\"yes\"}},\"i\":0}}]}'><\/span><meta typeof=\"mw:Extension\/indicator\" about=\"#mwt1\" id=\"rdp-we-mwBA\" data-mw='{\"name\":\"indicator\",\"attrs\":{\"name\":\"pp-default\"},\"body\":{\"extsrc\":\"[[File:Semi-protection-shackle.svg|20px|link=Wikipedia:Protection policy#semi|alt=Page semi-protected|This article is semi-protected due to vandalism]]\"}}'\/><link rel=\"mw:PageProp\/Category\" href=\".\/Category:Wikipedia_pages_semi-protected_against_vandalism#Dafina%20Zeqiri\" about=\"#mwt1\" id=\"rdp-we-mwBQ\"\/>\n<span typeof=\"mw:Nowiki mw:Transclusion\" about=\"#mwt3\" id=\"rdp-we-mwBg\" data-mw='{\"parts\":[{\"template\":{\"target\":{\"wt\":\"Use dmy dates\",\"href\":\".\/Template:Use_dmy_dates\"},\"params\":{\"date\":{\"wt\":\"March 2022\"}},\"i\":0}}]}'><\/span><link rel=\"mw:PageProp\/Category\" href=\".\/Category:Use_dmy_dates_from_March_2022\" about=\"#mwt3\" id=\"rdp-we-mwBw\"\/><\/p>\n<div class=\"shortdescription nomobile noexcerpt noprint searchaux\" style=\"display:none\" about=\"#mwt4\" typeof=\"mw:Transclusion\" id=\"rdp-we-mwCA\" data-mw='{\"parts\":[{\"template\":{\"target\":{\"wt\":\"Short description\",\"href\":\".\/Template:Short_description\"},\"params\":{\"1\":{\"wt\":\"Swedish-born Kosovar singer (born 1989)\"}},\"i\":0}}]}'>Swedish-born Kosovar singer (born 1989)<\/div><span class=\"mw-empty-elt\" about=\"#mwt4\"><link rel=\"mw:PageProp\/Category\" href=\".\/Category:Articles_with_short_description\"\/><link rel=\"mw:PageProp\/Category\" href=\".\/Category:Short_description_is_different_from_Wikidata\"\/><\/span>\n<span class=\"mw-empty-elt\" about=\"#mwt5\" typeof=\"mw:Transclusion\" id=\"rdp-we-mwCQ\" data-mw='{\"parts\":[{\"template\":{\"target\":{\"wt\":\"About\",\"href\":\".\/Template:About\"},\"params\":{\"1\":{\"wt\":\"the singer\"},\"2\":{\"wt\":\"the composer\"},\"3\":{\"wt\":\"Dafina Zeqiri (composer)\"}},\"i\":0}}]}'><\/span><div role=\"note\" class=\"hatnote navigation-not-searchable\" about=\"#mwt5\" id=\"rdp-we-mwCg\">This article is about the singer. For the composer, see <a rel=\"mw:WikiLink\" href=\"https:\/\/en.wikipedia.org\/wiki\/Dafina_Zeqiri_(composer)\" title=\"Dafina Zeqiri (composer)\" target=\"_new\" class=\"wiki-link\">Dafina Zeqiri (composer)<\/a>.<\/div>\n<span class=\"mw-empty-elt\" about=\"#mwt7\" typeof=\"mw:Transclusion\" id=\"rdp-we-mwCw\" data-mw='{\"parts\":[{\"template\":{\"target\":{\"wt\":\"Infobox person\\n\",\"href\":\".\/Template:Infobox_person\"},\"params\":{\"name\":{\"wt\":\"Dafina Zeqiri\"},\"image\":{\"wt\":\"\"},\"alt\":{\"wt\":\"\"},\"caption\":{\"wt\":\"\"},\"birth_name\":{\"wt\":\"\"},\"birth_date\":{\"wt\":\"{{Birth date and age|1989|4|14|df=yes}}\"},\"birth_place\":{\"wt\":\"[[Varberg]], [[Sweden]]\"},\"other_names\":{\"wt\":\"Duffye\"},\"occupation\":{\"wt\":\"Singer, songwriter\"},\"years_active\":{\"wt\":\"2008\u2013present\"},\"known_for\":{\"wt\":\"\"},\"notable_works\":{\"wt\":\"[[Dafina Zeqiri discography|Discography]]\"},\"website\":{\"wt\":\"\"},\"module\":{\"wt\":\"{{Infobox musical artist\\n | embed         = yes\\n | genre         = {{flatlist|\\n*[[Pop music|Pop]]\\n*[[Contemporary R&amp;B|R&amp;B]]\\n*[[Soul music|soul]]\\n*[[Trap music|trap]]}}\\n | instrument    =\\n | label         = Moneyz}}\"},\"signature\":{\"wt\":\"Dafina Zeqiri (n\u00ebnshkrim).svg\"},\"signature_size\":{\"wt\":\"90px\"}},\"i\":0}}]}'><\/span><span class=\"mw-empty-elt\" about=\"#mwt7\"><link rel=\"mw:PageProp\/Category\" href=\".\/Category:Biography_with_signature\"\/><link rel=\"mw:PageProp\/Category\" href=\".\/Category:Articles_with_hCards\"\/><\/span>\n\n<p id=\"rdp-we-mwDA\"><b id=\"rdp-we-mwDQ\">Dafina Zeqiri<\/b> (<span class=\"IPA-label IPA-label-small\" about=\"#mwt11\">Albanian:<\/span><span about=\"#mwt11\"> <\/span><span class=\"IPA nowrap\" lang=\"sq-Latn-fonipa\" about=\"#mwt11\"><a rel=\"mw:WikiLink\" href=\"https:\/\/en.wikipedia.org\/wiki\/Help:IPA\/Albanian\" title=\"Help:IPA\/Albanian\" target=\"_new\" class=\"wiki-link\"><span typeof=\"mw:Entity\">[<\/span>da\u02c8fina<span class=\"wrap\"> <\/span>z\u025b\u02c8ci\u027ei<span typeof=\"mw:Entity\">]<\/span><\/a><\/span><link rel=\"mw:PageProp\/Category\" href=\".\/Category:Pages_with_Albanian_IPA\" about=\"#mwt11\" id=\"rdp-we-mwDw\"\/>; born 14 April 1989), also known mononymously as <b id=\"rdp-we-mwEA\">Dafina<\/b>, is a Swedish-born Kosovar singer and songwriter who predominantly sings in <a rel=\"mw:WikiLink\" href=\"https:\/\/en.wikipedia.org\/wiki\/Albanian_language\" title=\"Albanian language\" id=\"rdp-we-mwEQ\" target=\"_new\" class=\"wiki-link\">Albanian<\/a>. <\/p>\n\n<p id=\"rdp-we-mwEg\">Dafina Zeqiri married businessman Kreshnik Gjergji in 2024; the couple have a son named Daskan and are currently expecting their second child. <sup about=\"#mwt15\" class=\"mw-ref reference\" id=\"rdp-we-cite_ref-voxnews_1-0\" rel=\"dc:references\" typeof=\"mw:Extension\/ref\" data-mw='{\"name\":\"ref\",\"attrs\":{\"name\":\"voxnews\"},\"body\":{\"id\":\"mw-reference-text-cite_note-voxnews-1\"}}'><a href=\"#cite_note-voxnews-1\" id=\"rdp-we-mwEw\"><span class=\"mw-reflink-text\" id=\"rdp-we-mwFA\"><span class=\"cite-bracket\" id=\"rdp-we-mwFQ\">[<\/span>1<span class=\"cite-bracket\" id=\"rdp-we-mwFg\">]<\/span><\/span><\/a><\/sup> <sup about=\"#mwt18\" class=\"mw-ref reference\" id=\"rdp-we-cite_ref-balkanweb_2-0\" rel=\"dc:references\" typeof=\"mw:Extension\/ref\" data-mw='{\"name\":\"ref\",\"attrs\":{\"name\":\"balkanweb\"},\"body\":{\"id\":\"mw-reference-text-cite_note-balkanweb-2\"}}'><a href=\"#cite_note-balkanweb-2\" id=\"rdp-we-mwFw\"><span class=\"mw-reflink-text\" id=\"rdp-we-mwGA\"><span class=\"cite-bracket\" id=\"rdp-we-mwGQ\">[<\/span>2<span class=\"cite-bracket\" id=\"rdp-we-mwGg\">]<\/span><\/span><\/a><\/sup><\/p>\n\n<meta property=\"mw:PageProp\/toc\" id=\"rdp-we-mwGw\" data-mw='{\"autoGenerated\":true}'\/><\/section><section data-mw-section-id=\"1\" id=\"rdp-we-mwHA\" aria-labelledby=\"Life_and_career\"><div class=\"mw-heading mw-heading2\"><h2 id=\"rdp-we-Life_and_career\">Life and career<\/h2><\/div>\n\n<p id=\"rdp-we-mwHQ\">Dafina Zeqiri was born on 14 April 1989 into an <a rel=\"mw:WikiLink\" href=\"https:\/\/en.wikipedia.org\/wiki\/Albanians\" title=\"Albanians\" id=\"rdp-we-mwHg\" target=\"_new\" class=\"wiki-link\">Albanian<\/a> family from <a rel=\"mw:WikiLink\" href=\"https:\/\/en.wikipedia.org\/wiki\/Kosovo\" title=\"Kosovo\" id=\"rdp-we-mwHw\" target=\"_new\" class=\"wiki-link\">Kosovo<\/a> in the city of <a rel=\"mw:WikiLink\" href=\"https:\/\/en.wikipedia.org\/wiki\/Varberg\" title=\"Varberg\" id=\"rdp-we-mwIA\" target=\"_new\" class=\"wiki-link\">Varberg<\/a>, <a rel=\"mw:WikiLink\" href=\"https:\/\/en.wikipedia.org\/wiki\/Sweden\" title=\"Sweden\" id=\"rdp-we-mwIQ\" target=\"_new\" class=\"wiki-link\">Sweden<\/a>.<sup about=\"#mwt21\" class=\"mw-ref reference\" id=\"rdp-we-cite_ref-TeksteShqip_3-0\" rel=\"dc:references\" typeof=\"mw:Extension\/ref\" data-mw='{\"name\":\"ref\",\"attrs\":{\"name\":\"TeksteShqip\"},\"body\":{\"id\":\"mw-reference-text-cite_note-TeksteShqip-3\"}}'><a href=\"#cite_note-TeksteShqip-3\" id=\"rdp-we-mwIg\"><span class=\"mw-reflink-text\" id=\"rdp-we-mwIw\"><span class=\"cite-bracket\" id=\"rdp-we-mwJA\">[<\/span>3<span class=\"cite-bracket\" id=\"rdp-we-mwJQ\">]<\/span><\/span><\/a><\/sup><sup about=\"#mwt24\" class=\"mw-ref reference\" id=\"rdp-we-cite_ref-Top_Channel_4-0\" rel=\"dc:references\" typeof=\"mw:Extension\/ref\" data-mw='{\"name\":\"ref\",\"attrs\":{\"name\":\"Top Channel\"},\"body\":{\"id\":\"mw-reference-text-cite_note-Top_Channel-4\"}}'><a href=\"#cite_note-Top_Channel-4\" id=\"rdp-we-mwJg\"><span class=\"mw-reflink-text\" id=\"rdp-we-mwJw\"><span class=\"cite-bracket\" id=\"rdp-we-mwKA\">[<\/span>4<span class=\"cite-bracket\" id=\"rdp-we-mwKQ\">]<\/span><\/span><\/a><\/sup> Her siblings are Tringa Zeqiri and Besa Tafari <i id=\"rdp-we-mwKg\">n\u00e9e<\/i> Zeqiri.<sup about=\"#mwt27\" class=\"mw-ref reference\" id=\"rdp-we-cite_ref-5\" rel=\"dc:references\" typeof=\"mw:Extension\/ref\" data-mw='{\"name\":\"ref\",\"attrs\":{},\"body\":{\"id\":\"mw-reference-text-cite_note-5\"}}'><a href=\"#cite_note-5\" id=\"rdp-we-mwKw\"><span class=\"mw-reflink-text\" id=\"rdp-we-mwLA\"><span class=\"cite-bracket\" id=\"rdp-we-mwLQ\">[<\/span>5<span class=\"cite-bracket\" id=\"rdp-we-mwLg\">]<\/span><\/span><\/a><\/sup><sup about=\"#mwt30\" class=\"mw-ref reference\" id=\"rdp-we-cite_ref-6\" rel=\"dc:references\" typeof=\"mw:Extension\/ref\" data-mw='{\"name\":\"ref\",\"attrs\":{},\"body\":{\"id\":\"mw-reference-text-cite_note-6\"}}'><a href=\"#cite_note-6\" id=\"rdp-we-mwLw\"><span class=\"mw-reflink-text\" id=\"rdp-we-mwMA\"><span class=\"cite-bracket\" id=\"rdp-we-mwMQ\">[<\/span>6<span class=\"cite-bracket\" id=\"rdp-we-mwMg\">]<\/span><\/span><\/a><\/sup><sup about=\"#mwt33\" class=\"mw-ref reference\" id=\"rdp-we-cite_ref-7\" rel=\"dc:references\" typeof=\"mw:Extension\/ref\" data-mw='{\"name\":\"ref\",\"attrs\":{},\"body\":{\"id\":\"mw-reference-text-cite_note-7\"}}'><a href=\"#cite_note-7\" id=\"rdp-we-mwMw\"><span class=\"mw-reflink-text\" id=\"rdp-we-mwNA\"><span class=\"cite-bracket\" id=\"rdp-we-mwNQ\">[<\/span>7<span class=\"cite-bracket\" id=\"rdp-we-mwNg\">]<\/span><\/span><\/a><\/sup> Dafina's father, Nebih Bajraktari, left her family at a very early age and was absent since then.<sup about=\"#mwt36\" class=\"mw-ref reference\" id=\"rdp-we-cite_ref-8\" rel=\"dc:references\" typeof=\"mw:Extension\/ref\" data-mw='{\"name\":\"ref\",\"attrs\":{},\"body\":{\"id\":\"mw-reference-text-cite_note-8\"}}'><a href=\"#cite_note-8\" id=\"rdp-we-mwNw\"><span class=\"mw-reflink-text\" id=\"rdp-we-mwOA\"><span class=\"cite-bracket\" id=\"rdp-we-mwOQ\">[<\/span>8<span class=\"cite-bracket\" id=\"rdp-we-mwOg\">]<\/span><\/span><\/a><\/sup><sup about=\"#mwt39\" class=\"mw-ref reference\" id=\"rdp-we-cite_ref-9\" rel=\"dc:references\" typeof=\"mw:Extension\/ref\" data-mw='{\"name\":\"ref\",\"attrs\":{},\"body\":{\"id\":\"mw-reference-text-cite_note-9\"}}'><a href=\"#cite_note-9\" id=\"rdp-we-mwOw\"><span class=\"mw-reflink-text\" id=\"rdp-we-mwPA\"><span class=\"cite-bracket\" id=\"rdp-we-mwPQ\">[<\/span>9<span class=\"cite-bracket\" id=\"rdp-we-mwPg\">]<\/span><\/span><\/a><\/sup> He later gave a public speech asking her to forgive him, although Dafina never made any replies.<sup about=\"#mwt42\" class=\"mw-ref reference\" id=\"rdp-we-cite_ref-10\" rel=\"dc:references\" typeof=\"mw:Extension\/ref\" data-mw='{\"name\":\"ref\",\"attrs\":{},\"body\":{\"id\":\"mw-reference-text-cite_note-10\"}}'><a href=\"#cite_note-10\" id=\"rdp-we-mwPw\"><span class=\"mw-reflink-text\" id=\"rdp-we-mwQA\"><span class=\"cite-bracket\" id=\"rdp-we-mwQQ\">[<\/span>10<span class=\"cite-bracket\" id=\"rdp-we-mwQg\">]<\/span><\/span><\/a><\/sup> Her mother is Melihate Zeqiri, a former singer in the 1980s.<sup about=\"#mwt45\" class=\"mw-ref reference\" id=\"rdp-we-cite_ref-11\" rel=\"dc:references\" typeof=\"mw:Extension\/ref\" data-mw='{\"name\":\"ref\",\"attrs\":{},\"body\":{\"id\":\"mw-reference-text-cite_note-11\"}}'><a href=\"#cite_note-11\" id=\"rdp-we-mwQw\"><span class=\"mw-reflink-text\" id=\"rdp-we-mwRA\"><span class=\"cite-bracket\" id=\"rdp-we-mwRQ\">[<\/span>11<span class=\"cite-bracket\" id=\"rdp-we-mwRg\">]<\/span><\/span><\/a><\/sup><\/p>\n\n<p id=\"rdp-we-mwRw\">In 2007, Zeqiri performed at Polifest Festival and was nominated for her song, \"Rrall\u00eb e P\u00ebrmall\u00eb,\" and eventually won the competition. In 2008, Zeqiri received a BOOM Award Nomination for her song \"Adios,\" and was awarded with the audience award. In the same year, she launched her first album titled <i id=\"rdp-we-mwSA\">Knock Down<\/i>. Shortly afterwards, in her continued participation in <a rel=\"mw:WikiLink\" href=\"https:\/\/en.wikipedia.org\/wiki\/K\u00ebnga_Magjike\" title=\"K\u00ebnga Magjike\" id=\"rdp-we-mwSQ\" target=\"_new\" class=\"wiki-link\">K\u00ebnga Magjike<\/a>, she received the \"First Magic\" award for her song, \"Baterit\u00eb\".<\/p>\n\n<p id=\"rdp-we-mwSg\">Zeqiri's success continued with two collaborations with singers Blero &amp; F-Kay with the song \"La Vida Loca\" and Capital T &amp; 2po2, \"Shum\u00eb Nalt\u00eb\". In May 2009, she won \"Best RNB\" in Top Fest 6 with the song \"Dua q\u00eb ta di\".  During 2009, two of her clips were very successful: \"Shum\u00eb Larg\" (directed by Stamps Pictures) and \"Amazing Girl\" (directed by Entermedia).<sup about=\"#mwt48\" class=\"mw-ref reference\" id=\"rdp-we-cite_ref-12\" rel=\"dc:references\" typeof=\"mw:Extension\/ref\" data-mw='{\"name\":\"ref\",\"attrs\":{},\"body\":{\"id\":\"mw-reference-text-cite_note-12\"}}'><a href=\"#cite_note-12\" id=\"rdp-we-mwSw\"><span class=\"mw-reflink-text\" id=\"rdp-we-mwTA\"><span class=\"cite-bracket\" id=\"rdp-we-mwTQ\">[<\/span>12<span class=\"cite-bracket\" id=\"rdp-we-mwTg\">]<\/span><\/span><\/a><\/sup><sup about=\"#mwt51\" class=\"mw-ref reference\" id=\"rdp-we-cite_ref-13\" rel=\"dc:references\" typeof=\"mw:Extension\/ref\" data-mw='{\"name\":\"ref\",\"attrs\":{},\"body\":{\"id\":\"mw-reference-text-cite_note-13\"}}'><a href=\"#cite_note-13\" id=\"rdp-we-mwTw\"><span class=\"mw-reflink-text\" id=\"rdp-we-mwUA\"><span class=\"cite-bracket\" id=\"rdp-we-mwUQ\">[<\/span>13<span class=\"cite-bracket\" id=\"rdp-we-mwUg\">]<\/span><\/span><\/a><\/sup> In 2010, she traveled to Australia to shoot the music video for \"Rock This Club.\" In December 2011, Zeqiri released the song D&amp;G included, a song she has made with Albanian rapper Getoar Selimi. She has already launched \"Tonight,\" which is also included in the new album \"Just Me\". She launched 2 new music videos \"Ve\u00e7 Ti\" and \"Bloodah\".<\/p>\n\n<section data-mw-section-id=\"2\" id=\"rdp-we-mwUw\" aria-labelledby=\"2015\u2013present:_King_EP_and_Dafin\u00eb_moj\"><div class=\"mw-heading mw-heading3\"><h3 id=\"rdp-we-2015\u2013present:_King_EP_and_Dafin\u00eb_moj\"><span id=\"rdp-we-2015.E2.80.93present:_King_EP_and_Dafin.C3.AB_moj\" typeof=\"mw:FallbackId\"><\/span>2015\u2013present: <i id=\"rdp-we-mwVA\">King EP<\/i> and <i id=\"rdp-we-mwVQ\">Dafin\u00eb moj<\/i><\/h3><\/div>\n\n<p id=\"rdp-we-mwVg\">With the release of \"Liri\" in March 2016, she received an award for the best production at the 2016 <a rel=\"mw:WikiLink\" href=\"https:\/\/en.wikipedia.org\/wiki\/Net\u00ebt_e_Klipit_Shqiptar\" title=\"Net\u00ebt e Klipit Shqiptar\" id=\"rdp-we-mwVw\" target=\"_new\" class=\"wiki-link\">Net\u00ebt e Klipit Shqiptar<\/a> gala in <a rel=\"mw:WikiLink\" href=\"https:\/\/en.wikipedia.org\/wiki\/Tirana\" title=\"Tirana\" id=\"rdp-we-mwWA\" target=\"_new\" class=\"wiki-link\">Tirana<\/a>, Albania.<sup about=\"#mwt54\" class=\"mw-ref reference\" id=\"rdp-we-cite_ref-14\" rel=\"dc:references\" typeof=\"mw:Extension\/ref\" data-mw='{\"name\":\"ref\",\"attrs\":{},\"body\":{\"id\":\"mw-reference-text-cite_note-14\"}}'><a href=\"#cite_note-14\" id=\"rdp-we-mwWQ\"><span class=\"mw-reflink-text\" id=\"rdp-we-mwWg\"><span class=\"cite-bracket\" id=\"rdp-we-mwWw\">[<\/span>14<span class=\"cite-bracket\" id=\"rdp-we-mwXA\">]<\/span><\/span><\/a><\/sup><sup about=\"#mwt57\" class=\"mw-ref reference\" id=\"rdp-we-cite_ref-15\" rel=\"dc:references\" typeof=\"mw:Extension\/ref\" data-mw='{\"name\":\"ref\",\"attrs\":{},\"body\":{\"id\":\"mw-reference-text-cite_note-15\"}}'><a href=\"#cite_note-15\" id=\"rdp-we-mwXQ\"><span class=\"mw-reflink-text\" id=\"rdp-we-mwXg\"><span class=\"cite-bracket\" id=\"rdp-we-mwXw\">[<\/span>15<span class=\"cite-bracket\" id=\"rdp-we-mwYA\">]<\/span><\/span><\/a><\/sup> In 2016, Dafina moved to <a rel=\"mw:WikiLink\" href=\"https:\/\/en.wikipedia.org\/wiki\/Manhattan\" title=\"Manhattan\" id=\"rdp-we-mwYQ\" target=\"_new\" class=\"wiki-link\">Manhattan<\/a> in the <a rel=\"mw:WikiLink\" href=\"https:\/\/en.wikipedia.org\/wiki\/United_States\" title=\"United States\" id=\"rdp-we-mwYg\" target=\"_new\" class=\"wiki-link\">United States<\/a>.<sup about=\"#mwt60\" class=\"mw-ref reference\" id=\"rdp-we-cite_ref-16\" rel=\"dc:references\" typeof=\"mw:Extension\/ref\" data-mw='{\"name\":\"ref\",\"attrs\":{},\"body\":{\"id\":\"mw-reference-text-cite_note-16\"}}'><a href=\"#cite_note-16\" id=\"rdp-we-mwYw\"><span class=\"mw-reflink-text\" id=\"rdp-we-mwZA\"><span class=\"cite-bracket\" id=\"rdp-we-mwZQ\">[<\/span>16<span class=\"cite-bracket\" id=\"rdp-we-mwZg\">]<\/span><\/span><\/a><\/sup><sup about=\"#mwt63\" class=\"mw-ref reference\" id=\"rdp-we-cite_ref-17\" rel=\"dc:references\" typeof=\"mw:Extension\/ref\" data-mw='{\"name\":\"ref\",\"attrs\":{},\"body\":{\"id\":\"mw-reference-text-cite_note-17\"}}'><a href=\"#cite_note-17\" id=\"rdp-we-mwZw\"><span class=\"mw-reflink-text\" id=\"rdp-we-mwaA\"><span class=\"cite-bracket\" id=\"rdp-we-mwaQ\">[<\/span>17<span class=\"cite-bracket\" id=\"rdp-we-mwag\">]<\/span><\/span><\/a><\/sup> Following several months spent in the United States, Zeqiri released her first extended play, <i id=\"rdp-we-mwaw\">King<\/i>, in November 2017.<sup about=\"#mwt66\" class=\"mw-ref reference\" id=\"rdp-we-cite_ref-18\" rel=\"dc:references\" typeof=\"mw:Extension\/ref\" data-mw='{\"name\":\"ref\",\"attrs\":{},\"body\":{\"id\":\"mw-reference-text-cite_note-18\"}}'><a href=\"#cite_note-18\" id=\"rdp-we-mwbA\"><span class=\"mw-reflink-text\" id=\"rdp-we-mwbQ\"><span class=\"cite-bracket\" id=\"rdp-we-mwbg\">[<\/span>18<span class=\"cite-bracket\" id=\"rdp-we-mwbw\">]<\/span><\/span><\/a><\/sup> The record was aided by its lead single \"Four Season\" in March 2017, which reached number three in Albania.<sup about=\"#mwt69\" class=\"mw-ref reference\" id=\"rdp-we-cite_ref-19\" rel=\"dc:references\" typeof=\"mw:Extension\/ref\" data-mw='{\"name\":\"ref\",\"attrs\":{},\"body\":{\"id\":\"mw-reference-text-cite_note-19\"}}'><a href=\"#cite_note-19\" id=\"rdp-we-mwcA\"><span class=\"mw-reflink-text\" id=\"rdp-we-mwcQ\"><span class=\"cite-bracket\" id=\"rdp-we-mwcg\">[<\/span>19<span class=\"cite-bracket\" id=\"rdp-we-mwcw\">]<\/span><\/span><\/a><\/sup> The single's music video featured a guest appearance by Moroccan-American rapper <a rel=\"mw:WikiLink\" href=\"https:\/\/en.wikipedia.org\/wiki\/French_Montana\" title=\"French Montana\" id=\"rdp-we-mwdA\" target=\"_new\" class=\"wiki-link\">French Montana<\/a>.<sup about=\"#mwt72\" class=\"mw-ref reference\" id=\"rdp-we-cite_ref-20\" rel=\"dc:references\" typeof=\"mw:Extension\/ref\" data-mw='{\"name\":\"ref\",\"attrs\":{},\"body\":{\"id\":\"mw-reference-text-cite_note-20\"}}'><a href=\"#cite_note-20\" id=\"rdp-we-mwdQ\"><span class=\"mw-reflink-text\" id=\"rdp-we-mwdg\"><span class=\"cite-bracket\" id=\"rdp-we-mwdw\">[<\/span>20<span class=\"cite-bracket\" id=\"rdp-we-mweA\">]<\/span><\/span><\/a><\/sup><sup about=\"#mwt75\" class=\"mw-ref reference\" id=\"rdp-we-cite_ref-21\" rel=\"dc:references\" typeof=\"mw:Extension\/ref\" data-mw='{\"name\":\"ref\",\"attrs\":{},\"body\":{\"id\":\"mw-reference-text-cite_note-21\"}}'><a href=\"#cite_note-21\" id=\"rdp-we-mweQ\"><span class=\"mw-reflink-text\" id=\"rdp-we-mweg\"><span class=\"cite-bracket\" id=\"rdp-we-mwew\">[<\/span>21<span class=\"cite-bracket\" id=\"rdp-we-mwfA\">]<\/span><\/span><\/a><\/sup> Titled \"Told Ya\", the second single from the extended play, peaked at number one in October 2017.<sup about=\"#mwt78\" class=\"mw-ref reference\" id=\"rdp-we-cite_ref-22\" rel=\"dc:references\" typeof=\"mw:Extension\/ref\" data-mw='{\"name\":\"ref\",\"attrs\":{},\"body\":{\"id\":\"mw-reference-text-cite_note-22\"}}'><a href=\"#cite_note-22\" id=\"rdp-we-mwfQ\"><span class=\"mw-reflink-text\" id=\"rdp-we-mwfg\"><span class=\"cite-bracket\" id=\"rdp-we-mwfw\">[<\/span>22<span class=\"cite-bracket\" id=\"rdp-we-mwgA\">]<\/span><\/span><\/a><\/sup><sup about=\"#mwt81\" class=\"mw-ref reference\" id=\"rdp-we-cite_ref-23\" rel=\"dc:references\" typeof=\"mw:Extension\/ref\" data-mw='{\"name\":\"ref\",\"attrs\":{},\"body\":{\"id\":\"mw-reference-text-cite_note-23\"}}'><a href=\"#cite_note-23\" id=\"rdp-we-mwgQ\"><span class=\"mw-reflink-text\" id=\"rdp-we-mwgg\"><span class=\"cite-bracket\" id=\"rdp-we-mwgw\">[<\/span>23<span class=\"cite-bracket\" id=\"rdp-we-mwhA\">]<\/span><\/span><\/a><\/sup> The non-album release \"Ti e din\" followed in December 2017 and eventually reached number two in the same month.<sup about=\"#mwt84\" class=\"mw-ref reference\" id=\"rdp-we-cite_ref-24\" rel=\"dc:references\" typeof=\"mw:Extension\/ref\" data-mw='{\"name\":\"ref\",\"attrs\":{},\"body\":{\"id\":\"mw-reference-text-cite_note-24\"}}'><a href=\"#cite_note-24\" id=\"rdp-we-mwhQ\"><span class=\"mw-reflink-text\" id=\"rdp-we-mwhg\"><span class=\"cite-bracket\" id=\"rdp-we-mwhw\">[<\/span>24<span class=\"cite-bracket\" id=\"rdp-we-mwiA\">]<\/span><\/span><\/a><\/sup><sup about=\"#mwt87\" class=\"mw-ref reference\" id=\"rdp-we-cite_ref-25\" rel=\"dc:references\" typeof=\"mw:Extension\/ref\" data-mw='{\"name\":\"ref\",\"attrs\":{},\"body\":{\"id\":\"mw-reference-text-cite_note-25\"}}'><a href=\"#cite_note-25\" id=\"rdp-we-mwiQ\"><span class=\"mw-reflink-text\" id=\"rdp-we-mwig\"><span class=\"cite-bracket\" id=\"rdp-we-mwiw\">[<\/span>25<span class=\"cite-bracket\" id=\"rdp-we-mwjA\">]<\/span><\/span><\/a><\/sup> In the span of 2018, the singer released four subsequent singles, \"Fuego\", \"Kalon\", \"Kurgjo nuk kallxojna\" and \"Alo\", with the latter two reaching the top 35 in Albania.<sup about=\"#mwt90\" class=\"mw-ref reference\" id=\"rdp-we-cite_ref-26\" rel=\"dc:references\" typeof=\"mw:Extension\/ref\" data-mw='{\"name\":\"ref\",\"attrs\":{},\"body\":{\"id\":\"mw-reference-text-cite_note-26\"}}'><a href=\"#cite_note-26\" id=\"rdp-we-mwjQ\"><span class=\"mw-reflink-text\" id=\"rdp-we-mwjg\"><span class=\"cite-bracket\" id=\"rdp-we-mwjw\">[<\/span>26<span class=\"cite-bracket\" id=\"rdp-we-mwkA\">]<\/span><\/span><\/a><\/sup><sup about=\"#mwt93\" class=\"mw-ref reference\" id=\"rdp-we-cite_ref-27\" rel=\"dc:references\" typeof=\"mw:Extension\/ref\" data-mw='{\"name\":\"ref\",\"attrs\":{},\"body\":{\"id\":\"mw-reference-text-cite_note-27\"}}'><a href=\"#cite_note-27\" id=\"rdp-we-mwkQ\"><span class=\"mw-reflink-text\" id=\"rdp-we-mwkg\"><span class=\"cite-bracket\" id=\"rdp-we-mwkw\">[<\/span>27<span class=\"cite-bracket\" id=\"rdp-we-mwlA\">]<\/span><\/span><\/a><\/sup><\/p>\n\n<p id=\"rdp-we-mwlQ\">In March 2020, Zeqiri was featured on Albanian producer <a rel=\"mw:WikiLink\" href=\"https:\/\/en.wikipedia.org\/wiki\/Cricket_(producer)\" title=\"Cricket (producer)\" id=\"rdp-we-mwlg\" target=\"_new\" class=\"wiki-link\">Cricket<\/a>'s \"Nj\u00eb her\u00eb n\u00eb jet\u00eb\", which peaked at number 5 in Albania and 132 on the Spotify charts in Switzerland.<sup about=\"#mwt96\" class=\"mw-ref reference\" id=\"rdp-we-cite_ref-28\" rel=\"dc:references\" typeof=\"mw:Extension\/ref\" data-mw='{\"name\":\"ref\",\"attrs\":{},\"body\":{\"id\":\"mw-reference-text-cite_note-28\"}}'><a href=\"#cite_note-28\" id=\"rdp-we-mwlw\"><span class=\"mw-reflink-text\" id=\"rdp-we-mwmA\"><span class=\"cite-bracket\" id=\"rdp-we-mwmQ\">[<\/span>28<span class=\"cite-bracket\" id=\"rdp-we-mwmg\">]<\/span><\/span><\/a><\/sup><sup about=\"#mwt99\" class=\"mw-ref reference\" id=\"rdp-we-cite_ref-29\" rel=\"dc:references\" typeof=\"mw:Extension\/ref\" data-mw='{\"name\":\"ref\",\"attrs\":{},\"body\":{\"id\":\"mw-reference-text-cite_note-29\"}}'><a href=\"#cite_note-29\" id=\"rdp-we-mwmw\"><span class=\"mw-reflink-text\" id=\"rdp-we-mwnA\"><span class=\"cite-bracket\" id=\"rdp-we-mwnQ\">[<\/span>29<span class=\"cite-bracket\" id=\"rdp-we-mwng\">]<\/span><\/span><\/a><\/sup><sup about=\"#mwt102\" class=\"mw-ref reference\" id=\"rdp-we-cite_ref-30\" rel=\"dc:references\" typeof=\"mw:Extension\/ref\" data-mw='{\"name\":\"ref\",\"attrs\":{},\"body\":{\"id\":\"mw-reference-text-cite_note-30\"}}'><a href=\"#cite_note-30\" id=\"rdp-we-mwnw\"><span class=\"mw-reflink-text\" id=\"rdp-we-mwoA\"><span class=\"cite-bracket\" id=\"rdp-we-mwoQ\">[<\/span>30<span class=\"cite-bracket\" id=\"rdp-we-mwog\">]<\/span><\/span><\/a><\/sup> In June 2020, she announced her upcoming second studio album, <i id=\"rdp-we-mwow\">Dafin\u00eb moj<\/i>.<sup about=\"#mwt105\" class=\"mw-ref reference\" id=\"rdp-we-cite_ref-31\" rel=\"dc:references\" typeof=\"mw:Extension\/ref\" data-mw='{\"name\":\"ref\",\"attrs\":{},\"body\":{\"id\":\"mw-reference-text-cite_note-31\"}}'><a href=\"#cite_note-31\" id=\"rdp-we-mwpA\"><span class=\"mw-reflink-text\" id=\"rdp-we-mwpQ\"><span class=\"cite-bracket\" id=\"rdp-we-mwpg\">[<\/span>31<span class=\"cite-bracket\" id=\"rdp-we-mwpw\">]<\/span><\/span><\/a><\/sup><sup about=\"#mwt108\" class=\"mw-ref reference\" id=\"rdp-we-cite_ref-32\" rel=\"dc:references\" typeof=\"mw:Extension\/ref\" data-mw='{\"name\":\"ref\",\"attrs\":{},\"body\":{\"id\":\"mw-reference-text-cite_note-32\"}}'><a href=\"#cite_note-32\" id=\"rdp-we-mwqA\"><span class=\"mw-reflink-text\" id=\"rdp-we-mwqQ\"><span class=\"cite-bracket\" id=\"rdp-we-mwqg\">[<\/span>32<span class=\"cite-bracket\" id=\"rdp-we-mwqw\">]<\/span><\/span><\/a><\/sup> Later in July 2020, she released <a rel=\"mw:WikiLink\" href=\"https:\/\/en.wikipedia.org\/wiki\/Aman_(song)\" title=\"Aman (song)\" id=\"rdp-we-mwrA\" target=\"_new\" class=\"wiki-link\">Aman<\/a>, the lead single from <i id=\"rdp-we-mwrQ\">Dafin\u00eb moj<\/i>, a collaboration with Albanian rappers <a rel=\"mw:WikiLink\" href=\"https:\/\/en.wikipedia.org\/wiki\/Ledri_Vula\" title=\"Ledri Vula\" id=\"rdp-we-mwrg\" target=\"_new\" class=\"wiki-link\">Ledri Vula<\/a> and Lumi B, which peaked at number 4 in Albania and 79 in Switzerland.<sup about=\"#mwt111\" class=\"mw-ref reference\" id=\"rdp-we-cite_ref-33\" rel=\"dc:references\" typeof=\"mw:Extension\/ref\" data-mw='{\"name\":\"ref\",\"attrs\":{},\"body\":{\"id\":\"mw-reference-text-cite_note-33\"}}'><a href=\"#cite_note-33\" id=\"rdp-we-mwrw\"><span class=\"mw-reflink-text\" id=\"rdp-we-mwsA\"><span class=\"cite-bracket\" id=\"rdp-we-mwsQ\">[<\/span>33<span class=\"cite-bracket\" id=\"rdp-we-mwsg\">]<\/span><\/span><\/a><\/sup><sup about=\"#mwt114\" class=\"mw-ref reference\" id=\"rdp-we-cite_ref-34\" rel=\"dc:references\" typeof=\"mw:Extension\/ref\" data-mw='{\"name\":\"ref\",\"attrs\":{},\"body\":{\"id\":\"mw-reference-text-cite_note-34\"}}'><a href=\"#cite_note-34\" id=\"rdp-we-mwsw\"><span class=\"mw-reflink-text\" id=\"rdp-we-mwtA\"><span class=\"cite-bracket\" id=\"rdp-we-mwtQ\">[<\/span>34<span class=\"cite-bracket\" id=\"rdp-we-mwtg\">]<\/span><\/span><\/a><\/sup><sup about=\"#mwt117\" class=\"mw-ref reference\" id=\"rdp-we-cite_ref-35\" rel=\"dc:references\" typeof=\"mw:Extension\/ref\" data-mw='{\"name\":\"ref\",\"attrs\":{},\"body\":{\"id\":\"mw-reference-text-cite_note-35\"}}'><a href=\"#cite_note-35\" id=\"rdp-we-mwtw\"><span class=\"mw-reflink-text\" id=\"rdp-we-mwuA\"><span class=\"cite-bracket\" id=\"rdp-we-mwuQ\">[<\/span>35<span class=\"cite-bracket\" id=\"rdp-we-mwug\">]<\/span><\/span><\/a><\/sup> The second single, titled \"<a rel=\"mw:WikiLink\" href=\"https:\/\/en.wikipedia.org\/wiki\/Million_$\" title=\"Million $\" id=\"rdp-we-mwuw\" target=\"_new\" class=\"wiki-link\">Million $<\/a>\", was moderately successful and reached number 20 in Albania and 82 in Switzerland.<sup about=\"#mwt120\" class=\"mw-ref reference\" id=\"rdp-we-cite_ref-36\" rel=\"dc:references\" typeof=\"mw:Extension\/ref\" data-mw='{\"name\":\"ref\",\"attrs\":{},\"body\":{\"id\":\"mw-reference-text-cite_note-36\"}}'><a href=\"#cite_note-36\" id=\"rdp-we-mwvA\"><span class=\"mw-reflink-text\" id=\"rdp-we-mwvQ\"><span class=\"cite-bracket\" id=\"rdp-we-mwvg\">[<\/span>36<span class=\"cite-bracket\" id=\"rdp-we-mwvw\">]<\/span><\/span><\/a><\/sup><sup about=\"#mwt123\" class=\"mw-ref reference\" id=\"rdp-we-cite_ref-37\" rel=\"dc:references\" typeof=\"mw:Extension\/ref\" data-mw='{\"name\":\"ref\",\"attrs\":{},\"body\":{\"id\":\"mw-reference-text-cite_note-37\"}}'><a href=\"#cite_note-37\" id=\"rdp-we-mwwA\"><span class=\"mw-reflink-text\" id=\"rdp-we-mwwQ\"><span class=\"cite-bracket\" id=\"rdp-we-mwwg\">[<\/span>37<span class=\"cite-bracket\" id=\"rdp-we-mwww\">]<\/span><\/span><\/a><\/sup><sup about=\"#mwt126\" class=\"mw-ref reference\" id=\"rdp-we-cite_ref-38\" rel=\"dc:references\" typeof=\"mw:Extension\/ref\" data-mw='{\"name\":\"ref\",\"attrs\":{},\"body\":{\"id\":\"mw-reference-text-cite_note-38\"}}'><a href=\"#cite_note-38\" id=\"rdp-we-mwxA\"><span class=\"mw-reflink-text\" id=\"rdp-we-mwxQ\"><span class=\"cite-bracket\" id=\"rdp-we-mwxg\">[<\/span>38<span class=\"cite-bracket\" id=\"rdp-we-mwxw\">]<\/span><\/span><\/a><\/sup> Two subsequent singles, \"<a rel=\"mw:WikiLink\" href=\"https:\/\/en.wikipedia.org\/wiki\/Zili_Zili\" title=\"Zili Zili\" id=\"rdp-we-mwyA\" target=\"_new\" class=\"wiki-link\">Zili Zili<\/a>\" and \"<a rel=\"mw:WikiLink\" href=\"https:\/\/en.wikipedia.org\/wiki\/Mos_shko\" title=\"Mos shko\" id=\"rdp-we-mwyQ\" target=\"_new\" class=\"wiki-link\">Mos shko<\/a>\" featuring Albanian singer <a rel=\"mw:WikiLink\" href=\"https:\/\/en.wikipedia.org\/wiki\/Yll_Limani\" title=\"Yll Limani\" id=\"rdp-we-mwyg\" target=\"_new\" class=\"wiki-link\">Yll Limani<\/a>, were released from the album.<sup about=\"#mwt129\" class=\"mw-ref reference\" id=\"rdp-we-cite_ref-39\" rel=\"dc:references\" typeof=\"mw:Extension\/ref\" data-mw='{\"name\":\"ref\",\"attrs\":{},\"body\":{\"id\":\"mw-reference-text-cite_note-39\"}}'><a href=\"#cite_note-39\" id=\"rdp-we-mwyw\"><span class=\"mw-reflink-text\" id=\"rdp-we-mwzA\"><span class=\"cite-bracket\" id=\"rdp-we-mwzQ\">[<\/span>39<span class=\"cite-bracket\" id=\"rdp-we-mwzg\">]<\/span><\/span><\/a><\/sup><sup about=\"#mwt132\" class=\"mw-ref reference\" id=\"rdp-we-cite_ref-40\" rel=\"dc:references\" typeof=\"mw:Extension\/ref\" data-mw='{\"name\":\"ref\",\"attrs\":{},\"body\":{\"id\":\"mw-reference-text-cite_note-40\"}}'><a href=\"#cite_note-40\" id=\"rdp-we-mwzw\"><span class=\"mw-reflink-text\" id=\"rdp-we-mw0A\"><span class=\"cite-bracket\" id=\"rdp-we-mw0Q\">[<\/span>40<span class=\"cite-bracket\" id=\"rdp-we-mw0g\">]<\/span><\/span><\/a><\/sup> \"<a rel=\"mw:WikiLink\" href=\"https:\/\/en.wikipedia.org\/wiki\/Zili_Zili\" title=\"Zili Zili\" id=\"rdp-we-mw0w\" target=\"_new\" class=\"wiki-link\">Zili Zili<\/a>\" reached the top five, while \"Mos shko\" peaked at number 4 in Albania.<sup about=\"#mwt135\" class=\"mw-ref reference\" id=\"rdp-we-cite_ref-41\" rel=\"dc:references\" typeof=\"mw:Extension\/ref\" data-mw='{\"name\":\"ref\",\"attrs\":{},\"body\":{\"id\":\"mw-reference-text-cite_note-41\"}}'><a href=\"#cite_note-41\" id=\"rdp-we-mw1A\"><span class=\"mw-reflink-text\" id=\"rdp-we-mw1Q\"><span class=\"cite-bracket\" id=\"rdp-we-mw1g\">[<\/span>41<span class=\"cite-bracket\" id=\"rdp-we-mw1w\">]<\/span><\/span><\/a><\/sup><sup about=\"#mwt138\" class=\"mw-ref reference\" id=\"rdp-we-cite_ref-42\" rel=\"dc:references\" typeof=\"mw:Extension\/ref\" data-mw='{\"name\":\"ref\",\"attrs\":{},\"body\":{\"id\":\"mw-reference-text-cite_note-42\"}}'><a href=\"#cite_note-42\" id=\"rdp-we-mw2A\"><span class=\"mw-reflink-text\" id=\"rdp-we-mw2Q\"><span class=\"cite-bracket\" id=\"rdp-we-mw2g\">[<\/span>42<span class=\"cite-bracket\" id=\"rdp-we-mw2w\">]<\/span><\/span><\/a><\/sup> In September 2021, Zeqiri was nominated for the 2020 Swedish government's music export prize.<sup about=\"#mwt141\" class=\"mw-ref reference\" id=\"rdp-we-cite_ref-43\" rel=\"dc:references\" typeof=\"mw:Extension\/ref\" data-mw='{\"name\":\"ref\",\"attrs\":{},\"body\":{\"id\":\"mw-reference-text-cite_note-43\"}}'><a href=\"#cite_note-43\" id=\"rdp-we-mw3A\"><span class=\"mw-reflink-text\" id=\"rdp-we-mw3Q\"><span class=\"cite-bracket\" id=\"rdp-we-mw3g\">[<\/span>43<span class=\"cite-bracket\" id=\"rdp-we-mw3w\">]<\/span><\/span><\/a><\/sup><\/p>\n\n<\/section><\/section><section data-mw-section-id=\"3\" id=\"rdp-we-mw4A\" aria-labelledby=\"Artistry\"><div class=\"mw-heading mw-heading2\"><h2 id=\"rdp-we-Artistry\">Artistry<\/h2><\/div>\n\n<p id=\"rdp-we-mw4Q\">Zeqiri is often referred to as a \"diva of Albanian music\".<sup about=\"#mwt144\" class=\"mw-ref reference\" id=\"rdp-we-cite_ref-44\" rel=\"dc:references\" typeof=\"mw:Extension\/ref\" data-mw='{\"name\":\"ref\",\"attrs\":{},\"body\":{\"id\":\"mw-reference-text-cite_note-44\"}}'><a href=\"#cite_note-44\" id=\"rdp-we-mw4g\"><span class=\"mw-reflink-text\" id=\"rdp-we-mw4w\"><span class=\"cite-bracket\" id=\"rdp-we-mw5A\">[<\/span>44<span class=\"cite-bracket\" id=\"rdp-we-mw5Q\">]<\/span><\/span><\/a><\/sup><sup about=\"#mwt147\" class=\"mw-ref reference\" id=\"rdp-we-cite_ref-45\" rel=\"dc:references\" typeof=\"mw:Extension\/ref\" data-mw='{\"name\":\"ref\",\"attrs\":{},\"body\":{\"id\":\"mw-reference-text-cite_note-45\"}}'><a href=\"#cite_note-45\" id=\"rdp-we-mw5g\"><span class=\"mw-reflink-text\" id=\"rdp-we-mw5w\"><span class=\"cite-bracket\" id=\"rdp-we-mw6A\">[<\/span>45<span class=\"cite-bracket\" id=\"rdp-we-mw6Q\">]<\/span><\/span><\/a><\/sup> The singer has cited American singer <a rel=\"mw:WikiLink\" href=\"https:\/\/en.wikipedia.org\/wiki\/Aaliyah\" title=\"Aaliyah\" id=\"rdp-we-mw6g\" target=\"_new\" class=\"wiki-link\">Aaliyah<\/a> as her major musical and stylistic influence.<sup about=\"#mwt150\" class=\"mw-ref reference\" id=\"rdp-we-cite_ref-46\" rel=\"dc:references\" typeof=\"mw:Extension\/ref\" data-mw='{\"name\":\"ref\",\"attrs\":{},\"body\":{\"id\":\"mw-reference-text-cite_note-46\"}}'><a href=\"#cite_note-46\" id=\"rdp-we-mw6w\"><span class=\"mw-reflink-text\" id=\"rdp-we-mw7A\"><span class=\"cite-bracket\" id=\"rdp-we-mw7Q\">[<\/span>46<span class=\"cite-bracket\" id=\"rdp-we-mw7g\">]<\/span><\/span><\/a><\/sup><sup about=\"#mwt153\" class=\"mw-ref reference\" id=\"rdp-we-cite_ref-47\" rel=\"dc:references\" typeof=\"mw:Extension\/ref\" data-mw='{\"name\":\"ref\",\"attrs\":{},\"body\":{\"id\":\"mw-reference-text-cite_note-47\"}}'><a href=\"#cite_note-47\" id=\"rdp-we-mw7w\"><span class=\"mw-reflink-text\" id=\"rdp-we-mw8A\"><span class=\"cite-bracket\" id=\"rdp-we-mw8Q\">[<\/span>47<span class=\"cite-bracket\" id=\"rdp-we-mw8g\">]<\/span><\/span><\/a><\/sup> Other inspirations include <a rel=\"mw:WikiLink\" href=\"https:\/\/en.wikipedia.org\/wiki\/Ciara\" title=\"Ciara\" id=\"rdp-we-mw8w\" target=\"_new\" class=\"wiki-link\">Ciara<\/a>, <a rel=\"mw:WikiLink\" href=\"https:\/\/en.wikipedia.org\/wiki\/Destiny's_Child\" title=\"Destiny's Child\" id=\"rdp-we-mw9A\" target=\"_new\" class=\"wiki-link\">Destiny's Child<\/a>, <a rel=\"mw:WikiLink\" href=\"https:\/\/en.wikipedia.org\/wiki\/Lauryn_Hill\" title=\"Lauryn Hill\" id=\"rdp-we-mw9Q\" target=\"_new\" class=\"wiki-link\">Lauryn Hill<\/a>, <a rel=\"mw:WikiLink\" href=\"https:\/\/en.wikipedia.org\/wiki\/Michael_Jackson\" title=\"Michael Jackson\" id=\"rdp-we-mw9g\" target=\"_new\" class=\"wiki-link\">Michael Jackson<\/a>, <a rel=\"mw:WikiLink\" href=\"https:\/\/en.wikipedia.org\/wiki\/TLC_(group)\" title=\"TLC (group)\" id=\"rdp-we-mw9w\" target=\"_new\" class=\"wiki-link\">TLC<\/a> and the <a rel=\"mw:WikiLink\" href=\"https:\/\/en.wikipedia.org\/wiki\/Spice_Girls\" title=\"Spice Girls\" id=\"rdp-we-mw-A\" target=\"_new\" class=\"wiki-link\">Spice Girls<\/a>.<sup about=\"#mwt156\" class=\"mw-ref reference\" id=\"rdp-we-cite_ref-48\" rel=\"dc:references\" typeof=\"mw:Extension\/ref\" data-mw='{\"name\":\"ref\",\"attrs\":{},\"body\":{\"id\":\"mw-reference-text-cite_note-48\"}}'><a href=\"#cite_note-48\" id=\"rdp-we-mw-Q\"><span class=\"mw-reflink-text\" id=\"rdp-we-mw-g\"><span class=\"cite-bracket\" id=\"rdp-we-mw-w\">[<\/span>48<span class=\"cite-bracket\" id=\"rdp-we-mw_A\">]<\/span><\/span><\/a><\/sup><sup about=\"#mwt159\" class=\"mw-ref reference\" id=\"rdp-we-cite_ref-49\" rel=\"dc:references\" typeof=\"mw:Extension\/ref\" data-mw='{\"name\":\"ref\",\"attrs\":{},\"body\":{\"id\":\"mw-reference-text-cite_note-49\"}}'><a href=\"#cite_note-49\" id=\"rdp-we-mw_Q\"><span class=\"mw-reflink-text\" id=\"rdp-we-mw_g\"><span class=\"cite-bracket\" id=\"rdp-we-mw_w\">[<\/span>49<span class=\"cite-bracket\" id=\"rdp-we-mwAQA\">]<\/span><\/span><\/a><\/sup> Her musical style has generally been regarded as <a rel=\"mw:WikiLink\" href=\"https:\/\/en.wikipedia.org\/wiki\/Contemporary_R&B\" title=\"Contemporary R&amp;B\" id=\"rdp-we-mwAQE\" target=\"_new\" class=\"wiki-link\">R&amp;B<\/a> and <a rel=\"mw:WikiLink\" href=\"https:\/\/en.wikipedia.org\/wiki\/Soul_music\" title=\"Soul music\" id=\"rdp-we-mwAQI\" target=\"_new\" class=\"wiki-link\">soul<\/a> also having incorporated a variety of other <a rel=\"mw:WikiLink\" href=\"https:\/\/en.wikipedia.org\/wiki\/Music_genre\" title=\"Music genre\" id=\"rdp-we-mwAQM\" target=\"_new\" class=\"wiki-link\">genres<\/a> into her music, including <a rel=\"mw:WikiLink\" href=\"https:\/\/en.wikipedia.org\/wiki\/Electropop\" title=\"Electropop\" id=\"rdp-we-mwAQQ\" target=\"_new\" class=\"wiki-link\">electropop<\/a>, <a rel=\"mw:WikiLink\" href=\"https:\/\/en.wikipedia.org\/wiki\/Trap_music\" title=\"Trap music\" id=\"rdp-we-mwAQU\" target=\"_new\" class=\"wiki-link\">trap<\/a> and <a rel=\"mw:WikiLink\" href=\"https:\/\/en.wikipedia.org\/wiki\/Albanian_music\" title=\"Albanian music\" class=\"mw-redirect wiki-link\" id=\"rdp-we-mwAQY\" target=\"_new\">urban Albanian<\/a> <a rel=\"mw:WikiLink\" href=\"https:\/\/en.wikipedia.org\/wiki\/Pop_music\" title=\"Pop music\" id=\"rdp-we-mwAQc\" target=\"_new\" class=\"wiki-link\">pop<\/a>.<sup about=\"#mwt162\" class=\"mw-ref reference\" id=\"rdp-we-cite_ref-50\" rel=\"dc:references\" typeof=\"mw:Extension\/ref\" data-mw='{\"name\":\"ref\",\"attrs\":{},\"body\":{\"id\":\"mw-reference-text-cite_note-50\"}}'><a href=\"#cite_note-50\" id=\"rdp-we-mwAQg\"><span class=\"mw-reflink-text\" id=\"rdp-we-mwAQk\"><span class=\"cite-bracket\" id=\"rdp-we-mwAQo\">[<\/span>50<span class=\"cite-bracket\" id=\"rdp-we-mwAQs\">]<\/span><\/span><\/a><\/sup><sup about=\"#mwt165\" class=\"mw-ref reference\" id=\"rdp-we-cite_ref-51\" rel=\"dc:references\" typeof=\"mw:Extension\/ref\" data-mw='{\"name\":\"ref\",\"attrs\":{},\"body\":{\"id\":\"mw-reference-text-cite_note-51\"}}'><a href=\"#cite_note-51\" id=\"rdp-we-mwAQw\"><span class=\"mw-reflink-text\" id=\"rdp-we-mwAQ0\"><span class=\"cite-bracket\" id=\"rdp-we-mwAQ4\">[<\/span>51<span class=\"cite-bracket\" id=\"rdp-we-mwAQ8\">]<\/span><\/span><\/a><\/sup><sup about=\"#mwt168\" class=\"mw-ref reference\" id=\"rdp-we-cite_ref-52\" rel=\"dc:references\" typeof=\"mw:Extension\/ref\" data-mw='{\"name\":\"ref\",\"attrs\":{},\"body\":{\"id\":\"mw-reference-text-cite_note-52\"}}'><a href=\"#cite_note-52\" id=\"rdp-we-mwARA\"><span class=\"mw-reflink-text\" id=\"rdp-we-mwARE\"><span class=\"cite-bracket\" id=\"rdp-we-mwARI\">[<\/span>52<span class=\"cite-bracket\" id=\"rdp-we-mwARM\">]<\/span><\/span><\/a><\/sup><sup about=\"#mwt171\" class=\"mw-ref reference\" id=\"rdp-we-cite_ref-53\" rel=\"dc:references\" typeof=\"mw:Extension\/ref\" data-mw='{\"name\":\"ref\",\"attrs\":{},\"body\":{\"id\":\"mw-reference-text-cite_note-53\"}}'><a href=\"#cite_note-53\" id=\"rdp-we-mwARQ\"><span class=\"mw-reflink-text\" id=\"rdp-we-mwARU\"><span class=\"cite-bracket\" id=\"rdp-we-mwARY\">[<\/span>53<span class=\"cite-bracket\" id=\"rdp-we-mwARc\">]<\/span><\/span><\/a><\/sup><\/p>\n\n<\/section><section data-mw-section-id=\"4\" id=\"rdp-we-mwARg\" aria-labelledby=\"Activism\"><div class=\"mw-heading mw-heading2\"><h2 id=\"rdp-we-Activism\">Activism<\/h2><\/div>\n\n<p id=\"rdp-we-mwARk\">Zeqiri is an advocate of raising awareness for health and <a rel=\"mw:WikiLink\" href=\"https:\/\/en.wikipedia.org\/wiki\/Mental_health_issue\" title=\"Mental health issue\" class=\"mw-redirect wiki-link\" id=\"rdp-we-mwARo\" target=\"_new\">mental health issues<\/a> beyond her community, including sharing her experiences with depression.<sup about=\"#mwt174\" class=\"mw-ref reference\" id=\"rdp-we-cite_ref-54\" rel=\"dc:references\" typeof=\"mw:Extension\/ref\" data-mw='{\"name\":\"ref\",\"attrs\":{},\"body\":{\"id\":\"mw-reference-text-cite_note-54\"}}'><a href=\"#cite_note-54\" id=\"rdp-we-mwARs\"><span class=\"mw-reflink-text\" id=\"rdp-we-mwARw\"><span class=\"cite-bracket\" id=\"rdp-we-mwAR0\">[<\/span>54<span class=\"cite-bracket\" id=\"rdp-we-mwAR4\">]<\/span><\/span><\/a><\/sup><sup about=\"#mwt177\" class=\"mw-ref reference\" id=\"rdp-we-cite_ref-55\" rel=\"dc:references\" typeof=\"mw:Extension\/ref\" data-mw='{\"name\":\"ref\",\"attrs\":{},\"body\":{\"id\":\"mw-reference-text-cite_note-55\"}}'><a href=\"#cite_note-55\" id=\"rdp-we-mwAR8\"><span class=\"mw-reflink-text\" id=\"rdp-we-mwASA\"><span class=\"cite-bracket\" id=\"rdp-we-mwASE\">[<\/span>55<span class=\"cite-bracket\" id=\"rdp-we-mwASI\">]<\/span><\/span><\/a><\/sup><sup about=\"#mwt180\" class=\"mw-ref reference\" id=\"rdp-we-cite_ref-56\" rel=\"dc:references\" typeof=\"mw:Extension\/ref\" data-mw='{\"name\":\"ref\",\"attrs\":{},\"body\":{\"id\":\"mw-reference-text-cite_note-56\"}}'><a href=\"#cite_note-56\" id=\"rdp-we-mwASM\"><span class=\"mw-reflink-text\" id=\"rdp-we-mwASQ\"><span class=\"cite-bracket\" id=\"rdp-we-mwASU\">[<\/span>56<span class=\"cite-bracket\" id=\"rdp-we-mwASY\">]<\/span><\/span><\/a><\/sup> She has also expressed her support for the <a rel=\"mw:WikiLink\" href=\"https:\/\/en.wikipedia.org\/wiki\/LGBT_community\" title=\"LGBT community\" class=\"mw-redirect wiki-link\" id=\"rdp-we-mwASc\" target=\"_new\">LGBT community<\/a> in the world and the <a rel=\"mw:WikiLink\" href=\"https:\/\/en.wikipedia.org\/wiki\/Albanian_language\" title=\"Albanian language\" id=\"rdp-we-mwASg\" target=\"_new\" class=\"wiki-link\">Albanian-speaking<\/a> <a rel=\"mw:WikiLink\" href=\"https:\/\/en.wikipedia.org\/wiki\/Balkans\" title=\"Balkans\" id=\"rdp-we-mwASk\" target=\"_new\" class=\"wiki-link\">Balkans<\/a>.<sup about=\"#mwt183\" class=\"mw-ref reference\" id=\"rdp-we-cite_ref-57\" rel=\"dc:references\" typeof=\"mw:Extension\/ref\" data-mw='{\"name\":\"ref\",\"attrs\":{},\"body\":{\"id\":\"mw-reference-text-cite_note-57\"}}'><a href=\"#cite_note-57\" id=\"rdp-we-mwASo\"><span class=\"mw-reflink-text\" id=\"rdp-we-mwASs\"><span class=\"cite-bracket\" id=\"rdp-we-mwASw\">[<\/span>57<span class=\"cite-bracket\" id=\"rdp-we-mwAS0\">]<\/span><\/span><\/a><\/sup><sup about=\"#mwt186\" class=\"mw-ref reference\" id=\"rdp-we-cite_ref-58\" rel=\"dc:references\" typeof=\"mw:Extension\/ref\" data-mw='{\"name\":\"ref\",\"attrs\":{},\"body\":{\"id\":\"mw-reference-text-cite_note-58\"}}'><a href=\"#cite_note-58\" id=\"rdp-we-mwAS4\"><span class=\"mw-reflink-text\" id=\"rdp-we-mwAS8\"><span class=\"cite-bracket\" id=\"rdp-we-mwATA\">[<\/span>58<span class=\"cite-bracket\" id=\"rdp-we-mwATE\">]<\/span><\/span><\/a><\/sup> In 2020, she extended her support to the <a rel=\"mw:WikiLink\" href=\"https:\/\/en.wikipedia.org\/wiki\/Black_Lives_Matter\" title=\"Black Lives Matter\" id=\"rdp-we-mwATI\" target=\"_new\" class=\"wiki-link\">Black Lives Matter<\/a> movement, in connection with the wider <a rel=\"mw:WikiLink\" href=\"https:\/\/en.wikipedia.org\/wiki\/George_Floyd_protests\" title=\"George Floyd protests\" id=\"rdp-we-mwATM\" target=\"_new\" class=\"wiki-link\">George Floyd protests<\/a>.<sup about=\"#mwt189\" class=\"mw-ref reference\" id=\"rdp-we-cite_ref-59\" rel=\"dc:references\" typeof=\"mw:Extension\/ref\" data-mw='{\"name\":\"ref\",\"attrs\":{},\"body\":{\"id\":\"mw-reference-text-cite_note-59\"}}'><a href=\"#cite_note-59\" id=\"rdp-we-mwATQ\"><span class=\"mw-reflink-text\" id=\"rdp-we-mwATU\"><span class=\"cite-bracket\" id=\"rdp-we-mwATY\">[<\/span>59<span class=\"cite-bracket\" id=\"rdp-we-mwATc\">]<\/span><\/span><\/a><\/sup><\/p>\n\n<\/section><section data-mw-section-id=\"5\" id=\"rdp-we-mwATg\" aria-labelledby=\"Discography\"><div class=\"mw-heading mw-heading2\"><h2 id=\"rdp-we-Discography\">Discography<\/h2><\/div>\n<span class=\"mw-empty-elt\" about=\"#mwt190\" typeof=\"mw:Transclusion\" id=\"rdp-we-mwATk\" data-mw='{\"parts\":[{\"template\":{\"target\":{\"wt\":\"Main\",\"href\":\".\/Template:Main\"},\"params\":{\"1\":{\"wt\":\"Dafina Zeqiri discography\"}},\"i\":0}}]}'><link rel=\"mw-deduplicated-inline-style\" href=\"mw-data:TemplateStyles:r1368532237\" about=\"#mwt191\" typeof=\"mw:Extension\/templatestyles\" data-mw='{\"name\":\"templatestyles\",\"attrs\":{\"src\":\"Module:Hatnote\/styles.css\"},\"body\":{\"extsrc\":\"\"}}'\/><\/span><div role=\"note\" class=\"hatnote navigation-not-searchable\" about=\"#mwt190\" id=\"rdp-we-mwATo\">Main article: <a rel=\"mw:WikiLink\" href=\"https:\/\/en.wikipedia.org\/wiki\/Dafina_Zeqiri_discography\" title=\"Dafina Zeqiri discography\" target=\"_new\" class=\"wiki-link\">Dafina Zeqiri discography<\/a><\/div>\n\n<ul id=\"rdp-we-mwATs\"><li id=\"rdp-we-mwATw\"><i id=\"rdp-we-mwAT0\">Knock Down<\/i> (2008)<\/li>\n<li id=\"rdp-we-mwAT4\"><i id=\"rdp-we-mwAT8\">Just Me<\/i> (2011)<\/li>\n<li id=\"rdp-we-mwAUA\"><i id=\"rdp-we-mwAUE\">Dafin\u00eb moj<\/i> (2021)<\/li>\n<li id=\"rdp-we-mwAUI\"><i id=\"rdp-we-mwAUM\">The Absolute Vol. 1<\/i> (2024)<\/li><\/ul>\n\n<\/section><section data-mw-section-id=\"6\" id=\"rdp-we-mwAUQ\" aria-labelledby=\"References\"><div class=\"mw-heading mw-heading2\"><h2 id=\"rdp-we-References\">References<\/h2><\/div>\n<span class=\"mw-empty-elt\" about=\"#mwt192\" typeof=\"mw:Transclusion\" id=\"rdp-we-mwAUU\" data-mw='{\"parts\":[{\"template\":{\"target\":{\"wt\":\"Reflist\",\"href\":\".\/Template:Reflist\"},\"params\":{},\"i\":0}}]}'><\/span><div about=\"#mwt192\" id=\"rdp-we-mwAUY\">\n<div class=\"mw-references-wrap mw-references-columns\" typeof=\"mw:Extension\/references\" about=\"#mwt194\" id=\"rdp-we-mwAUc\" data-mw='{\"name\":\"references\",\"attrs\":{\"group\":\"\",\"responsive\":\"1\"},\"body\":{\"extsrc\":\"\"}}'><ol class=\"mw-references references\" id=\"rdp-we-mwAUg\"><li about=\"#cite_note-voxnews-1\" id=\"cite_note-voxnews-1\" data-mw-footnote-number=\"1\"><span class=\"mw-cite-backlink\" id=\"rdp-we-mwAUk\"><a href=\"#cite_ref-voxnews_1-0\" rel=\"mw:referencedBy\" id=\"rdp-we-mwAUo\"><span class=\"mw-linkback-text\" id=\"rdp-we-mwAUs\">\u2191<\/span><\/a><\/span> <span id=\"rdp-we-mw-reference-text-cite_note-voxnews-1\" class=\"mw-reference-text reference-text\"><cite class=\"citation web cs1\" about=\"#mwt13\" id=\"rdp-we-mwAU0\"><a rel=\"external_link\" href=\"https:\/\/www.voxnews.al\/english\/lifestyle\/dafina-zeqiri-kurorezon-martesen-me-kreshnik-gjergjin-shkelqen-me-fust-i74264?\" class=\"external text\" id=\"rdp-we-mwAU4\" target=\"_new\">\"Dafina Zeqiri crowns her marriage with Kreshnik Gjergjin, shines in her wedding dress (PHOTO)\"<\/a>. voxnews.<\/cite><span title=\"ctx_ver=Z39.88-2004&amp;rft_val_fmt=info%3Aofi%2Ffmt%3Akev%3Amtx%3Abook&amp;rft.genre=unknown&amp;rft.btitle=Dafina+Zeqiri+crowns+her+marriage+with+Kreshnik+Gjergjin%2C+shines+in+her+wedding+dress+%28PHOTO%29&amp;rft.pub=voxnews&amp;rft_id=https%3A%2F%2Fwww.voxnews.al%2Fenglish%2Flifestyle%2Fdafina-zeqiri-kurorezon-martesen-me-kreshnik-gjergjin-shkelqen-me-fust-i74264%3F&amp;rfr_id=info%3Asid%2Fen.wikipedia.org%3ADafina+Zeqiri\" class=\"Z3988\" about=\"#mwt13\" id=\"rdp-we-mwAU8\"><\/span><\/span><\/li>\n<li about=\"#cite_note-balkanweb-2\" id=\"cite_note-balkanweb-2\" data-mw-footnote-number=\"2\"><span class=\"mw-cite-backlink\" id=\"rdp-we-mwAVA\"><a href=\"#cite_ref-balkanweb_2-0\" rel=\"mw:referencedBy\" id=\"rdp-we-mwAVE\"><span class=\"mw-linkback-text\" id=\"rdp-we-mwAVI\">\u2191<\/span><\/a><\/span> <span id=\"rdp-we-mw-reference-text-cite_note-balkanweb-2\" class=\"mw-reference-text reference-text\"><link rel=\"mw-deduplicated-inline-style\" href=\"mw-data:TemplateStyles:r1333433106\" about=\"#mwt16\" typeof=\"mw:Extension\/templatestyles mw:Transclusion\" id=\"rdp-we-mwAVM\" data-mw='{\"name\":\"templatestyles\",\"attrs\":{\"src\":\"Module:Citation\/CS1\/styles.css\"},\"body\":{\"extsrc\":\"\"},\"parts\":[{\"template\":{\"target\":{\"wt\":\"cite web \",\"href\":\".\/Template:Cite_web\"},\"params\":{\"publisher\":{\"wt\":\"balkanweb\"},\"title\":{\"wt\":\"Dafina Zeqiri zbulon se \u00ebsht\u00eb s\u00ebrish n\u00eb pritje t\u00eb \u00ebmb\u00ebl! K\u00ebng\u00ebtarja jep lajmin gjat\u00eb koncertit n\u00eb Tiran\u00eb: Sonte kam performuar vet\u00eb e dyta!\"},\"url\":{\"wt\":\"https:\/\/www.balkanweb.com\/dafina-zeqiri-zbulon-se-eshte-serish-ne-pritje-te-embel-kengetarja-jep-lajmin-gjate-koncertit-ne-tirane-sonte-kam-performuar-vete-e-dyta\/#gsc.tab=0\"},\"language\":{\"wt\":\"sq\"}},\"i\":0}}]}'\/><cite class=\"citation web cs1 cs1-prop-foreign-lang-source\" about=\"#mwt16\" id=\"rdp-we-mwAVQ\"><a rel=\"external_link\" href=\"https:\/\/www.balkanweb.com\/dafina-zeqiri-zbulon-se-eshte-serish-ne-pritje-te-embel-kengetarja-jep-lajmin-gjate-koncertit-ne-tirane-sonte-kam-performuar-vete-e-dyta\/#gsc.tab=0\" class=\"external text\" id=\"rdp-we-mwAVU\" target=\"_new\">\"Dafina Zeqiri zbulon se \u00ebsht\u00eb s\u00ebrish n\u00eb pritje t\u00eb \u00ebmb\u00ebl! K\u00ebng\u00ebtarja jep lajmin gjat\u00eb koncertit n\u00eb Tiran\u00eb: Sonte kam performuar vet\u00eb e dyta!\"<\/a> (in Albanian). balkanweb.<\/cite><span title=\"ctx_ver=Z39.88-2004&amp;rft_val_fmt=info%3Aofi%2Ffmt%3Akev%3Amtx%3Abook&amp;rft.genre=unknown&amp;rft.btitle=Dafina+Zeqiri+zbulon+se+%C3%ABsht%C3%AB+s%C3%ABrish+n%C3%AB+pritje+t%C3%AB+%C3%ABmb%C3%ABl%21+K%C3%ABng%C3%ABtarja+jep+lajmin+gjat%C3%AB+koncertit+n%C3%AB+Tiran%C3%AB%3A+Sonte+kam+performuar+vet%C3%AB+e+dyta%21&amp;rft.pub=balkanweb&amp;rft_id=https%3A%2F%2Fwww.balkanweb.com%2Fdafina-zeqiri-zbulon-se-eshte-serish-ne-pritje-te-embel-kengetarja-jep-lajmin-gjate-koncertit-ne-tirane-sonte-kam-performuar-vete-e-dyta%2F%23gsc.tab%3D0&amp;rfr_id=info%3Asid%2Fen.wikipedia.org%3ADafina+Zeqiri\" class=\"Z3988\" about=\"#mwt16\" id=\"rdp-we-mwAVY\"><\/span><link rel=\"mw:PageProp\/Category\" href=\".\/Category:CS1_Albanian-language_sources_(sq)\" about=\"#mwt16\" id=\"rdp-we-mwAVc\"\/><\/span><\/li>\n<li about=\"#cite_note-TeksteShqip-3\" id=\"cite_note-TeksteShqip-3\" data-mw-footnote-number=\"3\"><span class=\"mw-cite-backlink\" id=\"rdp-we-mwAVg\"><a href=\"#cite_ref-TeksteShqip_3-0\" rel=\"mw:referencedBy\" id=\"rdp-we-mwAVk\"><span class=\"mw-linkback-text\" id=\"rdp-we-mwAVo\">\u2191<\/span><\/a><\/span> <span id=\"rdp-we-mw-reference-text-cite_note-TeksteShqip-3\" class=\"mw-reference-text reference-text\"><link rel=\"mw-deduplicated-inline-style\" href=\"mw-data:TemplateStyles:r1333433106\" about=\"#mwt19\" typeof=\"mw:Extension\/templatestyles mw:Transclusion\" id=\"rdp-we-mwAVs\" data-mw='{\"name\":\"templatestyles\",\"attrs\":{\"src\":\"Module:Citation\/CS1\/styles.css\"},\"body\":{\"extsrc\":\"\"},\"parts\":[{\"template\":{\"target\":{\"wt\":\"cite web \",\"href\":\".\/Template:Cite_web\"},\"params\":{\"publisher\":{\"wt\":\"TeksteShqip\"},\"title\":{\"wt\":\"Dafina Zeqiri\u2013Biografia\"},\"url\":{\"wt\":\"https:\/\/www.teksteshqip.com\/dafina-zeqiri\"},\"access-date\":{\"wt\":\"9 February 2020\"},\"language\":{\"wt\":\"sq\"}},\"i\":0}}]}'\/><cite class=\"citation web cs1 cs1-prop-foreign-lang-source\" about=\"#mwt19\" id=\"rdp-we-mwAVw\"><a rel=\"external_link\" href=\"https:\/\/www.teksteshqip.com\/dafina-zeqiri\" class=\"external text\" id=\"rdp-we-mwAV0\" target=\"_new\">\"Dafina Zeqiri\u2013Biografia\"<\/a> (in Albanian). TeksteShqip<span class=\"reference-accessdate\" id=\"rdp-we-mwAV4\">. Retrieved <span class=\"nowrap\" id=\"rdp-we-mwAV8\">9 February<\/span> 2020<\/span>.<\/cite><span title=\"ctx_ver=Z39.88-2004&amp;rft_val_fmt=info%3Aofi%2Ffmt%3Akev%3Amtx%3Abook&amp;rft.genre=unknown&amp;rft.btitle=Dafina+Zeqiri%E2%80%93Biografia&amp;rft.pub=TeksteShqip&amp;rft_id=https%3A%2F%2Fwww.teksteshqip.com%2Fdafina-zeqiri&amp;rfr_id=info%3Asid%2Fen.wikipedia.org%3ADafina+Zeqiri\" class=\"Z3988\" about=\"#mwt19\" id=\"rdp-we-mwAWA\"><\/span><link rel=\"mw:PageProp\/Category\" href=\".\/Category:CS1_Albanian-language_sources_(sq)\" about=\"#mwt19\" id=\"rdp-we-mwAWE\"\/><\/span><\/li>\n<li about=\"#cite_note-Top_Channel-4\" id=\"cite_note-Top_Channel-4\" data-mw-footnote-number=\"4\"><span class=\"mw-cite-backlink\" id=\"rdp-we-mwAWI\"><a href=\"#cite_ref-Top_Channel_4-0\" rel=\"mw:referencedBy\" id=\"rdp-we-mwAWM\"><span class=\"mw-linkback-text\" id=\"rdp-we-mwAWQ\">\u2191<\/span><\/a><\/span> <span id=\"rdp-we-mw-reference-text-cite_note-Top_Channel-4\" class=\"mw-reference-text reference-text\"><link rel=\"mw-deduplicated-inline-style\" href=\"mw-data:TemplateStyles:r1333433106\" about=\"#mwt22\" typeof=\"mw:Extension\/templatestyles mw:Transclusion\" id=\"rdp-we-mwAWU\" data-mw='{\"name\":\"templatestyles\",\"attrs\":{\"src\":\"Module:Citation\/CS1\/styles.css\"},\"body\":{\"extsrc\":\"\"},\"parts\":[{\"template\":{\"target\":{\"wt\":\"cite web \",\"href\":\".\/Template:Cite_web\"},\"params\":{\"publisher\":{\"wt\":\"[[Top Channel]]\"},\"title\":{\"wt\":\"Dafina Zeqiri #Bio\"},\"date\":{\"wt\":\"7 February 2018\"},\"url\":{\"wt\":\"http:\/\/topawards.top-channel.tv\/index.php\/artist\/dafina-zeqiri\/\"},\"access-date\":{\"wt\":\"9 February 2020\"},\"archive-url\":{\"wt\":\"https:\/\/web.archive.org\/web\/20201021183049\/http:\/\/topawards.top-channel.tv\/index.php\/artist\/dafina-zeqiri\/\"},\"archive-date\":{\"wt\":\"21 October 2020\"},\"language\":{\"wt\":\"sq\"}},\"i\":0}}]}'\/><cite class=\"citation web cs1 cs1-prop-foreign-lang-source\" about=\"#mwt22\" id=\"rdp-we-mwAWY\"><a rel=\"external_link\" href=\"https:\/\/web.archive.org\/web\/20201021183049\/http:\/\/topawards.top-channel.tv\/index.php\/artist\/dafina-zeqiri\/\" class=\"external text\" id=\"rdp-we-mwAWc\" target=\"_new\">\"Dafina Zeqiri #Bio\"<\/a> (in Albanian). <a rel=\"mw:WikiLink\" href=\"https:\/\/en.wikipedia.org\/wiki\/Top_Channel\" title=\"Top Channel\" id=\"rdp-we-mwAWg\" target=\"_new\" class=\"wiki-link\">Top Channel<\/a>. 7 February 2018. Archived from <a rel=\"external_link\" href=\"http:\/\/topawards.top-channel.tv\/index.php\/artist\/dafina-zeqiri\/\" class=\"external text\" id=\"rdp-we-mwAWk\" target=\"_new\">the original<\/a> on 21 October 2020<span class=\"reference-accessdate\" id=\"rdp-we-mwAWo\">. Retrieved <span class=\"nowrap\" id=\"rdp-we-mwAWs\">9 February<\/span> 2020<\/span>.<\/cite><span title=\"ctx_ver=Z39.88-2004&amp;rft_val_fmt=info%3Aofi%2Ffmt%3Akev%3Amtx%3Abook&amp;rft.genre=unknown&amp;rft.btitle=Dafina+Zeqiri+%23Bio&amp;rft.pub=Top+Channel&amp;rft.date=2018-02-07&amp;rft_id=http%3A%2F%2Ftopawards.top-channel.tv%2Findex.php%2Fartist%2Fdafina-zeqiri%2F&amp;rfr_id=info%3Asid%2Fen.wikipedia.org%3ADafina+Zeqiri\" class=\"Z3988\" about=\"#mwt22\" id=\"rdp-we-mwAWw\"><\/span><link rel=\"mw:PageProp\/Category\" href=\".\/Category:CS1_Albanian-language_sources_(sq)\" about=\"#mwt22\" id=\"rdp-we-mwAW0\"\/><\/span><\/li>\n<li about=\"#cite_note-5\" id=\"cite_note-5\" data-mw-footnote-number=\"5\"><span class=\"mw-cite-backlink\" id=\"rdp-we-mwAW4\"><a href=\"#cite_ref-5\" rel=\"mw:referencedBy\" id=\"rdp-we-mwAW8\"><span class=\"mw-linkback-text\" id=\"rdp-we-mwAXA\">\u2191<\/span><\/a><\/span> <span id=\"rdp-we-mw-reference-text-cite_note-5\" class=\"mw-reference-text reference-text\"><link rel=\"mw-deduplicated-inline-style\" href=\"mw-data:TemplateStyles:r1333433106\" about=\"#mwt25\" typeof=\"mw:Extension\/templatestyles mw:Transclusion\" id=\"rdp-we-mwAXE\" data-mw='{\"name\":\"templatestyles\",\"attrs\":{\"src\":\"Module:Citation\/CS1\/styles.css\"},\"body\":{\"extsrc\":\"\"},\"parts\":[{\"template\":{\"target\":{\"wt\":\"cite web \",\"href\":\".\/Template:Cite_web\"},\"params\":{\"last\":{\"wt\":\"Hoxha\"},\"first\":{\"wt\":\"E.\"},\"publisher\":{\"wt\":\"Iconstyle\"},\"title\":{\"wt\":\"&apos;Babai im!&apos; Dafina Zeqiri zbulon kush ia z\u00ebvend\u00ebsoi t\u00eb atin pas braktisjes\"},\"url\":{\"wt\":\"https:\/\/iconstyle.al\/babai-im-dafina-zeqiri-zbulon-kush-ia-zevendesoi-te-atin-pas-braktisjes\/\"},\"access-date\":{\"wt\":\"15 January 2021\"},\"archive-url\":{\"wt\":\"https:\/\/web.archive.org\/web\/20210115220222\/https:\/\/iconstyle.al\/babai-im-dafina-zeqiri-zbulon-kush-ia-zevendesoi-te-atin-pas-braktisjes\/\"},\"archive-date\":{\"wt\":\"15 January 2021\"},\"language\":{\"wt\":\"sq\"},\"date\":{\"wt\":\"31 July 2019\"}},\"i\":0}}]}'\/><cite id=\"rdp-we-CITEREFHoxha2019\" class=\"citation web cs1 cs1-prop-foreign-lang-source\" about=\"#mwt25\">Hoxha, E. (31 July 2019). <a rel=\"external_link\" href=\"https:\/\/web.archive.org\/web\/20210115220222\/https:\/\/iconstyle.al\/babai-im-dafina-zeqiri-zbulon-kush-ia-zevendesoi-te-atin-pas-braktisjes\/\" class=\"external text\" id=\"rdp-we-mwAXI\" target=\"_new\">\"<span class=\"cs1-kern-left\" id=\"rdp-we-mwAXM\"><\/span>'Babai im!' Dafina Zeqiri zbulon kush ia z\u00ebvend\u00ebsoi t\u00eb atin pas braktisjes\"<\/a> (in Albanian). Iconstyle. Archived from <a rel=\"external_link\" href=\"https:\/\/iconstyle.al\/babai-im-dafina-zeqiri-zbulon-kush-ia-zevendesoi-te-atin-pas-braktisjes\/\" class=\"external text\" id=\"rdp-we-mwAXQ\" target=\"_new\">the original<\/a> on 15 January 2021<span class=\"reference-accessdate\" id=\"rdp-we-mwAXU\">. Retrieved <span class=\"nowrap\" id=\"rdp-we-mwAXY\">15 January<\/span> 2021<\/span>.<\/cite><span title=\"ctx_ver=Z39.88-2004&amp;rft_val_fmt=info%3Aofi%2Ffmt%3Akev%3Amtx%3Abook&amp;rft.genre=unknown&amp;rft.btitle=%27Babai+im%21%27+Dafina+Zeqiri+zbulon+kush+ia+z%C3%ABvend%C3%ABsoi+t%C3%AB+atin+pas+braktisjes&amp;rft.pub=Iconstyle&amp;rft.date=2019-07-31&amp;rft.aulast=Hoxha&amp;rft.aufirst=E.&amp;rft_id=https%3A%2F%2Ficonstyle.al%2Fbabai-im-dafina-zeqiri-zbulon-kush-ia-zevendesoi-te-atin-pas-braktisjes%2F&amp;rfr_id=info%3Asid%2Fen.wikipedia.org%3ADafina+Zeqiri\" class=\"Z3988\" about=\"#mwt25\" id=\"rdp-we-mwAXc\"><\/span><link rel=\"mw:PageProp\/Category\" href=\".\/Category:CS1_Albanian-language_sources_(sq)\" about=\"#mwt25\" id=\"rdp-we-mwAXg\"\/><\/span><\/li>\n<li about=\"#cite_note-6\" id=\"cite_note-6\" data-mw-footnote-number=\"6\"><span class=\"mw-cite-backlink\" id=\"rdp-we-mwAXk\"><a href=\"#cite_ref-6\" rel=\"mw:referencedBy\" id=\"rdp-we-mwAXo\"><span class=\"mw-linkback-text\" id=\"rdp-we-mwAXs\">\u2191<\/span><\/a><\/span> <span id=\"rdp-we-mw-reference-text-cite_note-6\" class=\"mw-reference-text reference-text\"><link rel=\"mw-deduplicated-inline-style\" href=\"mw-data:TemplateStyles:r1333433106\" about=\"#mwt28\" typeof=\"mw:Extension\/templatestyles mw:Transclusion\" id=\"rdp-we-mwAXw\" data-mw='{\"name\":\"templatestyles\",\"attrs\":{\"src\":\"Module:Citation\/CS1\/styles.css\"},\"body\":{\"extsrc\":\"\"},\"parts\":[{\"template\":{\"target\":{\"wt\":\"cite web \",\"href\":\".\/Template:Cite_web\"},\"params\":{\"publisher\":{\"wt\":\"Kosovarja\"},\"title\":{\"wt\":\"Kjo \u00ebsht\u00eb motra bukuroshe e Dafina Zeqirit\"},\"url\":{\"wt\":\"https:\/\/new.kosovarja-ks.com\/kjo-eshte-motra-bukuroshe-e-dafina-zeqirit\/\"},\"access-date\":{\"wt\":\"15 January 2021\"},\"archive-url\":{\"wt\":\"https:\/\/web.archive.org\/web\/20210115215857\/https:\/\/new.kosovarja-ks.com\/kjo-eshte-motra-bukuroshe-e-dafina-zeqirit\/\"},\"archive-date\":{\"wt\":\"15 January 2021\"},\"language\":{\"wt\":\"sq\"},\"date\":{\"wt\":\"3 July 2019\"}},\"i\":0}}]}'\/><cite class=\"citation web cs1 cs1-prop-foreign-lang-source\" about=\"#mwt28\" id=\"rdp-we-mwAX0\"><a rel=\"external_link\" href=\"https:\/\/web.archive.org\/web\/20210115215857\/https:\/\/new.kosovarja-ks.com\/kjo-eshte-motra-bukuroshe-e-dafina-zeqirit\/\" class=\"external text\" id=\"rdp-we-mwAX4\" target=\"_new\">\"Kjo \u00ebsht\u00eb motra bukuroshe e Dafina Zeqirit\"<\/a> (in Albanian). Kosovarja. 3 July 2019. Archived from <a rel=\"external_link\" href=\"https:\/\/new.kosovarja-ks.com\/kjo-eshte-motra-bukuroshe-e-dafina-zeqirit\/\" class=\"external text\" id=\"rdp-we-mwAX8\" target=\"_new\">the original<\/a> on 15 January 2021<span class=\"reference-accessdate\" id=\"rdp-we-mwAYA\">. Retrieved <span class=\"nowrap\" id=\"rdp-we-mwAYE\">15 January<\/span> 2021<\/span>.<\/cite><span title=\"ctx_ver=Z39.88-2004&amp;rft_val_fmt=info%3Aofi%2Ffmt%3Akev%3Amtx%3Abook&amp;rft.genre=unknown&amp;rft.btitle=Kjo+%C3%ABsht%C3%AB+motra+bukuroshe+e+Dafina+Zeqirit&amp;rft.pub=Kosovarja&amp;rft.date=2019-07-03&amp;rft_id=https%3A%2F%2Fnew.kosovarja-ks.com%2Fkjo-eshte-motra-bukuroshe-e-dafina-zeqirit%2F&amp;rfr_id=info%3Asid%2Fen.wikipedia.org%3ADafina+Zeqiri\" class=\"Z3988\" about=\"#mwt28\" id=\"rdp-we-mwAYI\"><\/span><link rel=\"mw:PageProp\/Category\" href=\".\/Category:CS1_Albanian-language_sources_(sq)\" about=\"#mwt28\" id=\"rdp-we-mwAYM\"\/><\/span><\/li>\n<li about=\"#cite_note-7\" id=\"cite_note-7\" data-mw-footnote-number=\"7\"><span class=\"mw-cite-backlink\" id=\"rdp-we-mwAYQ\"><a href=\"#cite_ref-7\" rel=\"mw:referencedBy\" id=\"rdp-we-mwAYU\"><span class=\"mw-linkback-text\" id=\"rdp-we-mwAYY\">\u2191<\/span><\/a><\/span> <span id=\"rdp-we-mw-reference-text-cite_note-7\" class=\"mw-reference-text reference-text\"><link rel=\"mw-deduplicated-inline-style\" href=\"mw-data:TemplateStyles:r1333433106\" about=\"#mwt31\" typeof=\"mw:Extension\/templatestyles mw:Transclusion\" id=\"rdp-we-mwAYc\" data-mw='{\"name\":\"templatestyles\",\"attrs\":{\"src\":\"Module:Citation\/CS1\/styles.css\"},\"body\":{\"extsrc\":\"\"},\"parts\":[{\"template\":{\"target\":{\"wt\":\"cite web \",\"href\":\".\/Template:Cite_web\"},\"params\":{\"publisher\":{\"wt\":\"[[Telegrafi]]\"},\"title\":{\"wt\":\"Reagim i ashp\u00ebr nga motra e Dafina Zeqirit, flet rr\u00ebnd\u00eb p\u00ebr babain\"},\"url\":{\"wt\":\"https:\/\/telegrafi.com\/reagim-ashper-nga-motra-e-dafina-zeqirit-flet-rrende-per-babain\/\"},\"access-date\":{\"wt\":\"15 January 2021\"},\"archive-url\":{\"wt\":\"https:\/\/web.archive.org\/web\/20170401051546\/https:\/\/telegrafi.com\/reagim-ashper-nga-motra-e-dafina-zeqirit-flet-rrende-per-babain\/\"},\"archive-date\":{\"wt\":\"1 April 2017\"},\"language\":{\"wt\":\"sq\"},\"date\":{\"wt\":\"12 May 2016\"}},\"i\":0}}]}'\/><cite class=\"citation web cs1 cs1-prop-foreign-lang-source\" about=\"#mwt31\" id=\"rdp-we-mwAYg\"><a rel=\"external_link\" href=\"https:\/\/web.archive.org\/web\/20170401051546\/https:\/\/telegrafi.com\/reagim-ashper-nga-motra-e-dafina-zeqirit-flet-rrende-per-babain\/\" class=\"external text\" id=\"rdp-we-mwAYk\" target=\"_new\">\"Reagim i ashp\u00ebr nga motra e Dafina Zeqirit, flet rr\u00ebnd\u00eb p\u00ebr babain\"<\/a> (in Albanian). <a rel=\"mw:WikiLink\" href=\"https:\/\/en.wikipedia.org\/wiki\/Telegrafi\" title=\"Telegrafi\" id=\"rdp-we-mwAYo\" target=\"_new\" class=\"wiki-link\">Telegrafi<\/a>. 12 May 2016. Archived from <a rel=\"external_link\" href=\"https:\/\/telegrafi.com\/reagim-ashper-nga-motra-e-dafina-zeqirit-flet-rrende-per-babain\/\" class=\"external text\" id=\"rdp-we-mwAYs\" target=\"_new\">the original<\/a> on 1 April 2017<span class=\"reference-accessdate\" id=\"rdp-we-mwAYw\">. Retrieved <span class=\"nowrap\" id=\"rdp-we-mwAY0\">15 January<\/span> 2021<\/span>.<\/cite><span title=\"ctx_ver=Z39.88-2004&amp;rft_val_fmt=info%3Aofi%2Ffmt%3Akev%3Amtx%3Abook&amp;rft.genre=unknown&amp;rft.btitle=Reagim+i+ashp%C3%ABr+nga+motra+e+Dafina+Zeqirit%2C+flet+rr%C3%ABnd%C3%AB+p%C3%ABr+babain&amp;rft.pub=Telegrafi&amp;rft.date=2016-05-12&amp;rft_id=https%3A%2F%2Ftelegrafi.com%2Freagim-ashper-nga-motra-e-dafina-zeqirit-flet-rrende-per-babain%2F&amp;rfr_id=info%3Asid%2Fen.wikipedia.org%3ADafina+Zeqiri\" class=\"Z3988\" about=\"#mwt31\" id=\"rdp-we-mwAY4\"><\/span><link rel=\"mw:PageProp\/Category\" href=\".\/Category:CS1_Albanian-language_sources_(sq)\" about=\"#mwt31\" id=\"rdp-we-mwAY8\"\/><\/span><\/li>\n<li about=\"#cite_note-8\" id=\"cite_note-8\" data-mw-footnote-number=\"8\"><span class=\"mw-cite-backlink\" id=\"rdp-we-mwAZA\"><a href=\"#cite_ref-8\" rel=\"mw:referencedBy\" id=\"rdp-we-mwAZE\"><span class=\"mw-linkback-text\" id=\"rdp-we-mwAZI\">\u2191<\/span><\/a><\/span> <span id=\"rdp-we-mw-reference-text-cite_note-8\" class=\"mw-reference-text reference-text\"><link rel=\"mw-deduplicated-inline-style\" href=\"mw-data:TemplateStyles:r1333433106\" about=\"#mwt34\" typeof=\"mw:Extension\/templatestyles mw:Transclusion\" id=\"rdp-we-mwAZM\" data-mw='{\"name\":\"templatestyles\",\"attrs\":{\"src\":\"Module:Citation\/CS1\/styles.css\"},\"body\":{\"extsrc\":\"\"},\"parts\":[{\"template\":{\"target\":{\"wt\":\"cite web \",\"href\":\".\/Template:Cite_web\"},\"params\":{\"publisher\":{\"wt\":\"Panorama\"},\"title\":{\"wt\":\"Flet motra e Dafina Zeqirit: Babai na braktisi, ai na donte t\u00eb vdekura\"},\"url\":{\"wt\":\"http:\/\/www.panorama.com.al\/flet-motra-e-dafina-zeqirit-babai-na-braktisi-ai-na-donte-te-vdekura\/\"},\"access-date\":{\"wt\":\"15 January 2021\"},\"archive-url\":{\"wt\":\"https:\/\/web.archive.org\/web\/20210115222006\/http:\/\/www.panorama.com.al\/flet-motra-e-dafina-zeqirit-babai-na-braktisi-ai-na-donte-te-vdekura\/\"},\"archive-date\":{\"wt\":\"15 January 2021\"},\"language\":{\"wt\":\"sq\"},\"date\":{\"wt\":\"5 August 2012\"}},\"i\":0}}]}'\/><cite class=\"citation web cs1 cs1-prop-foreign-lang-source\" about=\"#mwt34\" id=\"rdp-we-mwAZQ\"><a rel=\"external_link\" href=\"https:\/\/web.archive.org\/web\/20210115222006\/http:\/\/www.panorama.com.al\/flet-motra-e-dafina-zeqirit-babai-na-braktisi-ai-na-donte-te-vdekura\/\" class=\"external text\" id=\"rdp-we-mwAZU\" target=\"_new\">\"Flet motra e Dafina Zeqirit: Babai na braktisi, ai na donte t\u00eb vdekura\"<\/a> (in Albanian). Panorama. 5 August 2012. Archived from <a rel=\"external_link\" href=\"http:\/\/www.panorama.com.al\/flet-motra-e-dafina-zeqirit-babai-na-braktisi-ai-na-donte-te-vdekura\/\" class=\"external text\" id=\"rdp-we-mwAZY\" target=\"_new\">the original<\/a> on 15 January 2021<span class=\"reference-accessdate\" id=\"rdp-we-mwAZc\">. Retrieved <span class=\"nowrap\" id=\"rdp-we-mwAZg\">15 January<\/span> 2021<\/span>.<\/cite><span title=\"ctx_ver=Z39.88-2004&amp;rft_val_fmt=info%3Aofi%2Ffmt%3Akev%3Amtx%3Abook&amp;rft.genre=unknown&amp;rft.btitle=Flet+motra+e+Dafina+Zeqirit%3A+Babai+na+braktisi%2C+ai+na+donte+t%C3%AB+vdekura&amp;rft.pub=Panorama&amp;rft.date=2012-08-05&amp;rft_id=http%3A%2F%2Fwww.panorama.com.al%2Fflet-motra-e-dafina-zeqirit-babai-na-braktisi-ai-na-donte-te-vdekura%2F&amp;rfr_id=info%3Asid%2Fen.wikipedia.org%3ADafina+Zeqiri\" class=\"Z3988\" about=\"#mwt34\" id=\"rdp-we-mwAZk\"><\/span><link rel=\"mw:PageProp\/Category\" href=\".\/Category:CS1_Albanian-language_sources_(sq)\" about=\"#mwt34\" id=\"rdp-we-mwAZo\"\/><\/span><\/li>\n<li about=\"#cite_note-9\" id=\"cite_note-9\" data-mw-footnote-number=\"9\"><span class=\"mw-cite-backlink\" id=\"rdp-we-mwAZs\"><a href=\"#cite_ref-9\" rel=\"mw:referencedBy\" id=\"rdp-we-mwAZw\"><span class=\"mw-linkback-text\" id=\"rdp-we-mwAZ0\">\u2191<\/span><\/a><\/span> <span id=\"rdp-we-mw-reference-text-cite_note-9\" class=\"mw-reference-text reference-text\"><link rel=\"mw-deduplicated-inline-style\" href=\"mw-data:TemplateStyles:r1333433106\" about=\"#mwt37\" typeof=\"mw:Extension\/templatestyles mw:Transclusion\" id=\"rdp-we-mwAZ4\" data-mw='{\"name\":\"templatestyles\",\"attrs\":{\"src\":\"Module:Citation\/CS1\/styles.css\"},\"body\":{\"extsrc\":\"\"},\"parts\":[{\"template\":{\"target\":{\"wt\":\"cite web \",\"href\":\".\/Template:Cite_web\"},\"params\":{\"publisher\":{\"wt\":\"Class Lifestyle\"},\"title\":{\"wt\":\"Pse nuk takohet me t\u00eb atin Dafina Zeqiri?\"},\"url\":{\"wt\":\"https:\/\/www.classlifestyle.com\/d\/132\/136\/1819\/pse-nuk-takohet-me-te-atin-dafina-zeqiri\/\"},\"access-date\":{\"wt\":\"15 January 2021\"},\"archive-url\":{\"wt\":\"https:\/\/web.archive.org\/web\/20210115220742\/https:\/\/www.classlifestyle.com\/d\/132\/136\/1819\/pse-nuk-takohet-me-te-atin-dafina-zeqiri\/\"},\"archive-date\":{\"wt\":\"15 January 2021\"},\"language\":{\"wt\":\"sq\"},\"date\":{\"wt\":\"7 March 2015\"}},\"i\":0}}]}'\/><cite class=\"citation web cs1 cs1-prop-foreign-lang-source\" about=\"#mwt37\" id=\"rdp-we-mwAZ8\"><a rel=\"external_link\" href=\"https:\/\/web.archive.org\/web\/20210115220742\/https:\/\/www.classlifestyle.com\/d\/132\/136\/1819\/pse-nuk-takohet-me-te-atin-dafina-zeqiri\/\" class=\"external text\" id=\"rdp-we-mwAaA\" target=\"_new\">\"Pse nuk takohet me t\u00eb atin Dafina Zeqiri?\"<\/a> (in Albanian). Class Lifestyle. 7 March 2015. Archived from <a rel=\"external_link\" href=\"https:\/\/www.classlifestyle.com\/d\/132\/136\/1819\/pse-nuk-takohet-me-te-atin-dafina-zeqiri\/\" class=\"external text\" id=\"rdp-we-mwAaE\" target=\"_new\">the original<\/a> on 15 January 2021<span class=\"reference-accessdate\" id=\"rdp-we-mwAaI\">. Retrieved <span class=\"nowrap\" id=\"rdp-we-mwAaM\">15 January<\/span> 2021<\/span>.<\/cite><span title=\"ctx_ver=Z39.88-2004&amp;rft_val_fmt=info%3Aofi%2Ffmt%3Akev%3Amtx%3Abook&amp;rft.genre=unknown&amp;rft.btitle=Pse+nuk+takohet+me+t%C3%AB+atin+Dafina+Zeqiri%3F&amp;rft.pub=Class+Lifestyle&amp;rft.date=2015-03-07&amp;rft_id=https%3A%2F%2Fwww.classlifestyle.com%2Fd%2F132%2F136%2F1819%2Fpse-nuk-takohet-me-te-atin-dafina-zeqiri%2F&amp;rfr_id=info%3Asid%2Fen.wikipedia.org%3ADafina+Zeqiri\" class=\"Z3988\" about=\"#mwt37\" id=\"rdp-we-mwAaQ\"><\/span><link rel=\"mw:PageProp\/Category\" href=\".\/Category:CS1_Albanian-language_sources_(sq)\" about=\"#mwt37\" id=\"rdp-we-mwAaU\"\/><\/span><\/li>\n<li about=\"#cite_note-10\" id=\"cite_note-10\" data-mw-footnote-number=\"10\"><span class=\"mw-cite-backlink\" id=\"rdp-we-mwAaY\"><a href=\"#cite_ref-10\" rel=\"mw:referencedBy\" id=\"rdp-we-mwAac\"><span class=\"mw-linkback-text\" id=\"rdp-we-mwAag\">\u2191<\/span><\/a><\/span> <span id=\"rdp-we-mw-reference-text-cite_note-10\" class=\"mw-reference-text reference-text\"><link rel=\"mw-deduplicated-inline-style\" href=\"mw-data:TemplateStyles:r1333433106\" about=\"#mwt40\" typeof=\"mw:Extension\/templatestyles mw:Transclusion\" id=\"rdp-we-mwAak\" data-mw='{\"name\":\"templatestyles\",\"attrs\":{\"src\":\"Module:Citation\/CS1\/styles.css\"},\"body\":{\"extsrc\":\"\"},\"parts\":[{\"template\":{\"target\":{\"wt\":\"Cite web \",\"href\":\".\/Template:Cite_web\"},\"params\":{\"publisher\":{\"wt\":\"Teksteshqip\"},\"title\":{\"wt\":\"Pas rr\u00ebfimit t\u00eb babait, tani \u00ebsht\u00eb rradha e motr\u00ebs.\"},\"url\":{\"wt\":\"http:\/\/www.teksteshqip.com\/dafina-zeqiri\/lajme_2802.php\"},\"access-date\":{\"wt\":\"15 January 2021\"},\"archive-url\":{\"wt\":\"https:\/\/web.archive.org\/web\/20121016134626\/http:\/\/teksteshqip.com\/dafina-zeqiri\/lajme_2802.php\"},\"archive-date\":{\"wt\":\"16 October 2012\"}},\"i\":0}}]}'\/><cite class=\"citation web cs1\" about=\"#mwt40\" id=\"rdp-we-mwAao\"><a rel=\"external_link\" href=\"https:\/\/web.archive.org\/web\/20121016134626\/http:\/\/teksteshqip.com\/dafina-zeqiri\/lajme_2802.php\" class=\"external text\" id=\"rdp-we-mwAas\" target=\"_new\">\"Pas rr\u00ebfimit t\u00eb babait, tani \u00ebsht\u00eb rradha e motr\u00ebs\"<\/a>. Teksteshqip. Archived from <a rel=\"external_link\" href=\"http:\/\/www.teksteshqip.com\/dafina-zeqiri\/lajme_2802.php\" class=\"external text\" id=\"rdp-we-mwAaw\" target=\"_new\">the original<\/a> on 16 October 2012<span class=\"reference-accessdate\" id=\"rdp-we-mwAa0\">. Retrieved <span class=\"nowrap\" id=\"rdp-we-mwAa4\">15 January<\/span> 2021<\/span>.<\/cite><span title=\"ctx_ver=Z39.88-2004&amp;rft_val_fmt=info%3Aofi%2Ffmt%3Akev%3Amtx%3Abook&amp;rft.genre=unknown&amp;rft.btitle=Pas+rr%C3%ABfimit+t%C3%AB+babait%2C+tani+%C3%ABsht%C3%AB+rradha+e+motr%C3%ABs.&amp;rft.pub=Teksteshqip&amp;rft_id=http%3A%2F%2Fwww.teksteshqip.com%2Fdafina-zeqiri%2Flajme_2802.php&amp;rfr_id=info%3Asid%2Fen.wikipedia.org%3ADafina+Zeqiri\" class=\"Z3988\" about=\"#mwt40\" id=\"rdp-we-mwAa8\"><\/span><\/span><\/li>\n<li about=\"#cite_note-11\" id=\"cite_note-11\" data-mw-footnote-number=\"11\"><span class=\"mw-cite-backlink\" id=\"rdp-we-mwAbA\"><a href=\"#cite_ref-11\" rel=\"mw:referencedBy\" id=\"rdp-we-mwAbE\"><span class=\"mw-linkback-text\" id=\"rdp-we-mwAbI\">\u2191<\/span><\/a><\/span> <span id=\"rdp-we-mw-reference-text-cite_note-11\" class=\"mw-reference-text reference-text\"><link rel=\"mw-deduplicated-inline-style\" href=\"mw-data:TemplateStyles:r1333433106\" about=\"#mwt43\" typeof=\"mw:Extension\/templatestyles mw:Transclusion\" id=\"rdp-we-mwAbM\" data-mw='{\"name\":\"templatestyles\",\"attrs\":{\"src\":\"Module:Citation\/CS1\/styles.css\"},\"body\":{\"extsrc\":\"\"},\"parts\":[{\"template\":{\"target\":{\"wt\":\"cite web \",\"href\":\".\/Template:Cite_web\"},\"params\":{\"title\":{\"wt\":\"N\u00ebna e Dafina Zeqirit dikur ishte k\u00ebng\u00ebtare, ajo do t\u00eb rikthehet me nj\u00eb k\u00ebng\u00eb dedikuar vajz\u00ebs n\u00eb albumin e ri t\u00eb Dafin\u00ebs\"},\"url\":{\"wt\":\"https:\/\/telegrafi.com\/nena-e-dafina-zeqirit-dikur-ishte-kengetare-ajo-te-rikthehet-nje-kenge-dedikuar-vajzes-ne-albumin-e-ri-te-dafines\"},\"website\":{\"wt\":\"Telegrafi\"},\"date\":{\"wt\":\"9 June 2020\"},\"access-date\":{\"wt\":\"9 February 2021\"}},\"i\":0}}]}'\/><cite class=\"citation web cs1\" about=\"#mwt43\" id=\"rdp-we-mwAbQ\"><a rel=\"external_link\" href=\"https:\/\/telegrafi.com\/nena-e-dafina-zeqirit-dikur-ishte-kengetare-ajo-te-rikthehet-nje-kenge-dedikuar-vajzes-ne-albumin-e-ri-te-dafines\" class=\"external text\" id=\"rdp-we-mwAbU\" target=\"_new\">\"N\u00ebna e Dafina Zeqirit dikur ishte k\u00ebng\u00ebtare, ajo do t\u00eb rikthehet me nj\u00eb k\u00ebng\u00eb dedikuar vajz\u00ebs n\u00eb albumin e ri t\u00eb Dafin\u00ebs\"<\/a>. <i id=\"rdp-we-mwAbY\">Telegrafi<\/i>. 9 June 2020<span class=\"reference-accessdate\" id=\"rdp-we-mwAbc\">. Retrieved <span class=\"nowrap\" id=\"rdp-we-mwAbg\">9 February<\/span> 2021<\/span>.<\/cite><span title=\"ctx_ver=Z39.88-2004&amp;rft_val_fmt=info%3Aofi%2Ffmt%3Akev%3Amtx%3Ajournal&amp;rft.genre=unknown&amp;rft.jtitle=Telegrafi&amp;rft.atitle=N%C3%ABna+e+Dafina+Zeqirit+dikur+ishte+k%C3%ABng%C3%ABtare%2C+ajo+do+t%C3%AB+rikthehet+me+nj%C3%AB+k%C3%ABng%C3%AB+dedikuar+vajz%C3%ABs+n%C3%AB+albumin+e+ri+t%C3%AB+Dafin%C3%ABs&amp;rft.date=2020-06-09&amp;rft_id=https%3A%2F%2Ftelegrafi.com%2Fnena-e-dafina-zeqirit-dikur-ishte-kengetare-ajo-te-rikthehet-nje-kenge-dedikuar-vajzes-ne-albumin-e-ri-te-dafines&amp;rfr_id=info%3Asid%2Fen.wikipedia.org%3ADafina+Zeqiri\" class=\"Z3988\" about=\"#mwt43\" id=\"rdp-we-mwAbk\"><\/span><\/span><\/li>\n<li about=\"#cite_note-12\" id=\"cite_note-12\" data-mw-footnote-number=\"12\"><span class=\"mw-cite-backlink\" id=\"rdp-we-mwAbo\"><a href=\"#cite_ref-12\" rel=\"mw:referencedBy\" id=\"rdp-we-mwAbs\"><span class=\"mw-linkback-text\" id=\"rdp-we-mwAbw\">\u2191<\/span><\/a><\/span> <span id=\"rdp-we-mw-reference-text-cite_note-12\" class=\"mw-reference-text reference-text\"><link rel=\"mw-deduplicated-inline-style\" href=\"mw-data:TemplateStyles:r1333433106\" about=\"#mwt46\" typeof=\"mw:Extension\/templatestyles mw:Transclusion\" id=\"rdp-we-mwAb0\" data-mw='{\"name\":\"templatestyles\",\"attrs\":{\"src\":\"Module:Citation\/CS1\/styles.css\"},\"body\":{\"extsrc\":\"\"},\"parts\":[{\"template\":{\"target\":{\"wt\":\"Cite web \",\"href\":\".\/Template:Cite_web\"},\"params\":{\"url\":{\"wt\":\"http:\/\/www.teksteshqip.com\/dafina-zeqiri\/lajme_1103.php\"},\"title\":{\"wt\":\"Dafina nuk din t\u00eb ndalet\"},\"access-date\":{\"wt\":\"15 September 2013\"},\"archive-url\":{\"wt\":\"https:\/\/web.archive.org\/web\/20121016134825\/http:\/\/teksteshqip.com\/dafina-zeqiri\/lajme_1103.php\"},\"archive-date\":{\"wt\":\"16 October 2012\"},\"url-status\":{\"wt\":\"dead\"}},\"i\":0}}]}'\/><cite class=\"citation web cs1\" about=\"#mwt46\" id=\"rdp-we-mwAb4\"><a rel=\"external_link\" href=\"https:\/\/web.archive.org\/web\/20121016134825\/http:\/\/teksteshqip.com\/dafina-zeqiri\/lajme_1103.php\" class=\"external text\" id=\"rdp-we-mwAb8\" target=\"_new\">\"Dafina nuk din t\u00eb ndalet\"<\/a>. Archived from <a rel=\"external_link\" href=\"http:\/\/www.teksteshqip.com\/dafina-zeqiri\/lajme_1103.php\" class=\"external text\" id=\"rdp-we-mwAcA\" target=\"_new\">the original<\/a> on 16 October 2012<span class=\"reference-accessdate\" id=\"rdp-we-mwAcE\">. Retrieved <span class=\"nowrap\" id=\"rdp-we-mwAcI\">15 September<\/span> 2013<\/span>.<\/cite><span title=\"ctx_ver=Z39.88-2004&amp;rft_val_fmt=info%3Aofi%2Ffmt%3Akev%3Amtx%3Abook&amp;rft.genre=unknown&amp;rft.btitle=Dafina+nuk+din+t%C3%AB+ndalet&amp;rft_id=http%3A%2F%2Fwww.teksteshqip.com%2Fdafina-zeqiri%2Flajme_1103.php&amp;rfr_id=info%3Asid%2Fen.wikipedia.org%3ADafina+Zeqiri\" class=\"Z3988\" about=\"#mwt46\" id=\"rdp-we-mwAcM\"><\/span><\/span><\/li>\n<li about=\"#cite_note-13\" id=\"cite_note-13\" data-mw-footnote-number=\"13\"><span class=\"mw-cite-backlink\" id=\"rdp-we-mwAcQ\"><a href=\"#cite_ref-13\" rel=\"mw:referencedBy\" id=\"rdp-we-mwAcU\"><span class=\"mw-linkback-text\" id=\"rdp-we-mwAcY\">\u2191<\/span><\/a><\/span> <span id=\"rdp-we-mw-reference-text-cite_note-13\" class=\"mw-reference-text reference-text\"><link rel=\"mw-deduplicated-inline-style\" href=\"mw-data:TemplateStyles:r1333433106\" about=\"#mwt49\" typeof=\"mw:Extension\/templatestyles mw:Transclusion\" id=\"rdp-we-mwAcc\" data-mw='{\"name\":\"templatestyles\",\"attrs\":{\"src\":\"Module:Citation\/CS1\/styles.css\"},\"body\":{\"extsrc\":\"\"},\"parts\":[{\"template\":{\"target\":{\"wt\":\"Cite web \",\"href\":\".\/Template:Cite_web\"},\"params\":{\"url\":{\"wt\":\"http:\/\/www.teksteshqip.com\/dafina-zeqiri\/lajme_2306.php\"},\"title\":{\"wt\":\"E lumtur pas suksesit t\u00eb klipit t\u00eb ri\"},\"access-date\":{\"wt\":\"15 September 2013\"},\"archive-url\":{\"wt\":\"https:\/\/web.archive.org\/web\/20121016134418\/http:\/\/teksteshqip.com\/dafina-zeqiri\/lajme_2306.php\"},\"archive-date\":{\"wt\":\"16 October 2012\"},\"url-status\":{\"wt\":\"dead\"}},\"i\":0}}]}'\/><cite class=\"citation web cs1\" about=\"#mwt49\" id=\"rdp-we-mwAcg\"><a rel=\"external_link\" href=\"https:\/\/web.archive.org\/web\/20121016134418\/http:\/\/teksteshqip.com\/dafina-zeqiri\/lajme_2306.php\" class=\"external text\" id=\"rdp-we-mwAck\" target=\"_new\">\"E lumtur pas suksesit t\u00eb klipit t\u00eb ri\"<\/a>. Archived from <a rel=\"external_link\" href=\"http:\/\/www.teksteshqip.com\/dafina-zeqiri\/lajme_2306.php\" class=\"external text\" id=\"rdp-we-mwAco\" target=\"_new\">the original<\/a> on 16 October 2012<span class=\"reference-accessdate\" id=\"rdp-we-mwAcs\">. Retrieved <span class=\"nowrap\" id=\"rdp-we-mwAcw\">15 September<\/span> 2013<\/span>.<\/cite><span title=\"ctx_ver=Z39.88-2004&amp;rft_val_fmt=info%3Aofi%2Ffmt%3Akev%3Amtx%3Abook&amp;rft.genre=unknown&amp;rft.btitle=E+lumtur+pas+suksesit+t%C3%AB+klipit+t%C3%AB+ri&amp;rft_id=http%3A%2F%2Fwww.teksteshqip.com%2Fdafina-zeqiri%2Flajme_2306.php&amp;rfr_id=info%3Asid%2Fen.wikipedia.org%3ADafina+Zeqiri\" class=\"Z3988\" about=\"#mwt49\" id=\"rdp-we-mwAc0\"><\/span><\/span><\/li>\n<li about=\"#cite_note-14\" id=\"cite_note-14\" data-mw-footnote-number=\"14\"><span class=\"mw-cite-backlink\" id=\"rdp-we-mwAc4\"><a href=\"#cite_ref-14\" rel=\"mw:referencedBy\" id=\"rdp-we-mwAc8\"><span class=\"mw-linkback-text\" id=\"rdp-we-mwAdA\">\u2191<\/span><\/a><\/span> <span id=\"rdp-we-mw-reference-text-cite_note-14\" class=\"mw-reference-text reference-text\"><link rel=\"mw-deduplicated-inline-style\" href=\"mw-data:TemplateStyles:r1333433106\" about=\"#mwt52\" typeof=\"mw:Extension\/templatestyles mw:Transclusion\" id=\"rdp-we-mwAdE\" data-mw='{\"name\":\"templatestyles\",\"attrs\":{\"src\":\"Module:Citation\/CS1\/styles.css\"},\"body\":{\"extsrc\":\"\"},\"parts\":[{\"template\":{\"target\":{\"wt\":\"cite web \",\"href\":\".\/Template:Cite_web\"},\"params\":{\"publisher\":{\"wt\":\"[[Net\u00ebt e Klipit Shqiptar]]\"},\"title\":{\"wt\":\"Netet e Klipit Shqiptar 2016{{spaced ndash}}Fitu\u00ebsit\"},\"url\":{\"wt\":\"https:\/\/neteteklipitshqiptar.com\/2016\/\"},\"access-date\":{\"wt\":\"22 January 2022\"},\"archive-url\":{\"wt\":\"https:\/\/web.archive.org\/web\/20200216160458\/https:\/\/neteteklipitshqiptar.com\/2016\/\"},\"archive-date\":{\"wt\":\"16 February 2020\"},\"language\":{\"wt\":\"sq\"},\"url-status\":{\"wt\":\"dead\"}},\"i\":0}}]}'\/><cite class=\"citation web cs1 cs1-prop-foreign-lang-source\" about=\"#mwt52\" id=\"rdp-we-mwAdI\"><a rel=\"external_link\" href=\"https:\/\/web.archive.org\/web\/20200216160458\/https:\/\/neteteklipitshqiptar.com\/2016\/\" class=\"external text\" id=\"rdp-we-mwAdM\" target=\"_new\">\"Netet e Klipit Shqiptar 2016<span typeof=\"mw:Entity\" id=\"rdp-we-mwAdQ\">\u00a0<\/span><span typeof=\"mw:Entity\" id=\"rdp-we-mwAdU\">\u2013<\/span><span typeof=\"mw:Entity\" id=\"rdp-we-mwAdY\"> <\/span>Fitu\u00ebsit\"<\/a> (in Albanian). <a rel=\"mw:WikiLink\" href=\"https:\/\/en.wikipedia.org\/wiki\/Net\u00ebt_e_Klipit_Shqiptar\" title=\"Net\u00ebt e Klipit Shqiptar\" id=\"rdp-we-mwAdc\" target=\"_new\" class=\"wiki-link\">Net\u00ebt e Klipit Shqiptar<\/a>. Archived from <a rel=\"external_link\" href=\"https:\/\/neteteklipitshqiptar.com\/2016\/\" class=\"external text\" id=\"rdp-we-mwAdg\" target=\"_new\">the original<\/a> on 16 February 2020<span class=\"reference-accessdate\" id=\"rdp-we-mwAdk\">. Retrieved <span class=\"nowrap\" id=\"rdp-we-mwAdo\">22 January<\/span> 2022<\/span>.<\/cite><span title=\"ctx_ver=Z39.88-2004&amp;rft_val_fmt=info%3Aofi%2Ffmt%3Akev%3Amtx%3Abook&amp;rft.genre=unknown&amp;rft.btitle=Netet+e+Klipit+Shqiptar+2016+%26ndash%3B%26%2332%3BFitu%C3%ABsit&amp;rft.pub=Net%C3%ABt+e+Klipit+Shqiptar&amp;rft_id=https%3A%2F%2Fneteteklipitshqiptar.com%2F2016%2F&amp;rfr_id=info%3Asid%2Fen.wikipedia.org%3ADafina+Zeqiri\" class=\"Z3988\" about=\"#mwt52\" id=\"rdp-we-mwAds\"><\/span><link rel=\"mw:PageProp\/Category\" href=\".\/Category:CS1_Albanian-language_sources_(sq)\" about=\"#mwt52\" id=\"rdp-we-mwAdw\"\/><\/span><\/li>\n<li about=\"#cite_note-15\" id=\"cite_note-15\" data-mw-footnote-number=\"15\"><span class=\"mw-cite-backlink\" id=\"rdp-we-mwAd0\"><a href=\"#cite_ref-15\" rel=\"mw:referencedBy\" id=\"rdp-we-mwAd4\"><span class=\"mw-linkback-text\" id=\"rdp-we-mwAd8\">\u2191<\/span><\/a><\/span> <span id=\"rdp-we-mw-reference-text-cite_note-15\" class=\"mw-reference-text reference-text\"><link rel=\"mw-deduplicated-inline-style\" href=\"mw-data:TemplateStyles:r1333433106\" about=\"#mwt55\" typeof=\"mw:Extension\/templatestyles mw:Transclusion\" id=\"rdp-we-mwAeA\" data-mw='{\"name\":\"templatestyles\",\"attrs\":{\"src\":\"Module:Citation\/CS1\/styles.css\"},\"body\":{\"extsrc\":\"\"},\"parts\":[{\"template\":{\"target\":{\"wt\":\"cite web \",\"href\":\".\/Template:Cite_web\"},\"params\":{\"last\":{\"wt\":\"Kasaj\"},\"first\":{\"wt\":\"Justin\"},\"publisher\":{\"wt\":\"Infomedia Albania\"},\"title\":{\"wt\":\"Rozana Radi triumfon n\u00eb &apos;Net\u00ebt e Klipit Shqiptar&apos;\"},\"url\":{\"wt\":\"https:\/\/www.imalbania.com\/rozana-radi-triumfon-ne-netet-e-klipit-shqiptar\/\"},\"access-date\":{\"wt\":\"22 January 2022\"},\"archive-url\":{\"wt\":\"https:\/\/web.archive.org\/web\/20180804184725\/https:\/\/www.imalbania.com\/rozana-radi-triumfon-ne-netet-e-klipit-shqiptar\/\"},\"archive-date\":{\"wt\":\"4 August 2018\"},\"language\":{\"wt\":\"sq\"},\"date\":{\"wt\":\"9 June 2016\"},\"url-status\":{\"wt\":\"live\"}},\"i\":0}}]}'\/><cite id=\"rdp-we-CITEREFKasaj2016\" class=\"citation web cs1 cs1-prop-foreign-lang-source\" about=\"#mwt55\">Kasaj, Justin (9 June 2016). <a rel=\"external_link\" href=\"https:\/\/www.imalbania.com\/rozana-radi-triumfon-ne-netet-e-klipit-shqiptar\/\" class=\"external text\" id=\"rdp-we-mwAeE\" target=\"_new\">\"Rozana Radi triumfon n\u00eb 'Net\u00ebt e Klipit Shqiptar'<span class=\"cs1-kern-right\" id=\"rdp-we-mwAeI\"><\/span>\"<\/a> (in Albanian). Infomedia Albania. <a rel=\"external_link\" href=\"https:\/\/web.archive.org\/web\/20180804184725\/https:\/\/www.imalbania.com\/rozana-radi-triumfon-ne-netet-e-klipit-shqiptar\/\" class=\"external text\" id=\"rdp-we-mwAeM\" target=\"_new\">Archived<\/a> from the original on 4 August 2018<span class=\"reference-accessdate\" id=\"rdp-we-mwAeQ\">. Retrieved <span class=\"nowrap\" id=\"rdp-we-mwAeU\">22 January<\/span> 2022<\/span>.<\/cite><span title=\"ctx_ver=Z39.88-2004&amp;rft_val_fmt=info%3Aofi%2Ffmt%3Akev%3Amtx%3Abook&amp;rft.genre=unknown&amp;rft.btitle=Rozana+Radi+triumfon+n%C3%AB+%27Net%C3%ABt+e+Klipit+Shqiptar%27&amp;rft.pub=Infomedia+Albania&amp;rft.date=2016-06-09&amp;rft.aulast=Kasaj&amp;rft.aufirst=Justin&amp;rft_id=https%3A%2F%2Fwww.imalbania.com%2Frozana-radi-triumfon-ne-netet-e-klipit-shqiptar%2F&amp;rfr_id=info%3Asid%2Fen.wikipedia.org%3ADafina+Zeqiri\" class=\"Z3988\" about=\"#mwt55\" id=\"rdp-we-mwAeY\"><\/span><link rel=\"mw:PageProp\/Category\" href=\".\/Category:CS1_Albanian-language_sources_(sq)\" about=\"#mwt55\" id=\"rdp-we-mwAec\"\/><\/span><\/li>\n<li about=\"#cite_note-16\" id=\"cite_note-16\" data-mw-footnote-number=\"16\"><span class=\"mw-cite-backlink\" id=\"rdp-we-mwAeg\"><a href=\"#cite_ref-16\" rel=\"mw:referencedBy\" id=\"rdp-we-mwAek\"><span class=\"mw-linkback-text\" id=\"rdp-we-mwAeo\">\u2191<\/span><\/a><\/span> <span id=\"rdp-we-mw-reference-text-cite_note-16\" class=\"mw-reference-text reference-text\"><link rel=\"mw-deduplicated-inline-style\" href=\"mw-data:TemplateStyles:r1333433106\" about=\"#mwt58\" typeof=\"mw:Extension\/templatestyles mw:Transclusion\" id=\"rdp-we-mwAes\" data-mw='{\"name\":\"templatestyles\",\"attrs\":{\"src\":\"Module:Citation\/CS1\/styles.css\"},\"body\":{\"extsrc\":\"\"},\"parts\":[{\"template\":{\"target\":{\"wt\":\"Cite news \",\"href\":\".\/Template:Cite_news\"},\"params\":{\"date\":{\"wt\":\"29 September 2017\"},\"title\":{\"wt\":\"Dafina continues to shine in New York, as she releases the video with the lyrics of \\\"Told Ya\\\" (Photo)\"},\"url\":{\"wt\":\"https:\/\/telegrafi.com\/en\/Dafina-continues-to-shine-in-New-York-as-she-publishes-the-text-video-told-ya-photo\/\"},\"access-date\":{\"wt\":\"24 December 2025\"},\"work\":{\"wt\":\"[[Telegrafi]]\"}},\"i\":0}}]}'\/><cite class=\"citation news cs1\" about=\"#mwt58\" id=\"rdp-we-mwAew\"><a rel=\"external_link\" href=\"https:\/\/telegrafi.com\/en\/Dafina-continues-to-shine-in-New-York-as-she-publishes-the-text-video-told-ya-photo\/\" class=\"external text\" id=\"rdp-we-mwAe0\" target=\"_new\">\"Dafina continues to shine in New York, as she releases the video with the lyrics of \"Told Ya\" (Photo)\"<\/a>. <i id=\"rdp-we-mwAe4\"><a rel=\"mw:WikiLink\" href=\"https:\/\/en.wikipedia.org\/wiki\/Telegrafi\" title=\"Telegrafi\" id=\"rdp-we-mwAe8\" target=\"_new\" class=\"wiki-link\">Telegrafi<\/a><\/i>. 29 September 2017<span class=\"reference-accessdate\" id=\"rdp-we-mwAfA\">. Retrieved <span class=\"nowrap\" id=\"rdp-we-mwAfE\">24 December<\/span> 2025<\/span>.<\/cite><span title=\"ctx_ver=Z39.88-2004&amp;rft_val_fmt=info%3Aofi%2Ffmt%3Akev%3Amtx%3Ajournal&amp;rft.genre=article&amp;rft.jtitle=Telegrafi&amp;rft.atitle=Dafina+continues+to+shine+in+New+York%2C+as+she+releases+the+video+with+the+lyrics+of+%22Told+Ya%22+%28Photo%29&amp;rft.date=2017-09-29&amp;rft_id=https%3A%2F%2Ftelegrafi.com%2Fen%2FDafina-continues-to-shine-in-New-York-as-she-publishes-the-text-video-told-ya-photo%2F&amp;rfr_id=info%3Asid%2Fen.wikipedia.org%3ADafina+Zeqiri\" class=\"Z3988\" about=\"#mwt58\" id=\"rdp-we-mwAfI\"><\/span><\/span><\/li>\n<li about=\"#cite_note-17\" id=\"cite_note-17\" data-mw-footnote-number=\"17\"><span class=\"mw-cite-backlink\" id=\"rdp-we-mwAfM\"><a href=\"#cite_ref-17\" rel=\"mw:referencedBy\" id=\"rdp-we-mwAfQ\"><span class=\"mw-linkback-text\" id=\"rdp-we-mwAfU\">\u2191<\/span><\/a><\/span> <span id=\"rdp-we-mw-reference-text-cite_note-17\" class=\"mw-reference-text reference-text\"><link rel=\"mw-deduplicated-inline-style\" href=\"mw-data:TemplateStyles:r1333433106\" about=\"#mwt61\" typeof=\"mw:Extension\/templatestyles mw:Transclusion\" id=\"rdp-we-mwAfY\" data-mw='{\"name\":\"templatestyles\",\"attrs\":{\"src\":\"Module:Citation\/CS1\/styles.css\"},\"body\":{\"extsrc\":\"\"},\"parts\":[{\"template\":{\"target\":{\"wt\":\"Cite news \",\"href\":\".\/Template:Cite_news\"},\"params\":{\"title\":{\"wt\":\"Who is Dafina Zeqiri?\"},\"url\":{\"wt\":\"https:\/\/kosovo.site.transip.me\/dafina-zeqiri\/\"},\"access-date\":{\"wt\":\"25 December 2025\"},\"work\":{\"wt\":\"Kosovo Info\"}},\"i\":0}}]}'\/><cite class=\"citation news cs1\" about=\"#mwt61\" id=\"rdp-we-mwAfc\"><a rel=\"external_link\" href=\"https:\/\/kosovo.site.transip.me\/dafina-zeqiri\/\" class=\"external text\" id=\"rdp-we-mwAfg\" target=\"_new\">\"Who is Dafina Zeqiri?\"<\/a>. <i id=\"rdp-we-mwAfk\">Kosovo Info<\/i><span class=\"reference-accessdate\" id=\"rdp-we-mwAfo\">. Retrieved <span class=\"nowrap\" id=\"rdp-we-mwAfs\">25 December<\/span> 2025<\/span>.<\/cite><span title=\"ctx_ver=Z39.88-2004&amp;rft_val_fmt=info%3Aofi%2Ffmt%3Akev%3Amtx%3Ajournal&amp;rft.genre=article&amp;rft.jtitle=Kosovo+Info&amp;rft.atitle=Who+is+Dafina+Zeqiri%3F&amp;rft_id=https%3A%2F%2Fkosovo.site.transip.me%2Fdafina-zeqiri%2F&amp;rfr_id=info%3Asid%2Fen.wikipedia.org%3ADafina+Zeqiri\" class=\"Z3988\" about=\"#mwt61\" id=\"rdp-we-mwAfw\"><\/span><\/span><\/li>\n<li about=\"#cite_note-18\" id=\"cite_note-18\" data-mw-footnote-number=\"18\"><span class=\"mw-cite-backlink\" id=\"rdp-we-mwAf0\"><a href=\"#cite_ref-18\" rel=\"mw:referencedBy\" id=\"rdp-we-mwAf4\"><span class=\"mw-linkback-text\" id=\"rdp-we-mwAf8\">\u2191<\/span><\/a><\/span> <span id=\"rdp-we-mw-reference-text-cite_note-18\" class=\"mw-reference-text reference-text\"><link rel=\"mw-deduplicated-inline-style\" href=\"mw-data:TemplateStyles:r1333433106\" about=\"#mwt64\" typeof=\"mw:Extension\/templatestyles mw:Transclusion\" id=\"rdp-we-mwAgA\" data-mw='{\"name\":\"templatestyles\",\"attrs\":{\"src\":\"Module:Citation\/CS1\/styles.css\"},\"body\":{\"extsrc\":\"\"},\"parts\":[{\"template\":{\"target\":{\"wt\":\"cite web \",\"href\":\".\/Template:Cite_web\"},\"params\":{\"last\":{\"wt\":\"Gonzales\"},\"first\":{\"wt\":\"Erica\"},\"publisher\":{\"wt\":\"[[Harper&apos;s Bazaar]]\"},\"title\":{\"wt\":\"Dafina&apos;s King EP Will Make You Feel Like One\"},\"url\":{\"wt\":\"https:\/\/www.harpersbazaar.com\/culture\/art-books-music\/a13447531\/dafina-king-ep\/\"},\"access-date\":{\"wt\":\"24 August 2021\"},\"archive-url\":{\"wt\":\"https:\/\/web.archive.org\/web\/20210702223658\/https:\/\/www.harpersbazaar.com\/culture\/art-books-music\/a13447531\/dafina-king-ep\/\"},\"archive-date\":{\"wt\":\"2 July 2021\"},\"date\":{\"wt\":\"8 November 2017\"},\"url-status\":{\"wt\":\"live\"}},\"i\":0}}]}'\/><cite id=\"rdp-we-CITEREFGonzales2017\" class=\"citation web cs1\" about=\"#mwt64\">Gonzales, Erica (8 November 2017). <a rel=\"external_link\" href=\"https:\/\/www.harpersbazaar.com\/culture\/art-books-music\/a13447531\/dafina-king-ep\/\" class=\"external text\" id=\"rdp-we-mwAgE\" target=\"_new\">\"Dafina's King EP Will Make You Feel Like One\"<\/a>. <a rel=\"mw:WikiLink\" href=\"https:\/\/en.wikipedia.org\/wiki\/Harper's_Bazaar\" title=\"Harper's Bazaar\" id=\"rdp-we-mwAgI\" target=\"_new\" class=\"wiki-link\">Harper's Bazaar<\/a>. <a rel=\"external_link\" href=\"https:\/\/web.archive.org\/web\/20210702223658\/https:\/\/www.harpersbazaar.com\/culture\/art-books-music\/a13447531\/dafina-king-ep\/\" class=\"external text\" id=\"rdp-we-mwAgM\" target=\"_new\">Archived<\/a> from the original on 2 July 2021<span class=\"reference-accessdate\" id=\"rdp-we-mwAgQ\">. Retrieved <span class=\"nowrap\" id=\"rdp-we-mwAgU\">24 August<\/span> 2021<\/span>.<\/cite><span title=\"ctx_ver=Z39.88-2004&amp;rft_val_fmt=info%3Aofi%2Ffmt%3Akev%3Amtx%3Abook&amp;rft.genre=unknown&amp;rft.btitle=Dafina%27s+King+EP+Will+Make+You+Feel+Like+One&amp;rft.pub=Harper%27s+Bazaar&amp;rft.date=2017-11-08&amp;rft.aulast=Gonzales&amp;rft.aufirst=Erica&amp;rft_id=https%3A%2F%2Fwww.harpersbazaar.com%2Fculture%2Fart-books-music%2Fa13447531%2Fdafina-king-ep%2F&amp;rfr_id=info%3Asid%2Fen.wikipedia.org%3ADafina+Zeqiri\" class=\"Z3988\" about=\"#mwt64\" id=\"rdp-we-mwAgY\"><\/span><\/span><\/li>\n<li about=\"#cite_note-19\" id=\"cite_note-19\" data-mw-footnote-number=\"19\"><span class=\"mw-cite-backlink\" id=\"rdp-we-mwAgc\"><a href=\"#cite_ref-19\" rel=\"mw:referencedBy\" id=\"rdp-we-mwAgg\"><span class=\"mw-linkback-text\" id=\"rdp-we-mwAgk\">\u2191<\/span><\/a><\/span> <span id=\"rdp-we-mw-reference-text-cite_note-19\" class=\"mw-reference-text reference-text\"><link rel=\"mw-deduplicated-inline-style\" href=\"mw-data:TemplateStyles:r1333433106\" about=\"#mwt67\" typeof=\"mw:Extension\/templatestyles mw:Transclusion\" id=\"rdp-we-mwAgo\" data-mw='{\"name\":\"templatestyles\",\"attrs\":{\"src\":\"Module:Citation\/CS1\/styles.css\"},\"body\":{\"extsrc\":\"\"},\"parts\":[{\"template\":{\"target\":{\"wt\":\"cite web \",\"href\":\".\/Template:Cite_web\"},\"params\":{\"publisher\":{\"wt\":\"[[Top Channel]]\"},\"title\":{\"wt\":\"The Top List{{spaced ndash}}19 March 2017\"},\"url\":{\"wt\":\"http:\/\/topawards.top-channel.tv\/index.php\/19032017\/\"},\"access-date\":{\"wt\":\"15 February 2020\"},\"archive-url\":{\"wt\":\"https:\/\/web.archive.org\/web\/20200202140336\/http:\/\/topawards.top-channel.tv\/index.php\/19032017\/\"},\"archive-date\":{\"wt\":\"2 February 2020\"},\"language\":{\"wt\":\"sq\"},\"date\":{\"wt\":\"19 March 2017\"},\"url-status\":{\"wt\":\"live\"}},\"i\":0}}]}'\/><cite class=\"citation web cs1 cs1-prop-foreign-lang-source\" about=\"#mwt67\" id=\"rdp-we-mwAgs\"><a rel=\"external_link\" href=\"http:\/\/topawards.top-channel.tv\/index.php\/19032017\/\" class=\"external text\" id=\"rdp-we-mwAgw\" target=\"_new\">\"The Top List<span typeof=\"mw:Entity\" id=\"rdp-we-mwAg0\">\u00a0<\/span><span typeof=\"mw:Entity\" id=\"rdp-we-mwAg4\">\u2013<\/span><span typeof=\"mw:Entity\" id=\"rdp-we-mwAg8\"> <\/span>19 March 2017\"<\/a> (in Albanian). <a rel=\"mw:WikiLink\" href=\"https:\/\/en.wikipedia.org\/wiki\/Top_Channel\" title=\"Top Channel\" id=\"rdp-we-mwAhA\" target=\"_new\" class=\"wiki-link\">Top Channel<\/a>. 19 March 2017. <a rel=\"external_link\" href=\"https:\/\/web.archive.org\/web\/20200202140336\/http:\/\/topawards.top-channel.tv\/index.php\/19032017\/\" class=\"external text\" id=\"rdp-we-mwAhE\" target=\"_new\">Archived<\/a> from the original on 2 February 2020<span class=\"reference-accessdate\" id=\"rdp-we-mwAhI\">. Retrieved <span class=\"nowrap\" id=\"rdp-we-mwAhM\">15 February<\/span> 2020<\/span>.<\/cite><span title=\"ctx_ver=Z39.88-2004&amp;rft_val_fmt=info%3Aofi%2Ffmt%3Akev%3Amtx%3Abook&amp;rft.genre=unknown&amp;rft.btitle=The+Top+List+%26ndash%3B%26%2332%3B19+March+2017&amp;rft.pub=Top+Channel&amp;rft.date=2017-03-19&amp;rft_id=http%3A%2F%2Ftopawards.top-channel.tv%2Findex.php%2F19032017%2F&amp;rfr_id=info%3Asid%2Fen.wikipedia.org%3ADafina+Zeqiri\" class=\"Z3988\" about=\"#mwt67\" id=\"rdp-we-mwAhQ\"><\/span><link rel=\"mw:PageProp\/Category\" href=\".\/Category:CS1_Albanian-language_sources_(sq)\" about=\"#mwt67\" id=\"rdp-we-mwAhU\"\/><\/span><\/li>\n<li about=\"#cite_note-20\" id=\"cite_note-20\" data-mw-footnote-number=\"20\"><span class=\"mw-cite-backlink\" id=\"rdp-we-mwAhY\"><a href=\"#cite_ref-20\" rel=\"mw:referencedBy\" id=\"rdp-we-mwAhc\"><span class=\"mw-linkback-text\" id=\"rdp-we-mwAhg\">\u2191<\/span><\/a><\/span> <span id=\"rdp-we-mw-reference-text-cite_note-20\" class=\"mw-reference-text reference-text\"><link rel=\"mw-deduplicated-inline-style\" href=\"mw-data:TemplateStyles:r1333433106\" about=\"#mwt70\" typeof=\"mw:Extension\/templatestyles mw:Transclusion\" id=\"rdp-we-mwAhk\" data-mw='{\"name\":\"templatestyles\",\"attrs\":{\"src\":\"Module:Citation\/CS1\/styles.css\"},\"body\":{\"extsrc\":\"\"},\"parts\":[{\"template\":{\"target\":{\"wt\":\"cite web \",\"href\":\".\/Template:Cite_web\"},\"params\":{\"publisher\":{\"wt\":\"[[Koha Ditore|Koha]]\"},\"title\":{\"wt\":\"Dafina Zeqiri publikon klipin e &apos;Four Season&apos;\"},\"url\":{\"wt\":\"https:\/\/www.koha.net\/showbiz\/4552\/dafina-zeqiri-publikon-klipin-e-four-season\/\"},\"access-date\":{\"wt\":\"8 February 2021\"},\"archive-url\":{\"wt\":\"https:\/\/web.archive.org\/web\/20201128165651\/https:\/\/www.koha.net\/showbiz\/4552\/dafina-zeqiri-publikon-klipin-e-four-season\/\"},\"archive-date\":{\"wt\":\"28 November 2020\"},\"language\":{\"wt\":\"sq\"},\"date\":{\"wt\":\"8 March 2017\"},\"url-status\":{\"wt\":\"live\"}},\"i\":0}}]}'\/><cite class=\"citation web cs1 cs1-prop-foreign-lang-source\" about=\"#mwt70\" id=\"rdp-we-mwAho\"><a rel=\"external_link\" href=\"https:\/\/www.koha.net\/showbiz\/4552\/dafina-zeqiri-publikon-klipin-e-four-season\/\" class=\"external text\" id=\"rdp-we-mwAhs\" target=\"_new\">\"Dafina Zeqiri publikon klipin e 'Four Season'<span class=\"cs1-kern-right\" id=\"rdp-we-mwAhw\"><\/span>\"<\/a> (in Albanian). <a rel=\"mw:WikiLink\" href=\"https:\/\/en.wikipedia.org\/wiki\/Koha_Ditore\" title=\"Koha Ditore\" id=\"rdp-we-mwAh0\" target=\"_new\" class=\"wiki-link\">Koha<\/a>. 8 March 2017. <a rel=\"external_link\" href=\"https:\/\/web.archive.org\/web\/20201128165651\/https:\/\/www.koha.net\/showbiz\/4552\/dafina-zeqiri-publikon-klipin-e-four-season\/\" class=\"external text\" id=\"rdp-we-mwAh4\" target=\"_new\">Archived<\/a> from the original on 28 November 2020<span class=\"reference-accessdate\" id=\"rdp-we-mwAh8\">. Retrieved <span class=\"nowrap\" id=\"rdp-we-mwAiA\">8 February<\/span> 2021<\/span>.<\/cite><span title=\"ctx_ver=Z39.88-2004&amp;rft_val_fmt=info%3Aofi%2Ffmt%3Akev%3Amtx%3Abook&amp;rft.genre=unknown&amp;rft.btitle=Dafina+Zeqiri+publikon+klipin+e+%27Four+Season%27&amp;rft.pub=Koha&amp;rft.date=2017-03-08&amp;rft_id=https%3A%2F%2Fwww.koha.net%2Fshowbiz%2F4552%2Fdafina-zeqiri-publikon-klipin-e-four-season%2F&amp;rfr_id=info%3Asid%2Fen.wikipedia.org%3ADafina+Zeqiri\" class=\"Z3988\" about=\"#mwt70\" id=\"rdp-we-mwAiE\"><\/span><link rel=\"mw:PageProp\/Category\" href=\".\/Category:CS1_Albanian-language_sources_(sq)\" about=\"#mwt70\" id=\"rdp-we-mwAiI\"\/><\/span><\/li>\n<li about=\"#cite_note-21\" id=\"cite_note-21\" data-mw-footnote-number=\"21\"><span class=\"mw-cite-backlink\" id=\"rdp-we-mwAiM\"><a href=\"#cite_ref-21\" rel=\"mw:referencedBy\" id=\"rdp-we-mwAiQ\"><span class=\"mw-linkback-text\" id=\"rdp-we-mwAiU\">\u2191<\/span><\/a><\/span> <span id=\"rdp-we-mw-reference-text-cite_note-21\" class=\"mw-reference-text reference-text\"><link rel=\"mw-deduplicated-inline-style\" href=\"mw-data:TemplateStyles:r1333433106\" about=\"#mwt73\" typeof=\"mw:Extension\/templatestyles mw:Transclusion\" id=\"rdp-we-mwAiY\" data-mw='{\"name\":\"templatestyles\",\"attrs\":{\"src\":\"Module:Citation\/CS1\/styles.css\"},\"body\":{\"extsrc\":\"\"},\"parts\":[{\"template\":{\"target\":{\"wt\":\"cite web \",\"href\":\".\/Template:Cite_web\"},\"params\":{\"last\":{\"wt\":\"Centeno\"},\"first\":{\"wt\":\"Tony M.\"},\"publisher\":{\"wt\":\"Vibe\"},\"title\":{\"wt\":\"French Montana Joins Swedish Popstar Dafina Zeqiri In Her &apos;Four Seasons&apos; Video\"},\"url\":{\"wt\":\"https:\/\/www.vibe.com\/music\/music-news\/french-montana-dafina-zeqiri-four-seasons-video-495908\/\"},\"access-date\":{\"wt\":\"24 August 2021\"},\"archive-url\":{\"wt\":\"https:\/\/web.archive.org\/web\/20210303205625\/https:\/\/www.vibe.com\/music\/music-news\/french-montana-dafina-zeqiri-four-seasons-video-495908\/\"},\"archive-date\":{\"wt\":\"3 March 2021\"},\"date\":{\"wt\":\"14 March 2017\"},\"url-status\":{\"wt\":\"live\"}},\"i\":0}}]}'\/><cite id=\"rdp-we-CITEREFCenteno2017\" class=\"citation web cs1\" about=\"#mwt73\">Centeno, Tony M. (14 March 2017). <a rel=\"external_link\" href=\"https:\/\/www.vibe.com\/music\/music-news\/french-montana-dafina-zeqiri-four-seasons-video-495908\/\" class=\"external text\" id=\"rdp-we-mwAic\" target=\"_new\">\"French Montana Joins Swedish Popstar Dafina Zeqiri In Her 'Four Seasons' Video\"<\/a>. Vibe. <a rel=\"external_link\" href=\"https:\/\/web.archive.org\/web\/20210303205625\/https:\/\/www.vibe.com\/music\/music-news\/french-montana-dafina-zeqiri-four-seasons-video-495908\/\" class=\"external text\" id=\"rdp-we-mwAig\" target=\"_new\">Archived<\/a> from the original on 3 March 2021<span class=\"reference-accessdate\" id=\"rdp-we-mwAik\">. Retrieved <span class=\"nowrap\" id=\"rdp-we-mwAio\">24 August<\/span> 2021<\/span>.<\/cite><span title=\"ctx_ver=Z39.88-2004&amp;rft_val_fmt=info%3Aofi%2Ffmt%3Akev%3Amtx%3Abook&amp;rft.genre=unknown&amp;rft.btitle=French+Montana+Joins+Swedish+Popstar+Dafina+Zeqiri+In+Her+%27Four+Seasons%27+Video&amp;rft.pub=Vibe&amp;rft.date=2017-03-14&amp;rft.aulast=Centeno&amp;rft.aufirst=Tony+M.&amp;rft_id=https%3A%2F%2Fwww.vibe.com%2Fmusic%2Fmusic-news%2Ffrench-montana-dafina-zeqiri-four-seasons-video-495908%2F&amp;rfr_id=info%3Asid%2Fen.wikipedia.org%3ADafina+Zeqiri\" class=\"Z3988\" about=\"#mwt73\" id=\"rdp-we-mwAis\"><\/span><\/span><\/li>\n<li about=\"#cite_note-22\" id=\"cite_note-22\" data-mw-footnote-number=\"22\"><span class=\"mw-cite-backlink\" id=\"rdp-we-mwAiw\"><a href=\"#cite_ref-22\" rel=\"mw:referencedBy\" id=\"rdp-we-mwAi0\"><span class=\"mw-linkback-text\" id=\"rdp-we-mwAi4\">\u2191<\/span><\/a><\/span> <span id=\"rdp-we-mw-reference-text-cite_note-22\" class=\"mw-reference-text reference-text\"><link rel=\"mw-deduplicated-inline-style\" href=\"mw-data:TemplateStyles:r1333433106\" about=\"#mwt76\" typeof=\"mw:Extension\/templatestyles mw:Transclusion\" id=\"rdp-we-mwAi8\" data-mw='{\"name\":\"templatestyles\",\"attrs\":{\"src\":\"Module:Citation\/CS1\/styles.css\"},\"body\":{\"extsrc\":\"\"},\"parts\":[{\"template\":{\"target\":{\"wt\":\"cite web \",\"href\":\".\/Template:Cite_web\"},\"params\":{\"publisher\":{\"wt\":\"[[Top Channel]]\"},\"title\":{\"wt\":\"The Top List{{spaced ndash}}08\/10\/2017\"},\"url\":{\"wt\":\"http:\/\/topawards.top-channel.tv\/index.php\/08102017\/\"},\"access-date\":{\"wt\":\"9 February 2020\"},\"archive-url\":{\"wt\":\"https:\/\/web.archive.org\/web\/20200202181544\/http:\/\/topawards.top-channel.tv\/index.php\/08102017\/\"},\"archive-date\":{\"wt\":\"2 February 2020\"},\"language\":{\"wt\":\"sq\"},\"date\":{\"wt\":\"8 October 2017\"},\"url-status\":{\"wt\":\"live\"}},\"i\":0}}]}'\/><cite class=\"citation web cs1 cs1-prop-foreign-lang-source\" about=\"#mwt76\" id=\"rdp-we-mwAjA\"><a rel=\"external_link\" href=\"http:\/\/topawards.top-channel.tv\/index.php\/08102017\/\" class=\"external text\" id=\"rdp-we-mwAjE\" target=\"_new\">\"The Top List<span typeof=\"mw:Entity\" id=\"rdp-we-mwAjI\">\u00a0<\/span><span typeof=\"mw:Entity\" id=\"rdp-we-mwAjM\">\u2013<\/span><span typeof=\"mw:Entity\" id=\"rdp-we-mwAjQ\"> <\/span>08\/10\/2017\"<\/a> (in Albanian). <a rel=\"mw:WikiLink\" href=\"https:\/\/en.wikipedia.org\/wiki\/Top_Channel\" title=\"Top Channel\" id=\"rdp-we-mwAjU\" target=\"_new\" class=\"wiki-link\">Top Channel<\/a>. 8 October 2017. <a rel=\"external_link\" href=\"https:\/\/web.archive.org\/web\/20200202181544\/http:\/\/topawards.top-channel.tv\/index.php\/08102017\/\" class=\"external text\" id=\"rdp-we-mwAjY\" target=\"_new\">Archived<\/a> from the original on 2 February 2020<span class=\"reference-accessdate\" id=\"rdp-we-mwAjc\">. Retrieved <span class=\"nowrap\" id=\"rdp-we-mwAjg\">9 February<\/span> 2020<\/span>.<\/cite><span title=\"ctx_ver=Z39.88-2004&amp;rft_val_fmt=info%3Aofi%2Ffmt%3Akev%3Amtx%3Abook&amp;rft.genre=unknown&amp;rft.btitle=The+Top+List+%26ndash%3B%26%2332%3B08%2F10%2F2017&amp;rft.pub=Top+Channel&amp;rft.date=2017-10-08&amp;rft_id=http%3A%2F%2Ftopawards.top-channel.tv%2Findex.php%2F08102017%2F&amp;rfr_id=info%3Asid%2Fen.wikipedia.org%3ADafina+Zeqiri\" class=\"Z3988\" about=\"#mwt76\" id=\"rdp-we-mwAjk\"><\/span><link rel=\"mw:PageProp\/Category\" href=\".\/Category:CS1_Albanian-language_sources_(sq)\" about=\"#mwt76\" id=\"rdp-we-mwAjo\"\/><\/span><\/li>\n<li about=\"#cite_note-23\" id=\"cite_note-23\" data-mw-footnote-number=\"23\"><span class=\"mw-cite-backlink\" id=\"rdp-we-mwAjs\"><a href=\"#cite_ref-23\" rel=\"mw:referencedBy\" id=\"rdp-we-mwAjw\"><span class=\"mw-linkback-text\" id=\"rdp-we-mwAj0\">\u2191<\/span><\/a><\/span> <span id=\"rdp-we-mw-reference-text-cite_note-23\" class=\"mw-reference-text reference-text\"><link rel=\"mw-deduplicated-inline-style\" href=\"mw-data:TemplateStyles:r1333433106\" about=\"#mwt79\" typeof=\"mw:Extension\/templatestyles mw:Transclusion\" id=\"rdp-we-mwAj4\" data-mw='{\"name\":\"templatestyles\",\"attrs\":{\"src\":\"Module:Citation\/CS1\/styles.css\"},\"body\":{\"extsrc\":\"\"},\"parts\":[{\"template\":{\"target\":{\"wt\":\"cite web \",\"href\":\".\/Template:Cite_web\"},\"params\":{\"publisher\":{\"wt\":\"[[Bota Sot]]\"},\"title\":{\"wt\":\"Dafina Zeqiri publikon k\u00ebng\u00ebn &apos;Told Ya&apos;\"},\"url\":{\"wt\":\"https:\/\/www.botasot.info\/mediale-vip-showbiz\/768859\/dafina-zeqiri-publikon-kengen-told-ya\/\"},\"access-date\":{\"wt\":\"8 February 2021\"},\"archive-url\":{\"wt\":\"https:\/\/web.archive.org\/web\/20201128221955\/https:\/\/www.botasot.info\/mediale-vip-showbiz\/768859\/dafina-zeqiri-publikon-kengen-told-ya\/\"},\"archive-date\":{\"wt\":\"28 November 2020\"},\"language\":{\"wt\":\"sq\"},\"date\":{\"wt\":\"4 October 2017\"},\"url-status\":{\"wt\":\"live\"}},\"i\":0}}]}'\/><cite class=\"citation web cs1 cs1-prop-foreign-lang-source\" about=\"#mwt79\" id=\"rdp-we-mwAj8\"><a rel=\"external_link\" href=\"https:\/\/www.botasot.info\/mediale-vip-showbiz\/768859\/dafina-zeqiri-publikon-kengen-told-ya\/\" class=\"external text\" id=\"rdp-we-mwAkA\" target=\"_new\">\"Dafina Zeqiri publikon k\u00ebng\u00ebn 'Told Ya'<span class=\"cs1-kern-right\" id=\"rdp-we-mwAkE\"><\/span>\"<\/a> (in Albanian). <a rel=\"mw:WikiLink\" href=\"https:\/\/en.wikipedia.org\/wiki\/Bota_Sot\" title=\"Bota Sot\" id=\"rdp-we-mwAkI\" target=\"_new\" class=\"wiki-link\">Bota Sot<\/a>. 4 October 2017. <a rel=\"external_link\" href=\"https:\/\/web.archive.org\/web\/20201128221955\/https:\/\/www.botasot.info\/mediale-vip-showbiz\/768859\/dafina-zeqiri-publikon-kengen-told-ya\/\" class=\"external text\" id=\"rdp-we-mwAkM\" target=\"_new\">Archived<\/a> from the original on 28 November 2020<span class=\"reference-accessdate\" id=\"rdp-we-mwAkQ\">. Retrieved <span class=\"nowrap\" id=\"rdp-we-mwAkU\">8 February<\/span> 2021<\/span>.<\/cite><span title=\"ctx_ver=Z39.88-2004&amp;rft_val_fmt=info%3Aofi%2Ffmt%3Akev%3Amtx%3Abook&amp;rft.genre=unknown&amp;rft.btitle=Dafina+Zeqiri+publikon+k%C3%ABng%C3%ABn+%27Told+Ya%27&amp;rft.pub=Bota+Sot&amp;rft.date=2017-10-04&amp;rft_id=https%3A%2F%2Fwww.botasot.info%2Fmediale-vip-showbiz%2F768859%2Fdafina-zeqiri-publikon-kengen-told-ya%2F&amp;rfr_id=info%3Asid%2Fen.wikipedia.org%3ADafina+Zeqiri\" class=\"Z3988\" about=\"#mwt79\" id=\"rdp-we-mwAkY\"><\/span><link rel=\"mw:PageProp\/Category\" href=\".\/Category:CS1_Albanian-language_sources_(sq)\" about=\"#mwt79\" id=\"rdp-we-mwAkc\"\/><\/span><\/li>\n<li about=\"#cite_note-24\" id=\"cite_note-24\" data-mw-footnote-number=\"24\"><span class=\"mw-cite-backlink\" id=\"rdp-we-mwAkg\"><a href=\"#cite_ref-24\" rel=\"mw:referencedBy\" id=\"rdp-we-mwAkk\"><span class=\"mw-linkback-text\" id=\"rdp-we-mwAko\">\u2191<\/span><\/a><\/span> <span id=\"rdp-we-mw-reference-text-cite_note-24\" class=\"mw-reference-text reference-text\"><link rel=\"mw-deduplicated-inline-style\" href=\"mw-data:TemplateStyles:r1333433106\" about=\"#mwt82\" typeof=\"mw:Extension\/templatestyles mw:Transclusion\" id=\"rdp-we-mwAks\" data-mw='{\"name\":\"templatestyles\",\"attrs\":{\"src\":\"Module:Citation\/CS1\/styles.css\"},\"body\":{\"extsrc\":\"\"},\"parts\":[{\"template\":{\"target\":{\"wt\":\"cite web \",\"href\":\".\/Template:Cite_web\"},\"params\":{\"publisher\":{\"wt\":\"[[Top Channel]]\"},\"title\":{\"wt\":\"The Top List{{spaced ndash}}07\/01\/2018\"},\"url\":{\"wt\":\"http:\/\/topawards.top-channel.tv\/index.php\/07-01-2018\/\"},\"access-date\":{\"wt\":\"8 February 2021\"},\"archive-url\":{\"wt\":\"https:\/\/web.archive.org\/web\/20200221163308\/http:\/\/topawards.top-channel.tv\/index.php\/07-01-2018\/\"},\"archive-date\":{\"wt\":\"21 February 2020\"},\"language\":{\"wt\":\"sq\"},\"date\":{\"wt\":\"7 January 2018\"},\"url-status\":{\"wt\":\"live\"}},\"i\":0}}]}'\/><cite class=\"citation web cs1 cs1-prop-foreign-lang-source\" about=\"#mwt82\" id=\"rdp-we-mwAkw\"><a rel=\"external_link\" href=\"http:\/\/topawards.top-channel.tv\/index.php\/07-01-2018\/\" class=\"external text\" id=\"rdp-we-mwAk0\" target=\"_new\">\"The Top List<span typeof=\"mw:Entity\" id=\"rdp-we-mwAk4\">\u00a0<\/span><span typeof=\"mw:Entity\" id=\"rdp-we-mwAk8\">\u2013<\/span><span typeof=\"mw:Entity\" id=\"rdp-we-mwAlA\"> <\/span>07\/01\/2018\"<\/a> (in Albanian). <a rel=\"mw:WikiLink\" href=\"https:\/\/en.wikipedia.org\/wiki\/Top_Channel\" title=\"Top Channel\" id=\"rdp-we-mwAlE\" target=\"_new\" class=\"wiki-link\">Top Channel<\/a>. 7 January 2018. <a rel=\"external_link\" href=\"https:\/\/web.archive.org\/web\/20200221163308\/http:\/\/topawards.top-channel.tv\/index.php\/07-01-2018\/\" class=\"external text\" id=\"rdp-we-mwAlI\" target=\"_new\">Archived<\/a> from the original on 21 February 2020<span class=\"reference-accessdate\" id=\"rdp-we-mwAlM\">. Retrieved <span class=\"nowrap\" id=\"rdp-we-mwAlQ\">8 February<\/span> 2021<\/span>.<\/cite><span title=\"ctx_ver=Z39.88-2004&amp;rft_val_fmt=info%3Aofi%2Ffmt%3Akev%3Amtx%3Abook&amp;rft.genre=unknown&amp;rft.btitle=The+Top+List+%26ndash%3B%26%2332%3B07%2F01%2F2018&amp;rft.pub=Top+Channel&amp;rft.date=2018-01-07&amp;rft_id=http%3A%2F%2Ftopawards.top-channel.tv%2Findex.php%2F07-01-2018%2F&amp;rfr_id=info%3Asid%2Fen.wikipedia.org%3ADafina+Zeqiri\" class=\"Z3988\" about=\"#mwt82\" id=\"rdp-we-mwAlU\"><\/span><link rel=\"mw:PageProp\/Category\" href=\".\/Category:CS1_Albanian-language_sources_(sq)\" about=\"#mwt82\" id=\"rdp-we-mwAlY\"\/><\/span><\/li>\n<li about=\"#cite_note-25\" id=\"cite_note-25\" data-mw-footnote-number=\"25\"><span class=\"mw-cite-backlink\" id=\"rdp-we-mwAlc\"><a href=\"#cite_ref-25\" rel=\"mw:referencedBy\" id=\"rdp-we-mwAlg\"><span class=\"mw-linkback-text\" id=\"rdp-we-mwAlk\">\u2191<\/span><\/a><\/span> <span id=\"rdp-we-mw-reference-text-cite_note-25\" class=\"mw-reference-text reference-text\"><link rel=\"mw-deduplicated-inline-style\" href=\"mw-data:TemplateStyles:r1333433106\" about=\"#mwt85\" typeof=\"mw:Extension\/templatestyles mw:Transclusion\" id=\"rdp-we-mwAlo\" data-mw='{\"name\":\"templatestyles\",\"attrs\":{\"src\":\"Module:Citation\/CS1\/styles.css\"},\"body\":{\"extsrc\":\"\"},\"parts\":[{\"template\":{\"target\":{\"wt\":\"cite web \",\"href\":\".\/Template:Cite_web\"},\"params\":{\"publisher\":{\"wt\":\"[[Telegrafi]]\"},\"title\":{\"wt\":\"Dafina Zeqiri shfaqet topless n\u00eb klipin e ri &apos;Ti e din&apos;\"},\"url\":{\"wt\":\"https:\/\/telegrafi.com\/dafina-zeqiri-rikthehet-kenge-ne-gjuhen-shqipe-publikon-klipin-e-ri-ti-e-din-video\/\"},\"access-date\":{\"wt\":\"8 February 2021\"},\"archive-url\":{\"wt\":\"https:\/\/web.archive.org\/web\/20210208133140\/https:\/\/telegrafi.com\/dafina-zeqiri-rikthehet-kenge-ne-gjuhen-shqipe-publikon-klipin-e-ri-ti-e-din-video\/\"},\"archive-date\":{\"wt\":\"8 February 2021\"},\"language\":{\"wt\":\"sq\"},\"date\":{\"wt\":\"27 December 2017\"},\"url-status\":{\"wt\":\"live\"}},\"i\":0}}]}'\/><cite class=\"citation web cs1 cs1-prop-foreign-lang-source\" about=\"#mwt85\" id=\"rdp-we-mwAls\"><a rel=\"external_link\" href=\"https:\/\/telegrafi.com\/dafina-zeqiri-rikthehet-kenge-ne-gjuhen-shqipe-publikon-klipin-e-ri-ti-e-din-video\/\" class=\"external text\" id=\"rdp-we-mwAlw\" target=\"_new\">\"Dafina Zeqiri shfaqet topless n\u00eb klipin e ri 'Ti e din'<span class=\"cs1-kern-right\" id=\"rdp-we-mwAl0\"><\/span>\"<\/a> (in Albanian). <a rel=\"mw:WikiLink\" href=\"https:\/\/en.wikipedia.org\/wiki\/Telegrafi\" title=\"Telegrafi\" id=\"rdp-we-mwAl4\" target=\"_new\" class=\"wiki-link\">Telegrafi<\/a>. 27 December 2017. <a rel=\"external_link\" href=\"https:\/\/web.archive.org\/web\/20210208133140\/https:\/\/telegrafi.com\/dafina-zeqiri-rikthehet-kenge-ne-gjuhen-shqipe-publikon-klipin-e-ri-ti-e-din-video\/\" class=\"external text\" id=\"rdp-we-mwAl8\" target=\"_new\">Archived<\/a> from the original on 8 February 2021<span class=\"reference-accessdate\" id=\"rdp-we-mwAmA\">. Retrieved <span class=\"nowrap\" id=\"rdp-we-mwAmE\">8 February<\/span> 2021<\/span>.<\/cite><span title=\"ctx_ver=Z39.88-2004&amp;rft_val_fmt=info%3Aofi%2Ffmt%3Akev%3Amtx%3Abook&amp;rft.genre=unknown&amp;rft.btitle=Dafina+Zeqiri+shfaqet+topless+n%C3%AB+klipin+e+ri+%27Ti+e+din%27&amp;rft.pub=Telegrafi&amp;rft.date=2017-12-27&amp;rft_id=https%3A%2F%2Ftelegrafi.com%2Fdafina-zeqiri-rikthehet-kenge-ne-gjuhen-shqipe-publikon-klipin-e-ri-ti-e-din-video%2F&amp;rfr_id=info%3Asid%2Fen.wikipedia.org%3ADafina+Zeqiri\" class=\"Z3988\" about=\"#mwt85\" id=\"rdp-we-mwAmI\"><\/span><link rel=\"mw:PageProp\/Category\" href=\".\/Category:CS1_Albanian-language_sources_(sq)\" about=\"#mwt85\" id=\"rdp-we-mwAmM\"\/><\/span><\/li>\n<li about=\"#cite_note-26\" id=\"cite_note-26\" data-mw-footnote-number=\"26\"><span class=\"mw-cite-backlink\" id=\"rdp-we-mwAmQ\"><a href=\"#cite_ref-26\" rel=\"mw:referencedBy\" id=\"rdp-we-mwAmU\"><span class=\"mw-linkback-text\" id=\"rdp-we-mwAmY\">\u2191<\/span><\/a><\/span> <span id=\"rdp-we-mw-reference-text-cite_note-26\" class=\"mw-reference-text reference-text\"><link rel=\"mw-deduplicated-inline-style\" href=\"mw-data:TemplateStyles:r1333433106\" about=\"#mwt88\" typeof=\"mw:Extension\/templatestyles mw:Transclusion\" id=\"rdp-we-mwAmc\" data-mw='{\"name\":\"templatestyles\",\"attrs\":{\"src\":\"Module:Citation\/CS1\/styles.css\"},\"body\":{\"extsrc\":\"\"},\"parts\":[{\"template\":{\"target\":{\"wt\":\"cite web \",\"href\":\".\/Template:Cite_web\"},\"params\":{\"publisher\":{\"wt\":\"[[Top Channel]]\"},\"title\":{\"wt\":\"The Top List{{spaced ndash}}04\/11\/2018\"},\"url\":{\"wt\":\"http:\/\/topawards.top-channel.tv\/index.php\/04-11-2018\/\"},\"access-date\":{\"wt\":\"11 February 2021\"},\"archive-url\":{\"wt\":\"https:\/\/web.archive.org\/web\/20210103193154\/http:\/\/topawards.top-channel.tv\/index.php\/04-11-2018\/\"},\"archive-date\":{\"wt\":\"3 January 2021\"},\"language\":{\"wt\":\"Albanian\"},\"date\":{\"wt\":\"4 November 2018\"},\"url-status\":{\"wt\":\"live\"}},\"i\":0}}]}'\/><cite class=\"citation web cs1 cs1-prop-foreign-lang-source\" about=\"#mwt88\" id=\"rdp-we-mwAmg\"><a rel=\"external_link\" href=\"http:\/\/topawards.top-channel.tv\/index.php\/04-11-2018\/\" class=\"external text\" id=\"rdp-we-mwAmk\" target=\"_new\">\"The Top List<span typeof=\"mw:Entity\" id=\"rdp-we-mwAmo\">\u00a0<\/span><span typeof=\"mw:Entity\" id=\"rdp-we-mwAms\">\u2013<\/span><span typeof=\"mw:Entity\" id=\"rdp-we-mwAmw\"> <\/span>04\/11\/2018\"<\/a> (in Albanian). <a rel=\"mw:WikiLink\" href=\"https:\/\/en.wikipedia.org\/wiki\/Top_Channel\" title=\"Top Channel\" id=\"rdp-we-mwAm0\" target=\"_new\" class=\"wiki-link\">Top Channel<\/a>. 4 November 2018. <a rel=\"external_link\" href=\"https:\/\/web.archive.org\/web\/20210103193154\/http:\/\/topawards.top-channel.tv\/index.php\/04-11-2018\/\" class=\"external text\" id=\"rdp-we-mwAm4\" target=\"_new\">Archived<\/a> from the original on 3 January 2021<span class=\"reference-accessdate\" id=\"rdp-we-mwAm8\">. Retrieved <span class=\"nowrap\" id=\"rdp-we-mwAnA\">11 February<\/span> 2021<\/span>.<\/cite><span title=\"ctx_ver=Z39.88-2004&amp;rft_val_fmt=info%3Aofi%2Ffmt%3Akev%3Amtx%3Abook&amp;rft.genre=unknown&amp;rft.btitle=The+Top+List+%26ndash%3B%26%2332%3B04%2F11%2F2018&amp;rft.pub=Top+Channel&amp;rft.date=2018-11-04&amp;rft_id=http%3A%2F%2Ftopawards.top-channel.tv%2Findex.php%2F04-11-2018%2F&amp;rfr_id=info%3Asid%2Fen.wikipedia.org%3ADafina+Zeqiri\" class=\"Z3988\" about=\"#mwt88\" id=\"rdp-we-mwAnE\"><\/span><link rel=\"mw:PageProp\/Category\" href=\".\/Category:CS1_Albanian-language_sources_(sq)\" about=\"#mwt88\" id=\"rdp-we-mwAnI\"\/><\/span><\/li>\n<li about=\"#cite_note-27\" id=\"cite_note-27\" data-mw-footnote-number=\"27\"><span class=\"mw-cite-backlink\" id=\"rdp-we-mwAnM\"><a href=\"#cite_ref-27\" rel=\"mw:referencedBy\" id=\"rdp-we-mwAnQ\"><span class=\"mw-linkback-text\" id=\"rdp-we-mwAnU\">\u2191<\/span><\/a><\/span> <span id=\"rdp-we-mw-reference-text-cite_note-27\" class=\"mw-reference-text reference-text\"><link rel=\"mw-deduplicated-inline-style\" href=\"mw-data:TemplateStyles:r1333433106\" about=\"#mwt91\" typeof=\"mw:Extension\/templatestyles mw:Transclusion\" id=\"rdp-we-mwAnY\" data-mw='{\"name\":\"templatestyles\",\"attrs\":{\"src\":\"Module:Citation\/CS1\/styles.css\"},\"body\":{\"extsrc\":\"\"},\"parts\":[{\"template\":{\"target\":{\"wt\":\"cite web \",\"href\":\".\/Template:Cite_web\"},\"params\":{\"publisher\":{\"wt\":\"[[Top Channel]]\"},\"title\":{\"wt\":\"The Top List{{spaced ndash}}30 December 2018\"},\"url\":{\"wt\":\"http:\/\/topawards.top-channel.tv\/index.php\/30-12-2018\/\"},\"access-date\":{\"wt\":\"11 February 2021\"},\"archive-url\":{\"wt\":\"https:\/\/web.archive.org\/web\/20200223221740\/http:\/\/topawards.top-channel.tv\/index.php\/30-12-2018\/\"},\"archive-date\":{\"wt\":\"23 February 2020\"},\"language\":{\"wt\":\"Albanian\"},\"date\":{\"wt\":\"30 December 2018\"},\"url-status\":{\"wt\":\"live\"}},\"i\":0}}]}'\/><cite class=\"citation web cs1 cs1-prop-foreign-lang-source\" about=\"#mwt91\" id=\"rdp-we-mwAnc\"><a rel=\"external_link\" href=\"http:\/\/topawards.top-channel.tv\/index.php\/30-12-2018\/\" class=\"external text\" id=\"rdp-we-mwAng\" target=\"_new\">\"The Top List<span typeof=\"mw:Entity\" id=\"rdp-we-mwAnk\">\u00a0<\/span><span typeof=\"mw:Entity\" id=\"rdp-we-mwAno\">\u2013<\/span><span typeof=\"mw:Entity\" id=\"rdp-we-mwAns\"> <\/span>30 December 2018\"<\/a> (in Albanian). <a rel=\"mw:WikiLink\" href=\"https:\/\/en.wikipedia.org\/wiki\/Top_Channel\" title=\"Top Channel\" id=\"rdp-we-mwAnw\" target=\"_new\" class=\"wiki-link\">Top Channel<\/a>. 30 December 2018. <a rel=\"external_link\" href=\"https:\/\/web.archive.org\/web\/20200223221740\/http:\/\/topawards.top-channel.tv\/index.php\/30-12-2018\/\" class=\"external text\" id=\"rdp-we-mwAn0\" target=\"_new\">Archived<\/a> from the original on 23 February 2020<span class=\"reference-accessdate\" id=\"rdp-we-mwAn4\">. Retrieved <span class=\"nowrap\" id=\"rdp-we-mwAn8\">11 February<\/span> 2021<\/span>.<\/cite><span title=\"ctx_ver=Z39.88-2004&amp;rft_val_fmt=info%3Aofi%2Ffmt%3Akev%3Amtx%3Abook&amp;rft.genre=unknown&amp;rft.btitle=The+Top+List+%26ndash%3B%26%2332%3B30+December+2018&amp;rft.pub=Top+Channel&amp;rft.date=2018-12-30&amp;rft_id=http%3A%2F%2Ftopawards.top-channel.tv%2Findex.php%2F30-12-2018%2F&amp;rfr_id=info%3Asid%2Fen.wikipedia.org%3ADafina+Zeqiri\" class=\"Z3988\" about=\"#mwt91\" id=\"rdp-we-mwAoA\"><\/span><link rel=\"mw:PageProp\/Category\" href=\".\/Category:CS1_Albanian-language_sources_(sq)\" about=\"#mwt91\" id=\"rdp-we-mwAoE\"\/><\/span><\/li>\n<li about=\"#cite_note-28\" id=\"cite_note-28\" data-mw-footnote-number=\"28\"><span class=\"mw-cite-backlink\" id=\"rdp-we-mwAoI\"><a href=\"#cite_ref-28\" rel=\"mw:referencedBy\" id=\"rdp-we-mwAoM\"><span class=\"mw-linkback-text\" id=\"rdp-we-mwAoQ\">\u2191<\/span><\/a><\/span> <span id=\"rdp-we-mw-reference-text-cite_note-28\" class=\"mw-reference-text reference-text\"><link rel=\"mw-deduplicated-inline-style\" href=\"mw-data:TemplateStyles:r1333433106\" about=\"#mwt94\" typeof=\"mw:Extension\/templatestyles mw:Transclusion\" id=\"rdp-we-mwAoU\" data-mw='{\"name\":\"templatestyles\",\"attrs\":{\"src\":\"Module:Citation\/CS1\/styles.css\"},\"body\":{\"extsrc\":\"\"},\"parts\":[{\"template\":{\"target\":{\"wt\":\"cite web \",\"href\":\".\/Template:Cite_web\"},\"params\":{\"publisher\":{\"wt\":\"[[Telegrafi]]\"},\"title\":{\"wt\":\"&apos;Nj\u00eb her\u00eb n\u00eb jet\u00eb&apos;, publikohet nes\u00ebr nga Cricket dhe Dafina Zeqiri\"},\"url\":{\"wt\":\"https:\/\/telegrafi.com\/nje-ne-jete-publikohet-neser-nga-cricket-dhe-dafina-zeqiri\/\"},\"access-date\":{\"wt\":\"8 February 2021\"},\"archive-url\":{\"wt\":\"https:\/\/web.archive.org\/web\/20200324145754\/https:\/\/telegrafi.com\/nje-ne-jete-publikohet-neser-nga-cricket-dhe-dafina-zeqiri\/\"},\"archive-date\":{\"wt\":\"24 March 2020\"},\"language\":{\"wt\":\"sq\"},\"date\":{\"wt\":\"23 March 2020\"}},\"i\":0}}]}'\/><cite class=\"citation web cs1 cs1-prop-foreign-lang-source\" about=\"#mwt94\" id=\"rdp-we-mwAoY\"><a rel=\"external_link\" href=\"https:\/\/web.archive.org\/web\/20200324145754\/https:\/\/telegrafi.com\/nje-ne-jete-publikohet-neser-nga-cricket-dhe-dafina-zeqiri\/\" class=\"external text\" id=\"rdp-we-mwAoc\" target=\"_new\">\"<span class=\"cs1-kern-left\" id=\"rdp-we-mwAog\"><\/span>'Nj\u00eb her\u00eb n\u00eb jet\u00eb', publikohet nes\u00ebr nga Cricket dhe Dafina Zeqiri\"<\/a> (in Albanian). <a rel=\"mw:WikiLink\" href=\"https:\/\/en.wikipedia.org\/wiki\/Telegrafi\" title=\"Telegrafi\" id=\"rdp-we-mwAok\" target=\"_new\" class=\"wiki-link\">Telegrafi<\/a>. 23 March 2020. Archived from <a rel=\"external_link\" href=\"https:\/\/telegrafi.com\/nje-ne-jete-publikohet-neser-nga-cricket-dhe-dafina-zeqiri\/\" class=\"external text\" id=\"rdp-we-mwAoo\" target=\"_new\">the original<\/a> on 24 March 2020<span class=\"reference-accessdate\" id=\"rdp-we-mwAos\">. Retrieved <span class=\"nowrap\" id=\"rdp-we-mwAow\">8 February<\/span> 2021<\/span>.<\/cite><span title=\"ctx_ver=Z39.88-2004&amp;rft_val_fmt=info%3Aofi%2Ffmt%3Akev%3Amtx%3Abook&amp;rft.genre=unknown&amp;rft.btitle=%27Nj%C3%AB+her%C3%AB+n%C3%AB+jet%C3%AB%27%2C+publikohet+nes%C3%ABr+nga+Cricket+dhe+Dafina+Zeqiri&amp;rft.pub=Telegrafi&amp;rft.date=2020-03-23&amp;rft_id=https%3A%2F%2Ftelegrafi.com%2Fnje-ne-jete-publikohet-neser-nga-cricket-dhe-dafina-zeqiri%2F&amp;rfr_id=info%3Asid%2Fen.wikipedia.org%3ADafina+Zeqiri\" class=\"Z3988\" about=\"#mwt94\" id=\"rdp-we-mwAo0\"><\/span><link rel=\"mw:PageProp\/Category\" href=\".\/Category:CS1_Albanian-language_sources_(sq)\" about=\"#mwt94\" id=\"rdp-we-mwAo4\"\/><\/span><\/li>\n<li about=\"#cite_note-29\" id=\"cite_note-29\" data-mw-footnote-number=\"29\"><span class=\"mw-cite-backlink\" id=\"rdp-we-mwAo8\"><a href=\"#cite_ref-29\" rel=\"mw:referencedBy\" id=\"rdp-we-mwApA\"><span class=\"mw-linkback-text\" id=\"rdp-we-mwApE\">\u2191<\/span><\/a><\/span> <span id=\"rdp-we-mw-reference-text-cite_note-29\" class=\"mw-reference-text reference-text\"><link rel=\"mw-deduplicated-inline-style\" href=\"mw-data:TemplateStyles:r1333433106\" about=\"#mwt97\" typeof=\"mw:Extension\/templatestyles mw:Transclusion\" id=\"rdp-we-mwApI\" data-mw='{\"name\":\"templatestyles\",\"attrs\":{\"src\":\"Module:Citation\/CS1\/styles.css\"},\"body\":{\"extsrc\":\"\"},\"parts\":[{\"template\":{\"target\":{\"wt\":\"cite web \",\"href\":\".\/Template:Cite_web\"},\"params\":{\"publisher\":{\"wt\":\"[[Top Channel]]\"},\"title\":{\"wt\":\"The Top List{{spaced ndash}}12\/04\/2020\"},\"url\":{\"wt\":\"http:\/\/topawards.top-channel.tv\/index.php\/12-04-2020\/\"},\"access-date\":{\"wt\":\"8 February 2021\"},\"archive-url\":{\"wt\":\"https:\/\/web.archive.org\/web\/20200613181102\/http:\/\/topawards.top-channel.tv\/index.php\/12-04-2020\/\"},\"archive-date\":{\"wt\":\"13 June 2020\"},\"language\":{\"wt\":\"sq\"},\"date\":{\"wt\":\"12 April 2020\"}},\"i\":0}}]}'\/><cite class=\"citation web cs1 cs1-prop-foreign-lang-source\" about=\"#mwt97\" id=\"rdp-we-mwApM\"><a rel=\"external_link\" href=\"https:\/\/web.archive.org\/web\/20200613181102\/http:\/\/topawards.top-channel.tv\/index.php\/12-04-2020\/\" class=\"external text\" id=\"rdp-we-mwApQ\" target=\"_new\">\"The Top List<span typeof=\"mw:Entity\" id=\"rdp-we-mwApU\">\u00a0<\/span><span typeof=\"mw:Entity\" id=\"rdp-we-mwApY\">\u2013<\/span><span typeof=\"mw:Entity\" id=\"rdp-we-mwApc\"> <\/span>12\/04\/2020\"<\/a> (in Albanian). <a rel=\"mw:WikiLink\" href=\"https:\/\/en.wikipedia.org\/wiki\/Top_Channel\" title=\"Top Channel\" id=\"rdp-we-mwApg\" target=\"_new\" class=\"wiki-link\">Top Channel<\/a>. 12 April 2020. Archived from <a rel=\"external_link\" href=\"http:\/\/topawards.top-channel.tv\/index.php\/12-04-2020\/\" class=\"external text\" id=\"rdp-we-mwApk\" target=\"_new\">the original<\/a> on 13 June 2020<span class=\"reference-accessdate\" id=\"rdp-we-mwApo\">. Retrieved <span class=\"nowrap\" id=\"rdp-we-mwAps\">8 February<\/span> 2021<\/span>.<\/cite><span title=\"ctx_ver=Z39.88-2004&amp;rft_val_fmt=info%3Aofi%2Ffmt%3Akev%3Amtx%3Abook&amp;rft.genre=unknown&amp;rft.btitle=The+Top+List+%26ndash%3B%26%2332%3B12%2F04%2F2020&amp;rft.pub=Top+Channel&amp;rft.date=2020-04-12&amp;rft_id=http%3A%2F%2Ftopawards.top-channel.tv%2Findex.php%2F12-04-2020%2F&amp;rfr_id=info%3Asid%2Fen.wikipedia.org%3ADafina+Zeqiri\" class=\"Z3988\" about=\"#mwt97\" id=\"rdp-we-mwApw\"><\/span><link rel=\"mw:PageProp\/Category\" href=\".\/Category:CS1_Albanian-language_sources_(sq)\" about=\"#mwt97\" id=\"rdp-we-mwAp0\"\/><\/span><\/li>\n<li about=\"#cite_note-30\" id=\"cite_note-30\" data-mw-footnote-number=\"30\"><span class=\"mw-cite-backlink\" id=\"rdp-we-mwAp4\"><a href=\"#cite_ref-30\" rel=\"mw:referencedBy\" id=\"rdp-we-mwAp8\"><span class=\"mw-linkback-text\" id=\"rdp-we-mwAqA\">\u2191<\/span><\/a><\/span> <span id=\"rdp-we-mw-reference-text-cite_note-30\" class=\"mw-reference-text reference-text\"><link rel=\"mw-deduplicated-inline-style\" href=\"mw-data:TemplateStyles:r1333433106\" about=\"#mwt100\" typeof=\"mw:Extension\/templatestyles mw:Transclusion\" id=\"rdp-we-mwAqE\" data-mw='{\"name\":\"templatestyles\",\"attrs\":{\"src\":\"Module:Citation\/CS1\/styles.css\"},\"body\":{\"extsrc\":\"\"},\"parts\":[{\"template\":{\"target\":{\"wt\":\"cite web \",\"href\":\".\/Template:Cite_web\"},\"params\":{\"publisher\":{\"wt\":\"[[Swiss Hitparade]]\"},\"title\":{\"wt\":\"Schweizer Spotify Charts{{spaced ndash}}26 March 2019\"},\"url\":{\"wt\":\"https:\/\/hitparade.ch\/charts\/spotify\/26-03-2020\"},\"access-date\":{\"wt\":\"8 February 2021\"},\"archive-url\":{\"wt\":\"https:\/\/web.archive.org\/web\/20210208132047\/https:\/\/hitparade.ch\/charts\/spotify\/26-03-2020\"},\"archive-date\":{\"wt\":\"8 February 2021\"},\"language\":{\"wt\":\"de\"},\"date\":{\"wt\":\"2 July 2020\"}},\"i\":0}}]}'\/><cite class=\"citation web cs1 cs1-prop-foreign-lang-source\" about=\"#mwt100\" id=\"rdp-we-mwAqI\"><a rel=\"external_link\" href=\"https:\/\/web.archive.org\/web\/20210208132047\/https:\/\/hitparade.ch\/charts\/spotify\/26-03-2020\" class=\"external text\" id=\"rdp-we-mwAqM\" target=\"_new\">\"Schweizer Spotify Charts<span typeof=\"mw:Entity\" id=\"rdp-we-mwAqQ\">\u00a0<\/span><span typeof=\"mw:Entity\" id=\"rdp-we-mwAqU\">\u2013<\/span><span typeof=\"mw:Entity\" id=\"rdp-we-mwAqY\"> <\/span>26 March 2019\"<\/a> (in German). <a rel=\"mw:WikiLink\" href=\"https:\/\/en.wikipedia.org\/wiki\/Swiss_Hitparade\" title=\"Swiss Hitparade\" id=\"rdp-we-mwAqc\" target=\"_new\" class=\"wiki-link\">Swiss Hitparade<\/a>. 2 July 2020. Archived from <a rel=\"external_link\" href=\"https:\/\/hitparade.ch\/charts\/spotify\/26-03-2020\" class=\"external text\" id=\"rdp-we-mwAqg\" target=\"_new\">the original<\/a> on 8 February 2021<span class=\"reference-accessdate\" id=\"rdp-we-mwAqk\">. Retrieved <span class=\"nowrap\" id=\"rdp-we-mwAqo\">8 February<\/span> 2021<\/span>.<\/cite><span title=\"ctx_ver=Z39.88-2004&amp;rft_val_fmt=info%3Aofi%2Ffmt%3Akev%3Amtx%3Abook&amp;rft.genre=unknown&amp;rft.btitle=Schweizer+Spotify+Charts+%26ndash%3B%26%2332%3B26+March+2019&amp;rft.pub=Swiss+Hitparade&amp;rft.date=2020-07-02&amp;rft_id=https%3A%2F%2Fhitparade.ch%2Fcharts%2Fspotify%2F26-03-2020&amp;rfr_id=info%3Asid%2Fen.wikipedia.org%3ADafina+Zeqiri\" class=\"Z3988\" about=\"#mwt100\" id=\"rdp-we-mwAqs\"><\/span><link rel=\"mw:PageProp\/Category\" href=\".\/Category:CS1_German-language_sources_(de)\" about=\"#mwt100\" id=\"rdp-we-mwAqw\"\/><\/span><\/li>\n<li about=\"#cite_note-31\" id=\"cite_note-31\" data-mw-footnote-number=\"31\"><span class=\"mw-cite-backlink\" id=\"rdp-we-mwAq0\"><a href=\"#cite_ref-31\" rel=\"mw:referencedBy\" id=\"rdp-we-mwAq4\"><span class=\"mw-linkback-text\" id=\"rdp-we-mwAq8\">\u2191<\/span><\/a><\/span> <span id=\"rdp-we-mw-reference-text-cite_note-31\" class=\"mw-reference-text reference-text\"><link rel=\"mw-deduplicated-inline-style\" href=\"mw-data:TemplateStyles:r1333433106\" about=\"#mwt103\" typeof=\"mw:Extension\/templatestyles mw:Transclusion\" id=\"rdp-we-mwArA\" data-mw='{\"name\":\"templatestyles\",\"attrs\":{\"src\":\"Module:Citation\/CS1\/styles.css\"},\"body\":{\"extsrc\":\"\"},\"parts\":[{\"template\":{\"target\":{\"wt\":\"cite web \",\"href\":\".\/Template:Cite_web\"},\"params\":{\"last\":{\"wt\":\"Velija\"},\"first\":{\"wt\":\"Kreizia\"},\"publisher\":{\"wt\":\"[[Top Channel|Top Albania Radio]]\"},\"title\":{\"wt\":\"Dafina Zeqiri jep detaje nga albumi i saj m\u00eb i ri\"},\"url\":{\"wt\":\"https:\/\/www.topalbaniaradio.com\/v7\/dafina-zeqiri-jep-detaje-nga-albumi-i-saj-me-i-ri\/\"},\"access-date\":{\"wt\":\"8 February 2021\"},\"archive-url\":{\"wt\":\"https:\/\/web.archive.org\/web\/20210208124621\/https:\/\/www.topalbaniaradio.com\/v7\/dafina-zeqiri-jep-detaje-nga-albumi-i-saj-me-i-ri\/\"},\"archive-date\":{\"wt\":\"8 February 2021\"},\"language\":{\"wt\":\"sq\"},\"date\":{\"wt\":\"9 June 2020\"}},\"i\":0}}]}'\/><cite id=\"rdp-we-CITEREFVelija2020\" class=\"citation web cs1 cs1-prop-foreign-lang-source\" about=\"#mwt103\">Velija, Kreizia (9 June 2020). <a rel=\"external_link\" href=\"https:\/\/web.archive.org\/web\/20210208124621\/https:\/\/www.topalbaniaradio.com\/v7\/dafina-zeqiri-jep-detaje-nga-albumi-i-saj-me-i-ri\/\" class=\"external text\" id=\"rdp-we-mwArE\" target=\"_new\">\"Dafina Zeqiri jep detaje nga albumi i saj m\u00eb i ri\"<\/a> (in Albanian). <a rel=\"mw:WikiLink\" href=\"https:\/\/en.wikipedia.org\/wiki\/Top_Channel\" title=\"Top Channel\" id=\"rdp-we-mwArI\" target=\"_new\" class=\"wiki-link\">Top Albania Radio<\/a>. Archived from <a rel=\"external_link\" href=\"https:\/\/www.topalbaniaradio.com\/v7\/dafina-zeqiri-jep-detaje-nga-albumi-i-saj-me-i-ri\/\" class=\"external text\" id=\"rdp-we-mwArM\" target=\"_new\">the original<\/a> on 8 February 2021<span class=\"reference-accessdate\" id=\"rdp-we-mwArQ\">. Retrieved <span class=\"nowrap\" id=\"rdp-we-mwArU\">8 February<\/span> 2021<\/span>.<\/cite><span title=\"ctx_ver=Z39.88-2004&amp;rft_val_fmt=info%3Aofi%2Ffmt%3Akev%3Amtx%3Abook&amp;rft.genre=unknown&amp;rft.btitle=Dafina+Zeqiri+jep+detaje+nga+albumi+i+saj+m%C3%AB+i+ri&amp;rft.pub=Top+Albania+Radio&amp;rft.date=2020-06-09&amp;rft.aulast=Velija&amp;rft.aufirst=Kreizia&amp;rft_id=https%3A%2F%2Fwww.topalbaniaradio.com%2Fv7%2Fdafina-zeqiri-jep-detaje-nga-albumi-i-saj-me-i-ri%2F&amp;rfr_id=info%3Asid%2Fen.wikipedia.org%3ADafina+Zeqiri\" class=\"Z3988\" about=\"#mwt103\" id=\"rdp-we-mwArY\"><\/span><link rel=\"mw:PageProp\/Category\" href=\".\/Category:CS1_Albanian-language_sources_(sq)\" about=\"#mwt103\" id=\"rdp-we-mwArc\"\/><\/span><\/li>\n<li about=\"#cite_note-32\" id=\"cite_note-32\" data-mw-footnote-number=\"32\"><span class=\"mw-cite-backlink\" id=\"rdp-we-mwArg\"><a href=\"#cite_ref-32\" rel=\"mw:referencedBy\" id=\"rdp-we-mwArk\"><span class=\"mw-linkback-text\" id=\"rdp-we-mwAro\">\u2191<\/span><\/a><\/span> <span id=\"rdp-we-mw-reference-text-cite_note-32\" class=\"mw-reference-text reference-text\"><link rel=\"mw-deduplicated-inline-style\" href=\"mw-data:TemplateStyles:r1333433106\" about=\"#mwt106\" typeof=\"mw:Extension\/templatestyles mw:Transclusion\" id=\"rdp-we-mwArs\" data-mw='{\"name\":\"templatestyles\",\"attrs\":{\"src\":\"Module:Citation\/CS1\/styles.css\"},\"body\":{\"extsrc\":\"\"},\"parts\":[{\"template\":{\"target\":{\"wt\":\"cite web \",\"href\":\".\/Template:Cite_web\"},\"params\":{\"publisher\":{\"wt\":\"[[Klan Kosova|Priv\u00e9]]\"},\"title\":{\"wt\":\"P\u00ebr her\u00eb t\u00eb par\u00eb, Dafina fut n\u00eb album n\u00ebn\u00ebn e saj\"},\"url\":{\"wt\":\"https:\/\/prive.al\/per-here-te-pare-dafina-fut-ne-album-nenen-e-saj-video\/\"},\"access-date\":{\"wt\":\"8 February 2021\"},\"archive-url\":{\"wt\":\"https:\/\/web.archive.org\/web\/20210208121522\/https:\/\/prive.al\/per-here-te-pare-dafina-fut-ne-album-nenen-e-saj-video\/\"},\"archive-date\":{\"wt\":\"8 February 2021\"},\"language\":{\"wt\":\"sq\"},\"date\":{\"wt\":\"8 June 2020\"}},\"i\":0}}]}'\/><cite class=\"citation web cs1 cs1-prop-foreign-lang-source\" about=\"#mwt106\" id=\"rdp-we-mwArw\"><a rel=\"external_link\" href=\"https:\/\/web.archive.org\/web\/20210208121522\/https:\/\/prive.al\/per-here-te-pare-dafina-fut-ne-album-nenen-e-saj-video\/\" class=\"external text\" id=\"rdp-we-mwAr0\" target=\"_new\">\"P\u00ebr her\u00eb t\u00eb par\u00eb, Dafina fut n\u00eb album n\u00ebn\u00ebn e saj\"<\/a> (in Albanian). <a rel=\"mw:WikiLink\" href=\"https:\/\/en.wikipedia.org\/wiki\/Klan_Kosova\" title=\"Klan Kosova\" id=\"rdp-we-mwAr4\" target=\"_new\" class=\"wiki-link\">Priv\u00e9<\/a>. 8 June 2020. Archived from <a rel=\"external_link\" href=\"https:\/\/prive.al\/per-here-te-pare-dafina-fut-ne-album-nenen-e-saj-video\/\" class=\"external text\" id=\"rdp-we-mwAr8\" target=\"_new\">the original<\/a> on 8 February 2021<span class=\"reference-accessdate\" id=\"rdp-we-mwAsA\">. Retrieved <span class=\"nowrap\" id=\"rdp-we-mwAsE\">8 February<\/span> 2021<\/span>.<\/cite><span title=\"ctx_ver=Z39.88-2004&amp;rft_val_fmt=info%3Aofi%2Ffmt%3Akev%3Amtx%3Abook&amp;rft.genre=unknown&amp;rft.btitle=P%C3%ABr+her%C3%AB+t%C3%AB+par%C3%AB%2C+Dafina+fut+n%C3%AB+album+n%C3%ABn%C3%ABn+e+saj&amp;rft.pub=Priv%C3%A9&amp;rft.date=2020-06-08&amp;rft_id=https%3A%2F%2Fprive.al%2Fper-here-te-pare-dafina-fut-ne-album-nenen-e-saj-video%2F&amp;rfr_id=info%3Asid%2Fen.wikipedia.org%3ADafina+Zeqiri\" class=\"Z3988\" about=\"#mwt106\" id=\"rdp-we-mwAsI\"><\/span><link rel=\"mw:PageProp\/Category\" href=\".\/Category:CS1_Albanian-language_sources_(sq)\" about=\"#mwt106\" id=\"rdp-we-mwAsM\"\/><\/span><\/li>\n<li about=\"#cite_note-33\" id=\"cite_note-33\" data-mw-footnote-number=\"33\"><span class=\"mw-cite-backlink\" id=\"rdp-we-mwAsQ\"><a href=\"#cite_ref-33\" rel=\"mw:referencedBy\" id=\"rdp-we-mwAsU\"><span class=\"mw-linkback-text\" id=\"rdp-we-mwAsY\">\u2191<\/span><\/a><\/span> <span id=\"rdp-we-mw-reference-text-cite_note-33\" class=\"mw-reference-text reference-text\"><link rel=\"mw-deduplicated-inline-style\" href=\"mw-data:TemplateStyles:r1333433106\" about=\"#mwt109\" typeof=\"mw:Extension\/templatestyles mw:Transclusion\" id=\"rdp-we-mwAsc\" data-mw='{\"name\":\"templatestyles\",\"attrs\":{\"src\":\"Module:Citation\/CS1\/styles.css\"},\"body\":{\"extsrc\":\"\"},\"parts\":[{\"template\":{\"target\":{\"wt\":\"cite web \",\"href\":\".\/Template:Cite_web\"},\"params\":{\"last\":{\"wt\":\"Velija\"},\"first\":{\"wt\":\"Kreizia\"},\"publisher\":{\"wt\":\"[[Top Channel|Top Albania Radio]]\"},\"title\":{\"wt\":\"Dafina vjen me nj\u00eb bashk\u00ebpunim me Ledri Vul\u00ebn dhe Lumi B\"},\"url\":{\"wt\":\"https:\/\/www.topalbaniaradio.com\/v7\/dafina-vjen-me-nje-bashkepunim-me-ledri-vulen-dhe-lumi-b\/\"},\"access-date\":{\"wt\":\"8 February 2021\"},\"archive-url\":{\"wt\":\"https:\/\/web.archive.org\/web\/20210207193121\/https:\/\/www.topalbaniaradio.com\/v7\/dafina-vjen-me-nje-bashkepunim-me-ledri-vulen-dhe-lumi-b\/\"},\"archive-date\":{\"wt\":\"7 February 2021\"},\"language\":{\"wt\":\"sq\"},\"date\":{\"wt\":\"18 June 2020\"}},\"i\":0}}]}'\/><cite id=\"rdp-we-mwAsg\" class=\"citation web cs1 cs1-prop-foreign-lang-source\" about=\"#mwt109\" data-x-id=\"CITEREFVelija2020\">Velija, Kreizia (18 June 2020). <a rel=\"external_link\" href=\"https:\/\/web.archive.org\/web\/20210207193121\/https:\/\/www.topalbaniaradio.com\/v7\/dafina-vjen-me-nje-bashkepunim-me-ledri-vulen-dhe-lumi-b\/\" class=\"external text\" id=\"rdp-we-mwAsk\" target=\"_new\">\"Dafina vjen me nj\u00eb bashk\u00ebpunim me Ledri Vul\u00ebn dhe Lumi B\"<\/a> (in Albanian). <a rel=\"mw:WikiLink\" href=\"https:\/\/en.wikipedia.org\/wiki\/Top_Channel\" title=\"Top Channel\" id=\"rdp-we-mwAso\" target=\"_new\" class=\"wiki-link\">Top Albania Radio<\/a>. Archived from <a rel=\"external_link\" href=\"https:\/\/www.topalbaniaradio.com\/v7\/dafina-vjen-me-nje-bashkepunim-me-ledri-vulen-dhe-lumi-b\/\" class=\"external text\" id=\"rdp-we-mwAss\" target=\"_new\">the original<\/a> on 7 February 2021<span class=\"reference-accessdate\" id=\"rdp-we-mwAsw\">. Retrieved <span class=\"nowrap\" id=\"rdp-we-mwAs0\">8 February<\/span> 2021<\/span>.<\/cite><span title=\"ctx_ver=Z39.88-2004&amp;rft_val_fmt=info%3Aofi%2Ffmt%3Akev%3Amtx%3Abook&amp;rft.genre=unknown&amp;rft.btitle=Dafina+vjen+me+nj%C3%AB+bashk%C3%ABpunim+me+Ledri+Vul%C3%ABn+dhe+Lumi+B&amp;rft.pub=Top+Albania+Radio&amp;rft.date=2020-06-18&amp;rft.aulast=Velija&amp;rft.aufirst=Kreizia&amp;rft_id=https%3A%2F%2Fwww.topalbaniaradio.com%2Fv7%2Fdafina-vjen-me-nje-bashkepunim-me-ledri-vulen-dhe-lumi-b%2F&amp;rfr_id=info%3Asid%2Fen.wikipedia.org%3ADafina+Zeqiri\" class=\"Z3988\" about=\"#mwt109\" id=\"rdp-we-mwAs4\"><\/span><link rel=\"mw:PageProp\/Category\" href=\".\/Category:CS1_Albanian-language_sources_(sq)\" about=\"#mwt109\" id=\"rdp-we-mwAs8\"\/><\/span><\/li>\n<li about=\"#cite_note-34\" id=\"cite_note-34\" data-mw-footnote-number=\"34\"><span class=\"mw-cite-backlink\" id=\"rdp-we-mwAtA\"><a href=\"#cite_ref-34\" rel=\"mw:referencedBy\" id=\"rdp-we-mwAtE\"><span class=\"mw-linkback-text\" id=\"rdp-we-mwAtI\">\u2191<\/span><\/a><\/span> <span id=\"rdp-we-mw-reference-text-cite_note-34\" class=\"mw-reference-text reference-text\"><link rel=\"mw-deduplicated-inline-style\" href=\"mw-data:TemplateStyles:r1333433106\" about=\"#mwt112\" typeof=\"mw:Extension\/templatestyles mw:Transclusion\" id=\"rdp-we-mwAtM\" data-mw='{\"name\":\"templatestyles\",\"attrs\":{\"src\":\"Module:Citation\/CS1\/styles.css\"},\"body\":{\"extsrc\":\"\"},\"parts\":[{\"template\":{\"target\":{\"wt\":\"cite web \",\"href\":\".\/Template:Cite_web\"},\"params\":{\"publisher\":{\"wt\":\"[[Top Channel]]\"},\"title\":{\"wt\":\"The Top List{{spaced ndash}}15 July 2020\"},\"url\":{\"wt\":\"http:\/\/topawards.top-channel.tv\/index.php\/12-07-2020\/\"},\"access-date\":{\"wt\":\"8 February 2021\"},\"archive-url\":{\"wt\":\"https:\/\/web.archive.org\/web\/20200715215643\/http:\/\/topawards.top-channel.tv\/index.php\/12-07-2020\/\"},\"archive-date\":{\"wt\":\"15 July 2020\"},\"language\":{\"wt\":\"Albanian\"},\"date\":{\"wt\":\"15 July 2020\"}},\"i\":0}}]}'\/><cite class=\"citation web cs1 cs1-prop-foreign-lang-source\" about=\"#mwt112\" id=\"rdp-we-mwAtQ\"><a rel=\"external_link\" href=\"https:\/\/web.archive.org\/web\/20200715215643\/http:\/\/topawards.top-channel.tv\/index.php\/12-07-2020\/\" class=\"external text\" id=\"rdp-we-mwAtU\" target=\"_new\">\"The Top List<span typeof=\"mw:Entity\" id=\"rdp-we-mwAtY\">\u00a0<\/span><span typeof=\"mw:Entity\" id=\"rdp-we-mwAtc\">\u2013<\/span><span typeof=\"mw:Entity\" id=\"rdp-we-mwAtg\"> <\/span>15 July 2020\"<\/a> (in Albanian). <a rel=\"mw:WikiLink\" href=\"https:\/\/en.wikipedia.org\/wiki\/Top_Channel\" title=\"Top Channel\" id=\"rdp-we-mwAtk\" target=\"_new\" class=\"wiki-link\">Top Channel<\/a>. 15 July 2020. Archived from <a rel=\"external_link\" href=\"http:\/\/topawards.top-channel.tv\/index.php\/12-07-2020\/\" class=\"external text\" id=\"rdp-we-mwAto\" target=\"_new\">the original<\/a> on 15 July 2020<span class=\"reference-accessdate\" id=\"rdp-we-mwAts\">. Retrieved <span class=\"nowrap\" id=\"rdp-we-mwAtw\">8 February<\/span> 2021<\/span>.<\/cite><span title=\"ctx_ver=Z39.88-2004&amp;rft_val_fmt=info%3Aofi%2Ffmt%3Akev%3Amtx%3Abook&amp;rft.genre=unknown&amp;rft.btitle=The+Top+List+%26ndash%3B%26%2332%3B15+July+2020&amp;rft.pub=Top+Channel&amp;rft.date=2020-07-15&amp;rft_id=http%3A%2F%2Ftopawards.top-channel.tv%2Findex.php%2F12-07-2020%2F&amp;rfr_id=info%3Asid%2Fen.wikipedia.org%3ADafina+Zeqiri\" class=\"Z3988\" about=\"#mwt112\" id=\"rdp-we-mwAt0\"><\/span><link rel=\"mw:PageProp\/Category\" href=\".\/Category:CS1_Albanian-language_sources_(sq)\" about=\"#mwt112\" id=\"rdp-we-mwAt4\"\/><\/span><\/li>\n<li about=\"#cite_note-35\" id=\"cite_note-35\" data-mw-footnote-number=\"35\"><span class=\"mw-cite-backlink\" id=\"rdp-we-mwAt8\"><a href=\"#cite_ref-35\" rel=\"mw:referencedBy\" id=\"rdp-we-mwAuA\"><span class=\"mw-linkback-text\" id=\"rdp-we-mwAuE\">\u2191<\/span><\/a><\/span> <span id=\"rdp-we-mw-reference-text-cite_note-35\" class=\"mw-reference-text reference-text\"><link rel=\"mw-deduplicated-inline-style\" href=\"mw-data:TemplateStyles:r1333433106\" about=\"#mwt115\" typeof=\"mw:Extension\/templatestyles mw:Transclusion\" id=\"rdp-we-mwAuI\" data-mw='{\"name\":\"templatestyles\",\"attrs\":{\"src\":\"Module:Citation\/CS1\/styles.css\"},\"body\":{\"extsrc\":\"\"},\"parts\":[{\"template\":{\"target\":{\"wt\":\"cite web \",\"href\":\".\/Template:Cite_web\"},\"params\":{\"publisher\":{\"wt\":\"[[Swiss Hitparade]]\"},\"title\":{\"wt\":\"Dafina Zeqiri feat. Ledri Vula and Lumi B-Aman{{spaced ndash}}Swiss Charts\"},\"url\":{\"wt\":\"http:\/\/swisscharts.com\/song\/Dafina-Zeqiri-feat.-Ledri-Vula-&amp;-Lumi-B\/Aman-2035628\"},\"access-date\":{\"wt\":\"8 February 2021\"},\"archive-url\":{\"wt\":\"https:\/\/web.archive.org\/web\/20200717055236\/http:\/\/swisscharts.com\/song\/Dafina-Zeqiri-feat.-Ledri-Vula-&amp;-Lumi-B\/Aman-2035628\"},\"archive-date\":{\"wt\":\"17 July 2020\"},\"language\":{\"wt\":\"de\"}},\"i\":0}}]}'\/><cite class=\"citation web cs1 cs1-prop-foreign-lang-source\" about=\"#mwt115\" id=\"rdp-we-mwAuM\"><a rel=\"external_link\" href=\"https:\/\/web.archive.org\/web\/20200717055236\/http:\/\/swisscharts.com\/song\/Dafina-Zeqiri-feat.-Ledri-Vula-&-Lumi-B\/Aman-2035628\" class=\"external text\" id=\"rdp-we-mwAuQ\" target=\"_new\">\"Dafina Zeqiri feat. Ledri Vula and Lumi B-Aman<span typeof=\"mw:Entity\" id=\"rdp-we-mwAuU\">\u00a0<\/span><span typeof=\"mw:Entity\" id=\"rdp-we-mwAuY\">\u2013<\/span><span typeof=\"mw:Entity\" id=\"rdp-we-mwAuc\"> <\/span>Swiss Charts\"<\/a> (in German). <a rel=\"mw:WikiLink\" href=\"https:\/\/en.wikipedia.org\/wiki\/Swiss_Hitparade\" title=\"Swiss Hitparade\" id=\"rdp-we-mwAug\" target=\"_new\" class=\"wiki-link\">Swiss Hitparade<\/a>. Archived from <a rel=\"external_link\" href=\"http:\/\/swisscharts.com\/song\/Dafina-Zeqiri-feat.-Ledri-Vula-&-Lumi-B\/Aman-2035628\" class=\"external text\" id=\"rdp-we-mwAuk\" target=\"_new\">the original<\/a> on 17 July 2020<span class=\"reference-accessdate\" id=\"rdp-we-mwAuo\">. Retrieved <span class=\"nowrap\" id=\"rdp-we-mwAus\">8 February<\/span> 2021<\/span>.<\/cite><span title=\"ctx_ver=Z39.88-2004&amp;rft_val_fmt=info%3Aofi%2Ffmt%3Akev%3Amtx%3Abook&amp;rft.genre=unknown&amp;rft.btitle=Dafina+Zeqiri+feat.+Ledri+Vula+and+Lumi+B-Aman+%26ndash%3B%26%2332%3BSwiss+Charts&amp;rft.pub=Swiss+Hitparade&amp;rft_id=http%3A%2F%2Fswisscharts.com%2Fsong%2FDafina-Zeqiri-feat.-Ledri-Vula-%26-Lumi-B%2FAman-2035628&amp;rfr_id=info%3Asid%2Fen.wikipedia.org%3ADafina+Zeqiri\" class=\"Z3988\" about=\"#mwt115\" id=\"rdp-we-mwAuw\"><\/span><link rel=\"mw:PageProp\/Category\" href=\".\/Category:CS1_German-language_sources_(de)\" about=\"#mwt115\" id=\"rdp-we-mwAu0\"\/><\/span><\/li>\n<li about=\"#cite_note-36\" id=\"cite_note-36\" data-mw-footnote-number=\"36\"><span class=\"mw-cite-backlink\" id=\"rdp-we-mwAu4\"><a href=\"#cite_ref-36\" rel=\"mw:referencedBy\" id=\"rdp-we-mwAu8\"><span class=\"mw-linkback-text\" id=\"rdp-we-mwAvA\">\u2191<\/span><\/a><\/span> <span id=\"rdp-we-mw-reference-text-cite_note-36\" class=\"mw-reference-text reference-text\"><link rel=\"mw-deduplicated-inline-style\" href=\"mw-data:TemplateStyles:r1333433106\" about=\"#mwt118\" typeof=\"mw:Extension\/templatestyles mw:Transclusion\" id=\"rdp-we-mwAvE\" data-mw='{\"name\":\"templatestyles\",\"attrs\":{\"src\":\"Module:Citation\/CS1\/styles.css\"},\"body\":{\"extsrc\":\"\"},\"parts\":[{\"template\":{\"target\":{\"wt\":\"cite web \",\"href\":\".\/Template:Cite_web\"},\"params\":{\"publisher\":{\"wt\":\"[[Telegrafi]]\"},\"title\":{\"wt\":\"Dafina lanson videoklipin e k\u00ebng\u00ebs &apos;Million $&apos;\"},\"url\":{\"wt\":\"https:\/\/telegrafi.com\/dafina-lanson-videoklipin-e-kenges-million\/\"},\"access-date\":{\"wt\":\"8 February 2021\"},\"archive-url\":{\"wt\":\"https:\/\/web.archive.org\/web\/20210208125006\/https:\/\/telegrafi.com\/dafina-lanson-videoklipin-e-kenges-million\/\"},\"archive-date\":{\"wt\":\"8 February 2021\"},\"language\":{\"wt\":\"sq\"},\"date\":{\"wt\":\"20 August 2020\"}},\"i\":0}}]}'\/><cite class=\"citation web cs1 cs1-prop-foreign-lang-source\" about=\"#mwt118\" id=\"rdp-we-mwAvI\"><a rel=\"external_link\" href=\"https:\/\/web.archive.org\/web\/20210208125006\/https:\/\/telegrafi.com\/dafina-lanson-videoklipin-e-kenges-million\/\" class=\"external text\" id=\"rdp-we-mwAvM\" target=\"_new\">\"Dafina lanson videoklipin e k\u00ebng\u00ebs 'Million $'<span class=\"cs1-kern-right\" id=\"rdp-we-mwAvQ\"><\/span>\"<\/a> (in Albanian). <a rel=\"mw:WikiLink\" href=\"https:\/\/en.wikipedia.org\/wiki\/Telegrafi\" title=\"Telegrafi\" id=\"rdp-we-mwAvU\" target=\"_new\" class=\"wiki-link\">Telegrafi<\/a>. 20 August 2020. Archived from <a rel=\"external_link\" href=\"https:\/\/telegrafi.com\/dafina-lanson-videoklipin-e-kenges-million\/\" class=\"external text\" id=\"rdp-we-mwAvY\" target=\"_new\">the original<\/a> on 8 February 2021<span class=\"reference-accessdate\" id=\"rdp-we-mwAvc\">. Retrieved <span class=\"nowrap\" id=\"rdp-we-mwAvg\">8 February<\/span> 2021<\/span>.<\/cite><span title=\"ctx_ver=Z39.88-2004&amp;rft_val_fmt=info%3Aofi%2Ffmt%3Akev%3Amtx%3Abook&amp;rft.genre=unknown&amp;rft.btitle=Dafina+lanson+videoklipin+e+k%C3%ABng%C3%ABs+%27Million+%24%27&amp;rft.pub=Telegrafi&amp;rft.date=2020-08-20&amp;rft_id=https%3A%2F%2Ftelegrafi.com%2Fdafina-lanson-videoklipin-e-kenges-million%2F&amp;rfr_id=info%3Asid%2Fen.wikipedia.org%3ADafina+Zeqiri\" class=\"Z3988\" about=\"#mwt118\" id=\"rdp-we-mwAvk\"><\/span><link rel=\"mw:PageProp\/Category\" href=\".\/Category:CS1_Albanian-language_sources_(sq)\" about=\"#mwt118\" id=\"rdp-we-mwAvo\"\/><\/span><\/li>\n<li about=\"#cite_note-37\" id=\"cite_note-37\" data-mw-footnote-number=\"37\"><span class=\"mw-cite-backlink\" id=\"rdp-we-mwAvs\"><a href=\"#cite_ref-37\" rel=\"mw:referencedBy\" id=\"rdp-we-mwAvw\"><span class=\"mw-linkback-text\" id=\"rdp-we-mwAv0\">\u2191<\/span><\/a><\/span> <span id=\"rdp-we-mw-reference-text-cite_note-37\" class=\"mw-reference-text reference-text\"><link rel=\"mw-deduplicated-inline-style\" href=\"mw-data:TemplateStyles:r1333433106\" about=\"#mwt121\" typeof=\"mw:Extension\/templatestyles mw:Transclusion\" id=\"rdp-we-mwAv4\" data-mw='{\"name\":\"templatestyles\",\"attrs\":{\"src\":\"Module:Citation\/CS1\/styles.css\"},\"body\":{\"extsrc\":\"\"},\"parts\":[{\"template\":{\"target\":{\"wt\":\"cite web \",\"href\":\".\/Template:Cite_web\"},\"params\":{\"publisher\":{\"wt\":\"[[Top Channel]]\"},\"title\":{\"wt\":\"The Top List{{spaced ndash}}30 August 2020\"},\"url\":{\"wt\":\"http:\/\/topawards.top-channel.tv\/index.php\/30-08-2020\/\"},\"access-date\":{\"wt\":\"8 February 2021\"},\"archive-url\":{\"wt\":\"https:\/\/web.archive.org\/web\/20210208125629\/http:\/\/topawards.top-channel.tv\/index.php\/30-08-2020\/\"},\"archive-date\":{\"wt\":\"8 February 2021\"},\"language\":{\"wt\":\"sq\"},\"date\":{\"wt\":\"30 August 2020\"}},\"i\":0}}]}'\/><cite class=\"citation web cs1 cs1-prop-foreign-lang-source\" about=\"#mwt121\" id=\"rdp-we-mwAv8\"><a rel=\"external_link\" href=\"https:\/\/web.archive.org\/web\/20210208125629\/http:\/\/topawards.top-channel.tv\/index.php\/30-08-2020\/\" class=\"external text\" id=\"rdp-we-mwAwA\" target=\"_new\">\"The Top List<span typeof=\"mw:Entity\" id=\"rdp-we-mwAwE\">\u00a0<\/span><span typeof=\"mw:Entity\" id=\"rdp-we-mwAwI\">\u2013<\/span><span typeof=\"mw:Entity\" id=\"rdp-we-mwAwM\"> <\/span>30 August 2020\"<\/a> (in Albanian). <a rel=\"mw:WikiLink\" href=\"https:\/\/en.wikipedia.org\/wiki\/Top_Channel\" title=\"Top Channel\" id=\"rdp-we-mwAwQ\" target=\"_new\" class=\"wiki-link\">Top Channel<\/a>. 30 August 2020. Archived from <a rel=\"external_link\" href=\"http:\/\/topawards.top-channel.tv\/index.php\/30-08-2020\/\" class=\"external text\" id=\"rdp-we-mwAwU\" target=\"_new\">the original<\/a> on 8 February 2021<span class=\"reference-accessdate\" id=\"rdp-we-mwAwY\">. Retrieved <span class=\"nowrap\" id=\"rdp-we-mwAwc\">8 February<\/span> 2021<\/span>.<\/cite><span title=\"ctx_ver=Z39.88-2004&amp;rft_val_fmt=info%3Aofi%2Ffmt%3Akev%3Amtx%3Abook&amp;rft.genre=unknown&amp;rft.btitle=The+Top+List+%26ndash%3B%26%2332%3B30+August+2020&amp;rft.pub=Top+Channel&amp;rft.date=2020-08-30&amp;rft_id=http%3A%2F%2Ftopawards.top-channel.tv%2Findex.php%2F30-08-2020%2F&amp;rfr_id=info%3Asid%2Fen.wikipedia.org%3ADafina+Zeqiri\" class=\"Z3988\" about=\"#mwt121\" id=\"rdp-we-mwAwg\"><\/span><link rel=\"mw:PageProp\/Category\" href=\".\/Category:CS1_Albanian-language_sources_(sq)\" about=\"#mwt121\" id=\"rdp-we-mwAwk\"\/><\/span><\/li>\n<li about=\"#cite_note-38\" id=\"cite_note-38\" data-mw-footnote-number=\"38\"><span class=\"mw-cite-backlink\" id=\"rdp-we-mwAwo\"><a href=\"#cite_ref-38\" rel=\"mw:referencedBy\" id=\"rdp-we-mwAws\"><span class=\"mw-linkback-text\" id=\"rdp-we-mwAww\">\u2191<\/span><\/a><\/span> <span id=\"rdp-we-mw-reference-text-cite_note-38\" class=\"mw-reference-text reference-text\"><link rel=\"mw-deduplicated-inline-style\" href=\"mw-data:TemplateStyles:r1333433106\" about=\"#mwt124\" typeof=\"mw:Extension\/templatestyles mw:Transclusion\" id=\"rdp-we-mwAw0\" data-mw='{\"name\":\"templatestyles\",\"attrs\":{\"src\":\"Module:Citation\/CS1\/styles.css\"},\"body\":{\"extsrc\":\"\"},\"parts\":[{\"template\":{\"target\":{\"wt\":\"cite web \",\"href\":\".\/Template:Cite_web\"},\"params\":{\"publisher\":{\"wt\":\"[[Swiss Hitparade]]\"},\"title\":{\"wt\":\"Dafina Zeqiri-Million ${{spaced ndash}}Swiss Charts\"},\"url\":{\"wt\":\"https:\/\/hitparade.ch\/song\/Dafina-Zeqiri\/Million-$-2060646\"},\"access-date\":{\"wt\":\"8 February 2021\"},\"archive-url\":{\"wt\":\"https:\/\/web.archive.org\/web\/20210208125242\/https:\/\/hitparade.ch\/song\/Dafina-Zeqiri\/Million-$-2060646\"},\"archive-date\":{\"wt\":\"8 February 2021\"},\"language\":{\"wt\":\"de\"}},\"i\":0}}]}'\/><cite class=\"citation web cs1 cs1-prop-foreign-lang-source\" about=\"#mwt124\" id=\"rdp-we-mwAw4\"><a rel=\"external_link\" href=\"https:\/\/web.archive.org\/web\/20210208125242\/https:\/\/hitparade.ch\/song\/Dafina-Zeqiri\/Million-$-2060646\" class=\"external text\" id=\"rdp-we-mwAw8\" target=\"_new\">\"Dafina Zeqiri-Million $<span typeof=\"mw:Entity\" id=\"rdp-we-mwAxA\">\u00a0<\/span><span typeof=\"mw:Entity\" id=\"rdp-we-mwAxE\">\u2013<\/span><span typeof=\"mw:Entity\" id=\"rdp-we-mwAxI\"> <\/span>Swiss Charts\"<\/a> (in German). <a rel=\"mw:WikiLink\" href=\"https:\/\/en.wikipedia.org\/wiki\/Swiss_Hitparade\" title=\"Swiss Hitparade\" id=\"rdp-we-mwAxM\" target=\"_new\" class=\"wiki-link\">Swiss Hitparade<\/a>. Archived from <a rel=\"external_link\" href=\"https:\/\/hitparade.ch\/song\/Dafina-Zeqiri\/Million-$-2060646\" class=\"external text\" id=\"rdp-we-mwAxQ\" target=\"_new\">the original<\/a> on 8 February 2021<span class=\"reference-accessdate\" id=\"rdp-we-mwAxU\">. Retrieved <span class=\"nowrap\" id=\"rdp-we-mwAxY\">8 February<\/span> 2021<\/span>.<\/cite><span title=\"ctx_ver=Z39.88-2004&amp;rft_val_fmt=info%3Aofi%2Ffmt%3Akev%3Amtx%3Abook&amp;rft.genre=unknown&amp;rft.btitle=Dafina+Zeqiri-Million+%24+%26ndash%3B%26%2332%3BSwiss+Charts&amp;rft.pub=Swiss+Hitparade&amp;rft_id=https%3A%2F%2Fhitparade.ch%2Fsong%2FDafina-Zeqiri%2FMillion-%24-2060646&amp;rfr_id=info%3Asid%2Fen.wikipedia.org%3ADafina+Zeqiri\" class=\"Z3988\" about=\"#mwt124\" id=\"rdp-we-mwAxc\"><\/span><link rel=\"mw:PageProp\/Category\" href=\".\/Category:CS1_German-language_sources_(de)\" about=\"#mwt124\" id=\"rdp-we-mwAxg\"\/><\/span><\/li>\n<li about=\"#cite_note-39\" id=\"cite_note-39\" data-mw-footnote-number=\"39\"><span class=\"mw-cite-backlink\" id=\"rdp-we-mwAxk\"><a href=\"#cite_ref-39\" rel=\"mw:referencedBy\" id=\"rdp-we-mwAxo\"><span class=\"mw-linkback-text\" id=\"rdp-we-mwAxs\">\u2191<\/span><\/a><\/span> <span id=\"rdp-we-mw-reference-text-cite_note-39\" class=\"mw-reference-text reference-text\"><link rel=\"mw-deduplicated-inline-style\" href=\"mw-data:TemplateStyles:r1333433106\" about=\"#mwt127\" typeof=\"mw:Extension\/templatestyles mw:Transclusion\" id=\"rdp-we-mwAxw\" data-mw='{\"name\":\"templatestyles\",\"attrs\":{\"src\":\"Module:Citation\/CS1\/styles.css\"},\"body\":{\"extsrc\":\"\"},\"parts\":[{\"template\":{\"target\":{\"wt\":\"cite web \",\"href\":\".\/Template:Cite_web\"},\"params\":{\"publisher\":{\"wt\":\"[[Koha Ditore|Koha]]\"},\"title\":{\"wt\":\"Dafina Zeqiri publikon k\u00ebng\u00ebn &apos;Zili Zili&apos;\"},\"url\":{\"wt\":\"https:\/\/www.koha.net\/showbiz\/242382\/dafina-zeqiri-publikon-kengen-zili-zili\/\"},\"access-date\":{\"wt\":\"8 February 2021\"},\"archive-url\":{\"wt\":\"https:\/\/web.archive.org\/web\/20201126232015\/https:\/\/www.koha.net\/showbiz\/242382\/dafina-zeqiri-publikon-kengen-zili-zili\/\"},\"archive-date\":{\"wt\":\"26 November 2020\"},\"language\":{\"wt\":\"sq\"},\"date\":{\"wt\":\"22 October 2020\"}},\"i\":0}}]}'\/><cite class=\"citation web cs1 cs1-prop-foreign-lang-source\" about=\"#mwt127\" id=\"rdp-we-mwAx0\"><a rel=\"external_link\" href=\"https:\/\/web.archive.org\/web\/20201126232015\/https:\/\/www.koha.net\/showbiz\/242382\/dafina-zeqiri-publikon-kengen-zili-zili\/\" class=\"external text\" id=\"rdp-we-mwAx4\" target=\"_new\">\"Dafina Zeqiri publikon k\u00ebng\u00ebn 'Zili Zili'<span class=\"cs1-kern-right\" id=\"rdp-we-mwAx8\"><\/span>\"<\/a> (in Albanian). <a rel=\"mw:WikiLink\" href=\"https:\/\/en.wikipedia.org\/wiki\/Koha_Ditore\" title=\"Koha Ditore\" id=\"rdp-we-mwAyA\" target=\"_new\" class=\"wiki-link\">Koha<\/a>. 22 October 2020. Archived from <a rel=\"external_link\" href=\"https:\/\/www.koha.net\/showbiz\/242382\/dafina-zeqiri-publikon-kengen-zili-zili\/\" class=\"external text\" id=\"rdp-we-mwAyE\" target=\"_new\">the original<\/a> on 26 November 2020<span class=\"reference-accessdate\" id=\"rdp-we-mwAyI\">. Retrieved <span class=\"nowrap\" id=\"rdp-we-mwAyM\">8 February<\/span> 2021<\/span>.<\/cite><span title=\"ctx_ver=Z39.88-2004&amp;rft_val_fmt=info%3Aofi%2Ffmt%3Akev%3Amtx%3Abook&amp;rft.genre=unknown&amp;rft.btitle=Dafina+Zeqiri+publikon+k%C3%ABng%C3%ABn+%27Zili+Zili%27&amp;rft.pub=Koha&amp;rft.date=2020-10-22&amp;rft_id=https%3A%2F%2Fwww.koha.net%2Fshowbiz%2F242382%2Fdafina-zeqiri-publikon-kengen-zili-zili%2F&amp;rfr_id=info%3Asid%2Fen.wikipedia.org%3ADafina+Zeqiri\" class=\"Z3988\" about=\"#mwt127\" id=\"rdp-we-mwAyQ\"><\/span><link rel=\"mw:PageProp\/Category\" href=\".\/Category:CS1_Albanian-language_sources_(sq)\" about=\"#mwt127\" id=\"rdp-we-mwAyU\"\/><\/span><\/li>\n<li about=\"#cite_note-40\" id=\"cite_note-40\" data-mw-footnote-number=\"40\"><span class=\"mw-cite-backlink\" id=\"rdp-we-mwAyY\"><a href=\"#cite_ref-40\" rel=\"mw:referencedBy\" id=\"rdp-we-mwAyc\"><span class=\"mw-linkback-text\" id=\"rdp-we-mwAyg\">\u2191<\/span><\/a><\/span> <span id=\"rdp-we-mw-reference-text-cite_note-40\" class=\"mw-reference-text reference-text\"><link rel=\"mw-deduplicated-inline-style\" href=\"mw-data:TemplateStyles:r1333433106\" about=\"#mwt130\" typeof=\"mw:Extension\/templatestyles mw:Transclusion\" id=\"rdp-we-mwAyk\" data-mw='{\"name\":\"templatestyles\",\"attrs\":{\"src\":\"Module:Citation\/CS1\/styles.css\"},\"body\":{\"extsrc\":\"\"},\"parts\":[{\"template\":{\"target\":{\"wt\":\"cite web \",\"href\":\".\/Template:Cite_web\"},\"params\":{\"publisher\":{\"wt\":\"[[Telegrafi]]\"},\"title\":{\"wt\":\"Dafina Zeqiri dhe Yll Limani publikojn\u00eb bashk\u00ebpunimin &apos;Mos Shko&apos;\"},\"url\":{\"wt\":\"https:\/\/telegrafi.com\/dafina-zeqiri-dhe-yll-limani-publikojne-bashkepunimin-mos-shko\/\"},\"access-date\":{\"wt\":\"8 February 2021\"},\"archive-url\":{\"wt\":\"https:\/\/web.archive.org\/web\/20210102092848\/https:\/\/telegrafi.com\/dafina-zeqiri-dhe-yll-limani-publikojne-bashkepunimin-mos-shko\/\"},\"archive-date\":{\"wt\":\"2 January 2021\"},\"language\":{\"wt\":\"sq\"},\"date\":{\"wt\":\"26 December 2020\"}},\"i\":0}}]}'\/><cite class=\"citation web cs1 cs1-prop-foreign-lang-source\" about=\"#mwt130\" id=\"rdp-we-mwAyo\"><a rel=\"external_link\" href=\"https:\/\/web.archive.org\/web\/20210102092848\/https:\/\/telegrafi.com\/dafina-zeqiri-dhe-yll-limani-publikojne-bashkepunimin-mos-shko\/\" class=\"external text\" id=\"rdp-we-mwAys\" target=\"_new\">\"Dafina Zeqiri dhe Yll Limani publikojn\u00eb bashk\u00ebpunimin 'Mos Shko'<span class=\"cs1-kern-right\" id=\"rdp-we-mwAyw\"><\/span>\"<\/a> (in Albanian). <a rel=\"mw:WikiLink\" href=\"https:\/\/en.wikipedia.org\/wiki\/Telegrafi\" title=\"Telegrafi\" id=\"rdp-we-mwAy0\" target=\"_new\" class=\"wiki-link\">Telegrafi<\/a>. 26 December 2020. Archived from <a rel=\"external_link\" href=\"https:\/\/telegrafi.com\/dafina-zeqiri-dhe-yll-limani-publikojne-bashkepunimin-mos-shko\/\" class=\"external text\" id=\"rdp-we-mwAy4\" target=\"_new\">the original<\/a> on 2 January 2021<span class=\"reference-accessdate\" id=\"rdp-we-mwAy8\">. Retrieved <span class=\"nowrap\" id=\"rdp-we-mwAzA\">8 February<\/span> 2021<\/span>.<\/cite><span title=\"ctx_ver=Z39.88-2004&amp;rft_val_fmt=info%3Aofi%2Ffmt%3Akev%3Amtx%3Abook&amp;rft.genre=unknown&amp;rft.btitle=Dafina+Zeqiri+dhe+Yll+Limani+publikojn%C3%AB+bashk%C3%ABpunimin+%27Mos+Shko%27&amp;rft.pub=Telegrafi&amp;rft.date=2020-12-26&amp;rft_id=https%3A%2F%2Ftelegrafi.com%2Fdafina-zeqiri-dhe-yll-limani-publikojne-bashkepunimin-mos-shko%2F&amp;rfr_id=info%3Asid%2Fen.wikipedia.org%3ADafina+Zeqiri\" class=\"Z3988\" about=\"#mwt130\" id=\"rdp-we-mwAzE\"><\/span><link rel=\"mw:PageProp\/Category\" href=\".\/Category:CS1_Albanian-language_sources_(sq)\" about=\"#mwt130\" id=\"rdp-we-mwAzI\"\/><\/span><\/li>\n<li about=\"#cite_note-41\" id=\"cite_note-41\" data-mw-footnote-number=\"41\"><span class=\"mw-cite-backlink\" id=\"rdp-we-mwAzM\"><a href=\"#cite_ref-41\" rel=\"mw:referencedBy\" id=\"rdp-we-mwAzQ\"><span class=\"mw-linkback-text\" id=\"rdp-we-mwAzU\">\u2191<\/span><\/a><\/span> <span id=\"rdp-we-mw-reference-text-cite_note-41\" class=\"mw-reference-text reference-text\"><link rel=\"mw-deduplicated-inline-style\" href=\"mw-data:TemplateStyles:r1333433106\" about=\"#mwt133\" typeof=\"mw:Extension\/templatestyles mw:Transclusion\" id=\"rdp-we-mwAzY\" data-mw='{\"name\":\"templatestyles\",\"attrs\":{\"src\":\"Module:Citation\/CS1\/styles.css\"},\"body\":{\"extsrc\":\"\"},\"parts\":[{\"template\":{\"target\":{\"wt\":\"cite web \",\"href\":\".\/Template:Cite_web\"},\"params\":{\"publisher\":{\"wt\":\"[[Top Channel]]\"},\"title\":{\"wt\":\"The Top List{{spaced ndash}}01\/11\/2020\"},\"url\":{\"wt\":\"http:\/\/topawards.top-channel.tv\/index.php\/01-11-2020\/\"},\"access-date\":{\"wt\":\"8 February 2021\"},\"archive-url\":{\"wt\":\"https:\/\/web.archive.org\/web\/20201227150927\/http:\/\/topawards.top-channel.tv\/index.php\/01-11-2020\/\"},\"archive-date\":{\"wt\":\"27 December 2020\"},\"language\":{\"wt\":\"Albanian\"},\"date\":{\"wt\":\"1 November 2020\"}},\"i\":0}}]}'\/><cite class=\"citation web cs1 cs1-prop-foreign-lang-source\" about=\"#mwt133\" id=\"rdp-we-mwAzc\"><a rel=\"external_link\" href=\"https:\/\/web.archive.org\/web\/20201227150927\/http:\/\/topawards.top-channel.tv\/index.php\/01-11-2020\/\" class=\"external text\" id=\"rdp-we-mwAzg\" target=\"_new\">\"The Top List<span typeof=\"mw:Entity\" id=\"rdp-we-mwAzk\">\u00a0<\/span><span typeof=\"mw:Entity\" id=\"rdp-we-mwAzo\">\u2013<\/span><span typeof=\"mw:Entity\" id=\"rdp-we-mwAzs\"> <\/span>01\/11\/2020\"<\/a> (in Albanian). <a rel=\"mw:WikiLink\" href=\"https:\/\/en.wikipedia.org\/wiki\/Top_Channel\" title=\"Top Channel\" id=\"rdp-we-mwAzw\" target=\"_new\" class=\"wiki-link\">Top Channel<\/a>. 1 November 2020. Archived from <a rel=\"external_link\" href=\"http:\/\/topawards.top-channel.tv\/index.php\/01-11-2020\/\" class=\"external text\" id=\"rdp-we-mwAz0\" target=\"_new\">the original<\/a> on 27 December 2020<span class=\"reference-accessdate\" id=\"rdp-we-mwAz4\">. Retrieved <span class=\"nowrap\" id=\"rdp-we-mwAz8\">8 February<\/span> 2021<\/span>.<\/cite><span title=\"ctx_ver=Z39.88-2004&amp;rft_val_fmt=info%3Aofi%2Ffmt%3Akev%3Amtx%3Abook&amp;rft.genre=unknown&amp;rft.btitle=The+Top+List+%26ndash%3B%26%2332%3B01%2F11%2F2020&amp;rft.pub=Top+Channel&amp;rft.date=2020-11-01&amp;rft_id=http%3A%2F%2Ftopawards.top-channel.tv%2Findex.php%2F01-11-2020%2F&amp;rfr_id=info%3Asid%2Fen.wikipedia.org%3ADafina+Zeqiri\" class=\"Z3988\" about=\"#mwt133\" id=\"rdp-we-mwA0A\"><\/span><link rel=\"mw:PageProp\/Category\" href=\".\/Category:CS1_Albanian-language_sources_(sq)\" about=\"#mwt133\" id=\"rdp-we-mwA0E\"\/><\/span><\/li>\n<li about=\"#cite_note-42\" id=\"cite_note-42\" data-mw-footnote-number=\"42\"><span class=\"mw-cite-backlink\" id=\"rdp-we-mwA0I\"><a href=\"#cite_ref-42\" rel=\"mw:referencedBy\" id=\"rdp-we-mwA0M\"><span class=\"mw-linkback-text\" id=\"rdp-we-mwA0Q\">\u2191<\/span><\/a><\/span> <span id=\"rdp-we-mw-reference-text-cite_note-42\" class=\"mw-reference-text reference-text\"><link rel=\"mw-deduplicated-inline-style\" href=\"mw-data:TemplateStyles:r1333433106\" about=\"#mwt136\" typeof=\"mw:Extension\/templatestyles mw:Transclusion\" id=\"rdp-we-mwA0U\" data-mw='{\"name\":\"templatestyles\",\"attrs\":{\"src\":\"Module:Citation\/CS1\/styles.css\"},\"body\":{\"extsrc\":\"\"},\"parts\":[{\"template\":{\"target\":{\"wt\":\"cite web \",\"href\":\".\/Template:Cite_web\"},\"params\":{\"publisher\":{\"wt\":\"[[Top Channel]]\"},\"title\":{\"wt\":\"The Top List{{spaced ndash}}02\/01\/2021\"},\"url\":{\"wt\":\"http:\/\/topawards.top-channel.tv\/index.php\/02-01-2021\/\"},\"access-date\":{\"wt\":\"8 February 2021\"},\"archive-url\":{\"wt\":\"https:\/\/web.archive.org\/web\/20210124192939\/http:\/\/topawards.top-channel.tv\/index.php\/02-01-2021\/\"},\"archive-date\":{\"wt\":\"24 January 2021\"},\"date\":{\"wt\":\"2 January 2021\"}},\"i\":0}}]}'\/><cite class=\"citation web cs1\" about=\"#mwt136\" id=\"rdp-we-mwA0Y\"><a rel=\"external_link\" href=\"https:\/\/web.archive.org\/web\/20210124192939\/http:\/\/topawards.top-channel.tv\/index.php\/02-01-2021\/\" class=\"external text\" id=\"rdp-we-mwA0c\" target=\"_new\">\"The Top List<span typeof=\"mw:Entity\" id=\"rdp-we-mwA0g\">\u00a0<\/span><span typeof=\"mw:Entity\" id=\"rdp-we-mwA0k\">\u2013<\/span><span typeof=\"mw:Entity\" id=\"rdp-we-mwA0o\"> <\/span>02\/01\/2021\"<\/a>. <a rel=\"mw:WikiLink\" href=\"https:\/\/en.wikipedia.org\/wiki\/Top_Channel\" title=\"Top Channel\" id=\"rdp-we-mwA0s\" target=\"_new\" class=\"wiki-link\">Top Channel<\/a>. 2 January 2021. Archived from <a rel=\"external_link\" href=\"http:\/\/topawards.top-channel.tv\/index.php\/02-01-2021\/\" class=\"external text\" id=\"rdp-we-mwA0w\" target=\"_new\">the original<\/a> on 24 January 2021<span class=\"reference-accessdate\" id=\"rdp-we-mwA00\">. Retrieved <span class=\"nowrap\" id=\"rdp-we-mwA04\">8 February<\/span> 2021<\/span>.<\/cite><span title=\"ctx_ver=Z39.88-2004&amp;rft_val_fmt=info%3Aofi%2Ffmt%3Akev%3Amtx%3Abook&amp;rft.genre=unknown&amp;rft.btitle=The+Top+List+%26ndash%3B%26%2332%3B02%2F01%2F2021&amp;rft.pub=Top+Channel&amp;rft.date=2021-01-02&amp;rft_id=http%3A%2F%2Ftopawards.top-channel.tv%2Findex.php%2F02-01-2021%2F&amp;rfr_id=info%3Asid%2Fen.wikipedia.org%3ADafina+Zeqiri\" class=\"Z3988\" about=\"#mwt136\" id=\"rdp-we-mwA08\"><\/span><\/span><\/li>\n<li about=\"#cite_note-43\" id=\"cite_note-43\" data-mw-footnote-number=\"43\"><span class=\"mw-cite-backlink\" id=\"rdp-we-mwA1A\"><a href=\"#cite_ref-43\" rel=\"mw:referencedBy\" id=\"rdp-we-mwA1E\"><span class=\"mw-linkback-text\" id=\"rdp-we-mwA1I\">\u2191<\/span><\/a><\/span> <span id=\"rdp-we-mw-reference-text-cite_note-43\" class=\"mw-reference-text reference-text\"><link rel=\"mw-deduplicated-inline-style\" href=\"mw-data:TemplateStyles:r1333433106\" about=\"#mwt139\" typeof=\"mw:Extension\/templatestyles mw:Transclusion\" id=\"rdp-we-mwA1M\" data-mw='{\"name\":\"templatestyles\",\"attrs\":{\"src\":\"Module:Citation\/CS1\/styles.css\"},\"body\":{\"extsrc\":\"\"},\"parts\":[{\"template\":{\"target\":{\"wt\":\"cite web \",\"href\":\".\/Template:Cite_web\"},\"params\":{\"publisher\":{\"wt\":\"[[Government of Sweden|Regeringskansliet]]\"},\"title\":{\"wt\":\"Pressinbjudan: Regeringens musikexportpris 2020 delas ut av utrikeshandelsminister Anna Hallberg\"},\"url\":{\"wt\":\"https:\/\/www.regeringen.se\/pressmeddelanden\/2021\/09\/pressinbjudan-regeringens-musikexportpris-2020-delas-ut-av-utrikeshandelsminister-anna-hallberg2\/\"},\"access-date\":{\"wt\":\"16 September 2021\"},\"archive-url\":{\"wt\":\"https:\/\/web.archive.org\/web\/20210916134321\/https:\/\/www.regeringen.se\/pressmeddelanden\/2021\/09\/pressinbjudan-regeringens-musikexportpris-2020-delas-ut-av-utrikeshandelsminister-anna-hallberg2\/\"},\"archive-date\":{\"wt\":\"16 September 2021\"},\"language\":{\"wt\":\"sv\"},\"date\":{\"wt\":\"16 September 2021\"},\"url-status\":{\"wt\":\"live\"}},\"i\":0}}]}'\/><cite class=\"citation web cs1 cs1-prop-foreign-lang-source\" about=\"#mwt139\" id=\"rdp-we-mwA1Q\"><a rel=\"external_link\" href=\"https:\/\/www.regeringen.se\/pressmeddelanden\/2021\/09\/pressinbjudan-regeringens-musikexportpris-2020-delas-ut-av-utrikeshandelsminister-anna-hallberg2\/\" class=\"external text\" id=\"rdp-we-mwA1U\" target=\"_new\">\"Pressinbjudan: Regeringens musikexportpris 2020 delas ut av utrikeshandelsminister Anna Hallberg\"<\/a> (in Swedish). <a rel=\"mw:WikiLink\" href=\"https:\/\/en.wikipedia.org\/wiki\/Government_of_Sweden\" title=\"Government of Sweden\" id=\"rdp-we-mwA1Y\" target=\"_new\" class=\"wiki-link\">Regeringskansliet<\/a>. 16 September 2021. <a rel=\"external_link\" href=\"https:\/\/web.archive.org\/web\/20210916134321\/https:\/\/www.regeringen.se\/pressmeddelanden\/2021\/09\/pressinbjudan-regeringens-musikexportpris-2020-delas-ut-av-utrikeshandelsminister-anna-hallberg2\/\" class=\"external text\" id=\"rdp-we-mwA1c\" target=\"_new\">Archived<\/a> from the original on 16 September 2021<span class=\"reference-accessdate\" id=\"rdp-we-mwA1g\">. Retrieved <span class=\"nowrap\" id=\"rdp-we-mwA1k\">16 September<\/span> 2021<\/span>.<\/cite><span title=\"ctx_ver=Z39.88-2004&amp;rft_val_fmt=info%3Aofi%2Ffmt%3Akev%3Amtx%3Abook&amp;rft.genre=unknown&amp;rft.btitle=Pressinbjudan%3A+Regeringens+musikexportpris+2020+delas+ut+av+utrikeshandelsminister+Anna+Hallberg&amp;rft.pub=Regeringskansliet&amp;rft.date=2021-09-16&amp;rft_id=https%3A%2F%2Fwww.regeringen.se%2Fpressmeddelanden%2F2021%2F09%2Fpressinbjudan-regeringens-musikexportpris-2020-delas-ut-av-utrikeshandelsminister-anna-hallberg2%2F&amp;rfr_id=info%3Asid%2Fen.wikipedia.org%3ADafina+Zeqiri\" class=\"Z3988\" about=\"#mwt139\" id=\"rdp-we-mwA1o\"><\/span><link rel=\"mw:PageProp\/Category\" href=\".\/Category:CS1_Swedish-language_sources_(sv)\" about=\"#mwt139\" id=\"rdp-we-mwA1s\"\/><\/span><\/li>\n<li about=\"#cite_note-44\" id=\"cite_note-44\" data-mw-footnote-number=\"44\"><span class=\"mw-cite-backlink\" id=\"rdp-we-mwA1w\"><a href=\"#cite_ref-44\" rel=\"mw:referencedBy\" id=\"rdp-we-mwA10\"><span class=\"mw-linkback-text\" id=\"rdp-we-mwA14\">\u2191<\/span><\/a><\/span> <span id=\"rdp-we-mw-reference-text-cite_note-44\" class=\"mw-reference-text reference-text\"><link rel=\"mw-deduplicated-inline-style\" href=\"mw-data:TemplateStyles:r1333433106\" about=\"#mwt142\" typeof=\"mw:Extension\/templatestyles mw:Transclusion\" id=\"rdp-we-mwA18\" data-mw='{\"name\":\"templatestyles\",\"attrs\":{\"src\":\"Module:Citation\/CS1\/styles.css\"},\"body\":{\"extsrc\":\"\"},\"parts\":[{\"template\":{\"target\":{\"wt\":\"cite web \",\"href\":\".\/Template:Cite_web\"},\"params\":{\"publisher\":{\"wt\":\"Top Albania Radio\"},\"title\":{\"wt\":\"Dafina Zeqiri n\u00eb nj\u00eb bashk\u00ebpunim me artistin e njohur, ja se kush \u00ebsht\u00eb!\"},\"url\":{\"wt\":\"https:\/\/www.topalbaniaradio.com\/dafina-zeqiri-ne-nje-bashkepunim-me-artistin-e-njohur-ja-se-kush-eshte\/\"},\"access-date\":{\"wt\":\"22 December 2023\"},\"archive-url\":{\"wt\":\"https:\/\/web.archive.org\/web\/20231222191350\/https:\/\/www.topalbaniaradio.com\/dafina-zeqiri-ne-nje-bashkepunim-me-artistin-e-njohur-ja-se-kush-eshte\/\"},\"archive-date\":{\"wt\":\"22 December 2023\"},\"language\":{\"wt\":\"sq\"},\"date\":{\"wt\":\"11 December 2023\"},\"url-status\":{\"wt\":\"live\"}},\"i\":0}}]}'\/><cite class=\"citation web cs1 cs1-prop-foreign-lang-source\" about=\"#mwt142\" id=\"rdp-we-mwA2A\"><a rel=\"external_link\" href=\"https:\/\/www.topalbaniaradio.com\/dafina-zeqiri-ne-nje-bashkepunim-me-artistin-e-njohur-ja-se-kush-eshte\/\" class=\"external text\" id=\"rdp-we-mwA2E\" target=\"_new\">\"Dafina Zeqiri n\u00eb nj\u00eb bashk\u00ebpunim me artistin e njohur, ja se kush \u00ebsht\u00eb!\"<\/a> (in Albanian). Top Albania Radio. 11 December 2023. <a rel=\"external_link\" href=\"https:\/\/web.archive.org\/web\/20231222191350\/https:\/\/www.topalbaniaradio.com\/dafina-zeqiri-ne-nje-bashkepunim-me-artistin-e-njohur-ja-se-kush-eshte\/\" class=\"external text\" id=\"rdp-we-mwA2I\" target=\"_new\">Archived<\/a> from the original on 22 December 2023<span class=\"reference-accessdate\" id=\"rdp-we-mwA2M\">. Retrieved <span class=\"nowrap\" id=\"rdp-we-mwA2Q\">22 December<\/span> 2023<\/span>.<\/cite><span title=\"ctx_ver=Z39.88-2004&amp;rft_val_fmt=info%3Aofi%2Ffmt%3Akev%3Amtx%3Abook&amp;rft.genre=unknown&amp;rft.btitle=Dafina+Zeqiri+n%C3%AB+nj%C3%AB+bashk%C3%ABpunim+me+artistin+e+njohur%2C+ja+se+kush+%C3%ABsht%C3%AB%21&amp;rft.pub=Top+Albania+Radio&amp;rft.date=2023-12-11&amp;rft_id=https%3A%2F%2Fwww.topalbaniaradio.com%2Fdafina-zeqiri-ne-nje-bashkepunim-me-artistin-e-njohur-ja-se-kush-eshte%2F&amp;rfr_id=info%3Asid%2Fen.wikipedia.org%3ADafina+Zeqiri\" class=\"Z3988\" about=\"#mwt142\" id=\"rdp-we-mwA2U\"><\/span><link rel=\"mw:PageProp\/Category\" href=\".\/Category:CS1_Albanian-language_sources_(sq)\" about=\"#mwt142\" id=\"rdp-we-mwA2Y\"\/><\/span><\/li>\n<li about=\"#cite_note-45\" id=\"cite_note-45\" data-mw-footnote-number=\"45\"><span class=\"mw-cite-backlink\" id=\"rdp-we-mwA2c\"><a href=\"#cite_ref-45\" rel=\"mw:referencedBy\" id=\"rdp-we-mwA2g\"><span class=\"mw-linkback-text\" id=\"rdp-we-mwA2k\">\u2191<\/span><\/a><\/span> <span id=\"rdp-we-mw-reference-text-cite_note-45\" class=\"mw-reference-text reference-text\"><link rel=\"mw-deduplicated-inline-style\" href=\"mw-data:TemplateStyles:r1333433106\" about=\"#mwt145\" typeof=\"mw:Extension\/templatestyles mw:Transclusion\" id=\"rdp-we-mwA2o\" data-mw='{\"name\":\"templatestyles\",\"attrs\":{\"src\":\"Module:Citation\/CS1\/styles.css\"},\"body\":{\"extsrc\":\"\"},\"parts\":[{\"template\":{\"target\":{\"wt\":\"cite web \",\"href\":\".\/Template:Cite_web\"},\"params\":{\"publisher\":{\"wt\":\"[[ABC News (Albanian TV channel)|ABC News]]\"},\"title\":{\"wt\":\"Dafina Zeqiri kthehet pas n\u00eb koh\u00eb dhe publikon foton nga fillimet e karrier\u00ebs\"},\"url\":{\"wt\":\"https:\/\/abcnews.al\/dafina-zeqiri-kthehet-pas-ne-kohe-dhe-publikon-foton-nga-fillimet-e-karrieres\/\"},\"access-date\":{\"wt\":\"23 December 2023\"},\"archive-url\":{\"wt\":\"https:\/\/web.archive.org\/web\/20231223172922\/https:\/\/abcnews.al\/dafina-zeqiri-kthehet-pas-ne-kohe-dhe-publikon-foton-nga-fillimet-e-karrieres\/\"},\"archive-date\":{\"wt\":\"23 December 2023\"},\"language\":{\"wt\":\"sq\"},\"date\":{\"wt\":\"20 April 2021\"},\"url-status\":{\"wt\":\"live\"}},\"i\":0}}]}'\/><cite class=\"citation web cs1 cs1-prop-foreign-lang-source\" about=\"#mwt145\" id=\"rdp-we-mwA2s\"><a rel=\"external_link\" href=\"https:\/\/abcnews.al\/dafina-zeqiri-kthehet-pas-ne-kohe-dhe-publikon-foton-nga-fillimet-e-karrieres\/\" class=\"external text\" id=\"rdp-we-mwA2w\" target=\"_new\">\"Dafina Zeqiri kthehet pas n\u00eb koh\u00eb dhe publikon foton nga fillimet e karrier\u00ebs\"<\/a> (in Albanian). <a rel=\"mw:WikiLink\" href=\"https:\/\/en.wikipedia.org\/wiki\/ABC_News_(Albanian_TV_channel)\" title=\"ABC News (Albanian TV channel)\" class=\"mw-redirect wiki-link\" id=\"rdp-we-mwA20\" target=\"_new\">ABC News<\/a>. 20 April 2021. <a rel=\"external_link\" href=\"https:\/\/web.archive.org\/web\/20231223172922\/https:\/\/abcnews.al\/dafina-zeqiri-kthehet-pas-ne-kohe-dhe-publikon-foton-nga-fillimet-e-karrieres\/\" class=\"external text\" id=\"rdp-we-mwA24\" target=\"_new\">Archived<\/a> from the original on 23 December 2023<span class=\"reference-accessdate\" id=\"rdp-we-mwA28\">. Retrieved <span class=\"nowrap\" id=\"rdp-we-mwA3A\">23 December<\/span> 2023<\/span>.<\/cite><span title=\"ctx_ver=Z39.88-2004&amp;rft_val_fmt=info%3Aofi%2Ffmt%3Akev%3Amtx%3Abook&amp;rft.genre=unknown&amp;rft.btitle=Dafina+Zeqiri+kthehet+pas+n%C3%AB+koh%C3%AB+dhe+publikon+foton+nga+fillimet+e+karrier%C3%ABs&amp;rft.pub=ABC+News&amp;rft.date=2021-04-20&amp;rft_id=https%3A%2F%2Fabcnews.al%2Fdafina-zeqiri-kthehet-pas-ne-kohe-dhe-publikon-foton-nga-fillimet-e-karrieres%2F&amp;rfr_id=info%3Asid%2Fen.wikipedia.org%3ADafina+Zeqiri\" class=\"Z3988\" about=\"#mwt145\" id=\"rdp-we-mwA3E\"><\/span><link rel=\"mw:PageProp\/Category\" href=\".\/Category:CS1_Albanian-language_sources_(sq)\" about=\"#mwt145\" id=\"rdp-we-mwA3I\"\/><\/span><\/li>\n<li about=\"#cite_note-46\" id=\"cite_note-46\" data-mw-footnote-number=\"46\"><span class=\"mw-cite-backlink\" id=\"rdp-we-mwA3M\"><a href=\"#cite_ref-46\" rel=\"mw:referencedBy\" id=\"rdp-we-mwA3Q\"><span class=\"mw-linkback-text\" id=\"rdp-we-mwA3U\">\u2191<\/span><\/a><\/span> <span id=\"rdp-we-mw-reference-text-cite_note-46\" class=\"mw-reference-text reference-text\"><link rel=\"mw-deduplicated-inline-style\" href=\"mw-data:TemplateStyles:r1333433106\" about=\"#mwt148\" typeof=\"mw:Extension\/templatestyles mw:Transclusion\" id=\"rdp-we-mwA3Y\" data-mw='{\"name\":\"templatestyles\",\"attrs\":{\"src\":\"Module:Citation\/CS1\/styles.css\"},\"body\":{\"extsrc\":\"\"},\"parts\":[{\"template\":{\"target\":{\"wt\":\"cite web \",\"href\":\".\/Template:Cite_web\"},\"params\":{\"publisher\":{\"wt\":\"Gazeta\"},\"title\":{\"wt\":\"Dafina Zeqiri ka zbuluar se kush \u00ebsht\u00eb frym\u00ebzimi i saj m\u00eb i madh pas n\u00ebn\u00ebs\"},\"url\":{\"wt\":\"https:\/\/gazeta.mk\/dafina-zeqiri-ka-zbuluar-se-kush-eshte-frymezimi-i-saj-me-i-madh-pas-nenes\/\"},\"access-date\":{\"wt\":\"19 February 2021\"},\"language\":{\"wt\":\"sq\"},\"date\":{\"wt\":\"16 January 2021\"},\"archive-date\":{\"wt\":\"19 February 2021\"},\"archive-url\":{\"wt\":\"https:\/\/web.archive.org\/web\/20210219110430\/https:\/\/gazeta.mk\/dafina-zeqiri-ka-zbuluar-se-kush-eshte-frymezimi-i-saj-me-i-madh-pas-nenes\/\"},\"url-status\":{\"wt\":\"dead\"}},\"i\":0}}]}'\/><cite class=\"citation web cs1 cs1-prop-foreign-lang-source\" about=\"#mwt148\" id=\"rdp-we-mwA3c\"><a rel=\"external_link\" href=\"https:\/\/web.archive.org\/web\/20210219110430\/https:\/\/gazeta.mk\/dafina-zeqiri-ka-zbuluar-se-kush-eshte-frymezimi-i-saj-me-i-madh-pas-nenes\/\" class=\"external text\" id=\"rdp-we-mwA3g\" target=\"_new\">\"Dafina Zeqiri ka zbuluar se kush \u00ebsht\u00eb frym\u00ebzimi i saj m\u00eb i madh pas n\u00ebn\u00ebs\"<\/a> (in Albanian). Gazeta. 16 January 2021. Archived from <a rel=\"external_link\" href=\"https:\/\/gazeta.mk\/dafina-zeqiri-ka-zbuluar-se-kush-eshte-frymezimi-i-saj-me-i-madh-pas-nenes\/\" class=\"external text\" id=\"rdp-we-mwA3k\" target=\"_new\">the original<\/a> on 19 February 2021<span class=\"reference-accessdate\" id=\"rdp-we-mwA3o\">. Retrieved <span class=\"nowrap\" id=\"rdp-we-mwA3s\">19 February<\/span> 2021<\/span>.<\/cite><span title=\"ctx_ver=Z39.88-2004&amp;rft_val_fmt=info%3Aofi%2Ffmt%3Akev%3Amtx%3Abook&amp;rft.genre=unknown&amp;rft.btitle=Dafina+Zeqiri+ka+zbuluar+se+kush+%C3%ABsht%C3%AB+frym%C3%ABzimi+i+saj+m%C3%AB+i+madh+pas+n%C3%ABn%C3%ABs&amp;rft.pub=Gazeta&amp;rft.date=2021-01-16&amp;rft_id=https%3A%2F%2Fgazeta.mk%2Fdafina-zeqiri-ka-zbuluar-se-kush-eshte-frymezimi-i-saj-me-i-madh-pas-nenes%2F&amp;rfr_id=info%3Asid%2Fen.wikipedia.org%3ADafina+Zeqiri\" class=\"Z3988\" about=\"#mwt148\" id=\"rdp-we-mwA3w\"><\/span><link rel=\"mw:PageProp\/Category\" href=\".\/Category:CS1_Albanian-language_sources_(sq)\" about=\"#mwt148\" id=\"rdp-we-mwA30\"\/><\/span><\/li>\n<li about=\"#cite_note-47\" id=\"cite_note-47\" data-mw-footnote-number=\"47\"><span class=\"mw-cite-backlink\" id=\"rdp-we-mwA34\"><a href=\"#cite_ref-47\" rel=\"mw:referencedBy\" id=\"rdp-we-mwA38\"><span class=\"mw-linkback-text\" id=\"rdp-we-mwA4A\">\u2191<\/span><\/a><\/span> <span id=\"rdp-we-mw-reference-text-cite_note-47\" class=\"mw-reference-text reference-text\"><link rel=\"mw-deduplicated-inline-style\" href=\"mw-data:TemplateStyles:r1333433106\" about=\"#mwt151\" typeof=\"mw:Extension\/templatestyles mw:Transclusion\" id=\"rdp-we-mwA4E\" data-mw='{\"name\":\"templatestyles\",\"attrs\":{\"src\":\"Module:Citation\/CS1\/styles.css\"},\"body\":{\"extsrc\":\"\"},\"parts\":[{\"template\":{\"target\":{\"wt\":\"cite web \",\"href\":\".\/Template:Cite_web\"},\"params\":{\"publisher\":{\"wt\":\"Anabel\"},\"title\":{\"wt\":\"Cil\u00ebn fem\u00ebr adhuron Dafina Zeqiri?\"},\"url\":{\"wt\":\"https:\/\/www.anabelmagazine.com\/artikull\/8603\/cilen-femer-adhuron-dafina-zeqiri\/\"},\"access-date\":{\"wt\":\"19 February 2021\"},\"language\":{\"wt\":\"sq\"},\"date\":{\"wt\":\"26 July 2015\"}},\"i\":0}}]}'\/><cite class=\"citation web cs1 cs1-prop-foreign-lang-source\" about=\"#mwt151\" id=\"rdp-we-mwA4I\"><a rel=\"external_link\" href=\"https:\/\/www.anabelmagazine.com\/artikull\/8603\/cilen-femer-adhuron-dafina-zeqiri\/\" class=\"external text\" id=\"rdp-we-mwA4M\" target=\"_new\">\"Cil\u00ebn fem\u00ebr adhuron Dafina Zeqiri?\"<\/a> (in Albanian). Anabel. 26 July 2015<span class=\"reference-accessdate\" id=\"rdp-we-mwA4Q\">. Retrieved <span class=\"nowrap\" id=\"rdp-we-mwA4U\">19 February<\/span> 2021<\/span>.<\/cite><span title=\"ctx_ver=Z39.88-2004&amp;rft_val_fmt=info%3Aofi%2Ffmt%3Akev%3Amtx%3Abook&amp;rft.genre=unknown&amp;rft.btitle=Cil%C3%ABn+fem%C3%ABr+adhuron+Dafina+Zeqiri%3F&amp;rft.pub=Anabel&amp;rft.date=2015-07-26&amp;rft_id=https%3A%2F%2Fwww.anabelmagazine.com%2Fartikull%2F8603%2Fcilen-femer-adhuron-dafina-zeqiri%2F&amp;rfr_id=info%3Asid%2Fen.wikipedia.org%3ADafina+Zeqiri\" class=\"Z3988\" about=\"#mwt151\" id=\"rdp-we-mwA4Y\"><\/span><link rel=\"mw:PageProp\/Category\" href=\".\/Category:CS1_Albanian-language_sources_(sq)\" about=\"#mwt151\" id=\"rdp-we-mwA4c\"\/><\/span><\/li>\n<li about=\"#cite_note-48\" id=\"cite_note-48\" data-mw-footnote-number=\"48\"><span class=\"mw-cite-backlink\" id=\"rdp-we-mwA4g\"><a href=\"#cite_ref-48\" rel=\"mw:referencedBy\" id=\"rdp-we-mwA4k\"><span class=\"mw-linkback-text\" id=\"rdp-we-mwA4o\">\u2191<\/span><\/a><\/span> <span id=\"rdp-we-mw-reference-text-cite_note-48\" class=\"mw-reference-text reference-text\"><link rel=\"mw-deduplicated-inline-style\" href=\"mw-data:TemplateStyles:r1333433106\" about=\"#mwt154\" typeof=\"mw:Extension\/templatestyles mw:Transclusion\" id=\"rdp-we-mwA4s\" data-mw='{\"name\":\"templatestyles\",\"attrs\":{\"src\":\"Module:Citation\/CS1\/styles.css\"},\"body\":{\"extsrc\":\"\"},\"parts\":[{\"template\":{\"target\":{\"wt\":\"cite web \",\"href\":\".\/Template:Cite_web\"},\"params\":{\"publisher\":{\"wt\":\"[[Telegrafi]]\"},\"title\":{\"wt\":\"Dafina Zeqiri kujton yjet e muzik\u00ebs q\u00eb nd\u00ebrruan jet\u00eb\"},\"url\":{\"wt\":\"https:\/\/telegrafi.com\/dafina-zeqiri-kujton-yjet-e-muzikes-qe-nderruan-jete-foto\/\"},\"access-date\":{\"wt\":\"9 February 2020\"},\"archive-url\":{\"wt\":\"https:\/\/web.archive.org\/web\/20201123164018\/https:\/\/telegrafi.com\/dafina-zeqiri-kujton-yjet-e-muzikes-qe-nderruan-jete-foto\/\"},\"archive-date\":{\"wt\":\"23 November 2020\"},\"language\":{\"wt\":\"sq\"},\"date\":{\"wt\":\"29 September 2016\"}},\"i\":0}}]}'\/><cite class=\"citation web cs1 cs1-prop-foreign-lang-source\" about=\"#mwt154\" id=\"rdp-we-mwA4w\"><a rel=\"external_link\" href=\"https:\/\/web.archive.org\/web\/20201123164018\/https:\/\/telegrafi.com\/dafina-zeqiri-kujton-yjet-e-muzikes-qe-nderruan-jete-foto\/\" class=\"external text\" id=\"rdp-we-mwA40\" target=\"_new\">\"Dafina Zeqiri kujton yjet e muzik\u00ebs q\u00eb nd\u00ebrruan jet\u00eb\"<\/a> (in Albanian). <a rel=\"mw:WikiLink\" href=\"https:\/\/en.wikipedia.org\/wiki\/Telegrafi\" title=\"Telegrafi\" id=\"rdp-we-mwA44\" target=\"_new\" class=\"wiki-link\">Telegrafi<\/a>. 29 September 2016. Archived from <a rel=\"external_link\" href=\"https:\/\/telegrafi.com\/dafina-zeqiri-kujton-yjet-e-muzikes-qe-nderruan-jete-foto\/\" class=\"external text\" id=\"rdp-we-mwA48\" target=\"_new\">the original<\/a> on 23 November 2020<span class=\"reference-accessdate\" id=\"rdp-we-mwA5A\">. Retrieved <span class=\"nowrap\" id=\"rdp-we-mwA5E\">9 February<\/span> 2020<\/span>.<\/cite><span title=\"ctx_ver=Z39.88-2004&amp;rft_val_fmt=info%3Aofi%2Ffmt%3Akev%3Amtx%3Abook&amp;rft.genre=unknown&amp;rft.btitle=Dafina+Zeqiri+kujton+yjet+e+muzik%C3%ABs+q%C3%AB+nd%C3%ABrruan+jet%C3%AB&amp;rft.pub=Telegrafi&amp;rft.date=2016-09-29&amp;rft_id=https%3A%2F%2Ftelegrafi.com%2Fdafina-zeqiri-kujton-yjet-e-muzikes-qe-nderruan-jete-foto%2F&amp;rfr_id=info%3Asid%2Fen.wikipedia.org%3ADafina+Zeqiri\" class=\"Z3988\" about=\"#mwt154\" id=\"rdp-we-mwA5I\"><\/span><link rel=\"mw:PageProp\/Category\" href=\".\/Category:CS1_Albanian-language_sources_(sq)\" about=\"#mwt154\" id=\"rdp-we-mwA5M\"\/><\/span><\/li>\n<li about=\"#cite_note-49\" id=\"cite_note-49\" data-mw-footnote-number=\"49\"><span class=\"mw-cite-backlink\" id=\"rdp-we-mwA5Q\"><a href=\"#cite_ref-49\" rel=\"mw:referencedBy\" id=\"rdp-we-mwA5U\"><span class=\"mw-linkback-text\" id=\"rdp-we-mwA5Y\">\u2191<\/span><\/a><\/span> <span id=\"rdp-we-mw-reference-text-cite_note-49\" class=\"mw-reference-text reference-text\"><link rel=\"mw-deduplicated-inline-style\" href=\"mw-data:TemplateStyles:r1333433106\" about=\"#mwt157\" typeof=\"mw:Extension\/templatestyles mw:Transclusion\" id=\"rdp-we-mwA5c\" data-mw='{\"name\":\"templatestyles\",\"attrs\":{\"src\":\"Module:Citation\/CS1\/styles.css\"},\"body\":{\"extsrc\":\"\"},\"parts\":[{\"template\":{\"target\":{\"wt\":\"cite web \",\"href\":\".\/Template:Cite_web\"},\"params\":{\"last\":{\"wt\":\"Michael\"},\"first\":{\"wt\":\"Marianna\"},\"publisher\":{\"wt\":\"NR Magazine\"},\"title\":{\"wt\":\"Dafina Zeqiri NR\"},\"url\":{\"wt\":\"https:\/\/www.nrmagazine.com\/dafina-zeqiri\"},\"access-date\":{\"wt\":\"23 March 2021\"},\"archive-url\":{\"wt\":\"https:\/\/web.archive.org\/web\/20200204010854\/https:\/\/www.nrmagazine.com\/dafina-zeqiri\"},\"archive-date\":{\"wt\":\"4 February 2020\"}},\"i\":0}}]}'\/><cite id=\"rdp-we-CITEREFMichael\" class=\"citation web cs1\" about=\"#mwt157\">Michael, Marianna. <a rel=\"external_link\" href=\"https:\/\/web.archive.org\/web\/20200204010854\/https:\/\/www.nrmagazine.com\/dafina-zeqiri\" class=\"external text\" id=\"rdp-we-mwA5g\" target=\"_new\">\"Dafina Zeqiri NR\"<\/a>. NR Magazine. Archived from <a rel=\"external_link\" href=\"https:\/\/www.nrmagazine.com\/dafina-zeqiri\" class=\"external text\" id=\"rdp-we-mwA5k\" target=\"_new\">the original<\/a> on 4 February 2020<span class=\"reference-accessdate\" id=\"rdp-we-mwA5o\">. Retrieved <span class=\"nowrap\" id=\"rdp-we-mwA5s\">23 March<\/span> 2021<\/span>.<\/cite><span title=\"ctx_ver=Z39.88-2004&amp;rft_val_fmt=info%3Aofi%2Ffmt%3Akev%3Amtx%3Abook&amp;rft.genre=unknown&amp;rft.btitle=Dafina+Zeqiri+NR&amp;rft.pub=NR+Magazine&amp;rft.aulast=Michael&amp;rft.aufirst=Marianna&amp;rft_id=https%3A%2F%2Fwww.nrmagazine.com%2Fdafina-zeqiri&amp;rfr_id=info%3Asid%2Fen.wikipedia.org%3ADafina+Zeqiri\" class=\"Z3988\" about=\"#mwt157\" id=\"rdp-we-mwA5w\"><\/span><\/span><\/li>\n<li about=\"#cite_note-50\" id=\"cite_note-50\" data-mw-footnote-number=\"50\"><span class=\"mw-cite-backlink\" id=\"rdp-we-mwA50\"><a href=\"#cite_ref-50\" rel=\"mw:referencedBy\" id=\"rdp-we-mwA54\"><span class=\"mw-linkback-text\" id=\"rdp-we-mwA58\">\u2191<\/span><\/a><\/span> <span id=\"rdp-we-mw-reference-text-cite_note-50\" class=\"mw-reference-text reference-text\"><link rel=\"mw-deduplicated-inline-style\" href=\"mw-data:TemplateStyles:r1333433106\" about=\"#mwt160\" typeof=\"mw:Extension\/templatestyles mw:Transclusion\" id=\"rdp-we-mwA6A\" data-mw='{\"name\":\"templatestyles\",\"attrs\":{\"src\":\"Module:Citation\/CS1\/styles.css\"},\"body\":{\"extsrc\":\"\"},\"parts\":[{\"template\":{\"target\":{\"wt\":\"cite web \",\"href\":\".\/Template:Cite_web\"},\"params\":{\"publisher\":{\"wt\":\"Kosovo Info\"},\"title\":{\"wt\":\"Who is Dafina Zeqiri?\"},\"url\":{\"wt\":\"https:\/\/www.kosovo-info.com\/dafina-zeqiri\/\"},\"access-date\":{\"wt\":\"9 February 2021\"},\"archive-url\":{\"wt\":\"https:\/\/web.archive.org\/web\/20190807200414\/https:\/\/www.kosovo-info.com\/dafina-zeqiri\/\"},\"archive-date\":{\"wt\":\"7 August 2019\"},\"date\":{\"wt\":\"28 December 2017\"}},\"i\":0}}]}'\/><cite class=\"citation web cs1\" about=\"#mwt160\" id=\"rdp-we-mwA6E\"><a rel=\"external_link\" href=\"https:\/\/web.archive.org\/web\/20190807200414\/https:\/\/www.kosovo-info.com\/dafina-zeqiri\/\" class=\"external text\" id=\"rdp-we-mwA6I\" target=\"_new\">\"Who is Dafina Zeqiri?\"<\/a>. Kosovo Info. 28 December 2017. Archived from <a rel=\"external_link\" href=\"https:\/\/www.kosovo-info.com\/dafina-zeqiri\/\" class=\"external text\" id=\"rdp-we-mwA6M\" target=\"_new\">the original<\/a> on 7 August 2019<span class=\"reference-accessdate\" id=\"rdp-we-mwA6Q\">. Retrieved <span class=\"nowrap\" id=\"rdp-we-mwA6U\">9 February<\/span> 2021<\/span>.<\/cite><span title=\"ctx_ver=Z39.88-2004&amp;rft_val_fmt=info%3Aofi%2Ffmt%3Akev%3Amtx%3Abook&amp;rft.genre=unknown&amp;rft.btitle=Who+is+Dafina+Zeqiri%3F&amp;rft.pub=Kosovo+Info&amp;rft.date=2017-12-28&amp;rft_id=https%3A%2F%2Fwww.kosovo-info.com%2Fdafina-zeqiri%2F&amp;rfr_id=info%3Asid%2Fen.wikipedia.org%3ADafina+Zeqiri\" class=\"Z3988\" about=\"#mwt160\" id=\"rdp-we-mwA6Y\"><\/span><\/span><\/li>\n<li about=\"#cite_note-51\" id=\"cite_note-51\" data-mw-footnote-number=\"51\"><span class=\"mw-cite-backlink\" id=\"rdp-we-mwA6c\"><a href=\"#cite_ref-51\" rel=\"mw:referencedBy\" id=\"rdp-we-mwA6g\"><span class=\"mw-linkback-text\" id=\"rdp-we-mwA6k\">\u2191<\/span><\/a><\/span> <span id=\"rdp-we-mw-reference-text-cite_note-51\" class=\"mw-reference-text reference-text\"><link rel=\"mw-deduplicated-inline-style\" href=\"mw-data:TemplateStyles:r1333433106\" about=\"#mwt163\" typeof=\"mw:Extension\/templatestyles mw:Transclusion\" id=\"rdp-we-mwA6o\" data-mw='{\"name\":\"templatestyles\",\"attrs\":{\"src\":\"Module:Citation\/CS1\/styles.css\"},\"body\":{\"extsrc\":\"\"},\"parts\":[{\"template\":{\"target\":{\"wt\":\"cite web \",\"href\":\".\/Template:Cite_web\"},\"params\":{\"publisher\":{\"wt\":\"Aipate\"},\"title\":{\"wt\":\"Dafina Zeqiri features Limani in new single, &apos;Mos Shko&apos;\"},\"url\":{\"wt\":\"https:\/\/aipate.com\/2021\/01\/05\/dafina-zeqiri-limani-mos-shko-video\/\"},\"access-date\":{\"wt\":\"9 February 2021\"},\"archive-url\":{\"wt\":\"https:\/\/web.archive.org\/web\/20210208234913\/https:\/\/aipate.com\/2021\/01\/05\/dafina-zeqiri-limani-mos-shko-video\/\"},\"archive-date\":{\"wt\":\"8 February 2021\"},\"date\":{\"wt\":\"5 January 2021\"}},\"i\":0}}]}'\/><cite class=\"citation web cs1\" about=\"#mwt163\" id=\"rdp-we-mwA6s\"><a rel=\"external_link\" href=\"https:\/\/web.archive.org\/web\/20210208234913\/https:\/\/aipate.com\/2021\/01\/05\/dafina-zeqiri-limani-mos-shko-video\/\" class=\"external text\" id=\"rdp-we-mwA6w\" target=\"_new\">\"Dafina Zeqiri features Limani in new single, 'Mos Shko'<span class=\"cs1-kern-right\" id=\"rdp-we-mwA60\"><\/span>\"<\/a>. Aipate. 5 January 2021. Archived from <a rel=\"external_link\" href=\"https:\/\/aipate.com\/2021\/01\/05\/dafina-zeqiri-limani-mos-shko-video\/\" class=\"external text\" id=\"rdp-we-mwA64\" target=\"_new\">the original<\/a> on 8 February 2021<span class=\"reference-accessdate\" id=\"rdp-we-mwA68\">. Retrieved <span class=\"nowrap\" id=\"rdp-we-mwA7A\">9 February<\/span> 2021<\/span>.<\/cite><span title=\"ctx_ver=Z39.88-2004&amp;rft_val_fmt=info%3Aofi%2Ffmt%3Akev%3Amtx%3Abook&amp;rft.genre=unknown&amp;rft.btitle=Dafina+Zeqiri+features+Limani+in+new+single%2C+%27Mos+Shko%27&amp;rft.pub=Aipate&amp;rft.date=2021-01-05&amp;rft_id=https%3A%2F%2Faipate.com%2F2021%2F01%2F05%2Fdafina-zeqiri-limani-mos-shko-video%2F&amp;rfr_id=info%3Asid%2Fen.wikipedia.org%3ADafina+Zeqiri\" class=\"Z3988\" about=\"#mwt163\" id=\"rdp-we-mwA7E\"><\/span><\/span><\/li>\n<li about=\"#cite_note-52\" id=\"cite_note-52\" data-mw-footnote-number=\"52\"><span class=\"mw-cite-backlink\" id=\"rdp-we-mwA7I\"><a href=\"#cite_ref-52\" rel=\"mw:referencedBy\" id=\"rdp-we-mwA7M\"><span class=\"mw-linkback-text\" id=\"rdp-we-mwA7Q\">\u2191<\/span><\/a><\/span> <span id=\"rdp-we-mw-reference-text-cite_note-52\" class=\"mw-reference-text reference-text\"><link rel=\"mw-deduplicated-inline-style\" href=\"mw-data:TemplateStyles:r1333433106\" about=\"#mwt166\" typeof=\"mw:Extension\/templatestyles mw:Transclusion\" id=\"rdp-we-mwA7U\" data-mw='{\"name\":\"templatestyles\",\"attrs\":{\"src\":\"Module:Citation\/CS1\/styles.css\"},\"body\":{\"extsrc\":\"\"},\"parts\":[{\"template\":{\"target\":{\"wt\":\"cite web \",\"href\":\".\/Template:Cite_web\"},\"params\":{\"publisher\":{\"wt\":\"Aipate\"},\"title\":{\"wt\":\"New Release Friday: 19 new songs out on October 23rd\"},\"url\":{\"wt\":\"https:\/\/aipate.com\/2020\/10\/24\/new-release-friday-19-new-songs-out-on-october-23rd\/\"},\"access-date\":{\"wt\":\"9 February 2021\"},\"archive-url\":{\"wt\":\"https:\/\/web.archive.org\/web\/20201128223038\/https:\/\/aipate.com\/2020\/10\/24\/new-release-friday-19-new-songs-out-on-october-23rd\/\"},\"archive-date\":{\"wt\":\"28 November 2020\"},\"date\":{\"wt\":\"24 October 2020\"}},\"i\":0}}]}'\/><cite class=\"citation web cs1\" about=\"#mwt166\" id=\"rdp-we-mwA7Y\"><a rel=\"external_link\" href=\"https:\/\/web.archive.org\/web\/20201128223038\/https:\/\/aipate.com\/2020\/10\/24\/new-release-friday-19-new-songs-out-on-october-23rd\/\" class=\"external text\" id=\"rdp-we-mwA7c\" target=\"_new\">\"New Release Friday: 19 new songs out on October 23rd\"<\/a>. Aipate. 24 October 2020. Archived from <a rel=\"external_link\" href=\"https:\/\/aipate.com\/2020\/10\/24\/new-release-friday-19-new-songs-out-on-october-23rd\/\" class=\"external text\" id=\"rdp-we-mwA7g\" target=\"_new\">the original<\/a> on 28 November 2020<span class=\"reference-accessdate\" id=\"rdp-we-mwA7k\">. Retrieved <span class=\"nowrap\" id=\"rdp-we-mwA7o\">9 February<\/span> 2021<\/span>.<\/cite><span title=\"ctx_ver=Z39.88-2004&amp;rft_val_fmt=info%3Aofi%2Ffmt%3Akev%3Amtx%3Abook&amp;rft.genre=unknown&amp;rft.btitle=New+Release+Friday%3A+19+new+songs+out+on+October+23rd&amp;rft.pub=Aipate&amp;rft.date=2020-10-24&amp;rft_id=https%3A%2F%2Faipate.com%2F2020%2F10%2F24%2Fnew-release-friday-19-new-songs-out-on-october-23rd%2F&amp;rfr_id=info%3Asid%2Fen.wikipedia.org%3ADafina+Zeqiri\" class=\"Z3988\" about=\"#mwt166\" id=\"rdp-we-mwA7s\"><\/span><\/span><\/li>\n<li about=\"#cite_note-53\" id=\"cite_note-53\" data-mw-footnote-number=\"53\"><span class=\"mw-cite-backlink\" id=\"rdp-we-mwA7w\"><a href=\"#cite_ref-53\" rel=\"mw:referencedBy\" id=\"rdp-we-mwA70\"><span class=\"mw-linkback-text\" id=\"rdp-we-mwA74\">\u2191<\/span><\/a><\/span> <span id=\"rdp-we-mw-reference-text-cite_note-53\" class=\"mw-reference-text reference-text\"><link rel=\"mw-deduplicated-inline-style\" href=\"mw-data:TemplateStyles:r1333433106\" about=\"#mwt169\" typeof=\"mw:Extension\/templatestyles mw:Transclusion\" id=\"rdp-we-mwA78\" data-mw='{\"name\":\"templatestyles\",\"attrs\":{\"src\":\"Module:Citation\/CS1\/styles.css\"},\"body\":{\"extsrc\":\"\"},\"parts\":[{\"template\":{\"target\":{\"wt\":\"cite web \",\"href\":\".\/Template:Cite_web\"},\"params\":{\"last\":{\"wt\":\"Thomson\"},\"first\":{\"wt\":\"Zangba\"},\"publisher\":{\"wt\":\"Bong Mines Entertainment\"},\"title\":{\"wt\":\"Dafina Zeqiri unveils an attractive audiovisual for her \\\"Zili Zili\\\" single\"},\"url\":{\"wt\":\"https:\/\/www.bongminesentertainment.com\/dafina-zeqiri-zili-zili-music-video\/\"},\"access-date\":{\"wt\":\"9 February 2021\"},\"archive-url\":{\"wt\":\"https:\/\/web.archive.org\/web\/20201101084356\/https:\/\/www.bongminesentertainment.com\/dafina-zeqiri-zili-zili-music-video\/\"},\"archive-date\":{\"wt\":\"1 November 2020\"},\"date\":{\"wt\":\"31 October 2020\"}},\"i\":0}}]}'\/><cite id=\"rdp-we-CITEREFThomson2020\" class=\"citation web cs1\" about=\"#mwt169\">Thomson, Zangba (31 October 2020). <a rel=\"external_link\" href=\"https:\/\/web.archive.org\/web\/20201101084356\/https:\/\/www.bongminesentertainment.com\/dafina-zeqiri-zili-zili-music-video\/\" class=\"external text\" id=\"rdp-we-mwA8A\" target=\"_new\">\"Dafina Zeqiri unveils an attractive audiovisual for her \"Zili Zili\" single\"<\/a>. Bong Mines Entertainment. Archived from <a rel=\"external_link\" href=\"https:\/\/www.bongminesentertainment.com\/dafina-zeqiri-zili-zili-music-video\/\" class=\"external text\" id=\"rdp-we-mwA8E\" target=\"_new\">the original<\/a> on 1 November 2020<span class=\"reference-accessdate\" id=\"rdp-we-mwA8I\">. Retrieved <span class=\"nowrap\" id=\"rdp-we-mwA8M\">9 February<\/span> 2021<\/span>.<\/cite><span title=\"ctx_ver=Z39.88-2004&amp;rft_val_fmt=info%3Aofi%2Ffmt%3Akev%3Amtx%3Abook&amp;rft.genre=unknown&amp;rft.btitle=Dafina+Zeqiri+unveils+an+attractive+audiovisual+for+her+%22Zili+Zili%22+single&amp;rft.pub=Bong+Mines+Entertainment&amp;rft.date=2020-10-31&amp;rft.aulast=Thomson&amp;rft.aufirst=Zangba&amp;rft_id=https%3A%2F%2Fwww.bongminesentertainment.com%2Fdafina-zeqiri-zili-zili-music-video%2F&amp;rfr_id=info%3Asid%2Fen.wikipedia.org%3ADafina+Zeqiri\" class=\"Z3988\" about=\"#mwt169\" id=\"rdp-we-mwA8Q\"><\/span><\/span><\/li>\n<li about=\"#cite_note-54\" id=\"cite_note-54\" data-mw-footnote-number=\"54\"><span class=\"mw-cite-backlink\" id=\"rdp-we-mwA8U\"><a href=\"#cite_ref-54\" rel=\"mw:referencedBy\" id=\"rdp-we-mwA8Y\"><span class=\"mw-linkback-text\" id=\"rdp-we-mwA8c\">\u2191<\/span><\/a><\/span> <span id=\"rdp-we-mw-reference-text-cite_note-54\" class=\"mw-reference-text reference-text\"><link rel=\"mw-deduplicated-inline-style\" href=\"mw-data:TemplateStyles:r1333433106\" about=\"#mwt172\" typeof=\"mw:Extension\/templatestyles mw:Transclusion\" id=\"rdp-we-mwA8g\" data-mw='{\"name\":\"templatestyles\",\"attrs\":{\"src\":\"Module:Citation\/CS1\/styles.css\"},\"body\":{\"extsrc\":\"\"},\"parts\":[{\"template\":{\"target\":{\"wt\":\"cite web \",\"href\":\".\/Template:Cite_web\"},\"params\":{\"publisher\":{\"wt\":\"Class Lifestyle\"},\"title\":{\"wt\":\"Dafina flet p\u00ebr depresionin: Familja dhe fansat nuk e din\u00eb \u00e7far\u00eb kam kaluar\"},\"url\":{\"wt\":\"https:\/\/www.classlifestyle.com\/news\/29236\/dafina-talks-about-depression-the-family-and-the-fans-do-not-know-what-i39ve-been-through\/\"},\"access-date\":{\"wt\":\"11 February 2021\"},\"archive-url\":{\"wt\":\"https:\/\/web.archive.org\/web\/20210211212555\/https:\/\/www.classlifestyle.com\/news\/29236\/dafina-talks-about-depression-the-family-and-the-fans-do-not-know-what-i39ve-been-through\/\"},\"archive-date\":{\"wt\":\"11 February 2021\"},\"language\":{\"wt\":\"sq\"},\"date\":{\"wt\":\"20 June 2018\"}},\"i\":0}}]}'\/><cite class=\"citation web cs1 cs1-prop-foreign-lang-source\" about=\"#mwt172\" id=\"rdp-we-mwA8k\"><a rel=\"external_link\" href=\"https:\/\/web.archive.org\/web\/20210211212555\/https:\/\/www.classlifestyle.com\/news\/29236\/dafina-talks-about-depression-the-family-and-the-fans-do-not-know-what-i39ve-been-through\/\" class=\"external text\" id=\"rdp-we-mwA8o\" target=\"_new\">\"Dafina flet p\u00ebr depresionin: Familja dhe fansat nuk e din\u00eb \u00e7far\u00eb kam kaluar\"<\/a> (in Albanian). Class Lifestyle. 20 June 2018. Archived from <a rel=\"external_link\" href=\"https:\/\/www.classlifestyle.com\/news\/29236\/dafina-talks-about-depression-the-family-and-the-fans-do-not-know-what-i39ve-been-through\/\" class=\"external text\" id=\"rdp-we-mwA8s\" target=\"_new\">the original<\/a> on 11 February 2021<span class=\"reference-accessdate\" id=\"rdp-we-mwA8w\">. Retrieved <span class=\"nowrap\" id=\"rdp-we-mwA80\">11 February<\/span> 2021<\/span>.<\/cite><span title=\"ctx_ver=Z39.88-2004&amp;rft_val_fmt=info%3Aofi%2Ffmt%3Akev%3Amtx%3Abook&amp;rft.genre=unknown&amp;rft.btitle=Dafina+flet+p%C3%ABr+depresionin%3A+Familja+dhe+fansat+nuk+e+din%C3%AB+%C3%A7far%C3%AB+kam+kaluar&amp;rft.pub=Class+Lifestyle&amp;rft.date=2018-06-20&amp;rft_id=https%3A%2F%2Fwww.classlifestyle.com%2Fnews%2F29236%2Fdafina-talks-about-depression-the-family-and-the-fans-do-not-know-what-i39ve-been-through%2F&amp;rfr_id=info%3Asid%2Fen.wikipedia.org%3ADafina+Zeqiri\" class=\"Z3988\" about=\"#mwt172\" id=\"rdp-we-mwA84\"><\/span><link rel=\"mw:PageProp\/Category\" href=\".\/Category:CS1_Albanian-language_sources_(sq)\" about=\"#mwt172\" id=\"rdp-we-mwA88\"\/><\/span><\/li>\n<li about=\"#cite_note-55\" id=\"cite_note-55\" data-mw-footnote-number=\"55\"><span class=\"mw-cite-backlink\" id=\"rdp-we-mwA9A\"><a href=\"#cite_ref-55\" rel=\"mw:referencedBy\" id=\"rdp-we-mwA9E\"><span class=\"mw-linkback-text\" id=\"rdp-we-mwA9I\">\u2191<\/span><\/a><\/span> <span id=\"rdp-we-mw-reference-text-cite_note-55\" class=\"mw-reference-text reference-text\"><link rel=\"mw-deduplicated-inline-style\" href=\"mw-data:TemplateStyles:r1333433106\" about=\"#mwt175\" typeof=\"mw:Extension\/templatestyles mw:Transclusion\" id=\"rdp-we-mwA9M\" data-mw='{\"name\":\"templatestyles\",\"attrs\":{\"src\":\"Module:Citation\/CS1\/styles.css\"},\"body\":{\"extsrc\":\"\"},\"parts\":[{\"template\":{\"target\":{\"wt\":\"cite web \",\"href\":\".\/Template:Cite_web\"},\"params\":{\"publisher\":{\"wt\":\"Tirana Post\"},\"title\":{\"wt\":\"&apos;It&apos;s not a shame to go to a psychologist&apos;. Dafina Zeqiri means this with songs\"},\"url\":{\"wt\":\"https:\/\/tiranapost.net\/showbiz\/nuk-eshte-turp-te-shkosh-tek-psikologu-dafina-zeqiri-do-ta-thote-kete-ed-i492247\"},\"access-date\":{\"wt\":\"11 February 2021\"},\"archive-url\":{\"wt\":\"https:\/\/web.archive.org\/web\/20210211212954\/https:\/\/tiranapost.net\/showbiz\/nuk-eshte-turp-te-shkosh-tek-psikologu-dafina-zeqiri-do-ta-thote-kete-ed-i492247\"},\"archive-date\":{\"wt\":\"11 February 2021\"},\"date\":{\"wt\":\"6 February 2021\"}},\"i\":0}}]}'\/><cite class=\"citation web cs1\" about=\"#mwt175\" id=\"rdp-we-mwA9Q\"><a rel=\"external_link\" href=\"https:\/\/web.archive.org\/web\/20210211212954\/https:\/\/tiranapost.net\/showbiz\/nuk-eshte-turp-te-shkosh-tek-psikologu-dafina-zeqiri-do-ta-thote-kete-ed-i492247\" class=\"external text\" id=\"rdp-we-mwA9U\" target=\"_new\">\"<span class=\"cs1-kern-left\" id=\"rdp-we-mwA9Y\"><\/span>'It's not a shame to go to a psychologist'. Dafina Zeqiri means this with songs\"<\/a>. Tirana Post. 6 February 2021. Archived from <a rel=\"external_link\" href=\"https:\/\/tiranapost.net\/showbiz\/nuk-eshte-turp-te-shkosh-tek-psikologu-dafina-zeqiri-do-ta-thote-kete-ed-i492247\" class=\"external text\" id=\"rdp-we-mwA9c\" target=\"_new\">the original<\/a> on 11 February 2021<span class=\"reference-accessdate\" id=\"rdp-we-mwA9g\">. Retrieved <span class=\"nowrap\" id=\"rdp-we-mwA9k\">11 February<\/span> 2021<\/span>.<\/cite><span title=\"ctx_ver=Z39.88-2004&amp;rft_val_fmt=info%3Aofi%2Ffmt%3Akev%3Amtx%3Abook&amp;rft.genre=unknown&amp;rft.btitle=%27It%27s+not+a+shame+to+go+to+a+psychologist%27.+Dafina+Zeqiri+means+this+with+songs&amp;rft.pub=Tirana+Post&amp;rft.date=2021-02-06&amp;rft_id=https%3A%2F%2Ftiranapost.net%2Fshowbiz%2Fnuk-eshte-turp-te-shkosh-tek-psikologu-dafina-zeqiri-do-ta-thote-kete-ed-i492247&amp;rfr_id=info%3Asid%2Fen.wikipedia.org%3ADafina+Zeqiri\" class=\"Z3988\" about=\"#mwt175\" id=\"rdp-we-mwA9o\"><\/span><\/span><\/li>\n<li about=\"#cite_note-56\" id=\"cite_note-56\" data-mw-footnote-number=\"56\"><span class=\"mw-cite-backlink\" id=\"rdp-we-mwA9s\"><a href=\"#cite_ref-56\" rel=\"mw:referencedBy\" id=\"rdp-we-mwA9w\"><span class=\"mw-linkback-text\" id=\"rdp-we-mwA90\">\u2191<\/span><\/a><\/span> <span id=\"rdp-we-mw-reference-text-cite_note-56\" class=\"mw-reference-text reference-text\"><link rel=\"mw-deduplicated-inline-style\" href=\"mw-data:TemplateStyles:r1333433106\" about=\"#mwt178\" typeof=\"mw:Extension\/templatestyles mw:Transclusion\" id=\"rdp-we-mwA94\" data-mw='{\"name\":\"templatestyles\",\"attrs\":{\"src\":\"Module:Citation\/CS1\/styles.css\"},\"body\":{\"extsrc\":\"\"},\"parts\":[{\"template\":{\"target\":{\"wt\":\"cite web \",\"href\":\".\/Template:Cite_web\"},\"params\":{\"publisher\":{\"wt\":\"[[Telegrafi]]\"},\"title\":{\"wt\":\"Dafina Zeqiri: Frika shpesh na pengon t\u00eb jemi t\u00eb hapur p\u00ebr v\u00ebshtir\u00ebsit\u00eb tona t\u00eb sh\u00ebndetit mendor\"},\"url\":{\"wt\":\"https:\/\/telegrafi.com\/dafina-zeqiri-frika-shpesh-na-pengon-te-jemi-te-hapur-per-veshtiresite-tona-te-shendetit-mendor\/\"},\"access-date\":{\"wt\":\"11 February 2021\"},\"archive-url\":{\"wt\":\"https:\/\/web.archive.org\/web\/20210211213319\/https:\/\/telegrafi.com\/dafina-zeqiri-frika-shpesh-na-pengon-te-jemi-te-hapur-per-veshtiresite-tona-te-shendetit-mendor\/\"},\"archive-date\":{\"wt\":\"11 February 2021\"},\"language\":{\"wt\":\"sq\"},\"date\":{\"wt\":\"10 February 2021\"}},\"i\":0}}]}'\/><cite class=\"citation web cs1 cs1-prop-foreign-lang-source\" about=\"#mwt178\" id=\"rdp-we-mwA98\"><a rel=\"external_link\" href=\"https:\/\/web.archive.org\/web\/20210211213319\/https:\/\/telegrafi.com\/dafina-zeqiri-frika-shpesh-na-pengon-te-jemi-te-hapur-per-veshtiresite-tona-te-shendetit-mendor\/\" class=\"external text\" id=\"rdp-we-mwA-A\" target=\"_new\">\"Dafina Zeqiri: Frika shpesh na pengon t\u00eb jemi t\u00eb hapur p\u00ebr v\u00ebshtir\u00ebsit\u00eb tona t\u00eb sh\u00ebndetit mendor\"<\/a> (in Albanian). <a rel=\"mw:WikiLink\" href=\"https:\/\/en.wikipedia.org\/wiki\/Telegrafi\" title=\"Telegrafi\" id=\"rdp-we-mwA-E\" target=\"_new\" class=\"wiki-link\">Telegrafi<\/a>. 10 February 2021. Archived from <a rel=\"external_link\" href=\"https:\/\/telegrafi.com\/dafina-zeqiri-frika-shpesh-na-pengon-te-jemi-te-hapur-per-veshtiresite-tona-te-shendetit-mendor\/\" class=\"external text\" id=\"rdp-we-mwA-I\" target=\"_new\">the original<\/a> on 11 February 2021<span class=\"reference-accessdate\" id=\"rdp-we-mwA-M\">. Retrieved <span class=\"nowrap\" id=\"rdp-we-mwA-Q\">11 February<\/span> 2021<\/span>.<\/cite><span title=\"ctx_ver=Z39.88-2004&amp;rft_val_fmt=info%3Aofi%2Ffmt%3Akev%3Amtx%3Abook&amp;rft.genre=unknown&amp;rft.btitle=Dafina+Zeqiri%3A+Frika+shpesh+na+pengon+t%C3%AB+jemi+t%C3%AB+hapur+p%C3%ABr+v%C3%ABshtir%C3%ABsit%C3%AB+tona+t%C3%AB+sh%C3%ABndetit+mendor&amp;rft.pub=Telegrafi&amp;rft.date=2021-02-10&amp;rft_id=https%3A%2F%2Ftelegrafi.com%2Fdafina-zeqiri-frika-shpesh-na-pengon-te-jemi-te-hapur-per-veshtiresite-tona-te-shendetit-mendor%2F&amp;rfr_id=info%3Asid%2Fen.wikipedia.org%3ADafina+Zeqiri\" class=\"Z3988\" about=\"#mwt178\" id=\"rdp-we-mwA-U\"><\/span><link rel=\"mw:PageProp\/Category\" href=\".\/Category:CS1_Albanian-language_sources_(sq)\" about=\"#mwt178\" id=\"rdp-we-mwA-Y\"\/><\/span><\/li>\n<li about=\"#cite_note-57\" id=\"cite_note-57\" data-mw-footnote-number=\"57\"><span class=\"mw-cite-backlink\" id=\"rdp-we-mwA-c\"><a href=\"#cite_ref-57\" rel=\"mw:referencedBy\" id=\"rdp-we-mwA-g\"><span class=\"mw-linkback-text\" id=\"rdp-we-mwA-k\">\u2191<\/span><\/a><\/span> <span id=\"rdp-we-mw-reference-text-cite_note-57\" class=\"mw-reference-text reference-text\"><link rel=\"mw-deduplicated-inline-style\" href=\"mw-data:TemplateStyles:r1333433106\" about=\"#mwt181\" typeof=\"mw:Extension\/templatestyles mw:Transclusion\" id=\"rdp-we-mwA-o\" data-mw='{\"name\":\"templatestyles\",\"attrs\":{\"src\":\"Module:Citation\/CS1\/styles.css\"},\"body\":{\"extsrc\":\"\"},\"parts\":[{\"template\":{\"target\":{\"wt\":\"cite web \",\"href\":\".\/Template:Cite_web\"},\"params\":{\"publisher\":{\"wt\":\"Literal Media\"},\"title\":{\"wt\":\"Dafina Zeqiri uron komunitetin LGBT per Parad\u00ebn e Krenaris\u00eb\"},\"url\":{\"wt\":\"https:\/\/literal.media\/Dafina-Zeqiri-uron-komunitetin-%E2%80%9CLGBT%E2%80%9D-per-%E2%80%9CParaden-e-Krenarise%E2%80%9D\/24774\"},\"access-date\":{\"wt\":\"11 February 2021\"},\"archive-url\":{\"wt\":\"https:\/\/web.archive.org\/web\/20210211215537\/https:\/\/literal.media\/Dafina-Zeqiri-uron-komunitetin-%E2%80%9CLGBT%E2%80%9D-per-%E2%80%9CParaden-e-Krenarise%E2%80%9D\/24774\"},\"archive-date\":{\"wt\":\"11 February 2021\"},\"language\":{\"wt\":\"sq\"},\"date\":{\"wt\":\"11 October 2019\"}},\"i\":0}}]}'\/><cite class=\"citation web cs1 cs1-prop-foreign-lang-source\" about=\"#mwt181\" id=\"rdp-we-mwA-s\"><a rel=\"external_link\" href=\"https:\/\/web.archive.org\/web\/20210211215537\/https:\/\/literal.media\/Dafina-Zeqiri-uron-komunitetin-%E2%80%9CLGBT%E2%80%9D-per-%E2%80%9CParaden-e-Krenarise%E2%80%9D\/24774\" class=\"external text\" id=\"rdp-we-mwA-w\" target=\"_new\">\"Dafina Zeqiri uron komunitetin LGBT per Parad\u00ebn e Krenaris\u00eb\"<\/a> (in Albanian). Literal Media. 11 October 2019. Archived from <a rel=\"external_link\" href=\"https:\/\/literal.media\/Dafina-Zeqiri-uron-komunitetin-%E2%80%9CLGBT%E2%80%9D-per-%E2%80%9CParaden-e-Krenarise%E2%80%9D\/24774\" class=\"external text\" id=\"rdp-we-mwA-0\" target=\"_new\">the original<\/a> on 11 February 2021<span class=\"reference-accessdate\" id=\"rdp-we-mwA-4\">. Retrieved <span class=\"nowrap\" id=\"rdp-we-mwA-8\">11 February<\/span> 2021<\/span>.<\/cite><span title=\"ctx_ver=Z39.88-2004&amp;rft_val_fmt=info%3Aofi%2Ffmt%3Akev%3Amtx%3Abook&amp;rft.genre=unknown&amp;rft.btitle=Dafina+Zeqiri+uron+komunitetin+LGBT+per+Parad%C3%ABn+e+Krenaris%C3%AB&amp;rft.pub=Literal+Media&amp;rft.date=2019-10-11&amp;rft_id=https%3A%2F%2Fliteral.media%2FDafina-Zeqiri-uron-komunitetin-%25E2%2580%259CLGBT%25E2%2580%259D-per-%25E2%2580%259CParaden-e-Krenarise%25E2%2580%259D%2F24774&amp;rfr_id=info%3Asid%2Fen.wikipedia.org%3ADafina+Zeqiri\" class=\"Z3988\" about=\"#mwt181\" id=\"rdp-we-mwA_A\"><\/span><link rel=\"mw:PageProp\/Category\" href=\".\/Category:CS1_Albanian-language_sources_(sq)\" about=\"#mwt181\" id=\"rdp-we-mwA_E\"\/><\/span><\/li>\n<li about=\"#cite_note-58\" id=\"cite_note-58\" data-mw-footnote-number=\"58\"><span class=\"mw-cite-backlink\" id=\"rdp-we-mwA_I\"><a href=\"#cite_ref-58\" rel=\"mw:referencedBy\" id=\"rdp-we-mwA_M\"><span class=\"mw-linkback-text\" id=\"rdp-we-mwA_Q\">\u2191<\/span><\/a><\/span> <span id=\"rdp-we-mw-reference-text-cite_note-58\" class=\"mw-reference-text reference-text\"><link rel=\"mw-deduplicated-inline-style\" href=\"mw-data:TemplateStyles:r1333433106\" about=\"#mwt184\" typeof=\"mw:Extension\/templatestyles mw:Transclusion\" id=\"rdp-we-mwA_U\" data-mw='{\"name\":\"templatestyles\",\"attrs\":{\"src\":\"Module:Citation\/CS1\/styles.css\"},\"body\":{\"extsrc\":\"\"},\"parts\":[{\"template\":{\"target\":{\"wt\":\"cite web \",\"href\":\".\/Template:Cite_web\"},\"params\":{\"publisher\":{\"wt\":\"[[Telegrafi]]\"},\"title\":{\"wt\":\"Nj\u00eb nga pamjet e Dafin\u00ebs n\u00eb klipin e ri n\u00eb p\u00ebrkrahje t\u00eb komunitetit LGBT\"},\"url\":{\"wt\":\"https:\/\/telegrafi.com\/nje-nga-pamjet-e-dafines-ne-klipin-e-ri-ne-perkrahje-te-komunitetit-lgbt\/\"},\"access-date\":{\"wt\":\"11 February 2021\"},\"archive-url\":{\"wt\":\"https:\/\/web.archive.org\/web\/20210211215722\/https:\/\/telegrafi.com\/nje-nga-pamjet-e-dafines-ne-klipin-e-ri-ne-perkrahje-te-komunitetit-lgbt\/\"},\"archive-date\":{\"wt\":\"11 February 2021\"},\"language\":{\"wt\":\"sq\"},\"date\":{\"wt\":\"2 July 2020\"}},\"i\":0}}]}'\/><cite class=\"citation web cs1 cs1-prop-foreign-lang-source\" about=\"#mwt184\" id=\"rdp-we-mwA_Y\"><a rel=\"external_link\" href=\"https:\/\/web.archive.org\/web\/20210211215722\/https:\/\/telegrafi.com\/nje-nga-pamjet-e-dafines-ne-klipin-e-ri-ne-perkrahje-te-komunitetit-lgbt\/\" class=\"external text\" id=\"rdp-we-mwA_c\" target=\"_new\">\"Nj\u00eb nga pamjet e Dafin\u00ebs n\u00eb klipin e ri n\u00eb p\u00ebrkrahje t\u00eb komunitetit LGBT\"<\/a> (in Albanian). <a rel=\"mw:WikiLink\" href=\"https:\/\/en.wikipedia.org\/wiki\/Telegrafi\" title=\"Telegrafi\" id=\"rdp-we-mwA_g\" target=\"_new\" class=\"wiki-link\">Telegrafi<\/a>. 2 July 2020. Archived from <a rel=\"external_link\" href=\"https:\/\/telegrafi.com\/nje-nga-pamjet-e-dafines-ne-klipin-e-ri-ne-perkrahje-te-komunitetit-lgbt\/\" class=\"external text\" id=\"rdp-we-mwA_k\" target=\"_new\">the original<\/a> on 11 February 2021<span class=\"reference-accessdate\" id=\"rdp-we-mwA_o\">. Retrieved <span class=\"nowrap\" id=\"rdp-we-mwA_s\">11 February<\/span> 2021<\/span>.<\/cite><span title=\"ctx_ver=Z39.88-2004&amp;rft_val_fmt=info%3Aofi%2Ffmt%3Akev%3Amtx%3Abook&amp;rft.genre=unknown&amp;rft.btitle=Nj%C3%AB+nga+pamjet+e+Dafin%C3%ABs+n%C3%AB+klipin+e+ri+n%C3%AB+p%C3%ABrkrahje+t%C3%AB+komunitetit+LGBT&amp;rft.pub=Telegrafi&amp;rft.date=2020-07-02&amp;rft_id=https%3A%2F%2Ftelegrafi.com%2Fnje-nga-pamjet-e-dafines-ne-klipin-e-ri-ne-perkrahje-te-komunitetit-lgbt%2F&amp;rfr_id=info%3Asid%2Fen.wikipedia.org%3ADafina+Zeqiri\" class=\"Z3988\" about=\"#mwt184\" id=\"rdp-we-mwA_w\"><\/span><link rel=\"mw:PageProp\/Category\" href=\".\/Category:CS1_Albanian-language_sources_(sq)\" about=\"#mwt184\" id=\"rdp-we-mwA_0\"\/><\/span><\/li>\n<li about=\"#cite_note-59\" id=\"cite_note-59\" data-mw-footnote-number=\"59\"><span class=\"mw-cite-backlink\" id=\"rdp-we-mwA_4\"><a href=\"#cite_ref-59\" rel=\"mw:referencedBy\" id=\"rdp-we-mwA_8\"><span class=\"mw-linkback-text\" id=\"rdp-we-mwBAA\">\u2191<\/span><\/a><\/span> <span id=\"rdp-we-mw-reference-text-cite_note-59\" class=\"mw-reference-text reference-text\"><link rel=\"mw-deduplicated-inline-style\" href=\"mw-data:TemplateStyles:r1333433106\" about=\"#mwt187\" typeof=\"mw:Extension\/templatestyles mw:Transclusion\" id=\"rdp-we-mwBAE\" data-mw='{\"name\":\"templatestyles\",\"attrs\":{\"src\":\"Module:Citation\/CS1\/styles.css\"},\"body\":{\"extsrc\":\"\"},\"parts\":[{\"template\":{\"target\":{\"wt\":\"cite web \",\"href\":\".\/Template:Cite_web\"},\"params\":{\"publisher\":{\"wt\":\"[[Telegrafi]]\"},\"title\":{\"wt\":\"&apos;Black Lives Matter&apos;\u2013fushata q\u00eb po p\u00ebrkrahet edhe nga artist\u00ebt shqiptar\u00eb\"},\"url\":{\"wt\":\"https:\/\/telegrafi.com\/black-lives-matter-fushata-qe-po-perkrahet-edhe-nga-artistet-shqiptare\/\"},\"access-date\":{\"wt\":\"11 February 2021\"},\"archive-url\":{\"wt\":\"https:\/\/web.archive.org\/web\/20210211224815\/https:\/\/telegrafi.com\/black-lives-matter-fushata-qe-po-perkrahet-edhe-nga-artistet-shqiptare\/\"},\"archive-date\":{\"wt\":\"11 February 2021\"},\"language\":{\"wt\":\"sq\"},\"date\":{\"wt\":\"2 June 2020\"}},\"i\":0}}]}'\/><cite class=\"citation web cs1 cs1-prop-foreign-lang-source\" about=\"#mwt187\" id=\"rdp-we-mwBAI\"><a rel=\"external_link\" href=\"https:\/\/web.archive.org\/web\/20210211224815\/https:\/\/telegrafi.com\/black-lives-matter-fushata-qe-po-perkrahet-edhe-nga-artistet-shqiptare\/\" class=\"external text\" id=\"rdp-we-mwBAM\" target=\"_new\">\"<span class=\"cs1-kern-left\" id=\"rdp-we-mwBAQ\"><\/span>'Black Lives Matter'\u2013fushata q\u00eb po p\u00ebrkrahet edhe nga artist\u00ebt shqiptar\u00eb\"<\/a> (in Albanian). <a rel=\"mw:WikiLink\" href=\"https:\/\/en.wikipedia.org\/wiki\/Telegrafi\" title=\"Telegrafi\" id=\"rdp-we-mwBAU\" target=\"_new\" class=\"wiki-link\">Telegrafi<\/a>. 2 June 2020. Archived from <a rel=\"external_link\" href=\"https:\/\/telegrafi.com\/black-lives-matter-fushata-qe-po-perkrahet-edhe-nga-artistet-shqiptare\/\" class=\"external text\" id=\"rdp-we-mwBAY\" target=\"_new\">the original<\/a> on 11 February 2021<span class=\"reference-accessdate\" id=\"rdp-we-mwBAc\">. Retrieved <span class=\"nowrap\" id=\"rdp-we-mwBAg\">11 February<\/span> 2021<\/span>.<\/cite><span title=\"ctx_ver=Z39.88-2004&amp;rft_val_fmt=info%3Aofi%2Ffmt%3Akev%3Amtx%3Abook&amp;rft.genre=unknown&amp;rft.btitle=%27Black+Lives+Matter%27%E2%80%93fushata+q%C3%AB+po+p%C3%ABrkrahet+edhe+nga+artist%C3%ABt+shqiptar%C3%AB&amp;rft.pub=Telegrafi&amp;rft.date=2020-06-02&amp;rft_id=https%3A%2F%2Ftelegrafi.com%2Fblack-lives-matter-fushata-qe-po-perkrahet-edhe-nga-artistet-shqiptare%2F&amp;rfr_id=info%3Asid%2Fen.wikipedia.org%3ADafina+Zeqiri\" class=\"Z3988\" about=\"#mwt187\" id=\"rdp-we-mwBAk\"><\/span><link rel=\"mw:PageProp\/Category\" href=\".\/Category:CS1_Albanian-language_sources_(sq)\" about=\"#mwt187\" id=\"rdp-we-mwBAo\"\/><\/span><\/li>\n<\/ol><\/div><\/div>\n\n<\/section><section data-mw-section-id=\"7\" id=\"rdp-we-mwBAs\" aria-labelledby=\"External_links\"><div class=\"mw-heading mw-heading2\"><h2 id=\"rdp-we-External_links\">External links<\/h2><\/div>\n<ul id=\"rdp-we-mwBAw\"><li id=\"rdp-we-mwBA0\"><a rel=\"external_link\" href=\"https:\/\/www.allmusic.com\/artist\/dafina-zeqiri-mn0003648469\" about=\"#mwt195\" typeof=\"mw:Transclusion\" class=\"external text\" id=\"rdp-we-mwBA4\" data-mw='{\"parts\":[{\"template\":{\"target\":{\"wt\":\"AllMusic\",\"href\":\".\/Template:AllMusic\"},\"params\":{\"id\":{\"wt\":\"dafina-zeqiri-mn0003648469\"},\"title\":{\"wt\":\"Dafina Zeqiri\"}},\"i\":0}}]}' target=\"_new\">Dafina Zeqiri<\/a><span about=\"#mwt195\"> at <\/span><a rel=\"mw:WikiLink\" href=\"https:\/\/en.wikipedia.org\/wiki\/AllMusic_(identifier)\" title=\"AllMusic (identifier)\" about=\"#mwt195\" class=\"mw-redirect wiki-link\" id=\"rdp-we-mwBA8\" target=\"_new\">AllMusic<\/a><\/li>\n<li id=\"rdp-we-mwBBA\"><a rel=\"external_link\" href=\"https:\/\/www.imdb.com\/name\/nm11069416\/\" about=\"#mwt196\" typeof=\"mw:Transclusion\" class=\"external text\" id=\"rdp-we-mwBBE\" data-mw='{\"parts\":[{\"template\":{\"target\":{\"wt\":\"IMDb name\",\"href\":\".\/Template:IMDb_name\"},\"params\":{\"1\":{\"wt\":\"11069416\"},\"2\":{\"wt\":\"Dafina Zeqiri\"}},\"i\":0}}]}' target=\"_new\">Dafina Zeqiri<\/a><span about=\"#mwt196\"> at <\/span><a rel=\"mw:WikiLink\" href=\"https:\/\/en.wikipedia.org\/wiki\/IMDb_(identifier)\" title=\"IMDb (identifier)\" about=\"#mwt196\" class=\"mw-redirect wiki-link\" id=\"rdp-we-mwBBI\" target=\"_new\">IMDb<\/a><\/li>\n<li id=\"rdp-we-mwBBM\"><a rel=\"external_link\" href=\"https:\/\/www.discogs.com\/artist\/Dafina+Zeqiri\" about=\"#mwt197\" typeof=\"mw:Transclusion\" class=\"external text\" id=\"rdp-we-mwBBQ\" data-mw='{\"parts\":[{\"template\":{\"target\":{\"wt\":\"Discogs artist\",\"href\":\".\/Template:Discogs_artist\"},\"params\":{},\"i\":0}}]}' target=\"_new\">Dafina Zeqiri<\/a><span about=\"#mwt197\"> discography at <\/span><a rel=\"mw:WikiLink\" href=\"https:\/\/en.wikipedia.org\/wiki\/Discogs\" title=\"Discogs\" about=\"#mwt197\" id=\"rdp-we-mwBBU\" target=\"_new\" class=\"wiki-link\">Discogs<\/a><\/li><\/ul>\n\n<div class=\"navbox-styles\" about=\"#mwt198\" typeof=\"mw:Transclusion\" id=\"rdp-we-mwBBY\" data-mw='{\"parts\":[{\"template\":{\"target\":{\"wt\":\"Albanian music\",\"href\":\".\/Template:Albanian_music\"},\"params\":{},\"i\":0}}]}'><span class=\"mw-empty-elt\"><link rel=\"mw-deduplicated-inline-style\" href=\"mw-data:TemplateStyles:r1333133064\" about=\"#mwt199\" typeof=\"mw:Extension\/templatestyles\" data-mw='{\"name\":\"templatestyles\",\"attrs\":{\"src\":\"Hlist\/styles.css\"},\"body\":{\"extsrc\":\"\"}}'\/><\/span><\/div><div role=\"navigation\" class=\"navbox\" aria-labelledby=\"Albanian_music4945\" style=\"padding:3px\" about=\"#mwt198\" id=\"rdp-we-mwBBc\"><table class=\"nowraplinks mw-collapsible uncollapse navbox-inner\" style=\"border-spacing:0;background:transparent;color:inherit\"><tbody><tr><th scope=\"col\" class=\"navbox-title\" colspan=\"2\"><span class=\"mw-empty-elt\"><link rel=\"mw-deduplicated-inline-style\" href=\"mw-data:TemplateStyles:r1333133064\" about=\"#mwt201\" typeof=\"mw:Extension\/templatestyles\" data-mw='{\"name\":\"templatestyles\",\"attrs\":{\"src\":\"Hlist\/styles.css\"},\"body\":{\"extsrc\":\"\"}}'\/><\/span><div id=\"rdp-we-Albanian_music4945\" style=\"font-size:114%;margin:0 4em\">Albanian music<\/div><\/th><\/tr><tr><th scope=\"row\" class=\"navbox-group\" style=\"width:1%\">Genres<\/th><td class=\"navbox-list-with-group navbox-list navbox-odd hlist\" style=\"width:100%;padding:0\"><div style=\"padding:0 0.25em\">\n<ul><li><a rel=\"mw:WikiLink\" href=\"https:\/\/en.wikipedia.org\/wiki\/Albanian_folk_music\" title=\"Albanian folk music\" class=\"mw-redirect wiki-link\" target=\"_new\">Folk<\/a><\/li>\n<li><a rel=\"mw:WikiLink\" href=\"https:\/\/en.wikipedia.org\/wiki\/Albanian_iso-polyphony\" title=\"Albanian iso-polyphony\" target=\"_new\" class=\"wiki-link\">Iso-polyphony<\/a><\/li>\n<li><a rel=\"mw:WikiLink\" href=\"https:\/\/en.wikipedia.org\/wiki\/Albanian_opera\" title=\"Albanian opera\" target=\"_new\" class=\"wiki-link\">Opera<\/a><\/li>\n<li><a rel=\"mw:WikiLink\" href=\"https:\/\/en.wikipedia.org\/wiki\/Rock_music_in_Albania\" title=\"Rock music in Albania\" target=\"_new\" class=\"wiki-link\">Rock<\/a><\/li>\n<li><a rel=\"mw:WikiLink\" href=\"https:\/\/en.wikipedia.org\/wiki\/Serenade\" title=\"Serenade\" target=\"_new\" class=\"wiki-link\">Serenade<\/a><\/li>\n<li><a rel=\"mw:WikiLink\" href=\"https:\/\/en.wikipedia.org\/wiki\/Tallava\" title=\"Tallava\" target=\"_new\" class=\"wiki-link\">Tallava<\/a><\/li>\n<li><a rel=\"mw:WikiLink\" href=\"https:\/\/en.wikipedia.org\/wiki\/Albanian_Urban_Lyric_Song\" title=\"Albanian Urban Lyric Song\" target=\"_new\" class=\"wiki-link\">Urban Lyric<\/a><\/li>\n<li><a rel=\"mw:WikiLink\" href=\"https:\/\/en.wikipedia.org\/wiki\/Vajtim_and_Gj\u00ebm\u00eb\" title=\"Vajtim and Gj\u00ebm\u00eb\" target=\"_new\" class=\"wiki-link\">Vajtim &amp; Gj\u00ebm\u00eb<\/a><\/li><\/ul>\n<\/div><\/td><\/tr><tr><th scope=\"row\" class=\"navbox-group\" style=\"width:1%\">Dances<\/th><td class=\"navbox-list-with-group navbox-list navbox-even hlist\" style=\"width:100%;padding:0\"><div style=\"padding:0 0.25em\">\n<ul><li><a rel=\"mw:WikiLink\" href=\"https:\/\/en.wikipedia.org\/wiki\/Vallja_e_\u00c7obanit\" title=\"Vallja e \u00c7obanit\" class=\"mw-redirect wiki-link\" target=\"_new\">\u00c7obani<\/a><\/li>\n<li><a rel=\"mw:WikiLink\" href=\"https:\/\/en.wikipedia.org\/wiki\/Gusharaveli\" title=\"Gusharaveli\" target=\"_new\" class=\"wiki-link\">Gusharaveli<\/a><\/li>\n<li><a rel=\"mw:WikiLink\" href=\"https:\/\/en.wikipedia.org\/wiki\/Napoloni\" title=\"Napoloni\" target=\"_new\" class=\"wiki-link\">Napoloni<\/a><\/li>\n<li><a rel=\"mw:WikiLink\" href=\"https:\/\/en.wikipedia.org\/wiki\/Dance_of_Osman_Taka\" title=\"Dance of Osman Taka\" target=\"_new\" class=\"wiki-link\">Osman Taka<\/a><\/li>\n<li><a rel=\"mw:WikiLink\" href=\"https:\/\/en.wikipedia.org\/wiki\/Pogonishte\" title=\"Pogonishte\" target=\"_new\" class=\"wiki-link\">Pogonishte<\/a><\/li>\n<li><a rel=\"mw:WikiLink\" href=\"https:\/\/en.wikipedia.org\/wiki\/Rugova_(sword_dance)\" title=\"Rugova (sword dance)\" class=\"mw-redirect wiki-link\" target=\"_new\">Rugova<\/a><\/li>\n<li><a rel=\"mw:WikiLink\" href=\"https:\/\/en.wikipedia.org\/wiki\/Shota_(dance)\" title=\"Shota (dance)\" target=\"_new\" class=\"wiki-link\">Shota<\/a><\/li>\n<li><a rel=\"mw:WikiLink\" href=\"https:\/\/en.wikipedia.org\/wiki\/Vallja_e_Tropoj\u00ebs\" title=\"Vallja e Tropoj\u00ebs\" target=\"_new\" class=\"wiki-link\">Tropoja<\/a><\/li><\/ul>\n<\/div><\/td><\/tr><tr><th scope=\"row\" class=\"navbox-group\" style=\"width:1%\">Festivals<\/th><td class=\"navbox-list-with-group navbox-list navbox-odd hlist\" style=\"width:100%;padding:0\"><div style=\"padding:0 0.25em\">\n<ul><li><a rel=\"mw:WikiLink\" href=\"https:\/\/en.wikipedia.org\/wiki\/Albania_in_the_Eurovision_Song_Contest\" title=\"Albania in the Eurovision Song Contest\" target=\"_new\" class=\"wiki-link\">Eurovision<\/a>\n<ul><li><i><a rel=\"mw:WikiLink\" href=\"https:\/\/en.wikipedia.org\/wiki\/Albania_in_the_Junior_Eurovision_Song_Contest\" title=\"Albania in the Junior Eurovision Song Contest\" target=\"_new\" class=\"wiki-link\">junior<\/a><\/i><\/li><\/ul><\/li>\n<li><a rel=\"mw:WikiLink\" href=\"https:\/\/en.wikipedia.org\/wiki\/Festivali_i_K\u00ebng\u00ebs\" title=\"Festivali i K\u00ebng\u00ebs\" target=\"_new\" class=\"wiki-link\">Festivali i K\u00ebng\u00ebs<\/a><\/li>\n<li><a rel=\"mw:WikiLink\" href=\"https:\/\/en.wikipedia.org\/wiki\/Gjirokast\u00ebr_National_Folk_Festival\" title=\"Gjirokast\u00ebr National Folk Festival\" target=\"_new\" class=\"wiki-link\">Gjirokast\u00ebr Folklore Festival<\/a><\/li>\n<li><a rel=\"mw:WikiLink\" href=\"https:\/\/en.wikipedia.org\/wiki\/K\u00ebnga_Magjike\" title=\"K\u00ebnga Magjike\" target=\"_new\" class=\"wiki-link\">K\u00ebnga Magjike<\/a><\/li>\n<li><a rel=\"mw:WikiLink\" href=\"https:\/\/en.wikipedia.org\/wiki\/NGOM_Fest\" title=\"NGOM Fest\" target=\"_new\" class=\"wiki-link\">NGOM Fest<\/a><\/li>\n<li><a rel=\"mw:WikiLink\" href=\"https:\/\/en.wikipedia.org\/wiki\/Sunny_Hill_Festival\" title=\"Sunny Hill Festival\" target=\"_new\" class=\"wiki-link\">Sunny Hill Festival<\/a><\/li>\n<li><a rel=\"mw:WikiLink\" href=\"https:\/\/en.wikipedia.org\/wiki\/Top_Fest\" title=\"Top Fest\" target=\"_new\" class=\"wiki-link\">Top Fest<\/a><\/li>\n<li><a rel=\"mw:WikiLink\" href=\"https:\/\/en.wikipedia.org\/wiki\/Alpha_Show\" title=\"Alpha Show\" target=\"_new\" class=\"wiki-link\">Alpha Show<\/a><\/li><\/ul>\n<\/div><\/td><\/tr><tr><th scope=\"row\" class=\"navbox-group\" style=\"width:1%\">TV &amp; Radio<\/th><td class=\"navbox-list-with-group navbox-list navbox-even hlist\" style=\"width:100%;padding:0\"><div style=\"padding:0 0.25em\">\n<ul><li><a rel=\"mw:WikiLink\" href=\"https:\/\/en.wikipedia.org\/wiki\/BBF_TV\" title=\"BBF TV\" target=\"_new\" class=\"wiki-link\">BBF<\/a><\/li>\n<li><a rel=\"mw:WikiLink\" href=\"https:\/\/en.wikipedia.org\/wiki\/Folk_Plus\" title=\"Folk Plus\" target=\"_new\" class=\"wiki-link\">Folk+<\/a><\/li>\n<li><a rel=\"mw:WikiLink\" href=\"https:\/\/en.wikipedia.org\/wiki\/Super_Sonic_TV\" title=\"Super Sonic TV\" target=\"_new\" class=\"wiki-link\">Super Sonic<\/a><\/li>\n<li><a rel=\"mw:WikiLink\" href=\"https:\/\/en.wikipedia.org\/wiki\/Tirana_TV\" title=\"Tirana TV\" target=\"_new\" class=\"wiki-link\">Tirana TV<\/a><\/li>\n<li><a rel=\"mw:WikiLink\" href=\"https:\/\/en.wikipedia.org\/wiki\/Club_FM_(Albania)\" title=\"Club FM (Albania)\" target=\"_new\" class=\"wiki-link\">Club FM<\/a><\/li>\n<li><a rel=\"mw:WikiLink\" href=\"https:\/\/en.wikipedia.org\/wiki\/+2_Radio\" title=\"+2 Radio\" target=\"_new\" class=\"wiki-link\">+2 Radio<\/a><\/li>\n<li><a rel=\"mw:WikiLink\" href=\"https:\/\/en.wikipedia.org\/wiki\/Top_Albania_Radio\" title=\"Top Albania Radio\" target=\"_new\" class=\"wiki-link\">Top Albania Radio<\/a><\/li><\/ul>\n<\/div><\/td><\/tr><tr><th scope=\"row\" class=\"navbox-group\" style=\"width:1%\">Musicians<\/th><td class=\"navbox-list-with-group navbox-list navbox-odd hlist\" style=\"width:100%;padding:0\"><div style=\"padding:0 0.25em\"><\/div><table class=\"nowraplinks navbox-subgroup\" style=\"border-spacing:0\"><tbody><tr><th scope=\"row\" class=\"navbox-group\" style=\"width:1%\">Foreign<br\/>based<\/th><td class=\"navbox-list-with-group navbox-list navbox-odd\" style=\"width:100%;padding:0\"><div style=\"padding:0 0.25em\">\n<ul><li><a rel=\"mw:WikiLink\" href=\"https:\/\/en.wikipedia.org\/wiki\/Action_Bronson\" title=\"Action Bronson\" target=\"_new\" class=\"wiki-link\">Action Bronson<\/a><\/li>\n<li><a rel=\"mw:WikiLink\" href=\"https:\/\/en.wikipedia.org\/wiki\/Albert_Stanaj\" title=\"Albert Stanaj\" target=\"_new\" class=\"wiki-link\">Albert Stanaj<\/a><\/li>\n<li><a rel=\"mw:WikiLink\" href=\"https:\/\/en.wikipedia.org\/wiki\/Anna_Oxa\" title=\"Anna Oxa\" target=\"_new\" class=\"wiki-link\">Anna Oxa<\/a><\/li>\n<li><a rel=\"mw:WikiLink\" href=\"https:\/\/en.wikipedia.org\/wiki\/Ava_Max\" title=\"Ava Max\" target=\"_new\" class=\"wiki-link\">Ava Max<\/a><\/li>\n<li><a rel=\"mw:WikiLink\" href=\"https:\/\/en.wikipedia.org\/wiki\/Azet_(rapper)\" title=\"Azet (rapper)\" target=\"_new\" class=\"wiki-link\">Azet<\/a><\/li>\n<li><a rel=\"mw:WikiLink\" href=\"https:\/\/en.wikipedia.org\/wiki\/Bebe_Rexha\" title=\"Bebe Rexha\" target=\"_new\" class=\"wiki-link\">Bebe Rexha<\/a><\/li>\n<li><a rel=\"mw:WikiLink\" href=\"https:\/\/en.wikipedia.org\/wiki\/Claydee\" title=\"Claydee\" target=\"_new\" class=\"wiki-link\">Claydee<\/a><\/li>\n<li><a rel=\"mw:WikiLink\" href=\"https:\/\/en.wikipedia.org\/wiki\/Dardan_(rapper)\" title=\"Dardan (rapper)\" target=\"_new\" class=\"wiki-link\">Dardan<\/a><\/li>\n<li><a rel=\"mw:WikiLink\" href=\"https:\/\/en.wikipedia.org\/wiki\/Dua_Lipa\" title=\"Dua Lipa\" target=\"_new\" class=\"wiki-link\">Dua Lipa<\/a><\/li>\n<li><a rel=\"mw:WikiLink\" href=\"https:\/\/en.wikipedia.org\/wiki\/Gjon's_Tears\" title=\"Gjon's Tears\" target=\"_new\" class=\"wiki-link\">Gjon's Tears<\/a><\/li>\n<li><a rel=\"mw:WikiLink\" href=\"https:\/\/en.wikipedia.org\/wiki\/Ermal_Meta\" title=\"Ermal Meta\" target=\"_new\" class=\"wiki-link\">Ermal Meta<\/a><\/li>\n<li><a rel=\"mw:WikiLink\" href=\"https:\/\/en.wikipedia.org\/wiki\/Eleni_Foureira\" title=\"Eleni Foureira\" target=\"_new\" class=\"wiki-link\">Eleni Foureira<\/a><\/li>\n<li><a rel=\"mw:WikiLink\" href=\"https:\/\/en.wikipedia.org\/wiki\/Enisa_(singer)\" title=\"Enisa (singer)\" target=\"_new\" class=\"wiki-link\">Enisa<\/a><\/li>\n<li><a rel=\"mw:WikiLink\" href=\"https:\/\/en.wikipedia.org\/wiki\/Florat\" title=\"Florat\" target=\"_new\" class=\"wiki-link\">Florat<\/a><\/li>\n<li><a rel=\"mw:WikiLink\" href=\"https:\/\/en.wikipedia.org\/wiki\/Gashi_(rapper)\" title=\"Gashi (rapper)\" target=\"_new\" class=\"wiki-link\">Gashi<\/a><\/li>\n<li><a rel=\"mw:WikiLink\" href=\"https:\/\/en.wikipedia.org\/wiki\/Il_Ghost\" title=\"Il Ghost\" target=\"_new\" class=\"wiki-link\">Il Ghost<\/a><\/li>\n<li><a rel=\"mw:WikiLink\" href=\"https:\/\/en.wikipedia.org\/wiki\/Ilira\" title=\"Ilira\" target=\"_new\" class=\"wiki-link\">Ilira<\/a><\/li>\n<li><a rel=\"mw:WikiLink\" href=\"https:\/\/en.wikipedia.org\/wiki\/Jimilian\" title=\"Jimilian\" target=\"_new\" class=\"wiki-link\">Jimilian<\/a><\/li>\n<li><a rel=\"mw:WikiLink\" href=\"https:\/\/en.wikipedia.org\/wiki\/JMSN\" title=\"JMSN\" target=\"_new\" class=\"wiki-link\">JMSN<\/a><\/li>\n<li><a rel=\"mw:WikiLink\" href=\"https:\/\/en.wikipedia.org\/wiki\/Loredana_Zefi\" title=\"Loredana Zefi\" target=\"_new\" class=\"wiki-link\">Loredana<\/a><\/li>\n<li><a rel=\"mw:WikiLink\" href=\"https:\/\/en.wikipedia.org\/wiki\/Mirud_(singer)\" title=\"Mirud (singer)\" target=\"_new\" class=\"wiki-link\">MIRUD<\/a><\/li>\n<li><a rel=\"mw:WikiLink\" href=\"https:\/\/en.wikipedia.org\/wiki\/Njomza\" title=\"Njomza\" target=\"_new\" class=\"wiki-link\">Njomza<\/a><\/li>\n<li><a rel=\"mw:WikiLink\" href=\"https:\/\/en.wikipedia.org\/wiki\/Patrick_Nuo\" title=\"Patrick Nuo\" target=\"_new\" class=\"wiki-link\">Patrick Nuo<\/a><\/li>\n<li><a rel=\"mw:WikiLink\" href=\"https:\/\/en.wikipedia.org\/wiki\/Regard_(DJ)\" title=\"Regard (DJ)\" target=\"_new\" class=\"wiki-link\">Regard<\/a><\/li>\n<li><a rel=\"mw:WikiLink\" href=\"https:\/\/en.wikipedia.org\/wiki\/Rita_Ora\" title=\"Rita Ora\" target=\"_new\" class=\"wiki-link\">Rita Ora<\/a><\/li>\n<li><a rel=\"mw:WikiLink\" href=\"https:\/\/en.wikipedia.org\/wiki\/Sin_Boy\" title=\"Sin Boy\" target=\"_new\" class=\"wiki-link\">Sin Boy<\/a><\/li>\n<li><a rel=\"mw:WikiLink\" href=\"https:\/\/en.wikipedia.org\/wiki\/SYT\u00cb\" title=\"SYT\u00cb\" target=\"_new\" class=\"wiki-link\">SYT\u00cb<\/a><\/li><\/ul>\n<\/div><\/td><\/tr><tr><th scope=\"row\" class=\"navbox-group\" style=\"width:1%\">Albanian<br\/>based<\/th><td class=\"navbox-list-with-group navbox-list navbox-odd\" style=\"width:100%;padding:0\"><div style=\"padding:0 0.25em\"><\/div><table class=\"nowraplinks navbox-subgroup\" style=\"border-spacing:0\"><tbody><tr><th scope=\"row\" class=\"navbox-group\" style=\"width:1%\"><span class=\"flagicon\"><span class=\"mw-image-border\" typeof=\"mw:File\"><span><img resource=\"https:\/\/en.wikipedia.org\/wiki\/File:Flag_of_Albania.svg\" src=\"https:\/\/upload.wikimedia.org\/wikipedia\/commons\/thumb\/3\/36\/Flag_of_Albania.svg\/40px-Flag_of_Albania.svg.png?utm_source=en.wikipedia.org&amp;utm_campaign=parser&amp;utm_content=thumbnail\" decoding=\"async\" loading=\"lazy\" alt=\"\" data-file-type=\"drawing\" height=\"15\" width=\"21\" class=\"mw-file-element\"\/><\/span><\/span><span typeof=\"mw:Entity\">\u00a0<\/span><\/span><a rel=\"mw:WikiLink\" href=\"https:\/\/en.wikipedia.org\/wiki\/Albania\" title=\"Albania\" target=\"_new\" class=\"wiki-link\">Albania<\/a><\/th><td class=\"navbox-list-with-group navbox-list navbox-even\" style=\"width:100%;padding:0\"><div style=\"padding:0 0.25em\">\n<ul><li><a rel=\"mw:WikiLink\" href=\"https:\/\/en.wikipedia.org\/wiki\/Alban_Sk\u00ebnderaj\" title=\"Alban Sk\u00ebnderaj\" target=\"_new\" class=\"wiki-link\">Alban Sk\u00ebnderaj<\/a><\/li>\n<li><a rel=\"mw:WikiLink\" href=\"https:\/\/en.wikipedia.org\/wiki\/Aleksand\u00ebr_Gjoka?action=edit&redlink=1\" title=\"Aleksand\u00ebr Gjoka (page does not exist)\" class=\"new wiki-link\" typeof=\"mw:LocalizedAttrs\" data-mw-i18n='{\"title\":{\"lang\":\"x-page\",\"key\":\"red-link-title\",\"params\":[\"Aleksand\u00ebr Gjoka\"]}}' target=\"_new\">Aleksand\u00ebr Gjoka<\/a><\/li>\n<li><a rel=\"mw:WikiLink\" href=\"https:\/\/en.wikipedia.org\/wiki\/Anxhela_Peristeri\" title=\"Anxhela Peristeri\" target=\"_new\" class=\"wiki-link\">Anxhela Peristeri<\/a><\/li>\n<li><a rel=\"mw:WikiLink\" href=\"https:\/\/en.wikipedia.org\/wiki\/Ardit_Gjebrea\" title=\"Ardit Gjebrea\" target=\"_new\" class=\"wiki-link\">Ardit Gjebrea<\/a><\/li>\n<li><a rel=\"mw:WikiLink\" href=\"https:\/\/en.wikipedia.org\/wiki\/Ardian_Trebicka\" title=\"Ardian Trebicka\" target=\"_new\" class=\"wiki-link\">Ardian Trebicka<\/a><\/li>\n<li><a rel=\"mw:WikiLink\" href=\"https:\/\/en.wikipedia.org\/wiki\/Arilena_Ara\" title=\"Arilena Ara\" target=\"_new\" class=\"wiki-link\">Arilena Ara<\/a><\/li>\n<li><a rel=\"mw:WikiLink\" href=\"https:\/\/en.wikipedia.org\/wiki\/Aurela_Ga\u00e7e\" title=\"Aurela Ga\u00e7e\" target=\"_new\" class=\"wiki-link\">Aurela Ga\u00e7e<\/a><\/li>\n<li><a rel=\"mw:WikiLink\" href=\"https:\/\/en.wikipedia.org\/wiki\/Besa_(singer)\" title=\"Besa (singer)\" target=\"_new\" class=\"wiki-link\">Besa<\/a><\/li>\n<li><a rel=\"mw:WikiLink\" href=\"https:\/\/en.wikipedia.org\/wiki\/Bleona\" title=\"Bleona\" target=\"_new\" class=\"wiki-link\">Bleona<\/a><\/li>\n<li><a rel=\"mw:WikiLink\" href=\"https:\/\/en.wikipedia.org\/wiki\/Bojken_Lako\" title=\"Bojken Lako\" target=\"_new\" class=\"wiki-link\">Bojken Lako<\/a><\/li>\n<li><a rel=\"mw:WikiLink\" href=\"https:\/\/en.wikipedia.org\/wiki\/Dr._Flori\" title=\"Dr. Flori\" target=\"_new\" class=\"wiki-link\">Dr. Flori<\/a><\/li>\n<li><a rel=\"mw:WikiLink\" href=\"https:\/\/en.wikipedia.org\/wiki\/Elgit_Doda\" title=\"Elgit Doda\" target=\"_new\" class=\"wiki-link\">Elgit Doda<\/a><\/li>\n<li><a rel=\"mw:WikiLink\" href=\"https:\/\/en.wikipedia.org\/wiki\/Elhaida_Dani\" title=\"Elhaida Dani\" target=\"_new\" class=\"wiki-link\">Elhaida Dani<\/a><\/li>\n<li><a rel=\"mw:WikiLink\" href=\"https:\/\/en.wikipedia.org\/wiki\/Eli_Fara\" title=\"Eli Fara\" target=\"_new\" class=\"wiki-link\">Eli Fara<\/a><\/li>\n<li><a rel=\"mw:WikiLink\" href=\"https:\/\/en.wikipedia.org\/wiki\/Elsa_Lila\" title=\"Elsa Lila\" target=\"_new\" class=\"wiki-link\">Elsa Lila<\/a><\/li>\n<li><a rel=\"mw:WikiLink\" href=\"https:\/\/en.wikipedia.org\/wiki\/Elvana_Gjata\" title=\"Elvana Gjata\" target=\"_new\" class=\"wiki-link\">Elvana Gjata<\/a><\/li>\n<li><a rel=\"mw:WikiLink\" href=\"https:\/\/en.wikipedia.org\/wiki\/Emra_Brah\" title=\"Emra Brah\" target=\"_new\" class=\"wiki-link\">Emra Brah<\/a><\/li>\n<li><a rel=\"mw:WikiLink\" href=\"https:\/\/en.wikipedia.org\/wiki\/Eneda_Tarifa\" title=\"Eneda Tarifa\" target=\"_new\" class=\"wiki-link\">Eneda Tarifa<\/a><\/li>\n<li><a rel=\"mw:WikiLink\" href=\"https:\/\/en.wikipedia.org\/wiki\/Eranda_Libohova\" title=\"Eranda Libohova\" target=\"_new\" class=\"wiki-link\">Eranda Libohova<\/a><\/li>\n<li><a rel=\"mw:WikiLink\" href=\"https:\/\/en.wikipedia.org\/wiki\/Ermonela_Jaho\" title=\"Ermonela Jaho\" target=\"_new\" class=\"wiki-link\">Ermonela Jaho<\/a><\/li>\n<li><a rel=\"mw:WikiLink\" href=\"https:\/\/en.wikipedia.org\/wiki\/Eugent_Bushpepa\" title=\"Eugent Bushpepa\" target=\"_new\" class=\"wiki-link\">Eugent Bushpepa<\/a><\/li>\n<li><a rel=\"mw:WikiLink\" href=\"https:\/\/en.wikipedia.org\/wiki\/Finem\" title=\"Finem\" target=\"_new\" class=\"wiki-link\">Finem<\/a><\/li>\n<li><a rel=\"mw:WikiLink\" href=\"https:\/\/en.wikipedia.org\/wiki\/Fitnete_Rexha\" title=\"Fitnete Rexha\" target=\"_new\" class=\"wiki-link\">Fitnete Rexha<\/a><\/li>\n<li><a rel=\"mw:WikiLink\" href=\"https:\/\/en.wikipedia.org\/wiki\/Flori_Mumajesi\" title=\"Flori Mumajesi\" target=\"_new\" class=\"wiki-link\">Flori Mumajesi<\/a><\/li>\n<li><a rel=\"mw:WikiLink\" href=\"https:\/\/en.wikipedia.org\/wiki\/Fran\u00e7esk_Radi\" title=\"Fran\u00e7esk Radi\" target=\"_new\" class=\"wiki-link\">Fran\u00e7esk Radi<\/a><\/li>\n<li><a rel=\"mw:WikiLink\" href=\"https:\/\/en.wikipedia.org\/wiki\/Frederik_Ndoci\" title=\"Frederik Ndoci\" target=\"_new\" class=\"wiki-link\">Frederik Ndoci<\/a><\/li>\n<li><a rel=\"mw:WikiLink\" href=\"https:\/\/en.wikipedia.org\/wiki\/Gaqo_\u00c7ako\" title=\"Gaqo \u00c7ako\" target=\"_new\" class=\"wiki-link\">Gaqo \u00c7ako<\/a><\/li>\n<li><a rel=\"mw:WikiLink\" href=\"https:\/\/en.wikipedia.org\/wiki\/Ingrit_Gjoni\" title=\"Ingrit Gjoni\" target=\"_new\" class=\"wiki-link\">Ingrit Gjoni<\/a><\/li>\n<li><a rel=\"mw:WikiLink\" href=\"https:\/\/en.wikipedia.org\/wiki\/Inva_Mula\" title=\"Inva Mula\" target=\"_new\" class=\"wiki-link\">Inva Mula<\/a><\/li>\n<li><a rel=\"mw:WikiLink\" href=\"https:\/\/en.wikipedia.org\/wiki\/Irini_Qirjako\" title=\"Irini Qirjako\" target=\"_new\" class=\"wiki-link\">Irini Qirjako<\/a><\/li>\n<li><a rel=\"mw:WikiLink\" href=\"https:\/\/en.wikipedia.org\/wiki\/Irma_Libohova\" title=\"Irma Libohova\" target=\"_new\" class=\"wiki-link\">Irma Libohova<\/a><\/li>\n<li><a rel=\"mw:WikiLink\" href=\"https:\/\/en.wikipedia.org\/wiki\/Jonida_Maliqi\" title=\"Jonida Maliqi\" target=\"_new\" class=\"wiki-link\">Jonida Maliqi<\/a><\/li>\n<li><a rel=\"mw:WikiLink\" href=\"https:\/\/en.wikipedia.org\/wiki\/Jorgjia_Fil\u00e7e-Truja\" title=\"Jorgjia Fil\u00e7e-Truja\" target=\"_new\" class=\"wiki-link\">Jorgjia Fil\u00e7e-Truja<\/a><\/li>\n<li><a rel=\"mw:WikiLink\" href=\"https:\/\/en.wikipedia.org\/wiki\/Julka_(singer)?action=edit&redlink=1\" title=\"Julka (singer) (page does not exist)\" class=\"new wiki-link\" typeof=\"mw:LocalizedAttrs\" data-mw-i18n='{\"title\":{\"lang\":\"x-page\",\"key\":\"red-link-title\",\"params\":[\"Julka (singer)\"]}}' target=\"_new\">Julka<\/a><\/li>\n<li><a rel=\"mw:WikiLink\" href=\"https:\/\/en.wikipedia.org\/wiki\/Kastro_Zizo\" title=\"Kastro Zizo\" target=\"_new\" class=\"wiki-link\">Kastro Zizo<\/a><\/li>\n<li><a rel=\"mw:WikiLink\" href=\"https:\/\/en.wikipedia.org\/wiki\/Killua_(singer)\" title=\"Killua (singer)\" target=\"_new\" class=\"wiki-link\">Killua<\/a><\/li>\n<li><a rel=\"mw:WikiLink\" href=\"https:\/\/en.wikipedia.org\/wiki\/Lor\u00e8\" title=\"Lor\u00e8\" target=\"_new\" class=\"wiki-link\">Lor\u00e8<\/a><\/li>\n<li><a rel=\"mw:WikiLink\" href=\"https:\/\/en.wikipedia.org\/wiki\/Luiz_Ejlli\" title=\"Luiz Ejlli\" target=\"_new\" class=\"wiki-link\">Luiz Ejlli<\/a><\/li>\n<li><a rel=\"mw:WikiLink\" href=\"https:\/\/en.wikipedia.org\/wiki\/Marie_Kraja\" title=\"Marie Kraja\" target=\"_new\" class=\"wiki-link\">Marie Kraja<\/a><\/li>\n<li><a rel=\"mw:WikiLink\" href=\"https:\/\/en.wikipedia.org\/wiki\/Merita_Halili\" title=\"Merita Halili\" target=\"_new\" class=\"wiki-link\">Merita Halili<\/a><\/li>\n<li><a rel=\"mw:WikiLink\" href=\"https:\/\/en.wikipedia.org\/wiki\/Endrit_Mumajesi?action=edit&redlink=1\" title=\"Endrit Mumajesi (page does not exist)\" class=\"new wiki-link\" typeof=\"mw:LocalizedAttrs\" data-mw-i18n='{\"title\":{\"lang\":\"x-page\",\"key\":\"red-link-title\",\"params\":[\"Endrit Mumajesi\"]}}' target=\"_new\">Muma<\/a><\/li>\n<li><a rel=\"mw:WikiLink\" href=\"https:\/\/en.wikipedia.org\/wiki\/Noizy\" title=\"Noizy\" target=\"_new\" class=\"wiki-link\">Noizy<\/a><\/li>\n<li><a rel=\"mw:WikiLink\" href=\"https:\/\/en.wikipedia.org\/wiki\/Orinda_Huta\" title=\"Orinda Huta\" target=\"_new\" class=\"wiki-link\">Orinda Huta<\/a><\/li>\n<li><a rel=\"mw:WikiLink\" href=\"https:\/\/en.wikipedia.org\/wiki\/Parashqevi_Simaku\" title=\"Parashqevi Simaku\" target=\"_new\" class=\"wiki-link\">Parashqevi Simaku<\/a><\/li>\n<li><a rel=\"mw:WikiLink\" href=\"https:\/\/en.wikipedia.org\/wiki\/Pirro_\u00c7ako\" title=\"Pirro \u00c7ako\" target=\"_new\" class=\"wiki-link\">Pirro \u00c7ako<\/a><\/li>\n<li><a rel=\"mw:WikiLink\" href=\"https:\/\/en.wikipedia.org\/wiki\/Poni_(singer)\" title=\"Poni (singer)\" target=\"_new\" class=\"wiki-link\">Poni<\/a><\/li>\n<li><a rel=\"mw:WikiLink\" href=\"https:\/\/en.wikipedia.org\/wiki\/Rezarta_Shkurta\" title=\"Rezarta Shkurta\" target=\"_new\" class=\"wiki-link\">Rezarta Shkurta<\/a><\/li>\n<li><a rel=\"mw:WikiLink\" href=\"https:\/\/en.wikipedia.org\/wiki\/Ronela_Hajati\" title=\"Ronela Hajati\" target=\"_new\" class=\"wiki-link\">Ronela Hajati<\/a><\/li>\n<li><a rel=\"mw:WikiLink\" href=\"https:\/\/en.wikipedia.org\/wiki\/Rosela_Gjylbegu\" title=\"Rosela Gjylbegu\" target=\"_new\" class=\"wiki-link\">Rosela Gjylbegu<\/a><\/li>\n<li><a rel=\"mw:WikiLink\" href=\"https:\/\/en.wikipedia.org\/wiki\/Rovena_Stefa\" title=\"Rovena Stefa\" target=\"_new\" class=\"wiki-link\">Rovena Stefa<\/a><\/li>\n<li><a rel=\"mw:WikiLink\" href=\"https:\/\/en.wikipedia.org\/wiki\/Rozana_Radi\" title=\"Rozana Radi\" target=\"_new\" class=\"wiki-link\">Rozana Radi<\/a><\/li>\n<li><a rel=\"mw:WikiLink\" href=\"https:\/\/en.wikipedia.org\/wiki\/Samanta_Karavella\" title=\"Samanta Karavella\" target=\"_new\" class=\"wiki-link\">Samanta Karavella<\/a><\/li>\n<li><a rel=\"mw:WikiLink\" href=\"https:\/\/en.wikipedia.org\/wiki\/Semi_Jaupaj?action=edit&redlink=1\" title=\"Semi Jaupaj (page does not exist)\" class=\"new wiki-link\" typeof=\"mw:LocalizedAttrs\" data-mw-i18n='{\"title\":{\"lang\":\"x-page\",\"key\":\"red-link-title\",\"params\":[\"Semi Jaupaj\"]}}' target=\"_new\">Semi Jaupaj<\/a><\/li>\n<li><a rel=\"mw:WikiLink\" href=\"https:\/\/en.wikipedia.org\/wiki\/Sinan_Hoxha?action=edit&redlink=1\" title=\"Sinan Hoxha (page does not exist)\" class=\"new wiki-link\" typeof=\"mw:LocalizedAttrs\" data-mw-i18n='{\"title\":{\"lang\":\"x-page\",\"key\":\"red-link-title\",\"params\":[\"Sinan Hoxha\"]}}' target=\"_new\">Sinan Hoxha<\/a><\/li>\n<li><a rel=\"mw:WikiLink\" href=\"https:\/\/en.wikipedia.org\/wiki\/Skerdi?action=edit&redlink=1\" title=\"Skerdi (page does not exist)\" class=\"new wiki-link\" typeof=\"mw:LocalizedAttrs\" data-mw-i18n='{\"title\":{\"lang\":\"x-page\",\"key\":\"red-link-title\",\"params\":[\"Skerdi\"]}}' target=\"_new\">Skerdi<\/a><\/li>\n<li><a rel=\"mw:WikiLink\" href=\"https:\/\/en.wikipedia.org\/wiki\/Soni_Malaj\" title=\"Soni Malaj\" target=\"_new\" class=\"wiki-link\">Soni Malaj<\/a><\/li>\n<li><a rel=\"mw:WikiLink\" href=\"https:\/\/en.wikipedia.org\/wiki\/Stresi\" title=\"Stresi\" target=\"_new\" class=\"wiki-link\">Stresi<\/a><\/li>\n<li><a rel=\"mw:WikiLink\" href=\"https:\/\/en.wikipedia.org\/wiki\/Sherif_Merdani\" title=\"Sherif Merdani\" target=\"_new\" class=\"wiki-link\">Sherif Merdani<\/a><\/li>\n<li><a rel=\"mw:WikiLink\" href=\"https:\/\/en.wikipedia.org\/wiki\/Tefta_Tashko-Ko\u00e7o\" title=\"Tefta Tashko-Ko\u00e7o\" target=\"_new\" class=\"wiki-link\">Tefta Tashko-Ko\u00e7o<\/a><\/li>\n<li><a rel=\"mw:WikiLink\" href=\"https:\/\/en.wikipedia.org\/wiki\/Tonin_T\u00ebrshana\" title=\"Tonin T\u00ebrshana\" target=\"_new\" class=\"wiki-link\">Tonin T\u00ebrshana<\/a><\/li>\n<li><a rel=\"mw:WikiLink\" href=\"https:\/\/en.wikipedia.org\/wiki\/Va\u00e7e_Zela\" title=\"Va\u00e7e Zela\" target=\"_new\" class=\"wiki-link\">Va\u00e7e Zela<\/a><\/li>\n<li><a rel=\"mw:WikiLink\" href=\"https:\/\/en.wikipedia.org\/wiki\/Xhensila_Myrtezaj\" title=\"Xhensila Myrtezaj\" target=\"_new\" class=\"wiki-link\">Xhensila Myrtezaj<\/a><\/li>\n<li><a rel=\"mw:WikiLink\" href=\"https:\/\/en.wikipedia.org\/wiki\/Ylli_Baka\" title=\"Ylli Baka\" target=\"_new\" class=\"wiki-link\">Ylli Baka<\/a><\/li>\n<li><a rel=\"mw:WikiLink\" href=\"https:\/\/en.wikipedia.org\/wiki\/Young_Zerka\" title=\"Young Zerka\" target=\"_new\" class=\"wiki-link\">Young Zerka<\/a><\/li><\/ul>\n<\/div><\/td><\/tr><tr><th scope=\"row\" class=\"navbox-group\" style=\"width:1%\"><span class=\"flagicon\"><span class=\"mw-image-border\" typeof=\"mw:File\"><span><img resource=\"https:\/\/en.wikipedia.org\/wiki\/File:Flag_of_Kosovo.svg\" src=\"https:\/\/upload.wikimedia.org\/wikipedia\/commons\/thumb\/1\/1f\/Flag_of_Kosovo.svg\/40px-Flag_of_Kosovo.svg.png?utm_source=en.wikipedia.org&amp;utm_campaign=parser&amp;utm_content=thumbnail\" decoding=\"async\" loading=\"lazy\" alt=\"\" data-file-type=\"drawing\" height=\"15\" width=\"21\" class=\"mw-file-element\"\/><\/span><\/span><span typeof=\"mw:Entity\">\u00a0<\/span><\/span><a rel=\"mw:WikiLink\" href=\"https:\/\/en.wikipedia.org\/wiki\/Kosovo\" title=\"Kosovo\" target=\"_new\" class=\"wiki-link\">Kosovo<\/a><\/th><td class=\"navbox-list-with-group navbox-list navbox-odd\" style=\"width:100%;padding:0\"><div style=\"padding:0 0.25em\">\n<ul><li><a rel=\"mw:WikiLink\" href=\"https:\/\/en.wikipedia.org\/wiki\/2Ton?action=edit&redlink=1\" title=\"2Ton (page does not exist)\" class=\"new wiki-link\" typeof=\"mw:LocalizedAttrs\" data-mw-i18n='{\"title\":{\"lang\":\"x-page\",\"key\":\"red-link-title\",\"params\":[\"2Ton\"]}}' target=\"_new\">2Ton<\/a><\/li>\n<li><a rel=\"mw:WikiLink\" href=\"https:\/\/en.wikipedia.org\/wiki\/Adelina_Ismaili\" title=\"Adelina Ismaili\" target=\"_new\" class=\"wiki-link\">Adelina Ismaili<\/a><\/li>\n<li><a rel=\"mw:WikiLink\" href=\"https:\/\/en.wikipedia.org\/wiki\/Argjentina_Ramosaj?action=edit&redlink=1\" title=\"Argjentina Ramosaj (page does not exist)\" class=\"new wiki-link\" typeof=\"mw:LocalizedAttrs\" data-mw-i18n='{\"title\":{\"lang\":\"x-page\",\"key\":\"red-link-title\",\"params\":[\"Argjentina Ramosaj\"]}}' target=\"_new\">Argjentina Ramosaj<\/a><\/li>\n<li><a rel=\"mw:WikiLink\" href=\"https:\/\/en.wikipedia.org\/wiki\/Armend_Rexhepagiqi?action=edit&redlink=1\" title=\"Armend Rexhepagiqi (page does not exist)\" class=\"new wiki-link\" typeof=\"mw:LocalizedAttrs\" data-mw-i18n='{\"title\":{\"lang\":\"x-page\",\"key\":\"red-link-title\",\"params\":[\"Armend Rexhepagiqi\"]}}' target=\"_new\">Armend Rexhepagiqi<\/a><\/li>\n<li><a rel=\"mw:WikiLink\" href=\"https:\/\/en.wikipedia.org\/wiki\/Alb\u00ebrie_Had\u00ebrgjonaj?action=edit&redlink=1\" title=\"Alb\u00ebrie Had\u00ebrgjonaj (page does not exist)\" class=\"new wiki-link\" typeof=\"mw:LocalizedAttrs\" data-mw-i18n='{\"title\":{\"lang\":\"x-page\",\"key\":\"red-link-title\",\"params\":[\"Alb\u00ebrie Had\u00ebrgjonaj\"]}}' target=\"_new\">Alb\u00ebrie Had\u00ebrgjonaj<\/a><\/li>\n<li><a rel=\"mw:WikiLink\" href=\"https:\/\/en.wikipedia.org\/wiki\/Ardian_Bujupi\" title=\"Ardian Bujupi\" target=\"_new\" class=\"wiki-link\">Ardian Bujupi<\/a><\/li>\n<li><a rel=\"mw:WikiLink\" href=\"https:\/\/en.wikipedia.org\/wiki\/Avni_Mula\" title=\"Avni Mula\" target=\"_new\" class=\"wiki-link\">Avni Mula<\/a><\/li>\n<li><a rel=\"mw:WikiLink\" href=\"https:\/\/en.wikipedia.org\/wiki\/Blero?action=edit&redlink=1\" title=\"Blero (page does not exist)\" class=\"new wiki-link\" typeof=\"mw:LocalizedAttrs\" data-mw-i18n='{\"title\":{\"lang\":\"x-page\",\"key\":\"red-link-title\",\"params\":[\"Blero\"]}}' target=\"_new\">Blero<\/a><\/li>\n<li><a rel=\"mw:WikiLink\" href=\"https:\/\/en.wikipedia.org\/wiki\/Buta_(rapper)\" title=\"Buta (rapper)\" target=\"_new\" class=\"wiki-link\">Buta<\/a><\/li>\n<li><a rel=\"mw:WikiLink\" href=\"https:\/\/en.wikipedia.org\/wiki\/Butrint_Imeri\" title=\"Butrint Imeri\" target=\"_new\" class=\"wiki-link\">Butrint Imeri<\/a><\/li>\n<li><a rel=\"mw:WikiLink\" href=\"https:\/\/en.wikipedia.org\/wiki\/Capital_T\" title=\"Capital T\" target=\"_new\" class=\"wiki-link\">Capital T<\/a><\/li>\n<li><a rel=\"mw:WikiLink\" href=\"https:\/\/en.wikipedia.org\/wiki\/Cricket_(producer)\" title=\"Cricket (producer)\" target=\"_new\" class=\"wiki-link\">Cricket<\/a><\/li>\n<li><a rel=\"mw:WikiLink\" href=\"https:\/\/en.wikipedia.org\/wiki\/Dafina_Zeqiri\" class=\"mw-selflink selflink wiki-link\" target=\"_new\">Dafina Zeqiri<\/a><\/li>\n<li><a rel=\"mw:WikiLink\" href=\"https:\/\/en.wikipedia.org\/wiki\/Dhurata_Dora\" title=\"Dhurata Dora\" target=\"_new\" class=\"wiki-link\">Dhurata Dora<\/a><\/li>\n<li><a rel=\"mw:WikiLink\" href=\"https:\/\/en.wikipedia.org\/wiki\/Diona_Fona\" title=\"Diona Fona\" target=\"_new\" class=\"wiki-link\">Diona Fona<\/a><\/li>\n<li><a rel=\"mw:WikiLink\" href=\"https:\/\/en.wikipedia.org\/wiki\/Don_Xhoni\" title=\"Don Xhoni\" target=\"_new\" class=\"wiki-link\">Don Xhoni<\/a><\/li>\n<li><a rel=\"mw:WikiLink\" href=\"https:\/\/en.wikipedia.org\/wiki\/Dren_Abazi\" title=\"Dren Abazi\" target=\"_new\" class=\"wiki-link\">Dren Abazi<\/a><\/li>\n<li><a rel=\"mw:WikiLink\" href=\"https:\/\/en.wikipedia.org\/wiki\/Edona_Llalloshi?action=edit&redlink=1\" title=\"Edona Llalloshi (page does not exist)\" class=\"new wiki-link\" typeof=\"mw:LocalizedAttrs\" data-mw-i18n='{\"title\":{\"lang\":\"x-page\",\"key\":\"red-link-title\",\"params\":[\"Edona Llalloshi\"]}}' target=\"_new\">Edona Llalloshi<\/a><\/li>\n<li><a rel=\"mw:WikiLink\" href=\"https:\/\/en.wikipedia.org\/wiki\/Elai_(rapper)\" title=\"Elai (rapper)\" target=\"_new\" class=\"wiki-link\">Elai<\/a><\/li>\n<li><a rel=\"mw:WikiLink\" href=\"https:\/\/en.wikipedia.org\/wiki\/Elinel?action=edit&redlink=1\" title=\"Elinel (page does not exist)\" class=\"new wiki-link\" typeof=\"mw:LocalizedAttrs\" data-mw-i18n='{\"title\":{\"lang\":\"x-page\",\"key\":\"red-link-title\",\"params\":[\"Elinel\"]}}' target=\"_new\">Elinel<\/a><\/li>\n<li><a rel=\"mw:WikiLink\" href=\"https:\/\/en.wikipedia.org\/wiki\/Era_Istrefi\" title=\"Era Istrefi\" target=\"_new\" class=\"wiki-link\">Era Istrefi<\/a><\/li>\n<li><a rel=\"mw:WikiLink\" href=\"https:\/\/en.wikipedia.org\/wiki\/Fero_(rapper)\" title=\"Fero (rapper)\" target=\"_new\" class=\"wiki-link\">Fero<\/a><\/li>\n<li><a rel=\"mw:WikiLink\" href=\"https:\/\/en.wikipedia.org\/wiki\/Fifi_(singer)\" title=\"Fifi (singer)\" target=\"_new\" class=\"wiki-link\">Fifi<\/a><\/li>\n<li><a rel=\"mw:WikiLink\" href=\"https:\/\/en.wikipedia.org\/wiki\/Ganimete_Abazi?action=edit&redlink=1\" title=\"Ganimete Abazi (page does not exist)\" class=\"new wiki-link\" typeof=\"mw:LocalizedAttrs\" data-mw-i18n='{\"title\":{\"lang\":\"x-page\",\"key\":\"red-link-title\",\"params\":[\"Ganimete Abazi\"]}}' target=\"_new\">Ganja<\/a><\/li>\n<li><a rel=\"mw:WikiLink\" href=\"https:\/\/en.wikipedia.org\/wiki\/Genta_Ismajli\" title=\"Genta Ismajli\" target=\"_new\" class=\"wiki-link\">Genta Ismajli<\/a><\/li>\n<li><a rel=\"mw:WikiLink\" href=\"https:\/\/en.wikipedia.org\/wiki\/Getoar_Selimi\" title=\"Getoar Selimi\" target=\"_new\" class=\"wiki-link\">Getoar Selimi<\/a><\/li>\n<li><a rel=\"mw:WikiLink\" href=\"https:\/\/en.wikipedia.org\/wiki\/Gili_(singer)?action=edit&redlink=1\" title=\"Gili (singer) (page does not exist)\" class=\"new wiki-link\" typeof=\"mw:LocalizedAttrs\" data-mw-i18n='{\"title\":{\"lang\":\"x-page\",\"key\":\"red-link-title\",\"params\":[\"Gili (singer)\"]}}' target=\"_new\">Gili<\/a><\/li>\n<li><a rel=\"mw:WikiLink\" href=\"https:\/\/en.wikipedia.org\/wiki\/Ilir_Shaqiri_(singer)\" title=\"Ilir Shaqiri (singer)\" target=\"_new\" class=\"wiki-link\">Ilir Shaqiri<\/a><\/li>\n<li><a rel=\"mw:WikiLink\" href=\"https:\/\/en.wikipedia.org\/wiki\/Kida_(singer)\" title=\"Kida (singer)\" target=\"_new\" class=\"wiki-link\">Kida<\/a><\/li>\n<li><a rel=\"mw:WikiLink\" href=\"https:\/\/en.wikipedia.org\/wiki\/Kidda_(rapper)\" title=\"Kidda (rapper)\" target=\"_new\" class=\"wiki-link\">Kidda<\/a><\/li>\n<li><a rel=\"mw:WikiLink\" href=\"https:\/\/en.wikipedia.org\/wiki\/Ledri_Vula\" title=\"Ledri Vula\" target=\"_new\" class=\"wiki-link\">Ledri Vula<\/a><\/li>\n<li><a rel=\"mw:WikiLink\" href=\"https:\/\/en.wikipedia.org\/wiki\/Leonora_Jakupi\" title=\"Leonora Jakupi\" target=\"_new\" class=\"wiki-link\">Leonora Jakupi<\/a><\/li>\n<li><a rel=\"mw:WikiLink\" href=\"https:\/\/en.wikipedia.org\/wiki\/Lyrical_Son\" title=\"Lyrical Son\" target=\"_new\" class=\"wiki-link\">Lyrical Son<\/a><\/li>\n<li><a rel=\"mw:WikiLink\" href=\"https:\/\/en.wikipedia.org\/wiki\/Majk_(rapper)\" title=\"Majk (rapper)\" target=\"_new\" class=\"wiki-link\">Majk<\/a><\/li>\n<li><a rel=\"mw:WikiLink\" href=\"https:\/\/en.wikipedia.org\/wiki\/Malda_Susuri\" title=\"Malda Susuri\" target=\"_new\" class=\"wiki-link\">Malda Susuri<\/a><\/li>\n<li><a rel=\"mw:WikiLink\" href=\"https:\/\/en.wikipedia.org\/wiki\/MC_Kresha\" title=\"MC Kresha\" target=\"_new\" class=\"wiki-link\">MC Kresha<\/a><\/li>\n<li><a rel=\"mw:WikiLink\" href=\"https:\/\/en.wikipedia.org\/wiki\/Melinda_Ademi\" title=\"Melinda Ademi\" target=\"_new\" class=\"wiki-link\">Melinda Ademi<\/a><\/li>\n<li><a rel=\"mw:WikiLink\" href=\"https:\/\/en.wikipedia.org\/wiki\/Mihrije_Braha?action=edit&redlink=1\" title=\"Mihrije Braha (page does not exist)\" class=\"new wiki-link\" typeof=\"mw:LocalizedAttrs\" data-mw-i18n='{\"title\":{\"lang\":\"x-page\",\"key\":\"red-link-title\",\"params\":[\"Mihrije Braha\"]}}' target=\"_new\">Mihrije Braha<\/a><\/li>\n<li><a rel=\"mw:WikiLink\" href=\"https:\/\/en.wikipedia.org\/wiki\/Mozzik\" title=\"Mozzik\" target=\"_new\" class=\"wiki-link\">Mozzik<\/a><\/li>\n<li><a rel=\"mw:WikiLink\" href=\"https:\/\/en.wikipedia.org\/wiki\/Nexhmije_Pagarusha\" title=\"Nexhmije Pagarusha\" target=\"_new\" class=\"wiki-link\">Nexhmije Pagarusha<\/a><\/li>\n<li><a rel=\"mw:WikiLink\" href=\"https:\/\/en.wikipedia.org\/wiki\/Nora_Istrefi\" title=\"Nora Istrefi\" target=\"_new\" class=\"wiki-link\">Nora Istrefi<\/a><\/li>\n<li><a rel=\"mw:WikiLink\" href=\"https:\/\/en.wikipedia.org\/wiki\/Rina_Balaj\" title=\"Rina Balaj\" target=\"_new\" class=\"wiki-link\">Rina<\/a><\/li>\n<li><a rel=\"mw:WikiLink\" href=\"https:\/\/en.wikipedia.org\/wiki\/Rona_Nishliu\" title=\"Rona Nishliu\" target=\"_new\" class=\"wiki-link\">Rona Nishliu<\/a><\/li>\n<li><a rel=\"mw:WikiLink\" href=\"https:\/\/en.wikipedia.org\/wiki\/Sabri_Fejzullahu?action=edit&redlink=1\" title=\"Sabri Fejzullahu (page does not exist)\" class=\"new wiki-link\" typeof=\"mw:LocalizedAttrs\" data-mw-i18n='{\"title\":{\"lang\":\"x-page\",\"key\":\"red-link-title\",\"params\":[\"Sabri Fejzullahu\"]}}' target=\"_new\">Sabri Fejzullahu<\/a><\/li>\n<li><a rel=\"mw:WikiLink\" href=\"https:\/\/en.wikipedia.org\/wiki\/Shkurte_Fejza\" title=\"Shkurte Fejza\" target=\"_new\" class=\"wiki-link\">Shkurte Fejza<\/a><\/li>\n<li><a rel=\"mw:WikiLink\" href=\"https:\/\/en.wikipedia.org\/wiki\/Shpat_Deda?action=edit&redlink=1\" title=\"Shpat Deda (page does not exist)\" class=\"new wiki-link\" typeof=\"mw:LocalizedAttrs\" data-mw-i18n='{\"title\":{\"lang\":\"x-page\",\"key\":\"red-link-title\",\"params\":[\"Shpat Deda\"]}}' target=\"_new\">Shpat Deda<\/a><\/li>\n<li><a rel=\"mw:WikiLink\" href=\"https:\/\/en.wikipedia.org\/wiki\/Shyhrete_Behluli?action=edit&redlink=1\" title=\"Shyhrete Behluli (page does not exist)\" class=\"new wiki-link\" typeof=\"mw:LocalizedAttrs\" data-mw-i18n='{\"title\":{\"lang\":\"x-page\",\"key\":\"red-link-title\",\"params\":[\"Shyhrete Behluli\"]}}' target=\"_new\">Shyhrete Behluli<\/a><\/li>\n<li><a rel=\"mw:WikiLink\" href=\"https:\/\/en.wikipedia.org\/wiki\/Tayna\" title=\"Tayna\" target=\"_new\" class=\"wiki-link\">Tayna<\/a><\/li>\n<li><a rel=\"mw:WikiLink\" href=\"https:\/\/en.wikipedia.org\/wiki\/Unikkatil\" title=\"Unikkatil\" target=\"_new\" class=\"wiki-link\">Unikkatil<\/a><\/li>\n<li><a rel=\"mw:WikiLink\" href=\"https:\/\/en.wikipedia.org\/wiki\/Vedat_Ademi\" title=\"Vedat Ademi\" target=\"_new\" class=\"wiki-link\">Vedat Ademi<\/a><\/li>\n<li><a rel=\"mw:WikiLink\" href=\"https:\/\/en.wikipedia.org\/wiki\/Vesa_Luma\" title=\"Vesa Luma\" target=\"_new\" class=\"wiki-link\">Vesa Luma<\/a><\/li>\n<li><a rel=\"mw:WikiLink\" href=\"https:\/\/en.wikipedia.org\/wiki\/Ya_Nina?action=edit&redlink=1\" title=\"Ya Nina (page does not exist)\" class=\"new wiki-link\" typeof=\"mw:LocalizedAttrs\" data-mw-i18n='{\"title\":{\"lang\":\"x-page\",\"key\":\"red-link-title\",\"params\":[\"Ya Nina\"]}}' target=\"_new\">Ya Nina<\/a><\/li>\n<li><a rel=\"mw:WikiLink\" href=\"https:\/\/en.wikipedia.org\/wiki\/Yll_Limani\" title=\"Yll Limani\" target=\"_new\" class=\"wiki-link\">Yll Limani<\/a><\/li><\/ul>\n<\/div><\/td><\/tr><tr><th scope=\"row\" class=\"navbox-group\" style=\"width:1%\"><span class=\"flagicon nowrap\"><span class=\"mw-image-border\" typeof=\"mw:File\"><span><img resource=\"https:\/\/en.wikipedia.org\/wiki\/File:Flag_of_North_Macedonia.svg\" src=\"https:\/\/upload.wikimedia.org\/wikipedia\/commons\/thumb\/7\/79\/Flag_of_North_Macedonia.svg\/40px-Flag_of_North_Macedonia.svg.png?utm_source=en.wikipedia.org&amp;utm_campaign=parser&amp;utm_content=thumbnail\" decoding=\"async\" loading=\"lazy\" alt=\"\" data-file-type=\"drawing\" height=\"12\" width=\"23\" class=\"mw-file-element\"\/><\/span><\/span> <\/span><a rel=\"mw:WikiLink\" href=\"https:\/\/en.wikipedia.org\/wiki\/North_Macedonia\" title=\"North Macedonia\" target=\"_new\" class=\"wiki-link\">N.Macedonia<\/a><\/th><td class=\"navbox-list-with-group navbox-list navbox-even\" style=\"width:100%;padding:0\"><div style=\"padding:0 0.25em\">\n<ul><li><a rel=\"mw:WikiLink\" href=\"https:\/\/en.wikipedia.org\/wiki\/Adrian_Gaxha\" title=\"Adrian Gaxha\" target=\"_new\" class=\"wiki-link\">Adrian Gaxha<\/a><\/li>\n<li><a rel=\"mw:WikiLink\" href=\"https:\/\/en.wikipedia.org\/wiki\/Elita_5\" title=\"Elita 5\" target=\"_new\" class=\"wiki-link\">Elita 5<\/a><\/li>\n<li><a rel=\"mw:WikiLink\" href=\"https:\/\/en.wikipedia.org\/wiki\/Bardhi_(rapper)\" title=\"Bardhi (rapper)\" target=\"_new\" class=\"wiki-link\">Bardhi<\/a><\/li>\n<li><a rel=\"mw:WikiLink\" href=\"https:\/\/en.wikipedia.org\/wiki\/Big_Mama_(singer)?action=edit&redlink=1\" title=\"Big Mama (singer) (page does not exist)\" class=\"new wiki-link\" typeof=\"mw:LocalizedAttrs\" data-mw-i18n='{\"title\":{\"lang\":\"x-page\",\"key\":\"red-link-title\",\"params\":[\"Big Mama (singer)\"]}}' target=\"_new\">Big Mama<\/a><\/li>\n<li><a rel=\"mw:WikiLink\" href=\"https:\/\/en.wikipedia.org\/wiki\/Fitnete_Tuda?action=edit&redlink=1\" title=\"Fitnete Tuda (page does not exist)\" class=\"new wiki-link\" typeof=\"mw:LocalizedAttrs\" data-mw-i18n='{\"title\":{\"lang\":\"x-page\",\"key\":\"red-link-title\",\"params\":[\"Fitnete Tuda\"]}}' target=\"_new\">Fitnete Tuda<\/a><\/li>\n<li><a rel=\"mw:WikiLink\" href=\"https:\/\/en.wikipedia.org\/wiki\/Haxhi_Dauti?action=edit&redlink=1\" title=\"Haxhi Dauti (page does not exist)\" class=\"new wiki-link\" typeof=\"mw:LocalizedAttrs\" data-mw-i18n='{\"title\":{\"lang\":\"x-page\",\"key\":\"red-link-title\",\"params\":[\"Haxhi Dauti\"]}}' target=\"_new\">Haxhi Dauti<\/a><\/li>\n<li><a rel=\"mw:WikiLink\" href=\"https:\/\/en.wikipedia.org\/wiki\/Kanita\" title=\"Kanita\" target=\"_new\" class=\"wiki-link\">Kanita<\/a><\/li>\n<li><a rel=\"mw:WikiLink\" href=\"https:\/\/en.wikipedia.org\/wiki\/Leonora_Poloska?action=edit&redlink=1\" title=\"Leonora Poloska (page does not exist)\" class=\"new wiki-link\" typeof=\"mw:LocalizedAttrs\" data-mw-i18n='{\"title\":{\"lang\":\"x-page\",\"key\":\"red-link-title\",\"params\":[\"Leonora Poloska\"]}}' target=\"_new\">Leonora Poloska<\/a><\/li>\n<li><a rel=\"mw:WikiLink\" href=\"https:\/\/en.wikipedia.org\/wiki\/Lindon_Berisha\" title=\"Lindon Berisha\" target=\"_new\" class=\"wiki-link\">Lindon Berisha<\/a><\/li>\n<li><a rel=\"mw:WikiLink\" href=\"https:\/\/en.wikipedia.org\/wiki\/Selami_Kolonja?action=edit&redlink=1\" title=\"Selami Kolonja (page does not exist)\" class=\"new wiki-link\" typeof=\"mw:LocalizedAttrs\" data-mw-i18n='{\"title\":{\"lang\":\"x-page\",\"key\":\"red-link-title\",\"params\":[\"Selami Kolonja\"]}}' target=\"_new\">Selami Kolonja<\/a><\/li>\n<li><a rel=\"mw:WikiLink\" href=\"https:\/\/en.wikipedia.org\/wiki\/Shpat_Kasapi\" title=\"Shpat Kasapi\" target=\"_new\" class=\"wiki-link\">Shpat Kasapi<\/a><\/li>\n<li><a rel=\"mw:WikiLink\" href=\"https:\/\/en.wikipedia.org\/wiki\/Tuna_(singer)\" title=\"Tuna (singer)\" target=\"_new\" class=\"wiki-link\">Tuna<\/a><\/li>\n<li><a rel=\"mw:WikiLink\" href=\"https:\/\/en.wikipedia.org\/wiki\/Yon_Idy\" title=\"Yon Idy\" target=\"_new\" class=\"wiki-link\">Yon Idy<\/a><\/li><\/ul>\n<\/div><\/td><\/tr><tr><th scope=\"row\" class=\"navbox-group\" style=\"width:1%\"><span class=\"flagicon\"><span class=\"mw-image-border\" typeof=\"mw:File\"><span><img resource=\"https:\/\/en.wikipedia.org\/wiki\/File:Flag_of_Montenegro.svg\" src=\"https:\/\/upload.wikimedia.org\/wikipedia\/commons\/thumb\/6\/64\/Flag_of_Montenegro.svg\/40px-Flag_of_Montenegro.svg.png?utm_source=en.wikipedia.org&amp;utm_campaign=parser&amp;utm_content=thumbnail\" decoding=\"async\" loading=\"lazy\" alt=\"\" data-file-type=\"drawing\" height=\"12\" width=\"23\" class=\"mw-file-element\"\/><\/span><\/span><span typeof=\"mw:Entity\">\u00a0<\/span><\/span><a rel=\"mw:WikiLink\" href=\"https:\/\/en.wikipedia.org\/wiki\/Montenegro\" title=\"Montenegro\" target=\"_new\" class=\"wiki-link\">Montenegro<\/a><\/th><td class=\"navbox-list-with-group navbox-list navbox-odd\" style=\"width:100%;padding:0\"><div style=\"padding:0 0.25em\">\n<ul><li><a rel=\"mw:WikiLink\" href=\"https:\/\/en.wikipedia.org\/wiki\/Adrian_Lulgjuraj\" title=\"Adrian Lulgjuraj\" target=\"_new\" class=\"wiki-link\">Adrian Lulgjuraj<\/a><\/li>\n<li><a rel=\"mw:WikiLink\" href=\"https:\/\/en.wikipedia.org\/wiki\/David_Dreshaj\" title=\"David Dreshaj\" target=\"_new\" class=\"wiki-link\">David Dreshaj<\/a><\/li>\n<li><a rel=\"mw:WikiLink\" href=\"https:\/\/en.wikipedia.org\/wiki\/Gjyste_Vulaj?action=edit&redlink=1\" title=\"Gjyste Vulaj (page does not exist)\" class=\"new wiki-link\" typeof=\"mw:LocalizedAttrs\" data-mw-i18n='{\"title\":{\"lang\":\"x-page\",\"key\":\"red-link-title\",\"params\":[\"Gjyste Vulaj\"]}}' target=\"_new\">Gjyste Vulaj<\/a><\/li>\n<li><a rel=\"mw:WikiLink\" href=\"https:\/\/en.wikipedia.org\/wiki\/Hana_Cakuli?action=edit&redlink=1\" title=\"Hana Cakuli (page does not exist)\" class=\"new wiki-link\" typeof=\"mw:LocalizedAttrs\" data-mw-i18n='{\"title\":{\"lang\":\"x-page\",\"key\":\"red-link-title\",\"params\":[\"Hana Cakuli\"]}}' target=\"_new\">Hana Cakuli<\/a><\/li>\n<li><a rel=\"mw:WikiLink\" href=\"https:\/\/en.wikipedia.org\/wiki\/Nikoll\u00eb_Nikprelaj\" title=\"Nikoll\u00eb Nikprelaj\" target=\"_new\" class=\"wiki-link\">Nikoll\u00eb Nikprelaj<\/a><\/li><\/ul>\n<\/div><\/td><\/tr><\/tbody><\/table><div><\/div><\/td><\/tr><\/tbody><\/table><div><\/div><\/td><\/tr><tr><td colspan=\"2\" class=\"navbox-list navbox-even hlist\" style=\"width:100%;padding:0\"><div style=\"padding:0 0.25em\">\n<ul><li>Music of <a rel=\"mw:WikiLink\" href=\"https:\/\/en.wikipedia.org\/wiki\/Music_of_Albania\" title=\"Music of Albania\" target=\"_new\" class=\"wiki-link\">Albania<\/a> &amp; <a rel=\"mw:WikiLink\" href=\"https:\/\/en.wikipedia.org\/wiki\/Music_of_Kosovo\" title=\"Music of Kosovo\" target=\"_new\" class=\"wiki-link\">Kosovo<\/a><\/li><\/ul>\n<\/div><\/td><\/tr><tr><td class=\"navbox-abovebelow hlist\" colspan=\"2\"><div>\n<ul><li><span class=\"noviewer\" typeof=\"mw:File\" data-mw='{\"caption\":\"Category\"}'><span title=\"Category\"><img resource=\"https:\/\/en.wikipedia.org\/wiki\/File:Symbol_category_class.svg\" src=\"https:\/\/upload.wikimedia.org\/wikipedia\/en\/thumb\/9\/96\/Symbol_category_class.svg\/20px-Symbol_category_class.svg.png?utm_source=en.wikipedia.org&amp;utm_campaign=parser&amp;utm_content=thumbnail\" decoding=\"async\" loading=\"lazy\" alt=\"\" data-file-type=\"drawing\" height=\"16\" width=\"16\" class=\"mw-file-element\"\/><\/span><\/span> <a rel=\"mw:WikiLink\" href=\"https:\/\/en.wikipedia.org\/wiki\/Category:Music_of_Albania\" title=\"Category:Music of Albania\" target=\"_new\" class=\"wiki-link\">Category<\/a><\/li><\/ul>\n<\/div><\/td><\/tr><\/tbody><\/table><\/div>\n<div class=\"navbox-styles\" about=\"#mwt203\" typeof=\"mw:Transclusion\" id=\"rdp-we-mwBBg\" data-mw='{\"parts\":[{\"template\":{\"target\":{\"wt\":\"Balkan music\",\"href\":\".\/Template:Balkan_music\"},\"params\":{},\"i\":0}}]}'><span class=\"mw-empty-elt\"><link rel=\"mw-deduplicated-inline-style\" href=\"mw-data:TemplateStyles:r1333133064\" about=\"#mwt204\" typeof=\"mw:Extension\/templatestyles\" data-mw='{\"name\":\"templatestyles\",\"attrs\":{\"src\":\"Hlist\/styles.css\"},\"body\":{\"extsrc\":\"\"}}'\/><link rel=\"mw-deduplicated-inline-style\" href=\"mw-data:TemplateStyles:r1364279517\" about=\"#mwt205\" typeof=\"mw:Extension\/templatestyles\" data-mw='{\"name\":\"templatestyles\",\"attrs\":{\"src\":\"Module:Navbox\/styles.css\"},\"body\":{\"extsrc\":\"\"}}'\/><\/span><\/div><div role=\"navigation\" class=\"navbox\" aria-labelledby=\"Music_of_Southeastern_Europe_(the_Balkans)7158\" style=\"padding:3px\" about=\"#mwt203\" id=\"rdp-we-mwBBk\"><table class=\"nowraplinks mw-collapsible mw-collapsed navbox-inner\" style=\"border-spacing:0;background:transparent;color:inherit\"><tbody><tr><th scope=\"col\" class=\"navbox-title\" colspan=\"2\"><span class=\"mw-empty-elt\"><link rel=\"mw-deduplicated-inline-style\" href=\"mw-data:TemplateStyles:r1333133064\" about=\"#mwt206\" typeof=\"mw:Extension\/templatestyles\" data-mw='{\"name\":\"templatestyles\",\"attrs\":{\"src\":\"Hlist\/styles.css\"},\"body\":{\"extsrc\":\"\"}}'\/><link rel=\"mw-deduplicated-inline-style\" href=\"mw-data:TemplateStyles:r1239400231\" about=\"#mwt207\" typeof=\"mw:Extension\/templatestyles\" data-mw='{\"name\":\"templatestyles\",\"attrs\":{\"src\":\"Module:Navbar\/styles.css\"},\"body\":{\"extsrc\":\"\"}}'\/><\/span><div id=\"rdp-we-Music_of_Southeastern_Europe_(the_Balkans)7158\" style=\"font-size:114%;margin:0 4em\"><a rel=\"mw:WikiLink\" href=\"https:\/\/en.wikipedia.org\/wiki\/Balkan_music\" title=\"Balkan music\" target=\"_new\" class=\"wiki-link\">Music of Southeastern Europe<\/a> (the <a rel=\"mw:WikiLink\" href=\"https:\/\/en.wikipedia.org\/wiki\/Balkans\" title=\"Balkans\" target=\"_new\" class=\"wiki-link\">Balkans<\/a>)<\/div><\/th><\/tr><tr><th scope=\"row\" class=\"navbox-group\" style=\"width:1%\">By style<\/th><td class=\"navbox-list-with-group navbox-list navbox-odd hlist\" style=\"width:100%;padding:0\"><div style=\"padding:0 0.25em\"><\/div><table class=\"nowraplinks navbox-subgroup\" style=\"border-spacing:0\"><tbody><tr><th id=\"rdp-we-Folk_music1097\" scope=\"row\" class=\"navbox-group\" style=\"width:1%\">Folk music<\/th><td class=\"navbox-list-with-group navbox-list navbox-odd\" style=\"width:100%;padding:0\"><div style=\"padding:0 0.25em\">\n<ul><li><a rel=\"mw:WikiLink\" href=\"https:\/\/en.wikipedia.org\/wiki\/Arabesque_(Turkish_music)\" title=\"Arabesque (Turkish music)\" target=\"_new\" class=\"wiki-link\">Arabesque<\/a><\/li>\n<li><a rel=\"mw:WikiLink\" href=\"https:\/\/en.wikipedia.org\/wiki\/\u010calgija\" title=\"\u010calgija\" target=\"_new\" class=\"wiki-link\">\u010calgija<\/a><\/li>\n<li><a rel=\"mw:WikiLink\" href=\"https:\/\/en.wikipedia.org\/wiki\/Dionysiakos\" title=\"Dionysiakos\" target=\"_new\" class=\"wiki-link\">Dionysiakos<\/a><\/li>\n<li><a rel=\"mw:WikiLink\" href=\"https:\/\/en.wikipedia.org\/wiki\/Fantezi\" title=\"Fantezi\" target=\"_new\" class=\"wiki-link\">Fantezi<\/a><\/li>\n<li><a rel=\"mw:WikiLink\" href=\"https:\/\/en.wikipedia.org\/wiki\/Folk_music#Balkan_music\" title=\"Folk music\" target=\"_new\" class=\"wiki-link\">Folk<\/a>\n<ul><li><a rel=\"mw:WikiLink\" href=\"https:\/\/en.wikipedia.org\/wiki\/Albanian_folk_music\" title=\"Albanian folk music\" class=\"mw-redirect wiki-link\" target=\"_new\">Albanian<\/a><\/li>\n<li><a rel=\"mw:WikiLink\" href=\"https:\/\/en.wikipedia.org\/wiki\/Bosnian_folk_music\" title=\"Bosnian folk music\" class=\"mw-redirect wiki-link\" target=\"_new\">Bosnian<\/a><\/li>\n<li><a rel=\"mw:WikiLink\" href=\"https:\/\/en.wikipedia.org\/wiki\/Bulgarian_folk_music\" title=\"Bulgarian folk music\" class=\"mw-redirect wiki-link\" target=\"_new\">Bulgarian<\/a><\/li>\n<li><a rel=\"mw:WikiLink\" href=\"https:\/\/en.wikipedia.org\/wiki\/Croatian_folk_music\" title=\"Croatian folk music\" class=\"mw-redirect wiki-link\" target=\"_new\">Croatian<\/a><\/li>\n<li><a rel=\"mw:WikiLink\" href=\"https:\/\/en.wikipedia.org\/wiki\/Greek_traditional_music\" title=\"Greek traditional music\" target=\"_new\" class=\"wiki-link\">Greek<\/a><\/li>\n<li><a rel=\"mw:WikiLink\" href=\"https:\/\/en.wikipedia.org\/wiki\/Music_of_North_Macedonia#Folk_music\" title=\"Music of North Macedonia\" target=\"_new\" class=\"wiki-link\">Macedonian<\/a><\/li>\n<li><a rel=\"mw:WikiLink\" href=\"https:\/\/en.wikipedia.org\/wiki\/Montenegrin_folk_music\" title=\"Montenegrin folk music\" class=\"mw-redirect wiki-link\" target=\"_new\">Montenegrin<\/a><\/li>\n<li><a rel=\"mw:WikiLink\" href=\"https:\/\/en.wikipedia.org\/wiki\/Romani_music\" title=\"Romani music\" target=\"_new\" class=\"wiki-link\">Romani<\/a><\/li>\n<li><a rel=\"mw:WikiLink\" href=\"https:\/\/en.wikipedia.org\/wiki\/Romanian_folk_music\" title=\"Romanian folk music\" class=\"mw-redirect wiki-link\" target=\"_new\">Romanian<\/a><\/li>\n<li><a rel=\"mw:WikiLink\" href=\"https:\/\/en.wikipedia.org\/wiki\/Serbian_folk_music\" title=\"Serbian folk music\" target=\"_new\" class=\"wiki-link\">Serbian<\/a><\/li>\n<li><a rel=\"mw:WikiLink\" href=\"https:\/\/en.wikipedia.org\/wiki\/Slovenian_folk_music\" title=\"Slovenian folk music\" class=\"mw-redirect wiki-link\" target=\"_new\">Slovenian<\/a><\/li>\n<li><a rel=\"mw:WikiLink\" href=\"https:\/\/en.wikipedia.org\/wiki\/Turkish_folk_music\" title=\"Turkish folk music\" target=\"_new\" class=\"wiki-link\">Turkish<\/a><\/li><\/ul><\/li>\n<li><a rel=\"mw:WikiLink\" href=\"https:\/\/en.wikipedia.org\/wiki\/Folk-pop\" title=\"Folk-pop\" target=\"_new\" class=\"wiki-link\">Folk-pop<\/a>\n<ul><li><a rel=\"mw:WikiLink\" href=\"https:\/\/en.wikipedia.org\/wiki\/Chalga\" title=\"Chalga\" target=\"_new\" class=\"wiki-link\">Chalga<\/a><\/li>\n<li><a rel=\"mw:WikiLink\" href=\"https:\/\/en.wikipedia.org\/wiki\/La\u00efko\" title=\"La\u00efko\" target=\"_new\" class=\"wiki-link\">La\u00efko<\/a><\/li>\n<li><a rel=\"mw:WikiLink\" href=\"https:\/\/en.wikipedia.org\/wiki\/Manele\" title=\"Manele\" target=\"_new\" class=\"wiki-link\">Manele<\/a><\/li>\n<li><a rel=\"mw:WikiLink\" href=\"https:\/\/en.wikipedia.org\/wiki\/Tallava\" title=\"Tallava\" target=\"_new\" class=\"wiki-link\">Tallava<\/a><\/li>\n<li><a rel=\"mw:WikiLink\" href=\"https:\/\/en.wikipedia.org\/wiki\/Turbo-folk\" title=\"Turbo-folk\" target=\"_new\" class=\"wiki-link\">Turbo-folk<\/a><\/li><\/ul><\/li>\n<li><a rel=\"mw:WikiLink\" href=\"https:\/\/en.wikipedia.org\/wiki\/Nisiotika\" title=\"Nisiotika\" target=\"_new\" class=\"wiki-link\">Nisiotika<\/a><\/li>\n<li><a rel=\"mw:WikiLink\" href=\"https:\/\/en.wikipedia.org\/wiki\/Rebetiko\" title=\"Rebetiko\" target=\"_new\" class=\"wiki-link\">Rebetiko<\/a><\/li>\n<li><a rel=\"mw:WikiLink\" href=\"https:\/\/en.wikipedia.org\/wiki\/Romani_music\" title=\"Romani music\" target=\"_new\" class=\"wiki-link\">Romani music<\/a><\/li>\n<li><a rel=\"mw:WikiLink\" href=\"https:\/\/en.wikipedia.org\/wiki\/Sevdalinka\" title=\"Sevdalinka\" target=\"_new\" class=\"wiki-link\">Sevdalinka<\/a><\/li>\n<li><a rel=\"mw:WikiLink\" href=\"https:\/\/en.wikipedia.org\/wiki\/Starogradska_muzika\" title=\"Starogradska muzika\" target=\"_new\" class=\"wiki-link\">Starogradska muzika<\/a><\/li>\n<li><a rel=\"mw:WikiLink\" href=\"https:\/\/en.wikipedia.org\/wiki\/Tsifteteli\" title=\"Tsifteteli\" target=\"_new\" class=\"wiki-link\">Tsifteteli<\/a><\/li><\/ul>\n<\/div><\/td><\/tr><tr><th scope=\"row\" class=\"navbox-group\" style=\"width:1%\">Other<\/th><td class=\"navbox-list-with-group navbox-list navbox-even\" style=\"width:100%;padding:0\"><div style=\"padding:0 0.25em\">\n<ul><li><a rel=\"mw:WikiLink\" href=\"https:\/\/en.wikipedia.org\/wiki\/Balkan_brass\" title=\"Balkan brass\" target=\"_new\" class=\"wiki-link\">Balkan brass<\/a><\/li>\n<li><a rel=\"mw:WikiLink\" href=\"https:\/\/en.wikipedia.org\/wiki\/Bosnian_root_music\" title=\"Bosnian root music\" target=\"_new\" class=\"wiki-link\">Bosnian root<\/a><\/li>\n<li><a rel=\"mw:WikiLink\" href=\"https:\/\/en.wikipedia.org\/wiki\/Ganga_(music)\" title=\"Ganga (music)\" target=\"_new\" class=\"wiki-link\">Ganga music<\/a><\/li>\n<li><a rel=\"mw:WikiLink\" href=\"https:\/\/en.wikipedia.org\/wiki\/New_Primitivism\" title=\"New Primitivism\" target=\"_new\" class=\"wiki-link\">New Primitivism<\/a><\/li>\n<li><a rel=\"mw:WikiLink\" href=\"https:\/\/en.wikipedia.org\/wiki\/Novokompovana_narodna_muzika?action=edit&redlink=1\" title=\"Novokompovana narodna muzika (page does not exist)\" class=\"new wiki-link\" typeof=\"mw:LocalizedAttrs\" data-mw-i18n='{\"title\":{\"lang\":\"x-page\",\"key\":\"red-link-title\",\"params\":[\"Novokompovana narodna muzika\"]}}' target=\"_new\">Newly composed folk music<\/a><\/li>\n<li><a rel=\"mw:WikiLink\" href=\"https:\/\/en.wikipedia.org\/wiki\/Sarajevo_school_of_pop_rock?action=edit&redlink=1\" title=\"Sarajevo school of pop rock (page does not exist)\" class=\"new wiki-link\" typeof=\"mw:LocalizedAttrs\" data-mw-i18n='{\"title\":{\"lang\":\"x-page\",\"key\":\"red-link-title\",\"params\":[\"Sarajevo school of pop rock\"]}}' target=\"_new\">Sarajevo school of pop rock<\/a><\/li>\n<li><a rel=\"mw:WikiLink\" href=\"https:\/\/en.wikipedia.org\/wiki\/New_wave_music_in_Yugoslavia\" title=\"New wave music in Yugoslavia\" class=\"mw-redirect wiki-link\" target=\"_new\">Yugoslav New wave<\/a><\/li>\n<li><a rel=\"mw:WikiLink\" href=\"https:\/\/en.wikipedia.org\/wiki\/Popular_music_in_Yugoslavia\" title=\"Popular music in Yugoslavia\" target=\"_new\" class=\"wiki-link\">Yugoslav pop<\/a><\/li><\/ul>\n<\/div><\/td><\/tr><\/tbody><\/table><div><\/div><\/td><\/tr><tr><th scope=\"row\" class=\"navbox-group\" style=\"width:1%\">By country<br\/>and ethnicity<\/th><td class=\"navbox-list-with-group navbox-list navbox-odd hlist\" style=\"width:100%;padding:0\"><div style=\"padding:0 0.25em\">\n<ul><li><a rel=\"mw:WikiLink\" href=\"https:\/\/en.wikipedia.org\/wiki\/Music_of_Albania\" title=\"Music of Albania\" target=\"_new\" class=\"wiki-link\">Albania<\/a> (<a rel=\"mw:WikiLink\" href=\"https:\/\/en.wikipedia.org\/wiki\/People's_Artist_of_Albania#Music\" title=\"People's Artist of Albania\" class=\"mw-redirect wiki-link\" target=\"_new\">performers<\/a>)<\/li>\n<li><a rel=\"mw:WikiLink\" href=\"https:\/\/en.wikipedia.org\/wiki\/Aromanian_music\" title=\"Aromanian music\" target=\"_new\" class=\"wiki-link\">Aromanians<\/a> (stateless)<\/li>\n<li><a rel=\"mw:WikiLink\" href=\"https:\/\/en.wikipedia.org\/wiki\/Music_of_Bosnia_and_Herzegovina\" title=\"Music of Bosnia and Herzegovina\" target=\"_new\" class=\"wiki-link\">Bosnia and Herzegovina<\/a> (<a rel=\"mw:WikiLink\" href=\"https:\/\/en.wikipedia.org\/wiki\/List_of_Bosnia_and_Herzegovina_people#Music\" title=\"List of Bosnia and Herzegovina people\" target=\"_new\" class=\"wiki-link\">performers<\/a>)<\/li>\n<li><a rel=\"mw:WikiLink\" href=\"https:\/\/en.wikipedia.org\/wiki\/Music_of_Bulgaria\" title=\"Music of Bulgaria\" target=\"_new\" class=\"wiki-link\">Bulgaria<\/a> (<a rel=\"mw:WikiLink\" href=\"https:\/\/en.wikipedia.org\/wiki\/List_of_Bulgarian_musicians_and_singers\" title=\"List of Bulgarian musicians and singers\" target=\"_new\" class=\"wiki-link\">performers<\/a>)<\/li>\n<li><a rel=\"mw:WikiLink\" href=\"https:\/\/en.wikipedia.org\/wiki\/Music_of_Croatia\" title=\"Music of Croatia\" target=\"_new\" class=\"wiki-link\">Croatia<\/a> (<a rel=\"mw:WikiLink\" href=\"https:\/\/en.wikipedia.org\/wiki\/List_of_people_from_Croatia#Music\" title=\"List of people from Croatia\" target=\"_new\" class=\"wiki-link\">performers<\/a>)<\/li>\n<li><a rel=\"mw:WikiLink\" href=\"https:\/\/en.wikipedia.org\/wiki\/Music_of_Cyprus\" title=\"Music of Cyprus\" target=\"_new\" class=\"wiki-link\">Cyprus<\/a> (<a rel=\"mw:WikiLink\" href=\"https:\/\/en.wikipedia.org\/wiki\/Cyprus_in_the_Eurovision_Song_Contest#Contestants\" title=\"Cyprus in the Eurovision Song Contest\" target=\"_new\" class=\"wiki-link\">performers<\/a>)<\/li>\n<li><a rel=\"mw:WikiLink\" href=\"https:\/\/en.wikipedia.org\/wiki\/Music_of_Greece\" title=\"Music of Greece\" target=\"_new\" class=\"wiki-link\">Greece<\/a> (<a rel=\"mw:WikiLink\" href=\"https:\/\/en.wikipedia.org\/wiki\/List_of_people_from_Greece#Musicians\" title=\"List of people from Greece\" target=\"_new\" class=\"wiki-link\">performers<\/a>)<\/li>\n<li><a rel=\"mw:WikiLink\" href=\"https:\/\/en.wikipedia.org\/wiki\/Music_of_Kosovo\" title=\"Music of Kosovo\" target=\"_new\" class=\"wiki-link\">Kosovo<\/a> (<a rel=\"mw:WikiLink\" href=\"https:\/\/en.wikipedia.org\/wiki\/List_of_Kosovo_Albanians#Arts_and_entertainment\" title=\"List of Kosovo Albanians\" target=\"_new\" class=\"wiki-link\">performers<\/a>)<\/li>\n<li><a rel=\"mw:WikiLink\" href=\"https:\/\/en.wikipedia.org\/wiki\/Music_of_Moldova\" title=\"Music of Moldova\" target=\"_new\" class=\"wiki-link\">Moldova<\/a> (<a rel=\"mw:WikiLink\" href=\"https:\/\/en.wikipedia.org\/wiki\/List_of_Moldovans#Musicians\" title=\"List of Moldovans\" target=\"_new\" class=\"wiki-link\">performers<\/a>)<\/li>\n<li><a rel=\"mw:WikiLink\" href=\"https:\/\/en.wikipedia.org\/wiki\/Music_of_Montenegro\" title=\"Music of Montenegro\" class=\"mw-redirect wiki-link\" target=\"_new\">Montenegro<\/a> (<a rel=\"mw:WikiLink\" href=\"https:\/\/en.wikipedia.org\/wiki\/List_of_Montenegrins#Music\" title=\"List of Montenegrins\" target=\"_new\" class=\"wiki-link\">performers<\/a>)<\/li>\n<li><a rel=\"mw:WikiLink\" href=\"https:\/\/en.wikipedia.org\/wiki\/Music_of_North_Macedonia\" title=\"Music of North Macedonia\" target=\"_new\" class=\"wiki-link\">North Macedonia<\/a> (<a rel=\"mw:WikiLink\" href=\"https:\/\/en.wikipedia.org\/wiki\/List_of_Macedonians_(ethnic_group)#Music\" title=\"List of Macedonians (ethnic group)\" target=\"_new\" class=\"wiki-link\">performers<\/a>)<\/li>\n<li><a rel=\"mw:WikiLink\" href=\"https:\/\/en.wikipedia.org\/wiki\/Music_of_Romania\" title=\"Music of Romania\" target=\"_new\" class=\"wiki-link\">Romania<\/a> (<a rel=\"mw:WikiLink\" href=\"https:\/\/en.wikipedia.org\/wiki\/List_of_Romanian_singers\" title=\"List of Romanian singers\" target=\"_new\" class=\"wiki-link\">performers<\/a>)<\/li>\n<li><a rel=\"mw:WikiLink\" href=\"https:\/\/en.wikipedia.org\/wiki\/Music_of_Serbia\" title=\"Music of Serbia\" target=\"_new\" class=\"wiki-link\">Serbia<\/a> (<a rel=\"mw:WikiLink\" href=\"https:\/\/en.wikipedia.org\/wiki\/List_of_people_from_Serbia#Music\" title=\"List of people from Serbia\" target=\"_new\" class=\"wiki-link\">performers<\/a>)<\/li>\n<li><a rel=\"mw:WikiLink\" href=\"https:\/\/en.wikipedia.org\/wiki\/Music_of_Slovenia\" title=\"Music of Slovenia\" target=\"_new\" class=\"wiki-link\">Slovenia<\/a> (<a rel=\"mw:WikiLink\" href=\"https:\/\/en.wikipedia.org\/wiki\/List_of_Slovenian_singers\" title=\"List of Slovenian singers\" target=\"_new\" class=\"wiki-link\">performers<\/a>)<\/li>\n<li><a rel=\"mw:WikiLink\" href=\"https:\/\/en.wikipedia.org\/wiki\/Music_of_Turkey\" title=\"Music of Turkey\" target=\"_new\" class=\"wiki-link\">Turkey<\/a> (<a rel=\"mw:WikiLink\" href=\"https:\/\/en.wikipedia.org\/wiki\/List_of_Turkish_musicians\" title=\"List of Turkish musicians\" target=\"_new\" class=\"wiki-link\">performers<\/a>)<\/li>\n<li><a rel=\"mw:WikiLink\" href=\"https:\/\/en.wikipedia.org\/wiki\/Music_of_Yugoslavia\" title=\"Music of Yugoslavia\" target=\"_new\" class=\"wiki-link\"><i>Yugoslavia<\/i><\/a> (<a rel=\"mw:WikiLink\" href=\"https:\/\/en.wikipedia.org\/wiki\/Category:Yugoslav_musicians\" title=\"Category:Yugoslav musicians\" target=\"_new\" class=\"wiki-link\">performers<\/a>)<\/li><\/ul>\n<\/div><\/td><\/tr><tr><th scope=\"row\" class=\"navbox-group\" style=\"width:1%\">Folk dances<\/th><td class=\"navbox-list-with-group navbox-list navbox-odd hlist\" style=\"width:100%;padding:0\"><div style=\"padding:0 0.25em\"><\/div><table class=\"nowraplinks navbox-subgroup\" style=\"border-spacing:0\"><tbody><tr><th scope=\"row\" class=\"navbox-group\" style=\"width:1%\">Circle dances<\/th><td class=\"navbox-list-with-group navbox-list navbox-even\" style=\"width:100%;padding:0\"><div style=\"padding:0 0.25em\">\n<ul><li><a rel=\"mw:WikiLink\" href=\"https:\/\/en.wikipedia.org\/wiki\/Daychovo_horo\" title=\"Daychovo horo\" target=\"_new\" class=\"wiki-link\">Daychovo horo<\/a><\/li>\n<li><a rel=\"mw:WikiLink\" href=\"https:\/\/en.wikipedia.org\/wiki\/Gaitanaki\" title=\"Gaitanaki\" target=\"_new\" class=\"wiki-link\">Gaitanaki<\/a><\/li>\n<li><a rel=\"mw:WikiLink\" href=\"https:\/\/en.wikipedia.org\/wiki\/Halay\" title=\"Halay\" target=\"_new\" class=\"wiki-link\">Halay<\/a><\/li>\n<li><a rel=\"mw:WikiLink\" href=\"https:\/\/en.wikipedia.org\/wiki\/Hasapiko\" title=\"Hasapiko\" target=\"_new\" class=\"wiki-link\">Hasapiko<\/a><\/li>\n<li><a rel=\"mw:WikiLink\" href=\"https:\/\/en.wikipedia.org\/wiki\/Hora_(dance)\" title=\"Hora (dance)\" target=\"_new\" class=\"wiki-link\">Hora<\/a><\/li>\n<li><a rel=\"mw:WikiLink\" href=\"https:\/\/en.wikipedia.org\/wiki\/Ikariotikos\" title=\"Ikariotikos\" target=\"_new\" class=\"wiki-link\">Ikariotikos<\/a><\/li>\n<li><a rel=\"mw:WikiLink\" href=\"https:\/\/en.wikipedia.org\/wiki\/Pidikhtos\" title=\"Pidikhtos\" target=\"_new\" class=\"wiki-link\">Pidikhtos<\/a><\/li>\n<li><a rel=\"mw:WikiLink\" href=\"https:\/\/en.wikipedia.org\/wiki\/Khigga\" title=\"Khigga\" target=\"_new\" class=\"wiki-link\">Khigga<\/a><\/li>\n<li><a rel=\"mw:WikiLink\" href=\"https:\/\/en.wikipedia.org\/wiki\/Kochari\" title=\"Kochari\" target=\"_new\" class=\"wiki-link\">Kochari<\/a><\/li>\n<li><a rel=\"mw:WikiLink\" href=\"https:\/\/en.wikipedia.org\/wiki\/Kolo_(dance)\" title=\"Kolo (dance)\" target=\"_new\" class=\"wiki-link\">Kolo<\/a><\/li>\n<li><a rel=\"mw:WikiLink\" href=\"https:\/\/en.wikipedia.org\/wiki\/Kalamatianos\" title=\"Kalamatianos\" target=\"_new\" class=\"wiki-link\">Kalamatianos<\/a><\/li>\n<li><a rel=\"mw:WikiLink\" href=\"https:\/\/en.wikipedia.org\/wiki\/Syrtos\" title=\"Syrtos\" target=\"_new\" class=\"wiki-link\">Syrtos<\/a><\/li>\n<li><a rel=\"mw:WikiLink\" href=\"https:\/\/en.wikipedia.org\/wiki\/Sirtaki\" title=\"Sirtaki\" target=\"_new\" class=\"wiki-link\">Sirtaki<\/a><\/li>\n<li><a rel=\"mw:WikiLink\" href=\"https:\/\/en.wikipedia.org\/wiki\/Sousta\" title=\"Sousta\" target=\"_new\" class=\"wiki-link\">Sousta<\/a><\/li>\n<li><a rel=\"mw:WikiLink\" href=\"https:\/\/en.wikipedia.org\/wiki\/Tamzara\" title=\"Tamzara\" target=\"_new\" class=\"wiki-link\">Tamzara<\/a><\/li>\n<li><a rel=\"mw:WikiLink\" href=\"https:\/\/en.wikipedia.org\/wiki\/Tsamiko\" title=\"Tsamiko\" target=\"_new\" class=\"wiki-link\">Tsamiko<\/a><\/li><\/ul>\n<\/div><\/td><\/tr><tr><th scope=\"row\" class=\"navbox-group\" style=\"width:1%\">Other<\/th><td class=\"navbox-list-with-group navbox-list navbox-odd\" style=\"width:100%;padding:0\"><div style=\"padding:0 0.25em\">\n<ul><li><a rel=\"mw:WikiLink\" href=\"https:\/\/en.wikipedia.org\/wiki\/Antikristos\" title=\"Antikristos\" target=\"_new\" class=\"wiki-link\">Antikristos<\/a><\/li>\n<li><a rel=\"mw:WikiLink\" href=\"https:\/\/en.wikipedia.org\/wiki\/Antipatitis\" title=\"Antipatitis\" target=\"_new\" class=\"wiki-link\">Antipatitis<\/a><\/li>\n<li><a rel=\"mw:WikiLink\" href=\"https:\/\/en.wikipedia.org\/wiki\/\u010co\u010dek\" title=\"\u010co\u010dek\" target=\"_new\" class=\"wiki-link\">\u010co\u010dek<\/a><\/li>\n<li><a rel=\"mw:WikiLink\" href=\"https:\/\/en.wikipedia.org\/wiki\/Karsilamas\" title=\"Karsilamas\" target=\"_new\" class=\"wiki-link\">Karsilamas<\/a><\/li>\n<li><a rel=\"mw:WikiLink\" href=\"https:\/\/en.wikipedia.org\/wiki\/Oro_(eagle_dance)\" title=\"Oro (eagle dance)\" class=\"mw-redirect wiki-link\" target=\"_new\">Oro (eagle dance)<\/a><\/li>\n<li><a rel=\"mw:WikiLink\" href=\"https:\/\/en.wikipedia.org\/wiki\/Zeibekiko\" title=\"Zeibekiko\" target=\"_new\" class=\"wiki-link\">Zeibekiko<\/a><\/li>\n<li><a rel=\"mw:WikiLink\" href=\"https:\/\/en.wikipedia.org\/wiki\/Zeybek_dance\" title=\"Zeybek dance\" class=\"mw-redirect wiki-link\" target=\"_new\">Zeybek<\/a><\/li><\/ul>\n<\/div><\/td><\/tr><tr><th scope=\"row\" class=\"navbox-group\" style=\"width:1%\">By country<\/th><td class=\"navbox-list-with-group navbox-list navbox-even\" style=\"width:100%;padding:0\"><div style=\"padding:0 0.25em\">\n<ul><li><a rel=\"mw:WikiLink\" href=\"https:\/\/en.wikipedia.org\/wiki\/List_of_Albanian_dances\" title=\"List of Albanian dances\" target=\"_new\" class=\"wiki-link\">Albania<\/a><\/li>\n<li><a rel=\"mw:WikiLink\" href=\"https:\/\/en.wikipedia.org\/wiki\/Bosnian_dances?action=edit&redlink=1\" title=\"Bosnian dances (page does not exist)\" class=\"new wiki-link\" typeof=\"mw:LocalizedAttrs\" data-mw-i18n='{\"title\":{\"lang\":\"x-page\",\"key\":\"red-link-title\",\"params\":[\"Bosnian dances\"]}}' target=\"_new\">Bosnia and Herzegovina<\/a><\/li>\n<li><a rel=\"mw:WikiLink\" href=\"https:\/\/en.wikipedia.org\/wiki\/Bulgarian_dances\" title=\"Bulgarian dances\" class=\"mw-redirect wiki-link\" target=\"_new\">Bulgaria<\/a><\/li>\n<li><a rel=\"mw:WikiLink\" href=\"https:\/\/en.wikipedia.org\/wiki\/Croatian_dances\" title=\"Croatian dances\" class=\"mw-redirect wiki-link\" target=\"_new\">Croatia<\/a><\/li>\n<li><a rel=\"mw:WikiLink\" href=\"https:\/\/en.wikipedia.org\/wiki\/Greek_dances\" title=\"Greek dances\" target=\"_new\" class=\"wiki-link\">Greece<\/a><\/li>\n<li><a rel=\"mw:WikiLink\" href=\"https:\/\/en.wikipedia.org\/wiki\/Montenegrin_dances?action=edit&redlink=1\" title=\"Montenegrin dances (page does not exist)\" class=\"new wiki-link\" typeof=\"mw:LocalizedAttrs\" data-mw-i18n='{\"title\":{\"lang\":\"x-page\",\"key\":\"red-link-title\",\"params\":[\"Montenegrin dances\"]}}' target=\"_new\">Montenegro<\/a><\/li>\n<li><a rel=\"mw:WikiLink\" href=\"https:\/\/en.wikipedia.org\/wiki\/Macedonian_dances?action=edit&redlink=1\" title=\"Macedonian dances (page does not exist)\" class=\"new wiki-link\" typeof=\"mw:LocalizedAttrs\" data-mw-i18n='{\"title\":{\"lang\":\"x-page\",\"key\":\"red-link-title\",\"params\":[\"Macedonian dances\"]}}' target=\"_new\">North Macedonia<\/a><\/li>\n<li><a rel=\"mw:WikiLink\" href=\"https:\/\/en.wikipedia.org\/wiki\/Romanian_dances?action=edit&redlink=1\" title=\"Romanian dances (page does not exist)\" class=\"new wiki-link\" typeof=\"mw:LocalizedAttrs\" data-mw-i18n='{\"title\":{\"lang\":\"x-page\",\"key\":\"red-link-title\",\"params\":[\"Romanian dances\"]}}' target=\"_new\">Romania<\/a><\/li>\n<li><a rel=\"mw:WikiLink\" href=\"https:\/\/en.wikipedia.org\/wiki\/Serbian_dances\" title=\"Serbian dances\" target=\"_new\" class=\"wiki-link\">Serbia<\/a><\/li>\n<li><a rel=\"mw:WikiLink\" href=\"https:\/\/en.wikipedia.org\/wiki\/Slovene_dances?action=edit&redlink=1\" title=\"Slovene dances (page does not exist)\" class=\"new wiki-link\" typeof=\"mw:LocalizedAttrs\" data-mw-i18n='{\"title\":{\"lang\":\"x-page\",\"key\":\"red-link-title\",\"params\":[\"Slovene dances\"]}}' target=\"_new\">Slovenia<\/a><\/li>\n<li><a rel=\"mw:WikiLink\" href=\"https:\/\/en.wikipedia.org\/wiki\/Turkish_dance\" title=\"Turkish dance\" class=\"mw-redirect wiki-link\" target=\"_new\">Turkey<\/a><\/li><\/ul>\n<\/div><\/td><\/tr><\/tbody><\/table><div><\/div><\/td><\/tr><tr><th scope=\"row\" class=\"navbox-group\" style=\"width:1%\">Notable musicians<\/th><td class=\"navbox-list-with-group navbox-list navbox-odd hlist\" style=\"width:100%;padding:0\"><div style=\"padding:0 0.25em\">\n<ul><li><a rel=\"mw:WikiLink\" href=\"https:\/\/en.wikipedia.org\/wiki\/Adrian_S\u00een\u0103\" title=\"Adrian S\u00een\u0103\" target=\"_new\" class=\"wiki-link\">Adrian S\u00een\u0103<\/a><\/li>\n<li><a rel=\"mw:WikiLink\" href=\"https:\/\/en.wikipedia.org\/wiki\/Al'_Dino\" title=\"Al' Dino\" target=\"_new\" class=\"wiki-link\">Al' Dino<\/a><\/li>\n<li><a rel=\"mw:WikiLink\" href=\"https:\/\/en.wikipedia.org\/wiki\/Alban_Sk\u00ebnderaj\" title=\"Alban Sk\u00ebnderaj\" target=\"_new\" class=\"wiki-link\">Alban Sk\u00ebnderaj<\/a><\/li>\n<li><a rel=\"mw:WikiLink\" href=\"https:\/\/en.wikipedia.org\/wiki\/Alen_Islamovi\u0107\" title=\"Alen Islamovi\u0107\" target=\"_new\" class=\"wiki-link\">Alen Islamovi\u0107<\/a><\/li>\n<li><a rel=\"mw:WikiLink\" href=\"https:\/\/en.wikipedia.org\/wiki\/Alexandra_Stan\" title=\"Alexandra Stan\" target=\"_new\" class=\"wiki-link\">Alexandra Stan<\/a><\/li>\n<li><a rel=\"mw:WikiLink\" href=\"https:\/\/en.wikipedia.org\/wiki\/Andreea_B\u0103nic\u0103\" title=\"Andreea B\u0103nic\u0103\" target=\"_new\" class=\"wiki-link\">Andreea B\u0103nic\u0103<\/a><\/li>\n<li><a rel=\"mw:WikiLink\" href=\"https:\/\/en.wikipedia.org\/wiki\/Andrea_(Bulgarian_singer)\" title=\"Andrea (Bulgarian singer)\" target=\"_new\" class=\"wiki-link\">Andrea<\/a><\/li>\n<li><a rel=\"mw:WikiLink\" href=\"https:\/\/en.wikipedia.org\/wiki\/Anna_Odobescu\" title=\"Anna Odobescu\" target=\"_new\" class=\"wiki-link\">Anna Odobescu<\/a><\/li>\n<li><a rel=\"mw:WikiLink\" href=\"https:\/\/en.wikipedia.org\/wiki\/Anna_Vissi\" title=\"Anna Vissi\" target=\"_new\" class=\"wiki-link\">Anna Vissi<\/a><\/li>\n<li><a rel=\"mw:WikiLink\" href=\"https:\/\/en.wikipedia.org\/wiki\/Antypas\" title=\"Antypas\" target=\"_new\" class=\"wiki-link\">Antypas<\/a><\/li>\n<li><a rel=\"mw:WikiLink\" href=\"https:\/\/en.wikipedia.org\/wiki\/Anxhela_Peristeri\" title=\"Anxhela Peristeri\" target=\"_new\" class=\"wiki-link\">Anxhela Peristeri<\/a><\/li>\n<li><a rel=\"mw:WikiLink\" href=\"https:\/\/en.wikipedia.org\/wiki\/Ardian_Bujupi\" title=\"Ardian Bujupi\" target=\"_new\" class=\"wiki-link\">Ardian Bujupi<\/a><\/li>\n<li><a rel=\"mw:WikiLink\" href=\"https:\/\/en.wikipedia.org\/wiki\/Aurela_Ga\u00e7e\" title=\"Aurela Ga\u00e7e\" target=\"_new\" class=\"wiki-link\">Aurela Ga\u00e7e<\/a><\/li>\n<li><a rel=\"mw:WikiLink\" href=\"https:\/\/en.wikipedia.org\/wiki\/Avni_Mula\" title=\"Avni Mula\" target=\"_new\" class=\"wiki-link\">Avni Mula<\/a><\/li>\n<li><a rel=\"mw:WikiLink\" href=\"https:\/\/en.wikipedia.org\/wiki\/Azis\" title=\"Azis\" target=\"_new\" class=\"wiki-link\">Azis<\/a><\/li>\n<li><a rel=\"mw:WikiLink\" href=\"https:\/\/en.wikipedia.org\/wiki\/Beba_Selimovi\u0107\" title=\"Beba Selimovi\u0107\" target=\"_new\" class=\"wiki-link\">Beba Selimovi\u0107<\/a><\/li>\n<li><a rel=\"mw:WikiLink\" href=\"https:\/\/en.wikipedia.org\/wiki\/Bebe_Rexha\" title=\"Bebe Rexha\" target=\"_new\" class=\"wiki-link\">Bebe Rexha<\/a><\/li>\n<li><a rel=\"mw:WikiLink\" href=\"https:\/\/en.wikipedia.org\/wiki\/Bebi_Dol\" title=\"Bebi Dol\" target=\"_new\" class=\"wiki-link\">Bebi Dol<\/a><\/li>\n<li><a rel=\"mw:WikiLink\" href=\"https:\/\/en.wikipedia.org\/wiki\/Bleona\" title=\"Bleona\" target=\"_new\" class=\"wiki-link\">Bleona<\/a><\/li>\n<li><a rel=\"mw:WikiLink\" href=\"https:\/\/en.wikipedia.org\/wiki\/Boban_Rajovi\u0107\" title=\"Boban Rajovi\u0107\" target=\"_new\" class=\"wiki-link\">Boban Rajovi\u0107<\/a><\/li>\n<li><a rel=\"mw:WikiLink\" href=\"https:\/\/en.wikipedia.org\/wiki\/Bo\u017eo_Vre\u0107o\" title=\"Bo\u017eo Vre\u0107o\" target=\"_new\" class=\"wiki-link\">Bo\u017eo Vre\u0107o<\/a><\/li>\n<li><a rel=\"mw:WikiLink\" href=\"https:\/\/en.wikipedia.org\/wiki\/Branimir_\u0160tuli\u0107\" title=\"Branimir \u0160tuli\u0107\" target=\"_new\" class=\"wiki-link\">Branimir \u0160tuli\u0107<\/a><\/li>\n<li><a rel=\"mw:WikiLink\" href=\"https:\/\/en.wikipedia.org\/wiki\/Capital_T\" title=\"Capital T\" target=\"_new\" class=\"wiki-link\">Capital T<\/a><\/li>\n<li><a rel=\"mw:WikiLink\" href=\"https:\/\/en.wikipedia.org\/wiki\/Ceca_(singer)\" title=\"Ceca (singer)\" target=\"_new\" class=\"wiki-link\">Ceca<\/a><\/li>\n<li><a rel=\"mw:WikiLink\" href=\"https:\/\/en.wikipedia.org\/wiki\/Dado_Polumenta\" title=\"Dado Polumenta\" target=\"_new\" class=\"wiki-link\">Dado Polumenta<\/a><\/li>\n<li><a rel=\"mw:WikiLink\" href=\"https:\/\/en.wikipedia.org\/wiki\/Dafina_Zeqiri\" class=\"mw-selflink selflink wiki-link\" target=\"_new\">Dafina Zeqiri<\/a><\/li>\n<li><a rel=\"mw:WikiLink\" href=\"https:\/\/en.wikipedia.org\/wiki\/Davorin_Popovi\u0107\" title=\"Davorin Popovi\u0107\" target=\"_new\" class=\"wiki-link\">Davorin Popovi\u0107<\/a><\/li>\n<li><a rel=\"mw:WikiLink\" href=\"https:\/\/en.wikipedia.org\/wiki\/Deen_(singer)\" title=\"Deen (singer)\" target=\"_new\" class=\"wiki-link\">Deen<\/a><\/li>\n<li><a rel=\"mw:WikiLink\" href=\"https:\/\/en.wikipedia.org\/wiki\/Desi_Slava\" title=\"Desi Slava\" target=\"_new\" class=\"wiki-link\">Desi Slava<\/a><\/li>\n<li><a rel=\"mw:WikiLink\" href=\"https:\/\/en.wikipedia.org\/wiki\/Despina_Vandi\" title=\"Despina Vandi\" target=\"_new\" class=\"wiki-link\">Despina Vandi<\/a><\/li>\n<li><a rel=\"mw:WikiLink\" href=\"https:\/\/en.wikipedia.org\/wiki\/Dino_Merlin\" title=\"Dino Merlin\" target=\"_new\" class=\"wiki-link\">Dino Merlin<\/a><\/li>\n<li><a rel=\"mw:WikiLink\" href=\"https:\/\/en.wikipedia.org\/wiki\/Dr_Iggy\" title=\"Dr Iggy\" target=\"_new\" class=\"wiki-link\">Dr Iggy<\/a><\/li>\n<li><a rel=\"mw:WikiLink\" href=\"https:\/\/en.wikipedia.org\/wiki\/Dua_Lipa\" title=\"Dua Lipa\" target=\"_new\" class=\"wiki-link\">Dua Lipa<\/a><\/li>\n<li><a rel=\"mw:WikiLink\" href=\"https:\/\/en.wikipedia.org\/wiki\/Edo_Maajka\" title=\"Edo Maajka\" target=\"_new\" class=\"wiki-link\">Edo Maajka<\/a><\/li>\n<li><a rel=\"mw:WikiLink\" href=\"https:\/\/en.wikipedia.org\/wiki\/Eleftheria_Eleftheriou\" title=\"Eleftheria Eleftheriou\" target=\"_new\" class=\"wiki-link\">Eleftheria Eleftheriou<\/a><\/li>\n<li><a rel=\"mw:WikiLink\" href=\"https:\/\/en.wikipedia.org\/wiki\/Eleni_Foureira\" title=\"Eleni Foureira\" target=\"_new\" class=\"wiki-link\">Eleni Foureira<\/a><\/li>\n<li><a rel=\"mw:WikiLink\" href=\"https:\/\/en.wikipedia.org\/wiki\/Elhaida_Dani\" title=\"Elhaida Dani\" target=\"_new\" class=\"wiki-link\">Elhaida Dani<\/a><\/li>\n<li><a rel=\"mw:WikiLink\" href=\"https:\/\/en.wikipedia.org\/wiki\/Elvana_Gjata\" title=\"Elvana Gjata\" target=\"_new\" class=\"wiki-link\">Elvana Gjata<\/a><\/li>\n<li><a rel=\"mw:WikiLink\" href=\"https:\/\/en.wikipedia.org\/wiki\/Elvir_Lakovi\u0107_Laka\" title=\"Elvir Lakovi\u0107 Laka\" target=\"_new\" class=\"wiki-link\">Elvir Lakovi\u0107 Laka<\/a><\/li>\n<li><a rel=\"mw:WikiLink\" href=\"https:\/\/en.wikipedia.org\/wiki\/Emanuela_(singer)\" title=\"Emanuela (singer)\" target=\"_new\" class=\"wiki-link\">Emanuela<\/a><\/li>\n<li><a rel=\"mw:WikiLink\" href=\"https:\/\/en.wikipedia.org\/wiki\/Emina_Jahovi\u0107\" title=\"Emina Jahovi\u0107\" target=\"_new\" class=\"wiki-link\">Emina Jahovi\u0107<\/a><\/li>\n<li><a rel=\"mw:WikiLink\" href=\"https:\/\/en.wikipedia.org\/wiki\/Era_Istrefi\" title=\"Era Istrefi\" target=\"_new\" class=\"wiki-link\">Era Istrefi<\/a><\/li>\n<li><a rel=\"mw:WikiLink\" href=\"https:\/\/en.wikipedia.org\/wiki\/Fiki\" title=\"Fiki\" target=\"_new\" class=\"wiki-link\">Fiki<\/a><\/li>\n<li><a rel=\"mw:WikiLink\" href=\"https:\/\/en.wikipedia.org\/wiki\/Flori_Mumajesi\" title=\"Flori Mumajesi\" target=\"_new\" class=\"wiki-link\">Flori Mumajesi<\/a><\/li>\n<li><a rel=\"mw:WikiLink\" href=\"https:\/\/en.wikipedia.org\/wiki\/Frenkie\" title=\"Frenkie\" target=\"_new\" class=\"wiki-link\">Frenkie<\/a><\/li>\n<li><a rel=\"mw:WikiLink\" href=\"https:\/\/en.wikipedia.org\/wiki\/Galena_(singer)\" title=\"Galena (singer)\" target=\"_new\" class=\"wiki-link\">Galena<\/a><\/li>\n<li><a rel=\"mw:WikiLink\" href=\"https:\/\/en.wikipedia.org\/wiki\/Gashi_(rapper)\" title=\"Gashi (rapper)\" target=\"_new\" class=\"wiki-link\">Gashi<\/a><\/li>\n<li><a rel=\"mw:WikiLink\" href=\"https:\/\/en.wikipedia.org\/wiki\/George_Dalaras\" title=\"George Dalaras\" target=\"_new\" class=\"wiki-link\">George Dalaras<\/a><\/li>\n<li><a rel=\"mw:WikiLink\" href=\"https:\/\/en.wikipedia.org\/wiki\/Gergana_(Bulgarian_singer)\" title=\"Gergana (Bulgarian singer)\" target=\"_new\" class=\"wiki-link\">Gergana<\/a><\/li>\n<li><a rel=\"mw:WikiLink\" href=\"https:\/\/en.wikipedia.org\/wiki\/Gloria_(Bulgarian_singer)\" title=\"Gloria (Bulgarian singer)\" target=\"_new\" class=\"wiki-link\">Gloria<\/a><\/li>\n<li><a rel=\"mw:WikiLink\" href=\"https:\/\/en.wikipedia.org\/wiki\/Goran_Bregovi\u0107\" title=\"Goran Bregovi\u0107\" target=\"_new\" class=\"wiki-link\">Goran Bregovi\u0107<\/a><\/li>\n<li><a rel=\"mw:WikiLink\" href=\"https:\/\/en.wikipedia.org\/wiki\/Hadise\" title=\"Hadise\" target=\"_new\" class=\"wiki-link\">Hadise<\/a><\/li>\n<li><a rel=\"mw:WikiLink\" href=\"https:\/\/en.wikipedia.org\/wiki\/Halid_Be\u0161li\u0107\" title=\"Halid Be\u0161li\u0107\" target=\"_new\" class=\"wiki-link\">Halid Be\u0161li\u0107<\/a><\/li>\n<li><a rel=\"mw:WikiLink\" href=\"https:\/\/en.wikipedia.org\/wiki\/Hari_Vare\u0161anovi\u0107\" title=\"Hari Vare\u0161anovi\u0107\" target=\"_new\" class=\"wiki-link\">Hari Vare\u0161anovi\u0107<\/a><\/li>\n<li><a rel=\"mw:WikiLink\" href=\"https:\/\/en.wikipedia.org\/wiki\/Haris_D\u017einovi\u0107\" title=\"Haris D\u017einovi\u0107\" target=\"_new\" class=\"wiki-link\">Haris D\u017einovi\u0107<\/a><\/li>\n<li><a rel=\"mw:WikiLink\" href=\"https:\/\/en.wikipedia.org\/wiki\/Hasiba_Agi\u0107\" title=\"Hasiba Agi\u0107\" target=\"_new\" class=\"wiki-link\">Hasiba Agi\u0107<\/a><\/li>\n<li><a rel=\"mw:WikiLink\" href=\"https:\/\/en.wikipedia.org\/wiki\/Helena_Paparizou\" title=\"Helena Paparizou\" target=\"_new\" class=\"wiki-link\">Helena Paparizou<\/a><\/li>\n<li><a rel=\"mw:WikiLink\" href=\"https:\/\/en.wikipedia.org\/wiki\/Himzo_Polovina\" title=\"Himzo Polovina\" target=\"_new\" class=\"wiki-link\">Himzo Polovina<\/a><\/li>\n<li><a rel=\"mw:WikiLink\" href=\"https:\/\/en.wikipedia.org\/wiki\/Ilira\" title=\"Ilira\" target=\"_new\" class=\"wiki-link\">Ilira<\/a><\/li>\n<li><a rel=\"mw:WikiLink\" href=\"https:\/\/en.wikipedia.org\/wiki\/Inna\" title=\"Inna\" target=\"_new\" class=\"wiki-link\">Inna<\/a><\/li>\n<li><a rel=\"mw:WikiLink\" href=\"https:\/\/en.wikipedia.org\/wiki\/Inva_Mula\" title=\"Inva Mula\" target=\"_new\" class=\"wiki-link\">Inva Mula<\/a><\/li>\n<li><a rel=\"mw:WikiLink\" href=\"https:\/\/en.wikipedia.org\/wiki\/Ivi_Adamou\" title=\"Ivi Adamou\" target=\"_new\" class=\"wiki-link\">Ivi Adamou<\/a><\/li>\n<li><a rel=\"mw:WikiLink\" href=\"https:\/\/en.wikipedia.org\/wiki\/Jura_Stubli\u0107\" title=\"Jura Stubli\u0107\" target=\"_new\" class=\"wiki-link\">Jura Stubli\u0107<\/a><\/li>\n<li><a rel=\"mw:WikiLink\" href=\"https:\/\/en.wikipedia.org\/wiki\/Kalomira\" title=\"Kalomira\" target=\"_new\" class=\"wiki-link\">Kalomira<\/a><\/li>\n<li><a rel=\"mw:WikiLink\" href=\"https:\/\/en.wikipedia.org\/wiki\/Kamelia\" title=\"Kamelia\" target=\"_new\" class=\"wiki-link\">Kamelia<\/a><\/li>\n<li><a rel=\"mw:WikiLink\" href=\"https:\/\/en.wikipedia.org\/wiki\/Katy_Garbi\" title=\"Katy Garbi\" target=\"_new\" class=\"wiki-link\">Katy Garbi<\/a><\/li>\n<li><a rel=\"mw:WikiLink\" href=\"https:\/\/en.wikipedia.org\/wiki\/Kemal_Monteno\" title=\"Kemal Monteno\" target=\"_new\" class=\"wiki-link\">Kemal Monteno<\/a><\/li>\n<li><a rel=\"mw:WikiLink\" href=\"https:\/\/en.wikipedia.org\/wiki\/Kenan_Do\u011fulu\" title=\"Kenan Do\u011fulu\" target=\"_new\" class=\"wiki-link\">Kenan Do\u011fulu<\/a><\/li>\n<li><a rel=\"mw:WikiLink\" href=\"https:\/\/en.wikipedia.org\/wiki\/Kir_Joakim\" title=\"Kir Joakim\" target=\"_new\" class=\"wiki-link\">Kir Joakim<\/a><\/li>\n<li><a rel=\"mw:WikiLink\" href=\"https:\/\/en.wikipedia.org\/wiki\/Knez_(singer)\" title=\"Knez (singer)\" target=\"_new\" class=\"wiki-link\">Knez<\/a><\/li>\n<li><a rel=\"mw:WikiLink\" href=\"https:\/\/en.wikipedia.org\/wiki\/Semir_Ceri\u0107_Koke\" title=\"Semir Ceri\u0107 Koke\" target=\"_new\" class=\"wiki-link\">Koke<\/a><\/li>\n<li><a rel=\"mw:WikiLink\" href=\"https:\/\/en.wikipedia.org\/wiki\/Lefteris_Pantazis\" title=\"Lefteris Pantazis\" target=\"_new\" class=\"wiki-link\">Lefteris Pantazis<\/a><\/li>\n<li><a rel=\"mw:WikiLink\" href=\"https:\/\/en.wikipedia.org\/wiki\/Lepa_Brena\" title=\"Lepa Brena\" target=\"_new\" class=\"wiki-link\">Lepa Brena<\/a><\/li>\n<li><a rel=\"mw:WikiLink\" href=\"https:\/\/en.wikipedia.org\/wiki\/Malina_(Bulgarian_singer)\" title=\"Malina (Bulgarian singer)\" target=\"_new\" class=\"wiki-link\">Malina<\/a><\/li>\n<li><a rel=\"mw:WikiLink\" href=\"https:\/\/en.wikipedia.org\/wiki\/Maria_Elena_Kyriakou\" title=\"Maria Elena Kyriakou\" target=\"_new\" class=\"wiki-link\">Maria Elena Kyriakou<\/a><\/li>\n<li><a rel=\"mw:WikiLink\" href=\"https:\/\/en.wikipedia.org\/wiki\/Marinella\" title=\"Marinella\" target=\"_new\" class=\"wiki-link\">Marinella<\/a><\/li>\n<li><a rel=\"mw:WikiLink\" href=\"https:\/\/en.wikipedia.org\/wiki\/Marta_Savi\u0107\" title=\"Marta Savi\u0107\" target=\"_new\" class=\"wiki-link\">Marta Savi\u0107<\/a><\/li>\n<li><a rel=\"mw:WikiLink\" href=\"https:\/\/en.wikipedia.org\/wiki\/Maya_Berovi\u0107\" title=\"Maya Berovi\u0107\" target=\"_new\" class=\"wiki-link\">Maya Berovi\u0107<\/a><\/li>\n<li><a rel=\"mw:WikiLink\" href=\"https:\/\/en.wikipedia.org\/wiki\/Maya_Sar\" title=\"Maya Sar\" target=\"_new\" class=\"wiki-link\">Maya Sarfm<\/a><\/li>\n<li><a rel=\"mw:WikiLink\" href=\"https:\/\/en.wikipedia.org\/wiki\/Miladin_\u0160obi\u0107\" title=\"Miladin \u0160obi\u0107\" target=\"_new\" class=\"wiki-link\">Miladin \u0160obi\u0107<\/a><\/li>\n<li><a rel=\"mw:WikiLink\" href=\"https:\/\/en.wikipedia.org\/wiki\/Milo\u0161_Bojani\u0107\" title=\"Milo\u0161 Bojani\u0107\" target=\"_new\" class=\"wiki-link\">Milo\u0161 Bojani\u0107<\/a><\/li>\n<li><a rel=\"mw:WikiLink\" href=\"https:\/\/en.wikipedia.org\/wiki\/Miroslav_Ili\u0107\" title=\"Miroslav Ili\u0107\" target=\"_new\" class=\"wiki-link\">Miroslav Ili\u0107<\/a><\/li>\n<li><a rel=\"mw:WikiLink\" href=\"https:\/\/en.wikipedia.org\/wiki\/Muharem_Serbezovski\" title=\"Muharem Serbezovski\" target=\"_new\" class=\"wiki-link\">Muharem Serbezovski<\/a><\/li>\n<li><a rel=\"mw:WikiLink\" href=\"https:\/\/en.wikipedia.org\/wiki\/Mustafa_Sandal\" title=\"Mustafa Sandal\" target=\"_new\" class=\"wiki-link\">Mustafa Sandal<\/a><\/li>\n<li><a rel=\"mw:WikiLink\" href=\"https:\/\/en.wikipedia.org\/wiki\/Nada_Mamula\" title=\"Nada Mamula\" target=\"_new\" class=\"wiki-link\">Nada Mamula<\/a><\/li>\n<li><a rel=\"mw:WikiLink\" href=\"https:\/\/en.wikipedia.org\/wiki\/Natasa_Theodoridou\" title=\"Natasa Theodoridou\" target=\"_new\" class=\"wiki-link\">Natasa Theodoridou<\/a><\/li>\n<li><a rel=\"mw:WikiLink\" href=\"https:\/\/en.wikipedia.org\/wiki\/Nexhmije_Pagarusha\" title=\"Nexhmije Pagarusha\" target=\"_new\" class=\"wiki-link\">Nexhmije Pagarusha<\/a><\/li>\n<li><a rel=\"mw:WikiLink\" href=\"https:\/\/en.wikipedia.org\/wiki\/Nikos_Vertis\" title=\"Nikos Vertis\" target=\"_new\" class=\"wiki-link\">Nikos Vertis<\/a><\/li>\n<li><a rel=\"mw:WikiLink\" href=\"https:\/\/en.wikipedia.org\/wiki\/Nino_Re\u0161i\u0107\" title=\"Nino Re\u0161i\u0107\" target=\"_new\" class=\"wiki-link\">Nino Re\u0161i\u0107<\/a><\/li>\n<li><a rel=\"mw:WikiLink\" href=\"https:\/\/en.wikipedia.org\/wiki\/Noizy\" title=\"Noizy\" target=\"_new\" class=\"wiki-link\">Noizy<\/a><\/li>\n<li><a rel=\"mw:WikiLink\" href=\"https:\/\/en.wikipedia.org\/wiki\/Nora_Istrefi\" title=\"Nora Istrefi\" target=\"_new\" class=\"wiki-link\">Nora Istrefi<\/a><\/li>\n<li><a rel=\"mw:WikiLink\" href=\"https:\/\/en.wikipedia.org\/wiki\/Osman_Had\u017ei\u0107\" title=\"Osman Had\u017ei\u0107\" target=\"_new\" class=\"wiki-link\">Osman Had\u017ei\u0107<\/a><\/li>\n<li><a rel=\"mw:WikiLink\" href=\"https:\/\/en.wikipedia.org\/wiki\/Paola_(Greek_singer)\" title=\"Paola (Greek singer)\" target=\"_new\" class=\"wiki-link\">Paola<\/a><\/li>\n<li><a rel=\"mw:WikiLink\" href=\"https:\/\/en.wikipedia.org\/wiki\/Poli_Genova\" title=\"Poli Genova\" target=\"_new\" class=\"wiki-link\">Poli Genova<\/a><\/li>\n<li><a rel=\"mw:WikiLink\" href=\"https:\/\/en.wikipedia.org\/wiki\/Preslava\" title=\"Preslava\" target=\"_new\" class=\"wiki-link\">Preslava<\/a><\/li>\n<li><a rel=\"mw:WikiLink\" href=\"https:\/\/en.wikipedia.org\/wiki\/Rambo_Amadeus\" title=\"Rambo Amadeus\" target=\"_new\" class=\"wiki-link\">Rambo Amadeus<\/a><\/li>\n<li><a rel=\"mw:WikiLink\" href=\"https:\/\/en.wikipedia.org\/wiki\/Rayna_(singer)\" title=\"Rayna (singer)\" target=\"_new\" class=\"wiki-link\">Rayna<\/a><\/li>\n<li><a rel=\"mw:WikiLink\" href=\"https:\/\/en.wikipedia.org\/wiki\/Rita_Ora\" title=\"Rita Ora\" target=\"_new\" class=\"wiki-link\">Rita Ora<\/a><\/li>\n<li><a rel=\"mw:WikiLink\" href=\"https:\/\/en.wikipedia.org\/wiki\/Safet_Isovi\u0107\" title=\"Safet Isovi\u0107\" target=\"_new\" class=\"wiki-link\">Safet Isovi\u0107<\/a><\/li>\n<li><a rel=\"mw:WikiLink\" href=\"https:\/\/en.wikipedia.org\/wiki\/Sakis_Rouvas\" title=\"Sakis Rouvas\" target=\"_new\" class=\"wiki-link\">Sakis Rouvas<\/a><\/li>\n<li><a rel=\"mw:WikiLink\" href=\"https:\/\/en.wikipedia.org\/wiki\/Sead_Lipova\u010da\" title=\"Sead Lipova\u010da\" class=\"mw-redirect wiki-link\" target=\"_new\">Sead Lipova\u010da<\/a><\/li>\n<li><a rel=\"mw:WikiLink\" href=\"https:\/\/en.wikipedia.org\/wiki\/Sejo_Sexon\" title=\"Sejo Sexon\" target=\"_new\" class=\"wiki-link\">Sejo Sexon<\/a><\/li>\n<li><a rel=\"mw:WikiLink\" href=\"https:\/\/en.wikipedia.org\/wiki\/Selma_Bajrami\" title=\"Selma Bajrami\" target=\"_new\" class=\"wiki-link\">Selma Bajrami<\/a><\/li>\n<li><a rel=\"mw:WikiLink\" href=\"https:\/\/en.wikipedia.org\/wiki\/Serdar_Orta\u00e7\" title=\"Serdar Orta\u00e7\" target=\"_new\" class=\"wiki-link\">Serdar Orta\u00e7<\/a><\/li>\n<li><a rel=\"mw:WikiLink\" href=\"https:\/\/en.wikipedia.org\/wiki\/Sergej_\u0106etkovi\u0107\" title=\"Sergej \u0106etkovi\u0107\" target=\"_new\" class=\"wiki-link\">Sergej \u0106etkovi\u0107<\/a><\/li>\n<li><a rel=\"mw:WikiLink\" href=\"https:\/\/en.wikipedia.org\/wiki\/Sertab_Erener\" title=\"Sertab Erener\" target=\"_new\" class=\"wiki-link\">Sertab Erener<\/a><\/li>\n<li><a rel=\"mw:WikiLink\" href=\"https:\/\/en.wikipedia.org\/wiki\/Silvana_Armenuli\u0107\" title=\"Silvana Armenuli\u0107\" target=\"_new\" class=\"wiki-link\">Silvana Armenuli\u0107<\/a><\/li>\n<li><a rel=\"mw:WikiLink\" href=\"https:\/\/en.wikipedia.org\/wiki\/Sofi_Marinova\" title=\"Sofi Marinova\" target=\"_new\" class=\"wiki-link\">Sofi Marinova<\/a><\/li>\n<li><a rel=\"mw:WikiLink\" href=\"https:\/\/en.wikipedia.org\/wiki\/Stojan_Stojkov\" title=\"Stojan Stojkov\" target=\"_new\" class=\"wiki-link\">Stojan Stojkov<\/a><\/li>\n<li><a rel=\"mw:WikiLink\" href=\"https:\/\/en.wikipedia.org\/wiki\/Tanja_Ribi\u010d\" title=\"Tanja Ribi\u010d\" target=\"_new\" class=\"wiki-link\">Tanja Ribi\u010d<\/a><\/li>\n<li><a rel=\"mw:WikiLink\" href=\"https:\/\/en.wikipedia.org\/wiki\/Mladen_Voji\u010di\u0107_Tifa\" title=\"Mladen Voji\u010di\u0107 Tifa\" target=\"_new\" class=\"wiki-link\">Tifa<\/a><\/li>\n<li><a rel=\"mw:WikiLink\" href=\"https:\/\/en.wikipedia.org\/wiki\/Vasilis_Karras\" title=\"Vasilis Karras\" target=\"_new\" class=\"wiki-link\">Vasilis Karras<\/a><\/li>\n<li><a rel=\"mw:WikiLink\" href=\"https:\/\/en.wikipedia.org\/wiki\/Vlado_Georgiev\" title=\"Vlado Georgiev\" target=\"_new\" class=\"wiki-link\">Vlado Georgiev<\/a><\/li>\n<li><a rel=\"mw:WikiLink\" href=\"https:\/\/en.wikipedia.org\/wiki\/Yiannis_Parios\" title=\"Yiannis Parios\" target=\"_new\" class=\"wiki-link\">Yiannis Parios<\/a><\/li>\n<li><a rel=\"mw:WikiLink\" href=\"https:\/\/en.wikipedia.org\/wiki\/Zaim_Imamovi\u0107\" title=\"Zaim Imamovi\u0107\" target=\"_new\" class=\"wiki-link\">Zaim Imamovi\u0107<\/a><\/li>\n<li><a rel=\"mw:WikiLink\" href=\"https:\/\/en.wikipedia.org\/wiki\/\u015eebnem_Paker\" title=\"\u015eebnem Paker\" target=\"_new\" class=\"wiki-link\">\u015eebnem Paker<\/a><\/li>\n<li><a rel=\"mw:WikiLink\" href=\"https:\/\/en.wikipedia.org\/wiki\/\u0160emsa_Suljakovi\u0107\" title=\"\u0160emsa Suljakovi\u0107\" target=\"_new\" class=\"wiki-link\">\u0160emsa Suljakovi\u0107<\/a><\/li>\n<li><a rel=\"mw:WikiLink\" href=\"https:\/\/en.wikipedia.org\/wiki\/\u0160erif_Konjevi\u0107\" title=\"\u0160erif Konjevi\u0107\" target=\"_new\" class=\"wiki-link\">\u0160erif Konjevi\u0107<\/a><\/li>\n<li><a rel=\"mw:WikiLink\" href=\"https:\/\/en.wikipedia.org\/wiki\/\u017deljko_Joksimovi\u0107\" title=\"\u017deljko Joksimovi\u0107\" target=\"_new\" class=\"wiki-link\">\u017deljko Joksimovi\u0107<\/a><\/li><\/ul>\n<\/div><\/td><\/tr><\/tbody><\/table><\/div>\n<div class=\"navbox-styles\" about=\"#mwt208\" typeof=\"mw:Transclusion\" id=\"rdp-we-mwBBo\" data-mw='{\"parts\":[{\"template\":{\"target\":{\"wt\":\"Authority control\",\"href\":\".\/Template:Authority_control\"},\"params\":{},\"i\":0}}]}'><span class=\"mw-empty-elt\"><link rel=\"mw-deduplicated-inline-style\" href=\"mw-data:TemplateStyles:r1333133064\" about=\"#mwt209\" typeof=\"mw:Extension\/templatestyles\" data-mw='{\"name\":\"templatestyles\",\"attrs\":{\"src\":\"Hlist\/styles.css\"},\"body\":{\"extsrc\":\"\"}}'\/><link rel=\"mw-deduplicated-inline-style\" href=\"mw-data:TemplateStyles:r1364279517\" about=\"#mwt210\" typeof=\"mw:Extension\/templatestyles\" data-mw='{\"name\":\"templatestyles\",\"attrs\":{\"src\":\"Module:Navbox\/styles.css\"},\"body\":{\"extsrc\":\"\"}}'\/><\/span><\/div><div role=\"navigation\" class=\"navbox authority-control\" aria-label=\"Navbox429\" style=\"padding:3px\" about=\"#mwt208\" id=\"rdp-we-mwBBs\"><table class=\"nowraplinks hlist navbox-inner\" style=\"border-spacing:0;background:transparent;color:inherit\"><tbody><tr><th scope=\"row\" class=\"navbox-group\" style=\"width:1%\"><a rel=\"mw:WikiLink\" href=\"https:\/\/en.wikipedia.org\/wiki\/Help:Authority_control\" title=\"Help:Authority control\" target=\"_new\" class=\"wiki-link\">Authority control databases<\/a>: Artists <span class=\"mw-valign-text-top noprint\" typeof=\"mw:File\/Frameless\" data-mw='{\"caption\":\"Edit this at Wikidata\"}'><a href=\"https:\/\/www.wikidata.org\/wiki\/Q462696#identifiers\" title=\"Edit this at Wikidata\" target=\"_new\" class=\"wiki-link\"><img resource=\"https:\/\/en.wikipedia.org\/wiki\/File:OOjs_UI_icon_edit-ltr-progressive.svg\" src=\"https:\/\/upload.wikimedia.org\/wikipedia\/en\/thumb\/8\/8a\/OOjs_UI_icon_edit-ltr-progressive.svg\/20px-OOjs_UI_icon_edit-ltr-progressive.svg.png?utm_source=en.wikipedia.org&amp;utm_campaign=parser&amp;utm_content=thumbnail\" decoding=\"async\" loading=\"lazy\" alt=\"Edit this at Wikidata\" data-file-type=\"drawing\" height=\"10\" width=\"10\" class=\"mw-file-element\"\/><\/a><\/span><\/th><td class=\"navbox-list-with-group navbox-list navbox-odd\" style=\"width:100%;padding:0\"><div style=\"padding:0 0.25em\"><ul><li><span class=\"uid\"><a rel=\"external_link\" href=\"https:\/\/musicbrainz.org\/artist\/8e1e7e87-f51b-474b-93c8-8dacc3b791ee\" class=\"external text\" target=\"_new\">MusicBrainz<\/a><\/span><\/li><\/ul><\/div><\/td><\/tr><\/tbody><\/table><\/div>\n\n<span about=\"#mwt211\" typeof=\"mw:Transclusion\" id=\"rdp-we-mwBBw\" data-mw='{\"parts\":[{\"template\":{\"target\":{\"wt\":\"DEFAULTSORT:Zeqiri, Dafina\",\"function\":\"defaultsort\"},\"params\":{},\"i\":0}}]}'><\/span>\n<link rel=\"mw:PageProp\/Category\" href=\".\/Category:1989_births\" id=\"rdp-we-mwBB0\"\/>\n<link rel=\"mw:PageProp\/Category\" href=\".\/Category:21st-century_Albanian_women_singers\" id=\"rdp-we-mwBB4\"\/>\n<link rel=\"mw:PageProp\/Category\" href=\".\/Category:21st-century_Swedish_women_singers\" id=\"rdp-we-mwBB8\"\/>\n<link rel=\"mw:PageProp\/Category\" href=\".\/Category:Albanian_composers\" id=\"rdp-we-mwBCA\"\/>\n<link rel=\"mw:PageProp\/Category\" href=\".\/Category:Albanian_women_composers\" id=\"rdp-we-mwBCE\"\/>\n<link rel=\"mw:PageProp\/Category\" href=\".\/Category:Albanian_health_activists\" id=\"rdp-we-mwBCI\"\/>\n<link rel=\"mw:PageProp\/Category\" href=\".\/Category:Albanian_pop_singers\" id=\"rdp-we-mwBCM\"\/>\n<link rel=\"mw:PageProp\/Category\" href=\".\/Category:Albanian_women_pop_singers\" id=\"rdp-we-mwBCQ\"\/>\n<link rel=\"mw:PageProp\/Category\" href=\".\/Category:Albanian_rhythm_and_blues_singers\" id=\"rdp-we-mwBCU\"\/>\n<link rel=\"mw:PageProp\/Category\" href=\".\/Category:Albanian-language_Swedish_singers\" id=\"rdp-we-mwBCY\"\/>\n<link rel=\"mw:PageProp\/Category\" href=\".\/Category:Albanian_songwriters\" id=\"rdp-we-mwBCc\"\/>\n<link rel=\"mw:PageProp\/Category\" href=\".\/Category:Kosovan_composers\" id=\"rdp-we-mwBCg\"\/>\n<link rel=\"mw:PageProp\/Category\" href=\".\/Category:Kosovan_women_composers\" id=\"rdp-we-mwBCk\"\/>\n<link rel=\"mw:PageProp\/Category\" href=\".\/Category:Kosovan_singers\" id=\"rdp-we-mwBCo\"\/>\n<link rel=\"mw:PageProp\/Category\" href=\".\/Category:Kosovan_women_singers\" id=\"rdp-we-mwBCs\"\/>\n<link rel=\"mw:PageProp\/Category\" href=\".\/Category:Kosovan_people_of_Albanian_descent\" id=\"rdp-we-mwBCw\"\/>\n<link rel=\"mw:PageProp\/Category\" href=\".\/Category:Kosovo_Albanians\" id=\"rdp-we-mwBC0\"\/>\n<link rel=\"mw:PageProp\/Category\" href=\".\/Category:Living_people\" id=\"rdp-we-mwBC4\"\/>\n<link rel=\"mw:PageProp\/Category\" href=\".\/Category:Musicians_from_Pristina\" id=\"rdp-we-mwBC8\"\/>\n<link rel=\"mw:PageProp\/Category\" href=\".\/Category:People_from_Varberg\" id=\"rdp-we-mwBDA\"\/>\n<link rel=\"mw:PageProp\/Category\" href=\".\/Category:Swedish_health_activists\" id=\"rdp-we-mwBDE\"\/>\n<link rel=\"mw:PageProp\/Category\" href=\".\/Category:Swedish_women_pop_singers\" id=\"rdp-we-mwBDI\"\/>\n<link rel=\"mw:PageProp\/Category\" href=\".\/Category:Swedish_rhythm_and_blues_singers\" id=\"rdp-we-mwBDM\"\/>\n<link rel=\"mw:PageProp\/Category\" href=\".\/Category:Swedish_women_songwriters\" id=\"rdp-we-mwBDQ\"\/>\n<link rel=\"mw:PageProp\/Category\" href=\".\/Category:Swedish_people_of_Albanian_descent\" id=\"rdp-we-mwBDU\"\/>\n<link rel=\"mw:PageProp\/Category\" href=\".\/Category:Musicians_from_Halland_County\" id=\"rdp-we-mwBDY\"\/><\/section>\n<!-- \nNewPP limit report\nParsed by mw\u2010web.eqiad.main\u2010579cc7f7f9\u2010cwjlg\nCached time: 20260902175541\nCache expiry: 25200\nCache expiry source: Module:Wd (os.date(!%Y\u2010%m\u2010%d))\nReduced expiry: true\nComplications: [vary\u2010revision\u2010sha1, show\u2010toc, use\u2010parsoid]\nCPU time usage: 2.819 seconds\nReal time usage: 3.300 seconds\nPreprocessor visited node count: 5031\/1000000\nRevision size: 31552\/2097152 bytes\nPost\u2010expand include size: 191795\/2097152 bytes\nTemplate argument size: 4312\/2097152 bytes\nHighest expansion depth: 14\/100\nExpensive parser function count: 6\/500\nUnstrip recursion depth: 0\/20\nUnstrip post\u2010expand size: 164662\/5000000 bytes\nLua time usage: 0.760\/10.000 seconds\nLua memory usage: 22282628\/52428800 bytes\nNumber of Wikibase entities loaded: 1\/500\n-->\n<!--\nTransclusion expansion time report (%,ms,calls,template)\n100.00% 2512.955      1 -total\n 15.79%  396.872     57 Template:Cite_web\n 10.64%  267.323      1 Template:Infobox_person\n  7.70%  193.553      1 Template:IPA\n  6.49%  163.030      4 Template:Navbox\n  6.05%  152.044      1 Template:Albanian_music\n  3.17%   79.683      1 Template:Infobox_musical_artist\n  3.04%   76.371      2 Template:Short_description\n  2.94%   73.788      1 Template:ALB\n  2.64%   66.330      6 Template:Br_separated_entries\n-->\n\n<!-- Render ID 82fdda0a-a6f7-11f1-afbd-af229ddec249 -->\n\n<!-- Saved in parser cache with key enwiki:parsoid-pcache:21639588:|#|:idhash:useParsoid=1 and timestamp 20260902175541 and revision id 1371007777. Rendering was triggered because: page_view\n -->\n\n<!-- Parsoid 0.24.0.0-alpha21 -->\n<\/div><!--\nPost\u2010processing cache key enwiki:postproc\u2010parsoid\u2010pcache:21639588:|#|:idhash:enableSectionEditLinks=0!injectTOC=0!postproc=1!skin=vector\u20102022!useParsoid=1!visibleLinks=wtsingle, generated at 20260902175541\n--><noscript><img loading=\"lazy\" decoding=\"async\" src=\"https:\/\/en.wikipedia.org\/wiki\/Special:CentralAutoLogin\/start?useformat=desktop&amp;type=1x1&amp;usesul3=1\" alt=\"\" width=\"1\" height=\"1\" style=\"border: none; position: absolute;\"><\/noscript>\n<div class=\"printfooter\" data-nosnippet=\"\">Quelle:  <a rel=\"external_link\" class=\"external\" href=\"https:\/\/en.wikipedia.org\/wiki\/Dafina_Zeqiri\">https:\/\/en.wikipedia.org\/wiki\/Dafina_Zeqiri<\/a><\/div><\/div>\n\t\t\t\t\t\n\t\t\t\t<\/div>\n\t\t\t<\/main>\n\t\t\t\n\t\t<\/div>\n\t\t<div class=\"mw-footer-container\">\n\t\t\t\n\t\t<\/div>\n\t<\/div> \n<\/div> \n\n<div class=\"mw-portlet mw-portlet-dock-bottom emptyPortlet\" id=\"rdp-we-p-dock-bottom\">\n\t<ul>\n\t\t\n\t<\/ul>\n<\/div>\n\n\n<\/div><!-- #rdp-we-main -->\n\n\t\t<\/div>\n\t<\/div>\n<\/div><\/div><\/div><\/div>\n<\/section>","protected":false},"excerpt":{"rendered":"<p>Dafina Zeqiri Swedish-born Kosovar singer (born 1989) This article is about the singer. For the composer, see Dafina Zeqiri (composer). Dafina Zeqiri (Albanian: [da\u02c8fina z\u025b\u02c8ci\u027ei]; born 14 April 1989), also known mononymously as Dafina, is a Swedish-born Kosovar singer and songwriter who predominantly sings in Albanian. Dafina Zeqiri married businessman Kreshnik Gjergji in 2024; the&hellip;<\/p>","protected":false},"author":1,"featured_media":58780,"comment_status":"closed","ping_status":"closed","template":"","dt_portfolio_category":[525],"dt_portfolio_tags":[1404],"class_list":["post-58778","dt_portfolio","type-dt_portfolio","status-publish","has-post-thumbnail","hentry","dt_portfolio_category-balkan","dt_portfolio_tags-dafina-zeqiri","dt_portfolio_category-525","description-off"],"yoast_head":"<!-- This site is optimized with the Yoast SEO plugin v28.4 - https:\/\/yoast.com\/product\/yoast-seo-wordpress\/ -->\n<title>Dafina Zeqiri - Access all artists<\/title>\n<meta name=\"robots\" content=\"index, follow, max-snippet:-1, max-image-preview:large, max-video-preview:-1\" \/>\n<link rel=\"canonical\" href=\"https:\/\/accessallartists.de\/en\/artists\/dafina-zeqiri\/\" \/>\n<meta property=\"og:locale\" content=\"en_US\" \/>\n<meta property=\"og:type\" content=\"article\" \/>\n<meta property=\"og:title\" content=\"Dafina Zeqiri - Access all artists\" \/>\n<meta property=\"og:url\" content=\"https:\/\/accessallartists.de\/en\/artists\/dafina-zeqiri\/\" \/>\n<meta property=\"og:site_name\" content=\"Access all artists\" \/>\n<meta property=\"article:publisher\" content=\"http:\/\/www.facebook.com\/aaa_accessallartists\" \/>\n<meta property=\"og:image\" content=\"https:\/\/accessallartists.de\/wp-content\/uploads\/2024\/09\/456118636_18453380056001920_2958147099307159631_n-1.jpg\" \/>\n\t<meta property=\"og:image:width\" content=\"1440\" \/>\n\t<meta property=\"og:image:height\" content=\"1800\" \/>\n\t<meta property=\"og:image:type\" content=\"image\/jpeg\" \/>\n<meta name=\"twitter:card\" content=\"summary_large_image\" \/>\n<meta name=\"twitter:site\" content=\"@accesallartists\" \/>\n<script type=\"application\/ld+json\" class=\"yoast-schema-graph\">{\"@context\":\"https:\\\/\\\/schema.org\",\"@graph\":[{\"@type\":\"WebPage\",\"@id\":\"https:\\\/\\\/accessallartists.de\\\/artists\\\/dafina-zeqiri\\\/\",\"url\":\"https:\\\/\\\/accessallartists.de\\\/artists\\\/dafina-zeqiri\\\/\",\"name\":\"Dafina Zeqiri - Access all artists\",\"isPartOf\":{\"@id\":\"https:\\\/\\\/accessallartists.de\\\/#website\"},\"primaryImageOfPage\":{\"@id\":\"https:\\\/\\\/accessallartists.de\\\/artists\\\/dafina-zeqiri\\\/#primaryimage\"},\"image\":{\"@id\":\"https:\\\/\\\/accessallartists.de\\\/artists\\\/dafina-zeqiri\\\/#primaryimage\"},\"thumbnailUrl\":\"https:\\\/\\\/accessallartists.de\\\/wp-content\\\/uploads\\\/2024\\\/09\\\/456118636_18453380056001920_2958147099307159631_n-1.jpg\",\"datePublished\":\"2024-09-20T11:17:31+00:00\",\"breadcrumb\":{\"@id\":\"https:\\\/\\\/accessallartists.de\\\/artists\\\/dafina-zeqiri\\\/#breadcrumb\"},\"inLanguage\":\"en-US\",\"potentialAction\":[{\"@type\":\"ReadAction\",\"target\":[\"https:\\\/\\\/accessallartists.de\\\/artists\\\/dafina-zeqiri\\\/\"]}]},{\"@type\":\"ImageObject\",\"inLanguage\":\"en-US\",\"@id\":\"https:\\\/\\\/accessallartists.de\\\/artists\\\/dafina-zeqiri\\\/#primaryimage\",\"url\":\"https:\\\/\\\/accessallartists.de\\\/wp-content\\\/uploads\\\/2024\\\/09\\\/456118636_18453380056001920_2958147099307159631_n-1.jpg\",\"contentUrl\":\"https:\\\/\\\/accessallartists.de\\\/wp-content\\\/uploads\\\/2024\\\/09\\\/456118636_18453380056001920_2958147099307159631_n-1.jpg\",\"width\":1440,\"height\":1800},{\"@type\":\"BreadcrumbList\",\"@id\":\"https:\\\/\\\/accessallartists.de\\\/artists\\\/dafina-zeqiri\\\/#breadcrumb\",\"itemListElement\":[{\"@type\":\"ListItem\",\"position\":1,\"name\":\"Startseite\",\"item\":\"https:\\\/\\\/accessallartists.de\\\/\"},{\"@type\":\"ListItem\",\"position\":2,\"name\":\"Portfolio\",\"item\":\"https:\\\/\\\/accessallartists.de\\\/artists\\\/\"},{\"@type\":\"ListItem\",\"position\":3,\"name\":\"Dafina Zeqiri\"}]},{\"@type\":\"WebSite\",\"@id\":\"https:\\\/\\\/accessallartists.de\\\/#website\",\"url\":\"https:\\\/\\\/accessallartists.de\\\/\",\"name\":\"Access all artists\",\"description\":\"Home of Artists &amp; Concerts\",\"publisher\":{\"@id\":\"https:\\\/\\\/accessallartists.de\\\/#organization\"},\"potentialAction\":[{\"@type\":\"SearchAction\",\"target\":{\"@type\":\"EntryPoint\",\"urlTemplate\":\"https:\\\/\\\/accessallartists.de\\\/?s={search_term_string}\"},\"query-input\":{\"@type\":\"PropertyValueSpecification\",\"valueRequired\":true,\"valueName\":\"search_term_string\"}}],\"inLanguage\":\"en-US\"},{\"@type\":\"Organization\",\"@id\":\"https:\\\/\\\/accessallartists.de\\\/#organization\",\"name\":\"Access all artists\",\"url\":\"https:\\\/\\\/accessallartists.de\\\/\",\"logo\":{\"@type\":\"ImageObject\",\"inLanguage\":\"en-US\",\"@id\":\"https:\\\/\\\/accessallartists.de\\\/#\\\/schema\\\/logo\\\/image\\\/\",\"url\":\"https:\\\/\\\/accessallartists.de\\\/wp-content\\\/uploads\\\/2023\\\/03\\\/aaa-seo-icon-image.jpg\",\"contentUrl\":\"https:\\\/\\\/accessallartists.de\\\/wp-content\\\/uploads\\\/2023\\\/03\\\/aaa-seo-icon-image.jpg\",\"width\":600,\"height\":600,\"caption\":\"Access all artists\"},\"image\":{\"@id\":\"https:\\\/\\\/accessallartists.de\\\/#\\\/schema\\\/logo\\\/image\\\/\"},\"sameAs\":[\"http:\\\/\\\/www.facebook.com\\\/aaa_accessallartists\",\"https:\\\/\\\/x.com\\\/accesallartists\",\"https:\\\/\\\/www.instagram.com\\\/aaa_accessallartists\",\"https:\\\/\\\/www.youtube.com\\\/channel\\\/UCWQJiDSzXSCWrjcGmxQwpag\"]}]}<\/script>\n<!-- \/ Yoast SEO plugin. -->","yoast_head_json":{"title":"Dafina Zeqiri - Access all artists","robots":{"index":"index","follow":"follow","max-snippet":"max-snippet:-1","max-image-preview":"max-image-preview:large","max-video-preview":"max-video-preview:-1"},"canonical":"https:\/\/accessallartists.de\/en\/artists\/dafina-zeqiri\/","og_locale":"en_US","og_type":"article","og_title":"Dafina Zeqiri - Access all artists","og_url":"https:\/\/accessallartists.de\/en\/artists\/dafina-zeqiri\/","og_site_name":"Access all artists","article_publisher":"http:\/\/www.facebook.com\/aaa_accessallartists","og_image":[{"width":1440,"height":1800,"url":"https:\/\/accessallartists.de\/wp-content\/uploads\/2024\/09\/456118636_18453380056001920_2958147099307159631_n-1.jpg","type":"image\/jpeg"}],"twitter_card":"summary_large_image","twitter_site":"@accesallartists","schema":{"@context":"https:\/\/schema.org","@graph":[{"@type":"WebPage","@id":"https:\/\/accessallartists.de\/artists\/dafina-zeqiri\/","url":"https:\/\/accessallartists.de\/artists\/dafina-zeqiri\/","name":"Dafina Zeqiri - Access all artists","isPartOf":{"@id":"https:\/\/accessallartists.de\/#website"},"primaryImageOfPage":{"@id":"https:\/\/accessallartists.de\/artists\/dafina-zeqiri\/#primaryimage"},"image":{"@id":"https:\/\/accessallartists.de\/artists\/dafina-zeqiri\/#primaryimage"},"thumbnailUrl":"https:\/\/accessallartists.de\/wp-content\/uploads\/2024\/09\/456118636_18453380056001920_2958147099307159631_n-1.jpg","datePublished":"2024-09-20T11:17:31+00:00","breadcrumb":{"@id":"https:\/\/accessallartists.de\/artists\/dafina-zeqiri\/#breadcrumb"},"inLanguage":"en-US","potentialAction":[{"@type":"ReadAction","target":["https:\/\/accessallartists.de\/artists\/dafina-zeqiri\/"]}]},{"@type":"ImageObject","inLanguage":"en-US","@id":"https:\/\/accessallartists.de\/artists\/dafina-zeqiri\/#primaryimage","url":"https:\/\/accessallartists.de\/wp-content\/uploads\/2024\/09\/456118636_18453380056001920_2958147099307159631_n-1.jpg","contentUrl":"https:\/\/accessallartists.de\/wp-content\/uploads\/2024\/09\/456118636_18453380056001920_2958147099307159631_n-1.jpg","width":1440,"height":1800},{"@type":"BreadcrumbList","@id":"https:\/\/accessallartists.de\/artists\/dafina-zeqiri\/#breadcrumb","itemListElement":[{"@type":"ListItem","position":1,"name":"Startseite","item":"https:\/\/accessallartists.de\/"},{"@type":"ListItem","position":2,"name":"Portfolio","item":"https:\/\/accessallartists.de\/artists\/"},{"@type":"ListItem","position":3,"name":"Dafina Zeqiri"}]},{"@type":"WebSite","@id":"https:\/\/accessallartists.de\/#website","url":"https:\/\/accessallartists.de\/","name":"Access all artists","description":"Home of Artists &amp; Concerts","publisher":{"@id":"https:\/\/accessallartists.de\/#organization"},"potentialAction":[{"@type":"SearchAction","target":{"@type":"EntryPoint","urlTemplate":"https:\/\/accessallartists.de\/?s={search_term_string}"},"query-input":{"@type":"PropertyValueSpecification","valueRequired":true,"valueName":"search_term_string"}}],"inLanguage":"en-US"},{"@type":"Organization","@id":"https:\/\/accessallartists.de\/#organization","name":"Access all artists","url":"https:\/\/accessallartists.de\/","logo":{"@type":"ImageObject","inLanguage":"en-US","@id":"https:\/\/accessallartists.de\/#\/schema\/logo\/image\/","url":"https:\/\/accessallartists.de\/wp-content\/uploads\/2023\/03\/aaa-seo-icon-image.jpg","contentUrl":"https:\/\/accessallartists.de\/wp-content\/uploads\/2023\/03\/aaa-seo-icon-image.jpg","width":600,"height":600,"caption":"Access all artists"},"image":{"@id":"https:\/\/accessallartists.de\/#\/schema\/logo\/image\/"},"sameAs":["http:\/\/www.facebook.com\/aaa_accessallartists","https:\/\/x.com\/accesallartists","https:\/\/www.instagram.com\/aaa_accessallartists","https:\/\/www.youtube.com\/channel\/UCWQJiDSzXSCWrjcGmxQwpag"]}]}},"_links":{"self":[{"href":"https:\/\/accessallartists.de\/en\/wp-json\/wp\/v2\/dt_portfolio\/58778","targetHints":{"allow":["GET"]}}],"collection":[{"href":"https:\/\/accessallartists.de\/en\/wp-json\/wp\/v2\/dt_portfolio"}],"about":[{"href":"https:\/\/accessallartists.de\/en\/wp-json\/wp\/v2\/types\/dt_portfolio"}],"author":[{"embeddable":true,"href":"https:\/\/accessallartists.de\/en\/wp-json\/wp\/v2\/users\/1"}],"replies":[{"embeddable":true,"href":"https:\/\/accessallartists.de\/en\/wp-json\/wp\/v2\/comments?post=58778"}],"version-history":[{"count":0,"href":"https:\/\/accessallartists.de\/en\/wp-json\/wp\/v2\/dt_portfolio\/58778\/revisions"}],"wp:featuredmedia":[{"embeddable":true,"href":"https:\/\/accessallartists.de\/en\/wp-json\/wp\/v2\/media\/58780"}],"wp:attachment":[{"href":"https:\/\/accessallartists.de\/en\/wp-json\/wp\/v2\/media?parent=58778"}],"wp:term":[{"taxonomy":"dt_portfolio_category","embeddable":true,"href":"https:\/\/accessallartists.de\/en\/wp-json\/wp\/v2\/dt_portfolio_category?post=58778"},{"taxonomy":"dt_portfolio_tags","embeddable":true,"href":"https:\/\/accessallartists.de\/en\/wp-json\/wp\/v2\/dt_portfolio_tags?post=58778"}],"curies":[{"name":"wp","href":"https:\/\/api.w.org\/{rel}","templated":true}]}}